{"id":1162,"date":"2018-05-11T06:40:44","date_gmt":"2018-05-11T06:40:44","guid":{"rendered":"https:\/\/bodegaoutdoor.cl\/store\/?page_id=1162"},"modified":"2018-07-16T07:51:59","modified_gmt":"2018-07-16T07:51:59","slug":"product-category","status":"publish","type":"page","link":"https:\/\/bodegaoutdoor.cl\/store\/product-category\/","title":{"rendered":"Product Category"},"content":{"rendered":"\t\t<div data-elementor-type=\"wp-post\" data-elementor-id=\"1162\" class=\"elementor elementor-1162 elementor-bc-flex-widget\">\n\t\t\t\t\t\t<section class=\"elementor-section elementor-top-section elementor-element elementor-element-8cfebf0 elementor-section-boxed elementor-section-height-default elementor-section-height-default\" data-id=\"8cfebf0\" data-element_type=\"section\" data-e-type=\"section\">\n\t\t\t\t\t\t<div class=\"elementor-container elementor-column-gap-extended\">\n\t\t\t\t\t<div class=\"elementor-column elementor-col-100 elementor-top-column elementor-element elementor-element-28065d3c\" data-id=\"28065d3c\" data-element_type=\"column\" data-e-type=\"column\">\n\t\t\t<div class=\"elementor-widget-wrap elementor-element-populated\">\n\t\t\t\t\t\t<div class=\"elementor-element elementor-element-3bf362e8 elementor-widget elementor-widget-xs-cats-product\" data-id=\"3bf362e8\" data-element_type=\"widget\" data-e-type=\"widget\" data-widget_type=\"xs-cats-product.default\">\n\t\t\t\t<div class=\"elementor-widget-container\">\n\t\t\t\t\t        <ul class=\"nav nav-tabs xs-nav-tab-v3\">\n                                <li class=\"nav-item\">\n                <a class=\"nav-link \" data-toggle=\"tab\"\n                   href=\"#xs-tabs-41457-1-31\">\n                    <span class=\"\"><\/span> Audifonos                    <small>8 Items Available <\/small>\n                <\/a>\n            <\/li>\n\n                                <li class=\"nav-item\">\n                <a class=\"nav-link \" data-toggle=\"tab\"\n                   href=\"#xs-tabs-41457-2-32\">\n                    <span class=\"\"><\/span> Camaras                    <small>3 Items Available <\/small>\n                <\/a>\n            <\/li>\n\n                                <li class=\"nav-item\">\n                <a class=\"nav-link \" data-toggle=\"tab\"\n                   href=\"#xs-tabs-41457-4-36\">\n                    <span class=\"\"><\/span> Relojes                    <small>34 Items Available <\/small>\n                <\/a>\n            <\/li>\n\n                                <li class=\"nav-item\">\n                <a class=\"nav-link \" data-toggle=\"tab\"\n                   href=\"#xs-tabs-41457-5-41\">\n                    <span class=\"\"><\/span> Calzado                    <small>80 Items Available <\/small>\n                <\/a>\n            <\/li>\n\n            <\/ul>\n<div class=\"tab-content\">\n                                    <div class=\"tab-pane fade \"\n                 id=\"xs-tabs-41457-1-31\">\n                <div class=\"row no-gutters product-category-version-2\">\n                                                <div class=\"col-md-4 col-lg-2\">\n                                                                    <a class=\"xs_product_img_link\"\n                                        href=\"https:\/\/bodegaoutdoor.cl\/store\/product\/audifonos-para-tiro-proteccion-auditiva-reduccion-de-ruido-protector-auditivo-nrr23db\/\">\n                                        <img decoding=\"async\" width=\"125\" height=\"125\" src=\"https:\/\/bodegaoutdoor.cl\/store\/wp-content\/uploads\/2024\/06\/83587-woudta-150x150.jpg\" class=\"attachment-125x125 size-125x125\" alt=\"Audifonos para tiro, protecci\u00f3n auditiva, reducci\u00f3n de ruido, Protector auditivo  NRR23dB\" srcset=\"https:\/\/bodegaoutdoor.cl\/store\/wp-content\/uploads\/2024\/06\/83587-woudta-150x150.jpg 150w, https:\/\/bodegaoutdoor.cl\/store\/wp-content\/uploads\/2024\/06\/83587-woudta-300x300.jpg 300w, https:\/\/bodegaoutdoor.cl\/store\/wp-content\/uploads\/2024\/06\/83587-woudta-768x768.jpg 768w, https:\/\/bodegaoutdoor.cl\/store\/wp-content\/uploads\/2024\/06\/83587-woudta-600x600.jpg 600w, https:\/\/bodegaoutdoor.cl\/store\/wp-content\/uploads\/2024\/06\/83587-woudta-100x100.jpg 100w, https:\/\/bodegaoutdoor.cl\/store\/wp-content\/uploads\/2024\/06\/83587-woudta-50x50.jpg 50w, https:\/\/bodegaoutdoor.cl\/store\/wp-content\/uploads\/2024\/06\/83587-woudta.jpg 1000w\" sizes=\"(max-width: 125px) 100vw, 125px\" \/>                                    <\/a>\n                                                                <h4 class=\"product-title\"><a\n                                            href=\"https:\/\/bodegaoutdoor.cl\/store\/product\/audifonos-para-tiro-proteccion-auditiva-reduccion-de-ruido-protector-auditivo-nrr23db\/\">Audifonos para tiro, protecci\u00f3n auditiva, reducci\u00f3n de ruido, Protector auditivo  NRR23dB<\/a>\n                                <\/h4>\n                                <span class=\"price\">\n                                    <del aria-hidden=\"true\"><span class=\"woocommerce-Price-amount amount\"><bdi><span class=\"woocommerce-Price-currencySymbol\" translate=\"no\">$<\/span>49,990<\/bdi><\/span><\/del> <span class=\"screen-reader-text\">El precio original era: $49,990.<\/span><ins aria-hidden=\"true\"><span class=\"woocommerce-Price-amount amount\"><bdi><span class=\"woocommerce-Price-currencySymbol\" translate=\"no\">$<\/span>39,990<\/bdi><\/span><\/ins><span class=\"screen-reader-text\">El precio actual es: $39,990.<\/span>                                <\/span>\n                            <\/div>\n                                                    <div class=\"col-md-4 col-lg-2\">\n                                                                    <a class=\"xs_product_img_link\"\n                                        href=\"https:\/\/bodegaoutdoor.cl\/store\/product\/lenovo-auriculares-inalambricos-x3-pro-con-bluetooth-dispositivo-de-audio-tws-conduccion-ciclismo-deportes-correr\/\">\n                                        <img decoding=\"async\" width=\"125\" height=\"125\" src=\"https:\/\/bodegaoutdoor.cl\/store\/wp-content\/uploads\/2023\/02\/65335-7owj2x-150x150.jpg\" class=\"attachment-125x125 size-125x125\" alt=\"Lenovo-auriculares inal\u00e1mbricos X3 Pro con Bluetooth, dispositivo de audio TWS, conducci\u00f3n, ciclismo, deportes, correr\" srcset=\"https:\/\/bodegaoutdoor.cl\/store\/wp-content\/uploads\/2023\/02\/65335-7owj2x-150x150.jpg 150w, https:\/\/bodegaoutdoor.cl\/store\/wp-content\/uploads\/2023\/02\/65335-7owj2x-300x300.jpg 300w, https:\/\/bodegaoutdoor.cl\/store\/wp-content\/uploads\/2023\/02\/65335-7owj2x-100x100.jpg 100w, https:\/\/bodegaoutdoor.cl\/store\/wp-content\/uploads\/2023\/02\/65335-7owj2x-600x600.jpg 600w, https:\/\/bodegaoutdoor.cl\/store\/wp-content\/uploads\/2023\/02\/65335-7owj2x-768x768.jpg 768w, https:\/\/bodegaoutdoor.cl\/store\/wp-content\/uploads\/2023\/02\/65335-7owj2x-32x32.jpg 32w, https:\/\/bodegaoutdoor.cl\/store\/wp-content\/uploads\/2023\/02\/65335-7owj2x.jpg 800w\" sizes=\"(max-width: 125px) 100vw, 125px\" \/>                                    <\/a>\n                                                                <h4 class=\"product-title\"><a\n                                            href=\"https:\/\/bodegaoutdoor.cl\/store\/product\/lenovo-auriculares-inalambricos-x3-pro-con-bluetooth-dispositivo-de-audio-tws-conduccion-ciclismo-deportes-correr\/\">Lenovo-auriculares inal\u00e1mbricos X3 Pro con Bluetooth, dispositivo de audio TWS, conducci\u00f3n, ciclismo, deportes, correr<\/a>\n                                <\/h4>\n                                <span class=\"price\">\n                                    <del aria-hidden=\"true\"><span class=\"woocommerce-Price-amount amount\"><bdi><span class=\"woocommerce-Price-currencySymbol\" translate=\"no\">$<\/span>59,990<\/bdi><\/span><\/del> <span class=\"screen-reader-text\">El precio original era: $59,990.<\/span><ins aria-hidden=\"true\"><span class=\"woocommerce-Price-amount amount\"><bdi><span class=\"woocommerce-Price-currencySymbol\" translate=\"no\">$<\/span>29,990<\/bdi><\/span><\/ins><span class=\"screen-reader-text\">El precio actual es: $29,990.<\/span>                                <\/span>\n                            <\/div>\n                                                    <div class=\"col-md-4 col-lg-2\">\n                                                                    <a class=\"xs_product_img_link\"\n                                        href=\"https:\/\/bodegaoutdoor.cl\/store\/product\/auriculares-de-conduccion-inalambricos-impermeables-ipx8-deportivos-bluetooth-51\/\">\n                                        <img decoding=\"async\" width=\"125\" height=\"125\" src=\"https:\/\/bodegaoutdoor.cl\/store\/wp-content\/uploads\/2022\/07\/59441-t5wa82-150x150.jpg\" class=\"attachment-125x125 size-125x125\" alt=\"Auriculares de conducci\u00f3n  inal\u00e1mbricos impermeables IPX8, deportivos, Bluetooth 5,1\" srcset=\"https:\/\/bodegaoutdoor.cl\/store\/wp-content\/uploads\/2022\/07\/59441-t5wa82-150x150.jpg 150w, https:\/\/bodegaoutdoor.cl\/store\/wp-content\/uploads\/2022\/07\/59441-t5wa82-300x300.jpg 300w, https:\/\/bodegaoutdoor.cl\/store\/wp-content\/uploads\/2022\/07\/59441-t5wa82-100x100.jpg 100w, https:\/\/bodegaoutdoor.cl\/store\/wp-content\/uploads\/2022\/07\/59441-t5wa82-600x600.jpg 600w, https:\/\/bodegaoutdoor.cl\/store\/wp-content\/uploads\/2022\/07\/59441-t5wa82-768x768.jpg 768w, https:\/\/bodegaoutdoor.cl\/store\/wp-content\/uploads\/2022\/07\/59441-t5wa82.jpg 800w\" sizes=\"(max-width: 125px) 100vw, 125px\" \/>                                    <\/a>\n                                                                <h4 class=\"product-title\"><a\n                                            href=\"https:\/\/bodegaoutdoor.cl\/store\/product\/auriculares-de-conduccion-inalambricos-impermeables-ipx8-deportivos-bluetooth-51\/\">Auriculares de conducci\u00f3n  inal\u00e1mbricos impermeables IPX8, deportivos, Bluetooth 5,1<\/a>\n                                <\/h4>\n                                <span class=\"price\">\n                                    <span class=\"woocommerce-Price-amount amount\"><bdi><span class=\"woocommerce-Price-currencySymbol\" translate=\"no\">$<\/span>79,990<\/bdi><\/span>                                <\/span>\n                            <\/div>\n                                                    <div class=\"col-md-4 col-lg-2\">\n                                                                    <a class=\"xs_product_img_link\"\n                                        href=\"https:\/\/bodegaoutdoor.cl\/store\/product\/auricular-ps4-aplicable-camuflaje-35mm-microfono-de-sonido-envolvente-estereo-para-juegos-instrucciones-y-accesorios-de-camuflaje\/\">\n                                        <img loading=\"lazy\" decoding=\"async\" width=\"125\" height=\"125\" src=\"https:\/\/bodegaoutdoor.cl\/store\/wp-content\/uploads\/2021\/01\/28827-jfrzzn-150x150.jpg\" class=\"attachment-125x125 size-125x125\" alt=\"Auricular PS4 aplicable, camuflaje, 3,5mm, micr\u00f3fono de Sonido envolvente est\u00e9reo para juegos, instrucciones y Accesorios de camuflaje\" srcset=\"https:\/\/bodegaoutdoor.cl\/store\/wp-content\/uploads\/2021\/01\/28827-jfrzzn-150x150.jpg 150w, https:\/\/bodegaoutdoor.cl\/store\/wp-content\/uploads\/2021\/01\/28827-jfrzzn-300x300.jpg 300w, https:\/\/bodegaoutdoor.cl\/store\/wp-content\/uploads\/2021\/01\/28827-jfrzzn-100x100.jpg 100w, https:\/\/bodegaoutdoor.cl\/store\/wp-content\/uploads\/2021\/01\/28827-jfrzzn-600x600.jpg 600w, https:\/\/bodegaoutdoor.cl\/store\/wp-content\/uploads\/2021\/01\/28827-jfrzzn-768x768.jpg 768w, https:\/\/bodegaoutdoor.cl\/store\/wp-content\/uploads\/2021\/01\/28827-jfrzzn.jpg 1000w\" sizes=\"(max-width: 125px) 100vw, 125px\" \/>                                    <\/a>\n                                                                <h4 class=\"product-title\"><a\n                                            href=\"https:\/\/bodegaoutdoor.cl\/store\/product\/auricular-ps4-aplicable-camuflaje-35mm-microfono-de-sonido-envolvente-estereo-para-juegos-instrucciones-y-accesorios-de-camuflaje\/\">Auricular PS4 aplicable, camuflaje, 3,5mm, micr\u00f3fono de Sonido envolvente est\u00e9reo para juegos, instrucciones y Accesorios de camuflaje<\/a>\n                                <\/h4>\n                                <span class=\"price\">\n                                    <del aria-hidden=\"true\"><span class=\"woocommerce-Price-amount amount\"><bdi><span class=\"woocommerce-Price-currencySymbol\" translate=\"no\">$<\/span>34,990<\/bdi><\/span><\/del> <span class=\"screen-reader-text\">El precio original era: $34,990.<\/span><ins aria-hidden=\"true\"><span class=\"woocommerce-Price-amount amount\"><bdi><span class=\"woocommerce-Price-currencySymbol\" translate=\"no\">$<\/span>24,990<\/bdi><\/span><\/ins><span class=\"screen-reader-text\">El precio actual es: $24,990.<\/span>                                <\/span>\n                            <\/div>\n                                                    <div class=\"col-md-4 col-lg-2\">\n                                                                    <a class=\"xs_product_img_link\"\n                                        href=\"https:\/\/bodegaoutdoor.cl\/store\/product\/auriculares-inpods-i12-tws-originales-bluethooth-5-0\/\">\n                                        <img loading=\"lazy\" decoding=\"async\" width=\"125\" height=\"125\" src=\"https:\/\/bodegaoutdoor.cl\/store\/wp-content\/uploads\/2020\/11\/inpods12-TWS-Pop-700x700-1-150x150.jpg\" class=\"attachment-125x125 size-125x125\" alt=\"Auriculares Inpods i12 TWS originales Bluetooth 5.0\" srcset=\"https:\/\/bodegaoutdoor.cl\/store\/wp-content\/uploads\/2020\/11\/inpods12-TWS-Pop-700x700-1-150x150.jpg 150w, https:\/\/bodegaoutdoor.cl\/store\/wp-content\/uploads\/2020\/11\/inpods12-TWS-Pop-700x700-1-300x300.jpg 300w, https:\/\/bodegaoutdoor.cl\/store\/wp-content\/uploads\/2020\/11\/inpods12-TWS-Pop-700x700-1-100x100.jpg 100w, https:\/\/bodegaoutdoor.cl\/store\/wp-content\/uploads\/2020\/11\/inpods12-TWS-Pop-700x700-1-600x600.jpg 600w, https:\/\/bodegaoutdoor.cl\/store\/wp-content\/uploads\/2020\/11\/inpods12-TWS-Pop-700x700-1.jpg 700w\" sizes=\"(max-width: 125px) 100vw, 125px\" \/>                                    <\/a>\n                                                                <h4 class=\"product-title\"><a\n                                            href=\"https:\/\/bodegaoutdoor.cl\/store\/product\/auriculares-inpods-i12-tws-originales-bluethooth-5-0\/\">Auriculares Inpods i12 TWS originales Bluetooth 5.0<\/a>\n                                <\/h4>\n                                <span class=\"price\">\n                                    <del aria-hidden=\"true\"><span class=\"woocommerce-Price-amount amount\"><bdi><span class=\"woocommerce-Price-currencySymbol\" translate=\"no\">$<\/span>19,990<\/bdi><\/span><\/del> <span class=\"screen-reader-text\">El precio original era: $19,990.<\/span><ins aria-hidden=\"true\"><span class=\"woocommerce-Price-amount amount\"><bdi><span class=\"woocommerce-Price-currencySymbol\" translate=\"no\">$<\/span>14,990<\/bdi><\/span><\/ins><span class=\"screen-reader-text\">El precio actual es: $14,990.<\/span>                                <\/span>\n                            <\/div>\n                                                    <div class=\"col-md-4 col-lg-2\">\n                                                                    <a class=\"xs_product_img_link\"\n                                        href=\"https:\/\/bodegaoutdoor.cl\/store\/product\/mini-auricular-inalambrico-portatil-p3-auricular-estereo-bluetooth-para-telefono-con-control-tactil-para-deporte\/\">\n                                        <img loading=\"lazy\" decoding=\"async\" width=\"125\" height=\"125\" src=\"https:\/\/bodegaoutdoor.cl\/store\/wp-content\/uploads\/2020\/10\/19654-exptva-150x150.jpg\" class=\"attachment-125x125 size-125x125\" alt=\"Mini auricular inal\u00e1mbrico P3 auricular est\u00e9reo Bluetooth deportivo\" srcset=\"https:\/\/bodegaoutdoor.cl\/store\/wp-content\/uploads\/2020\/10\/19654-exptva-150x150.jpg 150w, https:\/\/bodegaoutdoor.cl\/store\/wp-content\/uploads\/2020\/10\/19654-exptva-300x300.jpg 300w, https:\/\/bodegaoutdoor.cl\/store\/wp-content\/uploads\/2020\/10\/19654-exptva-100x100.jpg 100w, https:\/\/bodegaoutdoor.cl\/store\/wp-content\/uploads\/2020\/10\/19654-exptva-600x600.jpg 600w, https:\/\/bodegaoutdoor.cl\/store\/wp-content\/uploads\/2020\/10\/19654-exptva-768x768.jpg 768w, https:\/\/bodegaoutdoor.cl\/store\/wp-content\/uploads\/2020\/10\/19654-exptva.jpg 800w\" sizes=\"(max-width: 125px) 100vw, 125px\" \/>                                    <\/a>\n                                                                <h4 class=\"product-title\"><a\n                                            href=\"https:\/\/bodegaoutdoor.cl\/store\/product\/mini-auricular-inalambrico-portatil-p3-auricular-estereo-bluetooth-para-telefono-con-control-tactil-para-deporte\/\">Mini auricular inal\u00e1mbrico P3 auricular est\u00e9reo Bluetooth deportivo<\/a>\n                                <\/h4>\n                                <span class=\"price\">\n                                    <del aria-hidden=\"true\"><span class=\"woocommerce-Price-amount amount\"><bdi><span class=\"woocommerce-Price-currencySymbol\" translate=\"no\">$<\/span>49,990<\/bdi><\/span><\/del> <span class=\"screen-reader-text\">El precio original era: $49,990.<\/span><ins aria-hidden=\"true\"><span class=\"woocommerce-Price-amount amount\"><bdi><span class=\"woocommerce-Price-currencySymbol\" translate=\"no\">$<\/span>29,990<\/bdi><\/span><\/ins><span class=\"screen-reader-text\">El precio actual es: $29,990.<\/span>                                <\/span>\n                            <\/div>\n                                        <\/div>\n            <\/div>\n                                <div class=\"tab-pane fade \"\n                 id=\"xs-tabs-41457-2-32\">\n                <div class=\"row no-gutters product-category-version-2\">\n                                                <div class=\"col-md-4 col-lg-2\">\n                                                                    <a class=\"xs_product_img_link\"\n                                        href=\"https:\/\/bodegaoutdoor.cl\/store\/product\/detalles-acerca-de-gopro-hero-7-negro-12-mega-pixeles-camara-videocamara-4k-impermeable-paquete-de-accion\/\">\n                                        <img loading=\"lazy\" decoding=\"async\" width=\"125\" height=\"125\" src=\"https:\/\/bodegaoutdoor.cl\/store\/wp-content\/uploads\/2020\/08\/10270-hc1ag7-150x150.jpg\" class=\"attachment-125x125 size-125x125\" alt=\"Camara GoPro Hero 7 Negro 12 Mega p\u00edxeles c\u00e1mara Videoc\u00e1mara 4K Impermeable\" srcset=\"https:\/\/bodegaoutdoor.cl\/store\/wp-content\/uploads\/2020\/08\/10270-hc1ag7-150x150.jpg 150w, https:\/\/bodegaoutdoor.cl\/store\/wp-content\/uploads\/2020\/08\/10270-hc1ag7-300x300.jpg 300w, https:\/\/bodegaoutdoor.cl\/store\/wp-content\/uploads\/2020\/08\/10270-hc1ag7-100x100.jpg 100w, https:\/\/bodegaoutdoor.cl\/store\/wp-content\/uploads\/2020\/08\/10270-hc1ag7.jpg 500w\" sizes=\"(max-width: 125px) 100vw, 125px\" \/>                                    <\/a>\n                                                                <h4 class=\"product-title\"><a\n                                            href=\"https:\/\/bodegaoutdoor.cl\/store\/product\/detalles-acerca-de-gopro-hero-7-negro-12-mega-pixeles-camara-videocamara-4k-impermeable-paquete-de-accion\/\">Camara GoPro Hero 7 Negro 12 Mega p\u00edxeles c\u00e1mara Videoc\u00e1mara 4K Impermeable<\/a>\n                                <\/h4>\n                                <span class=\"price\">\n                                    <del aria-hidden=\"true\"><span class=\"woocommerce-Price-amount amount\"><bdi><span class=\"woocommerce-Price-currencySymbol\" translate=\"no\">$<\/span>399,990<\/bdi><\/span><\/del> <span class=\"screen-reader-text\">El precio original era: $399,990.<\/span><ins aria-hidden=\"true\"><span class=\"woocommerce-Price-amount amount\"><bdi><span class=\"woocommerce-Price-currencySymbol\" translate=\"no\">$<\/span>319,990<\/bdi><\/span><\/ins><span class=\"screen-reader-text\">El precio actual es: $319,990.<\/span>                                <\/span>\n                            <\/div>\n                                                    <div class=\"col-md-4 col-lg-2\">\n                                                                    <a class=\"xs_product_img_link\"\n                                        href=\"https:\/\/bodegaoutdoor.cl\/store\/product\/jakcom-cc2-camara-compacta\/\">\n                                        <img loading=\"lazy\" decoding=\"async\" width=\"125\" height=\"125\" src=\"https:\/\/bodegaoutdoor.cl\/store\/wp-content\/uploads\/2020\/07\/3468-xpbsyn-150x150.jpg\" class=\"attachment-125x125 size-125x125\" alt=\"C\u00e1mara  de v\u00eddeo webcam 6 android tv box color Negro\" srcset=\"https:\/\/bodegaoutdoor.cl\/store\/wp-content\/uploads\/2020\/07\/3468-xpbsyn-150x150.jpg 150w, https:\/\/bodegaoutdoor.cl\/store\/wp-content\/uploads\/2020\/07\/3468-xpbsyn-300x300.jpg 300w, https:\/\/bodegaoutdoor.cl\/store\/wp-content\/uploads\/2020\/07\/3468-xpbsyn-100x100.jpg 100w, https:\/\/bodegaoutdoor.cl\/store\/wp-content\/uploads\/2020\/07\/3468-xpbsyn-600x600.jpg 600w, https:\/\/bodegaoutdoor.cl\/store\/wp-content\/uploads\/2020\/07\/3468-xpbsyn-768x768.jpg 768w, https:\/\/bodegaoutdoor.cl\/store\/wp-content\/uploads\/2020\/07\/3468-xpbsyn.jpg 1000w\" sizes=\"(max-width: 125px) 100vw, 125px\" \/>                                    <\/a>\n                                                                <h4 class=\"product-title\"><a\n                                            href=\"https:\/\/bodegaoutdoor.cl\/store\/product\/jakcom-cc2-camara-compacta\/\">C\u00e1mara  de v\u00eddeo webcam 6 android tv box color Negro<\/a>\n                                <\/h4>\n                                <span class=\"price\">\n                                    <del aria-hidden=\"true\"><span class=\"woocommerce-Price-amount amount\"><bdi><span class=\"woocommerce-Price-currencySymbol\" translate=\"no\">$<\/span>49,990<\/bdi><\/span><\/del> <span class=\"screen-reader-text\">El precio original era: $49,990.<\/span><ins aria-hidden=\"true\"><span class=\"woocommerce-Price-amount amount\"><bdi><span class=\"woocommerce-Price-currencySymbol\" translate=\"no\">$<\/span>34,990<\/bdi><\/span><\/ins><span class=\"screen-reader-text\">El precio actual es: $34,990.<\/span>                                <\/span>\n                            <\/div>\n                                                    <div class=\"col-md-4 col-lg-2\">\n                                                                    <a class=\"xs_product_img_link\"\n                                        href=\"https:\/\/bodegaoutdoor.cl\/store\/product\/camara-de-accion-original-drift-sport-cam-ghost-x-1080p-motocicleta-bicicleta-de-montana-bicicleta-larga-vida-util-bateria-casco-de-policia-cam-wifi\/\">\n                                        <img loading=\"lazy\" decoding=\"async\" width=\"125\" height=\"125\" src=\"https:\/\/bodegaoutdoor.cl\/store\/wp-content\/uploads\/2020\/07\/3416-xhph1e-150x150.jpg\" class=\"attachment-125x125 size-125x125\" alt=\"C\u00e1mara de acci\u00f3n Original Drift Sport Cam Ghost X 1080P WiFi\" srcset=\"https:\/\/bodegaoutdoor.cl\/store\/wp-content\/uploads\/2020\/07\/3416-xhph1e-150x150.jpg 150w, https:\/\/bodegaoutdoor.cl\/store\/wp-content\/uploads\/2020\/07\/3416-xhph1e-300x300.jpg 300w, https:\/\/bodegaoutdoor.cl\/store\/wp-content\/uploads\/2020\/07\/3416-xhph1e-100x100.jpg 100w, https:\/\/bodegaoutdoor.cl\/store\/wp-content\/uploads\/2020\/07\/3416-xhph1e-600x600.jpg 600w, https:\/\/bodegaoutdoor.cl\/store\/wp-content\/uploads\/2020\/07\/3416-xhph1e-768x768.jpg 768w, https:\/\/bodegaoutdoor.cl\/store\/wp-content\/uploads\/2020\/07\/3416-xhph1e.jpg 800w\" sizes=\"(max-width: 125px) 100vw, 125px\" \/>                                    <\/a>\n                                                                <h4 class=\"product-title\"><a\n                                            href=\"https:\/\/bodegaoutdoor.cl\/store\/product\/camara-de-accion-original-drift-sport-cam-ghost-x-1080p-motocicleta-bicicleta-de-montana-bicicleta-larga-vida-util-bateria-casco-de-policia-cam-wifi\/\">C\u00e1mara de acci\u00f3n Original Drift Sport Cam Ghost X 1080P WiFi<\/a>\n                                <\/h4>\n                                <span class=\"price\">\n                                    <span class=\"woocommerce-Price-amount amount\" aria-hidden=\"true\"><bdi><span class=\"woocommerce-Price-currencySymbol\" translate=\"no\">$<\/span>119,990<\/bdi><\/span> <span aria-hidden=\"true\">-<\/span> <span class=\"woocommerce-Price-amount amount\" aria-hidden=\"true\"><bdi><span class=\"woocommerce-Price-currencySymbol\" translate=\"no\">$<\/span>189,990<\/bdi><\/span><span class=\"screen-reader-text\">Rango de precios: desde $119,990 hasta $189,990<\/span>                                <\/span>\n                            <\/div>\n                                        <\/div>\n            <\/div>\n                                <div class=\"tab-pane fade \"\n                 id=\"xs-tabs-41457-4-36\">\n                <div class=\"row no-gutters product-category-version-2\">\n                                                <div class=\"col-md-4 col-lg-2\">\n                                                                    <a class=\"xs_product_img_link\"\n                                        href=\"https:\/\/bodegaoutdoor.cl\/store\/product\/garmin-instinct-reloj-deportivo-inteligente-para-correr-dispositivo-con-gps-deteccion-de-frecuencia-cardiaca-y-oxigeno-en-sangre-senderismo-al-aire-libre-montanismo-novedad-de-95\/\">\n                                        <img loading=\"lazy\" decoding=\"async\" width=\"125\" height=\"125\" src=\"https:\/\/bodegaoutdoor.cl\/store\/wp-content\/uploads\/2024\/08\/85771-2tcubr-150x150.png\" class=\"attachment-125x125 size-125x125\" alt=\"Garmin Instinct-reloj deportivo inteligente Smartwatch, dispositivo con GPS, detecci\u00f3n de frecuencia card\u00edaca y ox\u00edgeno en sangre, monta\u00f1ismo\" srcset=\"https:\/\/bodegaoutdoor.cl\/store\/wp-content\/uploads\/2024\/08\/85771-2tcubr-150x150.png 150w, https:\/\/bodegaoutdoor.cl\/store\/wp-content\/uploads\/2024\/08\/85771-2tcubr-300x300.png 300w, https:\/\/bodegaoutdoor.cl\/store\/wp-content\/uploads\/2024\/08\/85771-2tcubr-768x768.png 768w, https:\/\/bodegaoutdoor.cl\/store\/wp-content\/uploads\/2024\/08\/85771-2tcubr-600x600.png 600w, https:\/\/bodegaoutdoor.cl\/store\/wp-content\/uploads\/2024\/08\/85771-2tcubr-100x100.png 100w, https:\/\/bodegaoutdoor.cl\/store\/wp-content\/uploads\/2024\/08\/85771-2tcubr-50x50.png 50w, https:\/\/bodegaoutdoor.cl\/store\/wp-content\/uploads\/2024\/08\/85771-2tcubr.png 800w\" sizes=\"(max-width: 125px) 100vw, 125px\" \/>                                    <\/a>\n                                                                <h4 class=\"product-title\"><a\n                                            href=\"https:\/\/bodegaoutdoor.cl\/store\/product\/garmin-instinct-reloj-deportivo-inteligente-para-correr-dispositivo-con-gps-deteccion-de-frecuencia-cardiaca-y-oxigeno-en-sangre-senderismo-al-aire-libre-montanismo-novedad-de-95\/\">Garmin Instinct-reloj deportivo inteligente Smartwatch, dispositivo con GPS, detecci\u00f3n de frecuencia card\u00edaca y ox\u00edgeno en sangre, monta\u00f1ismo<\/a>\n                                <\/h4>\n                                <span class=\"price\">\n                                    <del aria-hidden=\"true\"><span class=\"woocommerce-Price-amount amount\"><bdi><span class=\"woocommerce-Price-currencySymbol\" translate=\"no\">$<\/span>450,000<\/bdi><\/span><\/del> <span class=\"screen-reader-text\">El precio original era: $450,000.<\/span><ins aria-hidden=\"true\"><span class=\"woocommerce-Price-amount amount\"><bdi><span class=\"woocommerce-Price-currencySymbol\" translate=\"no\">$<\/span>299,990<\/bdi><\/span><\/ins><span class=\"screen-reader-text\">El precio actual es: $299,990.<\/span>                                <\/span>\n                            <\/div>\n                                                    <div class=\"col-md-4 col-lg-2\">\n                                                                    <a class=\"xs_product_img_link\"\n                                        href=\"https:\/\/bodegaoutdoor.cl\/store\/product\/reloj-inteligente-m3-resistente-al-agua-con-pantalla-amoled-aod-bluetooth-gps-480mah\/\">\n                                        <img loading=\"lazy\" decoding=\"async\" width=\"125\" height=\"125\" src=\"https:\/\/bodegaoutdoor.cl\/store\/wp-content\/uploads\/2024\/08\/85481-a3905e-150x150.jpeg\" class=\"attachment-125x125 size-125x125\" alt=\"Reloj inteligente M3 resistente al agua con Pantalla AMOLED AOD, Bluetooth, GPS, 480mAh\" srcset=\"https:\/\/bodegaoutdoor.cl\/store\/wp-content\/uploads\/2024\/08\/85481-a3905e-150x150.jpeg 150w, https:\/\/bodegaoutdoor.cl\/store\/wp-content\/uploads\/2024\/08\/85481-a3905e-300x300.jpeg 300w, https:\/\/bodegaoutdoor.cl\/store\/wp-content\/uploads\/2024\/08\/85481-a3905e-768x768.jpeg 768w, https:\/\/bodegaoutdoor.cl\/store\/wp-content\/uploads\/2024\/08\/85481-a3905e-600x600.jpeg 600w, https:\/\/bodegaoutdoor.cl\/store\/wp-content\/uploads\/2024\/08\/85481-a3905e-100x100.jpeg 100w, https:\/\/bodegaoutdoor.cl\/store\/wp-content\/uploads\/2024\/08\/85481-a3905e-50x50.jpeg 50w, https:\/\/bodegaoutdoor.cl\/store\/wp-content\/uploads\/2024\/08\/85481-a3905e.jpeg 1000w\" sizes=\"(max-width: 125px) 100vw, 125px\" \/>                                    <\/a>\n                                                                <h4 class=\"product-title\"><a\n                                            href=\"https:\/\/bodegaoutdoor.cl\/store\/product\/reloj-inteligente-m3-resistente-al-agua-con-pantalla-amoled-aod-bluetooth-gps-480mah\/\">Reloj inteligente M3 resistente al agua con Pantalla AMOLED AOD, Bluetooth, GPS, 480mAh<\/a>\n                                <\/h4>\n                                <span class=\"price\">\n                                    <del aria-hidden=\"true\"><span class=\"woocommerce-Price-amount amount\"><bdi><span class=\"woocommerce-Price-currencySymbol\" translate=\"no\">$<\/span>300,000<\/bdi><\/span><\/del> <span class=\"screen-reader-text\">El precio original era: $300,000.<\/span><ins aria-hidden=\"true\"><span class=\"woocommerce-Price-amount amount\"><bdi><span class=\"woocommerce-Price-currencySymbol\" translate=\"no\">$<\/span>199,990<\/bdi><\/span><\/ins><span class=\"screen-reader-text\">El precio actual es: $199,990.<\/span>                                <\/span>\n                            <\/div>\n                                                    <div class=\"col-md-4 col-lg-2\">\n                                                                    <a class=\"xs_product_img_link\"\n                                        href=\"https:\/\/bodegaoutdoor.cl\/store\/product\/reloj-smartwatch-gs-pro-1-39-5atm-gps-spo2-heart-rate-monitoring-bluetooth-call-reloj-fitness\/\">\n                                        <img loading=\"lazy\" decoding=\"async\" width=\"125\" height=\"125\" src=\"https:\/\/bodegaoutdoor.cl\/store\/wp-content\/uploads\/2024\/08\/85350-fh5lt0-150x150.png\" class=\"attachment-125x125 size-125x125\" alt=\"RELOJ SMARTWatch GS Pro 1.39&#8221; 5ATM GPS  SpO2 Heart Rate Monitoring, Bluetooth Call, Reloj Fitness\" srcset=\"https:\/\/bodegaoutdoor.cl\/store\/wp-content\/uploads\/2024\/08\/85350-fh5lt0-150x150.png 150w, https:\/\/bodegaoutdoor.cl\/store\/wp-content\/uploads\/2024\/08\/85350-fh5lt0-300x300.png 300w, https:\/\/bodegaoutdoor.cl\/store\/wp-content\/uploads\/2024\/08\/85350-fh5lt0-768x768.png 768w, https:\/\/bodegaoutdoor.cl\/store\/wp-content\/uploads\/2024\/08\/85350-fh5lt0-600x600.png 600w, https:\/\/bodegaoutdoor.cl\/store\/wp-content\/uploads\/2024\/08\/85350-fh5lt0-100x100.png 100w, https:\/\/bodegaoutdoor.cl\/store\/wp-content\/uploads\/2024\/08\/85350-fh5lt0-50x50.png 50w, https:\/\/bodegaoutdoor.cl\/store\/wp-content\/uploads\/2024\/08\/85350-fh5lt0.png 800w\" sizes=\"(max-width: 125px) 100vw, 125px\" \/>                                    <\/a>\n                                                                <h4 class=\"product-title\"><a\n                                            href=\"https:\/\/bodegaoutdoor.cl\/store\/product\/reloj-smartwatch-gs-pro-1-39-5atm-gps-spo2-heart-rate-monitoring-bluetooth-call-reloj-fitness\/\">RELOJ SMARTWatch GS Pro 1.39&#8221; 5ATM GPS  SpO2 Heart Rate Monitoring, Bluetooth Call, Reloj Fitness<\/a>\n                                <\/h4>\n                                <span class=\"price\">\n                                    <del aria-hidden=\"true\"><span class=\"woocommerce-Price-amount amount\"><bdi><span class=\"woocommerce-Price-currencySymbol\" translate=\"no\">$<\/span>199,990<\/bdi><\/span><\/del> <span class=\"screen-reader-text\">El precio original era: $199,990.<\/span><ins aria-hidden=\"true\"><span class=\"woocommerce-Price-amount amount\"><bdi><span class=\"woocommerce-Price-currencySymbol\" translate=\"no\">$<\/span>124,990<\/bdi><\/span><\/ins><span class=\"screen-reader-text\">El precio actual es: $124,990.<\/span>                                <\/span>\n                            <\/div>\n                                                    <div class=\"col-md-4 col-lg-2\">\n                                                                    <a class=\"xs_product_img_link\"\n                                        href=\"https:\/\/bodegaoutdoor.cl\/store\/product\/reloj-inteligente-para-ninos-resistente-al-agua-monitor-gps-para-control-parental\/\">\n                                        <img loading=\"lazy\" decoding=\"async\" width=\"125\" height=\"125\" src=\"https:\/\/bodegaoutdoor.cl\/store\/wp-content\/uploads\/2024\/07\/85313-dcdgfm-150x150.png\" class=\"attachment-125x125 size-125x125\" alt=\"Reloj inteligente para ni\u00f1os, resistente al agua, Monitor GPS para control parental\" srcset=\"https:\/\/bodegaoutdoor.cl\/store\/wp-content\/uploads\/2024\/07\/85313-dcdgfm-150x150.png 150w, https:\/\/bodegaoutdoor.cl\/store\/wp-content\/uploads\/2024\/07\/85313-dcdgfm-300x300.png 300w, https:\/\/bodegaoutdoor.cl\/store\/wp-content\/uploads\/2024\/07\/85313-dcdgfm-768x768.png 768w, https:\/\/bodegaoutdoor.cl\/store\/wp-content\/uploads\/2024\/07\/85313-dcdgfm-600x600.png 600w, https:\/\/bodegaoutdoor.cl\/store\/wp-content\/uploads\/2024\/07\/85313-dcdgfm-100x100.png 100w, https:\/\/bodegaoutdoor.cl\/store\/wp-content\/uploads\/2024\/07\/85313-dcdgfm-50x50.png 50w, https:\/\/bodegaoutdoor.cl\/store\/wp-content\/uploads\/2024\/07\/85313-dcdgfm.png 800w\" sizes=\"(max-width: 125px) 100vw, 125px\" \/>                                    <\/a>\n                                                                <h4 class=\"product-title\"><a\n                                            href=\"https:\/\/bodegaoutdoor.cl\/store\/product\/reloj-inteligente-para-ninos-resistente-al-agua-monitor-gps-para-control-parental\/\">Reloj inteligente para ni\u00f1os, resistente al agua, Monitor GPS para control parental<\/a>\n                                <\/h4>\n                                <span class=\"price\">\n                                    <del aria-hidden=\"true\"><span class=\"woocommerce-Price-amount amount\"><bdi><span class=\"woocommerce-Price-currencySymbol\" translate=\"no\">$<\/span>49,990<\/bdi><\/span><\/del> <span class=\"screen-reader-text\">El precio original era: $49,990.<\/span><ins aria-hidden=\"true\"><span class=\"woocommerce-Price-amount amount\"><bdi><span class=\"woocommerce-Price-currencySymbol\" translate=\"no\">$<\/span>29,990<\/bdi><\/span><\/ins><span class=\"screen-reader-text\">El precio actual es: $29,990.<\/span>                                <\/span>\n                            <\/div>\n                                                    <div class=\"col-md-4 col-lg-2\">\n                                                                    <a class=\"xs_product_img_link\"\n                                        href=\"https:\/\/bodegaoutdoor.cl\/store\/product\/skmei-relojes-deportivos-digitales-para-hombre-pulsera-electronica-con-cuenta-regresiva-resistente-al-agua-cronografo-con-fecha-5bar\/\">\n                                        <img loading=\"lazy\" decoding=\"async\" width=\"125\" height=\"125\" src=\"https:\/\/bodegaoutdoor.cl\/store\/wp-content\/uploads\/2024\/02\/82394-bn6k6k-150x150.jpg\" class=\"attachment-125x125 size-125x125\" alt=\"SKMEI-Reloj deportivo resistente al agua 5bar\" srcset=\"https:\/\/bodegaoutdoor.cl\/store\/wp-content\/uploads\/2024\/02\/82394-bn6k6k-150x150.jpg 150w, https:\/\/bodegaoutdoor.cl\/store\/wp-content\/uploads\/2024\/02\/82394-bn6k6k-300x300.jpg 300w, https:\/\/bodegaoutdoor.cl\/store\/wp-content\/uploads\/2024\/02\/82394-bn6k6k-768x768.jpg 768w, https:\/\/bodegaoutdoor.cl\/store\/wp-content\/uploads\/2024\/02\/82394-bn6k6k-600x600.jpg 600w, https:\/\/bodegaoutdoor.cl\/store\/wp-content\/uploads\/2024\/02\/82394-bn6k6k-100x100.jpg 100w, https:\/\/bodegaoutdoor.cl\/store\/wp-content\/uploads\/2024\/02\/82394-bn6k6k-50x50.jpg 50w, https:\/\/bodegaoutdoor.cl\/store\/wp-content\/uploads\/2024\/02\/82394-bn6k6k.jpg 800w\" sizes=\"(max-width: 125px) 100vw, 125px\" \/>                                    <\/a>\n                                                                <h4 class=\"product-title\"><a\n                                            href=\"https:\/\/bodegaoutdoor.cl\/store\/product\/skmei-relojes-deportivos-digitales-para-hombre-pulsera-electronica-con-cuenta-regresiva-resistente-al-agua-cronografo-con-fecha-5bar\/\">SKMEI-Reloj deportivo resistente al agua 5bar<\/a>\n                                <\/h4>\n                                <span class=\"price\">\n                                    <del aria-hidden=\"true\"><span class=\"woocommerce-Price-amount amount\"><bdi><span class=\"woocommerce-Price-currencySymbol\" translate=\"no\">$<\/span>39,990<\/bdi><\/span><\/del> <span class=\"screen-reader-text\">El precio original era: $39,990.<\/span><ins aria-hidden=\"true\"><span class=\"woocommerce-Price-amount amount\"><bdi><span class=\"woocommerce-Price-currencySymbol\" translate=\"no\">$<\/span>24,990<\/bdi><\/span><\/ins><span class=\"screen-reader-text\">El precio actual es: $24,990.<\/span>                                <\/span>\n                            <\/div>\n                                                    <div class=\"col-md-4 col-lg-2\">\n                                                                    <a class=\"xs_product_img_link\"\n                                        href=\"https:\/\/bodegaoutdoor.cl\/store\/product\/lokmat-reloj-inteligente-deportivo-ocean-para-hombre-y-mujer-para-android-con-control-del-ritmo-cardiaco-y-presion-sanguinea\/\">\n                                        <img loading=\"lazy\" decoding=\"async\" width=\"125\" height=\"125\" src=\"https:\/\/bodegaoutdoor.cl\/store\/wp-content\/uploads\/2023\/04\/69993-8zfbhz-150x150.jpg\" class=\"attachment-125x125 size-125x125\" alt=\"SmartWatch-Reloj inteligente deportivo Ocean para hombre y mujer, para Android, con control del ritmo card\u00edaco y presi\u00f3n sangu\u00ednea\" srcset=\"https:\/\/bodegaoutdoor.cl\/store\/wp-content\/uploads\/2023\/04\/69993-8zfbhz-150x150.jpg 150w, https:\/\/bodegaoutdoor.cl\/store\/wp-content\/uploads\/2023\/04\/69993-8zfbhz-300x300.jpg 300w, https:\/\/bodegaoutdoor.cl\/store\/wp-content\/uploads\/2023\/04\/69993-8zfbhz-100x100.jpg 100w, https:\/\/bodegaoutdoor.cl\/store\/wp-content\/uploads\/2023\/04\/69993-8zfbhz-600x600.jpg 600w, https:\/\/bodegaoutdoor.cl\/store\/wp-content\/uploads\/2023\/04\/69993-8zfbhz-768x768.jpg 768w, https:\/\/bodegaoutdoor.cl\/store\/wp-content\/uploads\/2023\/04\/69993-8zfbhz-350x350.jpg 350w, https:\/\/bodegaoutdoor.cl\/store\/wp-content\/uploads\/2023\/04\/69993-8zfbhz.jpg 1000w\" sizes=\"(max-width: 125px) 100vw, 125px\" \/>                                    <\/a>\n                                                                <h4 class=\"product-title\"><a\n                                            href=\"https:\/\/bodegaoutdoor.cl\/store\/product\/lokmat-reloj-inteligente-deportivo-ocean-para-hombre-y-mujer-para-android-con-control-del-ritmo-cardiaco-y-presion-sanguinea\/\">SmartWatch-Reloj inteligente deportivo Ocean para hombre y mujer, para Android, con control del ritmo card\u00edaco y presi\u00f3n sangu\u00ednea<\/a>\n                                <\/h4>\n                                <span class=\"price\">\n                                    <del aria-hidden=\"true\"><span class=\"woocommerce-Price-amount amount\"><bdi><span class=\"woocommerce-Price-currencySymbol\" translate=\"no\">$<\/span>59,990<\/bdi><\/span><\/del> <span class=\"screen-reader-text\">El precio original era: $59,990.<\/span><ins aria-hidden=\"true\"><span class=\"woocommerce-Price-amount amount\"><bdi><span class=\"woocommerce-Price-currencySymbol\" translate=\"no\">$<\/span>29,990<\/bdi><\/span><\/ins><span class=\"screen-reader-text\">El precio actual es: $29,990.<\/span>                                <\/span>\n                            <\/div>\n                                        <\/div>\n            <\/div>\n                                <div class=\"tab-pane fade \"\n                 id=\"xs-tabs-41457-5-41\">\n                <div class=\"row no-gutters product-category-version-2\">\n                                                <div class=\"col-md-4 col-lg-2\">\n                                                                    <a class=\"xs_product_img_link\"\n                                        href=\"https:\/\/bodegaoutdoor.cl\/store\/product\/esdy-botin-de-senderismo-de-media-cana-transpirable\/\">\n                                        <img loading=\"lazy\" decoding=\"async\" width=\"125\" height=\"125\" src=\"https:\/\/bodegaoutdoor.cl\/store\/wp-content\/uploads\/2026\/06\/90084-vt6paa-150x150.jpg\" class=\"attachment-125x125 size-125x125\" alt=\"ESDY, Botin de senderismo de media ca\u00f1a,  transpirable\" srcset=\"https:\/\/bodegaoutdoor.cl\/store\/wp-content\/uploads\/2026\/06\/90084-vt6paa-150x150.jpg 150w, https:\/\/bodegaoutdoor.cl\/store\/wp-content\/uploads\/2026\/06\/90084-vt6paa-300x300.jpg 300w, https:\/\/bodegaoutdoor.cl\/store\/wp-content\/uploads\/2026\/06\/90084-vt6paa-768x768.jpg 768w, https:\/\/bodegaoutdoor.cl\/store\/wp-content\/uploads\/2026\/06\/90084-vt6paa-600x600.jpg 600w, https:\/\/bodegaoutdoor.cl\/store\/wp-content\/uploads\/2026\/06\/90084-vt6paa-100x100.jpg 100w, https:\/\/bodegaoutdoor.cl\/store\/wp-content\/uploads\/2026\/06\/90084-vt6paa-50x50.jpg 50w, https:\/\/bodegaoutdoor.cl\/store\/wp-content\/uploads\/2026\/06\/90084-vt6paa.jpg 800w\" sizes=\"(max-width: 125px) 100vw, 125px\" \/>                                    <\/a>\n                                                                <h4 class=\"product-title\"><a\n                                            href=\"https:\/\/bodegaoutdoor.cl\/store\/product\/esdy-botin-de-senderismo-de-media-cana-transpirable\/\">ESDY, Botin de senderismo de media ca\u00f1a,  transpirable<\/a>\n                                <\/h4>\n                                <span class=\"price\">\n                                    <del aria-hidden=\"true\"><span class=\"woocommerce-Price-amount amount\"><bdi><span class=\"woocommerce-Price-currencySymbol\" translate=\"no\">$<\/span>89,990<\/bdi><\/span><\/del> <span class=\"screen-reader-text\">El precio original era: $89,990.<\/span><ins aria-hidden=\"true\"><span class=\"woocommerce-Price-amount amount\"><bdi><span class=\"woocommerce-Price-currencySymbol\" translate=\"no\">$<\/span>59,990<\/bdi><\/span><\/ins><span class=\"screen-reader-text\">El precio actual es: $59,990.<\/span>                                <\/span>\n                            <\/div>\n                                                    <div class=\"col-md-4 col-lg-2\">\n                                                                    <a class=\"xs_product_img_link\"\n                                        href=\"https:\/\/bodegaoutdoor.cl\/store\/product\/esdy-zapatillas-de-trekking-liberacion-rapida\/\">\n                                        <img loading=\"lazy\" decoding=\"async\" width=\"125\" height=\"125\" src=\"https:\/\/bodegaoutdoor.cl\/store\/wp-content\/uploads\/2026\/06\/90019-jsa7hj-150x150.jpg\" class=\"attachment-125x125 size-125x125\" alt=\"ESDY zapatillas de Trekking, liberaci\u00f3n r\u00e1pida\" srcset=\"https:\/\/bodegaoutdoor.cl\/store\/wp-content\/uploads\/2026\/06\/90019-jsa7hj-150x150.jpg 150w, https:\/\/bodegaoutdoor.cl\/store\/wp-content\/uploads\/2026\/06\/90019-jsa7hj-300x300.jpg 300w, https:\/\/bodegaoutdoor.cl\/store\/wp-content\/uploads\/2026\/06\/90019-jsa7hj-768x768.jpg 768w, https:\/\/bodegaoutdoor.cl\/store\/wp-content\/uploads\/2026\/06\/90019-jsa7hj-600x600.jpg 600w, https:\/\/bodegaoutdoor.cl\/store\/wp-content\/uploads\/2026\/06\/90019-jsa7hj-100x100.jpg 100w, https:\/\/bodegaoutdoor.cl\/store\/wp-content\/uploads\/2026\/06\/90019-jsa7hj-50x50.jpg 50w, https:\/\/bodegaoutdoor.cl\/store\/wp-content\/uploads\/2026\/06\/90019-jsa7hj.jpg 1000w\" sizes=\"(max-width: 125px) 100vw, 125px\" \/>                                    <\/a>\n                                                                <h4 class=\"product-title\"><a\n                                            href=\"https:\/\/bodegaoutdoor.cl\/store\/product\/esdy-zapatillas-de-trekking-liberacion-rapida\/\">ESDY zapatillas de Trekking, liberaci\u00f3n r\u00e1pida<\/a>\n                                <\/h4>\n                                <span class=\"price\">\n                                    <del aria-hidden=\"true\"><span class=\"woocommerce-Price-amount amount\"><bdi><span class=\"woocommerce-Price-currencySymbol\" translate=\"no\">$<\/span>89,990<\/bdi><\/span><\/del> <span class=\"screen-reader-text\">El precio original era: $89,990.<\/span><ins aria-hidden=\"true\"><span class=\"woocommerce-Price-amount amount\"><bdi><span class=\"woocommerce-Price-currencySymbol\" translate=\"no\">$<\/span>59,990<\/bdi><\/span><\/ins><span class=\"screen-reader-text\">El precio actual es: $59,990.<\/span>                                <\/span>\n                            <\/div>\n                                                    <div class=\"col-md-4 col-lg-2\">\n                                                                    <a class=\"xs_product_img_link\"\n                                        href=\"https:\/\/bodegaoutdoor.cl\/store\/product\/zapatillas-esdy-cierre-tactico-automatico-calzado-unisex\/\">\n                                        <img loading=\"lazy\" decoding=\"async\" width=\"125\" height=\"125\" src=\"https:\/\/bodegaoutdoor.cl\/store\/wp-content\/uploads\/2025\/02\/86574-u4h7qz-150x150.jpg\" class=\"attachment-125x125 size-125x125\" alt=\"Zapatillas ESDY Cierre t\u00e1ctico Autom\u00e1tico calzado Unisex\" srcset=\"https:\/\/bodegaoutdoor.cl\/store\/wp-content\/uploads\/2025\/02\/86574-u4h7qz-150x150.jpg 150w, https:\/\/bodegaoutdoor.cl\/store\/wp-content\/uploads\/2025\/02\/86574-u4h7qz-300x300.jpg 300w, https:\/\/bodegaoutdoor.cl\/store\/wp-content\/uploads\/2025\/02\/86574-u4h7qz-768x768.jpg 768w, https:\/\/bodegaoutdoor.cl\/store\/wp-content\/uploads\/2025\/02\/86574-u4h7qz-600x600.jpg 600w, https:\/\/bodegaoutdoor.cl\/store\/wp-content\/uploads\/2025\/02\/86574-u4h7qz-100x100.jpg 100w, https:\/\/bodegaoutdoor.cl\/store\/wp-content\/uploads\/2025\/02\/86574-u4h7qz.jpg 800w\" sizes=\"(max-width: 125px) 100vw, 125px\" \/>                                    <\/a>\n                                                                <h4 class=\"product-title\"><a\n                                            href=\"https:\/\/bodegaoutdoor.cl\/store\/product\/zapatillas-esdy-cierre-tactico-automatico-calzado-unisex\/\">Zapatillas ESDY Cierre t\u00e1ctico Autom\u00e1tico calzado Unisex<\/a>\n                                <\/h4>\n                                <span class=\"price\">\n                                    <del aria-hidden=\"true\"><span class=\"woocommerce-Price-amount amount\"><bdi><span class=\"woocommerce-Price-currencySymbol\" translate=\"no\">$<\/span>100,000<\/bdi><\/span><\/del> <span class=\"screen-reader-text\">El precio original era: $100,000.<\/span><ins aria-hidden=\"true\"><span class=\"woocommerce-Price-amount amount\"><bdi><span class=\"woocommerce-Price-currencySymbol\" translate=\"no\">$<\/span>49,990<\/bdi><\/span><\/ins><span class=\"screen-reader-text\">El precio actual es: $49,990.<\/span>                                <\/span>\n                            <\/div>\n                                                    <div class=\"col-md-4 col-lg-2\">\n                                                                    <a class=\"xs_product_img_link\"\n                                        href=\"https:\/\/bodegaoutdoor.cl\/store\/product\/under-armour-botas-tacticas-impermeables-deportes-outdoor\/\">\n                                        <img loading=\"lazy\" decoding=\"async\" width=\"125\" height=\"125\" src=\"https:\/\/bodegaoutdoor.cl\/store\/wp-content\/uploads\/2024\/08\/85172-ae121a-150x150.jpeg\" class=\"attachment-125x125 size-125x125\" alt=\"UNDER ARMOUR-Botas t\u00e1cticas impermeables, Deportes Outdoor\" srcset=\"https:\/\/bodegaoutdoor.cl\/store\/wp-content\/uploads\/2024\/08\/85172-ae121a-150x150.jpeg 150w, https:\/\/bodegaoutdoor.cl\/store\/wp-content\/uploads\/2024\/08\/85172-ae121a-300x300.jpeg 300w, https:\/\/bodegaoutdoor.cl\/store\/wp-content\/uploads\/2024\/08\/85172-ae121a-600x600.jpeg 600w, https:\/\/bodegaoutdoor.cl\/store\/wp-content\/uploads\/2024\/08\/85172-ae121a-100x100.jpeg 100w, https:\/\/bodegaoutdoor.cl\/store\/wp-content\/uploads\/2024\/08\/85172-ae121a-50x50.jpeg 50w, https:\/\/bodegaoutdoor.cl\/store\/wp-content\/uploads\/2024\/08\/85172-ae121a.jpeg 720w\" sizes=\"(max-width: 125px) 100vw, 125px\" \/>                                    <\/a>\n                                                                <h4 class=\"product-title\"><a\n                                            href=\"https:\/\/bodegaoutdoor.cl\/store\/product\/under-armour-botas-tacticas-impermeables-deportes-outdoor\/\">UNDER ARMOUR-Botas t\u00e1cticas impermeables, Deportes Outdoor<\/a>\n                                <\/h4>\n                                <span class=\"price\">\n                                    <del aria-hidden=\"true\"><span class=\"woocommerce-Price-amount amount\"><bdi><span class=\"woocommerce-Price-currencySymbol\" translate=\"no\">$<\/span>150,000<\/bdi><\/span><\/del> <span class=\"screen-reader-text\">El precio original era: $150,000.<\/span><ins aria-hidden=\"true\"><span class=\"woocommerce-Price-amount amount\"><bdi><span class=\"woocommerce-Price-currencySymbol\" translate=\"no\">$<\/span>119,990<\/bdi><\/span><\/ins><span class=\"screen-reader-text\">El precio actual es: $119,990.<\/span>                                <\/span>\n                            <\/div>\n                                                    <div class=\"col-md-4 col-lg-2\">\n                                                                    <a class=\"xs_product_img_link\"\n                                        href=\"https:\/\/bodegaoutdoor.cl\/store\/product\/scoyco-botas-de-moto-enduro-para-hombre-calzado-resistente-al-desgaste-antideslizante-de-cuero-impermeable-para-motocross\/\">\n                                        <img loading=\"lazy\" decoding=\"async\" width=\"125\" height=\"125\" src=\"https:\/\/bodegaoutdoor.cl\/store\/wp-content\/uploads\/2024\/05\/82926-wwmutf-150x150.jpg\" class=\"attachment-125x125 size-125x125\" alt=\"Botas de moto Enduro para  calzado resistente al desgaste, antideslizante, de cuero, impermeable\" srcset=\"https:\/\/bodegaoutdoor.cl\/store\/wp-content\/uploads\/2024\/05\/82926-wwmutf-150x150.jpg 150w, https:\/\/bodegaoutdoor.cl\/store\/wp-content\/uploads\/2024\/05\/82926-wwmutf-300x300.jpg 300w, https:\/\/bodegaoutdoor.cl\/store\/wp-content\/uploads\/2024\/05\/82926-wwmutf-768x768.jpg 768w, https:\/\/bodegaoutdoor.cl\/store\/wp-content\/uploads\/2024\/05\/82926-wwmutf-600x600.jpg 600w, https:\/\/bodegaoutdoor.cl\/store\/wp-content\/uploads\/2024\/05\/82926-wwmutf-100x100.jpg 100w, https:\/\/bodegaoutdoor.cl\/store\/wp-content\/uploads\/2024\/05\/82926-wwmutf-50x50.jpg 50w, https:\/\/bodegaoutdoor.cl\/store\/wp-content\/uploads\/2024\/05\/82926-wwmutf.jpg 1000w\" sizes=\"(max-width: 125px) 100vw, 125px\" \/>                                    <\/a>\n                                                                <h4 class=\"product-title\"><a\n                                            href=\"https:\/\/bodegaoutdoor.cl\/store\/product\/scoyco-botas-de-moto-enduro-para-hombre-calzado-resistente-al-desgaste-antideslizante-de-cuero-impermeable-para-motocross\/\">Botas de moto Enduro para  calzado resistente al desgaste, antideslizante, de cuero, impermeable<\/a>\n                                <\/h4>\n                                <span class=\"price\">\n                                    <del aria-hidden=\"true\"><span class=\"woocommerce-Price-amount amount\"><bdi><span class=\"woocommerce-Price-currencySymbol\" translate=\"no\">$<\/span>249,990<\/bdi><\/span><\/del> <span class=\"screen-reader-text\">El precio original era: $249,990.<\/span><ins aria-hidden=\"true\"><span class=\"woocommerce-Price-amount amount\"><bdi><span class=\"woocommerce-Price-currencySymbol\" translate=\"no\">$<\/span>149,990<\/bdi><\/span><\/ins><span class=\"screen-reader-text\">El precio actual es: $149,990.<\/span>                                <\/span>\n                            <\/div>\n                                                    <div class=\"col-md-4 col-lg-2\">\n                                                                    <a class=\"xs_product_img_link\"\n                                        href=\"https:\/\/bodegaoutdoor.cl\/store\/product\/zapatos-de-lucha-de-alta-calidad-para-hombre-zapatillas-de-entrenamiento-de-flighting-para-exteriores-boxeo-profesional-blanco-y-negro-talla-grande\/\">\n                                        <img loading=\"lazy\" decoding=\"async\" width=\"125\" height=\"125\" src=\"https:\/\/bodegaoutdoor.cl\/store\/wp-content\/uploads\/2024\/01\/81234-twuarl-150x150.jpg\" class=\"attachment-125x125 size-125x125\" alt=\"Zapatos de Boxeo de entrenamiento MingSib\" srcset=\"https:\/\/bodegaoutdoor.cl\/store\/wp-content\/uploads\/2024\/01\/81234-twuarl-150x150.jpg 150w, https:\/\/bodegaoutdoor.cl\/store\/wp-content\/uploads\/2024\/01\/81234-twuarl-300x300.jpg 300w, https:\/\/bodegaoutdoor.cl\/store\/wp-content\/uploads\/2024\/01\/81234-twuarl-768x768.jpg 768w, https:\/\/bodegaoutdoor.cl\/store\/wp-content\/uploads\/2024\/01\/81234-twuarl-600x600.jpg 600w, https:\/\/bodegaoutdoor.cl\/store\/wp-content\/uploads\/2024\/01\/81234-twuarl-100x100.jpg 100w, https:\/\/bodegaoutdoor.cl\/store\/wp-content\/uploads\/2024\/01\/81234-twuarl-50x50.jpg 50w, https:\/\/bodegaoutdoor.cl\/store\/wp-content\/uploads\/2024\/01\/81234-twuarl.jpg 800w\" sizes=\"(max-width: 125px) 100vw, 125px\" \/>                                    <\/a>\n                                                                <h4 class=\"product-title\"><a\n                                            href=\"https:\/\/bodegaoutdoor.cl\/store\/product\/zapatos-de-lucha-de-alta-calidad-para-hombre-zapatillas-de-entrenamiento-de-flighting-para-exteriores-boxeo-profesional-blanco-y-negro-talla-grande\/\">Zapatos de Boxeo de entrenamiento MingSib<\/a>\n                                <\/h4>\n                                <span class=\"price\">\n                                    <del aria-hidden=\"true\"><span class=\"woocommerce-Price-amount amount\"><bdi><span class=\"woocommerce-Price-currencySymbol\" translate=\"no\">$<\/span>129,990<\/bdi><\/span><\/del> <span class=\"screen-reader-text\">El precio original era: $129,990.<\/span><ins aria-hidden=\"true\"><span class=\"woocommerce-Price-amount amount\"><bdi><span class=\"woocommerce-Price-currencySymbol\" translate=\"no\">$<\/span>74,990<\/bdi><\/span><\/ins><span class=\"screen-reader-text\">El precio actual es: $74,990.<\/span>                                <\/span>\n                            <\/div>\n                                        <\/div>\n            <\/div>\n            <\/div>\n    \t\t\t\t<\/div>\n\t\t\t\t<\/div>\n\t\t\t\t\t<\/div>\n\t\t<\/div>\n\t\t\t\t\t<\/div>\n\t\t<\/section>\n\t\t\t\t<section class=\"elementor-section elementor-top-section elementor-element elementor-element-b732693 elementor-section-boxed elementor-section-height-default elementor-section-height-default\" data-id=\"b732693\" data-element_type=\"section\" data-e-type=\"section\">\n\t\t\t\t\t\t<div class=\"elementor-container elementor-column-gap-default\">\n\t\t\t\t\t<div class=\"elementor-column elementor-col-100 elementor-top-column elementor-element elementor-element-c506356\" data-id=\"c506356\" data-element_type=\"column\" data-e-type=\"column\">\n\t\t\t<div class=\"elementor-widget-wrap elementor-element-populated\">\n\t\t\t\t\t\t<div class=\"elementor-element elementor-element-1449ed0 elementor-widget elementor-widget-xs-woo-tab\" data-id=\"1449ed0\" data-element_type=\"widget\" data-e-type=\"widget\" data-widget_type=\"xs-woo-tab.default\">\n\t\t\t\t<div class=\"elementor-widget-container\">\n\t\t\t\t\t    <div class=\"xs-content-header\">\n        <h2 class=\"xs-content-title\">Best Deals<\/h2>\n                                <ul class=\"nav nav-tabs xs-nav-tab\">\n                                                        <li class=\"nav-item\">\n                        <a class=\"nav-link active\" data-toggle=\"tab\"\n                           href=\"#xs-tabs-26374-0\"\n                           >On Sell<\/a>\n                    <\/li>\n                                                        <li class=\"nav-item\">\n                        <a class=\"nav-link \" data-toggle=\"tab\"\n                           href=\"#xs-tabs-26374-1\"\n                           >Hot Sell<\/a>\n                    <\/li>\n                                                        <li class=\"nav-item\">\n                        <a class=\"nav-link \" data-toggle=\"tab\"\n                           href=\"#xs-tabs-26374-2\"\n                           >Trend<\/a>\n                    <\/li>\n                                                        <li class=\"nav-item\">\n                        <a class=\"nav-link \" data-toggle=\"tab\"\n                           href=\"#xs-tabs-26374-3\"\n                           >Best Sell<\/a>\n                    <\/li>\n                            <\/ul>\n                <div class=\"clearfix\"><\/div>\n    <\/div>\n<div class=\"tab-content\">\n                                    <div class=\"tab-pane fade show active\"\n                 id=\"xs-tabs-26374-0\"\n                 >\n                <div class=\"xs-tab-slider swiper\">\n                    <div class=\"swiper-wrapper\">\n                                            <\/div>\n                    <div class=\"swiper-pagination\"><\/div>\n                <\/div>\n            <\/div>\n                                <div class=\"tab-pane fade \"\n                 id=\"xs-tabs-26374-1\"\n                 >\n                <div class=\"xs-tab-slider swiper\">\n                    <div class=\"swiper-wrapper\">\n                                            <\/div>\n                    <div class=\"swiper-pagination\"><\/div>\n                <\/div>\n            <\/div>\n                                <div class=\"tab-pane fade \"\n                 id=\"xs-tabs-26374-2\"\n                 >\n                <div class=\"xs-tab-slider swiper\">\n                    <div class=\"swiper-wrapper\">\n                                                                                        <div class=\"xs-tab-slider-item swiper-slide\">\n                                                            <div class=\"xs-product-widget media \">\n                                                                            <a class=\"xs_product_img_link\" href=\"https:\/\/bodegaoutdoor.cl\/store\/product\/chaqueta-polar-tactica-con-capucha-para-uniforme-militar\/\">\n                                        <img loading=\"lazy\" decoding=\"async\" width=\"125\" height=\"125\" src=\"https:\/\/bodegaoutdoor.cl\/store\/wp-content\/uploads\/2026\/06\/90280-hefcs4-150x150.jpg\" class=\"attachment-125x125 size-125x125\" alt=\"Chaqueta Polar T\u00e1ctica Con Capucha Para Uniforme Militar .\" srcset=\"https:\/\/bodegaoutdoor.cl\/store\/wp-content\/uploads\/2026\/06\/90280-hefcs4-150x150.jpg 150w, https:\/\/bodegaoutdoor.cl\/store\/wp-content\/uploads\/2026\/06\/90280-hefcs4-300x300.jpg 300w, https:\/\/bodegaoutdoor.cl\/store\/wp-content\/uploads\/2026\/06\/90280-hefcs4-768x768.jpg 768w, https:\/\/bodegaoutdoor.cl\/store\/wp-content\/uploads\/2026\/06\/90280-hefcs4-600x600.jpg 600w, https:\/\/bodegaoutdoor.cl\/store\/wp-content\/uploads\/2026\/06\/90280-hefcs4-100x100.jpg 100w, https:\/\/bodegaoutdoor.cl\/store\/wp-content\/uploads\/2026\/06\/90280-hefcs4-50x50.jpg 50w, https:\/\/bodegaoutdoor.cl\/store\/wp-content\/uploads\/2026\/06\/90280-hefcs4.jpg 800w\" sizes=\"(max-width: 125px) 100vw, 125px\" \/>                                        <\/a>\n                                                                        <div class=\"media-body align-self-center product-widget-content\">\n                                        <div class=\"xs-product-header media woocommerce xs-wishlist \">\n                                                                                                                                        \n                                                                                                                                                \n<div\n\tclass=\"yith-wcwl-add-to-wishlist add-to-wishlist-90280 yith-wcwl-add-to-wishlist--link-style wishlist-fragment on-first-load\"\n\tdata-fragment-ref=\"90280\"\n\tdata-fragment-options=\"{&quot;base_url&quot;:&quot;&quot;,&quot;product_id&quot;:90280,&quot;parent_product_id&quot;:0,&quot;product_type&quot;:&quot;variable&quot;,&quot;is_single&quot;:false,&quot;in_default_wishlist&quot;:false,&quot;show_view&quot;:false,&quot;browse_wishlist_text&quot;:&quot;Lista Deseos&quot;,&quot;already_in_wishslist_text&quot;:&quot;The producto esta Agregado!&quot;,&quot;product_added_text&quot;:&quot;Producto Agregado!&quot;,&quot;available_multi_wishlist&quot;:false,&quot;disable_wishlist&quot;:false,&quot;show_count&quot;:false,&quot;ajax_loading&quot;:false,&quot;loop_position&quot;:&quot;after_add_to_cart&quot;,&quot;item&quot;:&quot;add_to_wishlist&quot;}\"\n>\n\t\t\t\n\t\t\t<!-- ADD TO WISHLIST -->\n\t\t\t\n<div class=\"yith-wcwl-add-button\">\n\t\t<a\n\t\thref=\"?add_to_wishlist=90280&#038;_wpnonce=98056c7fc2\"\n\t\tclass=\"add_to_wishlist single_add_to_wishlist\"\n\t\tdata-product-id=\"90280\"\n\t\tdata-product-type=\"variable\"\n\t\tdata-original-product-id=\"0\"\n\t\tdata-title=\"Lista Deseos\"\n\t\trel=\"nofollow\"\n\t>\n\t\t<svg id=\"yith-wcwl-icon-heart-outline\" class=\"yith-wcwl-icon-svg\" fill=\"none\" stroke-width=\"1.5\" stroke=\"currentColor\" viewbox=\"0 0 24 24\" xmlns=\"http:\/\/www.w3.org\/2000\/svg\">\n  <path stroke-linecap=\"round\" stroke-linejoin=\"round\" d=\"M21 8.25c0-2.485-2.099-4.5-4.688-4.5-1.935 0-3.597 1.126-4.312 2.733-.715-1.607-2.377-2.733-4.313-2.733C5.1 3.75 3 5.765 3 8.25c0 7.22 9 12 9 12s9-4.78 9-12Z\"><\/path>\n<\/svg>\t\t<span>Lista Deseos<\/span>\n\t<\/a>\n<\/div>\n\n\t\t\t<!-- COUNT TEXT -->\n\t\t\t\n\t\t\t<\/div>\n                                                                                                                                    <\/div>\n                                        <a class=\"product-title\" href=\"https:\/\/bodegaoutdoor.cl\/store\/product\/chaqueta-polar-tactica-con-capucha-para-uniforme-militar\/\">Chaqueta Polar T\u00e1ctica Con Capucha Para Uniforme Militar .<\/a>\n                                        <span class=\"price\">\n                                            <del aria-hidden=\"true\"><span class=\"woocommerce-Price-amount amount\"><bdi><span class=\"woocommerce-Price-currencySymbol\" translate=\"no\">$<\/span>59,990<\/bdi><\/span><\/del> <span class=\"screen-reader-text\">El precio original era: $59,990.<\/span><ins aria-hidden=\"true\"><span class=\"woocommerce-Price-amount amount\"><bdi><span class=\"woocommerce-Price-currencySymbol\" translate=\"no\">$<\/span>29,990<\/bdi><\/span><\/ins><span class=\"screen-reader-text\">El precio actual es: $29,990.<\/span>                                        <\/span>\n                                    <\/div>\n                                <\/div>\n                                                                                                                                <div class=\"xs-product-widget media \">\n                                                                            <a class=\"xs_product_img_link\" href=\"https:\/\/bodegaoutdoor.cl\/store\/product\/gafas-con-atenuacion-ajustables-nd9-polarizadas-uv400\/\">\n                                        <img loading=\"lazy\" decoding=\"async\" width=\"125\" height=\"125\" src=\"https:\/\/bodegaoutdoor.cl\/store\/wp-content\/uploads\/2026\/06\/90143-14gdwb-150x150.jpg\" class=\"attachment-125x125 size-125x125\" alt=\"Gafas con atenuaci\u00f3n ajustables ND9, polarizadas UV400\" srcset=\"https:\/\/bodegaoutdoor.cl\/store\/wp-content\/uploads\/2026\/06\/90143-14gdwb-150x150.jpg 150w, https:\/\/bodegaoutdoor.cl\/store\/wp-content\/uploads\/2026\/06\/90143-14gdwb-300x300.jpg 300w, https:\/\/bodegaoutdoor.cl\/store\/wp-content\/uploads\/2026\/06\/90143-14gdwb-768x768.jpg 768w, https:\/\/bodegaoutdoor.cl\/store\/wp-content\/uploads\/2026\/06\/90143-14gdwb-600x600.jpg 600w, https:\/\/bodegaoutdoor.cl\/store\/wp-content\/uploads\/2026\/06\/90143-14gdwb-100x100.jpg 100w, https:\/\/bodegaoutdoor.cl\/store\/wp-content\/uploads\/2026\/06\/90143-14gdwb-50x50.jpg 50w, https:\/\/bodegaoutdoor.cl\/store\/wp-content\/uploads\/2026\/06\/90143-14gdwb.jpg 1000w\" sizes=\"(max-width: 125px) 100vw, 125px\" \/>                                        <\/a>\n                                                                        <div class=\"media-body align-self-center product-widget-content\">\n                                        <div class=\"xs-product-header media woocommerce xs-wishlist \">\n                                                                                                                                        \n                                                                                                                                                \n<div\n\tclass=\"yith-wcwl-add-to-wishlist add-to-wishlist-90143 yith-wcwl-add-to-wishlist--link-style wishlist-fragment on-first-load\"\n\tdata-fragment-ref=\"90143\"\n\tdata-fragment-options=\"{&quot;base_url&quot;:&quot;&quot;,&quot;product_id&quot;:90143,&quot;parent_product_id&quot;:0,&quot;product_type&quot;:&quot;variable&quot;,&quot;is_single&quot;:false,&quot;in_default_wishlist&quot;:false,&quot;show_view&quot;:false,&quot;browse_wishlist_text&quot;:&quot;Lista Deseos&quot;,&quot;already_in_wishslist_text&quot;:&quot;The producto esta Agregado!&quot;,&quot;product_added_text&quot;:&quot;Producto Agregado!&quot;,&quot;available_multi_wishlist&quot;:false,&quot;disable_wishlist&quot;:false,&quot;show_count&quot;:false,&quot;ajax_loading&quot;:false,&quot;loop_position&quot;:&quot;after_add_to_cart&quot;,&quot;item&quot;:&quot;add_to_wishlist&quot;}\"\n>\n\t\t\t\n\t\t\t<!-- ADD TO WISHLIST -->\n\t\t\t\n<div class=\"yith-wcwl-add-button\">\n\t\t<a\n\t\thref=\"?add_to_wishlist=90143&#038;_wpnonce=98056c7fc2\"\n\t\tclass=\"add_to_wishlist single_add_to_wishlist\"\n\t\tdata-product-id=\"90143\"\n\t\tdata-product-type=\"variable\"\n\t\tdata-original-product-id=\"0\"\n\t\tdata-title=\"Lista Deseos\"\n\t\trel=\"nofollow\"\n\t>\n\t\t<svg id=\"yith-wcwl-icon-heart-outline\" class=\"yith-wcwl-icon-svg\" fill=\"none\" stroke-width=\"1.5\" stroke=\"currentColor\" viewbox=\"0 0 24 24\" xmlns=\"http:\/\/www.w3.org\/2000\/svg\">\n  <path stroke-linecap=\"round\" stroke-linejoin=\"round\" d=\"M21 8.25c0-2.485-2.099-4.5-4.688-4.5-1.935 0-3.597 1.126-4.312 2.733-.715-1.607-2.377-2.733-4.313-2.733C5.1 3.75 3 5.765 3 8.25c0 7.22 9 12 9 12s9-4.78 9-12Z\"><\/path>\n<\/svg>\t\t<span>Lista Deseos<\/span>\n\t<\/a>\n<\/div>\n\n\t\t\t<!-- COUNT TEXT -->\n\t\t\t\n\t\t\t<\/div>\n                                                                                                                                    <\/div>\n                                        <a class=\"product-title\" href=\"https:\/\/bodegaoutdoor.cl\/store\/product\/gafas-con-atenuacion-ajustables-nd9-polarizadas-uv400\/\">Gafas con atenuaci\u00f3n ajustables ND9, polarizadas UV400<\/a>\n                                        <span class=\"price\">\n                                            <del aria-hidden=\"true\"><span class=\"woocommerce-Price-amount amount\"><bdi><span class=\"woocommerce-Price-currencySymbol\" translate=\"no\">$<\/span>69,990<\/bdi><\/span><\/del> <span class=\"screen-reader-text\">El precio original era: $69,990.<\/span><ins aria-hidden=\"true\"><span class=\"woocommerce-Price-amount amount\"><bdi><span class=\"woocommerce-Price-currencySymbol\" translate=\"no\">$<\/span>34,990<\/bdi><\/span><\/ins><span class=\"screen-reader-text\">El precio actual es: $34,990.<\/span>                                        <\/span>\n                                    <\/div>\n                                <\/div>\n                                                                                                                                <div class=\"xs-product-widget media \">\n                                                                            <a class=\"xs_product_img_link\" href=\"https:\/\/bodegaoutdoor.cl\/store\/product\/esdy-botin-de-senderismo-de-media-cana-transpirable\/\">\n                                        <img loading=\"lazy\" decoding=\"async\" width=\"125\" height=\"125\" src=\"https:\/\/bodegaoutdoor.cl\/store\/wp-content\/uploads\/2026\/06\/90084-vt6paa-150x150.jpg\" class=\"attachment-125x125 size-125x125\" alt=\"ESDY, Botin de senderismo de media ca\u00f1a,  transpirable\" srcset=\"https:\/\/bodegaoutdoor.cl\/store\/wp-content\/uploads\/2026\/06\/90084-vt6paa-150x150.jpg 150w, https:\/\/bodegaoutdoor.cl\/store\/wp-content\/uploads\/2026\/06\/90084-vt6paa-300x300.jpg 300w, https:\/\/bodegaoutdoor.cl\/store\/wp-content\/uploads\/2026\/06\/90084-vt6paa-768x768.jpg 768w, https:\/\/bodegaoutdoor.cl\/store\/wp-content\/uploads\/2026\/06\/90084-vt6paa-600x600.jpg 600w, https:\/\/bodegaoutdoor.cl\/store\/wp-content\/uploads\/2026\/06\/90084-vt6paa-100x100.jpg 100w, https:\/\/bodegaoutdoor.cl\/store\/wp-content\/uploads\/2026\/06\/90084-vt6paa-50x50.jpg 50w, https:\/\/bodegaoutdoor.cl\/store\/wp-content\/uploads\/2026\/06\/90084-vt6paa.jpg 800w\" sizes=\"(max-width: 125px) 100vw, 125px\" \/>                                        <\/a>\n                                                                        <div class=\"media-body align-self-center product-widget-content\">\n                                        <div class=\"xs-product-header media woocommerce xs-wishlist \">\n                                                                                                                                        \n                                                                                                                                                \n<div\n\tclass=\"yith-wcwl-add-to-wishlist add-to-wishlist-90084 yith-wcwl-add-to-wishlist--link-style wishlist-fragment on-first-load\"\n\tdata-fragment-ref=\"90084\"\n\tdata-fragment-options=\"{&quot;base_url&quot;:&quot;&quot;,&quot;product_id&quot;:90084,&quot;parent_product_id&quot;:0,&quot;product_type&quot;:&quot;variable&quot;,&quot;is_single&quot;:false,&quot;in_default_wishlist&quot;:false,&quot;show_view&quot;:false,&quot;browse_wishlist_text&quot;:&quot;Lista Deseos&quot;,&quot;already_in_wishslist_text&quot;:&quot;The producto esta Agregado!&quot;,&quot;product_added_text&quot;:&quot;Producto Agregado!&quot;,&quot;available_multi_wishlist&quot;:false,&quot;disable_wishlist&quot;:false,&quot;show_count&quot;:false,&quot;ajax_loading&quot;:false,&quot;loop_position&quot;:&quot;after_add_to_cart&quot;,&quot;item&quot;:&quot;add_to_wishlist&quot;}\"\n>\n\t\t\t\n\t\t\t<!-- ADD TO WISHLIST -->\n\t\t\t\n<div class=\"yith-wcwl-add-button\">\n\t\t<a\n\t\thref=\"?add_to_wishlist=90084&#038;_wpnonce=98056c7fc2\"\n\t\tclass=\"add_to_wishlist single_add_to_wishlist\"\n\t\tdata-product-id=\"90084\"\n\t\tdata-product-type=\"variable\"\n\t\tdata-original-product-id=\"0\"\n\t\tdata-title=\"Lista Deseos\"\n\t\trel=\"nofollow\"\n\t>\n\t\t<svg id=\"yith-wcwl-icon-heart-outline\" class=\"yith-wcwl-icon-svg\" fill=\"none\" stroke-width=\"1.5\" stroke=\"currentColor\" viewbox=\"0 0 24 24\" xmlns=\"http:\/\/www.w3.org\/2000\/svg\">\n  <path stroke-linecap=\"round\" stroke-linejoin=\"round\" d=\"M21 8.25c0-2.485-2.099-4.5-4.688-4.5-1.935 0-3.597 1.126-4.312 2.733-.715-1.607-2.377-2.733-4.313-2.733C5.1 3.75 3 5.765 3 8.25c0 7.22 9 12 9 12s9-4.78 9-12Z\"><\/path>\n<\/svg>\t\t<span>Lista Deseos<\/span>\n\t<\/a>\n<\/div>\n\n\t\t\t<!-- COUNT TEXT -->\n\t\t\t\n\t\t\t<\/div>\n                                                                                                                                    <\/div>\n                                        <a class=\"product-title\" href=\"https:\/\/bodegaoutdoor.cl\/store\/product\/esdy-botin-de-senderismo-de-media-cana-transpirable\/\">ESDY, Botin de senderismo de media ca\u00f1a,  transpirable<\/a>\n                                        <span class=\"price\">\n                                            <del aria-hidden=\"true\"><span class=\"woocommerce-Price-amount amount\"><bdi><span class=\"woocommerce-Price-currencySymbol\" translate=\"no\">$<\/span>89,990<\/bdi><\/span><\/del> <span class=\"screen-reader-text\">El precio original era: $89,990.<\/span><ins aria-hidden=\"true\"><span class=\"woocommerce-Price-amount amount\"><bdi><span class=\"woocommerce-Price-currencySymbol\" translate=\"no\">$<\/span>59,990<\/bdi><\/span><\/ins><span class=\"screen-reader-text\">El precio actual es: $59,990.<\/span>                                        <\/span>\n                                    <\/div>\n                                <\/div>\n                                                                <\/div>\n                                                                                                                            <div class=\"xs-tab-slider-item swiper-slide\">\n                                                            <div class=\"xs-product-widget media \">\n                                                                            <a class=\"xs_product_img_link\" href=\"https:\/\/bodegaoutdoor.cl\/store\/product\/esdy-zapatillas-de-trekking-liberacion-rapida\/\">\n                                        <img loading=\"lazy\" decoding=\"async\" width=\"125\" height=\"125\" src=\"https:\/\/bodegaoutdoor.cl\/store\/wp-content\/uploads\/2026\/06\/90019-jsa7hj-150x150.jpg\" class=\"attachment-125x125 size-125x125\" alt=\"ESDY zapatillas de Trekking, liberaci\u00f3n r\u00e1pida\" srcset=\"https:\/\/bodegaoutdoor.cl\/store\/wp-content\/uploads\/2026\/06\/90019-jsa7hj-150x150.jpg 150w, https:\/\/bodegaoutdoor.cl\/store\/wp-content\/uploads\/2026\/06\/90019-jsa7hj-300x300.jpg 300w, https:\/\/bodegaoutdoor.cl\/store\/wp-content\/uploads\/2026\/06\/90019-jsa7hj-768x768.jpg 768w, https:\/\/bodegaoutdoor.cl\/store\/wp-content\/uploads\/2026\/06\/90019-jsa7hj-600x600.jpg 600w, https:\/\/bodegaoutdoor.cl\/store\/wp-content\/uploads\/2026\/06\/90019-jsa7hj-100x100.jpg 100w, https:\/\/bodegaoutdoor.cl\/store\/wp-content\/uploads\/2026\/06\/90019-jsa7hj-50x50.jpg 50w, https:\/\/bodegaoutdoor.cl\/store\/wp-content\/uploads\/2026\/06\/90019-jsa7hj.jpg 1000w\" sizes=\"(max-width: 125px) 100vw, 125px\" \/>                                        <\/a>\n                                                                        <div class=\"media-body align-self-center product-widget-content\">\n                                        <div class=\"xs-product-header media woocommerce xs-wishlist \">\n                                                                                                                                        \n                                                                                                                                                \n<div\n\tclass=\"yith-wcwl-add-to-wishlist add-to-wishlist-90019 yith-wcwl-add-to-wishlist--link-style wishlist-fragment on-first-load\"\n\tdata-fragment-ref=\"90019\"\n\tdata-fragment-options=\"{&quot;base_url&quot;:&quot;&quot;,&quot;product_id&quot;:90019,&quot;parent_product_id&quot;:0,&quot;product_type&quot;:&quot;variable&quot;,&quot;is_single&quot;:false,&quot;in_default_wishlist&quot;:false,&quot;show_view&quot;:false,&quot;browse_wishlist_text&quot;:&quot;Lista Deseos&quot;,&quot;already_in_wishslist_text&quot;:&quot;The producto esta Agregado!&quot;,&quot;product_added_text&quot;:&quot;Producto Agregado!&quot;,&quot;available_multi_wishlist&quot;:false,&quot;disable_wishlist&quot;:false,&quot;show_count&quot;:false,&quot;ajax_loading&quot;:false,&quot;loop_position&quot;:&quot;after_add_to_cart&quot;,&quot;item&quot;:&quot;add_to_wishlist&quot;}\"\n>\n\t\t\t\n\t\t\t<!-- ADD TO WISHLIST -->\n\t\t\t\n<div class=\"yith-wcwl-add-button\">\n\t\t<a\n\t\thref=\"?add_to_wishlist=90019&#038;_wpnonce=98056c7fc2\"\n\t\tclass=\"add_to_wishlist single_add_to_wishlist\"\n\t\tdata-product-id=\"90019\"\n\t\tdata-product-type=\"variable\"\n\t\tdata-original-product-id=\"0\"\n\t\tdata-title=\"Lista Deseos\"\n\t\trel=\"nofollow\"\n\t>\n\t\t<svg id=\"yith-wcwl-icon-heart-outline\" class=\"yith-wcwl-icon-svg\" fill=\"none\" stroke-width=\"1.5\" stroke=\"currentColor\" viewbox=\"0 0 24 24\" xmlns=\"http:\/\/www.w3.org\/2000\/svg\">\n  <path stroke-linecap=\"round\" stroke-linejoin=\"round\" d=\"M21 8.25c0-2.485-2.099-4.5-4.688-4.5-1.935 0-3.597 1.126-4.312 2.733-.715-1.607-2.377-2.733-4.313-2.733C5.1 3.75 3 5.765 3 8.25c0 7.22 9 12 9 12s9-4.78 9-12Z\"><\/path>\n<\/svg>\t\t<span>Lista Deseos<\/span>\n\t<\/a>\n<\/div>\n\n\t\t\t<!-- COUNT TEXT -->\n\t\t\t\n\t\t\t<\/div>\n                                                                                                                                    <\/div>\n                                        <a class=\"product-title\" href=\"https:\/\/bodegaoutdoor.cl\/store\/product\/esdy-zapatillas-de-trekking-liberacion-rapida\/\">ESDY zapatillas de Trekking, liberaci\u00f3n r\u00e1pida<\/a>\n                                        <span class=\"price\">\n                                            <del aria-hidden=\"true\"><span class=\"woocommerce-Price-amount amount\"><bdi><span class=\"woocommerce-Price-currencySymbol\" translate=\"no\">$<\/span>89,990<\/bdi><\/span><\/del> <span class=\"screen-reader-text\">El precio original era: $89,990.<\/span><ins aria-hidden=\"true\"><span class=\"woocommerce-Price-amount amount\"><bdi><span class=\"woocommerce-Price-currencySymbol\" translate=\"no\">$<\/span>59,990<\/bdi><\/span><\/ins><span class=\"screen-reader-text\">El precio actual es: $59,990.<\/span>                                        <\/span>\n                                    <\/div>\n                                <\/div>\n                                                                                                                                <div class=\"xs-product-widget media \">\n                                                                            <a class=\"xs_product_img_link\" href=\"https:\/\/bodegaoutdoor.cl\/store\/product\/camisa-militar-cargo-cp-multicam\/\">\n                                        <img loading=\"lazy\" decoding=\"async\" width=\"125\" height=\"125\" src=\"https:\/\/bodegaoutdoor.cl\/store\/wp-content\/uploads\/2026\/05\/89862-kvoyvc-150x150.jpg\" class=\"attachment-125x125 size-125x125\" alt=\"Polera Combate tactica camisa militar Cargo\" srcset=\"https:\/\/bodegaoutdoor.cl\/store\/wp-content\/uploads\/2026\/05\/89862-kvoyvc-150x150.jpg 150w, https:\/\/bodegaoutdoor.cl\/store\/wp-content\/uploads\/2026\/05\/89862-kvoyvc-300x300.jpg 300w, https:\/\/bodegaoutdoor.cl\/store\/wp-content\/uploads\/2026\/05\/89862-kvoyvc-768x768.jpg 768w, https:\/\/bodegaoutdoor.cl\/store\/wp-content\/uploads\/2026\/05\/89862-kvoyvc-600x600.jpg 600w, https:\/\/bodegaoutdoor.cl\/store\/wp-content\/uploads\/2026\/05\/89862-kvoyvc-100x100.jpg 100w, https:\/\/bodegaoutdoor.cl\/store\/wp-content\/uploads\/2026\/05\/89862-kvoyvc-50x50.jpg 50w, https:\/\/bodegaoutdoor.cl\/store\/wp-content\/uploads\/2026\/05\/89862-kvoyvc.jpg 800w\" sizes=\"(max-width: 125px) 100vw, 125px\" \/>                                        <\/a>\n                                                                        <div class=\"media-body align-self-center product-widget-content\">\n                                        <div class=\"xs-product-header media woocommerce xs-wishlist \">\n                                                                                                                                        \n                                                                                                                                                \n<div\n\tclass=\"yith-wcwl-add-to-wishlist add-to-wishlist-89862 yith-wcwl-add-to-wishlist--link-style wishlist-fragment on-first-load\"\n\tdata-fragment-ref=\"89862\"\n\tdata-fragment-options=\"{&quot;base_url&quot;:&quot;&quot;,&quot;product_id&quot;:89862,&quot;parent_product_id&quot;:0,&quot;product_type&quot;:&quot;variable&quot;,&quot;is_single&quot;:false,&quot;in_default_wishlist&quot;:false,&quot;show_view&quot;:false,&quot;browse_wishlist_text&quot;:&quot;Lista Deseos&quot;,&quot;already_in_wishslist_text&quot;:&quot;The producto esta Agregado!&quot;,&quot;product_added_text&quot;:&quot;Producto Agregado!&quot;,&quot;available_multi_wishlist&quot;:false,&quot;disable_wishlist&quot;:false,&quot;show_count&quot;:false,&quot;ajax_loading&quot;:false,&quot;loop_position&quot;:&quot;after_add_to_cart&quot;,&quot;item&quot;:&quot;add_to_wishlist&quot;}\"\n>\n\t\t\t\n\t\t\t<!-- ADD TO WISHLIST -->\n\t\t\t\n<div class=\"yith-wcwl-add-button\">\n\t\t<a\n\t\thref=\"?add_to_wishlist=89862&#038;_wpnonce=98056c7fc2\"\n\t\tclass=\"add_to_wishlist single_add_to_wishlist\"\n\t\tdata-product-id=\"89862\"\n\t\tdata-product-type=\"variable\"\n\t\tdata-original-product-id=\"0\"\n\t\tdata-title=\"Lista Deseos\"\n\t\trel=\"nofollow\"\n\t>\n\t\t<svg id=\"yith-wcwl-icon-heart-outline\" class=\"yith-wcwl-icon-svg\" fill=\"none\" stroke-width=\"1.5\" stroke=\"currentColor\" viewbox=\"0 0 24 24\" xmlns=\"http:\/\/www.w3.org\/2000\/svg\">\n  <path stroke-linecap=\"round\" stroke-linejoin=\"round\" d=\"M21 8.25c0-2.485-2.099-4.5-4.688-4.5-1.935 0-3.597 1.126-4.312 2.733-.715-1.607-2.377-2.733-4.313-2.733C5.1 3.75 3 5.765 3 8.25c0 7.22 9 12 9 12s9-4.78 9-12Z\"><\/path>\n<\/svg>\t\t<span>Lista Deseos<\/span>\n\t<\/a>\n<\/div>\n\n\t\t\t<!-- COUNT TEXT -->\n\t\t\t\n\t\t\t<\/div>\n                                                                                                                                    <\/div>\n                                        <a class=\"product-title\" href=\"https:\/\/bodegaoutdoor.cl\/store\/product\/camisa-militar-cargo-cp-multicam\/\">Polera Combate tactica camisa militar Cargo<\/a>\n                                        <span class=\"price\">\n                                            <del aria-hidden=\"true\"><span class=\"woocommerce-Price-amount amount\"><bdi><span class=\"woocommerce-Price-currencySymbol\" translate=\"no\">$<\/span>29,990<\/bdi><\/span><\/del> <span class=\"screen-reader-text\">El precio original era: $29,990.<\/span><ins aria-hidden=\"true\"><span class=\"woocommerce-Price-amount amount\"><bdi><span class=\"woocommerce-Price-currencySymbol\" translate=\"no\">$<\/span>14,990<\/bdi><\/span><\/ins><span class=\"screen-reader-text\">El precio actual es: $14,990.<\/span>                                        <\/span>\n                                    <\/div>\n                                <\/div>\n                                                                                                                                <div class=\"xs-product-widget media \">\n                                                                            <a class=\"xs_product_img_link\" href=\"https:\/\/bodegaoutdoor.cl\/store\/product\/kit-de-supervivencia-botiquin-de-primeros-auxilios-de-emergencia-sos-ifak\/\">\n                                        <img loading=\"lazy\" decoding=\"async\" width=\"125\" height=\"125\" src=\"https:\/\/bodegaoutdoor.cl\/store\/wp-content\/uploads\/2026\/05\/89627-nug7tq-150x150.jpg\" class=\"attachment-125x125 size-125x125\" alt=\"Kit de supervivencia, botiqu\u00edn de primeros auxilios de emergencia SOS,  ifak \/ 11\" srcset=\"https:\/\/bodegaoutdoor.cl\/store\/wp-content\/uploads\/2026\/05\/89627-nug7tq-150x150.jpg 150w, https:\/\/bodegaoutdoor.cl\/store\/wp-content\/uploads\/2026\/05\/89627-nug7tq-300x300.jpg 300w, https:\/\/bodegaoutdoor.cl\/store\/wp-content\/uploads\/2026\/05\/89627-nug7tq-768x768.jpg 768w, https:\/\/bodegaoutdoor.cl\/store\/wp-content\/uploads\/2026\/05\/89627-nug7tq-600x600.jpg 600w, https:\/\/bodegaoutdoor.cl\/store\/wp-content\/uploads\/2026\/05\/89627-nug7tq-100x100.jpg 100w, https:\/\/bodegaoutdoor.cl\/store\/wp-content\/uploads\/2026\/05\/89627-nug7tq-50x50.jpg 50w, https:\/\/bodegaoutdoor.cl\/store\/wp-content\/uploads\/2026\/05\/89627-nug7tq.jpg 1000w\" sizes=\"(max-width: 125px) 100vw, 125px\" \/>                                        <\/a>\n                                                                        <div class=\"media-body align-self-center product-widget-content\">\n                                        <div class=\"xs-product-header media woocommerce xs-wishlist \">\n                                                                                                                                        \n                                                                                                                                                \n<div\n\tclass=\"yith-wcwl-add-to-wishlist add-to-wishlist-89627 yith-wcwl-add-to-wishlist--link-style wishlist-fragment on-first-load\"\n\tdata-fragment-ref=\"89627\"\n\tdata-fragment-options=\"{&quot;base_url&quot;:&quot;&quot;,&quot;product_id&quot;:89627,&quot;parent_product_id&quot;:0,&quot;product_type&quot;:&quot;variable&quot;,&quot;is_single&quot;:false,&quot;in_default_wishlist&quot;:false,&quot;show_view&quot;:false,&quot;browse_wishlist_text&quot;:&quot;Lista Deseos&quot;,&quot;already_in_wishslist_text&quot;:&quot;The producto esta Agregado!&quot;,&quot;product_added_text&quot;:&quot;Producto Agregado!&quot;,&quot;available_multi_wishlist&quot;:false,&quot;disable_wishlist&quot;:false,&quot;show_count&quot;:false,&quot;ajax_loading&quot;:false,&quot;loop_position&quot;:&quot;after_add_to_cart&quot;,&quot;item&quot;:&quot;add_to_wishlist&quot;}\"\n>\n\t\t\t\n\t\t\t<!-- ADD TO WISHLIST -->\n\t\t\t\n<div class=\"yith-wcwl-add-button\">\n\t\t<a\n\t\thref=\"?add_to_wishlist=89627&#038;_wpnonce=98056c7fc2\"\n\t\tclass=\"add_to_wishlist single_add_to_wishlist\"\n\t\tdata-product-id=\"89627\"\n\t\tdata-product-type=\"variable\"\n\t\tdata-original-product-id=\"0\"\n\t\tdata-title=\"Lista Deseos\"\n\t\trel=\"nofollow\"\n\t>\n\t\t<svg id=\"yith-wcwl-icon-heart-outline\" class=\"yith-wcwl-icon-svg\" fill=\"none\" stroke-width=\"1.5\" stroke=\"currentColor\" viewbox=\"0 0 24 24\" xmlns=\"http:\/\/www.w3.org\/2000\/svg\">\n  <path stroke-linecap=\"round\" stroke-linejoin=\"round\" d=\"M21 8.25c0-2.485-2.099-4.5-4.688-4.5-1.935 0-3.597 1.126-4.312 2.733-.715-1.607-2.377-2.733-4.313-2.733C5.1 3.75 3 5.765 3 8.25c0 7.22 9 12 9 12s9-4.78 9-12Z\"><\/path>\n<\/svg>\t\t<span>Lista Deseos<\/span>\n\t<\/a>\n<\/div>\n\n\t\t\t<!-- COUNT TEXT -->\n\t\t\t\n\t\t\t<\/div>\n                                                                                                                                    <\/div>\n                                        <a class=\"product-title\" href=\"https:\/\/bodegaoutdoor.cl\/store\/product\/kit-de-supervivencia-botiquin-de-primeros-auxilios-de-emergencia-sos-ifak\/\">Kit de supervivencia, botiqu\u00edn de primeros auxilios de emergencia SOS,  ifak \/ 11<\/a>\n                                        <span class=\"price\">\n                                            <del aria-hidden=\"true\"><span class=\"woocommerce-Price-amount amount\"><bdi><span class=\"woocommerce-Price-currencySymbol\" translate=\"no\">$<\/span>49,990<\/bdi><\/span><\/del> <span class=\"screen-reader-text\">El precio original era: $49,990.<\/span><ins aria-hidden=\"true\"><span class=\"woocommerce-Price-amount amount\"><bdi><span class=\"woocommerce-Price-currencySymbol\" translate=\"no\">$<\/span>24,990<\/bdi><\/span><\/ins><span class=\"screen-reader-text\">El precio actual es: $24,990.<\/span>                                        <\/span>\n                                    <\/div>\n                                <\/div>\n                                                                <\/div>\n                                                                                                                            <div class=\"xs-tab-slider-item swiper-slide\">\n                                                            <div class=\"xs-product-widget media \">\n                                                                            <a class=\"xs_product_img_link\" href=\"https:\/\/bodegaoutdoor.cl\/store\/product\/bolsa-de-equipaje-tactica-de-gran-capacidad-106l\/\">\n                                        <img loading=\"lazy\" decoding=\"async\" width=\"125\" height=\"125\" src=\"https:\/\/bodegaoutdoor.cl\/store\/wp-content\/uploads\/2026\/05\/89465-0kiapi-150x150.jpg\" class=\"attachment-125x125 size-125x125\" alt=\"Bolso de equipaje t\u00e1ctica mochila 106L\" srcset=\"https:\/\/bodegaoutdoor.cl\/store\/wp-content\/uploads\/2026\/05\/89465-0kiapi-150x150.jpg 150w, https:\/\/bodegaoutdoor.cl\/store\/wp-content\/uploads\/2026\/05\/89465-0kiapi-300x300.jpg 300w, https:\/\/bodegaoutdoor.cl\/store\/wp-content\/uploads\/2026\/05\/89465-0kiapi-768x768.jpg 768w, https:\/\/bodegaoutdoor.cl\/store\/wp-content\/uploads\/2026\/05\/89465-0kiapi-600x600.jpg 600w, https:\/\/bodegaoutdoor.cl\/store\/wp-content\/uploads\/2026\/05\/89465-0kiapi-100x100.jpg 100w, https:\/\/bodegaoutdoor.cl\/store\/wp-content\/uploads\/2026\/05\/89465-0kiapi-50x50.jpg 50w, https:\/\/bodegaoutdoor.cl\/store\/wp-content\/uploads\/2026\/05\/89465-0kiapi.jpg 800w\" sizes=\"(max-width: 125px) 100vw, 125px\" \/>                                        <\/a>\n                                                                        <div class=\"media-body align-self-center product-widget-content\">\n                                        <div class=\"xs-product-header media woocommerce xs-wishlist \">\n                                                                                                                                        \n                                                                                                                                                \n<div\n\tclass=\"yith-wcwl-add-to-wishlist add-to-wishlist-89465 yith-wcwl-add-to-wishlist--link-style wishlist-fragment on-first-load\"\n\tdata-fragment-ref=\"89465\"\n\tdata-fragment-options=\"{&quot;base_url&quot;:&quot;&quot;,&quot;product_id&quot;:89465,&quot;parent_product_id&quot;:0,&quot;product_type&quot;:&quot;variable&quot;,&quot;is_single&quot;:false,&quot;in_default_wishlist&quot;:false,&quot;show_view&quot;:false,&quot;browse_wishlist_text&quot;:&quot;Lista Deseos&quot;,&quot;already_in_wishslist_text&quot;:&quot;The producto esta Agregado!&quot;,&quot;product_added_text&quot;:&quot;Producto Agregado!&quot;,&quot;available_multi_wishlist&quot;:false,&quot;disable_wishlist&quot;:false,&quot;show_count&quot;:false,&quot;ajax_loading&quot;:false,&quot;loop_position&quot;:&quot;after_add_to_cart&quot;,&quot;item&quot;:&quot;add_to_wishlist&quot;}\"\n>\n\t\t\t\n\t\t\t<!-- ADD TO WISHLIST -->\n\t\t\t\n<div class=\"yith-wcwl-add-button\">\n\t\t<a\n\t\thref=\"?add_to_wishlist=89465&#038;_wpnonce=98056c7fc2\"\n\t\tclass=\"add_to_wishlist single_add_to_wishlist\"\n\t\tdata-product-id=\"89465\"\n\t\tdata-product-type=\"variable\"\n\t\tdata-original-product-id=\"0\"\n\t\tdata-title=\"Lista Deseos\"\n\t\trel=\"nofollow\"\n\t>\n\t\t<svg id=\"yith-wcwl-icon-heart-outline\" class=\"yith-wcwl-icon-svg\" fill=\"none\" stroke-width=\"1.5\" stroke=\"currentColor\" viewbox=\"0 0 24 24\" xmlns=\"http:\/\/www.w3.org\/2000\/svg\">\n  <path stroke-linecap=\"round\" stroke-linejoin=\"round\" d=\"M21 8.25c0-2.485-2.099-4.5-4.688-4.5-1.935 0-3.597 1.126-4.312 2.733-.715-1.607-2.377-2.733-4.313-2.733C5.1 3.75 3 5.765 3 8.25c0 7.22 9 12 9 12s9-4.78 9-12Z\"><\/path>\n<\/svg>\t\t<span>Lista Deseos<\/span>\n\t<\/a>\n<\/div>\n\n\t\t\t<!-- COUNT TEXT -->\n\t\t\t\n\t\t\t<\/div>\n                                                                                                                                    <\/div>\n                                        <a class=\"product-title\" href=\"https:\/\/bodegaoutdoor.cl\/store\/product\/bolsa-de-equipaje-tactica-de-gran-capacidad-106l\/\">Bolso de equipaje t\u00e1ctica mochila 106L<\/a>\n                                        <span class=\"price\">\n                                            <del aria-hidden=\"true\"><span class=\"woocommerce-Price-amount amount\"><bdi><span class=\"woocommerce-Price-currencySymbol\" translate=\"no\">$<\/span>80,000<\/bdi><\/span><\/del> <span class=\"screen-reader-text\">El precio original era: $80,000.<\/span><ins aria-hidden=\"true\"><span class=\"woocommerce-Price-amount amount\"><bdi><span class=\"woocommerce-Price-currencySymbol\" translate=\"no\">$<\/span>49,990<\/bdi><\/span><\/ins><span class=\"screen-reader-text\">El precio actual es: $49,990.<\/span>                                        <\/span>\n                                    <\/div>\n                                <\/div>\n                                                                                                                                <div class=\"xs-product-widget media \">\n                                                                            <a class=\"xs_product_img_link\" href=\"https:\/\/bodegaoutdoor.cl\/store\/product\/juego-de-cebo-de-pesca-4-uds-anzuelo-anticorrosion-wobbler\/\">\n                                        <img loading=\"lazy\" decoding=\"async\" width=\"125\" height=\"125\" src=\"https:\/\/bodegaoutdoor.cl\/store\/wp-content\/uploads\/2026\/05\/89417-fbwcbp-150x150.jpg\" class=\"attachment-125x125 size-125x125\" alt=\"Juego De cebo De Pesca, 4 Uds., anzuelo anticorrosi\u00f3n Wobbler\" srcset=\"https:\/\/bodegaoutdoor.cl\/store\/wp-content\/uploads\/2026\/05\/89417-fbwcbp-150x150.jpg 150w, https:\/\/bodegaoutdoor.cl\/store\/wp-content\/uploads\/2026\/05\/89417-fbwcbp-300x300.jpg 300w, https:\/\/bodegaoutdoor.cl\/store\/wp-content\/uploads\/2026\/05\/89417-fbwcbp-768x768.jpg 768w, https:\/\/bodegaoutdoor.cl\/store\/wp-content\/uploads\/2026\/05\/89417-fbwcbp-600x600.jpg 600w, https:\/\/bodegaoutdoor.cl\/store\/wp-content\/uploads\/2026\/05\/89417-fbwcbp-100x100.jpg 100w, https:\/\/bodegaoutdoor.cl\/store\/wp-content\/uploads\/2026\/05\/89417-fbwcbp-50x50.jpg 50w, https:\/\/bodegaoutdoor.cl\/store\/wp-content\/uploads\/2026\/05\/89417-fbwcbp.jpg 800w\" sizes=\"(max-width: 125px) 100vw, 125px\" \/>                                        <\/a>\n                                                                        <div class=\"media-body align-self-center product-widget-content\">\n                                        <div class=\"xs-product-header media woocommerce xs-wishlist \">\n                                                                                                                                        \n                                                                                                                                                \n<div\n\tclass=\"yith-wcwl-add-to-wishlist add-to-wishlist-89417 yith-wcwl-add-to-wishlist--link-style wishlist-fragment on-first-load\"\n\tdata-fragment-ref=\"89417\"\n\tdata-fragment-options=\"{&quot;base_url&quot;:&quot;&quot;,&quot;product_id&quot;:89417,&quot;parent_product_id&quot;:0,&quot;product_type&quot;:&quot;variable&quot;,&quot;is_single&quot;:false,&quot;in_default_wishlist&quot;:false,&quot;show_view&quot;:false,&quot;browse_wishlist_text&quot;:&quot;Lista Deseos&quot;,&quot;already_in_wishslist_text&quot;:&quot;The producto esta Agregado!&quot;,&quot;product_added_text&quot;:&quot;Producto Agregado!&quot;,&quot;available_multi_wishlist&quot;:false,&quot;disable_wishlist&quot;:false,&quot;show_count&quot;:false,&quot;ajax_loading&quot;:false,&quot;loop_position&quot;:&quot;after_add_to_cart&quot;,&quot;item&quot;:&quot;add_to_wishlist&quot;}\"\n>\n\t\t\t\n\t\t\t<!-- ADD TO WISHLIST -->\n\t\t\t\n<div class=\"yith-wcwl-add-button\">\n\t\t<a\n\t\thref=\"?add_to_wishlist=89417&#038;_wpnonce=98056c7fc2\"\n\t\tclass=\"add_to_wishlist single_add_to_wishlist\"\n\t\tdata-product-id=\"89417\"\n\t\tdata-product-type=\"variable\"\n\t\tdata-original-product-id=\"0\"\n\t\tdata-title=\"Lista Deseos\"\n\t\trel=\"nofollow\"\n\t>\n\t\t<svg id=\"yith-wcwl-icon-heart-outline\" class=\"yith-wcwl-icon-svg\" fill=\"none\" stroke-width=\"1.5\" stroke=\"currentColor\" viewbox=\"0 0 24 24\" xmlns=\"http:\/\/www.w3.org\/2000\/svg\">\n  <path stroke-linecap=\"round\" stroke-linejoin=\"round\" d=\"M21 8.25c0-2.485-2.099-4.5-4.688-4.5-1.935 0-3.597 1.126-4.312 2.733-.715-1.607-2.377-2.733-4.313-2.733C5.1 3.75 3 5.765 3 8.25c0 7.22 9 12 9 12s9-4.78 9-12Z\"><\/path>\n<\/svg>\t\t<span>Lista Deseos<\/span>\n\t<\/a>\n<\/div>\n\n\t\t\t<!-- COUNT TEXT -->\n\t\t\t\n\t\t\t<\/div>\n                                                                                                                                    <\/div>\n                                        <a class=\"product-title\" href=\"https:\/\/bodegaoutdoor.cl\/store\/product\/juego-de-cebo-de-pesca-4-uds-anzuelo-anticorrosion-wobbler\/\">Juego De cebo De Pesca, 4 Uds., anzuelo anticorrosi\u00f3n Wobbler<\/a>\n                                        <span class=\"price\">\n                                            <del aria-hidden=\"true\"><span class=\"woocommerce-Price-amount amount\"><bdi><span class=\"woocommerce-Price-currencySymbol\" translate=\"no\">$<\/span>20,000<\/bdi><\/span><\/del> <span class=\"screen-reader-text\">El precio original era: $20,000.<\/span><ins aria-hidden=\"true\"><span class=\"woocommerce-Price-amount amount\"><bdi><span class=\"woocommerce-Price-currencySymbol\" translate=\"no\">$<\/span>9,990<\/bdi><\/span><\/ins><span class=\"screen-reader-text\">El precio actual es: $9,990.<\/span>                                        <\/span>\n                                    <\/div>\n                                <\/div>\n                                                                                                                                <div class=\"xs-product-widget media \">\n                                                                            <a class=\"xs_product_img_link\" href=\"https:\/\/bodegaoutdoor.cl\/store\/product\/chaqueta-tactica-m65-para-hombre-impermeable-senderismo-con-capucha-para-lluvia\/\">\n                                        <img loading=\"lazy\" decoding=\"async\" width=\"125\" height=\"125\" src=\"https:\/\/bodegaoutdoor.cl\/store\/wp-content\/uploads\/2026\/05\/89339-cnxabr-150x150.jpg\" class=\"attachment-125x125 size-125x125\" alt=\"Chaqueta t\u00e1ctica M65 para hombre, impermeable, senderismo, con capucha para lluvia\" srcset=\"https:\/\/bodegaoutdoor.cl\/store\/wp-content\/uploads\/2026\/05\/89339-cnxabr-150x150.jpg 150w, https:\/\/bodegaoutdoor.cl\/store\/wp-content\/uploads\/2026\/05\/89339-cnxabr-300x300.jpg 300w, https:\/\/bodegaoutdoor.cl\/store\/wp-content\/uploads\/2026\/05\/89339-cnxabr-768x768.jpg 768w, https:\/\/bodegaoutdoor.cl\/store\/wp-content\/uploads\/2026\/05\/89339-cnxabr-600x600.jpg 600w, https:\/\/bodegaoutdoor.cl\/store\/wp-content\/uploads\/2026\/05\/89339-cnxabr-100x100.jpg 100w, https:\/\/bodegaoutdoor.cl\/store\/wp-content\/uploads\/2026\/05\/89339-cnxabr-50x50.jpg 50w, https:\/\/bodegaoutdoor.cl\/store\/wp-content\/uploads\/2026\/05\/89339-cnxabr.jpg 800w\" sizes=\"(max-width: 125px) 100vw, 125px\" \/>                                        <\/a>\n                                                                        <div class=\"media-body align-self-center product-widget-content\">\n                                        <div class=\"xs-product-header media woocommerce xs-wishlist \">\n                                                                                                                                        \n                                                                                                                                                \n<div\n\tclass=\"yith-wcwl-add-to-wishlist add-to-wishlist-89339 yith-wcwl-add-to-wishlist--link-style wishlist-fragment on-first-load\"\n\tdata-fragment-ref=\"89339\"\n\tdata-fragment-options=\"{&quot;base_url&quot;:&quot;&quot;,&quot;product_id&quot;:89339,&quot;parent_product_id&quot;:0,&quot;product_type&quot;:&quot;variable&quot;,&quot;is_single&quot;:false,&quot;in_default_wishlist&quot;:false,&quot;show_view&quot;:false,&quot;browse_wishlist_text&quot;:&quot;Lista Deseos&quot;,&quot;already_in_wishslist_text&quot;:&quot;The producto esta Agregado!&quot;,&quot;product_added_text&quot;:&quot;Producto Agregado!&quot;,&quot;available_multi_wishlist&quot;:false,&quot;disable_wishlist&quot;:false,&quot;show_count&quot;:false,&quot;ajax_loading&quot;:false,&quot;loop_position&quot;:&quot;after_add_to_cart&quot;,&quot;item&quot;:&quot;add_to_wishlist&quot;}\"\n>\n\t\t\t\n\t\t\t<!-- ADD TO WISHLIST -->\n\t\t\t\n<div class=\"yith-wcwl-add-button\">\n\t\t<a\n\t\thref=\"?add_to_wishlist=89339&#038;_wpnonce=98056c7fc2\"\n\t\tclass=\"add_to_wishlist single_add_to_wishlist\"\n\t\tdata-product-id=\"89339\"\n\t\tdata-product-type=\"variable\"\n\t\tdata-original-product-id=\"0\"\n\t\tdata-title=\"Lista Deseos\"\n\t\trel=\"nofollow\"\n\t>\n\t\t<svg id=\"yith-wcwl-icon-heart-outline\" class=\"yith-wcwl-icon-svg\" fill=\"none\" stroke-width=\"1.5\" stroke=\"currentColor\" viewbox=\"0 0 24 24\" xmlns=\"http:\/\/www.w3.org\/2000\/svg\">\n  <path stroke-linecap=\"round\" stroke-linejoin=\"round\" d=\"M21 8.25c0-2.485-2.099-4.5-4.688-4.5-1.935 0-3.597 1.126-4.312 2.733-.715-1.607-2.377-2.733-4.313-2.733C5.1 3.75 3 5.765 3 8.25c0 7.22 9 12 9 12s9-4.78 9-12Z\"><\/path>\n<\/svg>\t\t<span>Lista Deseos<\/span>\n\t<\/a>\n<\/div>\n\n\t\t\t<!-- COUNT TEXT -->\n\t\t\t\n\t\t\t<\/div>\n                                                                                                                                    <\/div>\n                                        <a class=\"product-title\" href=\"https:\/\/bodegaoutdoor.cl\/store\/product\/chaqueta-tactica-m65-para-hombre-impermeable-senderismo-con-capucha-para-lluvia\/\">Chaqueta t\u00e1ctica M65 para hombre, impermeable, senderismo, con capucha para lluvia<\/a>\n                                        <span class=\"price\">\n                                            <del aria-hidden=\"true\"><span class=\"woocommerce-Price-amount amount\"><bdi><span class=\"woocommerce-Price-currencySymbol\" translate=\"no\">$<\/span>120,000<\/bdi><\/span><\/del> <span class=\"screen-reader-text\">El precio original era: $120,000.<\/span><ins aria-hidden=\"true\"><span class=\"woocommerce-Price-amount amount\"><bdi><span class=\"woocommerce-Price-currencySymbol\" translate=\"no\">$<\/span>79,990<\/bdi><\/span><\/ins><span class=\"screen-reader-text\">El precio actual es: $79,990.<\/span>                                        <\/span>\n                                    <\/div>\n                                <\/div>\n                                                                <\/div>\n                                                                                                                            <div class=\"xs-tab-slider-item swiper-slide\">\n                                                            <div class=\"xs-product-widget media \">\n                                                                            <a class=\"xs_product_img_link\" href=\"https:\/\/bodegaoutdoor.cl\/store\/product\/neumatico-para-enduro-120-100-18-medium-soft\/\">\n                                        <img loading=\"lazy\" decoding=\"async\" width=\"125\" height=\"125\" src=\"https:\/\/bodegaoutdoor.cl\/store\/wp-content\/uploads\/2026\/05\/WhatsApp-Image-2026-05-17-at-17.30.44-150x150.jpeg\" class=\"attachment-125x125 size-125x125\" alt=\"Neumatico para enduro 120\/100\/18 Medium soft\" srcset=\"https:\/\/bodegaoutdoor.cl\/store\/wp-content\/uploads\/2026\/05\/WhatsApp-Image-2026-05-17-at-17.30.44-150x150.jpeg 150w, https:\/\/bodegaoutdoor.cl\/store\/wp-content\/uploads\/2026\/05\/WhatsApp-Image-2026-05-17-at-17.30.44-300x300.jpeg 300w, https:\/\/bodegaoutdoor.cl\/store\/wp-content\/uploads\/2026\/05\/WhatsApp-Image-2026-05-17-at-17.30.44-100x100.jpeg 100w, https:\/\/bodegaoutdoor.cl\/store\/wp-content\/uploads\/2026\/05\/WhatsApp-Image-2026-05-17-at-17.30.44-50x50.jpeg 50w\" sizes=\"(max-width: 125px) 100vw, 125px\" \/>                                        <\/a>\n                                                                        <div class=\"media-body align-self-center product-widget-content\">\n                                        <div class=\"xs-product-header media woocommerce xs-wishlist \">\n                                                                                                                                        \n                                                                                                                                                \n<div\n\tclass=\"yith-wcwl-add-to-wishlist add-to-wishlist-89328 yith-wcwl-add-to-wishlist--link-style wishlist-fragment on-first-load\"\n\tdata-fragment-ref=\"89328\"\n\tdata-fragment-options=\"{&quot;base_url&quot;:&quot;&quot;,&quot;product_id&quot;:89328,&quot;parent_product_id&quot;:0,&quot;product_type&quot;:&quot;simple&quot;,&quot;is_single&quot;:false,&quot;in_default_wishlist&quot;:false,&quot;show_view&quot;:false,&quot;browse_wishlist_text&quot;:&quot;Lista Deseos&quot;,&quot;already_in_wishslist_text&quot;:&quot;The producto esta Agregado!&quot;,&quot;product_added_text&quot;:&quot;Producto Agregado!&quot;,&quot;available_multi_wishlist&quot;:false,&quot;disable_wishlist&quot;:false,&quot;show_count&quot;:false,&quot;ajax_loading&quot;:false,&quot;loop_position&quot;:&quot;after_add_to_cart&quot;,&quot;item&quot;:&quot;add_to_wishlist&quot;}\"\n>\n\t\t\t\n\t\t\t<!-- ADD TO WISHLIST -->\n\t\t\t\n<div class=\"yith-wcwl-add-button\">\n\t\t<a\n\t\thref=\"?add_to_wishlist=89328&#038;_wpnonce=98056c7fc2\"\n\t\tclass=\"add_to_wishlist single_add_to_wishlist\"\n\t\tdata-product-id=\"89328\"\n\t\tdata-product-type=\"simple\"\n\t\tdata-original-product-id=\"0\"\n\t\tdata-title=\"Lista Deseos\"\n\t\trel=\"nofollow\"\n\t>\n\t\t<svg id=\"yith-wcwl-icon-heart-outline\" class=\"yith-wcwl-icon-svg\" fill=\"none\" stroke-width=\"1.5\" stroke=\"currentColor\" viewbox=\"0 0 24 24\" xmlns=\"http:\/\/www.w3.org\/2000\/svg\">\n  <path stroke-linecap=\"round\" stroke-linejoin=\"round\" d=\"M21 8.25c0-2.485-2.099-4.5-4.688-4.5-1.935 0-3.597 1.126-4.312 2.733-.715-1.607-2.377-2.733-4.313-2.733C5.1 3.75 3 5.765 3 8.25c0 7.22 9 12 9 12s9-4.78 9-12Z\"><\/path>\n<\/svg>\t\t<span>Lista Deseos<\/span>\n\t<\/a>\n<\/div>\n\n\t\t\t<!-- COUNT TEXT -->\n\t\t\t\n\t\t\t<\/div>\n                                                                                                                                    <\/div>\n                                        <a class=\"product-title\" href=\"https:\/\/bodegaoutdoor.cl\/store\/product\/neumatico-para-enduro-120-100-18-medium-soft\/\">Neumatico para enduro 120\/100\/18 Medium soft<\/a>\n                                        <span class=\"price\">\n                                            <del aria-hidden=\"true\"><span class=\"woocommerce-Price-amount amount\"><bdi><span class=\"woocommerce-Price-currencySymbol\" translate=\"no\">$<\/span>99,900<\/bdi><\/span><\/del> <span class=\"screen-reader-text\">El precio original era: $99,900.<\/span><ins aria-hidden=\"true\"><span class=\"woocommerce-Price-amount amount\"><bdi><span class=\"woocommerce-Price-currencySymbol\" translate=\"no\">$<\/span>52,990<\/bdi><\/span><\/ins><span class=\"screen-reader-text\">El precio actual es: $52,990.<\/span>                                        <\/span>\n                                    <\/div>\n                                <\/div>\n                                                                                                                                <div class=\"xs-product-widget media \">\n                                                                            <a class=\"xs_product_img_link\" href=\"https:\/\/bodegaoutdoor.cl\/store\/product\/heavy-duty-outdoor-folding-wagon-cart-large-capacity-collapsible-utility-wagon-trolley-portable-garden-beach-camping-equipment\/\">\n                                        <img loading=\"lazy\" decoding=\"async\" width=\"125\" height=\"125\" src=\"https:\/\/bodegaoutdoor.cl\/store\/wp-content\/uploads\/2026\/03\/89214-v7aegh-150x150.jpg\" class=\"attachment-125x125 size-125x125\" alt=\"Carro plegable para exteriores de alta resistencia, carro de utilidad plegable de gran capacidad, equipo port\u00e1til para acampar en la playa y el jard\u00edn\" srcset=\"https:\/\/bodegaoutdoor.cl\/store\/wp-content\/uploads\/2026\/03\/89214-v7aegh-150x150.jpg 150w, https:\/\/bodegaoutdoor.cl\/store\/wp-content\/uploads\/2026\/03\/89214-v7aegh-300x300.jpg 300w, https:\/\/bodegaoutdoor.cl\/store\/wp-content\/uploads\/2026\/03\/89214-v7aegh-768x768.jpg 768w, https:\/\/bodegaoutdoor.cl\/store\/wp-content\/uploads\/2026\/03\/89214-v7aegh-600x600.jpg 600w, https:\/\/bodegaoutdoor.cl\/store\/wp-content\/uploads\/2026\/03\/89214-v7aegh-100x100.jpg 100w, https:\/\/bodegaoutdoor.cl\/store\/wp-content\/uploads\/2026\/03\/89214-v7aegh-50x50.jpg 50w, https:\/\/bodegaoutdoor.cl\/store\/wp-content\/uploads\/2026\/03\/89214-v7aegh.jpg 900w\" sizes=\"(max-width: 125px) 100vw, 125px\" \/>                                        <\/a>\n                                                                        <div class=\"media-body align-self-center product-widget-content\">\n                                        <div class=\"xs-product-header media woocommerce xs-wishlist \">\n                                                                                                                                        \n                                                                                                                                                \n<div\n\tclass=\"yith-wcwl-add-to-wishlist add-to-wishlist-89214 yith-wcwl-add-to-wishlist--link-style wishlist-fragment on-first-load\"\n\tdata-fragment-ref=\"89214\"\n\tdata-fragment-options=\"{&quot;base_url&quot;:&quot;&quot;,&quot;product_id&quot;:89214,&quot;parent_product_id&quot;:0,&quot;product_type&quot;:&quot;variable&quot;,&quot;is_single&quot;:false,&quot;in_default_wishlist&quot;:false,&quot;show_view&quot;:false,&quot;browse_wishlist_text&quot;:&quot;Lista Deseos&quot;,&quot;already_in_wishslist_text&quot;:&quot;The producto esta Agregado!&quot;,&quot;product_added_text&quot;:&quot;Producto Agregado!&quot;,&quot;available_multi_wishlist&quot;:false,&quot;disable_wishlist&quot;:false,&quot;show_count&quot;:false,&quot;ajax_loading&quot;:false,&quot;loop_position&quot;:&quot;after_add_to_cart&quot;,&quot;item&quot;:&quot;add_to_wishlist&quot;}\"\n>\n\t\t\t\n\t\t\t<!-- ADD TO WISHLIST -->\n\t\t\t\n<div class=\"yith-wcwl-add-button\">\n\t\t<a\n\t\thref=\"?add_to_wishlist=89214&#038;_wpnonce=98056c7fc2\"\n\t\tclass=\"add_to_wishlist single_add_to_wishlist\"\n\t\tdata-product-id=\"89214\"\n\t\tdata-product-type=\"variable\"\n\t\tdata-original-product-id=\"0\"\n\t\tdata-title=\"Lista Deseos\"\n\t\trel=\"nofollow\"\n\t>\n\t\t<svg id=\"yith-wcwl-icon-heart-outline\" class=\"yith-wcwl-icon-svg\" fill=\"none\" stroke-width=\"1.5\" stroke=\"currentColor\" viewbox=\"0 0 24 24\" xmlns=\"http:\/\/www.w3.org\/2000\/svg\">\n  <path stroke-linecap=\"round\" stroke-linejoin=\"round\" d=\"M21 8.25c0-2.485-2.099-4.5-4.688-4.5-1.935 0-3.597 1.126-4.312 2.733-.715-1.607-2.377-2.733-4.313-2.733C5.1 3.75 3 5.765 3 8.25c0 7.22 9 12 9 12s9-4.78 9-12Z\"><\/path>\n<\/svg>\t\t<span>Lista Deseos<\/span>\n\t<\/a>\n<\/div>\n\n\t\t\t<!-- COUNT TEXT -->\n\t\t\t\n\t\t\t<\/div>\n                                                                                                                                    <\/div>\n                                        <a class=\"product-title\" href=\"https:\/\/bodegaoutdoor.cl\/store\/product\/heavy-duty-outdoor-folding-wagon-cart-large-capacity-collapsible-utility-wagon-trolley-portable-garden-beach-camping-equipment\/\">Carro plegable para exteriores de alta resistencia, carro de utilidad plegable de gran capacidad, equipo port\u00e1til para acampar en la playa y el jard\u00edn<\/a>\n                                        <span class=\"price\">\n                                            <del aria-hidden=\"true\"><span class=\"woocommerce-Price-amount amount\"><bdi><span class=\"woocommerce-Price-currencySymbol\" translate=\"no\">$<\/span>250,000<\/bdi><\/span><\/del> <span class=\"screen-reader-text\">El precio original era: $250,000.<\/span><ins aria-hidden=\"true\"><span class=\"woocommerce-Price-amount amount\"><bdi><span class=\"woocommerce-Price-currencySymbol\" translate=\"no\">$<\/span>150,000<\/bdi><\/span><\/ins><span class=\"screen-reader-text\">El precio actual es: $150,000.<\/span>                                        <\/span>\n                                    <\/div>\n                                <\/div>\n                                                                                                                                <div class=\"xs-product-widget media \">\n                                                                            <a class=\"xs_product_img_link\" href=\"https:\/\/bodegaoutdoor.cl\/store\/product\/kit-de-rescate-tactico-para-primeros-auxilios-de-emergencia-ifak\/\">\n                                        <img loading=\"lazy\" decoding=\"async\" width=\"125\" height=\"125\" src=\"https:\/\/bodegaoutdoor.cl\/store\/wp-content\/uploads\/2026\/01\/IFAK-17-150x150.jpg\" class=\"attachment-125x125 size-125x125\" alt=\"Kit de rescate t\u00e1ctico para primeros auxilios de emergencia IFAK\" srcset=\"https:\/\/bodegaoutdoor.cl\/store\/wp-content\/uploads\/2026\/01\/IFAK-17-150x150.jpg 150w, https:\/\/bodegaoutdoor.cl\/store\/wp-content\/uploads\/2026\/01\/IFAK-17-300x300.jpg 300w, https:\/\/bodegaoutdoor.cl\/store\/wp-content\/uploads\/2026\/01\/IFAK-17-1024x1024.jpg 1024w, https:\/\/bodegaoutdoor.cl\/store\/wp-content\/uploads\/2026\/01\/IFAK-17-768x768.jpg 768w, https:\/\/bodegaoutdoor.cl\/store\/wp-content\/uploads\/2026\/01\/IFAK-17-1536x1536.jpg 1536w, https:\/\/bodegaoutdoor.cl\/store\/wp-content\/uploads\/2026\/01\/IFAK-17-600x600.jpg 600w, https:\/\/bodegaoutdoor.cl\/store\/wp-content\/uploads\/2026\/01\/IFAK-17-100x100.jpg 100w, https:\/\/bodegaoutdoor.cl\/store\/wp-content\/uploads\/2026\/01\/IFAK-17-50x50.jpg 50w, https:\/\/bodegaoutdoor.cl\/store\/wp-content\/uploads\/2026\/01\/IFAK-17.jpg 1600w\" sizes=\"(max-width: 125px) 100vw, 125px\" \/>                                        <\/a>\n                                                                        <div class=\"media-body align-self-center product-widget-content\">\n                                        <div class=\"xs-product-header media woocommerce xs-wishlist \">\n                                                                                                                                        \n                                                                                                                                                \n<div\n\tclass=\"yith-wcwl-add-to-wishlist add-to-wishlist-89073 yith-wcwl-add-to-wishlist--link-style wishlist-fragment on-first-load\"\n\tdata-fragment-ref=\"89073\"\n\tdata-fragment-options=\"{&quot;base_url&quot;:&quot;&quot;,&quot;product_id&quot;:89073,&quot;parent_product_id&quot;:0,&quot;product_type&quot;:&quot;variable&quot;,&quot;is_single&quot;:false,&quot;in_default_wishlist&quot;:false,&quot;show_view&quot;:false,&quot;browse_wishlist_text&quot;:&quot;Lista Deseos&quot;,&quot;already_in_wishslist_text&quot;:&quot;The producto esta Agregado!&quot;,&quot;product_added_text&quot;:&quot;Producto Agregado!&quot;,&quot;available_multi_wishlist&quot;:false,&quot;disable_wishlist&quot;:false,&quot;show_count&quot;:false,&quot;ajax_loading&quot;:false,&quot;loop_position&quot;:&quot;after_add_to_cart&quot;,&quot;item&quot;:&quot;add_to_wishlist&quot;}\"\n>\n\t\t\t\n\t\t\t<!-- ADD TO WISHLIST -->\n\t\t\t\n<div class=\"yith-wcwl-add-button\">\n\t\t<a\n\t\thref=\"?add_to_wishlist=89073&#038;_wpnonce=98056c7fc2\"\n\t\tclass=\"add_to_wishlist single_add_to_wishlist\"\n\t\tdata-product-id=\"89073\"\n\t\tdata-product-type=\"variable\"\n\t\tdata-original-product-id=\"0\"\n\t\tdata-title=\"Lista Deseos\"\n\t\trel=\"nofollow\"\n\t>\n\t\t<svg id=\"yith-wcwl-icon-heart-outline\" class=\"yith-wcwl-icon-svg\" fill=\"none\" stroke-width=\"1.5\" stroke=\"currentColor\" viewbox=\"0 0 24 24\" xmlns=\"http:\/\/www.w3.org\/2000\/svg\">\n  <path stroke-linecap=\"round\" stroke-linejoin=\"round\" d=\"M21 8.25c0-2.485-2.099-4.5-4.688-4.5-1.935 0-3.597 1.126-4.312 2.733-.715-1.607-2.377-2.733-4.313-2.733C5.1 3.75 3 5.765 3 8.25c0 7.22 9 12 9 12s9-4.78 9-12Z\"><\/path>\n<\/svg>\t\t<span>Lista Deseos<\/span>\n\t<\/a>\n<\/div>\n\n\t\t\t<!-- COUNT TEXT -->\n\t\t\t\n\t\t\t<\/div>\n                                                                                                                                    <\/div>\n                                        <a class=\"product-title\" href=\"https:\/\/bodegaoutdoor.cl\/store\/product\/kit-de-rescate-tactico-para-primeros-auxilios-de-emergencia-ifak\/\">Kit de rescate t\u00e1ctico para primeros auxilios de emergencia IFAK<\/a>\n                                        <span class=\"price\">\n                                            <span class=\"woocommerce-Price-amount amount\" aria-hidden=\"true\"><bdi><span class=\"woocommerce-Price-currencySymbol\" translate=\"no\">$<\/span>79,990<\/bdi><\/span> <span aria-hidden=\"true\">-<\/span> <span class=\"woocommerce-Price-amount amount\" aria-hidden=\"true\"><bdi><span class=\"woocommerce-Price-currencySymbol\" translate=\"no\">$<\/span>99,990<\/bdi><\/span><span class=\"screen-reader-text\">Rango de precios: desde $79,990 hasta $99,990<\/span>                                        <\/span>\n                                    <\/div>\n                                <\/div>\n                                                                <\/div>\n                                                                                                                            <div class=\"xs-tab-slider-item swiper-slide\">\n                                                            <div class=\"xs-product-widget media \">\n                                                                            <a class=\"xs_product_img_link\" href=\"https:\/\/bodegaoutdoor.cl\/store\/product\/gafas-de-sol-polarizadas-originales-rapala-para-pescar-rapala\/\">\n                                        <img loading=\"lazy\" decoding=\"async\" width=\"125\" height=\"125\" src=\"https:\/\/bodegaoutdoor.cl\/store\/wp-content\/uploads\/2026\/01\/rapala-azul-150x150.jpg\" class=\"attachment-125x125 size-125x125\" alt=\"Gafas de sol polarizadas originales Rapala uv400 RAPALA\" srcset=\"https:\/\/bodegaoutdoor.cl\/store\/wp-content\/uploads\/2026\/01\/rapala-azul-150x150.jpg 150w, https:\/\/bodegaoutdoor.cl\/store\/wp-content\/uploads\/2026\/01\/rapala-azul-300x300.jpg 300w, https:\/\/bodegaoutdoor.cl\/store\/wp-content\/uploads\/2026\/01\/rapala-azul-768x768.jpg 768w, https:\/\/bodegaoutdoor.cl\/store\/wp-content\/uploads\/2026\/01\/rapala-azul-600x600.jpg 600w, https:\/\/bodegaoutdoor.cl\/store\/wp-content\/uploads\/2026\/01\/rapala-azul-100x100.jpg 100w, https:\/\/bodegaoutdoor.cl\/store\/wp-content\/uploads\/2026\/01\/rapala-azul-50x50.jpg 50w, https:\/\/bodegaoutdoor.cl\/store\/wp-content\/uploads\/2026\/01\/rapala-azul.jpg 1000w\" sizes=\"(max-width: 125px) 100vw, 125px\" \/>                                        <\/a>\n                                                                        <div class=\"media-body align-self-center product-widget-content\">\n                                        <div class=\"xs-product-header media woocommerce xs-wishlist \">\n                                                                                                                                        \n                                                                                                                                                \n<div\n\tclass=\"yith-wcwl-add-to-wishlist add-to-wishlist-89060 yith-wcwl-add-to-wishlist--link-style wishlist-fragment on-first-load\"\n\tdata-fragment-ref=\"89060\"\n\tdata-fragment-options=\"{&quot;base_url&quot;:&quot;&quot;,&quot;product_id&quot;:89060,&quot;parent_product_id&quot;:0,&quot;product_type&quot;:&quot;variable&quot;,&quot;is_single&quot;:false,&quot;in_default_wishlist&quot;:false,&quot;show_view&quot;:false,&quot;browse_wishlist_text&quot;:&quot;Lista Deseos&quot;,&quot;already_in_wishslist_text&quot;:&quot;The producto esta Agregado!&quot;,&quot;product_added_text&quot;:&quot;Producto Agregado!&quot;,&quot;available_multi_wishlist&quot;:false,&quot;disable_wishlist&quot;:false,&quot;show_count&quot;:false,&quot;ajax_loading&quot;:false,&quot;loop_position&quot;:&quot;after_add_to_cart&quot;,&quot;item&quot;:&quot;add_to_wishlist&quot;}\"\n>\n\t\t\t\n\t\t\t<!-- ADD TO WISHLIST -->\n\t\t\t\n<div class=\"yith-wcwl-add-button\">\n\t\t<a\n\t\thref=\"?add_to_wishlist=89060&#038;_wpnonce=98056c7fc2\"\n\t\tclass=\"add_to_wishlist single_add_to_wishlist\"\n\t\tdata-product-id=\"89060\"\n\t\tdata-product-type=\"variable\"\n\t\tdata-original-product-id=\"0\"\n\t\tdata-title=\"Lista Deseos\"\n\t\trel=\"nofollow\"\n\t>\n\t\t<svg id=\"yith-wcwl-icon-heart-outline\" class=\"yith-wcwl-icon-svg\" fill=\"none\" stroke-width=\"1.5\" stroke=\"currentColor\" viewbox=\"0 0 24 24\" xmlns=\"http:\/\/www.w3.org\/2000\/svg\">\n  <path stroke-linecap=\"round\" stroke-linejoin=\"round\" d=\"M21 8.25c0-2.485-2.099-4.5-4.688-4.5-1.935 0-3.597 1.126-4.312 2.733-.715-1.607-2.377-2.733-4.313-2.733C5.1 3.75 3 5.765 3 8.25c0 7.22 9 12 9 12s9-4.78 9-12Z\"><\/path>\n<\/svg>\t\t<span>Lista Deseos<\/span>\n\t<\/a>\n<\/div>\n\n\t\t\t<!-- COUNT TEXT -->\n\t\t\t\n\t\t\t<\/div>\n                                                                                                                                    <\/div>\n                                        <a class=\"product-title\" href=\"https:\/\/bodegaoutdoor.cl\/store\/product\/gafas-de-sol-polarizadas-originales-rapala-para-pescar-rapala\/\">Gafas de sol polarizadas originales Rapala uv400 RAPALA<\/a>\n                                        <span class=\"price\">\n                                            <span class=\"woocommerce-Price-amount amount\"><bdi><span class=\"woocommerce-Price-currencySymbol\" translate=\"no\">$<\/span>19,990<\/bdi><\/span>                                        <\/span>\n                                    <\/div>\n                                <\/div>\n                                                                                                                                <div class=\"xs-product-widget media \">\n                                                                            <a class=\"xs_product_img_link\" href=\"https:\/\/bodegaoutdoor.cl\/store\/product\/yuwell-oximetro-de-pulso-yx102-para-dedo-monitor-de-ritmo-cardiaco-y-oxigeno-en-sangre-medidor-de-saturacion-generador-de-dedo\/\">\n                                        <img loading=\"lazy\" decoding=\"async\" width=\"125\" height=\"125\" src=\"https:\/\/bodegaoutdoor.cl\/store\/wp-content\/uploads\/2025\/12\/89024-i0ep6c-150x150.jpg\" class=\"attachment-125x125 size-125x125\" alt=\"Ox\u00edmetro de pulso YX102 monitor de ritmo card\u00edaco y ox\u00edgeno en sangre, medidor de saturaci\u00f3n\" srcset=\"https:\/\/bodegaoutdoor.cl\/store\/wp-content\/uploads\/2025\/12\/89024-i0ep6c-150x150.jpg 150w, https:\/\/bodegaoutdoor.cl\/store\/wp-content\/uploads\/2025\/12\/89024-i0ep6c-300x300.jpg 300w, https:\/\/bodegaoutdoor.cl\/store\/wp-content\/uploads\/2025\/12\/89024-i0ep6c-768x768.jpg 768w, https:\/\/bodegaoutdoor.cl\/store\/wp-content\/uploads\/2025\/12\/89024-i0ep6c-600x600.jpg 600w, https:\/\/bodegaoutdoor.cl\/store\/wp-content\/uploads\/2025\/12\/89024-i0ep6c-100x100.jpg 100w, https:\/\/bodegaoutdoor.cl\/store\/wp-content\/uploads\/2025\/12\/89024-i0ep6c-50x50.jpg 50w, https:\/\/bodegaoutdoor.cl\/store\/wp-content\/uploads\/2025\/12\/89024-i0ep6c.jpg 800w\" sizes=\"(max-width: 125px) 100vw, 125px\" \/>                                        <\/a>\n                                                                        <div class=\"media-body align-self-center product-widget-content\">\n                                        <div class=\"xs-product-header media woocommerce xs-wishlist \">\n                                                                                                                                        \n                                                                                                                                                \n<div\n\tclass=\"yith-wcwl-add-to-wishlist add-to-wishlist-89024 yith-wcwl-add-to-wishlist--link-style wishlist-fragment on-first-load\"\n\tdata-fragment-ref=\"89024\"\n\tdata-fragment-options=\"{&quot;base_url&quot;:&quot;&quot;,&quot;product_id&quot;:89024,&quot;parent_product_id&quot;:0,&quot;product_type&quot;:&quot;simple&quot;,&quot;is_single&quot;:false,&quot;in_default_wishlist&quot;:false,&quot;show_view&quot;:false,&quot;browse_wishlist_text&quot;:&quot;Lista Deseos&quot;,&quot;already_in_wishslist_text&quot;:&quot;The producto esta Agregado!&quot;,&quot;product_added_text&quot;:&quot;Producto Agregado!&quot;,&quot;available_multi_wishlist&quot;:false,&quot;disable_wishlist&quot;:false,&quot;show_count&quot;:false,&quot;ajax_loading&quot;:false,&quot;loop_position&quot;:&quot;after_add_to_cart&quot;,&quot;item&quot;:&quot;add_to_wishlist&quot;}\"\n>\n\t\t\t\n\t\t\t<!-- ADD TO WISHLIST -->\n\t\t\t\n<div class=\"yith-wcwl-add-button\">\n\t\t<a\n\t\thref=\"?add_to_wishlist=89024&#038;_wpnonce=98056c7fc2\"\n\t\tclass=\"add_to_wishlist single_add_to_wishlist\"\n\t\tdata-product-id=\"89024\"\n\t\tdata-product-type=\"simple\"\n\t\tdata-original-product-id=\"0\"\n\t\tdata-title=\"Lista Deseos\"\n\t\trel=\"nofollow\"\n\t>\n\t\t<svg id=\"yith-wcwl-icon-heart-outline\" class=\"yith-wcwl-icon-svg\" fill=\"none\" stroke-width=\"1.5\" stroke=\"currentColor\" viewbox=\"0 0 24 24\" xmlns=\"http:\/\/www.w3.org\/2000\/svg\">\n  <path stroke-linecap=\"round\" stroke-linejoin=\"round\" d=\"M21 8.25c0-2.485-2.099-4.5-4.688-4.5-1.935 0-3.597 1.126-4.312 2.733-.715-1.607-2.377-2.733-4.313-2.733C5.1 3.75 3 5.765 3 8.25c0 7.22 9 12 9 12s9-4.78 9-12Z\"><\/path>\n<\/svg>\t\t<span>Lista Deseos<\/span>\n\t<\/a>\n<\/div>\n\n\t\t\t<!-- COUNT TEXT -->\n\t\t\t\n\t\t\t<\/div>\n                                                                                                                                    <\/div>\n                                        <a class=\"product-title\" href=\"https:\/\/bodegaoutdoor.cl\/store\/product\/yuwell-oximetro-de-pulso-yx102-para-dedo-monitor-de-ritmo-cardiaco-y-oxigeno-en-sangre-medidor-de-saturacion-generador-de-dedo\/\">Ox\u00edmetro de pulso YX102 monitor de ritmo card\u00edaco y ox\u00edgeno en sangre, medidor de saturaci\u00f3n<\/a>\n                                        <span class=\"price\">\n                                            <span class=\"woocommerce-Price-amount amount\"><bdi><span class=\"woocommerce-Price-currencySymbol\" translate=\"no\">$<\/span>31,990<\/bdi><\/span>                                        <\/span>\n                                    <\/div>\n                                <\/div>\n                                                                                                                                <div class=\"xs-product-widget media \">\n                                                                            <a class=\"xs_product_img_link\" href=\"https:\/\/bodegaoutdoor.cl\/store\/product\/gorro-con-visera-tipo-jockey-transpirable-ajustable\/\">\n                                        <img loading=\"lazy\" decoding=\"async\" width=\"125\" height=\"125\" src=\"https:\/\/bodegaoutdoor.cl\/store\/wp-content\/uploads\/2025\/12\/88994-zsxko1-150x150.jpg\" class=\"attachment-125x125 size-125x125\" alt=\"Gorro con visera tipo jockey transpirable ajustable\" srcset=\"https:\/\/bodegaoutdoor.cl\/store\/wp-content\/uploads\/2025\/12\/88994-zsxko1-150x150.jpg 150w, https:\/\/bodegaoutdoor.cl\/store\/wp-content\/uploads\/2025\/12\/88994-zsxko1-300x300.jpg 300w, https:\/\/bodegaoutdoor.cl\/store\/wp-content\/uploads\/2025\/12\/88994-zsxko1-1024x1024.jpg 1024w, https:\/\/bodegaoutdoor.cl\/store\/wp-content\/uploads\/2025\/12\/88994-zsxko1-768x768.jpg 768w, https:\/\/bodegaoutdoor.cl\/store\/wp-content\/uploads\/2025\/12\/88994-zsxko1-1536x1536.jpg 1536w, https:\/\/bodegaoutdoor.cl\/store\/wp-content\/uploads\/2025\/12\/88994-zsxko1-600x600.jpg 600w, https:\/\/bodegaoutdoor.cl\/store\/wp-content\/uploads\/2025\/12\/88994-zsxko1-100x100.jpg 100w, https:\/\/bodegaoutdoor.cl\/store\/wp-content\/uploads\/2025\/12\/88994-zsxko1-50x50.jpg 50w, https:\/\/bodegaoutdoor.cl\/store\/wp-content\/uploads\/2025\/12\/88994-zsxko1.jpg 1600w\" sizes=\"(max-width: 125px) 100vw, 125px\" \/>                                        <\/a>\n                                                                        <div class=\"media-body align-self-center product-widget-content\">\n                                        <div class=\"xs-product-header media woocommerce xs-wishlist \">\n                                                                                                                                        \n                                                                                                                                                \n<div\n\tclass=\"yith-wcwl-add-to-wishlist add-to-wishlist-88994 yith-wcwl-add-to-wishlist--link-style wishlist-fragment on-first-load\"\n\tdata-fragment-ref=\"88994\"\n\tdata-fragment-options=\"{&quot;base_url&quot;:&quot;&quot;,&quot;product_id&quot;:88994,&quot;parent_product_id&quot;:0,&quot;product_type&quot;:&quot;variable&quot;,&quot;is_single&quot;:false,&quot;in_default_wishlist&quot;:false,&quot;show_view&quot;:false,&quot;browse_wishlist_text&quot;:&quot;Lista Deseos&quot;,&quot;already_in_wishslist_text&quot;:&quot;The producto esta Agregado!&quot;,&quot;product_added_text&quot;:&quot;Producto Agregado!&quot;,&quot;available_multi_wishlist&quot;:false,&quot;disable_wishlist&quot;:false,&quot;show_count&quot;:false,&quot;ajax_loading&quot;:false,&quot;loop_position&quot;:&quot;after_add_to_cart&quot;,&quot;item&quot;:&quot;add_to_wishlist&quot;}\"\n>\n\t\t\t\n\t\t\t<!-- ADD TO WISHLIST -->\n\t\t\t\n<div class=\"yith-wcwl-add-button\">\n\t\t<a\n\t\thref=\"?add_to_wishlist=88994&#038;_wpnonce=98056c7fc2\"\n\t\tclass=\"add_to_wishlist single_add_to_wishlist\"\n\t\tdata-product-id=\"88994\"\n\t\tdata-product-type=\"variable\"\n\t\tdata-original-product-id=\"0\"\n\t\tdata-title=\"Lista Deseos\"\n\t\trel=\"nofollow\"\n\t>\n\t\t<svg id=\"yith-wcwl-icon-heart-outline\" class=\"yith-wcwl-icon-svg\" fill=\"none\" stroke-width=\"1.5\" stroke=\"currentColor\" viewbox=\"0 0 24 24\" xmlns=\"http:\/\/www.w3.org\/2000\/svg\">\n  <path stroke-linecap=\"round\" stroke-linejoin=\"round\" d=\"M21 8.25c0-2.485-2.099-4.5-4.688-4.5-1.935 0-3.597 1.126-4.312 2.733-.715-1.607-2.377-2.733-4.313-2.733C5.1 3.75 3 5.765 3 8.25c0 7.22 9 12 9 12s9-4.78 9-12Z\"><\/path>\n<\/svg>\t\t<span>Lista Deseos<\/span>\n\t<\/a>\n<\/div>\n\n\t\t\t<!-- COUNT TEXT -->\n\t\t\t\n\t\t\t<\/div>\n                                                                                                                                    <\/div>\n                                        <a class=\"product-title\" href=\"https:\/\/bodegaoutdoor.cl\/store\/product\/gorro-con-visera-tipo-jockey-transpirable-ajustable\/\">Gorro con visera tipo jockey transpirable ajustable<\/a>\n                                        <span class=\"price\">\n                                            <span class=\"woocommerce-Price-amount amount\" aria-hidden=\"true\"><bdi><span class=\"woocommerce-Price-currencySymbol\" translate=\"no\">$<\/span>9,990<\/bdi><\/span> <span aria-hidden=\"true\">-<\/span> <span class=\"woocommerce-Price-amount amount\" aria-hidden=\"true\"><bdi><span class=\"woocommerce-Price-currencySymbol\" translate=\"no\">$<\/span>50,000<\/bdi><\/span><span class=\"screen-reader-text\">Rango de precios: desde $9,990 hasta $50,000<\/span>                                        <\/span>\n                                    <\/div>\n                                <\/div>\n                                                                <\/div>\n                                                                                                                            <div class=\"xs-tab-slider-item swiper-slide\">\n                                                            <div class=\"xs-product-widget media \">\n                                                                            <a class=\"xs_product_img_link\" href=\"https:\/\/bodegaoutdoor.cl\/store\/product\/medical-splint-roll-aluminium-emergency-survival-first-aid-fracture-fixed-for-neck-leg-arm-braces-supports-pet-rescue-splint\/\">\n                                        <img loading=\"lazy\" decoding=\"async\" width=\"125\" height=\"125\" src=\"https:\/\/bodegaoutdoor.cl\/store\/wp-content\/uploads\/2025\/12\/88955-huzrfr-150x150.jpg\" class=\"attachment-125x125 size-125x125\" alt=\"Rollo de f\u00e9rula m\u00e9dica de aluminio, supervivencia de emergencia, primeros auxilios, fractura fija para cuello, pierna, brazo, soportes y soporte, f\u00e9rula de rescate para mascotas\" srcset=\"https:\/\/bodegaoutdoor.cl\/store\/wp-content\/uploads\/2025\/12\/88955-huzrfr-150x150.jpg 150w, https:\/\/bodegaoutdoor.cl\/store\/wp-content\/uploads\/2025\/12\/88955-huzrfr-300x300.jpg 300w, https:\/\/bodegaoutdoor.cl\/store\/wp-content\/uploads\/2025\/12\/88955-huzrfr-768x768.jpg 768w, https:\/\/bodegaoutdoor.cl\/store\/wp-content\/uploads\/2025\/12\/88955-huzrfr-600x600.jpg 600w, https:\/\/bodegaoutdoor.cl\/store\/wp-content\/uploads\/2025\/12\/88955-huzrfr-100x100.jpg 100w, https:\/\/bodegaoutdoor.cl\/store\/wp-content\/uploads\/2025\/12\/88955-huzrfr-50x50.jpg 50w, https:\/\/bodegaoutdoor.cl\/store\/wp-content\/uploads\/2025\/12\/88955-huzrfr.jpg 800w\" sizes=\"(max-width: 125px) 100vw, 125px\" \/>                                        <\/a>\n                                                                        <div class=\"media-body align-self-center product-widget-content\">\n                                        <div class=\"xs-product-header media woocommerce xs-wishlist \">\n                                                                                                                                        \n                                                                                                                                                \n<div\n\tclass=\"yith-wcwl-add-to-wishlist add-to-wishlist-88955 yith-wcwl-add-to-wishlist--link-style wishlist-fragment on-first-load\"\n\tdata-fragment-ref=\"88955\"\n\tdata-fragment-options=\"{&quot;base_url&quot;:&quot;&quot;,&quot;product_id&quot;:88955,&quot;parent_product_id&quot;:0,&quot;product_type&quot;:&quot;variable&quot;,&quot;is_single&quot;:false,&quot;in_default_wishlist&quot;:false,&quot;show_view&quot;:false,&quot;browse_wishlist_text&quot;:&quot;Lista Deseos&quot;,&quot;already_in_wishslist_text&quot;:&quot;The producto esta Agregado!&quot;,&quot;product_added_text&quot;:&quot;Producto Agregado!&quot;,&quot;available_multi_wishlist&quot;:false,&quot;disable_wishlist&quot;:false,&quot;show_count&quot;:false,&quot;ajax_loading&quot;:false,&quot;loop_position&quot;:&quot;after_add_to_cart&quot;,&quot;item&quot;:&quot;add_to_wishlist&quot;}\"\n>\n\t\t\t\n\t\t\t<!-- ADD TO WISHLIST -->\n\t\t\t\n<div class=\"yith-wcwl-add-button\">\n\t\t<a\n\t\thref=\"?add_to_wishlist=88955&#038;_wpnonce=98056c7fc2\"\n\t\tclass=\"add_to_wishlist single_add_to_wishlist\"\n\t\tdata-product-id=\"88955\"\n\t\tdata-product-type=\"variable\"\n\t\tdata-original-product-id=\"0\"\n\t\tdata-title=\"Lista Deseos\"\n\t\trel=\"nofollow\"\n\t>\n\t\t<svg id=\"yith-wcwl-icon-heart-outline\" class=\"yith-wcwl-icon-svg\" fill=\"none\" stroke-width=\"1.5\" stroke=\"currentColor\" viewbox=\"0 0 24 24\" xmlns=\"http:\/\/www.w3.org\/2000\/svg\">\n  <path stroke-linecap=\"round\" stroke-linejoin=\"round\" d=\"M21 8.25c0-2.485-2.099-4.5-4.688-4.5-1.935 0-3.597 1.126-4.312 2.733-.715-1.607-2.377-2.733-4.313-2.733C5.1 3.75 3 5.765 3 8.25c0 7.22 9 12 9 12s9-4.78 9-12Z\"><\/path>\n<\/svg>\t\t<span>Lista Deseos<\/span>\n\t<\/a>\n<\/div>\n\n\t\t\t<!-- COUNT TEXT -->\n\t\t\t\n\t\t\t<\/div>\n                                                                                                                                    <\/div>\n                                        <a class=\"product-title\" href=\"https:\/\/bodegaoutdoor.cl\/store\/product\/medical-splint-roll-aluminium-emergency-survival-first-aid-fracture-fixed-for-neck-leg-arm-braces-supports-pet-rescue-splint\/\">Rollo de f\u00e9rula m\u00e9dica de aluminio, supervivencia de emergencia, primeros auxilios, fractura fija para cuello, pierna, brazo, soportes y soporte, f\u00e9rula de rescate para mascotas<\/a>\n                                        <span class=\"price\">\n                                            <span class=\"woocommerce-Price-amount amount\" aria-hidden=\"true\"><bdi><span class=\"woocommerce-Price-currencySymbol\" translate=\"no\">$<\/span>4,990<\/bdi><\/span> <span aria-hidden=\"true\">-<\/span> <span class=\"woocommerce-Price-amount amount\" aria-hidden=\"true\"><bdi><span class=\"woocommerce-Price-currencySymbol\" translate=\"no\">$<\/span>15,990<\/bdi><\/span><span class=\"screen-reader-text\">Rango de precios: desde $4,990 hasta $15,990<\/span>                                        <\/span>\n                                    <\/div>\n                                <\/div>\n                                                                                                                                <div class=\"xs-product-widget media \">\n                                                                            <a class=\"xs_product_img_link\" href=\"https:\/\/bodegaoutdoor.cl\/store\/product\/botiquin-de-primeros-auxilios-multiusos-outdoor-multifuncional-emergencia-103pcs\/\">\n                                        <img loading=\"lazy\" decoding=\"async\" width=\"125\" height=\"125\" src=\"https:\/\/bodegaoutdoor.cl\/store\/wp-content\/uploads\/2025\/12\/88924-cltuma-150x150.jpg\" class=\"attachment-125x125 size-125x125\" alt=\"Botiqu\u00edn de primeros auxilios multiusos, outdoor, multifuncional emergencia \/ 103pcs\" srcset=\"https:\/\/bodegaoutdoor.cl\/store\/wp-content\/uploads\/2025\/12\/88924-cltuma-150x150.jpg 150w, https:\/\/bodegaoutdoor.cl\/store\/wp-content\/uploads\/2025\/12\/88924-cltuma-300x300.jpg 300w, https:\/\/bodegaoutdoor.cl\/store\/wp-content\/uploads\/2025\/12\/88924-cltuma-1024x1024.jpg 1024w, https:\/\/bodegaoutdoor.cl\/store\/wp-content\/uploads\/2025\/12\/88924-cltuma-768x768.jpg 768w, https:\/\/bodegaoutdoor.cl\/store\/wp-content\/uploads\/2025\/12\/88924-cltuma-600x600.jpg 600w, https:\/\/bodegaoutdoor.cl\/store\/wp-content\/uploads\/2025\/12\/88924-cltuma-100x100.jpg 100w, https:\/\/bodegaoutdoor.cl\/store\/wp-content\/uploads\/2025\/12\/88924-cltuma-50x50.jpg 50w, https:\/\/bodegaoutdoor.cl\/store\/wp-content\/uploads\/2025\/12\/88924-cltuma.jpg 1500w\" sizes=\"(max-width: 125px) 100vw, 125px\" \/>                                        <\/a>\n                                                                        <div class=\"media-body align-self-center product-widget-content\">\n                                        <div class=\"xs-product-header media woocommerce xs-wishlist \">\n                                                                                                                                        \n                                                                                                                                                \n<div\n\tclass=\"yith-wcwl-add-to-wishlist add-to-wishlist-88924 yith-wcwl-add-to-wishlist--link-style wishlist-fragment on-first-load\"\n\tdata-fragment-ref=\"88924\"\n\tdata-fragment-options=\"{&quot;base_url&quot;:&quot;&quot;,&quot;product_id&quot;:88924,&quot;parent_product_id&quot;:0,&quot;product_type&quot;:&quot;variable&quot;,&quot;is_single&quot;:false,&quot;in_default_wishlist&quot;:false,&quot;show_view&quot;:false,&quot;browse_wishlist_text&quot;:&quot;Lista Deseos&quot;,&quot;already_in_wishslist_text&quot;:&quot;The producto esta Agregado!&quot;,&quot;product_added_text&quot;:&quot;Producto Agregado!&quot;,&quot;available_multi_wishlist&quot;:false,&quot;disable_wishlist&quot;:false,&quot;show_count&quot;:false,&quot;ajax_loading&quot;:false,&quot;loop_position&quot;:&quot;after_add_to_cart&quot;,&quot;item&quot;:&quot;add_to_wishlist&quot;}\"\n>\n\t\t\t\n\t\t\t<!-- ADD TO WISHLIST -->\n\t\t\t\n<div class=\"yith-wcwl-add-button\">\n\t\t<a\n\t\thref=\"?add_to_wishlist=88924&#038;_wpnonce=98056c7fc2\"\n\t\tclass=\"add_to_wishlist single_add_to_wishlist\"\n\t\tdata-product-id=\"88924\"\n\t\tdata-product-type=\"variable\"\n\t\tdata-original-product-id=\"0\"\n\t\tdata-title=\"Lista Deseos\"\n\t\trel=\"nofollow\"\n\t>\n\t\t<svg id=\"yith-wcwl-icon-heart-outline\" class=\"yith-wcwl-icon-svg\" fill=\"none\" stroke-width=\"1.5\" stroke=\"currentColor\" viewbox=\"0 0 24 24\" xmlns=\"http:\/\/www.w3.org\/2000\/svg\">\n  <path stroke-linecap=\"round\" stroke-linejoin=\"round\" d=\"M21 8.25c0-2.485-2.099-4.5-4.688-4.5-1.935 0-3.597 1.126-4.312 2.733-.715-1.607-2.377-2.733-4.313-2.733C5.1 3.75 3 5.765 3 8.25c0 7.22 9 12 9 12s9-4.78 9-12Z\"><\/path>\n<\/svg>\t\t<span>Lista Deseos<\/span>\n\t<\/a>\n<\/div>\n\n\t\t\t<!-- COUNT TEXT -->\n\t\t\t\n\t\t\t<\/div>\n                                                                                                                                    <\/div>\n                                        <a class=\"product-title\" href=\"https:\/\/bodegaoutdoor.cl\/store\/product\/botiquin-de-primeros-auxilios-multiusos-outdoor-multifuncional-emergencia-103pcs\/\">Botiqu\u00edn de primeros auxilios multiusos, outdoor, multifuncional emergencia \/ 103pcs<\/a>\n                                        <span class=\"price\">\n                                            <span class=\"woocommerce-Price-amount amount\" aria-hidden=\"true\"><bdi><span class=\"woocommerce-Price-currencySymbol\" translate=\"no\">$<\/span>25,000<\/bdi><\/span> <span aria-hidden=\"true\">-<\/span> <span class=\"woocommerce-Price-amount amount\" aria-hidden=\"true\"><bdi><span class=\"woocommerce-Price-currencySymbol\" translate=\"no\">$<\/span>120,000<\/bdi><\/span><span class=\"screen-reader-text\">Rango de precios: desde $25,000 hasta $120,000<\/span>                                        <\/span>\n                                    <\/div>\n                                <\/div>\n                                                                                                                                <div class=\"xs-product-widget media \">\n                                                                            <a class=\"xs_product_img_link\" href=\"https:\/\/bodegaoutdoor.cl\/store\/product\/fishing-tactical-camping-backpack-outdoor-sports-bag-hiking-molle-fish-lure-accessories-tackle-bag-for-men-climbing-travel-bag\/\">\n                                        <img loading=\"lazy\" decoding=\"async\" width=\"125\" height=\"125\" src=\"https:\/\/bodegaoutdoor.cl\/store\/wp-content\/uploads\/2025\/12\/88742-63gcfm-150x150.jpg\" class=\"attachment-125x125 size-125x125\" alt=\"Mochila t\u00e1ctica 25 litros  senderismo, Molle\" srcset=\"https:\/\/bodegaoutdoor.cl\/store\/wp-content\/uploads\/2025\/12\/88742-63gcfm-150x150.jpg 150w, https:\/\/bodegaoutdoor.cl\/store\/wp-content\/uploads\/2025\/12\/88742-63gcfm-300x300.jpg 300w, https:\/\/bodegaoutdoor.cl\/store\/wp-content\/uploads\/2025\/12\/88742-63gcfm-768x768.jpg 768w, https:\/\/bodegaoutdoor.cl\/store\/wp-content\/uploads\/2025\/12\/88742-63gcfm-600x600.jpg 600w, https:\/\/bodegaoutdoor.cl\/store\/wp-content\/uploads\/2025\/12\/88742-63gcfm-100x100.jpg 100w, https:\/\/bodegaoutdoor.cl\/store\/wp-content\/uploads\/2025\/12\/88742-63gcfm-50x50.jpg 50w, https:\/\/bodegaoutdoor.cl\/store\/wp-content\/uploads\/2025\/12\/88742-63gcfm.jpg 800w\" sizes=\"(max-width: 125px) 100vw, 125px\" \/>                                        <\/a>\n                                                                        <div class=\"media-body align-self-center product-widget-content\">\n                                        <div class=\"xs-product-header media woocommerce xs-wishlist \">\n                                                                                                                                        \n                                                                                                                                                \n<div\n\tclass=\"yith-wcwl-add-to-wishlist add-to-wishlist-88742 yith-wcwl-add-to-wishlist--link-style wishlist-fragment on-first-load\"\n\tdata-fragment-ref=\"88742\"\n\tdata-fragment-options=\"{&quot;base_url&quot;:&quot;&quot;,&quot;product_id&quot;:88742,&quot;parent_product_id&quot;:0,&quot;product_type&quot;:&quot;variable&quot;,&quot;is_single&quot;:false,&quot;in_default_wishlist&quot;:false,&quot;show_view&quot;:false,&quot;browse_wishlist_text&quot;:&quot;Lista Deseos&quot;,&quot;already_in_wishslist_text&quot;:&quot;The producto esta Agregado!&quot;,&quot;product_added_text&quot;:&quot;Producto Agregado!&quot;,&quot;available_multi_wishlist&quot;:false,&quot;disable_wishlist&quot;:false,&quot;show_count&quot;:false,&quot;ajax_loading&quot;:false,&quot;loop_position&quot;:&quot;after_add_to_cart&quot;,&quot;item&quot;:&quot;add_to_wishlist&quot;}\"\n>\n\t\t\t\n\t\t\t<!-- ADD TO WISHLIST -->\n\t\t\t\n<div class=\"yith-wcwl-add-button\">\n\t\t<a\n\t\thref=\"?add_to_wishlist=88742&#038;_wpnonce=98056c7fc2\"\n\t\tclass=\"add_to_wishlist single_add_to_wishlist\"\n\t\tdata-product-id=\"88742\"\n\t\tdata-product-type=\"variable\"\n\t\tdata-original-product-id=\"0\"\n\t\tdata-title=\"Lista Deseos\"\n\t\trel=\"nofollow\"\n\t>\n\t\t<svg id=\"yith-wcwl-icon-heart-outline\" class=\"yith-wcwl-icon-svg\" fill=\"none\" stroke-width=\"1.5\" stroke=\"currentColor\" viewbox=\"0 0 24 24\" xmlns=\"http:\/\/www.w3.org\/2000\/svg\">\n  <path stroke-linecap=\"round\" stroke-linejoin=\"round\" d=\"M21 8.25c0-2.485-2.099-4.5-4.688-4.5-1.935 0-3.597 1.126-4.312 2.733-.715-1.607-2.377-2.733-4.313-2.733C5.1 3.75 3 5.765 3 8.25c0 7.22 9 12 9 12s9-4.78 9-12Z\"><\/path>\n<\/svg>\t\t<span>Lista Deseos<\/span>\n\t<\/a>\n<\/div>\n\n\t\t\t<!-- COUNT TEXT -->\n\t\t\t\n\t\t\t<\/div>\n                                                                                                                                    <\/div>\n                                        <a class=\"product-title\" href=\"https:\/\/bodegaoutdoor.cl\/store\/product\/fishing-tactical-camping-backpack-outdoor-sports-bag-hiking-molle-fish-lure-accessories-tackle-bag-for-men-climbing-travel-bag\/\">Mochila t\u00e1ctica 25 litros  senderismo, Molle<\/a>\n                                        <span class=\"price\">\n                                            <span class=\"woocommerce-Price-amount amount\"><bdi><span class=\"woocommerce-Price-currencySymbol\" translate=\"no\">$<\/span>35,000<\/bdi><\/span>                                        <\/span>\n                                    <\/div>\n                                <\/div>\n                                                                <\/div>\n                                                                                <\/div>\n                    <div class=\"swiper-pagination\"><\/div>\n                <\/div>\n            <\/div>\n                                <div class=\"tab-pane fade \"\n                 id=\"xs-tabs-26374-3\"\n                 >\n                <div class=\"xs-tab-slider swiper\">\n                    <div class=\"swiper-wrapper\">\n                                                                                        <div class=\"xs-tab-slider-item swiper-slide\">\n                                                            <div class=\"xs-product-widget media \">\n                                                                            <a class=\"xs_product_img_link\" href=\"https:\/\/bodegaoutdoor.cl\/store\/product\/cinturon-corrector-postura-espalda-ajustable-clavicula-columna-vertebral-correccion-postura-lumbar\/\">\n                                        <img loading=\"lazy\" decoding=\"async\" width=\"125\" height=\"125\" src=\"https:\/\/bodegaoutdoor.cl\/store\/wp-content\/uploads\/2020\/12\/22093-eq17cf-150x150.jpg\" class=\"attachment-125x125 size-125x125\" alt=\"Cintur\u00f3n Corrector postura espalda ajustable clav\u00edcula columna vertebral correcci\u00f3n postura Lumbar\" srcset=\"https:\/\/bodegaoutdoor.cl\/store\/wp-content\/uploads\/2020\/12\/22093-eq17cf-150x150.jpg 150w, https:\/\/bodegaoutdoor.cl\/store\/wp-content\/uploads\/2020\/12\/22093-eq17cf-300x300.jpg 300w, https:\/\/bodegaoutdoor.cl\/store\/wp-content\/uploads\/2020\/12\/22093-eq17cf-100x100.jpg 100w, https:\/\/bodegaoutdoor.cl\/store\/wp-content\/uploads\/2020\/12\/22093-eq17cf-600x600.jpg 600w, https:\/\/bodegaoutdoor.cl\/store\/wp-content\/uploads\/2020\/12\/22093-eq17cf-768x768.jpg 768w, https:\/\/bodegaoutdoor.cl\/store\/wp-content\/uploads\/2020\/12\/22093-eq17cf.jpg 800w\" sizes=\"(max-width: 125px) 100vw, 125px\" \/>                                        <\/a>\n                                                                        <div class=\"media-body align-self-center product-widget-content\">\n                                        <div class=\"xs-product-header media woocommerce xs-wishlist \">\n                                                                                                                                        \n                                                                                                                                                \n<div\n\tclass=\"yith-wcwl-add-to-wishlist add-to-wishlist-22093 yith-wcwl-add-to-wishlist--link-style wishlist-fragment on-first-load\"\n\tdata-fragment-ref=\"22093\"\n\tdata-fragment-options=\"{&quot;base_url&quot;:&quot;&quot;,&quot;product_id&quot;:22093,&quot;parent_product_id&quot;:0,&quot;product_type&quot;:&quot;variable&quot;,&quot;is_single&quot;:false,&quot;in_default_wishlist&quot;:false,&quot;show_view&quot;:false,&quot;browse_wishlist_text&quot;:&quot;Lista Deseos&quot;,&quot;already_in_wishslist_text&quot;:&quot;The producto esta Agregado!&quot;,&quot;product_added_text&quot;:&quot;Producto Agregado!&quot;,&quot;available_multi_wishlist&quot;:false,&quot;disable_wishlist&quot;:false,&quot;show_count&quot;:false,&quot;ajax_loading&quot;:false,&quot;loop_position&quot;:&quot;after_add_to_cart&quot;,&quot;item&quot;:&quot;add_to_wishlist&quot;}\"\n>\n\t\t\t\n\t\t\t<!-- ADD TO WISHLIST -->\n\t\t\t\n<div class=\"yith-wcwl-add-button\">\n\t\t<a\n\t\thref=\"?add_to_wishlist=22093&#038;_wpnonce=98056c7fc2\"\n\t\tclass=\"add_to_wishlist single_add_to_wishlist\"\n\t\tdata-product-id=\"22093\"\n\t\tdata-product-type=\"variable\"\n\t\tdata-original-product-id=\"0\"\n\t\tdata-title=\"Lista Deseos\"\n\t\trel=\"nofollow\"\n\t>\n\t\t<svg id=\"yith-wcwl-icon-heart-outline\" class=\"yith-wcwl-icon-svg\" fill=\"none\" stroke-width=\"1.5\" stroke=\"currentColor\" viewbox=\"0 0 24 24\" xmlns=\"http:\/\/www.w3.org\/2000\/svg\">\n  <path stroke-linecap=\"round\" stroke-linejoin=\"round\" d=\"M21 8.25c0-2.485-2.099-4.5-4.688-4.5-1.935 0-3.597 1.126-4.312 2.733-.715-1.607-2.377-2.733-4.313-2.733C5.1 3.75 3 5.765 3 8.25c0 7.22 9 12 9 12s9-4.78 9-12Z\"><\/path>\n<\/svg>\t\t<span>Lista Deseos<\/span>\n\t<\/a>\n<\/div>\n\n\t\t\t<!-- COUNT TEXT -->\n\t\t\t\n\t\t\t<\/div>\n                                                                                                                                    <\/div>\n                                        <a class=\"product-title\" href=\"https:\/\/bodegaoutdoor.cl\/store\/product\/cinturon-corrector-postura-espalda-ajustable-clavicula-columna-vertebral-correccion-postura-lumbar\/\">Cintur\u00f3n Corrector postura espalda ajustable clav\u00edcula columna vertebral correcci\u00f3n postura Lumbar<\/a>\n                                        <span class=\"price\">\n                                            <del aria-hidden=\"true\"><span class=\"woocommerce-Price-amount amount\"><bdi><span class=\"woocommerce-Price-currencySymbol\" translate=\"no\">$<\/span>29,990<\/bdi><\/span><\/del> <span class=\"screen-reader-text\">El precio original era: $29,990.<\/span><ins aria-hidden=\"true\"><span class=\"woocommerce-Price-amount amount\"><bdi><span class=\"woocommerce-Price-currencySymbol\" translate=\"no\">$<\/span>17,990<\/bdi><\/span><\/ins><span class=\"screen-reader-text\">El precio actual es: $17,990.<\/span>                                        <\/span>\n                                    <\/div>\n                                <\/div>\n                                                                                                                                <div class=\"xs-product-widget media \">\n                                                                            <a class=\"xs_product_img_link\" href=\"https:\/\/bodegaoutdoor.cl\/store\/product\/lentes-polarizados-vintage-driving-travel-fishing-classic-outdoor\/\">\n                                        <img loading=\"lazy\" decoding=\"async\" width=\"125\" height=\"125\" src=\"https:\/\/bodegaoutdoor.cl\/store\/wp-content\/uploads\/2021\/02\/29480-17w8xd-150x150.jpg\" class=\"attachment-125x125 size-125x125\" alt=\"Lentes Polarizados Vintage Driving Travel Fishing Classic Outdoor\" srcset=\"https:\/\/bodegaoutdoor.cl\/store\/wp-content\/uploads\/2021\/02\/29480-17w8xd-150x150.jpg 150w, https:\/\/bodegaoutdoor.cl\/store\/wp-content\/uploads\/2021\/02\/29480-17w8xd-300x300.jpg 300w, https:\/\/bodegaoutdoor.cl\/store\/wp-content\/uploads\/2021\/02\/29480-17w8xd-100x100.jpg 100w, https:\/\/bodegaoutdoor.cl\/store\/wp-content\/uploads\/2021\/02\/29480-17w8xd-600x600.jpg 600w, https:\/\/bodegaoutdoor.cl\/store\/wp-content\/uploads\/2021\/02\/29480-17w8xd-768x768.jpg 768w, https:\/\/bodegaoutdoor.cl\/store\/wp-content\/uploads\/2021\/02\/29480-17w8xd.jpg 800w\" sizes=\"(max-width: 125px) 100vw, 125px\" \/>                                        <\/a>\n                                                                        <div class=\"media-body align-self-center product-widget-content\">\n                                        <div class=\"xs-product-header media woocommerce xs-wishlist \">\n                                                                                                                                        \n                                                                                                                                                \n<div\n\tclass=\"yith-wcwl-add-to-wishlist add-to-wishlist-29480 yith-wcwl-add-to-wishlist--link-style wishlist-fragment on-first-load\"\n\tdata-fragment-ref=\"29480\"\n\tdata-fragment-options=\"{&quot;base_url&quot;:&quot;&quot;,&quot;product_id&quot;:29480,&quot;parent_product_id&quot;:0,&quot;product_type&quot;:&quot;variable&quot;,&quot;is_single&quot;:false,&quot;in_default_wishlist&quot;:false,&quot;show_view&quot;:false,&quot;browse_wishlist_text&quot;:&quot;Lista Deseos&quot;,&quot;already_in_wishslist_text&quot;:&quot;The producto esta Agregado!&quot;,&quot;product_added_text&quot;:&quot;Producto Agregado!&quot;,&quot;available_multi_wishlist&quot;:false,&quot;disable_wishlist&quot;:false,&quot;show_count&quot;:false,&quot;ajax_loading&quot;:false,&quot;loop_position&quot;:&quot;after_add_to_cart&quot;,&quot;item&quot;:&quot;add_to_wishlist&quot;}\"\n>\n\t\t\t\n\t\t\t<!-- ADD TO WISHLIST -->\n\t\t\t\n<div class=\"yith-wcwl-add-button\">\n\t\t<a\n\t\thref=\"?add_to_wishlist=29480&#038;_wpnonce=98056c7fc2\"\n\t\tclass=\"add_to_wishlist single_add_to_wishlist\"\n\t\tdata-product-id=\"29480\"\n\t\tdata-product-type=\"variable\"\n\t\tdata-original-product-id=\"0\"\n\t\tdata-title=\"Lista Deseos\"\n\t\trel=\"nofollow\"\n\t>\n\t\t<svg id=\"yith-wcwl-icon-heart-outline\" class=\"yith-wcwl-icon-svg\" fill=\"none\" stroke-width=\"1.5\" stroke=\"currentColor\" viewbox=\"0 0 24 24\" xmlns=\"http:\/\/www.w3.org\/2000\/svg\">\n  <path stroke-linecap=\"round\" stroke-linejoin=\"round\" d=\"M21 8.25c0-2.485-2.099-4.5-4.688-4.5-1.935 0-3.597 1.126-4.312 2.733-.715-1.607-2.377-2.733-4.313-2.733C5.1 3.75 3 5.765 3 8.25c0 7.22 9 12 9 12s9-4.78 9-12Z\"><\/path>\n<\/svg>\t\t<span>Lista Deseos<\/span>\n\t<\/a>\n<\/div>\n\n\t\t\t<!-- COUNT TEXT -->\n\t\t\t\n\t\t\t<\/div>\n                                                                                                                                    <\/div>\n                                        <a class=\"product-title\" href=\"https:\/\/bodegaoutdoor.cl\/store\/product\/lentes-polarizados-vintage-driving-travel-fishing-classic-outdoor\/\">Lentes Polarizados Vintage Driving Travel Fishing Classic Outdoor<\/a>\n                                        <span class=\"price\">\n                                            <del aria-hidden=\"true\"><span class=\"woocommerce-Price-amount amount\"><bdi><span class=\"woocommerce-Price-currencySymbol\" translate=\"no\">$<\/span>14,990<\/bdi><\/span><\/del> <span class=\"screen-reader-text\">El precio original era: $14,990.<\/span><ins aria-hidden=\"true\"><span class=\"woocommerce-Price-amount amount\"><bdi><span class=\"woocommerce-Price-currencySymbol\" translate=\"no\">$<\/span>11,990<\/bdi><\/span><\/ins><span class=\"screen-reader-text\">El precio actual es: $11,990.<\/span>                                        <\/span>\n                                    <\/div>\n                                <\/div>\n                                                                                                                                <div class=\"xs-product-widget media \">\n                                                                            <a class=\"xs_product_img_link\" href=\"https:\/\/bodegaoutdoor.cl\/store\/product\/lemfo-reloj-inteligente-iwo-14-pro-hw67-reloj-inteligente-hombre-llamada-bluetooth-nfc-imagen-de-la-esfera-personalizada-presion-arterial-frecuencia-cardiaca-reloj-inteligente-mujer-smartwatch-soporte\/\">\n                                        <img loading=\"lazy\" decoding=\"async\" width=\"125\" height=\"125\" src=\"https:\/\/bodegaoutdoor.cl\/store\/wp-content\/uploads\/2022\/06\/58305-5tjyqv-150x150.jpg\" class=\"attachment-125x125 size-125x125\" alt=\"Lemfo-reloj inteligente Iwo 14 Pro HW67 reloj inteligente hombre Llamada Bluetooth NFC Imagen de la esfera personalizada Presi\u00f3n arterial Frecuencia card\u00edaca reloj inteligente mujer smartwatch Soporte para  Android Ios\" srcset=\"https:\/\/bodegaoutdoor.cl\/store\/wp-content\/uploads\/2022\/06\/58305-5tjyqv-150x150.jpg 150w, https:\/\/bodegaoutdoor.cl\/store\/wp-content\/uploads\/2022\/06\/58305-5tjyqv-300x300.jpg 300w, https:\/\/bodegaoutdoor.cl\/store\/wp-content\/uploads\/2022\/06\/58305-5tjyqv-100x100.jpg 100w, https:\/\/bodegaoutdoor.cl\/store\/wp-content\/uploads\/2022\/06\/58305-5tjyqv-600x600.jpg 600w, https:\/\/bodegaoutdoor.cl\/store\/wp-content\/uploads\/2022\/06\/58305-5tjyqv-768x768.jpg 768w, https:\/\/bodegaoutdoor.cl\/store\/wp-content\/uploads\/2022\/06\/58305-5tjyqv.jpg 1200w\" sizes=\"(max-width: 125px) 100vw, 125px\" \/>                                        <\/a>\n                                                                        <div class=\"media-body align-self-center product-widget-content\">\n                                        <div class=\"xs-product-header media woocommerce xs-wishlist \">\n                                                                                                                                        \n                                                                                                                                                \n<div\n\tclass=\"yith-wcwl-add-to-wishlist add-to-wishlist-58305 yith-wcwl-add-to-wishlist--link-style wishlist-fragment on-first-load\"\n\tdata-fragment-ref=\"58305\"\n\tdata-fragment-options=\"{&quot;base_url&quot;:&quot;&quot;,&quot;product_id&quot;:58305,&quot;parent_product_id&quot;:0,&quot;product_type&quot;:&quot;variable&quot;,&quot;is_single&quot;:false,&quot;in_default_wishlist&quot;:false,&quot;show_view&quot;:false,&quot;browse_wishlist_text&quot;:&quot;Lista Deseos&quot;,&quot;already_in_wishslist_text&quot;:&quot;The producto esta Agregado!&quot;,&quot;product_added_text&quot;:&quot;Producto Agregado!&quot;,&quot;available_multi_wishlist&quot;:false,&quot;disable_wishlist&quot;:false,&quot;show_count&quot;:false,&quot;ajax_loading&quot;:false,&quot;loop_position&quot;:&quot;after_add_to_cart&quot;,&quot;item&quot;:&quot;add_to_wishlist&quot;}\"\n>\n\t\t\t\n\t\t\t<!-- ADD TO WISHLIST -->\n\t\t\t\n<div class=\"yith-wcwl-add-button\">\n\t\t<a\n\t\thref=\"?add_to_wishlist=58305&#038;_wpnonce=98056c7fc2\"\n\t\tclass=\"add_to_wishlist single_add_to_wishlist\"\n\t\tdata-product-id=\"58305\"\n\t\tdata-product-type=\"variable\"\n\t\tdata-original-product-id=\"0\"\n\t\tdata-title=\"Lista Deseos\"\n\t\trel=\"nofollow\"\n\t>\n\t\t<svg id=\"yith-wcwl-icon-heart-outline\" class=\"yith-wcwl-icon-svg\" fill=\"none\" stroke-width=\"1.5\" stroke=\"currentColor\" viewbox=\"0 0 24 24\" xmlns=\"http:\/\/www.w3.org\/2000\/svg\">\n  <path stroke-linecap=\"round\" stroke-linejoin=\"round\" d=\"M21 8.25c0-2.485-2.099-4.5-4.688-4.5-1.935 0-3.597 1.126-4.312 2.733-.715-1.607-2.377-2.733-4.313-2.733C5.1 3.75 3 5.765 3 8.25c0 7.22 9 12 9 12s9-4.78 9-12Z\"><\/path>\n<\/svg>\t\t<span>Lista Deseos<\/span>\n\t<\/a>\n<\/div>\n\n\t\t\t<!-- COUNT TEXT -->\n\t\t\t\n\t\t\t<\/div>\n                                                                                                                                    <\/div>\n                                        <a class=\"product-title\" href=\"https:\/\/bodegaoutdoor.cl\/store\/product\/lemfo-reloj-inteligente-iwo-14-pro-hw67-reloj-inteligente-hombre-llamada-bluetooth-nfc-imagen-de-la-esfera-personalizada-presion-arterial-frecuencia-cardiaca-reloj-inteligente-mujer-smartwatch-soporte\/\">Lemfo-reloj inteligente Iwo 14 Pro HW67 reloj inteligente hombre Llamada Bluetooth NFC Imagen de la esfera personalizada Presi\u00f3n arterial Frecuencia card\u00edaca reloj inteligente mujer smartwatch Soporte para  Android Ios<\/a>\n                                        <span class=\"price\">\n                                            <span class=\"woocommerce-Price-amount amount\"><bdi><span class=\"woocommerce-Price-currencySymbol\" translate=\"no\">$<\/span>49,990<\/bdi><\/span>                                        <\/span>\n                                    <\/div>\n                                <\/div>\n                                                                <\/div>\n                                                                                                                            <div class=\"xs-tab-slider-item swiper-slide\">\n                                                            <div class=\"xs-product-widget media \">\n                                                                            <a class=\"xs_product_img_link\" href=\"https:\/\/bodegaoutdoor.cl\/store\/product\/gafas-para-ciclismo-para-motocicletas-lentes-para-correr-deportes-de-pesca-ciclismo\/\">\n                                        <img loading=\"lazy\" decoding=\"async\" width=\"125\" height=\"125\" src=\"https:\/\/bodegaoutdoor.cl\/store\/wp-content\/uploads\/2020\/11\/20963-o6ob61-150x150.jpg\" class=\"attachment-125x125 size-125x125\" alt=\"Gafas para ciclismo para motocicletas, Lentes para correr, deportes de pesca, ciclismo\" srcset=\"https:\/\/bodegaoutdoor.cl\/store\/wp-content\/uploads\/2020\/11\/20963-o6ob61-150x150.jpg 150w, https:\/\/bodegaoutdoor.cl\/store\/wp-content\/uploads\/2020\/11\/20963-o6ob61-300x300.jpg 300w, https:\/\/bodegaoutdoor.cl\/store\/wp-content\/uploads\/2020\/11\/20963-o6ob61-100x100.jpg 100w, https:\/\/bodegaoutdoor.cl\/store\/wp-content\/uploads\/2020\/11\/20963-o6ob61-600x600.jpg 600w, https:\/\/bodegaoutdoor.cl\/store\/wp-content\/uploads\/2020\/11\/20963-o6ob61-768x768.jpg 768w, https:\/\/bodegaoutdoor.cl\/store\/wp-content\/uploads\/2020\/11\/20963-o6ob61.jpg 800w\" sizes=\"(max-width: 125px) 100vw, 125px\" \/>                                        <\/a>\n                                                                        <div class=\"media-body align-self-center product-widget-content\">\n                                        <div class=\"xs-product-header media woocommerce xs-wishlist \">\n                                                                                                                                        \n                                                                                                                                                \n<div\n\tclass=\"yith-wcwl-add-to-wishlist add-to-wishlist-20963 yith-wcwl-add-to-wishlist--link-style wishlist-fragment on-first-load\"\n\tdata-fragment-ref=\"20963\"\n\tdata-fragment-options=\"{&quot;base_url&quot;:&quot;&quot;,&quot;product_id&quot;:20963,&quot;parent_product_id&quot;:0,&quot;product_type&quot;:&quot;variable&quot;,&quot;is_single&quot;:false,&quot;in_default_wishlist&quot;:false,&quot;show_view&quot;:false,&quot;browse_wishlist_text&quot;:&quot;Lista Deseos&quot;,&quot;already_in_wishslist_text&quot;:&quot;The producto esta Agregado!&quot;,&quot;product_added_text&quot;:&quot;Producto Agregado!&quot;,&quot;available_multi_wishlist&quot;:false,&quot;disable_wishlist&quot;:false,&quot;show_count&quot;:false,&quot;ajax_loading&quot;:false,&quot;loop_position&quot;:&quot;after_add_to_cart&quot;,&quot;item&quot;:&quot;add_to_wishlist&quot;}\"\n>\n\t\t\t\n\t\t\t<!-- ADD TO WISHLIST -->\n\t\t\t\n<div class=\"yith-wcwl-add-button\">\n\t\t<a\n\t\thref=\"?add_to_wishlist=20963&#038;_wpnonce=98056c7fc2\"\n\t\tclass=\"add_to_wishlist single_add_to_wishlist\"\n\t\tdata-product-id=\"20963\"\n\t\tdata-product-type=\"variable\"\n\t\tdata-original-product-id=\"0\"\n\t\tdata-title=\"Lista Deseos\"\n\t\trel=\"nofollow\"\n\t>\n\t\t<svg id=\"yith-wcwl-icon-heart-outline\" class=\"yith-wcwl-icon-svg\" fill=\"none\" stroke-width=\"1.5\" stroke=\"currentColor\" viewbox=\"0 0 24 24\" xmlns=\"http:\/\/www.w3.org\/2000\/svg\">\n  <path stroke-linecap=\"round\" stroke-linejoin=\"round\" d=\"M21 8.25c0-2.485-2.099-4.5-4.688-4.5-1.935 0-3.597 1.126-4.312 2.733-.715-1.607-2.377-2.733-4.313-2.733C5.1 3.75 3 5.765 3 8.25c0 7.22 9 12 9 12s9-4.78 9-12Z\"><\/path>\n<\/svg>\t\t<span>Lista Deseos<\/span>\n\t<\/a>\n<\/div>\n\n\t\t\t<!-- COUNT TEXT -->\n\t\t\t\n\t\t\t<\/div>\n                                                                                                                                    <\/div>\n                                        <a class=\"product-title\" href=\"https:\/\/bodegaoutdoor.cl\/store\/product\/gafas-para-ciclismo-para-motocicletas-lentes-para-correr-deportes-de-pesca-ciclismo\/\">Gafas para ciclismo para motocicletas, Lentes para correr, deportes de pesca, ciclismo<\/a>\n                                        <span class=\"price\">\n                                            <span class=\"woocommerce-Price-amount amount\" aria-hidden=\"true\"><bdi><span class=\"woocommerce-Price-currencySymbol\" translate=\"no\">$<\/span>34,990<\/bdi><\/span> <span aria-hidden=\"true\">-<\/span> <span class=\"woocommerce-Price-amount amount\" aria-hidden=\"true\"><bdi><span class=\"woocommerce-Price-currencySymbol\" translate=\"no\">$<\/span>39,990<\/bdi><\/span><span class=\"screen-reader-text\">Rango de precios: desde $34,990 hasta $39,990<\/span>                                        <\/span>\n                                    <\/div>\n                                <\/div>\n                                                                                                                                <div class=\"xs-product-widget media \">\n                                                                            <a class=\"xs_product_img_link\" href=\"https:\/\/bodegaoutdoor.cl\/store\/product\/calcetines-deportivos-profesionales-para-hombre-y-mujer-medias-transpirables-para-escalada-senderismo-caminar-y-correr\/\">\n                                        <img loading=\"lazy\" decoding=\"async\" width=\"125\" height=\"125\" src=\"https:\/\/bodegaoutdoor.cl\/store\/wp-content\/uploads\/2021\/09\/47822-rivyk2-150x150.jpg\" class=\"attachment-125x125 size-125x125\" alt=\"Calcetines deportivos profesionales para hombre y mujer, medias transpirables para escalada, senderismo deportes\" srcset=\"https:\/\/bodegaoutdoor.cl\/store\/wp-content\/uploads\/2021\/09\/47822-rivyk2-150x150.jpg 150w, https:\/\/bodegaoutdoor.cl\/store\/wp-content\/uploads\/2021\/09\/47822-rivyk2-300x300.jpg 300w, https:\/\/bodegaoutdoor.cl\/store\/wp-content\/uploads\/2021\/09\/47822-rivyk2-100x100.jpg 100w, https:\/\/bodegaoutdoor.cl\/store\/wp-content\/uploads\/2021\/09\/47822-rivyk2-600x600.jpg 600w, https:\/\/bodegaoutdoor.cl\/store\/wp-content\/uploads\/2021\/09\/47822-rivyk2-768x768.jpg 768w, https:\/\/bodegaoutdoor.cl\/store\/wp-content\/uploads\/2021\/09\/47822-rivyk2.jpg 800w\" sizes=\"(max-width: 125px) 100vw, 125px\" \/>                                        <\/a>\n                                                                        <div class=\"media-body align-self-center product-widget-content\">\n                                        <div class=\"xs-product-header media woocommerce xs-wishlist \">\n                                                                                                                                        \n                                                                                                                                                \n<div\n\tclass=\"yith-wcwl-add-to-wishlist add-to-wishlist-47822 yith-wcwl-add-to-wishlist--link-style wishlist-fragment on-first-load\"\n\tdata-fragment-ref=\"47822\"\n\tdata-fragment-options=\"{&quot;base_url&quot;:&quot;&quot;,&quot;product_id&quot;:47822,&quot;parent_product_id&quot;:0,&quot;product_type&quot;:&quot;variable&quot;,&quot;is_single&quot;:false,&quot;in_default_wishlist&quot;:false,&quot;show_view&quot;:false,&quot;browse_wishlist_text&quot;:&quot;Lista Deseos&quot;,&quot;already_in_wishslist_text&quot;:&quot;The producto esta Agregado!&quot;,&quot;product_added_text&quot;:&quot;Producto Agregado!&quot;,&quot;available_multi_wishlist&quot;:false,&quot;disable_wishlist&quot;:false,&quot;show_count&quot;:false,&quot;ajax_loading&quot;:false,&quot;loop_position&quot;:&quot;after_add_to_cart&quot;,&quot;item&quot;:&quot;add_to_wishlist&quot;}\"\n>\n\t\t\t\n\t\t\t<!-- ADD TO WISHLIST -->\n\t\t\t\n<div class=\"yith-wcwl-add-button\">\n\t\t<a\n\t\thref=\"?add_to_wishlist=47822&#038;_wpnonce=98056c7fc2\"\n\t\tclass=\"add_to_wishlist single_add_to_wishlist\"\n\t\tdata-product-id=\"47822\"\n\t\tdata-product-type=\"variable\"\n\t\tdata-original-product-id=\"0\"\n\t\tdata-title=\"Lista Deseos\"\n\t\trel=\"nofollow\"\n\t>\n\t\t<svg id=\"yith-wcwl-icon-heart-outline\" class=\"yith-wcwl-icon-svg\" fill=\"none\" stroke-width=\"1.5\" stroke=\"currentColor\" viewbox=\"0 0 24 24\" xmlns=\"http:\/\/www.w3.org\/2000\/svg\">\n  <path stroke-linecap=\"round\" stroke-linejoin=\"round\" d=\"M21 8.25c0-2.485-2.099-4.5-4.688-4.5-1.935 0-3.597 1.126-4.312 2.733-.715-1.607-2.377-2.733-4.313-2.733C5.1 3.75 3 5.765 3 8.25c0 7.22 9 12 9 12s9-4.78 9-12Z\"><\/path>\n<\/svg>\t\t<span>Lista Deseos<\/span>\n\t<\/a>\n<\/div>\n\n\t\t\t<!-- COUNT TEXT -->\n\t\t\t\n\t\t\t<\/div>\n                                                                                                                                    <\/div>\n                                        <a class=\"product-title\" href=\"https:\/\/bodegaoutdoor.cl\/store\/product\/calcetines-deportivos-profesionales-para-hombre-y-mujer-medias-transpirables-para-escalada-senderismo-caminar-y-correr\/\">Calcetines deportivos profesionales para hombre y mujer, medias transpirables para escalada, senderismo deportes<\/a>\n                                        <span class=\"price\">\n                                            <del aria-hidden=\"true\"><span class=\"woocommerce-Price-amount amount\"><bdi><span class=\"woocommerce-Price-currencySymbol\" translate=\"no\">$<\/span>19,990<\/bdi><\/span><\/del> <span class=\"screen-reader-text\">El precio original era: $19,990.<\/span><ins aria-hidden=\"true\"><span class=\"woocommerce-Price-amount amount\"><bdi><span class=\"woocommerce-Price-currencySymbol\" translate=\"no\">$<\/span>9,990<\/bdi><\/span><\/ins><span class=\"screen-reader-text\">El precio actual es: $9,990.<\/span>                                        <\/span>\n                                    <\/div>\n                                <\/div>\n                                                                                                                                <div class=\"xs-product-widget media \">\n                                                                            <a class=\"xs_product_img_link\" href=\"https:\/\/bodegaoutdoor.cl\/store\/product\/gafas-de-sol-polarizadas-aoron-para-hombre-y-mujer-gafas-de-sol-clasicas-con-espejo-para-conducir-al-aire-libre-para-hombre-gafas-con-armazon-de-metal-uv400\/\">\n                                        <img loading=\"lazy\" decoding=\"async\" width=\"125\" height=\"125\" src=\"https:\/\/bodegaoutdoor.cl\/store\/wp-content\/uploads\/2020\/08\/9844-hi20fd-150x150.jpg\" class=\"attachment-125x125 size-125x125\" alt=\"Gafas de sol polarizadas Aoron para unisex, outdoor con armaz\u00f3n de Metal UV400\" srcset=\"https:\/\/bodegaoutdoor.cl\/store\/wp-content\/uploads\/2020\/08\/9844-hi20fd-150x150.jpg 150w, https:\/\/bodegaoutdoor.cl\/store\/wp-content\/uploads\/2020\/08\/9844-hi20fd-300x300.jpg 300w, https:\/\/bodegaoutdoor.cl\/store\/wp-content\/uploads\/2020\/08\/9844-hi20fd-100x100.jpg 100w, https:\/\/bodegaoutdoor.cl\/store\/wp-content\/uploads\/2020\/08\/9844-hi20fd-600x600.jpg 600w, https:\/\/bodegaoutdoor.cl\/store\/wp-content\/uploads\/2020\/08\/9844-hi20fd-768x768.jpg 768w, https:\/\/bodegaoutdoor.cl\/store\/wp-content\/uploads\/2020\/08\/9844-hi20fd.jpg 800w\" sizes=\"(max-width: 125px) 100vw, 125px\" \/>                                        <\/a>\n                                                                        <div class=\"media-body align-self-center product-widget-content\">\n                                        <div class=\"xs-product-header media woocommerce xs-wishlist \">\n                                                                                                                                        \n                                                                                                                                                \n<div\n\tclass=\"yith-wcwl-add-to-wishlist add-to-wishlist-9844 yith-wcwl-add-to-wishlist--link-style wishlist-fragment on-first-load\"\n\tdata-fragment-ref=\"9844\"\n\tdata-fragment-options=\"{&quot;base_url&quot;:&quot;&quot;,&quot;product_id&quot;:9844,&quot;parent_product_id&quot;:0,&quot;product_type&quot;:&quot;variable&quot;,&quot;is_single&quot;:false,&quot;in_default_wishlist&quot;:false,&quot;show_view&quot;:false,&quot;browse_wishlist_text&quot;:&quot;Lista Deseos&quot;,&quot;already_in_wishslist_text&quot;:&quot;The producto esta Agregado!&quot;,&quot;product_added_text&quot;:&quot;Producto Agregado!&quot;,&quot;available_multi_wishlist&quot;:false,&quot;disable_wishlist&quot;:false,&quot;show_count&quot;:false,&quot;ajax_loading&quot;:false,&quot;loop_position&quot;:&quot;after_add_to_cart&quot;,&quot;item&quot;:&quot;add_to_wishlist&quot;}\"\n>\n\t\t\t\n\t\t\t<!-- ADD TO WISHLIST -->\n\t\t\t\n<div class=\"yith-wcwl-add-button\">\n\t\t<a\n\t\thref=\"?add_to_wishlist=9844&#038;_wpnonce=98056c7fc2\"\n\t\tclass=\"add_to_wishlist single_add_to_wishlist\"\n\t\tdata-product-id=\"9844\"\n\t\tdata-product-type=\"variable\"\n\t\tdata-original-product-id=\"0\"\n\t\tdata-title=\"Lista Deseos\"\n\t\trel=\"nofollow\"\n\t>\n\t\t<svg id=\"yith-wcwl-icon-heart-outline\" class=\"yith-wcwl-icon-svg\" fill=\"none\" stroke-width=\"1.5\" stroke=\"currentColor\" viewbox=\"0 0 24 24\" xmlns=\"http:\/\/www.w3.org\/2000\/svg\">\n  <path stroke-linecap=\"round\" stroke-linejoin=\"round\" d=\"M21 8.25c0-2.485-2.099-4.5-4.688-4.5-1.935 0-3.597 1.126-4.312 2.733-.715-1.607-2.377-2.733-4.313-2.733C5.1 3.75 3 5.765 3 8.25c0 7.22 9 12 9 12s9-4.78 9-12Z\"><\/path>\n<\/svg>\t\t<span>Lista Deseos<\/span>\n\t<\/a>\n<\/div>\n\n\t\t\t<!-- COUNT TEXT -->\n\t\t\t\n\t\t\t<\/div>\n                                                                                                                                    <\/div>\n                                        <a class=\"product-title\" href=\"https:\/\/bodegaoutdoor.cl\/store\/product\/gafas-de-sol-polarizadas-aoron-para-hombre-y-mujer-gafas-de-sol-clasicas-con-espejo-para-conducir-al-aire-libre-para-hombre-gafas-con-armazon-de-metal-uv400\/\">Gafas de sol polarizadas Aoron para unisex, outdoor con armaz\u00f3n de Metal UV400<\/a>\n                                        <span class=\"price\">\n                                            <del aria-hidden=\"true\"><span class=\"woocommerce-Price-amount amount\"><bdi><span class=\"woocommerce-Price-currencySymbol\" translate=\"no\">$<\/span>24,990<\/bdi><\/span><\/del> <span class=\"screen-reader-text\">El precio original era: $24,990.<\/span><ins aria-hidden=\"true\"><span class=\"woocommerce-Price-amount amount\"><bdi><span class=\"woocommerce-Price-currencySymbol\" translate=\"no\">$<\/span>19,990<\/bdi><\/span><\/ins><span class=\"screen-reader-text\">El precio actual es: $19,990.<\/span>                                        <\/span>\n                                    <\/div>\n                                <\/div>\n                                                                <\/div>\n                                                                                                                            <div class=\"xs-tab-slider-item swiper-slide\">\n                                                            <div class=\"xs-product-widget media \">\n                                                                            <a class=\"xs_product_img_link\" href=\"https:\/\/bodegaoutdoor.cl\/store\/product\/mrerdith-senuelo-iscas-de-senuelos-pesca-jerk-minnow-100f-14g-wobbler-flotante-24-colores-cebo-duro-calidad-profesional-depth0-8-10m-isca-artificial-frete-gratis-black-minnow\/\">\n                                        <img loading=\"lazy\" decoding=\"async\" width=\"125\" height=\"125\" src=\"https:\/\/bodegaoutdoor.cl\/store\/wp-content\/uploads\/2022\/01\/52490-zcljgq-150x150.jpg\" class=\"attachment-125x125 size-125x125\" alt=\"MRERDITH-se\u00f1uelo iscas de se\u00f1uelos pesca JERK MINNOW 100F 14g, Wobbler flotante, 24 colores, cebo duro, calidad profesional Depth0.8-1,0m isca artificial frete gratis black minnow\" srcset=\"https:\/\/bodegaoutdoor.cl\/store\/wp-content\/uploads\/2022\/01\/52490-zcljgq-150x150.jpg 150w, https:\/\/bodegaoutdoor.cl\/store\/wp-content\/uploads\/2022\/01\/52490-zcljgq-300x300.jpg 300w, https:\/\/bodegaoutdoor.cl\/store\/wp-content\/uploads\/2022\/01\/52490-zcljgq-100x100.jpg 100w, https:\/\/bodegaoutdoor.cl\/store\/wp-content\/uploads\/2022\/01\/52490-zcljgq-600x600.jpg 600w, https:\/\/bodegaoutdoor.cl\/store\/wp-content\/uploads\/2022\/01\/52490-zcljgq-768x768.jpg 768w, https:\/\/bodegaoutdoor.cl\/store\/wp-content\/uploads\/2022\/01\/52490-zcljgq.jpg 800w\" sizes=\"(max-width: 125px) 100vw, 125px\" \/>                                        <\/a>\n                                                                        <div class=\"media-body align-self-center product-widget-content\">\n                                        <div class=\"xs-product-header media woocommerce xs-wishlist \">\n                                                                                                                                        \n                                                                                                                                                \n<div\n\tclass=\"yith-wcwl-add-to-wishlist add-to-wishlist-52490 yith-wcwl-add-to-wishlist--link-style wishlist-fragment on-first-load\"\n\tdata-fragment-ref=\"52490\"\n\tdata-fragment-options=\"{&quot;base_url&quot;:&quot;&quot;,&quot;product_id&quot;:52490,&quot;parent_product_id&quot;:0,&quot;product_type&quot;:&quot;variable&quot;,&quot;is_single&quot;:false,&quot;in_default_wishlist&quot;:false,&quot;show_view&quot;:false,&quot;browse_wishlist_text&quot;:&quot;Lista Deseos&quot;,&quot;already_in_wishslist_text&quot;:&quot;The producto esta Agregado!&quot;,&quot;product_added_text&quot;:&quot;Producto Agregado!&quot;,&quot;available_multi_wishlist&quot;:false,&quot;disable_wishlist&quot;:false,&quot;show_count&quot;:false,&quot;ajax_loading&quot;:false,&quot;loop_position&quot;:&quot;after_add_to_cart&quot;,&quot;item&quot;:&quot;add_to_wishlist&quot;}\"\n>\n\t\t\t\n\t\t\t<!-- ADD TO WISHLIST -->\n\t\t\t\n<div class=\"yith-wcwl-add-button\">\n\t\t<a\n\t\thref=\"?add_to_wishlist=52490&#038;_wpnonce=98056c7fc2\"\n\t\tclass=\"add_to_wishlist single_add_to_wishlist\"\n\t\tdata-product-id=\"52490\"\n\t\tdata-product-type=\"variable\"\n\t\tdata-original-product-id=\"0\"\n\t\tdata-title=\"Lista Deseos\"\n\t\trel=\"nofollow\"\n\t>\n\t\t<svg id=\"yith-wcwl-icon-heart-outline\" class=\"yith-wcwl-icon-svg\" fill=\"none\" stroke-width=\"1.5\" stroke=\"currentColor\" viewbox=\"0 0 24 24\" xmlns=\"http:\/\/www.w3.org\/2000\/svg\">\n  <path stroke-linecap=\"round\" stroke-linejoin=\"round\" d=\"M21 8.25c0-2.485-2.099-4.5-4.688-4.5-1.935 0-3.597 1.126-4.312 2.733-.715-1.607-2.377-2.733-4.313-2.733C5.1 3.75 3 5.765 3 8.25c0 7.22 9 12 9 12s9-4.78 9-12Z\"><\/path>\n<\/svg>\t\t<span>Lista Deseos<\/span>\n\t<\/a>\n<\/div>\n\n\t\t\t<!-- COUNT TEXT -->\n\t\t\t\n\t\t\t<\/div>\n                                                                                                                                    <\/div>\n                                        <a class=\"product-title\" href=\"https:\/\/bodegaoutdoor.cl\/store\/product\/mrerdith-senuelo-iscas-de-senuelos-pesca-jerk-minnow-100f-14g-wobbler-flotante-24-colores-cebo-duro-calidad-profesional-depth0-8-10m-isca-artificial-frete-gratis-black-minnow\/\">MRERDITH-se\u00f1uelo iscas de se\u00f1uelos pesca JERK MINNOW 100F 14g, Wobbler flotante, 24 colores, cebo duro, calidad profesional Depth0.8-1,0m isca artificial frete gratis black minnow<\/a>\n                                        <span class=\"price\">\n                                            <span class=\"woocommerce-Price-amount amount\"><bdi><span class=\"woocommerce-Price-currencySymbol\" translate=\"no\">$<\/span>5,990<\/bdi><\/span>                                        <\/span>\n                                    <\/div>\n                                <\/div>\n                                                                                                                                <div class=\"xs-product-widget media \">\n                                                                            <a class=\"xs_product_img_link\" href=\"https:\/\/bodegaoutdoor.cl\/store\/product\/strava-conjuntos-de-camisetas-y-pantalones-cortos-de-ciclismo-color-rojo-verde-fluorescente-maillot-de-ciclismo\/\">\n                                        <img loading=\"lazy\" decoding=\"async\" width=\"125\" height=\"125\" src=\"https:\/\/bodegaoutdoor.cl\/store\/wp-content\/uploads\/2021\/09\/48062-xcf2js-150x150.jpg\" class=\"attachment-125x125 size-125x125\" alt=\"STRAVA-Conjunto de camisetas y pantalones cortos de ciclismo, color rojo, verde fluorescente, maillot de ciclismo\" srcset=\"https:\/\/bodegaoutdoor.cl\/store\/wp-content\/uploads\/2021\/09\/48062-xcf2js-150x150.jpg 150w, https:\/\/bodegaoutdoor.cl\/store\/wp-content\/uploads\/2021\/09\/48062-xcf2js-300x300.jpg 300w, https:\/\/bodegaoutdoor.cl\/store\/wp-content\/uploads\/2021\/09\/48062-xcf2js-100x100.jpg 100w, https:\/\/bodegaoutdoor.cl\/store\/wp-content\/uploads\/2021\/09\/48062-xcf2js-600x600.jpg 600w, https:\/\/bodegaoutdoor.cl\/store\/wp-content\/uploads\/2021\/09\/48062-xcf2js-768x768.jpg 768w, https:\/\/bodegaoutdoor.cl\/store\/wp-content\/uploads\/2021\/09\/48062-xcf2js.jpg 900w\" sizes=\"(max-width: 125px) 100vw, 125px\" \/>                                        <\/a>\n                                                                        <div class=\"media-body align-self-center product-widget-content\">\n                                        <div class=\"xs-product-header media woocommerce xs-wishlist \">\n                                                                                                                                        \n                                                                                                                                                \n<div\n\tclass=\"yith-wcwl-add-to-wishlist add-to-wishlist-48062 yith-wcwl-add-to-wishlist--link-style wishlist-fragment on-first-load\"\n\tdata-fragment-ref=\"48062\"\n\tdata-fragment-options=\"{&quot;base_url&quot;:&quot;&quot;,&quot;product_id&quot;:48062,&quot;parent_product_id&quot;:0,&quot;product_type&quot;:&quot;variable&quot;,&quot;is_single&quot;:false,&quot;in_default_wishlist&quot;:false,&quot;show_view&quot;:false,&quot;browse_wishlist_text&quot;:&quot;Lista Deseos&quot;,&quot;already_in_wishslist_text&quot;:&quot;The producto esta Agregado!&quot;,&quot;product_added_text&quot;:&quot;Producto Agregado!&quot;,&quot;available_multi_wishlist&quot;:false,&quot;disable_wishlist&quot;:false,&quot;show_count&quot;:false,&quot;ajax_loading&quot;:false,&quot;loop_position&quot;:&quot;after_add_to_cart&quot;,&quot;item&quot;:&quot;add_to_wishlist&quot;}\"\n>\n\t\t\t\n\t\t\t<!-- ADD TO WISHLIST -->\n\t\t\t\n<div class=\"yith-wcwl-add-button\">\n\t\t<a\n\t\thref=\"?add_to_wishlist=48062&#038;_wpnonce=98056c7fc2\"\n\t\tclass=\"add_to_wishlist single_add_to_wishlist\"\n\t\tdata-product-id=\"48062\"\n\t\tdata-product-type=\"variable\"\n\t\tdata-original-product-id=\"0\"\n\t\tdata-title=\"Lista Deseos\"\n\t\trel=\"nofollow\"\n\t>\n\t\t<svg id=\"yith-wcwl-icon-heart-outline\" class=\"yith-wcwl-icon-svg\" fill=\"none\" stroke-width=\"1.5\" stroke=\"currentColor\" viewbox=\"0 0 24 24\" xmlns=\"http:\/\/www.w3.org\/2000\/svg\">\n  <path stroke-linecap=\"round\" stroke-linejoin=\"round\" d=\"M21 8.25c0-2.485-2.099-4.5-4.688-4.5-1.935 0-3.597 1.126-4.312 2.733-.715-1.607-2.377-2.733-4.313-2.733C5.1 3.75 3 5.765 3 8.25c0 7.22 9 12 9 12s9-4.78 9-12Z\"><\/path>\n<\/svg>\t\t<span>Lista Deseos<\/span>\n\t<\/a>\n<\/div>\n\n\t\t\t<!-- COUNT TEXT -->\n\t\t\t\n\t\t\t<\/div>\n                                                                                                                                    <\/div>\n                                        <a class=\"product-title\" href=\"https:\/\/bodegaoutdoor.cl\/store\/product\/strava-conjuntos-de-camisetas-y-pantalones-cortos-de-ciclismo-color-rojo-verde-fluorescente-maillot-de-ciclismo\/\">STRAVA-Conjunto de camisetas y pantalones cortos de ciclismo, color rojo, verde fluorescente, maillot de ciclismo<\/a>\n                                        <span class=\"price\">\n                                            <span class=\"woocommerce-Price-amount amount\" aria-hidden=\"true\"><bdi><span class=\"woocommerce-Price-currencySymbol\" translate=\"no\">$<\/span>24,990<\/bdi><\/span> <span aria-hidden=\"true\">-<\/span> <span class=\"woocommerce-Price-amount amount\" aria-hidden=\"true\"><bdi><span class=\"woocommerce-Price-currencySymbol\" translate=\"no\">$<\/span>39,990<\/bdi><\/span><span class=\"screen-reader-text\">Rango de precios: desde $24,990 hasta $39,990<\/span>                                        <\/span>\n                                    <\/div>\n                                <\/div>\n                                                                                                                                <div class=\"xs-product-widget media \">\n                                                                            <a class=\"xs_product_img_link\" href=\"https:\/\/bodegaoutdoor.cl\/store\/product\/pasamontanas-de-camuflaje-completa-depores-ciclismo-bufanda\/\">\n                                        <img loading=\"lazy\" decoding=\"async\" width=\"125\" height=\"125\" src=\"https:\/\/bodegaoutdoor.cl\/store\/wp-content\/uploads\/2020\/12\/22448-aaufkm-150x150.jpg\" class=\"attachment-125x125 size-125x125\" alt=\"Pasamonta\u00f1as de camuflaje completa, depores, ciclismo,  bufanda\" srcset=\"https:\/\/bodegaoutdoor.cl\/store\/wp-content\/uploads\/2020\/12\/22448-aaufkm-150x150.jpg 150w, https:\/\/bodegaoutdoor.cl\/store\/wp-content\/uploads\/2020\/12\/22448-aaufkm-300x300.jpg 300w, https:\/\/bodegaoutdoor.cl\/store\/wp-content\/uploads\/2020\/12\/22448-aaufkm-100x100.jpg 100w, https:\/\/bodegaoutdoor.cl\/store\/wp-content\/uploads\/2020\/12\/22448-aaufkm-600x600.jpg 600w, https:\/\/bodegaoutdoor.cl\/store\/wp-content\/uploads\/2020\/12\/22448-aaufkm-768x768.jpg 768w, https:\/\/bodegaoutdoor.cl\/store\/wp-content\/uploads\/2020\/12\/22448-aaufkm.jpg 1200w\" sizes=\"(max-width: 125px) 100vw, 125px\" \/>                                        <\/a>\n                                                                        <div class=\"media-body align-self-center product-widget-content\">\n                                        <div class=\"xs-product-header media woocommerce xs-wishlist \">\n                                                                                                                                        \n                                                                                                                                                \n<div\n\tclass=\"yith-wcwl-add-to-wishlist add-to-wishlist-22448 yith-wcwl-add-to-wishlist--link-style wishlist-fragment on-first-load\"\n\tdata-fragment-ref=\"22448\"\n\tdata-fragment-options=\"{&quot;base_url&quot;:&quot;&quot;,&quot;product_id&quot;:22448,&quot;parent_product_id&quot;:0,&quot;product_type&quot;:&quot;variable&quot;,&quot;is_single&quot;:false,&quot;in_default_wishlist&quot;:false,&quot;show_view&quot;:false,&quot;browse_wishlist_text&quot;:&quot;Lista Deseos&quot;,&quot;already_in_wishslist_text&quot;:&quot;The producto esta Agregado!&quot;,&quot;product_added_text&quot;:&quot;Producto Agregado!&quot;,&quot;available_multi_wishlist&quot;:false,&quot;disable_wishlist&quot;:false,&quot;show_count&quot;:false,&quot;ajax_loading&quot;:false,&quot;loop_position&quot;:&quot;after_add_to_cart&quot;,&quot;item&quot;:&quot;add_to_wishlist&quot;}\"\n>\n\t\t\t\n\t\t\t<!-- ADD TO WISHLIST -->\n\t\t\t\n<div class=\"yith-wcwl-add-button\">\n\t\t<a\n\t\thref=\"?add_to_wishlist=22448&#038;_wpnonce=98056c7fc2\"\n\t\tclass=\"add_to_wishlist single_add_to_wishlist\"\n\t\tdata-product-id=\"22448\"\n\t\tdata-product-type=\"variable\"\n\t\tdata-original-product-id=\"0\"\n\t\tdata-title=\"Lista Deseos\"\n\t\trel=\"nofollow\"\n\t>\n\t\t<svg id=\"yith-wcwl-icon-heart-outline\" class=\"yith-wcwl-icon-svg\" fill=\"none\" stroke-width=\"1.5\" stroke=\"currentColor\" viewbox=\"0 0 24 24\" xmlns=\"http:\/\/www.w3.org\/2000\/svg\">\n  <path stroke-linecap=\"round\" stroke-linejoin=\"round\" d=\"M21 8.25c0-2.485-2.099-4.5-4.688-4.5-1.935 0-3.597 1.126-4.312 2.733-.715-1.607-2.377-2.733-4.313-2.733C5.1 3.75 3 5.765 3 8.25c0 7.22 9 12 9 12s9-4.78 9-12Z\"><\/path>\n<\/svg>\t\t<span>Lista Deseos<\/span>\n\t<\/a>\n<\/div>\n\n\t\t\t<!-- COUNT TEXT -->\n\t\t\t\n\t\t\t<\/div>\n                                                                                                                                    <\/div>\n                                        <a class=\"product-title\" href=\"https:\/\/bodegaoutdoor.cl\/store\/product\/pasamontanas-de-camuflaje-completa-depores-ciclismo-bufanda\/\">Pasamonta\u00f1as de camuflaje completa, depores, ciclismo,  bufanda<\/a>\n                                        <span class=\"price\">\n                                            <del aria-hidden=\"true\"><span class=\"woocommerce-Price-amount amount\"><bdi><span class=\"woocommerce-Price-currencySymbol\" translate=\"no\">$<\/span>11,990<\/bdi><\/span><\/del> <span class=\"screen-reader-text\">El precio original era: $11,990.<\/span><ins aria-hidden=\"true\"><span class=\"woocommerce-Price-amount amount\"><bdi><span class=\"woocommerce-Price-currencySymbol\" translate=\"no\">$<\/span>9,990<\/bdi><\/span><\/ins><span class=\"screen-reader-text\">El precio actual es: $9,990.<\/span>                                        <\/span>\n                                    <\/div>\n                                <\/div>\n                                                                <\/div>\n                                                                                                                            <div class=\"xs-tab-slider-item swiper-slide\">\n                                                            <div class=\"xs-product-widget media \">\n                                                                            <a class=\"xs_product_img_link\" href=\"https:\/\/bodegaoutdoor.cl\/store\/product\/shimano-gafas-de-sol-para-hombre-y-mujer-lentes-de-sol-para-ciclismo-al-aire-libre-pesca-conduccion-viajes-se-pueden-equipar-con-estuches-para-gafas\/\">\n                                        <img loading=\"lazy\" decoding=\"async\" width=\"125\" height=\"125\" src=\"https:\/\/bodegaoutdoor.cl\/store\/wp-content\/uploads\/2023\/04\/70209-amjgrq-150x150.jpg\" class=\"attachment-125x125 size-125x125\" alt=\"Shimano-Gafas hombre y mujer, lentes de sol para ciclismo Outdoor, pesca, conducci\u00f3n, viajes\" srcset=\"https:\/\/bodegaoutdoor.cl\/store\/wp-content\/uploads\/2023\/04\/70209-amjgrq-150x150.jpg 150w, https:\/\/bodegaoutdoor.cl\/store\/wp-content\/uploads\/2023\/04\/70209-amjgrq-300x300.jpg 300w, https:\/\/bodegaoutdoor.cl\/store\/wp-content\/uploads\/2023\/04\/70209-amjgrq-100x100.jpg 100w, https:\/\/bodegaoutdoor.cl\/store\/wp-content\/uploads\/2023\/04\/70209-amjgrq-600x600.jpg 600w, https:\/\/bodegaoutdoor.cl\/store\/wp-content\/uploads\/2023\/04\/70209-amjgrq-768x768.jpg 768w, https:\/\/bodegaoutdoor.cl\/store\/wp-content\/uploads\/2023\/04\/70209-amjgrq-350x350.jpg 350w, https:\/\/bodegaoutdoor.cl\/store\/wp-content\/uploads\/2023\/04\/70209-amjgrq.jpg 800w\" sizes=\"(max-width: 125px) 100vw, 125px\" \/>                                        <\/a>\n                                                                        <div class=\"media-body align-self-center product-widget-content\">\n                                        <div class=\"xs-product-header media woocommerce xs-wishlist \">\n                                                                                                                                        \n                                                                                                                                                \n<div\n\tclass=\"yith-wcwl-add-to-wishlist add-to-wishlist-70209 yith-wcwl-add-to-wishlist--link-style wishlist-fragment on-first-load\"\n\tdata-fragment-ref=\"70209\"\n\tdata-fragment-options=\"{&quot;base_url&quot;:&quot;&quot;,&quot;product_id&quot;:70209,&quot;parent_product_id&quot;:0,&quot;product_type&quot;:&quot;variable&quot;,&quot;is_single&quot;:false,&quot;in_default_wishlist&quot;:false,&quot;show_view&quot;:false,&quot;browse_wishlist_text&quot;:&quot;Lista Deseos&quot;,&quot;already_in_wishslist_text&quot;:&quot;The producto esta Agregado!&quot;,&quot;product_added_text&quot;:&quot;Producto Agregado!&quot;,&quot;available_multi_wishlist&quot;:false,&quot;disable_wishlist&quot;:false,&quot;show_count&quot;:false,&quot;ajax_loading&quot;:false,&quot;loop_position&quot;:&quot;after_add_to_cart&quot;,&quot;item&quot;:&quot;add_to_wishlist&quot;}\"\n>\n\t\t\t\n\t\t\t<!-- ADD TO WISHLIST -->\n\t\t\t\n<div class=\"yith-wcwl-add-button\">\n\t\t<a\n\t\thref=\"?add_to_wishlist=70209&#038;_wpnonce=98056c7fc2\"\n\t\tclass=\"add_to_wishlist single_add_to_wishlist\"\n\t\tdata-product-id=\"70209\"\n\t\tdata-product-type=\"variable\"\n\t\tdata-original-product-id=\"0\"\n\t\tdata-title=\"Lista Deseos\"\n\t\trel=\"nofollow\"\n\t>\n\t\t<svg id=\"yith-wcwl-icon-heart-outline\" class=\"yith-wcwl-icon-svg\" fill=\"none\" stroke-width=\"1.5\" stroke=\"currentColor\" viewbox=\"0 0 24 24\" xmlns=\"http:\/\/www.w3.org\/2000\/svg\">\n  <path stroke-linecap=\"round\" stroke-linejoin=\"round\" d=\"M21 8.25c0-2.485-2.099-4.5-4.688-4.5-1.935 0-3.597 1.126-4.312 2.733-.715-1.607-2.377-2.733-4.313-2.733C5.1 3.75 3 5.765 3 8.25c0 7.22 9 12 9 12s9-4.78 9-12Z\"><\/path>\n<\/svg>\t\t<span>Lista Deseos<\/span>\n\t<\/a>\n<\/div>\n\n\t\t\t<!-- COUNT TEXT -->\n\t\t\t\n\t\t\t<\/div>\n                                                                                                                                    <\/div>\n                                        <a class=\"product-title\" href=\"https:\/\/bodegaoutdoor.cl\/store\/product\/shimano-gafas-de-sol-para-hombre-y-mujer-lentes-de-sol-para-ciclismo-al-aire-libre-pesca-conduccion-viajes-se-pueden-equipar-con-estuches-para-gafas\/\">Shimano-Gafas hombre y mujer, lentes de sol para ciclismo Outdoor, pesca, conducci\u00f3n, viajes<\/a>\n                                        <span class=\"price\">\n                                            <del aria-hidden=\"true\"><span class=\"woocommerce-Price-amount amount\"><bdi><span class=\"woocommerce-Price-currencySymbol\" translate=\"no\">$<\/span>39,990<\/bdi><\/span><\/del> <span class=\"screen-reader-text\">El precio original era: $39,990.<\/span><ins aria-hidden=\"true\"><span class=\"woocommerce-Price-amount amount\"><bdi><span class=\"woocommerce-Price-currencySymbol\" translate=\"no\">$<\/span>29,990<\/bdi><\/span><\/ins><span class=\"screen-reader-text\">El precio actual es: $29,990.<\/span>                                        <\/span>\n                                    <\/div>\n                                <\/div>\n                                                                                                                                <div class=\"xs-product-widget media \">\n                                                                            <a class=\"xs_product_img_link\" href=\"https:\/\/bodegaoutdoor.cl\/store\/product\/gafas-de-sol-cuadradas-de-clasicas-polarizadas-para-hombre-y-mujer-lentes-de-sol-de-lujo-a-la-moda-antideslumbrantes-para-viajes-y-conduccion-tr90-uv400\/\">\n                                        <img loading=\"lazy\" decoding=\"async\" width=\"125\" height=\"125\" src=\"https:\/\/bodegaoutdoor.cl\/store\/wp-content\/uploads\/2023\/02\/66091-rjm3sj-150x150.jpg\" class=\"attachment-125x125 size-125x125\" alt=\"Gafas de sol cuadradas polarizadas, lentes de sol, para viajes y conducci\u00f3n, TR90, UV400\" srcset=\"https:\/\/bodegaoutdoor.cl\/store\/wp-content\/uploads\/2023\/02\/66091-rjm3sj-150x150.jpg 150w, https:\/\/bodegaoutdoor.cl\/store\/wp-content\/uploads\/2023\/02\/66091-rjm3sj-300x300.jpg 300w, https:\/\/bodegaoutdoor.cl\/store\/wp-content\/uploads\/2023\/02\/66091-rjm3sj-100x100.jpg 100w, https:\/\/bodegaoutdoor.cl\/store\/wp-content\/uploads\/2023\/02\/66091-rjm3sj-600x600.jpg 600w, https:\/\/bodegaoutdoor.cl\/store\/wp-content\/uploads\/2023\/02\/66091-rjm3sj-768x768.jpg 768w, https:\/\/bodegaoutdoor.cl\/store\/wp-content\/uploads\/2023\/02\/66091-rjm3sj-32x32.jpg 32w, https:\/\/bodegaoutdoor.cl\/store\/wp-content\/uploads\/2023\/02\/66091-rjm3sj.jpg 800w\" sizes=\"(max-width: 125px) 100vw, 125px\" \/>                                        <\/a>\n                                                                        <div class=\"media-body align-self-center product-widget-content\">\n                                        <div class=\"xs-product-header media woocommerce xs-wishlist \">\n                                                                                                                                        \n                                                                                                                                                \n<div\n\tclass=\"yith-wcwl-add-to-wishlist add-to-wishlist-66091 yith-wcwl-add-to-wishlist--link-style wishlist-fragment on-first-load\"\n\tdata-fragment-ref=\"66091\"\n\tdata-fragment-options=\"{&quot;base_url&quot;:&quot;&quot;,&quot;product_id&quot;:66091,&quot;parent_product_id&quot;:0,&quot;product_type&quot;:&quot;variable&quot;,&quot;is_single&quot;:false,&quot;in_default_wishlist&quot;:false,&quot;show_view&quot;:false,&quot;browse_wishlist_text&quot;:&quot;Lista Deseos&quot;,&quot;already_in_wishslist_text&quot;:&quot;The producto esta Agregado!&quot;,&quot;product_added_text&quot;:&quot;Producto Agregado!&quot;,&quot;available_multi_wishlist&quot;:false,&quot;disable_wishlist&quot;:false,&quot;show_count&quot;:false,&quot;ajax_loading&quot;:false,&quot;loop_position&quot;:&quot;after_add_to_cart&quot;,&quot;item&quot;:&quot;add_to_wishlist&quot;}\"\n>\n\t\t\t\n\t\t\t<!-- ADD TO WISHLIST -->\n\t\t\t\n<div class=\"yith-wcwl-add-button\">\n\t\t<a\n\t\thref=\"?add_to_wishlist=66091&#038;_wpnonce=98056c7fc2\"\n\t\tclass=\"add_to_wishlist single_add_to_wishlist\"\n\t\tdata-product-id=\"66091\"\n\t\tdata-product-type=\"variable\"\n\t\tdata-original-product-id=\"0\"\n\t\tdata-title=\"Lista Deseos\"\n\t\trel=\"nofollow\"\n\t>\n\t\t<svg id=\"yith-wcwl-icon-heart-outline\" class=\"yith-wcwl-icon-svg\" fill=\"none\" stroke-width=\"1.5\" stroke=\"currentColor\" viewbox=\"0 0 24 24\" xmlns=\"http:\/\/www.w3.org\/2000\/svg\">\n  <path stroke-linecap=\"round\" stroke-linejoin=\"round\" d=\"M21 8.25c0-2.485-2.099-4.5-4.688-4.5-1.935 0-3.597 1.126-4.312 2.733-.715-1.607-2.377-2.733-4.313-2.733C5.1 3.75 3 5.765 3 8.25c0 7.22 9 12 9 12s9-4.78 9-12Z\"><\/path>\n<\/svg>\t\t<span>Lista Deseos<\/span>\n\t<\/a>\n<\/div>\n\n\t\t\t<!-- COUNT TEXT -->\n\t\t\t\n\t\t\t<\/div>\n                                                                                                                                    <\/div>\n                                        <a class=\"product-title\" href=\"https:\/\/bodegaoutdoor.cl\/store\/product\/gafas-de-sol-cuadradas-de-clasicas-polarizadas-para-hombre-y-mujer-lentes-de-sol-de-lujo-a-la-moda-antideslumbrantes-para-viajes-y-conduccion-tr90-uv400\/\">Gafas de sol cuadradas polarizadas, lentes de sol, para viajes y conducci\u00f3n, TR90, UV400<\/a>\n                                        <span class=\"price\">\n                                            <del aria-hidden=\"true\"><span class=\"woocommerce-Price-amount amount\"><bdi><span class=\"woocommerce-Price-currencySymbol\" translate=\"no\">$<\/span>19,990<\/bdi><\/span><\/del> <span class=\"screen-reader-text\">El precio original era: $19,990.<\/span><ins aria-hidden=\"true\"><span class=\"woocommerce-Price-amount amount\"><bdi><span class=\"woocommerce-Price-currencySymbol\" translate=\"no\">$<\/span>14,990<\/bdi><\/span><\/ins><span class=\"screen-reader-text\">El precio actual es: $14,990.<\/span>                                        <\/span>\n                                    <\/div>\n                                <\/div>\n                                                                                                                                <div class=\"xs-product-widget media \">\n                                                                            <a class=\"xs_product_img_link\" href=\"https:\/\/bodegaoutdoor.cl\/store\/product\/detalles-acerca-de-gopro-hero-7-negro-12-mega-pixeles-camara-videocamara-4k-impermeable-paquete-de-accion\/\">\n                                        <img loading=\"lazy\" decoding=\"async\" width=\"125\" height=\"125\" src=\"https:\/\/bodegaoutdoor.cl\/store\/wp-content\/uploads\/2020\/08\/10270-hc1ag7-150x150.jpg\" class=\"attachment-125x125 size-125x125\" alt=\"Camara GoPro Hero 7 Negro 12 Mega p\u00edxeles c\u00e1mara Videoc\u00e1mara 4K Impermeable\" srcset=\"https:\/\/bodegaoutdoor.cl\/store\/wp-content\/uploads\/2020\/08\/10270-hc1ag7-150x150.jpg 150w, https:\/\/bodegaoutdoor.cl\/store\/wp-content\/uploads\/2020\/08\/10270-hc1ag7-300x300.jpg 300w, https:\/\/bodegaoutdoor.cl\/store\/wp-content\/uploads\/2020\/08\/10270-hc1ag7-100x100.jpg 100w, https:\/\/bodegaoutdoor.cl\/store\/wp-content\/uploads\/2020\/08\/10270-hc1ag7.jpg 500w\" sizes=\"(max-width: 125px) 100vw, 125px\" \/>                                        <\/a>\n                                                                        <div class=\"media-body align-self-center product-widget-content\">\n                                        <div class=\"xs-product-header media woocommerce xs-wishlist \">\n                                                                                                                                        \n                                                                                                                                                \n<div\n\tclass=\"yith-wcwl-add-to-wishlist add-to-wishlist-10270 yith-wcwl-add-to-wishlist--link-style wishlist-fragment on-first-load\"\n\tdata-fragment-ref=\"10270\"\n\tdata-fragment-options=\"{&quot;base_url&quot;:&quot;&quot;,&quot;product_id&quot;:10270,&quot;parent_product_id&quot;:0,&quot;product_type&quot;:&quot;simple&quot;,&quot;is_single&quot;:false,&quot;in_default_wishlist&quot;:false,&quot;show_view&quot;:false,&quot;browse_wishlist_text&quot;:&quot;Lista Deseos&quot;,&quot;already_in_wishslist_text&quot;:&quot;The producto esta Agregado!&quot;,&quot;product_added_text&quot;:&quot;Producto Agregado!&quot;,&quot;available_multi_wishlist&quot;:false,&quot;disable_wishlist&quot;:false,&quot;show_count&quot;:false,&quot;ajax_loading&quot;:false,&quot;loop_position&quot;:&quot;after_add_to_cart&quot;,&quot;item&quot;:&quot;add_to_wishlist&quot;}\"\n>\n\t\t\t\n\t\t\t<!-- ADD TO WISHLIST -->\n\t\t\t\n<div class=\"yith-wcwl-add-button\">\n\t\t<a\n\t\thref=\"?add_to_wishlist=10270&#038;_wpnonce=98056c7fc2\"\n\t\tclass=\"add_to_wishlist single_add_to_wishlist\"\n\t\tdata-product-id=\"10270\"\n\t\tdata-product-type=\"simple\"\n\t\tdata-original-product-id=\"0\"\n\t\tdata-title=\"Lista Deseos\"\n\t\trel=\"nofollow\"\n\t>\n\t\t<svg id=\"yith-wcwl-icon-heart-outline\" class=\"yith-wcwl-icon-svg\" fill=\"none\" stroke-width=\"1.5\" stroke=\"currentColor\" viewbox=\"0 0 24 24\" xmlns=\"http:\/\/www.w3.org\/2000\/svg\">\n  <path stroke-linecap=\"round\" stroke-linejoin=\"round\" d=\"M21 8.25c0-2.485-2.099-4.5-4.688-4.5-1.935 0-3.597 1.126-4.312 2.733-.715-1.607-2.377-2.733-4.313-2.733C5.1 3.75 3 5.765 3 8.25c0 7.22 9 12 9 12s9-4.78 9-12Z\"><\/path>\n<\/svg>\t\t<span>Lista Deseos<\/span>\n\t<\/a>\n<\/div>\n\n\t\t\t<!-- COUNT TEXT -->\n\t\t\t\n\t\t\t<\/div>\n                                                                                                                                    <\/div>\n                                        <a class=\"product-title\" href=\"https:\/\/bodegaoutdoor.cl\/store\/product\/detalles-acerca-de-gopro-hero-7-negro-12-mega-pixeles-camara-videocamara-4k-impermeable-paquete-de-accion\/\">Camara GoPro Hero 7 Negro 12 Mega p\u00edxeles c\u00e1mara Videoc\u00e1mara 4K Impermeable<\/a>\n                                        <span class=\"price\">\n                                            <del aria-hidden=\"true\"><span class=\"woocommerce-Price-amount amount\"><bdi><span class=\"woocommerce-Price-currencySymbol\" translate=\"no\">$<\/span>399,990<\/bdi><\/span><\/del> <span class=\"screen-reader-text\">El precio original era: $399,990.<\/span><ins aria-hidden=\"true\"><span class=\"woocommerce-Price-amount amount\"><bdi><span class=\"woocommerce-Price-currencySymbol\" translate=\"no\">$<\/span>319,990<\/bdi><\/span><\/ins><span class=\"screen-reader-text\">El precio actual es: $319,990.<\/span>                                        <\/span>\n                                    <\/div>\n                                <\/div>\n                                                                <\/div>\n                                                                                                                            <div class=\"xs-tab-slider-item swiper-slide\">\n                                                            <div class=\"xs-product-widget media \">\n                                                                            <a class=\"xs_product_img_link\" href=\"https:\/\/bodegaoutdoor.cl\/store\/product\/reloj-inteligente-fd68s-para-hombre-y-mujer-pulsera-inteligente-con-bluetooth-tactil-fitness-conectado-para-ios-y-android-wear-os-smartwatch-reloj-mujer-elegante\/\">\n                                        <img loading=\"lazy\" decoding=\"async\" width=\"125\" height=\"125\" src=\"https:\/\/bodegaoutdoor.cl\/store\/wp-content\/uploads\/2022\/06\/58225-yuymvj-150x150.jpg\" class=\"attachment-125x125 size-125x125\" alt=\"Reloj inteligente FD68S para hombre y mujer, pulsera inteligente con Bluetooth, t\u00e1ctil, Fitness, conectado, para IOS y Android, wear os smartwatch, reloj mujer elegante\" srcset=\"https:\/\/bodegaoutdoor.cl\/store\/wp-content\/uploads\/2022\/06\/58225-yuymvj-150x150.jpg 150w, https:\/\/bodegaoutdoor.cl\/store\/wp-content\/uploads\/2022\/06\/58225-yuymvj-300x300.jpg 300w, https:\/\/bodegaoutdoor.cl\/store\/wp-content\/uploads\/2022\/06\/58225-yuymvj-100x100.jpg 100w, https:\/\/bodegaoutdoor.cl\/store\/wp-content\/uploads\/2022\/06\/58225-yuymvj-600x600.jpg 600w, https:\/\/bodegaoutdoor.cl\/store\/wp-content\/uploads\/2022\/06\/58225-yuymvj-768x768.jpg 768w, https:\/\/bodegaoutdoor.cl\/store\/wp-content\/uploads\/2022\/06\/58225-yuymvj.jpg 800w\" sizes=\"(max-width: 125px) 100vw, 125px\" \/>                                        <\/a>\n                                                                        <div class=\"media-body align-self-center product-widget-content\">\n                                        <div class=\"xs-product-header media woocommerce xs-wishlist \">\n                                                                                                                                        \n                                                                                                                                                \n<div\n\tclass=\"yith-wcwl-add-to-wishlist add-to-wishlist-58225 yith-wcwl-add-to-wishlist--link-style wishlist-fragment on-first-load\"\n\tdata-fragment-ref=\"58225\"\n\tdata-fragment-options=\"{&quot;base_url&quot;:&quot;&quot;,&quot;product_id&quot;:58225,&quot;parent_product_id&quot;:0,&quot;product_type&quot;:&quot;variable&quot;,&quot;is_single&quot;:false,&quot;in_default_wishlist&quot;:false,&quot;show_view&quot;:false,&quot;browse_wishlist_text&quot;:&quot;Lista Deseos&quot;,&quot;already_in_wishslist_text&quot;:&quot;The producto esta Agregado!&quot;,&quot;product_added_text&quot;:&quot;Producto Agregado!&quot;,&quot;available_multi_wishlist&quot;:false,&quot;disable_wishlist&quot;:false,&quot;show_count&quot;:false,&quot;ajax_loading&quot;:false,&quot;loop_position&quot;:&quot;after_add_to_cart&quot;,&quot;item&quot;:&quot;add_to_wishlist&quot;}\"\n>\n\t\t\t\n\t\t\t<!-- ADD TO WISHLIST -->\n\t\t\t\n<div class=\"yith-wcwl-add-button\">\n\t\t<a\n\t\thref=\"?add_to_wishlist=58225&#038;_wpnonce=98056c7fc2\"\n\t\tclass=\"add_to_wishlist single_add_to_wishlist\"\n\t\tdata-product-id=\"58225\"\n\t\tdata-product-type=\"variable\"\n\t\tdata-original-product-id=\"0\"\n\t\tdata-title=\"Lista Deseos\"\n\t\trel=\"nofollow\"\n\t>\n\t\t<svg id=\"yith-wcwl-icon-heart-outline\" class=\"yith-wcwl-icon-svg\" fill=\"none\" stroke-width=\"1.5\" stroke=\"currentColor\" viewbox=\"0 0 24 24\" xmlns=\"http:\/\/www.w3.org\/2000\/svg\">\n  <path stroke-linecap=\"round\" stroke-linejoin=\"round\" d=\"M21 8.25c0-2.485-2.099-4.5-4.688-4.5-1.935 0-3.597 1.126-4.312 2.733-.715-1.607-2.377-2.733-4.313-2.733C5.1 3.75 3 5.765 3 8.25c0 7.22 9 12 9 12s9-4.78 9-12Z\"><\/path>\n<\/svg>\t\t<span>Lista Deseos<\/span>\n\t<\/a>\n<\/div>\n\n\t\t\t<!-- COUNT TEXT -->\n\t\t\t\n\t\t\t<\/div>\n                                                                                                                                    <\/div>\n                                        <a class=\"product-title\" href=\"https:\/\/bodegaoutdoor.cl\/store\/product\/reloj-inteligente-fd68s-para-hombre-y-mujer-pulsera-inteligente-con-bluetooth-tactil-fitness-conectado-para-ios-y-android-wear-os-smartwatch-reloj-mujer-elegante\/\">Reloj inteligente FD68S para hombre y mujer, pulsera inteligente con Bluetooth, t\u00e1ctil, Fitness, conectado, para IOS y Android, wear os smartwatch, reloj mujer elegante<\/a>\n                                        <span class=\"price\">\n                                            <span class=\"woocommerce-Price-amount amount\"><bdi><span class=\"woocommerce-Price-currencySymbol\" translate=\"no\">$<\/span>19,990<\/bdi><\/span>                                        <\/span>\n                                    <\/div>\n                                <\/div>\n                                                                                                                                <div class=\"xs-product-widget media \">\n                                                                            <a class=\"xs_product_img_link\" href=\"https:\/\/bodegaoutdoor.cl\/store\/product\/auriculares-inalambricos-lenovo-bluetooth5-0-auriculares-magneticos-con-banda-para-el-cuello-auriculares-deportivos-impermeables-ipx5-con-microfono-de-cancelacion-de-ruido\/\">\n                                        <img loading=\"lazy\" decoding=\"async\" width=\"125\" height=\"125\" src=\"https:\/\/bodegaoutdoor.cl\/store\/wp-content\/uploads\/2020\/07\/3350-0x5hho-150x150.jpg\" class=\"attachment-125x125 size-125x125\" alt=\"Auriculares inal\u00e1mbricos Lenovo Bluetooth 5.0\" srcset=\"https:\/\/bodegaoutdoor.cl\/store\/wp-content\/uploads\/2020\/07\/3350-0x5hho-150x150.jpg 150w, https:\/\/bodegaoutdoor.cl\/store\/wp-content\/uploads\/2020\/07\/3350-0x5hho-300x300.jpg 300w, https:\/\/bodegaoutdoor.cl\/store\/wp-content\/uploads\/2020\/07\/3350-0x5hho-100x100.jpg 100w, https:\/\/bodegaoutdoor.cl\/store\/wp-content\/uploads\/2020\/07\/3350-0x5hho-600x600.jpg 600w, https:\/\/bodegaoutdoor.cl\/store\/wp-content\/uploads\/2020\/07\/3350-0x5hho-768x768.jpg 768w, https:\/\/bodegaoutdoor.cl\/store\/wp-content\/uploads\/2020\/07\/3350-0x5hho.jpg 800w\" sizes=\"(max-width: 125px) 100vw, 125px\" \/>                                        <\/a>\n                                                                        <div class=\"media-body align-self-center product-widget-content\">\n                                        <div class=\"xs-product-header media woocommerce xs-wishlist \">\n                                                                                                                                        \n                                                                                                                                                \n<div\n\tclass=\"yith-wcwl-add-to-wishlist add-to-wishlist-3350 yith-wcwl-add-to-wishlist--link-style wishlist-fragment on-first-load\"\n\tdata-fragment-ref=\"3350\"\n\tdata-fragment-options=\"{&quot;base_url&quot;:&quot;&quot;,&quot;product_id&quot;:3350,&quot;parent_product_id&quot;:0,&quot;product_type&quot;:&quot;variable&quot;,&quot;is_single&quot;:false,&quot;in_default_wishlist&quot;:false,&quot;show_view&quot;:false,&quot;browse_wishlist_text&quot;:&quot;Lista Deseos&quot;,&quot;already_in_wishslist_text&quot;:&quot;The producto esta Agregado!&quot;,&quot;product_added_text&quot;:&quot;Producto Agregado!&quot;,&quot;available_multi_wishlist&quot;:false,&quot;disable_wishlist&quot;:false,&quot;show_count&quot;:false,&quot;ajax_loading&quot;:false,&quot;loop_position&quot;:&quot;after_add_to_cart&quot;,&quot;item&quot;:&quot;add_to_wishlist&quot;}\"\n>\n\t\t\t\n\t\t\t<!-- ADD TO WISHLIST -->\n\t\t\t\n<div class=\"yith-wcwl-add-button\">\n\t\t<a\n\t\thref=\"?add_to_wishlist=3350&#038;_wpnonce=98056c7fc2\"\n\t\tclass=\"add_to_wishlist single_add_to_wishlist\"\n\t\tdata-product-id=\"3350\"\n\t\tdata-product-type=\"variable\"\n\t\tdata-original-product-id=\"0\"\n\t\tdata-title=\"Lista Deseos\"\n\t\trel=\"nofollow\"\n\t>\n\t\t<svg id=\"yith-wcwl-icon-heart-outline\" class=\"yith-wcwl-icon-svg\" fill=\"none\" stroke-width=\"1.5\" stroke=\"currentColor\" viewbox=\"0 0 24 24\" xmlns=\"http:\/\/www.w3.org\/2000\/svg\">\n  <path stroke-linecap=\"round\" stroke-linejoin=\"round\" d=\"M21 8.25c0-2.485-2.099-4.5-4.688-4.5-1.935 0-3.597 1.126-4.312 2.733-.715-1.607-2.377-2.733-4.313-2.733C5.1 3.75 3 5.765 3 8.25c0 7.22 9 12 9 12s9-4.78 9-12Z\"><\/path>\n<\/svg>\t\t<span>Lista Deseos<\/span>\n\t<\/a>\n<\/div>\n\n\t\t\t<!-- COUNT TEXT -->\n\t\t\t\n\t\t\t<\/div>\n                                                                                                                                    <\/div>\n                                        <a class=\"product-title\" href=\"https:\/\/bodegaoutdoor.cl\/store\/product\/auriculares-inalambricos-lenovo-bluetooth5-0-auriculares-magneticos-con-banda-para-el-cuello-auriculares-deportivos-impermeables-ipx5-con-microfono-de-cancelacion-de-ruido\/\">Auriculares inal\u00e1mbricos Lenovo Bluetooth 5.0<\/a>\n                                        <span class=\"price\">\n                                            <del aria-hidden=\"true\"><span class=\"woocommerce-Price-amount amount\"><bdi><span class=\"woocommerce-Price-currencySymbol\" translate=\"no\">$<\/span>39,990<\/bdi><\/span><\/del> <span class=\"screen-reader-text\">El precio original era: $39,990.<\/span><ins aria-hidden=\"true\"><span class=\"woocommerce-Price-amount amount\"><bdi><span class=\"woocommerce-Price-currencySymbol\" translate=\"no\">$<\/span>24,990<\/bdi><\/span><\/ins><span class=\"screen-reader-text\">El precio actual es: $24,990.<\/span>                                        <\/span>\n                                    <\/div>\n                                <\/div>\n                                                                                                                                <div class=\"xs-product-widget media \">\n                                                                            <a class=\"xs_product_img_link\" href=\"https:\/\/bodegaoutdoor.cl\/store\/product\/gafas-aluminio-rimless-fotochromicas-polarizadas-conduccion-dia-y-noche\/\">\n                                        <img loading=\"lazy\" decoding=\"async\" width=\"125\" height=\"125\" src=\"https:\/\/bodegaoutdoor.cl\/store\/wp-content\/uploads\/2021\/04\/41415-g0ivvl-150x150.jpg\" class=\"attachment-125x125 size-125x125\" alt=\"Gafas Aluminio Rimless fotochromicas  polarizadas, conducci\u00f3n Dia y noche\" srcset=\"https:\/\/bodegaoutdoor.cl\/store\/wp-content\/uploads\/2021\/04\/41415-g0ivvl-150x150.jpg 150w, https:\/\/bodegaoutdoor.cl\/store\/wp-content\/uploads\/2021\/04\/41415-g0ivvl-300x300.jpg 300w, https:\/\/bodegaoutdoor.cl\/store\/wp-content\/uploads\/2021\/04\/41415-g0ivvl-100x100.jpg 100w, https:\/\/bodegaoutdoor.cl\/store\/wp-content\/uploads\/2021\/04\/41415-g0ivvl-600x600.jpg 600w, https:\/\/bodegaoutdoor.cl\/store\/wp-content\/uploads\/2021\/04\/41415-g0ivvl-768x768.jpg 768w, https:\/\/bodegaoutdoor.cl\/store\/wp-content\/uploads\/2021\/04\/41415-g0ivvl.jpg 800w\" sizes=\"(max-width: 125px) 100vw, 125px\" \/>                                        <\/a>\n                                                                        <div class=\"media-body align-self-center product-widget-content\">\n                                        <div class=\"xs-product-header media woocommerce xs-wishlist \">\n                                                                                                                                        \n                                                                                                                                                \n<div\n\tclass=\"yith-wcwl-add-to-wishlist add-to-wishlist-41415 yith-wcwl-add-to-wishlist--link-style wishlist-fragment on-first-load\"\n\tdata-fragment-ref=\"41415\"\n\tdata-fragment-options=\"{&quot;base_url&quot;:&quot;&quot;,&quot;product_id&quot;:41415,&quot;parent_product_id&quot;:0,&quot;product_type&quot;:&quot;variable&quot;,&quot;is_single&quot;:false,&quot;in_default_wishlist&quot;:false,&quot;show_view&quot;:false,&quot;browse_wishlist_text&quot;:&quot;Lista Deseos&quot;,&quot;already_in_wishslist_text&quot;:&quot;The producto esta Agregado!&quot;,&quot;product_added_text&quot;:&quot;Producto Agregado!&quot;,&quot;available_multi_wishlist&quot;:false,&quot;disable_wishlist&quot;:false,&quot;show_count&quot;:false,&quot;ajax_loading&quot;:false,&quot;loop_position&quot;:&quot;after_add_to_cart&quot;,&quot;item&quot;:&quot;add_to_wishlist&quot;}\"\n>\n\t\t\t\n\t\t\t<!-- ADD TO WISHLIST -->\n\t\t\t\n<div class=\"yith-wcwl-add-button\">\n\t\t<a\n\t\thref=\"?add_to_wishlist=41415&#038;_wpnonce=98056c7fc2\"\n\t\tclass=\"add_to_wishlist single_add_to_wishlist\"\n\t\tdata-product-id=\"41415\"\n\t\tdata-product-type=\"variable\"\n\t\tdata-original-product-id=\"0\"\n\t\tdata-title=\"Lista Deseos\"\n\t\trel=\"nofollow\"\n\t>\n\t\t<svg id=\"yith-wcwl-icon-heart-outline\" class=\"yith-wcwl-icon-svg\" fill=\"none\" stroke-width=\"1.5\" stroke=\"currentColor\" viewbox=\"0 0 24 24\" xmlns=\"http:\/\/www.w3.org\/2000\/svg\">\n  <path stroke-linecap=\"round\" stroke-linejoin=\"round\" d=\"M21 8.25c0-2.485-2.099-4.5-4.688-4.5-1.935 0-3.597 1.126-4.312 2.733-.715-1.607-2.377-2.733-4.313-2.733C5.1 3.75 3 5.765 3 8.25c0 7.22 9 12 9 12s9-4.78 9-12Z\"><\/path>\n<\/svg>\t\t<span>Lista Deseos<\/span>\n\t<\/a>\n<\/div>\n\n\t\t\t<!-- COUNT TEXT -->\n\t\t\t\n\t\t\t<\/div>\n                                                                                                                                    <\/div>\n                                        <a class=\"product-title\" href=\"https:\/\/bodegaoutdoor.cl\/store\/product\/gafas-aluminio-rimless-fotochromicas-polarizadas-conduccion-dia-y-noche\/\">Gafas Aluminio Rimless fotochromicas  polarizadas, conducci\u00f3n Dia y noche<\/a>\n                                        <span class=\"price\">\n                                            <del aria-hidden=\"true\"><span class=\"woocommerce-Price-amount amount\"><bdi><span class=\"woocommerce-Price-currencySymbol\" translate=\"no\">$<\/span>39,990<\/bdi><\/span><\/del> <span class=\"screen-reader-text\">El precio original era: $39,990.<\/span><ins aria-hidden=\"true\"><span class=\"woocommerce-Price-amount amount\"><bdi><span class=\"woocommerce-Price-currencySymbol\" translate=\"no\">$<\/span>24,990<\/bdi><\/span><\/ins><span class=\"screen-reader-text\">El precio actual es: $24,990.<\/span>                                        <\/span>\n                                    <\/div>\n                                <\/div>\n                                                                <\/div>\n                                                                                                                            <div class=\"xs-tab-slider-item swiper-slide\">\n                                                            <div class=\"xs-product-widget media \">\n                                                                            <a class=\"xs_product_img_link\" href=\"https:\/\/bodegaoutdoor.cl\/store\/product\/obei-cana-de-pescar-spinning-hurricane-18-21-24-27-m-fuji-o-ts-guide-baitcasting-de-viaje-para-cana-de-pescar-m-ml-mh-h\/\">\n                                        <img loading=\"lazy\" decoding=\"async\" width=\"125\" height=\"125\" src=\"https:\/\/bodegaoutdoor.cl\/store\/wp-content\/uploads\/2022\/01\/52732-wo4s4g-150x150.jpg\" class=\"attachment-125x125 size-125x125\" alt=\"Obei-ca\u00f1a de pescar Spinning HURRICANE 1,8\/2,1\/2,4\/2,7 m, Fuji o TS Guide, Baitcasting de viaje para ca\u00f1a de pescar, M\/ML\/MH\/H\" srcset=\"https:\/\/bodegaoutdoor.cl\/store\/wp-content\/uploads\/2022\/01\/52732-wo4s4g-150x150.jpg 150w, https:\/\/bodegaoutdoor.cl\/store\/wp-content\/uploads\/2022\/01\/52732-wo4s4g-300x300.jpg 300w, https:\/\/bodegaoutdoor.cl\/store\/wp-content\/uploads\/2022\/01\/52732-wo4s4g-100x100.jpg 100w, https:\/\/bodegaoutdoor.cl\/store\/wp-content\/uploads\/2022\/01\/52732-wo4s4g-600x600.jpg 600w, https:\/\/bodegaoutdoor.cl\/store\/wp-content\/uploads\/2022\/01\/52732-wo4s4g-768x768.jpg 768w, https:\/\/bodegaoutdoor.cl\/store\/wp-content\/uploads\/2022\/01\/52732-wo4s4g.jpg 1000w\" sizes=\"(max-width: 125px) 100vw, 125px\" \/>                                        <\/a>\n                                                                        <div class=\"media-body align-self-center product-widget-content\">\n                                        <div class=\"xs-product-header media woocommerce xs-wishlist \">\n                                                                                                                                        \n                                                                                                                                                \n<div\n\tclass=\"yith-wcwl-add-to-wishlist add-to-wishlist-52732 yith-wcwl-add-to-wishlist--link-style wishlist-fragment on-first-load\"\n\tdata-fragment-ref=\"52732\"\n\tdata-fragment-options=\"{&quot;base_url&quot;:&quot;&quot;,&quot;product_id&quot;:52732,&quot;parent_product_id&quot;:0,&quot;product_type&quot;:&quot;variable&quot;,&quot;is_single&quot;:false,&quot;in_default_wishlist&quot;:false,&quot;show_view&quot;:false,&quot;browse_wishlist_text&quot;:&quot;Lista Deseos&quot;,&quot;already_in_wishslist_text&quot;:&quot;The producto esta Agregado!&quot;,&quot;product_added_text&quot;:&quot;Producto Agregado!&quot;,&quot;available_multi_wishlist&quot;:false,&quot;disable_wishlist&quot;:false,&quot;show_count&quot;:false,&quot;ajax_loading&quot;:false,&quot;loop_position&quot;:&quot;after_add_to_cart&quot;,&quot;item&quot;:&quot;add_to_wishlist&quot;}\"\n>\n\t\t\t\n\t\t\t<!-- ADD TO WISHLIST -->\n\t\t\t\n<div class=\"yith-wcwl-add-button\">\n\t\t<a\n\t\thref=\"?add_to_wishlist=52732&#038;_wpnonce=98056c7fc2\"\n\t\tclass=\"add_to_wishlist single_add_to_wishlist\"\n\t\tdata-product-id=\"52732\"\n\t\tdata-product-type=\"variable\"\n\t\tdata-original-product-id=\"0\"\n\t\tdata-title=\"Lista Deseos\"\n\t\trel=\"nofollow\"\n\t>\n\t\t<svg id=\"yith-wcwl-icon-heart-outline\" class=\"yith-wcwl-icon-svg\" fill=\"none\" stroke-width=\"1.5\" stroke=\"currentColor\" viewbox=\"0 0 24 24\" xmlns=\"http:\/\/www.w3.org\/2000\/svg\">\n  <path stroke-linecap=\"round\" stroke-linejoin=\"round\" d=\"M21 8.25c0-2.485-2.099-4.5-4.688-4.5-1.935 0-3.597 1.126-4.312 2.733-.715-1.607-2.377-2.733-4.313-2.733C5.1 3.75 3 5.765 3 8.25c0 7.22 9 12 9 12s9-4.78 9-12Z\"><\/path>\n<\/svg>\t\t<span>Lista Deseos<\/span>\n\t<\/a>\n<\/div>\n\n\t\t\t<!-- COUNT TEXT -->\n\t\t\t\n\t\t\t<\/div>\n                                                                                                                                    <\/div>\n                                        <a class=\"product-title\" href=\"https:\/\/bodegaoutdoor.cl\/store\/product\/obei-cana-de-pescar-spinning-hurricane-18-21-24-27-m-fuji-o-ts-guide-baitcasting-de-viaje-para-cana-de-pescar-m-ml-mh-h\/\">Obei-ca\u00f1a de pescar Spinning HURRICANE 1,8\/2,1\/2,4\/2,7 m, Fuji o TS Guide, Baitcasting de viaje para ca\u00f1a de pescar, M\/ML\/MH\/H<\/a>\n                                        <span class=\"price\">\n                                            <span class=\"woocommerce-Price-amount amount\" aria-hidden=\"true\"><bdi><span class=\"woocommerce-Price-currencySymbol\" translate=\"no\">$<\/span>59,990<\/bdi><\/span> <span aria-hidden=\"true\">-<\/span> <span class=\"woocommerce-Price-amount amount\" aria-hidden=\"true\"><bdi><span class=\"woocommerce-Price-currencySymbol\" translate=\"no\">$<\/span>119,990<\/bdi><\/span><span class=\"screen-reader-text\">Rango de precios: desde $59,990 hasta $119,990<\/span>                                        <\/span>\n                                    <\/div>\n                                <\/div>\n                                                                                                                                <div class=\"xs-product-widget media \">\n                                                                            <a class=\"xs_product_img_link\" href=\"https:\/\/bodegaoutdoor.cl\/store\/product\/guantes-de-ciclismo-profesional-para-hombre-y-mujer-guantes-resistentes-al-agua-para-ciclismo\/\">\n                                        <img loading=\"lazy\" decoding=\"async\" width=\"125\" height=\"125\" src=\"https:\/\/bodegaoutdoor.cl\/store\/wp-content\/uploads\/2020\/09\/17696-aeld8u-150x150.jpg\" class=\"attachment-125x125 size-125x125\" alt=\"Guantes Deportivos resistentes al agua para ciclismo\" srcset=\"https:\/\/bodegaoutdoor.cl\/store\/wp-content\/uploads\/2020\/09\/17696-aeld8u-150x150.jpg 150w, https:\/\/bodegaoutdoor.cl\/store\/wp-content\/uploads\/2020\/09\/17696-aeld8u-300x300.jpg 300w, https:\/\/bodegaoutdoor.cl\/store\/wp-content\/uploads\/2020\/09\/17696-aeld8u-100x100.jpg 100w, https:\/\/bodegaoutdoor.cl\/store\/wp-content\/uploads\/2020\/09\/17696-aeld8u-600x600.jpg 600w, https:\/\/bodegaoutdoor.cl\/store\/wp-content\/uploads\/2020\/09\/17696-aeld8u-768x768.jpg 768w, https:\/\/bodegaoutdoor.cl\/store\/wp-content\/uploads\/2020\/09\/17696-aeld8u.jpg 800w\" sizes=\"(max-width: 125px) 100vw, 125px\" \/>                                        <\/a>\n                                                                        <div class=\"media-body align-self-center product-widget-content\">\n                                        <div class=\"xs-product-header media woocommerce xs-wishlist \">\n                                                                                                                                        \n                                                                                                                                                \n<div\n\tclass=\"yith-wcwl-add-to-wishlist add-to-wishlist-17696 yith-wcwl-add-to-wishlist--link-style wishlist-fragment on-first-load\"\n\tdata-fragment-ref=\"17696\"\n\tdata-fragment-options=\"{&quot;base_url&quot;:&quot;&quot;,&quot;product_id&quot;:17696,&quot;parent_product_id&quot;:0,&quot;product_type&quot;:&quot;variable&quot;,&quot;is_single&quot;:false,&quot;in_default_wishlist&quot;:false,&quot;show_view&quot;:false,&quot;browse_wishlist_text&quot;:&quot;Lista Deseos&quot;,&quot;already_in_wishslist_text&quot;:&quot;The producto esta Agregado!&quot;,&quot;product_added_text&quot;:&quot;Producto Agregado!&quot;,&quot;available_multi_wishlist&quot;:false,&quot;disable_wishlist&quot;:false,&quot;show_count&quot;:false,&quot;ajax_loading&quot;:false,&quot;loop_position&quot;:&quot;after_add_to_cart&quot;,&quot;item&quot;:&quot;add_to_wishlist&quot;}\"\n>\n\t\t\t\n\t\t\t<!-- ADD TO WISHLIST -->\n\t\t\t\n<div class=\"yith-wcwl-add-button\">\n\t\t<a\n\t\thref=\"?add_to_wishlist=17696&#038;_wpnonce=98056c7fc2\"\n\t\tclass=\"add_to_wishlist single_add_to_wishlist\"\n\t\tdata-product-id=\"17696\"\n\t\tdata-product-type=\"variable\"\n\t\tdata-original-product-id=\"0\"\n\t\tdata-title=\"Lista Deseos\"\n\t\trel=\"nofollow\"\n\t>\n\t\t<svg id=\"yith-wcwl-icon-heart-outline\" class=\"yith-wcwl-icon-svg\" fill=\"none\" stroke-width=\"1.5\" stroke=\"currentColor\" viewbox=\"0 0 24 24\" xmlns=\"http:\/\/www.w3.org\/2000\/svg\">\n  <path stroke-linecap=\"round\" stroke-linejoin=\"round\" d=\"M21 8.25c0-2.485-2.099-4.5-4.688-4.5-1.935 0-3.597 1.126-4.312 2.733-.715-1.607-2.377-2.733-4.313-2.733C5.1 3.75 3 5.765 3 8.25c0 7.22 9 12 9 12s9-4.78 9-12Z\"><\/path>\n<\/svg>\t\t<span>Lista Deseos<\/span>\n\t<\/a>\n<\/div>\n\n\t\t\t<!-- COUNT TEXT -->\n\t\t\t\n\t\t\t<\/div>\n                                                                                                                                    <\/div>\n                                        <a class=\"product-title\" href=\"https:\/\/bodegaoutdoor.cl\/store\/product\/guantes-de-ciclismo-profesional-para-hombre-y-mujer-guantes-resistentes-al-agua-para-ciclismo\/\">Guantes Deportivos resistentes al agua para ciclismo<\/a>\n                                        <span class=\"price\">\n                                            <del aria-hidden=\"true\"><span class=\"woocommerce-Price-amount amount\"><bdi><span class=\"woocommerce-Price-currencySymbol\" translate=\"no\">$<\/span>12,990<\/bdi><\/span><\/del> <span class=\"screen-reader-text\">El precio original era: $12,990.<\/span><ins aria-hidden=\"true\"><span class=\"woocommerce-Price-amount amount\"><bdi><span class=\"woocommerce-Price-currencySymbol\" translate=\"no\">$<\/span>8,990<\/bdi><\/span><\/ins><span class=\"screen-reader-text\">El precio actual es: $8,990.<\/span>                                        <\/span>\n                                    <\/div>\n                                <\/div>\n                                                                                                                                <div class=\"xs-product-widget media \">\n                                                                            <a class=\"xs_product_img_link\" href=\"https:\/\/bodegaoutdoor.cl\/store\/product\/gafas-de-seguridad-anti-uv-para-trabajo-deportivas-a-prueba-de-viento\/\">\n                                        <img loading=\"lazy\" decoding=\"async\" width=\"125\" height=\"125\" src=\"https:\/\/bodegaoutdoor.cl\/store\/wp-content\/uploads\/2020\/12\/24803-qq1laz-150x150.jpg\" class=\"attachment-125x125 size-125x125\" alt=\"Gafas de seguridad Anti-UV para trabajo, deportivas, a prueba de viento\" srcset=\"https:\/\/bodegaoutdoor.cl\/store\/wp-content\/uploads\/2020\/12\/24803-qq1laz-150x150.jpg 150w, https:\/\/bodegaoutdoor.cl\/store\/wp-content\/uploads\/2020\/12\/24803-qq1laz-300x300.jpg 300w, https:\/\/bodegaoutdoor.cl\/store\/wp-content\/uploads\/2020\/12\/24803-qq1laz-100x100.jpg 100w, https:\/\/bodegaoutdoor.cl\/store\/wp-content\/uploads\/2020\/12\/24803-qq1laz-600x600.jpg 600w, https:\/\/bodegaoutdoor.cl\/store\/wp-content\/uploads\/2020\/12\/24803-qq1laz-768x768.jpg 768w, https:\/\/bodegaoutdoor.cl\/store\/wp-content\/uploads\/2020\/12\/24803-qq1laz.jpg 800w\" sizes=\"(max-width: 125px) 100vw, 125px\" \/>                                        <\/a>\n                                                                        <div class=\"media-body align-self-center product-widget-content\">\n                                        <div class=\"xs-product-header media woocommerce xs-wishlist \">\n                                                                                                                                        \n                                                                                                                                                \n<div\n\tclass=\"yith-wcwl-add-to-wishlist add-to-wishlist-24803 yith-wcwl-add-to-wishlist--link-style wishlist-fragment on-first-load\"\n\tdata-fragment-ref=\"24803\"\n\tdata-fragment-options=\"{&quot;base_url&quot;:&quot;&quot;,&quot;product_id&quot;:24803,&quot;parent_product_id&quot;:0,&quot;product_type&quot;:&quot;variable&quot;,&quot;is_single&quot;:false,&quot;in_default_wishlist&quot;:false,&quot;show_view&quot;:false,&quot;browse_wishlist_text&quot;:&quot;Lista Deseos&quot;,&quot;already_in_wishslist_text&quot;:&quot;The producto esta Agregado!&quot;,&quot;product_added_text&quot;:&quot;Producto Agregado!&quot;,&quot;available_multi_wishlist&quot;:false,&quot;disable_wishlist&quot;:false,&quot;show_count&quot;:false,&quot;ajax_loading&quot;:false,&quot;loop_position&quot;:&quot;after_add_to_cart&quot;,&quot;item&quot;:&quot;add_to_wishlist&quot;}\"\n>\n\t\t\t\n\t\t\t<!-- ADD TO WISHLIST -->\n\t\t\t\n<div class=\"yith-wcwl-add-button\">\n\t\t<a\n\t\thref=\"?add_to_wishlist=24803&#038;_wpnonce=98056c7fc2\"\n\t\tclass=\"add_to_wishlist single_add_to_wishlist\"\n\t\tdata-product-id=\"24803\"\n\t\tdata-product-type=\"variable\"\n\t\tdata-original-product-id=\"0\"\n\t\tdata-title=\"Lista Deseos\"\n\t\trel=\"nofollow\"\n\t>\n\t\t<svg id=\"yith-wcwl-icon-heart-outline\" class=\"yith-wcwl-icon-svg\" fill=\"none\" stroke-width=\"1.5\" stroke=\"currentColor\" viewbox=\"0 0 24 24\" xmlns=\"http:\/\/www.w3.org\/2000\/svg\">\n  <path stroke-linecap=\"round\" stroke-linejoin=\"round\" d=\"M21 8.25c0-2.485-2.099-4.5-4.688-4.5-1.935 0-3.597 1.126-4.312 2.733-.715-1.607-2.377-2.733-4.313-2.733C5.1 3.75 3 5.765 3 8.25c0 7.22 9 12 9 12s9-4.78 9-12Z\"><\/path>\n<\/svg>\t\t<span>Lista Deseos<\/span>\n\t<\/a>\n<\/div>\n\n\t\t\t<!-- COUNT TEXT -->\n\t\t\t\n\t\t\t<\/div>\n                                                                                                                                    <\/div>\n                                        <a class=\"product-title\" href=\"https:\/\/bodegaoutdoor.cl\/store\/product\/gafas-de-seguridad-anti-uv-para-trabajo-deportivas-a-prueba-de-viento\/\">Gafas de seguridad Anti-UV para trabajo, deportivas, a prueba de viento<\/a>\n                                        <span class=\"price\">\n                                            <del aria-hidden=\"true\"><span class=\"woocommerce-Price-amount amount\"><bdi><span class=\"woocommerce-Price-currencySymbol\" translate=\"no\">$<\/span>14,990<\/bdi><\/span><\/del> <span class=\"screen-reader-text\">El precio original era: $14,990.<\/span><ins aria-hidden=\"true\"><span class=\"woocommerce-Price-amount amount\"><bdi><span class=\"woocommerce-Price-currencySymbol\" translate=\"no\">$<\/span>9,990<\/bdi><\/span><\/ins><span class=\"screen-reader-text\">El precio actual es: $9,990.<\/span>                                        <\/span>\n                                    <\/div>\n                                <\/div>\n                                                                <\/div>\n                                                                                <\/div>\n                    <div class=\"swiper-pagination\"><\/div>\n                <\/div>\n            <\/div>\n            <\/div>\t\t\t\t<\/div>\n\t\t\t\t<\/div>\n\t\t\t\t\t<\/div>\n\t\t<\/div>\n\t\t\t\t\t<\/div>\n\t\t<\/section>\n\t\t\t\t<section class=\"elementor-section elementor-top-section elementor-element elementor-element-e22c181 elementor-section-boxed elementor-section-height-default elementor-section-height-default\" data-id=\"e22c181\" data-element_type=\"section\" data-e-type=\"section\">\n\t\t\t\t\t\t<div class=\"elementor-container elementor-column-gap-default\">\n\t\t\t\t\t<div class=\"elementor-column elementor-col-100 elementor-top-column elementor-element elementor-element-92b0c85\" data-id=\"92b0c85\" data-element_type=\"column\" data-e-type=\"column\">\n\t\t\t<div class=\"elementor-widget-wrap elementor-element-populated\">\n\t\t\t\t\t\t<div class=\"elementor-element elementor-element-5c1bd3c elementor-widget elementor-widget-xs-woo-tab\" data-id=\"5c1bd3c\" data-element_type=\"widget\" data-e-type=\"widget\" data-widget_type=\"xs-woo-tab.default\">\n\t\t\t\t<div class=\"elementor-widget-container\">\n\t\t\t\t\t<div class=\"xs-content-header\">\n    <h2 class=\"xs-content-title\">Featured Product<\/h2>\n                    <ul class=\"nav nav-tabs xs-nav-tab\">\n                                            <li class=\"nav-item\">\n                    <a class=\"nav-link active\"  data-toggle=\"tab\" href=\"#xs-tabs-77735-0\">On Sell<\/a>\n                <\/li>\n                                            <li class=\"nav-item\">\n                    <a class=\"nav-link \"  data-toggle=\"tab\" href=\"#xs-tabs-77735-1\">Hot Sell<\/a>\n                <\/li>\n                                            <li class=\"nav-item\">\n                    <a class=\"nav-link \"  data-toggle=\"tab\" href=\"#xs-tabs-77735-2\">Trend<\/a>\n                <\/li>\n                                            <li class=\"nav-item\">\n                    <a class=\"nav-link \"  data-toggle=\"tab\" href=\"#xs-tabs-77735-3\">Best Sell<\/a>\n                <\/li>\n                    <\/ul>\n        <div class=\"clearfix\"><\/div>\n<\/div>\n<div class=\"tab-content\">\n                                    <div class=\"tab-pane fade show active\" id=\"xs-tabs-77735-0\">\n                <div class=\"row\">\n                                    <\/div>\n            <\/div>\n                                <div class=\"tab-pane fade \" id=\"xs-tabs-77735-1\">\n                <div class=\"row\">\n                                    <\/div>\n            <\/div>\n                                <div class=\"tab-pane fade \" id=\"xs-tabs-77735-2\">\n                <div class=\"row\">\n                                                <div class=\"col-md-3\">\n                                <div class=\"xs-product-wraper version-2\">\n                                    <div class=\"xs-product-header media woocommerce xs-wishlist \">\n\n                                                                                                                            \n                                                                                                                                    \n<div\n\tclass=\"yith-wcwl-add-to-wishlist add-to-wishlist-90280 yith-wcwl-add-to-wishlist--link-style wishlist-fragment on-first-load\"\n\tdata-fragment-ref=\"90280\"\n\tdata-fragment-options=\"{&quot;base_url&quot;:&quot;&quot;,&quot;product_id&quot;:90280,&quot;parent_product_id&quot;:0,&quot;product_type&quot;:&quot;variable&quot;,&quot;is_single&quot;:false,&quot;in_default_wishlist&quot;:false,&quot;show_view&quot;:false,&quot;browse_wishlist_text&quot;:&quot;Lista Deseos&quot;,&quot;already_in_wishslist_text&quot;:&quot;The producto esta Agregado!&quot;,&quot;product_added_text&quot;:&quot;Producto Agregado!&quot;,&quot;available_multi_wishlist&quot;:false,&quot;disable_wishlist&quot;:false,&quot;show_count&quot;:false,&quot;ajax_loading&quot;:false,&quot;loop_position&quot;:&quot;after_add_to_cart&quot;,&quot;item&quot;:&quot;add_to_wishlist&quot;}\"\n>\n\t\t\t\n\t\t\t<!-- ADD TO WISHLIST -->\n\t\t\t\n<div class=\"yith-wcwl-add-button\">\n\t\t<a\n\t\thref=\"?add_to_wishlist=90280&#038;_wpnonce=98056c7fc2\"\n\t\tclass=\"add_to_wishlist single_add_to_wishlist\"\n\t\tdata-product-id=\"90280\"\n\t\tdata-product-type=\"variable\"\n\t\tdata-original-product-id=\"0\"\n\t\tdata-title=\"Lista Deseos\"\n\t\trel=\"nofollow\"\n\t>\n\t\t<svg id=\"yith-wcwl-icon-heart-outline\" class=\"yith-wcwl-icon-svg\" fill=\"none\" stroke-width=\"1.5\" stroke=\"currentColor\" viewbox=\"0 0 24 24\" xmlns=\"http:\/\/www.w3.org\/2000\/svg\">\n  <path stroke-linecap=\"round\" stroke-linejoin=\"round\" d=\"M21 8.25c0-2.485-2.099-4.5-4.688-4.5-1.935 0-3.597 1.126-4.312 2.733-.715-1.607-2.377-2.733-4.313-2.733C5.1 3.75 3 5.765 3 8.25c0 7.22 9 12 9 12s9-4.78 9-12Z\"><\/path>\n<\/svg>\t\t<span>Lista Deseos<\/span>\n\t<\/a>\n<\/div>\n\n\t\t\t<!-- COUNT TEXT -->\n\t\t\t\n\t\t\t<\/div>\n                                                                                    \n                                    <\/div>\n                                                                        <a class=\"xs_product_img_link\" href=\"https:\/\/bodegaoutdoor.cl\/store\/product\/chaqueta-polar-tactica-con-capucha-para-uniforme-militar\/\">\n                                       <img loading=\"lazy\" decoding=\"async\" width=\"200\" height=\"200\" src=\"https:\/\/bodegaoutdoor.cl\/store\/wp-content\/uploads\/2026\/06\/90280-hefcs4.jpg\" class=\"attachment-253x200 size-253x200\" alt=\"Chaqueta Polar T\u00e1ctica Con Capucha Para Uniforme Militar .\" srcset=\"https:\/\/bodegaoutdoor.cl\/store\/wp-content\/uploads\/2026\/06\/90280-hefcs4.jpg 800w, https:\/\/bodegaoutdoor.cl\/store\/wp-content\/uploads\/2026\/06\/90280-hefcs4-300x300.jpg 300w, https:\/\/bodegaoutdoor.cl\/store\/wp-content\/uploads\/2026\/06\/90280-hefcs4-150x150.jpg 150w, https:\/\/bodegaoutdoor.cl\/store\/wp-content\/uploads\/2026\/06\/90280-hefcs4-768x768.jpg 768w, https:\/\/bodegaoutdoor.cl\/store\/wp-content\/uploads\/2026\/06\/90280-hefcs4-600x600.jpg 600w, https:\/\/bodegaoutdoor.cl\/store\/wp-content\/uploads\/2026\/06\/90280-hefcs4-100x100.jpg 100w, https:\/\/bodegaoutdoor.cl\/store\/wp-content\/uploads\/2026\/06\/90280-hefcs4-50x50.jpg 50w\" sizes=\"(max-width: 200px) 100vw, 200px\" \/>                                    <\/a>\n                                                                        <!-- <div class=\"xs-product-content\"> -->\n                                        <!-- <span class=\"product-categories\"> -->\n                                        <span class=\"product-categories\"><a href = 'https:\/\/bodegaoutdoor.cl\/store\/product-category\/ofertas\/'>OFERTAS<\/a>  <a href = 'https:\/\/bodegaoutdoor.cl\/store\/product-category\/vestuario-hombre\/hombre-segunda\/'>Segunda Capa Hombre<\/a>  <a href = 'https:\/\/bodegaoutdoor.cl\/store\/product-category\/vestuario-hombre\/'>Vestuario Hombre<\/a>  <\/span>\n                                        <!-- <\/span> -->\n                                        <a class=\"product-title\" href=\"https:\/\/bodegaoutdoor.cl\/store\/product\/chaqueta-polar-tactica-con-capucha-para-uniforme-militar\/\">Chaqueta Polar T\u00e1ctica Con Capucha Para Uniforme Militar .<\/a>\n                                        <span class=\"price\">\n                                            <del aria-hidden=\"true\"><span class=\"woocommerce-Price-amount amount\"><bdi><span class=\"woocommerce-Price-currencySymbol\" translate=\"no\">$<\/span>59,990<\/bdi><\/span><\/del> <span class=\"screen-reader-text\">El precio original era: $59,990.<\/span><ins aria-hidden=\"true\"><span class=\"woocommerce-Price-amount amount\"><bdi><span class=\"woocommerce-Price-currencySymbol\" translate=\"no\">$<\/span>29,990<\/bdi><\/span><\/ins><span class=\"screen-reader-text\">El precio actual es: $29,990.<\/span>                                        <\/span>\n                                    <!-- <\/div> -->\n                                    <div class=\"xs-product-hover-area clearfix\">\n                                        <div class=\"xs-addcart woocommerce text-center\">\n                                                                                            <a href=\"https:\/\/bodegaoutdoor.cl\/store\/product\/chaqueta-polar-tactica-con-capucha-para-uniforme-militar\/\" aria-describedby=\"woocommerce_loop_add_to_cart_link_describedby_90280\" data-quantity=\"1\" class=\"button product_type_variable add_to_cart_button\" data-product_id=\"90280\" data-product_sku=\"1005008498673098\" aria-label=\"Elige las opciones para &ldquo;Chaqueta Polar T\u00e1ctica Con Capucha Para Uniforme Militar .&rdquo;\" rel=\"nofollow\">Seleccionar opciones<\/a>    <span id=\"woocommerce_loop_add_to_cart_link_describedby_90280\" class=\"screen-reader-text\">\n        Este producto tiene m\u00faltiples variantes. Las opciones se pueden elegir en la p\u00e1gina de producto    <\/span>\n                                                                                    <\/div>\n                                    <\/div>\n                                <\/div>\n                            <\/div>\n                                                    <div class=\"col-md-3\">\n                                <div class=\"xs-product-wraper version-2\">\n                                    <div class=\"xs-product-header media woocommerce xs-wishlist \">\n\n                                                                                                                            \n                                                                                                                                    \n<div\n\tclass=\"yith-wcwl-add-to-wishlist add-to-wishlist-90143 yith-wcwl-add-to-wishlist--link-style wishlist-fragment on-first-load\"\n\tdata-fragment-ref=\"90143\"\n\tdata-fragment-options=\"{&quot;base_url&quot;:&quot;&quot;,&quot;product_id&quot;:90143,&quot;parent_product_id&quot;:0,&quot;product_type&quot;:&quot;variable&quot;,&quot;is_single&quot;:false,&quot;in_default_wishlist&quot;:false,&quot;show_view&quot;:false,&quot;browse_wishlist_text&quot;:&quot;Lista Deseos&quot;,&quot;already_in_wishslist_text&quot;:&quot;The producto esta Agregado!&quot;,&quot;product_added_text&quot;:&quot;Producto Agregado!&quot;,&quot;available_multi_wishlist&quot;:false,&quot;disable_wishlist&quot;:false,&quot;show_count&quot;:false,&quot;ajax_loading&quot;:false,&quot;loop_position&quot;:&quot;after_add_to_cart&quot;,&quot;item&quot;:&quot;add_to_wishlist&quot;}\"\n>\n\t\t\t\n\t\t\t<!-- ADD TO WISHLIST -->\n\t\t\t\n<div class=\"yith-wcwl-add-button\">\n\t\t<a\n\t\thref=\"?add_to_wishlist=90143&#038;_wpnonce=98056c7fc2\"\n\t\tclass=\"add_to_wishlist single_add_to_wishlist\"\n\t\tdata-product-id=\"90143\"\n\t\tdata-product-type=\"variable\"\n\t\tdata-original-product-id=\"0\"\n\t\tdata-title=\"Lista Deseos\"\n\t\trel=\"nofollow\"\n\t>\n\t\t<svg id=\"yith-wcwl-icon-heart-outline\" class=\"yith-wcwl-icon-svg\" fill=\"none\" stroke-width=\"1.5\" stroke=\"currentColor\" viewbox=\"0 0 24 24\" xmlns=\"http:\/\/www.w3.org\/2000\/svg\">\n  <path stroke-linecap=\"round\" stroke-linejoin=\"round\" d=\"M21 8.25c0-2.485-2.099-4.5-4.688-4.5-1.935 0-3.597 1.126-4.312 2.733-.715-1.607-2.377-2.733-4.313-2.733C5.1 3.75 3 5.765 3 8.25c0 7.22 9 12 9 12s9-4.78 9-12Z\"><\/path>\n<\/svg>\t\t<span>Lista Deseos<\/span>\n\t<\/a>\n<\/div>\n\n\t\t\t<!-- COUNT TEXT -->\n\t\t\t\n\t\t\t<\/div>\n                                                                                    \n                                    <\/div>\n                                                                        <a class=\"xs_product_img_link\" href=\"https:\/\/bodegaoutdoor.cl\/store\/product\/gafas-con-atenuacion-ajustables-nd9-polarizadas-uv400\/\">\n                                       <img loading=\"lazy\" decoding=\"async\" width=\"200\" height=\"200\" src=\"https:\/\/bodegaoutdoor.cl\/store\/wp-content\/uploads\/2026\/06\/90143-14gdwb.jpg\" class=\"attachment-253x200 size-253x200\" alt=\"Gafas con atenuaci\u00f3n ajustables ND9, polarizadas UV400\" srcset=\"https:\/\/bodegaoutdoor.cl\/store\/wp-content\/uploads\/2026\/06\/90143-14gdwb.jpg 1000w, https:\/\/bodegaoutdoor.cl\/store\/wp-content\/uploads\/2026\/06\/90143-14gdwb-300x300.jpg 300w, https:\/\/bodegaoutdoor.cl\/store\/wp-content\/uploads\/2026\/06\/90143-14gdwb-150x150.jpg 150w, https:\/\/bodegaoutdoor.cl\/store\/wp-content\/uploads\/2026\/06\/90143-14gdwb-768x768.jpg 768w, https:\/\/bodegaoutdoor.cl\/store\/wp-content\/uploads\/2026\/06\/90143-14gdwb-600x600.jpg 600w, https:\/\/bodegaoutdoor.cl\/store\/wp-content\/uploads\/2026\/06\/90143-14gdwb-100x100.jpg 100w, https:\/\/bodegaoutdoor.cl\/store\/wp-content\/uploads\/2026\/06\/90143-14gdwb-50x50.jpg 50w\" sizes=\"(max-width: 200px) 100vw, 200px\" \/>                                    <\/a>\n                                                                        <!-- <div class=\"xs-product-content\"> -->\n                                        <!-- <span class=\"product-categories\"> -->\n                                        <span class=\"product-categories\"><a href = 'https:\/\/bodegaoutdoor.cl\/store\/product-category\/lentes\/'>Lentes<\/a>  <\/span>\n                                        <!-- <\/span> -->\n                                        <a class=\"product-title\" href=\"https:\/\/bodegaoutdoor.cl\/store\/product\/gafas-con-atenuacion-ajustables-nd9-polarizadas-uv400\/\">Gafas con atenuaci\u00f3n ajustables ND9, polarizadas UV400<\/a>\n                                        <span class=\"price\">\n                                            <del aria-hidden=\"true\"><span class=\"woocommerce-Price-amount amount\"><bdi><span class=\"woocommerce-Price-currencySymbol\" translate=\"no\">$<\/span>69,990<\/bdi><\/span><\/del> <span class=\"screen-reader-text\">El precio original era: $69,990.<\/span><ins aria-hidden=\"true\"><span class=\"woocommerce-Price-amount amount\"><bdi><span class=\"woocommerce-Price-currencySymbol\" translate=\"no\">$<\/span>34,990<\/bdi><\/span><\/ins><span class=\"screen-reader-text\">El precio actual es: $34,990.<\/span>                                        <\/span>\n                                    <!-- <\/div> -->\n                                    <div class=\"xs-product-hover-area clearfix\">\n                                        <div class=\"xs-addcart woocommerce text-center\">\n                                                                                            <a href=\"https:\/\/bodegaoutdoor.cl\/store\/product\/gafas-con-atenuacion-ajustables-nd9-polarizadas-uv400\/\" aria-describedby=\"woocommerce_loop_add_to_cart_link_describedby_90143\" data-quantity=\"1\" class=\"button product_type_variable add_to_cart_button\" data-product_id=\"90143\" data-product_sku=\"\" aria-label=\"Elige las opciones para &ldquo;Gafas con atenuaci\u00f3n ajustables ND9, polarizadas UV400&rdquo;\" rel=\"nofollow\">Seleccionar opciones<\/a>    <span id=\"woocommerce_loop_add_to_cart_link_describedby_90143\" class=\"screen-reader-text\">\n        Este producto tiene m\u00faltiples variantes. Las opciones se pueden elegir en la p\u00e1gina de producto    <\/span>\n                                                                                    <\/div>\n                                    <\/div>\n                                <\/div>\n                            <\/div>\n                                                    <div class=\"col-md-3\">\n                                <div class=\"xs-product-wraper version-2\">\n                                    <div class=\"xs-product-header media woocommerce xs-wishlist \">\n\n                                                                                                                            \n                                                                                                                                    \n<div\n\tclass=\"yith-wcwl-add-to-wishlist add-to-wishlist-90084 yith-wcwl-add-to-wishlist--link-style wishlist-fragment on-first-load\"\n\tdata-fragment-ref=\"90084\"\n\tdata-fragment-options=\"{&quot;base_url&quot;:&quot;&quot;,&quot;product_id&quot;:90084,&quot;parent_product_id&quot;:0,&quot;product_type&quot;:&quot;variable&quot;,&quot;is_single&quot;:false,&quot;in_default_wishlist&quot;:false,&quot;show_view&quot;:false,&quot;browse_wishlist_text&quot;:&quot;Lista Deseos&quot;,&quot;already_in_wishslist_text&quot;:&quot;The producto esta Agregado!&quot;,&quot;product_added_text&quot;:&quot;Producto Agregado!&quot;,&quot;available_multi_wishlist&quot;:false,&quot;disable_wishlist&quot;:false,&quot;show_count&quot;:false,&quot;ajax_loading&quot;:false,&quot;loop_position&quot;:&quot;after_add_to_cart&quot;,&quot;item&quot;:&quot;add_to_wishlist&quot;}\"\n>\n\t\t\t\n\t\t\t<!-- ADD TO WISHLIST -->\n\t\t\t\n<div class=\"yith-wcwl-add-button\">\n\t\t<a\n\t\thref=\"?add_to_wishlist=90084&#038;_wpnonce=98056c7fc2\"\n\t\tclass=\"add_to_wishlist single_add_to_wishlist\"\n\t\tdata-product-id=\"90084\"\n\t\tdata-product-type=\"variable\"\n\t\tdata-original-product-id=\"0\"\n\t\tdata-title=\"Lista Deseos\"\n\t\trel=\"nofollow\"\n\t>\n\t\t<svg id=\"yith-wcwl-icon-heart-outline\" class=\"yith-wcwl-icon-svg\" fill=\"none\" stroke-width=\"1.5\" stroke=\"currentColor\" viewbox=\"0 0 24 24\" xmlns=\"http:\/\/www.w3.org\/2000\/svg\">\n  <path stroke-linecap=\"round\" stroke-linejoin=\"round\" d=\"M21 8.25c0-2.485-2.099-4.5-4.688-4.5-1.935 0-3.597 1.126-4.312 2.733-.715-1.607-2.377-2.733-4.313-2.733C5.1 3.75 3 5.765 3 8.25c0 7.22 9 12 9 12s9-4.78 9-12Z\"><\/path>\n<\/svg>\t\t<span>Lista Deseos<\/span>\n\t<\/a>\n<\/div>\n\n\t\t\t<!-- COUNT TEXT -->\n\t\t\t\n\t\t\t<\/div>\n                                                                                    \n                                    <\/div>\n                                                                        <a class=\"xs_product_img_link\" href=\"https:\/\/bodegaoutdoor.cl\/store\/product\/esdy-botin-de-senderismo-de-media-cana-transpirable\/\">\n                                       <img loading=\"lazy\" decoding=\"async\" width=\"200\" height=\"200\" src=\"https:\/\/bodegaoutdoor.cl\/store\/wp-content\/uploads\/2026\/06\/90084-vt6paa.jpg\" class=\"attachment-253x200 size-253x200\" alt=\"ESDY, Botin de senderismo de media ca\u00f1a,  transpirable\" srcset=\"https:\/\/bodegaoutdoor.cl\/store\/wp-content\/uploads\/2026\/06\/90084-vt6paa.jpg 800w, https:\/\/bodegaoutdoor.cl\/store\/wp-content\/uploads\/2026\/06\/90084-vt6paa-300x300.jpg 300w, https:\/\/bodegaoutdoor.cl\/store\/wp-content\/uploads\/2026\/06\/90084-vt6paa-150x150.jpg 150w, https:\/\/bodegaoutdoor.cl\/store\/wp-content\/uploads\/2026\/06\/90084-vt6paa-768x768.jpg 768w, https:\/\/bodegaoutdoor.cl\/store\/wp-content\/uploads\/2026\/06\/90084-vt6paa-600x600.jpg 600w, https:\/\/bodegaoutdoor.cl\/store\/wp-content\/uploads\/2026\/06\/90084-vt6paa-100x100.jpg 100w, https:\/\/bodegaoutdoor.cl\/store\/wp-content\/uploads\/2026\/06\/90084-vt6paa-50x50.jpg 50w\" sizes=\"(max-width: 200px) 100vw, 200px\" \/>                                    <\/a>\n                                                                        <!-- <div class=\"xs-product-content\"> -->\n                                        <!-- <span class=\"product-categories\"> -->\n                                        <span class=\"product-categories\"><a href = 'https:\/\/bodegaoutdoor.cl\/store\/product-category\/calzado\/'>Calzado<\/a>  <\/span>\n                                        <!-- <\/span> -->\n                                        <a class=\"product-title\" href=\"https:\/\/bodegaoutdoor.cl\/store\/product\/esdy-botin-de-senderismo-de-media-cana-transpirable\/\">ESDY, Botin de senderismo de media ca\u00f1a,  transpirable<\/a>\n                                        <span class=\"price\">\n                                            <del aria-hidden=\"true\"><span class=\"woocommerce-Price-amount amount\"><bdi><span class=\"woocommerce-Price-currencySymbol\" translate=\"no\">$<\/span>89,990<\/bdi><\/span><\/del> <span class=\"screen-reader-text\">El precio original era: $89,990.<\/span><ins aria-hidden=\"true\"><span class=\"woocommerce-Price-amount amount\"><bdi><span class=\"woocommerce-Price-currencySymbol\" translate=\"no\">$<\/span>59,990<\/bdi><\/span><\/ins><span class=\"screen-reader-text\">El precio actual es: $59,990.<\/span>                                        <\/span>\n                                    <!-- <\/div> -->\n                                    <div class=\"xs-product-hover-area clearfix\">\n                                        <div class=\"xs-addcart woocommerce text-center\">\n                                                                                            <a href=\"https:\/\/bodegaoutdoor.cl\/store\/product\/esdy-botin-de-senderismo-de-media-cana-transpirable\/\" aria-describedby=\"woocommerce_loop_add_to_cart_link_describedby_90084\" data-quantity=\"1\" class=\"button product_type_variable add_to_cart_button\" data-product_id=\"90084\" data-product_sku=\"\" aria-label=\"Elige las opciones para &ldquo;ESDY, Botin de senderismo de media ca\u00f1a,  transpirable&rdquo;\" rel=\"nofollow\">Seleccionar opciones<\/a>    <span id=\"woocommerce_loop_add_to_cart_link_describedby_90084\" class=\"screen-reader-text\">\n        Este producto tiene m\u00faltiples variantes. Las opciones se pueden elegir en la p\u00e1gina de producto    <\/span>\n                                                                                    <\/div>\n                                    <\/div>\n                                <\/div>\n                            <\/div>\n                                                    <div class=\"col-md-3\">\n                                <div class=\"xs-product-wraper version-2\">\n                                    <div class=\"xs-product-header media woocommerce xs-wishlist \">\n\n                                                                                                                            \n                                                                                                                                    \n<div\n\tclass=\"yith-wcwl-add-to-wishlist add-to-wishlist-90019 yith-wcwl-add-to-wishlist--link-style wishlist-fragment on-first-load\"\n\tdata-fragment-ref=\"90019\"\n\tdata-fragment-options=\"{&quot;base_url&quot;:&quot;&quot;,&quot;product_id&quot;:90019,&quot;parent_product_id&quot;:0,&quot;product_type&quot;:&quot;variable&quot;,&quot;is_single&quot;:false,&quot;in_default_wishlist&quot;:false,&quot;show_view&quot;:false,&quot;browse_wishlist_text&quot;:&quot;Lista Deseos&quot;,&quot;already_in_wishslist_text&quot;:&quot;The producto esta Agregado!&quot;,&quot;product_added_text&quot;:&quot;Producto Agregado!&quot;,&quot;available_multi_wishlist&quot;:false,&quot;disable_wishlist&quot;:false,&quot;show_count&quot;:false,&quot;ajax_loading&quot;:false,&quot;loop_position&quot;:&quot;after_add_to_cart&quot;,&quot;item&quot;:&quot;add_to_wishlist&quot;}\"\n>\n\t\t\t\n\t\t\t<!-- ADD TO WISHLIST -->\n\t\t\t\n<div class=\"yith-wcwl-add-button\">\n\t\t<a\n\t\thref=\"?add_to_wishlist=90019&#038;_wpnonce=98056c7fc2\"\n\t\tclass=\"add_to_wishlist single_add_to_wishlist\"\n\t\tdata-product-id=\"90019\"\n\t\tdata-product-type=\"variable\"\n\t\tdata-original-product-id=\"0\"\n\t\tdata-title=\"Lista Deseos\"\n\t\trel=\"nofollow\"\n\t>\n\t\t<svg id=\"yith-wcwl-icon-heart-outline\" class=\"yith-wcwl-icon-svg\" fill=\"none\" stroke-width=\"1.5\" stroke=\"currentColor\" viewbox=\"0 0 24 24\" xmlns=\"http:\/\/www.w3.org\/2000\/svg\">\n  <path stroke-linecap=\"round\" stroke-linejoin=\"round\" d=\"M21 8.25c0-2.485-2.099-4.5-4.688-4.5-1.935 0-3.597 1.126-4.312 2.733-.715-1.607-2.377-2.733-4.313-2.733C5.1 3.75 3 5.765 3 8.25c0 7.22 9 12 9 12s9-4.78 9-12Z\"><\/path>\n<\/svg>\t\t<span>Lista Deseos<\/span>\n\t<\/a>\n<\/div>\n\n\t\t\t<!-- COUNT TEXT -->\n\t\t\t\n\t\t\t<\/div>\n                                                                                    \n                                    <\/div>\n                                                                        <a class=\"xs_product_img_link\" href=\"https:\/\/bodegaoutdoor.cl\/store\/product\/esdy-zapatillas-de-trekking-liberacion-rapida\/\">\n                                       <img loading=\"lazy\" decoding=\"async\" width=\"200\" height=\"200\" src=\"https:\/\/bodegaoutdoor.cl\/store\/wp-content\/uploads\/2026\/06\/90019-jsa7hj.jpg\" class=\"attachment-253x200 size-253x200\" alt=\"ESDY zapatillas de Trekking, liberaci\u00f3n r\u00e1pida\" srcset=\"https:\/\/bodegaoutdoor.cl\/store\/wp-content\/uploads\/2026\/06\/90019-jsa7hj.jpg 1000w, https:\/\/bodegaoutdoor.cl\/store\/wp-content\/uploads\/2026\/06\/90019-jsa7hj-300x300.jpg 300w, https:\/\/bodegaoutdoor.cl\/store\/wp-content\/uploads\/2026\/06\/90019-jsa7hj-150x150.jpg 150w, https:\/\/bodegaoutdoor.cl\/store\/wp-content\/uploads\/2026\/06\/90019-jsa7hj-768x768.jpg 768w, https:\/\/bodegaoutdoor.cl\/store\/wp-content\/uploads\/2026\/06\/90019-jsa7hj-600x600.jpg 600w, https:\/\/bodegaoutdoor.cl\/store\/wp-content\/uploads\/2026\/06\/90019-jsa7hj-100x100.jpg 100w, https:\/\/bodegaoutdoor.cl\/store\/wp-content\/uploads\/2026\/06\/90019-jsa7hj-50x50.jpg 50w\" sizes=\"(max-width: 200px) 100vw, 200px\" \/>                                    <\/a>\n                                                                        <!-- <div class=\"xs-product-content\"> -->\n                                        <!-- <span class=\"product-categories\"> -->\n                                        <span class=\"product-categories\"><a href = 'https:\/\/bodegaoutdoor.cl\/store\/product-category\/calzado\/'>Calzado<\/a>  <\/span>\n                                        <!-- <\/span> -->\n                                        <a class=\"product-title\" href=\"https:\/\/bodegaoutdoor.cl\/store\/product\/esdy-zapatillas-de-trekking-liberacion-rapida\/\">ESDY zapatillas de Trekking, liberaci\u00f3n r\u00e1pida<\/a>\n                                        <span class=\"price\">\n                                            <del aria-hidden=\"true\"><span class=\"woocommerce-Price-amount amount\"><bdi><span class=\"woocommerce-Price-currencySymbol\" translate=\"no\">$<\/span>89,990<\/bdi><\/span><\/del> <span class=\"screen-reader-text\">El precio original era: $89,990.<\/span><ins aria-hidden=\"true\"><span class=\"woocommerce-Price-amount amount\"><bdi><span class=\"woocommerce-Price-currencySymbol\" translate=\"no\">$<\/span>59,990<\/bdi><\/span><\/ins><span class=\"screen-reader-text\">El precio actual es: $59,990.<\/span>                                        <\/span>\n                                    <!-- <\/div> -->\n                                    <div class=\"xs-product-hover-area clearfix\">\n                                        <div class=\"xs-addcart woocommerce text-center\">\n                                                                                            <a href=\"https:\/\/bodegaoutdoor.cl\/store\/product\/esdy-zapatillas-de-trekking-liberacion-rapida\/\" aria-describedby=\"woocommerce_loop_add_to_cart_link_describedby_90019\" data-quantity=\"1\" class=\"button product_type_variable add_to_cart_button\" data-product_id=\"90019\" data-product_sku=\"1005009421948372\" aria-label=\"Elige las opciones para &ldquo;ESDY zapatillas de Trekking, liberaci\u00f3n r\u00e1pida&rdquo;\" rel=\"nofollow\">Seleccionar opciones<\/a>    <span id=\"woocommerce_loop_add_to_cart_link_describedby_90019\" class=\"screen-reader-text\">\n        Este producto tiene m\u00faltiples variantes. Las opciones se pueden elegir en la p\u00e1gina de producto    <\/span>\n                                                                                    <\/div>\n                                    <\/div>\n                                <\/div>\n                            <\/div>\n                                        <\/div>\n            <\/div>\n                                <div class=\"tab-pane fade \" id=\"xs-tabs-77735-3\">\n                <div class=\"row\">\n                                                <div class=\"col-md-3\">\n                                <div class=\"xs-product-wraper version-2\">\n                                    <div class=\"xs-product-header media woocommerce xs-wishlist \">\n\n                                                                                                                            \n                                                                                                                                    \n<div\n\tclass=\"yith-wcwl-add-to-wishlist add-to-wishlist-22093 yith-wcwl-add-to-wishlist--link-style wishlist-fragment on-first-load\"\n\tdata-fragment-ref=\"22093\"\n\tdata-fragment-options=\"{&quot;base_url&quot;:&quot;&quot;,&quot;product_id&quot;:22093,&quot;parent_product_id&quot;:0,&quot;product_type&quot;:&quot;variable&quot;,&quot;is_single&quot;:false,&quot;in_default_wishlist&quot;:false,&quot;show_view&quot;:false,&quot;browse_wishlist_text&quot;:&quot;Lista Deseos&quot;,&quot;already_in_wishslist_text&quot;:&quot;The producto esta Agregado!&quot;,&quot;product_added_text&quot;:&quot;Producto Agregado!&quot;,&quot;available_multi_wishlist&quot;:false,&quot;disable_wishlist&quot;:false,&quot;show_count&quot;:false,&quot;ajax_loading&quot;:false,&quot;loop_position&quot;:&quot;after_add_to_cart&quot;,&quot;item&quot;:&quot;add_to_wishlist&quot;}\"\n>\n\t\t\t\n\t\t\t<!-- ADD TO WISHLIST -->\n\t\t\t\n<div class=\"yith-wcwl-add-button\">\n\t\t<a\n\t\thref=\"?add_to_wishlist=22093&#038;_wpnonce=98056c7fc2\"\n\t\tclass=\"add_to_wishlist single_add_to_wishlist\"\n\t\tdata-product-id=\"22093\"\n\t\tdata-product-type=\"variable\"\n\t\tdata-original-product-id=\"0\"\n\t\tdata-title=\"Lista Deseos\"\n\t\trel=\"nofollow\"\n\t>\n\t\t<svg id=\"yith-wcwl-icon-heart-outline\" class=\"yith-wcwl-icon-svg\" fill=\"none\" stroke-width=\"1.5\" stroke=\"currentColor\" viewbox=\"0 0 24 24\" xmlns=\"http:\/\/www.w3.org\/2000\/svg\">\n  <path stroke-linecap=\"round\" stroke-linejoin=\"round\" d=\"M21 8.25c0-2.485-2.099-4.5-4.688-4.5-1.935 0-3.597 1.126-4.312 2.733-.715-1.607-2.377-2.733-4.313-2.733C5.1 3.75 3 5.765 3 8.25c0 7.22 9 12 9 12s9-4.78 9-12Z\"><\/path>\n<\/svg>\t\t<span>Lista Deseos<\/span>\n\t<\/a>\n<\/div>\n\n\t\t\t<!-- COUNT TEXT -->\n\t\t\t\n\t\t\t<\/div>\n                                                                                    \n                                    <\/div>\n                                                                        <a class=\"xs_product_img_link\" href=\"https:\/\/bodegaoutdoor.cl\/store\/product\/cinturon-corrector-postura-espalda-ajustable-clavicula-columna-vertebral-correccion-postura-lumbar\/\">\n                                       <img loading=\"lazy\" decoding=\"async\" width=\"200\" height=\"200\" src=\"https:\/\/bodegaoutdoor.cl\/store\/wp-content\/uploads\/2020\/12\/22093-eq17cf.jpg\" class=\"attachment-253x200 size-253x200\" alt=\"Cintur\u00f3n Corrector postura espalda ajustable clav\u00edcula columna vertebral correcci\u00f3n postura Lumbar\" srcset=\"https:\/\/bodegaoutdoor.cl\/store\/wp-content\/uploads\/2020\/12\/22093-eq17cf.jpg 800w, https:\/\/bodegaoutdoor.cl\/store\/wp-content\/uploads\/2020\/12\/22093-eq17cf-300x300.jpg 300w, https:\/\/bodegaoutdoor.cl\/store\/wp-content\/uploads\/2020\/12\/22093-eq17cf-100x100.jpg 100w, https:\/\/bodegaoutdoor.cl\/store\/wp-content\/uploads\/2020\/12\/22093-eq17cf-600x600.jpg 600w, https:\/\/bodegaoutdoor.cl\/store\/wp-content\/uploads\/2020\/12\/22093-eq17cf-150x150.jpg 150w, https:\/\/bodegaoutdoor.cl\/store\/wp-content\/uploads\/2020\/12\/22093-eq17cf-768x768.jpg 768w\" sizes=\"(max-width: 200px) 100vw, 200px\" \/>                                    <\/a>\n                                                                        <!-- <div class=\"xs-product-content\"> -->\n                                        <!-- <span class=\"product-categories\"> -->\n                                        <span class=\"product-categories\"><a href = 'https:\/\/bodegaoutdoor.cl\/store\/product-category\/airsoft\/'>Airsoft<\/a>  <\/span>\n                                        <!-- <\/span> -->\n                                        <a class=\"product-title\" href=\"https:\/\/bodegaoutdoor.cl\/store\/product\/cinturon-corrector-postura-espalda-ajustable-clavicula-columna-vertebral-correccion-postura-lumbar\/\">Cintur\u00f3n Corrector postura espalda ajustable clav\u00edcula columna vertebral correcci\u00f3n postura Lumbar<\/a>\n                                        <span class=\"price\">\n                                            <del aria-hidden=\"true\"><span class=\"woocommerce-Price-amount amount\"><bdi><span class=\"woocommerce-Price-currencySymbol\" translate=\"no\">$<\/span>29,990<\/bdi><\/span><\/del> <span class=\"screen-reader-text\">El precio original era: $29,990.<\/span><ins aria-hidden=\"true\"><span class=\"woocommerce-Price-amount amount\"><bdi><span class=\"woocommerce-Price-currencySymbol\" translate=\"no\">$<\/span>17,990<\/bdi><\/span><\/ins><span class=\"screen-reader-text\">El precio actual es: $17,990.<\/span>                                        <\/span>\n                                    <!-- <\/div> -->\n                                    <div class=\"xs-product-hover-area clearfix\">\n                                        <div class=\"xs-addcart woocommerce text-center\">\n                                                                                            <a href=\"https:\/\/bodegaoutdoor.cl\/store\/product\/cinturon-corrector-postura-espalda-ajustable-clavicula-columna-vertebral-correccion-postura-lumbar\/\" aria-describedby=\"woocommerce_loop_add_to_cart_link_describedby_22093\" data-quantity=\"1\" class=\"button product_type_variable add_to_cart_button\" data-product_id=\"22093\" data-product_sku=\"32950945234\" aria-label=\"Elige las opciones para &ldquo;Cintur\u00f3n Corrector postura espalda ajustable clav\u00edcula columna vertebral correcci\u00f3n postura Lumbar&rdquo;\" rel=\"nofollow\">Seleccionar opciones<\/a>    <span id=\"woocommerce_loop_add_to_cart_link_describedby_22093\" class=\"screen-reader-text\">\n        Este producto tiene m\u00faltiples variantes. Las opciones se pueden elegir en la p\u00e1gina de producto    <\/span>\n                                                                                    <\/div>\n                                    <\/div>\n                                <\/div>\n                            <\/div>\n                                                    <div class=\"col-md-3\">\n                                <div class=\"xs-product-wraper version-2\">\n                                    <div class=\"xs-product-header media woocommerce xs-wishlist \">\n\n                                                                                                                            \n                                                                                                                                    \n<div\n\tclass=\"yith-wcwl-add-to-wishlist add-to-wishlist-29480 yith-wcwl-add-to-wishlist--link-style wishlist-fragment on-first-load\"\n\tdata-fragment-ref=\"29480\"\n\tdata-fragment-options=\"{&quot;base_url&quot;:&quot;&quot;,&quot;product_id&quot;:29480,&quot;parent_product_id&quot;:0,&quot;product_type&quot;:&quot;variable&quot;,&quot;is_single&quot;:false,&quot;in_default_wishlist&quot;:false,&quot;show_view&quot;:false,&quot;browse_wishlist_text&quot;:&quot;Lista Deseos&quot;,&quot;already_in_wishslist_text&quot;:&quot;The producto esta Agregado!&quot;,&quot;product_added_text&quot;:&quot;Producto Agregado!&quot;,&quot;available_multi_wishlist&quot;:false,&quot;disable_wishlist&quot;:false,&quot;show_count&quot;:false,&quot;ajax_loading&quot;:false,&quot;loop_position&quot;:&quot;after_add_to_cart&quot;,&quot;item&quot;:&quot;add_to_wishlist&quot;}\"\n>\n\t\t\t\n\t\t\t<!-- ADD TO WISHLIST -->\n\t\t\t\n<div class=\"yith-wcwl-add-button\">\n\t\t<a\n\t\thref=\"?add_to_wishlist=29480&#038;_wpnonce=98056c7fc2\"\n\t\tclass=\"add_to_wishlist single_add_to_wishlist\"\n\t\tdata-product-id=\"29480\"\n\t\tdata-product-type=\"variable\"\n\t\tdata-original-product-id=\"0\"\n\t\tdata-title=\"Lista Deseos\"\n\t\trel=\"nofollow\"\n\t>\n\t\t<svg id=\"yith-wcwl-icon-heart-outline\" class=\"yith-wcwl-icon-svg\" fill=\"none\" stroke-width=\"1.5\" stroke=\"currentColor\" viewbox=\"0 0 24 24\" xmlns=\"http:\/\/www.w3.org\/2000\/svg\">\n  <path stroke-linecap=\"round\" stroke-linejoin=\"round\" d=\"M21 8.25c0-2.485-2.099-4.5-4.688-4.5-1.935 0-3.597 1.126-4.312 2.733-.715-1.607-2.377-2.733-4.313-2.733C5.1 3.75 3 5.765 3 8.25c0 7.22 9 12 9 12s9-4.78 9-12Z\"><\/path>\n<\/svg>\t\t<span>Lista Deseos<\/span>\n\t<\/a>\n<\/div>\n\n\t\t\t<!-- COUNT TEXT -->\n\t\t\t\n\t\t\t<\/div>\n                                                                                    \n                                    <\/div>\n                                                                        <a class=\"xs_product_img_link\" href=\"https:\/\/bodegaoutdoor.cl\/store\/product\/lentes-polarizados-vintage-driving-travel-fishing-classic-outdoor\/\">\n                                       <img loading=\"lazy\" decoding=\"async\" width=\"200\" height=\"200\" src=\"https:\/\/bodegaoutdoor.cl\/store\/wp-content\/uploads\/2021\/02\/29480-17w8xd.jpg\" class=\"attachment-253x200 size-253x200\" alt=\"Lentes Polarizados Vintage Driving Travel Fishing Classic Outdoor\" srcset=\"https:\/\/bodegaoutdoor.cl\/store\/wp-content\/uploads\/2021\/02\/29480-17w8xd.jpg 800w, https:\/\/bodegaoutdoor.cl\/store\/wp-content\/uploads\/2021\/02\/29480-17w8xd-300x300.jpg 300w, https:\/\/bodegaoutdoor.cl\/store\/wp-content\/uploads\/2021\/02\/29480-17w8xd-100x100.jpg 100w, https:\/\/bodegaoutdoor.cl\/store\/wp-content\/uploads\/2021\/02\/29480-17w8xd-600x600.jpg 600w, https:\/\/bodegaoutdoor.cl\/store\/wp-content\/uploads\/2021\/02\/29480-17w8xd-150x150.jpg 150w, https:\/\/bodegaoutdoor.cl\/store\/wp-content\/uploads\/2021\/02\/29480-17w8xd-768x768.jpg 768w\" sizes=\"(max-width: 200px) 100vw, 200px\" \/>                                    <\/a>\n                                                                        <!-- <div class=\"xs-product-content\"> -->\n                                        <!-- <span class=\"product-categories\"> -->\n                                        <span class=\"product-categories\"><a href = 'https:\/\/bodegaoutdoor.cl\/store\/product-category\/lentes\/'>Lentes<\/a>  <\/span>\n                                        <!-- <\/span> -->\n                                        <a class=\"product-title\" href=\"https:\/\/bodegaoutdoor.cl\/store\/product\/lentes-polarizados-vintage-driving-travel-fishing-classic-outdoor\/\">Lentes Polarizados Vintage Driving Travel Fishing Classic Outdoor<\/a>\n                                        <span class=\"price\">\n                                            <del aria-hidden=\"true\"><span class=\"woocommerce-Price-amount amount\"><bdi><span class=\"woocommerce-Price-currencySymbol\" translate=\"no\">$<\/span>14,990<\/bdi><\/span><\/del> <span class=\"screen-reader-text\">El precio original era: $14,990.<\/span><ins aria-hidden=\"true\"><span class=\"woocommerce-Price-amount amount\"><bdi><span class=\"woocommerce-Price-currencySymbol\" translate=\"no\">$<\/span>11,990<\/bdi><\/span><\/ins><span class=\"screen-reader-text\">El precio actual es: $11,990.<\/span>                                        <\/span>\n                                    <!-- <\/div> -->\n                                    <div class=\"xs-product-hover-area clearfix\">\n                                        <div class=\"xs-addcart woocommerce text-center\">\n                                                                                            <a href=\"https:\/\/bodegaoutdoor.cl\/store\/product\/lentes-polarizados-vintage-driving-travel-fishing-classic-outdoor\/\" aria-describedby=\"woocommerce_loop_add_to_cart_link_describedby_29480\" data-quantity=\"1\" class=\"button product_type_variable add_to_cart_button\" data-product_id=\"29480\" data-product_sku=\"4000282670029\" aria-label=\"Elige las opciones para &ldquo;Lentes Polarizados Vintage Driving Travel Fishing Classic Outdoor&rdquo;\" rel=\"nofollow\">Seleccionar opciones<\/a>    <span id=\"woocommerce_loop_add_to_cart_link_describedby_29480\" class=\"screen-reader-text\">\n        Este producto tiene m\u00faltiples variantes. Las opciones se pueden elegir en la p\u00e1gina de producto    <\/span>\n                                                                                    <\/div>\n                                    <\/div>\n                                <\/div>\n                            <\/div>\n                                                    <div class=\"col-md-3\">\n                                <div class=\"xs-product-wraper version-2\">\n                                    <div class=\"xs-product-header media woocommerce xs-wishlist \">\n\n                                                                                                                            \n                                                                                                                                    \n<div\n\tclass=\"yith-wcwl-add-to-wishlist add-to-wishlist-58305 yith-wcwl-add-to-wishlist--link-style wishlist-fragment on-first-load\"\n\tdata-fragment-ref=\"58305\"\n\tdata-fragment-options=\"{&quot;base_url&quot;:&quot;&quot;,&quot;product_id&quot;:58305,&quot;parent_product_id&quot;:0,&quot;product_type&quot;:&quot;variable&quot;,&quot;is_single&quot;:false,&quot;in_default_wishlist&quot;:false,&quot;show_view&quot;:false,&quot;browse_wishlist_text&quot;:&quot;Lista Deseos&quot;,&quot;already_in_wishslist_text&quot;:&quot;The producto esta Agregado!&quot;,&quot;product_added_text&quot;:&quot;Producto Agregado!&quot;,&quot;available_multi_wishlist&quot;:false,&quot;disable_wishlist&quot;:false,&quot;show_count&quot;:false,&quot;ajax_loading&quot;:false,&quot;loop_position&quot;:&quot;after_add_to_cart&quot;,&quot;item&quot;:&quot;add_to_wishlist&quot;}\"\n>\n\t\t\t\n\t\t\t<!-- ADD TO WISHLIST -->\n\t\t\t\n<div class=\"yith-wcwl-add-button\">\n\t\t<a\n\t\thref=\"?add_to_wishlist=58305&#038;_wpnonce=98056c7fc2\"\n\t\tclass=\"add_to_wishlist single_add_to_wishlist\"\n\t\tdata-product-id=\"58305\"\n\t\tdata-product-type=\"variable\"\n\t\tdata-original-product-id=\"0\"\n\t\tdata-title=\"Lista Deseos\"\n\t\trel=\"nofollow\"\n\t>\n\t\t<svg id=\"yith-wcwl-icon-heart-outline\" class=\"yith-wcwl-icon-svg\" fill=\"none\" stroke-width=\"1.5\" stroke=\"currentColor\" viewbox=\"0 0 24 24\" xmlns=\"http:\/\/www.w3.org\/2000\/svg\">\n  <path stroke-linecap=\"round\" stroke-linejoin=\"round\" d=\"M21 8.25c0-2.485-2.099-4.5-4.688-4.5-1.935 0-3.597 1.126-4.312 2.733-.715-1.607-2.377-2.733-4.313-2.733C5.1 3.75 3 5.765 3 8.25c0 7.22 9 12 9 12s9-4.78 9-12Z\"><\/path>\n<\/svg>\t\t<span>Lista Deseos<\/span>\n\t<\/a>\n<\/div>\n\n\t\t\t<!-- COUNT TEXT -->\n\t\t\t\n\t\t\t<\/div>\n                                                                                    \n                                    <\/div>\n                                                                        <a class=\"xs_product_img_link\" href=\"https:\/\/bodegaoutdoor.cl\/store\/product\/lemfo-reloj-inteligente-iwo-14-pro-hw67-reloj-inteligente-hombre-llamada-bluetooth-nfc-imagen-de-la-esfera-personalizada-presion-arterial-frecuencia-cardiaca-reloj-inteligente-mujer-smartwatch-soporte\/\">\n                                       <img loading=\"lazy\" decoding=\"async\" width=\"200\" height=\"200\" src=\"https:\/\/bodegaoutdoor.cl\/store\/wp-content\/uploads\/2022\/06\/58305-5tjyqv.jpg\" class=\"attachment-253x200 size-253x200\" alt=\"Lemfo-reloj inteligente Iwo 14 Pro HW67 reloj inteligente hombre Llamada Bluetooth NFC Imagen de la esfera personalizada Presi\u00f3n arterial Frecuencia card\u00edaca reloj inteligente mujer smartwatch Soporte para  Android Ios\" srcset=\"https:\/\/bodegaoutdoor.cl\/store\/wp-content\/uploads\/2022\/06\/58305-5tjyqv.jpg 1200w, https:\/\/bodegaoutdoor.cl\/store\/wp-content\/uploads\/2022\/06\/58305-5tjyqv-300x300.jpg 300w, https:\/\/bodegaoutdoor.cl\/store\/wp-content\/uploads\/2022\/06\/58305-5tjyqv-100x100.jpg 100w, https:\/\/bodegaoutdoor.cl\/store\/wp-content\/uploads\/2022\/06\/58305-5tjyqv-600x600.jpg 600w, https:\/\/bodegaoutdoor.cl\/store\/wp-content\/uploads\/2022\/06\/58305-5tjyqv-150x150.jpg 150w, https:\/\/bodegaoutdoor.cl\/store\/wp-content\/uploads\/2022\/06\/58305-5tjyqv-768x768.jpg 768w\" sizes=\"(max-width: 200px) 100vw, 200px\" \/>                                    <\/a>\n                                                                        <!-- <div class=\"xs-product-content\"> -->\n                                        <!-- <span class=\"product-categories\"> -->\n                                        <span class=\"product-categories\"><a href = 'https:\/\/bodegaoutdoor.cl\/store\/product-category\/relojes\/'>Relojes<\/a>  <\/span>\n                                        <!-- <\/span> -->\n                                        <a class=\"product-title\" href=\"https:\/\/bodegaoutdoor.cl\/store\/product\/lemfo-reloj-inteligente-iwo-14-pro-hw67-reloj-inteligente-hombre-llamada-bluetooth-nfc-imagen-de-la-esfera-personalizada-presion-arterial-frecuencia-cardiaca-reloj-inteligente-mujer-smartwatch-soporte\/\">Lemfo-reloj inteligente Iwo 14 Pro HW67 reloj inteligente hombre Llamada Bluetooth NFC Imagen de la esfera personalizada Presi\u00f3n arterial Frecuencia card\u00edaca reloj inteligente mujer smartwatch Soporte para  Android Ios<\/a>\n                                        <span class=\"price\">\n                                            <span class=\"woocommerce-Price-amount amount\"><bdi><span class=\"woocommerce-Price-currencySymbol\" translate=\"no\">$<\/span>49,990<\/bdi><\/span>                                        <\/span>\n                                    <!-- <\/div> -->\n                                    <div class=\"xs-product-hover-area clearfix\">\n                                        <div class=\"xs-addcart woocommerce text-center\">\n                                                                                            <a href=\"https:\/\/bodegaoutdoor.cl\/store\/product\/lemfo-reloj-inteligente-iwo-14-pro-hw67-reloj-inteligente-hombre-llamada-bluetooth-nfc-imagen-de-la-esfera-personalizada-presion-arterial-frecuencia-cardiaca-reloj-inteligente-mujer-smartwatch-soporte\/\" aria-describedby=\"woocommerce_loop_add_to_cart_link_describedby_58305\" data-quantity=\"1\" class=\"button product_type_variable add_to_cart_button\" data-product_id=\"58305\" data-product_sku=\"1005002930832517\" aria-label=\"Elige las opciones para &ldquo;Lemfo-reloj inteligente Iwo 14 Pro HW67 reloj inteligente hombre Llamada Bluetooth NFC Imagen de la esfera personalizada Presi\u00f3n arterial Frecuencia card\u00edaca reloj inteligente mujer smartwatch Soporte para  Android Ios&rdquo;\" rel=\"nofollow\">Seleccionar opciones<\/a>    <span id=\"woocommerce_loop_add_to_cart_link_describedby_58305\" class=\"screen-reader-text\">\n        Este producto tiene m\u00faltiples variantes. Las opciones se pueden elegir en la p\u00e1gina de producto    <\/span>\n                                                                                    <\/div>\n                                    <\/div>\n                                <\/div>\n                            <\/div>\n                                                    <div class=\"col-md-3\">\n                                <div class=\"xs-product-wraper version-2\">\n                                    <div class=\"xs-product-header media woocommerce xs-wishlist \">\n\n                                                                                                                            \n                                                                                                                                    \n<div\n\tclass=\"yith-wcwl-add-to-wishlist add-to-wishlist-20963 yith-wcwl-add-to-wishlist--link-style wishlist-fragment on-first-load\"\n\tdata-fragment-ref=\"20963\"\n\tdata-fragment-options=\"{&quot;base_url&quot;:&quot;&quot;,&quot;product_id&quot;:20963,&quot;parent_product_id&quot;:0,&quot;product_type&quot;:&quot;variable&quot;,&quot;is_single&quot;:false,&quot;in_default_wishlist&quot;:false,&quot;show_view&quot;:false,&quot;browse_wishlist_text&quot;:&quot;Lista Deseos&quot;,&quot;already_in_wishslist_text&quot;:&quot;The producto esta Agregado!&quot;,&quot;product_added_text&quot;:&quot;Producto Agregado!&quot;,&quot;available_multi_wishlist&quot;:false,&quot;disable_wishlist&quot;:false,&quot;show_count&quot;:false,&quot;ajax_loading&quot;:false,&quot;loop_position&quot;:&quot;after_add_to_cart&quot;,&quot;item&quot;:&quot;add_to_wishlist&quot;}\"\n>\n\t\t\t\n\t\t\t<!-- ADD TO WISHLIST -->\n\t\t\t\n<div class=\"yith-wcwl-add-button\">\n\t\t<a\n\t\thref=\"?add_to_wishlist=20963&#038;_wpnonce=98056c7fc2\"\n\t\tclass=\"add_to_wishlist single_add_to_wishlist\"\n\t\tdata-product-id=\"20963\"\n\t\tdata-product-type=\"variable\"\n\t\tdata-original-product-id=\"0\"\n\t\tdata-title=\"Lista Deseos\"\n\t\trel=\"nofollow\"\n\t>\n\t\t<svg id=\"yith-wcwl-icon-heart-outline\" class=\"yith-wcwl-icon-svg\" fill=\"none\" stroke-width=\"1.5\" stroke=\"currentColor\" viewbox=\"0 0 24 24\" xmlns=\"http:\/\/www.w3.org\/2000\/svg\">\n  <path stroke-linecap=\"round\" stroke-linejoin=\"round\" d=\"M21 8.25c0-2.485-2.099-4.5-4.688-4.5-1.935 0-3.597 1.126-4.312 2.733-.715-1.607-2.377-2.733-4.313-2.733C5.1 3.75 3 5.765 3 8.25c0 7.22 9 12 9 12s9-4.78 9-12Z\"><\/path>\n<\/svg>\t\t<span>Lista Deseos<\/span>\n\t<\/a>\n<\/div>\n\n\t\t\t<!-- COUNT TEXT -->\n\t\t\t\n\t\t\t<\/div>\n                                                                                    \n                                    <\/div>\n                                                                        <a class=\"xs_product_img_link\" href=\"https:\/\/bodegaoutdoor.cl\/store\/product\/gafas-para-ciclismo-para-motocicletas-lentes-para-correr-deportes-de-pesca-ciclismo\/\">\n                                       <img loading=\"lazy\" decoding=\"async\" width=\"200\" height=\"200\" src=\"https:\/\/bodegaoutdoor.cl\/store\/wp-content\/uploads\/2020\/11\/20963-o6ob61.jpg\" class=\"attachment-253x200 size-253x200\" alt=\"Gafas para ciclismo para motocicletas, Lentes para correr, deportes de pesca, ciclismo\" srcset=\"https:\/\/bodegaoutdoor.cl\/store\/wp-content\/uploads\/2020\/11\/20963-o6ob61.jpg 800w, https:\/\/bodegaoutdoor.cl\/store\/wp-content\/uploads\/2020\/11\/20963-o6ob61-300x300.jpg 300w, https:\/\/bodegaoutdoor.cl\/store\/wp-content\/uploads\/2020\/11\/20963-o6ob61-100x100.jpg 100w, https:\/\/bodegaoutdoor.cl\/store\/wp-content\/uploads\/2020\/11\/20963-o6ob61-600x600.jpg 600w, https:\/\/bodegaoutdoor.cl\/store\/wp-content\/uploads\/2020\/11\/20963-o6ob61-150x150.jpg 150w, https:\/\/bodegaoutdoor.cl\/store\/wp-content\/uploads\/2020\/11\/20963-o6ob61-768x768.jpg 768w\" sizes=\"(max-width: 200px) 100vw, 200px\" \/>                                    <\/a>\n                                                                        <!-- <div class=\"xs-product-content\"> -->\n                                        <!-- <span class=\"product-categories\"> -->\n                                        <span class=\"product-categories\"><a href = 'https:\/\/bodegaoutdoor.cl\/store\/product-category\/lentes\/'>Lentes<\/a>  <\/span>\n                                        <!-- <\/span> -->\n                                        <a class=\"product-title\" href=\"https:\/\/bodegaoutdoor.cl\/store\/product\/gafas-para-ciclismo-para-motocicletas-lentes-para-correr-deportes-de-pesca-ciclismo\/\">Gafas para ciclismo para motocicletas, Lentes para correr, deportes de pesca, ciclismo<\/a>\n                                        <span class=\"price\">\n                                            <span class=\"woocommerce-Price-amount amount\" aria-hidden=\"true\"><bdi><span class=\"woocommerce-Price-currencySymbol\" translate=\"no\">$<\/span>34,990<\/bdi><\/span> <span aria-hidden=\"true\">-<\/span> <span class=\"woocommerce-Price-amount amount\" aria-hidden=\"true\"><bdi><span class=\"woocommerce-Price-currencySymbol\" translate=\"no\">$<\/span>39,990<\/bdi><\/span><span class=\"screen-reader-text\">Rango de precios: desde $34,990 hasta $39,990<\/span>                                        <\/span>\n                                    <!-- <\/div> -->\n                                    <div class=\"xs-product-hover-area clearfix\">\n                                        <div class=\"xs-addcart woocommerce text-center\">\n                                                                                            <a href=\"https:\/\/bodegaoutdoor.cl\/store\/product\/gafas-para-ciclismo-para-motocicletas-lentes-para-correr-deportes-de-pesca-ciclismo\/\" aria-describedby=\"woocommerce_loop_add_to_cart_link_describedby_20963\" data-quantity=\"1\" class=\"button product_type_variable add_to_cart_button\" data-product_id=\"20963\" data-product_sku=\"4000480113772\" aria-label=\"Elige las opciones para &ldquo;Gafas para ciclismo para motocicletas, Lentes para correr, deportes de pesca, ciclismo&rdquo;\" rel=\"nofollow\">Seleccionar opciones<\/a>    <span id=\"woocommerce_loop_add_to_cart_link_describedby_20963\" class=\"screen-reader-text\">\n        Este producto tiene m\u00faltiples variantes. Las opciones se pueden elegir en la p\u00e1gina de producto    <\/span>\n                                                                                    <\/div>\n                                    <\/div>\n                                <\/div>\n                            <\/div>\n                                        <\/div>\n            <\/div>\n            <\/div>\t\t\t\t<\/div>\n\t\t\t\t<\/div>\n\t\t\t\t\t<\/div>\n\t\t<\/div>\n\t\t\t\t\t<\/div>\n\t\t<\/section>\n\t\t\t\t<section class=\"elementor-section elementor-top-section elementor-element elementor-element-c322c39 elementor-section-boxed elementor-section-height-default elementor-section-height-default\" data-id=\"c322c39\" data-element_type=\"section\" data-e-type=\"section\">\n\t\t\t\t\t\t<div class=\"elementor-container elementor-column-gap-default\">\n\t\t\t\t\t<div class=\"elementor-column elementor-col-33 elementor-top-column elementor-element elementor-element-1c53069\" data-id=\"1c53069\" data-element_type=\"column\" data-e-type=\"column\">\n\t\t\t<div class=\"elementor-widget-wrap elementor-element-populated\">\n\t\t\t\t\t\t<div class=\"elementor-element elementor-element-fcc0ffe elementor-widget elementor-widget-xs-woo-carousel\" data-id=\"fcc0ffe\" data-element_type=\"widget\" data-e-type=\"widget\" data-widget_type=\"xs-woo-carousel.default\">\n\t\t\t\t<div class=\"elementor-widget-container\">\n\t\t\t\t\t<div class=\"xs-content-header\">\n    <h2 class=\"xs-content-title version-2\">Featured Products<\/h2>\n\n    <div class=\"customNavigation xs-custom-nav\">    \n       <div class=\"tab-button-prev swiper-prev-fcc0ffe\">\n           <i class=\"xsicon xsicon-angle-left\"><\/i>\n       <\/div>\n       <div class=\"tab-button-next swiper-next-fcc0ffe\">\n           <i class=\"xsicon xsicon-angle-right\"><\/i>\n       <\/div>\n    <\/div>\n    <div class=\"clearfix\"><\/div>\n<\/div>\n<div data-controls=\"{&quot;widget_id&quot;:&quot;fcc0ffe&quot;}\" class=\"xs-product-slider-1 swiper\">\n    <div class=\"swiper-wrapper\">\n                                        <div class=\"xs-product-slider-item swiper-slide\">\n                            <div class=\"xs-product-widget media version-2\">\n                                        <a class=\"xs_product_img_link\" href=\"https:\/\/bodegaoutdoor.cl\/store\/product\/cinturon-corrector-postura-espalda-ajustable-clavicula-columna-vertebral-correccion-postura-lumbar\/\">\n                            <img loading=\"lazy\" decoding=\"async\" width=\"71\" height=\"70\" src=\"https:\/\/bodegaoutdoor.cl\/store\/wp-content\/uploads\/2020\/12\/22093-eq17cf-100x100.jpg\" class=\"attachment-71x70 size-71x70\" alt=\"Cintur\u00f3n Corrector postura espalda ajustable clav\u00edcula columna vertebral correcci\u00f3n postura Lumbar\" srcset=\"https:\/\/bodegaoutdoor.cl\/store\/wp-content\/uploads\/2020\/12\/22093-eq17cf-100x100.jpg 100w, https:\/\/bodegaoutdoor.cl\/store\/wp-content\/uploads\/2020\/12\/22093-eq17cf-300x300.jpg 300w, https:\/\/bodegaoutdoor.cl\/store\/wp-content\/uploads\/2020\/12\/22093-eq17cf-600x600.jpg 600w, https:\/\/bodegaoutdoor.cl\/store\/wp-content\/uploads\/2020\/12\/22093-eq17cf-150x150.jpg 150w, https:\/\/bodegaoutdoor.cl\/store\/wp-content\/uploads\/2020\/12\/22093-eq17cf-768x768.jpg 768w, https:\/\/bodegaoutdoor.cl\/store\/wp-content\/uploads\/2020\/12\/22093-eq17cf.jpg 800w\" sizes=\"(max-width: 71px) 100vw, 71px\" \/>                    <\/a>\n                                        <div class=\"media-body align-self-center product-widget-content\">\n                        <a class=\"product-title small\" href=\"https:\/\/bodegaoutdoor.cl\/store\/product\/cinturon-corrector-postura-espalda-ajustable-clavicula-columna-vertebral-correccion-postura-lumbar\/\">Cintur\u00f3n Corrector postura espalda ajustable clav\u00edcula columna vertebral correcci\u00f3n postura Lumbar<\/a>\n                        \n                        <span class=\"price small\"><del aria-hidden=\"true\"><span class=\"woocommerce-Price-amount amount\"><bdi><span class=\"woocommerce-Price-currencySymbol\" translate=\"no\">$<\/span>29,990<\/bdi><\/span><\/del> <span class=\"screen-reader-text\">El precio original era: $29,990.<\/span><ins aria-hidden=\"true\"><span class=\"woocommerce-Price-amount amount\"><bdi><span class=\"woocommerce-Price-currencySymbol\" translate=\"no\">$<\/span>17,990<\/bdi><\/span><\/ins><span class=\"screen-reader-text\">El precio actual es: $17,990.<\/span> <\/span>\n                    <\/div><!-- .product-widget-content .version-2 END -->\n                <\/div>\n                                                                <div class=\"xs-product-widget media version-2\">\n                                        <a class=\"xs_product_img_link\" href=\"https:\/\/bodegaoutdoor.cl\/store\/product\/lentes-polarizados-vintage-driving-travel-fishing-classic-outdoor\/\">\n                            <img loading=\"lazy\" decoding=\"async\" width=\"71\" height=\"70\" src=\"https:\/\/bodegaoutdoor.cl\/store\/wp-content\/uploads\/2021\/02\/29480-17w8xd-100x100.jpg\" class=\"attachment-71x70 size-71x70\" alt=\"Lentes Polarizados Vintage Driving Travel Fishing Classic Outdoor\" srcset=\"https:\/\/bodegaoutdoor.cl\/store\/wp-content\/uploads\/2021\/02\/29480-17w8xd-100x100.jpg 100w, https:\/\/bodegaoutdoor.cl\/store\/wp-content\/uploads\/2021\/02\/29480-17w8xd-300x300.jpg 300w, https:\/\/bodegaoutdoor.cl\/store\/wp-content\/uploads\/2021\/02\/29480-17w8xd-600x600.jpg 600w, https:\/\/bodegaoutdoor.cl\/store\/wp-content\/uploads\/2021\/02\/29480-17w8xd-150x150.jpg 150w, https:\/\/bodegaoutdoor.cl\/store\/wp-content\/uploads\/2021\/02\/29480-17w8xd-768x768.jpg 768w, https:\/\/bodegaoutdoor.cl\/store\/wp-content\/uploads\/2021\/02\/29480-17w8xd.jpg 800w\" sizes=\"(max-width: 71px) 100vw, 71px\" \/>                    <\/a>\n                                        <div class=\"media-body align-self-center product-widget-content\">\n                        <a class=\"product-title small\" href=\"https:\/\/bodegaoutdoor.cl\/store\/product\/lentes-polarizados-vintage-driving-travel-fishing-classic-outdoor\/\">Lentes Polarizados Vintage Driving Travel Fishing Classic Outdoor<\/a>\n                        \n                        <span class=\"price small\"><del aria-hidden=\"true\"><span class=\"woocommerce-Price-amount amount\"><bdi><span class=\"woocommerce-Price-currencySymbol\" translate=\"no\">$<\/span>14,990<\/bdi><\/span><\/del> <span class=\"screen-reader-text\">El precio original era: $14,990.<\/span><ins aria-hidden=\"true\"><span class=\"woocommerce-Price-amount amount\"><bdi><span class=\"woocommerce-Price-currencySymbol\" translate=\"no\">$<\/span>11,990<\/bdi><\/span><\/ins><span class=\"screen-reader-text\">El precio actual es: $11,990.<\/span> <\/span>\n                    <\/div><!-- .product-widget-content .version-2 END -->\n                <\/div>\n                                                                <div class=\"xs-product-widget media version-2\">\n                                        <a class=\"xs_product_img_link\" href=\"https:\/\/bodegaoutdoor.cl\/store\/product\/lemfo-reloj-inteligente-iwo-14-pro-hw67-reloj-inteligente-hombre-llamada-bluetooth-nfc-imagen-de-la-esfera-personalizada-presion-arterial-frecuencia-cardiaca-reloj-inteligente-mujer-smartwatch-soporte\/\">\n                            <img loading=\"lazy\" decoding=\"async\" width=\"71\" height=\"70\" src=\"https:\/\/bodegaoutdoor.cl\/store\/wp-content\/uploads\/2022\/06\/58305-5tjyqv-100x100.jpg\" class=\"attachment-71x70 size-71x70\" alt=\"Lemfo-reloj inteligente Iwo 14 Pro HW67 reloj inteligente hombre Llamada Bluetooth NFC Imagen de la esfera personalizada Presi\u00f3n arterial Frecuencia card\u00edaca reloj inteligente mujer smartwatch Soporte para  Android Ios\" srcset=\"https:\/\/bodegaoutdoor.cl\/store\/wp-content\/uploads\/2022\/06\/58305-5tjyqv-100x100.jpg 100w, https:\/\/bodegaoutdoor.cl\/store\/wp-content\/uploads\/2022\/06\/58305-5tjyqv-300x300.jpg 300w, https:\/\/bodegaoutdoor.cl\/store\/wp-content\/uploads\/2022\/06\/58305-5tjyqv-600x600.jpg 600w, https:\/\/bodegaoutdoor.cl\/store\/wp-content\/uploads\/2022\/06\/58305-5tjyqv-150x150.jpg 150w, https:\/\/bodegaoutdoor.cl\/store\/wp-content\/uploads\/2022\/06\/58305-5tjyqv-768x768.jpg 768w, https:\/\/bodegaoutdoor.cl\/store\/wp-content\/uploads\/2022\/06\/58305-5tjyqv.jpg 1200w\" sizes=\"(max-width: 71px) 100vw, 71px\" \/>                    <\/a>\n                                        <div class=\"media-body align-self-center product-widget-content\">\n                        <a class=\"product-title small\" href=\"https:\/\/bodegaoutdoor.cl\/store\/product\/lemfo-reloj-inteligente-iwo-14-pro-hw67-reloj-inteligente-hombre-llamada-bluetooth-nfc-imagen-de-la-esfera-personalizada-presion-arterial-frecuencia-cardiaca-reloj-inteligente-mujer-smartwatch-soporte\/\">Lemfo-reloj inteligente Iwo 14 Pro HW67 reloj inteligente hombre Llamada Bluetooth NFC Imagen de la esfera personalizada Presi\u00f3n arterial Frecuencia card\u00edaca reloj inteligente mujer smartwatch Soporte para  Android Ios<\/a>\n                        \n                        <span class=\"price small\"><span class=\"woocommerce-Price-amount amount\"><bdi><span class=\"woocommerce-Price-currencySymbol\" translate=\"no\">$<\/span>49,990<\/bdi><\/span> <\/span>\n                    <\/div><!-- .product-widget-content .version-2 END -->\n                <\/div>\n                                <\/div>\n                                                            <div class=\"xs-product-slider-item swiper-slide\">\n                            <div class=\"xs-product-widget media version-2\">\n                                        <a class=\"xs_product_img_link\" href=\"https:\/\/bodegaoutdoor.cl\/store\/product\/gafas-para-ciclismo-para-motocicletas-lentes-para-correr-deportes-de-pesca-ciclismo\/\">\n                            <img loading=\"lazy\" decoding=\"async\" width=\"71\" height=\"70\" src=\"https:\/\/bodegaoutdoor.cl\/store\/wp-content\/uploads\/2020\/11\/20963-o6ob61-100x100.jpg\" class=\"attachment-71x70 size-71x70\" alt=\"Gafas para ciclismo para motocicletas, Lentes para correr, deportes de pesca, ciclismo\" srcset=\"https:\/\/bodegaoutdoor.cl\/store\/wp-content\/uploads\/2020\/11\/20963-o6ob61-100x100.jpg 100w, https:\/\/bodegaoutdoor.cl\/store\/wp-content\/uploads\/2020\/11\/20963-o6ob61-300x300.jpg 300w, https:\/\/bodegaoutdoor.cl\/store\/wp-content\/uploads\/2020\/11\/20963-o6ob61-600x600.jpg 600w, https:\/\/bodegaoutdoor.cl\/store\/wp-content\/uploads\/2020\/11\/20963-o6ob61-150x150.jpg 150w, https:\/\/bodegaoutdoor.cl\/store\/wp-content\/uploads\/2020\/11\/20963-o6ob61-768x768.jpg 768w, https:\/\/bodegaoutdoor.cl\/store\/wp-content\/uploads\/2020\/11\/20963-o6ob61.jpg 800w\" sizes=\"(max-width: 71px) 100vw, 71px\" \/>                    <\/a>\n                                        <div class=\"media-body align-self-center product-widget-content\">\n                        <a class=\"product-title small\" href=\"https:\/\/bodegaoutdoor.cl\/store\/product\/gafas-para-ciclismo-para-motocicletas-lentes-para-correr-deportes-de-pesca-ciclismo\/\">Gafas para ciclismo para motocicletas, Lentes para correr, deportes de pesca, ciclismo<\/a>\n                        \n                        <span class=\"price small\"><span class=\"woocommerce-Price-amount amount\" aria-hidden=\"true\"><bdi><span class=\"woocommerce-Price-currencySymbol\" translate=\"no\">$<\/span>34,990<\/bdi><\/span> <span aria-hidden=\"true\">-<\/span> <span class=\"woocommerce-Price-amount amount\" aria-hidden=\"true\"><bdi><span class=\"woocommerce-Price-currencySymbol\" translate=\"no\">$<\/span>39,990<\/bdi><\/span><span class=\"screen-reader-text\">Rango de precios: desde $34,990 hasta $39,990<\/span> <\/span>\n                    <\/div><!-- .product-widget-content .version-2 END -->\n                <\/div>\n                                                                <div class=\"xs-product-widget media version-2\">\n                                        <a class=\"xs_product_img_link\" href=\"https:\/\/bodegaoutdoor.cl\/store\/product\/calcetines-deportivos-profesionales-para-hombre-y-mujer-medias-transpirables-para-escalada-senderismo-caminar-y-correr\/\">\n                            <img loading=\"lazy\" decoding=\"async\" width=\"71\" height=\"70\" src=\"https:\/\/bodegaoutdoor.cl\/store\/wp-content\/uploads\/2021\/09\/47822-rivyk2-100x100.jpg\" class=\"attachment-71x70 size-71x70\" alt=\"Calcetines deportivos profesionales para hombre y mujer, medias transpirables para escalada, senderismo deportes\" srcset=\"https:\/\/bodegaoutdoor.cl\/store\/wp-content\/uploads\/2021\/09\/47822-rivyk2-100x100.jpg 100w, https:\/\/bodegaoutdoor.cl\/store\/wp-content\/uploads\/2021\/09\/47822-rivyk2-300x300.jpg 300w, https:\/\/bodegaoutdoor.cl\/store\/wp-content\/uploads\/2021\/09\/47822-rivyk2-600x600.jpg 600w, https:\/\/bodegaoutdoor.cl\/store\/wp-content\/uploads\/2021\/09\/47822-rivyk2-150x150.jpg 150w, https:\/\/bodegaoutdoor.cl\/store\/wp-content\/uploads\/2021\/09\/47822-rivyk2-768x768.jpg 768w, https:\/\/bodegaoutdoor.cl\/store\/wp-content\/uploads\/2021\/09\/47822-rivyk2.jpg 800w\" sizes=\"(max-width: 71px) 100vw, 71px\" \/>                    <\/a>\n                                        <div class=\"media-body align-self-center product-widget-content\">\n                        <a class=\"product-title small\" href=\"https:\/\/bodegaoutdoor.cl\/store\/product\/calcetines-deportivos-profesionales-para-hombre-y-mujer-medias-transpirables-para-escalada-senderismo-caminar-y-correr\/\">Calcetines deportivos profesionales para hombre y mujer, medias transpirables para escalada, senderismo deportes<\/a>\n                        \n                        <span class=\"price small\"><del aria-hidden=\"true\"><span class=\"woocommerce-Price-amount amount\"><bdi><span class=\"woocommerce-Price-currencySymbol\" translate=\"no\">$<\/span>19,990<\/bdi><\/span><\/del> <span class=\"screen-reader-text\">El precio original era: $19,990.<\/span><ins aria-hidden=\"true\"><span class=\"woocommerce-Price-amount amount\"><bdi><span class=\"woocommerce-Price-currencySymbol\" translate=\"no\">$<\/span>9,990<\/bdi><\/span><\/ins><span class=\"screen-reader-text\">El precio actual es: $9,990.<\/span> <\/span>\n                    <\/div><!-- .product-widget-content .version-2 END -->\n                <\/div>\n                                                                <div class=\"xs-product-widget media version-2\">\n                                        <a class=\"xs_product_img_link\" href=\"https:\/\/bodegaoutdoor.cl\/store\/product\/gafas-de-sol-polarizadas-aoron-para-hombre-y-mujer-gafas-de-sol-clasicas-con-espejo-para-conducir-al-aire-libre-para-hombre-gafas-con-armazon-de-metal-uv400\/\">\n                            <img loading=\"lazy\" decoding=\"async\" width=\"71\" height=\"70\" src=\"https:\/\/bodegaoutdoor.cl\/store\/wp-content\/uploads\/2020\/08\/9844-hi20fd-100x100.jpg\" class=\"attachment-71x70 size-71x70\" alt=\"Gafas de sol polarizadas Aoron para unisex, outdoor con armaz\u00f3n de Metal UV400\" srcset=\"https:\/\/bodegaoutdoor.cl\/store\/wp-content\/uploads\/2020\/08\/9844-hi20fd-100x100.jpg 100w, https:\/\/bodegaoutdoor.cl\/store\/wp-content\/uploads\/2020\/08\/9844-hi20fd-300x300.jpg 300w, https:\/\/bodegaoutdoor.cl\/store\/wp-content\/uploads\/2020\/08\/9844-hi20fd-600x600.jpg 600w, https:\/\/bodegaoutdoor.cl\/store\/wp-content\/uploads\/2020\/08\/9844-hi20fd-150x150.jpg 150w, https:\/\/bodegaoutdoor.cl\/store\/wp-content\/uploads\/2020\/08\/9844-hi20fd-768x768.jpg 768w, https:\/\/bodegaoutdoor.cl\/store\/wp-content\/uploads\/2020\/08\/9844-hi20fd.jpg 800w\" sizes=\"(max-width: 71px) 100vw, 71px\" \/>                    <\/a>\n                                        <div class=\"media-body align-self-center product-widget-content\">\n                        <a class=\"product-title small\" href=\"https:\/\/bodegaoutdoor.cl\/store\/product\/gafas-de-sol-polarizadas-aoron-para-hombre-y-mujer-gafas-de-sol-clasicas-con-espejo-para-conducir-al-aire-libre-para-hombre-gafas-con-armazon-de-metal-uv400\/\">Gafas de sol polarizadas Aoron para unisex, outdoor con armaz\u00f3n de Metal UV400<\/a>\n                        \n                        <span class=\"price small\"><del aria-hidden=\"true\"><span class=\"woocommerce-Price-amount amount\"><bdi><span class=\"woocommerce-Price-currencySymbol\" translate=\"no\">$<\/span>24,990<\/bdi><\/span><\/del> <span class=\"screen-reader-text\">El precio original era: $24,990.<\/span><ins aria-hidden=\"true\"><span class=\"woocommerce-Price-amount amount\"><bdi><span class=\"woocommerce-Price-currencySymbol\" translate=\"no\">$<\/span>19,990<\/bdi><\/span><\/ins><span class=\"screen-reader-text\">El precio actual es: $19,990.<\/span> <\/span>\n                    <\/div><!-- .product-widget-content .version-2 END -->\n                <\/div>\n                                <\/div>\n                                                            <div class=\"xs-product-slider-item swiper-slide\">\n                            <div class=\"xs-product-widget media version-2\">\n                                        <a class=\"xs_product_img_link\" href=\"https:\/\/bodegaoutdoor.cl\/store\/product\/mrerdith-senuelo-iscas-de-senuelos-pesca-jerk-minnow-100f-14g-wobbler-flotante-24-colores-cebo-duro-calidad-profesional-depth0-8-10m-isca-artificial-frete-gratis-black-minnow\/\">\n                            <img loading=\"lazy\" decoding=\"async\" width=\"71\" height=\"70\" src=\"https:\/\/bodegaoutdoor.cl\/store\/wp-content\/uploads\/2022\/01\/52490-zcljgq-100x100.jpg\" class=\"attachment-71x70 size-71x70\" alt=\"MRERDITH-se\u00f1uelo iscas de se\u00f1uelos pesca JERK MINNOW 100F 14g, Wobbler flotante, 24 colores, cebo duro, calidad profesional Depth0.8-1,0m isca artificial frete gratis black minnow\" srcset=\"https:\/\/bodegaoutdoor.cl\/store\/wp-content\/uploads\/2022\/01\/52490-zcljgq-100x100.jpg 100w, https:\/\/bodegaoutdoor.cl\/store\/wp-content\/uploads\/2022\/01\/52490-zcljgq-300x300.jpg 300w, https:\/\/bodegaoutdoor.cl\/store\/wp-content\/uploads\/2022\/01\/52490-zcljgq-600x600.jpg 600w, https:\/\/bodegaoutdoor.cl\/store\/wp-content\/uploads\/2022\/01\/52490-zcljgq-150x150.jpg 150w, https:\/\/bodegaoutdoor.cl\/store\/wp-content\/uploads\/2022\/01\/52490-zcljgq-768x768.jpg 768w, https:\/\/bodegaoutdoor.cl\/store\/wp-content\/uploads\/2022\/01\/52490-zcljgq.jpg 800w\" sizes=\"(max-width: 71px) 100vw, 71px\" \/>                    <\/a>\n                                        <div class=\"media-body align-self-center product-widget-content\">\n                        <a class=\"product-title small\" href=\"https:\/\/bodegaoutdoor.cl\/store\/product\/mrerdith-senuelo-iscas-de-senuelos-pesca-jerk-minnow-100f-14g-wobbler-flotante-24-colores-cebo-duro-calidad-profesional-depth0-8-10m-isca-artificial-frete-gratis-black-minnow\/\">MRERDITH-se\u00f1uelo iscas de se\u00f1uelos pesca JERK MINNOW 100F 14g, Wobbler flotante, 24 colores, cebo duro, calidad profesional Depth0.8-1,0m isca artificial frete gratis black minnow<\/a>\n                        \n                        <span class=\"price small\"><span class=\"woocommerce-Price-amount amount\"><bdi><span class=\"woocommerce-Price-currencySymbol\" translate=\"no\">$<\/span>5,990<\/bdi><\/span> <\/span>\n                    <\/div><!-- .product-widget-content .version-2 END -->\n                <\/div>\n                                                                <div class=\"xs-product-widget media version-2\">\n                                        <a class=\"xs_product_img_link\" href=\"https:\/\/bodegaoutdoor.cl\/store\/product\/strava-conjuntos-de-camisetas-y-pantalones-cortos-de-ciclismo-color-rojo-verde-fluorescente-maillot-de-ciclismo\/\">\n                            <img loading=\"lazy\" decoding=\"async\" width=\"71\" height=\"70\" src=\"https:\/\/bodegaoutdoor.cl\/store\/wp-content\/uploads\/2021\/09\/48062-xcf2js-100x100.jpg\" class=\"attachment-71x70 size-71x70\" alt=\"STRAVA-Conjunto de camisetas y pantalones cortos de ciclismo, color rojo, verde fluorescente, maillot de ciclismo\" srcset=\"https:\/\/bodegaoutdoor.cl\/store\/wp-content\/uploads\/2021\/09\/48062-xcf2js-100x100.jpg 100w, https:\/\/bodegaoutdoor.cl\/store\/wp-content\/uploads\/2021\/09\/48062-xcf2js-300x300.jpg 300w, https:\/\/bodegaoutdoor.cl\/store\/wp-content\/uploads\/2021\/09\/48062-xcf2js-600x600.jpg 600w, https:\/\/bodegaoutdoor.cl\/store\/wp-content\/uploads\/2021\/09\/48062-xcf2js-150x150.jpg 150w, https:\/\/bodegaoutdoor.cl\/store\/wp-content\/uploads\/2021\/09\/48062-xcf2js-768x768.jpg 768w, https:\/\/bodegaoutdoor.cl\/store\/wp-content\/uploads\/2021\/09\/48062-xcf2js.jpg 900w\" sizes=\"(max-width: 71px) 100vw, 71px\" \/>                    <\/a>\n                                        <div class=\"media-body align-self-center product-widget-content\">\n                        <a class=\"product-title small\" href=\"https:\/\/bodegaoutdoor.cl\/store\/product\/strava-conjuntos-de-camisetas-y-pantalones-cortos-de-ciclismo-color-rojo-verde-fluorescente-maillot-de-ciclismo\/\">STRAVA-Conjunto de camisetas y pantalones cortos de ciclismo, color rojo, verde fluorescente, maillot de ciclismo<\/a>\n                        \n                        <span class=\"price small\"><span class=\"woocommerce-Price-amount amount\" aria-hidden=\"true\"><bdi><span class=\"woocommerce-Price-currencySymbol\" translate=\"no\">$<\/span>24,990<\/bdi><\/span> <span aria-hidden=\"true\">-<\/span> <span class=\"woocommerce-Price-amount amount\" aria-hidden=\"true\"><bdi><span class=\"woocommerce-Price-currencySymbol\" translate=\"no\">$<\/span>39,990<\/bdi><\/span><span class=\"screen-reader-text\">Rango de precios: desde $24,990 hasta $39,990<\/span> <\/span>\n                    <\/div><!-- .product-widget-content .version-2 END -->\n                <\/div>\n                                                                <div class=\"xs-product-widget media version-2\">\n                                        <a class=\"xs_product_img_link\" href=\"https:\/\/bodegaoutdoor.cl\/store\/product\/pasamontanas-de-camuflaje-completa-depores-ciclismo-bufanda\/\">\n                            <img loading=\"lazy\" decoding=\"async\" width=\"71\" height=\"70\" src=\"https:\/\/bodegaoutdoor.cl\/store\/wp-content\/uploads\/2020\/12\/22448-aaufkm-100x100.jpg\" class=\"attachment-71x70 size-71x70\" alt=\"Pasamonta\u00f1as de camuflaje completa, depores, ciclismo,  bufanda\" srcset=\"https:\/\/bodegaoutdoor.cl\/store\/wp-content\/uploads\/2020\/12\/22448-aaufkm-100x100.jpg 100w, https:\/\/bodegaoutdoor.cl\/store\/wp-content\/uploads\/2020\/12\/22448-aaufkm-300x300.jpg 300w, https:\/\/bodegaoutdoor.cl\/store\/wp-content\/uploads\/2020\/12\/22448-aaufkm-600x600.jpg 600w, https:\/\/bodegaoutdoor.cl\/store\/wp-content\/uploads\/2020\/12\/22448-aaufkm-150x150.jpg 150w, https:\/\/bodegaoutdoor.cl\/store\/wp-content\/uploads\/2020\/12\/22448-aaufkm-768x768.jpg 768w, https:\/\/bodegaoutdoor.cl\/store\/wp-content\/uploads\/2020\/12\/22448-aaufkm.jpg 1200w\" sizes=\"(max-width: 71px) 100vw, 71px\" \/>                    <\/a>\n                                        <div class=\"media-body align-self-center product-widget-content\">\n                        <a class=\"product-title small\" href=\"https:\/\/bodegaoutdoor.cl\/store\/product\/pasamontanas-de-camuflaje-completa-depores-ciclismo-bufanda\/\">Pasamonta\u00f1as de camuflaje completa, depores, ciclismo,  bufanda<\/a>\n                        \n                        <span class=\"price small\"><del aria-hidden=\"true\"><span class=\"woocommerce-Price-amount amount\"><bdi><span class=\"woocommerce-Price-currencySymbol\" translate=\"no\">$<\/span>11,990<\/bdi><\/span><\/del> <span class=\"screen-reader-text\">El precio original era: $11,990.<\/span><ins aria-hidden=\"true\"><span class=\"woocommerce-Price-amount amount\"><bdi><span class=\"woocommerce-Price-currencySymbol\" translate=\"no\">$<\/span>9,990<\/bdi><\/span><\/ins><span class=\"screen-reader-text\">El precio actual es: $9,990.<\/span> <\/span>\n                    <\/div><!-- .product-widget-content .version-2 END -->\n                <\/div>\n                                <\/div>\n                                <\/div>\n<\/div>    \t\t\t\t<\/div>\n\t\t\t\t<\/div>\n\t\t\t\t\t<\/div>\n\t\t<\/div>\n\t\t\t\t<div class=\"elementor-column elementor-col-33 elementor-top-column elementor-element elementor-element-e5c9eb6\" data-id=\"e5c9eb6\" data-element_type=\"column\" data-e-type=\"column\">\n\t\t\t<div class=\"elementor-widget-wrap elementor-element-populated\">\n\t\t\t\t\t\t<div class=\"elementor-element elementor-element-54fe65f elementor-widget elementor-widget-xs-woo-carousel\" data-id=\"54fe65f\" data-element_type=\"widget\" data-e-type=\"widget\" data-widget_type=\"xs-woo-carousel.default\">\n\t\t\t\t<div class=\"elementor-widget-container\">\n\t\t\t\t\t<div class=\"xs-content-header\">\n    <h2 class=\"xs-content-title version-2\">Trending Products<\/h2>\n\n    <div class=\"customNavigation xs-custom-nav\">    \n       <div class=\"tab-button-prev swiper-prev-54fe65f\">\n           <i class=\"xsicon xsicon-angle-left\"><\/i>\n       <\/div>\n       <div class=\"tab-button-next swiper-next-54fe65f\">\n           <i class=\"xsicon xsicon-angle-right\"><\/i>\n       <\/div>\n    <\/div>\n    <div class=\"clearfix\"><\/div>\n<\/div>\n<div data-controls=\"{&quot;widget_id&quot;:&quot;54fe65f&quot;}\" class=\"xs-product-slider-1 swiper\">\n    <div class=\"swiper-wrapper\">\n                                        <div class=\"xs-product-slider-item swiper-slide\">\n                            <div class=\"xs-product-widget media version-2\">\n                                        <a class=\"xs_product_img_link\" href=\"https:\/\/bodegaoutdoor.cl\/store\/product\/neumatico-para-enduro-120-100-18-medium-soft\/\">\n                            <img loading=\"lazy\" decoding=\"async\" width=\"71\" height=\"70\" src=\"https:\/\/bodegaoutdoor.cl\/store\/wp-content\/uploads\/2026\/05\/WhatsApp-Image-2026-05-17-at-17.30.44-100x100.jpeg\" class=\"attachment-71x70 size-71x70\" alt=\"Neumatico para enduro 120\/100\/18 Medium soft\" srcset=\"https:\/\/bodegaoutdoor.cl\/store\/wp-content\/uploads\/2026\/05\/WhatsApp-Image-2026-05-17-at-17.30.44-100x100.jpeg 100w, https:\/\/bodegaoutdoor.cl\/store\/wp-content\/uploads\/2026\/05\/WhatsApp-Image-2026-05-17-at-17.30.44-150x150.jpeg 150w, https:\/\/bodegaoutdoor.cl\/store\/wp-content\/uploads\/2026\/05\/WhatsApp-Image-2026-05-17-at-17.30.44-300x300.jpeg 300w, https:\/\/bodegaoutdoor.cl\/store\/wp-content\/uploads\/2026\/05\/WhatsApp-Image-2026-05-17-at-17.30.44-50x50.jpeg 50w\" sizes=\"(max-width: 71px) 100vw, 71px\" \/>                    <\/a>\n                                        <div class=\"media-body align-self-center product-widget-content\">\n                        <a class=\"product-title small\" href=\"https:\/\/bodegaoutdoor.cl\/store\/product\/neumatico-para-enduro-120-100-18-medium-soft\/\">Neumatico para enduro 120\/100\/18 Medium soft<\/a>\n                        \n                        <span class=\"price small\"><del aria-hidden=\"true\"><span class=\"woocommerce-Price-amount amount\"><bdi><span class=\"woocommerce-Price-currencySymbol\" translate=\"no\">$<\/span>99,900<\/bdi><\/span><\/del> <span class=\"screen-reader-text\">El precio original era: $99,900.<\/span><ins aria-hidden=\"true\"><span class=\"woocommerce-Price-amount amount\"><bdi><span class=\"woocommerce-Price-currencySymbol\" translate=\"no\">$<\/span>52,990<\/bdi><\/span><\/ins><span class=\"screen-reader-text\">El precio actual es: $52,990.<\/span> <\/span>\n                    <\/div><!-- .product-widget-content .version-2 END -->\n                <\/div>\n                                                                <div class=\"xs-product-widget media version-2\">\n                                        <a class=\"xs_product_img_link\" href=\"https:\/\/bodegaoutdoor.cl\/store\/product\/kit-de-accesorios-de-pesca-cana-regulable-hasta-2-10m\/\">\n                            <img loading=\"lazy\" decoding=\"async\" width=\"71\" height=\"70\" src=\"https:\/\/bodegaoutdoor.cl\/store\/wp-content\/uploads\/2025\/01\/F-126__8_-100x100.jpg\" class=\"attachment-71x70 size-71x70\" alt=\"KIT DE ACCESORIOS DE PESCA CA\u00d1A regulable hasta 2.10m\" srcset=\"https:\/\/bodegaoutdoor.cl\/store\/wp-content\/uploads\/2025\/01\/F-126__8_-100x100.jpg 100w, https:\/\/bodegaoutdoor.cl\/store\/wp-content\/uploads\/2025\/01\/F-126__8_-300x300.jpg 300w, https:\/\/bodegaoutdoor.cl\/store\/wp-content\/uploads\/2025\/01\/F-126__8_-1024x1024.jpg 1024w, https:\/\/bodegaoutdoor.cl\/store\/wp-content\/uploads\/2025\/01\/F-126__8_-150x150.jpg 150w, https:\/\/bodegaoutdoor.cl\/store\/wp-content\/uploads\/2025\/01\/F-126__8_-768x768.jpg 768w, https:\/\/bodegaoutdoor.cl\/store\/wp-content\/uploads\/2025\/01\/F-126__8_-1536x1536.jpg 1536w, https:\/\/bodegaoutdoor.cl\/store\/wp-content\/uploads\/2025\/01\/F-126__8_-2048x2048.jpg 2048w, https:\/\/bodegaoutdoor.cl\/store\/wp-content\/uploads\/2025\/01\/F-126__8_-600x600.jpg 600w\" sizes=\"(max-width: 71px) 100vw, 71px\" \/>                    <\/a>\n                                        <div class=\"media-body align-self-center product-widget-content\">\n                        <a class=\"product-title small\" href=\"https:\/\/bodegaoutdoor.cl\/store\/product\/kit-de-accesorios-de-pesca-cana-regulable-hasta-2-10m\/\">KIT DE ACCESORIOS DE PESCA CA\u00d1A regulable hasta 2.10m<\/a>\n                        \n                        <span class=\"price small\"><del aria-hidden=\"true\"><span class=\"woocommerce-Price-amount amount\"><bdi><span class=\"woocommerce-Price-currencySymbol\" translate=\"no\">$<\/span>35,000<\/bdi><\/span><\/del> <span class=\"screen-reader-text\">El precio original era: $35,000.<\/span><ins aria-hidden=\"true\"><span class=\"woocommerce-Price-amount amount\"><bdi><span class=\"woocommerce-Price-currencySymbol\" translate=\"no\">$<\/span>24,990<\/bdi><\/span><\/ins><span class=\"screen-reader-text\">El precio actual es: $24,990.<\/span> <\/span>\n                    <\/div><!-- .product-widget-content .version-2 END -->\n                <\/div>\n                                                                <div class=\"xs-product-widget media version-2\">\n                                        <a class=\"xs_product_img_link\" href=\"https:\/\/bodegaoutdoor.cl\/store\/product\/carpa-techo-camping-3x3-metros\/\">\n                            <img loading=\"lazy\" decoding=\"async\" width=\"71\" height=\"70\" src=\"https:\/\/bodegaoutdoor.cl\/store\/wp-content\/uploads\/2024\/12\/TECHO-3X3-100x100.jpeg\" class=\"attachment-71x70 size-71x70\" alt=\"Carpa Techo Camping 3&#215;3 metros\" srcset=\"https:\/\/bodegaoutdoor.cl\/store\/wp-content\/uploads\/2024\/12\/TECHO-3X3-100x100.jpeg 100w, https:\/\/bodegaoutdoor.cl\/store\/wp-content\/uploads\/2024\/12\/TECHO-3X3-300x300.jpeg 300w, https:\/\/bodegaoutdoor.cl\/store\/wp-content\/uploads\/2024\/12\/TECHO-3X3-150x150.jpeg 150w, https:\/\/bodegaoutdoor.cl\/store\/wp-content\/uploads\/2024\/12\/TECHO-3X3-768x768.jpeg 768w, https:\/\/bodegaoutdoor.cl\/store\/wp-content\/uploads\/2024\/12\/TECHO-3X3-600x600.jpeg 600w, https:\/\/bodegaoutdoor.cl\/store\/wp-content\/uploads\/2024\/12\/TECHO-3X3.jpeg 800w\" sizes=\"(max-width: 71px) 100vw, 71px\" \/>                    <\/a>\n                                        <div class=\"media-body align-self-center product-widget-content\">\n                        <a class=\"product-title small\" href=\"https:\/\/bodegaoutdoor.cl\/store\/product\/carpa-techo-camping-3x3-metros\/\">Carpa Techo Camping 3&#215;3 metros<\/a>\n                        \n                        <span class=\"price small\"><del aria-hidden=\"true\"><span class=\"woocommerce-Price-amount amount\"><bdi><span class=\"woocommerce-Price-currencySymbol\" translate=\"no\">$<\/span>100,000<\/bdi><\/span><\/del> <span class=\"screen-reader-text\">El precio original era: $100,000.<\/span><ins aria-hidden=\"true\"><span class=\"woocommerce-Price-amount amount\"><bdi><span class=\"woocommerce-Price-currencySymbol\" translate=\"no\">$<\/span>49,990<\/bdi><\/span><\/ins><span class=\"screen-reader-text\">El precio actual es: $49,990.<\/span> <\/span>\n                    <\/div><!-- .product-widget-content .version-2 END -->\n                <\/div>\n                                <\/div>\n                                                            <div class=\"xs-product-slider-item swiper-slide\">\n                            <div class=\"xs-product-widget media version-2\">\n                                        <a class=\"xs_product_img_link\" href=\"https:\/\/bodegaoutdoor.cl\/store\/product\/gorro-police\/\">\n                            <img loading=\"lazy\" decoding=\"async\" width=\"71\" height=\"70\" src=\"https:\/\/bodegaoutdoor.cl\/store\/wp-content\/uploads\/2024\/12\/WhatsApp-Image-2024-05-16-at-9.44.56-AM-100x100.jpeg\" class=\"attachment-71x70 size-71x70\" alt=\"GORRO JOCKEY POLICE\" srcset=\"https:\/\/bodegaoutdoor.cl\/store\/wp-content\/uploads\/2024\/12\/WhatsApp-Image-2024-05-16-at-9.44.56-AM-100x100.jpeg 100w, https:\/\/bodegaoutdoor.cl\/store\/wp-content\/uploads\/2024\/12\/WhatsApp-Image-2024-05-16-at-9.44.56-AM-300x300.jpeg 300w, https:\/\/bodegaoutdoor.cl\/store\/wp-content\/uploads\/2024\/12\/WhatsApp-Image-2024-05-16-at-9.44.56-AM-150x150.jpeg 150w, https:\/\/bodegaoutdoor.cl\/store\/wp-content\/uploads\/2024\/12\/WhatsApp-Image-2024-05-16-at-9.44.56-AM-768x758.jpeg 768w, https:\/\/bodegaoutdoor.cl\/store\/wp-content\/uploads\/2024\/12\/WhatsApp-Image-2024-05-16-at-9.44.56-AM-600x592.jpeg 600w, https:\/\/bodegaoutdoor.cl\/store\/wp-content\/uploads\/2024\/12\/WhatsApp-Image-2024-05-16-at-9.44.56-AM.jpeg 829w\" sizes=\"(max-width: 71px) 100vw, 71px\" \/>                    <\/a>\n                                        <div class=\"media-body align-self-center product-widget-content\">\n                        <a class=\"product-title small\" href=\"https:\/\/bodegaoutdoor.cl\/store\/product\/gorro-police\/\">GORRO JOCKEY POLICE<\/a>\n                        \n                        <span class=\"price small\"><del aria-hidden=\"true\"><span class=\"woocommerce-Price-amount amount\"><bdi><span class=\"woocommerce-Price-currencySymbol\" translate=\"no\">$<\/span>15,000<\/bdi><\/span><\/del> <span class=\"screen-reader-text\">El precio original era: $15,000.<\/span><ins aria-hidden=\"true\"><span class=\"woocommerce-Price-amount amount\"><bdi><span class=\"woocommerce-Price-currencySymbol\" translate=\"no\">$<\/span>9,990<\/bdi><\/span><\/ins><span class=\"screen-reader-text\">El precio actual es: $9,990.<\/span> <\/span>\n                    <\/div><!-- .product-widget-content .version-2 END -->\n                <\/div>\n                                                                <div class=\"xs-product-widget media version-2\">\n                                        <a class=\"xs_product_img_link\" href=\"https:\/\/bodegaoutdoor.cl\/store\/product\/telescopio-comet-501-10-30x50\/\">\n                            <img loading=\"lazy\" decoding=\"async\" width=\"71\" height=\"70\" src=\"https:\/\/bodegaoutdoor.cl\/store\/wp-content\/uploads\/2024\/12\/103050-600x600.jpeg-100x100.webp\" class=\"attachment-71x70 size-71x70\" alt=\"TELESCOPIO comet 501 10-30X50\" srcset=\"https:\/\/bodegaoutdoor.cl\/store\/wp-content\/uploads\/2024\/12\/103050-600x600.jpeg-100x100.webp 100w, https:\/\/bodegaoutdoor.cl\/store\/wp-content\/uploads\/2024\/12\/103050-600x600.jpeg-300x300.webp 300w, https:\/\/bodegaoutdoor.cl\/store\/wp-content\/uploads\/2024\/12\/103050-600x600.jpeg-150x150.webp 150w, https:\/\/bodegaoutdoor.cl\/store\/wp-content\/uploads\/2024\/12\/103050-600x600.jpeg.webp 600w\" sizes=\"(max-width: 71px) 100vw, 71px\" \/>                    <\/a>\n                                        <div class=\"media-body align-self-center product-widget-content\">\n                        <a class=\"product-title small\" href=\"https:\/\/bodegaoutdoor.cl\/store\/product\/telescopio-comet-501-10-30x50\/\">TELESCOPIO comet 501 10-30X50<\/a>\n                        \n                        <span class=\"price small\"><del aria-hidden=\"true\"><span class=\"woocommerce-Price-amount amount\"><bdi><span class=\"woocommerce-Price-currencySymbol\" translate=\"no\">$<\/span>150,000<\/bdi><\/span><\/del> <span class=\"screen-reader-text\">El precio original era: $150,000.<\/span><ins aria-hidden=\"true\"><span class=\"woocommerce-Price-amount amount\"><bdi><span class=\"woocommerce-Price-currencySymbol\" translate=\"no\">$<\/span>99,990<\/bdi><\/span><\/ins><span class=\"screen-reader-text\">El precio actual es: $99,990.<\/span> <\/span>\n                    <\/div><!-- .product-widget-content .version-2 END -->\n                <\/div>\n                                                                <div class=\"xs-product-widget media version-2\">\n                                        <a class=\"xs_product_img_link\" href=\"https:\/\/bodegaoutdoor.cl\/store\/product\/hacha-de-supervivencia-multifuncion-tactica-martillo-outdoor-mango-de-plasticorescate\/\">\n                            <img loading=\"lazy\" decoding=\"async\" width=\"71\" height=\"70\" src=\"https:\/\/bodegaoutdoor.cl\/store\/wp-content\/uploads\/2024\/12\/hacha-bodega-outdoor-survivor-1-100x100.jpeg\" class=\"attachment-71x70 size-71x70\" alt=\"Hacha de supervivencia, multifunci\u00f3n t\u00e1ctica, martillo, outdoor, mango de pl\u00e1stico,rescate\" srcset=\"https:\/\/bodegaoutdoor.cl\/store\/wp-content\/uploads\/2024\/12\/hacha-bodega-outdoor-survivor-1-100x100.jpeg 100w, https:\/\/bodegaoutdoor.cl\/store\/wp-content\/uploads\/2024\/12\/hacha-bodega-outdoor-survivor-1-300x300.jpeg 300w, https:\/\/bodegaoutdoor.cl\/store\/wp-content\/uploads\/2024\/12\/hacha-bodega-outdoor-survivor-1-150x150.jpeg 150w, https:\/\/bodegaoutdoor.cl\/store\/wp-content\/uploads\/2024\/12\/hacha-bodega-outdoor-survivor-1-768x768.jpeg 768w, https:\/\/bodegaoutdoor.cl\/store\/wp-content\/uploads\/2024\/12\/hacha-bodega-outdoor-survivor-1-600x600.jpeg 600w, https:\/\/bodegaoutdoor.cl\/store\/wp-content\/uploads\/2024\/12\/hacha-bodega-outdoor-survivor-1.jpeg 1024w\" sizes=\"(max-width: 71px) 100vw, 71px\" \/>                    <\/a>\n                                        <div class=\"media-body align-self-center product-widget-content\">\n                        <a class=\"product-title small\" href=\"https:\/\/bodegaoutdoor.cl\/store\/product\/hacha-de-supervivencia-multifuncion-tactica-martillo-outdoor-mango-de-plasticorescate\/\">Hacha de supervivencia, multifunci\u00f3n t\u00e1ctica, martillo, outdoor, mango de pl\u00e1stico,rescate<\/a>\n                        \n                        <span class=\"price small\"><del aria-hidden=\"true\"><span class=\"woocommerce-Price-amount amount\"><bdi><span class=\"woocommerce-Price-currencySymbol\" translate=\"no\">$<\/span>60,000<\/bdi><\/span><\/del> <span class=\"screen-reader-text\">El precio original era: $60,000.<\/span><ins aria-hidden=\"true\"><span class=\"woocommerce-Price-amount amount\"><bdi><span class=\"woocommerce-Price-currencySymbol\" translate=\"no\">$<\/span>29,990<\/bdi><\/span><\/ins><span class=\"screen-reader-text\">El precio actual es: $29,990.<\/span> <\/span>\n                    <\/div><!-- .product-widget-content .version-2 END -->\n                <\/div>\n                                <\/div>\n                                                            <div class=\"xs-product-slider-item swiper-slide\">\n                            <div class=\"xs-product-widget media version-2\">\n                                        <a class=\"xs_product_img_link\" href=\"https:\/\/bodegaoutdoor.cl\/store\/product\/termo-1-litro-1000ml-de-doble-pared-al-vacio-liviano\/\">\n                            <img loading=\"lazy\" decoding=\"async\" width=\"71\" height=\"70\" src=\"https:\/\/bodegaoutdoor.cl\/store\/wp-content\/uploads\/2024\/11\/Sin-titulo-100x100.png\" class=\"attachment-71x70 size-71x70\" alt=\"Termo 1 Litro \/ 1000ml, de doble pared al vac\u00edo Liviano\" srcset=\"https:\/\/bodegaoutdoor.cl\/store\/wp-content\/uploads\/2024\/11\/Sin-titulo-100x100.png 100w, https:\/\/bodegaoutdoor.cl\/store\/wp-content\/uploads\/2024\/11\/Sin-titulo-150x150.png 150w, https:\/\/bodegaoutdoor.cl\/store\/wp-content\/uploads\/2024\/11\/Sin-titulo-300x300.png 300w, https:\/\/bodegaoutdoor.cl\/store\/wp-content\/uploads\/2024\/11\/Sin-titulo-50x50.png 50w\" sizes=\"(max-width: 71px) 100vw, 71px\" \/>                    <\/a>\n                                        <div class=\"media-body align-self-center product-widget-content\">\n                        <a class=\"product-title small\" href=\"https:\/\/bodegaoutdoor.cl\/store\/product\/termo-1-litro-1000ml-de-doble-pared-al-vacio-liviano\/\">Termo 1 Litro \/ 1000ml, de doble pared al vac\u00edo Liviano<\/a>\n                        \n                        <span class=\"price small\"><del aria-hidden=\"true\"><span class=\"woocommerce-Price-amount amount\"><bdi><span class=\"woocommerce-Price-currencySymbol\" translate=\"no\">$<\/span>19,990<\/bdi><\/span><\/del> <span class=\"screen-reader-text\">El precio original era: $19,990.<\/span><ins aria-hidden=\"true\"><span class=\"woocommerce-Price-amount amount\"><bdi><span class=\"woocommerce-Price-currencySymbol\" translate=\"no\">$<\/span>9,990<\/bdi><\/span><\/ins><span class=\"screen-reader-text\">El precio actual es: $9,990.<\/span> <\/span>\n                    <\/div><!-- .product-widget-content .version-2 END -->\n                <\/div>\n                                                                <div class=\"xs-product-widget media version-2\">\n                                        <a class=\"xs_product_img_link\" href=\"https:\/\/bodegaoutdoor.cl\/store\/product\/chaqueta-tactica-de-polar-con-capucha\/\">\n                            <img loading=\"lazy\" decoding=\"async\" width=\"71\" height=\"70\" src=\"https:\/\/bodegaoutdoor.cl\/store\/wp-content\/uploads\/2024\/07\/polar-tactico-2-100x100.png\" class=\"attachment-71x70 size-71x70\" alt=\"Chaqueta Tactica De Polar Con Capucha\" srcset=\"https:\/\/bodegaoutdoor.cl\/store\/wp-content\/uploads\/2024\/07\/polar-tactico-2-100x100.png 100w, https:\/\/bodegaoutdoor.cl\/store\/wp-content\/uploads\/2024\/07\/polar-tactico-2-150x150.png 150w, https:\/\/bodegaoutdoor.cl\/store\/wp-content\/uploads\/2024\/07\/polar-tactico-2-300x300.png 300w, https:\/\/bodegaoutdoor.cl\/store\/wp-content\/uploads\/2024\/07\/polar-tactico-2-50x50.png 50w\" sizes=\"(max-width: 71px) 100vw, 71px\" \/>                    <\/a>\n                                        <div class=\"media-body align-self-center product-widget-content\">\n                        <a class=\"product-title small\" href=\"https:\/\/bodegaoutdoor.cl\/store\/product\/chaqueta-tactica-de-polar-con-capucha\/\">Chaqueta Tactica De Polar Con Capucha<\/a>\n                        \n                        <span class=\"price small\"><del aria-hidden=\"true\"><span class=\"woocommerce-Price-amount amount\"><bdi><span class=\"woocommerce-Price-currencySymbol\" translate=\"no\">$<\/span>99,990<\/bdi><\/span><\/del> <span class=\"screen-reader-text\">El precio original era: $99,990.<\/span><ins aria-hidden=\"true\"><span class=\"woocommerce-Price-amount amount\"><bdi><span class=\"woocommerce-Price-currencySymbol\" translate=\"no\">$<\/span>59,990<\/bdi><\/span><\/ins><span class=\"screen-reader-text\">El precio actual es: $59,990.<\/span> <\/span>\n                    <\/div><!-- .product-widget-content .version-2 END -->\n                <\/div>\n                                                                <div class=\"xs-product-widget media version-2\">\n                                        <a class=\"xs_product_img_link\" href=\"https:\/\/bodegaoutdoor.cl\/store\/product\/poston-800-balines-metalicos-bbs-calibre-4-5mm-para-pistola\/\">\n                            <img loading=\"lazy\" decoding=\"async\" width=\"71\" height=\"70\" src=\"https:\/\/bodegaoutdoor.cl\/store\/wp-content\/uploads\/2024\/03\/39ba0a91-2955-48c8-865f-e91e06e6403a-100x100.jpg\" class=\"attachment-71x70 size-71x70\" alt=\"Poston 800 Balines Metalicos Bbs Calibre 4.5mm Para Pistola\" srcset=\"https:\/\/bodegaoutdoor.cl\/store\/wp-content\/uploads\/2024\/03\/39ba0a91-2955-48c8-865f-e91e06e6403a-100x100.jpg 100w, https:\/\/bodegaoutdoor.cl\/store\/wp-content\/uploads\/2024\/03\/39ba0a91-2955-48c8-865f-e91e06e6403a-150x150.jpg 150w, https:\/\/bodegaoutdoor.cl\/store\/wp-content\/uploads\/2024\/03\/39ba0a91-2955-48c8-865f-e91e06e6403a-300x300.jpg 300w, https:\/\/bodegaoutdoor.cl\/store\/wp-content\/uploads\/2024\/03\/39ba0a91-2955-48c8-865f-e91e06e6403a-50x50.jpg 50w\" sizes=\"(max-width: 71px) 100vw, 71px\" \/>                    <\/a>\n                                        <div class=\"media-body align-self-center product-widget-content\">\n                        <a class=\"product-title small\" href=\"https:\/\/bodegaoutdoor.cl\/store\/product\/poston-800-balines-metalicos-bbs-calibre-4-5mm-para-pistola\/\">Poston 800 Balines Metalicos Bbs Calibre 4.5mm Para Pistola<\/a>\n                        \n                        <span class=\"price small\"><del aria-hidden=\"true\"><span class=\"woocommerce-Price-amount amount\"><bdi><span class=\"woocommerce-Price-currencySymbol\" translate=\"no\">$<\/span>8,000<\/bdi><\/span><\/del> <span class=\"screen-reader-text\">El precio original era: $8,000.<\/span><ins aria-hidden=\"true\"><span class=\"woocommerce-Price-amount amount\"><bdi><span class=\"woocommerce-Price-currencySymbol\" translate=\"no\">$<\/span>6,000<\/bdi><\/span><\/ins><span class=\"screen-reader-text\">El precio actual es: $6,000.<\/span> <\/span>\n                    <\/div><!-- .product-widget-content .version-2 END -->\n                <\/div>\n                                <\/div>\n                                <\/div>\n<\/div>    \t\t\t\t<\/div>\n\t\t\t\t<\/div>\n\t\t\t\t\t<\/div>\n\t\t<\/div>\n\t\t\t\t<div class=\"elementor-column elementor-col-33 elementor-top-column elementor-element elementor-element-ec71e64\" data-id=\"ec71e64\" data-element_type=\"column\" data-e-type=\"column\">\n\t\t\t<div class=\"elementor-widget-wrap elementor-element-populated\">\n\t\t\t\t\t\t<div class=\"elementor-element elementor-element-3b1ef6c elementor-widget elementor-widget-xs-woo-carousel\" data-id=\"3b1ef6c\" data-element_type=\"widget\" data-e-type=\"widget\" data-widget_type=\"xs-woo-carousel.default\">\n\t\t\t\t<div class=\"elementor-widget-container\">\n\t\t\t\t\t<div class=\"xs-content-header\">\n    <h2 class=\"xs-content-title version-2\">Hot Sale<\/h2>\n\n    <div class=\"customNavigation xs-custom-nav\">    \n       <div class=\"tab-button-prev swiper-prev-3b1ef6c\">\n           <i class=\"xsicon xsicon-angle-left\"><\/i>\n       <\/div>\n       <div class=\"tab-button-next swiper-next-3b1ef6c\">\n           <i class=\"xsicon xsicon-angle-right\"><\/i>\n       <\/div>\n    <\/div>\n    <div class=\"clearfix\"><\/div>\n<\/div>\n<div data-controls=\"{&quot;widget_id&quot;:&quot;3b1ef6c&quot;}\" class=\"xs-product-slider-1 swiper\">\n    <div class=\"swiper-wrapper\">\n            <\/div>\n<\/div>    \t\t\t\t<\/div>\n\t\t\t\t<\/div>\n\t\t\t\t\t<\/div>\n\t\t<\/div>\n\t\t\t\t\t<\/div>\n\t\t<\/section>\n\t\t\t\t<section class=\"elementor-section elementor-top-section elementor-element elementor-element-11b32cf5 elementor-section-boxed elementor-section-height-default elementor-section-height-default\" data-id=\"11b32cf5\" data-element_type=\"section\" data-e-type=\"section\" data-settings=\"{&quot;background_background&quot;:&quot;classic&quot;}\">\n\t\t\t\t\t\t<div class=\"elementor-container elementor-column-gap-default\">\n\t\t\t\t\t<div class=\"elementor-column elementor-col-100 elementor-top-column elementor-element elementor-element-7adb7134\" data-id=\"7adb7134\" data-element_type=\"column\" data-e-type=\"column\">\n\t\t\t<div class=\"elementor-widget-wrap elementor-element-populated\">\n\t\t\t\t\t\t<section class=\"elementor-section elementor-inner-section elementor-element elementor-element-32db917e elementor-section-boxed elementor-section-height-default elementor-section-height-default\" data-id=\"32db917e\" data-element_type=\"section\" data-e-type=\"section\">\n\t\t\t\t\t\t<div class=\"elementor-container elementor-column-gap-default\">\n\t\t\t\t\t<div class=\"elementor-column elementor-col-50 elementor-inner-column elementor-element elementor-element-29ebeb02\" data-id=\"29ebeb02\" data-element_type=\"column\" data-e-type=\"column\">\n\t\t\t<div class=\"elementor-widget-wrap elementor-element-populated\">\n\t\t\t\t\t\t<div class=\"elementor-element elementor-element-6b2217f1 elementor-position-inline-start elementor-view-default elementor-mobile-position-block-start elementor-widget elementor-widget-icon-box\" data-id=\"6b2217f1\" data-element_type=\"widget\" data-e-type=\"widget\" data-widget_type=\"icon-box.default\">\n\t\t\t\t<div class=\"elementor-widget-container\">\n\t\t\t\t\t\t\t<div class=\"elementor-icon-box-wrapper\">\n\n\t\t\t\t\t\t<div class=\"elementor-icon-box-icon\">\n\t\t\t\t<span  class=\"elementor-icon\">\n\t\t\t\t<i class=\"icon icon-email\" aria-hidden=\"true\"><\/i>\t\t\t\t<\/span>\n\t\t\t<\/div>\n\t\t\t\n\t\t\t\t\t\t<div class=\"elementor-icon-box-content\">\n\n\t\t\t\t\t\t\t\t\t<h3 class=\"elementor-icon-box-title\">\n\t\t\t\t\t\t<span  >\n\t\t\t\t\t\t\tNewsletter &amp; Get Updates\t\t\t\t\t\t<\/span>\n\t\t\t\t\t<\/h3>\n\t\t\t\t\n\t\t\t\t\t\t\t\t\t<p class=\"elementor-icon-box-description\">\n\t\t\t\t\t\tSign up for our newsletter to get up-to-date from us\t\t\t\t\t<\/p>\n\t\t\t\t\n\t\t\t<\/div>\n\t\t\t\n\t\t<\/div>\n\t\t\t\t\t\t<\/div>\n\t\t\t\t<\/div>\n\t\t\t\t\t<\/div>\n\t\t<\/div>\n\t\t\t\t<div class=\"elementor-column elementor-col-50 elementor-inner-column elementor-element elementor-element-1e15c801\" data-id=\"1e15c801\" data-element_type=\"column\" data-e-type=\"column\">\n\t\t\t<div class=\"elementor-widget-wrap elementor-element-populated\">\n\t\t\t\t\t\t<div class=\"elementor-element elementor-element-1ebc40af elementor-widget elementor-widget-xs-subscribe\" data-id=\"1ebc40af\" data-element_type=\"widget\" data-e-type=\"widget\" data-widget_type=\"xs-subscribe.default\">\n\t\t\t\t<div class=\"elementor-widget-container\">\n\t\t\t\t\t<form action=\"#\" method=\"POST\" class=\"xs-newsletter newsLetter-v3\" data-link=\"test\">\n    <label for=\"xs-newsletter-email\"><\/label>\n    <input type=\"email\" name=\"email\" id=\"xs-newsletter-email\" placeholder=\"Enter Your Mail Here .....\">\n    <input type=\"submit\" class = \"xs-mailchimp-btn\" value=\"submit\">\n<\/form><!-- .xs-newsletter END-->\n\t\t\t\t<\/div>\n\t\t\t\t<\/div>\n\t\t\t\t\t<\/div>\n\t\t<\/div>\n\t\t\t\t\t<\/div>\n\t\t<\/section>\n\t\t\t\t\t<\/div>\n\t\t<\/div>\n\t\t\t\t\t<\/div>\n\t\t<\/section>\n\t\t\t\t<\/div>\n\t\t\n    <div class=\"xs_social_share_widget xs_share_url after_content \t\tmain_content  wslu-style-1 wslu-share-box-shaped wslu-fill-colored wslu-none wslu-share-horizontal wslu-theme-font-no wslu-main_content\">\n\n\t\t\n        <ul>\n\t\t\t        <\/ul>\n    <\/div> \n","protected":false},"excerpt":{"rendered":"<p>Mobile 18 Items Available Headphone 12 Items Available Camera 12 Items Available Drone 13 Items Available Watch 6 Items Available Speaker 12 Items Available Xpeed Projector &#36;520.00 &#36;499.00 Bevigac Gamepad &#36;220.00 Mini Game Controller &#36;320.00 Fortnite Controller &#36;170.00 Bluetooth Gamepad &#36;199.00 Unlocked iPhone 6 &#36;599.00 Bevigac Gamepad &#36;220.00 Headset for Phones &#36;39.00 Kotion Headset &#36;29.00 [&hellip;]<\/p>\n","protected":false},"author":1,"featured_media":0,"parent":0,"menu_order":0,"comment_status":"closed","ping_status":"closed","template":"template\/template-full-width.php","meta":{"footnotes":""},"class_list":["post-1162","page","type-page","status-publish","hentry"],"jetpack_sharing_enabled":true,"_links":{"self":[{"href":"https:\/\/bodegaoutdoor.cl\/store\/wp-json\/wp\/v2\/pages\/1162","targetHints":{"allow":["GET"]}}],"collection":[{"href":"https:\/\/bodegaoutdoor.cl\/store\/wp-json\/wp\/v2\/pages"}],"about":[{"href":"https:\/\/bodegaoutdoor.cl\/store\/wp-json\/wp\/v2\/types\/page"}],"author":[{"embeddable":true,"href":"https:\/\/bodegaoutdoor.cl\/store\/wp-json\/wp\/v2\/users\/1"}],"replies":[{"embeddable":true,"href":"https:\/\/bodegaoutdoor.cl\/store\/wp-json\/wp\/v2\/comments?post=1162"}],"version-history":[{"count":0,"href":"https:\/\/bodegaoutdoor.cl\/store\/wp-json\/wp\/v2\/pages\/1162\/revisions"}],"wp:attachment":[{"href":"https:\/\/bodegaoutdoor.cl\/store\/wp-json\/wp\/v2\/media?parent=1162"}],"curies":[{"name":"wp","href":"https:\/\/api.w.org\/{rel}","templated":true}]}}