{"id":259,"date":"2018-04-23T08:30:03","date_gmt":"2018-04-23T08:30:03","guid":{"rendered":"http:\/\/xs-sagar\/marketpress\/?page_id=259"},"modified":"2022-08-26T15:49:14","modified_gmt":"2022-08-26T19:49:14","slug":"home-02","status":"publish","type":"page","link":"https:\/\/bodegaoutdoor.cl\/store\/home-02\/","title":{"rendered":"Home 02"},"content":{"rendered":"\t\t<div data-elementor-type=\"wp-post\" data-elementor-id=\"259\" class=\"elementor elementor-259\">\n\t\t\t\t\t\t<div class=\"elementor-section elementor-top-section elementor-element elementor-element-97fdc7a elementor-section-full_width elementor-section-height-default elementor-section-height-default\" data-id=\"97fdc7a\" data-element_type=\"section\" data-e-type=\"section\">\n\t\t\t\t\t\t<div class=\"elementor-container elementor-column-gap-default\">\n\t\t\t\t\t<div class=\"elementor-column elementor-col-33 elementor-top-column elementor-element elementor-element-d1b2f7f\" data-id=\"d1b2f7f\" data-element_type=\"column\" data-e-type=\"column\">\n\t\t\t<div class=\"elementor-widget-wrap elementor-element-populated\">\n\t\t\t\t\t\t<div class=\"elementor-element elementor-element-4191aba elementor-widget elementor-widget-xs-image\" data-id=\"4191aba\" data-element_type=\"widget\" data-e-type=\"widget\" data-widget_type=\"xs-image.default\">\n\t\t\t\t<div class=\"elementor-widget-container\">\n\t\t\t\t\t                    <a class=\"xs-banner-campaign\" href=\"https:\/\/m.me\/Bodegaoutdoor\" data-elementor-open-lightbox=\"\" rel=\"nofollow\">\n                <img fetchpriority=\"high\" decoding=\"async\" width=\"547\" height=\"320\" src=\"https:\/\/bodegaoutdoor.cl\/store\/wp-content\/uploads\/2020\/09\/CONTACTO.png\" class=\"attachment-full size-full wp-image-17314\" alt=\"\" \/>            <\/a>\n                \t\t\t\t<\/div>\n\t\t\t\t<\/div>\n\t\t\t\t<div class=\"elementor-element elementor-element-a3d64f2 elementor-widget-divider--view-line elementor-widget elementor-widget-divider\" data-id=\"a3d64f2\" data-element_type=\"widget\" data-e-type=\"widget\" data-widget_type=\"divider.default\">\n\t\t\t\t<div class=\"elementor-widget-container\">\n\t\t\t\t\t\t\t<div class=\"elementor-divider\">\n\t\t\t<span class=\"elementor-divider-separator\">\n\t\t\t\t\t\t<\/span>\n\t\t<\/div>\n\t\t\t\t\t\t<\/div>\n\t\t\t\t<\/div>\n\t\t\t\t\t<\/div>\n\t\t<\/div>\n\t\t\t\t<div class=\"elementor-column elementor-col-33 elementor-top-column elementor-element elementor-element-10053f9\" data-id=\"10053f9\" data-element_type=\"column\" data-e-type=\"column\">\n\t\t\t<div class=\"elementor-widget-wrap elementor-element-populated\">\n\t\t\t\t\t\t<div class=\"elementor-element elementor-element-8290fd7 elementor-search-form--skin-minimal elementor-widget elementor-widget-search-form\" data-id=\"8290fd7\" data-element_type=\"widget\" data-e-type=\"widget\" data-settings=\"{&quot;skin&quot;:&quot;minimal&quot;}\" data-widget_type=\"search-form.default\">\n\t\t\t\t<div class=\"elementor-widget-container\">\n\t\t\t\t\t\t\t<form class=\"elementor-search-form\" action=\"https:\/\/bodegaoutdoor.cl\/store\" method=\"get\" role=\"search\">\n\t\t\t\t\t\t\t\t\t<div class=\"elementor-search-form__container\">\n\t\t\t\t<label class=\"elementor-screen-only\" for=\"elementor-search-form-8290fd7\">Search<\/label>\n\n\t\t\t\t\t\t\t\t\t<div class=\"elementor-search-form__icon\">\n\t\t\t\t\t\t<i aria-hidden=\"true\" class=\"fas fa-search\"><\/i>\t\t\t\t\t\t<span class=\"elementor-screen-only\">Search<\/span>\n\t\t\t\t\t<\/div>\n\t\t\t\t\n\t\t\t\t<input id=\"elementor-search-form-8290fd7\" placeholder=\"Buscar...\" class=\"elementor-search-form__input\" type=\"search\" name=\"s\" value=\"\">\n\t\t\t\t\n\t\t\t\t\n\t\t\t\t\t\t\t<\/div>\n\t\t<\/form>\n\t\t\t\t\t\t<\/div>\n\t\t\t\t<\/div>\n\t\t\t\t<div class=\"elementor-element elementor-element-be9e291 elementor-widget elementor-widget-xs-image\" data-id=\"be9e291\" data-element_type=\"widget\" data-e-type=\"widget\" data-widget_type=\"xs-image.default\">\n\t\t\t\t<div class=\"elementor-widget-container\">\n\t\t\t\t\t                    <a class=\"xs-banner-campaign\" href=\"https:\/\/bodegaoutdoor.cl\/store\/?s=PANTALON&amp;post_type=product\" data-elementor-open-lightbox=\"\">\n                <img decoding=\"async\" width=\"547\" height=\"320\" src=\"https:\/\/bodegaoutdoor.cl\/store\/wp-content\/uploads\/2020\/09\/PANTALONES.png\" class=\"attachment-full size-full wp-image-17312\" alt=\"\" \/>            <\/a>\n                \t\t\t\t<\/div>\n\t\t\t\t<\/div>\n\t\t\t\t\t<\/div>\n\t\t<\/div>\n\t\t\t\t<div class=\"elementor-column elementor-col-33 elementor-top-column elementor-element elementor-element-8193d58\" data-id=\"8193d58\" data-element_type=\"column\" data-e-type=\"column\">\n\t\t\t<div class=\"elementor-widget-wrap elementor-element-populated\">\n\t\t\t\t\t\t<div class=\"elementor-element elementor-element-f553af3 elementor-widget elementor-widget-xs-image\" data-id=\"f553af3\" data-element_type=\"widget\" data-e-type=\"widget\" data-widget_type=\"xs-image.default\">\n\t\t\t\t<div class=\"elementor-widget-container\">\n\t\t\t\t\t                    <a class=\"xs-banner-campaign\" href=\"https:\/\/bodegaoutdoor.cl\/store\/product-category\/mochilas\/\" data-elementor-open-lightbox=\"\">\n                <img decoding=\"async\" width=\"546\" height=\"320\" src=\"https:\/\/bodegaoutdoor.cl\/store\/wp-content\/uploads\/2020\/09\/MOCHILAS.png\" class=\"attachment-full size-full wp-image-17308\" alt=\"\" \/>            <\/a>\n                \t\t\t\t<\/div>\n\t\t\t\t<\/div>\n\t\t\t\t\t<\/div>\n\t\t<\/div>\n\t\t\t\t\t<\/div>\n\t\t<\/div>\n\t\t\t\t<section class=\"elementor-section elementor-top-section elementor-element elementor-element-c8f4c3e elementor-section-boxed elementor-section-height-default elementor-section-height-default\" data-id=\"c8f4c3e\" data-element_type=\"section\" data-e-type=\"section\">\n\t\t\t\t\t\t<div class=\"elementor-container elementor-column-gap-default\">\n\t\t\t\t\t<div class=\"elementor-column elementor-col-50 elementor-top-column elementor-element elementor-element-cb421cd\" data-id=\"cb421cd\" data-element_type=\"column\" data-e-type=\"column\">\n\t\t\t<div class=\"elementor-widget-wrap elementor-element-populated\">\n\t\t\t\t\t\t<div class=\"elementor-element elementor-element-f104c5d elementor--h-position-center elementor--v-position-middle elementor-arrows-position-inside elementor-pagination-position-inside elementor-widget elementor-widget-slides\" data-id=\"f104c5d\" data-element_type=\"widget\" data-e-type=\"widget\" data-settings=\"{&quot;navigation&quot;:&quot;both&quot;,&quot;autoplay&quot;:&quot;yes&quot;,&quot;pause_on_hover&quot;:&quot;yes&quot;,&quot;pause_on_interaction&quot;:&quot;yes&quot;,&quot;autoplay_speed&quot;:5000,&quot;infinite&quot;:&quot;yes&quot;,&quot;transition&quot;:&quot;slide&quot;,&quot;transition_speed&quot;:500}\" data-widget_type=\"slides.default\">\n\t\t\t\t<div class=\"elementor-widget-container\">\n\t\t\t\t\t\t\t<div class=\"elementor-swiper\">\n\t\t\t<div class=\"elementor-slides-wrapper elementor-main-swiper swiper-container\" dir=\"ltr\" data-animation=\"fadeInUp\">\n\t\t\t\t<div class=\"swiper-wrapper elementor-slides\">\n\t\t\t\t\t\t\t\t\t\t<div class=\"elementor-repeater-item-9cfd465 swiper-slide\"><div class=\"swiper-slide-bg\" role=\"img\"><\/div><a class=\"swiper-slide-inner\" href=\"https:\/\/bodegaoutdoor.cl\/store\/product\/reloj-inteligente-hombre-smart-watch-llamada-bluetooth-400-mah-30-days-standby-vs-t-rex-pro-ip67-a-prueba-de-agua\/\"><div class=\"swiper-slide-contents\"><div class=\"elementor-slide-heading\">Reloj Inteligente<\/div><div  class=\"elementor-button elementor-slide-button elementor-size-sm\">Comprar<\/div><\/div><\/a><\/div><div class=\"elementor-repeater-item-e36d104 swiper-slide\"><div class=\"swiper-slide-bg\" role=\"img\"><\/div><a class=\"swiper-slide-inner\" href=\"https:\/\/bodegaoutdoor.cl\/store\/product\/reloj-inteligente-fd68s-para-hombre-y-mujer-pulsera-inteligente-con-bluetooth-tactil-fitness-conectado-para-ios-y-android-wear-os-smartwatch-reloj-mujer-elegante\/\"><div class=\"swiper-slide-contents\"><div class=\"elementor-slide-heading\">$19.990<\/div><div  class=\"elementor-button elementor-slide-button elementor-size-sm\">Comprar<\/div><\/div><\/a><\/div><div class=\"elementor-repeater-item-4b41491 swiper-slide\"><div class=\"swiper-slide-bg\" role=\"img\"><\/div><a class=\"swiper-slide-inner\" href=\"https:\/\/bodegaoutdoor.cl\/store\/product\/skmei-reloj-inteligente-para-hombre-smartwatch-resistente-al-agua-ip68-con-bluetooth-podometro-seguimiento-de-actividad-deportiva-y-natacion-para-android-e-ios\/\"><div class=\"swiper-slide-contents\"><div class=\"elementor-slide-heading\">Smartwatch<\/div><div class=\"elementor-slide-description\">Outdoor Sport<\/div><div  class=\"elementor-button elementor-slide-button elementor-size-sm\">Comprar<\/div><\/div><\/a><\/div>\t\t\t\t<\/div>\n\t\t\t\t\t\t\t\t\t\t\t\t\t\t\t<div class=\"swiper-pagination\"><\/div>\n\t\t\t\t\t\t\t\t\t\t\t\t\t\t\t\t<div class=\"elementor-swiper-button elementor-swiper-button-prev\" role=\"button\" tabindex=\"0\">\n\t\t\t\t\t\t\t<i aria-hidden=\"true\" class=\"eicon-chevron-left\"><\/i>\t\t\t\t\t\t\t<span class=\"elementor-screen-only\">Previous slide<\/span>\n\t\t\t\t\t\t<\/div>\n\t\t\t\t\t\t<div class=\"elementor-swiper-button elementor-swiper-button-next\" role=\"button\" tabindex=\"0\">\n\t\t\t\t\t\t\t<i aria-hidden=\"true\" class=\"eicon-chevron-right\"><\/i>\t\t\t\t\t\t\t<span class=\"elementor-screen-only\">Next slide<\/span>\n\t\t\t\t\t\t<\/div>\n\t\t\t\t\t\t\t\t\t\t\t\t<\/div>\n\t\t<\/div>\n\t\t\t\t\t\t<\/div>\n\t\t\t\t<\/div>\n\t\t\t\t\t<\/div>\n\t\t<\/div>\n\t\t\t\t<div class=\"elementor-column elementor-col-50 elementor-top-column elementor-element elementor-element-21dcd30\" data-id=\"21dcd30\" data-element_type=\"column\" data-e-type=\"column\">\n\t\t\t<div class=\"elementor-widget-wrap elementor-element-populated\">\n\t\t\t\t\t\t<div class=\"elementor-element elementor-element-a23a503 elementor-widget elementor-widget-xs-woo-carousel\" data-id=\"a23a503\" data-element_type=\"widget\" data-e-type=\"widget\" data-widget_type=\"xs-woo-carousel.default\">\n\t\t\t\t<div class=\"elementor-widget-container\">\n\t\t\t\t\t<div class=\"xs-content-header background-version\">\n    <h2 class=\"xs-content-title\">DESPACHO GRATIS<\/h2>\n    <div class=\"customNavigation xs-custom-nav\">\n        <div class=\"tab2-button-prev swiper-prev-a23a503\">\n           <i class=\"xsicon xsicon-angle-left\"><\/i>\n       <\/div>\n       <div class=\"tab2-button-next swiper-next-a23a503\">\n           <i class=\"xsicon xsicon-angle-right\"><\/i>\n       <\/div>\n    <\/div>\n    <div class=\"clearfix\"><\/div>\n<\/div>\n<div class=\"xs-deal-of-the-week swiper\" data-controls=\"{&quot;widget_id&quot;:&quot;a23a503&quot;}\">\n    <div class=\"swiper-wrapper\">\n        \n                <div class=\"xs-deal-blocks swiper-slide\">\n                                        <a class=\"xs_product_img_link\" href=\"https:\/\/bodegaoutdoor.cl\/store\/product\/chaqueta-polar-tactica-con-capucha-para-uniforme-militar\/\">\n                        <img loading=\"lazy\" decoding=\"async\" width=\"275\" height=\"275\" src=\"https:\/\/bodegaoutdoor.cl\/store\/wp-content\/uploads\/2026\/06\/90280-hefcs4-300x300.jpg\" class=\"attachment-275x275 size-275x275\" alt=\"Chaqueta Polar T\u00e1ctica Con Capucha Para Uniforme Militar .\" srcset=\"https:\/\/bodegaoutdoor.cl\/store\/wp-content\/uploads\/2026\/06\/90280-hefcs4-300x300.jpg 300w, https:\/\/bodegaoutdoor.cl\/store\/wp-content\/uploads\/2026\/06\/90280-hefcs4-150x150.jpg 150w, https:\/\/bodegaoutdoor.cl\/store\/wp-content\/uploads\/2026\/06\/90280-hefcs4-768x768.jpg 768w, https:\/\/bodegaoutdoor.cl\/store\/wp-content\/uploads\/2026\/06\/90280-hefcs4-600x600.jpg 600w, https:\/\/bodegaoutdoor.cl\/store\/wp-content\/uploads\/2026\/06\/90280-hefcs4-100x100.jpg 100w, https:\/\/bodegaoutdoor.cl\/store\/wp-content\/uploads\/2026\/06\/90280-hefcs4-50x50.jpg 50w, https:\/\/bodegaoutdoor.cl\/store\/wp-content\/uploads\/2026\/06\/90280-hefcs4.jpg 800w\" sizes=\"(max-width: 275px) 100vw, 275px\" \/>                    <\/a>\n                                        <div class=\"xs-deals-info media-body mr-3 align-self-center\">\n                        \n                        <!-- <div class=\"media-body mr-3 align-self-center\"> -->\n                            \n                            <a class=\"product-title\" href=\"https:\/\/bodegaoutdoor.cl\/store\/product\/chaqueta-polar-tactica-con-capucha-para-uniforme-militar\/\">Chaqueta Polar T\u00e1ctica Con Capucha Para Uniforme Militar .<\/a>\n                            \n                            <span class=\"price\"> <del aria-hidden=\"true\"><span class=\"woocommerce-Price-amount amount\"><bdi><span class=\"woocommerce-Price-currencySymbol\" translate=\"no\">$<\/span>59,990<\/bdi><\/span><\/del> <span class=\"screen-reader-text\">El precio original era: $59,990.<\/span><ins aria-hidden=\"true\"><span class=\"woocommerce-Price-amount amount\"><bdi><span class=\"woocommerce-Price-currencySymbol\" translate=\"no\">$<\/span>29,990<\/bdi><\/span><\/ins><span class=\"screen-reader-text\">El precio actual es: $29,990.<\/span><\/span>\n                        <!-- <\/div> -->\n                                                    <div class=\"xs-product-offer-label\">\n                                <span>50%<\/span>\n                                <small>Offer<\/small>\n                            <\/div>\n                                            \n                                                    <div class=\"xs-deal-stock-limit clearfix\">\n                                <span class=\"product-sold\">Already Sold:105<\/span>\n                                <span class=\"product-available\">Available:23346<\/span>\n                            <\/div>\n                            <div class=\"progress xs-progress\">\n                                <div class=\"progress-bar\" role=\"progressbar\"\n                                    aria-valuenow=\"0\" aria-label=\"progress bar\" aria-valuemin=\"0\"\n                                    aria-valuemax=\"100\" style=\"width: 0%;\"><\/div>\n                            <\/div>\n                                            <\/div>\n                                    <\/div>\n            \n                <div class=\"xs-deal-blocks swiper-slide\">\n                                        <a class=\"xs_product_img_link\" href=\"https:\/\/bodegaoutdoor.cl\/store\/product\/gafas-con-atenuacion-ajustables-nd9-polarizadas-uv400\/\">\n                        <img loading=\"lazy\" decoding=\"async\" width=\"275\" height=\"275\" src=\"https:\/\/bodegaoutdoor.cl\/store\/wp-content\/uploads\/2026\/06\/90143-14gdwb-300x300.jpg\" class=\"attachment-275x275 size-275x275\" alt=\"Gafas con atenuaci\u00f3n ajustables ND9, polarizadas UV400\" srcset=\"https:\/\/bodegaoutdoor.cl\/store\/wp-content\/uploads\/2026\/06\/90143-14gdwb-300x300.jpg 300w, https:\/\/bodegaoutdoor.cl\/store\/wp-content\/uploads\/2026\/06\/90143-14gdwb-150x150.jpg 150w, https:\/\/bodegaoutdoor.cl\/store\/wp-content\/uploads\/2026\/06\/90143-14gdwb-768x768.jpg 768w, https:\/\/bodegaoutdoor.cl\/store\/wp-content\/uploads\/2026\/06\/90143-14gdwb-600x600.jpg 600w, https:\/\/bodegaoutdoor.cl\/store\/wp-content\/uploads\/2026\/06\/90143-14gdwb-100x100.jpg 100w, https:\/\/bodegaoutdoor.cl\/store\/wp-content\/uploads\/2026\/06\/90143-14gdwb-50x50.jpg 50w, https:\/\/bodegaoutdoor.cl\/store\/wp-content\/uploads\/2026\/06\/90143-14gdwb.jpg 1000w\" sizes=\"(max-width: 275px) 100vw, 275px\" \/>                    <\/a>\n                                        <div class=\"xs-deals-info media-body mr-3 align-self-center\">\n                        \n                        <!-- <div class=\"media-body mr-3 align-self-center\"> -->\n                            \n                            <a class=\"product-title\" href=\"https:\/\/bodegaoutdoor.cl\/store\/product\/gafas-con-atenuacion-ajustables-nd9-polarizadas-uv400\/\">Gafas con atenuaci\u00f3n ajustables ND9, polarizadas UV400<\/a>\n                            \n                            <span class=\"price\"> <del aria-hidden=\"true\"><span class=\"woocommerce-Price-amount amount\"><bdi><span class=\"woocommerce-Price-currencySymbol\" translate=\"no\">$<\/span>69,990<\/bdi><\/span><\/del> <span class=\"screen-reader-text\">El precio original era: $69,990.<\/span><ins aria-hidden=\"true\"><span class=\"woocommerce-Price-amount amount\"><bdi><span class=\"woocommerce-Price-currencySymbol\" translate=\"no\">$<\/span>34,990<\/bdi><\/span><\/ins><span class=\"screen-reader-text\">El precio actual es: $34,990.<\/span><\/span>\n                        <!-- <\/div> -->\n                                                    <div class=\"xs-product-offer-label\">\n                                <span>50%<\/span>\n                                <small>Offer<\/small>\n                            <\/div>\n                                            \n                                                    <div class=\"xs-deal-stock-limit clearfix\">\n                                <span class=\"product-sold\">Already Sold:900<\/span>\n                                <span class=\"product-available\">Available:2329<\/span>\n                            <\/div>\n                            <div class=\"progress xs-progress\">\n                                <div class=\"progress-bar\" role=\"progressbar\"\n                                    aria-valuenow=\"39\" aria-label=\"progress bar\" aria-valuemin=\"0\"\n                                    aria-valuemax=\"100\" style=\"width: 39%;\"><\/div>\n                            <\/div>\n                                            <\/div>\n                                    <\/div>\n            \n                <div class=\"xs-deal-blocks swiper-slide\">\n                                        <a class=\"xs_product_img_link\" href=\"https:\/\/bodegaoutdoor.cl\/store\/product\/esdy-botin-de-senderismo-de-media-cana-transpirable\/\">\n                        <img loading=\"lazy\" decoding=\"async\" width=\"275\" height=\"275\" src=\"https:\/\/bodegaoutdoor.cl\/store\/wp-content\/uploads\/2026\/06\/90084-vt6paa-300x300.jpg\" class=\"attachment-275x275 size-275x275\" alt=\"ESDY, Botin de senderismo de media ca\u00f1a,  transpirable\" srcset=\"https:\/\/bodegaoutdoor.cl\/store\/wp-content\/uploads\/2026\/06\/90084-vt6paa-300x300.jpg 300w, https:\/\/bodegaoutdoor.cl\/store\/wp-content\/uploads\/2026\/06\/90084-vt6paa-150x150.jpg 150w, https:\/\/bodegaoutdoor.cl\/store\/wp-content\/uploads\/2026\/06\/90084-vt6paa-768x768.jpg 768w, https:\/\/bodegaoutdoor.cl\/store\/wp-content\/uploads\/2026\/06\/90084-vt6paa-600x600.jpg 600w, https:\/\/bodegaoutdoor.cl\/store\/wp-content\/uploads\/2026\/06\/90084-vt6paa-100x100.jpg 100w, https:\/\/bodegaoutdoor.cl\/store\/wp-content\/uploads\/2026\/06\/90084-vt6paa-50x50.jpg 50w, https:\/\/bodegaoutdoor.cl\/store\/wp-content\/uploads\/2026\/06\/90084-vt6paa.jpg 800w\" sizes=\"(max-width: 275px) 100vw, 275px\" \/>                    <\/a>\n                                        <div class=\"xs-deals-info media-body mr-3 align-self-center\">\n                        \n                        <!-- <div class=\"media-body mr-3 align-self-center\"> -->\n                            \n                            <a class=\"product-title\" href=\"https:\/\/bodegaoutdoor.cl\/store\/product\/esdy-botin-de-senderismo-de-media-cana-transpirable\/\">ESDY, Botin de senderismo de media ca\u00f1a,  transpirable<\/a>\n                            \n                            <span class=\"price\"> <del aria-hidden=\"true\"><span class=\"woocommerce-Price-amount amount\"><bdi><span class=\"woocommerce-Price-currencySymbol\" translate=\"no\">$<\/span>89,990<\/bdi><\/span><\/del> <span class=\"screen-reader-text\">El precio original era: $89,990.<\/span><ins aria-hidden=\"true\"><span class=\"woocommerce-Price-amount amount\"><bdi><span class=\"woocommerce-Price-currencySymbol\" translate=\"no\">$<\/span>59,990<\/bdi><\/span><\/ins><span class=\"screen-reader-text\">El precio actual es: $59,990.<\/span><\/span>\n                        <!-- <\/div> -->\n                                                    <div class=\"xs-product-offer-label\">\n                                <span>33%<\/span>\n                                <small>Offer<\/small>\n                            <\/div>\n                                            \n                                                    <div class=\"xs-deal-stock-limit clearfix\">\n                                <span class=\"product-sold\">Already Sold:1<\/span>\n                                <span class=\"product-available\">Available:944<\/span>\n                            <\/div>\n                            <div class=\"progress xs-progress\">\n                                <div class=\"progress-bar\" role=\"progressbar\"\n                                    aria-valuenow=\"0\" aria-label=\"progress bar\" aria-valuemin=\"0\"\n                                    aria-valuemax=\"100\" style=\"width: 0%;\"><\/div>\n                            <\/div>\n                                            <\/div>\n                                    <\/div>\n            \n                <div class=\"xs-deal-blocks swiper-slide\">\n                                        <a class=\"xs_product_img_link\" href=\"https:\/\/bodegaoutdoor.cl\/store\/product\/esdy-zapatillas-de-trekking-liberacion-rapida\/\">\n                        <img loading=\"lazy\" decoding=\"async\" width=\"275\" height=\"275\" src=\"https:\/\/bodegaoutdoor.cl\/store\/wp-content\/uploads\/2026\/06\/90019-jsa7hj-300x300.jpg\" class=\"attachment-275x275 size-275x275\" alt=\"ESDY zapatillas de Trekking, liberaci\u00f3n r\u00e1pida\" srcset=\"https:\/\/bodegaoutdoor.cl\/store\/wp-content\/uploads\/2026\/06\/90019-jsa7hj-300x300.jpg 300w, https:\/\/bodegaoutdoor.cl\/store\/wp-content\/uploads\/2026\/06\/90019-jsa7hj-150x150.jpg 150w, https:\/\/bodegaoutdoor.cl\/store\/wp-content\/uploads\/2026\/06\/90019-jsa7hj-768x768.jpg 768w, https:\/\/bodegaoutdoor.cl\/store\/wp-content\/uploads\/2026\/06\/90019-jsa7hj-600x600.jpg 600w, https:\/\/bodegaoutdoor.cl\/store\/wp-content\/uploads\/2026\/06\/90019-jsa7hj-100x100.jpg 100w, https:\/\/bodegaoutdoor.cl\/store\/wp-content\/uploads\/2026\/06\/90019-jsa7hj-50x50.jpg 50w, https:\/\/bodegaoutdoor.cl\/store\/wp-content\/uploads\/2026\/06\/90019-jsa7hj.jpg 1000w\" sizes=\"(max-width: 275px) 100vw, 275px\" \/>                    <\/a>\n                                        <div class=\"xs-deals-info media-body mr-3 align-self-center\">\n                        \n                        <!-- <div class=\"media-body mr-3 align-self-center\"> -->\n                            \n                            <a class=\"product-title\" href=\"https:\/\/bodegaoutdoor.cl\/store\/product\/esdy-zapatillas-de-trekking-liberacion-rapida\/\">ESDY zapatillas de Trekking, liberaci\u00f3n r\u00e1pida<\/a>\n                            \n                            <span class=\"price\"> <del aria-hidden=\"true\"><span class=\"woocommerce-Price-amount amount\"><bdi><span class=\"woocommerce-Price-currencySymbol\" translate=\"no\">$<\/span>89,990<\/bdi><\/span><\/del> <span class=\"screen-reader-text\">El precio original era: $89,990.<\/span><ins aria-hidden=\"true\"><span class=\"woocommerce-Price-amount amount\"><bdi><span class=\"woocommerce-Price-currencySymbol\" translate=\"no\">$<\/span>59,990<\/bdi><\/span><\/ins><span class=\"screen-reader-text\">El precio actual es: $59,990.<\/span><\/span>\n                        <!-- <\/div> -->\n                                                    <div class=\"xs-product-offer-label\">\n                                <span>33%<\/span>\n                                <small>Offer<\/small>\n                            <\/div>\n                                            \n                                                    <div class=\"xs-deal-stock-limit clearfix\">\n                                <span class=\"product-sold\">Already Sold:1<\/span>\n                                <span class=\"product-available\">Available:204<\/span>\n                            <\/div>\n                            <div class=\"progress xs-progress\">\n                                <div class=\"progress-bar\" role=\"progressbar\"\n                                    aria-valuenow=\"0\" aria-label=\"progress bar\" aria-valuemin=\"0\"\n                                    aria-valuemax=\"100\" style=\"width: 0%;\"><\/div>\n                            <\/div>\n                                            <\/div>\n                                    <\/div>\n            \n                <div class=\"xs-deal-blocks swiper-slide\">\n                                        <a class=\"xs_product_img_link\" href=\"https:\/\/bodegaoutdoor.cl\/store\/product\/camisa-militar-cargo-cp-multicam\/\">\n                        <img loading=\"lazy\" decoding=\"async\" width=\"275\" height=\"275\" src=\"https:\/\/bodegaoutdoor.cl\/store\/wp-content\/uploads\/2026\/05\/89862-kvoyvc-300x300.jpg\" class=\"attachment-275x275 size-275x275\" alt=\"Polera Combate tactica camisa militar Cargo\" srcset=\"https:\/\/bodegaoutdoor.cl\/store\/wp-content\/uploads\/2026\/05\/89862-kvoyvc-300x300.jpg 300w, https:\/\/bodegaoutdoor.cl\/store\/wp-content\/uploads\/2026\/05\/89862-kvoyvc-150x150.jpg 150w, https:\/\/bodegaoutdoor.cl\/store\/wp-content\/uploads\/2026\/05\/89862-kvoyvc-768x768.jpg 768w, https:\/\/bodegaoutdoor.cl\/store\/wp-content\/uploads\/2026\/05\/89862-kvoyvc-600x600.jpg 600w, https:\/\/bodegaoutdoor.cl\/store\/wp-content\/uploads\/2026\/05\/89862-kvoyvc-100x100.jpg 100w, https:\/\/bodegaoutdoor.cl\/store\/wp-content\/uploads\/2026\/05\/89862-kvoyvc-50x50.jpg 50w, https:\/\/bodegaoutdoor.cl\/store\/wp-content\/uploads\/2026\/05\/89862-kvoyvc.jpg 800w\" sizes=\"(max-width: 275px) 100vw, 275px\" \/>                    <\/a>\n                                        <div class=\"xs-deals-info media-body mr-3 align-self-center\">\n                        \n                        <!-- <div class=\"media-body mr-3 align-self-center\"> -->\n                            \n                            <a class=\"product-title\" href=\"https:\/\/bodegaoutdoor.cl\/store\/product\/camisa-militar-cargo-cp-multicam\/\">Polera Combate tactica camisa militar Cargo<\/a>\n                            \n                            <span class=\"price\"> <del aria-hidden=\"true\"><span class=\"woocommerce-Price-amount amount\"><bdi><span class=\"woocommerce-Price-currencySymbol\" translate=\"no\">$<\/span>29,990<\/bdi><\/span><\/del> <span class=\"screen-reader-text\">El precio original era: $29,990.<\/span><ins aria-hidden=\"true\"><span class=\"woocommerce-Price-amount amount\"><bdi><span class=\"woocommerce-Price-currencySymbol\" translate=\"no\">$<\/span>14,990<\/bdi><\/span><\/ins><span class=\"screen-reader-text\">El precio actual es: $14,990.<\/span><\/span>\n                        <!-- <\/div> -->\n                                                    <div class=\"xs-product-offer-label\">\n                                <span>50%<\/span>\n                                <small>Offer<\/small>\n                            <\/div>\n                                            \n                                                    <div class=\"xs-deal-stock-limit clearfix\">\n                                <span class=\"product-sold\">Already Sold:1<\/span>\n                                <span class=\"product-available\">Available:11996<\/span>\n                            <\/div>\n                            <div class=\"progress xs-progress\">\n                                <div class=\"progress-bar\" role=\"progressbar\"\n                                    aria-valuenow=\"0\" aria-label=\"progress bar\" aria-valuemin=\"0\"\n                                    aria-valuemax=\"100\" style=\"width: 0%;\"><\/div>\n                            <\/div>\n                                            <\/div>\n                                    <\/div>\n            \n                <div class=\"xs-deal-blocks swiper-slide\">\n                                        <a class=\"xs_product_img_link\" href=\"https:\/\/bodegaoutdoor.cl\/store\/product\/kit-de-supervivencia-botiquin-de-primeros-auxilios-de-emergencia-sos-ifak\/\">\n                        <img loading=\"lazy\" decoding=\"async\" width=\"275\" height=\"275\" src=\"https:\/\/bodegaoutdoor.cl\/store\/wp-content\/uploads\/2026\/05\/89627-nug7tq-300x300.jpg\" class=\"attachment-275x275 size-275x275\" alt=\"Kit de supervivencia, botiqu\u00edn de primeros auxilios de emergencia SOS,  ifak \/ 11\" srcset=\"https:\/\/bodegaoutdoor.cl\/store\/wp-content\/uploads\/2026\/05\/89627-nug7tq-300x300.jpg 300w, https:\/\/bodegaoutdoor.cl\/store\/wp-content\/uploads\/2026\/05\/89627-nug7tq-150x150.jpg 150w, https:\/\/bodegaoutdoor.cl\/store\/wp-content\/uploads\/2026\/05\/89627-nug7tq-768x768.jpg 768w, https:\/\/bodegaoutdoor.cl\/store\/wp-content\/uploads\/2026\/05\/89627-nug7tq-600x600.jpg 600w, https:\/\/bodegaoutdoor.cl\/store\/wp-content\/uploads\/2026\/05\/89627-nug7tq-100x100.jpg 100w, https:\/\/bodegaoutdoor.cl\/store\/wp-content\/uploads\/2026\/05\/89627-nug7tq-50x50.jpg 50w, https:\/\/bodegaoutdoor.cl\/store\/wp-content\/uploads\/2026\/05\/89627-nug7tq.jpg 1000w\" sizes=\"(max-width: 275px) 100vw, 275px\" \/>                    <\/a>\n                                        <div class=\"xs-deals-info media-body mr-3 align-self-center\">\n                        \n                        <!-- <div class=\"media-body mr-3 align-self-center\"> -->\n                            \n                            <a class=\"product-title\" href=\"https:\/\/bodegaoutdoor.cl\/store\/product\/kit-de-supervivencia-botiquin-de-primeros-auxilios-de-emergencia-sos-ifak\/\">Kit de supervivencia, botiqu\u00edn de primeros auxilios de emergencia SOS,  ifak \/ 11<\/a>\n                            \n                            <span class=\"price\"> <del aria-hidden=\"true\"><span class=\"woocommerce-Price-amount amount\"><bdi><span class=\"woocommerce-Price-currencySymbol\" translate=\"no\">$<\/span>49,990<\/bdi><\/span><\/del> <span class=\"screen-reader-text\">El precio original era: $49,990.<\/span><ins aria-hidden=\"true\"><span class=\"woocommerce-Price-amount amount\"><bdi><span class=\"woocommerce-Price-currencySymbol\" translate=\"no\">$<\/span>24,990<\/bdi><\/span><\/ins><span class=\"screen-reader-text\">El precio actual es: $24,990.<\/span><\/span>\n                        <!-- <\/div> -->\n                                                    <div class=\"xs-product-offer-label\">\n                                <span>50%<\/span>\n                                <small>Offer<\/small>\n                            <\/div>\n                                            \n                                                    <div class=\"xs-deal-stock-limit clearfix\">\n                                <span class=\"product-sold\">Already Sold:40<\/span>\n                                <span class=\"product-available\">Available:1984<\/span>\n                            <\/div>\n                            <div class=\"progress xs-progress\">\n                                <div class=\"progress-bar\" role=\"progressbar\"\n                                    aria-valuenow=\"2\" aria-label=\"progress bar\" aria-valuemin=\"0\"\n                                    aria-valuemax=\"100\" style=\"width: 2%;\"><\/div>\n                            <\/div>\n                                            <\/div>\n                                    <\/div>\n                                <\/div>\n<\/div>    \t\t\t\t<\/div>\n\t\t\t\t<\/div>\n\t\t\t\t\t<\/div>\n\t\t<\/div>\n\t\t\t\t\t<\/div>\n\t\t<\/section>\n\t\t\t\t<section class=\"elementor-section elementor-top-section elementor-element elementor-element-25df6910 elementor-section-full_width elementor-section-height-default elementor-section-height-default\" data-id=\"25df6910\" data-element_type=\"section\" data-e-type=\"section\">\n\t\t\t\t\t\t<div class=\"elementor-container elementor-column-gap-no\">\n\t\t\t\t\t<div class=\"elementor-column elementor-col-100 elementor-top-column elementor-element elementor-element-a68a12d\" data-id=\"a68a12d\" data-element_type=\"column\" data-e-type=\"column\">\n\t\t\t<div class=\"elementor-widget-wrap elementor-element-populated\">\n\t\t\t\t\t\t<div class=\"elementor-element elementor-element-04e5a7d elementor-widget-divider--view-line elementor-widget elementor-widget-divider\" data-id=\"04e5a7d\" data-element_type=\"widget\" data-e-type=\"widget\" data-widget_type=\"divider.default\">\n\t\t\t\t<div class=\"elementor-widget-container\">\n\t\t\t\t\t\t\t<div class=\"elementor-divider\">\n\t\t\t<span class=\"elementor-divider-separator\">\n\t\t\t\t\t\t<\/span>\n\t\t<\/div>\n\t\t\t\t\t\t<\/div>\n\t\t\t\t<\/div>\n\t\t\t\t<div class=\"elementor-element elementor-element-1e5e71c1 elementor-widget elementor-widget-xs-cats-product\" data-id=\"1e5e71c1\" data-element_type=\"widget\" data-e-type=\"widget\" data-widget_type=\"xs-cats-product.default\">\n\t\t\t\t<div class=\"elementor-widget-container\">\n\t\t\t\t\t        <ul class=\"nav nav-tabs xs-nav-tab-v3\">\n                                <li class=\"nav-item\">\n                <a class=\"nav-link active\" data-toggle=\"tab\"\n                   href=\"#xs-tabs-22832-0-35\">\n                                        Iliminacion                    <small>33 Items Available <\/small>\n                <\/a>\n            <\/li>\n\n                                <li class=\"nav-item\">\n                <a class=\"nav-link \" data-toggle=\"tab\"\n                   href=\"#xs-tabs-22832-1-38\">\n                                        Lentes                    <small>39 Items Available <\/small>\n                <\/a>\n            <\/li>\n\n                                <li class=\"nav-item\">\n                <a class=\"nav-link \" data-toggle=\"tab\"\n                   href=\"#xs-tabs-22832-2-490\">\n                                        Guantes                    <small>23 Items Available <\/small>\n                <\/a>\n            <\/li>\n\n                                <li class=\"nav-item\">\n                <a class=\"nav-link \" data-toggle=\"tab\"\n                   href=\"#xs-tabs-22832-3-67\">\n                                        Carpas Camping                    <small>17 Items Available <\/small>\n                <\/a>\n            <\/li>\n\n                                <li class=\"nav-item\">\n                <a class=\"nav-link \" data-toggle=\"tab\"\n                   href=\"#xs-tabs-22832-4-195\">\n                                        Mochilas                    <small>92 Items Available <\/small>\n                <\/a>\n            <\/li>\n\n            <\/ul>\n<div class=\"tab-content\">\n                                    <div class=\"tab-pane fade show active\"\n                 id=\"xs-tabs-22832-0-35\">\n                <div class=\"row no-gutters product-category-version-2\">\n                                                <div class=\"col-md-4 col-lg-2\">\n                                                                    <a class=\"xs_product_img_link\"\n                                        href=\"https:\/\/bodegaoutdoor.cl\/store\/product\/linterna-con-zoom-led-p50-pila-recargable\/\">\n                                        <img loading=\"lazy\" decoding=\"async\" width=\"125\" height=\"125\" src=\"https:\/\/bodegaoutdoor.cl\/store\/wp-content\/uploads\/2023\/09\/384280886_10226891881297670_3454044221326158810_n-e1696000194853-150x150.jpg\" class=\"attachment-125x142 size-125x142\" alt=\"Linterna con zoom Led P50 Pila recargable\" srcset=\"https:\/\/bodegaoutdoor.cl\/store\/wp-content\/uploads\/2023\/09\/384280886_10226891881297670_3454044221326158810_n-e1696000194853-150x150.jpg 150w, https:\/\/bodegaoutdoor.cl\/store\/wp-content\/uploads\/2023\/09\/384280886_10226891881297670_3454044221326158810_n-e1696000194853-300x300.jpg 300w, https:\/\/bodegaoutdoor.cl\/store\/wp-content\/uploads\/2023\/09\/384280886_10226891881297670_3454044221326158810_n-e1696000194853-100x100.jpg 100w, https:\/\/bodegaoutdoor.cl\/store\/wp-content\/uploads\/2023\/09\/384280886_10226891881297670_3454044221326158810_n-e1696000194853-50x50.jpg 50w\" sizes=\"(max-width: 125px) 100vw, 125px\" \/>                                    <\/a>\n                                                                <a class=\"product-title\" href=\"https:\/\/bodegaoutdoor.cl\/store\/product\/linterna-con-zoom-led-p50-pila-recargable\/\">Linterna con zoom Led P50 Pila recargable<\/a>\n                        \n                                <span class=\"price\">\n                                    <del aria-hidden=\"true\"><span class=\"woocommerce-Price-amount amount\"><bdi><span class=\"woocommerce-Price-currencySymbol\" translate=\"no\">$<\/span>19,990<\/bdi><\/span><\/del> <span class=\"screen-reader-text\">El precio original era: $19,990.<\/span><ins aria-hidden=\"true\"><span class=\"woocommerce-Price-amount amount\"><bdi><span class=\"woocommerce-Price-currencySymbol\" translate=\"no\">$<\/span>14,990<\/bdi><\/span><\/ins><span class=\"screen-reader-text\">El precio actual es: $14,990.<\/span>                                <\/span>\n                            <\/div>\n                                                    <div class=\"col-md-4 col-lg-2\">\n                                                                    <a class=\"xs_product_img_link\"\n                                        href=\"https:\/\/bodegaoutdoor.cl\/store\/product\/linternas-led-recargable-portatil-led-cob-con-luz-roja-usb-waterproof\/\">\n                                        <img loading=\"lazy\" decoding=\"async\" width=\"125\" height=\"125\" src=\"https:\/\/bodegaoutdoor.cl\/store\/wp-content\/uploads\/2023\/09\/79843-7zo24c-150x150.jpg\" class=\"attachment-125x142 size-125x142\" alt=\"Linternas LEd Recargable  port\u00e1til LED COB Con Luz Roja USB waterproof\" srcset=\"https:\/\/bodegaoutdoor.cl\/store\/wp-content\/uploads\/2023\/09\/79843-7zo24c-150x150.jpg 150w, https:\/\/bodegaoutdoor.cl\/store\/wp-content\/uploads\/2023\/09\/79843-7zo24c-300x300.jpg 300w, https:\/\/bodegaoutdoor.cl\/store\/wp-content\/uploads\/2023\/09\/79843-7zo24c-768x768.jpg 768w, https:\/\/bodegaoutdoor.cl\/store\/wp-content\/uploads\/2023\/09\/79843-7zo24c-600x600.jpg 600w, https:\/\/bodegaoutdoor.cl\/store\/wp-content\/uploads\/2023\/09\/79843-7zo24c-100x100.jpg 100w, https:\/\/bodegaoutdoor.cl\/store\/wp-content\/uploads\/2023\/09\/79843-7zo24c-50x50.jpg 50w, https:\/\/bodegaoutdoor.cl\/store\/wp-content\/uploads\/2023\/09\/79843-7zo24c.jpg 1000w\" sizes=\"(max-width: 125px) 100vw, 125px\" \/>                                    <\/a>\n                                                                <a class=\"product-title\" href=\"https:\/\/bodegaoutdoor.cl\/store\/product\/linternas-led-recargable-portatil-led-cob-con-luz-roja-usb-waterproof\/\">Linternas LEd Recargable  port\u00e1til LED COB Con Luz Roja USB waterproof<\/a>\n                        \n                                <span class=\"price\">\n                                    <del aria-hidden=\"true\"><span class=\"woocommerce-Price-amount amount\"><bdi><span class=\"woocommerce-Price-currencySymbol\" translate=\"no\">$<\/span>19,990<\/bdi><\/span><\/del> <span class=\"screen-reader-text\">El precio original era: $19,990.<\/span><ins aria-hidden=\"true\"><span class=\"woocommerce-Price-amount amount\"><bdi><span class=\"woocommerce-Price-currencySymbol\" translate=\"no\">$<\/span>9,990<\/bdi><\/span><\/ins><span class=\"screen-reader-text\">El precio actual es: $9,990.<\/span>                                <\/span>\n                            <\/div>\n                                                    <div class=\"col-md-4 col-lg-2\">\n                                                                    <a class=\"xs_product_img_link\"\n                                        href=\"https:\/\/bodegaoutdoor.cl\/store\/product\/minilinterna-cob-para-exteriores-lampara-portatil-con-llavero-4-modos-de-iluminacion-resistente-al-agua-de-emergencia-para-acampada-pesca-y-trabajo-10-piezas\/\">\n                                        <img loading=\"lazy\" decoding=\"async\" width=\"125\" height=\"125\" src=\"https:\/\/bodegaoutdoor.cl\/store\/wp-content\/uploads\/2023\/09\/79666-pdt44e-150x150.jpg\" class=\"attachment-125x142 size-125x142\" alt=\"Minilinterna COB para exteriores, l\u00e1mpara port\u00e1til con llavero, 4 modos de iluminaci\u00f3n, resistente al agua, de emergencia, para acampada, pesca y trabajo, 10 piezas\" srcset=\"https:\/\/bodegaoutdoor.cl\/store\/wp-content\/uploads\/2023\/09\/79666-pdt44e-150x150.jpg 150w, https:\/\/bodegaoutdoor.cl\/store\/wp-content\/uploads\/2023\/09\/79666-pdt44e-300x300.jpg 300w, https:\/\/bodegaoutdoor.cl\/store\/wp-content\/uploads\/2023\/09\/79666-pdt44e-768x768.jpg 768w, https:\/\/bodegaoutdoor.cl\/store\/wp-content\/uploads\/2023\/09\/79666-pdt44e-600x600.jpg 600w, https:\/\/bodegaoutdoor.cl\/store\/wp-content\/uploads\/2023\/09\/79666-pdt44e-100x100.jpg 100w, https:\/\/bodegaoutdoor.cl\/store\/wp-content\/uploads\/2023\/09\/79666-pdt44e-50x50.jpg 50w, https:\/\/bodegaoutdoor.cl\/store\/wp-content\/uploads\/2023\/09\/79666-pdt44e.jpg 800w\" sizes=\"(max-width: 125px) 100vw, 125px\" \/>                                    <\/a>\n                                                                <a class=\"product-title\" href=\"https:\/\/bodegaoutdoor.cl\/store\/product\/minilinterna-cob-para-exteriores-lampara-portatil-con-llavero-4-modos-de-iluminacion-resistente-al-agua-de-emergencia-para-acampada-pesca-y-trabajo-10-piezas\/\">Minilinterna COB para exteriores, l\u00e1mpara port\u00e1til con llavero, 4 modos de iluminaci\u00f3n, resistente al agua, de emergencia, para acampada, pesca y trabajo, 10 piezas<\/a>\n                        \n                                <span class=\"price\">\n                                    <span class=\"woocommerce-Price-amount amount\" aria-hidden=\"true\"><bdi><span class=\"woocommerce-Price-currencySymbol\" translate=\"no\">$<\/span>6,990<\/bdi><\/span> <span aria-hidden=\"true\">-<\/span> <span class=\"woocommerce-Price-amount amount\" aria-hidden=\"true\"><bdi><span class=\"woocommerce-Price-currencySymbol\" translate=\"no\">$<\/span>49,900<\/bdi><\/span><span class=\"screen-reader-text\">Rango de precios: desde $6,990 hasta $49,900<\/span>                                <\/span>\n                            <\/div>\n                                                    <div class=\"col-md-4 col-lg-2\">\n                                                                    <a class=\"xs_product_img_link\"\n                                        href=\"https:\/\/bodegaoutdoor.cl\/store\/product\/linterna-led-de-mano-con-manivela-recargable-carga-solar-senderismo\/\">\n                                        <img loading=\"lazy\" decoding=\"async\" width=\"125\" height=\"125\" src=\"https:\/\/bodegaoutdoor.cl\/store\/wp-content\/uploads\/2023\/09\/79544-ohvosr-150x150.jpg\" class=\"attachment-125x142 size-125x142\" alt=\"Linterna LED de mano con manivela, recargable, carga Solar, senderismo\" srcset=\"https:\/\/bodegaoutdoor.cl\/store\/wp-content\/uploads\/2023\/09\/79544-ohvosr-150x150.jpg 150w, https:\/\/bodegaoutdoor.cl\/store\/wp-content\/uploads\/2023\/09\/79544-ohvosr-300x300.jpg 300w, https:\/\/bodegaoutdoor.cl\/store\/wp-content\/uploads\/2023\/09\/79544-ohvosr-768x768.jpg 768w, https:\/\/bodegaoutdoor.cl\/store\/wp-content\/uploads\/2023\/09\/79544-ohvosr-600x600.jpg 600w, https:\/\/bodegaoutdoor.cl\/store\/wp-content\/uploads\/2023\/09\/79544-ohvosr-100x100.jpg 100w, https:\/\/bodegaoutdoor.cl\/store\/wp-content\/uploads\/2023\/09\/79544-ohvosr-50x50.jpg 50w, https:\/\/bodegaoutdoor.cl\/store\/wp-content\/uploads\/2023\/09\/79544-ohvosr.jpg 800w\" sizes=\"(max-width: 125px) 100vw, 125px\" \/>                                    <\/a>\n                                                                <a class=\"product-title\" href=\"https:\/\/bodegaoutdoor.cl\/store\/product\/linterna-led-de-mano-con-manivela-recargable-carga-solar-senderismo\/\">Linterna LED de mano con manivela, recargable, carga Solar, senderismo<\/a>\n                        \n                                <span class=\"price\">\n                                    <del aria-hidden=\"true\"><span class=\"woocommerce-Price-amount amount\"><bdi><span class=\"woocommerce-Price-currencySymbol\" translate=\"no\">$<\/span>14,990<\/bdi><\/span><\/del> <span class=\"screen-reader-text\">El precio original era: $14,990.<\/span><ins aria-hidden=\"true\"><span class=\"woocommerce-Price-amount amount\"><bdi><span class=\"woocommerce-Price-currencySymbol\" translate=\"no\">$<\/span>7,990<\/bdi><\/span><\/ins><span class=\"screen-reader-text\">El precio actual es: $7,990.<\/span>                                <\/span>\n                            <\/div>\n                                                    <div class=\"col-md-4 col-lg-2\">\n                                                                    <a class=\"xs_product_img_link\"\n                                        href=\"https:\/\/bodegaoutdoor.cl\/store\/product\/linterna-frontal-led-cob-con-bateria-integrada-linterna-recargable-por-usb-5-modos-de-iluminacion-luz-de-trabajo\/\">\n                                        <img loading=\"lazy\" decoding=\"async\" width=\"125\" height=\"125\" src=\"https:\/\/bodegaoutdoor.cl\/store\/wp-content\/uploads\/2023\/08\/78199-radany-150x150.jpg\" class=\"attachment-125x142 size-125x142\" alt=\"Linterna Frontal LED COB con Sensor Movimiento, linterna recargable por USB, 5 modos de iluminaci\u00f3n, luz de trabajo\" srcset=\"https:\/\/bodegaoutdoor.cl\/store\/wp-content\/uploads\/2023\/08\/78199-radany-150x150.jpg 150w, https:\/\/bodegaoutdoor.cl\/store\/wp-content\/uploads\/2023\/08\/78199-radany-300x300.jpg 300w, https:\/\/bodegaoutdoor.cl\/store\/wp-content\/uploads\/2023\/08\/78199-radany-768x768.jpg 768w, https:\/\/bodegaoutdoor.cl\/store\/wp-content\/uploads\/2023\/08\/78199-radany-600x600.jpg 600w, https:\/\/bodegaoutdoor.cl\/store\/wp-content\/uploads\/2023\/08\/78199-radany-100x100.jpg 100w, https:\/\/bodegaoutdoor.cl\/store\/wp-content\/uploads\/2023\/08\/78199-radany-50x50.jpg 50w, https:\/\/bodegaoutdoor.cl\/store\/wp-content\/uploads\/2023\/08\/78199-radany.jpg 1000w\" sizes=\"(max-width: 125px) 100vw, 125px\" \/>                                    <\/a>\n                                                                <a class=\"product-title\" href=\"https:\/\/bodegaoutdoor.cl\/store\/product\/linterna-frontal-led-cob-con-bateria-integrada-linterna-recargable-por-usb-5-modos-de-iluminacion-luz-de-trabajo\/\">Linterna Frontal LED COB con Sensor Movimiento, linterna recargable por USB, 5 modos de iluminaci\u00f3n, luz de trabajo<\/a>\n                        \n                                <span class=\"price\">\n                                    <span class=\"woocommerce-Price-amount amount\" aria-hidden=\"true\"><bdi><span class=\"woocommerce-Price-currencySymbol\" translate=\"no\">$<\/span>14,990<\/bdi><\/span> <span aria-hidden=\"true\">-<\/span> <span class=\"woocommerce-Price-amount amount\" aria-hidden=\"true\"><bdi><span class=\"woocommerce-Price-currencySymbol\" translate=\"no\">$<\/span>21,990<\/bdi><\/span><span class=\"screen-reader-text\">Rango de precios: desde $14,990 hasta $21,990<\/span>                                <\/span>\n                            <\/div>\n                                                    <div class=\"col-md-4 col-lg-2\">\n                                                                    <a class=\"xs_product_img_link\"\n                                        href=\"https:\/\/bodegaoutdoor.cl\/store\/product\/luz-led-multifuncion-4-en-1-para-bicicleta-linterna-soporte-para-claxon-de-bicicleta-banco-de-energia-lampara-frontal-soporte-para-telefono\/\">\n                                        <img loading=\"lazy\" decoding=\"async\" width=\"125\" height=\"125\" src=\"https:\/\/bodegaoutdoor.cl\/store\/wp-content\/uploads\/2023\/03\/69637-r9gcyp-150x150.jpg\" class=\"attachment-125x142 size-125x142\" alt=\"Luz Bicicleta Frontal LED multifunci\u00f3n 4 en 1 con soporte Incluido\" srcset=\"https:\/\/bodegaoutdoor.cl\/store\/wp-content\/uploads\/2023\/03\/69637-r9gcyp-150x150.jpg 150w, https:\/\/bodegaoutdoor.cl\/store\/wp-content\/uploads\/2023\/03\/69637-r9gcyp-300x300.jpg 300w, https:\/\/bodegaoutdoor.cl\/store\/wp-content\/uploads\/2023\/03\/69637-r9gcyp-100x100.jpg 100w, https:\/\/bodegaoutdoor.cl\/store\/wp-content\/uploads\/2023\/03\/69637-r9gcyp-600x600.jpg 600w, https:\/\/bodegaoutdoor.cl\/store\/wp-content\/uploads\/2023\/03\/69637-r9gcyp-768x768.jpg 768w, https:\/\/bodegaoutdoor.cl\/store\/wp-content\/uploads\/2023\/03\/69637-r9gcyp-350x350.jpg 350w, https:\/\/bodegaoutdoor.cl\/store\/wp-content\/uploads\/2023\/03\/69637-r9gcyp.jpg 800w\" sizes=\"(max-width: 125px) 100vw, 125px\" \/>                                    <\/a>\n                                                                <a class=\"product-title\" href=\"https:\/\/bodegaoutdoor.cl\/store\/product\/luz-led-multifuncion-4-en-1-para-bicicleta-linterna-soporte-para-claxon-de-bicicleta-banco-de-energia-lampara-frontal-soporte-para-telefono\/\">Luz Bicicleta Frontal LED multifunci\u00f3n 4 en 1 con soporte Incluido<\/a>\n                        \n                                <span class=\"price\">\n                                    <del aria-hidden=\"true\"><span class=\"woocommerce-Price-amount amount\"><bdi><span class=\"woocommerce-Price-currencySymbol\" translate=\"no\">$<\/span>39,990<\/bdi><\/span><\/del> <span class=\"screen-reader-text\">El precio original era: $39,990.<\/span><ins aria-hidden=\"true\"><span class=\"woocommerce-Price-amount amount\"><bdi><span class=\"woocommerce-Price-currencySymbol\" translate=\"no\">$<\/span>19,990<\/bdi><\/span><\/ins><span class=\"screen-reader-text\">El precio actual es: $19,990.<\/span>                                <\/span>\n                            <\/div>\n                                                    <div class=\"col-md-4 col-lg-2\">\n                                                                    <a class=\"xs_product_img_link\"\n                                        href=\"https:\/\/bodegaoutdoor.cl\/store\/product\/foco-led-ciclismo-luz-delantera-con-parlante-bluetooth-y-banco-de-carga-powerbank\/\">\n                                        <img loading=\"lazy\" decoding=\"async\" width=\"125\" height=\"125\" src=\"https:\/\/bodegaoutdoor.cl\/store\/wp-content\/uploads\/2023\/02\/18-172-1-150x150.jpg\" class=\"attachment-125x142 size-125x142\" alt=\"Foco led ciclismo luz delantera con parlante Bluetooth y banco de carga Powerbank\" srcset=\"https:\/\/bodegaoutdoor.cl\/store\/wp-content\/uploads\/2023\/02\/18-172-1-150x150.jpg 150w, https:\/\/bodegaoutdoor.cl\/store\/wp-content\/uploads\/2023\/02\/18-172-1-300x300.jpg 300w, https:\/\/bodegaoutdoor.cl\/store\/wp-content\/uploads\/2023\/02\/18-172-1-100x100.jpg 100w, https:\/\/bodegaoutdoor.cl\/store\/wp-content\/uploads\/2023\/02\/18-172-1-32x32.jpg 32w\" sizes=\"(max-width: 125px) 100vw, 125px\" \/>                                    <\/a>\n                                                                <a class=\"product-title\" href=\"https:\/\/bodegaoutdoor.cl\/store\/product\/foco-led-ciclismo-luz-delantera-con-parlante-bluetooth-y-banco-de-carga-powerbank\/\">Foco led ciclismo luz delantera con parlante Bluetooth y banco de carga Powerbank<\/a>\n                        \n                                <span class=\"price\">\n                                    <del aria-hidden=\"true\"><span class=\"woocommerce-Price-amount amount\"><bdi><span class=\"woocommerce-Price-currencySymbol\" translate=\"no\">$<\/span>49,990<\/bdi><\/span><\/del> <span class=\"screen-reader-text\">El precio original era: $49,990.<\/span><ins aria-hidden=\"true\"><span class=\"woocommerce-Price-amount amount\"><bdi><span class=\"woocommerce-Price-currencySymbol\" translate=\"no\">$<\/span>34,990<\/bdi><\/span><\/ins><span class=\"screen-reader-text\">El precio actual es: $34,990.<\/span>                                <\/span>\n                            <\/div>\n                                                    <div class=\"col-md-4 col-lg-2\">\n                                                                    <a class=\"xs_product_img_link\"\n                                        href=\"https:\/\/bodegaoutdoor.cl\/store\/product\/luz-delantera-con-parlante-bluetooth-y-banco-de-carga\/\">\n                                        <img loading=\"lazy\" decoding=\"async\" width=\"125\" height=\"125\" src=\"https:\/\/bodegaoutdoor.cl\/store\/wp-content\/uploads\/2022\/11\/1637355603164_edit_94462831409022-1-150x150.jpg\" class=\"attachment-125x142 size-125x142\" alt=\"Luz delantera con parlante Bluetooth y banco de carga\" srcset=\"https:\/\/bodegaoutdoor.cl\/store\/wp-content\/uploads\/2022\/11\/1637355603164_edit_94462831409022-1-150x150.jpg 150w, https:\/\/bodegaoutdoor.cl\/store\/wp-content\/uploads\/2022\/11\/1637355603164_edit_94462831409022-1-300x300.jpg 300w, https:\/\/bodegaoutdoor.cl\/store\/wp-content\/uploads\/2022\/11\/1637355603164_edit_94462831409022-1-100x100.jpg 100w, https:\/\/bodegaoutdoor.cl\/store\/wp-content\/uploads\/2022\/11\/1637355603164_edit_94462831409022-1-600x600.jpg 600w, https:\/\/bodegaoutdoor.cl\/store\/wp-content\/uploads\/2022\/11\/1637355603164_edit_94462831409022-1-768x768.jpg 768w, https:\/\/bodegaoutdoor.cl\/store\/wp-content\/uploads\/2022\/11\/1637355603164_edit_94462831409022-1-32x32.jpg 32w, https:\/\/bodegaoutdoor.cl\/store\/wp-content\/uploads\/2022\/11\/1637355603164_edit_94462831409022-1.jpg 1000w\" sizes=\"(max-width: 125px) 100vw, 125px\" \/>                                    <\/a>\n                                                                <a class=\"product-title\" href=\"https:\/\/bodegaoutdoor.cl\/store\/product\/luz-delantera-con-parlante-bluetooth-y-banco-de-carga\/\">Luz delantera con parlante Bluetooth y banco de carga<\/a>\n                        \n                                <span class=\"price\">\n                                    <del aria-hidden=\"true\"><span class=\"woocommerce-Price-amount amount\"><bdi><span class=\"woocommerce-Price-currencySymbol\" translate=\"no\">$<\/span>59,990<\/bdi><\/span><\/del> <span class=\"screen-reader-text\">El precio original era: $59,990.<\/span><ins aria-hidden=\"true\"><span class=\"woocommerce-Price-amount amount\"><bdi><span class=\"woocommerce-Price-currencySymbol\" translate=\"no\">$<\/span>44,990<\/bdi><\/span><\/ins><span class=\"screen-reader-text\">El precio actual es: $44,990.<\/span>                                <\/span>\n                            <\/div>\n                                                    <div class=\"col-md-4 col-lg-2\">\n                                                                    <a class=\"xs_product_img_link\"\n                                        href=\"https:\/\/bodegaoutdoor.cl\/store\/product\/linterna-frontal-led-xh-p99-x-balog-recargable\/\">\n                                        <img loading=\"lazy\" decoding=\"async\" width=\"125\" height=\"125\" src=\"https:\/\/bodegaoutdoor.cl\/store\/wp-content\/uploads\/2022\/09\/300072123_1725644977790586_5524213163313523729_n-150x150.jpg\" class=\"attachment-125x142 size-125x142\" alt=\"Linterna Frontal Led XH P99 X-balog Recargable\" srcset=\"https:\/\/bodegaoutdoor.cl\/store\/wp-content\/uploads\/2022\/09\/300072123_1725644977790586_5524213163313523729_n-150x150.jpg 150w, https:\/\/bodegaoutdoor.cl\/store\/wp-content\/uploads\/2022\/09\/300072123_1725644977790586_5524213163313523729_n-300x300.jpg 300w, https:\/\/bodegaoutdoor.cl\/store\/wp-content\/uploads\/2022\/09\/300072123_1725644977790586_5524213163313523729_n-100x100.jpg 100w, https:\/\/bodegaoutdoor.cl\/store\/wp-content\/uploads\/2022\/09\/300072123_1725644977790586_5524213163313523729_n-32x32.jpg 32w\" sizes=\"(max-width: 125px) 100vw, 125px\" \/>                                    <\/a>\n                                                                <a class=\"product-title\" href=\"https:\/\/bodegaoutdoor.cl\/store\/product\/linterna-frontal-led-xh-p99-x-balog-recargable\/\">Linterna Frontal Led XH P99 X-balog Recargable<\/a>\n                        \n                                <span class=\"price\">\n                                    <del aria-hidden=\"true\"><span class=\"woocommerce-Price-amount amount\"><bdi><span class=\"woocommerce-Price-currencySymbol\" translate=\"no\">$<\/span>39,990<\/bdi><\/span><\/del> <span class=\"screen-reader-text\">El precio original era: $39,990.<\/span><ins aria-hidden=\"true\"><span class=\"woocommerce-Price-amount amount\"><bdi><span class=\"woocommerce-Price-currencySymbol\" translate=\"no\">$<\/span>24,990<\/bdi><\/span><\/ins><span class=\"screen-reader-text\">El precio actual es: $24,990.<\/span>                                <\/span>\n                            <\/div>\n                                                    <div class=\"col-md-4 col-lg-2\">\n                                                                    <a class=\"xs_product_img_link\"\n                                        href=\"https:\/\/bodegaoutdoor.cl\/store\/product\/linterna-tactica-led-p160-x-balog-recargable\/\">\n                                        <img loading=\"lazy\" decoding=\"async\" width=\"125\" height=\"125\" src=\"https:\/\/bodegaoutdoor.cl\/store\/wp-content\/uploads\/2022\/09\/300768660_1725644964457254_880698538597947757_n-150x150.jpg\" class=\"attachment-125x142 size-125x142\" alt=\"Linterna Tactica Led P160 X-balog Recargable\" srcset=\"https:\/\/bodegaoutdoor.cl\/store\/wp-content\/uploads\/2022\/09\/300768660_1725644964457254_880698538597947757_n-150x150.jpg 150w, https:\/\/bodegaoutdoor.cl\/store\/wp-content\/uploads\/2022\/09\/300768660_1725644964457254_880698538597947757_n-300x300.jpg 300w, https:\/\/bodegaoutdoor.cl\/store\/wp-content\/uploads\/2022\/09\/300768660_1725644964457254_880698538597947757_n-100x100.jpg 100w, https:\/\/bodegaoutdoor.cl\/store\/wp-content\/uploads\/2022\/09\/300768660_1725644964457254_880698538597947757_n-32x32.jpg 32w\" sizes=\"(max-width: 125px) 100vw, 125px\" \/>                                    <\/a>\n                                                                <a class=\"product-title\" href=\"https:\/\/bodegaoutdoor.cl\/store\/product\/linterna-tactica-led-p160-x-balog-recargable\/\">Linterna Tactica Led P160 X-balog Recargable<\/a>\n                        \n                                <span class=\"price\">\n                                    <del aria-hidden=\"true\"><span class=\"woocommerce-Price-amount amount\"><bdi><span class=\"woocommerce-Price-currencySymbol\" translate=\"no\">$<\/span>49,990<\/bdi><\/span><\/del> <span class=\"screen-reader-text\">El precio original era: $49,990.<\/span><ins aria-hidden=\"true\"><span class=\"woocommerce-Price-amount amount\"><bdi><span class=\"woocommerce-Price-currencySymbol\" translate=\"no\">$<\/span>34,990<\/bdi><\/span><\/ins><span class=\"screen-reader-text\">El precio actual es: $34,990.<\/span>                                <\/span>\n                            <\/div>\n                                                    <div class=\"col-md-4 col-lg-2\">\n                                                                    <a class=\"xs_product_img_link\"\n                                        href=\"https:\/\/bodegaoutdoor.cl\/store\/product\/linterna-portatil-de-bolsillo-con-clip-de-bolsillo-luz-de-trabajo-outdorr-camping-pesca-escalada-luz-led\/\">\n                                        <img loading=\"lazy\" decoding=\"async\" width=\"125\" height=\"125\" src=\"https:\/\/bodegaoutdoor.cl\/store\/wp-content\/uploads\/2022\/09\/60936-maerca-150x150.jpg\" class=\"attachment-125x142 size-125x142\" alt=\"Linterna port\u00e1til de bolsillo con Clip , luz de trabajo, Outdorr, Camping, pesca, LED COB\" srcset=\"https:\/\/bodegaoutdoor.cl\/store\/wp-content\/uploads\/2022\/09\/60936-maerca-150x150.jpg 150w, https:\/\/bodegaoutdoor.cl\/store\/wp-content\/uploads\/2022\/09\/60936-maerca-300x300.jpg 300w, https:\/\/bodegaoutdoor.cl\/store\/wp-content\/uploads\/2022\/09\/60936-maerca-100x100.jpg 100w, https:\/\/bodegaoutdoor.cl\/store\/wp-content\/uploads\/2022\/09\/60936-maerca-600x600.jpg 600w, https:\/\/bodegaoutdoor.cl\/store\/wp-content\/uploads\/2022\/09\/60936-maerca-768x768.jpg 768w, https:\/\/bodegaoutdoor.cl\/store\/wp-content\/uploads\/2022\/09\/60936-maerca-32x32.jpg 32w\" sizes=\"(max-width: 125px) 100vw, 125px\" \/>                                    <\/a>\n                                                                <a class=\"product-title\" href=\"https:\/\/bodegaoutdoor.cl\/store\/product\/linterna-portatil-de-bolsillo-con-clip-de-bolsillo-luz-de-trabajo-outdorr-camping-pesca-escalada-luz-led\/\">Linterna port\u00e1til de bolsillo con Clip , luz de trabajo, Outdorr, Camping, pesca, LED COB<\/a>\n                        \n                                <span class=\"price\">\n                                    <del aria-hidden=\"true\"><span class=\"woocommerce-Price-amount amount\"><bdi><span class=\"woocommerce-Price-currencySymbol\" translate=\"no\">$<\/span>14,990<\/bdi><\/span><\/del> <span class=\"screen-reader-text\">El precio original era: $14,990.<\/span><ins aria-hidden=\"true\"><span class=\"woocommerce-Price-amount amount\"><bdi><span class=\"woocommerce-Price-currencySymbol\" translate=\"no\">$<\/span>9,990<\/bdi><\/span><\/ins><span class=\"screen-reader-text\">El precio actual es: $9,990.<\/span>                                <\/span>\n                            <\/div>\n                                                    <div class=\"col-md-4 col-lg-2\">\n                                                                    <a class=\"xs_product_img_link\"\n                                        href=\"https:\/\/bodegaoutdoor.cl\/store\/product\/reflector-de-luz-fuerte-p70-para-exteriores-linterna-led-multifuncion-de-largo-alcance-impermeable-recargable-portatil-novedad\/\">\n                                        <img loading=\"lazy\" decoding=\"async\" width=\"125\" height=\"125\" src=\"https:\/\/bodegaoutdoor.cl\/store\/wp-content\/uploads\/2021\/07\/46640-idb0h9-150x150.jpg\" class=\"attachment-125x142 size-125x142\" alt=\"Linterna LED P70 1000W multifunci\u00f3n de largo alcance, impermeable, recargable, port\u00e1til incluye Soporte\" srcset=\"https:\/\/bodegaoutdoor.cl\/store\/wp-content\/uploads\/2021\/07\/46640-idb0h9-150x150.jpg 150w, https:\/\/bodegaoutdoor.cl\/store\/wp-content\/uploads\/2021\/07\/46640-idb0h9-300x300.jpg 300w, https:\/\/bodegaoutdoor.cl\/store\/wp-content\/uploads\/2021\/07\/46640-idb0h9-100x100.jpg 100w, https:\/\/bodegaoutdoor.cl\/store\/wp-content\/uploads\/2021\/07\/46640-idb0h9-600x600.jpg 600w, https:\/\/bodegaoutdoor.cl\/store\/wp-content\/uploads\/2021\/07\/46640-idb0h9-768x768.jpg 768w, https:\/\/bodegaoutdoor.cl\/store\/wp-content\/uploads\/2021\/07\/46640-idb0h9.jpg 1000w\" sizes=\"(max-width: 125px) 100vw, 125px\" \/>                                    <\/a>\n                                                                <a class=\"product-title\" href=\"https:\/\/bodegaoutdoor.cl\/store\/product\/reflector-de-luz-fuerte-p70-para-exteriores-linterna-led-multifuncion-de-largo-alcance-impermeable-recargable-portatil-novedad\/\">Linterna LED P70 1000W multifunci\u00f3n de largo alcance, impermeable, recargable, port\u00e1til incluye Soporte<\/a>\n                        \n                                <span class=\"price\">\n                                    <del aria-hidden=\"true\"><span class=\"woocommerce-Price-amount amount\"><bdi><span class=\"woocommerce-Price-currencySymbol\" translate=\"no\">$<\/span>69,990<\/bdi><\/span><\/del> <span class=\"screen-reader-text\">El precio original era: $69,990.<\/span><ins aria-hidden=\"true\"><span class=\"woocommerce-Price-amount amount\"><bdi><span class=\"woocommerce-Price-currencySymbol\" translate=\"no\">$<\/span>49,990<\/bdi><\/span><\/ins><span class=\"screen-reader-text\">El precio actual es: $49,990.<\/span>                                <\/span>\n                            <\/div>\n                                        <\/div>\n            <\/div>\n                                <div class=\"tab-pane fade \"\n                 id=\"xs-tabs-22832-1-38\">\n                <div class=\"row no-gutters product-category-version-2\">\n                                                <div class=\"col-md-4 col-lg-2\">\n                                                                    <a class=\"xs_product_img_link\"\n                                        href=\"https:\/\/bodegaoutdoor.cl\/store\/product\/gafas-con-atenuacion-ajustables-nd9-polarizadas-uv400\/\">\n                                        <img loading=\"lazy\" decoding=\"async\" width=\"125\" height=\"125\" src=\"https:\/\/bodegaoutdoor.cl\/store\/wp-content\/uploads\/2026\/06\/90143-14gdwb-150x150.jpg\" class=\"attachment-125x142 size-125x142\" alt=\"Gafas con atenuaci\u00f3n ajustables ND9, polarizadas UV400\" srcset=\"https:\/\/bodegaoutdoor.cl\/store\/wp-content\/uploads\/2026\/06\/90143-14gdwb-150x150.jpg 150w, https:\/\/bodegaoutdoor.cl\/store\/wp-content\/uploads\/2026\/06\/90143-14gdwb-300x300.jpg 300w, https:\/\/bodegaoutdoor.cl\/store\/wp-content\/uploads\/2026\/06\/90143-14gdwb-768x768.jpg 768w, https:\/\/bodegaoutdoor.cl\/store\/wp-content\/uploads\/2026\/06\/90143-14gdwb-600x600.jpg 600w, https:\/\/bodegaoutdoor.cl\/store\/wp-content\/uploads\/2026\/06\/90143-14gdwb-100x100.jpg 100w, https:\/\/bodegaoutdoor.cl\/store\/wp-content\/uploads\/2026\/06\/90143-14gdwb-50x50.jpg 50w, https:\/\/bodegaoutdoor.cl\/store\/wp-content\/uploads\/2026\/06\/90143-14gdwb.jpg 1000w\" sizes=\"(max-width: 125px) 100vw, 125px\" \/>                                    <\/a>\n                                                                <a class=\"product-title\" href=\"https:\/\/bodegaoutdoor.cl\/store\/product\/gafas-con-atenuacion-ajustables-nd9-polarizadas-uv400\/\">Gafas con atenuaci\u00f3n ajustables ND9, polarizadas UV400<\/a>\n                        \n                                <span class=\"price\">\n                                    <del aria-hidden=\"true\"><span class=\"woocommerce-Price-amount amount\"><bdi><span class=\"woocommerce-Price-currencySymbol\" translate=\"no\">$<\/span>69,990<\/bdi><\/span><\/del> <span class=\"screen-reader-text\">El precio original era: $69,990.<\/span><ins aria-hidden=\"true\"><span class=\"woocommerce-Price-amount amount\"><bdi><span class=\"woocommerce-Price-currencySymbol\" translate=\"no\">$<\/span>34,990<\/bdi><\/span><\/ins><span class=\"screen-reader-text\">El precio actual es: $34,990.<\/span>                                <\/span>\n                            <\/div>\n                                                    <div class=\"col-md-4 col-lg-2\">\n                                                                    <a class=\"xs_product_img_link\"\n                                        href=\"https:\/\/bodegaoutdoor.cl\/store\/product\/gafas-de-sol-polarizadas-originales-rapala-para-pescar-rapala\/\">\n                                        <img loading=\"lazy\" decoding=\"async\" width=\"125\" height=\"125\" src=\"https:\/\/bodegaoutdoor.cl\/store\/wp-content\/uploads\/2026\/01\/rapala-azul-150x150.jpg\" class=\"attachment-125x142 size-125x142\" alt=\"Gafas de sol polarizadas originales Rapala uv400 RAPALA\" srcset=\"https:\/\/bodegaoutdoor.cl\/store\/wp-content\/uploads\/2026\/01\/rapala-azul-150x150.jpg 150w, https:\/\/bodegaoutdoor.cl\/store\/wp-content\/uploads\/2026\/01\/rapala-azul-300x300.jpg 300w, https:\/\/bodegaoutdoor.cl\/store\/wp-content\/uploads\/2026\/01\/rapala-azul-768x768.jpg 768w, https:\/\/bodegaoutdoor.cl\/store\/wp-content\/uploads\/2026\/01\/rapala-azul-600x600.jpg 600w, https:\/\/bodegaoutdoor.cl\/store\/wp-content\/uploads\/2026\/01\/rapala-azul-100x100.jpg 100w, https:\/\/bodegaoutdoor.cl\/store\/wp-content\/uploads\/2026\/01\/rapala-azul-50x50.jpg 50w, https:\/\/bodegaoutdoor.cl\/store\/wp-content\/uploads\/2026\/01\/rapala-azul.jpg 1000w\" sizes=\"(max-width: 125px) 100vw, 125px\" \/>                                    <\/a>\n                                                                <a class=\"product-title\" href=\"https:\/\/bodegaoutdoor.cl\/store\/product\/gafas-de-sol-polarizadas-originales-rapala-para-pescar-rapala\/\">Gafas de sol polarizadas originales Rapala uv400 RAPALA<\/a>\n                        \n                                <span class=\"price\">\n                                    <span class=\"woocommerce-Price-amount amount\"><bdi><span class=\"woocommerce-Price-currencySymbol\" translate=\"no\">$<\/span>19,990<\/bdi><\/span>                                <\/span>\n                            <\/div>\n                                                    <div class=\"col-md-4 col-lg-2\">\n                                                                    <a class=\"xs_product_img_link\"\n                                        href=\"https:\/\/bodegaoutdoor.cl\/store\/product\/lentes-rapala-polarizados-v400-fishing-outdoor\/\">\n                                        <img loading=\"lazy\" decoding=\"async\" width=\"125\" height=\"125\" src=\"https:\/\/bodegaoutdoor.cl\/store\/wp-content\/uploads\/2025\/02\/86465-wzrelw-150x150.jpg\" class=\"attachment-125x142 size-125x142\" alt=\"Lentes Rapala Polarizados V400 Fishing outdoor\" srcset=\"https:\/\/bodegaoutdoor.cl\/store\/wp-content\/uploads\/2025\/02\/86465-wzrelw-150x150.jpg 150w, https:\/\/bodegaoutdoor.cl\/store\/wp-content\/uploads\/2025\/02\/86465-wzrelw-300x300.jpg 300w, https:\/\/bodegaoutdoor.cl\/store\/wp-content\/uploads\/2025\/02\/86465-wzrelw-768x768.jpg 768w, https:\/\/bodegaoutdoor.cl\/store\/wp-content\/uploads\/2025\/02\/86465-wzrelw-600x600.jpg 600w, https:\/\/bodegaoutdoor.cl\/store\/wp-content\/uploads\/2025\/02\/86465-wzrelw-100x100.jpg 100w, https:\/\/bodegaoutdoor.cl\/store\/wp-content\/uploads\/2025\/02\/86465-wzrelw.jpg 800w\" sizes=\"(max-width: 125px) 100vw, 125px\" \/>                                    <\/a>\n                                                                <a class=\"product-title\" href=\"https:\/\/bodegaoutdoor.cl\/store\/product\/lentes-rapala-polarizados-v400-fishing-outdoor\/\">Lentes Rapala Polarizados V400 Fishing outdoor<\/a>\n                        \n                                <span class=\"price\">\n                                    <span class=\"woocommerce-Price-amount amount\"><bdi><span class=\"woocommerce-Price-currencySymbol\" translate=\"no\">$<\/span>19,990<\/bdi><\/span>                                <\/span>\n                            <\/div>\n                                                    <div class=\"col-md-4 col-lg-2\">\n                                                                    <a class=\"xs_product_img_link\"\n                                        href=\"https:\/\/bodegaoutdoor.cl\/store\/product\/gafas-shimano-unisex-lentes-de-sol-a-de-viento-uv400-polarizado\/\">\n                                        <img loading=\"lazy\" decoding=\"async\" width=\"125\" height=\"125\" src=\"https:\/\/bodegaoutdoor.cl\/store\/wp-content\/uploads\/2024\/01\/81687-2pkep7-150x150.png\" class=\"attachment-125x142 size-125x142\" alt=\"Gafas Shimano Outdoot  lentes de sol, viento. UV400 &#8211; POLARIZADO\" srcset=\"https:\/\/bodegaoutdoor.cl\/store\/wp-content\/uploads\/2024\/01\/81687-2pkep7-150x150.png 150w, https:\/\/bodegaoutdoor.cl\/store\/wp-content\/uploads\/2024\/01\/81687-2pkep7-300x300.png 300w, https:\/\/bodegaoutdoor.cl\/store\/wp-content\/uploads\/2024\/01\/81687-2pkep7-768x768.png 768w, https:\/\/bodegaoutdoor.cl\/store\/wp-content\/uploads\/2024\/01\/81687-2pkep7-600x600.png 600w, https:\/\/bodegaoutdoor.cl\/store\/wp-content\/uploads\/2024\/01\/81687-2pkep7-100x100.png 100w, https:\/\/bodegaoutdoor.cl\/store\/wp-content\/uploads\/2024\/01\/81687-2pkep7-50x50.png 50w, https:\/\/bodegaoutdoor.cl\/store\/wp-content\/uploads\/2024\/01\/81687-2pkep7.png 960w\" sizes=\"(max-width: 125px) 100vw, 125px\" \/>                                    <\/a>\n                                                                <a class=\"product-title\" href=\"https:\/\/bodegaoutdoor.cl\/store\/product\/gafas-shimano-unisex-lentes-de-sol-a-de-viento-uv400-polarizado\/\">Gafas Shimano Outdoot  lentes de sol, viento. UV400 &#8211; POLARIZADO<\/a>\n                        \n                                <span class=\"price\">\n                                    <span class=\"woocommerce-Price-amount amount\" aria-hidden=\"true\"><bdi><span class=\"woocommerce-Price-currencySymbol\" translate=\"no\">$<\/span>19,990<\/bdi><\/span> <span aria-hidden=\"true\">-<\/span> <span class=\"woocommerce-Price-amount amount\" aria-hidden=\"true\"><bdi><span class=\"woocommerce-Price-currencySymbol\" translate=\"no\">$<\/span>179,880<\/bdi><\/span><span class=\"screen-reader-text\">Rango de precios: desde $19,990 hasta $179,880<\/span>                                <\/span>\n                            <\/div>\n                                                    <div class=\"col-md-4 col-lg-2\">\n                                                                    <a class=\"xs_product_img_link\"\n                                        href=\"https:\/\/bodegaoutdoor.cl\/store\/product\/shimano-gafas-de-sol-con-antiultravioleta-conduccion-de-bicicleta-intercambio-7-colores-uv400\/\">\n                                        <img loading=\"lazy\" decoding=\"async\" width=\"125\" height=\"125\" src=\"https:\/\/bodegaoutdoor.cl\/store\/wp-content\/uploads\/2023\/05\/74538-rxs5yh-150x150.jpg\" class=\"attachment-125x142 size-125x142\" alt=\"SHIMANO-gafas de sol con antiultravioleta, conducci\u00f3n de bicicleta intercambio 7 colores, UV400\" srcset=\"https:\/\/bodegaoutdoor.cl\/store\/wp-content\/uploads\/2023\/05\/74538-rxs5yh-150x150.jpg 150w, https:\/\/bodegaoutdoor.cl\/store\/wp-content\/uploads\/2023\/05\/74538-rxs5yh-300x300.jpg 300w, https:\/\/bodegaoutdoor.cl\/store\/wp-content\/uploads\/2023\/05\/74538-rxs5yh-100x100.jpg 100w, https:\/\/bodegaoutdoor.cl\/store\/wp-content\/uploads\/2023\/05\/74538-rxs5yh-600x600.jpg 600w, https:\/\/bodegaoutdoor.cl\/store\/wp-content\/uploads\/2023\/05\/74538-rxs5yh-768x768.jpg 768w, https:\/\/bodegaoutdoor.cl\/store\/wp-content\/uploads\/2023\/05\/74538-rxs5yh-350x350.jpg 350w, https:\/\/bodegaoutdoor.cl\/store\/wp-content\/uploads\/2023\/05\/74538-rxs5yh.jpg 800w\" sizes=\"(max-width: 125px) 100vw, 125px\" \/>                                    <\/a>\n                                                                <a class=\"product-title\" href=\"https:\/\/bodegaoutdoor.cl\/store\/product\/shimano-gafas-de-sol-con-antiultravioleta-conduccion-de-bicicleta-intercambio-7-colores-uv400\/\">SHIMANO-gafas de sol con antiultravioleta, conducci\u00f3n de bicicleta intercambio 7 colores, UV400<\/a>\n                        \n                                <span class=\"price\">\n                                    <del aria-hidden=\"true\"><span class=\"woocommerce-Price-amount amount\"><bdi><span class=\"woocommerce-Price-currencySymbol\" translate=\"no\">$<\/span>39,990<\/bdi><\/span><\/del> <span class=\"screen-reader-text\">El precio original era: $39,990.<\/span><ins aria-hidden=\"true\"><span class=\"woocommerce-Price-amount amount\"><bdi><span class=\"woocommerce-Price-currencySymbol\" translate=\"no\">$<\/span>24,990<\/bdi><\/span><\/ins><span class=\"screen-reader-text\">El precio actual es: $24,990.<\/span>                                <\/span>\n                            <\/div>\n                                                    <div class=\"col-md-4 col-lg-2\">\n                                                                    <a class=\"xs_product_img_link\"\n                                        href=\"https:\/\/bodegaoutdoor.cl\/store\/product\/shimano-gafas-uv-unisex-lentes-de-sol-disenos-urbanos-deport-bicicleta-running\/\">\n                                        <img loading=\"lazy\" decoding=\"async\" width=\"125\" height=\"125\" src=\"https:\/\/bodegaoutdoor.cl\/store\/wp-content\/uploads\/2023\/05\/71961-rcvmrr-150x150.jpg\" class=\"attachment-125x142 size-125x142\" alt=\"SHIMANO-Gafas UV unisex, lentes de sol dise\u00f1os livianos urbanos &#8211; deport, bicicleta, running\" srcset=\"https:\/\/bodegaoutdoor.cl\/store\/wp-content\/uploads\/2023\/05\/71961-rcvmrr-150x150.jpg 150w, https:\/\/bodegaoutdoor.cl\/store\/wp-content\/uploads\/2023\/05\/71961-rcvmrr-300x300.jpg 300w, https:\/\/bodegaoutdoor.cl\/store\/wp-content\/uploads\/2023\/05\/71961-rcvmrr-100x100.jpg 100w, https:\/\/bodegaoutdoor.cl\/store\/wp-content\/uploads\/2023\/05\/71961-rcvmrr-600x600.jpg 600w, https:\/\/bodegaoutdoor.cl\/store\/wp-content\/uploads\/2023\/05\/71961-rcvmrr-768x768.jpg 768w, https:\/\/bodegaoutdoor.cl\/store\/wp-content\/uploads\/2023\/05\/71961-rcvmrr-350x350.jpg 350w, https:\/\/bodegaoutdoor.cl\/store\/wp-content\/uploads\/2023\/05\/71961-rcvmrr.jpg 800w\" sizes=\"(max-width: 125px) 100vw, 125px\" \/>                                    <\/a>\n                                                                <a class=\"product-title\" href=\"https:\/\/bodegaoutdoor.cl\/store\/product\/shimano-gafas-uv-unisex-lentes-de-sol-disenos-urbanos-deport-bicicleta-running\/\">SHIMANO-Gafas UV unisex, lentes de sol dise\u00f1os livianos urbanos &#8211; deport, bicicleta, running<\/a>\n                        \n                                <span class=\"price\">\n                                    <del aria-hidden=\"true\"><span class=\"woocommerce-Price-amount amount\"><bdi><span class=\"woocommerce-Price-currencySymbol\" translate=\"no\">$<\/span>39,990<\/bdi><\/span><\/del> <span class=\"screen-reader-text\">El precio original era: $39,990.<\/span><ins aria-hidden=\"true\"><span class=\"woocommerce-Price-amount amount\"><bdi><span class=\"woocommerce-Price-currencySymbol\" translate=\"no\">$<\/span>24,990<\/bdi><\/span><\/ins><span class=\"screen-reader-text\">El precio actual es: $24,990.<\/span>                                <\/span>\n                            <\/div>\n                                                    <div class=\"col-md-4 col-lg-2\">\n                                                                    <a class=\"xs_product_img_link\"\n                                        href=\"https:\/\/bodegaoutdoor.cl\/store\/product\/gafas-polarizadas-para-deportes-al-aire-libre-senderismo-ciclismo-pesca-uv400-shimano\/\">\n                                        <img loading=\"lazy\" decoding=\"async\" width=\"125\" height=\"125\" src=\"https:\/\/bodegaoutdoor.cl\/store\/wp-content\/uploads\/2023\/04\/70295-fazulw-150x150.png\" class=\"attachment-125x142 size-125x142\" alt=\"Gafas polarizadas para deportes al aire libre, senderismo, ciclismo, pesca, Uv400, Shimano\" srcset=\"https:\/\/bodegaoutdoor.cl\/store\/wp-content\/uploads\/2023\/04\/70295-fazulw-150x150.png 150w, https:\/\/bodegaoutdoor.cl\/store\/wp-content\/uploads\/2023\/04\/70295-fazulw-300x300.png 300w, https:\/\/bodegaoutdoor.cl\/store\/wp-content\/uploads\/2023\/04\/70295-fazulw-100x100.png 100w, https:\/\/bodegaoutdoor.cl\/store\/wp-content\/uploads\/2023\/04\/70295-fazulw-600x600.png 600w, https:\/\/bodegaoutdoor.cl\/store\/wp-content\/uploads\/2023\/04\/70295-fazulw-768x768.png 768w, https:\/\/bodegaoutdoor.cl\/store\/wp-content\/uploads\/2023\/04\/70295-fazulw-350x350.png 350w, https:\/\/bodegaoutdoor.cl\/store\/wp-content\/uploads\/2023\/04\/70295-fazulw.png 800w\" sizes=\"(max-width: 125px) 100vw, 125px\" \/>                                    <\/a>\n                                                                <a class=\"product-title\" href=\"https:\/\/bodegaoutdoor.cl\/store\/product\/gafas-polarizadas-para-deportes-al-aire-libre-senderismo-ciclismo-pesca-uv400-shimano\/\">Gafas polarizadas para deportes al aire libre, senderismo, ciclismo, pesca, Uv400, Shimano<\/a>\n                        \n                                <span class=\"price\">\n                                    <del aria-hidden=\"true\"><span class=\"woocommerce-Price-amount amount\"><bdi><span class=\"woocommerce-Price-currencySymbol\" translate=\"no\">$<\/span>59,990<\/bdi><\/span><\/del> <span class=\"screen-reader-text\">El precio original era: $59,990.<\/span><ins aria-hidden=\"true\"><span class=\"woocommerce-Price-amount amount\"><bdi><span class=\"woocommerce-Price-currencySymbol\" translate=\"no\">$<\/span>29,990<\/bdi><\/span><\/ins><span class=\"screen-reader-text\">El precio actual es: $29,990.<\/span>                                <\/span>\n                            <\/div>\n                                                    <div class=\"col-md-4 col-lg-2\">\n                                                                    <a class=\"xs_product_img_link\"\n                                        href=\"https:\/\/bodegaoutdoor.cl\/store\/product\/shimano-gafas-de-sol-polarizadas-lentes-de-sol-deportes-al-aire-libre-con-estuche-para-gafas\/\">\n                                        <img loading=\"lazy\" decoding=\"async\" width=\"125\" height=\"125\" src=\"https:\/\/bodegaoutdoor.cl\/store\/wp-content\/uploads\/2023\/04\/70263-dzvqqc-150x150.png\" class=\"attachment-125x142 size-125x142\" alt=\"Shimano-gafas de sol polarizadas, lentes de sol, deportes al aire libre, con estuche para gafas\" srcset=\"https:\/\/bodegaoutdoor.cl\/store\/wp-content\/uploads\/2023\/04\/70263-dzvqqc-150x150.png 150w, https:\/\/bodegaoutdoor.cl\/store\/wp-content\/uploads\/2023\/04\/70263-dzvqqc-300x300.png 300w, https:\/\/bodegaoutdoor.cl\/store\/wp-content\/uploads\/2023\/04\/70263-dzvqqc-100x100.png 100w, https:\/\/bodegaoutdoor.cl\/store\/wp-content\/uploads\/2023\/04\/70263-dzvqqc-600x600.png 600w, https:\/\/bodegaoutdoor.cl\/store\/wp-content\/uploads\/2023\/04\/70263-dzvqqc-768x768.png 768w, https:\/\/bodegaoutdoor.cl\/store\/wp-content\/uploads\/2023\/04\/70263-dzvqqc-350x350.png 350w, https:\/\/bodegaoutdoor.cl\/store\/wp-content\/uploads\/2023\/04\/70263-dzvqqc.png 800w\" sizes=\"(max-width: 125px) 100vw, 125px\" \/>                                    <\/a>\n                                                                <a class=\"product-title\" href=\"https:\/\/bodegaoutdoor.cl\/store\/product\/shimano-gafas-de-sol-polarizadas-lentes-de-sol-deportes-al-aire-libre-con-estuche-para-gafas\/\">Shimano-gafas de sol polarizadas, lentes de sol, deportes al aire libre, con estuche para gafas<\/a>\n                        \n                                <span class=\"price\">\n                                    <del aria-hidden=\"true\"><span class=\"woocommerce-Price-amount amount\"><bdi><span class=\"woocommerce-Price-currencySymbol\" translate=\"no\">$<\/span>59,990<\/bdi><\/span><\/del> <span class=\"screen-reader-text\">El precio original era: $59,990.<\/span><ins aria-hidden=\"true\"><span class=\"woocommerce-Price-amount amount\"><bdi><span class=\"woocommerce-Price-currencySymbol\" translate=\"no\">$<\/span>29,990<\/bdi><\/span><\/ins><span class=\"screen-reader-text\">El precio actual es: $29,990.<\/span>                                <\/span>\n                            <\/div>\n                                                    <div class=\"col-md-4 col-lg-2\">\n                                                                    <a class=\"xs_product_img_link\"\n                                        href=\"https:\/\/bodegaoutdoor.cl\/store\/product\/shimano-gafas-polarizadas-deportivas-de-camuflaje-para-deportes-senderismo-pesca\/\">\n                                        <img loading=\"lazy\" decoding=\"async\" width=\"125\" height=\"125\" src=\"https:\/\/bodegaoutdoor.cl\/store\/wp-content\/uploads\/2023\/04\/70222-synfof-150x150.png\" class=\"attachment-125x142 size-125x142\" alt=\"Shimano-Gafas polarizadas deportivas de camuflaje para deportes , senderismo, pesca\" srcset=\"https:\/\/bodegaoutdoor.cl\/store\/wp-content\/uploads\/2023\/04\/70222-synfof-150x150.png 150w, https:\/\/bodegaoutdoor.cl\/store\/wp-content\/uploads\/2023\/04\/70222-synfof-300x300.png 300w, https:\/\/bodegaoutdoor.cl\/store\/wp-content\/uploads\/2023\/04\/70222-synfof-100x100.png 100w, https:\/\/bodegaoutdoor.cl\/store\/wp-content\/uploads\/2023\/04\/70222-synfof-600x600.png 600w, https:\/\/bodegaoutdoor.cl\/store\/wp-content\/uploads\/2023\/04\/70222-synfof-768x768.png 768w, https:\/\/bodegaoutdoor.cl\/store\/wp-content\/uploads\/2023\/04\/70222-synfof-350x350.png 350w, https:\/\/bodegaoutdoor.cl\/store\/wp-content\/uploads\/2023\/04\/70222-synfof.png 800w\" sizes=\"(max-width: 125px) 100vw, 125px\" \/>                                    <\/a>\n                                                                <a class=\"product-title\" href=\"https:\/\/bodegaoutdoor.cl\/store\/product\/shimano-gafas-polarizadas-deportivas-de-camuflaje-para-deportes-senderismo-pesca\/\">Shimano-Gafas polarizadas deportivas de camuflaje para deportes , senderismo, pesca<\/a>\n                        \n                                <span class=\"price\">\n                                    <del aria-hidden=\"true\"><span class=\"woocommerce-Price-amount amount\"><bdi><span class=\"woocommerce-Price-currencySymbol\" translate=\"no\">$<\/span>59,990<\/bdi><\/span><\/del> <span class=\"screen-reader-text\">El precio original era: $59,990.<\/span><ins aria-hidden=\"true\"><span class=\"woocommerce-Price-amount amount\"><bdi><span class=\"woocommerce-Price-currencySymbol\" translate=\"no\">$<\/span>29,990<\/bdi><\/span><\/ins><span class=\"screen-reader-text\">El precio actual es: $29,990.<\/span>                                <\/span>\n                            <\/div>\n                                                    <div class=\"col-md-4 col-lg-2\">\n                                                                    <a class=\"xs_product_img_link\"\n                                        href=\"https:\/\/bodegaoutdoor.cl\/store\/product\/shimano-gafas-de-sol-para-hombre-y-mujer-lentes-de-sol-para-ciclismo-al-aire-libre-pesca-conduccion-viajes-se-pueden-equipar-con-estuches-para-gafas\/\">\n                                        <img loading=\"lazy\" decoding=\"async\" width=\"125\" height=\"125\" src=\"https:\/\/bodegaoutdoor.cl\/store\/wp-content\/uploads\/2023\/04\/70209-amjgrq-150x150.jpg\" class=\"attachment-125x142 size-125x142\" alt=\"Shimano-Gafas hombre y mujer, lentes de sol para ciclismo Outdoor, pesca, conducci\u00f3n, viajes\" srcset=\"https:\/\/bodegaoutdoor.cl\/store\/wp-content\/uploads\/2023\/04\/70209-amjgrq-150x150.jpg 150w, https:\/\/bodegaoutdoor.cl\/store\/wp-content\/uploads\/2023\/04\/70209-amjgrq-300x300.jpg 300w, https:\/\/bodegaoutdoor.cl\/store\/wp-content\/uploads\/2023\/04\/70209-amjgrq-100x100.jpg 100w, https:\/\/bodegaoutdoor.cl\/store\/wp-content\/uploads\/2023\/04\/70209-amjgrq-600x600.jpg 600w, https:\/\/bodegaoutdoor.cl\/store\/wp-content\/uploads\/2023\/04\/70209-amjgrq-768x768.jpg 768w, https:\/\/bodegaoutdoor.cl\/store\/wp-content\/uploads\/2023\/04\/70209-amjgrq-350x350.jpg 350w, https:\/\/bodegaoutdoor.cl\/store\/wp-content\/uploads\/2023\/04\/70209-amjgrq.jpg 800w\" sizes=\"(max-width: 125px) 100vw, 125px\" \/>                                    <\/a>\n                                                                <a class=\"product-title\" href=\"https:\/\/bodegaoutdoor.cl\/store\/product\/shimano-gafas-de-sol-para-hombre-y-mujer-lentes-de-sol-para-ciclismo-al-aire-libre-pesca-conduccion-viajes-se-pueden-equipar-con-estuches-para-gafas\/\">Shimano-Gafas hombre y mujer, lentes de sol para ciclismo Outdoor, pesca, conducci\u00f3n, viajes<\/a>\n                        \n                                <span class=\"price\">\n                                    <del aria-hidden=\"true\"><span class=\"woocommerce-Price-amount amount\"><bdi><span class=\"woocommerce-Price-currencySymbol\" translate=\"no\">$<\/span>39,990<\/bdi><\/span><\/del> <span class=\"screen-reader-text\">El precio original era: $39,990.<\/span><ins aria-hidden=\"true\"><span class=\"woocommerce-Price-amount amount\"><bdi><span class=\"woocommerce-Price-currencySymbol\" translate=\"no\">$<\/span>29,990<\/bdi><\/span><\/ins><span class=\"screen-reader-text\">El precio actual es: $29,990.<\/span>                                <\/span>\n                            <\/div>\n                                                    <div class=\"col-md-4 col-lg-2\">\n                                                                    <a class=\"xs_product_img_link\"\n                                        href=\"https:\/\/bodegaoutdoor.cl\/store\/product\/daisy-c6-gafas-tacticas-para-exteriores-gafas-de-sol-militares-para-montar-en-bicicleta-a-prueba-de-viento-y-polvo-polarizadas\/\">\n                                        <img loading=\"lazy\" decoding=\"async\" width=\"125\" height=\"125\" src=\"https:\/\/bodegaoutdoor.cl\/store\/wp-content\/uploads\/2023\/02\/65664-kcgelc-150x150.jpg\" class=\"attachment-125x142 size-125x142\" alt=\"Daisy C6-gafas t\u00e1cticas para exteriores, gafas de sol militares para montar en bicicleta, a prueba de viento y polvo, polarizadas\" srcset=\"https:\/\/bodegaoutdoor.cl\/store\/wp-content\/uploads\/2023\/02\/65664-kcgelc-150x150.jpg 150w, https:\/\/bodegaoutdoor.cl\/store\/wp-content\/uploads\/2023\/02\/65664-kcgelc-300x300.jpg 300w, https:\/\/bodegaoutdoor.cl\/store\/wp-content\/uploads\/2023\/02\/65664-kcgelc-100x100.jpg 100w, https:\/\/bodegaoutdoor.cl\/store\/wp-content\/uploads\/2023\/02\/65664-kcgelc-600x600.jpg 600w, https:\/\/bodegaoutdoor.cl\/store\/wp-content\/uploads\/2023\/02\/65664-kcgelc-768x768.jpg 768w, https:\/\/bodegaoutdoor.cl\/store\/wp-content\/uploads\/2023\/02\/65664-kcgelc-32x32.jpg 32w, https:\/\/bodegaoutdoor.cl\/store\/wp-content\/uploads\/2023\/02\/65664-kcgelc.jpg 800w\" sizes=\"(max-width: 125px) 100vw, 125px\" \/>                                    <\/a>\n                                                                <a class=\"product-title\" href=\"https:\/\/bodegaoutdoor.cl\/store\/product\/daisy-c6-gafas-tacticas-para-exteriores-gafas-de-sol-militares-para-montar-en-bicicleta-a-prueba-de-viento-y-polvo-polarizadas\/\">Daisy C6-gafas t\u00e1cticas para exteriores, gafas de sol militares para montar en bicicleta, a prueba de viento y polvo, polarizadas<\/a>\n                        \n                                <span class=\"price\">\n                                    <del aria-hidden=\"true\"><span class=\"woocommerce-Price-amount amount\"><bdi><span class=\"woocommerce-Price-currencySymbol\" translate=\"no\">$<\/span>34,990<\/bdi><\/span><\/del> <span class=\"screen-reader-text\">El precio original era: $34,990.<\/span><ins aria-hidden=\"true\"><span class=\"woocommerce-Price-amount amount\"><bdi><span class=\"woocommerce-Price-currencySymbol\" translate=\"no\">$<\/span>19,990<\/bdi><\/span><\/ins><span class=\"screen-reader-text\">El precio actual es: $19,990.<\/span>                                <\/span>\n                            <\/div>\n                                                    <div class=\"col-md-4 col-lg-2\">\n                                                                    <a class=\"xs_product_img_link\"\n                                        href=\"https:\/\/bodegaoutdoor.cl\/store\/product\/shimano-gafas-de-sol-polarizadas-para-hombre-y-mujer-lentes-cuadradas-de-alta-calidad-para-conducir-acampar-senderismo-pesca-ciclismo-uv400-sr-39\/\">\n                                        <img loading=\"lazy\" decoding=\"async\" width=\"125\" height=\"125\" src=\"https:\/\/bodegaoutdoor.cl\/store\/wp-content\/uploads\/2022\/12\/63730-kaamn2-150x150.jpg\" class=\"attachment-125x142 size-125x142\" alt=\"Shimano-Gafas de sol polarizadas para hombre y mujer, lentes cuadradas de alta calidad para conducir, acampar, senderismo, pesca, ciclismo, UV400, SR-39\" srcset=\"https:\/\/bodegaoutdoor.cl\/store\/wp-content\/uploads\/2022\/12\/63730-kaamn2-150x150.jpg 150w, https:\/\/bodegaoutdoor.cl\/store\/wp-content\/uploads\/2022\/12\/63730-kaamn2-300x300.jpg 300w, https:\/\/bodegaoutdoor.cl\/store\/wp-content\/uploads\/2022\/12\/63730-kaamn2-100x100.jpg 100w, https:\/\/bodegaoutdoor.cl\/store\/wp-content\/uploads\/2022\/12\/63730-kaamn2-600x599.jpg 600w, https:\/\/bodegaoutdoor.cl\/store\/wp-content\/uploads\/2022\/12\/63730-kaamn2-32x32.jpg 32w, https:\/\/bodegaoutdoor.cl\/store\/wp-content\/uploads\/2022\/12\/63730-kaamn2.jpg 768w\" sizes=\"(max-width: 125px) 100vw, 125px\" \/>                                    <\/a>\n                                                                <a class=\"product-title\" href=\"https:\/\/bodegaoutdoor.cl\/store\/product\/shimano-gafas-de-sol-polarizadas-para-hombre-y-mujer-lentes-cuadradas-de-alta-calidad-para-conducir-acampar-senderismo-pesca-ciclismo-uv400-sr-39\/\">Shimano-Gafas de sol polarizadas para hombre y mujer, lentes cuadradas de alta calidad para conducir, acampar, senderismo, pesca, ciclismo, UV400, SR-39<\/a>\n                        \n                                <span class=\"price\">\n                                    <del aria-hidden=\"true\"><span class=\"woocommerce-Price-amount amount\"><bdi><span class=\"woocommerce-Price-currencySymbol\" translate=\"no\">$<\/span>89,900<\/bdi><\/span><\/del> <span class=\"screen-reader-text\">El precio original era: $89,900.<\/span><ins aria-hidden=\"true\"><span class=\"woocommerce-Price-amount amount\"><bdi><span class=\"woocommerce-Price-currencySymbol\" translate=\"no\">$<\/span>44,990<\/bdi><\/span><\/ins><span class=\"screen-reader-text\">El precio actual es: $44,990.<\/span>                                <\/span>\n                            <\/div>\n                                        <\/div>\n            <\/div>\n                                <div class=\"tab-pane fade \"\n                 id=\"xs-tabs-22832-2-490\">\n                <div class=\"row no-gutters product-category-version-2\">\n                                                <div class=\"col-md-4 col-lg-2\">\n                                                                    <a class=\"xs_product_img_link\"\n                                        href=\"https:\/\/bodegaoutdoor.cl\/store\/product\/guantes-tacticos-de-dedo-completo-motocicleta-ciclismo-outdoor-escalada-entrenamiento\/\">\n                                        <img loading=\"lazy\" decoding=\"async\" width=\"125\" height=\"125\" src=\"https:\/\/bodegaoutdoor.cl\/store\/wp-content\/uploads\/2024\/06\/83658-dcjuo6-150x150.jpg\" class=\"attachment-125x142 size-125x142\" alt=\"Guantes t\u00e1cticos de dedo completo motocicleta, ciclismo, outdoor, escalada, entrenamiento\" srcset=\"https:\/\/bodegaoutdoor.cl\/store\/wp-content\/uploads\/2024\/06\/83658-dcjuo6-150x150.jpg 150w, https:\/\/bodegaoutdoor.cl\/store\/wp-content\/uploads\/2024\/06\/83658-dcjuo6-300x300.jpg 300w, https:\/\/bodegaoutdoor.cl\/store\/wp-content\/uploads\/2024\/06\/83658-dcjuo6-768x768.jpg 768w, https:\/\/bodegaoutdoor.cl\/store\/wp-content\/uploads\/2024\/06\/83658-dcjuo6-600x600.jpg 600w, https:\/\/bodegaoutdoor.cl\/store\/wp-content\/uploads\/2024\/06\/83658-dcjuo6-100x100.jpg 100w, https:\/\/bodegaoutdoor.cl\/store\/wp-content\/uploads\/2024\/06\/83658-dcjuo6-50x50.jpg 50w, https:\/\/bodegaoutdoor.cl\/store\/wp-content\/uploads\/2024\/06\/83658-dcjuo6.jpg 800w\" sizes=\"(max-width: 125px) 100vw, 125px\" \/>                                    <\/a>\n                                                                <a class=\"product-title\" href=\"https:\/\/bodegaoutdoor.cl\/store\/product\/guantes-tacticos-de-dedo-completo-motocicleta-ciclismo-outdoor-escalada-entrenamiento\/\">Guantes t\u00e1cticos de dedo completo motocicleta, ciclismo, outdoor, escalada, entrenamiento<\/a>\n                        \n                                <span class=\"price\">\n                                    <span class=\"woocommerce-Price-amount amount\"><bdi><span class=\"woocommerce-Price-currencySymbol\" translate=\"no\">$<\/span>9,990<\/bdi><\/span>                                <\/span>\n                            <\/div>\n                                                    <div class=\"col-md-4 col-lg-2\">\n                                                                    <a class=\"xs_product_img_link\"\n                                        href=\"https:\/\/bodegaoutdoor.cl\/store\/product\/guantes-de-esqui-unisex-resistentes-al-agua-y-al-frio-con-forro-polar-para-deportes-gruesos-invierno\/\">\n                                        <img loading=\"lazy\" decoding=\"async\" width=\"125\" height=\"125\" src=\"https:\/\/bodegaoutdoor.cl\/store\/wp-content\/uploads\/2024\/05\/436210687_792203052888467_5184485542085204046_n-150x150.jpg\" class=\"attachment-125x142 size-125x142\" alt=\"Guantes de esqu\u00ed unisex, resistentes al agua y al fr\u00edo, con forro polar para deportes, gruesos,  invierno\" srcset=\"https:\/\/bodegaoutdoor.cl\/store\/wp-content\/uploads\/2024\/05\/436210687_792203052888467_5184485542085204046_n-150x150.jpg 150w, https:\/\/bodegaoutdoor.cl\/store\/wp-content\/uploads\/2024\/05\/436210687_792203052888467_5184485542085204046_n-300x300.jpg 300w, https:\/\/bodegaoutdoor.cl\/store\/wp-content\/uploads\/2024\/05\/436210687_792203052888467_5184485542085204046_n-768x768.jpg 768w, https:\/\/bodegaoutdoor.cl\/store\/wp-content\/uploads\/2024\/05\/436210687_792203052888467_5184485542085204046_n-600x600.jpg 600w, https:\/\/bodegaoutdoor.cl\/store\/wp-content\/uploads\/2024\/05\/436210687_792203052888467_5184485542085204046_n-100x100.jpg 100w, https:\/\/bodegaoutdoor.cl\/store\/wp-content\/uploads\/2024\/05\/436210687_792203052888467_5184485542085204046_n-50x50.jpg 50w, https:\/\/bodegaoutdoor.cl\/store\/wp-content\/uploads\/2024\/05\/436210687_792203052888467_5184485542085204046_n.jpg 800w\" sizes=\"(max-width: 125px) 100vw, 125px\" \/>                                    <\/a>\n                                                                <a class=\"product-title\" href=\"https:\/\/bodegaoutdoor.cl\/store\/product\/guantes-de-esqui-unisex-resistentes-al-agua-y-al-frio-con-forro-polar-para-deportes-gruesos-invierno\/\">Guantes de esqu\u00ed unisex, resistentes al agua y al fr\u00edo, con forro polar para deportes, gruesos,  invierno<\/a>\n                        \n                                <span class=\"price\">\n                                    <del aria-hidden=\"true\"><span class=\"woocommerce-Price-amount amount\"><bdi><span class=\"woocommerce-Price-currencySymbol\" translate=\"no\">$<\/span>19,990<\/bdi><\/span><\/del> <span class=\"screen-reader-text\">El precio original era: $19,990.<\/span><ins aria-hidden=\"true\"><span class=\"woocommerce-Price-amount amount\"><bdi><span class=\"woocommerce-Price-currencySymbol\" translate=\"no\">$<\/span>12,990<\/bdi><\/span><\/ins><span class=\"screen-reader-text\">El precio actual es: $12,990.<\/span>                                <\/span>\n                            <\/div>\n                                                    <div class=\"col-md-4 col-lg-2\">\n                                                                    <a class=\"xs_product_img_link\"\n                                        href=\"https:\/\/bodegaoutdoor.cl\/store\/product\/guantes-outdoor-para-hombre-y-mujer-antideslizantes-con-dedo-tactil-impermeables\/\">\n                                        <img loading=\"lazy\" decoding=\"async\" width=\"125\" height=\"125\" src=\"https:\/\/bodegaoutdoor.cl\/store\/wp-content\/uploads\/2024\/05\/blanco-150x150.jpg\" class=\"attachment-125x142 size-125x142\" alt=\"Guantes Outdoor para hombre y mujer, antideslizantes con dedo t\u00e1ctil, impermeables\" srcset=\"https:\/\/bodegaoutdoor.cl\/store\/wp-content\/uploads\/2024\/05\/blanco-150x150.jpg 150w, https:\/\/bodegaoutdoor.cl\/store\/wp-content\/uploads\/2024\/05\/blanco-300x300.jpg 300w, https:\/\/bodegaoutdoor.cl\/store\/wp-content\/uploads\/2024\/05\/blanco-100x100.jpg 100w, https:\/\/bodegaoutdoor.cl\/store\/wp-content\/uploads\/2024\/05\/blanco-50x50.jpg 50w\" sizes=\"(max-width: 125px) 100vw, 125px\" \/>                                    <\/a>\n                                                                <a class=\"product-title\" href=\"https:\/\/bodegaoutdoor.cl\/store\/product\/guantes-outdoor-para-hombre-y-mujer-antideslizantes-con-dedo-tactil-impermeables\/\">Guantes Outdoor para hombre y mujer, antideslizantes con dedo t\u00e1ctil, impermeables<\/a>\n                        \n                                <span class=\"price\">\n                                    <span class=\"woocommerce-Price-amount amount\"><bdi><span class=\"woocommerce-Price-currencySymbol\" translate=\"no\">$<\/span>14,990<\/bdi><\/span>                                <\/span>\n                            <\/div>\n                                                    <div class=\"col-md-4 col-lg-2\">\n                                                                    <a class=\"xs_product_img_link\"\n                                        href=\"https:\/\/bodegaoutdoor.cl\/store\/product\/guantes-alta-calidad-tela-gruesa-y-calida-de-lana-y-cachemira\/\">\n                                        <img loading=\"lazy\" decoding=\"async\" width=\"125\" height=\"125\" src=\"https:\/\/bodegaoutdoor.cl\/store\/wp-content\/uploads\/2023\/05\/74168-xmwzsh-150x150.jpg\" class=\"attachment-125x142 size-125x142\" alt=\"Guantes alta calidad tela gruesa y c\u00e1lida de lana y Cachemira\" srcset=\"https:\/\/bodegaoutdoor.cl\/store\/wp-content\/uploads\/2023\/05\/74168-xmwzsh-150x150.jpg 150w, https:\/\/bodegaoutdoor.cl\/store\/wp-content\/uploads\/2023\/05\/74168-xmwzsh-300x300.jpg 300w, https:\/\/bodegaoutdoor.cl\/store\/wp-content\/uploads\/2023\/05\/74168-xmwzsh-100x100.jpg 100w, https:\/\/bodegaoutdoor.cl\/store\/wp-content\/uploads\/2023\/05\/74168-xmwzsh-600x600.jpg 600w, https:\/\/bodegaoutdoor.cl\/store\/wp-content\/uploads\/2023\/05\/74168-xmwzsh-768x768.jpg 768w, https:\/\/bodegaoutdoor.cl\/store\/wp-content\/uploads\/2023\/05\/74168-xmwzsh-350x350.jpg 350w, https:\/\/bodegaoutdoor.cl\/store\/wp-content\/uploads\/2023\/05\/74168-xmwzsh.jpg 800w\" sizes=\"(max-width: 125px) 100vw, 125px\" \/>                                    <\/a>\n                                                                <a class=\"product-title\" href=\"https:\/\/bodegaoutdoor.cl\/store\/product\/guantes-alta-calidad-tela-gruesa-y-calida-de-lana-y-cachemira\/\">Guantes alta calidad tela gruesa y c\u00e1lida de lana y Cachemira<\/a>\n                        \n                                <span class=\"price\">\n                                    <del aria-hidden=\"true\"><span class=\"woocommerce-Price-amount amount\"><bdi><span class=\"woocommerce-Price-currencySymbol\" translate=\"no\">$<\/span>11,990<\/bdi><\/span><\/del> <span class=\"screen-reader-text\">El precio original era: $11,990.<\/span><ins aria-hidden=\"true\"><span class=\"woocommerce-Price-amount amount\"><bdi><span class=\"woocommerce-Price-currencySymbol\" translate=\"no\">$<\/span>7,990<\/bdi><\/span><\/ins><span class=\"screen-reader-text\">El precio actual es: $7,990.<\/span>                                <\/span>\n                            <\/div>\n                                                    <div class=\"col-md-4 col-lg-2\">\n                                                                    <a class=\"xs_product_img_link\"\n                                        href=\"https:\/\/bodegaoutdoor.cl\/store\/product\/guantes-ninos-para-moto-madbike-modelo-city\/\">\n                                        <img loading=\"lazy\" decoding=\"async\" width=\"125\" height=\"125\" src=\"https:\/\/bodegaoutdoor.cl\/store\/wp-content\/uploads\/2023\/04\/2564_4-150x150.jpg\" class=\"attachment-125x142 size-125x142\" alt=\"Guantes Ni\u00f1os Para Moto Madbike, Modelo City.\" srcset=\"https:\/\/bodegaoutdoor.cl\/store\/wp-content\/uploads\/2023\/04\/2564_4-150x150.jpg 150w, https:\/\/bodegaoutdoor.cl\/store\/wp-content\/uploads\/2023\/04\/2564_4-300x300.jpg 300w, https:\/\/bodegaoutdoor.cl\/store\/wp-content\/uploads\/2023\/04\/2564_4-100x100.jpg 100w, https:\/\/bodegaoutdoor.cl\/store\/wp-content\/uploads\/2023\/04\/2564_4-600x600.jpg 600w, https:\/\/bodegaoutdoor.cl\/store\/wp-content\/uploads\/2023\/04\/2564_4-768x768.jpg 768w, https:\/\/bodegaoutdoor.cl\/store\/wp-content\/uploads\/2023\/04\/2564_4-350x350.jpg 350w, https:\/\/bodegaoutdoor.cl\/store\/wp-content\/uploads\/2023\/04\/2564_4.jpg 800w\" sizes=\"(max-width: 125px) 100vw, 125px\" \/>                                    <\/a>\n                                                                <a class=\"product-title\" href=\"https:\/\/bodegaoutdoor.cl\/store\/product\/guantes-ninos-para-moto-madbike-modelo-city\/\">Guantes Ni\u00f1os Para Moto Madbike, Modelo City.<\/a>\n                        \n                                <span class=\"price\">\n                                    <del aria-hidden=\"true\"><span class=\"woocommerce-Price-amount amount\"><bdi><span class=\"woocommerce-Price-currencySymbol\" translate=\"no\">$<\/span>29,990<\/bdi><\/span><\/del> <span class=\"screen-reader-text\">El precio original era: $29,990.<\/span><ins aria-hidden=\"true\"><span class=\"woocommerce-Price-amount amount\"><bdi><span class=\"woocommerce-Price-currencySymbol\" translate=\"no\">$<\/span>19,990<\/bdi><\/span><\/ins><span class=\"screen-reader-text\">El precio actual es: $19,990.<\/span>                                <\/span>\n                            <\/div>\n                                                    <div class=\"col-md-4 col-lg-2\">\n                                                                    <a class=\"xs_product_img_link\"\n                                        href=\"https:\/\/bodegaoutdoor.cl\/store\/product\/guantes-ciclismo-bicicleta-dedo-completo-antideslizante\/\">\n                                        <img loading=\"lazy\" decoding=\"async\" width=\"125\" height=\"125\" src=\"https:\/\/bodegaoutdoor.cl\/store\/wp-content\/uploads\/2023\/04\/70141-xmxvka-150x150.jpg\" class=\"attachment-125x142 size-125x142\" alt=\"Guantes Ciclismo  Bicicleta Dedo completo antideslizante\" srcset=\"https:\/\/bodegaoutdoor.cl\/store\/wp-content\/uploads\/2023\/04\/70141-xmxvka-150x150.jpg 150w, https:\/\/bodegaoutdoor.cl\/store\/wp-content\/uploads\/2023\/04\/70141-xmxvka-300x300.jpg 300w, https:\/\/bodegaoutdoor.cl\/store\/wp-content\/uploads\/2023\/04\/70141-xmxvka-100x100.jpg 100w, https:\/\/bodegaoutdoor.cl\/store\/wp-content\/uploads\/2023\/04\/70141-xmxvka-600x600.jpg 600w, https:\/\/bodegaoutdoor.cl\/store\/wp-content\/uploads\/2023\/04\/70141-xmxvka-768x768.jpg 768w, https:\/\/bodegaoutdoor.cl\/store\/wp-content\/uploads\/2023\/04\/70141-xmxvka-350x350.jpg 350w, https:\/\/bodegaoutdoor.cl\/store\/wp-content\/uploads\/2023\/04\/70141-xmxvka.jpg 1000w\" sizes=\"(max-width: 125px) 100vw, 125px\" \/>                                    <\/a>\n                                                                <a class=\"product-title\" href=\"https:\/\/bodegaoutdoor.cl\/store\/product\/guantes-ciclismo-bicicleta-dedo-completo-antideslizante\/\">Guantes Ciclismo  Bicicleta Dedo completo antideslizante<\/a>\n                        \n                                <span class=\"price\">\n                                    <del aria-hidden=\"true\"><span class=\"woocommerce-Price-amount amount\"><bdi><span class=\"woocommerce-Price-currencySymbol\" translate=\"no\">$<\/span>39,990<\/bdi><\/span><\/del> <span class=\"screen-reader-text\">El precio original era: $39,990.<\/span><ins aria-hidden=\"true\"><span class=\"woocommerce-Price-amount amount\"><bdi><span class=\"woocommerce-Price-currencySymbol\" translate=\"no\">$<\/span>19,990<\/bdi><\/span><\/ins><span class=\"screen-reader-text\">El precio actual es: $19,990.<\/span>                                <\/span>\n                            <\/div>\n                                                    <div class=\"col-md-4 col-lg-2\">\n                                                                    <a class=\"xs_product_img_link\"\n                                        href=\"https:\/\/bodegaoutdoor.cl\/store\/product\/mangas-para-brazos-proteccion-solar-contra-rayos-uv-sol\/\">\n                                        <img loading=\"lazy\" decoding=\"async\" width=\"125\" height=\"125\" src=\"https:\/\/bodegaoutdoor.cl\/store\/wp-content\/uploads\/2022\/12\/3645d818-9962-41fa-aaa6-a7cc552c3c66-150x150.jpg\" class=\"attachment-125x142 size-125x142\" alt=\"Mangas Para Brazos Protecci\u00f3n Solar Contra Rayos Uv Sol\" srcset=\"https:\/\/bodegaoutdoor.cl\/store\/wp-content\/uploads\/2022\/12\/3645d818-9962-41fa-aaa6-a7cc552c3c66-150x150.jpg 150w, https:\/\/bodegaoutdoor.cl\/store\/wp-content\/uploads\/2022\/12\/3645d818-9962-41fa-aaa6-a7cc552c3c66-300x300.jpg 300w, https:\/\/bodegaoutdoor.cl\/store\/wp-content\/uploads\/2022\/12\/3645d818-9962-41fa-aaa6-a7cc552c3c66-100x100.jpg 100w, https:\/\/bodegaoutdoor.cl\/store\/wp-content\/uploads\/2022\/12\/3645d818-9962-41fa-aaa6-a7cc552c3c66-32x32.jpg 32w\" sizes=\"(max-width: 125px) 100vw, 125px\" \/>                                    <\/a>\n                                                                <a class=\"product-title\" href=\"https:\/\/bodegaoutdoor.cl\/store\/product\/mangas-para-brazos-proteccion-solar-contra-rayos-uv-sol\/\">Mangas Para Brazos Protecci\u00f3n Solar Contra Rayos Uv Sol<\/a>\n                        \n                                <span class=\"price\">\n                                    <del aria-hidden=\"true\"><span class=\"woocommerce-Price-amount amount\"><bdi><span class=\"woocommerce-Price-currencySymbol\" translate=\"no\">$<\/span>19,990<\/bdi><\/span><\/del> <span class=\"screen-reader-text\">El precio original era: $19,990.<\/span><ins aria-hidden=\"true\"><span class=\"woocommerce-Price-amount amount\"><bdi><span class=\"woocommerce-Price-currencySymbol\" translate=\"no\">$<\/span>10,000<\/bdi><\/span><\/ins><span class=\"screen-reader-text\">El precio actual es: $10,000.<\/span>                                <\/span>\n                            <\/div>\n                                                    <div class=\"col-md-4 col-lg-2\">\n                                                                    <a class=\"xs_product_img_link\"\n                                        href=\"https:\/\/bodegaoutdoor.cl\/store\/product\/guantes-nudillos-city-impermeables-viento-y-pantalla-funcion-tactil\/\">\n                                        <img loading=\"lazy\" decoding=\"async\" width=\"125\" height=\"125\" src=\"https:\/\/bodegaoutdoor.cl\/store\/wp-content\/uploads\/2021\/06\/46370-adzqvw-150x150.jpg\" class=\"attachment-125x142 size-125x142\" alt=\"Guantes nudillos City impermeables viento y pantalla funcion t\u00e1ctil\" srcset=\"https:\/\/bodegaoutdoor.cl\/store\/wp-content\/uploads\/2021\/06\/46370-adzqvw-150x150.jpg 150w, https:\/\/bodegaoutdoor.cl\/store\/wp-content\/uploads\/2021\/06\/46370-adzqvw-300x300.jpg 300w, https:\/\/bodegaoutdoor.cl\/store\/wp-content\/uploads\/2021\/06\/46370-adzqvw-100x100.jpg 100w, https:\/\/bodegaoutdoor.cl\/store\/wp-content\/uploads\/2021\/06\/46370-adzqvw-600x600.jpg 600w, https:\/\/bodegaoutdoor.cl\/store\/wp-content\/uploads\/2021\/06\/46370-adzqvw-768x768.jpg 768w, https:\/\/bodegaoutdoor.cl\/store\/wp-content\/uploads\/2021\/06\/46370-adzqvw.jpg 800w\" sizes=\"(max-width: 125px) 100vw, 125px\" \/>                                    <\/a>\n                                                                <a class=\"product-title\" href=\"https:\/\/bodegaoutdoor.cl\/store\/product\/guantes-nudillos-city-impermeables-viento-y-pantalla-funcion-tactil\/\">Guantes nudillos City impermeables viento y pantalla funcion t\u00e1ctil<\/a>\n                        \n                                <span class=\"price\">\n                                    <del aria-hidden=\"true\"><span class=\"woocommerce-Price-amount amount\"><bdi><span class=\"woocommerce-Price-currencySymbol\" translate=\"no\">$<\/span>39,990<\/bdi><\/span><\/del> <span class=\"screen-reader-text\">El precio original era: $39,990.<\/span><ins aria-hidden=\"true\"><span class=\"woocommerce-Price-amount amount\"><bdi><span class=\"woocommerce-Price-currencySymbol\" translate=\"no\">$<\/span>24,990<\/bdi><\/span><\/ins><span class=\"screen-reader-text\">El precio actual es: $24,990.<\/span>                                <\/span>\n                            <\/div>\n                                                    <div class=\"col-md-4 col-lg-2\">\n                                                                    <a class=\"xs_product_img_link\"\n                                        href=\"https:\/\/bodegaoutdoor.cl\/store\/product\/guantes-de-entrenamiento-mitad-dedo-fitness-gimnasio-ejercicio\/\">\n                                        <img loading=\"lazy\" decoding=\"async\" width=\"125\" height=\"125\" src=\"https:\/\/bodegaoutdoor.cl\/store\/wp-content\/uploads\/2020\/12\/22740-jeawdp-150x150.jpg\" class=\"attachment-125x142 size-125x142\" alt=\"guantes de entrenamiento mitad dedo Fitness gimnasio ejercicio\" srcset=\"https:\/\/bodegaoutdoor.cl\/store\/wp-content\/uploads\/2020\/12\/22740-jeawdp-150x150.jpg 150w, https:\/\/bodegaoutdoor.cl\/store\/wp-content\/uploads\/2020\/12\/22740-jeawdp-300x300.jpg 300w, https:\/\/bodegaoutdoor.cl\/store\/wp-content\/uploads\/2020\/12\/22740-jeawdp-100x100.jpg 100w, https:\/\/bodegaoutdoor.cl\/store\/wp-content\/uploads\/2020\/12\/22740-jeawdp-600x600.jpg 600w, https:\/\/bodegaoutdoor.cl\/store\/wp-content\/uploads\/2020\/12\/22740-jeawdp-768x768.jpg 768w, https:\/\/bodegaoutdoor.cl\/store\/wp-content\/uploads\/2020\/12\/22740-jeawdp.jpg 800w\" sizes=\"(max-width: 125px) 100vw, 125px\" \/>                                    <\/a>\n                                                                <a class=\"product-title\" href=\"https:\/\/bodegaoutdoor.cl\/store\/product\/guantes-de-entrenamiento-mitad-dedo-fitness-gimnasio-ejercicio\/\">guantes de entrenamiento mitad dedo Fitness gimnasio ejercicio<\/a>\n                        \n                                <span class=\"price\">\n                                    <del aria-hidden=\"true\"><span class=\"woocommerce-Price-amount amount\"><bdi><span class=\"woocommerce-Price-currencySymbol\" translate=\"no\">$<\/span>11,990<\/bdi><\/span><\/del> <span class=\"screen-reader-text\">El precio original era: $11,990.<\/span><ins aria-hidden=\"true\"><span class=\"woocommerce-Price-amount amount\"><bdi><span class=\"woocommerce-Price-currencySymbol\" translate=\"no\">$<\/span>8,990<\/bdi><\/span><\/ins><span class=\"screen-reader-text\">El precio actual es: $8,990.<\/span>                                <\/span>\n                            <\/div>\n                                                    <div class=\"col-md-4 col-lg-2\">\n                                                                    <a class=\"xs_product_img_link\"\n                                        href=\"https:\/\/bodegaoutdoor.cl\/store\/product\/guantes-militares-tacticos-para-paintball-airsoft-combate-goma-para-bicicleta-antideslizantes\/\">\n                                        <img loading=\"lazy\" decoding=\"async\" width=\"125\" height=\"125\" src=\"https:\/\/bodegaoutdoor.cl\/store\/wp-content\/uploads\/2020\/12\/22687-aiiny2-150x150.jpg\" class=\"attachment-125x142 size-125x142\" alt=\"Guantes militares t\u00e1cticos para Paintball, Airsoft, combate, goma para bicicleta, antideslizantes\" srcset=\"https:\/\/bodegaoutdoor.cl\/store\/wp-content\/uploads\/2020\/12\/22687-aiiny2-150x150.jpg 150w, https:\/\/bodegaoutdoor.cl\/store\/wp-content\/uploads\/2020\/12\/22687-aiiny2-300x300.jpg 300w, https:\/\/bodegaoutdoor.cl\/store\/wp-content\/uploads\/2020\/12\/22687-aiiny2-100x100.jpg 100w, https:\/\/bodegaoutdoor.cl\/store\/wp-content\/uploads\/2020\/12\/22687-aiiny2-600x600.jpg 600w, https:\/\/bodegaoutdoor.cl\/store\/wp-content\/uploads\/2020\/12\/22687-aiiny2-768x768.jpg 768w, https:\/\/bodegaoutdoor.cl\/store\/wp-content\/uploads\/2020\/12\/22687-aiiny2.jpg 1000w\" sizes=\"(max-width: 125px) 100vw, 125px\" \/>                                    <\/a>\n                                                                <a class=\"product-title\" href=\"https:\/\/bodegaoutdoor.cl\/store\/product\/guantes-militares-tacticos-para-paintball-airsoft-combate-goma-para-bicicleta-antideslizantes\/\">Guantes militares t\u00e1cticos para Paintball, Airsoft, combate, goma para bicicleta, antideslizantes<\/a>\n                        \n                                <span class=\"price\">\n                                    <del aria-hidden=\"true\"><span class=\"woocommerce-Price-amount amount\"><bdi><span class=\"woocommerce-Price-currencySymbol\" translate=\"no\">$<\/span>39,990<\/bdi><\/span><\/del> <span class=\"screen-reader-text\">El precio original era: $39,990.<\/span><ins aria-hidden=\"true\"><span class=\"woocommerce-Price-amount amount\"><bdi><span class=\"woocommerce-Price-currencySymbol\" translate=\"no\">$<\/span>29,990<\/bdi><\/span><\/ins><span class=\"screen-reader-text\">El precio actual es: $29,990.<\/span>                                <\/span>\n                            <\/div>\n                                                    <div class=\"col-md-4 col-lg-2\">\n                                                                    <a class=\"xs_product_img_link\"\n                                        href=\"https:\/\/bodegaoutdoor.cl\/store\/product\/guante-steelpro-cold-extreme\/\">\n                                        <img loading=\"lazy\" decoding=\"async\" width=\"125\" height=\"125\" src=\"https:\/\/bodegaoutdoor.cl\/store\/wp-content\/uploads\/2020\/11\/coldextreme-150x150.jpg\" class=\"attachment-125x142 size-125x142\" alt=\"Guante Steelpro Cold Extreme\" srcset=\"https:\/\/bodegaoutdoor.cl\/store\/wp-content\/uploads\/2020\/11\/coldextreme-150x150.jpg 150w, https:\/\/bodegaoutdoor.cl\/store\/wp-content\/uploads\/2020\/11\/coldextreme-300x300.jpg 300w, https:\/\/bodegaoutdoor.cl\/store\/wp-content\/uploads\/2020\/11\/coldextreme-100x100.jpg 100w, https:\/\/bodegaoutdoor.cl\/store\/wp-content\/uploads\/2020\/11\/coldextreme-600x600.jpg 600w, https:\/\/bodegaoutdoor.cl\/store\/wp-content\/uploads\/2020\/11\/coldextreme-768x768.jpg 768w, https:\/\/bodegaoutdoor.cl\/store\/wp-content\/uploads\/2020\/11\/coldextreme.jpg 1000w\" sizes=\"(max-width: 125px) 100vw, 125px\" \/>                                    <\/a>\n                                                                <a class=\"product-title\" href=\"https:\/\/bodegaoutdoor.cl\/store\/product\/guante-steelpro-cold-extreme\/\">Guante Steelpro Cold Extreme<\/a>\n                        \n                                <span class=\"price\">\n                                    <del aria-hidden=\"true\"><span class=\"woocommerce-Price-amount amount\"><bdi><span class=\"woocommerce-Price-currencySymbol\" translate=\"no\">$<\/span>29,990<\/bdi><\/span><\/del> <span class=\"screen-reader-text\">El precio original era: $29,990.<\/span><ins aria-hidden=\"true\"><span class=\"woocommerce-Price-amount amount\"><bdi><span class=\"woocommerce-Price-currencySymbol\" translate=\"no\">$<\/span>24,990<\/bdi><\/span><\/ins><span class=\"screen-reader-text\">El precio actual es: $24,990.<\/span>                                <\/span>\n                            <\/div>\n                                                    <div class=\"col-md-4 col-lg-2\">\n                                                                    <a class=\"xs_product_img_link\"\n                                        href=\"https:\/\/bodegaoutdoor.cl\/store\/product\/guantes-deportivos-ciclismo-motos-dedo-completo-nudillos\/\">\n                                        <img loading=\"lazy\" decoding=\"async\" width=\"125\" height=\"125\" src=\"https:\/\/bodegaoutdoor.cl\/store\/wp-content\/uploads\/2020\/09\/17769-8ecqo5-150x150.jpg\" class=\"attachment-125x142 size-125x142\" alt=\"Guantes Deportivos ciclismo Motos dedo completo Nudillos\" srcset=\"https:\/\/bodegaoutdoor.cl\/store\/wp-content\/uploads\/2020\/09\/17769-8ecqo5-150x150.jpg 150w, https:\/\/bodegaoutdoor.cl\/store\/wp-content\/uploads\/2020\/09\/17769-8ecqo5-300x300.jpg 300w, https:\/\/bodegaoutdoor.cl\/store\/wp-content\/uploads\/2020\/09\/17769-8ecqo5-100x100.jpg 100w, https:\/\/bodegaoutdoor.cl\/store\/wp-content\/uploads\/2020\/09\/17769-8ecqo5-600x600.jpg 600w, https:\/\/bodegaoutdoor.cl\/store\/wp-content\/uploads\/2020\/09\/17769-8ecqo5.jpg 750w\" sizes=\"(max-width: 125px) 100vw, 125px\" \/>                                    <\/a>\n                                                                <a class=\"product-title\" href=\"https:\/\/bodegaoutdoor.cl\/store\/product\/guantes-deportivos-ciclismo-motos-dedo-completo-nudillos\/\">Guantes Deportivos ciclismo Motos dedo completo Nudillos<\/a>\n                        \n                                <span class=\"price\">\n                                    <del aria-hidden=\"true\"><span class=\"woocommerce-Price-amount amount\"><bdi><span class=\"woocommerce-Price-currencySymbol\" translate=\"no\">$<\/span>39,990<\/bdi><\/span><\/del> <span class=\"screen-reader-text\">El precio original era: $39,990.<\/span><ins aria-hidden=\"true\"><span class=\"woocommerce-Price-amount amount\"><bdi><span class=\"woocommerce-Price-currencySymbol\" translate=\"no\">$<\/span>19,990<\/bdi><\/span><\/ins><span class=\"screen-reader-text\">El precio actual es: $19,990.<\/span>                                <\/span>\n                            <\/div>\n                                        <\/div>\n            <\/div>\n                                <div class=\"tab-pane fade \"\n                 id=\"xs-tabs-22832-3-67\">\n                <div class=\"row no-gutters product-category-version-2\">\n                                                <div class=\"col-md-4 col-lg-2\">\n                                                                    <a class=\"xs_product_img_link\"\n                                        href=\"https:\/\/bodegaoutdoor.cl\/store\/product\/carpa-sin-palos-2personss-doble-capa\/\">\n                                        <img loading=\"lazy\" decoding=\"async\" width=\"125\" height=\"125\" src=\"https:\/\/bodegaoutdoor.cl\/store\/wp-content\/uploads\/2025\/12\/87890-mgn7wx-150x150.jpg\" class=\"attachment-125x142 size-125x142\" alt=\"Carpa sin palos 2 personas Doble capa\" srcset=\"https:\/\/bodegaoutdoor.cl\/store\/wp-content\/uploads\/2025\/12\/87890-mgn7wx-150x150.jpg 150w, https:\/\/bodegaoutdoor.cl\/store\/wp-content\/uploads\/2025\/12\/87890-mgn7wx-300x300.jpg 300w, https:\/\/bodegaoutdoor.cl\/store\/wp-content\/uploads\/2025\/12\/87890-mgn7wx-768x768.jpg 768w, https:\/\/bodegaoutdoor.cl\/store\/wp-content\/uploads\/2025\/12\/87890-mgn7wx-600x600.jpg 600w, https:\/\/bodegaoutdoor.cl\/store\/wp-content\/uploads\/2025\/12\/87890-mgn7wx-100x100.jpg 100w, https:\/\/bodegaoutdoor.cl\/store\/wp-content\/uploads\/2025\/12\/87890-mgn7wx-50x50.jpg 50w, https:\/\/bodegaoutdoor.cl\/store\/wp-content\/uploads\/2025\/12\/87890-mgn7wx.jpg 800w\" sizes=\"(max-width: 125px) 100vw, 125px\" \/>                                    <\/a>\n                                                                <a class=\"product-title\" href=\"https:\/\/bodegaoutdoor.cl\/store\/product\/carpa-sin-palos-2personss-doble-capa\/\">Carpa sin palos 2 personas Doble capa<\/a>\n                        \n                                <span class=\"price\">\n                                    <del aria-hidden=\"true\"><span class=\"woocommerce-Price-amount amount\"><bdi><span class=\"woocommerce-Price-currencySymbol\" translate=\"no\">$<\/span>150,000<\/bdi><\/span><\/del> <span class=\"screen-reader-text\">El precio original era: $150,000.<\/span><ins aria-hidden=\"true\"><span class=\"woocommerce-Price-amount amount\"><bdi><span class=\"woocommerce-Price-currencySymbol\" translate=\"no\">$<\/span>99,990<\/bdi><\/span><\/ins><span class=\"screen-reader-text\">El precio actual es: $99,990.<\/span>                                <\/span>\n                            <\/div>\n                                                    <div class=\"col-md-4 col-lg-2\">\n                                                                    <a class=\"xs_product_img_link\"\n                                        href=\"https:\/\/bodegaoutdoor.cl\/store\/product\/carpa-camping-panda-4-personas\/\">\n                                        <img loading=\"lazy\" decoding=\"async\" width=\"125\" height=\"125\" src=\"https:\/\/bodegaoutdoor.cl\/store\/wp-content\/uploads\/2023\/10\/carpa-iglu-nautika-panda-150x150.jpg\" class=\"attachment-125x142 size-125x142\" alt=\"CARPA Camping  PANDA 4 Personas\" srcset=\"https:\/\/bodegaoutdoor.cl\/store\/wp-content\/uploads\/2023\/10\/carpa-iglu-nautika-panda-150x150.jpg 150w, https:\/\/bodegaoutdoor.cl\/store\/wp-content\/uploads\/2023\/10\/carpa-iglu-nautika-panda-300x300.jpg 300w, https:\/\/bodegaoutdoor.cl\/store\/wp-content\/uploads\/2023\/10\/carpa-iglu-nautika-panda-768x768.jpg 768w, https:\/\/bodegaoutdoor.cl\/store\/wp-content\/uploads\/2023\/10\/carpa-iglu-nautika-panda-600x600.jpg 600w, https:\/\/bodegaoutdoor.cl\/store\/wp-content\/uploads\/2023\/10\/carpa-iglu-nautika-panda-100x100.jpg 100w, https:\/\/bodegaoutdoor.cl\/store\/wp-content\/uploads\/2023\/10\/carpa-iglu-nautika-panda-50x50.jpg 50w, https:\/\/bodegaoutdoor.cl\/store\/wp-content\/uploads\/2023\/10\/carpa-iglu-nautika-panda.jpg 800w\" sizes=\"(max-width: 125px) 100vw, 125px\" \/>                                    <\/a>\n                                                                <a class=\"product-title\" href=\"https:\/\/bodegaoutdoor.cl\/store\/product\/carpa-camping-panda-4-personas\/\">CARPA Camping  PANDA 4 Personas<\/a>\n                        \n                                <span class=\"price\">\n                                    <del aria-hidden=\"true\"><span class=\"woocommerce-Price-amount amount\"><bdi><span class=\"woocommerce-Price-currencySymbol\" translate=\"no\">$<\/span>79,990<\/bdi><\/span><\/del> <span class=\"screen-reader-text\">El precio original era: $79,990.<\/span><ins aria-hidden=\"true\"><span class=\"woocommerce-Price-amount amount\"><bdi><span class=\"woocommerce-Price-currencySymbol\" translate=\"no\">$<\/span>39,990<\/bdi><\/span><\/ins><span class=\"screen-reader-text\">El precio actual es: $39,990.<\/span>                                <\/span>\n                            <\/div>\n                                                    <div class=\"col-md-4 col-lg-2\">\n                                                                    <a class=\"xs_product_img_link\"\n                                        href=\"https:\/\/bodegaoutdoor.cl\/store\/product\/carpa-camping-panda-2-personas-ntk\/\">\n                                        <img loading=\"lazy\" decoding=\"async\" width=\"125\" height=\"125\" src=\"https:\/\/bodegaoutdoor.cl\/store\/wp-content\/uploads\/2023\/10\/carpa-iglu-nautika-panda-150x150.jpg\" class=\"attachment-125x142 size-125x142\" alt=\"CARPA Camping  PANDA 2 Personas &#8211; NTK\" srcset=\"https:\/\/bodegaoutdoor.cl\/store\/wp-content\/uploads\/2023\/10\/carpa-iglu-nautika-panda-150x150.jpg 150w, https:\/\/bodegaoutdoor.cl\/store\/wp-content\/uploads\/2023\/10\/carpa-iglu-nautika-panda-300x300.jpg 300w, https:\/\/bodegaoutdoor.cl\/store\/wp-content\/uploads\/2023\/10\/carpa-iglu-nautika-panda-768x768.jpg 768w, https:\/\/bodegaoutdoor.cl\/store\/wp-content\/uploads\/2023\/10\/carpa-iglu-nautika-panda-600x600.jpg 600w, https:\/\/bodegaoutdoor.cl\/store\/wp-content\/uploads\/2023\/10\/carpa-iglu-nautika-panda-100x100.jpg 100w, https:\/\/bodegaoutdoor.cl\/store\/wp-content\/uploads\/2023\/10\/carpa-iglu-nautika-panda-50x50.jpg 50w, https:\/\/bodegaoutdoor.cl\/store\/wp-content\/uploads\/2023\/10\/carpa-iglu-nautika-panda.jpg 800w\" sizes=\"(max-width: 125px) 100vw, 125px\" \/>                                    <\/a>\n                                                                <a class=\"product-title\" href=\"https:\/\/bodegaoutdoor.cl\/store\/product\/carpa-camping-panda-2-personas-ntk\/\">CARPA Camping  PANDA 2 Personas &#8211; NTK<\/a>\n                        \n                                <span class=\"price\">\n                                    <del aria-hidden=\"true\"><span class=\"woocommerce-Price-amount amount\"><bdi><span class=\"woocommerce-Price-currencySymbol\" translate=\"no\">$<\/span>49,990<\/bdi><\/span><\/del> <span class=\"screen-reader-text\">El precio original era: $49,990.<\/span><ins aria-hidden=\"true\"><span class=\"woocommerce-Price-amount amount\"><bdi><span class=\"woocommerce-Price-currencySymbol\" translate=\"no\">$<\/span>24,990<\/bdi><\/span><\/ins><span class=\"screen-reader-text\">El precio actual es: $24,990.<\/span>                                <\/span>\n                            <\/div>\n                                                    <div class=\"col-md-4 col-lg-2\">\n                                                                    <a class=\"xs_product_img_link\"\n                                        href=\"https:\/\/bodegaoutdoor.cl\/store\/product\/carpa-iglu-nautika-koala-2\/\">\n                                        <img loading=\"lazy\" decoding=\"async\" width=\"125\" height=\"125\" src=\"https:\/\/bodegaoutdoor.cl\/store\/wp-content\/uploads\/2023\/02\/carpa-iglu-nautika-koala-2-150x150.jpg\" class=\"attachment-125x142 size-125x142\" alt=\"Carpa Igl\u00fa Nautika Koala 2\" srcset=\"https:\/\/bodegaoutdoor.cl\/store\/wp-content\/uploads\/2023\/02\/carpa-iglu-nautika-koala-2-150x150.jpg 150w, https:\/\/bodegaoutdoor.cl\/store\/wp-content\/uploads\/2023\/02\/carpa-iglu-nautika-koala-2-300x300.jpg 300w, https:\/\/bodegaoutdoor.cl\/store\/wp-content\/uploads\/2023\/02\/carpa-iglu-nautika-koala-2-100x100.jpg 100w, https:\/\/bodegaoutdoor.cl\/store\/wp-content\/uploads\/2023\/02\/carpa-iglu-nautika-koala-2-600x600.jpg 600w, https:\/\/bodegaoutdoor.cl\/store\/wp-content\/uploads\/2023\/02\/carpa-iglu-nautika-koala-2-768x768.jpg 768w, https:\/\/bodegaoutdoor.cl\/store\/wp-content\/uploads\/2023\/02\/carpa-iglu-nautika-koala-2-32x32.jpg 32w, https:\/\/bodegaoutdoor.cl\/store\/wp-content\/uploads\/2023\/02\/carpa-iglu-nautika-koala-2.jpg 800w\" sizes=\"(max-width: 125px) 100vw, 125px\" \/>                                    <\/a>\n                                                                <a class=\"product-title\" href=\"https:\/\/bodegaoutdoor.cl\/store\/product\/carpa-iglu-nautika-koala-2\/\">Carpa Igl\u00fa Nautika Koala 2<\/a>\n                        \n                                <span class=\"price\">\n                                    <del aria-hidden=\"true\"><span class=\"woocommerce-Price-amount amount\"><bdi><span class=\"woocommerce-Price-currencySymbol\" translate=\"no\">$<\/span>44,990<\/bdi><\/span><\/del> <span class=\"screen-reader-text\">El precio original era: $44,990.<\/span><ins aria-hidden=\"true\"><span class=\"woocommerce-Price-amount amount\"><bdi><span class=\"woocommerce-Price-currencySymbol\" translate=\"no\">$<\/span>39,990<\/bdi><\/span><\/ins><span class=\"screen-reader-text\">El precio actual es: $39,990.<\/span>                                <\/span>\n                            <\/div>\n                                                    <div class=\"col-md-4 col-lg-2\">\n                                                                    <a class=\"xs_product_img_link\"\n                                        href=\"https:\/\/bodegaoutdoor.cl\/store\/product\/carpa-para-camping-piramidal-impermeable\/\">\n                                        <img loading=\"lazy\" decoding=\"async\" width=\"125\" height=\"125\" src=\"https:\/\/bodegaoutdoor.cl\/store\/wp-content\/uploads\/2022\/11\/WeChat-Image_202208161102318-150x150.jpg\" class=\"attachment-125x142 size-125x142\" alt=\"Carpa para camping piramidal impermeable\" srcset=\"https:\/\/bodegaoutdoor.cl\/store\/wp-content\/uploads\/2022\/11\/WeChat-Image_202208161102318-150x150.jpg 150w, https:\/\/bodegaoutdoor.cl\/store\/wp-content\/uploads\/2022\/11\/WeChat-Image_202208161102318-300x300.jpg 300w, https:\/\/bodegaoutdoor.cl\/store\/wp-content\/uploads\/2022\/11\/WeChat-Image_202208161102318-100x100.jpg 100w, https:\/\/bodegaoutdoor.cl\/store\/wp-content\/uploads\/2022\/11\/WeChat-Image_202208161102318-600x600.jpg 600w, https:\/\/bodegaoutdoor.cl\/store\/wp-content\/uploads\/2022\/11\/WeChat-Image_202208161102318-768x768.jpg 768w, https:\/\/bodegaoutdoor.cl\/store\/wp-content\/uploads\/2022\/11\/WeChat-Image_202208161102318-32x32.jpg 32w, https:\/\/bodegaoutdoor.cl\/store\/wp-content\/uploads\/2022\/11\/WeChat-Image_202208161102318.jpg 800w\" sizes=\"(max-width: 125px) 100vw, 125px\" \/>                                    <\/a>\n                                                                <a class=\"product-title\" href=\"https:\/\/bodegaoutdoor.cl\/store\/product\/carpa-para-camping-piramidal-impermeable\/\">Carpa para camping piramidal impermeable<\/a>\n                        \n                                <span class=\"price\">\n                                    <del aria-hidden=\"true\"><span class=\"woocommerce-Price-amount amount\"><bdi><span class=\"woocommerce-Price-currencySymbol\" translate=\"no\">$<\/span>299,900<\/bdi><\/span><\/del> <span class=\"screen-reader-text\">El precio original era: $299,900.<\/span><ins aria-hidden=\"true\"><span class=\"woocommerce-Price-amount amount\"><bdi><span class=\"woocommerce-Price-currencySymbol\" translate=\"no\">$<\/span>249,900<\/bdi><\/span><\/ins><span class=\"screen-reader-text\">El precio actual es: $249,900.<\/span>                                <\/span>\n                            <\/div>\n                                                    <div class=\"col-md-4 col-lg-2\">\n                                                                    <a class=\"xs_product_img_link\"\n                                        href=\"https:\/\/bodegaoutdoor.cl\/store\/product\/carpa-de-camping-autoarmado-diseo-hoja\/\">\n                                        <img loading=\"lazy\" decoding=\"async\" width=\"125\" height=\"125\" src=\"https:\/\/bodegaoutdoor.cl\/store\/wp-content\/uploads\/2022\/11\/30-34-1-150x150.png\" class=\"attachment-125x142 size-125x142\" alt=\"Carpa de camping autoarmado diseo hoja\" srcset=\"https:\/\/bodegaoutdoor.cl\/store\/wp-content\/uploads\/2022\/11\/30-34-1-150x150.png 150w, https:\/\/bodegaoutdoor.cl\/store\/wp-content\/uploads\/2022\/11\/30-34-1-300x300.png 300w, https:\/\/bodegaoutdoor.cl\/store\/wp-content\/uploads\/2022\/11\/30-34-1-100x100.png 100w, https:\/\/bodegaoutdoor.cl\/store\/wp-content\/uploads\/2022\/11\/30-34-1-600x600.png 600w, https:\/\/bodegaoutdoor.cl\/store\/wp-content\/uploads\/2022\/11\/30-34-1-768x768.png 768w, https:\/\/bodegaoutdoor.cl\/store\/wp-content\/uploads\/2022\/11\/30-34-1-32x32.png 32w, https:\/\/bodegaoutdoor.cl\/store\/wp-content\/uploads\/2022\/11\/30-34-1.png 800w\" sizes=\"(max-width: 125px) 100vw, 125px\" \/>                                    <\/a>\n                                                                <a class=\"product-title\" href=\"https:\/\/bodegaoutdoor.cl\/store\/product\/carpa-de-camping-autoarmado-diseo-hoja\/\">Carpa de camping autoarmado diseo hoja<\/a>\n                        \n                                <span class=\"price\">\n                                    <del aria-hidden=\"true\"><span class=\"woocommerce-Price-amount amount\"><bdi><span class=\"woocommerce-Price-currencySymbol\" translate=\"no\">$<\/span>99,900<\/bdi><\/span><\/del> <span class=\"screen-reader-text\">El precio original era: $99,900.<\/span><ins aria-hidden=\"true\"><span class=\"woocommerce-Price-amount amount\"><bdi><span class=\"woocommerce-Price-currencySymbol\" translate=\"no\">$<\/span>84,990<\/bdi><\/span><\/ins><span class=\"screen-reader-text\">El precio actual es: $84,990.<\/span>                                <\/span>\n                            <\/div>\n                                                    <div class=\"col-md-4 col-lg-2\">\n                                                                    <a class=\"xs_product_img_link\"\n                                        href=\"https:\/\/bodegaoutdoor.cl\/store\/product\/carpa-iglu-nautika-falcon-2\/\">\n                                        <img loading=\"lazy\" decoding=\"async\" width=\"125\" height=\"125\" src=\"https:\/\/bodegaoutdoor.cl\/store\/wp-content\/uploads\/2022\/09\/productos_271608540000000-150x150.jpg\" class=\"attachment-125x142 size-125x142\" alt=\"Carpa Igl\u00fa Nautika Falcon 2\" srcset=\"https:\/\/bodegaoutdoor.cl\/store\/wp-content\/uploads\/2022\/09\/productos_271608540000000-150x150.jpg 150w, https:\/\/bodegaoutdoor.cl\/store\/wp-content\/uploads\/2022\/09\/productos_271608540000000-300x300.jpg 300w, https:\/\/bodegaoutdoor.cl\/store\/wp-content\/uploads\/2022\/09\/productos_271608540000000-100x100.jpg 100w, https:\/\/bodegaoutdoor.cl\/store\/wp-content\/uploads\/2022\/09\/productos_271608540000000-600x600.jpg 600w, https:\/\/bodegaoutdoor.cl\/store\/wp-content\/uploads\/2022\/09\/productos_271608540000000-768x768.jpg 768w, https:\/\/bodegaoutdoor.cl\/store\/wp-content\/uploads\/2022\/09\/productos_271608540000000-32x32.jpg 32w, https:\/\/bodegaoutdoor.cl\/store\/wp-content\/uploads\/2022\/09\/productos_271608540000000.jpg 800w\" sizes=\"(max-width: 125px) 100vw, 125px\" \/>                                    <\/a>\n                                                                <a class=\"product-title\" href=\"https:\/\/bodegaoutdoor.cl\/store\/product\/carpa-iglu-nautika-falcon-2\/\">Carpa Igl\u00fa Nautika Falcon 2<\/a>\n                        \n                                <span class=\"price\">\n                                    <del aria-hidden=\"true\"><span class=\"woocommerce-Price-amount amount\"><bdi><span class=\"woocommerce-Price-currencySymbol\" translate=\"no\">$<\/span>59,990<\/bdi><\/span><\/del> <span class=\"screen-reader-text\">El precio original era: $59,990.<\/span><ins aria-hidden=\"true\"><span class=\"woocommerce-Price-amount amount\"><bdi><span class=\"woocommerce-Price-currencySymbol\" translate=\"no\">$<\/span>51,990<\/bdi><\/span><\/ins><span class=\"screen-reader-text\">El precio actual es: $51,990.<\/span>                                <\/span>\n                            <\/div>\n                                                    <div class=\"col-md-4 col-lg-2\">\n                                                                    <a class=\"xs_product_img_link\"\n                                        href=\"https:\/\/bodegaoutdoor.cl\/store\/product\/carpa-iglu-nautika-cherokee-2-3-personas\/\">\n                                        <img loading=\"lazy\" decoding=\"async\" width=\"125\" height=\"125\" src=\"https:\/\/bodegaoutdoor.cl\/store\/wp-content\/uploads\/2022\/09\/productos_271608560000000-150x150.jpg\" class=\"attachment-125x142 size-125x142\" alt=\"Carpa Igl\u00fa Nautika Cherokee 2\/3 personas\" srcset=\"https:\/\/bodegaoutdoor.cl\/store\/wp-content\/uploads\/2022\/09\/productos_271608560000000-150x150.jpg 150w, https:\/\/bodegaoutdoor.cl\/store\/wp-content\/uploads\/2022\/09\/productos_271608560000000-300x300.jpg 300w, https:\/\/bodegaoutdoor.cl\/store\/wp-content\/uploads\/2022\/09\/productos_271608560000000-100x100.jpg 100w, https:\/\/bodegaoutdoor.cl\/store\/wp-content\/uploads\/2022\/09\/productos_271608560000000-600x600.jpg 600w, https:\/\/bodegaoutdoor.cl\/store\/wp-content\/uploads\/2022\/09\/productos_271608560000000-768x768.jpg 768w, https:\/\/bodegaoutdoor.cl\/store\/wp-content\/uploads\/2022\/09\/productos_271608560000000-32x32.jpg 32w, https:\/\/bodegaoutdoor.cl\/store\/wp-content\/uploads\/2022\/09\/productos_271608560000000.jpg 800w\" sizes=\"(max-width: 125px) 100vw, 125px\" \/>                                    <\/a>\n                                                                <a class=\"product-title\" href=\"https:\/\/bodegaoutdoor.cl\/store\/product\/carpa-iglu-nautika-cherokee-2-3-personas\/\">Carpa Igl\u00fa Nautika Cherokee 2\/3 personas<\/a>\n                        \n                                <span class=\"price\">\n                                                                    <\/span>\n                            <\/div>\n                                                    <div class=\"col-md-4 col-lg-2\">\n                                                                    <a class=\"xs_product_img_link\"\n                                        href=\"https:\/\/bodegaoutdoor.cl\/store\/product\/carpa-iglu-nautika-cherokee-3-4-personas\/\">\n                                        <img loading=\"lazy\" decoding=\"async\" width=\"125\" height=\"125\" src=\"https:\/\/bodegaoutdoor.cl\/store\/wp-content\/uploads\/2022\/09\/productos_271508250000000-150x150.jpg\" class=\"attachment-125x142 size-125x142\" alt=\"Carpa Igl\u00fa Nautika Cherokee 3\/4 personas\" srcset=\"https:\/\/bodegaoutdoor.cl\/store\/wp-content\/uploads\/2022\/09\/productos_271508250000000-150x150.jpg 150w, https:\/\/bodegaoutdoor.cl\/store\/wp-content\/uploads\/2022\/09\/productos_271508250000000-300x300.jpg 300w, https:\/\/bodegaoutdoor.cl\/store\/wp-content\/uploads\/2022\/09\/productos_271508250000000-100x100.jpg 100w, https:\/\/bodegaoutdoor.cl\/store\/wp-content\/uploads\/2022\/09\/productos_271508250000000-600x600.jpg 600w, https:\/\/bodegaoutdoor.cl\/store\/wp-content\/uploads\/2022\/09\/productos_271508250000000-768x768.jpg 768w, https:\/\/bodegaoutdoor.cl\/store\/wp-content\/uploads\/2022\/09\/productos_271508250000000-32x32.jpg 32w, https:\/\/bodegaoutdoor.cl\/store\/wp-content\/uploads\/2022\/09\/productos_271508250000000.jpg 800w\" sizes=\"(max-width: 125px) 100vw, 125px\" \/>                                    <\/a>\n                                                                <a class=\"product-title\" href=\"https:\/\/bodegaoutdoor.cl\/store\/product\/carpa-iglu-nautika-cherokee-3-4-personas\/\">Carpa Igl\u00fa Nautika Cherokee 3\/4 personas<\/a>\n                        \n                                <span class=\"price\">\n                                    <del aria-hidden=\"true\"><span class=\"woocommerce-Price-amount amount\"><bdi><span class=\"woocommerce-Price-currencySymbol\" translate=\"no\">$<\/span>119,900<\/bdi><\/span><\/del> <span class=\"screen-reader-text\">El precio original era: $119,900.<\/span><ins aria-hidden=\"true\"><span class=\"woocommerce-Price-amount amount\"><bdi><span class=\"woocommerce-Price-currencySymbol\" translate=\"no\">$<\/span>99,990<\/bdi><\/span><\/ins><span class=\"screen-reader-text\">El precio actual es: $99,990.<\/span>                                <\/span>\n                            <\/div>\n                                                    <div class=\"col-md-4 col-lg-2\">\n                                                                    <a class=\"xs_product_img_link\"\n                                        href=\"https:\/\/bodegaoutdoor.cl\/store\/product\/carpa-savannah-9-personas-ntk\/\">\n                                        <img loading=\"lazy\" decoding=\"async\" width=\"125\" height=\"125\" src=\"https:\/\/bodegaoutdoor.cl\/store\/wp-content\/uploads\/2022\/01\/D_NQ_NP_929842-MCO26092039863_092017-O-150x150.jpg\" class=\"attachment-125x142 size-125x142\" alt=\"Carpa Savannah 9 personas NTK\" srcset=\"https:\/\/bodegaoutdoor.cl\/store\/wp-content\/uploads\/2022\/01\/D_NQ_NP_929842-MCO26092039863_092017-O-150x150.jpg 150w, https:\/\/bodegaoutdoor.cl\/store\/wp-content\/uploads\/2022\/01\/D_NQ_NP_929842-MCO26092039863_092017-O-100x100.jpg 100w\" sizes=\"(max-width: 125px) 100vw, 125px\" \/>                                    <\/a>\n                                                                <a class=\"product-title\" href=\"https:\/\/bodegaoutdoor.cl\/store\/product\/carpa-savannah-9-personas-ntk\/\">Carpa Savannah 9 personas NTK<\/a>\n                        \n                                <span class=\"price\">\n                                    <del aria-hidden=\"true\"><span class=\"woocommerce-Price-amount amount\"><bdi><span class=\"woocommerce-Price-currencySymbol\" translate=\"no\">$<\/span>499,990<\/bdi><\/span><\/del> <span class=\"screen-reader-text\">El precio original era: $499,990.<\/span><ins aria-hidden=\"true\"><span class=\"woocommerce-Price-amount amount\"><bdi><span class=\"woocommerce-Price-currencySymbol\" translate=\"no\">$<\/span>299,990<\/bdi><\/span><\/ins><span class=\"screen-reader-text\">El precio actual es: $299,990.<\/span>                                <\/span>\n                            <\/div>\n                                                    <div class=\"col-md-4 col-lg-2\">\n                                                                    <a class=\"xs_product_img_link\"\n                                        href=\"https:\/\/bodegaoutdoor.cl\/store\/product\/tiendas-de-campana-automaticas-para-exteriores-carpas-impermeables-plegables-portatiles-para-1-o-2-personas-para-playa-camping-viaje-caza\/\">\n                                        <img loading=\"lazy\" decoding=\"async\" width=\"125\" height=\"125\" src=\"https:\/\/bodegaoutdoor.cl\/store\/wp-content\/uploads\/2022\/01\/53421-hvxfnn-150x150.jpg\" class=\"attachment-125x142 size-125x142\" alt=\"carpas plegables port\u00e1tiles para 1 o 2 personas impermeable\" srcset=\"https:\/\/bodegaoutdoor.cl\/store\/wp-content\/uploads\/2022\/01\/53421-hvxfnn-150x150.jpg 150w, https:\/\/bodegaoutdoor.cl\/store\/wp-content\/uploads\/2022\/01\/53421-hvxfnn-300x300.jpg 300w, https:\/\/bodegaoutdoor.cl\/store\/wp-content\/uploads\/2022\/01\/53421-hvxfnn-100x100.jpg 100w, https:\/\/bodegaoutdoor.cl\/store\/wp-content\/uploads\/2022\/01\/53421-hvxfnn-600x600.jpg 600w, https:\/\/bodegaoutdoor.cl\/store\/wp-content\/uploads\/2022\/01\/53421-hvxfnn-768x768.jpg 768w, https:\/\/bodegaoutdoor.cl\/store\/wp-content\/uploads\/2022\/01\/53421-hvxfnn.jpg 800w\" sizes=\"(max-width: 125px) 100vw, 125px\" \/>                                    <\/a>\n                                                                <a class=\"product-title\" href=\"https:\/\/bodegaoutdoor.cl\/store\/product\/tiendas-de-campana-automaticas-para-exteriores-carpas-impermeables-plegables-portatiles-para-1-o-2-personas-para-playa-camping-viaje-caza\/\">carpas plegables port\u00e1tiles para 1 o 2 personas impermeable<\/a>\n                        \n                                <span class=\"price\">\n                                    <del aria-hidden=\"true\"><span class=\"woocommerce-Price-amount amount\"><bdi><span class=\"woocommerce-Price-currencySymbol\" translate=\"no\">$<\/span>39,990<\/bdi><\/span><\/del> <span class=\"screen-reader-text\">El precio original era: $39,990.<\/span><ins aria-hidden=\"true\"><span class=\"woocommerce-Price-amount amount\"><bdi><span class=\"woocommerce-Price-currencySymbol\" translate=\"no\">$<\/span>24,990<\/bdi><\/span><\/ins><span class=\"screen-reader-text\">El precio actual es: $24,990.<\/span>                                <\/span>\n                            <\/div>\n                                                    <div class=\"col-md-4 col-lg-2\">\n                                                                    <a class=\"xs_product_img_link\"\n                                        href=\"https:\/\/bodegaoutdoor.cl\/store\/product\/geertop-carpa-para-una-persona-ultraligera-3-estaciones-con-mosquitera-impermeable-facil-de-instalar\/\">\n                                        <img loading=\"lazy\" decoding=\"async\" width=\"125\" height=\"125\" src=\"https:\/\/bodegaoutdoor.cl\/store\/wp-content\/uploads\/2022\/01\/53320-8b7xsj-150x150.jpg\" class=\"attachment-125x142 size-125x142\" alt=\"GeerTop- Carpa para una persona, ultraligera, 3 estaciones, con mosquitera, impermeable, f\u00e1cil de instalar\" srcset=\"https:\/\/bodegaoutdoor.cl\/store\/wp-content\/uploads\/2022\/01\/53320-8b7xsj-150x150.jpg 150w, https:\/\/bodegaoutdoor.cl\/store\/wp-content\/uploads\/2022\/01\/53320-8b7xsj-300x300.jpg 300w, https:\/\/bodegaoutdoor.cl\/store\/wp-content\/uploads\/2022\/01\/53320-8b7xsj-100x100.jpg 100w, https:\/\/bodegaoutdoor.cl\/store\/wp-content\/uploads\/2022\/01\/53320-8b7xsj-600x600.jpg 600w, https:\/\/bodegaoutdoor.cl\/store\/wp-content\/uploads\/2022\/01\/53320-8b7xsj-768x768.jpg 768w, https:\/\/bodegaoutdoor.cl\/store\/wp-content\/uploads\/2022\/01\/53320-8b7xsj.jpg 800w\" sizes=\"(max-width: 125px) 100vw, 125px\" \/>                                    <\/a>\n                                                                <a class=\"product-title\" href=\"https:\/\/bodegaoutdoor.cl\/store\/product\/geertop-carpa-para-una-persona-ultraligera-3-estaciones-con-mosquitera-impermeable-facil-de-instalar\/\">GeerTop- Carpa para una persona, ultraligera, 3 estaciones, con mosquitera, impermeable, f\u00e1cil de instalar<\/a>\n                        \n                                <span class=\"price\">\n                                    <del aria-hidden=\"true\"><span class=\"woocommerce-Price-amount amount\"><bdi><span class=\"woocommerce-Price-currencySymbol\" translate=\"no\">$<\/span>169,990<\/bdi><\/span><\/del> <span class=\"screen-reader-text\">El precio original era: $169,990.<\/span><ins aria-hidden=\"true\"><span class=\"woocommerce-Price-amount amount\"><bdi><span class=\"woocommerce-Price-currencySymbol\" translate=\"no\">$<\/span>119,990<\/bdi><\/span><\/ins><span class=\"screen-reader-text\">El precio actual es: $119,990.<\/span>                                <\/span>\n                            <\/div>\n                                        <\/div>\n            <\/div>\n                                <div class=\"tab-pane fade \"\n                 id=\"xs-tabs-22832-4-195\">\n                <div class=\"row no-gutters product-category-version-2\">\n                                                <div class=\"col-md-4 col-lg-2\">\n                                                                    <a class=\"xs_product_img_link\"\n                                        href=\"https:\/\/bodegaoutdoor.cl\/store\/product\/bolsa-de-equipaje-tactica-de-gran-capacidad-106l\/\">\n                                        <img loading=\"lazy\" decoding=\"async\" width=\"125\" height=\"125\" src=\"https:\/\/bodegaoutdoor.cl\/store\/wp-content\/uploads\/2026\/05\/89465-0kiapi-150x150.jpg\" class=\"attachment-125x142 size-125x142\" alt=\"Bolso de equipaje t\u00e1ctica mochila 106L\" srcset=\"https:\/\/bodegaoutdoor.cl\/store\/wp-content\/uploads\/2026\/05\/89465-0kiapi-150x150.jpg 150w, https:\/\/bodegaoutdoor.cl\/store\/wp-content\/uploads\/2026\/05\/89465-0kiapi-300x300.jpg 300w, https:\/\/bodegaoutdoor.cl\/store\/wp-content\/uploads\/2026\/05\/89465-0kiapi-768x768.jpg 768w, https:\/\/bodegaoutdoor.cl\/store\/wp-content\/uploads\/2026\/05\/89465-0kiapi-600x600.jpg 600w, https:\/\/bodegaoutdoor.cl\/store\/wp-content\/uploads\/2026\/05\/89465-0kiapi-100x100.jpg 100w, https:\/\/bodegaoutdoor.cl\/store\/wp-content\/uploads\/2026\/05\/89465-0kiapi-50x50.jpg 50w, https:\/\/bodegaoutdoor.cl\/store\/wp-content\/uploads\/2026\/05\/89465-0kiapi.jpg 800w\" sizes=\"(max-width: 125px) 100vw, 125px\" \/>                                    <\/a>\n                                                                <a class=\"product-title\" href=\"https:\/\/bodegaoutdoor.cl\/store\/product\/bolsa-de-equipaje-tactica-de-gran-capacidad-106l\/\">Bolso de equipaje t\u00e1ctica mochila 106L<\/a>\n                        \n                                <span class=\"price\">\n                                    <del aria-hidden=\"true\"><span class=\"woocommerce-Price-amount amount\"><bdi><span class=\"woocommerce-Price-currencySymbol\" translate=\"no\">$<\/span>80,000<\/bdi><\/span><\/del> <span class=\"screen-reader-text\">El precio original era: $80,000.<\/span><ins aria-hidden=\"true\"><span class=\"woocommerce-Price-amount amount\"><bdi><span class=\"woocommerce-Price-currencySymbol\" translate=\"no\">$<\/span>49,990<\/bdi><\/span><\/ins><span class=\"screen-reader-text\">El precio actual es: $49,990.<\/span>                                <\/span>\n                            <\/div>\n                                                    <div class=\"col-md-4 col-lg-2\">\n                                                                    <a class=\"xs_product_img_link\"\n                                        href=\"https:\/\/bodegaoutdoor.cl\/store\/product\/fishing-tactical-camping-backpack-outdoor-sports-bag-hiking-molle-fish-lure-accessories-tackle-bag-for-men-climbing-travel-bag\/\">\n                                        <img loading=\"lazy\" decoding=\"async\" width=\"125\" height=\"125\" src=\"https:\/\/bodegaoutdoor.cl\/store\/wp-content\/uploads\/2025\/12\/88742-63gcfm-150x150.jpg\" class=\"attachment-125x142 size-125x142\" alt=\"Mochila t\u00e1ctica 25 litros  senderismo, Molle\" srcset=\"https:\/\/bodegaoutdoor.cl\/store\/wp-content\/uploads\/2025\/12\/88742-63gcfm-150x150.jpg 150w, https:\/\/bodegaoutdoor.cl\/store\/wp-content\/uploads\/2025\/12\/88742-63gcfm-300x300.jpg 300w, https:\/\/bodegaoutdoor.cl\/store\/wp-content\/uploads\/2025\/12\/88742-63gcfm-768x768.jpg 768w, https:\/\/bodegaoutdoor.cl\/store\/wp-content\/uploads\/2025\/12\/88742-63gcfm-600x600.jpg 600w, https:\/\/bodegaoutdoor.cl\/store\/wp-content\/uploads\/2025\/12\/88742-63gcfm-100x100.jpg 100w, https:\/\/bodegaoutdoor.cl\/store\/wp-content\/uploads\/2025\/12\/88742-63gcfm-50x50.jpg 50w, https:\/\/bodegaoutdoor.cl\/store\/wp-content\/uploads\/2025\/12\/88742-63gcfm.jpg 800w\" sizes=\"(max-width: 125px) 100vw, 125px\" \/>                                    <\/a>\n                                                                <a class=\"product-title\" href=\"https:\/\/bodegaoutdoor.cl\/store\/product\/fishing-tactical-camping-backpack-outdoor-sports-bag-hiking-molle-fish-lure-accessories-tackle-bag-for-men-climbing-travel-bag\/\">Mochila t\u00e1ctica 25 litros  senderismo, Molle<\/a>\n                        \n                                <span class=\"price\">\n                                    <span class=\"woocommerce-Price-amount amount\"><bdi><span class=\"woocommerce-Price-currencySymbol\" translate=\"no\">$<\/span>35,000<\/bdi><\/span>                                <\/span>\n                            <\/div>\n                                                    <div class=\"col-md-4 col-lg-2\">\n                                                                    <a class=\"xs_product_img_link\"\n                                        href=\"https:\/\/bodegaoutdoor.cl\/store\/product\/mochila-de-montanismo-de-60l-transpirable-senderismo-camping\/\">\n                                        <img loading=\"lazy\" decoding=\"async\" width=\"125\" height=\"125\" src=\"https:\/\/bodegaoutdoor.cl\/store\/wp-content\/uploads\/2025\/12\/88162-iu2cu8-150x150.jpg\" class=\"attachment-125x142 size-125x142\" alt=\"Mochila de monta\u00f1ismo de 60L, transpirable,  senderismo, Camping\" srcset=\"https:\/\/bodegaoutdoor.cl\/store\/wp-content\/uploads\/2025\/12\/88162-iu2cu8-150x150.jpg 150w, https:\/\/bodegaoutdoor.cl\/store\/wp-content\/uploads\/2025\/12\/88162-iu2cu8-300x300.jpg 300w, https:\/\/bodegaoutdoor.cl\/store\/wp-content\/uploads\/2025\/12\/88162-iu2cu8-768x768.jpg 768w, https:\/\/bodegaoutdoor.cl\/store\/wp-content\/uploads\/2025\/12\/88162-iu2cu8-600x600.jpg 600w, https:\/\/bodegaoutdoor.cl\/store\/wp-content\/uploads\/2025\/12\/88162-iu2cu8-100x100.jpg 100w, https:\/\/bodegaoutdoor.cl\/store\/wp-content\/uploads\/2025\/12\/88162-iu2cu8-50x50.jpg 50w, https:\/\/bodegaoutdoor.cl\/store\/wp-content\/uploads\/2025\/12\/88162-iu2cu8.jpg 800w\" sizes=\"(max-width: 125px) 100vw, 125px\" \/>                                    <\/a>\n                                                                <a class=\"product-title\" href=\"https:\/\/bodegaoutdoor.cl\/store\/product\/mochila-de-montanismo-de-60l-transpirable-senderismo-camping\/\">Mochila de monta\u00f1ismo de 60L, transpirable,  senderismo, Camping<\/a>\n                        \n                                <span class=\"price\">\n                                    <span class=\"woocommerce-Price-amount amount\" aria-hidden=\"true\"><bdi><span class=\"woocommerce-Price-currencySymbol\" translate=\"no\">$<\/span>49,990<\/bdi><\/span> <span aria-hidden=\"true\">-<\/span> <span class=\"woocommerce-Price-amount amount\" aria-hidden=\"true\"><bdi><span class=\"woocommerce-Price-currencySymbol\" translate=\"no\">$<\/span>350,000<\/bdi><\/span><span class=\"screen-reader-text\">Rango de precios: desde $49,990 hasta $350,000<\/span>                                <\/span>\n                            <\/div>\n                                                    <div class=\"col-md-4 col-lg-2\">\n                                                                    <a class=\"xs_product_img_link\"\n                                        href=\"https:\/\/bodegaoutdoor.cl\/store\/product\/mochila-de-30l-primeros-auxilios-uso-deportivo-medica\/\">\n                                        <img loading=\"lazy\" decoding=\"async\" width=\"125\" height=\"125\" src=\"https:\/\/bodegaoutdoor.cl\/store\/wp-content\/uploads\/2025\/12\/87989-pd3rva-150x150.jpg\" class=\"attachment-125x142 size-125x142\" alt=\"Mochila de 30L, primeros auxilios uso deportivo m\u00e9dica\" srcset=\"https:\/\/bodegaoutdoor.cl\/store\/wp-content\/uploads\/2025\/12\/87989-pd3rva-150x150.jpg 150w, https:\/\/bodegaoutdoor.cl\/store\/wp-content\/uploads\/2025\/12\/87989-pd3rva-300x300.jpg 300w, https:\/\/bodegaoutdoor.cl\/store\/wp-content\/uploads\/2025\/12\/87989-pd3rva-768x768.jpg 768w, https:\/\/bodegaoutdoor.cl\/store\/wp-content\/uploads\/2025\/12\/87989-pd3rva-600x600.jpg 600w, https:\/\/bodegaoutdoor.cl\/store\/wp-content\/uploads\/2025\/12\/87989-pd3rva-100x100.jpg 100w, https:\/\/bodegaoutdoor.cl\/store\/wp-content\/uploads\/2025\/12\/87989-pd3rva-50x50.jpg 50w, https:\/\/bodegaoutdoor.cl\/store\/wp-content\/uploads\/2025\/12\/87989-pd3rva.jpg 800w\" sizes=\"(max-width: 125px) 100vw, 125px\" \/>                                    <\/a>\n                                                                <a class=\"product-title\" href=\"https:\/\/bodegaoutdoor.cl\/store\/product\/mochila-de-30l-primeros-auxilios-uso-deportivo-medica\/\">Mochila de 30L, primeros auxilios uso deportivo m\u00e9dica<\/a>\n                        \n                                <span class=\"price\">\n                                    <span class=\"woocommerce-Price-amount amount\"><bdi><span class=\"woocommerce-Price-currencySymbol\" translate=\"no\">$<\/span>34,990<\/bdi><\/span>                                <\/span>\n                            <\/div>\n                                                    <div class=\"col-md-4 col-lg-2\">\n                                                                    <a class=\"xs_product_img_link\"\n                                        href=\"https:\/\/bodegaoutdoor.cl\/store\/product\/mochila-de-viaje-con-carga-usb-mochila-impermeable\/\">\n                                        <img loading=\"lazy\" decoding=\"async\" width=\"125\" height=\"125\" src=\"https:\/\/bodegaoutdoor.cl\/store\/wp-content\/uploads\/2025\/03\/87023-42zbox-150x150.jpg\" class=\"attachment-125x142 size-125x142\" alt=\"Mochila de viaje con carga USB, mochila impermeable\" srcset=\"https:\/\/bodegaoutdoor.cl\/store\/wp-content\/uploads\/2025\/03\/87023-42zbox-150x150.jpg 150w, https:\/\/bodegaoutdoor.cl\/store\/wp-content\/uploads\/2025\/03\/87023-42zbox-300x300.jpg 300w, https:\/\/bodegaoutdoor.cl\/store\/wp-content\/uploads\/2025\/03\/87023-42zbox-768x768.jpg 768w, https:\/\/bodegaoutdoor.cl\/store\/wp-content\/uploads\/2025\/03\/87023-42zbox-600x600.jpg 600w, https:\/\/bodegaoutdoor.cl\/store\/wp-content\/uploads\/2025\/03\/87023-42zbox-100x100.jpg 100w, https:\/\/bodegaoutdoor.cl\/store\/wp-content\/uploads\/2025\/03\/87023-42zbox.jpg 1001w\" sizes=\"(max-width: 125px) 100vw, 125px\" \/>                                    <\/a>\n                                                                <a class=\"product-title\" href=\"https:\/\/bodegaoutdoor.cl\/store\/product\/mochila-de-viaje-con-carga-usb-mochila-impermeable\/\">Mochila de viaje con carga USB, mochila impermeable<\/a>\n                        \n                                <span class=\"price\">\n                                    <del aria-hidden=\"true\"><span class=\"woocommerce-Price-amount amount\"><bdi><span class=\"woocommerce-Price-currencySymbol\" translate=\"no\">$<\/span>39,990<\/bdi><\/span><\/del> <span class=\"screen-reader-text\">El precio original era: $39,990.<\/span><ins aria-hidden=\"true\"><span class=\"woocommerce-Price-amount amount\"><bdi><span class=\"woocommerce-Price-currencySymbol\" translate=\"no\">$<\/span>29,990<\/bdi><\/span><\/ins><span class=\"screen-reader-text\">El precio actual es: $29,990.<\/span>                                <\/span>\n                            <\/div>\n                                                    <div class=\"col-md-4 col-lg-2\">\n                                                                    <a class=\"xs_product_img_link\"\n                                        href=\"https:\/\/bodegaoutdoor.cl\/store\/product\/mini-bolsa-de-hidratacion-2-en-1-paquete-de-hidratacion-rasgado-ifak-parche-medico-bolsa-molle-bolsa-de-caza\/\">\n                                        <img loading=\"lazy\" decoding=\"async\" width=\"125\" height=\"125\" src=\"https:\/\/bodegaoutdoor.cl\/store\/wp-content\/uploads\/2024\/07\/85042-v7obmu-150x150.jpg\" class=\"attachment-125x142 size-125x142\" alt=\"Mini bolsa de hidrataci\u00f3n 2 en 1, paquete de hidrataci\u00f3n, rasgado, IFAK, parche m\u00e9dico, bolsa MOLLE, bolsa de caza\" srcset=\"https:\/\/bodegaoutdoor.cl\/store\/wp-content\/uploads\/2024\/07\/85042-v7obmu-150x150.jpg 150w, https:\/\/bodegaoutdoor.cl\/store\/wp-content\/uploads\/2024\/07\/85042-v7obmu-300x300.jpg 300w, https:\/\/bodegaoutdoor.cl\/store\/wp-content\/uploads\/2024\/07\/85042-v7obmu-768x768.jpg 768w, https:\/\/bodegaoutdoor.cl\/store\/wp-content\/uploads\/2024\/07\/85042-v7obmu-600x600.jpg 600w, https:\/\/bodegaoutdoor.cl\/store\/wp-content\/uploads\/2024\/07\/85042-v7obmu-100x100.jpg 100w, https:\/\/bodegaoutdoor.cl\/store\/wp-content\/uploads\/2024\/07\/85042-v7obmu-50x50.jpg 50w, https:\/\/bodegaoutdoor.cl\/store\/wp-content\/uploads\/2024\/07\/85042-v7obmu.jpg 1000w\" sizes=\"(max-width: 125px) 100vw, 125px\" \/>                                    <\/a>\n                                                                <a class=\"product-title\" href=\"https:\/\/bodegaoutdoor.cl\/store\/product\/mini-bolsa-de-hidratacion-2-en-1-paquete-de-hidratacion-rasgado-ifak-parche-medico-bolsa-molle-bolsa-de-caza\/\">Mini bolsa de hidrataci\u00f3n 2 en 1, paquete de hidrataci\u00f3n, rasgado, IFAK, parche m\u00e9dico, bolsa MOLLE, bolsa de caza<\/a>\n                        \n                                <span class=\"price\">\n                                    <span class=\"woocommerce-Price-amount amount\"><bdi><span class=\"woocommerce-Price-currencySymbol\" translate=\"no\">$<\/span>49,990<\/bdi><\/span>                                <\/span>\n                            <\/div>\n                                                    <div class=\"col-md-4 col-lg-2\">\n                                                                    <a class=\"xs_product_img_link\"\n                                        href=\"https:\/\/bodegaoutdoor.cl\/store\/product\/banano-impermeable-actividades-outdoor-trabajo-otros\/\">\n                                        <img loading=\"lazy\" decoding=\"async\" width=\"125\" height=\"125\" src=\"https:\/\/bodegaoutdoor.cl\/store\/wp-content\/uploads\/2024\/06\/84221-fsatn8-150x150.jpg\" class=\"attachment-125x142 size-125x142\" alt=\"Banano impermeable actividades outdoor trabajo otros\" srcset=\"https:\/\/bodegaoutdoor.cl\/store\/wp-content\/uploads\/2024\/06\/84221-fsatn8-150x150.jpg 150w, https:\/\/bodegaoutdoor.cl\/store\/wp-content\/uploads\/2024\/06\/84221-fsatn8-300x300.jpg 300w, https:\/\/bodegaoutdoor.cl\/store\/wp-content\/uploads\/2024\/06\/84221-fsatn8-768x768.jpg 768w, https:\/\/bodegaoutdoor.cl\/store\/wp-content\/uploads\/2024\/06\/84221-fsatn8-600x600.jpg 600w, https:\/\/bodegaoutdoor.cl\/store\/wp-content\/uploads\/2024\/06\/84221-fsatn8-100x100.jpg 100w, https:\/\/bodegaoutdoor.cl\/store\/wp-content\/uploads\/2024\/06\/84221-fsatn8-50x50.jpg 50w, https:\/\/bodegaoutdoor.cl\/store\/wp-content\/uploads\/2024\/06\/84221-fsatn8.jpg 800w\" sizes=\"(max-width: 125px) 100vw, 125px\" \/>                                    <\/a>\n                                                                <a class=\"product-title\" href=\"https:\/\/bodegaoutdoor.cl\/store\/product\/banano-impermeable-actividades-outdoor-trabajo-otros\/\">Banano impermeable actividades outdoor trabajo otros<\/a>\n                        \n                                <span class=\"price\">\n                                    <del aria-hidden=\"true\"><span class=\"woocommerce-Price-amount amount\"><bdi><span class=\"woocommerce-Price-currencySymbol\" translate=\"no\">$<\/span>49,990<\/bdi><\/span><\/del> <span class=\"screen-reader-text\">El precio original era: $49,990.<\/span><ins aria-hidden=\"true\"><span class=\"woocommerce-Price-amount amount\"><bdi><span class=\"woocommerce-Price-currencySymbol\" translate=\"no\">$<\/span>34,990<\/bdi><\/span><\/ins><span class=\"screen-reader-text\">El precio actual es: $34,990.<\/span>                                <\/span>\n                            <\/div>\n                                                    <div class=\"col-md-4 col-lg-2\">\n                                                                    <a class=\"xs_product_img_link\"\n                                        href=\"https:\/\/bodegaoutdoor.cl\/store\/product\/rinonera-oxford-de-alta-calidad-para-hombre-bolso-cruzado-informal-de-viaje-para-ir-de-compras-almacenamiento-bolsillo-novedad-de-2023\/\">\n                                        <img loading=\"lazy\" decoding=\"async\" width=\"125\" height=\"125\" src=\"https:\/\/bodegaoutdoor.cl\/store\/wp-content\/uploads\/2024\/06\/84134-7plw8m-150x150.jpg\" class=\"attachment-125x142 size-125x142\" alt=\"Ri\u00f1onera Oxford de alta calidad para hombre, bolso cruzado informal de viaje, para ir de compras, almacenamiento, bolsillo, novedad de 2023\" srcset=\"https:\/\/bodegaoutdoor.cl\/store\/wp-content\/uploads\/2024\/06\/84134-7plw8m-150x150.jpg 150w, https:\/\/bodegaoutdoor.cl\/store\/wp-content\/uploads\/2024\/06\/84134-7plw8m-300x300.jpg 300w, https:\/\/bodegaoutdoor.cl\/store\/wp-content\/uploads\/2024\/06\/84134-7plw8m-768x768.jpg 768w, https:\/\/bodegaoutdoor.cl\/store\/wp-content\/uploads\/2024\/06\/84134-7plw8m-600x600.jpg 600w, https:\/\/bodegaoutdoor.cl\/store\/wp-content\/uploads\/2024\/06\/84134-7plw8m-100x100.jpg 100w, https:\/\/bodegaoutdoor.cl\/store\/wp-content\/uploads\/2024\/06\/84134-7plw8m-50x50.jpg 50w, https:\/\/bodegaoutdoor.cl\/store\/wp-content\/uploads\/2024\/06\/84134-7plw8m.jpg 800w\" sizes=\"(max-width: 125px) 100vw, 125px\" \/>                                    <\/a>\n                                                                <a class=\"product-title\" href=\"https:\/\/bodegaoutdoor.cl\/store\/product\/rinonera-oxford-de-alta-calidad-para-hombre-bolso-cruzado-informal-de-viaje-para-ir-de-compras-almacenamiento-bolsillo-novedad-de-2023\/\">Ri\u00f1onera Oxford de alta calidad para hombre, bolso cruzado informal de viaje, para ir de compras, almacenamiento, bolsillo, novedad de 2023<\/a>\n                        \n                                <span class=\"price\">\n                                    <del aria-hidden=\"true\"><span class=\"woocommerce-Price-amount amount\"><bdi><span class=\"woocommerce-Price-currencySymbol\" translate=\"no\">$<\/span>49,990<\/bdi><\/span><\/del> <span class=\"screen-reader-text\">El precio original era: $49,990.<\/span><ins aria-hidden=\"true\"><span class=\"woocommerce-Price-amount amount\"><bdi><span class=\"woocommerce-Price-currencySymbol\" translate=\"no\">$<\/span>29,990<\/bdi><\/span><\/ins><span class=\"screen-reader-text\">El precio actual es: $29,990.<\/span>                                <\/span>\n                            <\/div>\n                                                    <div class=\"col-md-4 col-lg-2\">\n                                                                    <a class=\"xs_product_img_link\"\n                                        href=\"https:\/\/bodegaoutdoor.cl\/store\/product\/mochila-impermeable-para-deportes-outdoor-camping-viaje-mochila-molle-de-40l\/\">\n                                        <img loading=\"lazy\" decoding=\"async\" width=\"125\" height=\"125\" src=\"https:\/\/bodegaoutdoor.cl\/store\/wp-content\/uploads\/2023\/12\/4a3a3296-110c-4190-b1eb-87c4cc2ab391-150x150.jpg\" class=\"attachment-125x142 size-125x142\" alt=\"Mochila impermeable para deportes outdoor Camping, viaje, mochila Molle de 40L incluye bolsa hidratacion\" srcset=\"https:\/\/bodegaoutdoor.cl\/store\/wp-content\/uploads\/2023\/12\/4a3a3296-110c-4190-b1eb-87c4cc2ab391-150x150.jpg 150w, https:\/\/bodegaoutdoor.cl\/store\/wp-content\/uploads\/2023\/12\/4a3a3296-110c-4190-b1eb-87c4cc2ab391-300x300.jpg 300w, https:\/\/bodegaoutdoor.cl\/store\/wp-content\/uploads\/2023\/12\/4a3a3296-110c-4190-b1eb-87c4cc2ab391-768x768.jpg 768w, https:\/\/bodegaoutdoor.cl\/store\/wp-content\/uploads\/2023\/12\/4a3a3296-110c-4190-b1eb-87c4cc2ab391-600x600.jpg 600w, https:\/\/bodegaoutdoor.cl\/store\/wp-content\/uploads\/2023\/12\/4a3a3296-110c-4190-b1eb-87c4cc2ab391-100x100.jpg 100w, https:\/\/bodegaoutdoor.cl\/store\/wp-content\/uploads\/2023\/12\/4a3a3296-110c-4190-b1eb-87c4cc2ab391-50x50.jpg 50w, https:\/\/bodegaoutdoor.cl\/store\/wp-content\/uploads\/2023\/12\/4a3a3296-110c-4190-b1eb-87c4cc2ab391.jpg 1000w\" sizes=\"(max-width: 125px) 100vw, 125px\" \/>                                    <\/a>\n                                                                <a class=\"product-title\" href=\"https:\/\/bodegaoutdoor.cl\/store\/product\/mochila-impermeable-para-deportes-outdoor-camping-viaje-mochila-molle-de-40l\/\">Mochila impermeable para deportes outdoor Camping, viaje, mochila Molle de 40L incluye bolsa hidratacion<\/a>\n                        \n                                <span class=\"price\">\n                                    <del aria-hidden=\"true\"><span class=\"woocommerce-Price-amount amount\"><bdi><span class=\"woocommerce-Price-currencySymbol\" translate=\"no\">$<\/span>49,990<\/bdi><\/span><\/del> <span class=\"screen-reader-text\">El precio original era: $49,990.<\/span><ins aria-hidden=\"true\"><span class=\"woocommerce-Price-amount amount\"><bdi><span class=\"woocommerce-Price-currencySymbol\" translate=\"no\">$<\/span>34,990<\/bdi><\/span><\/ins><span class=\"screen-reader-text\">El precio actual es: $34,990.<\/span>                                <\/span>\n                            <\/div>\n                                                    <div class=\"col-md-4 col-lg-2\">\n                                                                    <a class=\"xs_product_img_link\"\n                                        href=\"https:\/\/bodegaoutdoor.cl\/store\/product\/west-biking-mochila-impermeable-para-bicicleta-transpirable-ultraligera-de-10l-para-hidratacion\/\">\n                                        <img loading=\"lazy\" decoding=\"async\" width=\"125\" height=\"125\" src=\"https:\/\/bodegaoutdoor.cl\/store\/wp-content\/uploads\/2023\/08\/78376-4aowid-150x150.jpg\" class=\"attachment-125x142 size-125x142\" alt=\"WEST BIKING-Mochila impermeable para bicicleta, ultraligera, de 10l\" srcset=\"https:\/\/bodegaoutdoor.cl\/store\/wp-content\/uploads\/2023\/08\/78376-4aowid-150x150.jpg 150w, https:\/\/bodegaoutdoor.cl\/store\/wp-content\/uploads\/2023\/08\/78376-4aowid-300x300.jpg 300w, https:\/\/bodegaoutdoor.cl\/store\/wp-content\/uploads\/2023\/08\/78376-4aowid-768x768.jpg 768w, https:\/\/bodegaoutdoor.cl\/store\/wp-content\/uploads\/2023\/08\/78376-4aowid-600x600.jpg 600w, https:\/\/bodegaoutdoor.cl\/store\/wp-content\/uploads\/2023\/08\/78376-4aowid-100x100.jpg 100w, https:\/\/bodegaoutdoor.cl\/store\/wp-content\/uploads\/2023\/08\/78376-4aowid-50x50.jpg 50w, https:\/\/bodegaoutdoor.cl\/store\/wp-content\/uploads\/2023\/08\/78376-4aowid.jpg 1000w\" sizes=\"(max-width: 125px) 100vw, 125px\" \/>                                    <\/a>\n                                                                <a class=\"product-title\" href=\"https:\/\/bodegaoutdoor.cl\/store\/product\/west-biking-mochila-impermeable-para-bicicleta-transpirable-ultraligera-de-10l-para-hidratacion\/\">WEST BIKING-Mochila impermeable para bicicleta, ultraligera, de 10l<\/a>\n                        \n                                <span class=\"price\">\n                                    <del aria-hidden=\"true\"><span class=\"woocommerce-Price-amount amount\"><bdi><span class=\"woocommerce-Price-currencySymbol\" translate=\"no\">$<\/span>39,990<\/bdi><\/span><\/del> <span class=\"screen-reader-text\">El precio original era: $39,990.<\/span><ins aria-hidden=\"true\"><span class=\"woocommerce-Price-amount amount\"><bdi><span class=\"woocommerce-Price-currencySymbol\" translate=\"no\">$<\/span>27,990<\/bdi><\/span><\/ins><span class=\"screen-reader-text\">El precio actual es: $27,990.<\/span>                                <\/span>\n                            <\/div>\n                                                    <div class=\"col-md-4 col-lg-2\">\n                                                                    <a class=\"xs_product_img_link\"\n                                        href=\"https:\/\/bodegaoutdoor.cl\/store\/product\/bolsa-tactica-gp-bolsa-administrativo-molle-airsoft-gear-3574\/\">\n                                        <img loading=\"lazy\" decoding=\"async\" width=\"125\" height=\"125\" src=\"https:\/\/bodegaoutdoor.cl\/store\/wp-content\/uploads\/2023\/08\/78265-e9fpdh-150x150.jpg\" class=\"attachment-125x142 size-125x142\" alt=\"Bolsa t\u00e1ctica GP, bolsa administrativo, MOLLE, Airsoft Gear 3574\" srcset=\"https:\/\/bodegaoutdoor.cl\/store\/wp-content\/uploads\/2023\/08\/78265-e9fpdh-150x150.jpg 150w, https:\/\/bodegaoutdoor.cl\/store\/wp-content\/uploads\/2023\/08\/78265-e9fpdh-300x300.jpg 300w, https:\/\/bodegaoutdoor.cl\/store\/wp-content\/uploads\/2023\/08\/78265-e9fpdh-768x768.jpg 768w, https:\/\/bodegaoutdoor.cl\/store\/wp-content\/uploads\/2023\/08\/78265-e9fpdh-600x600.jpg 600w, https:\/\/bodegaoutdoor.cl\/store\/wp-content\/uploads\/2023\/08\/78265-e9fpdh-100x100.jpg 100w, https:\/\/bodegaoutdoor.cl\/store\/wp-content\/uploads\/2023\/08\/78265-e9fpdh-50x50.jpg 50w, https:\/\/bodegaoutdoor.cl\/store\/wp-content\/uploads\/2023\/08\/78265-e9fpdh.jpg 800w\" sizes=\"(max-width: 125px) 100vw, 125px\" \/>                                    <\/a>\n                                                                <a class=\"product-title\" href=\"https:\/\/bodegaoutdoor.cl\/store\/product\/bolsa-tactica-gp-bolsa-administrativo-molle-airsoft-gear-3574\/\">Bolsa t\u00e1ctica GP, bolsa administrativo, MOLLE, Airsoft Gear 3574<\/a>\n                        \n                                <span class=\"price\">\n                                    <span class=\"woocommerce-Price-amount amount\"><bdi><span class=\"woocommerce-Price-currencySymbol\" translate=\"no\">$<\/span>29,990<\/bdi><\/span>                                <\/span>\n                            <\/div>\n                                                    <div class=\"col-md-4 col-lg-2\">\n                                                                    <a class=\"xs_product_img_link\"\n                                        href=\"https:\/\/bodegaoutdoor.cl\/store\/product\/mochila-militar-de-hidratacion-para-exteriores-bolsa-de-agua-para-senderismo-caza-escalada-ciclismo\/\">\n                                        <img loading=\"lazy\" decoding=\"async\" width=\"125\" height=\"125\" src=\"https:\/\/bodegaoutdoor.cl\/store\/wp-content\/uploads\/2023\/06\/75107-clqei1-150x150.jpg\" class=\"attachment-125x142 size-125x142\" alt=\"Mochila militar de hidrataci\u00f3n para exteriores, bolsa de agua para senderismo, caza, escalada, ciclismo\" srcset=\"https:\/\/bodegaoutdoor.cl\/store\/wp-content\/uploads\/2023\/06\/75107-clqei1-150x150.jpg 150w, https:\/\/bodegaoutdoor.cl\/store\/wp-content\/uploads\/2023\/06\/75107-clqei1-300x300.jpg 300w, https:\/\/bodegaoutdoor.cl\/store\/wp-content\/uploads\/2023\/06\/75107-clqei1-100x100.jpg 100w, https:\/\/bodegaoutdoor.cl\/store\/wp-content\/uploads\/2023\/06\/75107-clqei1-600x600.jpg 600w, https:\/\/bodegaoutdoor.cl\/store\/wp-content\/uploads\/2023\/06\/75107-clqei1-768x768.jpg 768w, https:\/\/bodegaoutdoor.cl\/store\/wp-content\/uploads\/2023\/06\/75107-clqei1-110x110.jpg 110w, https:\/\/bodegaoutdoor.cl\/store\/wp-content\/uploads\/2023\/06\/75107-clqei1.jpg 1000w\" sizes=\"(max-width: 125px) 100vw, 125px\" \/>                                    <\/a>\n                                                                <a class=\"product-title\" href=\"https:\/\/bodegaoutdoor.cl\/store\/product\/mochila-militar-de-hidratacion-para-exteriores-bolsa-de-agua-para-senderismo-caza-escalada-ciclismo\/\">Mochila militar de hidrataci\u00f3n para exteriores, bolsa de agua para senderismo, caza, escalada, ciclismo<\/a>\n                        \n                                <span class=\"price\">\n                                    <del aria-hidden=\"true\"><span class=\"woocommerce-Price-amount amount\"><bdi><span class=\"woocommerce-Price-currencySymbol\" translate=\"no\">$<\/span>49,990<\/bdi><\/span><\/del> <span class=\"screen-reader-text\">El precio original era: $49,990.<\/span><ins aria-hidden=\"true\"><span class=\"woocommerce-Price-amount amount\"><bdi><span class=\"woocommerce-Price-currencySymbol\" translate=\"no\">$<\/span>24,990<\/bdi><\/span><\/ins><span class=\"screen-reader-text\">El precio actual es: $24,990.<\/span>                                <\/span>\n                            <\/div>\n                                        <\/div>\n            <\/div>\n            <\/div>\n    \t\t\t\t<\/div>\n\t\t\t\t<\/div>\n\t\t\t\t\t<\/div>\n\t\t<\/div>\n\t\t\t\t\t<\/div>\n\t\t<\/section>\n\t\t\t\t<div class=\"elementor-section elementor-top-section elementor-element elementor-element-544d9f39 elementor-section-full_width xs-no-cl-border elementor-section-height-default elementor-section-height-default\" data-id=\"544d9f39\" data-element_type=\"section\" data-e-type=\"section\" data-settings=\"{&quot;background_background&quot;:&quot;classic&quot;}\">\n\t\t\t\t\t\t\t<div class=\"elementor-background-overlay\"><\/div>\n\t\t\t\t\t\t\t<div class=\"elementor-container elementor-column-gap-no\">\n\t\t\t\t\t<div class=\"elementor-column elementor-col-50 elementor-top-column elementor-element elementor-element-2e3cba50\" data-id=\"2e3cba50\" data-element_type=\"column\" data-e-type=\"column\">\n\t\t\t<div class=\"elementor-widget-wrap elementor-element-populated\">\n\t\t\t\t\t\t<section class=\"elementor-section elementor-inner-section elementor-element elementor-element-17b3bf5e elementor-section-boxed elementor-section-height-default elementor-section-height-default\" data-id=\"17b3bf5e\" data-element_type=\"section\" data-e-type=\"section\">\n\t\t\t\t\t\t<div class=\"elementor-container elementor-column-gap-default\">\n\t\t\t\t\t<div class=\"elementor-column elementor-col-50 elementor-inner-column elementor-element elementor-element-5ed0769d\" data-id=\"5ed0769d\" data-element_type=\"column\" data-e-type=\"column\" data-settings=\"{&quot;background_background&quot;:&quot;classic&quot;}\">\n\t\t\t<div class=\"elementor-widget-wrap elementor-element-populated\">\n\t\t\t\t\t<div class=\"elementor-background-overlay\"><\/div>\n\t\t\t\t\t\t<div class=\"elementor-element elementor-element-5954b81c elementor-widget elementor-widget-xs-woo-cats-list-link\" data-id=\"5954b81c\" data-element_type=\"widget\" data-e-type=\"widget\" data-widget_type=\"xs-woo-cats-list-link.default\">\n\t\t\t\t<div class=\"elementor-widget-container\">\n\t\t\t\t\t        <div class=\"block-product-cate-wraper\">\n            <h3 class=\"block-cate-header\">Outdoor Mujer<\/h3>\n            <ul class=\"nav flex-column\">\n                                        <li class=\"nav-item\"><a class=\"nav-link\"\n                                href=\"https:\/\/bodegaoutdoor.cl\/store\/product-category\/vestuario-mujer\/\">Vestuario Mujer<\/a>\n                        <\/li>                        <li class=\"nav-item\"><a class=\"nav-link\"\n                                href=\"https:\/\/bodegaoutdoor.cl\/store\/product-category\/vestuario-mujer\/mujer-segunda\/\">Segunda Capa Mujer<\/a>\n                        <\/li>                        <li class=\"nav-item\"><a class=\"nav-link\"\n                                href=\"https:\/\/bodegaoutdoor.cl\/store\/product-category\/calzado\/\">Calzado<\/a>\n                        <\/li>            <\/ul>\n        <\/div>\n        \t\t\t\t<\/div>\n\t\t\t\t<\/div>\n\t\t\t\t\t<\/div>\n\t\t<\/div>\n\t\t\t\t<div class=\"elementor-column elementor-col-50 elementor-inner-column elementor-element elementor-element-2a7d3ba6\" data-id=\"2a7d3ba6\" data-element_type=\"column\" data-e-type=\"column\">\n\t\t\t<div class=\"elementor-widget-wrap elementor-element-populated\">\n\t\t\t\t\t\t<div class=\"elementor-element elementor-element-8880e41 elementor-widget elementor-widget-xs-woo-slider\" data-id=\"8880e41\" data-element_type=\"widget\" data-e-type=\"widget\" data-widget_type=\"xs-woo-slider.default\">\n\t\t\t\t<div class=\"elementor-widget-container\">\n\t\t\t\t\t<div class=\"xs-product-slider-style-2\">\n    <div class=\"product-block-slider swiper\">\n        <div class=\"swiper-wrapper\">\n                                    <div class=\"item swiper-slide\">\n                            <img loading=\"lazy\" decoding=\"async\" width=\"620\" height=\"620\" src=\"https:\/\/bodegaoutdoor.cl\/store\/wp-content\/uploads\/2020\/07\/lfv11337-2768-chemise-manches-longues-femme-shield-shirt-w-beige_2.jpg\" class=\"attachment-full size-full\" alt=\"Chaqueta Polar T\u00e1ctica Con Capucha Para Uniforme Militar .\" srcset=\"https:\/\/bodegaoutdoor.cl\/store\/wp-content\/uploads\/2020\/07\/lfv11337-2768-chemise-manches-longues-femme-shield-shirt-w-beige_2.jpg 620w, https:\/\/bodegaoutdoor.cl\/store\/wp-content\/uploads\/2020\/07\/lfv11337-2768-chemise-manches-longues-femme-shield-shirt-w-beige_2-300x300.jpg 300w, https:\/\/bodegaoutdoor.cl\/store\/wp-content\/uploads\/2020\/07\/lfv11337-2768-chemise-manches-longues-femme-shield-shirt-w-beige_2-100x100.jpg 100w, https:\/\/bodegaoutdoor.cl\/store\/wp-content\/uploads\/2020\/07\/lfv11337-2768-chemise-manches-longues-femme-shield-shirt-w-beige_2-600x600.jpg 600w, https:\/\/bodegaoutdoor.cl\/store\/wp-content\/uploads\/2020\/07\/lfv11337-2768-chemise-manches-longues-femme-shield-shirt-w-beige_2-150x150.jpg 150w\" sizes=\"(max-width: 620px) 100vw, 620px\" \/>                        <\/div>\n                                            <div class=\"item swiper-slide\">\n                            <img loading=\"lazy\" decoding=\"async\" width=\"650\" height=\"650\" src=\"https:\/\/bodegaoutdoor.cl\/store\/wp-content\/uploads\/2020\/07\/p1504350.jpg\" class=\"attachment-full size-full\" alt=\"Chaqueta Polar T\u00e1ctica Con Capucha Para Uniforme Militar .\" srcset=\"https:\/\/bodegaoutdoor.cl\/store\/wp-content\/uploads\/2020\/07\/p1504350.jpg 650w, https:\/\/bodegaoutdoor.cl\/store\/wp-content\/uploads\/2020\/07\/p1504350-300x300.jpg 300w, https:\/\/bodegaoutdoor.cl\/store\/wp-content\/uploads\/2020\/07\/p1504350-100x100.jpg 100w, https:\/\/bodegaoutdoor.cl\/store\/wp-content\/uploads\/2020\/07\/p1504350-600x600.jpg 600w, https:\/\/bodegaoutdoor.cl\/store\/wp-content\/uploads\/2020\/07\/p1504350-150x150.jpg 150w\" sizes=\"(max-width: 650px) 100vw, 650px\" \/>                        <\/div>\n                                            <div class=\"item swiper-slide\">\n                            <img loading=\"lazy\" decoding=\"async\" width=\"320\" height=\"457\" src=\"https:\/\/bodegaoutdoor.cl\/store\/wp-content\/uploads\/2020\/07\/cq5dam.web_.320.320.jpeg\" class=\"attachment-full size-full\" alt=\"Chaqueta Polar T\u00e1ctica Con Capucha Para Uniforme Militar .\" \/>                        <\/div>\n                                            <div class=\"item swiper-slide\">\n                            <img loading=\"lazy\" decoding=\"async\" width=\"800\" height=\"800\" src=\"https:\/\/bodegaoutdoor.cl\/store\/wp-content\/uploads\/2020\/07\/women-s-waterproof-mh500-mountain-hiking-jacket-black.jpg\" class=\"attachment-full size-full\" alt=\"Chaqueta Polar T\u00e1ctica Con Capucha Para Uniforme Militar .\" srcset=\"https:\/\/bodegaoutdoor.cl\/store\/wp-content\/uploads\/2020\/07\/women-s-waterproof-mh500-mountain-hiking-jacket-black.jpg 800w, https:\/\/bodegaoutdoor.cl\/store\/wp-content\/uploads\/2020\/07\/women-s-waterproof-mh500-mountain-hiking-jacket-black-300x300.jpg 300w, https:\/\/bodegaoutdoor.cl\/store\/wp-content\/uploads\/2020\/07\/women-s-waterproof-mh500-mountain-hiking-jacket-black-100x100.jpg 100w, https:\/\/bodegaoutdoor.cl\/store\/wp-content\/uploads\/2020\/07\/women-s-waterproof-mh500-mountain-hiking-jacket-black-600x600.jpg 600w, https:\/\/bodegaoutdoor.cl\/store\/wp-content\/uploads\/2020\/07\/women-s-waterproof-mh500-mountain-hiking-jacket-black-150x150.jpg 150w, https:\/\/bodegaoutdoor.cl\/store\/wp-content\/uploads\/2020\/07\/women-s-waterproof-mh500-mountain-hiking-jacket-black-768x768.jpg 768w\" sizes=\"(max-width: 800px) 100vw, 800px\" \/>                        <\/div>\n                            <\/div>\n        <div class=\"swiper-pagination\"><\/div>\n\n    <\/div>\n<\/div>\n\n\t\t\t\t<\/div>\n\t\t\t\t<\/div>\n\t\t\t\t\t<\/div>\n\t\t<\/div>\n\t\t\t\t\t<\/div>\n\t\t<\/section>\n\t\t\t\t\t<\/div>\n\t\t<\/div>\n\t\t\t\t<div class=\"elementor-column elementor-col-50 elementor-top-column elementor-element elementor-element-7cbacac8\" data-id=\"7cbacac8\" data-element_type=\"column\" data-e-type=\"column\">\n\t\t\t<div class=\"elementor-widget-wrap elementor-element-populated\">\n\t\t\t\t\t\t<div class=\"elementor-element elementor-element-10efb714 elementor-widget elementor-widget-xs-woo-product\" data-id=\"10efb714\" data-element_type=\"widget\" data-e-type=\"widget\" data-widget_type=\"xs-woo-product.default\">\n\t\t\t\t<div class=\"elementor-widget-container\">\n\t\t\t\t\t        <div class=\"version-6\">\n            <div class=\"xs-product-widget media\">\n                                <a class=\"xs_product_img_link\" href=\"https:\/\/bodegaoutdoor.cl\/store\/product\/chaqueta-softshell-con-gorro-mujer\/\">\n                   <img loading=\"lazy\" decoding=\"async\" width=\"166\" height=\"166\" src=\"https:\/\/bodegaoutdoor.cl\/store\/wp-content\/uploads\/2020\/08\/1-1-1.jpg\" class=\"attachment-168x166 size-168x166\" alt=\"Chaqueta Softshell con Gorro Mujer\" srcset=\"https:\/\/bodegaoutdoor.cl\/store\/wp-content\/uploads\/2020\/08\/1-1-1.jpg 594w, https:\/\/bodegaoutdoor.cl\/store\/wp-content\/uploads\/2020\/08\/1-1-1-300x300.jpg 300w, https:\/\/bodegaoutdoor.cl\/store\/wp-content\/uploads\/2020\/08\/1-1-1-100x100.jpg 100w, https:\/\/bodegaoutdoor.cl\/store\/wp-content\/uploads\/2020\/08\/1-1-1-150x150.jpg 150w\" sizes=\"(max-width: 166px) 100vw, 166px\" \/>                <\/a>\n                                <div class=\"media-body align-self-center product-widget-content\">\n                            <span class=\"product-categories\">\n                                <a href=\"#\" rel=\"tag\"><a href = 'https:\/\/bodegaoutdoor.cl\/store\/product-category\/vestuario-mujer\/mujer-tercera\/'>Tercera Capa Mujer<\/a>  <a href = 'https:\/\/bodegaoutdoor.cl\/store\/product-category\/vestuario-mujer\/'>Vestuario Mujer<\/a>  <\/a>\n                            <\/span>\n                    <a class=\"product-title\" href=\"https:\/\/bodegaoutdoor.cl\/store\/product\/chaqueta-softshell-con-gorro-mujer\/\">Chaqueta Softshell con Gorro Mujer<\/a>\n                    <span class=\"price version-2\"> <del aria-hidden=\"true\"><span class=\"woocommerce-Price-amount amount\"><bdi><span class=\"woocommerce-Price-currencySymbol\" translate=\"no\">$<\/span>39,990<\/bdi><\/span><\/del> <span class=\"screen-reader-text\">El precio original era: $39,990.<\/span><ins aria-hidden=\"true\"><span class=\"woocommerce-Price-amount amount\"><bdi><span class=\"woocommerce-Price-currencySymbol\" translate=\"no\">$<\/span>19,990<\/bdi><\/span><\/ins><span class=\"screen-reader-text\">El precio actual es: $19,990.<\/span><\/span>\n                <\/div><!-- .xs-product-content END -->\n                <!--  show product meta if pd image in lef -->\n               <div class=\"xs-update-product-meta\">\n                   <ul class=\"xs-update-product-item-meta product-item-meta\">\n                       <li class=\"xs-cart-wrapper\">\n                                                          <a href=\"\/store\/wp-json\/wp\/v2\/pages\/259?add-to-cart=10979\" aria-describedby=\"woocommerce_loop_add_to_cart_link_describedby_10979\" data-quantity=\"1\" class=\"button product_type_simple add_to_cart_button ajax_add_to_cart\" data-product_id=\"10979\" data-product_sku=\"\" aria-label=\"Agregar al carrito: &ldquo;Chaqueta Softshell con Gorro Mujer&rdquo;\" rel=\"nofollow\" data-success_message=\"&ldquo;Chaqueta Softshell con Gorro Mujer&rdquo; se ha a\u00f1adido a tu carro\" role=\"button\">Agregar al carrito<\/a>    <span id=\"woocommerce_loop_add_to_cart_link_describedby_10979\" class=\"screen-reader-text\">\n            <\/span>\n                                                  <\/li>\n                       <li><a href=\"#\" data-toggle=\"modal\" data-target=\".xs-quick-view-modal-63652-1\"><i class=\"xsicon xsicon-eye\"><\/i><\/a><\/li>\n                                                  <li class=\"xs-wishlist-wrapper xs-wishlist\">\n                               \n<div\n\tclass=\"yith-wcwl-add-to-wishlist add-to-wishlist-10979 yith-wcwl-add-to-wishlist--link-style wishlist-fragment on-first-load\"\n\tdata-fragment-ref=\"10979\"\n\tdata-fragment-options=\"{&quot;base_url&quot;:&quot;&quot;,&quot;product_id&quot;:10979,&quot;parent_product_id&quot;:0,&quot;product_type&quot;:&quot;simple&quot;,&quot;is_single&quot;:false,&quot;in_default_wishlist&quot;:false,&quot;show_view&quot;:false,&quot;browse_wishlist_text&quot;:&quot;Lista Deseos&quot;,&quot;already_in_wishslist_text&quot;:&quot;The producto esta Agregado!&quot;,&quot;product_added_text&quot;:&quot;Producto Agregado!&quot;,&quot;available_multi_wishlist&quot;:false,&quot;disable_wishlist&quot;:false,&quot;show_count&quot;:false,&quot;ajax_loading&quot;:false,&quot;loop_position&quot;:&quot;after_add_to_cart&quot;,&quot;item&quot;:&quot;add_to_wishlist&quot;}\"\n>\n\t\t\t\n\t\t\t<!-- ADD TO WISHLIST -->\n\t\t\t\n<div class=\"yith-wcwl-add-button\">\n\t\t<a\n\t\thref=\"?add_to_wishlist=10979&#038;_wpnonce=98056c7fc2\"\n\t\tclass=\"add_to_wishlist single_add_to_wishlist\"\n\t\tdata-product-id=\"10979\"\n\t\tdata-product-type=\"simple\"\n\t\tdata-original-product-id=\"0\"\n\t\tdata-title=\"Lista Deseos\"\n\t\trel=\"nofollow\"\n\t>\n\t\t<svg id=\"yith-wcwl-icon-heart-outline\" class=\"yith-wcwl-icon-svg\" fill=\"none\" stroke-width=\"1.5\" stroke=\"currentColor\" viewbox=\"0 0 24 24\" xmlns=\"http:\/\/www.w3.org\/2000\/svg\">\n  <path stroke-linecap=\"round\" stroke-linejoin=\"round\" d=\"M21 8.25c0-2.485-2.099-4.5-4.688-4.5-1.935 0-3.597 1.126-4.312 2.733-.715-1.607-2.377-2.733-4.313-2.733C5.1 3.75 3 5.765 3 8.25c0 7.22 9 12 9 12s9-4.78 9-12Z\"><\/path>\n<\/svg>\t\t<span>Lista Deseos<\/span>\n\t<\/a>\n<\/div>\n\n\t\t\t<!-- COUNT TEXT -->\n\t\t\t\n\t\t\t<\/div>\n                           <\/li>\n                                          <\/ul>\n               <\/div>\n                   <div class=\"woocommerce xs-modal xs-modal-quick-view xs-quick-view-modal-10979 modal fade\" tabindex=\"-1\" role=\"dialog\" aria-hidden=\"true\">\n    <div class=\"modal-dialog\" role=\"document\">\n        <div class=\"modal-content\">\n            <button type=\"button\" class=\"close\" data-dismiss=\"modal\" aria-label=\"Close\">\n                <span class=\"xsicon xsicon-cross\"><\/span>\n            <\/button>\n            <div class=\"container\">\n                <div class=\"row\">\n                    <div class=\"col-md-6\">\n                        <div class=\"images\">\n                                                        <img loading=\"lazy\" decoding=\"async\" width=\"594\" height=\"594\" src=\"https:\/\/bodegaoutdoor.cl\/store\/wp-content\/uploads\/2020\/08\/1-1-1.jpg\" class=\"attachment-full size-full\" alt=\"Chaqueta Softshell con Gorro Mujer\" srcset=\"https:\/\/bodegaoutdoor.cl\/store\/wp-content\/uploads\/2020\/08\/1-1-1.jpg 594w, https:\/\/bodegaoutdoor.cl\/store\/wp-content\/uploads\/2020\/08\/1-1-1-300x300.jpg 300w, https:\/\/bodegaoutdoor.cl\/store\/wp-content\/uploads\/2020\/08\/1-1-1-100x100.jpg 100w, https:\/\/bodegaoutdoor.cl\/store\/wp-content\/uploads\/2020\/08\/1-1-1-150x150.jpg 150w\" sizes=\"(max-width: 594px) 100vw, 594px\" \/>                                                <\/div>\n                    <\/div>\n                    <div class=\"col-md-6 align-self-center\">\n                        <div class=\"summary-content entry-summary\">\n                            <h2 class=\"product_title entry-title\">Chaqueta Softshell con Gorro Mujer<\/h2><div class=\"product_meta\">\n\n\t\n\t\n\t<span class=\"posted_in\">Categor\u00edas: <a href=\"https:\/\/bodegaoutdoor.cl\/store\/product-category\/vestuario-mujer\/mujer-tercera\/\" rel=\"tag\">Tercera Capa Mujer<\/a>, <a href=\"https:\/\/bodegaoutdoor.cl\/store\/product-category\/vestuario-mujer\/\" rel=\"tag\">Vestuario Mujer<\/a><\/span>\n\t\n\t\n<\/div>\n<p class=\"price\"><del aria-hidden=\"true\"><span class=\"woocommerce-Price-amount amount\"><bdi><span class=\"woocommerce-Price-currencySymbol\" translate=\"no\">$<\/span>39,990<\/bdi><\/span><\/del> <span class=\"screen-reader-text\">El precio original era: $39,990.<\/span><ins aria-hidden=\"true\"><span class=\"woocommerce-Price-amount amount\"><bdi><span class=\"woocommerce-Price-currencySymbol\" translate=\"no\">$<\/span>19,990<\/bdi><\/span><\/ins><span class=\"screen-reader-text\">El precio actual es: $19,990.<\/span><\/p>\n<p class=\"stock in-stock\">3 disponibles<\/p>\n\n\t\n\t<form class=\"cart\" action=\"https:\/\/bodegaoutdoor.cl\/store\/product\/chaqueta-softshell-con-gorro-mujer\/\" method=\"post\" enctype='multipart\/form-data'>\n\t\t\n\t\t<div class=\"quantity\">\n\t\t<input type=\"button\" value=\"-\" class=\"minus\" \/>\n\t<label class=\"screen-reader-text\" for=\"quantity_6a9b596283057\">Chaqueta Softshell con Gorro Mujer quantity<\/label>\n\t<input\n\t\ttype=\"number\"\n\t\t\t\tid=\"quantity_6a9b596283057\"\n\t\tclass=\"input-text qty text\"\n\t\tname=\"quantity\"\n\t\tvalue=\"1\"\n\t\taria-label=\"Qty\"\n\t\t\t\tmin=\"1\"\n\t\t\t\t\tmax=\"3\"\n\t\t\t\t\t\t\tstep=\"1\"\n\t\t\tplaceholder=\"\"\n\t\t\tinputmode=\"numeric\"\n\t\t\tautocomplete=\"off\"\n\t\t\t\/>\n\t<input type=\"button\" value=\"+\" class=\"plus\" \/>\n\t<\/div>\n\n\t\t<button type=\"submit\" name=\"add-to-cart\" value=\"10979\" class=\"single_add_to_cart_button button alt\">Agregar al carrito<\/button>\n\n\t\t\t<\/form>\n\n\t\n\n<div\n\tclass=\"yith-wcwl-add-to-wishlist add-to-wishlist-10979 yith-wcwl-add-to-wishlist--link-style wishlist-fragment on-first-load\"\n\tdata-fragment-ref=\"10979\"\n\tdata-fragment-options=\"{&quot;base_url&quot;:&quot;&quot;,&quot;product_id&quot;:10979,&quot;parent_product_id&quot;:0,&quot;product_type&quot;:&quot;simple&quot;,&quot;is_single&quot;:false,&quot;in_default_wishlist&quot;:false,&quot;show_view&quot;:false,&quot;browse_wishlist_text&quot;:&quot;Lista Deseos&quot;,&quot;already_in_wishslist_text&quot;:&quot;The producto esta Agregado!&quot;,&quot;product_added_text&quot;:&quot;Producto Agregado!&quot;,&quot;available_multi_wishlist&quot;:false,&quot;disable_wishlist&quot;:false,&quot;show_count&quot;:false,&quot;ajax_loading&quot;:false,&quot;loop_position&quot;:&quot;after_add_to_cart&quot;,&quot;item&quot;:&quot;add_to_wishlist&quot;}\"\n>\n\t\t\t\n\t\t\t<!-- ADD TO WISHLIST -->\n\t\t\t\n<div class=\"yith-wcwl-add-button\">\n\t\t<a\n\t\thref=\"?add_to_wishlist=10979&#038;_wpnonce=98056c7fc2\"\n\t\tclass=\"add_to_wishlist single_add_to_wishlist\"\n\t\tdata-product-id=\"10979\"\n\t\tdata-product-type=\"simple\"\n\t\tdata-original-product-id=\"0\"\n\t\tdata-title=\"Lista Deseos\"\n\t\trel=\"nofollow\"\n\t>\n\t\t<svg id=\"yith-wcwl-icon-heart-outline\" class=\"yith-wcwl-icon-svg\" fill=\"none\" stroke-width=\"1.5\" stroke=\"currentColor\" viewbox=\"0 0 24 24\" xmlns=\"http:\/\/www.w3.org\/2000\/svg\">\n  <path stroke-linecap=\"round\" stroke-linejoin=\"round\" d=\"M21 8.25c0-2.485-2.099-4.5-4.688-4.5-1.935 0-3.597 1.126-4.312 2.733-.715-1.607-2.377-2.733-4.313-2.733C5.1 3.75 3 5.765 3 8.25c0 7.22 9 12 9 12s9-4.78 9-12Z\"><\/path>\n<\/svg>\t\t<span>Lista Deseos<\/span>\n\t<\/a>\n<\/div>\n\n\t\t\t<!-- COUNT TEXT -->\n\t\t\t\n\t\t\t<\/div>\n                        <\/div>\n                    <\/div>\n                <\/div>\n            <\/div>\n        <\/div>\n    <\/div>\n<\/div><!-- end quickView --><!-- end today gadget section -->                           <\/div>\n        <\/div>\n            <div class=\"version-6\">\n            <div class=\"xs-product-widget media\">\n                                <a class=\"xs_product_img_link\" href=\"https:\/\/bodegaoutdoor.cl\/store\/product\/pantalon-termico-softshell-mujer\/\">\n                   <img loading=\"lazy\" decoding=\"async\" width=\"166\" height=\"166\" src=\"https:\/\/bodegaoutdoor.cl\/store\/wp-content\/uploads\/2020\/08\/AZUL2-1-510x510-1.jpg\" class=\"attachment-168x166 size-168x166\" alt=\"Pantal\u00f3n T\u00e9rmico Softshell Waterproof Mujer\" srcset=\"https:\/\/bodegaoutdoor.cl\/store\/wp-content\/uploads\/2020\/08\/AZUL2-1-510x510-1.jpg 510w, https:\/\/bodegaoutdoor.cl\/store\/wp-content\/uploads\/2020\/08\/AZUL2-1-510x510-1-300x300.jpg 300w, https:\/\/bodegaoutdoor.cl\/store\/wp-content\/uploads\/2020\/08\/AZUL2-1-510x510-1-100x100.jpg 100w, https:\/\/bodegaoutdoor.cl\/store\/wp-content\/uploads\/2020\/08\/AZUL2-1-510x510-1-150x150.jpg 150w\" sizes=\"(max-width: 166px) 100vw, 166px\" \/>                <\/a>\n                                <div class=\"media-body align-self-center product-widget-content\">\n                            <span class=\"product-categories\">\n                                <a href=\"#\" rel=\"tag\"><a href = 'https:\/\/bodegaoutdoor.cl\/store\/product-category\/vestuario-mujer\/pantalon-mujer\/'>Pantal\u00f3n Mujer<\/a>  <a href = 'https:\/\/bodegaoutdoor.cl\/store\/product-category\/vestuario-mujer\/'>Vestuario Mujer<\/a>  <\/a>\n                            <\/span>\n                    <a class=\"product-title\" href=\"https:\/\/bodegaoutdoor.cl\/store\/product\/pantalon-termico-softshell-mujer\/\">Pantal\u00f3n T\u00e9rmico Softshell Waterproof Mujer<\/a>\n                    <span class=\"price version-2\"> <span class=\"woocommerce-Price-amount amount\"><bdi><span class=\"woocommerce-Price-currencySymbol\" translate=\"no\">$<\/span>29,990<\/bdi><\/span><\/span>\n                <\/div><!-- .xs-product-content END -->\n                <!--  show product meta if pd image in lef -->\n               <div class=\"xs-update-product-meta\">\n                   <ul class=\"xs-update-product-item-meta product-item-meta\">\n                       <li class=\"xs-cart-wrapper\">\n                                                          <a href=\"https:\/\/bodegaoutdoor.cl\/store\/product\/pantalon-termico-softshell-mujer\/\" aria-describedby=\"woocommerce_loop_add_to_cart_link_describedby_10991\" data-quantity=\"1\" class=\"button product_type_variable add_to_cart_button\" data-product_id=\"10991\" data-product_sku=\"\" aria-label=\"Elige las opciones para &ldquo;Pantal\u00f3n T\u00e9rmico Softshell Waterproof Mujer&rdquo;\" rel=\"nofollow\">Seleccionar opciones<\/a>    <span id=\"woocommerce_loop_add_to_cart_link_describedby_10991\" class=\"screen-reader-text\">\n        Este producto tiene m\u00faltiples variantes. Las opciones se pueden elegir en la p\u00e1gina de producto    <\/span>\n                                                  <\/li>\n                       <li><a href=\"#\" data-toggle=\"modal\" data-target=\".xs-quick-view-modal-12181-1\"><i class=\"xsicon xsicon-eye\"><\/i><\/a><\/li>\n                                                  <li class=\"xs-wishlist-wrapper xs-wishlist\">\n                               \n<div\n\tclass=\"yith-wcwl-add-to-wishlist add-to-wishlist-10991 yith-wcwl-add-to-wishlist--link-style wishlist-fragment on-first-load\"\n\tdata-fragment-ref=\"10991\"\n\tdata-fragment-options=\"{&quot;base_url&quot;:&quot;&quot;,&quot;product_id&quot;:10991,&quot;parent_product_id&quot;:0,&quot;product_type&quot;:&quot;variable&quot;,&quot;is_single&quot;:false,&quot;in_default_wishlist&quot;:false,&quot;show_view&quot;:false,&quot;browse_wishlist_text&quot;:&quot;Lista Deseos&quot;,&quot;already_in_wishslist_text&quot;:&quot;The producto esta Agregado!&quot;,&quot;product_added_text&quot;:&quot;Producto Agregado!&quot;,&quot;available_multi_wishlist&quot;:false,&quot;disable_wishlist&quot;:false,&quot;show_count&quot;:false,&quot;ajax_loading&quot;:false,&quot;loop_position&quot;:&quot;after_add_to_cart&quot;,&quot;item&quot;:&quot;add_to_wishlist&quot;}\"\n>\n\t\t\t\n\t\t\t<!-- ADD TO WISHLIST -->\n\t\t\t\n<div class=\"yith-wcwl-add-button\">\n\t\t<a\n\t\thref=\"?add_to_wishlist=10991&#038;_wpnonce=98056c7fc2\"\n\t\tclass=\"add_to_wishlist single_add_to_wishlist\"\n\t\tdata-product-id=\"10991\"\n\t\tdata-product-type=\"variable\"\n\t\tdata-original-product-id=\"0\"\n\t\tdata-title=\"Lista Deseos\"\n\t\trel=\"nofollow\"\n\t>\n\t\t<svg id=\"yith-wcwl-icon-heart-outline\" class=\"yith-wcwl-icon-svg\" fill=\"none\" stroke-width=\"1.5\" stroke=\"currentColor\" viewbox=\"0 0 24 24\" xmlns=\"http:\/\/www.w3.org\/2000\/svg\">\n  <path stroke-linecap=\"round\" stroke-linejoin=\"round\" d=\"M21 8.25c0-2.485-2.099-4.5-4.688-4.5-1.935 0-3.597 1.126-4.312 2.733-.715-1.607-2.377-2.733-4.313-2.733C5.1 3.75 3 5.765 3 8.25c0 7.22 9 12 9 12s9-4.78 9-12Z\"><\/path>\n<\/svg>\t\t<span>Lista Deseos<\/span>\n\t<\/a>\n<\/div>\n\n\t\t\t<!-- COUNT TEXT -->\n\t\t\t\n\t\t\t<\/div>\n                           <\/li>\n                                          <\/ul>\n               <\/div>\n                   <div class=\"woocommerce xs-modal xs-modal-quick-view xs-quick-view-modal-10991 modal fade\" tabindex=\"-1\" role=\"dialog\" aria-hidden=\"true\">\n    <div class=\"modal-dialog\" role=\"document\">\n        <div class=\"modal-content\">\n            <button type=\"button\" class=\"close\" data-dismiss=\"modal\" aria-label=\"Close\">\n                <span class=\"xsicon xsicon-cross\"><\/span>\n            <\/button>\n            <div class=\"container\">\n                <div class=\"row\">\n                    <div class=\"col-md-6\">\n                        <div class=\"images\">\n                                                        <img loading=\"lazy\" decoding=\"async\" width=\"510\" height=\"510\" src=\"https:\/\/bodegaoutdoor.cl\/store\/wp-content\/uploads\/2020\/08\/AZUL2-1-510x510-1.jpg\" class=\"attachment-full size-full\" alt=\"Pantal\u00f3n T\u00e9rmico Softshell Waterproof Mujer\" srcset=\"https:\/\/bodegaoutdoor.cl\/store\/wp-content\/uploads\/2020\/08\/AZUL2-1-510x510-1.jpg 510w, https:\/\/bodegaoutdoor.cl\/store\/wp-content\/uploads\/2020\/08\/AZUL2-1-510x510-1-300x300.jpg 300w, https:\/\/bodegaoutdoor.cl\/store\/wp-content\/uploads\/2020\/08\/AZUL2-1-510x510-1-100x100.jpg 100w, https:\/\/bodegaoutdoor.cl\/store\/wp-content\/uploads\/2020\/08\/AZUL2-1-510x510-1-150x150.jpg 150w\" sizes=\"(max-width: 510px) 100vw, 510px\" \/>                                                <\/div>\n                    <\/div>\n                    <div class=\"col-md-6 align-self-center\">\n                        <div class=\"summary-content entry-summary\">\n                            <h2 class=\"product_title entry-title\">Pantal\u00f3n T\u00e9rmico Softshell Waterproof Mujer<\/h2><div class=\"product_meta\">\n\n\t\n\t\n\t\t<span class=\"sku_wrapper\">SKU: <span class=\"sku\">N\/D<\/span><\/span>\n\n\t\n\t<span class=\"posted_in\">Categor\u00edas: <a href=\"https:\/\/bodegaoutdoor.cl\/store\/product-category\/vestuario-mujer\/pantalon-mujer\/\" rel=\"tag\">Pantal\u00f3n Mujer<\/a>, <a href=\"https:\/\/bodegaoutdoor.cl\/store\/product-category\/vestuario-mujer\/\" rel=\"tag\">Vestuario Mujer<\/a><\/span>\n\t<span class=\"tagged_as\">Etiquetas: <a href=\"https:\/\/bodegaoutdoor.cl\/store\/product-tag\/frio\/\" rel=\"tag\">frio<\/a>, <a href=\"https:\/\/bodegaoutdoor.cl\/store\/product-tag\/lluvia\/\" rel=\"tag\">lluvia<\/a>, <a href=\"https:\/\/bodegaoutdoor.cl\/store\/product-tag\/nieve\/\" rel=\"tag\">nieve<\/a>, <a href=\"https:\/\/bodegaoutdoor.cl\/store\/product-tag\/outdoor\/\" rel=\"tag\">outdoor<\/a>, <a href=\"https:\/\/bodegaoutdoor.cl\/store\/product-tag\/polar\/\" rel=\"tag\">polar<\/a>, <a href=\"https:\/\/bodegaoutdoor.cl\/store\/product-tag\/softshell\/\" rel=\"tag\">softshell<\/a>, <a href=\"https:\/\/bodegaoutdoor.cl\/store\/product-tag\/termico\/\" rel=\"tag\">termico<\/a>, <a href=\"https:\/\/bodegaoutdoor.cl\/store\/product-tag\/viento\/\" rel=\"tag\">viento<\/a>, <a href=\"https:\/\/bodegaoutdoor.cl\/store\/product-tag\/waterproof\/\" rel=\"tag\">waterproof<\/a><\/span>\n\t\n<\/div>\n<p class=\"price\"><span class=\"woocommerce-Price-amount amount\"><bdi><span class=\"woocommerce-Price-currencySymbol\" translate=\"no\">$<\/span>29,990<\/bdi><\/span><\/p>\n\r\n        <form class=\"variations_form cart\" method=\"post\" enctype='multipart\/form-data' data-product_id=\"10991\" data-product_variations=\"[{&quot;attributes&quot;:{&quot;attribute_pa_color&quot;:&quot;gris&quot;,&quot;attribute_pa_f294abc323c8581b087d9a&quot;:&quot;m&quot;},&quot;availability_html&quot;:&quot;&quot;,&quot;backorders_allowed&quot;:false,&quot;dimensions&quot;:{&quot;length&quot;:&quot;&quot;,&quot;width&quot;:&quot;&quot;,&quot;height&quot;:&quot;&quot;},&quot;dimensions_html&quot;:&quot;N\\\/D&quot;,&quot;display_price&quot;:29990,&quot;display_regular_price&quot;:29990,&quot;gallery_image_ids&quot;:[],&quot;gallery_images_html&quot;:&quot;&quot;,&quot;image&quot;:[],&quot;image_id&quot;:&quot;&quot;,&quot;is_downloadable&quot;:false,&quot;is_in_stock&quot;:true,&quot;is_purchasable&quot;:true,&quot;is_sold_individually&quot;:&quot;no&quot;,&quot;is_virtual&quot;:false,&quot;max_qty&quot;:&quot;&quot;,&quot;min_qty&quot;:1,&quot;price_html&quot;:&quot;&quot;,&quot;sku&quot;:&quot;&quot;,&quot;variation_description&quot;:&quot;&quot;,&quot;variation_id&quot;:59823,&quot;variation_is_active&quot;:true,&quot;variation_is_visible&quot;:true,&quot;weight&quot;:&quot;&quot;,&quot;weight_html&quot;:&quot;N\\\/D&quot;}]\">\r\n            \r\n                            <table class=\"variations\" cellspacing=\"0\">\r\n                    <tbody>\r\n\r\n                    \r\n                                                <tr>\r\n                            <td class=\"label\"><label for=\"pa_color\">color<\/label><\/td>\r\n                            <td class=\"value\">\r\n                                <div class=\"adsw-attribute-option\"><span class=\"meta-item-text sku-set \" data-value=\"gris\">Gris<\/span><\/div><select id=\"pa_color\" class=\"\" name=\"attribute_pa_color\" data-attribute_name=\"attribute_pa_color\" style=\"display:none\"><option value=\"\">Elige una opci\u00f3n<\/option><option value=\"gris\" >Gris<\/option><\/select>                            <\/td>\r\n                        <\/tr>\r\n                    \r\n                                                <tr>\r\n                            <td class=\"label\"><label for=\"pa_f294abc323c8581b087d9a\">Tama\u00f1o<\/label><\/td>\r\n                            <td class=\"value\">\r\n                                <div class=\"adsw-attribute-option\"><span class=\"meta-item-text sku-set \" data-value=\"m\">M<\/span><\/div><select id=\"pa_f294abc323c8581b087d9a\" class=\"\" name=\"attribute_pa_f294abc323c8581b087d9a\" data-attribute_name=\"attribute_pa_f294abc323c8581b087d9a\" style=\"display:none\"><option value=\"\">Elige una opci\u00f3n<\/option><option value=\"m\" >M<\/option><\/select><a class=\"reset_variations\" href=\"#\">Limpiar<\/a>                            <\/td>\r\n                        <\/tr>\r\n                                        <\/tbody>\r\n                <\/table>\r\n\r\n                <div class=\"single_variation_wrap\">\r\n                    <div class=\"woocommerce-variation single_variation\" role=\"alert\" aria-relevant=\"additions\"><\/div><div class=\"woocommerce-variation-add-to-cart variations_button\">\n\t\n\t<div class=\"quantity\">\n\t\t<input type=\"button\" value=\"-\" class=\"minus\" \/>\n\t<label class=\"screen-reader-text\" for=\"quantity_6a9b59629ea38\">Pantal\u00f3n T\u00e9rmico Softshell Waterproof Mujer quantity<\/label>\n\t<input\n\t\ttype=\"number\"\n\t\t\t\tid=\"quantity_6a9b59629ea38\"\n\t\tclass=\"input-text qty text\"\n\t\tname=\"quantity\"\n\t\tvalue=\"1\"\n\t\taria-label=\"Qty\"\n\t\t\t\tmin=\"1\"\n\t\t\t\t\t\t\tstep=\"1\"\n\t\t\tplaceholder=\"\"\n\t\t\tinputmode=\"numeric\"\n\t\t\tautocomplete=\"off\"\n\t\t\t\/>\n\t<input type=\"button\" value=\"+\" class=\"plus\" \/>\n\t<\/div>\n\n\t<button type=\"submit\" class=\"single_add_to_cart_button button alt\">Agregar al carrito<\/button>\n\n\t\n\t<input type=\"hidden\" name=\"add-to-cart\" value=\"10991\" \/>\n\t<input type=\"hidden\" name=\"product_id\" value=\"10991\" \/>\n\t<input type=\"hidden\" name=\"variation_id\" class=\"variation_id\" value=\"0\" \/>\n<\/div>\n                <\/div>\r\n            \r\n                    <\/form>\r\n\r\n        \n<div\n\tclass=\"yith-wcwl-add-to-wishlist add-to-wishlist-10991 yith-wcwl-add-to-wishlist--link-style wishlist-fragment on-first-load\"\n\tdata-fragment-ref=\"10991\"\n\tdata-fragment-options=\"{&quot;base_url&quot;:&quot;&quot;,&quot;product_id&quot;:10991,&quot;parent_product_id&quot;:0,&quot;product_type&quot;:&quot;variable&quot;,&quot;is_single&quot;:false,&quot;in_default_wishlist&quot;:false,&quot;show_view&quot;:false,&quot;browse_wishlist_text&quot;:&quot;Lista Deseos&quot;,&quot;already_in_wishslist_text&quot;:&quot;The producto esta Agregado!&quot;,&quot;product_added_text&quot;:&quot;Producto Agregado!&quot;,&quot;available_multi_wishlist&quot;:false,&quot;disable_wishlist&quot;:false,&quot;show_count&quot;:false,&quot;ajax_loading&quot;:false,&quot;loop_position&quot;:&quot;after_add_to_cart&quot;,&quot;item&quot;:&quot;add_to_wishlist&quot;}\"\n>\n\t\t\t\n\t\t\t<!-- ADD TO WISHLIST -->\n\t\t\t\n<div class=\"yith-wcwl-add-button\">\n\t\t<a\n\t\thref=\"?add_to_wishlist=10991&#038;_wpnonce=98056c7fc2\"\n\t\tclass=\"add_to_wishlist single_add_to_wishlist\"\n\t\tdata-product-id=\"10991\"\n\t\tdata-product-type=\"variable\"\n\t\tdata-original-product-id=\"0\"\n\t\tdata-title=\"Lista Deseos\"\n\t\trel=\"nofollow\"\n\t>\n\t\t<svg id=\"yith-wcwl-icon-heart-outline\" class=\"yith-wcwl-icon-svg\" fill=\"none\" stroke-width=\"1.5\" stroke=\"currentColor\" viewbox=\"0 0 24 24\" xmlns=\"http:\/\/www.w3.org\/2000\/svg\">\n  <path stroke-linecap=\"round\" stroke-linejoin=\"round\" d=\"M21 8.25c0-2.485-2.099-4.5-4.688-4.5-1.935 0-3.597 1.126-4.312 2.733-.715-1.607-2.377-2.733-4.313-2.733C5.1 3.75 3 5.765 3 8.25c0 7.22 9 12 9 12s9-4.78 9-12Z\"><\/path>\n<\/svg>\t\t<span>Lista Deseos<\/span>\n\t<\/a>\n<\/div>\n\n\t\t\t<!-- COUNT TEXT -->\n\t\t\t\n\t\t\t<\/div>\n                        <\/div>\n                    <\/div>\n                <\/div>\n            <\/div>\n        <\/div>\n    <\/div>\n<\/div><!-- end quickView --><!-- end today gadget section -->                           <\/div>\n        <\/div>\n            <div class=\"version-6\">\n            <div class=\"xs-product-widget media\">\n                                <a class=\"xs_product_img_link\" href=\"https:\/\/bodegaoutdoor.cl\/store\/product\/polera-dryfit-con-cierre-manga-larga-mujer\/\">\n                   <img loading=\"lazy\" decoding=\"async\" width=\"166\" height=\"166\" src=\"https:\/\/bodegaoutdoor.cl\/store\/wp-content\/uploads\/2020\/09\/VERDE-7-510x510-1.jpg\" class=\"attachment-168x166 size-168x166\" alt=\"Polera DryFit con Cierre Manga Larga Mujer\" srcset=\"https:\/\/bodegaoutdoor.cl\/store\/wp-content\/uploads\/2020\/09\/VERDE-7-510x510-1.jpg 510w, https:\/\/bodegaoutdoor.cl\/store\/wp-content\/uploads\/2020\/09\/VERDE-7-510x510-1-300x300.jpg 300w, https:\/\/bodegaoutdoor.cl\/store\/wp-content\/uploads\/2020\/09\/VERDE-7-510x510-1-100x100.jpg 100w, https:\/\/bodegaoutdoor.cl\/store\/wp-content\/uploads\/2020\/09\/VERDE-7-510x510-1-150x150.jpg 150w\" sizes=\"(max-width: 166px) 100vw, 166px\" \/>                <\/a>\n                                <div class=\"media-body align-self-center product-widget-content\">\n                            <span class=\"product-categories\">\n                                <a href=\"#\" rel=\"tag\"><a href = 'https:\/\/bodegaoutdoor.cl\/store\/product-category\/vestuario-hombre\/hombre-primera\/'>Primera Capa Hombre<\/a>  <\/a>\n                            <\/span>\n                    <a class=\"product-title\" href=\"https:\/\/bodegaoutdoor.cl\/store\/product\/polera-dryfit-con-cierre-manga-larga-mujer\/\">Polera DryFit con Cierre Manga Larga Mujer<\/a>\n                    <span class=\"price version-2\"> <del aria-hidden=\"true\"><span class=\"woocommerce-Price-amount amount\"><bdi><span class=\"woocommerce-Price-currencySymbol\" translate=\"no\">$<\/span>19,990<\/bdi><\/span><\/del> <span class=\"screen-reader-text\">El precio original era: $19,990.<\/span><ins aria-hidden=\"true\"><span class=\"woocommerce-Price-amount amount\"><bdi><span class=\"woocommerce-Price-currencySymbol\" translate=\"no\">$<\/span>14,990<\/bdi><\/span><\/ins><span class=\"screen-reader-text\">El precio actual es: $14,990.<\/span><\/span>\n                <\/div><!-- .xs-product-content END -->\n                <!--  show product meta if pd image in lef -->\n               <div class=\"xs-update-product-meta\">\n                   <ul class=\"xs-update-product-item-meta product-item-meta\">\n                       <li class=\"xs-cart-wrapper\">\n                                                          <a href=\"https:\/\/bodegaoutdoor.cl\/store\/product\/polera-dryfit-con-cierre-manga-larga-mujer\/\" aria-describedby=\"woocommerce_loop_add_to_cart_link_describedby_17055\" data-quantity=\"1\" class=\"button product_type_variable add_to_cart_button\" data-product_id=\"17055\" data-product_sku=\"\" aria-label=\"Elige las opciones para &ldquo;Polera DryFit con Cierre Manga Larga Mujer&rdquo;\" rel=\"nofollow\">Seleccionar opciones<\/a>    <span id=\"woocommerce_loop_add_to_cart_link_describedby_17055\" class=\"screen-reader-text\">\n        Este producto tiene m\u00faltiples variantes. Las opciones se pueden elegir en la p\u00e1gina de producto    <\/span>\n                                                  <\/li>\n                       <li><a href=\"#\" data-toggle=\"modal\" data-target=\".xs-quick-view-modal-69851-1\"><i class=\"xsicon xsicon-eye\"><\/i><\/a><\/li>\n                                                  <li class=\"xs-wishlist-wrapper xs-wishlist\">\n                               \n<div\n\tclass=\"yith-wcwl-add-to-wishlist add-to-wishlist-17055 yith-wcwl-add-to-wishlist--link-style wishlist-fragment on-first-load\"\n\tdata-fragment-ref=\"17055\"\n\tdata-fragment-options=\"{&quot;base_url&quot;:&quot;&quot;,&quot;product_id&quot;:17055,&quot;parent_product_id&quot;:0,&quot;product_type&quot;:&quot;variable&quot;,&quot;is_single&quot;:false,&quot;in_default_wishlist&quot;:false,&quot;show_view&quot;:false,&quot;browse_wishlist_text&quot;:&quot;Lista Deseos&quot;,&quot;already_in_wishslist_text&quot;:&quot;The producto esta Agregado!&quot;,&quot;product_added_text&quot;:&quot;Producto Agregado!&quot;,&quot;available_multi_wishlist&quot;:false,&quot;disable_wishlist&quot;:false,&quot;show_count&quot;:false,&quot;ajax_loading&quot;:false,&quot;loop_position&quot;:&quot;after_add_to_cart&quot;,&quot;item&quot;:&quot;add_to_wishlist&quot;}\"\n>\n\t\t\t\n\t\t\t<!-- ADD TO WISHLIST -->\n\t\t\t\n<div class=\"yith-wcwl-add-button\">\n\t\t<a\n\t\thref=\"?add_to_wishlist=17055&#038;_wpnonce=98056c7fc2\"\n\t\tclass=\"add_to_wishlist single_add_to_wishlist\"\n\t\tdata-product-id=\"17055\"\n\t\tdata-product-type=\"variable\"\n\t\tdata-original-product-id=\"0\"\n\t\tdata-title=\"Lista Deseos\"\n\t\trel=\"nofollow\"\n\t>\n\t\t<svg id=\"yith-wcwl-icon-heart-outline\" class=\"yith-wcwl-icon-svg\" fill=\"none\" stroke-width=\"1.5\" stroke=\"currentColor\" viewbox=\"0 0 24 24\" xmlns=\"http:\/\/www.w3.org\/2000\/svg\">\n  <path stroke-linecap=\"round\" stroke-linejoin=\"round\" d=\"M21 8.25c0-2.485-2.099-4.5-4.688-4.5-1.935 0-3.597 1.126-4.312 2.733-.715-1.607-2.377-2.733-4.313-2.733C5.1 3.75 3 5.765 3 8.25c0 7.22 9 12 9 12s9-4.78 9-12Z\"><\/path>\n<\/svg>\t\t<span>Lista Deseos<\/span>\n\t<\/a>\n<\/div>\n\n\t\t\t<!-- COUNT TEXT -->\n\t\t\t\n\t\t\t<\/div>\n                           <\/li>\n                                          <\/ul>\n               <\/div>\n                   <div class=\"woocommerce xs-modal xs-modal-quick-view xs-quick-view-modal-17055 modal fade\" tabindex=\"-1\" role=\"dialog\" aria-hidden=\"true\">\n    <div class=\"modal-dialog\" role=\"document\">\n        <div class=\"modal-content\">\n            <button type=\"button\" class=\"close\" data-dismiss=\"modal\" aria-label=\"Close\">\n                <span class=\"xsicon xsicon-cross\"><\/span>\n            <\/button>\n            <div class=\"container\">\n                <div class=\"row\">\n                    <div class=\"col-md-6\">\n                        <div class=\"images\">\n                                                        <img loading=\"lazy\" decoding=\"async\" width=\"510\" height=\"510\" src=\"https:\/\/bodegaoutdoor.cl\/store\/wp-content\/uploads\/2020\/09\/VERDE-7-510x510-1.jpg\" class=\"attachment-full size-full\" alt=\"Polera DryFit con Cierre Manga Larga Mujer\" srcset=\"https:\/\/bodegaoutdoor.cl\/store\/wp-content\/uploads\/2020\/09\/VERDE-7-510x510-1.jpg 510w, https:\/\/bodegaoutdoor.cl\/store\/wp-content\/uploads\/2020\/09\/VERDE-7-510x510-1-300x300.jpg 300w, https:\/\/bodegaoutdoor.cl\/store\/wp-content\/uploads\/2020\/09\/VERDE-7-510x510-1-100x100.jpg 100w, https:\/\/bodegaoutdoor.cl\/store\/wp-content\/uploads\/2020\/09\/VERDE-7-510x510-1-150x150.jpg 150w\" sizes=\"(max-width: 510px) 100vw, 510px\" \/>                                                <\/div>\n                    <\/div>\n                    <div class=\"col-md-6 align-self-center\">\n                        <div class=\"summary-content entry-summary\">\n                            <h2 class=\"product_title entry-title\">Polera DryFit con Cierre Manga Larga Mujer<\/h2><div class=\"product_meta\">\n\n\t\n\t\n\t\t<span class=\"sku_wrapper\">SKU: <span class=\"sku\">N\/D<\/span><\/span>\n\n\t\n\t<span class=\"posted_in\">Categor\u00eda: <a href=\"https:\/\/bodegaoutdoor.cl\/store\/product-category\/vestuario-hombre\/hombre-primera\/\" rel=\"tag\">Primera Capa Hombre<\/a><\/span>\n\t\n\t\n<\/div>\n<p class=\"price\"><del aria-hidden=\"true\"><span class=\"woocommerce-Price-amount amount\"><bdi><span class=\"woocommerce-Price-currencySymbol\" translate=\"no\">$<\/span>19,990<\/bdi><\/span><\/del> <span class=\"screen-reader-text\">El precio original era: $19,990.<\/span><ins aria-hidden=\"true\"><span class=\"woocommerce-Price-amount amount\"><bdi><span class=\"woocommerce-Price-currencySymbol\" translate=\"no\">$<\/span>14,990<\/bdi><\/span><\/ins><span class=\"screen-reader-text\">El precio actual es: $14,990.<\/span><\/p>\n\r\n        <form class=\"variations_form cart\" method=\"post\" enctype='multipart\/form-data' data-product_id=\"17055\" data-product_variations=\"[{&quot;attributes&quot;:{&quot;attribute_pa_6f6cb72d544962fa333e2e&quot;:&quot;xl&quot;,&quot;attribute_pa_color&quot;:&quot;verde&quot;},&quot;availability_html&quot;:&quot;&quot;,&quot;backorders_allowed&quot;:false,&quot;dimensions&quot;:{&quot;length&quot;:&quot;&quot;,&quot;width&quot;:&quot;&quot;,&quot;height&quot;:&quot;&quot;},&quot;dimensions_html&quot;:&quot;N\\\/D&quot;,&quot;display_price&quot;:14990,&quot;display_regular_price&quot;:19990,&quot;gallery_image_ids&quot;:[],&quot;gallery_images_html&quot;:&quot;&quot;,&quot;image&quot;:{&quot;title&quot;:&quot;VERDE-7-510x510&quot;,&quot;caption&quot;:&quot;&quot;,&quot;url&quot;:&quot;https:\\\/\\\/bodegaoutdoor.cl\\\/store\\\/wp-content\\\/uploads\\\/2020\\\/09\\\/VERDE-7-510x510-1.jpg&quot;,&quot;alt&quot;:&quot;VERDE-7-510x510&quot;,&quot;src&quot;:&quot;https:\\\/\\\/bodegaoutdoor.cl\\\/store\\\/wp-content\\\/uploads\\\/2020\\\/09\\\/VERDE-7-510x510-1.jpg&quot;,&quot;srcset&quot;:&quot;https:\\\/\\\/bodegaoutdoor.cl\\\/store\\\/wp-content\\\/uploads\\\/2020\\\/09\\\/VERDE-7-510x510-1.jpg 510w, https:\\\/\\\/bodegaoutdoor.cl\\\/store\\\/wp-content\\\/uploads\\\/2020\\\/09\\\/VERDE-7-510x510-1-300x300.jpg 300w, https:\\\/\\\/bodegaoutdoor.cl\\\/store\\\/wp-content\\\/uploads\\\/2020\\\/09\\\/VERDE-7-510x510-1-100x100.jpg 100w, https:\\\/\\\/bodegaoutdoor.cl\\\/store\\\/wp-content\\\/uploads\\\/2020\\\/09\\\/VERDE-7-510x510-1-150x150.jpg 150w&quot;,&quot;sizes&quot;:&quot;(max-width: 510px) 100vw, 510px&quot;,&quot;full_src&quot;:&quot;https:\\\/\\\/bodegaoutdoor.cl\\\/store\\\/wp-content\\\/uploads\\\/2020\\\/09\\\/VERDE-7-510x510-1.jpg&quot;,&quot;full_src_w&quot;:510,&quot;full_src_h&quot;:510,&quot;gallery_thumbnail_src&quot;:&quot;https:\\\/\\\/bodegaoutdoor.cl\\\/store\\\/wp-content\\\/uploads\\\/2020\\\/09\\\/VERDE-7-510x510-1-100x100.jpg&quot;,&quot;gallery_thumbnail_src_w&quot;:100,&quot;gallery_thumbnail_src_h&quot;:100,&quot;thumb_src&quot;:&quot;https:\\\/\\\/bodegaoutdoor.cl\\\/store\\\/wp-content\\\/uploads\\\/2020\\\/09\\\/VERDE-7-510x510-1-300x300.jpg&quot;,&quot;thumb_src_w&quot;:300,&quot;thumb_src_h&quot;:300,&quot;src_w&quot;:510,&quot;src_h&quot;:510},&quot;image_id&quot;:17079,&quot;is_downloadable&quot;:false,&quot;is_in_stock&quot;:true,&quot;is_purchasable&quot;:true,&quot;is_sold_individually&quot;:&quot;no&quot;,&quot;is_virtual&quot;:false,&quot;max_qty&quot;:&quot;&quot;,&quot;min_qty&quot;:1,&quot;price_html&quot;:&quot;&quot;,&quot;sku&quot;:&quot;&quot;,&quot;variation_description&quot;:&quot;&quot;,&quot;variation_id&quot;:17095,&quot;variation_is_active&quot;:true,&quot;variation_is_visible&quot;:true,&quot;weight&quot;:&quot;&quot;,&quot;weight_html&quot;:&quot;N\\\/D&quot;},{&quot;attributes&quot;:{&quot;attribute_pa_6f6cb72d544962fa333e2e&quot;:&quot;l&quot;,&quot;attribute_pa_color&quot;:&quot;verde&quot;},&quot;availability_html&quot;:&quot;&quot;,&quot;backorders_allowed&quot;:false,&quot;dimensions&quot;:{&quot;length&quot;:&quot;&quot;,&quot;width&quot;:&quot;&quot;,&quot;height&quot;:&quot;&quot;},&quot;dimensions_html&quot;:&quot;N\\\/D&quot;,&quot;display_price&quot;:14990,&quot;display_regular_price&quot;:19990,&quot;gallery_image_ids&quot;:[],&quot;gallery_images_html&quot;:&quot;&quot;,&quot;image&quot;:{&quot;title&quot;:&quot;VERDE-7-510x510&quot;,&quot;caption&quot;:&quot;&quot;,&quot;url&quot;:&quot;https:\\\/\\\/bodegaoutdoor.cl\\\/store\\\/wp-content\\\/uploads\\\/2020\\\/09\\\/VERDE-7-510x510-1.jpg&quot;,&quot;alt&quot;:&quot;VERDE-7-510x510&quot;,&quot;src&quot;:&quot;https:\\\/\\\/bodegaoutdoor.cl\\\/store\\\/wp-content\\\/uploads\\\/2020\\\/09\\\/VERDE-7-510x510-1.jpg&quot;,&quot;srcset&quot;:&quot;https:\\\/\\\/bodegaoutdoor.cl\\\/store\\\/wp-content\\\/uploads\\\/2020\\\/09\\\/VERDE-7-510x510-1.jpg 510w, https:\\\/\\\/bodegaoutdoor.cl\\\/store\\\/wp-content\\\/uploads\\\/2020\\\/09\\\/VERDE-7-510x510-1-300x300.jpg 300w, https:\\\/\\\/bodegaoutdoor.cl\\\/store\\\/wp-content\\\/uploads\\\/2020\\\/09\\\/VERDE-7-510x510-1-100x100.jpg 100w, https:\\\/\\\/bodegaoutdoor.cl\\\/store\\\/wp-content\\\/uploads\\\/2020\\\/09\\\/VERDE-7-510x510-1-150x150.jpg 150w&quot;,&quot;sizes&quot;:&quot;(max-width: 510px) 100vw, 510px&quot;,&quot;full_src&quot;:&quot;https:\\\/\\\/bodegaoutdoor.cl\\\/store\\\/wp-content\\\/uploads\\\/2020\\\/09\\\/VERDE-7-510x510-1.jpg&quot;,&quot;full_src_w&quot;:510,&quot;full_src_h&quot;:510,&quot;gallery_thumbnail_src&quot;:&quot;https:\\\/\\\/bodegaoutdoor.cl\\\/store\\\/wp-content\\\/uploads\\\/2020\\\/09\\\/VERDE-7-510x510-1-100x100.jpg&quot;,&quot;gallery_thumbnail_src_w&quot;:100,&quot;gallery_thumbnail_src_h&quot;:100,&quot;thumb_src&quot;:&quot;https:\\\/\\\/bodegaoutdoor.cl\\\/store\\\/wp-content\\\/uploads\\\/2020\\\/09\\\/VERDE-7-510x510-1-300x300.jpg&quot;,&quot;thumb_src_w&quot;:300,&quot;thumb_src_h&quot;:300,&quot;src_w&quot;:510,&quot;src_h&quot;:510},&quot;image_id&quot;:17079,&quot;is_downloadable&quot;:false,&quot;is_in_stock&quot;:true,&quot;is_purchasable&quot;:true,&quot;is_sold_individually&quot;:&quot;no&quot;,&quot;is_virtual&quot;:false,&quot;max_qty&quot;:&quot;&quot;,&quot;min_qty&quot;:1,&quot;price_html&quot;:&quot;&quot;,&quot;sku&quot;:&quot;&quot;,&quot;variation_description&quot;:&quot;&quot;,&quot;variation_id&quot;:17096,&quot;variation_is_active&quot;:true,&quot;variation_is_visible&quot;:true,&quot;weight&quot;:&quot;&quot;,&quot;weight_html&quot;:&quot;N\\\/D&quot;},{&quot;attributes&quot;:{&quot;attribute_pa_6f6cb72d544962fa333e2e&quot;:&quot;m&quot;,&quot;attribute_pa_color&quot;:&quot;verde&quot;},&quot;availability_html&quot;:&quot;&quot;,&quot;backorders_allowed&quot;:false,&quot;dimensions&quot;:{&quot;length&quot;:&quot;&quot;,&quot;width&quot;:&quot;&quot;,&quot;height&quot;:&quot;&quot;},&quot;dimensions_html&quot;:&quot;N\\\/D&quot;,&quot;display_price&quot;:14990,&quot;display_regular_price&quot;:19990,&quot;gallery_image_ids&quot;:[],&quot;gallery_images_html&quot;:&quot;&quot;,&quot;image&quot;:{&quot;title&quot;:&quot;VERDE-7-510x510&quot;,&quot;caption&quot;:&quot;&quot;,&quot;url&quot;:&quot;https:\\\/\\\/bodegaoutdoor.cl\\\/store\\\/wp-content\\\/uploads\\\/2020\\\/09\\\/VERDE-7-510x510-1.jpg&quot;,&quot;alt&quot;:&quot;VERDE-7-510x510&quot;,&quot;src&quot;:&quot;https:\\\/\\\/bodegaoutdoor.cl\\\/store\\\/wp-content\\\/uploads\\\/2020\\\/09\\\/VERDE-7-510x510-1.jpg&quot;,&quot;srcset&quot;:&quot;https:\\\/\\\/bodegaoutdoor.cl\\\/store\\\/wp-content\\\/uploads\\\/2020\\\/09\\\/VERDE-7-510x510-1.jpg 510w, https:\\\/\\\/bodegaoutdoor.cl\\\/store\\\/wp-content\\\/uploads\\\/2020\\\/09\\\/VERDE-7-510x510-1-300x300.jpg 300w, https:\\\/\\\/bodegaoutdoor.cl\\\/store\\\/wp-content\\\/uploads\\\/2020\\\/09\\\/VERDE-7-510x510-1-100x100.jpg 100w, https:\\\/\\\/bodegaoutdoor.cl\\\/store\\\/wp-content\\\/uploads\\\/2020\\\/09\\\/VERDE-7-510x510-1-150x150.jpg 150w&quot;,&quot;sizes&quot;:&quot;(max-width: 510px) 100vw, 510px&quot;,&quot;full_src&quot;:&quot;https:\\\/\\\/bodegaoutdoor.cl\\\/store\\\/wp-content\\\/uploads\\\/2020\\\/09\\\/VERDE-7-510x510-1.jpg&quot;,&quot;full_src_w&quot;:510,&quot;full_src_h&quot;:510,&quot;gallery_thumbnail_src&quot;:&quot;https:\\\/\\\/bodegaoutdoor.cl\\\/store\\\/wp-content\\\/uploads\\\/2020\\\/09\\\/VERDE-7-510x510-1-100x100.jpg&quot;,&quot;gallery_thumbnail_src_w&quot;:100,&quot;gallery_thumbnail_src_h&quot;:100,&quot;thumb_src&quot;:&quot;https:\\\/\\\/bodegaoutdoor.cl\\\/store\\\/wp-content\\\/uploads\\\/2020\\\/09\\\/VERDE-7-510x510-1-300x300.jpg&quot;,&quot;thumb_src_w&quot;:300,&quot;thumb_src_h&quot;:300,&quot;src_w&quot;:510,&quot;src_h&quot;:510},&quot;image_id&quot;:17079,&quot;is_downloadable&quot;:false,&quot;is_in_stock&quot;:true,&quot;is_purchasable&quot;:true,&quot;is_sold_individually&quot;:&quot;no&quot;,&quot;is_virtual&quot;:false,&quot;max_qty&quot;:&quot;&quot;,&quot;min_qty&quot;:1,&quot;price_html&quot;:&quot;&quot;,&quot;sku&quot;:&quot;&quot;,&quot;variation_description&quot;:&quot;&quot;,&quot;variation_id&quot;:17097,&quot;variation_is_active&quot;:true,&quot;variation_is_visible&quot;:true,&quot;weight&quot;:&quot;&quot;,&quot;weight_html&quot;:&quot;N\\\/D&quot;},{&quot;attributes&quot;:{&quot;attribute_pa_6f6cb72d544962fa333e2e&quot;:&quot;s&quot;,&quot;attribute_pa_color&quot;:&quot;verde&quot;},&quot;availability_html&quot;:&quot;&quot;,&quot;backorders_allowed&quot;:false,&quot;dimensions&quot;:{&quot;length&quot;:&quot;&quot;,&quot;width&quot;:&quot;&quot;,&quot;height&quot;:&quot;&quot;},&quot;dimensions_html&quot;:&quot;N\\\/D&quot;,&quot;display_price&quot;:14990,&quot;display_regular_price&quot;:19990,&quot;gallery_image_ids&quot;:[],&quot;gallery_images_html&quot;:&quot;&quot;,&quot;image&quot;:{&quot;title&quot;:&quot;VERDE-7-510x510&quot;,&quot;caption&quot;:&quot;&quot;,&quot;url&quot;:&quot;https:\\\/\\\/bodegaoutdoor.cl\\\/store\\\/wp-content\\\/uploads\\\/2020\\\/09\\\/VERDE-7-510x510-1.jpg&quot;,&quot;alt&quot;:&quot;VERDE-7-510x510&quot;,&quot;src&quot;:&quot;https:\\\/\\\/bodegaoutdoor.cl\\\/store\\\/wp-content\\\/uploads\\\/2020\\\/09\\\/VERDE-7-510x510-1.jpg&quot;,&quot;srcset&quot;:&quot;https:\\\/\\\/bodegaoutdoor.cl\\\/store\\\/wp-content\\\/uploads\\\/2020\\\/09\\\/VERDE-7-510x510-1.jpg 510w, https:\\\/\\\/bodegaoutdoor.cl\\\/store\\\/wp-content\\\/uploads\\\/2020\\\/09\\\/VERDE-7-510x510-1-300x300.jpg 300w, https:\\\/\\\/bodegaoutdoor.cl\\\/store\\\/wp-content\\\/uploads\\\/2020\\\/09\\\/VERDE-7-510x510-1-100x100.jpg 100w, https:\\\/\\\/bodegaoutdoor.cl\\\/store\\\/wp-content\\\/uploads\\\/2020\\\/09\\\/VERDE-7-510x510-1-150x150.jpg 150w&quot;,&quot;sizes&quot;:&quot;(max-width: 510px) 100vw, 510px&quot;,&quot;full_src&quot;:&quot;https:\\\/\\\/bodegaoutdoor.cl\\\/store\\\/wp-content\\\/uploads\\\/2020\\\/09\\\/VERDE-7-510x510-1.jpg&quot;,&quot;full_src_w&quot;:510,&quot;full_src_h&quot;:510,&quot;gallery_thumbnail_src&quot;:&quot;https:\\\/\\\/bodegaoutdoor.cl\\\/store\\\/wp-content\\\/uploads\\\/2020\\\/09\\\/VERDE-7-510x510-1-100x100.jpg&quot;,&quot;gallery_thumbnail_src_w&quot;:100,&quot;gallery_thumbnail_src_h&quot;:100,&quot;thumb_src&quot;:&quot;https:\\\/\\\/bodegaoutdoor.cl\\\/store\\\/wp-content\\\/uploads\\\/2020\\\/09\\\/VERDE-7-510x510-1-300x300.jpg&quot;,&quot;thumb_src_w&quot;:300,&quot;thumb_src_h&quot;:300,&quot;src_w&quot;:510,&quot;src_h&quot;:510},&quot;image_id&quot;:17079,&quot;is_downloadable&quot;:false,&quot;is_in_stock&quot;:true,&quot;is_purchasable&quot;:true,&quot;is_sold_individually&quot;:&quot;no&quot;,&quot;is_virtual&quot;:false,&quot;max_qty&quot;:&quot;&quot;,&quot;min_qty&quot;:1,&quot;price_html&quot;:&quot;&quot;,&quot;sku&quot;:&quot;&quot;,&quot;variation_description&quot;:&quot;&quot;,&quot;variation_id&quot;:17098,&quot;variation_is_active&quot;:true,&quot;variation_is_visible&quot;:true,&quot;weight&quot;:&quot;&quot;,&quot;weight_html&quot;:&quot;N\\\/D&quot;},{&quot;attributes&quot;:{&quot;attribute_pa_6f6cb72d544962fa333e2e&quot;:&quot;xs&quot;,&quot;attribute_pa_color&quot;:&quot;verde&quot;},&quot;availability_html&quot;:&quot;&quot;,&quot;backorders_allowed&quot;:false,&quot;dimensions&quot;:{&quot;length&quot;:&quot;&quot;,&quot;width&quot;:&quot;&quot;,&quot;height&quot;:&quot;&quot;},&quot;dimensions_html&quot;:&quot;N\\\/D&quot;,&quot;display_price&quot;:14990,&quot;display_regular_price&quot;:19990,&quot;gallery_image_ids&quot;:[],&quot;gallery_images_html&quot;:&quot;&quot;,&quot;image&quot;:{&quot;title&quot;:&quot;VERDE-7-510x510&quot;,&quot;caption&quot;:&quot;&quot;,&quot;url&quot;:&quot;https:\\\/\\\/bodegaoutdoor.cl\\\/store\\\/wp-content\\\/uploads\\\/2020\\\/09\\\/VERDE-7-510x510-1.jpg&quot;,&quot;alt&quot;:&quot;VERDE-7-510x510&quot;,&quot;src&quot;:&quot;https:\\\/\\\/bodegaoutdoor.cl\\\/store\\\/wp-content\\\/uploads\\\/2020\\\/09\\\/VERDE-7-510x510-1.jpg&quot;,&quot;srcset&quot;:&quot;https:\\\/\\\/bodegaoutdoor.cl\\\/store\\\/wp-content\\\/uploads\\\/2020\\\/09\\\/VERDE-7-510x510-1.jpg 510w, https:\\\/\\\/bodegaoutdoor.cl\\\/store\\\/wp-content\\\/uploads\\\/2020\\\/09\\\/VERDE-7-510x510-1-300x300.jpg 300w, https:\\\/\\\/bodegaoutdoor.cl\\\/store\\\/wp-content\\\/uploads\\\/2020\\\/09\\\/VERDE-7-510x510-1-100x100.jpg 100w, https:\\\/\\\/bodegaoutdoor.cl\\\/store\\\/wp-content\\\/uploads\\\/2020\\\/09\\\/VERDE-7-510x510-1-150x150.jpg 150w&quot;,&quot;sizes&quot;:&quot;(max-width: 510px) 100vw, 510px&quot;,&quot;full_src&quot;:&quot;https:\\\/\\\/bodegaoutdoor.cl\\\/store\\\/wp-content\\\/uploads\\\/2020\\\/09\\\/VERDE-7-510x510-1.jpg&quot;,&quot;full_src_w&quot;:510,&quot;full_src_h&quot;:510,&quot;gallery_thumbnail_src&quot;:&quot;https:\\\/\\\/bodegaoutdoor.cl\\\/store\\\/wp-content\\\/uploads\\\/2020\\\/09\\\/VERDE-7-510x510-1-100x100.jpg&quot;,&quot;gallery_thumbnail_src_w&quot;:100,&quot;gallery_thumbnail_src_h&quot;:100,&quot;thumb_src&quot;:&quot;https:\\\/\\\/bodegaoutdoor.cl\\\/store\\\/wp-content\\\/uploads\\\/2020\\\/09\\\/VERDE-7-510x510-1-300x300.jpg&quot;,&quot;thumb_src_w&quot;:300,&quot;thumb_src_h&quot;:300,&quot;src_w&quot;:510,&quot;src_h&quot;:510},&quot;image_id&quot;:17079,&quot;is_downloadable&quot;:false,&quot;is_in_stock&quot;:true,&quot;is_purchasable&quot;:true,&quot;is_sold_individually&quot;:&quot;no&quot;,&quot;is_virtual&quot;:false,&quot;max_qty&quot;:&quot;&quot;,&quot;min_qty&quot;:1,&quot;price_html&quot;:&quot;&quot;,&quot;sku&quot;:&quot;&quot;,&quot;variation_description&quot;:&quot;&quot;,&quot;variation_id&quot;:17099,&quot;variation_is_active&quot;:true,&quot;variation_is_visible&quot;:true,&quot;weight&quot;:&quot;&quot;,&quot;weight_html&quot;:&quot;N\\\/D&quot;},{&quot;attributes&quot;:{&quot;attribute_pa_6f6cb72d544962fa333e2e&quot;:&quot;xl&quot;,&quot;attribute_pa_color&quot;:&quot;azul&quot;},&quot;availability_html&quot;:&quot;&quot;,&quot;backorders_allowed&quot;:false,&quot;dimensions&quot;:{&quot;length&quot;:&quot;&quot;,&quot;width&quot;:&quot;&quot;,&quot;height&quot;:&quot;&quot;},&quot;dimensions_html&quot;:&quot;N\\\/D&quot;,&quot;display_price&quot;:14990,&quot;display_regular_price&quot;:19990,&quot;gallery_image_ids&quot;:[],&quot;gallery_images_html&quot;:&quot;&quot;,&quot;image&quot;:{&quot;title&quot;:&quot;polera-ml002-azul-510x510&quot;,&quot;caption&quot;:&quot;&quot;,&quot;url&quot;:&quot;https:\\\/\\\/bodegaoutdoor.cl\\\/store\\\/wp-content\\\/uploads\\\/2020\\\/09\\\/polera-ml002-azul-510x510-1.jpg&quot;,&quot;alt&quot;:&quot;polera-ml002-azul-510x510&quot;,&quot;src&quot;:&quot;https:\\\/\\\/bodegaoutdoor.cl\\\/store\\\/wp-content\\\/uploads\\\/2020\\\/09\\\/polera-ml002-azul-510x510-1.jpg&quot;,&quot;srcset&quot;:&quot;https:\\\/\\\/bodegaoutdoor.cl\\\/store\\\/wp-content\\\/uploads\\\/2020\\\/09\\\/polera-ml002-azul-510x510-1.jpg 510w, https:\\\/\\\/bodegaoutdoor.cl\\\/store\\\/wp-content\\\/uploads\\\/2020\\\/09\\\/polera-ml002-azul-510x510-1-300x300.jpg 300w, https:\\\/\\\/bodegaoutdoor.cl\\\/store\\\/wp-content\\\/uploads\\\/2020\\\/09\\\/polera-ml002-azul-510x510-1-100x100.jpg 100w, https:\\\/\\\/bodegaoutdoor.cl\\\/store\\\/wp-content\\\/uploads\\\/2020\\\/09\\\/polera-ml002-azul-510x510-1-150x150.jpg 150w&quot;,&quot;sizes&quot;:&quot;(max-width: 510px) 100vw, 510px&quot;,&quot;full_src&quot;:&quot;https:\\\/\\\/bodegaoutdoor.cl\\\/store\\\/wp-content\\\/uploads\\\/2020\\\/09\\\/polera-ml002-azul-510x510-1.jpg&quot;,&quot;full_src_w&quot;:510,&quot;full_src_h&quot;:510,&quot;gallery_thumbnail_src&quot;:&quot;https:\\\/\\\/bodegaoutdoor.cl\\\/store\\\/wp-content\\\/uploads\\\/2020\\\/09\\\/polera-ml002-azul-510x510-1-100x100.jpg&quot;,&quot;gallery_thumbnail_src_w&quot;:100,&quot;gallery_thumbnail_src_h&quot;:100,&quot;thumb_src&quot;:&quot;https:\\\/\\\/bodegaoutdoor.cl\\\/store\\\/wp-content\\\/uploads\\\/2020\\\/09\\\/polera-ml002-azul-510x510-1-300x300.jpg&quot;,&quot;thumb_src_w&quot;:300,&quot;thumb_src_h&quot;:300,&quot;src_w&quot;:510,&quot;src_h&quot;:510},&quot;image_id&quot;:17073,&quot;is_downloadable&quot;:false,&quot;is_in_stock&quot;:true,&quot;is_purchasable&quot;:true,&quot;is_sold_individually&quot;:&quot;no&quot;,&quot;is_virtual&quot;:false,&quot;max_qty&quot;:&quot;&quot;,&quot;min_qty&quot;:1,&quot;price_html&quot;:&quot;&quot;,&quot;sku&quot;:&quot;&quot;,&quot;variation_description&quot;:&quot;&quot;,&quot;variation_id&quot;:17090,&quot;variation_is_active&quot;:true,&quot;variation_is_visible&quot;:true,&quot;weight&quot;:&quot;&quot;,&quot;weight_html&quot;:&quot;N\\\/D&quot;},{&quot;attributes&quot;:{&quot;attribute_pa_6f6cb72d544962fa333e2e&quot;:&quot;l&quot;,&quot;attribute_pa_color&quot;:&quot;azul&quot;},&quot;availability_html&quot;:&quot;&quot;,&quot;backorders_allowed&quot;:false,&quot;dimensions&quot;:{&quot;length&quot;:&quot;&quot;,&quot;width&quot;:&quot;&quot;,&quot;height&quot;:&quot;&quot;},&quot;dimensions_html&quot;:&quot;N\\\/D&quot;,&quot;display_price&quot;:14990,&quot;display_regular_price&quot;:19990,&quot;gallery_image_ids&quot;:[],&quot;gallery_images_html&quot;:&quot;&quot;,&quot;image&quot;:{&quot;title&quot;:&quot;polera-ml002-azul-510x510&quot;,&quot;caption&quot;:&quot;&quot;,&quot;url&quot;:&quot;https:\\\/\\\/bodegaoutdoor.cl\\\/store\\\/wp-content\\\/uploads\\\/2020\\\/09\\\/polera-ml002-azul-510x510-1.jpg&quot;,&quot;alt&quot;:&quot;polera-ml002-azul-510x510&quot;,&quot;src&quot;:&quot;https:\\\/\\\/bodegaoutdoor.cl\\\/store\\\/wp-content\\\/uploads\\\/2020\\\/09\\\/polera-ml002-azul-510x510-1.jpg&quot;,&quot;srcset&quot;:&quot;https:\\\/\\\/bodegaoutdoor.cl\\\/store\\\/wp-content\\\/uploads\\\/2020\\\/09\\\/polera-ml002-azul-510x510-1.jpg 510w, https:\\\/\\\/bodegaoutdoor.cl\\\/store\\\/wp-content\\\/uploads\\\/2020\\\/09\\\/polera-ml002-azul-510x510-1-300x300.jpg 300w, https:\\\/\\\/bodegaoutdoor.cl\\\/store\\\/wp-content\\\/uploads\\\/2020\\\/09\\\/polera-ml002-azul-510x510-1-100x100.jpg 100w, https:\\\/\\\/bodegaoutdoor.cl\\\/store\\\/wp-content\\\/uploads\\\/2020\\\/09\\\/polera-ml002-azul-510x510-1-150x150.jpg 150w&quot;,&quot;sizes&quot;:&quot;(max-width: 510px) 100vw, 510px&quot;,&quot;full_src&quot;:&quot;https:\\\/\\\/bodegaoutdoor.cl\\\/store\\\/wp-content\\\/uploads\\\/2020\\\/09\\\/polera-ml002-azul-510x510-1.jpg&quot;,&quot;full_src_w&quot;:510,&quot;full_src_h&quot;:510,&quot;gallery_thumbnail_src&quot;:&quot;https:\\\/\\\/bodegaoutdoor.cl\\\/store\\\/wp-content\\\/uploads\\\/2020\\\/09\\\/polera-ml002-azul-510x510-1-100x100.jpg&quot;,&quot;gallery_thumbnail_src_w&quot;:100,&quot;gallery_thumbnail_src_h&quot;:100,&quot;thumb_src&quot;:&quot;https:\\\/\\\/bodegaoutdoor.cl\\\/store\\\/wp-content\\\/uploads\\\/2020\\\/09\\\/polera-ml002-azul-510x510-1-300x300.jpg&quot;,&quot;thumb_src_w&quot;:300,&quot;thumb_src_h&quot;:300,&quot;src_w&quot;:510,&quot;src_h&quot;:510},&quot;image_id&quot;:17073,&quot;is_downloadable&quot;:false,&quot;is_in_stock&quot;:true,&quot;is_purchasable&quot;:true,&quot;is_sold_individually&quot;:&quot;no&quot;,&quot;is_virtual&quot;:false,&quot;max_qty&quot;:&quot;&quot;,&quot;min_qty&quot;:1,&quot;price_html&quot;:&quot;&quot;,&quot;sku&quot;:&quot;&quot;,&quot;variation_description&quot;:&quot;&quot;,&quot;variation_id&quot;:17091,&quot;variation_is_active&quot;:true,&quot;variation_is_visible&quot;:true,&quot;weight&quot;:&quot;&quot;,&quot;weight_html&quot;:&quot;N\\\/D&quot;},{&quot;attributes&quot;:{&quot;attribute_pa_6f6cb72d544962fa333e2e&quot;:&quot;m&quot;,&quot;attribute_pa_color&quot;:&quot;azul&quot;},&quot;availability_html&quot;:&quot;&quot;,&quot;backorders_allowed&quot;:false,&quot;dimensions&quot;:{&quot;length&quot;:&quot;&quot;,&quot;width&quot;:&quot;&quot;,&quot;height&quot;:&quot;&quot;},&quot;dimensions_html&quot;:&quot;N\\\/D&quot;,&quot;display_price&quot;:14990,&quot;display_regular_price&quot;:19990,&quot;gallery_image_ids&quot;:[],&quot;gallery_images_html&quot;:&quot;&quot;,&quot;image&quot;:{&quot;title&quot;:&quot;polera-ml002-azul-510x510&quot;,&quot;caption&quot;:&quot;&quot;,&quot;url&quot;:&quot;https:\\\/\\\/bodegaoutdoor.cl\\\/store\\\/wp-content\\\/uploads\\\/2020\\\/09\\\/polera-ml002-azul-510x510-1.jpg&quot;,&quot;alt&quot;:&quot;polera-ml002-azul-510x510&quot;,&quot;src&quot;:&quot;https:\\\/\\\/bodegaoutdoor.cl\\\/store\\\/wp-content\\\/uploads\\\/2020\\\/09\\\/polera-ml002-azul-510x510-1.jpg&quot;,&quot;srcset&quot;:&quot;https:\\\/\\\/bodegaoutdoor.cl\\\/store\\\/wp-content\\\/uploads\\\/2020\\\/09\\\/polera-ml002-azul-510x510-1.jpg 510w, https:\\\/\\\/bodegaoutdoor.cl\\\/store\\\/wp-content\\\/uploads\\\/2020\\\/09\\\/polera-ml002-azul-510x510-1-300x300.jpg 300w, https:\\\/\\\/bodegaoutdoor.cl\\\/store\\\/wp-content\\\/uploads\\\/2020\\\/09\\\/polera-ml002-azul-510x510-1-100x100.jpg 100w, https:\\\/\\\/bodegaoutdoor.cl\\\/store\\\/wp-content\\\/uploads\\\/2020\\\/09\\\/polera-ml002-azul-510x510-1-150x150.jpg 150w&quot;,&quot;sizes&quot;:&quot;(max-width: 510px) 100vw, 510px&quot;,&quot;full_src&quot;:&quot;https:\\\/\\\/bodegaoutdoor.cl\\\/store\\\/wp-content\\\/uploads\\\/2020\\\/09\\\/polera-ml002-azul-510x510-1.jpg&quot;,&quot;full_src_w&quot;:510,&quot;full_src_h&quot;:510,&quot;gallery_thumbnail_src&quot;:&quot;https:\\\/\\\/bodegaoutdoor.cl\\\/store\\\/wp-content\\\/uploads\\\/2020\\\/09\\\/polera-ml002-azul-510x510-1-100x100.jpg&quot;,&quot;gallery_thumbnail_src_w&quot;:100,&quot;gallery_thumbnail_src_h&quot;:100,&quot;thumb_src&quot;:&quot;https:\\\/\\\/bodegaoutdoor.cl\\\/store\\\/wp-content\\\/uploads\\\/2020\\\/09\\\/polera-ml002-azul-510x510-1-300x300.jpg&quot;,&quot;thumb_src_w&quot;:300,&quot;thumb_src_h&quot;:300,&quot;src_w&quot;:510,&quot;src_h&quot;:510},&quot;image_id&quot;:17073,&quot;is_downloadable&quot;:false,&quot;is_in_stock&quot;:true,&quot;is_purchasable&quot;:true,&quot;is_sold_individually&quot;:&quot;no&quot;,&quot;is_virtual&quot;:false,&quot;max_qty&quot;:&quot;&quot;,&quot;min_qty&quot;:1,&quot;price_html&quot;:&quot;&quot;,&quot;sku&quot;:&quot;&quot;,&quot;variation_description&quot;:&quot;&quot;,&quot;variation_id&quot;:17092,&quot;variation_is_active&quot;:true,&quot;variation_is_visible&quot;:true,&quot;weight&quot;:&quot;&quot;,&quot;weight_html&quot;:&quot;N\\\/D&quot;},{&quot;attributes&quot;:{&quot;attribute_pa_6f6cb72d544962fa333e2e&quot;:&quot;s&quot;,&quot;attribute_pa_color&quot;:&quot;azul&quot;},&quot;availability_html&quot;:&quot;&quot;,&quot;backorders_allowed&quot;:false,&quot;dimensions&quot;:{&quot;length&quot;:&quot;&quot;,&quot;width&quot;:&quot;&quot;,&quot;height&quot;:&quot;&quot;},&quot;dimensions_html&quot;:&quot;N\\\/D&quot;,&quot;display_price&quot;:14990,&quot;display_regular_price&quot;:19990,&quot;gallery_image_ids&quot;:[],&quot;gallery_images_html&quot;:&quot;&quot;,&quot;image&quot;:{&quot;title&quot;:&quot;polera-ml002-azul-510x510&quot;,&quot;caption&quot;:&quot;&quot;,&quot;url&quot;:&quot;https:\\\/\\\/bodegaoutdoor.cl\\\/store\\\/wp-content\\\/uploads\\\/2020\\\/09\\\/polera-ml002-azul-510x510-1.jpg&quot;,&quot;alt&quot;:&quot;polera-ml002-azul-510x510&quot;,&quot;src&quot;:&quot;https:\\\/\\\/bodegaoutdoor.cl\\\/store\\\/wp-content\\\/uploads\\\/2020\\\/09\\\/polera-ml002-azul-510x510-1.jpg&quot;,&quot;srcset&quot;:&quot;https:\\\/\\\/bodegaoutdoor.cl\\\/store\\\/wp-content\\\/uploads\\\/2020\\\/09\\\/polera-ml002-azul-510x510-1.jpg 510w, https:\\\/\\\/bodegaoutdoor.cl\\\/store\\\/wp-content\\\/uploads\\\/2020\\\/09\\\/polera-ml002-azul-510x510-1-300x300.jpg 300w, https:\\\/\\\/bodegaoutdoor.cl\\\/store\\\/wp-content\\\/uploads\\\/2020\\\/09\\\/polera-ml002-azul-510x510-1-100x100.jpg 100w, https:\\\/\\\/bodegaoutdoor.cl\\\/store\\\/wp-content\\\/uploads\\\/2020\\\/09\\\/polera-ml002-azul-510x510-1-150x150.jpg 150w&quot;,&quot;sizes&quot;:&quot;(max-width: 510px) 100vw, 510px&quot;,&quot;full_src&quot;:&quot;https:\\\/\\\/bodegaoutdoor.cl\\\/store\\\/wp-content\\\/uploads\\\/2020\\\/09\\\/polera-ml002-azul-510x510-1.jpg&quot;,&quot;full_src_w&quot;:510,&quot;full_src_h&quot;:510,&quot;gallery_thumbnail_src&quot;:&quot;https:\\\/\\\/bodegaoutdoor.cl\\\/store\\\/wp-content\\\/uploads\\\/2020\\\/09\\\/polera-ml002-azul-510x510-1-100x100.jpg&quot;,&quot;gallery_thumbnail_src_w&quot;:100,&quot;gallery_thumbnail_src_h&quot;:100,&quot;thumb_src&quot;:&quot;https:\\\/\\\/bodegaoutdoor.cl\\\/store\\\/wp-content\\\/uploads\\\/2020\\\/09\\\/polera-ml002-azul-510x510-1-300x300.jpg&quot;,&quot;thumb_src_w&quot;:300,&quot;thumb_src_h&quot;:300,&quot;src_w&quot;:510,&quot;src_h&quot;:510},&quot;image_id&quot;:17073,&quot;is_downloadable&quot;:false,&quot;is_in_stock&quot;:true,&quot;is_purchasable&quot;:true,&quot;is_sold_individually&quot;:&quot;no&quot;,&quot;is_virtual&quot;:false,&quot;max_qty&quot;:&quot;&quot;,&quot;min_qty&quot;:1,&quot;price_html&quot;:&quot;&quot;,&quot;sku&quot;:&quot;&quot;,&quot;variation_description&quot;:&quot;&quot;,&quot;variation_id&quot;:17093,&quot;variation_is_active&quot;:true,&quot;variation_is_visible&quot;:true,&quot;weight&quot;:&quot;&quot;,&quot;weight_html&quot;:&quot;N\\\/D&quot;},{&quot;attributes&quot;:{&quot;attribute_pa_6f6cb72d544962fa333e2e&quot;:&quot;xl&quot;,&quot;attribute_pa_color&quot;:&quot;celeste&quot;},&quot;availability_html&quot;:&quot;&quot;,&quot;backorders_allowed&quot;:false,&quot;dimensions&quot;:{&quot;length&quot;:&quot;&quot;,&quot;width&quot;:&quot;&quot;,&quot;height&quot;:&quot;&quot;},&quot;dimensions_html&quot;:&quot;N\\\/D&quot;,&quot;display_price&quot;:14990,&quot;display_regular_price&quot;:19990,&quot;gallery_image_ids&quot;:[],&quot;gallery_images_html&quot;:&quot;&quot;,&quot;image&quot;:{&quot;title&quot;:&quot;polera-ml002-azulrey-510x510&quot;,&quot;caption&quot;:&quot;&quot;,&quot;url&quot;:&quot;https:\\\/\\\/bodegaoutdoor.cl\\\/store\\\/wp-content\\\/uploads\\\/2020\\\/09\\\/polera-ml002-azulrey-510x510-1.jpg&quot;,&quot;alt&quot;:&quot;polera-ml002-azulrey-510x510&quot;,&quot;src&quot;:&quot;https:\\\/\\\/bodegaoutdoor.cl\\\/store\\\/wp-content\\\/uploads\\\/2020\\\/09\\\/polera-ml002-azulrey-510x510-1.jpg&quot;,&quot;srcset&quot;:&quot;https:\\\/\\\/bodegaoutdoor.cl\\\/store\\\/wp-content\\\/uploads\\\/2020\\\/09\\\/polera-ml002-azulrey-510x510-1.jpg 510w, https:\\\/\\\/bodegaoutdoor.cl\\\/store\\\/wp-content\\\/uploads\\\/2020\\\/09\\\/polera-ml002-azulrey-510x510-1-300x300.jpg 300w, https:\\\/\\\/bodegaoutdoor.cl\\\/store\\\/wp-content\\\/uploads\\\/2020\\\/09\\\/polera-ml002-azulrey-510x510-1-100x100.jpg 100w, https:\\\/\\\/bodegaoutdoor.cl\\\/store\\\/wp-content\\\/uploads\\\/2020\\\/09\\\/polera-ml002-azulrey-510x510-1-150x150.jpg 150w&quot;,&quot;sizes&quot;:&quot;(max-width: 510px) 100vw, 510px&quot;,&quot;full_src&quot;:&quot;https:\\\/\\\/bodegaoutdoor.cl\\\/store\\\/wp-content\\\/uploads\\\/2020\\\/09\\\/polera-ml002-azulrey-510x510-1.jpg&quot;,&quot;full_src_w&quot;:510,&quot;full_src_h&quot;:510,&quot;gallery_thumbnail_src&quot;:&quot;https:\\\/\\\/bodegaoutdoor.cl\\\/store\\\/wp-content\\\/uploads\\\/2020\\\/09\\\/polera-ml002-azulrey-510x510-1-100x100.jpg&quot;,&quot;gallery_thumbnail_src_w&quot;:100,&quot;gallery_thumbnail_src_h&quot;:100,&quot;thumb_src&quot;:&quot;https:\\\/\\\/bodegaoutdoor.cl\\\/store\\\/wp-content\\\/uploads\\\/2020\\\/09\\\/polera-ml002-azulrey-510x510-1-300x300.jpg&quot;,&quot;thumb_src_w&quot;:300,&quot;thumb_src_h&quot;:300,&quot;src_w&quot;:510,&quot;src_h&quot;:510},&quot;image_id&quot;:17074,&quot;is_downloadable&quot;:false,&quot;is_in_stock&quot;:true,&quot;is_purchasable&quot;:true,&quot;is_sold_individually&quot;:&quot;no&quot;,&quot;is_virtual&quot;:false,&quot;max_qty&quot;:&quot;&quot;,&quot;min_qty&quot;:1,&quot;price_html&quot;:&quot;&quot;,&quot;sku&quot;:&quot;&quot;,&quot;variation_description&quot;:&quot;&quot;,&quot;variation_id&quot;:17080,&quot;variation_is_active&quot;:true,&quot;variation_is_visible&quot;:true,&quot;weight&quot;:&quot;&quot;,&quot;weight_html&quot;:&quot;N\\\/D&quot;},{&quot;attributes&quot;:{&quot;attribute_pa_6f6cb72d544962fa333e2e&quot;:&quot;l&quot;,&quot;attribute_pa_color&quot;:&quot;celeste&quot;},&quot;availability_html&quot;:&quot;&quot;,&quot;backorders_allowed&quot;:false,&quot;dimensions&quot;:{&quot;length&quot;:&quot;&quot;,&quot;width&quot;:&quot;&quot;,&quot;height&quot;:&quot;&quot;},&quot;dimensions_html&quot;:&quot;N\\\/D&quot;,&quot;display_price&quot;:14990,&quot;display_regular_price&quot;:19990,&quot;gallery_image_ids&quot;:[],&quot;gallery_images_html&quot;:&quot;&quot;,&quot;image&quot;:{&quot;title&quot;:&quot;polera-ml002-azulrey-510x510&quot;,&quot;caption&quot;:&quot;&quot;,&quot;url&quot;:&quot;https:\\\/\\\/bodegaoutdoor.cl\\\/store\\\/wp-content\\\/uploads\\\/2020\\\/09\\\/polera-ml002-azulrey-510x510-1.jpg&quot;,&quot;alt&quot;:&quot;polera-ml002-azulrey-510x510&quot;,&quot;src&quot;:&quot;https:\\\/\\\/bodegaoutdoor.cl\\\/store\\\/wp-content\\\/uploads\\\/2020\\\/09\\\/polera-ml002-azulrey-510x510-1.jpg&quot;,&quot;srcset&quot;:&quot;https:\\\/\\\/bodegaoutdoor.cl\\\/store\\\/wp-content\\\/uploads\\\/2020\\\/09\\\/polera-ml002-azulrey-510x510-1.jpg 510w, https:\\\/\\\/bodegaoutdoor.cl\\\/store\\\/wp-content\\\/uploads\\\/2020\\\/09\\\/polera-ml002-azulrey-510x510-1-300x300.jpg 300w, https:\\\/\\\/bodegaoutdoor.cl\\\/store\\\/wp-content\\\/uploads\\\/2020\\\/09\\\/polera-ml002-azulrey-510x510-1-100x100.jpg 100w, https:\\\/\\\/bodegaoutdoor.cl\\\/store\\\/wp-content\\\/uploads\\\/2020\\\/09\\\/polera-ml002-azulrey-510x510-1-150x150.jpg 150w&quot;,&quot;sizes&quot;:&quot;(max-width: 510px) 100vw, 510px&quot;,&quot;full_src&quot;:&quot;https:\\\/\\\/bodegaoutdoor.cl\\\/store\\\/wp-content\\\/uploads\\\/2020\\\/09\\\/polera-ml002-azulrey-510x510-1.jpg&quot;,&quot;full_src_w&quot;:510,&quot;full_src_h&quot;:510,&quot;gallery_thumbnail_src&quot;:&quot;https:\\\/\\\/bodegaoutdoor.cl\\\/store\\\/wp-content\\\/uploads\\\/2020\\\/09\\\/polera-ml002-azulrey-510x510-1-100x100.jpg&quot;,&quot;gallery_thumbnail_src_w&quot;:100,&quot;gallery_thumbnail_src_h&quot;:100,&quot;thumb_src&quot;:&quot;https:\\\/\\\/bodegaoutdoor.cl\\\/store\\\/wp-content\\\/uploads\\\/2020\\\/09\\\/polera-ml002-azulrey-510x510-1-300x300.jpg&quot;,&quot;thumb_src_w&quot;:300,&quot;thumb_src_h&quot;:300,&quot;src_w&quot;:510,&quot;src_h&quot;:510},&quot;image_id&quot;:17074,&quot;is_downloadable&quot;:false,&quot;is_in_stock&quot;:true,&quot;is_purchasable&quot;:true,&quot;is_sold_individually&quot;:&quot;no&quot;,&quot;is_virtual&quot;:false,&quot;max_qty&quot;:&quot;&quot;,&quot;min_qty&quot;:1,&quot;price_html&quot;:&quot;&quot;,&quot;sku&quot;:&quot;&quot;,&quot;variation_description&quot;:&quot;&quot;,&quot;variation_id&quot;:17081,&quot;variation_is_active&quot;:true,&quot;variation_is_visible&quot;:true,&quot;weight&quot;:&quot;&quot;,&quot;weight_html&quot;:&quot;N\\\/D&quot;},{&quot;attributes&quot;:{&quot;attribute_pa_6f6cb72d544962fa333e2e&quot;:&quot;m&quot;,&quot;attribute_pa_color&quot;:&quot;celeste&quot;},&quot;availability_html&quot;:&quot;&quot;,&quot;backorders_allowed&quot;:false,&quot;dimensions&quot;:{&quot;length&quot;:&quot;&quot;,&quot;width&quot;:&quot;&quot;,&quot;height&quot;:&quot;&quot;},&quot;dimensions_html&quot;:&quot;N\\\/D&quot;,&quot;display_price&quot;:14990,&quot;display_regular_price&quot;:19990,&quot;gallery_image_ids&quot;:[],&quot;gallery_images_html&quot;:&quot;&quot;,&quot;image&quot;:{&quot;title&quot;:&quot;polera-ml002-azulrey-510x510&quot;,&quot;caption&quot;:&quot;&quot;,&quot;url&quot;:&quot;https:\\\/\\\/bodegaoutdoor.cl\\\/store\\\/wp-content\\\/uploads\\\/2020\\\/09\\\/polera-ml002-azulrey-510x510-1.jpg&quot;,&quot;alt&quot;:&quot;polera-ml002-azulrey-510x510&quot;,&quot;src&quot;:&quot;https:\\\/\\\/bodegaoutdoor.cl\\\/store\\\/wp-content\\\/uploads\\\/2020\\\/09\\\/polera-ml002-azulrey-510x510-1.jpg&quot;,&quot;srcset&quot;:&quot;https:\\\/\\\/bodegaoutdoor.cl\\\/store\\\/wp-content\\\/uploads\\\/2020\\\/09\\\/polera-ml002-azulrey-510x510-1.jpg 510w, https:\\\/\\\/bodegaoutdoor.cl\\\/store\\\/wp-content\\\/uploads\\\/2020\\\/09\\\/polera-ml002-azulrey-510x510-1-300x300.jpg 300w, https:\\\/\\\/bodegaoutdoor.cl\\\/store\\\/wp-content\\\/uploads\\\/2020\\\/09\\\/polera-ml002-azulrey-510x510-1-100x100.jpg 100w, https:\\\/\\\/bodegaoutdoor.cl\\\/store\\\/wp-content\\\/uploads\\\/2020\\\/09\\\/polera-ml002-azulrey-510x510-1-150x150.jpg 150w&quot;,&quot;sizes&quot;:&quot;(max-width: 510px) 100vw, 510px&quot;,&quot;full_src&quot;:&quot;https:\\\/\\\/bodegaoutdoor.cl\\\/store\\\/wp-content\\\/uploads\\\/2020\\\/09\\\/polera-ml002-azulrey-510x510-1.jpg&quot;,&quot;full_src_w&quot;:510,&quot;full_src_h&quot;:510,&quot;gallery_thumbnail_src&quot;:&quot;https:\\\/\\\/bodegaoutdoor.cl\\\/store\\\/wp-content\\\/uploads\\\/2020\\\/09\\\/polera-ml002-azulrey-510x510-1-100x100.jpg&quot;,&quot;gallery_thumbnail_src_w&quot;:100,&quot;gallery_thumbnail_src_h&quot;:100,&quot;thumb_src&quot;:&quot;https:\\\/\\\/bodegaoutdoor.cl\\\/store\\\/wp-content\\\/uploads\\\/2020\\\/09\\\/polera-ml002-azulrey-510x510-1-300x300.jpg&quot;,&quot;thumb_src_w&quot;:300,&quot;thumb_src_h&quot;:300,&quot;src_w&quot;:510,&quot;src_h&quot;:510},&quot;image_id&quot;:17074,&quot;is_downloadable&quot;:false,&quot;is_in_stock&quot;:true,&quot;is_purchasable&quot;:true,&quot;is_sold_individually&quot;:&quot;no&quot;,&quot;is_virtual&quot;:false,&quot;max_qty&quot;:&quot;&quot;,&quot;min_qty&quot;:1,&quot;price_html&quot;:&quot;&quot;,&quot;sku&quot;:&quot;&quot;,&quot;variation_description&quot;:&quot;&quot;,&quot;variation_id&quot;:17082,&quot;variation_is_active&quot;:true,&quot;variation_is_visible&quot;:true,&quot;weight&quot;:&quot;&quot;,&quot;weight_html&quot;:&quot;N\\\/D&quot;},{&quot;attributes&quot;:{&quot;attribute_pa_6f6cb72d544962fa333e2e&quot;:&quot;s&quot;,&quot;attribute_pa_color&quot;:&quot;celeste&quot;},&quot;availability_html&quot;:&quot;&quot;,&quot;backorders_allowed&quot;:false,&quot;dimensions&quot;:{&quot;length&quot;:&quot;&quot;,&quot;width&quot;:&quot;&quot;,&quot;height&quot;:&quot;&quot;},&quot;dimensions_html&quot;:&quot;N\\\/D&quot;,&quot;display_price&quot;:14990,&quot;display_regular_price&quot;:19990,&quot;gallery_image_ids&quot;:[],&quot;gallery_images_html&quot;:&quot;&quot;,&quot;image&quot;:{&quot;title&quot;:&quot;polera-ml002-azulrey-510x510&quot;,&quot;caption&quot;:&quot;&quot;,&quot;url&quot;:&quot;https:\\\/\\\/bodegaoutdoor.cl\\\/store\\\/wp-content\\\/uploads\\\/2020\\\/09\\\/polera-ml002-azulrey-510x510-1.jpg&quot;,&quot;alt&quot;:&quot;polera-ml002-azulrey-510x510&quot;,&quot;src&quot;:&quot;https:\\\/\\\/bodegaoutdoor.cl\\\/store\\\/wp-content\\\/uploads\\\/2020\\\/09\\\/polera-ml002-azulrey-510x510-1.jpg&quot;,&quot;srcset&quot;:&quot;https:\\\/\\\/bodegaoutdoor.cl\\\/store\\\/wp-content\\\/uploads\\\/2020\\\/09\\\/polera-ml002-azulrey-510x510-1.jpg 510w, https:\\\/\\\/bodegaoutdoor.cl\\\/store\\\/wp-content\\\/uploads\\\/2020\\\/09\\\/polera-ml002-azulrey-510x510-1-300x300.jpg 300w, https:\\\/\\\/bodegaoutdoor.cl\\\/store\\\/wp-content\\\/uploads\\\/2020\\\/09\\\/polera-ml002-azulrey-510x510-1-100x100.jpg 100w, https:\\\/\\\/bodegaoutdoor.cl\\\/store\\\/wp-content\\\/uploads\\\/2020\\\/09\\\/polera-ml002-azulrey-510x510-1-150x150.jpg 150w&quot;,&quot;sizes&quot;:&quot;(max-width: 510px) 100vw, 510px&quot;,&quot;full_src&quot;:&quot;https:\\\/\\\/bodegaoutdoor.cl\\\/store\\\/wp-content\\\/uploads\\\/2020\\\/09\\\/polera-ml002-azulrey-510x510-1.jpg&quot;,&quot;full_src_w&quot;:510,&quot;full_src_h&quot;:510,&quot;gallery_thumbnail_src&quot;:&quot;https:\\\/\\\/bodegaoutdoor.cl\\\/store\\\/wp-content\\\/uploads\\\/2020\\\/09\\\/polera-ml002-azulrey-510x510-1-100x100.jpg&quot;,&quot;gallery_thumbnail_src_w&quot;:100,&quot;gallery_thumbnail_src_h&quot;:100,&quot;thumb_src&quot;:&quot;https:\\\/\\\/bodegaoutdoor.cl\\\/store\\\/wp-content\\\/uploads\\\/2020\\\/09\\\/polera-ml002-azulrey-510x510-1-300x300.jpg&quot;,&quot;thumb_src_w&quot;:300,&quot;thumb_src_h&quot;:300,&quot;src_w&quot;:510,&quot;src_h&quot;:510},&quot;image_id&quot;:17074,&quot;is_downloadable&quot;:false,&quot;is_in_stock&quot;:true,&quot;is_purchasable&quot;:true,&quot;is_sold_individually&quot;:&quot;no&quot;,&quot;is_virtual&quot;:false,&quot;max_qty&quot;:&quot;&quot;,&quot;min_qty&quot;:1,&quot;price_html&quot;:&quot;&quot;,&quot;sku&quot;:&quot;&quot;,&quot;variation_description&quot;:&quot;&quot;,&quot;variation_id&quot;:17083,&quot;variation_is_active&quot;:true,&quot;variation_is_visible&quot;:true,&quot;weight&quot;:&quot;&quot;,&quot;weight_html&quot;:&quot;N\\\/D&quot;},{&quot;attributes&quot;:{&quot;attribute_pa_6f6cb72d544962fa333e2e&quot;:&quot;xs&quot;,&quot;attribute_pa_color&quot;:&quot;celeste&quot;},&quot;availability_html&quot;:&quot;&quot;,&quot;backorders_allowed&quot;:false,&quot;dimensions&quot;:{&quot;length&quot;:&quot;&quot;,&quot;width&quot;:&quot;&quot;,&quot;height&quot;:&quot;&quot;},&quot;dimensions_html&quot;:&quot;N\\\/D&quot;,&quot;display_price&quot;:14990,&quot;display_regular_price&quot;:19990,&quot;gallery_image_ids&quot;:[],&quot;gallery_images_html&quot;:&quot;&quot;,&quot;image&quot;:{&quot;title&quot;:&quot;polera-ml002-azulrey-510x510&quot;,&quot;caption&quot;:&quot;&quot;,&quot;url&quot;:&quot;https:\\\/\\\/bodegaoutdoor.cl\\\/store\\\/wp-content\\\/uploads\\\/2020\\\/09\\\/polera-ml002-azulrey-510x510-1.jpg&quot;,&quot;alt&quot;:&quot;polera-ml002-azulrey-510x510&quot;,&quot;src&quot;:&quot;https:\\\/\\\/bodegaoutdoor.cl\\\/store\\\/wp-content\\\/uploads\\\/2020\\\/09\\\/polera-ml002-azulrey-510x510-1.jpg&quot;,&quot;srcset&quot;:&quot;https:\\\/\\\/bodegaoutdoor.cl\\\/store\\\/wp-content\\\/uploads\\\/2020\\\/09\\\/polera-ml002-azulrey-510x510-1.jpg 510w, https:\\\/\\\/bodegaoutdoor.cl\\\/store\\\/wp-content\\\/uploads\\\/2020\\\/09\\\/polera-ml002-azulrey-510x510-1-300x300.jpg 300w, https:\\\/\\\/bodegaoutdoor.cl\\\/store\\\/wp-content\\\/uploads\\\/2020\\\/09\\\/polera-ml002-azulrey-510x510-1-100x100.jpg 100w, https:\\\/\\\/bodegaoutdoor.cl\\\/store\\\/wp-content\\\/uploads\\\/2020\\\/09\\\/polera-ml002-azulrey-510x510-1-150x150.jpg 150w&quot;,&quot;sizes&quot;:&quot;(max-width: 510px) 100vw, 510px&quot;,&quot;full_src&quot;:&quot;https:\\\/\\\/bodegaoutdoor.cl\\\/store\\\/wp-content\\\/uploads\\\/2020\\\/09\\\/polera-ml002-azulrey-510x510-1.jpg&quot;,&quot;full_src_w&quot;:510,&quot;full_src_h&quot;:510,&quot;gallery_thumbnail_src&quot;:&quot;https:\\\/\\\/bodegaoutdoor.cl\\\/store\\\/wp-content\\\/uploads\\\/2020\\\/09\\\/polera-ml002-azulrey-510x510-1-100x100.jpg&quot;,&quot;gallery_thumbnail_src_w&quot;:100,&quot;gallery_thumbnail_src_h&quot;:100,&quot;thumb_src&quot;:&quot;https:\\\/\\\/bodegaoutdoor.cl\\\/store\\\/wp-content\\\/uploads\\\/2020\\\/09\\\/polera-ml002-azulrey-510x510-1-300x300.jpg&quot;,&quot;thumb_src_w&quot;:300,&quot;thumb_src_h&quot;:300,&quot;src_w&quot;:510,&quot;src_h&quot;:510},&quot;image_id&quot;:17074,&quot;is_downloadable&quot;:false,&quot;is_in_stock&quot;:true,&quot;is_purchasable&quot;:true,&quot;is_sold_individually&quot;:&quot;no&quot;,&quot;is_virtual&quot;:false,&quot;max_qty&quot;:&quot;&quot;,&quot;min_qty&quot;:1,&quot;price_html&quot;:&quot;&quot;,&quot;sku&quot;:&quot;&quot;,&quot;variation_description&quot;:&quot;&quot;,&quot;variation_id&quot;:17084,&quot;variation_is_active&quot;:true,&quot;variation_is_visible&quot;:true,&quot;weight&quot;:&quot;&quot;,&quot;weight_html&quot;:&quot;N\\\/D&quot;},{&quot;attributes&quot;:{&quot;attribute_pa_6f6cb72d544962fa333e2e&quot;:&quot;m&quot;,&quot;attribute_pa_color&quot;:&quot;negro&quot;},&quot;availability_html&quot;:&quot;&quot;,&quot;backorders_allowed&quot;:false,&quot;dimensions&quot;:{&quot;length&quot;:&quot;&quot;,&quot;width&quot;:&quot;&quot;,&quot;height&quot;:&quot;&quot;},&quot;dimensions_html&quot;:&quot;N\\\/D&quot;,&quot;display_price&quot;:14990,&quot;display_regular_price&quot;:19990,&quot;gallery_image_ids&quot;:[],&quot;gallery_images_html&quot;:&quot;&quot;,&quot;image&quot;:{&quot;title&quot;:&quot;grisoscuro-510x510&quot;,&quot;caption&quot;:&quot;&quot;,&quot;url&quot;:&quot;https:\\\/\\\/bodegaoutdoor.cl\\\/store\\\/wp-content\\\/uploads\\\/2020\\\/09\\\/grisoscuro-510x510-1.jpg&quot;,&quot;alt&quot;:&quot;grisoscuro-510x510&quot;,&quot;src&quot;:&quot;https:\\\/\\\/bodegaoutdoor.cl\\\/store\\\/wp-content\\\/uploads\\\/2020\\\/09\\\/grisoscuro-510x510-1.jpg&quot;,&quot;srcset&quot;:&quot;https:\\\/\\\/bodegaoutdoor.cl\\\/store\\\/wp-content\\\/uploads\\\/2020\\\/09\\\/grisoscuro-510x510-1.jpg 510w, https:\\\/\\\/bodegaoutdoor.cl\\\/store\\\/wp-content\\\/uploads\\\/2020\\\/09\\\/grisoscuro-510x510-1-300x300.jpg 300w, https:\\\/\\\/bodegaoutdoor.cl\\\/store\\\/wp-content\\\/uploads\\\/2020\\\/09\\\/grisoscuro-510x510-1-100x100.jpg 100w, https:\\\/\\\/bodegaoutdoor.cl\\\/store\\\/wp-content\\\/uploads\\\/2020\\\/09\\\/grisoscuro-510x510-1-150x150.jpg 150w&quot;,&quot;sizes&quot;:&quot;(max-width: 510px) 100vw, 510px&quot;,&quot;full_src&quot;:&quot;https:\\\/\\\/bodegaoutdoor.cl\\\/store\\\/wp-content\\\/uploads\\\/2020\\\/09\\\/grisoscuro-510x510-1.jpg&quot;,&quot;full_src_w&quot;:510,&quot;full_src_h&quot;:510,&quot;gallery_thumbnail_src&quot;:&quot;https:\\\/\\\/bodegaoutdoor.cl\\\/store\\\/wp-content\\\/uploads\\\/2020\\\/09\\\/grisoscuro-510x510-1-100x100.jpg&quot;,&quot;gallery_thumbnail_src_w&quot;:100,&quot;gallery_thumbnail_src_h&quot;:100,&quot;thumb_src&quot;:&quot;https:\\\/\\\/bodegaoutdoor.cl\\\/store\\\/wp-content\\\/uploads\\\/2020\\\/09\\\/grisoscuro-510x510-1-300x300.jpg&quot;,&quot;thumb_src_w&quot;:300,&quot;thumb_src_h&quot;:300,&quot;src_w&quot;:510,&quot;src_h&quot;:510},&quot;image_id&quot;:17072,&quot;is_downloadable&quot;:false,&quot;is_in_stock&quot;:true,&quot;is_purchasable&quot;:true,&quot;is_sold_individually&quot;:&quot;no&quot;,&quot;is_virtual&quot;:false,&quot;max_qty&quot;:&quot;&quot;,&quot;min_qty&quot;:1,&quot;price_html&quot;:&quot;&quot;,&quot;sku&quot;:&quot;&quot;,&quot;variation_description&quot;:&quot;&quot;,&quot;variation_id&quot;:17087,&quot;variation_is_active&quot;:true,&quot;variation_is_visible&quot;:true,&quot;weight&quot;:&quot;&quot;,&quot;weight_html&quot;:&quot;N\\\/D&quot;},{&quot;attributes&quot;:{&quot;attribute_pa_6f6cb72d544962fa333e2e&quot;:&quot;s&quot;,&quot;attribute_pa_color&quot;:&quot;negro&quot;},&quot;availability_html&quot;:&quot;&quot;,&quot;backorders_allowed&quot;:false,&quot;dimensions&quot;:{&quot;length&quot;:&quot;&quot;,&quot;width&quot;:&quot;&quot;,&quot;height&quot;:&quot;&quot;},&quot;dimensions_html&quot;:&quot;N\\\/D&quot;,&quot;display_price&quot;:14990,&quot;display_regular_price&quot;:19990,&quot;gallery_image_ids&quot;:[],&quot;gallery_images_html&quot;:&quot;&quot;,&quot;image&quot;:{&quot;title&quot;:&quot;grisoscuro-510x510&quot;,&quot;caption&quot;:&quot;&quot;,&quot;url&quot;:&quot;https:\\\/\\\/bodegaoutdoor.cl\\\/store\\\/wp-content\\\/uploads\\\/2020\\\/09\\\/grisoscuro-510x510-1.jpg&quot;,&quot;alt&quot;:&quot;grisoscuro-510x510&quot;,&quot;src&quot;:&quot;https:\\\/\\\/bodegaoutdoor.cl\\\/store\\\/wp-content\\\/uploads\\\/2020\\\/09\\\/grisoscuro-510x510-1.jpg&quot;,&quot;srcset&quot;:&quot;https:\\\/\\\/bodegaoutdoor.cl\\\/store\\\/wp-content\\\/uploads\\\/2020\\\/09\\\/grisoscuro-510x510-1.jpg 510w, https:\\\/\\\/bodegaoutdoor.cl\\\/store\\\/wp-content\\\/uploads\\\/2020\\\/09\\\/grisoscuro-510x510-1-300x300.jpg 300w, https:\\\/\\\/bodegaoutdoor.cl\\\/store\\\/wp-content\\\/uploads\\\/2020\\\/09\\\/grisoscuro-510x510-1-100x100.jpg 100w, https:\\\/\\\/bodegaoutdoor.cl\\\/store\\\/wp-content\\\/uploads\\\/2020\\\/09\\\/grisoscuro-510x510-1-150x150.jpg 150w&quot;,&quot;sizes&quot;:&quot;(max-width: 510px) 100vw, 510px&quot;,&quot;full_src&quot;:&quot;https:\\\/\\\/bodegaoutdoor.cl\\\/store\\\/wp-content\\\/uploads\\\/2020\\\/09\\\/grisoscuro-510x510-1.jpg&quot;,&quot;full_src_w&quot;:510,&quot;full_src_h&quot;:510,&quot;gallery_thumbnail_src&quot;:&quot;https:\\\/\\\/bodegaoutdoor.cl\\\/store\\\/wp-content\\\/uploads\\\/2020\\\/09\\\/grisoscuro-510x510-1-100x100.jpg&quot;,&quot;gallery_thumbnail_src_w&quot;:100,&quot;gallery_thumbnail_src_h&quot;:100,&quot;thumb_src&quot;:&quot;https:\\\/\\\/bodegaoutdoor.cl\\\/store\\\/wp-content\\\/uploads\\\/2020\\\/09\\\/grisoscuro-510x510-1-300x300.jpg&quot;,&quot;thumb_src_w&quot;:300,&quot;thumb_src_h&quot;:300,&quot;src_w&quot;:510,&quot;src_h&quot;:510},&quot;image_id&quot;:17072,&quot;is_downloadable&quot;:false,&quot;is_in_stock&quot;:true,&quot;is_purchasable&quot;:true,&quot;is_sold_individually&quot;:&quot;no&quot;,&quot;is_virtual&quot;:false,&quot;max_qty&quot;:&quot;&quot;,&quot;min_qty&quot;:1,&quot;price_html&quot;:&quot;&quot;,&quot;sku&quot;:&quot;&quot;,&quot;variation_description&quot;:&quot;&quot;,&quot;variation_id&quot;:17088,&quot;variation_is_active&quot;:true,&quot;variation_is_visible&quot;:true,&quot;weight&quot;:&quot;&quot;,&quot;weight_html&quot;:&quot;N\\\/D&quot;},{&quot;attributes&quot;:{&quot;attribute_pa_6f6cb72d544962fa333e2e&quot;:&quot;xs&quot;,&quot;attribute_pa_color&quot;:&quot;negro&quot;},&quot;availability_html&quot;:&quot;&quot;,&quot;backorders_allowed&quot;:false,&quot;dimensions&quot;:{&quot;length&quot;:&quot;&quot;,&quot;width&quot;:&quot;&quot;,&quot;height&quot;:&quot;&quot;},&quot;dimensions_html&quot;:&quot;N\\\/D&quot;,&quot;display_price&quot;:14990,&quot;display_regular_price&quot;:19990,&quot;gallery_image_ids&quot;:[],&quot;gallery_images_html&quot;:&quot;&quot;,&quot;image&quot;:{&quot;title&quot;:&quot;grisoscuro-510x510&quot;,&quot;caption&quot;:&quot;&quot;,&quot;url&quot;:&quot;https:\\\/\\\/bodegaoutdoor.cl\\\/store\\\/wp-content\\\/uploads\\\/2020\\\/09\\\/grisoscuro-510x510-1.jpg&quot;,&quot;alt&quot;:&quot;grisoscuro-510x510&quot;,&quot;src&quot;:&quot;https:\\\/\\\/bodegaoutdoor.cl\\\/store\\\/wp-content\\\/uploads\\\/2020\\\/09\\\/grisoscuro-510x510-1.jpg&quot;,&quot;srcset&quot;:&quot;https:\\\/\\\/bodegaoutdoor.cl\\\/store\\\/wp-content\\\/uploads\\\/2020\\\/09\\\/grisoscuro-510x510-1.jpg 510w, https:\\\/\\\/bodegaoutdoor.cl\\\/store\\\/wp-content\\\/uploads\\\/2020\\\/09\\\/grisoscuro-510x510-1-300x300.jpg 300w, https:\\\/\\\/bodegaoutdoor.cl\\\/store\\\/wp-content\\\/uploads\\\/2020\\\/09\\\/grisoscuro-510x510-1-100x100.jpg 100w, https:\\\/\\\/bodegaoutdoor.cl\\\/store\\\/wp-content\\\/uploads\\\/2020\\\/09\\\/grisoscuro-510x510-1-150x150.jpg 150w&quot;,&quot;sizes&quot;:&quot;(max-width: 510px) 100vw, 510px&quot;,&quot;full_src&quot;:&quot;https:\\\/\\\/bodegaoutdoor.cl\\\/store\\\/wp-content\\\/uploads\\\/2020\\\/09\\\/grisoscuro-510x510-1.jpg&quot;,&quot;full_src_w&quot;:510,&quot;full_src_h&quot;:510,&quot;gallery_thumbnail_src&quot;:&quot;https:\\\/\\\/bodegaoutdoor.cl\\\/store\\\/wp-content\\\/uploads\\\/2020\\\/09\\\/grisoscuro-510x510-1-100x100.jpg&quot;,&quot;gallery_thumbnail_src_w&quot;:100,&quot;gallery_thumbnail_src_h&quot;:100,&quot;thumb_src&quot;:&quot;https:\\\/\\\/bodegaoutdoor.cl\\\/store\\\/wp-content\\\/uploads\\\/2020\\\/09\\\/grisoscuro-510x510-1-300x300.jpg&quot;,&quot;thumb_src_w&quot;:300,&quot;thumb_src_h&quot;:300,&quot;src_w&quot;:510,&quot;src_h&quot;:510},&quot;image_id&quot;:17072,&quot;is_downloadable&quot;:false,&quot;is_in_stock&quot;:true,&quot;is_purchasable&quot;:true,&quot;is_sold_individually&quot;:&quot;no&quot;,&quot;is_virtual&quot;:false,&quot;max_qty&quot;:&quot;&quot;,&quot;min_qty&quot;:1,&quot;price_html&quot;:&quot;&quot;,&quot;sku&quot;:&quot;&quot;,&quot;variation_description&quot;:&quot;&quot;,&quot;variation_id&quot;:17089,&quot;variation_is_active&quot;:true,&quot;variation_is_visible&quot;:true,&quot;weight&quot;:&quot;&quot;,&quot;weight_html&quot;:&quot;N\\\/D&quot;},{&quot;attributes&quot;:{&quot;attribute_pa_6f6cb72d544962fa333e2e&quot;:&quot;xs&quot;,&quot;attribute_pa_color&quot;:&quot;turquesa&quot;},&quot;availability_html&quot;:&quot;&quot;,&quot;backorders_allowed&quot;:false,&quot;dimensions&quot;:{&quot;length&quot;:&quot;&quot;,&quot;width&quot;:&quot;&quot;,&quot;height&quot;:&quot;&quot;},&quot;dimensions_html&quot;:&quot;N\\\/D&quot;,&quot;display_price&quot;:14990,&quot;display_regular_price&quot;:19990,&quot;gallery_image_ids&quot;:[],&quot;gallery_images_html&quot;:&quot;&quot;,&quot;image&quot;:{&quot;title&quot;:&quot;TURQUESA-2-510x510&quot;,&quot;caption&quot;:&quot;&quot;,&quot;url&quot;:&quot;https:\\\/\\\/bodegaoutdoor.cl\\\/store\\\/wp-content\\\/uploads\\\/2020\\\/09\\\/TURQUESA-2-510x510-1.jpg&quot;,&quot;alt&quot;:&quot;TURQUESA-2-510x510&quot;,&quot;src&quot;:&quot;https:\\\/\\\/bodegaoutdoor.cl\\\/store\\\/wp-content\\\/uploads\\\/2020\\\/09\\\/TURQUESA-2-510x510-1.jpg&quot;,&quot;srcset&quot;:&quot;https:\\\/\\\/bodegaoutdoor.cl\\\/store\\\/wp-content\\\/uploads\\\/2020\\\/09\\\/TURQUESA-2-510x510-1.jpg 510w, https:\\\/\\\/bodegaoutdoor.cl\\\/store\\\/wp-content\\\/uploads\\\/2020\\\/09\\\/TURQUESA-2-510x510-1-300x300.jpg 300w, https:\\\/\\\/bodegaoutdoor.cl\\\/store\\\/wp-content\\\/uploads\\\/2020\\\/09\\\/TURQUESA-2-510x510-1-100x100.jpg 100w, https:\\\/\\\/bodegaoutdoor.cl\\\/store\\\/wp-content\\\/uploads\\\/2020\\\/09\\\/TURQUESA-2-510x510-1-150x150.jpg 150w&quot;,&quot;sizes&quot;:&quot;(max-width: 510px) 100vw, 510px&quot;,&quot;full_src&quot;:&quot;https:\\\/\\\/bodegaoutdoor.cl\\\/store\\\/wp-content\\\/uploads\\\/2020\\\/09\\\/TURQUESA-2-510x510-1.jpg&quot;,&quot;full_src_w&quot;:510,&quot;full_src_h&quot;:510,&quot;gallery_thumbnail_src&quot;:&quot;https:\\\/\\\/bodegaoutdoor.cl\\\/store\\\/wp-content\\\/uploads\\\/2020\\\/09\\\/TURQUESA-2-510x510-1-100x100.jpg&quot;,&quot;gallery_thumbnail_src_w&quot;:100,&quot;gallery_thumbnail_src_h&quot;:100,&quot;thumb_src&quot;:&quot;https:\\\/\\\/bodegaoutdoor.cl\\\/store\\\/wp-content\\\/uploads\\\/2020\\\/09\\\/TURQUESA-2-510x510-1-300x300.jpg&quot;,&quot;thumb_src_w&quot;:300,&quot;thumb_src_h&quot;:300,&quot;src_w&quot;:510,&quot;src_h&quot;:510},&quot;image_id&quot;:17077,&quot;is_downloadable&quot;:false,&quot;is_in_stock&quot;:true,&quot;is_purchasable&quot;:true,&quot;is_sold_individually&quot;:&quot;no&quot;,&quot;is_virtual&quot;:false,&quot;max_qty&quot;:&quot;&quot;,&quot;min_qty&quot;:1,&quot;price_html&quot;:&quot;&quot;,&quot;sku&quot;:&quot;&quot;,&quot;variation_description&quot;:&quot;&quot;,&quot;variation_id&quot;:17056,&quot;variation_is_active&quot;:true,&quot;variation_is_visible&quot;:true,&quot;weight&quot;:&quot;&quot;,&quot;weight_html&quot;:&quot;N\\\/D&quot;},{&quot;attributes&quot;:{&quot;attribute_pa_6f6cb72d544962fa333e2e&quot;:&quot;s&quot;,&quot;attribute_pa_color&quot;:&quot;turquesa&quot;},&quot;availability_html&quot;:&quot;&quot;,&quot;backorders_allowed&quot;:false,&quot;dimensions&quot;:{&quot;length&quot;:&quot;&quot;,&quot;width&quot;:&quot;&quot;,&quot;height&quot;:&quot;&quot;},&quot;dimensions_html&quot;:&quot;N\\\/D&quot;,&quot;display_price&quot;:14990,&quot;display_regular_price&quot;:19990,&quot;gallery_image_ids&quot;:[],&quot;gallery_images_html&quot;:&quot;&quot;,&quot;image&quot;:{&quot;title&quot;:&quot;TURQUESA-2-510x510&quot;,&quot;caption&quot;:&quot;&quot;,&quot;url&quot;:&quot;https:\\\/\\\/bodegaoutdoor.cl\\\/store\\\/wp-content\\\/uploads\\\/2020\\\/09\\\/TURQUESA-2-510x510-1.jpg&quot;,&quot;alt&quot;:&quot;TURQUESA-2-510x510&quot;,&quot;src&quot;:&quot;https:\\\/\\\/bodegaoutdoor.cl\\\/store\\\/wp-content\\\/uploads\\\/2020\\\/09\\\/TURQUESA-2-510x510-1.jpg&quot;,&quot;srcset&quot;:&quot;https:\\\/\\\/bodegaoutdoor.cl\\\/store\\\/wp-content\\\/uploads\\\/2020\\\/09\\\/TURQUESA-2-510x510-1.jpg 510w, https:\\\/\\\/bodegaoutdoor.cl\\\/store\\\/wp-content\\\/uploads\\\/2020\\\/09\\\/TURQUESA-2-510x510-1-300x300.jpg 300w, https:\\\/\\\/bodegaoutdoor.cl\\\/store\\\/wp-content\\\/uploads\\\/2020\\\/09\\\/TURQUESA-2-510x510-1-100x100.jpg 100w, https:\\\/\\\/bodegaoutdoor.cl\\\/store\\\/wp-content\\\/uploads\\\/2020\\\/09\\\/TURQUESA-2-510x510-1-150x150.jpg 150w&quot;,&quot;sizes&quot;:&quot;(max-width: 510px) 100vw, 510px&quot;,&quot;full_src&quot;:&quot;https:\\\/\\\/bodegaoutdoor.cl\\\/store\\\/wp-content\\\/uploads\\\/2020\\\/09\\\/TURQUESA-2-510x510-1.jpg&quot;,&quot;full_src_w&quot;:510,&quot;full_src_h&quot;:510,&quot;gallery_thumbnail_src&quot;:&quot;https:\\\/\\\/bodegaoutdoor.cl\\\/store\\\/wp-content\\\/uploads\\\/2020\\\/09\\\/TURQUESA-2-510x510-1-100x100.jpg&quot;,&quot;gallery_thumbnail_src_w&quot;:100,&quot;gallery_thumbnail_src_h&quot;:100,&quot;thumb_src&quot;:&quot;https:\\\/\\\/bodegaoutdoor.cl\\\/store\\\/wp-content\\\/uploads\\\/2020\\\/09\\\/TURQUESA-2-510x510-1-300x300.jpg&quot;,&quot;thumb_src_w&quot;:300,&quot;thumb_src_h&quot;:300,&quot;src_w&quot;:510,&quot;src_h&quot;:510},&quot;image_id&quot;:17077,&quot;is_downloadable&quot;:false,&quot;is_in_stock&quot;:true,&quot;is_purchasable&quot;:true,&quot;is_sold_individually&quot;:&quot;no&quot;,&quot;is_virtual&quot;:false,&quot;max_qty&quot;:&quot;&quot;,&quot;min_qty&quot;:1,&quot;price_html&quot;:&quot;&quot;,&quot;sku&quot;:&quot;&quot;,&quot;variation_description&quot;:&quot;&quot;,&quot;variation_id&quot;:17057,&quot;variation_is_active&quot;:true,&quot;variation_is_visible&quot;:true,&quot;weight&quot;:&quot;&quot;,&quot;weight_html&quot;:&quot;N\\\/D&quot;},{&quot;attributes&quot;:{&quot;attribute_pa_6f6cb72d544962fa333e2e&quot;:&quot;m&quot;,&quot;attribute_pa_color&quot;:&quot;turquesa&quot;},&quot;availability_html&quot;:&quot;&quot;,&quot;backorders_allowed&quot;:false,&quot;dimensions&quot;:{&quot;length&quot;:&quot;&quot;,&quot;width&quot;:&quot;&quot;,&quot;height&quot;:&quot;&quot;},&quot;dimensions_html&quot;:&quot;N\\\/D&quot;,&quot;display_price&quot;:14990,&quot;display_regular_price&quot;:19990,&quot;gallery_image_ids&quot;:[],&quot;gallery_images_html&quot;:&quot;&quot;,&quot;image&quot;:{&quot;title&quot;:&quot;TURQUESA-2-510x510&quot;,&quot;caption&quot;:&quot;&quot;,&quot;url&quot;:&quot;https:\\\/\\\/bodegaoutdoor.cl\\\/store\\\/wp-content\\\/uploads\\\/2020\\\/09\\\/TURQUESA-2-510x510-1.jpg&quot;,&quot;alt&quot;:&quot;TURQUESA-2-510x510&quot;,&quot;src&quot;:&quot;https:\\\/\\\/bodegaoutdoor.cl\\\/store\\\/wp-content\\\/uploads\\\/2020\\\/09\\\/TURQUESA-2-510x510-1.jpg&quot;,&quot;srcset&quot;:&quot;https:\\\/\\\/bodegaoutdoor.cl\\\/store\\\/wp-content\\\/uploads\\\/2020\\\/09\\\/TURQUESA-2-510x510-1.jpg 510w, https:\\\/\\\/bodegaoutdoor.cl\\\/store\\\/wp-content\\\/uploads\\\/2020\\\/09\\\/TURQUESA-2-510x510-1-300x300.jpg 300w, https:\\\/\\\/bodegaoutdoor.cl\\\/store\\\/wp-content\\\/uploads\\\/2020\\\/09\\\/TURQUESA-2-510x510-1-100x100.jpg 100w, https:\\\/\\\/bodegaoutdoor.cl\\\/store\\\/wp-content\\\/uploads\\\/2020\\\/09\\\/TURQUESA-2-510x510-1-150x150.jpg 150w&quot;,&quot;sizes&quot;:&quot;(max-width: 510px) 100vw, 510px&quot;,&quot;full_src&quot;:&quot;https:\\\/\\\/bodegaoutdoor.cl\\\/store\\\/wp-content\\\/uploads\\\/2020\\\/09\\\/TURQUESA-2-510x510-1.jpg&quot;,&quot;full_src_w&quot;:510,&quot;full_src_h&quot;:510,&quot;gallery_thumbnail_src&quot;:&quot;https:\\\/\\\/bodegaoutdoor.cl\\\/store\\\/wp-content\\\/uploads\\\/2020\\\/09\\\/TURQUESA-2-510x510-1-100x100.jpg&quot;,&quot;gallery_thumbnail_src_w&quot;:100,&quot;gallery_thumbnail_src_h&quot;:100,&quot;thumb_src&quot;:&quot;https:\\\/\\\/bodegaoutdoor.cl\\\/store\\\/wp-content\\\/uploads\\\/2020\\\/09\\\/TURQUESA-2-510x510-1-300x300.jpg&quot;,&quot;thumb_src_w&quot;:300,&quot;thumb_src_h&quot;:300,&quot;src_w&quot;:510,&quot;src_h&quot;:510},&quot;image_id&quot;:17077,&quot;is_downloadable&quot;:false,&quot;is_in_stock&quot;:true,&quot;is_purchasable&quot;:true,&quot;is_sold_individually&quot;:&quot;no&quot;,&quot;is_virtual&quot;:false,&quot;max_qty&quot;:&quot;&quot;,&quot;min_qty&quot;:1,&quot;price_html&quot;:&quot;&quot;,&quot;sku&quot;:&quot;&quot;,&quot;variation_description&quot;:&quot;&quot;,&quot;variation_id&quot;:17058,&quot;variation_is_active&quot;:true,&quot;variation_is_visible&quot;:true,&quot;weight&quot;:&quot;&quot;,&quot;weight_html&quot;:&quot;N\\\/D&quot;},{&quot;attributes&quot;:{&quot;attribute_pa_6f6cb72d544962fa333e2e&quot;:&quot;l&quot;,&quot;attribute_pa_color&quot;:&quot;turquesa&quot;},&quot;availability_html&quot;:&quot;&quot;,&quot;backorders_allowed&quot;:false,&quot;dimensions&quot;:{&quot;length&quot;:&quot;&quot;,&quot;width&quot;:&quot;&quot;,&quot;height&quot;:&quot;&quot;},&quot;dimensions_html&quot;:&quot;N\\\/D&quot;,&quot;display_price&quot;:14990,&quot;display_regular_price&quot;:19990,&quot;gallery_image_ids&quot;:[],&quot;gallery_images_html&quot;:&quot;&quot;,&quot;image&quot;:{&quot;title&quot;:&quot;TURQUESA-2-510x510&quot;,&quot;caption&quot;:&quot;&quot;,&quot;url&quot;:&quot;https:\\\/\\\/bodegaoutdoor.cl\\\/store\\\/wp-content\\\/uploads\\\/2020\\\/09\\\/TURQUESA-2-510x510-1.jpg&quot;,&quot;alt&quot;:&quot;TURQUESA-2-510x510&quot;,&quot;src&quot;:&quot;https:\\\/\\\/bodegaoutdoor.cl\\\/store\\\/wp-content\\\/uploads\\\/2020\\\/09\\\/TURQUESA-2-510x510-1.jpg&quot;,&quot;srcset&quot;:&quot;https:\\\/\\\/bodegaoutdoor.cl\\\/store\\\/wp-content\\\/uploads\\\/2020\\\/09\\\/TURQUESA-2-510x510-1.jpg 510w, https:\\\/\\\/bodegaoutdoor.cl\\\/store\\\/wp-content\\\/uploads\\\/2020\\\/09\\\/TURQUESA-2-510x510-1-300x300.jpg 300w, https:\\\/\\\/bodegaoutdoor.cl\\\/store\\\/wp-content\\\/uploads\\\/2020\\\/09\\\/TURQUESA-2-510x510-1-100x100.jpg 100w, https:\\\/\\\/bodegaoutdoor.cl\\\/store\\\/wp-content\\\/uploads\\\/2020\\\/09\\\/TURQUESA-2-510x510-1-150x150.jpg 150w&quot;,&quot;sizes&quot;:&quot;(max-width: 510px) 100vw, 510px&quot;,&quot;full_src&quot;:&quot;https:\\\/\\\/bodegaoutdoor.cl\\\/store\\\/wp-content\\\/uploads\\\/2020\\\/09\\\/TURQUESA-2-510x510-1.jpg&quot;,&quot;full_src_w&quot;:510,&quot;full_src_h&quot;:510,&quot;gallery_thumbnail_src&quot;:&quot;https:\\\/\\\/bodegaoutdoor.cl\\\/store\\\/wp-content\\\/uploads\\\/2020\\\/09\\\/TURQUESA-2-510x510-1-100x100.jpg&quot;,&quot;gallery_thumbnail_src_w&quot;:100,&quot;gallery_thumbnail_src_h&quot;:100,&quot;thumb_src&quot;:&quot;https:\\\/\\\/bodegaoutdoor.cl\\\/store\\\/wp-content\\\/uploads\\\/2020\\\/09\\\/TURQUESA-2-510x510-1-300x300.jpg&quot;,&quot;thumb_src_w&quot;:300,&quot;thumb_src_h&quot;:300,&quot;src_w&quot;:510,&quot;src_h&quot;:510},&quot;image_id&quot;:17077,&quot;is_downloadable&quot;:false,&quot;is_in_stock&quot;:true,&quot;is_purchasable&quot;:true,&quot;is_sold_individually&quot;:&quot;no&quot;,&quot;is_virtual&quot;:false,&quot;max_qty&quot;:&quot;&quot;,&quot;min_qty&quot;:1,&quot;price_html&quot;:&quot;&quot;,&quot;sku&quot;:&quot;&quot;,&quot;variation_description&quot;:&quot;&quot;,&quot;variation_id&quot;:17059,&quot;variation_is_active&quot;:true,&quot;variation_is_visible&quot;:true,&quot;weight&quot;:&quot;&quot;,&quot;weight_html&quot;:&quot;N\\\/D&quot;},{&quot;attributes&quot;:{&quot;attribute_pa_6f6cb72d544962fa333e2e&quot;:&quot;xl&quot;,&quot;attribute_pa_color&quot;:&quot;turquesa&quot;},&quot;availability_html&quot;:&quot;&quot;,&quot;backorders_allowed&quot;:false,&quot;dimensions&quot;:{&quot;length&quot;:&quot;&quot;,&quot;width&quot;:&quot;&quot;,&quot;height&quot;:&quot;&quot;},&quot;dimensions_html&quot;:&quot;N\\\/D&quot;,&quot;display_price&quot;:14990,&quot;display_regular_price&quot;:19990,&quot;gallery_image_ids&quot;:[],&quot;gallery_images_html&quot;:&quot;&quot;,&quot;image&quot;:{&quot;title&quot;:&quot;TURQUESA-2-510x510&quot;,&quot;caption&quot;:&quot;&quot;,&quot;url&quot;:&quot;https:\\\/\\\/bodegaoutdoor.cl\\\/store\\\/wp-content\\\/uploads\\\/2020\\\/09\\\/TURQUESA-2-510x510-1.jpg&quot;,&quot;alt&quot;:&quot;TURQUESA-2-510x510&quot;,&quot;src&quot;:&quot;https:\\\/\\\/bodegaoutdoor.cl\\\/store\\\/wp-content\\\/uploads\\\/2020\\\/09\\\/TURQUESA-2-510x510-1.jpg&quot;,&quot;srcset&quot;:&quot;https:\\\/\\\/bodegaoutdoor.cl\\\/store\\\/wp-content\\\/uploads\\\/2020\\\/09\\\/TURQUESA-2-510x510-1.jpg 510w, https:\\\/\\\/bodegaoutdoor.cl\\\/store\\\/wp-content\\\/uploads\\\/2020\\\/09\\\/TURQUESA-2-510x510-1-300x300.jpg 300w, https:\\\/\\\/bodegaoutdoor.cl\\\/store\\\/wp-content\\\/uploads\\\/2020\\\/09\\\/TURQUESA-2-510x510-1-100x100.jpg 100w, https:\\\/\\\/bodegaoutdoor.cl\\\/store\\\/wp-content\\\/uploads\\\/2020\\\/09\\\/TURQUESA-2-510x510-1-150x150.jpg 150w&quot;,&quot;sizes&quot;:&quot;(max-width: 510px) 100vw, 510px&quot;,&quot;full_src&quot;:&quot;https:\\\/\\\/bodegaoutdoor.cl\\\/store\\\/wp-content\\\/uploads\\\/2020\\\/09\\\/TURQUESA-2-510x510-1.jpg&quot;,&quot;full_src_w&quot;:510,&quot;full_src_h&quot;:510,&quot;gallery_thumbnail_src&quot;:&quot;https:\\\/\\\/bodegaoutdoor.cl\\\/store\\\/wp-content\\\/uploads\\\/2020\\\/09\\\/TURQUESA-2-510x510-1-100x100.jpg&quot;,&quot;gallery_thumbnail_src_w&quot;:100,&quot;gallery_thumbnail_src_h&quot;:100,&quot;thumb_src&quot;:&quot;https:\\\/\\\/bodegaoutdoor.cl\\\/store\\\/wp-content\\\/uploads\\\/2020\\\/09\\\/TURQUESA-2-510x510-1-300x300.jpg&quot;,&quot;thumb_src_w&quot;:300,&quot;thumb_src_h&quot;:300,&quot;src_w&quot;:510,&quot;src_h&quot;:510},&quot;image_id&quot;:17077,&quot;is_downloadable&quot;:false,&quot;is_in_stock&quot;:true,&quot;is_purchasable&quot;:true,&quot;is_sold_individually&quot;:&quot;no&quot;,&quot;is_virtual&quot;:false,&quot;max_qty&quot;:&quot;&quot;,&quot;min_qty&quot;:1,&quot;price_html&quot;:&quot;&quot;,&quot;sku&quot;:&quot;&quot;,&quot;variation_description&quot;:&quot;&quot;,&quot;variation_id&quot;:17060,&quot;variation_is_active&quot;:true,&quot;variation_is_visible&quot;:true,&quot;weight&quot;:&quot;&quot;,&quot;weight_html&quot;:&quot;N\\\/D&quot;},{&quot;attributes&quot;:{&quot;attribute_pa_6f6cb72d544962fa333e2e&quot;:&quot;xs&quot;,&quot;attribute_pa_color&quot;:&quot;gris&quot;},&quot;availability_html&quot;:&quot;&quot;,&quot;backorders_allowed&quot;:false,&quot;dimensions&quot;:{&quot;length&quot;:&quot;&quot;,&quot;width&quot;:&quot;&quot;,&quot;height&quot;:&quot;&quot;},&quot;dimensions_html&quot;:&quot;N\\\/D&quot;,&quot;display_price&quot;:14990,&quot;display_regular_price&quot;:19990,&quot;gallery_image_ids&quot;:[],&quot;gallery_images_html&quot;:&quot;&quot;,&quot;image&quot;:{&quot;title&quot;:&quot;polera-ml002-grisclaro-510x510&quot;,&quot;caption&quot;:&quot;&quot;,&quot;url&quot;:&quot;https:\\\/\\\/bodegaoutdoor.cl\\\/store\\\/wp-content\\\/uploads\\\/2020\\\/09\\\/polera-ml002-grisclaro-510x510-1.jpg&quot;,&quot;alt&quot;:&quot;polera-ml002-grisclaro-510x510&quot;,&quot;src&quot;:&quot;https:\\\/\\\/bodegaoutdoor.cl\\\/store\\\/wp-content\\\/uploads\\\/2020\\\/09\\\/polera-ml002-grisclaro-510x510-1.jpg&quot;,&quot;srcset&quot;:&quot;https:\\\/\\\/bodegaoutdoor.cl\\\/store\\\/wp-content\\\/uploads\\\/2020\\\/09\\\/polera-ml002-grisclaro-510x510-1.jpg 510w, https:\\\/\\\/bodegaoutdoor.cl\\\/store\\\/wp-content\\\/uploads\\\/2020\\\/09\\\/polera-ml002-grisclaro-510x510-1-300x300.jpg 300w, https:\\\/\\\/bodegaoutdoor.cl\\\/store\\\/wp-content\\\/uploads\\\/2020\\\/09\\\/polera-ml002-grisclaro-510x510-1-100x100.jpg 100w, https:\\\/\\\/bodegaoutdoor.cl\\\/store\\\/wp-content\\\/uploads\\\/2020\\\/09\\\/polera-ml002-grisclaro-510x510-1-150x150.jpg 150w&quot;,&quot;sizes&quot;:&quot;(max-width: 510px) 100vw, 510px&quot;,&quot;full_src&quot;:&quot;https:\\\/\\\/bodegaoutdoor.cl\\\/store\\\/wp-content\\\/uploads\\\/2020\\\/09\\\/polera-ml002-grisclaro-510x510-1.jpg&quot;,&quot;full_src_w&quot;:510,&quot;full_src_h&quot;:510,&quot;gallery_thumbnail_src&quot;:&quot;https:\\\/\\\/bodegaoutdoor.cl\\\/store\\\/wp-content\\\/uploads\\\/2020\\\/09\\\/polera-ml002-grisclaro-510x510-1-100x100.jpg&quot;,&quot;gallery_thumbnail_src_w&quot;:100,&quot;gallery_thumbnail_src_h&quot;:100,&quot;thumb_src&quot;:&quot;https:\\\/\\\/bodegaoutdoor.cl\\\/store\\\/wp-content\\\/uploads\\\/2020\\\/09\\\/polera-ml002-grisclaro-510x510-1-300x300.jpg&quot;,&quot;thumb_src_w&quot;:300,&quot;thumb_src_h&quot;:300,&quot;src_w&quot;:510,&quot;src_h&quot;:510},&quot;image_id&quot;:17076,&quot;is_downloadable&quot;:false,&quot;is_in_stock&quot;:true,&quot;is_purchasable&quot;:true,&quot;is_sold_individually&quot;:&quot;no&quot;,&quot;is_virtual&quot;:false,&quot;max_qty&quot;:&quot;&quot;,&quot;min_qty&quot;:1,&quot;price_html&quot;:&quot;&quot;,&quot;sku&quot;:&quot;&quot;,&quot;variation_description&quot;:&quot;&quot;,&quot;variation_id&quot;:17061,&quot;variation_is_active&quot;:true,&quot;variation_is_visible&quot;:true,&quot;weight&quot;:&quot;&quot;,&quot;weight_html&quot;:&quot;N\\\/D&quot;},{&quot;attributes&quot;:{&quot;attribute_pa_6f6cb72d544962fa333e2e&quot;:&quot;s&quot;,&quot;attribute_pa_color&quot;:&quot;gris&quot;},&quot;availability_html&quot;:&quot;&quot;,&quot;backorders_allowed&quot;:false,&quot;dimensions&quot;:{&quot;length&quot;:&quot;&quot;,&quot;width&quot;:&quot;&quot;,&quot;height&quot;:&quot;&quot;},&quot;dimensions_html&quot;:&quot;N\\\/D&quot;,&quot;display_price&quot;:14990,&quot;display_regular_price&quot;:19990,&quot;gallery_image_ids&quot;:[],&quot;gallery_images_html&quot;:&quot;&quot;,&quot;image&quot;:{&quot;title&quot;:&quot;polera-ml002-grisclaro-510x510&quot;,&quot;caption&quot;:&quot;&quot;,&quot;url&quot;:&quot;https:\\\/\\\/bodegaoutdoor.cl\\\/store\\\/wp-content\\\/uploads\\\/2020\\\/09\\\/polera-ml002-grisclaro-510x510-1.jpg&quot;,&quot;alt&quot;:&quot;polera-ml002-grisclaro-510x510&quot;,&quot;src&quot;:&quot;https:\\\/\\\/bodegaoutdoor.cl\\\/store\\\/wp-content\\\/uploads\\\/2020\\\/09\\\/polera-ml002-grisclaro-510x510-1.jpg&quot;,&quot;srcset&quot;:&quot;https:\\\/\\\/bodegaoutdoor.cl\\\/store\\\/wp-content\\\/uploads\\\/2020\\\/09\\\/polera-ml002-grisclaro-510x510-1.jpg 510w, https:\\\/\\\/bodegaoutdoor.cl\\\/store\\\/wp-content\\\/uploads\\\/2020\\\/09\\\/polera-ml002-grisclaro-510x510-1-300x300.jpg 300w, https:\\\/\\\/bodegaoutdoor.cl\\\/store\\\/wp-content\\\/uploads\\\/2020\\\/09\\\/polera-ml002-grisclaro-510x510-1-100x100.jpg 100w, https:\\\/\\\/bodegaoutdoor.cl\\\/store\\\/wp-content\\\/uploads\\\/2020\\\/09\\\/polera-ml002-grisclaro-510x510-1-150x150.jpg 150w&quot;,&quot;sizes&quot;:&quot;(max-width: 510px) 100vw, 510px&quot;,&quot;full_src&quot;:&quot;https:\\\/\\\/bodegaoutdoor.cl\\\/store\\\/wp-content\\\/uploads\\\/2020\\\/09\\\/polera-ml002-grisclaro-510x510-1.jpg&quot;,&quot;full_src_w&quot;:510,&quot;full_src_h&quot;:510,&quot;gallery_thumbnail_src&quot;:&quot;https:\\\/\\\/bodegaoutdoor.cl\\\/store\\\/wp-content\\\/uploads\\\/2020\\\/09\\\/polera-ml002-grisclaro-510x510-1-100x100.jpg&quot;,&quot;gallery_thumbnail_src_w&quot;:100,&quot;gallery_thumbnail_src_h&quot;:100,&quot;thumb_src&quot;:&quot;https:\\\/\\\/bodegaoutdoor.cl\\\/store\\\/wp-content\\\/uploads\\\/2020\\\/09\\\/polera-ml002-grisclaro-510x510-1-300x300.jpg&quot;,&quot;thumb_src_w&quot;:300,&quot;thumb_src_h&quot;:300,&quot;src_w&quot;:510,&quot;src_h&quot;:510},&quot;image_id&quot;:17076,&quot;is_downloadable&quot;:false,&quot;is_in_stock&quot;:true,&quot;is_purchasable&quot;:true,&quot;is_sold_individually&quot;:&quot;no&quot;,&quot;is_virtual&quot;:false,&quot;max_qty&quot;:&quot;&quot;,&quot;min_qty&quot;:1,&quot;price_html&quot;:&quot;&quot;,&quot;sku&quot;:&quot;&quot;,&quot;variation_description&quot;:&quot;&quot;,&quot;variation_id&quot;:17062,&quot;variation_is_active&quot;:true,&quot;variation_is_visible&quot;:true,&quot;weight&quot;:&quot;&quot;,&quot;weight_html&quot;:&quot;N\\\/D&quot;},{&quot;attributes&quot;:{&quot;attribute_pa_6f6cb72d544962fa333e2e&quot;:&quot;m&quot;,&quot;attribute_pa_color&quot;:&quot;gris&quot;},&quot;availability_html&quot;:&quot;&quot;,&quot;backorders_allowed&quot;:false,&quot;dimensions&quot;:{&quot;length&quot;:&quot;&quot;,&quot;width&quot;:&quot;&quot;,&quot;height&quot;:&quot;&quot;},&quot;dimensions_html&quot;:&quot;N\\\/D&quot;,&quot;display_price&quot;:14990,&quot;display_regular_price&quot;:19990,&quot;gallery_image_ids&quot;:[],&quot;gallery_images_html&quot;:&quot;&quot;,&quot;image&quot;:{&quot;title&quot;:&quot;polera-ml002-grisclaro-510x510&quot;,&quot;caption&quot;:&quot;&quot;,&quot;url&quot;:&quot;https:\\\/\\\/bodegaoutdoor.cl\\\/store\\\/wp-content\\\/uploads\\\/2020\\\/09\\\/polera-ml002-grisclaro-510x510-1.jpg&quot;,&quot;alt&quot;:&quot;polera-ml002-grisclaro-510x510&quot;,&quot;src&quot;:&quot;https:\\\/\\\/bodegaoutdoor.cl\\\/store\\\/wp-content\\\/uploads\\\/2020\\\/09\\\/polera-ml002-grisclaro-510x510-1.jpg&quot;,&quot;srcset&quot;:&quot;https:\\\/\\\/bodegaoutdoor.cl\\\/store\\\/wp-content\\\/uploads\\\/2020\\\/09\\\/polera-ml002-grisclaro-510x510-1.jpg 510w, https:\\\/\\\/bodegaoutdoor.cl\\\/store\\\/wp-content\\\/uploads\\\/2020\\\/09\\\/polera-ml002-grisclaro-510x510-1-300x300.jpg 300w, https:\\\/\\\/bodegaoutdoor.cl\\\/store\\\/wp-content\\\/uploads\\\/2020\\\/09\\\/polera-ml002-grisclaro-510x510-1-100x100.jpg 100w, https:\\\/\\\/bodegaoutdoor.cl\\\/store\\\/wp-content\\\/uploads\\\/2020\\\/09\\\/polera-ml002-grisclaro-510x510-1-150x150.jpg 150w&quot;,&quot;sizes&quot;:&quot;(max-width: 510px) 100vw, 510px&quot;,&quot;full_src&quot;:&quot;https:\\\/\\\/bodegaoutdoor.cl\\\/store\\\/wp-content\\\/uploads\\\/2020\\\/09\\\/polera-ml002-grisclaro-510x510-1.jpg&quot;,&quot;full_src_w&quot;:510,&quot;full_src_h&quot;:510,&quot;gallery_thumbnail_src&quot;:&quot;https:\\\/\\\/bodegaoutdoor.cl\\\/store\\\/wp-content\\\/uploads\\\/2020\\\/09\\\/polera-ml002-grisclaro-510x510-1-100x100.jpg&quot;,&quot;gallery_thumbnail_src_w&quot;:100,&quot;gallery_thumbnail_src_h&quot;:100,&quot;thumb_src&quot;:&quot;https:\\\/\\\/bodegaoutdoor.cl\\\/store\\\/wp-content\\\/uploads\\\/2020\\\/09\\\/polera-ml002-grisclaro-510x510-1-300x300.jpg&quot;,&quot;thumb_src_w&quot;:300,&quot;thumb_src_h&quot;:300,&quot;src_w&quot;:510,&quot;src_h&quot;:510},&quot;image_id&quot;:17076,&quot;is_downloadable&quot;:false,&quot;is_in_stock&quot;:true,&quot;is_purchasable&quot;:true,&quot;is_sold_individually&quot;:&quot;no&quot;,&quot;is_virtual&quot;:false,&quot;max_qty&quot;:&quot;&quot;,&quot;min_qty&quot;:1,&quot;price_html&quot;:&quot;&quot;,&quot;sku&quot;:&quot;&quot;,&quot;variation_description&quot;:&quot;&quot;,&quot;variation_id&quot;:17063,&quot;variation_is_active&quot;:true,&quot;variation_is_visible&quot;:true,&quot;weight&quot;:&quot;&quot;,&quot;weight_html&quot;:&quot;N\\\/D&quot;},{&quot;attributes&quot;:{&quot;attribute_pa_6f6cb72d544962fa333e2e&quot;:&quot;l&quot;,&quot;attribute_pa_color&quot;:&quot;gris&quot;},&quot;availability_html&quot;:&quot;&quot;,&quot;backorders_allowed&quot;:false,&quot;dimensions&quot;:{&quot;length&quot;:&quot;&quot;,&quot;width&quot;:&quot;&quot;,&quot;height&quot;:&quot;&quot;},&quot;dimensions_html&quot;:&quot;N\\\/D&quot;,&quot;display_price&quot;:14990,&quot;display_regular_price&quot;:19990,&quot;gallery_image_ids&quot;:[],&quot;gallery_images_html&quot;:&quot;&quot;,&quot;image&quot;:{&quot;title&quot;:&quot;polera-ml002-grisclaro-510x510&quot;,&quot;caption&quot;:&quot;&quot;,&quot;url&quot;:&quot;https:\\\/\\\/bodegaoutdoor.cl\\\/store\\\/wp-content\\\/uploads\\\/2020\\\/09\\\/polera-ml002-grisclaro-510x510-1.jpg&quot;,&quot;alt&quot;:&quot;polera-ml002-grisclaro-510x510&quot;,&quot;src&quot;:&quot;https:\\\/\\\/bodegaoutdoor.cl\\\/store\\\/wp-content\\\/uploads\\\/2020\\\/09\\\/polera-ml002-grisclaro-510x510-1.jpg&quot;,&quot;srcset&quot;:&quot;https:\\\/\\\/bodegaoutdoor.cl\\\/store\\\/wp-content\\\/uploads\\\/2020\\\/09\\\/polera-ml002-grisclaro-510x510-1.jpg 510w, https:\\\/\\\/bodegaoutdoor.cl\\\/store\\\/wp-content\\\/uploads\\\/2020\\\/09\\\/polera-ml002-grisclaro-510x510-1-300x300.jpg 300w, https:\\\/\\\/bodegaoutdoor.cl\\\/store\\\/wp-content\\\/uploads\\\/2020\\\/09\\\/polera-ml002-grisclaro-510x510-1-100x100.jpg 100w, https:\\\/\\\/bodegaoutdoor.cl\\\/store\\\/wp-content\\\/uploads\\\/2020\\\/09\\\/polera-ml002-grisclaro-510x510-1-150x150.jpg 150w&quot;,&quot;sizes&quot;:&quot;(max-width: 510px) 100vw, 510px&quot;,&quot;full_src&quot;:&quot;https:\\\/\\\/bodegaoutdoor.cl\\\/store\\\/wp-content\\\/uploads\\\/2020\\\/09\\\/polera-ml002-grisclaro-510x510-1.jpg&quot;,&quot;full_src_w&quot;:510,&quot;full_src_h&quot;:510,&quot;gallery_thumbnail_src&quot;:&quot;https:\\\/\\\/bodegaoutdoor.cl\\\/store\\\/wp-content\\\/uploads\\\/2020\\\/09\\\/polera-ml002-grisclaro-510x510-1-100x100.jpg&quot;,&quot;gallery_thumbnail_src_w&quot;:100,&quot;gallery_thumbnail_src_h&quot;:100,&quot;thumb_src&quot;:&quot;https:\\\/\\\/bodegaoutdoor.cl\\\/store\\\/wp-content\\\/uploads\\\/2020\\\/09\\\/polera-ml002-grisclaro-510x510-1-300x300.jpg&quot;,&quot;thumb_src_w&quot;:300,&quot;thumb_src_h&quot;:300,&quot;src_w&quot;:510,&quot;src_h&quot;:510},&quot;image_id&quot;:17076,&quot;is_downloadable&quot;:false,&quot;is_in_stock&quot;:true,&quot;is_purchasable&quot;:true,&quot;is_sold_individually&quot;:&quot;no&quot;,&quot;is_virtual&quot;:false,&quot;max_qty&quot;:&quot;&quot;,&quot;min_qty&quot;:1,&quot;price_html&quot;:&quot;&quot;,&quot;sku&quot;:&quot;&quot;,&quot;variation_description&quot;:&quot;&quot;,&quot;variation_id&quot;:17064,&quot;variation_is_active&quot;:true,&quot;variation_is_visible&quot;:true,&quot;weight&quot;:&quot;&quot;,&quot;weight_html&quot;:&quot;N\\\/D&quot;},{&quot;attributes&quot;:{&quot;attribute_pa_6f6cb72d544962fa333e2e&quot;:&quot;xl&quot;,&quot;attribute_pa_color&quot;:&quot;gris&quot;},&quot;availability_html&quot;:&quot;&quot;,&quot;backorders_allowed&quot;:false,&quot;dimensions&quot;:{&quot;length&quot;:&quot;&quot;,&quot;width&quot;:&quot;&quot;,&quot;height&quot;:&quot;&quot;},&quot;dimensions_html&quot;:&quot;N\\\/D&quot;,&quot;display_price&quot;:14990,&quot;display_regular_price&quot;:19990,&quot;gallery_image_ids&quot;:[],&quot;gallery_images_html&quot;:&quot;&quot;,&quot;image&quot;:{&quot;title&quot;:&quot;polera-ml002-grisclaro-510x510&quot;,&quot;caption&quot;:&quot;&quot;,&quot;url&quot;:&quot;https:\\\/\\\/bodegaoutdoor.cl\\\/store\\\/wp-content\\\/uploads\\\/2020\\\/09\\\/polera-ml002-grisclaro-510x510-1.jpg&quot;,&quot;alt&quot;:&quot;polera-ml002-grisclaro-510x510&quot;,&quot;src&quot;:&quot;https:\\\/\\\/bodegaoutdoor.cl\\\/store\\\/wp-content\\\/uploads\\\/2020\\\/09\\\/polera-ml002-grisclaro-510x510-1.jpg&quot;,&quot;srcset&quot;:&quot;https:\\\/\\\/bodegaoutdoor.cl\\\/store\\\/wp-content\\\/uploads\\\/2020\\\/09\\\/polera-ml002-grisclaro-510x510-1.jpg 510w, https:\\\/\\\/bodegaoutdoor.cl\\\/store\\\/wp-content\\\/uploads\\\/2020\\\/09\\\/polera-ml002-grisclaro-510x510-1-300x300.jpg 300w, https:\\\/\\\/bodegaoutdoor.cl\\\/store\\\/wp-content\\\/uploads\\\/2020\\\/09\\\/polera-ml002-grisclaro-510x510-1-100x100.jpg 100w, https:\\\/\\\/bodegaoutdoor.cl\\\/store\\\/wp-content\\\/uploads\\\/2020\\\/09\\\/polera-ml002-grisclaro-510x510-1-150x150.jpg 150w&quot;,&quot;sizes&quot;:&quot;(max-width: 510px) 100vw, 510px&quot;,&quot;full_src&quot;:&quot;https:\\\/\\\/bodegaoutdoor.cl\\\/store\\\/wp-content\\\/uploads\\\/2020\\\/09\\\/polera-ml002-grisclaro-510x510-1.jpg&quot;,&quot;full_src_w&quot;:510,&quot;full_src_h&quot;:510,&quot;gallery_thumbnail_src&quot;:&quot;https:\\\/\\\/bodegaoutdoor.cl\\\/store\\\/wp-content\\\/uploads\\\/2020\\\/09\\\/polera-ml002-grisclaro-510x510-1-100x100.jpg&quot;,&quot;gallery_thumbnail_src_w&quot;:100,&quot;gallery_thumbnail_src_h&quot;:100,&quot;thumb_src&quot;:&quot;https:\\\/\\\/bodegaoutdoor.cl\\\/store\\\/wp-content\\\/uploads\\\/2020\\\/09\\\/polera-ml002-grisclaro-510x510-1-300x300.jpg&quot;,&quot;thumb_src_w&quot;:300,&quot;thumb_src_h&quot;:300,&quot;src_w&quot;:510,&quot;src_h&quot;:510},&quot;image_id&quot;:17076,&quot;is_downloadable&quot;:false,&quot;is_in_stock&quot;:true,&quot;is_purchasable&quot;:true,&quot;is_sold_individually&quot;:&quot;no&quot;,&quot;is_virtual&quot;:false,&quot;max_qty&quot;:&quot;&quot;,&quot;min_qty&quot;:1,&quot;price_html&quot;:&quot;&quot;,&quot;sku&quot;:&quot;&quot;,&quot;variation_description&quot;:&quot;&quot;,&quot;variation_id&quot;:17065,&quot;variation_is_active&quot;:true,&quot;variation_is_visible&quot;:true,&quot;weight&quot;:&quot;&quot;,&quot;weight_html&quot;:&quot;N\\\/D&quot;},{&quot;attributes&quot;:{&quot;attribute_pa_6f6cb72d544962fa333e2e&quot;:&quot;xs&quot;,&quot;attribute_pa_color&quot;:&quot;gris-oscuro&quot;},&quot;availability_html&quot;:&quot;&quot;,&quot;backorders_allowed&quot;:false,&quot;dimensions&quot;:{&quot;length&quot;:&quot;&quot;,&quot;width&quot;:&quot;&quot;,&quot;height&quot;:&quot;&quot;},&quot;dimensions_html&quot;:&quot;N\\\/D&quot;,&quot;display_price&quot;:14990,&quot;display_regular_price&quot;:19990,&quot;gallery_image_ids&quot;:[],&quot;gallery_images_html&quot;:&quot;&quot;,&quot;image&quot;:{&quot;title&quot;:&quot;polera-ml002-gris-510x510&quot;,&quot;caption&quot;:&quot;&quot;,&quot;url&quot;:&quot;https:\\\/\\\/bodegaoutdoor.cl\\\/store\\\/wp-content\\\/uploads\\\/2020\\\/09\\\/polera-ml002-gris-510x510-1.jpg&quot;,&quot;alt&quot;:&quot;polera-ml002-gris-510x510&quot;,&quot;src&quot;:&quot;https:\\\/\\\/bodegaoutdoor.cl\\\/store\\\/wp-content\\\/uploads\\\/2020\\\/09\\\/polera-ml002-gris-510x510-1.jpg&quot;,&quot;srcset&quot;:&quot;https:\\\/\\\/bodegaoutdoor.cl\\\/store\\\/wp-content\\\/uploads\\\/2020\\\/09\\\/polera-ml002-gris-510x510-1.jpg 510w, https:\\\/\\\/bodegaoutdoor.cl\\\/store\\\/wp-content\\\/uploads\\\/2020\\\/09\\\/polera-ml002-gris-510x510-1-300x300.jpg 300w, https:\\\/\\\/bodegaoutdoor.cl\\\/store\\\/wp-content\\\/uploads\\\/2020\\\/09\\\/polera-ml002-gris-510x510-1-100x100.jpg 100w, https:\\\/\\\/bodegaoutdoor.cl\\\/store\\\/wp-content\\\/uploads\\\/2020\\\/09\\\/polera-ml002-gris-510x510-1-150x150.jpg 150w&quot;,&quot;sizes&quot;:&quot;(max-width: 510px) 100vw, 510px&quot;,&quot;full_src&quot;:&quot;https:\\\/\\\/bodegaoutdoor.cl\\\/store\\\/wp-content\\\/uploads\\\/2020\\\/09\\\/polera-ml002-gris-510x510-1.jpg&quot;,&quot;full_src_w&quot;:510,&quot;full_src_h&quot;:510,&quot;gallery_thumbnail_src&quot;:&quot;https:\\\/\\\/bodegaoutdoor.cl\\\/store\\\/wp-content\\\/uploads\\\/2020\\\/09\\\/polera-ml002-gris-510x510-1-100x100.jpg&quot;,&quot;gallery_thumbnail_src_w&quot;:100,&quot;gallery_thumbnail_src_h&quot;:100,&quot;thumb_src&quot;:&quot;https:\\\/\\\/bodegaoutdoor.cl\\\/store\\\/wp-content\\\/uploads\\\/2020\\\/09\\\/polera-ml002-gris-510x510-1-300x300.jpg&quot;,&quot;thumb_src_w&quot;:300,&quot;thumb_src_h&quot;:300,&quot;src_w&quot;:510,&quot;src_h&quot;:510},&quot;image_id&quot;:17075,&quot;is_downloadable&quot;:false,&quot;is_in_stock&quot;:true,&quot;is_purchasable&quot;:true,&quot;is_sold_individually&quot;:&quot;no&quot;,&quot;is_virtual&quot;:false,&quot;max_qty&quot;:&quot;&quot;,&quot;min_qty&quot;:1,&quot;price_html&quot;:&quot;&quot;,&quot;sku&quot;:&quot;&quot;,&quot;variation_description&quot;:&quot;&quot;,&quot;variation_id&quot;:17066,&quot;variation_is_active&quot;:true,&quot;variation_is_visible&quot;:true,&quot;weight&quot;:&quot;&quot;,&quot;weight_html&quot;:&quot;N\\\/D&quot;},{&quot;attributes&quot;:{&quot;attribute_pa_6f6cb72d544962fa333e2e&quot;:&quot;s&quot;,&quot;attribute_pa_color&quot;:&quot;gris-oscuro&quot;},&quot;availability_html&quot;:&quot;&quot;,&quot;backorders_allowed&quot;:false,&quot;dimensions&quot;:{&quot;length&quot;:&quot;&quot;,&quot;width&quot;:&quot;&quot;,&quot;height&quot;:&quot;&quot;},&quot;dimensions_html&quot;:&quot;N\\\/D&quot;,&quot;display_price&quot;:14990,&quot;display_regular_price&quot;:19990,&quot;gallery_image_ids&quot;:[],&quot;gallery_images_html&quot;:&quot;&quot;,&quot;image&quot;:{&quot;title&quot;:&quot;polera-ml002-gris-510x510&quot;,&quot;caption&quot;:&quot;&quot;,&quot;url&quot;:&quot;https:\\\/\\\/bodegaoutdoor.cl\\\/store\\\/wp-content\\\/uploads\\\/2020\\\/09\\\/polera-ml002-gris-510x510-1.jpg&quot;,&quot;alt&quot;:&quot;polera-ml002-gris-510x510&quot;,&quot;src&quot;:&quot;https:\\\/\\\/bodegaoutdoor.cl\\\/store\\\/wp-content\\\/uploads\\\/2020\\\/09\\\/polera-ml002-gris-510x510-1.jpg&quot;,&quot;srcset&quot;:&quot;https:\\\/\\\/bodegaoutdoor.cl\\\/store\\\/wp-content\\\/uploads\\\/2020\\\/09\\\/polera-ml002-gris-510x510-1.jpg 510w, https:\\\/\\\/bodegaoutdoor.cl\\\/store\\\/wp-content\\\/uploads\\\/2020\\\/09\\\/polera-ml002-gris-510x510-1-300x300.jpg 300w, https:\\\/\\\/bodegaoutdoor.cl\\\/store\\\/wp-content\\\/uploads\\\/2020\\\/09\\\/polera-ml002-gris-510x510-1-100x100.jpg 100w, https:\\\/\\\/bodegaoutdoor.cl\\\/store\\\/wp-content\\\/uploads\\\/2020\\\/09\\\/polera-ml002-gris-510x510-1-150x150.jpg 150w&quot;,&quot;sizes&quot;:&quot;(max-width: 510px) 100vw, 510px&quot;,&quot;full_src&quot;:&quot;https:\\\/\\\/bodegaoutdoor.cl\\\/store\\\/wp-content\\\/uploads\\\/2020\\\/09\\\/polera-ml002-gris-510x510-1.jpg&quot;,&quot;full_src_w&quot;:510,&quot;full_src_h&quot;:510,&quot;gallery_thumbnail_src&quot;:&quot;https:\\\/\\\/bodegaoutdoor.cl\\\/store\\\/wp-content\\\/uploads\\\/2020\\\/09\\\/polera-ml002-gris-510x510-1-100x100.jpg&quot;,&quot;gallery_thumbnail_src_w&quot;:100,&quot;gallery_thumbnail_src_h&quot;:100,&quot;thumb_src&quot;:&quot;https:\\\/\\\/bodegaoutdoor.cl\\\/store\\\/wp-content\\\/uploads\\\/2020\\\/09\\\/polera-ml002-gris-510x510-1-300x300.jpg&quot;,&quot;thumb_src_w&quot;:300,&quot;thumb_src_h&quot;:300,&quot;src_w&quot;:510,&quot;src_h&quot;:510},&quot;image_id&quot;:17075,&quot;is_downloadable&quot;:false,&quot;is_in_stock&quot;:true,&quot;is_purchasable&quot;:true,&quot;is_sold_individually&quot;:&quot;no&quot;,&quot;is_virtual&quot;:false,&quot;max_qty&quot;:&quot;&quot;,&quot;min_qty&quot;:1,&quot;price_html&quot;:&quot;&quot;,&quot;sku&quot;:&quot;&quot;,&quot;variation_description&quot;:&quot;&quot;,&quot;variation_id&quot;:17067,&quot;variation_is_active&quot;:true,&quot;variation_is_visible&quot;:true,&quot;weight&quot;:&quot;&quot;,&quot;weight_html&quot;:&quot;N\\\/D&quot;},{&quot;attributes&quot;:{&quot;attribute_pa_6f6cb72d544962fa333e2e&quot;:&quot;m&quot;,&quot;attribute_pa_color&quot;:&quot;gris-oscuro&quot;},&quot;availability_html&quot;:&quot;&quot;,&quot;backorders_allowed&quot;:false,&quot;dimensions&quot;:{&quot;length&quot;:&quot;&quot;,&quot;width&quot;:&quot;&quot;,&quot;height&quot;:&quot;&quot;},&quot;dimensions_html&quot;:&quot;N\\\/D&quot;,&quot;display_price&quot;:14990,&quot;display_regular_price&quot;:19990,&quot;gallery_image_ids&quot;:[],&quot;gallery_images_html&quot;:&quot;&quot;,&quot;image&quot;:{&quot;title&quot;:&quot;polera-ml002-gris-510x510&quot;,&quot;caption&quot;:&quot;&quot;,&quot;url&quot;:&quot;https:\\\/\\\/bodegaoutdoor.cl\\\/store\\\/wp-content\\\/uploads\\\/2020\\\/09\\\/polera-ml002-gris-510x510-1.jpg&quot;,&quot;alt&quot;:&quot;polera-ml002-gris-510x510&quot;,&quot;src&quot;:&quot;https:\\\/\\\/bodegaoutdoor.cl\\\/store\\\/wp-content\\\/uploads\\\/2020\\\/09\\\/polera-ml002-gris-510x510-1.jpg&quot;,&quot;srcset&quot;:&quot;https:\\\/\\\/bodegaoutdoor.cl\\\/store\\\/wp-content\\\/uploads\\\/2020\\\/09\\\/polera-ml002-gris-510x510-1.jpg 510w, https:\\\/\\\/bodegaoutdoor.cl\\\/store\\\/wp-content\\\/uploads\\\/2020\\\/09\\\/polera-ml002-gris-510x510-1-300x300.jpg 300w, https:\\\/\\\/bodegaoutdoor.cl\\\/store\\\/wp-content\\\/uploads\\\/2020\\\/09\\\/polera-ml002-gris-510x510-1-100x100.jpg 100w, https:\\\/\\\/bodegaoutdoor.cl\\\/store\\\/wp-content\\\/uploads\\\/2020\\\/09\\\/polera-ml002-gris-510x510-1-150x150.jpg 150w&quot;,&quot;sizes&quot;:&quot;(max-width: 510px) 100vw, 510px&quot;,&quot;full_src&quot;:&quot;https:\\\/\\\/bodegaoutdoor.cl\\\/store\\\/wp-content\\\/uploads\\\/2020\\\/09\\\/polera-ml002-gris-510x510-1.jpg&quot;,&quot;full_src_w&quot;:510,&quot;full_src_h&quot;:510,&quot;gallery_thumbnail_src&quot;:&quot;https:\\\/\\\/bodegaoutdoor.cl\\\/store\\\/wp-content\\\/uploads\\\/2020\\\/09\\\/polera-ml002-gris-510x510-1-100x100.jpg&quot;,&quot;gallery_thumbnail_src_w&quot;:100,&quot;gallery_thumbnail_src_h&quot;:100,&quot;thumb_src&quot;:&quot;https:\\\/\\\/bodegaoutdoor.cl\\\/store\\\/wp-content\\\/uploads\\\/2020\\\/09\\\/polera-ml002-gris-510x510-1-300x300.jpg&quot;,&quot;thumb_src_w&quot;:300,&quot;thumb_src_h&quot;:300,&quot;src_w&quot;:510,&quot;src_h&quot;:510},&quot;image_id&quot;:17075,&quot;is_downloadable&quot;:false,&quot;is_in_stock&quot;:true,&quot;is_purchasable&quot;:true,&quot;is_sold_individually&quot;:&quot;no&quot;,&quot;is_virtual&quot;:false,&quot;max_qty&quot;:&quot;&quot;,&quot;min_qty&quot;:1,&quot;price_html&quot;:&quot;&quot;,&quot;sku&quot;:&quot;&quot;,&quot;variation_description&quot;:&quot;&quot;,&quot;variation_id&quot;:17068,&quot;variation_is_active&quot;:true,&quot;variation_is_visible&quot;:true,&quot;weight&quot;:&quot;&quot;,&quot;weight_html&quot;:&quot;N\\\/D&quot;},{&quot;attributes&quot;:{&quot;attribute_pa_6f6cb72d544962fa333e2e&quot;:&quot;l&quot;,&quot;attribute_pa_color&quot;:&quot;gris-oscuro&quot;},&quot;availability_html&quot;:&quot;&quot;,&quot;backorders_allowed&quot;:false,&quot;dimensions&quot;:{&quot;length&quot;:&quot;&quot;,&quot;width&quot;:&quot;&quot;,&quot;height&quot;:&quot;&quot;},&quot;dimensions_html&quot;:&quot;N\\\/D&quot;,&quot;display_price&quot;:14990,&quot;display_regular_price&quot;:19990,&quot;gallery_image_ids&quot;:[],&quot;gallery_images_html&quot;:&quot;&quot;,&quot;image&quot;:{&quot;title&quot;:&quot;polera-ml002-gris-510x510&quot;,&quot;caption&quot;:&quot;&quot;,&quot;url&quot;:&quot;https:\\\/\\\/bodegaoutdoor.cl\\\/store\\\/wp-content\\\/uploads\\\/2020\\\/09\\\/polera-ml002-gris-510x510-1.jpg&quot;,&quot;alt&quot;:&quot;polera-ml002-gris-510x510&quot;,&quot;src&quot;:&quot;https:\\\/\\\/bodegaoutdoor.cl\\\/store\\\/wp-content\\\/uploads\\\/2020\\\/09\\\/polera-ml002-gris-510x510-1.jpg&quot;,&quot;srcset&quot;:&quot;https:\\\/\\\/bodegaoutdoor.cl\\\/store\\\/wp-content\\\/uploads\\\/2020\\\/09\\\/polera-ml002-gris-510x510-1.jpg 510w, https:\\\/\\\/bodegaoutdoor.cl\\\/store\\\/wp-content\\\/uploads\\\/2020\\\/09\\\/polera-ml002-gris-510x510-1-300x300.jpg 300w, https:\\\/\\\/bodegaoutdoor.cl\\\/store\\\/wp-content\\\/uploads\\\/2020\\\/09\\\/polera-ml002-gris-510x510-1-100x100.jpg 100w, https:\\\/\\\/bodegaoutdoor.cl\\\/store\\\/wp-content\\\/uploads\\\/2020\\\/09\\\/polera-ml002-gris-510x510-1-150x150.jpg 150w&quot;,&quot;sizes&quot;:&quot;(max-width: 510px) 100vw, 510px&quot;,&quot;full_src&quot;:&quot;https:\\\/\\\/bodegaoutdoor.cl\\\/store\\\/wp-content\\\/uploads\\\/2020\\\/09\\\/polera-ml002-gris-510x510-1.jpg&quot;,&quot;full_src_w&quot;:510,&quot;full_src_h&quot;:510,&quot;gallery_thumbnail_src&quot;:&quot;https:\\\/\\\/bodegaoutdoor.cl\\\/store\\\/wp-content\\\/uploads\\\/2020\\\/09\\\/polera-ml002-gris-510x510-1-100x100.jpg&quot;,&quot;gallery_thumbnail_src_w&quot;:100,&quot;gallery_thumbnail_src_h&quot;:100,&quot;thumb_src&quot;:&quot;https:\\\/\\\/bodegaoutdoor.cl\\\/store\\\/wp-content\\\/uploads\\\/2020\\\/09\\\/polera-ml002-gris-510x510-1-300x300.jpg&quot;,&quot;thumb_src_w&quot;:300,&quot;thumb_src_h&quot;:300,&quot;src_w&quot;:510,&quot;src_h&quot;:510},&quot;image_id&quot;:17075,&quot;is_downloadable&quot;:false,&quot;is_in_stock&quot;:true,&quot;is_purchasable&quot;:true,&quot;is_sold_individually&quot;:&quot;no&quot;,&quot;is_virtual&quot;:false,&quot;max_qty&quot;:&quot;&quot;,&quot;min_qty&quot;:1,&quot;price_html&quot;:&quot;&quot;,&quot;sku&quot;:&quot;&quot;,&quot;variation_description&quot;:&quot;&quot;,&quot;variation_id&quot;:17069,&quot;variation_is_active&quot;:true,&quot;variation_is_visible&quot;:true,&quot;weight&quot;:&quot;&quot;,&quot;weight_html&quot;:&quot;N\\\/D&quot;},{&quot;attributes&quot;:{&quot;attribute_pa_6f6cb72d544962fa333e2e&quot;:&quot;xl&quot;,&quot;attribute_pa_color&quot;:&quot;gris-oscuro&quot;},&quot;availability_html&quot;:&quot;&quot;,&quot;backorders_allowed&quot;:false,&quot;dimensions&quot;:{&quot;length&quot;:&quot;&quot;,&quot;width&quot;:&quot;&quot;,&quot;height&quot;:&quot;&quot;},&quot;dimensions_html&quot;:&quot;N\\\/D&quot;,&quot;display_price&quot;:14990,&quot;display_regular_price&quot;:19990,&quot;gallery_image_ids&quot;:[],&quot;gallery_images_html&quot;:&quot;&quot;,&quot;image&quot;:{&quot;title&quot;:&quot;polera-ml002-gris-510x510&quot;,&quot;caption&quot;:&quot;&quot;,&quot;url&quot;:&quot;https:\\\/\\\/bodegaoutdoor.cl\\\/store\\\/wp-content\\\/uploads\\\/2020\\\/09\\\/polera-ml002-gris-510x510-1.jpg&quot;,&quot;alt&quot;:&quot;polera-ml002-gris-510x510&quot;,&quot;src&quot;:&quot;https:\\\/\\\/bodegaoutdoor.cl\\\/store\\\/wp-content\\\/uploads\\\/2020\\\/09\\\/polera-ml002-gris-510x510-1.jpg&quot;,&quot;srcset&quot;:&quot;https:\\\/\\\/bodegaoutdoor.cl\\\/store\\\/wp-content\\\/uploads\\\/2020\\\/09\\\/polera-ml002-gris-510x510-1.jpg 510w, https:\\\/\\\/bodegaoutdoor.cl\\\/store\\\/wp-content\\\/uploads\\\/2020\\\/09\\\/polera-ml002-gris-510x510-1-300x300.jpg 300w, https:\\\/\\\/bodegaoutdoor.cl\\\/store\\\/wp-content\\\/uploads\\\/2020\\\/09\\\/polera-ml002-gris-510x510-1-100x100.jpg 100w, https:\\\/\\\/bodegaoutdoor.cl\\\/store\\\/wp-content\\\/uploads\\\/2020\\\/09\\\/polera-ml002-gris-510x510-1-150x150.jpg 150w&quot;,&quot;sizes&quot;:&quot;(max-width: 510px) 100vw, 510px&quot;,&quot;full_src&quot;:&quot;https:\\\/\\\/bodegaoutdoor.cl\\\/store\\\/wp-content\\\/uploads\\\/2020\\\/09\\\/polera-ml002-gris-510x510-1.jpg&quot;,&quot;full_src_w&quot;:510,&quot;full_src_h&quot;:510,&quot;gallery_thumbnail_src&quot;:&quot;https:\\\/\\\/bodegaoutdoor.cl\\\/store\\\/wp-content\\\/uploads\\\/2020\\\/09\\\/polera-ml002-gris-510x510-1-100x100.jpg&quot;,&quot;gallery_thumbnail_src_w&quot;:100,&quot;gallery_thumbnail_src_h&quot;:100,&quot;thumb_src&quot;:&quot;https:\\\/\\\/bodegaoutdoor.cl\\\/store\\\/wp-content\\\/uploads\\\/2020\\\/09\\\/polera-ml002-gris-510x510-1-300x300.jpg&quot;,&quot;thumb_src_w&quot;:300,&quot;thumb_src_h&quot;:300,&quot;src_w&quot;:510,&quot;src_h&quot;:510},&quot;image_id&quot;:17075,&quot;is_downloadable&quot;:false,&quot;is_in_stock&quot;:true,&quot;is_purchasable&quot;:true,&quot;is_sold_individually&quot;:&quot;no&quot;,&quot;is_virtual&quot;:false,&quot;max_qty&quot;:&quot;&quot;,&quot;min_qty&quot;:1,&quot;price_html&quot;:&quot;&quot;,&quot;sku&quot;:&quot;&quot;,&quot;variation_description&quot;:&quot;&quot;,&quot;variation_id&quot;:17070,&quot;variation_is_active&quot;:true,&quot;variation_is_visible&quot;:true,&quot;weight&quot;:&quot;&quot;,&quot;weight_html&quot;:&quot;N\\\/D&quot;}]\">\r\n            \r\n                            <table class=\"variations\" cellspacing=\"0\">\r\n                    <tbody>\r\n\r\n                    \r\n                                                <tr>\r\n                            <td class=\"label\"><label for=\"pa_6f6cb72d544962fa333e2e\">Size<\/label><\/td>\r\n                            <td class=\"value\">\r\n                                <div class=\"adsw-attribute-option\"><span class=\"meta-item-img sku-set \" data-value=\"l\" data-image_id=\"17075\" title=\"L\"><i  style=\"width: 50px; height: 50px;\"><img loading=\"lazy\" decoding=\"async\" width=\"100\" height=\"100\" src=\"https:\/\/bodegaoutdoor.cl\/store\/wp-content\/uploads\/2020\/09\/polera-ml002-gris-510x510-1-100x100.jpg\" class=\"attachment-shop_thumbnail size-shop_thumbnail\" alt=\"L\" title=\"L\" style=\"\" srcset=\"https:\/\/bodegaoutdoor.cl\/store\/wp-content\/uploads\/2020\/09\/polera-ml002-gris-510x510-1-100x100.jpg 100w, https:\/\/bodegaoutdoor.cl\/store\/wp-content\/uploads\/2020\/09\/polera-ml002-gris-510x510-1-300x300.jpg 300w, https:\/\/bodegaoutdoor.cl\/store\/wp-content\/uploads\/2020\/09\/polera-ml002-gris-510x510-1-150x150.jpg 150w, https:\/\/bodegaoutdoor.cl\/store\/wp-content\/uploads\/2020\/09\/polera-ml002-gris-510x510-1.jpg 510w\" sizes=\"(max-width: 100px) 100vw, 100px\" \/><\/i><\/span><span class=\"meta-item-img sku-set \" data-value=\"m\" data-image_id=\"17075\" title=\"M\"><i  style=\"width: 50px; height: 50px;\"><img loading=\"lazy\" decoding=\"async\" width=\"100\" height=\"100\" src=\"https:\/\/bodegaoutdoor.cl\/store\/wp-content\/uploads\/2020\/09\/polera-ml002-gris-510x510-1-100x100.jpg\" class=\"attachment-shop_thumbnail size-shop_thumbnail\" alt=\"M\" title=\"M\" style=\"\" srcset=\"https:\/\/bodegaoutdoor.cl\/store\/wp-content\/uploads\/2020\/09\/polera-ml002-gris-510x510-1-100x100.jpg 100w, https:\/\/bodegaoutdoor.cl\/store\/wp-content\/uploads\/2020\/09\/polera-ml002-gris-510x510-1-300x300.jpg 300w, https:\/\/bodegaoutdoor.cl\/store\/wp-content\/uploads\/2020\/09\/polera-ml002-gris-510x510-1-150x150.jpg 150w, https:\/\/bodegaoutdoor.cl\/store\/wp-content\/uploads\/2020\/09\/polera-ml002-gris-510x510-1.jpg 510w\" sizes=\"(max-width: 100px) 100vw, 100px\" \/><\/i><\/span><span class=\"meta-item-img sku-set \" data-value=\"s\" data-image_id=\"17075\" title=\"S\"><i  style=\"width: 50px; height: 50px;\"><img loading=\"lazy\" decoding=\"async\" width=\"100\" height=\"100\" src=\"https:\/\/bodegaoutdoor.cl\/store\/wp-content\/uploads\/2020\/09\/polera-ml002-gris-510x510-1-100x100.jpg\" class=\"attachment-shop_thumbnail size-shop_thumbnail\" alt=\"S\" title=\"S\" style=\"\" srcset=\"https:\/\/bodegaoutdoor.cl\/store\/wp-content\/uploads\/2020\/09\/polera-ml002-gris-510x510-1-100x100.jpg 100w, https:\/\/bodegaoutdoor.cl\/store\/wp-content\/uploads\/2020\/09\/polera-ml002-gris-510x510-1-300x300.jpg 300w, https:\/\/bodegaoutdoor.cl\/store\/wp-content\/uploads\/2020\/09\/polera-ml002-gris-510x510-1-150x150.jpg 150w, https:\/\/bodegaoutdoor.cl\/store\/wp-content\/uploads\/2020\/09\/polera-ml002-gris-510x510-1.jpg 510w\" sizes=\"(max-width: 100px) 100vw, 100px\" \/><\/i><\/span><span class=\"meta-item-img sku-set \" data-value=\"xl\" data-image_id=\"17075\" title=\"XL\"><i  style=\"width: 50px; height: 50px;\"><img loading=\"lazy\" decoding=\"async\" width=\"100\" height=\"100\" src=\"https:\/\/bodegaoutdoor.cl\/store\/wp-content\/uploads\/2020\/09\/polera-ml002-gris-510x510-1-100x100.jpg\" class=\"attachment-shop_thumbnail size-shop_thumbnail\" alt=\"XL\" title=\"XL\" style=\"\" srcset=\"https:\/\/bodegaoutdoor.cl\/store\/wp-content\/uploads\/2020\/09\/polera-ml002-gris-510x510-1-100x100.jpg 100w, https:\/\/bodegaoutdoor.cl\/store\/wp-content\/uploads\/2020\/09\/polera-ml002-gris-510x510-1-300x300.jpg 300w, https:\/\/bodegaoutdoor.cl\/store\/wp-content\/uploads\/2020\/09\/polera-ml002-gris-510x510-1-150x150.jpg 150w, https:\/\/bodegaoutdoor.cl\/store\/wp-content\/uploads\/2020\/09\/polera-ml002-gris-510x510-1.jpg 510w\" sizes=\"(max-width: 100px) 100vw, 100px\" \/><\/i><\/span><span class=\"meta-item-img sku-set \" data-value=\"xs\" data-image_id=\"17075\" title=\"XS\"><i  style=\"width: 50px; height: 50px;\"><img loading=\"lazy\" decoding=\"async\" width=\"100\" height=\"100\" src=\"https:\/\/bodegaoutdoor.cl\/store\/wp-content\/uploads\/2020\/09\/polera-ml002-gris-510x510-1-100x100.jpg\" class=\"attachment-shop_thumbnail size-shop_thumbnail\" alt=\"XS\" title=\"XS\" style=\"\" srcset=\"https:\/\/bodegaoutdoor.cl\/store\/wp-content\/uploads\/2020\/09\/polera-ml002-gris-510x510-1-100x100.jpg 100w, https:\/\/bodegaoutdoor.cl\/store\/wp-content\/uploads\/2020\/09\/polera-ml002-gris-510x510-1-300x300.jpg 300w, https:\/\/bodegaoutdoor.cl\/store\/wp-content\/uploads\/2020\/09\/polera-ml002-gris-510x510-1-150x150.jpg 150w, https:\/\/bodegaoutdoor.cl\/store\/wp-content\/uploads\/2020\/09\/polera-ml002-gris-510x510-1.jpg 510w\" sizes=\"(max-width: 100px) 100vw, 100px\" \/><\/i><\/span><\/div><select id=\"pa_6f6cb72d544962fa333e2e\" class=\"\" name=\"attribute_pa_6f6cb72d544962fa333e2e\" data-attribute_name=\"attribute_pa_6f6cb72d544962fa333e2e\" style=\"display:none\"><option value=\"\">Elige una opci\u00f3n<\/option><option value=\"l\" >L<\/option><option value=\"m\" >M<\/option><option value=\"s\" >S<\/option><option value=\"xl\" >XL<\/option><option value=\"xs\" >XS<\/option><\/select>                            <\/td>\r\n                        <\/tr>\r\n                    \r\n                                                <tr>\r\n                            <td class=\"label\"><label for=\"pa_color\">color<\/label><\/td>\r\n                            <td class=\"value\">\r\n                                <div class=\"adsw-attribute-option\"><span class=\"meta-item-text sku-set \" data-value=\"azul\">Azul<\/span><span class=\"meta-item-text sku-set \" data-value=\"celeste\">Celeste<\/span><span class=\"meta-item-text sku-set \" data-value=\"gris\">Gris<\/span><span class=\"meta-item-text sku-set \" data-value=\"gris-oscuro\">Gris oscuro<\/span><span class=\"meta-item-text sku-set \" data-value=\"negro\">Negro<\/span><span class=\"meta-item-text sku-set \" data-value=\"turquesa\">Turquesa<\/span><span class=\"meta-item-text sku-set \" data-value=\"verde\">Verde<\/span><\/div><select id=\"pa_color\" class=\"\" name=\"attribute_pa_color\" data-attribute_name=\"attribute_pa_color\" style=\"display:none\"><option value=\"\">Elige una opci\u00f3n<\/option><option value=\"azul\" >Azul<\/option><option value=\"celeste\" >Celeste<\/option><option value=\"gris\" >Gris<\/option><option value=\"gris-oscuro\" >Gris oscuro<\/option><option value=\"negro\" >Negro<\/option><option value=\"turquesa\" >Turquesa<\/option><option value=\"verde\" >Verde<\/option><\/select><a class=\"reset_variations\" href=\"#\">Limpiar<\/a>                            <\/td>\r\n                        <\/tr>\r\n                                        <\/tbody>\r\n                <\/table>\r\n\r\n                <div class=\"single_variation_wrap\">\r\n                    <div class=\"woocommerce-variation single_variation\" role=\"alert\" aria-relevant=\"additions\"><\/div><div class=\"woocommerce-variation-add-to-cart variations_button\">\n\t\n\t<div class=\"quantity\">\n\t\t<input type=\"button\" value=\"-\" class=\"minus\" \/>\n\t<label class=\"screen-reader-text\" for=\"quantity_6a9b5962d962d\">Polera DryFit con Cierre Manga Larga Mujer quantity<\/label>\n\t<input\n\t\ttype=\"number\"\n\t\t\t\tid=\"quantity_6a9b5962d962d\"\n\t\tclass=\"input-text qty text\"\n\t\tname=\"quantity\"\n\t\tvalue=\"1\"\n\t\taria-label=\"Qty\"\n\t\t\t\tmin=\"1\"\n\t\t\t\t\t\t\tstep=\"1\"\n\t\t\tplaceholder=\"\"\n\t\t\tinputmode=\"numeric\"\n\t\t\tautocomplete=\"off\"\n\t\t\t\/>\n\t<input type=\"button\" value=\"+\" class=\"plus\" \/>\n\t<\/div>\n\n\t<button type=\"submit\" class=\"single_add_to_cart_button button alt\">Agregar al carrito<\/button>\n\n\t\n\t<input type=\"hidden\" name=\"add-to-cart\" value=\"17055\" \/>\n\t<input type=\"hidden\" name=\"product_id\" value=\"17055\" \/>\n\t<input type=\"hidden\" name=\"variation_id\" class=\"variation_id\" value=\"0\" \/>\n<\/div>\n                <\/div>\r\n            \r\n                    <\/form>\r\n\r\n        \n<div\n\tclass=\"yith-wcwl-add-to-wishlist add-to-wishlist-17055 yith-wcwl-add-to-wishlist--link-style wishlist-fragment on-first-load\"\n\tdata-fragment-ref=\"17055\"\n\tdata-fragment-options=\"{&quot;base_url&quot;:&quot;&quot;,&quot;product_id&quot;:17055,&quot;parent_product_id&quot;:0,&quot;product_type&quot;:&quot;variable&quot;,&quot;is_single&quot;:false,&quot;in_default_wishlist&quot;:false,&quot;show_view&quot;:false,&quot;browse_wishlist_text&quot;:&quot;Lista Deseos&quot;,&quot;already_in_wishslist_text&quot;:&quot;The producto esta Agregado!&quot;,&quot;product_added_text&quot;:&quot;Producto Agregado!&quot;,&quot;available_multi_wishlist&quot;:false,&quot;disable_wishlist&quot;:false,&quot;show_count&quot;:false,&quot;ajax_loading&quot;:false,&quot;loop_position&quot;:&quot;after_add_to_cart&quot;,&quot;item&quot;:&quot;add_to_wishlist&quot;}\"\n>\n\t\t\t\n\t\t\t<!-- ADD TO WISHLIST -->\n\t\t\t\n<div class=\"yith-wcwl-add-button\">\n\t\t<a\n\t\thref=\"?add_to_wishlist=17055&#038;_wpnonce=98056c7fc2\"\n\t\tclass=\"add_to_wishlist single_add_to_wishlist\"\n\t\tdata-product-id=\"17055\"\n\t\tdata-product-type=\"variable\"\n\t\tdata-original-product-id=\"0\"\n\t\tdata-title=\"Lista Deseos\"\n\t\trel=\"nofollow\"\n\t>\n\t\t<svg id=\"yith-wcwl-icon-heart-outline\" class=\"yith-wcwl-icon-svg\" fill=\"none\" stroke-width=\"1.5\" stroke=\"currentColor\" viewbox=\"0 0 24 24\" xmlns=\"http:\/\/www.w3.org\/2000\/svg\">\n  <path stroke-linecap=\"round\" stroke-linejoin=\"round\" d=\"M21 8.25c0-2.485-2.099-4.5-4.688-4.5-1.935 0-3.597 1.126-4.312 2.733-.715-1.607-2.377-2.733-4.313-2.733C5.1 3.75 3 5.765 3 8.25c0 7.22 9 12 9 12s9-4.78 9-12Z\"><\/path>\n<\/svg>\t\t<span>Lista Deseos<\/span>\n\t<\/a>\n<\/div>\n\n\t\t\t<!-- COUNT TEXT -->\n\t\t\t\n\t\t\t<\/div>\n                        <\/div>\n                    <\/div>\n                <\/div>\n            <\/div>\n        <\/div>\n    <\/div>\n<\/div><!-- end quickView --><!-- end today gadget section -->                           <\/div>\n        <\/div>\n        \t\t\t\t<\/div>\n\t\t\t\t<\/div>\n\t\t\t\t<div class=\"elementor-element elementor-element-24b6c410 elementor-widget elementor-widget-xs-woo-product\" data-id=\"24b6c410\" data-element_type=\"widget\" data-e-type=\"widget\" data-widget_type=\"xs-woo-product.default\">\n\t\t\t\t<div class=\"elementor-widget-container\">\n\t\t\t\t\t<div class=\"row no-gutters product-block-category\">\n        <\/div>\t\t\t\t<\/div>\n\t\t\t\t<\/div>\n\t\t\t\t\t<\/div>\n\t\t<\/div>\n\t\t\t\t\t<\/div>\n\t\t<\/div>\n\t\t\t\t<div class=\"elementor-section elementor-top-section elementor-element elementor-element-747ccd4e elementor-section-full_width xs-no-cl-border elementor-section-height-default elementor-section-height-default\" data-id=\"747ccd4e\" data-element_type=\"section\" data-e-type=\"section\" data-settings=\"{&quot;background_background&quot;:&quot;classic&quot;}\">\n\t\t\t\t\t\t\t<div class=\"elementor-background-overlay\"><\/div>\n\t\t\t\t\t\t\t<div class=\"elementor-container elementor-column-gap-no\">\n\t\t\t\t\t<div class=\"elementor-column elementor-col-50 elementor-top-column elementor-element elementor-element-322ceb5e\" data-id=\"322ceb5e\" data-element_type=\"column\" data-e-type=\"column\">\n\t\t\t<div class=\"elementor-widget-wrap elementor-element-populated\">\n\t\t\t\t\t\t<section class=\"elementor-section elementor-inner-section elementor-element elementor-element-7b1115c6 elementor-section-boxed elementor-section-height-default elementor-section-height-default\" data-id=\"7b1115c6\" data-element_type=\"section\" data-e-type=\"section\">\n\t\t\t\t\t\t<div class=\"elementor-container elementor-column-gap-default\">\n\t\t\t\t\t<div class=\"elementor-column elementor-col-50 elementor-inner-column elementor-element elementor-element-2d444bd0\" data-id=\"2d444bd0\" data-element_type=\"column\" data-e-type=\"column\" data-settings=\"{&quot;background_background&quot;:&quot;classic&quot;}\">\n\t\t\t<div class=\"elementor-widget-wrap elementor-element-populated\">\n\t\t\t\t\t<div class=\"elementor-background-overlay\"><\/div>\n\t\t\t\t\t\t<div class=\"elementor-element elementor-element-2c47e30e elementor-widget elementor-widget-xs-woo-cats-list-link\" data-id=\"2c47e30e\" data-element_type=\"widget\" data-e-type=\"widget\" data-widget_type=\"xs-woo-cats-list-link.default\">\n\t\t\t\t<div class=\"elementor-widget-container\">\n\t\t\t\t\t        <div class=\"block-product-cate-wraper\">\n            <h3 class=\"block-cate-header\">Outdoor Hombres<\/h3>\n            <ul class=\"nav flex-column\">\n                                        <li class=\"nav-item\"><a class=\"nav-link\"\n                                href=\"https:\/\/bodegaoutdoor.cl\/store\/product-category\/vestuario-hombre\/\">Vestuario Hombre<\/a>\n                        <\/li>                        <li class=\"nav-item\"><a class=\"nav-link\"\n                                href=\"https:\/\/bodegaoutdoor.cl\/store\/product-category\/calzado\/calzado-hombre\/\">Hombre<\/a>\n                        <\/li>                        <li class=\"nav-item\"><a class=\"nav-link\"\n                                href=\"https:\/\/bodegaoutdoor.cl\/store\/product-category\/calzado\/\">Calzado<\/a>\n                        <\/li>            <\/ul>\n        <\/div>\n        \t\t\t\t<\/div>\n\t\t\t\t<\/div>\n\t\t\t\t\t<\/div>\n\t\t<\/div>\n\t\t\t\t<div class=\"elementor-column elementor-col-50 elementor-inner-column elementor-element elementor-element-6b523f39\" data-id=\"6b523f39\" data-element_type=\"column\" data-e-type=\"column\">\n\t\t\t<div class=\"elementor-widget-wrap elementor-element-populated\">\n\t\t\t\t\t\t<div class=\"elementor-element elementor-element-7dc3e285 elementor-widget elementor-widget-xs-woo-slider\" data-id=\"7dc3e285\" data-element_type=\"widget\" data-e-type=\"widget\" data-widget_type=\"xs-woo-slider.default\">\n\t\t\t\t<div class=\"elementor-widget-container\">\n\t\t\t\t\t<div class=\"xs-product-slider-style-2\">\n    <div class=\"product-block-slider swiper\">\n        <div class=\"swiper-wrapper\">\n                                    <div class=\"item swiper-slide\">\n                            <img loading=\"lazy\" decoding=\"async\" width=\"800\" height=\"800\" src=\"https:\/\/bodegaoutdoor.cl\/store\/wp-content\/uploads\/2020\/07\/Tahan-Air-Hiking-Sepatu-Tinggi-Dipotong-Hiking-Trekking-Mountain-Climbing-Sepatu-Dpt-Dipakai-Camping-Berburu-Trekking.jpg\" class=\"attachment-full size-full\" alt=\"Chaqueta Polar T\u00e1ctica Con Capucha Para Uniforme Militar .\" srcset=\"https:\/\/bodegaoutdoor.cl\/store\/wp-content\/uploads\/2020\/07\/Tahan-Air-Hiking-Sepatu-Tinggi-Dipotong-Hiking-Trekking-Mountain-Climbing-Sepatu-Dpt-Dipakai-Camping-Berburu-Trekking.jpg 800w, https:\/\/bodegaoutdoor.cl\/store\/wp-content\/uploads\/2020\/07\/Tahan-Air-Hiking-Sepatu-Tinggi-Dipotong-Hiking-Trekking-Mountain-Climbing-Sepatu-Dpt-Dipakai-Camping-Berburu-Trekking-300x300.jpg 300w, https:\/\/bodegaoutdoor.cl\/store\/wp-content\/uploads\/2020\/07\/Tahan-Air-Hiking-Sepatu-Tinggi-Dipotong-Hiking-Trekking-Mountain-Climbing-Sepatu-Dpt-Dipakai-Camping-Berburu-Trekking-100x100.jpg 100w, https:\/\/bodegaoutdoor.cl\/store\/wp-content\/uploads\/2020\/07\/Tahan-Air-Hiking-Sepatu-Tinggi-Dipotong-Hiking-Trekking-Mountain-Climbing-Sepatu-Dpt-Dipakai-Camping-Berburu-Trekking-600x600.jpg 600w, https:\/\/bodegaoutdoor.cl\/store\/wp-content\/uploads\/2020\/07\/Tahan-Air-Hiking-Sepatu-Tinggi-Dipotong-Hiking-Trekking-Mountain-Climbing-Sepatu-Dpt-Dipakai-Camping-Berburu-Trekking-150x150.jpg 150w, https:\/\/bodegaoutdoor.cl\/store\/wp-content\/uploads\/2020\/07\/Tahan-Air-Hiking-Sepatu-Tinggi-Dipotong-Hiking-Trekking-Mountain-Climbing-Sepatu-Dpt-Dipakai-Camping-Berburu-Trekking-768x768.jpg 768w\" sizes=\"(max-width: 800px) 100vw, 800px\" \/>                        <\/div>\n                                            <div class=\"item swiper-slide\">\n                            <img loading=\"lazy\" decoding=\"async\" width=\"1500\" height=\"1500\" src=\"https:\/\/bodegaoutdoor.cl\/store\/wp-content\/uploads\/2020\/07\/outdoor-research-hemispheres-jacket-.jpg\" class=\"attachment-full size-full\" alt=\"Chaqueta Polar T\u00e1ctica Con Capucha Para Uniforme Militar .\" srcset=\"https:\/\/bodegaoutdoor.cl\/store\/wp-content\/uploads\/2020\/07\/outdoor-research-hemispheres-jacket-.jpg 1500w, https:\/\/bodegaoutdoor.cl\/store\/wp-content\/uploads\/2020\/07\/outdoor-research-hemispheres-jacket--300x300.jpg 300w, https:\/\/bodegaoutdoor.cl\/store\/wp-content\/uploads\/2020\/07\/outdoor-research-hemispheres-jacket--100x100.jpg 100w, https:\/\/bodegaoutdoor.cl\/store\/wp-content\/uploads\/2020\/07\/outdoor-research-hemispheres-jacket--600x600.jpg 600w, https:\/\/bodegaoutdoor.cl\/store\/wp-content\/uploads\/2020\/07\/outdoor-research-hemispheres-jacket--150x150.jpg 150w, https:\/\/bodegaoutdoor.cl\/store\/wp-content\/uploads\/2020\/07\/outdoor-research-hemispheres-jacket--768x768.jpg 768w\" sizes=\"(max-width: 1500px) 100vw, 1500px\" \/>                        <\/div>\n                                            <div class=\"item swiper-slide\">\n                            <img loading=\"lazy\" decoding=\"async\" width=\"1000\" height=\"1000\" src=\"https:\/\/bodegaoutdoor.cl\/store\/wp-content\/uploads\/2020\/07\/mensbrown1.jpg\" class=\"attachment-full size-full\" alt=\"Chaqueta Polar T\u00e1ctica Con Capucha Para Uniforme Militar .\" srcset=\"https:\/\/bodegaoutdoor.cl\/store\/wp-content\/uploads\/2020\/07\/mensbrown1.jpg 1000w, https:\/\/bodegaoutdoor.cl\/store\/wp-content\/uploads\/2020\/07\/mensbrown1-300x300.jpg 300w, https:\/\/bodegaoutdoor.cl\/store\/wp-content\/uploads\/2020\/07\/mensbrown1-100x100.jpg 100w, https:\/\/bodegaoutdoor.cl\/store\/wp-content\/uploads\/2020\/07\/mensbrown1-600x600.jpg 600w, https:\/\/bodegaoutdoor.cl\/store\/wp-content\/uploads\/2020\/07\/mensbrown1-150x150.jpg 150w, https:\/\/bodegaoutdoor.cl\/store\/wp-content\/uploads\/2020\/07\/mensbrown1-768x768.jpg 768w\" sizes=\"(max-width: 1000px) 100vw, 1000px\" \/>                        <\/div>\n                                            <div class=\"item swiper-slide\">\n                            <img loading=\"lazy\" decoding=\"async\" width=\"250\" height=\"250\" src=\"https:\/\/bodegaoutdoor.cl\/store\/wp-content\/uploads\/2020\/07\/Men-font-b-Hiking-b-font-Fishing-Trekking-Shirts-Military-Tactical-Long-Sleeve-Breathable-Shirts-Outdoor.jpg_250x250.jpg\" class=\"attachment-full size-full\" alt=\"Chaqueta Polar T\u00e1ctica Con Capucha Para Uniforme Militar .\" srcset=\"https:\/\/bodegaoutdoor.cl\/store\/wp-content\/uploads\/2020\/07\/Men-font-b-Hiking-b-font-Fishing-Trekking-Shirts-Military-Tactical-Long-Sleeve-Breathable-Shirts-Outdoor.jpg_250x250.jpg 250w, https:\/\/bodegaoutdoor.cl\/store\/wp-content\/uploads\/2020\/07\/Men-font-b-Hiking-b-font-Fishing-Trekking-Shirts-Military-Tactical-Long-Sleeve-Breathable-Shirts-Outdoor.jpg_250x250-100x100.jpg 100w, https:\/\/bodegaoutdoor.cl\/store\/wp-content\/uploads\/2020\/07\/Men-font-b-Hiking-b-font-Fishing-Trekking-Shirts-Military-Tactical-Long-Sleeve-Breathable-Shirts-Outdoor.jpg_250x250-150x150.jpg 150w\" sizes=\"(max-width: 250px) 100vw, 250px\" \/>                        <\/div>\n                            <\/div>\n        <div class=\"swiper-pagination\"><\/div>\n\n    <\/div>\n<\/div>\n\n\t\t\t\t<\/div>\n\t\t\t\t<\/div>\n\t\t\t\t\t<\/div>\n\t\t<\/div>\n\t\t\t\t\t<\/div>\n\t\t<\/section>\n\t\t\t\t\t<\/div>\n\t\t<\/div>\n\t\t\t\t<div class=\"elementor-column elementor-col-50 elementor-top-column elementor-element elementor-element-5d13d02f\" data-id=\"5d13d02f\" data-element_type=\"column\" data-e-type=\"column\">\n\t\t\t<div class=\"elementor-widget-wrap elementor-element-populated\">\n\t\t\t\t\t\t<div class=\"elementor-element elementor-element-2611f78b elementor-widget elementor-widget-xs-woo-product\" data-id=\"2611f78b\" data-element_type=\"widget\" data-e-type=\"widget\" data-widget_type=\"xs-woo-product.default\">\n\t\t\t\t<div class=\"elementor-widget-container\">\n\t\t\t\t\t<div class=\"row no-gutters product-block-category\">\n        <\/div>\t\t\t\t<\/div>\n\t\t\t\t<\/div>\n\t\t\t\t<div class=\"elementor-element elementor-element-435160ab elementor-widget elementor-widget-xs-woo-product\" data-id=\"435160ab\" data-element_type=\"widget\" data-e-type=\"widget\" data-widget_type=\"xs-woo-product.default\">\n\t\t\t\t<div class=\"elementor-widget-container\">\n\t\t\t\t\t        <div class=\"version-6\">\n            <div class=\"xs-product-widget media\">\n                                <a class=\"xs_product_img_link\" href=\"https:\/\/bodegaoutdoor.cl\/store\/product\/pantalones-cortos-para-senderismo-al-aire-libre-pantalones-cortos-tacticos-impermeables-de-secado-rapido-para-hombre-pantalones-cortos-deportivos-para-pesca-trekking-4xl-de-talla-grande\/\">\n                   <img loading=\"lazy\" decoding=\"async\" width=\"168\" height=\"145\" src=\"https:\/\/bodegaoutdoor.cl\/store\/wp-content\/uploads\/2020\/07\/3674-ih137q.jpg\" class=\"attachment-168x166 size-168x166\" alt=\"Pantalones cortos para senderismo , t\u00e1cticos, impermeables &#038; secado r\u00e1pido\" srcset=\"https:\/\/bodegaoutdoor.cl\/store\/wp-content\/uploads\/2020\/07\/3674-ih137q.jpg 790w, https:\/\/bodegaoutdoor.cl\/store\/wp-content\/uploads\/2020\/07\/3674-ih137q-600x519.jpg 600w, https:\/\/bodegaoutdoor.cl\/store\/wp-content\/uploads\/2020\/07\/3674-ih137q-768x664.jpg 768w\" sizes=\"(max-width: 168px) 100vw, 168px\" \/>                <\/a>\n                                <div class=\"media-body align-self-center product-widget-content\">\n                            <span class=\"product-categories\">\n                                <a href=\"#\" rel=\"tag\"><a href = 'https:\/\/bodegaoutdoor.cl\/store\/product-category\/vestuario-hombre\/pantalones-hombre\/'>Pantalones Hombre<\/a>  <a href = 'https:\/\/bodegaoutdoor.cl\/store\/product-category\/vestuario-hombre\/'>Vestuario Hombre<\/a>  <\/a>\n                            <\/span>\n                    <a class=\"product-title\" href=\"https:\/\/bodegaoutdoor.cl\/store\/product\/pantalones-cortos-para-senderismo-al-aire-libre-pantalones-cortos-tacticos-impermeables-de-secado-rapido-para-hombre-pantalones-cortos-deportivos-para-pesca-trekking-4xl-de-talla-grande\/\">Pantalones cortos para senderismo , t\u00e1cticos, impermeables &#038; secado r\u00e1pido<\/a>\n                    <span class=\"price version-2\"> <del aria-hidden=\"true\"><span class=\"woocommerce-Price-amount amount\"><bdi><span class=\"woocommerce-Price-currencySymbol\" translate=\"no\">$<\/span>39,990<\/bdi><\/span><\/del> <span class=\"screen-reader-text\">El precio original era: $39,990.<\/span><ins aria-hidden=\"true\"><span class=\"woocommerce-Price-amount amount\"><bdi><span class=\"woocommerce-Price-currencySymbol\" translate=\"no\">$<\/span>34,990<\/bdi><\/span><\/ins><span class=\"screen-reader-text\">El precio actual es: $34,990.<\/span><\/span>\n                <\/div><!-- .xs-product-content END -->\n                <!--  show product meta if pd image in lef -->\n               <div class=\"xs-update-product-meta\">\n                   <ul class=\"xs-update-product-item-meta product-item-meta\">\n                       <li class=\"xs-cart-wrapper\">\n                                                          <a href=\"https:\/\/bodegaoutdoor.cl\/store\/product\/pantalones-cortos-para-senderismo-al-aire-libre-pantalones-cortos-tacticos-impermeables-de-secado-rapido-para-hombre-pantalones-cortos-deportivos-para-pesca-trekking-4xl-de-talla-grande\/\" aria-describedby=\"woocommerce_loop_add_to_cart_link_describedby_3674\" data-quantity=\"1\" class=\"button product_type_variable add_to_cart_button\" data-product_id=\"3674\" data-product_sku=\"33016144015\" aria-label=\"Elige las opciones para &ldquo;Pantalones cortos para senderismo , t\u00e1cticos, impermeables &amp; secado r\u00e1pido&rdquo;\" rel=\"nofollow\">Seleccionar opciones<\/a>    <span id=\"woocommerce_loop_add_to_cart_link_describedby_3674\" class=\"screen-reader-text\">\n        Este producto tiene m\u00faltiples variantes. Las opciones se pueden elegir en la p\u00e1gina de producto    <\/span>\n                                                  <\/li>\n                       <li><a href=\"#\" data-toggle=\"modal\" data-target=\".xs-quick-view-modal-66937-1\"><i class=\"xsicon xsicon-eye\"><\/i><\/a><\/li>\n                                                  <li class=\"xs-wishlist-wrapper xs-wishlist\">\n                               \n<div\n\tclass=\"yith-wcwl-add-to-wishlist add-to-wishlist-3674 yith-wcwl-add-to-wishlist--link-style wishlist-fragment on-first-load\"\n\tdata-fragment-ref=\"3674\"\n\tdata-fragment-options=\"{&quot;base_url&quot;:&quot;&quot;,&quot;product_id&quot;:3674,&quot;parent_product_id&quot;:0,&quot;product_type&quot;:&quot;variable&quot;,&quot;is_single&quot;:false,&quot;in_default_wishlist&quot;:false,&quot;show_view&quot;:false,&quot;browse_wishlist_text&quot;:&quot;Lista Deseos&quot;,&quot;already_in_wishslist_text&quot;:&quot;The producto esta Agregado!&quot;,&quot;product_added_text&quot;:&quot;Producto Agregado!&quot;,&quot;available_multi_wishlist&quot;:false,&quot;disable_wishlist&quot;:false,&quot;show_count&quot;:false,&quot;ajax_loading&quot;:false,&quot;loop_position&quot;:&quot;after_add_to_cart&quot;,&quot;item&quot;:&quot;add_to_wishlist&quot;}\"\n>\n\t\t\t\n\t\t\t<!-- ADD TO WISHLIST -->\n\t\t\t\n<div class=\"yith-wcwl-add-button\">\n\t\t<a\n\t\thref=\"?add_to_wishlist=3674&#038;_wpnonce=98056c7fc2\"\n\t\tclass=\"add_to_wishlist single_add_to_wishlist\"\n\t\tdata-product-id=\"3674\"\n\t\tdata-product-type=\"variable\"\n\t\tdata-original-product-id=\"0\"\n\t\tdata-title=\"Lista Deseos\"\n\t\trel=\"nofollow\"\n\t>\n\t\t<svg id=\"yith-wcwl-icon-heart-outline\" class=\"yith-wcwl-icon-svg\" fill=\"none\" stroke-width=\"1.5\" stroke=\"currentColor\" viewbox=\"0 0 24 24\" xmlns=\"http:\/\/www.w3.org\/2000\/svg\">\n  <path stroke-linecap=\"round\" stroke-linejoin=\"round\" d=\"M21 8.25c0-2.485-2.099-4.5-4.688-4.5-1.935 0-3.597 1.126-4.312 2.733-.715-1.607-2.377-2.733-4.313-2.733C5.1 3.75 3 5.765 3 8.25c0 7.22 9 12 9 12s9-4.78 9-12Z\"><\/path>\n<\/svg>\t\t<span>Lista Deseos<\/span>\n\t<\/a>\n<\/div>\n\n\t\t\t<!-- COUNT TEXT -->\n\t\t\t\n\t\t\t<\/div>\n                           <\/li>\n                                          <\/ul>\n               <\/div>\n                   <div class=\"woocommerce xs-modal xs-modal-quick-view xs-quick-view-modal-3674 modal fade\" tabindex=\"-1\" role=\"dialog\" aria-hidden=\"true\">\n    <div class=\"modal-dialog\" role=\"document\">\n        <div class=\"modal-content\">\n            <button type=\"button\" class=\"close\" data-dismiss=\"modal\" aria-label=\"Close\">\n                <span class=\"xsicon xsicon-cross\"><\/span>\n            <\/button>\n            <div class=\"container\">\n                <div class=\"row\">\n                    <div class=\"col-md-6\">\n                        <div class=\"images\">\n                                                        <img loading=\"lazy\" decoding=\"async\" width=\"790\" height=\"683\" src=\"https:\/\/bodegaoutdoor.cl\/store\/wp-content\/uploads\/2020\/07\/3674-ih137q.jpg\" class=\"attachment-full size-full\" alt=\"Pantalones cortos para senderismo , t\u00e1cticos, impermeables &#038; secado r\u00e1pido\" srcset=\"https:\/\/bodegaoutdoor.cl\/store\/wp-content\/uploads\/2020\/07\/3674-ih137q.jpg 790w, https:\/\/bodegaoutdoor.cl\/store\/wp-content\/uploads\/2020\/07\/3674-ih137q-600x519.jpg 600w, https:\/\/bodegaoutdoor.cl\/store\/wp-content\/uploads\/2020\/07\/3674-ih137q-768x664.jpg 768w\" sizes=\"(max-width: 790px) 100vw, 790px\" \/>                                                <\/div>\n                    <\/div>\n                    <div class=\"col-md-6 align-self-center\">\n                        <div class=\"summary-content entry-summary\">\n                            <h2 class=\"product_title entry-title\">Pantalones cortos para senderismo , t\u00e1cticos, impermeables &#038; secado r\u00e1pido<\/h2><div class=\"product_meta\">\n\n\t\n\t\n\t\t<span class=\"sku_wrapper\">SKU: <span class=\"sku\">33016144015<\/span><\/span>\n\n\t\n\t<span class=\"posted_in\">Categor\u00edas: <a href=\"https:\/\/bodegaoutdoor.cl\/store\/product-category\/vestuario-hombre\/pantalones-hombre\/\" rel=\"tag\">Pantalones Hombre<\/a>, <a href=\"https:\/\/bodegaoutdoor.cl\/store\/product-category\/vestuario-hombre\/\" rel=\"tag\">Vestuario Hombre<\/a><\/span>\n\t\n\t\n<\/div>\n<div class=\"woocommerce-product-details__short-description\">\n\t<p><span style=\"color: #800000;\"><strong>SOLO ENVIO INTERNACIONAL\u00a0\u00a0<\/strong><\/span><\/p>\n<\/div>\n<p class=\"price\"><del aria-hidden=\"true\"><span class=\"woocommerce-Price-amount amount\"><bdi><span class=\"woocommerce-Price-currencySymbol\" translate=\"no\">$<\/span>39,990<\/bdi><\/span><\/del> <span class=\"screen-reader-text\">El precio original era: $39,990.<\/span><ins aria-hidden=\"true\"><span class=\"woocommerce-Price-amount amount\"><bdi><span class=\"woocommerce-Price-currencySymbol\" translate=\"no\">$<\/span>34,990<\/bdi><\/span><\/ins><span class=\"screen-reader-text\">El precio actual es: $34,990.<\/span><\/p>\n\r\n        <form class=\"variations_form cart\" method=\"post\" enctype='multipart\/form-data' data-product_id=\"3674\" data-product_variations=\"[{&quot;attributes&quot;:{&quot;attribute_pa_color&quot;:&quot;green&quot;,&quot;attribute_pa_f294abc323c8581b087d9a&quot;:&quot;m&quot;},&quot;availability_html&quot;:&quot;&lt;p class=\\&quot;stock in-stock\\&quot;&gt;199 disponibles&lt;\\\/p&gt;\\n&quot;,&quot;backorders_allowed&quot;:false,&quot;dimensions&quot;:{&quot;length&quot;:&quot;&quot;,&quot;width&quot;:&quot;&quot;,&quot;height&quot;:&quot;&quot;},&quot;dimensions_html&quot;:&quot;N\\\/D&quot;,&quot;display_price&quot;:34990,&quot;display_regular_price&quot;:39990,&quot;gallery_image_ids&quot;:[],&quot;gallery_images_html&quot;:&quot;&quot;,&quot;image&quot;:{&quot;title&quot;:&quot;3675-z25uvl.jpg&quot;,&quot;caption&quot;:&quot;&quot;,&quot;url&quot;:&quot;https:\\\/\\\/bodegaoutdoor.cl\\\/store\\\/wp-content\\\/uploads\\\/2020\\\/07\\\/3675-z25uvl.jpg&quot;,&quot;alt&quot;:&quot;3675-z25uvl.jpg&quot;,&quot;src&quot;:&quot;https:\\\/\\\/bodegaoutdoor.cl\\\/store\\\/wp-content\\\/uploads\\\/2020\\\/07\\\/3675-z25uvl-600x599.jpg&quot;,&quot;srcset&quot;:&quot;https:\\\/\\\/bodegaoutdoor.cl\\\/store\\\/wp-content\\\/uploads\\\/2020\\\/07\\\/3675-z25uvl-600x599.jpg 600w, https:\\\/\\\/bodegaoutdoor.cl\\\/store\\\/wp-content\\\/uploads\\\/2020\\\/07\\\/3675-z25uvl-300x300.jpg 300w, https:\\\/\\\/bodegaoutdoor.cl\\\/store\\\/wp-content\\\/uploads\\\/2020\\\/07\\\/3675-z25uvl-100x100.jpg 100w, https:\\\/\\\/bodegaoutdoor.cl\\\/store\\\/wp-content\\\/uploads\\\/2020\\\/07\\\/3675-z25uvl-150x150.jpg 150w, https:\\\/\\\/bodegaoutdoor.cl\\\/store\\\/wp-content\\\/uploads\\\/2020\\\/07\\\/3675-z25uvl-768x767.jpg 768w, https:\\\/\\\/bodegaoutdoor.cl\\\/store\\\/wp-content\\\/uploads\\\/2020\\\/07\\\/3675-z25uvl.jpg 811w&quot;,&quot;sizes&quot;:&quot;(max-width: 600px) 100vw, 600px&quot;,&quot;full_src&quot;:&quot;https:\\\/\\\/bodegaoutdoor.cl\\\/store\\\/wp-content\\\/uploads\\\/2020\\\/07\\\/3675-z25uvl.jpg&quot;,&quot;full_src_w&quot;:811,&quot;full_src_h&quot;:810,&quot;gallery_thumbnail_src&quot;:&quot;https:\\\/\\\/bodegaoutdoor.cl\\\/store\\\/wp-content\\\/uploads\\\/2020\\\/07\\\/3675-z25uvl-100x100.jpg&quot;,&quot;gallery_thumbnail_src_w&quot;:100,&quot;gallery_thumbnail_src_h&quot;:100,&quot;thumb_src&quot;:&quot;https:\\\/\\\/bodegaoutdoor.cl\\\/store\\\/wp-content\\\/uploads\\\/2020\\\/07\\\/3675-z25uvl-300x300.jpg&quot;,&quot;thumb_src_w&quot;:300,&quot;thumb_src_h&quot;:300,&quot;src_w&quot;:600,&quot;src_h&quot;:599},&quot;image_id&quot;:3740,&quot;is_downloadable&quot;:false,&quot;is_in_stock&quot;:true,&quot;is_purchasable&quot;:true,&quot;is_sold_individually&quot;:&quot;no&quot;,&quot;is_virtual&quot;:false,&quot;max_qty&quot;:199,&quot;min_qty&quot;:1,&quot;price_html&quot;:&quot;&quot;,&quot;sku&quot;:&quot;33016144015&quot;,&quot;variation_description&quot;:&quot;&quot;,&quot;variation_id&quot;:3675,&quot;variation_is_active&quot;:true,&quot;variation_is_visible&quot;:true,&quot;weight&quot;:&quot;&quot;,&quot;weight_html&quot;:&quot;N\\\/D&quot;},{&quot;attributes&quot;:{&quot;attribute_pa_color&quot;:&quot;azul&quot;,&quot;attribute_pa_f294abc323c8581b087d9a&quot;:&quot;xxl&quot;},&quot;availability_html&quot;:&quot;&lt;p class=\\&quot;stock in-stock\\&quot;&gt;199 disponibles&lt;\\\/p&gt;\\n&quot;,&quot;backorders_allowed&quot;:false,&quot;dimensions&quot;:{&quot;length&quot;:&quot;&quot;,&quot;width&quot;:&quot;&quot;,&quot;height&quot;:&quot;&quot;},&quot;dimensions_html&quot;:&quot;N\\\/D&quot;,&quot;display_price&quot;:34990,&quot;display_regular_price&quot;:39990,&quot;gallery_image_ids&quot;:[],&quot;gallery_images_html&quot;:&quot;&quot;,&quot;image&quot;:{&quot;title&quot;:&quot;3677-xapghm.jpg&quot;,&quot;caption&quot;:&quot;&quot;,&quot;url&quot;:&quot;https:\\\/\\\/bodegaoutdoor.cl\\\/store\\\/wp-content\\\/uploads\\\/2020\\\/07\\\/3677-xapghm.jpg&quot;,&quot;alt&quot;:&quot;3677-xapghm.jpg&quot;,&quot;src&quot;:&quot;https:\\\/\\\/bodegaoutdoor.cl\\\/store\\\/wp-content\\\/uploads\\\/2020\\\/07\\\/3677-xapghm-600x595.jpg&quot;,&quot;srcset&quot;:&quot;https:\\\/\\\/bodegaoutdoor.cl\\\/store\\\/wp-content\\\/uploads\\\/2020\\\/07\\\/3677-xapghm-600x595.jpg 600w, https:\\\/\\\/bodegaoutdoor.cl\\\/store\\\/wp-content\\\/uploads\\\/2020\\\/07\\\/3677-xapghm-100x100.jpg 100w, https:\\\/\\\/bodegaoutdoor.cl\\\/store\\\/wp-content\\\/uploads\\\/2020\\\/07\\\/3677-xapghm-150x150.jpg 150w, https:\\\/\\\/bodegaoutdoor.cl\\\/store\\\/wp-content\\\/uploads\\\/2020\\\/07\\\/3677-xapghm-768x761.jpg 768w, https:\\\/\\\/bodegaoutdoor.cl\\\/store\\\/wp-content\\\/uploads\\\/2020\\\/07\\\/3677-xapghm.jpg 810w&quot;,&quot;sizes&quot;:&quot;(max-width: 600px) 100vw, 600px&quot;,&quot;full_src&quot;:&quot;https:\\\/\\\/bodegaoutdoor.cl\\\/store\\\/wp-content\\\/uploads\\\/2020\\\/07\\\/3677-xapghm.jpg&quot;,&quot;full_src_w&quot;:810,&quot;full_src_h&quot;:803,&quot;gallery_thumbnail_src&quot;:&quot;https:\\\/\\\/bodegaoutdoor.cl\\\/store\\\/wp-content\\\/uploads\\\/2020\\\/07\\\/3677-xapghm-100x100.jpg&quot;,&quot;gallery_thumbnail_src_w&quot;:100,&quot;gallery_thumbnail_src_h&quot;:100,&quot;thumb_src&quot;:&quot;https:\\\/\\\/bodegaoutdoor.cl\\\/store\\\/wp-content\\\/uploads\\\/2020\\\/07\\\/3677-xapghm-300x300.jpg&quot;,&quot;thumb_src_w&quot;:300,&quot;thumb_src_h&quot;:300,&quot;src_w&quot;:600,&quot;src_h&quot;:595},&quot;image_id&quot;:3741,&quot;is_downloadable&quot;:false,&quot;is_in_stock&quot;:true,&quot;is_purchasable&quot;:true,&quot;is_sold_individually&quot;:&quot;no&quot;,&quot;is_virtual&quot;:false,&quot;max_qty&quot;:199,&quot;min_qty&quot;:1,&quot;price_html&quot;:&quot;&quot;,&quot;sku&quot;:&quot;33016144015&quot;,&quot;variation_description&quot;:&quot;&quot;,&quot;variation_id&quot;:3678,&quot;variation_is_active&quot;:true,&quot;variation_is_visible&quot;:true,&quot;weight&quot;:&quot;&quot;,&quot;weight_html&quot;:&quot;N\\\/D&quot;},{&quot;attributes&quot;:{&quot;attribute_pa_color&quot;:&quot;green&quot;,&quot;attribute_pa_f294abc323c8581b087d9a&quot;:&quot;l&quot;},&quot;availability_html&quot;:&quot;&lt;p class=\\&quot;stock in-stock\\&quot;&gt;195 disponibles&lt;\\\/p&gt;\\n&quot;,&quot;backorders_allowed&quot;:false,&quot;dimensions&quot;:{&quot;length&quot;:&quot;&quot;,&quot;width&quot;:&quot;&quot;,&quot;height&quot;:&quot;&quot;},&quot;dimensions_html&quot;:&quot;N\\\/D&quot;,&quot;display_price&quot;:34990,&quot;display_regular_price&quot;:39990,&quot;gallery_image_ids&quot;:[],&quot;gallery_images_html&quot;:&quot;&quot;,&quot;image&quot;:{&quot;title&quot;:&quot;3675-z25uvl.jpg&quot;,&quot;caption&quot;:&quot;&quot;,&quot;url&quot;:&quot;https:\\\/\\\/bodegaoutdoor.cl\\\/store\\\/wp-content\\\/uploads\\\/2020\\\/07\\\/3675-z25uvl.jpg&quot;,&quot;alt&quot;:&quot;3675-z25uvl.jpg&quot;,&quot;src&quot;:&quot;https:\\\/\\\/bodegaoutdoor.cl\\\/store\\\/wp-content\\\/uploads\\\/2020\\\/07\\\/3675-z25uvl-600x599.jpg&quot;,&quot;srcset&quot;:&quot;https:\\\/\\\/bodegaoutdoor.cl\\\/store\\\/wp-content\\\/uploads\\\/2020\\\/07\\\/3675-z25uvl-600x599.jpg 600w, https:\\\/\\\/bodegaoutdoor.cl\\\/store\\\/wp-content\\\/uploads\\\/2020\\\/07\\\/3675-z25uvl-300x300.jpg 300w, https:\\\/\\\/bodegaoutdoor.cl\\\/store\\\/wp-content\\\/uploads\\\/2020\\\/07\\\/3675-z25uvl-100x100.jpg 100w, https:\\\/\\\/bodegaoutdoor.cl\\\/store\\\/wp-content\\\/uploads\\\/2020\\\/07\\\/3675-z25uvl-150x150.jpg 150w, https:\\\/\\\/bodegaoutdoor.cl\\\/store\\\/wp-content\\\/uploads\\\/2020\\\/07\\\/3675-z25uvl-768x767.jpg 768w, https:\\\/\\\/bodegaoutdoor.cl\\\/store\\\/wp-content\\\/uploads\\\/2020\\\/07\\\/3675-z25uvl.jpg 811w&quot;,&quot;sizes&quot;:&quot;(max-width: 600px) 100vw, 600px&quot;,&quot;full_src&quot;:&quot;https:\\\/\\\/bodegaoutdoor.cl\\\/store\\\/wp-content\\\/uploads\\\/2020\\\/07\\\/3675-z25uvl.jpg&quot;,&quot;full_src_w&quot;:811,&quot;full_src_h&quot;:810,&quot;gallery_thumbnail_src&quot;:&quot;https:\\\/\\\/bodegaoutdoor.cl\\\/store\\\/wp-content\\\/uploads\\\/2020\\\/07\\\/3675-z25uvl-100x100.jpg&quot;,&quot;gallery_thumbnail_src_w&quot;:100,&quot;gallery_thumbnail_src_h&quot;:100,&quot;thumb_src&quot;:&quot;https:\\\/\\\/bodegaoutdoor.cl\\\/store\\\/wp-content\\\/uploads\\\/2020\\\/07\\\/3675-z25uvl-300x300.jpg&quot;,&quot;thumb_src_w&quot;:300,&quot;thumb_src_h&quot;:300,&quot;src_w&quot;:600,&quot;src_h&quot;:599},&quot;image_id&quot;:3740,&quot;is_downloadable&quot;:false,&quot;is_in_stock&quot;:true,&quot;is_purchasable&quot;:true,&quot;is_sold_individually&quot;:&quot;no&quot;,&quot;is_virtual&quot;:false,&quot;max_qty&quot;:195,&quot;min_qty&quot;:1,&quot;price_html&quot;:&quot;&quot;,&quot;sku&quot;:&quot;33016144015&quot;,&quot;variation_description&quot;:&quot;&quot;,&quot;variation_id&quot;:3676,&quot;variation_is_active&quot;:true,&quot;variation_is_visible&quot;:true,&quot;weight&quot;:&quot;&quot;,&quot;weight_html&quot;:&quot;N\\\/D&quot;},{&quot;attributes&quot;:{&quot;attribute_pa_color&quot;:&quot;azul&quot;,&quot;attribute_pa_f294abc323c8581b087d9a&quot;:&quot;m&quot;},&quot;availability_html&quot;:&quot;&lt;p class=\\&quot;stock in-stock\\&quot;&gt;200 disponibles&lt;\\\/p&gt;\\n&quot;,&quot;backorders_allowed&quot;:false,&quot;dimensions&quot;:{&quot;length&quot;:&quot;&quot;,&quot;width&quot;:&quot;&quot;,&quot;height&quot;:&quot;&quot;},&quot;dimensions_html&quot;:&quot;N\\\/D&quot;,&quot;display_price&quot;:34990,&quot;display_regular_price&quot;:39990,&quot;gallery_image_ids&quot;:[],&quot;gallery_images_html&quot;:&quot;&quot;,&quot;image&quot;:{&quot;title&quot;:&quot;3677-xapghm.jpg&quot;,&quot;caption&quot;:&quot;&quot;,&quot;url&quot;:&quot;https:\\\/\\\/bodegaoutdoor.cl\\\/store\\\/wp-content\\\/uploads\\\/2020\\\/07\\\/3677-xapghm.jpg&quot;,&quot;alt&quot;:&quot;3677-xapghm.jpg&quot;,&quot;src&quot;:&quot;https:\\\/\\\/bodegaoutdoor.cl\\\/store\\\/wp-content\\\/uploads\\\/2020\\\/07\\\/3677-xapghm-600x595.jpg&quot;,&quot;srcset&quot;:&quot;https:\\\/\\\/bodegaoutdoor.cl\\\/store\\\/wp-content\\\/uploads\\\/2020\\\/07\\\/3677-xapghm-600x595.jpg 600w, https:\\\/\\\/bodegaoutdoor.cl\\\/store\\\/wp-content\\\/uploads\\\/2020\\\/07\\\/3677-xapghm-100x100.jpg 100w, https:\\\/\\\/bodegaoutdoor.cl\\\/store\\\/wp-content\\\/uploads\\\/2020\\\/07\\\/3677-xapghm-150x150.jpg 150w, https:\\\/\\\/bodegaoutdoor.cl\\\/store\\\/wp-content\\\/uploads\\\/2020\\\/07\\\/3677-xapghm-768x761.jpg 768w, https:\\\/\\\/bodegaoutdoor.cl\\\/store\\\/wp-content\\\/uploads\\\/2020\\\/07\\\/3677-xapghm.jpg 810w&quot;,&quot;sizes&quot;:&quot;(max-width: 600px) 100vw, 600px&quot;,&quot;full_src&quot;:&quot;https:\\\/\\\/bodegaoutdoor.cl\\\/store\\\/wp-content\\\/uploads\\\/2020\\\/07\\\/3677-xapghm.jpg&quot;,&quot;full_src_w&quot;:810,&quot;full_src_h&quot;:803,&quot;gallery_thumbnail_src&quot;:&quot;https:\\\/\\\/bodegaoutdoor.cl\\\/store\\\/wp-content\\\/uploads\\\/2020\\\/07\\\/3677-xapghm-100x100.jpg&quot;,&quot;gallery_thumbnail_src_w&quot;:100,&quot;gallery_thumbnail_src_h&quot;:100,&quot;thumb_src&quot;:&quot;https:\\\/\\\/bodegaoutdoor.cl\\\/store\\\/wp-content\\\/uploads\\\/2020\\\/07\\\/3677-xapghm-300x300.jpg&quot;,&quot;thumb_src_w&quot;:300,&quot;thumb_src_h&quot;:300,&quot;src_w&quot;:600,&quot;src_h&quot;:595},&quot;image_id&quot;:3741,&quot;is_downloadable&quot;:false,&quot;is_in_stock&quot;:true,&quot;is_purchasable&quot;:true,&quot;is_sold_individually&quot;:&quot;no&quot;,&quot;is_virtual&quot;:false,&quot;max_qty&quot;:200,&quot;min_qty&quot;:1,&quot;price_html&quot;:&quot;&quot;,&quot;sku&quot;:&quot;33016144015&quot;,&quot;variation_description&quot;:&quot;&quot;,&quot;variation_id&quot;:3679,&quot;variation_is_active&quot;:true,&quot;variation_is_visible&quot;:true,&quot;weight&quot;:&quot;&quot;,&quot;weight_html&quot;:&quot;N\\\/D&quot;},{&quot;attributes&quot;:{&quot;attribute_pa_color&quot;:&quot;azul&quot;,&quot;attribute_pa_f294abc323c8581b087d9a&quot;:&quot;xl&quot;},&quot;availability_html&quot;:&quot;&lt;p class=\\&quot;stock in-stock\\&quot;&gt;198 disponibles&lt;\\\/p&gt;\\n&quot;,&quot;backorders_allowed&quot;:false,&quot;dimensions&quot;:{&quot;length&quot;:&quot;&quot;,&quot;width&quot;:&quot;&quot;,&quot;height&quot;:&quot;&quot;},&quot;dimensions_html&quot;:&quot;N\\\/D&quot;,&quot;display_price&quot;:34990,&quot;display_regular_price&quot;:39990,&quot;gallery_image_ids&quot;:[],&quot;gallery_images_html&quot;:&quot;&quot;,&quot;image&quot;:{&quot;title&quot;:&quot;3677-xapghm.jpg&quot;,&quot;caption&quot;:&quot;&quot;,&quot;url&quot;:&quot;https:\\\/\\\/bodegaoutdoor.cl\\\/store\\\/wp-content\\\/uploads\\\/2020\\\/07\\\/3677-xapghm.jpg&quot;,&quot;alt&quot;:&quot;3677-xapghm.jpg&quot;,&quot;src&quot;:&quot;https:\\\/\\\/bodegaoutdoor.cl\\\/store\\\/wp-content\\\/uploads\\\/2020\\\/07\\\/3677-xapghm-600x595.jpg&quot;,&quot;srcset&quot;:&quot;https:\\\/\\\/bodegaoutdoor.cl\\\/store\\\/wp-content\\\/uploads\\\/2020\\\/07\\\/3677-xapghm-600x595.jpg 600w, https:\\\/\\\/bodegaoutdoor.cl\\\/store\\\/wp-content\\\/uploads\\\/2020\\\/07\\\/3677-xapghm-100x100.jpg 100w, https:\\\/\\\/bodegaoutdoor.cl\\\/store\\\/wp-content\\\/uploads\\\/2020\\\/07\\\/3677-xapghm-150x150.jpg 150w, https:\\\/\\\/bodegaoutdoor.cl\\\/store\\\/wp-content\\\/uploads\\\/2020\\\/07\\\/3677-xapghm-768x761.jpg 768w, https:\\\/\\\/bodegaoutdoor.cl\\\/store\\\/wp-content\\\/uploads\\\/2020\\\/07\\\/3677-xapghm.jpg 810w&quot;,&quot;sizes&quot;:&quot;(max-width: 600px) 100vw, 600px&quot;,&quot;full_src&quot;:&quot;https:\\\/\\\/bodegaoutdoor.cl\\\/store\\\/wp-content\\\/uploads\\\/2020\\\/07\\\/3677-xapghm.jpg&quot;,&quot;full_src_w&quot;:810,&quot;full_src_h&quot;:803,&quot;gallery_thumbnail_src&quot;:&quot;https:\\\/\\\/bodegaoutdoor.cl\\\/store\\\/wp-content\\\/uploads\\\/2020\\\/07\\\/3677-xapghm-100x100.jpg&quot;,&quot;gallery_thumbnail_src_w&quot;:100,&quot;gallery_thumbnail_src_h&quot;:100,&quot;thumb_src&quot;:&quot;https:\\\/\\\/bodegaoutdoor.cl\\\/store\\\/wp-content\\\/uploads\\\/2020\\\/07\\\/3677-xapghm-300x300.jpg&quot;,&quot;thumb_src_w&quot;:300,&quot;thumb_src_h&quot;:300,&quot;src_w&quot;:600,&quot;src_h&quot;:595},&quot;image_id&quot;:3741,&quot;is_downloadable&quot;:false,&quot;is_in_stock&quot;:true,&quot;is_purchasable&quot;:true,&quot;is_sold_individually&quot;:&quot;no&quot;,&quot;is_virtual&quot;:false,&quot;max_qty&quot;:198,&quot;min_qty&quot;:1,&quot;price_html&quot;:&quot;&quot;,&quot;sku&quot;:&quot;33016144015&quot;,&quot;variation_description&quot;:&quot;&quot;,&quot;variation_id&quot;:3677,&quot;variation_is_active&quot;:true,&quot;variation_is_visible&quot;:true,&quot;weight&quot;:&quot;&quot;,&quot;weight_html&quot;:&quot;N\\\/D&quot;},{&quot;attributes&quot;:{&quot;attribute_pa_color&quot;:&quot;azul&quot;,&quot;attribute_pa_f294abc323c8581b087d9a&quot;:&quot;l&quot;},&quot;availability_html&quot;:&quot;&lt;p class=\\&quot;stock in-stock\\&quot;&gt;200 disponibles&lt;\\\/p&gt;\\n&quot;,&quot;backorders_allowed&quot;:false,&quot;dimensions&quot;:{&quot;length&quot;:&quot;&quot;,&quot;width&quot;:&quot;&quot;,&quot;height&quot;:&quot;&quot;},&quot;dimensions_html&quot;:&quot;N\\\/D&quot;,&quot;display_price&quot;:34990,&quot;display_regular_price&quot;:39990,&quot;gallery_image_ids&quot;:[],&quot;gallery_images_html&quot;:&quot;&quot;,&quot;image&quot;:{&quot;title&quot;:&quot;3677-xapghm.jpg&quot;,&quot;caption&quot;:&quot;&quot;,&quot;url&quot;:&quot;https:\\\/\\\/bodegaoutdoor.cl\\\/store\\\/wp-content\\\/uploads\\\/2020\\\/07\\\/3677-xapghm.jpg&quot;,&quot;alt&quot;:&quot;3677-xapghm.jpg&quot;,&quot;src&quot;:&quot;https:\\\/\\\/bodegaoutdoor.cl\\\/store\\\/wp-content\\\/uploads\\\/2020\\\/07\\\/3677-xapghm-600x595.jpg&quot;,&quot;srcset&quot;:&quot;https:\\\/\\\/bodegaoutdoor.cl\\\/store\\\/wp-content\\\/uploads\\\/2020\\\/07\\\/3677-xapghm-600x595.jpg 600w, https:\\\/\\\/bodegaoutdoor.cl\\\/store\\\/wp-content\\\/uploads\\\/2020\\\/07\\\/3677-xapghm-100x100.jpg 100w, https:\\\/\\\/bodegaoutdoor.cl\\\/store\\\/wp-content\\\/uploads\\\/2020\\\/07\\\/3677-xapghm-150x150.jpg 150w, https:\\\/\\\/bodegaoutdoor.cl\\\/store\\\/wp-content\\\/uploads\\\/2020\\\/07\\\/3677-xapghm-768x761.jpg 768w, https:\\\/\\\/bodegaoutdoor.cl\\\/store\\\/wp-content\\\/uploads\\\/2020\\\/07\\\/3677-xapghm.jpg 810w&quot;,&quot;sizes&quot;:&quot;(max-width: 600px) 100vw, 600px&quot;,&quot;full_src&quot;:&quot;https:\\\/\\\/bodegaoutdoor.cl\\\/store\\\/wp-content\\\/uploads\\\/2020\\\/07\\\/3677-xapghm.jpg&quot;,&quot;full_src_w&quot;:810,&quot;full_src_h&quot;:803,&quot;gallery_thumbnail_src&quot;:&quot;https:\\\/\\\/bodegaoutdoor.cl\\\/store\\\/wp-content\\\/uploads\\\/2020\\\/07\\\/3677-xapghm-100x100.jpg&quot;,&quot;gallery_thumbnail_src_w&quot;:100,&quot;gallery_thumbnail_src_h&quot;:100,&quot;thumb_src&quot;:&quot;https:\\\/\\\/bodegaoutdoor.cl\\\/store\\\/wp-content\\\/uploads\\\/2020\\\/07\\\/3677-xapghm-300x300.jpg&quot;,&quot;thumb_src_w&quot;:300,&quot;thumb_src_h&quot;:300,&quot;src_w&quot;:600,&quot;src_h&quot;:595},&quot;image_id&quot;:3741,&quot;is_downloadable&quot;:false,&quot;is_in_stock&quot;:true,&quot;is_purchasable&quot;:true,&quot;is_sold_individually&quot;:&quot;no&quot;,&quot;is_virtual&quot;:false,&quot;max_qty&quot;:200,&quot;min_qty&quot;:1,&quot;price_html&quot;:&quot;&quot;,&quot;sku&quot;:&quot;33016144015&quot;,&quot;variation_description&quot;:&quot;&quot;,&quot;variation_id&quot;:3680,&quot;variation_is_active&quot;:true,&quot;variation_is_visible&quot;:true,&quot;weight&quot;:&quot;&quot;,&quot;weight_html&quot;:&quot;N\\\/D&quot;},{&quot;attributes&quot;:{&quot;attribute_pa_color&quot;:&quot;green&quot;,&quot;attribute_pa_f294abc323c8581b087d9a&quot;:&quot;xxxl&quot;},&quot;availability_html&quot;:&quot;&lt;p class=\\&quot;stock in-stock\\&quot;&gt;196 disponibles&lt;\\\/p&gt;\\n&quot;,&quot;backorders_allowed&quot;:false,&quot;dimensions&quot;:{&quot;length&quot;:&quot;&quot;,&quot;width&quot;:&quot;&quot;,&quot;height&quot;:&quot;&quot;},&quot;dimensions_html&quot;:&quot;N\\\/D&quot;,&quot;display_price&quot;:34990,&quot;display_regular_price&quot;:39990,&quot;gallery_image_ids&quot;:[],&quot;gallery_images_html&quot;:&quot;&quot;,&quot;image&quot;:{&quot;title&quot;:&quot;3675-z25uvl.jpg&quot;,&quot;caption&quot;:&quot;&quot;,&quot;url&quot;:&quot;https:\\\/\\\/bodegaoutdoor.cl\\\/store\\\/wp-content\\\/uploads\\\/2020\\\/07\\\/3675-z25uvl.jpg&quot;,&quot;alt&quot;:&quot;3675-z25uvl.jpg&quot;,&quot;src&quot;:&quot;https:\\\/\\\/bodegaoutdoor.cl\\\/store\\\/wp-content\\\/uploads\\\/2020\\\/07\\\/3675-z25uvl-600x599.jpg&quot;,&quot;srcset&quot;:&quot;https:\\\/\\\/bodegaoutdoor.cl\\\/store\\\/wp-content\\\/uploads\\\/2020\\\/07\\\/3675-z25uvl-600x599.jpg 600w, https:\\\/\\\/bodegaoutdoor.cl\\\/store\\\/wp-content\\\/uploads\\\/2020\\\/07\\\/3675-z25uvl-300x300.jpg 300w, https:\\\/\\\/bodegaoutdoor.cl\\\/store\\\/wp-content\\\/uploads\\\/2020\\\/07\\\/3675-z25uvl-100x100.jpg 100w, https:\\\/\\\/bodegaoutdoor.cl\\\/store\\\/wp-content\\\/uploads\\\/2020\\\/07\\\/3675-z25uvl-150x150.jpg 150w, https:\\\/\\\/bodegaoutdoor.cl\\\/store\\\/wp-content\\\/uploads\\\/2020\\\/07\\\/3675-z25uvl-768x767.jpg 768w, https:\\\/\\\/bodegaoutdoor.cl\\\/store\\\/wp-content\\\/uploads\\\/2020\\\/07\\\/3675-z25uvl.jpg 811w&quot;,&quot;sizes&quot;:&quot;(max-width: 600px) 100vw, 600px&quot;,&quot;full_src&quot;:&quot;https:\\\/\\\/bodegaoutdoor.cl\\\/store\\\/wp-content\\\/uploads\\\/2020\\\/07\\\/3675-z25uvl.jpg&quot;,&quot;full_src_w&quot;:811,&quot;full_src_h&quot;:810,&quot;gallery_thumbnail_src&quot;:&quot;https:\\\/\\\/bodegaoutdoor.cl\\\/store\\\/wp-content\\\/uploads\\\/2020\\\/07\\\/3675-z25uvl-100x100.jpg&quot;,&quot;gallery_thumbnail_src_w&quot;:100,&quot;gallery_thumbnail_src_h&quot;:100,&quot;thumb_src&quot;:&quot;https:\\\/\\\/bodegaoutdoor.cl\\\/store\\\/wp-content\\\/uploads\\\/2020\\\/07\\\/3675-z25uvl-300x300.jpg&quot;,&quot;thumb_src_w&quot;:300,&quot;thumb_src_h&quot;:300,&quot;src_w&quot;:600,&quot;src_h&quot;:599},&quot;image_id&quot;:3740,&quot;is_downloadable&quot;:false,&quot;is_in_stock&quot;:true,&quot;is_purchasable&quot;:true,&quot;is_sold_individually&quot;:&quot;no&quot;,&quot;is_virtual&quot;:false,&quot;max_qty&quot;:196,&quot;min_qty&quot;:1,&quot;price_html&quot;:&quot;&quot;,&quot;sku&quot;:&quot;33016144015&quot;,&quot;variation_description&quot;:&quot;&quot;,&quot;variation_id&quot;:3681,&quot;variation_is_active&quot;:true,&quot;variation_is_visible&quot;:true,&quot;weight&quot;:&quot;&quot;,&quot;weight_html&quot;:&quot;N\\\/D&quot;},{&quot;attributes&quot;:{&quot;attribute_pa_color&quot;:&quot;green&quot;,&quot;attribute_pa_f294abc323c8581b087d9a&quot;:&quot;4xl&quot;},&quot;availability_html&quot;:&quot;&lt;p class=\\&quot;stock in-stock\\&quot;&gt;194 disponibles&lt;\\\/p&gt;\\n&quot;,&quot;backorders_allowed&quot;:false,&quot;dimensions&quot;:{&quot;length&quot;:&quot;&quot;,&quot;width&quot;:&quot;&quot;,&quot;height&quot;:&quot;&quot;},&quot;dimensions_html&quot;:&quot;N\\\/D&quot;,&quot;display_price&quot;:34990,&quot;display_regular_price&quot;:39990,&quot;gallery_image_ids&quot;:[],&quot;gallery_images_html&quot;:&quot;&quot;,&quot;image&quot;:{&quot;title&quot;:&quot;3675-z25uvl.jpg&quot;,&quot;caption&quot;:&quot;&quot;,&quot;url&quot;:&quot;https:\\\/\\\/bodegaoutdoor.cl\\\/store\\\/wp-content\\\/uploads\\\/2020\\\/07\\\/3675-z25uvl.jpg&quot;,&quot;alt&quot;:&quot;3675-z25uvl.jpg&quot;,&quot;src&quot;:&quot;https:\\\/\\\/bodegaoutdoor.cl\\\/store\\\/wp-content\\\/uploads\\\/2020\\\/07\\\/3675-z25uvl-600x599.jpg&quot;,&quot;srcset&quot;:&quot;https:\\\/\\\/bodegaoutdoor.cl\\\/store\\\/wp-content\\\/uploads\\\/2020\\\/07\\\/3675-z25uvl-600x599.jpg 600w, https:\\\/\\\/bodegaoutdoor.cl\\\/store\\\/wp-content\\\/uploads\\\/2020\\\/07\\\/3675-z25uvl-300x300.jpg 300w, https:\\\/\\\/bodegaoutdoor.cl\\\/store\\\/wp-content\\\/uploads\\\/2020\\\/07\\\/3675-z25uvl-100x100.jpg 100w, https:\\\/\\\/bodegaoutdoor.cl\\\/store\\\/wp-content\\\/uploads\\\/2020\\\/07\\\/3675-z25uvl-150x150.jpg 150w, https:\\\/\\\/bodegaoutdoor.cl\\\/store\\\/wp-content\\\/uploads\\\/2020\\\/07\\\/3675-z25uvl-768x767.jpg 768w, https:\\\/\\\/bodegaoutdoor.cl\\\/store\\\/wp-content\\\/uploads\\\/2020\\\/07\\\/3675-z25uvl.jpg 811w&quot;,&quot;sizes&quot;:&quot;(max-width: 600px) 100vw, 600px&quot;,&quot;full_src&quot;:&quot;https:\\\/\\\/bodegaoutdoor.cl\\\/store\\\/wp-content\\\/uploads\\\/2020\\\/07\\\/3675-z25uvl.jpg&quot;,&quot;full_src_w&quot;:811,&quot;full_src_h&quot;:810,&quot;gallery_thumbnail_src&quot;:&quot;https:\\\/\\\/bodegaoutdoor.cl\\\/store\\\/wp-content\\\/uploads\\\/2020\\\/07\\\/3675-z25uvl-100x100.jpg&quot;,&quot;gallery_thumbnail_src_w&quot;:100,&quot;gallery_thumbnail_src_h&quot;:100,&quot;thumb_src&quot;:&quot;https:\\\/\\\/bodegaoutdoor.cl\\\/store\\\/wp-content\\\/uploads\\\/2020\\\/07\\\/3675-z25uvl-300x300.jpg&quot;,&quot;thumb_src_w&quot;:300,&quot;thumb_src_h&quot;:300,&quot;src_w&quot;:600,&quot;src_h&quot;:599},&quot;image_id&quot;:3740,&quot;is_downloadable&quot;:false,&quot;is_in_stock&quot;:true,&quot;is_purchasable&quot;:true,&quot;is_sold_individually&quot;:&quot;no&quot;,&quot;is_virtual&quot;:false,&quot;max_qty&quot;:194,&quot;min_qty&quot;:1,&quot;price_html&quot;:&quot;&quot;,&quot;sku&quot;:&quot;33016144015&quot;,&quot;variation_description&quot;:&quot;&quot;,&quot;variation_id&quot;:3682,&quot;variation_is_active&quot;:true,&quot;variation_is_visible&quot;:true,&quot;weight&quot;:&quot;&quot;,&quot;weight_html&quot;:&quot;N\\\/D&quot;},{&quot;attributes&quot;:{&quot;attribute_pa_color&quot;:&quot;green&quot;,&quot;attribute_pa_f294abc323c8581b087d9a&quot;:&quot;xl&quot;},&quot;availability_html&quot;:&quot;&lt;p class=\\&quot;stock in-stock\\&quot;&gt;196 disponibles&lt;\\\/p&gt;\\n&quot;,&quot;backorders_allowed&quot;:false,&quot;dimensions&quot;:{&quot;length&quot;:&quot;&quot;,&quot;width&quot;:&quot;&quot;,&quot;height&quot;:&quot;&quot;},&quot;dimensions_html&quot;:&quot;N\\\/D&quot;,&quot;display_price&quot;:34990,&quot;display_regular_price&quot;:39990,&quot;gallery_image_ids&quot;:[],&quot;gallery_images_html&quot;:&quot;&quot;,&quot;image&quot;:{&quot;title&quot;:&quot;3675-z25uvl.jpg&quot;,&quot;caption&quot;:&quot;&quot;,&quot;url&quot;:&quot;https:\\\/\\\/bodegaoutdoor.cl\\\/store\\\/wp-content\\\/uploads\\\/2020\\\/07\\\/3675-z25uvl.jpg&quot;,&quot;alt&quot;:&quot;3675-z25uvl.jpg&quot;,&quot;src&quot;:&quot;https:\\\/\\\/bodegaoutdoor.cl\\\/store\\\/wp-content\\\/uploads\\\/2020\\\/07\\\/3675-z25uvl-600x599.jpg&quot;,&quot;srcset&quot;:&quot;https:\\\/\\\/bodegaoutdoor.cl\\\/store\\\/wp-content\\\/uploads\\\/2020\\\/07\\\/3675-z25uvl-600x599.jpg 600w, https:\\\/\\\/bodegaoutdoor.cl\\\/store\\\/wp-content\\\/uploads\\\/2020\\\/07\\\/3675-z25uvl-300x300.jpg 300w, https:\\\/\\\/bodegaoutdoor.cl\\\/store\\\/wp-content\\\/uploads\\\/2020\\\/07\\\/3675-z25uvl-100x100.jpg 100w, https:\\\/\\\/bodegaoutdoor.cl\\\/store\\\/wp-content\\\/uploads\\\/2020\\\/07\\\/3675-z25uvl-150x150.jpg 150w, https:\\\/\\\/bodegaoutdoor.cl\\\/store\\\/wp-content\\\/uploads\\\/2020\\\/07\\\/3675-z25uvl-768x767.jpg 768w, https:\\\/\\\/bodegaoutdoor.cl\\\/store\\\/wp-content\\\/uploads\\\/2020\\\/07\\\/3675-z25uvl.jpg 811w&quot;,&quot;sizes&quot;:&quot;(max-width: 600px) 100vw, 600px&quot;,&quot;full_src&quot;:&quot;https:\\\/\\\/bodegaoutdoor.cl\\\/store\\\/wp-content\\\/uploads\\\/2020\\\/07\\\/3675-z25uvl.jpg&quot;,&quot;full_src_w&quot;:811,&quot;full_src_h&quot;:810,&quot;gallery_thumbnail_src&quot;:&quot;https:\\\/\\\/bodegaoutdoor.cl\\\/store\\\/wp-content\\\/uploads\\\/2020\\\/07\\\/3675-z25uvl-100x100.jpg&quot;,&quot;gallery_thumbnail_src_w&quot;:100,&quot;gallery_thumbnail_src_h&quot;:100,&quot;thumb_src&quot;:&quot;https:\\\/\\\/bodegaoutdoor.cl\\\/store\\\/wp-content\\\/uploads\\\/2020\\\/07\\\/3675-z25uvl-300x300.jpg&quot;,&quot;thumb_src_w&quot;:300,&quot;thumb_src_h&quot;:300,&quot;src_w&quot;:600,&quot;src_h&quot;:599},&quot;image_id&quot;:3740,&quot;is_downloadable&quot;:false,&quot;is_in_stock&quot;:true,&quot;is_purchasable&quot;:true,&quot;is_sold_individually&quot;:&quot;no&quot;,&quot;is_virtual&quot;:false,&quot;max_qty&quot;:196,&quot;min_qty&quot;:1,&quot;price_html&quot;:&quot;&quot;,&quot;sku&quot;:&quot;33016144015&quot;,&quot;variation_description&quot;:&quot;&quot;,&quot;variation_id&quot;:3683,&quot;variation_is_active&quot;:true,&quot;variation_is_visible&quot;:true,&quot;weight&quot;:&quot;&quot;,&quot;weight_html&quot;:&quot;N\\\/D&quot;},{&quot;attributes&quot;:{&quot;attribute_pa_color&quot;:&quot;green&quot;,&quot;attribute_pa_f294abc323c8581b087d9a&quot;:&quot;xxl&quot;},&quot;availability_html&quot;:&quot;&lt;p class=\\&quot;stock in-stock\\&quot;&gt;196 disponibles&lt;\\\/p&gt;\\n&quot;,&quot;backorders_allowed&quot;:false,&quot;dimensions&quot;:{&quot;length&quot;:&quot;&quot;,&quot;width&quot;:&quot;&quot;,&quot;height&quot;:&quot;&quot;},&quot;dimensions_html&quot;:&quot;N\\\/D&quot;,&quot;display_price&quot;:34990,&quot;display_regular_price&quot;:39990,&quot;gallery_image_ids&quot;:[],&quot;gallery_images_html&quot;:&quot;&quot;,&quot;image&quot;:{&quot;title&quot;:&quot;3675-z25uvl.jpg&quot;,&quot;caption&quot;:&quot;&quot;,&quot;url&quot;:&quot;https:\\\/\\\/bodegaoutdoor.cl\\\/store\\\/wp-content\\\/uploads\\\/2020\\\/07\\\/3675-z25uvl.jpg&quot;,&quot;alt&quot;:&quot;3675-z25uvl.jpg&quot;,&quot;src&quot;:&quot;https:\\\/\\\/bodegaoutdoor.cl\\\/store\\\/wp-content\\\/uploads\\\/2020\\\/07\\\/3675-z25uvl-600x599.jpg&quot;,&quot;srcset&quot;:&quot;https:\\\/\\\/bodegaoutdoor.cl\\\/store\\\/wp-content\\\/uploads\\\/2020\\\/07\\\/3675-z25uvl-600x599.jpg 600w, https:\\\/\\\/bodegaoutdoor.cl\\\/store\\\/wp-content\\\/uploads\\\/2020\\\/07\\\/3675-z25uvl-300x300.jpg 300w, https:\\\/\\\/bodegaoutdoor.cl\\\/store\\\/wp-content\\\/uploads\\\/2020\\\/07\\\/3675-z25uvl-100x100.jpg 100w, https:\\\/\\\/bodegaoutdoor.cl\\\/store\\\/wp-content\\\/uploads\\\/2020\\\/07\\\/3675-z25uvl-150x150.jpg 150w, https:\\\/\\\/bodegaoutdoor.cl\\\/store\\\/wp-content\\\/uploads\\\/2020\\\/07\\\/3675-z25uvl-768x767.jpg 768w, https:\\\/\\\/bodegaoutdoor.cl\\\/store\\\/wp-content\\\/uploads\\\/2020\\\/07\\\/3675-z25uvl.jpg 811w&quot;,&quot;sizes&quot;:&quot;(max-width: 600px) 100vw, 600px&quot;,&quot;full_src&quot;:&quot;https:\\\/\\\/bodegaoutdoor.cl\\\/store\\\/wp-content\\\/uploads\\\/2020\\\/07\\\/3675-z25uvl.jpg&quot;,&quot;full_src_w&quot;:811,&quot;full_src_h&quot;:810,&quot;gallery_thumbnail_src&quot;:&quot;https:\\\/\\\/bodegaoutdoor.cl\\\/store\\\/wp-content\\\/uploads\\\/2020\\\/07\\\/3675-z25uvl-100x100.jpg&quot;,&quot;gallery_thumbnail_src_w&quot;:100,&quot;gallery_thumbnail_src_h&quot;:100,&quot;thumb_src&quot;:&quot;https:\\\/\\\/bodegaoutdoor.cl\\\/store\\\/wp-content\\\/uploads\\\/2020\\\/07\\\/3675-z25uvl-300x300.jpg&quot;,&quot;thumb_src_w&quot;:300,&quot;thumb_src_h&quot;:300,&quot;src_w&quot;:600,&quot;src_h&quot;:599},&quot;image_id&quot;:3740,&quot;is_downloadable&quot;:false,&quot;is_in_stock&quot;:true,&quot;is_purchasable&quot;:true,&quot;is_sold_individually&quot;:&quot;no&quot;,&quot;is_virtual&quot;:false,&quot;max_qty&quot;:196,&quot;min_qty&quot;:1,&quot;price_html&quot;:&quot;&quot;,&quot;sku&quot;:&quot;33016144015&quot;,&quot;variation_description&quot;:&quot;&quot;,&quot;variation_id&quot;:3684,&quot;variation_is_active&quot;:true,&quot;variation_is_visible&quot;:true,&quot;weight&quot;:&quot;&quot;,&quot;weight_html&quot;:&quot;N\\\/D&quot;},{&quot;attributes&quot;:{&quot;attribute_pa_color&quot;:&quot;azul&quot;,&quot;attribute_pa_f294abc323c8581b087d9a&quot;:&quot;xxxl&quot;},&quot;availability_html&quot;:&quot;&lt;p class=\\&quot;stock in-stock\\&quot;&gt;198 disponibles&lt;\\\/p&gt;\\n&quot;,&quot;backorders_allowed&quot;:false,&quot;dimensions&quot;:{&quot;length&quot;:&quot;&quot;,&quot;width&quot;:&quot;&quot;,&quot;height&quot;:&quot;&quot;},&quot;dimensions_html&quot;:&quot;N\\\/D&quot;,&quot;display_price&quot;:34990,&quot;display_regular_price&quot;:39990,&quot;gallery_image_ids&quot;:[],&quot;gallery_images_html&quot;:&quot;&quot;,&quot;image&quot;:{&quot;title&quot;:&quot;3677-xapghm.jpg&quot;,&quot;caption&quot;:&quot;&quot;,&quot;url&quot;:&quot;https:\\\/\\\/bodegaoutdoor.cl\\\/store\\\/wp-content\\\/uploads\\\/2020\\\/07\\\/3677-xapghm.jpg&quot;,&quot;alt&quot;:&quot;3677-xapghm.jpg&quot;,&quot;src&quot;:&quot;https:\\\/\\\/bodegaoutdoor.cl\\\/store\\\/wp-content\\\/uploads\\\/2020\\\/07\\\/3677-xapghm-600x595.jpg&quot;,&quot;srcset&quot;:&quot;https:\\\/\\\/bodegaoutdoor.cl\\\/store\\\/wp-content\\\/uploads\\\/2020\\\/07\\\/3677-xapghm-600x595.jpg 600w, https:\\\/\\\/bodegaoutdoor.cl\\\/store\\\/wp-content\\\/uploads\\\/2020\\\/07\\\/3677-xapghm-100x100.jpg 100w, https:\\\/\\\/bodegaoutdoor.cl\\\/store\\\/wp-content\\\/uploads\\\/2020\\\/07\\\/3677-xapghm-150x150.jpg 150w, https:\\\/\\\/bodegaoutdoor.cl\\\/store\\\/wp-content\\\/uploads\\\/2020\\\/07\\\/3677-xapghm-768x761.jpg 768w, https:\\\/\\\/bodegaoutdoor.cl\\\/store\\\/wp-content\\\/uploads\\\/2020\\\/07\\\/3677-xapghm.jpg 810w&quot;,&quot;sizes&quot;:&quot;(max-width: 600px) 100vw, 600px&quot;,&quot;full_src&quot;:&quot;https:\\\/\\\/bodegaoutdoor.cl\\\/store\\\/wp-content\\\/uploads\\\/2020\\\/07\\\/3677-xapghm.jpg&quot;,&quot;full_src_w&quot;:810,&quot;full_src_h&quot;:803,&quot;gallery_thumbnail_src&quot;:&quot;https:\\\/\\\/bodegaoutdoor.cl\\\/store\\\/wp-content\\\/uploads\\\/2020\\\/07\\\/3677-xapghm-100x100.jpg&quot;,&quot;gallery_thumbnail_src_w&quot;:100,&quot;gallery_thumbnail_src_h&quot;:100,&quot;thumb_src&quot;:&quot;https:\\\/\\\/bodegaoutdoor.cl\\\/store\\\/wp-content\\\/uploads\\\/2020\\\/07\\\/3677-xapghm-300x300.jpg&quot;,&quot;thumb_src_w&quot;:300,&quot;thumb_src_h&quot;:300,&quot;src_w&quot;:600,&quot;src_h&quot;:595},&quot;image_id&quot;:3741,&quot;is_downloadable&quot;:false,&quot;is_in_stock&quot;:true,&quot;is_purchasable&quot;:true,&quot;is_sold_individually&quot;:&quot;no&quot;,&quot;is_virtual&quot;:false,&quot;max_qty&quot;:198,&quot;min_qty&quot;:1,&quot;price_html&quot;:&quot;&quot;,&quot;sku&quot;:&quot;33016144015&quot;,&quot;variation_description&quot;:&quot;&quot;,&quot;variation_id&quot;:3685,&quot;variation_is_active&quot;:true,&quot;variation_is_visible&quot;:true,&quot;weight&quot;:&quot;&quot;,&quot;weight_html&quot;:&quot;N\\\/D&quot;},{&quot;attributes&quot;:{&quot;attribute_pa_color&quot;:&quot;azul&quot;,&quot;attribute_pa_f294abc323c8581b087d9a&quot;:&quot;4xl&quot;},&quot;availability_html&quot;:&quot;&lt;p class=\\&quot;stock in-stock\\&quot;&gt;199 disponibles&lt;\\\/p&gt;\\n&quot;,&quot;backorders_allowed&quot;:false,&quot;dimensions&quot;:{&quot;length&quot;:&quot;&quot;,&quot;width&quot;:&quot;&quot;,&quot;height&quot;:&quot;&quot;},&quot;dimensions_html&quot;:&quot;N\\\/D&quot;,&quot;display_price&quot;:34990,&quot;display_regular_price&quot;:39990,&quot;gallery_image_ids&quot;:[],&quot;gallery_images_html&quot;:&quot;&quot;,&quot;image&quot;:{&quot;title&quot;:&quot;3677-xapghm.jpg&quot;,&quot;caption&quot;:&quot;&quot;,&quot;url&quot;:&quot;https:\\\/\\\/bodegaoutdoor.cl\\\/store\\\/wp-content\\\/uploads\\\/2020\\\/07\\\/3677-xapghm.jpg&quot;,&quot;alt&quot;:&quot;3677-xapghm.jpg&quot;,&quot;src&quot;:&quot;https:\\\/\\\/bodegaoutdoor.cl\\\/store\\\/wp-content\\\/uploads\\\/2020\\\/07\\\/3677-xapghm-600x595.jpg&quot;,&quot;srcset&quot;:&quot;https:\\\/\\\/bodegaoutdoor.cl\\\/store\\\/wp-content\\\/uploads\\\/2020\\\/07\\\/3677-xapghm-600x595.jpg 600w, https:\\\/\\\/bodegaoutdoor.cl\\\/store\\\/wp-content\\\/uploads\\\/2020\\\/07\\\/3677-xapghm-100x100.jpg 100w, https:\\\/\\\/bodegaoutdoor.cl\\\/store\\\/wp-content\\\/uploads\\\/2020\\\/07\\\/3677-xapghm-150x150.jpg 150w, https:\\\/\\\/bodegaoutdoor.cl\\\/store\\\/wp-content\\\/uploads\\\/2020\\\/07\\\/3677-xapghm-768x761.jpg 768w, https:\\\/\\\/bodegaoutdoor.cl\\\/store\\\/wp-content\\\/uploads\\\/2020\\\/07\\\/3677-xapghm.jpg 810w&quot;,&quot;sizes&quot;:&quot;(max-width: 600px) 100vw, 600px&quot;,&quot;full_src&quot;:&quot;https:\\\/\\\/bodegaoutdoor.cl\\\/store\\\/wp-content\\\/uploads\\\/2020\\\/07\\\/3677-xapghm.jpg&quot;,&quot;full_src_w&quot;:810,&quot;full_src_h&quot;:803,&quot;gallery_thumbnail_src&quot;:&quot;https:\\\/\\\/bodegaoutdoor.cl\\\/store\\\/wp-content\\\/uploads\\\/2020\\\/07\\\/3677-xapghm-100x100.jpg&quot;,&quot;gallery_thumbnail_src_w&quot;:100,&quot;gallery_thumbnail_src_h&quot;:100,&quot;thumb_src&quot;:&quot;https:\\\/\\\/bodegaoutdoor.cl\\\/store\\\/wp-content\\\/uploads\\\/2020\\\/07\\\/3677-xapghm-300x300.jpg&quot;,&quot;thumb_src_w&quot;:300,&quot;thumb_src_h&quot;:300,&quot;src_w&quot;:600,&quot;src_h&quot;:595},&quot;image_id&quot;:3741,&quot;is_downloadable&quot;:false,&quot;is_in_stock&quot;:true,&quot;is_purchasable&quot;:true,&quot;is_sold_individually&quot;:&quot;no&quot;,&quot;is_virtual&quot;:false,&quot;max_qty&quot;:199,&quot;min_qty&quot;:1,&quot;price_html&quot;:&quot;&quot;,&quot;sku&quot;:&quot;33016144015&quot;,&quot;variation_description&quot;:&quot;&quot;,&quot;variation_id&quot;:3686,&quot;variation_is_active&quot;:true,&quot;variation_is_visible&quot;:true,&quot;weight&quot;:&quot;&quot;,&quot;weight_html&quot;:&quot;N\\\/D&quot;},{&quot;attributes&quot;:{&quot;attribute_pa_color&quot;:&quot;black&quot;,&quot;attribute_pa_f294abc323c8581b087d9a&quot;:&quot;xxxl&quot;},&quot;availability_html&quot;:&quot;&lt;p class=\\&quot;stock in-stock\\&quot;&gt;199 disponibles&lt;\\\/p&gt;\\n&quot;,&quot;backorders_allowed&quot;:false,&quot;dimensions&quot;:{&quot;length&quot;:&quot;&quot;,&quot;width&quot;:&quot;&quot;,&quot;height&quot;:&quot;&quot;},&quot;dimensions_html&quot;:&quot;N\\\/D&quot;,&quot;display_price&quot;:34990,&quot;display_regular_price&quot;:39990,&quot;gallery_image_ids&quot;:[],&quot;gallery_images_html&quot;:&quot;&quot;,&quot;image&quot;:{&quot;title&quot;:&quot;3687-hse0of.jpg&quot;,&quot;caption&quot;:&quot;&quot;,&quot;url&quot;:&quot;https:\\\/\\\/bodegaoutdoor.cl\\\/store\\\/wp-content\\\/uploads\\\/2020\\\/07\\\/3687-hse0of.jpg&quot;,&quot;alt&quot;:&quot;3687-hse0of.jpg&quot;,&quot;src&quot;:&quot;https:\\\/\\\/bodegaoutdoor.cl\\\/store\\\/wp-content\\\/uploads\\\/2020\\\/07\\\/3687-hse0of-600x596.jpg&quot;,&quot;srcset&quot;:&quot;https:\\\/\\\/bodegaoutdoor.cl\\\/store\\\/wp-content\\\/uploads\\\/2020\\\/07\\\/3687-hse0of-600x596.jpg 600w, https:\\\/\\\/bodegaoutdoor.cl\\\/store\\\/wp-content\\\/uploads\\\/2020\\\/07\\\/3687-hse0of-100x100.jpg 100w, https:\\\/\\\/bodegaoutdoor.cl\\\/store\\\/wp-content\\\/uploads\\\/2020\\\/07\\\/3687-hse0of-150x150.jpg 150w, https:\\\/\\\/bodegaoutdoor.cl\\\/store\\\/wp-content\\\/uploads\\\/2020\\\/07\\\/3687-hse0of-768x763.jpg 768w, https:\\\/\\\/bodegaoutdoor.cl\\\/store\\\/wp-content\\\/uploads\\\/2020\\\/07\\\/3687-hse0of.jpg 809w&quot;,&quot;sizes&quot;:&quot;(max-width: 600px) 100vw, 600px&quot;,&quot;full_src&quot;:&quot;https:\\\/\\\/bodegaoutdoor.cl\\\/store\\\/wp-content\\\/uploads\\\/2020\\\/07\\\/3687-hse0of.jpg&quot;,&quot;full_src_w&quot;:809,&quot;full_src_h&quot;:804,&quot;gallery_thumbnail_src&quot;:&quot;https:\\\/\\\/bodegaoutdoor.cl\\\/store\\\/wp-content\\\/uploads\\\/2020\\\/07\\\/3687-hse0of-100x100.jpg&quot;,&quot;gallery_thumbnail_src_w&quot;:100,&quot;gallery_thumbnail_src_h&quot;:100,&quot;thumb_src&quot;:&quot;https:\\\/\\\/bodegaoutdoor.cl\\\/store\\\/wp-content\\\/uploads\\\/2020\\\/07\\\/3687-hse0of-300x300.jpg&quot;,&quot;thumb_src_w&quot;:300,&quot;thumb_src_h&quot;:300,&quot;src_w&quot;:600,&quot;src_h&quot;:596},&quot;image_id&quot;:3742,&quot;is_downloadable&quot;:false,&quot;is_in_stock&quot;:true,&quot;is_purchasable&quot;:true,&quot;is_sold_individually&quot;:&quot;no&quot;,&quot;is_virtual&quot;:false,&quot;max_qty&quot;:199,&quot;min_qty&quot;:1,&quot;price_html&quot;:&quot;&quot;,&quot;sku&quot;:&quot;33016144015&quot;,&quot;variation_description&quot;:&quot;&quot;,&quot;variation_id&quot;:3687,&quot;variation_is_active&quot;:true,&quot;variation_is_visible&quot;:true,&quot;weight&quot;:&quot;&quot;,&quot;weight_html&quot;:&quot;N\\\/D&quot;},{&quot;attributes&quot;:{&quot;attribute_pa_color&quot;:&quot;black&quot;,&quot;attribute_pa_f294abc323c8581b087d9a&quot;:&quot;4xl&quot;},&quot;availability_html&quot;:&quot;&lt;p class=\\&quot;stock in-stock\\&quot;&gt;200 disponibles&lt;\\\/p&gt;\\n&quot;,&quot;backorders_allowed&quot;:false,&quot;dimensions&quot;:{&quot;length&quot;:&quot;&quot;,&quot;width&quot;:&quot;&quot;,&quot;height&quot;:&quot;&quot;},&quot;dimensions_html&quot;:&quot;N\\\/D&quot;,&quot;display_price&quot;:34990,&quot;display_regular_price&quot;:39990,&quot;gallery_image_ids&quot;:[],&quot;gallery_images_html&quot;:&quot;&quot;,&quot;image&quot;:{&quot;title&quot;:&quot;3687-hse0of.jpg&quot;,&quot;caption&quot;:&quot;&quot;,&quot;url&quot;:&quot;https:\\\/\\\/bodegaoutdoor.cl\\\/store\\\/wp-content\\\/uploads\\\/2020\\\/07\\\/3687-hse0of.jpg&quot;,&quot;alt&quot;:&quot;3687-hse0of.jpg&quot;,&quot;src&quot;:&quot;https:\\\/\\\/bodegaoutdoor.cl\\\/store\\\/wp-content\\\/uploads\\\/2020\\\/07\\\/3687-hse0of-600x596.jpg&quot;,&quot;srcset&quot;:&quot;https:\\\/\\\/bodegaoutdoor.cl\\\/store\\\/wp-content\\\/uploads\\\/2020\\\/07\\\/3687-hse0of-600x596.jpg 600w, https:\\\/\\\/bodegaoutdoor.cl\\\/store\\\/wp-content\\\/uploads\\\/2020\\\/07\\\/3687-hse0of-100x100.jpg 100w, https:\\\/\\\/bodegaoutdoor.cl\\\/store\\\/wp-content\\\/uploads\\\/2020\\\/07\\\/3687-hse0of-150x150.jpg 150w, https:\\\/\\\/bodegaoutdoor.cl\\\/store\\\/wp-content\\\/uploads\\\/2020\\\/07\\\/3687-hse0of-768x763.jpg 768w, https:\\\/\\\/bodegaoutdoor.cl\\\/store\\\/wp-content\\\/uploads\\\/2020\\\/07\\\/3687-hse0of.jpg 809w&quot;,&quot;sizes&quot;:&quot;(max-width: 600px) 100vw, 600px&quot;,&quot;full_src&quot;:&quot;https:\\\/\\\/bodegaoutdoor.cl\\\/store\\\/wp-content\\\/uploads\\\/2020\\\/07\\\/3687-hse0of.jpg&quot;,&quot;full_src_w&quot;:809,&quot;full_src_h&quot;:804,&quot;gallery_thumbnail_src&quot;:&quot;https:\\\/\\\/bodegaoutdoor.cl\\\/store\\\/wp-content\\\/uploads\\\/2020\\\/07\\\/3687-hse0of-100x100.jpg&quot;,&quot;gallery_thumbnail_src_w&quot;:100,&quot;gallery_thumbnail_src_h&quot;:100,&quot;thumb_src&quot;:&quot;https:\\\/\\\/bodegaoutdoor.cl\\\/store\\\/wp-content\\\/uploads\\\/2020\\\/07\\\/3687-hse0of-300x300.jpg&quot;,&quot;thumb_src_w&quot;:300,&quot;thumb_src_h&quot;:300,&quot;src_w&quot;:600,&quot;src_h&quot;:596},&quot;image_id&quot;:3742,&quot;is_downloadable&quot;:false,&quot;is_in_stock&quot;:true,&quot;is_purchasable&quot;:true,&quot;is_sold_individually&quot;:&quot;no&quot;,&quot;is_virtual&quot;:false,&quot;max_qty&quot;:200,&quot;min_qty&quot;:1,&quot;price_html&quot;:&quot;&quot;,&quot;sku&quot;:&quot;33016144015&quot;,&quot;variation_description&quot;:&quot;&quot;,&quot;variation_id&quot;:3688,&quot;variation_is_active&quot;:true,&quot;variation_is_visible&quot;:true,&quot;weight&quot;:&quot;&quot;,&quot;weight_html&quot;:&quot;N\\\/D&quot;},{&quot;attributes&quot;:{&quot;attribute_pa_color&quot;:&quot;black&quot;,&quot;attribute_pa_f294abc323c8581b087d9a&quot;:&quot;xl&quot;},&quot;availability_html&quot;:&quot;&lt;p class=\\&quot;stock in-stock\\&quot;&gt;196 disponibles&lt;\\\/p&gt;\\n&quot;,&quot;backorders_allowed&quot;:false,&quot;dimensions&quot;:{&quot;length&quot;:&quot;&quot;,&quot;width&quot;:&quot;&quot;,&quot;height&quot;:&quot;&quot;},&quot;dimensions_html&quot;:&quot;N\\\/D&quot;,&quot;display_price&quot;:34990,&quot;display_regular_price&quot;:39990,&quot;gallery_image_ids&quot;:[],&quot;gallery_images_html&quot;:&quot;&quot;,&quot;image&quot;:{&quot;title&quot;:&quot;3687-hse0of.jpg&quot;,&quot;caption&quot;:&quot;&quot;,&quot;url&quot;:&quot;https:\\\/\\\/bodegaoutdoor.cl\\\/store\\\/wp-content\\\/uploads\\\/2020\\\/07\\\/3687-hse0of.jpg&quot;,&quot;alt&quot;:&quot;3687-hse0of.jpg&quot;,&quot;src&quot;:&quot;https:\\\/\\\/bodegaoutdoor.cl\\\/store\\\/wp-content\\\/uploads\\\/2020\\\/07\\\/3687-hse0of-600x596.jpg&quot;,&quot;srcset&quot;:&quot;https:\\\/\\\/bodegaoutdoor.cl\\\/store\\\/wp-content\\\/uploads\\\/2020\\\/07\\\/3687-hse0of-600x596.jpg 600w, https:\\\/\\\/bodegaoutdoor.cl\\\/store\\\/wp-content\\\/uploads\\\/2020\\\/07\\\/3687-hse0of-100x100.jpg 100w, https:\\\/\\\/bodegaoutdoor.cl\\\/store\\\/wp-content\\\/uploads\\\/2020\\\/07\\\/3687-hse0of-150x150.jpg 150w, https:\\\/\\\/bodegaoutdoor.cl\\\/store\\\/wp-content\\\/uploads\\\/2020\\\/07\\\/3687-hse0of-768x763.jpg 768w, https:\\\/\\\/bodegaoutdoor.cl\\\/store\\\/wp-content\\\/uploads\\\/2020\\\/07\\\/3687-hse0of.jpg 809w&quot;,&quot;sizes&quot;:&quot;(max-width: 600px) 100vw, 600px&quot;,&quot;full_src&quot;:&quot;https:\\\/\\\/bodegaoutdoor.cl\\\/store\\\/wp-content\\\/uploads\\\/2020\\\/07\\\/3687-hse0of.jpg&quot;,&quot;full_src_w&quot;:809,&quot;full_src_h&quot;:804,&quot;gallery_thumbnail_src&quot;:&quot;https:\\\/\\\/bodegaoutdoor.cl\\\/store\\\/wp-content\\\/uploads\\\/2020\\\/07\\\/3687-hse0of-100x100.jpg&quot;,&quot;gallery_thumbnail_src_w&quot;:100,&quot;gallery_thumbnail_src_h&quot;:100,&quot;thumb_src&quot;:&quot;https:\\\/\\\/bodegaoutdoor.cl\\\/store\\\/wp-content\\\/uploads\\\/2020\\\/07\\\/3687-hse0of-300x300.jpg&quot;,&quot;thumb_src_w&quot;:300,&quot;thumb_src_h&quot;:300,&quot;src_w&quot;:600,&quot;src_h&quot;:596},&quot;image_id&quot;:3742,&quot;is_downloadable&quot;:false,&quot;is_in_stock&quot;:true,&quot;is_purchasable&quot;:true,&quot;is_sold_individually&quot;:&quot;no&quot;,&quot;is_virtual&quot;:false,&quot;max_qty&quot;:196,&quot;min_qty&quot;:1,&quot;price_html&quot;:&quot;&quot;,&quot;sku&quot;:&quot;33016144015&quot;,&quot;variation_description&quot;:&quot;&quot;,&quot;variation_id&quot;:3689,&quot;variation_is_active&quot;:true,&quot;variation_is_visible&quot;:true,&quot;weight&quot;:&quot;&quot;,&quot;weight_html&quot;:&quot;N\\\/D&quot;},{&quot;attributes&quot;:{&quot;attribute_pa_color&quot;:&quot;black&quot;,&quot;attribute_pa_f294abc323c8581b087d9a&quot;:&quot;xxl&quot;},&quot;availability_html&quot;:&quot;&lt;p class=\\&quot;stock in-stock\\&quot;&gt;200 disponibles&lt;\\\/p&gt;\\n&quot;,&quot;backorders_allowed&quot;:false,&quot;dimensions&quot;:{&quot;length&quot;:&quot;&quot;,&quot;width&quot;:&quot;&quot;,&quot;height&quot;:&quot;&quot;},&quot;dimensions_html&quot;:&quot;N\\\/D&quot;,&quot;display_price&quot;:34990,&quot;display_regular_price&quot;:39990,&quot;gallery_image_ids&quot;:[],&quot;gallery_images_html&quot;:&quot;&quot;,&quot;image&quot;:{&quot;title&quot;:&quot;3687-hse0of.jpg&quot;,&quot;caption&quot;:&quot;&quot;,&quot;url&quot;:&quot;https:\\\/\\\/bodegaoutdoor.cl\\\/store\\\/wp-content\\\/uploads\\\/2020\\\/07\\\/3687-hse0of.jpg&quot;,&quot;alt&quot;:&quot;3687-hse0of.jpg&quot;,&quot;src&quot;:&quot;https:\\\/\\\/bodegaoutdoor.cl\\\/store\\\/wp-content\\\/uploads\\\/2020\\\/07\\\/3687-hse0of-600x596.jpg&quot;,&quot;srcset&quot;:&quot;https:\\\/\\\/bodegaoutdoor.cl\\\/store\\\/wp-content\\\/uploads\\\/2020\\\/07\\\/3687-hse0of-600x596.jpg 600w, https:\\\/\\\/bodegaoutdoor.cl\\\/store\\\/wp-content\\\/uploads\\\/2020\\\/07\\\/3687-hse0of-100x100.jpg 100w, https:\\\/\\\/bodegaoutdoor.cl\\\/store\\\/wp-content\\\/uploads\\\/2020\\\/07\\\/3687-hse0of-150x150.jpg 150w, https:\\\/\\\/bodegaoutdoor.cl\\\/store\\\/wp-content\\\/uploads\\\/2020\\\/07\\\/3687-hse0of-768x763.jpg 768w, https:\\\/\\\/bodegaoutdoor.cl\\\/store\\\/wp-content\\\/uploads\\\/2020\\\/07\\\/3687-hse0of.jpg 809w&quot;,&quot;sizes&quot;:&quot;(max-width: 600px) 100vw, 600px&quot;,&quot;full_src&quot;:&quot;https:\\\/\\\/bodegaoutdoor.cl\\\/store\\\/wp-content\\\/uploads\\\/2020\\\/07\\\/3687-hse0of.jpg&quot;,&quot;full_src_w&quot;:809,&quot;full_src_h&quot;:804,&quot;gallery_thumbnail_src&quot;:&quot;https:\\\/\\\/bodegaoutdoor.cl\\\/store\\\/wp-content\\\/uploads\\\/2020\\\/07\\\/3687-hse0of-100x100.jpg&quot;,&quot;gallery_thumbnail_src_w&quot;:100,&quot;gallery_thumbnail_src_h&quot;:100,&quot;thumb_src&quot;:&quot;https:\\\/\\\/bodegaoutdoor.cl\\\/store\\\/wp-content\\\/uploads\\\/2020\\\/07\\\/3687-hse0of-300x300.jpg&quot;,&quot;thumb_src_w&quot;:300,&quot;thumb_src_h&quot;:300,&quot;src_w&quot;:600,&quot;src_h&quot;:596},&quot;image_id&quot;:3742,&quot;is_downloadable&quot;:false,&quot;is_in_stock&quot;:true,&quot;is_purchasable&quot;:true,&quot;is_sold_individually&quot;:&quot;no&quot;,&quot;is_virtual&quot;:false,&quot;max_qty&quot;:200,&quot;min_qty&quot;:1,&quot;price_html&quot;:&quot;&quot;,&quot;sku&quot;:&quot;33016144015&quot;,&quot;variation_description&quot;:&quot;&quot;,&quot;variation_id&quot;:3690,&quot;variation_is_active&quot;:true,&quot;variation_is_visible&quot;:true,&quot;weight&quot;:&quot;&quot;,&quot;weight_html&quot;:&quot;N\\\/D&quot;},{&quot;attributes&quot;:{&quot;attribute_pa_color&quot;:&quot;black&quot;,&quot;attribute_pa_f294abc323c8581b087d9a&quot;:&quot;m&quot;},&quot;availability_html&quot;:&quot;&lt;p class=\\&quot;stock in-stock\\&quot;&gt;200 disponibles&lt;\\\/p&gt;\\n&quot;,&quot;backorders_allowed&quot;:false,&quot;dimensions&quot;:{&quot;length&quot;:&quot;&quot;,&quot;width&quot;:&quot;&quot;,&quot;height&quot;:&quot;&quot;},&quot;dimensions_html&quot;:&quot;N\\\/D&quot;,&quot;display_price&quot;:34990,&quot;display_regular_price&quot;:39990,&quot;gallery_image_ids&quot;:[],&quot;gallery_images_html&quot;:&quot;&quot;,&quot;image&quot;:{&quot;title&quot;:&quot;3687-hse0of.jpg&quot;,&quot;caption&quot;:&quot;&quot;,&quot;url&quot;:&quot;https:\\\/\\\/bodegaoutdoor.cl\\\/store\\\/wp-content\\\/uploads\\\/2020\\\/07\\\/3687-hse0of.jpg&quot;,&quot;alt&quot;:&quot;3687-hse0of.jpg&quot;,&quot;src&quot;:&quot;https:\\\/\\\/bodegaoutdoor.cl\\\/store\\\/wp-content\\\/uploads\\\/2020\\\/07\\\/3687-hse0of-600x596.jpg&quot;,&quot;srcset&quot;:&quot;https:\\\/\\\/bodegaoutdoor.cl\\\/store\\\/wp-content\\\/uploads\\\/2020\\\/07\\\/3687-hse0of-600x596.jpg 600w, https:\\\/\\\/bodegaoutdoor.cl\\\/store\\\/wp-content\\\/uploads\\\/2020\\\/07\\\/3687-hse0of-100x100.jpg 100w, https:\\\/\\\/bodegaoutdoor.cl\\\/store\\\/wp-content\\\/uploads\\\/2020\\\/07\\\/3687-hse0of-150x150.jpg 150w, https:\\\/\\\/bodegaoutdoor.cl\\\/store\\\/wp-content\\\/uploads\\\/2020\\\/07\\\/3687-hse0of-768x763.jpg 768w, https:\\\/\\\/bodegaoutdoor.cl\\\/store\\\/wp-content\\\/uploads\\\/2020\\\/07\\\/3687-hse0of.jpg 809w&quot;,&quot;sizes&quot;:&quot;(max-width: 600px) 100vw, 600px&quot;,&quot;full_src&quot;:&quot;https:\\\/\\\/bodegaoutdoor.cl\\\/store\\\/wp-content\\\/uploads\\\/2020\\\/07\\\/3687-hse0of.jpg&quot;,&quot;full_src_w&quot;:809,&quot;full_src_h&quot;:804,&quot;gallery_thumbnail_src&quot;:&quot;https:\\\/\\\/bodegaoutdoor.cl\\\/store\\\/wp-content\\\/uploads\\\/2020\\\/07\\\/3687-hse0of-100x100.jpg&quot;,&quot;gallery_thumbnail_src_w&quot;:100,&quot;gallery_thumbnail_src_h&quot;:100,&quot;thumb_src&quot;:&quot;https:\\\/\\\/bodegaoutdoor.cl\\\/store\\\/wp-content\\\/uploads\\\/2020\\\/07\\\/3687-hse0of-300x300.jpg&quot;,&quot;thumb_src_w&quot;:300,&quot;thumb_src_h&quot;:300,&quot;src_w&quot;:600,&quot;src_h&quot;:596},&quot;image_id&quot;:3742,&quot;is_downloadable&quot;:false,&quot;is_in_stock&quot;:true,&quot;is_purchasable&quot;:true,&quot;is_sold_individually&quot;:&quot;no&quot;,&quot;is_virtual&quot;:false,&quot;max_qty&quot;:200,&quot;min_qty&quot;:1,&quot;price_html&quot;:&quot;&quot;,&quot;sku&quot;:&quot;33016144015&quot;,&quot;variation_description&quot;:&quot;&quot;,&quot;variation_id&quot;:3691,&quot;variation_is_active&quot;:true,&quot;variation_is_visible&quot;:true,&quot;weight&quot;:&quot;&quot;,&quot;weight_html&quot;:&quot;N\\\/D&quot;},{&quot;attributes&quot;:{&quot;attribute_pa_color&quot;:&quot;black&quot;,&quot;attribute_pa_f294abc323c8581b087d9a&quot;:&quot;l&quot;},&quot;availability_html&quot;:&quot;&lt;p class=\\&quot;stock in-stock\\&quot;&gt;198 disponibles&lt;\\\/p&gt;\\n&quot;,&quot;backorders_allowed&quot;:false,&quot;dimensions&quot;:{&quot;length&quot;:&quot;&quot;,&quot;width&quot;:&quot;&quot;,&quot;height&quot;:&quot;&quot;},&quot;dimensions_html&quot;:&quot;N\\\/D&quot;,&quot;display_price&quot;:34990,&quot;display_regular_price&quot;:39990,&quot;gallery_image_ids&quot;:[],&quot;gallery_images_html&quot;:&quot;&quot;,&quot;image&quot;:{&quot;title&quot;:&quot;3687-hse0of.jpg&quot;,&quot;caption&quot;:&quot;&quot;,&quot;url&quot;:&quot;https:\\\/\\\/bodegaoutdoor.cl\\\/store\\\/wp-content\\\/uploads\\\/2020\\\/07\\\/3687-hse0of.jpg&quot;,&quot;alt&quot;:&quot;3687-hse0of.jpg&quot;,&quot;src&quot;:&quot;https:\\\/\\\/bodegaoutdoor.cl\\\/store\\\/wp-content\\\/uploads\\\/2020\\\/07\\\/3687-hse0of-600x596.jpg&quot;,&quot;srcset&quot;:&quot;https:\\\/\\\/bodegaoutdoor.cl\\\/store\\\/wp-content\\\/uploads\\\/2020\\\/07\\\/3687-hse0of-600x596.jpg 600w, https:\\\/\\\/bodegaoutdoor.cl\\\/store\\\/wp-content\\\/uploads\\\/2020\\\/07\\\/3687-hse0of-100x100.jpg 100w, https:\\\/\\\/bodegaoutdoor.cl\\\/store\\\/wp-content\\\/uploads\\\/2020\\\/07\\\/3687-hse0of-150x150.jpg 150w, https:\\\/\\\/bodegaoutdoor.cl\\\/store\\\/wp-content\\\/uploads\\\/2020\\\/07\\\/3687-hse0of-768x763.jpg 768w, https:\\\/\\\/bodegaoutdoor.cl\\\/store\\\/wp-content\\\/uploads\\\/2020\\\/07\\\/3687-hse0of.jpg 809w&quot;,&quot;sizes&quot;:&quot;(max-width: 600px) 100vw, 600px&quot;,&quot;full_src&quot;:&quot;https:\\\/\\\/bodegaoutdoor.cl\\\/store\\\/wp-content\\\/uploads\\\/2020\\\/07\\\/3687-hse0of.jpg&quot;,&quot;full_src_w&quot;:809,&quot;full_src_h&quot;:804,&quot;gallery_thumbnail_src&quot;:&quot;https:\\\/\\\/bodegaoutdoor.cl\\\/store\\\/wp-content\\\/uploads\\\/2020\\\/07\\\/3687-hse0of-100x100.jpg&quot;,&quot;gallery_thumbnail_src_w&quot;:100,&quot;gallery_thumbnail_src_h&quot;:100,&quot;thumb_src&quot;:&quot;https:\\\/\\\/bodegaoutdoor.cl\\\/store\\\/wp-content\\\/uploads\\\/2020\\\/07\\\/3687-hse0of-300x300.jpg&quot;,&quot;thumb_src_w&quot;:300,&quot;thumb_src_h&quot;:300,&quot;src_w&quot;:600,&quot;src_h&quot;:596},&quot;image_id&quot;:3742,&quot;is_downloadable&quot;:false,&quot;is_in_stock&quot;:true,&quot;is_purchasable&quot;:true,&quot;is_sold_individually&quot;:&quot;no&quot;,&quot;is_virtual&quot;:false,&quot;max_qty&quot;:198,&quot;min_qty&quot;:1,&quot;price_html&quot;:&quot;&quot;,&quot;sku&quot;:&quot;33016144015&quot;,&quot;variation_description&quot;:&quot;&quot;,&quot;variation_id&quot;:3692,&quot;variation_is_active&quot;:true,&quot;variation_is_visible&quot;:true,&quot;weight&quot;:&quot;&quot;,&quot;weight_html&quot;:&quot;N\\\/D&quot;}]\">\r\n            \r\n                            <table class=\"variations\" cellspacing=\"0\">\r\n                    <tbody>\r\n\r\n                    \r\n                                                <tr>\r\n                            <td class=\"label\"><label for=\"pa_color\">color<\/label><\/td>\r\n                            <td class=\"value\">\r\n                                <div class=\"adsw-attribute-option\"><span class=\"meta-item-img sku-set \" data-value=\"azul\" data-image_id=\"3741\" title=\"Azul\"><i  style=\"width: 50px; height: 50px;\"><img loading=\"lazy\" decoding=\"async\" width=\"100\" height=\"100\" src=\"https:\/\/bodegaoutdoor.cl\/store\/wp-content\/uploads\/2020\/07\/3677-xapghm-100x100.jpg\" class=\"attachment-shop_thumbnail size-shop_thumbnail\" alt=\"Azul\" title=\"Azul\" style=\"\" srcset=\"https:\/\/bodegaoutdoor.cl\/store\/wp-content\/uploads\/2020\/07\/3677-xapghm-100x100.jpg 100w, https:\/\/bodegaoutdoor.cl\/store\/wp-content\/uploads\/2020\/07\/3677-xapghm-300x300.jpg 300w, https:\/\/bodegaoutdoor.cl\/store\/wp-content\/uploads\/2020\/07\/3677-xapghm-600x595.jpg 600w, https:\/\/bodegaoutdoor.cl\/store\/wp-content\/uploads\/2020\/07\/3677-xapghm-150x150.jpg 150w, https:\/\/bodegaoutdoor.cl\/store\/wp-content\/uploads\/2020\/07\/3677-xapghm-768x761.jpg 768w, https:\/\/bodegaoutdoor.cl\/store\/wp-content\/uploads\/2020\/07\/3677-xapghm.jpg 810w\" sizes=\"(max-width: 100px) 100vw, 100px\" \/><\/i><\/span><span class=\"meta-item-img sku-set \" data-value=\"black\" data-image_id=\"3742\" title=\"Black\"><i  style=\"width: 50px; height: 50px;\"><img loading=\"lazy\" decoding=\"async\" width=\"100\" height=\"100\" src=\"https:\/\/bodegaoutdoor.cl\/store\/wp-content\/uploads\/2020\/07\/3687-hse0of-100x100.jpg\" class=\"attachment-shop_thumbnail size-shop_thumbnail\" alt=\"Black\" title=\"Black\" style=\"\" srcset=\"https:\/\/bodegaoutdoor.cl\/store\/wp-content\/uploads\/2020\/07\/3687-hse0of-100x100.jpg 100w, https:\/\/bodegaoutdoor.cl\/store\/wp-content\/uploads\/2020\/07\/3687-hse0of-300x300.jpg 300w, https:\/\/bodegaoutdoor.cl\/store\/wp-content\/uploads\/2020\/07\/3687-hse0of-600x596.jpg 600w, https:\/\/bodegaoutdoor.cl\/store\/wp-content\/uploads\/2020\/07\/3687-hse0of-150x150.jpg 150w, https:\/\/bodegaoutdoor.cl\/store\/wp-content\/uploads\/2020\/07\/3687-hse0of-768x763.jpg 768w, https:\/\/bodegaoutdoor.cl\/store\/wp-content\/uploads\/2020\/07\/3687-hse0of.jpg 809w\" sizes=\"(max-width: 100px) 100vw, 100px\" \/><\/i><\/span><span class=\"meta-item-img sku-set \" data-value=\"green\" data-image_id=\"3740\" title=\"Green\"><i  style=\"width: 50px; height: 50px;\"><img loading=\"lazy\" decoding=\"async\" width=\"100\" height=\"100\" src=\"https:\/\/bodegaoutdoor.cl\/store\/wp-content\/uploads\/2020\/07\/3675-z25uvl-100x100.jpg\" class=\"attachment-shop_thumbnail size-shop_thumbnail\" alt=\"Green\" title=\"Green\" style=\"\" srcset=\"https:\/\/bodegaoutdoor.cl\/store\/wp-content\/uploads\/2020\/07\/3675-z25uvl-100x100.jpg 100w, https:\/\/bodegaoutdoor.cl\/store\/wp-content\/uploads\/2020\/07\/3675-z25uvl-300x300.jpg 300w, https:\/\/bodegaoutdoor.cl\/store\/wp-content\/uploads\/2020\/07\/3675-z25uvl-600x599.jpg 600w, https:\/\/bodegaoutdoor.cl\/store\/wp-content\/uploads\/2020\/07\/3675-z25uvl-150x150.jpg 150w, https:\/\/bodegaoutdoor.cl\/store\/wp-content\/uploads\/2020\/07\/3675-z25uvl-768x767.jpg 768w, https:\/\/bodegaoutdoor.cl\/store\/wp-content\/uploads\/2020\/07\/3675-z25uvl.jpg 811w\" sizes=\"(max-width: 100px) 100vw, 100px\" \/><\/i><\/span><\/div><select id=\"pa_color\" class=\"\" name=\"attribute_pa_color\" data-attribute_name=\"attribute_pa_color\" style=\"display:none\"><option value=\"\">Elige una opci\u00f3n<\/option><option value=\"azul\" >Azul<\/option><option value=\"black\" >Black<\/option><option value=\"green\" >Green<\/option><\/select>                            <\/td>\r\n                        <\/tr>\r\n                    \r\n                                                <tr>\r\n                            <td class=\"label\"><label for=\"pa_f294abc323c8581b087d9a\">Tama\u00f1o<\/label><\/td>\r\n                            <td class=\"value\">\r\n                                <div class=\"adsw-attribute-option\"><span class=\"meta-item-text sku-set \" data-value=\"4xl\">4XL<\/span><span class=\"meta-item-text sku-set \" data-value=\"l\">L<\/span><span class=\"meta-item-text sku-set \" data-value=\"m\">M<\/span><span class=\"meta-item-text sku-set \" data-value=\"xl\">XL<\/span><span class=\"meta-item-text sku-set \" data-value=\"xxl\">XXL<\/span><span class=\"meta-item-text sku-set \" data-value=\"xxxl\">XXXL<\/span><\/div><select id=\"pa_f294abc323c8581b087d9a\" class=\"\" name=\"attribute_pa_f294abc323c8581b087d9a\" data-attribute_name=\"attribute_pa_f294abc323c8581b087d9a\" style=\"display:none\"><option value=\"\">Elige una opci\u00f3n<\/option><option value=\"4xl\" >4XL<\/option><option value=\"l\" >L<\/option><option value=\"m\" >M<\/option><option value=\"xl\" >XL<\/option><option value=\"xxl\" >XXL<\/option><option value=\"xxxl\" >XXXL<\/option><\/select><a class=\"reset_variations\" href=\"#\">Limpiar<\/a>                            <\/td>\r\n                        <\/tr>\r\n                                        <\/tbody>\r\n                <\/table>\r\n\r\n                <div class=\"single_variation_wrap\">\r\n                    <div class=\"woocommerce-variation single_variation\" role=\"alert\" aria-relevant=\"additions\"><\/div><div class=\"woocommerce-variation-add-to-cart variations_button\">\n\t\n\t<div class=\"quantity\">\n\t\t<input type=\"button\" value=\"-\" class=\"minus\" \/>\n\t<label class=\"screen-reader-text\" for=\"quantity_6a9b5963205f0\">Pantalones cortos para senderismo , t\u00e1cticos, impermeables &amp; secado r\u00e1pido quantity<\/label>\n\t<input\n\t\ttype=\"number\"\n\t\t\t\tid=\"quantity_6a9b5963205f0\"\n\t\tclass=\"input-text qty text\"\n\t\tname=\"quantity\"\n\t\tvalue=\"1\"\n\t\taria-label=\"Qty\"\n\t\t\t\tmin=\"1\"\n\t\t\t\t\tmax=\"3567\"\n\t\t\t\t\t\t\tstep=\"1\"\n\t\t\tplaceholder=\"\"\n\t\t\tinputmode=\"numeric\"\n\t\t\tautocomplete=\"off\"\n\t\t\t\/>\n\t<input type=\"button\" value=\"+\" class=\"plus\" \/>\n\t<\/div>\n\n\t<button type=\"submit\" class=\"single_add_to_cart_button button alt\">Agregar al carrito<\/button>\n\n\t\n\t<input type=\"hidden\" name=\"add-to-cart\" value=\"3674\" \/>\n\t<input type=\"hidden\" name=\"product_id\" value=\"3674\" \/>\n\t<input type=\"hidden\" name=\"variation_id\" class=\"variation_id\" value=\"0\" \/>\n<\/div>\n                <\/div>\r\n            \r\n                    <\/form>\r\n\r\n        \n<div\n\tclass=\"yith-wcwl-add-to-wishlist add-to-wishlist-3674 yith-wcwl-add-to-wishlist--link-style wishlist-fragment on-first-load\"\n\tdata-fragment-ref=\"3674\"\n\tdata-fragment-options=\"{&quot;base_url&quot;:&quot;&quot;,&quot;product_id&quot;:3674,&quot;parent_product_id&quot;:0,&quot;product_type&quot;:&quot;variable&quot;,&quot;is_single&quot;:false,&quot;in_default_wishlist&quot;:false,&quot;show_view&quot;:false,&quot;browse_wishlist_text&quot;:&quot;Lista Deseos&quot;,&quot;already_in_wishslist_text&quot;:&quot;The producto esta Agregado!&quot;,&quot;product_added_text&quot;:&quot;Producto Agregado!&quot;,&quot;available_multi_wishlist&quot;:false,&quot;disable_wishlist&quot;:false,&quot;show_count&quot;:false,&quot;ajax_loading&quot;:false,&quot;loop_position&quot;:&quot;after_add_to_cart&quot;,&quot;item&quot;:&quot;add_to_wishlist&quot;}\"\n>\n\t\t\t\n\t\t\t<!-- ADD TO WISHLIST -->\n\t\t\t\n<div class=\"yith-wcwl-add-button\">\n\t\t<a\n\t\thref=\"?add_to_wishlist=3674&#038;_wpnonce=98056c7fc2\"\n\t\tclass=\"add_to_wishlist single_add_to_wishlist\"\n\t\tdata-product-id=\"3674\"\n\t\tdata-product-type=\"variable\"\n\t\tdata-original-product-id=\"0\"\n\t\tdata-title=\"Lista Deseos\"\n\t\trel=\"nofollow\"\n\t>\n\t\t<svg id=\"yith-wcwl-icon-heart-outline\" class=\"yith-wcwl-icon-svg\" fill=\"none\" stroke-width=\"1.5\" stroke=\"currentColor\" viewbox=\"0 0 24 24\" xmlns=\"http:\/\/www.w3.org\/2000\/svg\">\n  <path stroke-linecap=\"round\" stroke-linejoin=\"round\" d=\"M21 8.25c0-2.485-2.099-4.5-4.688-4.5-1.935 0-3.597 1.126-4.312 2.733-.715-1.607-2.377-2.733-4.313-2.733C5.1 3.75 3 5.765 3 8.25c0 7.22 9 12 9 12s9-4.78 9-12Z\"><\/path>\n<\/svg>\t\t<span>Lista Deseos<\/span>\n\t<\/a>\n<\/div>\n\n\t\t\t<!-- COUNT TEXT -->\n\t\t\t\n\t\t\t<\/div>\n                        <\/div>\n                    <\/div>\n                <\/div>\n            <\/div>\n        <\/div>\n    <\/div>\n<\/div><!-- end quickView --><!-- end today gadget section -->                           <\/div>\n        <\/div>\n            <div class=\"version-6\">\n            <div class=\"xs-product-widget media\">\n                                <a class=\"xs_product_img_link\" href=\"https:\/\/bodegaoutdoor.cl\/store\/product\/pantalon-termico-softshell-polar-waterproof-hombre\/\">\n                   <img loading=\"lazy\" decoding=\"async\" width=\"168\" height=\"155\" src=\"https:\/\/bodegaoutdoor.cl\/store\/wp-content\/uploads\/2020\/08\/negro.jpg\" class=\"attachment-168x166 size-168x166\" alt=\"Pantal\u00f3n T\u00e9rmico Softshell +  Polar  Waterproof Hombre\" \/>                <\/a>\n                                <div class=\"media-body align-self-center product-widget-content\">\n                            <span class=\"product-categories\">\n                                <a href=\"#\" rel=\"tag\"><a href = 'https:\/\/bodegaoutdoor.cl\/store\/product-category\/vestuario-hombre\/pantalones-hombre\/'>Pantalones Hombre<\/a>  <a href = 'https:\/\/bodegaoutdoor.cl\/store\/product-category\/vestuario-hombre\/'>Vestuario Hombre<\/a>  <\/a>\n                            <\/span>\n                    <a class=\"product-title\" href=\"https:\/\/bodegaoutdoor.cl\/store\/product\/pantalon-termico-softshell-polar-waterproof-hombre\/\">Pantal\u00f3n T\u00e9rmico Softshell +  Polar  Waterproof Hombre<\/a>\n                    <span class=\"price version-2\"> <del aria-hidden=\"true\"><span class=\"woocommerce-Price-amount amount\"><bdi><span class=\"woocommerce-Price-currencySymbol\" translate=\"no\">$<\/span>39,990<\/bdi><\/span><\/del> <span class=\"screen-reader-text\">El precio original era: $39,990.<\/span><ins aria-hidden=\"true\"><span class=\"woocommerce-Price-amount amount\"><bdi><span class=\"woocommerce-Price-currencySymbol\" translate=\"no\">$<\/span>29,990<\/bdi><\/span><\/ins><span class=\"screen-reader-text\">El precio actual es: $29,990.<\/span><\/span>\n                <\/div><!-- .xs-product-content END -->\n                <!--  show product meta if pd image in lef -->\n               <div class=\"xs-update-product-meta\">\n                   <ul class=\"xs-update-product-item-meta product-item-meta\">\n                       <li class=\"xs-cart-wrapper\">\n                                                          <a href=\"https:\/\/bodegaoutdoor.cl\/store\/product\/pantalon-termico-softshell-polar-waterproof-hombre\/\" aria-describedby=\"woocommerce_loop_add_to_cart_link_describedby_11773\" data-quantity=\"1\" class=\"button product_type_variable add_to_cart_button\" data-product_id=\"11773\" data-product_sku=\"\" aria-label=\"Elige las opciones para &ldquo;Pantal\u00f3n T\u00e9rmico Softshell +  Polar  Waterproof Hombre&rdquo;\" rel=\"nofollow\">Seleccionar opciones<\/a>    <span id=\"woocommerce_loop_add_to_cart_link_describedby_11773\" class=\"screen-reader-text\">\n        Este producto tiene m\u00faltiples variantes. Las opciones se pueden elegir en la p\u00e1gina de producto    <\/span>\n                                                  <\/li>\n                       <li><a href=\"#\" data-toggle=\"modal\" data-target=\".xs-quick-view-modal-80432-1\"><i class=\"xsicon xsicon-eye\"><\/i><\/a><\/li>\n                                                  <li class=\"xs-wishlist-wrapper xs-wishlist\">\n                               \n<div\n\tclass=\"yith-wcwl-add-to-wishlist add-to-wishlist-11773 yith-wcwl-add-to-wishlist--link-style wishlist-fragment on-first-load\"\n\tdata-fragment-ref=\"11773\"\n\tdata-fragment-options=\"{&quot;base_url&quot;:&quot;&quot;,&quot;product_id&quot;:11773,&quot;parent_product_id&quot;:0,&quot;product_type&quot;:&quot;variable&quot;,&quot;is_single&quot;:false,&quot;in_default_wishlist&quot;:false,&quot;show_view&quot;:false,&quot;browse_wishlist_text&quot;:&quot;Lista Deseos&quot;,&quot;already_in_wishslist_text&quot;:&quot;The producto esta Agregado!&quot;,&quot;product_added_text&quot;:&quot;Producto Agregado!&quot;,&quot;available_multi_wishlist&quot;:false,&quot;disable_wishlist&quot;:false,&quot;show_count&quot;:false,&quot;ajax_loading&quot;:false,&quot;loop_position&quot;:&quot;after_add_to_cart&quot;,&quot;item&quot;:&quot;add_to_wishlist&quot;}\"\n>\n\t\t\t\n\t\t\t<!-- ADD TO WISHLIST -->\n\t\t\t\n<div class=\"yith-wcwl-add-button\">\n\t\t<a\n\t\thref=\"?add_to_wishlist=11773&#038;_wpnonce=98056c7fc2\"\n\t\tclass=\"add_to_wishlist single_add_to_wishlist\"\n\t\tdata-product-id=\"11773\"\n\t\tdata-product-type=\"variable\"\n\t\tdata-original-product-id=\"0\"\n\t\tdata-title=\"Lista Deseos\"\n\t\trel=\"nofollow\"\n\t>\n\t\t<svg id=\"yith-wcwl-icon-heart-outline\" class=\"yith-wcwl-icon-svg\" fill=\"none\" stroke-width=\"1.5\" stroke=\"currentColor\" viewbox=\"0 0 24 24\" xmlns=\"http:\/\/www.w3.org\/2000\/svg\">\n  <path stroke-linecap=\"round\" stroke-linejoin=\"round\" d=\"M21 8.25c0-2.485-2.099-4.5-4.688-4.5-1.935 0-3.597 1.126-4.312 2.733-.715-1.607-2.377-2.733-4.313-2.733C5.1 3.75 3 5.765 3 8.25c0 7.22 9 12 9 12s9-4.78 9-12Z\"><\/path>\n<\/svg>\t\t<span>Lista Deseos<\/span>\n\t<\/a>\n<\/div>\n\n\t\t\t<!-- COUNT TEXT -->\n\t\t\t\n\t\t\t<\/div>\n                           <\/li>\n                                          <\/ul>\n               <\/div>\n                   <div class=\"woocommerce xs-modal xs-modal-quick-view xs-quick-view-modal-11773 modal fade\" tabindex=\"-1\" role=\"dialog\" aria-hidden=\"true\">\n    <div class=\"modal-dialog\" role=\"document\">\n        <div class=\"modal-content\">\n            <button type=\"button\" class=\"close\" data-dismiss=\"modal\" aria-label=\"Close\">\n                <span class=\"xsicon xsicon-cross\"><\/span>\n            <\/button>\n            <div class=\"container\">\n                <div class=\"row\">\n                    <div class=\"col-md-6\">\n                        <div class=\"images\">\n                                                        <img loading=\"lazy\" decoding=\"async\" width=\"510\" height=\"472\" src=\"https:\/\/bodegaoutdoor.cl\/store\/wp-content\/uploads\/2020\/08\/negro.jpg\" class=\"attachment-full size-full\" alt=\"Pantal\u00f3n T\u00e9rmico Softshell +  Polar  Waterproof Hombre\" \/>                                                <\/div>\n                    <\/div>\n                    <div class=\"col-md-6 align-self-center\">\n                        <div class=\"summary-content entry-summary\">\n                            <h2 class=\"product_title entry-title\">Pantal\u00f3n T\u00e9rmico Softshell +  Polar  Waterproof Hombre<\/h2><div class=\"product_meta\">\n\n\t\n\t\n\t\t<span class=\"sku_wrapper\">SKU: <span class=\"sku\">N\/D<\/span><\/span>\n\n\t\n\t<span class=\"posted_in\">Categor\u00edas: <a href=\"https:\/\/bodegaoutdoor.cl\/store\/product-category\/vestuario-hombre\/pantalones-hombre\/\" rel=\"tag\">Pantalones Hombre<\/a>, <a href=\"https:\/\/bodegaoutdoor.cl\/store\/product-category\/vestuario-hombre\/\" rel=\"tag\">Vestuario Hombre<\/a><\/span>\n\t<span class=\"tagged_as\">Etiquetas: <a href=\"https:\/\/bodegaoutdoor.cl\/store\/product-tag\/frio\/\" rel=\"tag\">frio<\/a>, <a href=\"https:\/\/bodegaoutdoor.cl\/store\/product-tag\/lluvia\/\" rel=\"tag\">lluvia<\/a>, <a href=\"https:\/\/bodegaoutdoor.cl\/store\/product-tag\/nieve\/\" rel=\"tag\">nieve<\/a>, <a href=\"https:\/\/bodegaoutdoor.cl\/store\/product-tag\/outdoor\/\" rel=\"tag\">outdoor<\/a>, <a href=\"https:\/\/bodegaoutdoor.cl\/store\/product-tag\/polar\/\" rel=\"tag\">polar<\/a>, <a href=\"https:\/\/bodegaoutdoor.cl\/store\/product-tag\/softshell\/\" rel=\"tag\">softshell<\/a>, <a href=\"https:\/\/bodegaoutdoor.cl\/store\/product-tag\/termico\/\" rel=\"tag\">termico<\/a>, <a href=\"https:\/\/bodegaoutdoor.cl\/store\/product-tag\/viento\/\" rel=\"tag\">viento<\/a>, <a href=\"https:\/\/bodegaoutdoor.cl\/store\/product-tag\/waterproof\/\" rel=\"tag\">waterproof<\/a><\/span>\n\t\n<\/div>\n<p class=\"price\"><del aria-hidden=\"true\"><span class=\"woocommerce-Price-amount amount\"><bdi><span class=\"woocommerce-Price-currencySymbol\" translate=\"no\">$<\/span>39,990<\/bdi><\/span><\/del> <span class=\"screen-reader-text\">El precio original era: $39,990.<\/span><ins aria-hidden=\"true\"><span class=\"woocommerce-Price-amount amount\"><bdi><span class=\"woocommerce-Price-currencySymbol\" translate=\"no\">$<\/span>29,990<\/bdi><\/span><\/ins><span class=\"screen-reader-text\">El precio actual es: $29,990.<\/span><\/p>\n\r\n        <form class=\"variations_form cart\" method=\"post\" enctype='multipart\/form-data' data-product_id=\"11773\" data-product_variations=\"[{&quot;attributes&quot;:{&quot;attribute_pa_color&quot;:&quot;negro&quot;,&quot;attribute_pa_f294abc323c8581b087d9a&quot;:&quot;s&quot;},&quot;availability_html&quot;:&quot;&lt;p class=\\&quot;stock in-stock\\&quot;&gt;94 disponibles&lt;\\\/p&gt;\\n&quot;,&quot;backorders_allowed&quot;:false,&quot;dimensions&quot;:{&quot;length&quot;:&quot;&quot;,&quot;width&quot;:&quot;&quot;,&quot;height&quot;:&quot;&quot;},&quot;dimensions_html&quot;:&quot;N\\\/D&quot;,&quot;display_price&quot;:29990,&quot;display_regular_price&quot;:39990,&quot;gallery_image_ids&quot;:[],&quot;gallery_images_html&quot;:&quot;&quot;,&quot;image&quot;:{&quot;title&quot;:&quot;NEGRO2-2-510x510&quot;,&quot;caption&quot;:&quot;&quot;,&quot;url&quot;:&quot;https:\\\/\\\/bodegaoutdoor.cl\\\/store\\\/wp-content\\\/uploads\\\/2020\\\/08\\\/NEGRO2-2-510x510-2.jpg&quot;,&quot;alt&quot;:&quot;NEGRO2-2-510x510&quot;,&quot;src&quot;:&quot;https:\\\/\\\/bodegaoutdoor.cl\\\/store\\\/wp-content\\\/uploads\\\/2020\\\/08\\\/NEGRO2-2-510x510-2.jpg&quot;,&quot;srcset&quot;:&quot;https:\\\/\\\/bodegaoutdoor.cl\\\/store\\\/wp-content\\\/uploads\\\/2020\\\/08\\\/NEGRO2-2-510x510-2.jpg 510w, https:\\\/\\\/bodegaoutdoor.cl\\\/store\\\/wp-content\\\/uploads\\\/2020\\\/08\\\/NEGRO2-2-510x510-2-300x300.jpg 300w, https:\\\/\\\/bodegaoutdoor.cl\\\/store\\\/wp-content\\\/uploads\\\/2020\\\/08\\\/NEGRO2-2-510x510-2-100x100.jpg 100w, https:\\\/\\\/bodegaoutdoor.cl\\\/store\\\/wp-content\\\/uploads\\\/2020\\\/08\\\/NEGRO2-2-510x510-2-150x150.jpg 150w&quot;,&quot;sizes&quot;:&quot;(max-width: 510px) 100vw, 510px&quot;,&quot;full_src&quot;:&quot;https:\\\/\\\/bodegaoutdoor.cl\\\/store\\\/wp-content\\\/uploads\\\/2020\\\/08\\\/NEGRO2-2-510x510-2.jpg&quot;,&quot;full_src_w&quot;:510,&quot;full_src_h&quot;:510,&quot;gallery_thumbnail_src&quot;:&quot;https:\\\/\\\/bodegaoutdoor.cl\\\/store\\\/wp-content\\\/uploads\\\/2020\\\/08\\\/NEGRO2-2-510x510-2-100x100.jpg&quot;,&quot;gallery_thumbnail_src_w&quot;:100,&quot;gallery_thumbnail_src_h&quot;:100,&quot;thumb_src&quot;:&quot;https:\\\/\\\/bodegaoutdoor.cl\\\/store\\\/wp-content\\\/uploads\\\/2020\\\/08\\\/NEGRO2-2-510x510-2-300x300.jpg&quot;,&quot;thumb_src_w&quot;:300,&quot;thumb_src_h&quot;:300,&quot;src_w&quot;:510,&quot;src_h&quot;:510},&quot;image_id&quot;:20285,&quot;is_downloadable&quot;:false,&quot;is_in_stock&quot;:true,&quot;is_purchasable&quot;:true,&quot;is_sold_individually&quot;:&quot;no&quot;,&quot;is_virtual&quot;:false,&quot;max_qty&quot;:94,&quot;min_qty&quot;:1,&quot;price_html&quot;:&quot;&quot;,&quot;sku&quot;:&quot;&quot;,&quot;variation_description&quot;:&quot;&quot;,&quot;variation_id&quot;:11776,&quot;variation_is_active&quot;:true,&quot;variation_is_visible&quot;:true,&quot;weight&quot;:&quot;&quot;,&quot;weight_html&quot;:&quot;N\\\/D&quot;},{&quot;attributes&quot;:{&quot;attribute_pa_color&quot;:&quot;negro&quot;,&quot;attribute_pa_f294abc323c8581b087d9a&quot;:&quot;m&quot;},&quot;availability_html&quot;:&quot;&lt;p class=\\&quot;stock in-stock\\&quot;&gt;86 disponibles&lt;\\\/p&gt;\\n&quot;,&quot;backorders_allowed&quot;:false,&quot;dimensions&quot;:{&quot;length&quot;:&quot;&quot;,&quot;width&quot;:&quot;&quot;,&quot;height&quot;:&quot;&quot;},&quot;dimensions_html&quot;:&quot;N\\\/D&quot;,&quot;display_price&quot;:29990,&quot;display_regular_price&quot;:39990,&quot;gallery_image_ids&quot;:[],&quot;gallery_images_html&quot;:&quot;&quot;,&quot;image&quot;:{&quot;title&quot;:&quot;NEGRO2-2-510x510&quot;,&quot;caption&quot;:&quot;&quot;,&quot;url&quot;:&quot;https:\\\/\\\/bodegaoutdoor.cl\\\/store\\\/wp-content\\\/uploads\\\/2020\\\/08\\\/NEGRO2-2-510x510-2.jpg&quot;,&quot;alt&quot;:&quot;NEGRO2-2-510x510&quot;,&quot;src&quot;:&quot;https:\\\/\\\/bodegaoutdoor.cl\\\/store\\\/wp-content\\\/uploads\\\/2020\\\/08\\\/NEGRO2-2-510x510-2.jpg&quot;,&quot;srcset&quot;:&quot;https:\\\/\\\/bodegaoutdoor.cl\\\/store\\\/wp-content\\\/uploads\\\/2020\\\/08\\\/NEGRO2-2-510x510-2.jpg 510w, https:\\\/\\\/bodegaoutdoor.cl\\\/store\\\/wp-content\\\/uploads\\\/2020\\\/08\\\/NEGRO2-2-510x510-2-300x300.jpg 300w, https:\\\/\\\/bodegaoutdoor.cl\\\/store\\\/wp-content\\\/uploads\\\/2020\\\/08\\\/NEGRO2-2-510x510-2-100x100.jpg 100w, https:\\\/\\\/bodegaoutdoor.cl\\\/store\\\/wp-content\\\/uploads\\\/2020\\\/08\\\/NEGRO2-2-510x510-2-150x150.jpg 150w&quot;,&quot;sizes&quot;:&quot;(max-width: 510px) 100vw, 510px&quot;,&quot;full_src&quot;:&quot;https:\\\/\\\/bodegaoutdoor.cl\\\/store\\\/wp-content\\\/uploads\\\/2020\\\/08\\\/NEGRO2-2-510x510-2.jpg&quot;,&quot;full_src_w&quot;:510,&quot;full_src_h&quot;:510,&quot;gallery_thumbnail_src&quot;:&quot;https:\\\/\\\/bodegaoutdoor.cl\\\/store\\\/wp-content\\\/uploads\\\/2020\\\/08\\\/NEGRO2-2-510x510-2-100x100.jpg&quot;,&quot;gallery_thumbnail_src_w&quot;:100,&quot;gallery_thumbnail_src_h&quot;:100,&quot;thumb_src&quot;:&quot;https:\\\/\\\/bodegaoutdoor.cl\\\/store\\\/wp-content\\\/uploads\\\/2020\\\/08\\\/NEGRO2-2-510x510-2-300x300.jpg&quot;,&quot;thumb_src_w&quot;:300,&quot;thumb_src_h&quot;:300,&quot;src_w&quot;:510,&quot;src_h&quot;:510},&quot;image_id&quot;:20285,&quot;is_downloadable&quot;:false,&quot;is_in_stock&quot;:true,&quot;is_purchasable&quot;:true,&quot;is_sold_individually&quot;:&quot;no&quot;,&quot;is_virtual&quot;:false,&quot;max_qty&quot;:86,&quot;min_qty&quot;:1,&quot;price_html&quot;:&quot;&quot;,&quot;sku&quot;:&quot;&quot;,&quot;variation_description&quot;:&quot;&quot;,&quot;variation_id&quot;:11781,&quot;variation_is_active&quot;:true,&quot;variation_is_visible&quot;:true,&quot;weight&quot;:&quot;&quot;,&quot;weight_html&quot;:&quot;N\\\/D&quot;},{&quot;attributes&quot;:{&quot;attribute_pa_color&quot;:&quot;negro&quot;,&quot;attribute_pa_f294abc323c8581b087d9a&quot;:&quot;l&quot;},&quot;availability_html&quot;:&quot;&lt;p class=\\&quot;stock in-stock\\&quot;&gt;95 disponibles&lt;\\\/p&gt;\\n&quot;,&quot;backorders_allowed&quot;:false,&quot;dimensions&quot;:{&quot;length&quot;:&quot;&quot;,&quot;width&quot;:&quot;&quot;,&quot;height&quot;:&quot;&quot;},&quot;dimensions_html&quot;:&quot;N\\\/D&quot;,&quot;display_price&quot;:29990,&quot;display_regular_price&quot;:39990,&quot;gallery_image_ids&quot;:[],&quot;gallery_images_html&quot;:&quot;&quot;,&quot;image&quot;:{&quot;title&quot;:&quot;NEGRO2-2-510x510&quot;,&quot;caption&quot;:&quot;&quot;,&quot;url&quot;:&quot;https:\\\/\\\/bodegaoutdoor.cl\\\/store\\\/wp-content\\\/uploads\\\/2020\\\/08\\\/NEGRO2-2-510x510-2.jpg&quot;,&quot;alt&quot;:&quot;NEGRO2-2-510x510&quot;,&quot;src&quot;:&quot;https:\\\/\\\/bodegaoutdoor.cl\\\/store\\\/wp-content\\\/uploads\\\/2020\\\/08\\\/NEGRO2-2-510x510-2.jpg&quot;,&quot;srcset&quot;:&quot;https:\\\/\\\/bodegaoutdoor.cl\\\/store\\\/wp-content\\\/uploads\\\/2020\\\/08\\\/NEGRO2-2-510x510-2.jpg 510w, https:\\\/\\\/bodegaoutdoor.cl\\\/store\\\/wp-content\\\/uploads\\\/2020\\\/08\\\/NEGRO2-2-510x510-2-300x300.jpg 300w, https:\\\/\\\/bodegaoutdoor.cl\\\/store\\\/wp-content\\\/uploads\\\/2020\\\/08\\\/NEGRO2-2-510x510-2-100x100.jpg 100w, https:\\\/\\\/bodegaoutdoor.cl\\\/store\\\/wp-content\\\/uploads\\\/2020\\\/08\\\/NEGRO2-2-510x510-2-150x150.jpg 150w&quot;,&quot;sizes&quot;:&quot;(max-width: 510px) 100vw, 510px&quot;,&quot;full_src&quot;:&quot;https:\\\/\\\/bodegaoutdoor.cl\\\/store\\\/wp-content\\\/uploads\\\/2020\\\/08\\\/NEGRO2-2-510x510-2.jpg&quot;,&quot;full_src_w&quot;:510,&quot;full_src_h&quot;:510,&quot;gallery_thumbnail_src&quot;:&quot;https:\\\/\\\/bodegaoutdoor.cl\\\/store\\\/wp-content\\\/uploads\\\/2020\\\/08\\\/NEGRO2-2-510x510-2-100x100.jpg&quot;,&quot;gallery_thumbnail_src_w&quot;:100,&quot;gallery_thumbnail_src_h&quot;:100,&quot;thumb_src&quot;:&quot;https:\\\/\\\/bodegaoutdoor.cl\\\/store\\\/wp-content\\\/uploads\\\/2020\\\/08\\\/NEGRO2-2-510x510-2-300x300.jpg&quot;,&quot;thumb_src_w&quot;:300,&quot;thumb_src_h&quot;:300,&quot;src_w&quot;:510,&quot;src_h&quot;:510},&quot;image_id&quot;:20285,&quot;is_downloadable&quot;:false,&quot;is_in_stock&quot;:true,&quot;is_purchasable&quot;:true,&quot;is_sold_individually&quot;:&quot;no&quot;,&quot;is_virtual&quot;:false,&quot;max_qty&quot;:95,&quot;min_qty&quot;:1,&quot;price_html&quot;:&quot;&quot;,&quot;sku&quot;:&quot;&quot;,&quot;variation_description&quot;:&quot;&quot;,&quot;variation_id&quot;:11786,&quot;variation_is_active&quot;:true,&quot;variation_is_visible&quot;:true,&quot;weight&quot;:&quot;&quot;,&quot;weight_html&quot;:&quot;N\\\/D&quot;},{&quot;attributes&quot;:{&quot;attribute_pa_color&quot;:&quot;negro&quot;,&quot;attribute_pa_f294abc323c8581b087d9a&quot;:&quot;xl&quot;},&quot;availability_html&quot;:&quot;&lt;p class=\\&quot;stock in-stock\\&quot;&gt;80 disponibles&lt;\\\/p&gt;\\n&quot;,&quot;backorders_allowed&quot;:false,&quot;dimensions&quot;:{&quot;length&quot;:&quot;&quot;,&quot;width&quot;:&quot;&quot;,&quot;height&quot;:&quot;&quot;},&quot;dimensions_html&quot;:&quot;N\\\/D&quot;,&quot;display_price&quot;:29990,&quot;display_regular_price&quot;:39990,&quot;gallery_image_ids&quot;:[],&quot;gallery_images_html&quot;:&quot;&quot;,&quot;image&quot;:{&quot;title&quot;:&quot;NEGRO2-2-510x510&quot;,&quot;caption&quot;:&quot;&quot;,&quot;url&quot;:&quot;https:\\\/\\\/bodegaoutdoor.cl\\\/store\\\/wp-content\\\/uploads\\\/2020\\\/08\\\/NEGRO2-2-510x510-3.jpg&quot;,&quot;alt&quot;:&quot;NEGRO2-2-510x510&quot;,&quot;src&quot;:&quot;https:\\\/\\\/bodegaoutdoor.cl\\\/store\\\/wp-content\\\/uploads\\\/2020\\\/08\\\/NEGRO2-2-510x510-3.jpg&quot;,&quot;srcset&quot;:&quot;https:\\\/\\\/bodegaoutdoor.cl\\\/store\\\/wp-content\\\/uploads\\\/2020\\\/08\\\/NEGRO2-2-510x510-3.jpg 510w, https:\\\/\\\/bodegaoutdoor.cl\\\/store\\\/wp-content\\\/uploads\\\/2020\\\/08\\\/NEGRO2-2-510x510-3-300x300.jpg 300w, https:\\\/\\\/bodegaoutdoor.cl\\\/store\\\/wp-content\\\/uploads\\\/2020\\\/08\\\/NEGRO2-2-510x510-3-100x100.jpg 100w, https:\\\/\\\/bodegaoutdoor.cl\\\/store\\\/wp-content\\\/uploads\\\/2020\\\/08\\\/NEGRO2-2-510x510-3-150x150.jpg 150w&quot;,&quot;sizes&quot;:&quot;(max-width: 510px) 100vw, 510px&quot;,&quot;full_src&quot;:&quot;https:\\\/\\\/bodegaoutdoor.cl\\\/store\\\/wp-content\\\/uploads\\\/2020\\\/08\\\/NEGRO2-2-510x510-3.jpg&quot;,&quot;full_src_w&quot;:510,&quot;full_src_h&quot;:510,&quot;gallery_thumbnail_src&quot;:&quot;https:\\\/\\\/bodegaoutdoor.cl\\\/store\\\/wp-content\\\/uploads\\\/2020\\\/08\\\/NEGRO2-2-510x510-3-100x100.jpg&quot;,&quot;gallery_thumbnail_src_w&quot;:100,&quot;gallery_thumbnail_src_h&quot;:100,&quot;thumb_src&quot;:&quot;https:\\\/\\\/bodegaoutdoor.cl\\\/store\\\/wp-content\\\/uploads\\\/2020\\\/08\\\/NEGRO2-2-510x510-3-300x300.jpg&quot;,&quot;thumb_src_w&quot;:300,&quot;thumb_src_h&quot;:300,&quot;src_w&quot;:510,&quot;src_h&quot;:510},&quot;image_id&quot;:46550,&quot;is_downloadable&quot;:false,&quot;is_in_stock&quot;:true,&quot;is_purchasable&quot;:true,&quot;is_sold_individually&quot;:&quot;no&quot;,&quot;is_virtual&quot;:false,&quot;max_qty&quot;:80,&quot;min_qty&quot;:1,&quot;price_html&quot;:&quot;&quot;,&quot;sku&quot;:&quot;&quot;,&quot;variation_description&quot;:&quot;&quot;,&quot;variation_id&quot;:11791,&quot;variation_is_active&quot;:true,&quot;variation_is_visible&quot;:true,&quot;weight&quot;:&quot;&quot;,&quot;weight_html&quot;:&quot;N\\\/D&quot;},{&quot;attributes&quot;:{&quot;attribute_pa_color&quot;:&quot;negro&quot;,&quot;attribute_pa_f294abc323c8581b087d9a&quot;:&quot;xxl&quot;},&quot;availability_html&quot;:&quot;&lt;p class=\\&quot;stock in-stock\\&quot;&gt;94 disponibles&lt;\\\/p&gt;\\n&quot;,&quot;backorders_allowed&quot;:false,&quot;dimensions&quot;:{&quot;length&quot;:&quot;&quot;,&quot;width&quot;:&quot;&quot;,&quot;height&quot;:&quot;&quot;},&quot;dimensions_html&quot;:&quot;N\\\/D&quot;,&quot;display_price&quot;:29990,&quot;display_regular_price&quot;:39990,&quot;gallery_image_ids&quot;:[],&quot;gallery_images_html&quot;:&quot;&quot;,&quot;image&quot;:{&quot;title&quot;:&quot;NEGRO2-2-510x510&quot;,&quot;caption&quot;:&quot;&quot;,&quot;url&quot;:&quot;https:\\\/\\\/bodegaoutdoor.cl\\\/store\\\/wp-content\\\/uploads\\\/2020\\\/08\\\/NEGRO2-2-510x510-2.jpg&quot;,&quot;alt&quot;:&quot;NEGRO2-2-510x510&quot;,&quot;src&quot;:&quot;https:\\\/\\\/bodegaoutdoor.cl\\\/store\\\/wp-content\\\/uploads\\\/2020\\\/08\\\/NEGRO2-2-510x510-2.jpg&quot;,&quot;srcset&quot;:&quot;https:\\\/\\\/bodegaoutdoor.cl\\\/store\\\/wp-content\\\/uploads\\\/2020\\\/08\\\/NEGRO2-2-510x510-2.jpg 510w, https:\\\/\\\/bodegaoutdoor.cl\\\/store\\\/wp-content\\\/uploads\\\/2020\\\/08\\\/NEGRO2-2-510x510-2-300x300.jpg 300w, https:\\\/\\\/bodegaoutdoor.cl\\\/store\\\/wp-content\\\/uploads\\\/2020\\\/08\\\/NEGRO2-2-510x510-2-100x100.jpg 100w, https:\\\/\\\/bodegaoutdoor.cl\\\/store\\\/wp-content\\\/uploads\\\/2020\\\/08\\\/NEGRO2-2-510x510-2-150x150.jpg 150w&quot;,&quot;sizes&quot;:&quot;(max-width: 510px) 100vw, 510px&quot;,&quot;full_src&quot;:&quot;https:\\\/\\\/bodegaoutdoor.cl\\\/store\\\/wp-content\\\/uploads\\\/2020\\\/08\\\/NEGRO2-2-510x510-2.jpg&quot;,&quot;full_src_w&quot;:510,&quot;full_src_h&quot;:510,&quot;gallery_thumbnail_src&quot;:&quot;https:\\\/\\\/bodegaoutdoor.cl\\\/store\\\/wp-content\\\/uploads\\\/2020\\\/08\\\/NEGRO2-2-510x510-2-100x100.jpg&quot;,&quot;gallery_thumbnail_src_w&quot;:100,&quot;gallery_thumbnail_src_h&quot;:100,&quot;thumb_src&quot;:&quot;https:\\\/\\\/bodegaoutdoor.cl\\\/store\\\/wp-content\\\/uploads\\\/2020\\\/08\\\/NEGRO2-2-510x510-2-300x300.jpg&quot;,&quot;thumb_src_w&quot;:300,&quot;thumb_src_h&quot;:300,&quot;src_w&quot;:510,&quot;src_h&quot;:510},&quot;image_id&quot;:20285,&quot;is_downloadable&quot;:false,&quot;is_in_stock&quot;:true,&quot;is_purchasable&quot;:true,&quot;is_sold_individually&quot;:&quot;no&quot;,&quot;is_virtual&quot;:false,&quot;max_qty&quot;:94,&quot;min_qty&quot;:1,&quot;price_html&quot;:&quot;&quot;,&quot;sku&quot;:&quot;&quot;,&quot;variation_description&quot;:&quot;&quot;,&quot;variation_id&quot;:11827,&quot;variation_is_active&quot;:true,&quot;variation_is_visible&quot;:true,&quot;weight&quot;:&quot;&quot;,&quot;weight_html&quot;:&quot;N\\\/D&quot;},{&quot;attributes&quot;:{&quot;attribute_pa_color&quot;:&quot;azul&quot;,&quot;attribute_pa_f294abc323c8581b087d9a&quot;:&quot;s&quot;},&quot;availability_html&quot;:&quot;&lt;p class=\\&quot;stock in-stock\\&quot;&gt;99 disponibles&lt;\\\/p&gt;\\n&quot;,&quot;backorders_allowed&quot;:false,&quot;dimensions&quot;:{&quot;length&quot;:&quot;&quot;,&quot;width&quot;:&quot;&quot;,&quot;height&quot;:&quot;&quot;},&quot;dimensions_html&quot;:&quot;N\\\/D&quot;,&quot;display_price&quot;:29990,&quot;display_regular_price&quot;:39990,&quot;gallery_image_ids&quot;:[],&quot;gallery_images_html&quot;:&quot;&quot;,&quot;image&quot;:{&quot;title&quot;:&quot;negro&quot;,&quot;caption&quot;:&quot;&quot;,&quot;url&quot;:&quot;https:\\\/\\\/bodegaoutdoor.cl\\\/store\\\/wp-content\\\/uploads\\\/2020\\\/08\\\/negro-1.jpg&quot;,&quot;alt&quot;:&quot;negro&quot;,&quot;src&quot;:&quot;https:\\\/\\\/bodegaoutdoor.cl\\\/store\\\/wp-content\\\/uploads\\\/2020\\\/08\\\/negro-1.jpg&quot;,&quot;srcset&quot;:&quot;https:\\\/\\\/bodegaoutdoor.cl\\\/store\\\/wp-content\\\/uploads\\\/2020\\\/08\\\/negro-1.jpg 510w, https:\\\/\\\/bodegaoutdoor.cl\\\/store\\\/wp-content\\\/uploads\\\/2020\\\/08\\\/negro-1-300x300.jpg 300w, https:\\\/\\\/bodegaoutdoor.cl\\\/store\\\/wp-content\\\/uploads\\\/2020\\\/08\\\/negro-1-100x100.jpg 100w, https:\\\/\\\/bodegaoutdoor.cl\\\/store\\\/wp-content\\\/uploads\\\/2020\\\/08\\\/negro-1-150x150.jpg 150w&quot;,&quot;sizes&quot;:&quot;(max-width: 510px) 100vw, 510px&quot;,&quot;full_src&quot;:&quot;https:\\\/\\\/bodegaoutdoor.cl\\\/store\\\/wp-content\\\/uploads\\\/2020\\\/08\\\/negro-1.jpg&quot;,&quot;full_src_w&quot;:510,&quot;full_src_h&quot;:510,&quot;gallery_thumbnail_src&quot;:&quot;https:\\\/\\\/bodegaoutdoor.cl\\\/store\\\/wp-content\\\/uploads\\\/2020\\\/08\\\/negro-1-100x100.jpg&quot;,&quot;gallery_thumbnail_src_w&quot;:100,&quot;gallery_thumbnail_src_h&quot;:100,&quot;thumb_src&quot;:&quot;https:\\\/\\\/bodegaoutdoor.cl\\\/store\\\/wp-content\\\/uploads\\\/2020\\\/08\\\/negro-1-300x300.jpg&quot;,&quot;thumb_src_w&quot;:300,&quot;thumb_src_h&quot;:300,&quot;src_w&quot;:510,&quot;src_h&quot;:510},&quot;image_id&quot;:20283,&quot;is_downloadable&quot;:false,&quot;is_in_stock&quot;:true,&quot;is_purchasable&quot;:true,&quot;is_sold_individually&quot;:&quot;no&quot;,&quot;is_virtual&quot;:false,&quot;max_qty&quot;:99,&quot;min_qty&quot;:1,&quot;price_html&quot;:&quot;&quot;,&quot;sku&quot;:&quot;&quot;,&quot;variation_description&quot;:&quot;&quot;,&quot;variation_id&quot;:11778,&quot;variation_is_active&quot;:true,&quot;variation_is_visible&quot;:true,&quot;weight&quot;:&quot;&quot;,&quot;weight_html&quot;:&quot;N\\\/D&quot;},{&quot;attributes&quot;:{&quot;attribute_pa_color&quot;:&quot;azul&quot;,&quot;attribute_pa_f294abc323c8581b087d9a&quot;:&quot;m&quot;},&quot;availability_html&quot;:&quot;&lt;p class=\\&quot;stock in-stock\\&quot;&gt;96 disponibles&lt;\\\/p&gt;\\n&quot;,&quot;backorders_allowed&quot;:false,&quot;dimensions&quot;:{&quot;length&quot;:&quot;&quot;,&quot;width&quot;:&quot;&quot;,&quot;height&quot;:&quot;&quot;},&quot;dimensions_html&quot;:&quot;N\\\/D&quot;,&quot;display_price&quot;:29990,&quot;display_regular_price&quot;:39990,&quot;gallery_image_ids&quot;:[],&quot;gallery_images_html&quot;:&quot;&quot;,&quot;image&quot;:{&quot;title&quot;:&quot;negro&quot;,&quot;caption&quot;:&quot;&quot;,&quot;url&quot;:&quot;https:\\\/\\\/bodegaoutdoor.cl\\\/store\\\/wp-content\\\/uploads\\\/2020\\\/08\\\/negro-1.jpg&quot;,&quot;alt&quot;:&quot;negro&quot;,&quot;src&quot;:&quot;https:\\\/\\\/bodegaoutdoor.cl\\\/store\\\/wp-content\\\/uploads\\\/2020\\\/08\\\/negro-1.jpg&quot;,&quot;srcset&quot;:&quot;https:\\\/\\\/bodegaoutdoor.cl\\\/store\\\/wp-content\\\/uploads\\\/2020\\\/08\\\/negro-1.jpg 510w, https:\\\/\\\/bodegaoutdoor.cl\\\/store\\\/wp-content\\\/uploads\\\/2020\\\/08\\\/negro-1-300x300.jpg 300w, https:\\\/\\\/bodegaoutdoor.cl\\\/store\\\/wp-content\\\/uploads\\\/2020\\\/08\\\/negro-1-100x100.jpg 100w, https:\\\/\\\/bodegaoutdoor.cl\\\/store\\\/wp-content\\\/uploads\\\/2020\\\/08\\\/negro-1-150x150.jpg 150w&quot;,&quot;sizes&quot;:&quot;(max-width: 510px) 100vw, 510px&quot;,&quot;full_src&quot;:&quot;https:\\\/\\\/bodegaoutdoor.cl\\\/store\\\/wp-content\\\/uploads\\\/2020\\\/08\\\/negro-1.jpg&quot;,&quot;full_src_w&quot;:510,&quot;full_src_h&quot;:510,&quot;gallery_thumbnail_src&quot;:&quot;https:\\\/\\\/bodegaoutdoor.cl\\\/store\\\/wp-content\\\/uploads\\\/2020\\\/08\\\/negro-1-100x100.jpg&quot;,&quot;gallery_thumbnail_src_w&quot;:100,&quot;gallery_thumbnail_src_h&quot;:100,&quot;thumb_src&quot;:&quot;https:\\\/\\\/bodegaoutdoor.cl\\\/store\\\/wp-content\\\/uploads\\\/2020\\\/08\\\/negro-1-300x300.jpg&quot;,&quot;thumb_src_w&quot;:300,&quot;thumb_src_h&quot;:300,&quot;src_w&quot;:510,&quot;src_h&quot;:510},&quot;image_id&quot;:20283,&quot;is_downloadable&quot;:false,&quot;is_in_stock&quot;:true,&quot;is_purchasable&quot;:true,&quot;is_sold_individually&quot;:&quot;no&quot;,&quot;is_virtual&quot;:false,&quot;max_qty&quot;:96,&quot;min_qty&quot;:1,&quot;price_html&quot;:&quot;&quot;,&quot;sku&quot;:&quot;&quot;,&quot;variation_description&quot;:&quot;&quot;,&quot;variation_id&quot;:11783,&quot;variation_is_active&quot;:true,&quot;variation_is_visible&quot;:true,&quot;weight&quot;:&quot;&quot;,&quot;weight_html&quot;:&quot;N\\\/D&quot;},{&quot;attributes&quot;:{&quot;attribute_pa_color&quot;:&quot;azul&quot;,&quot;attribute_pa_f294abc323c8581b087d9a&quot;:&quot;l&quot;},&quot;availability_html&quot;:&quot;&lt;p class=\\&quot;stock in-stock\\&quot;&gt;98 disponibles&lt;\\\/p&gt;\\n&quot;,&quot;backorders_allowed&quot;:false,&quot;dimensions&quot;:{&quot;length&quot;:&quot;&quot;,&quot;width&quot;:&quot;&quot;,&quot;height&quot;:&quot;&quot;},&quot;dimensions_html&quot;:&quot;N\\\/D&quot;,&quot;display_price&quot;:29990,&quot;display_regular_price&quot;:39990,&quot;gallery_image_ids&quot;:[],&quot;gallery_images_html&quot;:&quot;&quot;,&quot;image&quot;:{&quot;title&quot;:&quot;negro&quot;,&quot;caption&quot;:&quot;&quot;,&quot;url&quot;:&quot;https:\\\/\\\/bodegaoutdoor.cl\\\/store\\\/wp-content\\\/uploads\\\/2020\\\/08\\\/negro-1.jpg&quot;,&quot;alt&quot;:&quot;negro&quot;,&quot;src&quot;:&quot;https:\\\/\\\/bodegaoutdoor.cl\\\/store\\\/wp-content\\\/uploads\\\/2020\\\/08\\\/negro-1.jpg&quot;,&quot;srcset&quot;:&quot;https:\\\/\\\/bodegaoutdoor.cl\\\/store\\\/wp-content\\\/uploads\\\/2020\\\/08\\\/negro-1.jpg 510w, https:\\\/\\\/bodegaoutdoor.cl\\\/store\\\/wp-content\\\/uploads\\\/2020\\\/08\\\/negro-1-300x300.jpg 300w, https:\\\/\\\/bodegaoutdoor.cl\\\/store\\\/wp-content\\\/uploads\\\/2020\\\/08\\\/negro-1-100x100.jpg 100w, https:\\\/\\\/bodegaoutdoor.cl\\\/store\\\/wp-content\\\/uploads\\\/2020\\\/08\\\/negro-1-150x150.jpg 150w&quot;,&quot;sizes&quot;:&quot;(max-width: 510px) 100vw, 510px&quot;,&quot;full_src&quot;:&quot;https:\\\/\\\/bodegaoutdoor.cl\\\/store\\\/wp-content\\\/uploads\\\/2020\\\/08\\\/negro-1.jpg&quot;,&quot;full_src_w&quot;:510,&quot;full_src_h&quot;:510,&quot;gallery_thumbnail_src&quot;:&quot;https:\\\/\\\/bodegaoutdoor.cl\\\/store\\\/wp-content\\\/uploads\\\/2020\\\/08\\\/negro-1-100x100.jpg&quot;,&quot;gallery_thumbnail_src_w&quot;:100,&quot;gallery_thumbnail_src_h&quot;:100,&quot;thumb_src&quot;:&quot;https:\\\/\\\/bodegaoutdoor.cl\\\/store\\\/wp-content\\\/uploads\\\/2020\\\/08\\\/negro-1-300x300.jpg&quot;,&quot;thumb_src_w&quot;:300,&quot;thumb_src_h&quot;:300,&quot;src_w&quot;:510,&quot;src_h&quot;:510},&quot;image_id&quot;:20283,&quot;is_downloadable&quot;:false,&quot;is_in_stock&quot;:true,&quot;is_purchasable&quot;:true,&quot;is_sold_individually&quot;:&quot;no&quot;,&quot;is_virtual&quot;:false,&quot;max_qty&quot;:98,&quot;min_qty&quot;:1,&quot;price_html&quot;:&quot;&quot;,&quot;sku&quot;:&quot;&quot;,&quot;variation_description&quot;:&quot;&quot;,&quot;variation_id&quot;:11788,&quot;variation_is_active&quot;:true,&quot;variation_is_visible&quot;:true,&quot;weight&quot;:&quot;&quot;,&quot;weight_html&quot;:&quot;N\\\/D&quot;},{&quot;attributes&quot;:{&quot;attribute_pa_color&quot;:&quot;azul&quot;,&quot;attribute_pa_f294abc323c8581b087d9a&quot;:&quot;xl&quot;},&quot;availability_html&quot;:&quot;&lt;p class=\\&quot;stock in-stock\\&quot;&gt;99 disponibles&lt;\\\/p&gt;\\n&quot;,&quot;backorders_allowed&quot;:false,&quot;dimensions&quot;:{&quot;length&quot;:&quot;&quot;,&quot;width&quot;:&quot;&quot;,&quot;height&quot;:&quot;&quot;},&quot;dimensions_html&quot;:&quot;N\\\/D&quot;,&quot;display_price&quot;:29990,&quot;display_regular_price&quot;:39990,&quot;gallery_image_ids&quot;:[],&quot;gallery_images_html&quot;:&quot;&quot;,&quot;image&quot;:{&quot;title&quot;:&quot;negro&quot;,&quot;caption&quot;:&quot;&quot;,&quot;url&quot;:&quot;https:\\\/\\\/bodegaoutdoor.cl\\\/store\\\/wp-content\\\/uploads\\\/2020\\\/08\\\/negro-1.jpg&quot;,&quot;alt&quot;:&quot;negro&quot;,&quot;src&quot;:&quot;https:\\\/\\\/bodegaoutdoor.cl\\\/store\\\/wp-content\\\/uploads\\\/2020\\\/08\\\/negro-1.jpg&quot;,&quot;srcset&quot;:&quot;https:\\\/\\\/bodegaoutdoor.cl\\\/store\\\/wp-content\\\/uploads\\\/2020\\\/08\\\/negro-1.jpg 510w, https:\\\/\\\/bodegaoutdoor.cl\\\/store\\\/wp-content\\\/uploads\\\/2020\\\/08\\\/negro-1-300x300.jpg 300w, https:\\\/\\\/bodegaoutdoor.cl\\\/store\\\/wp-content\\\/uploads\\\/2020\\\/08\\\/negro-1-100x100.jpg 100w, https:\\\/\\\/bodegaoutdoor.cl\\\/store\\\/wp-content\\\/uploads\\\/2020\\\/08\\\/negro-1-150x150.jpg 150w&quot;,&quot;sizes&quot;:&quot;(max-width: 510px) 100vw, 510px&quot;,&quot;full_src&quot;:&quot;https:\\\/\\\/bodegaoutdoor.cl\\\/store\\\/wp-content\\\/uploads\\\/2020\\\/08\\\/negro-1.jpg&quot;,&quot;full_src_w&quot;:510,&quot;full_src_h&quot;:510,&quot;gallery_thumbnail_src&quot;:&quot;https:\\\/\\\/bodegaoutdoor.cl\\\/store\\\/wp-content\\\/uploads\\\/2020\\\/08\\\/negro-1-100x100.jpg&quot;,&quot;gallery_thumbnail_src_w&quot;:100,&quot;gallery_thumbnail_src_h&quot;:100,&quot;thumb_src&quot;:&quot;https:\\\/\\\/bodegaoutdoor.cl\\\/store\\\/wp-content\\\/uploads\\\/2020\\\/08\\\/negro-1-300x300.jpg&quot;,&quot;thumb_src_w&quot;:300,&quot;thumb_src_h&quot;:300,&quot;src_w&quot;:510,&quot;src_h&quot;:510},&quot;image_id&quot;:20283,&quot;is_downloadable&quot;:false,&quot;is_in_stock&quot;:true,&quot;is_purchasable&quot;:true,&quot;is_sold_individually&quot;:&quot;no&quot;,&quot;is_virtual&quot;:false,&quot;max_qty&quot;:99,&quot;min_qty&quot;:1,&quot;price_html&quot;:&quot;&quot;,&quot;sku&quot;:&quot;&quot;,&quot;variation_description&quot;:&quot;&quot;,&quot;variation_id&quot;:11793,&quot;variation_is_active&quot;:true,&quot;variation_is_visible&quot;:true,&quot;weight&quot;:&quot;&quot;,&quot;weight_html&quot;:&quot;N\\\/D&quot;},{&quot;attributes&quot;:{&quot;attribute_pa_color&quot;:&quot;azul&quot;,&quot;attribute_pa_f294abc323c8581b087d9a&quot;:&quot;xxl&quot;},&quot;availability_html&quot;:&quot;&lt;p class=\\&quot;stock in-stock\\&quot;&gt;97 disponibles&lt;\\\/p&gt;\\n&quot;,&quot;backorders_allowed&quot;:false,&quot;dimensions&quot;:{&quot;length&quot;:&quot;&quot;,&quot;width&quot;:&quot;&quot;,&quot;height&quot;:&quot;&quot;},&quot;dimensions_html&quot;:&quot;N\\\/D&quot;,&quot;display_price&quot;:29990,&quot;display_regular_price&quot;:39990,&quot;gallery_image_ids&quot;:[],&quot;gallery_images_html&quot;:&quot;&quot;,&quot;image&quot;:{&quot;title&quot;:&quot;negro&quot;,&quot;caption&quot;:&quot;&quot;,&quot;url&quot;:&quot;https:\\\/\\\/bodegaoutdoor.cl\\\/store\\\/wp-content\\\/uploads\\\/2020\\\/08\\\/negro-1.jpg&quot;,&quot;alt&quot;:&quot;negro&quot;,&quot;src&quot;:&quot;https:\\\/\\\/bodegaoutdoor.cl\\\/store\\\/wp-content\\\/uploads\\\/2020\\\/08\\\/negro-1.jpg&quot;,&quot;srcset&quot;:&quot;https:\\\/\\\/bodegaoutdoor.cl\\\/store\\\/wp-content\\\/uploads\\\/2020\\\/08\\\/negro-1.jpg 510w, https:\\\/\\\/bodegaoutdoor.cl\\\/store\\\/wp-content\\\/uploads\\\/2020\\\/08\\\/negro-1-300x300.jpg 300w, https:\\\/\\\/bodegaoutdoor.cl\\\/store\\\/wp-content\\\/uploads\\\/2020\\\/08\\\/negro-1-100x100.jpg 100w, https:\\\/\\\/bodegaoutdoor.cl\\\/store\\\/wp-content\\\/uploads\\\/2020\\\/08\\\/negro-1-150x150.jpg 150w&quot;,&quot;sizes&quot;:&quot;(max-width: 510px) 100vw, 510px&quot;,&quot;full_src&quot;:&quot;https:\\\/\\\/bodegaoutdoor.cl\\\/store\\\/wp-content\\\/uploads\\\/2020\\\/08\\\/negro-1.jpg&quot;,&quot;full_src_w&quot;:510,&quot;full_src_h&quot;:510,&quot;gallery_thumbnail_src&quot;:&quot;https:\\\/\\\/bodegaoutdoor.cl\\\/store\\\/wp-content\\\/uploads\\\/2020\\\/08\\\/negro-1-100x100.jpg&quot;,&quot;gallery_thumbnail_src_w&quot;:100,&quot;gallery_thumbnail_src_h&quot;:100,&quot;thumb_src&quot;:&quot;https:\\\/\\\/bodegaoutdoor.cl\\\/store\\\/wp-content\\\/uploads\\\/2020\\\/08\\\/negro-1-300x300.jpg&quot;,&quot;thumb_src_w&quot;:300,&quot;thumb_src_h&quot;:300,&quot;src_w&quot;:510,&quot;src_h&quot;:510},&quot;image_id&quot;:20283,&quot;is_downloadable&quot;:false,&quot;is_in_stock&quot;:true,&quot;is_purchasable&quot;:true,&quot;is_sold_individually&quot;:&quot;no&quot;,&quot;is_virtual&quot;:false,&quot;max_qty&quot;:97,&quot;min_qty&quot;:1,&quot;price_html&quot;:&quot;&quot;,&quot;sku&quot;:&quot;&quot;,&quot;variation_description&quot;:&quot;&quot;,&quot;variation_id&quot;:11782,&quot;variation_is_active&quot;:true,&quot;variation_is_visible&quot;:true,&quot;weight&quot;:&quot;&quot;,&quot;weight_html&quot;:&quot;N\\\/D&quot;},{&quot;attributes&quot;:{&quot;attribute_pa_color&quot;:&quot;gris&quot;,&quot;attribute_pa_f294abc323c8581b087d9a&quot;:&quot;s&quot;},&quot;availability_html&quot;:&quot;&lt;p class=\\&quot;stock in-stock\\&quot;&gt;98 disponibles&lt;\\\/p&gt;\\n&quot;,&quot;backorders_allowed&quot;:false,&quot;dimensions&quot;:{&quot;length&quot;:&quot;&quot;,&quot;width&quot;:&quot;&quot;,&quot;height&quot;:&quot;&quot;},&quot;dimensions_html&quot;:&quot;N\\\/D&quot;,&quot;display_price&quot;:29990,&quot;display_regular_price&quot;:39990,&quot;gallery_image_ids&quot;:[],&quot;gallery_images_html&quot;:&quot;&quot;,&quot;image&quot;:{&quot;title&quot;:&quot;gris&quot;,&quot;caption&quot;:&quot;&quot;,&quot;url&quot;:&quot;https:\\\/\\\/bodegaoutdoor.cl\\\/store\\\/wp-content\\\/uploads\\\/2020\\\/08\\\/gris-1.jpg&quot;,&quot;alt&quot;:&quot;gris&quot;,&quot;src&quot;:&quot;https:\\\/\\\/bodegaoutdoor.cl\\\/store\\\/wp-content\\\/uploads\\\/2020\\\/08\\\/gris-1.jpg&quot;,&quot;srcset&quot;:&quot;https:\\\/\\\/bodegaoutdoor.cl\\\/store\\\/wp-content\\\/uploads\\\/2020\\\/08\\\/gris-1.jpg 510w, https:\\\/\\\/bodegaoutdoor.cl\\\/store\\\/wp-content\\\/uploads\\\/2020\\\/08\\\/gris-1-300x300.jpg 300w, https:\\\/\\\/bodegaoutdoor.cl\\\/store\\\/wp-content\\\/uploads\\\/2020\\\/08\\\/gris-1-100x100.jpg 100w, https:\\\/\\\/bodegaoutdoor.cl\\\/store\\\/wp-content\\\/uploads\\\/2020\\\/08\\\/gris-1-150x150.jpg 150w&quot;,&quot;sizes&quot;:&quot;(max-width: 510px) 100vw, 510px&quot;,&quot;full_src&quot;:&quot;https:\\\/\\\/bodegaoutdoor.cl\\\/store\\\/wp-content\\\/uploads\\\/2020\\\/08\\\/gris-1.jpg&quot;,&quot;full_src_w&quot;:510,&quot;full_src_h&quot;:510,&quot;gallery_thumbnail_src&quot;:&quot;https:\\\/\\\/bodegaoutdoor.cl\\\/store\\\/wp-content\\\/uploads\\\/2020\\\/08\\\/gris-1-100x100.jpg&quot;,&quot;gallery_thumbnail_src_w&quot;:100,&quot;gallery_thumbnail_src_h&quot;:100,&quot;thumb_src&quot;:&quot;https:\\\/\\\/bodegaoutdoor.cl\\\/store\\\/wp-content\\\/uploads\\\/2020\\\/08\\\/gris-1-300x300.jpg&quot;,&quot;thumb_src_w&quot;:300,&quot;thumb_src_h&quot;:300,&quot;src_w&quot;:510,&quot;src_h&quot;:510},&quot;image_id&quot;:20281,&quot;is_downloadable&quot;:false,&quot;is_in_stock&quot;:true,&quot;is_purchasable&quot;:true,&quot;is_sold_individually&quot;:&quot;no&quot;,&quot;is_virtual&quot;:false,&quot;max_qty&quot;:98,&quot;min_qty&quot;:1,&quot;price_html&quot;:&quot;&quot;,&quot;sku&quot;:&quot;&quot;,&quot;variation_description&quot;:&quot;&quot;,&quot;variation_id&quot;:11784,&quot;variation_is_active&quot;:true,&quot;variation_is_visible&quot;:true,&quot;weight&quot;:&quot;&quot;,&quot;weight_html&quot;:&quot;N\\\/D&quot;},{&quot;attributes&quot;:{&quot;attribute_pa_color&quot;:&quot;gris&quot;,&quot;attribute_pa_f294abc323c8581b087d9a&quot;:&quot;m&quot;},&quot;availability_html&quot;:&quot;&lt;p class=\\&quot;stock in-stock\\&quot;&gt;97 disponibles&lt;\\\/p&gt;\\n&quot;,&quot;backorders_allowed&quot;:false,&quot;dimensions&quot;:{&quot;length&quot;:&quot;&quot;,&quot;width&quot;:&quot;&quot;,&quot;height&quot;:&quot;&quot;},&quot;dimensions_html&quot;:&quot;N\\\/D&quot;,&quot;display_price&quot;:29990,&quot;display_regular_price&quot;:39990,&quot;gallery_image_ids&quot;:[],&quot;gallery_images_html&quot;:&quot;&quot;,&quot;image&quot;:{&quot;title&quot;:&quot;gris&quot;,&quot;caption&quot;:&quot;&quot;,&quot;url&quot;:&quot;https:\\\/\\\/bodegaoutdoor.cl\\\/store\\\/wp-content\\\/uploads\\\/2020\\\/08\\\/gris-1.jpg&quot;,&quot;alt&quot;:&quot;gris&quot;,&quot;src&quot;:&quot;https:\\\/\\\/bodegaoutdoor.cl\\\/store\\\/wp-content\\\/uploads\\\/2020\\\/08\\\/gris-1.jpg&quot;,&quot;srcset&quot;:&quot;https:\\\/\\\/bodegaoutdoor.cl\\\/store\\\/wp-content\\\/uploads\\\/2020\\\/08\\\/gris-1.jpg 510w, https:\\\/\\\/bodegaoutdoor.cl\\\/store\\\/wp-content\\\/uploads\\\/2020\\\/08\\\/gris-1-300x300.jpg 300w, https:\\\/\\\/bodegaoutdoor.cl\\\/store\\\/wp-content\\\/uploads\\\/2020\\\/08\\\/gris-1-100x100.jpg 100w, https:\\\/\\\/bodegaoutdoor.cl\\\/store\\\/wp-content\\\/uploads\\\/2020\\\/08\\\/gris-1-150x150.jpg 150w&quot;,&quot;sizes&quot;:&quot;(max-width: 510px) 100vw, 510px&quot;,&quot;full_src&quot;:&quot;https:\\\/\\\/bodegaoutdoor.cl\\\/store\\\/wp-content\\\/uploads\\\/2020\\\/08\\\/gris-1.jpg&quot;,&quot;full_src_w&quot;:510,&quot;full_src_h&quot;:510,&quot;gallery_thumbnail_src&quot;:&quot;https:\\\/\\\/bodegaoutdoor.cl\\\/store\\\/wp-content\\\/uploads\\\/2020\\\/08\\\/gris-1-100x100.jpg&quot;,&quot;gallery_thumbnail_src_w&quot;:100,&quot;gallery_thumbnail_src_h&quot;:100,&quot;thumb_src&quot;:&quot;https:\\\/\\\/bodegaoutdoor.cl\\\/store\\\/wp-content\\\/uploads\\\/2020\\\/08\\\/gris-1-300x300.jpg&quot;,&quot;thumb_src_w&quot;:300,&quot;thumb_src_h&quot;:300,&quot;src_w&quot;:510,&quot;src_h&quot;:510},&quot;image_id&quot;:20281,&quot;is_downloadable&quot;:false,&quot;is_in_stock&quot;:true,&quot;is_purchasable&quot;:true,&quot;is_sold_individually&quot;:&quot;no&quot;,&quot;is_virtual&quot;:false,&quot;max_qty&quot;:97,&quot;min_qty&quot;:1,&quot;price_html&quot;:&quot;&quot;,&quot;sku&quot;:&quot;&quot;,&quot;variation_description&quot;:&quot;&quot;,&quot;variation_id&quot;:11785,&quot;variation_is_active&quot;:true,&quot;variation_is_visible&quot;:true,&quot;weight&quot;:&quot;&quot;,&quot;weight_html&quot;:&quot;N\\\/D&quot;},{&quot;attributes&quot;:{&quot;attribute_pa_color&quot;:&quot;gris&quot;,&quot;attribute_pa_f294abc323c8581b087d9a&quot;:&quot;l&quot;},&quot;availability_html&quot;:&quot;&lt;p class=\\&quot;stock in-stock\\&quot;&gt;93 disponibles&lt;\\\/p&gt;\\n&quot;,&quot;backorders_allowed&quot;:false,&quot;dimensions&quot;:{&quot;length&quot;:&quot;&quot;,&quot;width&quot;:&quot;&quot;,&quot;height&quot;:&quot;&quot;},&quot;dimensions_html&quot;:&quot;N\\\/D&quot;,&quot;display_price&quot;:29990,&quot;display_regular_price&quot;:39990,&quot;gallery_image_ids&quot;:[],&quot;gallery_images_html&quot;:&quot;&quot;,&quot;image&quot;:{&quot;title&quot;:&quot;azul&quot;,&quot;caption&quot;:&quot;&quot;,&quot;url&quot;:&quot;https:\\\/\\\/bodegaoutdoor.cl\\\/store\\\/wp-content\\\/uploads\\\/2020\\\/08\\\/azul-1.jpg&quot;,&quot;alt&quot;:&quot;azul&quot;,&quot;src&quot;:&quot;https:\\\/\\\/bodegaoutdoor.cl\\\/store\\\/wp-content\\\/uploads\\\/2020\\\/08\\\/azul-1.jpg&quot;,&quot;srcset&quot;:&quot;https:\\\/\\\/bodegaoutdoor.cl\\\/store\\\/wp-content\\\/uploads\\\/2020\\\/08\\\/azul-1.jpg 510w, https:\\\/\\\/bodegaoutdoor.cl\\\/store\\\/wp-content\\\/uploads\\\/2020\\\/08\\\/azul-1-300x300.jpg 300w, https:\\\/\\\/bodegaoutdoor.cl\\\/store\\\/wp-content\\\/uploads\\\/2020\\\/08\\\/azul-1-100x100.jpg 100w, https:\\\/\\\/bodegaoutdoor.cl\\\/store\\\/wp-content\\\/uploads\\\/2020\\\/08\\\/azul-1-150x150.jpg 150w&quot;,&quot;sizes&quot;:&quot;(max-width: 510px) 100vw, 510px&quot;,&quot;full_src&quot;:&quot;https:\\\/\\\/bodegaoutdoor.cl\\\/store\\\/wp-content\\\/uploads\\\/2020\\\/08\\\/azul-1.jpg&quot;,&quot;full_src_w&quot;:510,&quot;full_src_h&quot;:510,&quot;gallery_thumbnail_src&quot;:&quot;https:\\\/\\\/bodegaoutdoor.cl\\\/store\\\/wp-content\\\/uploads\\\/2020\\\/08\\\/azul-1-100x100.jpg&quot;,&quot;gallery_thumbnail_src_w&quot;:100,&quot;gallery_thumbnail_src_h&quot;:100,&quot;thumb_src&quot;:&quot;https:\\\/\\\/bodegaoutdoor.cl\\\/store\\\/wp-content\\\/uploads\\\/2020\\\/08\\\/azul-1-300x300.jpg&quot;,&quot;thumb_src_w&quot;:300,&quot;thumb_src_h&quot;:300,&quot;src_w&quot;:510,&quot;src_h&quot;:510},&quot;image_id&quot;:20280,&quot;is_downloadable&quot;:false,&quot;is_in_stock&quot;:true,&quot;is_purchasable&quot;:true,&quot;is_sold_individually&quot;:&quot;no&quot;,&quot;is_virtual&quot;:false,&quot;max_qty&quot;:93,&quot;min_qty&quot;:1,&quot;price_html&quot;:&quot;&quot;,&quot;sku&quot;:&quot;&quot;,&quot;variation_description&quot;:&quot;&quot;,&quot;variation_id&quot;:11787,&quot;variation_is_active&quot;:true,&quot;variation_is_visible&quot;:true,&quot;weight&quot;:&quot;&quot;,&quot;weight_html&quot;:&quot;N\\\/D&quot;},{&quot;attributes&quot;:{&quot;attribute_pa_color&quot;:&quot;gris&quot;,&quot;attribute_pa_f294abc323c8581b087d9a&quot;:&quot;xl&quot;},&quot;availability_html&quot;:&quot;&lt;p class=\\&quot;stock in-stock\\&quot;&gt;98 disponibles&lt;\\\/p&gt;\\n&quot;,&quot;backorders_allowed&quot;:false,&quot;dimensions&quot;:{&quot;length&quot;:&quot;&quot;,&quot;width&quot;:&quot;&quot;,&quot;height&quot;:&quot;&quot;},&quot;dimensions_html&quot;:&quot;N\\\/D&quot;,&quot;display_price&quot;:29990,&quot;display_regular_price&quot;:39990,&quot;gallery_image_ids&quot;:[],&quot;gallery_images_html&quot;:&quot;&quot;,&quot;image&quot;:{&quot;title&quot;:&quot;gris&quot;,&quot;caption&quot;:&quot;&quot;,&quot;url&quot;:&quot;https:\\\/\\\/bodegaoutdoor.cl\\\/store\\\/wp-content\\\/uploads\\\/2020\\\/08\\\/gris-2.jpg&quot;,&quot;alt&quot;:&quot;gris&quot;,&quot;src&quot;:&quot;https:\\\/\\\/bodegaoutdoor.cl\\\/store\\\/wp-content\\\/uploads\\\/2020\\\/08\\\/gris-2.jpg&quot;,&quot;srcset&quot;:&quot;https:\\\/\\\/bodegaoutdoor.cl\\\/store\\\/wp-content\\\/uploads\\\/2020\\\/08\\\/gris-2.jpg 510w, https:\\\/\\\/bodegaoutdoor.cl\\\/store\\\/wp-content\\\/uploads\\\/2020\\\/08\\\/gris-2-300x300.jpg 300w, https:\\\/\\\/bodegaoutdoor.cl\\\/store\\\/wp-content\\\/uploads\\\/2020\\\/08\\\/gris-2-100x100.jpg 100w, https:\\\/\\\/bodegaoutdoor.cl\\\/store\\\/wp-content\\\/uploads\\\/2020\\\/08\\\/gris-2-150x150.jpg 150w&quot;,&quot;sizes&quot;:&quot;(max-width: 510px) 100vw, 510px&quot;,&quot;full_src&quot;:&quot;https:\\\/\\\/bodegaoutdoor.cl\\\/store\\\/wp-content\\\/uploads\\\/2020\\\/08\\\/gris-2.jpg&quot;,&quot;full_src_w&quot;:510,&quot;full_src_h&quot;:510,&quot;gallery_thumbnail_src&quot;:&quot;https:\\\/\\\/bodegaoutdoor.cl\\\/store\\\/wp-content\\\/uploads\\\/2020\\\/08\\\/gris-2-100x100.jpg&quot;,&quot;gallery_thumbnail_src_w&quot;:100,&quot;gallery_thumbnail_src_h&quot;:100,&quot;thumb_src&quot;:&quot;https:\\\/\\\/bodegaoutdoor.cl\\\/store\\\/wp-content\\\/uploads\\\/2020\\\/08\\\/gris-2-300x300.jpg&quot;,&quot;thumb_src_w&quot;:300,&quot;thumb_src_h&quot;:300,&quot;src_w&quot;:510,&quot;src_h&quot;:510},&quot;image_id&quot;:46551,&quot;is_downloadable&quot;:false,&quot;is_in_stock&quot;:true,&quot;is_purchasable&quot;:true,&quot;is_sold_individually&quot;:&quot;no&quot;,&quot;is_virtual&quot;:false,&quot;max_qty&quot;:98,&quot;min_qty&quot;:1,&quot;price_html&quot;:&quot;&quot;,&quot;sku&quot;:&quot;&quot;,&quot;variation_description&quot;:&quot;&quot;,&quot;variation_id&quot;:11789,&quot;variation_is_active&quot;:true,&quot;variation_is_visible&quot;:true,&quot;weight&quot;:&quot;&quot;,&quot;weight_html&quot;:&quot;N\\\/D&quot;},{&quot;attributes&quot;:{&quot;attribute_pa_color&quot;:&quot;gris&quot;,&quot;attribute_pa_f294abc323c8581b087d9a&quot;:&quot;xxl&quot;},&quot;availability_html&quot;:&quot;&lt;p class=\\&quot;stock in-stock\\&quot;&gt;97 disponibles&lt;\\\/p&gt;\\n&quot;,&quot;backorders_allowed&quot;:false,&quot;dimensions&quot;:{&quot;length&quot;:&quot;&quot;,&quot;width&quot;:&quot;&quot;,&quot;height&quot;:&quot;&quot;},&quot;dimensions_html&quot;:&quot;N\\\/D&quot;,&quot;display_price&quot;:29990,&quot;display_regular_price&quot;:39990,&quot;gallery_image_ids&quot;:[],&quot;gallery_images_html&quot;:&quot;&quot;,&quot;image&quot;:{&quot;title&quot;:&quot;gris&quot;,&quot;caption&quot;:&quot;&quot;,&quot;url&quot;:&quot;https:\\\/\\\/bodegaoutdoor.cl\\\/store\\\/wp-content\\\/uploads\\\/2020\\\/08\\\/gris-1.jpg&quot;,&quot;alt&quot;:&quot;gris&quot;,&quot;src&quot;:&quot;https:\\\/\\\/bodegaoutdoor.cl\\\/store\\\/wp-content\\\/uploads\\\/2020\\\/08\\\/gris-1.jpg&quot;,&quot;srcset&quot;:&quot;https:\\\/\\\/bodegaoutdoor.cl\\\/store\\\/wp-content\\\/uploads\\\/2020\\\/08\\\/gris-1.jpg 510w, https:\\\/\\\/bodegaoutdoor.cl\\\/store\\\/wp-content\\\/uploads\\\/2020\\\/08\\\/gris-1-300x300.jpg 300w, https:\\\/\\\/bodegaoutdoor.cl\\\/store\\\/wp-content\\\/uploads\\\/2020\\\/08\\\/gris-1-100x100.jpg 100w, https:\\\/\\\/bodegaoutdoor.cl\\\/store\\\/wp-content\\\/uploads\\\/2020\\\/08\\\/gris-1-150x150.jpg 150w&quot;,&quot;sizes&quot;:&quot;(max-width: 510px) 100vw, 510px&quot;,&quot;full_src&quot;:&quot;https:\\\/\\\/bodegaoutdoor.cl\\\/store\\\/wp-content\\\/uploads\\\/2020\\\/08\\\/gris-1.jpg&quot;,&quot;full_src_w&quot;:510,&quot;full_src_h&quot;:510,&quot;gallery_thumbnail_src&quot;:&quot;https:\\\/\\\/bodegaoutdoor.cl\\\/store\\\/wp-content\\\/uploads\\\/2020\\\/08\\\/gris-1-100x100.jpg&quot;,&quot;gallery_thumbnail_src_w&quot;:100,&quot;gallery_thumbnail_src_h&quot;:100,&quot;thumb_src&quot;:&quot;https:\\\/\\\/bodegaoutdoor.cl\\\/store\\\/wp-content\\\/uploads\\\/2020\\\/08\\\/gris-1-300x300.jpg&quot;,&quot;thumb_src_w&quot;:300,&quot;thumb_src_h&quot;:300,&quot;src_w&quot;:510,&quot;src_h&quot;:510},&quot;image_id&quot;:20281,&quot;is_downloadable&quot;:false,&quot;is_in_stock&quot;:true,&quot;is_purchasable&quot;:true,&quot;is_sold_individually&quot;:&quot;no&quot;,&quot;is_virtual&quot;:false,&quot;max_qty&quot;:97,&quot;min_qty&quot;:1,&quot;price_html&quot;:&quot;&quot;,&quot;sku&quot;:&quot;&quot;,&quot;variation_description&quot;:&quot;&quot;,&quot;variation_id&quot;:11790,&quot;variation_is_active&quot;:true,&quot;variation_is_visible&quot;:true,&quot;weight&quot;:&quot;&quot;,&quot;weight_html&quot;:&quot;N\\\/D&quot;}]\">\r\n            \r\n                            <table class=\"variations\" cellspacing=\"0\">\r\n                    <tbody>\r\n\r\n                    \r\n                                                <tr>\r\n                            <td class=\"label\"><label for=\"pa_color\">color<\/label><\/td>\r\n                            <td class=\"value\">\r\n                                <div class=\"adsw-attribute-option\"><span class=\"meta-item-img sku-set \" data-value=\"azul\" data-image_id=\"20283\" title=\"Azul\"><i  style=\"width: 50px; height: 50px;\"><img loading=\"lazy\" decoding=\"async\" width=\"100\" height=\"100\" src=\"https:\/\/bodegaoutdoor.cl\/store\/wp-content\/uploads\/2020\/08\/negro-1-100x100.jpg\" class=\"attachment-shop_thumbnail size-shop_thumbnail\" alt=\"Azul\" title=\"Azul\" style=\"\" srcset=\"https:\/\/bodegaoutdoor.cl\/store\/wp-content\/uploads\/2020\/08\/negro-1-100x100.jpg 100w, https:\/\/bodegaoutdoor.cl\/store\/wp-content\/uploads\/2020\/08\/negro-1-300x300.jpg 300w, https:\/\/bodegaoutdoor.cl\/store\/wp-content\/uploads\/2020\/08\/negro-1-150x150.jpg 150w, https:\/\/bodegaoutdoor.cl\/store\/wp-content\/uploads\/2020\/08\/negro-1.jpg 510w\" sizes=\"(max-width: 100px) 100vw, 100px\" \/><\/i><\/span><span class=\"meta-item-img sku-set \" data-value=\"gris\" data-image_id=\"20281\" title=\"Gris\"><i  style=\"width: 50px; height: 50px;\"><img loading=\"lazy\" decoding=\"async\" width=\"100\" height=\"100\" src=\"https:\/\/bodegaoutdoor.cl\/store\/wp-content\/uploads\/2020\/08\/gris-1-100x100.jpg\" class=\"attachment-shop_thumbnail size-shop_thumbnail\" alt=\"Gris\" title=\"Gris\" style=\"\" srcset=\"https:\/\/bodegaoutdoor.cl\/store\/wp-content\/uploads\/2020\/08\/gris-1-100x100.jpg 100w, https:\/\/bodegaoutdoor.cl\/store\/wp-content\/uploads\/2020\/08\/gris-1-300x300.jpg 300w, https:\/\/bodegaoutdoor.cl\/store\/wp-content\/uploads\/2020\/08\/gris-1-150x150.jpg 150w, https:\/\/bodegaoutdoor.cl\/store\/wp-content\/uploads\/2020\/08\/gris-1.jpg 510w\" sizes=\"(max-width: 100px) 100vw, 100px\" \/><\/i><\/span><span class=\"meta-item-img sku-set active\" data-value=\"negro\" data-image_id=\"20285\" title=\"Negro\"><i  style=\"width: 50px; height: 50px;\"><img loading=\"lazy\" decoding=\"async\" width=\"100\" height=\"100\" src=\"https:\/\/bodegaoutdoor.cl\/store\/wp-content\/uploads\/2020\/08\/NEGRO2-2-510x510-2-100x100.jpg\" class=\"attachment-shop_thumbnail size-shop_thumbnail\" alt=\"Negro\" title=\"Negro\" style=\"\" srcset=\"https:\/\/bodegaoutdoor.cl\/store\/wp-content\/uploads\/2020\/08\/NEGRO2-2-510x510-2-100x100.jpg 100w, https:\/\/bodegaoutdoor.cl\/store\/wp-content\/uploads\/2020\/08\/NEGRO2-2-510x510-2-300x300.jpg 300w, https:\/\/bodegaoutdoor.cl\/store\/wp-content\/uploads\/2020\/08\/NEGRO2-2-510x510-2-150x150.jpg 150w, https:\/\/bodegaoutdoor.cl\/store\/wp-content\/uploads\/2020\/08\/NEGRO2-2-510x510-2.jpg 510w\" sizes=\"(max-width: 100px) 100vw, 100px\" \/><\/i><\/span><\/div><select id=\"pa_color\" class=\"\" name=\"attribute_pa_color\" data-attribute_name=\"attribute_pa_color\" style=\"display:none\"><option value=\"\">Elige una opci\u00f3n<\/option><option value=\"azul\" >Azul<\/option><option value=\"gris\" >Gris<\/option><option value=\"negro\" selected=\"selected\">Negro<\/option><\/select>                            <\/td>\r\n                        <\/tr>\r\n                    \r\n                                                <tr>\r\n                            <td class=\"label\"><label for=\"pa_f294abc323c8581b087d9a\">Tama\u00f1o<\/label><\/td>\r\n                            <td class=\"value\">\r\n                                <div class=\"adsw-attribute-option\"><span class=\"meta-item-text sku-set \" data-value=\"l\">L<\/span><span class=\"meta-item-text sku-set \" data-value=\"m\">M<\/span><span class=\"meta-item-text sku-set \" data-value=\"s\">S<\/span><span class=\"meta-item-text sku-set \" data-value=\"xl\">XL<\/span><span class=\"meta-item-text sku-set active\" data-value=\"xxl\">XXL<\/span><\/div><select id=\"pa_f294abc323c8581b087d9a\" class=\"\" name=\"attribute_pa_f294abc323c8581b087d9a\" data-attribute_name=\"attribute_pa_f294abc323c8581b087d9a\" style=\"display:none\"><option value=\"\">Elige una opci\u00f3n<\/option><option value=\"l\" >L<\/option><option value=\"m\" >M<\/option><option value=\"s\" >S<\/option><option value=\"xl\" >XL<\/option><option value=\"xxl\" selected=\"selected\">XXL<\/option><\/select><a class=\"reset_variations\" href=\"#\">Limpiar<\/a>                            <\/td>\r\n                        <\/tr>\r\n                                        <\/tbody>\r\n                <\/table>\r\n\r\n                <div class=\"single_variation_wrap\">\r\n                    <div class=\"woocommerce-variation single_variation\" role=\"alert\" aria-relevant=\"additions\"><\/div><div class=\"woocommerce-variation-add-to-cart variations_button\">\n\t\n\t<div class=\"quantity\">\n\t\t<input type=\"button\" value=\"-\" class=\"minus\" \/>\n\t<label class=\"screen-reader-text\" for=\"quantity_6a9b596348777\">Pantal\u00f3n T\u00e9rmico Softshell +  Polar  Waterproof Hombre quantity<\/label>\n\t<input\n\t\ttype=\"number\"\n\t\t\t\tid=\"quantity_6a9b596348777\"\n\t\tclass=\"input-text qty text\"\n\t\tname=\"quantity\"\n\t\tvalue=\"1\"\n\t\taria-label=\"Qty\"\n\t\t\t\tmin=\"1\"\n\t\t\t\t\t\t\tstep=\"1\"\n\t\t\tplaceholder=\"\"\n\t\t\tinputmode=\"numeric\"\n\t\t\tautocomplete=\"off\"\n\t\t\t\/>\n\t<input type=\"button\" value=\"+\" class=\"plus\" \/>\n\t<\/div>\n\n\t<button type=\"submit\" class=\"single_add_to_cart_button button alt\">Agregar al carrito<\/button>\n\n\t\n\t<input type=\"hidden\" name=\"add-to-cart\" value=\"11773\" \/>\n\t<input type=\"hidden\" name=\"product_id\" value=\"11773\" \/>\n\t<input type=\"hidden\" name=\"variation_id\" class=\"variation_id\" value=\"0\" \/>\n<\/div>\n                <\/div>\r\n            \r\n                    <\/form>\r\n\r\n        \n<div\n\tclass=\"yith-wcwl-add-to-wishlist add-to-wishlist-11773 yith-wcwl-add-to-wishlist--link-style wishlist-fragment on-first-load\"\n\tdata-fragment-ref=\"11773\"\n\tdata-fragment-options=\"{&quot;base_url&quot;:&quot;&quot;,&quot;product_id&quot;:11773,&quot;parent_product_id&quot;:0,&quot;product_type&quot;:&quot;variable&quot;,&quot;is_single&quot;:false,&quot;in_default_wishlist&quot;:false,&quot;show_view&quot;:false,&quot;browse_wishlist_text&quot;:&quot;Lista Deseos&quot;,&quot;already_in_wishslist_text&quot;:&quot;The producto esta Agregado!&quot;,&quot;product_added_text&quot;:&quot;Producto Agregado!&quot;,&quot;available_multi_wishlist&quot;:false,&quot;disable_wishlist&quot;:false,&quot;show_count&quot;:false,&quot;ajax_loading&quot;:false,&quot;loop_position&quot;:&quot;after_add_to_cart&quot;,&quot;item&quot;:&quot;add_to_wishlist&quot;}\"\n>\n\t\t\t\n\t\t\t<!-- ADD TO WISHLIST -->\n\t\t\t\n<div class=\"yith-wcwl-add-button\">\n\t\t<a\n\t\thref=\"?add_to_wishlist=11773&#038;_wpnonce=98056c7fc2\"\n\t\tclass=\"add_to_wishlist single_add_to_wishlist\"\n\t\tdata-product-id=\"11773\"\n\t\tdata-product-type=\"variable\"\n\t\tdata-original-product-id=\"0\"\n\t\tdata-title=\"Lista Deseos\"\n\t\trel=\"nofollow\"\n\t>\n\t\t<svg id=\"yith-wcwl-icon-heart-outline\" class=\"yith-wcwl-icon-svg\" fill=\"none\" stroke-width=\"1.5\" stroke=\"currentColor\" viewbox=\"0 0 24 24\" xmlns=\"http:\/\/www.w3.org\/2000\/svg\">\n  <path stroke-linecap=\"round\" stroke-linejoin=\"round\" d=\"M21 8.25c0-2.485-2.099-4.5-4.688-4.5-1.935 0-3.597 1.126-4.312 2.733-.715-1.607-2.377-2.733-4.313-2.733C5.1 3.75 3 5.765 3 8.25c0 7.22 9 12 9 12s9-4.78 9-12Z\"><\/path>\n<\/svg>\t\t<span>Lista Deseos<\/span>\n\t<\/a>\n<\/div>\n\n\t\t\t<!-- COUNT TEXT -->\n\t\t\t\n\t\t\t<\/div>\n                        <\/div>\n                    <\/div>\n                <\/div>\n            <\/div>\n        <\/div>\n    <\/div>\n<\/div><!-- end quickView --><!-- end today gadget section -->                           <\/div>\n        <\/div>\n        \t\t\t\t<\/div>\n\t\t\t\t<\/div>\n\t\t\t\t\t<\/div>\n\t\t<\/div>\n\t\t\t\t\t<\/div>\n\t\t<\/div>\n\t\t\t\t<section class=\"elementor-section elementor-top-section elementor-element elementor-element-0966502 elementor-section-boxed elementor-section-height-default elementor-section-height-default\" data-id=\"0966502\" data-element_type=\"section\" data-e-type=\"section\">\n\t\t\t\t\t\t<div class=\"elementor-container elementor-column-gap-default\">\n\t\t\t\t\t<div class=\"elementor-column elementor-col-100 elementor-top-column elementor-element elementor-element-6369a61\" data-id=\"6369a61\" data-element_type=\"column\" data-e-type=\"column\">\n\t\t\t<div class=\"elementor-widget-wrap elementor-element-populated\">\n\t\t\t\t\t\t<div class=\"elementor-element elementor-element-f04866e elementor-widget-divider--view-line elementor-widget elementor-widget-divider\" data-id=\"f04866e\" data-element_type=\"widget\" data-e-type=\"widget\" data-widget_type=\"divider.default\">\n\t\t\t\t<div class=\"elementor-widget-container\">\n\t\t\t\t\t\t\t<div class=\"elementor-divider\">\n\t\t\t<span class=\"elementor-divider-separator\">\n\t\t\t\t\t\t<\/span>\n\t\t<\/div>\n\t\t\t\t\t\t<\/div>\n\t\t\t\t<\/div>\n\t\t\t\t\t<\/div>\n\t\t<\/div>\n\t\t\t\t\t<\/div>\n\t\t<\/section>\n\t\t\t\t<section class=\"elementor-section elementor-top-section elementor-element elementor-element-ec93d68 elementor-section-boxed elementor-section-height-default elementor-section-height-default\" data-id=\"ec93d68\" data-element_type=\"section\" data-e-type=\"section\">\n\t\t\t\t\t\t<div class=\"elementor-container elementor-column-gap-default\">\n\t\t\t\t\t<div class=\"elementor-column elementor-col-50 elementor-top-column elementor-element elementor-element-fb34f0a\" data-id=\"fb34f0a\" data-element_type=\"column\" data-e-type=\"column\">\n\t\t\t<div class=\"elementor-widget-wrap elementor-element-populated\">\n\t\t\t\t\t\t<div class=\"elementor-element elementor-element-b8d0958 elementor-widget elementor-widget-facebook-embed\" data-id=\"b8d0958\" data-element_type=\"widget\" data-e-type=\"widget\" data-widget_type=\"facebook-embed.default\">\n\t\t\t\t<div class=\"elementor-widget-container\">\n\t\t\t\t\t<div style=\"min-height: 1px\" class=\"elementor-facebook-widget fb-video\" data-href=\"https:\/\/www.facebook.com\/Bodegaoutdoor\/videos\/1014571912569691\" data-show-text=\"false\" data-allowfullscreen=\"false\" data-autoplay=\"false\" data-show-captions=\"false\"><\/div>\t\t\t\t<\/div>\n\t\t\t\t<\/div>\n\t\t\t\t\t<\/div>\n\t\t<\/div>\n\t\t\t\t<div class=\"elementor-column elementor-col-50 elementor-top-column elementor-element elementor-element-ef1e3f8\" data-id=\"ef1e3f8\" data-element_type=\"column\" data-e-type=\"column\">\n\t\t\t<div class=\"elementor-widget-wrap elementor-element-populated\">\n\t\t\t\t\t\t<div class=\"elementor-element elementor-element-5719fee elementor-widget elementor-widget-facebook-page\" data-id=\"5719fee\" data-element_type=\"widget\" data-e-type=\"widget\" data-widget_type=\"facebook-page.default\">\n\t\t\t\t<div class=\"elementor-widget-container\">\n\t\t\t\t\t<div class=\"elementor-facebook-widget fb-page\" data-href=\"https:\/\/www.facebook.com\/Bodegaoutdoor\" data-tabs=\"timeline,messages\" data-height=\"550px\" data-width=\"500px\" data-small-header=\"false\" data-hide-cover=\"false\" data-show-facepile=\"true\" data-hide-cta=\"false\" style=\"min-height: 1px;height:550px\"><\/div>\t\t\t\t<\/div>\n\t\t\t\t<\/div>\n\t\t\t\t\t<\/div>\n\t\t<\/div>\n\t\t\t\t\t<\/div>\n\t\t<\/section>\n\t\t\t\t<\/div>\n\t\t\n    <div class=\"xs_social_share_widget xs_share_url after_content \t\tmain_content  wslu-style-1 wslu-share-box-shaped wslu-fill-colored wslu-none wslu-share-horizontal wslu-theme-font-no wslu-main_content\">\n\n\t\t\n        <ul>\n\t\t\t        <\/ul>\n    <\/div> \n","protected":false},"excerpt":{"rendered":"<p>Reloj InteligenteComprar$19.990ComprarSmartwatchOutdoor SportComprar Previous Next DESPACHO GRATIS Mochila Molle 65 litros Asalto $49,990 Bolso rpoMochila de gran capacidad para hombre, bolsa de viaje para monta\u00f1ismo, equipaje masculino, bolso de hombro, Cubo de lona $29,990 &ndash; $39,990 Already Sold:863 Available:23883 UNDER ARMOUR-Botas de camuflaje para hombre, zapatos de entrenamiento al aire libre, antideslizantes, resistentes al desgaste, [&hellip;]<\/p>\n","protected":false},"author":1,"featured_media":0,"parent":0,"menu_order":0,"comment_status":"closed","ping_status":"closed","template":"elementor_header_footer","meta":{"footnotes":""},"class_list":["post-259","page","type-page","status-publish","hentry"],"jetpack_sharing_enabled":true,"_links":{"self":[{"href":"https:\/\/bodegaoutdoor.cl\/store\/wp-json\/wp\/v2\/pages\/259","targetHints":{"allow":["GET"]}}],"collection":[{"href":"https:\/\/bodegaoutdoor.cl\/store\/wp-json\/wp\/v2\/pages"}],"about":[{"href":"https:\/\/bodegaoutdoor.cl\/store\/wp-json\/wp\/v2\/types\/page"}],"author":[{"embeddable":true,"href":"https:\/\/bodegaoutdoor.cl\/store\/wp-json\/wp\/v2\/users\/1"}],"replies":[{"embeddable":true,"href":"https:\/\/bodegaoutdoor.cl\/store\/wp-json\/wp\/v2\/comments?post=259"}],"version-history":[{"count":224,"href":"https:\/\/bodegaoutdoor.cl\/store\/wp-json\/wp\/v2\/pages\/259\/revisions"}],"predecessor-version":[{"id":60648,"href":"https:\/\/bodegaoutdoor.cl\/store\/wp-json\/wp\/v2\/pages\/259\/revisions\/60648"}],"wp:attachment":[{"href":"https:\/\/bodegaoutdoor.cl\/store\/wp-json\/wp\/v2\/media?parent=259"}],"curies":[{"name":"wp","href":"https:\/\/api.w.org\/{rel}","templated":true}]}}