{"id":439,"date":"2018-04-25T09:53:10","date_gmt":"2018-04-25T09:53:10","guid":{"rendered":"https:\/\/bodegaoutdoor.cl\/store\/?page_id=439"},"modified":"2018-07-13T09:10:54","modified_gmt":"2018-07-13T09:10:54","slug":"home-03","status":"publish","type":"page","link":"https:\/\/bodegaoutdoor.cl\/store\/home-03\/","title":{"rendered":"Home 03"},"content":{"rendered":"\t\t<div data-elementor-type=\"wp-post\" data-elementor-id=\"439\" class=\"elementor elementor-439 elementor-bc-flex-widget\">\n\t\t\t\t\t\t<section class=\"elementor-section elementor-top-section elementor-element elementor-element-6b30d73 elementor-section-full_width elementor-section-height-default elementor-section-height-default\" data-id=\"6b30d73\" data-element_type=\"section\" data-e-type=\"section\">\n\t\t\t\t\t\t<div class=\"elementor-container elementor-column-gap-no\">\n\t\t\t\t\t<div class=\"elementor-column elementor-col-100 elementor-top-column elementor-element elementor-element-432fd44\" data-id=\"432fd44\" data-element_type=\"column\" data-e-type=\"column\">\n\t\t\t<div class=\"elementor-widget-wrap elementor-element-populated\">\n\t\t\t\t\t\t<div class=\"elementor-element elementor-element-947744d elementor-widget elementor-widget-shortcode\" data-id=\"947744d\" data-element_type=\"widget\" data-e-type=\"widget\" data-widget_type=\"shortcode.default\">\n\t\t\t\t<div class=\"elementor-widget-container\">\n\t\t\t\t\t\t\t<div class=\"elementor-shortcode\">[rev_slider alias=\"home-slider-3\"]<\/div>\n\t\t\t\t\t\t<\/div>\n\t\t\t\t<\/div>\n\t\t\t\t\t<\/div>\n\t\t<\/div>\n\t\t\t\t\t<\/div>\n\t\t<\/section>\n\t\t\t\t<section class=\"elementor-section elementor-top-section elementor-element elementor-element-68a0 elementor-section-boxed elementor-section-height-default elementor-section-height-default\" data-id=\"68a0\" data-element_type=\"section\" data-e-type=\"section\" data-settings=\"{&quot;background_background&quot;:&quot;classic&quot;}\">\n\t\t\t\t\t\t<div class=\"elementor-container elementor-column-gap-default\">\n\t\t\t\t\t<div class=\"elementor-column elementor-col-100 elementor-top-column elementor-element elementor-element-4da3\" data-id=\"4da3\" data-element_type=\"column\" data-e-type=\"column\">\n\t\t\t<div class=\"elementor-widget-wrap elementor-element-populated\">\n\t\t\t\t\t\t<section class=\"elementor-section elementor-inner-section elementor-element elementor-element-68d2 elementor-section-boxed elementor-section-height-default elementor-section-height-default\" data-id=\"68d2\" data-element_type=\"section\" data-e-type=\"section\">\n\t\t\t\t\t\t<div class=\"elementor-container elementor-column-gap-default\">\n\t\t\t\t\t<div class=\"elementor-column elementor-col-100 elementor-inner-column elementor-element elementor-element-475d\" data-id=\"475d\" data-element_type=\"column\" data-e-type=\"column\">\n\t\t\t<div class=\"elementor-widget-wrap elementor-element-populated\">\n\t\t\t\t\t\t<div class=\"elementor-element elementor-element-2d34 elementor-widget elementor-widget-xs-woo-product\" data-id=\"2d34\" data-element_type=\"widget\" data-e-type=\"widget\" data-widget_type=\"xs-woo-product.default\">\n\t\t\t\t<div class=\"elementor-widget-container\">\n\t\t\t\t\t<\/div>\t\t\t\t<\/div>\n\t\t\t\t<\/div>\n\t\t\t\t\t<\/div>\n\t\t<\/div>\n\t\t\t\t\t<\/div>\n\t\t<\/section>\n\t\t\t\t\t<\/div>\n\t\t<\/div>\n\t\t\t\t\t<\/div>\n\t\t<\/section>\n\t\t\t\t<section class=\"elementor-section elementor-top-section elementor-element elementor-element-515 elementor-section-boxed elementor-section-height-default elementor-section-height-default\" data-id=\"515\" data-element_type=\"section\" data-e-type=\"section\" data-settings=\"{&quot;background_background&quot;:&quot;classic&quot;}\">\n\t\t\t\t\t\t<div class=\"elementor-container elementor-column-gap-default\">\n\t\t\t\t\t<div class=\"elementor-column elementor-col-50 elementor-top-column elementor-element elementor-element-401e\" data-id=\"401e\" data-element_type=\"column\" data-e-type=\"column\">\n\t\t\t<div class=\"elementor-widget-wrap elementor-element-populated\">\n\t\t\t\t\t\t<div class=\"elementor-element elementor-element-a86f9d2 elementor-widget elementor-widget-xs-woo-carousel\" data-id=\"a86f9d2\" data-element_type=\"widget\" data-e-type=\"widget\" data-widget_type=\"xs-woo-carousel.default\">\n\t\t\t\t<div class=\"elementor-widget-container\">\n\t\t\t\t\t<div class=\"xs-content-header background-version\">\n    <h2 class=\"xs-content-title\">Deals of the week<\/h2>\n    <div class=\"customNavigation xs-custom-nav\">\n        <div class=\"tab2-button-prev swiper-prev-a86f9d2\">\n           <i class=\"xsicon xsicon-angle-left\"><\/i>\n       <\/div>\n       <div class=\"tab2-button-next swiper-next-a86f9d2\">\n           <i class=\"xsicon xsicon-angle-right\"><\/i>\n       <\/div>\n    <\/div>\n    <div class=\"clearfix\"><\/div>\n<\/div>\n<div class=\"xs-deal-of-the-week swiper\" data-controls=\"{&quot;widget_id&quot;:&quot;a86f9d2&quot;}\">\n    <div class=\"swiper-wrapper\">\n                    <\/div>\n<\/div>    \t\t\t\t<\/div>\n\t\t\t\t<\/div>\n\t\t\t\t\t<\/div>\n\t\t<\/div>\n\t\t\t\t<div class=\"elementor-column elementor-col-50 elementor-top-column elementor-element elementor-element-6ecc\" data-id=\"6ecc\" data-element_type=\"column\" data-e-type=\"column\">\n\t\t\t<div class=\"elementor-widget-wrap elementor-element-populated\">\n\t\t\t\t\t\t<div class=\"elementor-element elementor-element-20ff elementor-widget elementor-widget-xs-woo-tab\" data-id=\"20ff\" data-element_type=\"widget\" data-e-type=\"widget\" data-widget_type=\"xs-woo-tab.default\">\n\t\t\t\t<div class=\"elementor-widget-container\">\n\t\t\t\t\t<div class=\"xs-content-header\">\n    <h2 class=\"xs-content-title\">Daily Deals! Get our best prices.<\/h2>\n                    <ul class=\"nav nav-tabs xs-nav-tab\">\n                                    <li class=\"nav-item\">\n                <a class=\"nav-link active\"  data-toggle=\"tab\" href=\"#xs-tabs-58424-0\">30%<\/a>\n            <\/li>\n                                    <li class=\"nav-item\">\n                <a class=\"nav-link \"  data-toggle=\"tab\" href=\"#xs-tabs-58424-1\">70%<\/a>\n            <\/li>\n                                    <li class=\"nav-item\">\n                <a class=\"nav-link \"  data-toggle=\"tab\" href=\"#xs-tabs-58424-2\">45%<\/a>\n            <\/li>\n                    <\/ul>\n        <div class=\"clearfix\"><\/div>\n<\/div>\n<div class=\"tab-content\">\n                        <div class=\"tab-pane fade show active\" id=\"xs-tabs-58424-0\">\n            <div class=\"row no-gutters xs-product-main-wrapre\">\n                            <\/div>\n        <\/div>\n                    <div class=\"tab-pane fade \" id=\"xs-tabs-58424-1\">\n            <div class=\"row no-gutters xs-product-main-wrapre\">\n                            <\/div>\n        <\/div>\n                    <div class=\"tab-pane fade \" id=\"xs-tabs-58424-2\">\n            <div class=\"row no-gutters xs-product-main-wrapre\">\n                                        <div class=\"col-md-4\">\n                            <div class=\"xs-product-wraper version-4 tab-style1\">\n                                <div class=\"xs-product-header media xs-wishlist d-none woocommerce\">\n                                    \n                                                                    <\/div>\n                                                                <a class=\"xs_product_img_link\" href=\"https:\/\/bodegaoutdoor.cl\/store\/product\/cinturon-corrector-postura-espalda-ajustable-clavicula-columna-vertebral-correccion-postura-lumbar\/\">\n                                     <img decoding=\"async\" width=\"170\" height=\"170\" src=\"https:\/\/bodegaoutdoor.cl\/store\/wp-content\/uploads\/2020\/12\/22093-eq17cf.jpg\" class=\"attachment-185x170 size-185x170\" alt=\"Cintur\u00f3n Corrector postura espalda ajustable clav\u00edcula columna vertebral correcci\u00f3n postura Lumbar\" srcset=\"https:\/\/bodegaoutdoor.cl\/store\/wp-content\/uploads\/2020\/12\/22093-eq17cf.jpg 800w, https:\/\/bodegaoutdoor.cl\/store\/wp-content\/uploads\/2020\/12\/22093-eq17cf-300x300.jpg 300w, https:\/\/bodegaoutdoor.cl\/store\/wp-content\/uploads\/2020\/12\/22093-eq17cf-100x100.jpg 100w, https:\/\/bodegaoutdoor.cl\/store\/wp-content\/uploads\/2020\/12\/22093-eq17cf-600x600.jpg 600w, https:\/\/bodegaoutdoor.cl\/store\/wp-content\/uploads\/2020\/12\/22093-eq17cf-150x150.jpg 150w, https:\/\/bodegaoutdoor.cl\/store\/wp-content\/uploads\/2020\/12\/22093-eq17cf-768x768.jpg 768w\" sizes=\"(max-width: 170px) 100vw, 170px\" \/>                                <\/a>\n                                                                <a class=\"product-title\" href=\"https:\/\/bodegaoutdoor.cl\/store\/product\/cinturon-corrector-postura-espalda-ajustable-clavicula-columna-vertebral-correccion-postura-lumbar\/\">Cintur\u00f3n Corrector postura espalda ajustable clav\u00edcula columna vertebral correcci\u00f3n postura Lumbar<\/a>\n                                <span class=\"price\">\n                                    <del aria-hidden=\"true\"><span class=\"woocommerce-Price-amount amount\"><bdi><span class=\"woocommerce-Price-currencySymbol\" translate=\"no\">$<\/span>29,990<\/bdi><\/span><\/del> <span class=\"screen-reader-text\">El precio original era: $29,990.<\/span><ins aria-hidden=\"true\"><span class=\"woocommerce-Price-amount amount\"><bdi><span class=\"woocommerce-Price-currencySymbol\" translate=\"no\">$<\/span>17,990<\/bdi><\/span><\/ins><span class=\"screen-reader-text\">El precio actual es: $17,990.<\/span>                                <\/span>\n                            <\/div>\n                        <\/div>\n                                        <div class=\"col-md-4\">\n                            <div class=\"xs-product-wraper version-4 tab-style1\">\n                                <div class=\"xs-product-header media xs-wishlist d-none woocommerce\">\n                                    \n                                                                    <\/div>\n                                                                <a class=\"xs_product_img_link\" href=\"https:\/\/bodegaoutdoor.cl\/store\/product\/lentes-polarizados-vintage-driving-travel-fishing-classic-outdoor\/\">\n                                     <img decoding=\"async\" width=\"170\" height=\"170\" src=\"https:\/\/bodegaoutdoor.cl\/store\/wp-content\/uploads\/2021\/02\/29480-17w8xd.jpg\" class=\"attachment-185x170 size-185x170\" alt=\"Lentes Polarizados Vintage Driving Travel Fishing Classic Outdoor\" srcset=\"https:\/\/bodegaoutdoor.cl\/store\/wp-content\/uploads\/2021\/02\/29480-17w8xd.jpg 800w, https:\/\/bodegaoutdoor.cl\/store\/wp-content\/uploads\/2021\/02\/29480-17w8xd-300x300.jpg 300w, https:\/\/bodegaoutdoor.cl\/store\/wp-content\/uploads\/2021\/02\/29480-17w8xd-100x100.jpg 100w, https:\/\/bodegaoutdoor.cl\/store\/wp-content\/uploads\/2021\/02\/29480-17w8xd-600x600.jpg 600w, https:\/\/bodegaoutdoor.cl\/store\/wp-content\/uploads\/2021\/02\/29480-17w8xd-150x150.jpg 150w, https:\/\/bodegaoutdoor.cl\/store\/wp-content\/uploads\/2021\/02\/29480-17w8xd-768x768.jpg 768w\" sizes=\"(max-width: 170px) 100vw, 170px\" \/>                                <\/a>\n                                                                <a class=\"product-title\" href=\"https:\/\/bodegaoutdoor.cl\/store\/product\/lentes-polarizados-vintage-driving-travel-fishing-classic-outdoor\/\">Lentes Polarizados Vintage Driving Travel Fishing Classic Outdoor<\/a>\n                                <span class=\"price\">\n                                    <del aria-hidden=\"true\"><span class=\"woocommerce-Price-amount amount\"><bdi><span class=\"woocommerce-Price-currencySymbol\" translate=\"no\">$<\/span>14,990<\/bdi><\/span><\/del> <span class=\"screen-reader-text\">El precio original era: $14,990.<\/span><ins aria-hidden=\"true\"><span class=\"woocommerce-Price-amount amount\"><bdi><span class=\"woocommerce-Price-currencySymbol\" translate=\"no\">$<\/span>11,990<\/bdi><\/span><\/ins><span class=\"screen-reader-text\">El precio actual es: $11,990.<\/span>                                <\/span>\n                            <\/div>\n                        <\/div>\n                                        <div class=\"col-md-4\">\n                            <div class=\"xs-product-wraper version-4 tab-style1\">\n                                <div class=\"xs-product-header media xs-wishlist d-none woocommerce\">\n                                    \n                                                                    <\/div>\n                                                                <a class=\"xs_product_img_link\" href=\"https:\/\/bodegaoutdoor.cl\/store\/product\/lemfo-reloj-inteligente-iwo-14-pro-hw67-reloj-inteligente-hombre-llamada-bluetooth-nfc-imagen-de-la-esfera-personalizada-presion-arterial-frecuencia-cardiaca-reloj-inteligente-mujer-smartwatch-soporte\/\">\n                                     <img decoding=\"async\" width=\"170\" height=\"170\" src=\"https:\/\/bodegaoutdoor.cl\/store\/wp-content\/uploads\/2022\/06\/58305-5tjyqv.jpg\" class=\"attachment-185x170 size-185x170\" alt=\"Lemfo-reloj inteligente Iwo 14 Pro HW67 reloj inteligente hombre Llamada Bluetooth NFC Imagen de la esfera personalizada Presi\u00f3n arterial Frecuencia card\u00edaca reloj inteligente mujer smartwatch Soporte para  Android Ios\" srcset=\"https:\/\/bodegaoutdoor.cl\/store\/wp-content\/uploads\/2022\/06\/58305-5tjyqv.jpg 1200w, https:\/\/bodegaoutdoor.cl\/store\/wp-content\/uploads\/2022\/06\/58305-5tjyqv-300x300.jpg 300w, https:\/\/bodegaoutdoor.cl\/store\/wp-content\/uploads\/2022\/06\/58305-5tjyqv-100x100.jpg 100w, https:\/\/bodegaoutdoor.cl\/store\/wp-content\/uploads\/2022\/06\/58305-5tjyqv-600x600.jpg 600w, https:\/\/bodegaoutdoor.cl\/store\/wp-content\/uploads\/2022\/06\/58305-5tjyqv-150x150.jpg 150w, https:\/\/bodegaoutdoor.cl\/store\/wp-content\/uploads\/2022\/06\/58305-5tjyqv-768x768.jpg 768w\" sizes=\"(max-width: 170px) 100vw, 170px\" \/>                                <\/a>\n                                                                <a class=\"product-title\" href=\"https:\/\/bodegaoutdoor.cl\/store\/product\/lemfo-reloj-inteligente-iwo-14-pro-hw67-reloj-inteligente-hombre-llamada-bluetooth-nfc-imagen-de-la-esfera-personalizada-presion-arterial-frecuencia-cardiaca-reloj-inteligente-mujer-smartwatch-soporte\/\">Lemfo-reloj inteligente Iwo 14 Pro HW67 reloj inteligente hombre Llamada Bluetooth NFC Imagen de la esfera personalizada Presi\u00f3n arterial Frecuencia card\u00edaca reloj inteligente mujer smartwatch Soporte para  Android Ios<\/a>\n                                <span class=\"price\">\n                                    <span class=\"woocommerce-Price-amount amount\"><bdi><span class=\"woocommerce-Price-currencySymbol\" translate=\"no\">$<\/span>49,990<\/bdi><\/span>                                <\/span>\n                            <\/div>\n                        <\/div>\n                                        <div class=\"col-md-4\">\n                            <div class=\"xs-product-wraper version-4 tab-style1\">\n                                <div class=\"xs-product-header media xs-wishlist d-none woocommerce\">\n                                    \n                                                                    <\/div>\n                                                                <a class=\"xs_product_img_link\" href=\"https:\/\/bodegaoutdoor.cl\/store\/product\/gafas-para-ciclismo-para-motocicletas-lentes-para-correr-deportes-de-pesca-ciclismo\/\">\n                                     <img loading=\"lazy\" decoding=\"async\" width=\"170\" height=\"170\" src=\"https:\/\/bodegaoutdoor.cl\/store\/wp-content\/uploads\/2020\/11\/20963-o6ob61.jpg\" class=\"attachment-185x170 size-185x170\" alt=\"Gafas para ciclismo para motocicletas, Lentes para correr, deportes de pesca, ciclismo\" srcset=\"https:\/\/bodegaoutdoor.cl\/store\/wp-content\/uploads\/2020\/11\/20963-o6ob61.jpg 800w, https:\/\/bodegaoutdoor.cl\/store\/wp-content\/uploads\/2020\/11\/20963-o6ob61-300x300.jpg 300w, https:\/\/bodegaoutdoor.cl\/store\/wp-content\/uploads\/2020\/11\/20963-o6ob61-100x100.jpg 100w, https:\/\/bodegaoutdoor.cl\/store\/wp-content\/uploads\/2020\/11\/20963-o6ob61-600x600.jpg 600w, https:\/\/bodegaoutdoor.cl\/store\/wp-content\/uploads\/2020\/11\/20963-o6ob61-150x150.jpg 150w, https:\/\/bodegaoutdoor.cl\/store\/wp-content\/uploads\/2020\/11\/20963-o6ob61-768x768.jpg 768w\" sizes=\"(max-width: 170px) 100vw, 170px\" \/>                                <\/a>\n                                                                <a class=\"product-title\" href=\"https:\/\/bodegaoutdoor.cl\/store\/product\/gafas-para-ciclismo-para-motocicletas-lentes-para-correr-deportes-de-pesca-ciclismo\/\">Gafas para ciclismo para motocicletas, Lentes para correr, deportes de pesca, ciclismo<\/a>\n                                <span class=\"price\">\n                                    <span class=\"woocommerce-Price-amount amount\" aria-hidden=\"true\"><bdi><span class=\"woocommerce-Price-currencySymbol\" translate=\"no\">$<\/span>34,990<\/bdi><\/span> <span aria-hidden=\"true\">-<\/span> <span class=\"woocommerce-Price-amount amount\" aria-hidden=\"true\"><bdi><span class=\"woocommerce-Price-currencySymbol\" translate=\"no\">$<\/span>39,990<\/bdi><\/span><span class=\"screen-reader-text\">Rango de precios: desde $34,990 hasta $39,990<\/span>                                <\/span>\n                            <\/div>\n                        <\/div>\n                                        <div class=\"col-md-4\">\n                            <div class=\"xs-product-wraper version-4 tab-style1\">\n                                <div class=\"xs-product-header media xs-wishlist d-none woocommerce\">\n                                    \n                                                                    <\/div>\n                                                                <a class=\"xs_product_img_link\" href=\"https:\/\/bodegaoutdoor.cl\/store\/product\/calcetines-deportivos-profesionales-para-hombre-y-mujer-medias-transpirables-para-escalada-senderismo-caminar-y-correr\/\">\n                                     <img loading=\"lazy\" decoding=\"async\" width=\"170\" height=\"170\" src=\"https:\/\/bodegaoutdoor.cl\/store\/wp-content\/uploads\/2021\/09\/47822-rivyk2.jpg\" class=\"attachment-185x170 size-185x170\" alt=\"Calcetines deportivos profesionales para hombre y mujer, medias transpirables para escalada, senderismo deportes\" srcset=\"https:\/\/bodegaoutdoor.cl\/store\/wp-content\/uploads\/2021\/09\/47822-rivyk2.jpg 800w, https:\/\/bodegaoutdoor.cl\/store\/wp-content\/uploads\/2021\/09\/47822-rivyk2-300x300.jpg 300w, https:\/\/bodegaoutdoor.cl\/store\/wp-content\/uploads\/2021\/09\/47822-rivyk2-100x100.jpg 100w, https:\/\/bodegaoutdoor.cl\/store\/wp-content\/uploads\/2021\/09\/47822-rivyk2-600x600.jpg 600w, https:\/\/bodegaoutdoor.cl\/store\/wp-content\/uploads\/2021\/09\/47822-rivyk2-150x150.jpg 150w, https:\/\/bodegaoutdoor.cl\/store\/wp-content\/uploads\/2021\/09\/47822-rivyk2-768x768.jpg 768w\" sizes=\"(max-width: 170px) 100vw, 170px\" \/>                                <\/a>\n                                                                <a class=\"product-title\" href=\"https:\/\/bodegaoutdoor.cl\/store\/product\/calcetines-deportivos-profesionales-para-hombre-y-mujer-medias-transpirables-para-escalada-senderismo-caminar-y-correr\/\">Calcetines deportivos profesionales para hombre y mujer, medias transpirables para escalada, senderismo deportes<\/a>\n                                <span class=\"price\">\n                                    <del aria-hidden=\"true\"><span class=\"woocommerce-Price-amount amount\"><bdi><span class=\"woocommerce-Price-currencySymbol\" translate=\"no\">$<\/span>19,990<\/bdi><\/span><\/del> <span class=\"screen-reader-text\">El precio original era: $19,990.<\/span><ins aria-hidden=\"true\"><span class=\"woocommerce-Price-amount amount\"><bdi><span class=\"woocommerce-Price-currencySymbol\" translate=\"no\">$<\/span>9,990<\/bdi><\/span><\/ins><span class=\"screen-reader-text\">El precio actual es: $9,990.<\/span>                                <\/span>\n                            <\/div>\n                        <\/div>\n                                        <div class=\"col-md-4\">\n                            <div class=\"xs-product-wraper version-4 tab-style1\">\n                                <div class=\"xs-product-header media xs-wishlist d-none woocommerce\">\n                                    \n                                                                    <\/div>\n                                                                <a class=\"xs_product_img_link\" href=\"https:\/\/bodegaoutdoor.cl\/store\/product\/gafas-de-sol-polarizadas-aoron-para-hombre-y-mujer-gafas-de-sol-clasicas-con-espejo-para-conducir-al-aire-libre-para-hombre-gafas-con-armazon-de-metal-uv400\/\">\n                                     <img loading=\"lazy\" decoding=\"async\" width=\"170\" height=\"170\" src=\"https:\/\/bodegaoutdoor.cl\/store\/wp-content\/uploads\/2020\/08\/9844-hi20fd.jpg\" class=\"attachment-185x170 size-185x170\" alt=\"Gafas de sol polarizadas Aoron para unisex, outdoor con armaz\u00f3n de Metal UV400\" srcset=\"https:\/\/bodegaoutdoor.cl\/store\/wp-content\/uploads\/2020\/08\/9844-hi20fd.jpg 800w, https:\/\/bodegaoutdoor.cl\/store\/wp-content\/uploads\/2020\/08\/9844-hi20fd-300x300.jpg 300w, https:\/\/bodegaoutdoor.cl\/store\/wp-content\/uploads\/2020\/08\/9844-hi20fd-100x100.jpg 100w, https:\/\/bodegaoutdoor.cl\/store\/wp-content\/uploads\/2020\/08\/9844-hi20fd-600x600.jpg 600w, https:\/\/bodegaoutdoor.cl\/store\/wp-content\/uploads\/2020\/08\/9844-hi20fd-150x150.jpg 150w, https:\/\/bodegaoutdoor.cl\/store\/wp-content\/uploads\/2020\/08\/9844-hi20fd-768x768.jpg 768w\" sizes=\"(max-width: 170px) 100vw, 170px\" \/>                                <\/a>\n                                                                <a class=\"product-title\" href=\"https:\/\/bodegaoutdoor.cl\/store\/product\/gafas-de-sol-polarizadas-aoron-para-hombre-y-mujer-gafas-de-sol-clasicas-con-espejo-para-conducir-al-aire-libre-para-hombre-gafas-con-armazon-de-metal-uv400\/\">Gafas de sol polarizadas Aoron para unisex, outdoor con armaz\u00f3n de Metal UV400<\/a>\n                                <span class=\"price\">\n                                    <del aria-hidden=\"true\"><span class=\"woocommerce-Price-amount amount\"><bdi><span class=\"woocommerce-Price-currencySymbol\" translate=\"no\">$<\/span>24,990<\/bdi><\/span><\/del> <span class=\"screen-reader-text\">El precio original era: $24,990.<\/span><ins aria-hidden=\"true\"><span class=\"woocommerce-Price-amount amount\"><bdi><span class=\"woocommerce-Price-currencySymbol\" translate=\"no\">$<\/span>19,990<\/bdi><\/span><\/ins><span class=\"screen-reader-text\">El precio actual es: $19,990.<\/span>                                <\/span>\n                            <\/div>\n                        <\/div>\n                            <\/div>\n        <\/div>\n        <\/div>\t\t\t\t<\/div>\n\t\t\t\t<\/div>\n\t\t\t\t\t<\/div>\n\t\t<\/div>\n\t\t\t\t\t<\/div>\n\t\t<\/section>\n\t\t\t\t<section class=\"elementor-section elementor-top-section elementor-element elementor-element-3700 elementor-section-boxed elementor-section-height-default elementor-section-height-default\" data-id=\"3700\" data-element_type=\"section\" data-e-type=\"section\" data-settings=\"{&quot;background_background&quot;:&quot;classic&quot;}\">\n\t\t\t\t\t\t<div class=\"elementor-container elementor-column-gap-default\">\n\t\t\t\t\t<div class=\"elementor-column elementor-col-100 elementor-top-column elementor-element elementor-element-5983\" data-id=\"5983\" data-element_type=\"column\" data-e-type=\"column\">\n\t\t\t<div class=\"elementor-widget-wrap elementor-element-populated\">\n\t\t\t\t\t\t<div class=\"elementor-element elementor-element-3832 elementor-invisible elementor-widget elementor-widget-xs-woo-tab\" data-id=\"3832\" data-element_type=\"widget\" data-e-type=\"widget\" data-widget_type=\"xs-woo-tab.default\">\n\t\t\t\t<div class=\"elementor-widget-container\">\n\t\t\t\t\t    <div class=\"xs-content-header\">\n        <h2 class=\"xs-content-title\">Today Gadgets &amp; Mobile accessories<\/h2>\n                                <ul class=\"nav nav-tabs xs-nav-tab\">\n                                                        <li class=\"nav-item\">\n                        <a class=\"nav-link active\"  data-toggle=\"tab\" href=\"#xs-tabs-70868-0\">On Sell<\/a>\n                    <\/li>\n                                                        <li class=\"nav-item\">\n                        <a class=\"nav-link \"  data-toggle=\"tab\" href=\"#xs-tabs-70868-1\">Hot Sell<\/a>\n                    <\/li>\n                                                        <li class=\"nav-item\">\n                        <a class=\"nav-link \"  data-toggle=\"tab\" href=\"#xs-tabs-70868-2\">Trend<\/a>\n                    <\/li>\n                                                        <li class=\"nav-item\">\n                        <a class=\"nav-link \"  data-toggle=\"tab\" href=\"#xs-tabs-70868-3\">Best Sell<\/a>\n                    <\/li>\n                            <\/ul>\n                <div class=\"clearfix\"><\/div>\n    <\/div>\n<div class=\"tab-content\">\n                                    <div class=\"tab-pane fade show active\" id=\"xs-tabs-70868-0\">\n                <div class=\"row\">\n                                    <\/div>\n            <\/div>\n                                <div class=\"tab-pane fade \" id=\"xs-tabs-70868-1\">\n                <div class=\"row\">\n                                    <\/div>\n            <\/div>\n                                <div class=\"tab-pane fade \" id=\"xs-tabs-70868-2\">\n                <div class=\"row\">\n                                                <div class=\"col-lg-6 xs-padding-0\"><div class=\"row xs-margin-0\">                                    <div class=\"col-md-6\">\n                                        <div class=\"xs-product-wraper version-3 text-center\">\n                                                                                        <a class=\"xs_product_img_link\" href=\"https:\/\/bodegaoutdoor.cl\/store\/product\/cinturon-corrector-postura-espalda-ajustable-clavicula-columna-vertebral-correccion-postura-lumbar\/\">\n                                                <img loading=\"lazy\" decoding=\"async\" width=\"180\" height=\"180\" src=\"https:\/\/bodegaoutdoor.cl\/store\/wp-content\/uploads\/2020\/12\/22093-eq17cf.jpg\" class=\"attachment-193x180 size-193x180\" alt=\"Cintur\u00f3n Corrector postura espalda ajustable clav\u00edcula columna vertebral correcci\u00f3n postura Lumbar\" srcset=\"https:\/\/bodegaoutdoor.cl\/store\/wp-content\/uploads\/2020\/12\/22093-eq17cf.jpg 800w, https:\/\/bodegaoutdoor.cl\/store\/wp-content\/uploads\/2020\/12\/22093-eq17cf-300x300.jpg 300w, https:\/\/bodegaoutdoor.cl\/store\/wp-content\/uploads\/2020\/12\/22093-eq17cf-100x100.jpg 100w, https:\/\/bodegaoutdoor.cl\/store\/wp-content\/uploads\/2020\/12\/22093-eq17cf-600x600.jpg 600w, https:\/\/bodegaoutdoor.cl\/store\/wp-content\/uploads\/2020\/12\/22093-eq17cf-150x150.jpg 150w, https:\/\/bodegaoutdoor.cl\/store\/wp-content\/uploads\/2020\/12\/22093-eq17cf-768x768.jpg 768w\" sizes=\"(max-width: 180px) 100vw, 180px\" \/>                                            <\/a>\n                                                                                        <ul class=\"product-item-meta\">\n                                                <li class=\"xs-cart-wrapper\">\n                                                                                                            <a href=\"https:\/\/bodegaoutdoor.cl\/store\/product\/cinturon-corrector-postura-espalda-ajustable-clavicula-columna-vertebral-correccion-postura-lumbar\/\" aria-describedby=\"woocommerce_loop_add_to_cart_link_describedby_22093\" data-quantity=\"1\" class=\"button product_type_variable add_to_cart_button\" data-product_id=\"22093\" data-product_sku=\"32950945234\" aria-label=\"Elige las opciones para &ldquo;Cintur\u00f3n Corrector postura espalda ajustable clav\u00edcula columna vertebral correcci\u00f3n postura Lumbar&rdquo;\" rel=\"nofollow\">Seleccionar opciones<\/a>    <span id=\"woocommerce_loop_add_to_cart_link_describedby_22093\" class=\"screen-reader-text\">\n        Este producto tiene m\u00faltiples variantes. Las opciones se pueden elegir en la p\u00e1gina de producto    <\/span>\n                                                                                                    <\/li>\n                                                <li><a href=\"#\" data-toggle=\"modal\" data-target=\".xs-quick-view-modal-35643-1\"><i class=\"xsicon xsicon-eye\"><\/i><\/a><\/li>\n                                                                                                    <li class=\"xs-wishlist-wrapper xs-wishlist\">\n                                                        \n<div\n\tclass=\"yith-wcwl-add-to-wishlist add-to-wishlist-22093 yith-wcwl-add-to-wishlist--link-style wishlist-fragment on-first-load\"\n\tdata-fragment-ref=\"22093\"\n\tdata-fragment-options=\"{&quot;base_url&quot;:&quot;&quot;,&quot;product_id&quot;:22093,&quot;parent_product_id&quot;:0,&quot;product_type&quot;:&quot;variable&quot;,&quot;is_single&quot;:false,&quot;in_default_wishlist&quot;:false,&quot;show_view&quot;:false,&quot;browse_wishlist_text&quot;:&quot;Lista Deseos&quot;,&quot;already_in_wishslist_text&quot;:&quot;The producto esta Agregado!&quot;,&quot;product_added_text&quot;:&quot;Producto Agregado!&quot;,&quot;available_multi_wishlist&quot;:false,&quot;disable_wishlist&quot;:false,&quot;show_count&quot;:false,&quot;ajax_loading&quot;:false,&quot;loop_position&quot;:&quot;after_add_to_cart&quot;,&quot;item&quot;:&quot;add_to_wishlist&quot;}\"\n>\n\t\t\t\n\t\t\t<!-- ADD TO WISHLIST -->\n\t\t\t\n<div class=\"yith-wcwl-add-button\">\n\t\t<a\n\t\thref=\"?add_to_wishlist=22093&#038;_wpnonce=98056c7fc2\"\n\t\tclass=\"add_to_wishlist single_add_to_wishlist\"\n\t\tdata-product-id=\"22093\"\n\t\tdata-product-type=\"variable\"\n\t\tdata-original-product-id=\"0\"\n\t\tdata-title=\"Lista Deseos\"\n\t\trel=\"nofollow\"\n\t>\n\t\t<svg id=\"yith-wcwl-icon-heart-outline\" class=\"yith-wcwl-icon-svg\" fill=\"none\" stroke-width=\"1.5\" stroke=\"currentColor\" viewbox=\"0 0 24 24\" xmlns=\"http:\/\/www.w3.org\/2000\/svg\">\n  <path stroke-linecap=\"round\" stroke-linejoin=\"round\" d=\"M21 8.25c0-2.485-2.099-4.5-4.688-4.5-1.935 0-3.597 1.126-4.312 2.733-.715-1.607-2.377-2.733-4.313-2.733C5.1 3.75 3 5.765 3 8.25c0 7.22 9 12 9 12s9-4.78 9-12Z\"><\/path>\n<\/svg>\t\t<span>Lista Deseos<\/span>\n\t<\/a>\n<\/div>\n\n\t\t\t<!-- COUNT TEXT -->\n\t\t\t\n\t\t\t<\/div>\n                                                    <\/li>\n                                                                                            <\/ul>\n                                            <!-- <div class=\"xs-product-content\"> -->\n                                                <!-- <span class=\"product-categories\"> -->\n                                                    <span class=\"product-categories\"><a href = 'https:\/\/bodegaoutdoor.cl\/store\/product-category\/airsoft\/'>Airsoft<\/a>  <\/span>\n                                                <!-- <\/span> -->\n                                                <a class=\"product-title medium\" href=\"https:\/\/bodegaoutdoor.cl\/store\/product\/cinturon-corrector-postura-espalda-ajustable-clavicula-columna-vertebral-correccion-postura-lumbar\/\">Cintur\u00f3n Corrector postura espalda ajustable clav\u00edcula columna vertebral correcci\u00f3n postura Lumbar<\/a>\n                                                <span class=\"price\"><del aria-hidden=\"true\"><span class=\"woocommerce-Price-amount amount\"><bdi><span class=\"woocommerce-Price-currencySymbol\" translate=\"no\">$<\/span>29,990<\/bdi><\/span><\/del> <span class=\"screen-reader-text\">El precio original era: $29,990.<\/span><ins aria-hidden=\"true\"><span class=\"woocommerce-Price-amount amount\"><bdi><span class=\"woocommerce-Price-currencySymbol\" translate=\"no\">$<\/span>17,990<\/bdi><\/span><\/ins><span class=\"screen-reader-text\">El precio actual es: $17,990.<\/span><\/span>\n                                            <!-- <\/div> -->\n                                        <\/div>\n                                    <\/div>\n                                    <div class=\"woocommerce xs-modal xs-modal-quick-view xs-quick-view-modal-35643-1 modal fade\" tabindex=\"-1\" aria-hidden=\"true\">\n    <div class=\"modal-dialog\">\n        <div class=\"modal-content\">\n            <button type=\"button\" class=\"close\" data-dismiss=\"modal\" aria-label=\"Close\">\n                <span class=\"xsicon xsicon-cross\"><\/span>\n            <\/button>\n            <div class=\"container\">\n                <div class=\"row\">\n                    <div class=\"col-md-6\">\n                        <div class=\"images\">\n                                                        <img loading=\"lazy\" decoding=\"async\" width=\"800\" height=\"800\" src=\"https:\/\/bodegaoutdoor.cl\/store\/wp-content\/uploads\/2020\/12\/22093-eq17cf.jpg\" class=\"attachment-full size-full\" alt=\"\" srcset=\"https:\/\/bodegaoutdoor.cl\/store\/wp-content\/uploads\/2020\/12\/22093-eq17cf.jpg 800w, https:\/\/bodegaoutdoor.cl\/store\/wp-content\/uploads\/2020\/12\/22093-eq17cf-300x300.jpg 300w, https:\/\/bodegaoutdoor.cl\/store\/wp-content\/uploads\/2020\/12\/22093-eq17cf-100x100.jpg 100w, https:\/\/bodegaoutdoor.cl\/store\/wp-content\/uploads\/2020\/12\/22093-eq17cf-600x600.jpg 600w, https:\/\/bodegaoutdoor.cl\/store\/wp-content\/uploads\/2020\/12\/22093-eq17cf-150x150.jpg 150w, https:\/\/bodegaoutdoor.cl\/store\/wp-content\/uploads\/2020\/12\/22093-eq17cf-768x768.jpg 768w\" sizes=\"(max-width: 800px) 100vw, 800px\" \/>                                                <\/div>\n                    <\/div>\n                    <div class=\"col-md-6 align-self-center\">\n                        <div class=\"summary-content entry-summary\">\n                            <h2 class=\"product_title entry-title\">Cintur\u00f3n Corrector postura espalda ajustable clav\u00edcula columna vertebral correcci\u00f3n postura Lumbar<\/h2><div class=\"product_meta\">\n\n\t\n\t\n\t\t<span class=\"sku_wrapper\">SKU: <span class=\"sku\">32950945234<\/span><\/span>\n\n\t\n\t<span class=\"posted_in\">Categor\u00eda: <a href=\"https:\/\/bodegaoutdoor.cl\/store\/product-category\/airsoft\/\" rel=\"tag\">Airsoft<\/a><\/span>\n\t\n\t\n<\/div>\n<div class=\"woocommerce-product-details__short-description\">\n\t<p><span style=\"color: #ff0000;\"><strong>Stock Local\u00a0 &#8211; <\/strong><\/span><span style=\"color: #ff0000;\"><strong>Envios Rapidos a todo Chile<\/strong><\/span><\/p>\n<\/div>\n<p class=\"price\"><del aria-hidden=\"true\"><span class=\"woocommerce-Price-amount amount\"><bdi><span class=\"woocommerce-Price-currencySymbol\" translate=\"no\">$<\/span>29,990<\/bdi><\/span><\/del> <span class=\"screen-reader-text\">El precio original era: $29,990.<\/span><ins aria-hidden=\"true\"><span class=\"woocommerce-Price-amount amount\"><bdi><span class=\"woocommerce-Price-currencySymbol\" translate=\"no\">$<\/span>17,990<\/bdi><\/span><\/ins><span class=\"screen-reader-text\">El precio actual es: $17,990.<\/span><\/p>\n\r\n        <form class=\"variations_form cart\" method=\"post\" enctype='multipart\/form-data' data-product_id=\"22093\" data-product_variations=\"[{&quot;attributes&quot;:{&quot;attribute_pa_f294abc323c8581b087d9a&quot;:&quot;m-adjustable&quot;},&quot;availability_html&quot;:&quot;&lt;p class=\\&quot;stock in-stock\\&quot;&gt;4597 disponibles&lt;\\\/p&gt;\\n&quot;,&quot;backorders_allowed&quot;:false,&quot;dimensions&quot;:{&quot;length&quot;:&quot;&quot;,&quot;width&quot;:&quot;&quot;,&quot;height&quot;:&quot;&quot;},&quot;dimensions_html&quot;:&quot;N\\\/D&quot;,&quot;display_price&quot;:17990,&quot;display_regular_price&quot;:29990,&quot;gallery_image_ids&quot;:[],&quot;gallery_images_html&quot;:&quot;&quot;,&quot;image&quot;:[],&quot;image_id&quot;:&quot;&quot;,&quot;is_downloadable&quot;:false,&quot;is_in_stock&quot;:true,&quot;is_purchasable&quot;:true,&quot;is_sold_individually&quot;:&quot;no&quot;,&quot;is_virtual&quot;:false,&quot;max_qty&quot;:4597,&quot;min_qty&quot;:1,&quot;price_html&quot;:&quot;&quot;,&quot;sku&quot;:&quot;32950945234&quot;,&quot;variation_description&quot;:&quot;&quot;,&quot;variation_id&quot;:22094,&quot;variation_is_active&quot;:true,&quot;variation_is_visible&quot;:true,&quot;weight&quot;:&quot;&quot;,&quot;weight_html&quot;:&quot;N\\\/D&quot;},{&quot;attributes&quot;:{&quot;attribute_pa_f294abc323c8581b087d9a&quot;:&quot;l-adjustable&quot;},&quot;availability_html&quot;:&quot;&lt;p class=\\&quot;stock in-stock\\&quot;&gt;4733 disponibles&lt;\\\/p&gt;\\n&quot;,&quot;backorders_allowed&quot;:false,&quot;dimensions&quot;:{&quot;length&quot;:&quot;&quot;,&quot;width&quot;:&quot;&quot;,&quot;height&quot;:&quot;&quot;},&quot;dimensions_html&quot;:&quot;N\\\/D&quot;,&quot;display_price&quot;:17990,&quot;display_regular_price&quot;:29990,&quot;gallery_image_ids&quot;:[],&quot;gallery_images_html&quot;:&quot;&quot;,&quot;image&quot;:[],&quot;image_id&quot;:&quot;&quot;,&quot;is_downloadable&quot;:false,&quot;is_in_stock&quot;:true,&quot;is_purchasable&quot;:true,&quot;is_sold_individually&quot;:&quot;no&quot;,&quot;is_virtual&quot;:false,&quot;max_qty&quot;:4733,&quot;min_qty&quot;:1,&quot;price_html&quot;:&quot;&quot;,&quot;sku&quot;:&quot;32950945234&quot;,&quot;variation_description&quot;:&quot;&quot;,&quot;variation_id&quot;:22095,&quot;variation_is_active&quot;:true,&quot;variation_is_visible&quot;:true,&quot;weight&quot;:&quot;&quot;,&quot;weight_html&quot;:&quot;N\\\/D&quot;},{&quot;attributes&quot;:{&quot;attribute_pa_f294abc323c8581b087d9a&quot;:&quot;s-adjustable&quot;},&quot;availability_html&quot;:&quot;&lt;p class=\\&quot;stock in-stock\\&quot;&gt;4854 disponibles&lt;\\\/p&gt;\\n&quot;,&quot;backorders_allowed&quot;:false,&quot;dimensions&quot;:{&quot;length&quot;:&quot;&quot;,&quot;width&quot;:&quot;&quot;,&quot;height&quot;:&quot;&quot;},&quot;dimensions_html&quot;:&quot;N\\\/D&quot;,&quot;display_price&quot;:17990,&quot;display_regular_price&quot;:29990,&quot;gallery_image_ids&quot;:[],&quot;gallery_images_html&quot;:&quot;&quot;,&quot;image&quot;:[],&quot;image_id&quot;:&quot;&quot;,&quot;is_downloadable&quot;:false,&quot;is_in_stock&quot;:true,&quot;is_purchasable&quot;:true,&quot;is_sold_individually&quot;:&quot;no&quot;,&quot;is_virtual&quot;:false,&quot;max_qty&quot;:4854,&quot;min_qty&quot;:1,&quot;price_html&quot;:&quot;&quot;,&quot;sku&quot;:&quot;32950945234&quot;,&quot;variation_description&quot;:&quot;&quot;,&quot;variation_id&quot;:22096,&quot;variation_is_active&quot;:true,&quot;variation_is_visible&quot;:true,&quot;weight&quot;:&quot;&quot;,&quot;weight_html&quot;:&quot;N\\\/D&quot;}]\">\r\n            \r\n                            <table class=\"variations\" cellspacing=\"0\">\r\n                    <tbody>\r\n\r\n                    \r\n                                                <tr>\r\n                            <td class=\"label\"><label for=\"pa_f294abc323c8581b087d9a\">Tama\u00f1o<\/label><\/td>\r\n                            <td class=\"value\">\r\n                                <div class=\"adsw-attribute-option\"><span class=\"meta-item-text sku-set \" data-value=\"l-adjustable\">L adjustable<\/span><span class=\"meta-item-text sku-set \" data-value=\"m-adjustable\">M adjustable<\/span><span class=\"meta-item-text sku-set \" data-value=\"s-adjustable\">S adjustable<\/span><\/div><select id=\"pa_f294abc323c8581b087d9a\" class=\"\" name=\"attribute_pa_f294abc323c8581b087d9a\" data-attribute_name=\"attribute_pa_f294abc323c8581b087d9a\" style=\"display:none\"><option value=\"\">Elige una opci\u00f3n<\/option><option value=\"l-adjustable\" >L adjustable<\/option><option value=\"m-adjustable\" >M adjustable<\/option><option value=\"s-adjustable\" >S adjustable<\/option><\/select><a class=\"reset_variations\" href=\"#\">Limpiar<\/a>                            <\/td>\r\n                        <\/tr>\r\n                                        <\/tbody>\r\n                <\/table>\r\n\r\n                <div class=\"single_variation_wrap\">\r\n                    <div class=\"woocommerce-variation single_variation\" role=\"alert\" aria-relevant=\"additions\"><\/div><div class=\"woocommerce-variation-add-to-cart variations_button\">\n\t\n\t<div class=\"quantity\">\n\t\t<input type=\"button\" value=\"-\" class=\"minus\" \/>\n\t<label class=\"screen-reader-text\" for=\"quantity_6a9b598e63ebc\">Cintur\u00f3n Corrector postura espalda ajustable clav\u00edcula columna vertebral correcci\u00f3n postura Lumbar quantity<\/label>\n\t<input\n\t\ttype=\"number\"\n\t\t\t\tid=\"quantity_6a9b598e63ebc\"\n\t\tclass=\"input-text qty text\"\n\t\tname=\"quantity\"\n\t\tvalue=\"1\"\n\t\taria-label=\"Qty\"\n\t\t\t\tmin=\"1\"\n\t\t\t\t\tmax=\"14184\"\n\t\t\t\t\t\t\tstep=\"1\"\n\t\t\tplaceholder=\"\"\n\t\t\tinputmode=\"numeric\"\n\t\t\tautocomplete=\"off\"\n\t\t\t\/>\n\t<input type=\"button\" value=\"+\" class=\"plus\" \/>\n\t<\/div>\n\n\t<button type=\"submit\" class=\"single_add_to_cart_button button alt\">Agregar al carrito<\/button>\n\n\t\n\t<input type=\"hidden\" name=\"add-to-cart\" value=\"22093\" \/>\n\t<input type=\"hidden\" name=\"product_id\" value=\"22093\" \/>\n\t<input type=\"hidden\" name=\"variation_id\" class=\"variation_id\" value=\"0\" \/>\n<\/div>\n                <\/div>\r\n            \r\n                    <\/form>\r\n\r\n        \n<div\n\tclass=\"yith-wcwl-add-to-wishlist add-to-wishlist-22093 yith-wcwl-add-to-wishlist--link-style wishlist-fragment on-first-load\"\n\tdata-fragment-ref=\"22093\"\n\tdata-fragment-options=\"{&quot;base_url&quot;:&quot;&quot;,&quot;product_id&quot;:22093,&quot;parent_product_id&quot;:0,&quot;product_type&quot;:&quot;variable&quot;,&quot;is_single&quot;:false,&quot;in_default_wishlist&quot;:false,&quot;show_view&quot;:false,&quot;browse_wishlist_text&quot;:&quot;Lista Deseos&quot;,&quot;already_in_wishslist_text&quot;:&quot;The producto esta Agregado!&quot;,&quot;product_added_text&quot;:&quot;Producto Agregado!&quot;,&quot;available_multi_wishlist&quot;:false,&quot;disable_wishlist&quot;:false,&quot;show_count&quot;:false,&quot;ajax_loading&quot;:false,&quot;loop_position&quot;:&quot;after_add_to_cart&quot;,&quot;item&quot;:&quot;add_to_wishlist&quot;}\"\n>\n\t\t\t\n\t\t\t<!-- ADD TO WISHLIST -->\n\t\t\t\n<div class=\"yith-wcwl-add-button\">\n\t\t<a\n\t\thref=\"?add_to_wishlist=22093&#038;_wpnonce=98056c7fc2\"\n\t\tclass=\"add_to_wishlist single_add_to_wishlist\"\n\t\tdata-product-id=\"22093\"\n\t\tdata-product-type=\"variable\"\n\t\tdata-original-product-id=\"0\"\n\t\tdata-title=\"Lista Deseos\"\n\t\trel=\"nofollow\"\n\t>\n\t\t<svg id=\"yith-wcwl-icon-heart-outline\" class=\"yith-wcwl-icon-svg\" fill=\"none\" stroke-width=\"1.5\" stroke=\"currentColor\" viewbox=\"0 0 24 24\" xmlns=\"http:\/\/www.w3.org\/2000\/svg\">\n  <path stroke-linecap=\"round\" stroke-linejoin=\"round\" d=\"M21 8.25c0-2.485-2.099-4.5-4.688-4.5-1.935 0-3.597 1.126-4.312 2.733-.715-1.607-2.377-2.733-4.313-2.733C5.1 3.75 3 5.765 3 8.25c0 7.22 9 12 9 12s9-4.78 9-12Z\"><\/path>\n<\/svg>\t\t<span>Lista Deseos<\/span>\n\t<\/a>\n<\/div>\n\n\t\t\t<!-- COUNT TEXT -->\n\t\t\t\n\t\t\t<\/div>\n                        <\/div>\n                    <\/div>\n                <\/div>\n            <\/div>\n        <\/div>\n    <\/div>\n<\/div><!-- end quickView --><!-- end today gadget section -->                                    \n                                                                                            <div class=\"col-md-6\">\n                                        <div class=\"xs-product-wraper version-3 text-center\">\n                                                                                        <a class=\"xs_product_img_link\" href=\"https:\/\/bodegaoutdoor.cl\/store\/product\/lentes-polarizados-vintage-driving-travel-fishing-classic-outdoor\/\">\n                                                <img loading=\"lazy\" decoding=\"async\" width=\"180\" height=\"180\" src=\"https:\/\/bodegaoutdoor.cl\/store\/wp-content\/uploads\/2021\/02\/29480-17w8xd.jpg\" class=\"attachment-193x180 size-193x180\" alt=\"Lentes Polarizados Vintage Driving Travel Fishing Classic Outdoor\" srcset=\"https:\/\/bodegaoutdoor.cl\/store\/wp-content\/uploads\/2021\/02\/29480-17w8xd.jpg 800w, https:\/\/bodegaoutdoor.cl\/store\/wp-content\/uploads\/2021\/02\/29480-17w8xd-300x300.jpg 300w, https:\/\/bodegaoutdoor.cl\/store\/wp-content\/uploads\/2021\/02\/29480-17w8xd-100x100.jpg 100w, https:\/\/bodegaoutdoor.cl\/store\/wp-content\/uploads\/2021\/02\/29480-17w8xd-600x600.jpg 600w, https:\/\/bodegaoutdoor.cl\/store\/wp-content\/uploads\/2021\/02\/29480-17w8xd-150x150.jpg 150w, https:\/\/bodegaoutdoor.cl\/store\/wp-content\/uploads\/2021\/02\/29480-17w8xd-768x768.jpg 768w\" sizes=\"(max-width: 180px) 100vw, 180px\" \/>                                            <\/a>\n                                                                                        <ul class=\"product-item-meta\">\n                                                <li class=\"xs-cart-wrapper\">\n                                                                                                            <a href=\"https:\/\/bodegaoutdoor.cl\/store\/product\/lentes-polarizados-vintage-driving-travel-fishing-classic-outdoor\/\" aria-describedby=\"woocommerce_loop_add_to_cart_link_describedby_29480\" data-quantity=\"1\" class=\"button product_type_variable add_to_cart_button\" data-product_id=\"29480\" data-product_sku=\"4000282670029\" aria-label=\"Elige las opciones para &ldquo;Lentes Polarizados Vintage Driving Travel Fishing Classic Outdoor&rdquo;\" rel=\"nofollow\">Seleccionar opciones<\/a>    <span id=\"woocommerce_loop_add_to_cart_link_describedby_29480\" class=\"screen-reader-text\">\n        Este producto tiene m\u00faltiples variantes. Las opciones se pueden elegir en la p\u00e1gina de producto    <\/span>\n                                                                                                    <\/li>\n                                                <li><a href=\"#\" data-toggle=\"modal\" data-target=\".xs-quick-view-modal-83450-2\"><i class=\"xsicon xsicon-eye\"><\/i><\/a><\/li>\n                                                                                                    <li class=\"xs-wishlist-wrapper xs-wishlist\">\n                                                        \n<div\n\tclass=\"yith-wcwl-add-to-wishlist add-to-wishlist-29480 yith-wcwl-add-to-wishlist--link-style wishlist-fragment on-first-load\"\n\tdata-fragment-ref=\"29480\"\n\tdata-fragment-options=\"{&quot;base_url&quot;:&quot;&quot;,&quot;product_id&quot;:29480,&quot;parent_product_id&quot;:0,&quot;product_type&quot;:&quot;variable&quot;,&quot;is_single&quot;:false,&quot;in_default_wishlist&quot;:false,&quot;show_view&quot;:false,&quot;browse_wishlist_text&quot;:&quot;Lista Deseos&quot;,&quot;already_in_wishslist_text&quot;:&quot;The producto esta Agregado!&quot;,&quot;product_added_text&quot;:&quot;Producto Agregado!&quot;,&quot;available_multi_wishlist&quot;:false,&quot;disable_wishlist&quot;:false,&quot;show_count&quot;:false,&quot;ajax_loading&quot;:false,&quot;loop_position&quot;:&quot;after_add_to_cart&quot;,&quot;item&quot;:&quot;add_to_wishlist&quot;}\"\n>\n\t\t\t\n\t\t\t<!-- ADD TO WISHLIST -->\n\t\t\t\n<div class=\"yith-wcwl-add-button\">\n\t\t<a\n\t\thref=\"?add_to_wishlist=29480&#038;_wpnonce=98056c7fc2\"\n\t\tclass=\"add_to_wishlist single_add_to_wishlist\"\n\t\tdata-product-id=\"29480\"\n\t\tdata-product-type=\"variable\"\n\t\tdata-original-product-id=\"0\"\n\t\tdata-title=\"Lista Deseos\"\n\t\trel=\"nofollow\"\n\t>\n\t\t<svg id=\"yith-wcwl-icon-heart-outline\" class=\"yith-wcwl-icon-svg\" fill=\"none\" stroke-width=\"1.5\" stroke=\"currentColor\" viewbox=\"0 0 24 24\" xmlns=\"http:\/\/www.w3.org\/2000\/svg\">\n  <path stroke-linecap=\"round\" stroke-linejoin=\"round\" d=\"M21 8.25c0-2.485-2.099-4.5-4.688-4.5-1.935 0-3.597 1.126-4.312 2.733-.715-1.607-2.377-2.733-4.313-2.733C5.1 3.75 3 5.765 3 8.25c0 7.22 9 12 9 12s9-4.78 9-12Z\"><\/path>\n<\/svg>\t\t<span>Lista Deseos<\/span>\n\t<\/a>\n<\/div>\n\n\t\t\t<!-- COUNT TEXT -->\n\t\t\t\n\t\t\t<\/div>\n                                                    <\/li>\n                                                                                            <\/ul>\n                                            <!-- <div class=\"xs-product-content\"> -->\n                                                <!-- <span class=\"product-categories\"> -->\n                                                    <span class=\"product-categories\"><a href = 'https:\/\/bodegaoutdoor.cl\/store\/product-category\/lentes\/'>Lentes<\/a>  <\/span>\n                                                <!-- <\/span> -->\n                                                <a class=\"product-title medium\" href=\"https:\/\/bodegaoutdoor.cl\/store\/product\/lentes-polarizados-vintage-driving-travel-fishing-classic-outdoor\/\">Lentes Polarizados Vintage Driving Travel Fishing Classic Outdoor<\/a>\n                                                <span class=\"price\"><del aria-hidden=\"true\"><span class=\"woocommerce-Price-amount amount\"><bdi><span class=\"woocommerce-Price-currencySymbol\" translate=\"no\">$<\/span>14,990<\/bdi><\/span><\/del> <span class=\"screen-reader-text\">El precio original era: $14,990.<\/span><ins aria-hidden=\"true\"><span class=\"woocommerce-Price-amount amount\"><bdi><span class=\"woocommerce-Price-currencySymbol\" translate=\"no\">$<\/span>11,990<\/bdi><\/span><\/ins><span class=\"screen-reader-text\">El precio actual es: $11,990.<\/span><\/span>\n                                            <!-- <\/div> -->\n                                        <\/div>\n                                    <\/div>\n                                    <div class=\"woocommerce xs-modal xs-modal-quick-view xs-quick-view-modal-83450-2 modal fade\" tabindex=\"-1\" aria-hidden=\"true\">\n    <div class=\"modal-dialog\">\n        <div class=\"modal-content\">\n            <button type=\"button\" class=\"close\" data-dismiss=\"modal\" aria-label=\"Close\">\n                <span class=\"xsicon xsicon-cross\"><\/span>\n            <\/button>\n            <div class=\"container\">\n                <div class=\"row\">\n                    <div class=\"col-md-6\">\n                        <div class=\"images\">\n                                                        <img loading=\"lazy\" decoding=\"async\" width=\"800\" height=\"800\" src=\"https:\/\/bodegaoutdoor.cl\/store\/wp-content\/uploads\/2021\/02\/29480-17w8xd.jpg\" class=\"attachment-full size-full\" alt=\"\" srcset=\"https:\/\/bodegaoutdoor.cl\/store\/wp-content\/uploads\/2021\/02\/29480-17w8xd.jpg 800w, https:\/\/bodegaoutdoor.cl\/store\/wp-content\/uploads\/2021\/02\/29480-17w8xd-300x300.jpg 300w, https:\/\/bodegaoutdoor.cl\/store\/wp-content\/uploads\/2021\/02\/29480-17w8xd-100x100.jpg 100w, https:\/\/bodegaoutdoor.cl\/store\/wp-content\/uploads\/2021\/02\/29480-17w8xd-600x600.jpg 600w, https:\/\/bodegaoutdoor.cl\/store\/wp-content\/uploads\/2021\/02\/29480-17w8xd-150x150.jpg 150w, https:\/\/bodegaoutdoor.cl\/store\/wp-content\/uploads\/2021\/02\/29480-17w8xd-768x768.jpg 768w\" sizes=\"(max-width: 800px) 100vw, 800px\" \/>                                                <\/div>\n                    <\/div>\n                    <div class=\"col-md-6 align-self-center\">\n                        <div class=\"summary-content entry-summary\">\n                            <h2 class=\"product_title entry-title\">Lentes Polarizados Vintage Driving Travel Fishing Classic Outdoor<\/h2><div class=\"product_meta\">\n\n\t\n\t\n\t\t<span class=\"sku_wrapper\">SKU: <span class=\"sku\">4000282670029<\/span><\/span>\n\n\t\n\t<span class=\"posted_in\">Categor\u00eda: <a href=\"https:\/\/bodegaoutdoor.cl\/store\/product-category\/lentes\/\" rel=\"tag\">Lentes<\/a><\/span>\n\t<span class=\"tagged_as\">Etiquetas: <a href=\"https:\/\/bodegaoutdoor.cl\/store\/product-tag\/lentes\/\" rel=\"tag\">lentes<\/a>, <a href=\"https:\/\/bodegaoutdoor.cl\/store\/product-tag\/polarizados\/\" rel=\"tag\">polarizados<\/a><\/span>\n\t\n<\/div>\n<p class=\"price\"><del aria-hidden=\"true\"><span class=\"woocommerce-Price-amount amount\"><bdi><span class=\"woocommerce-Price-currencySymbol\" translate=\"no\">$<\/span>14,990<\/bdi><\/span><\/del> <span class=\"screen-reader-text\">El precio original era: $14,990.<\/span><ins aria-hidden=\"true\"><span class=\"woocommerce-Price-amount amount\"><bdi><span class=\"woocommerce-Price-currencySymbol\" translate=\"no\">$<\/span>11,990<\/bdi><\/span><\/ins><span class=\"screen-reader-text\">El precio actual es: $11,990.<\/span><\/p>\n\r\n        <form class=\"variations_form cart\" method=\"post\" enctype='multipart\/form-data' data-product_id=\"29480\" data-product_variations=\"[{&quot;attributes&quot;:{&quot;attribute_pa_af7ef0993b8f1511543b19&quot;:&quot;c2&quot;},&quot;availability_html&quot;:&quot;&lt;p class=\\&quot;stock in-stock\\&quot;&gt;36677 disponibles&lt;\\\/p&gt;\\n&quot;,&quot;backorders_allowed&quot;:false,&quot;dimensions&quot;:{&quot;length&quot;:&quot;&quot;,&quot;width&quot;:&quot;&quot;,&quot;height&quot;:&quot;&quot;},&quot;dimensions_html&quot;:&quot;N\\\/D&quot;,&quot;display_price&quot;:11990,&quot;display_regular_price&quot;:14990,&quot;gallery_image_ids&quot;:[],&quot;gallery_images_html&quot;:&quot;&quot;,&quot;image&quot;:{&quot;title&quot;:&quot;29481-erzu1l.jpg&quot;,&quot;caption&quot;:&quot;&quot;,&quot;url&quot;:&quot;https:\\\/\\\/bodegaoutdoor.cl\\\/store\\\/wp-content\\\/uploads\\\/2021\\\/02\\\/29481-erzu1l.jpg&quot;,&quot;alt&quot;:&quot;29481-erzu1l.jpg&quot;,&quot;src&quot;:&quot;https:\\\/\\\/bodegaoutdoor.cl\\\/store\\\/wp-content\\\/uploads\\\/2021\\\/02\\\/29481-erzu1l-600x814.jpg&quot;,&quot;srcset&quot;:&quot;https:\\\/\\\/bodegaoutdoor.cl\\\/store\\\/wp-content\\\/uploads\\\/2021\\\/02\\\/29481-erzu1l-600x814.jpg 600w, https:\\\/\\\/bodegaoutdoor.cl\\\/store\\\/wp-content\\\/uploads\\\/2021\\\/02\\\/29481-erzu1l-768x1042.jpg 768w, https:\\\/\\\/bodegaoutdoor.cl\\\/store\\\/wp-content\\\/uploads\\\/2021\\\/02\\\/29481-erzu1l.jpg 790w&quot;,&quot;sizes&quot;:&quot;(max-width: 600px) 100vw, 600px&quot;,&quot;full_src&quot;:&quot;https:\\\/\\\/bodegaoutdoor.cl\\\/store\\\/wp-content\\\/uploads\\\/2021\\\/02\\\/29481-erzu1l.jpg&quot;,&quot;full_src_w&quot;:790,&quot;full_src_h&quot;:1072,&quot;gallery_thumbnail_src&quot;:&quot;https:\\\/\\\/bodegaoutdoor.cl\\\/store\\\/wp-content\\\/uploads\\\/2021\\\/02\\\/29481-erzu1l-100x100.jpg&quot;,&quot;gallery_thumbnail_src_w&quot;:100,&quot;gallery_thumbnail_src_h&quot;:100,&quot;thumb_src&quot;:&quot;https:\\\/\\\/bodegaoutdoor.cl\\\/store\\\/wp-content\\\/uploads\\\/2021\\\/02\\\/29481-erzu1l-300x300.jpg&quot;,&quot;thumb_src_w&quot;:300,&quot;thumb_src_h&quot;:300,&quot;src_w&quot;:600,&quot;src_h&quot;:814},&quot;image_id&quot;:29494,&quot;is_downloadable&quot;:false,&quot;is_in_stock&quot;:true,&quot;is_purchasable&quot;:true,&quot;is_sold_individually&quot;:&quot;no&quot;,&quot;is_virtual&quot;:false,&quot;max_qty&quot;:36677,&quot;min_qty&quot;:1,&quot;price_html&quot;:&quot;&quot;,&quot;sku&quot;:&quot;4000282670029&quot;,&quot;variation_description&quot;:&quot;&quot;,&quot;variation_id&quot;:29481,&quot;variation_is_active&quot;:true,&quot;variation_is_visible&quot;:true,&quot;weight&quot;:&quot;&quot;,&quot;weight_html&quot;:&quot;N\\\/D&quot;},{&quot;attributes&quot;:{&quot;attribute_pa_af7ef0993b8f1511543b19&quot;:&quot;c3&quot;},&quot;availability_html&quot;:&quot;&lt;p class=\\&quot;stock in-stock\\&quot;&gt;40966 disponibles&lt;\\\/p&gt;\\n&quot;,&quot;backorders_allowed&quot;:false,&quot;dimensions&quot;:{&quot;length&quot;:&quot;&quot;,&quot;width&quot;:&quot;&quot;,&quot;height&quot;:&quot;&quot;},&quot;dimensions_html&quot;:&quot;N\\\/D&quot;,&quot;display_price&quot;:11990,&quot;display_regular_price&quot;:14990,&quot;gallery_image_ids&quot;:[],&quot;gallery_images_html&quot;:&quot;&quot;,&quot;image&quot;:{&quot;title&quot;:&quot;29482-ghqqmr.jpg&quot;,&quot;caption&quot;:&quot;&quot;,&quot;url&quot;:&quot;https:\\\/\\\/bodegaoutdoor.cl\\\/store\\\/wp-content\\\/uploads\\\/2021\\\/02\\\/29482-ghqqmr.jpg&quot;,&quot;alt&quot;:&quot;29482-ghqqmr.jpg&quot;,&quot;src&quot;:&quot;https:\\\/\\\/bodegaoutdoor.cl\\\/store\\\/wp-content\\\/uploads\\\/2021\\\/02\\\/29482-ghqqmr-600x814.jpg&quot;,&quot;srcset&quot;:&quot;https:\\\/\\\/bodegaoutdoor.cl\\\/store\\\/wp-content\\\/uploads\\\/2021\\\/02\\\/29482-ghqqmr-600x814.jpg 600w, https:\\\/\\\/bodegaoutdoor.cl\\\/store\\\/wp-content\\\/uploads\\\/2021\\\/02\\\/29482-ghqqmr-768x1042.jpg 768w, https:\\\/\\\/bodegaoutdoor.cl\\\/store\\\/wp-content\\\/uploads\\\/2021\\\/02\\\/29482-ghqqmr.jpg 790w&quot;,&quot;sizes&quot;:&quot;(max-width: 600px) 100vw, 600px&quot;,&quot;full_src&quot;:&quot;https:\\\/\\\/bodegaoutdoor.cl\\\/store\\\/wp-content\\\/uploads\\\/2021\\\/02\\\/29482-ghqqmr.jpg&quot;,&quot;full_src_w&quot;:790,&quot;full_src_h&quot;:1072,&quot;gallery_thumbnail_src&quot;:&quot;https:\\\/\\\/bodegaoutdoor.cl\\\/store\\\/wp-content\\\/uploads\\\/2021\\\/02\\\/29482-ghqqmr-100x100.jpg&quot;,&quot;gallery_thumbnail_src_w&quot;:100,&quot;gallery_thumbnail_src_h&quot;:100,&quot;thumb_src&quot;:&quot;https:\\\/\\\/bodegaoutdoor.cl\\\/store\\\/wp-content\\\/uploads\\\/2021\\\/02\\\/29482-ghqqmr-300x300.jpg&quot;,&quot;thumb_src_w&quot;:300,&quot;thumb_src_h&quot;:300,&quot;src_w&quot;:600,&quot;src_h&quot;:814},&quot;image_id&quot;:29495,&quot;is_downloadable&quot;:false,&quot;is_in_stock&quot;:true,&quot;is_purchasable&quot;:true,&quot;is_sold_individually&quot;:&quot;no&quot;,&quot;is_virtual&quot;:false,&quot;max_qty&quot;:40966,&quot;min_qty&quot;:1,&quot;price_html&quot;:&quot;&quot;,&quot;sku&quot;:&quot;4000282670029&quot;,&quot;variation_description&quot;:&quot;&quot;,&quot;variation_id&quot;:29482,&quot;variation_is_active&quot;:true,&quot;variation_is_visible&quot;:true,&quot;weight&quot;:&quot;&quot;,&quot;weight_html&quot;:&quot;N\\\/D&quot;},{&quot;attributes&quot;:{&quot;attribute_pa_af7ef0993b8f1511543b19&quot;:&quot;c1&quot;},&quot;availability_html&quot;:&quot;&lt;p class=\\&quot;stock in-stock\\&quot;&gt;41505 disponibles&lt;\\\/p&gt;\\n&quot;,&quot;backorders_allowed&quot;:false,&quot;dimensions&quot;:{&quot;length&quot;:&quot;&quot;,&quot;width&quot;:&quot;&quot;,&quot;height&quot;:&quot;&quot;},&quot;dimensions_html&quot;:&quot;N\\\/D&quot;,&quot;display_price&quot;:11990,&quot;display_regular_price&quot;:14990,&quot;gallery_image_ids&quot;:[],&quot;gallery_images_html&quot;:&quot;&quot;,&quot;image&quot;:{&quot;title&quot;:&quot;29483-kz1e6s.jpg&quot;,&quot;caption&quot;:&quot;&quot;,&quot;url&quot;:&quot;https:\\\/\\\/bodegaoutdoor.cl\\\/store\\\/wp-content\\\/uploads\\\/2021\\\/02\\\/29483-kz1e6s.jpg&quot;,&quot;alt&quot;:&quot;29483-kz1e6s.jpg&quot;,&quot;src&quot;:&quot;https:\\\/\\\/bodegaoutdoor.cl\\\/store\\\/wp-content\\\/uploads\\\/2021\\\/02\\\/29483-kz1e6s-600x814.jpg&quot;,&quot;srcset&quot;:&quot;https:\\\/\\\/bodegaoutdoor.cl\\\/store\\\/wp-content\\\/uploads\\\/2021\\\/02\\\/29483-kz1e6s-600x814.jpg 600w, https:\\\/\\\/bodegaoutdoor.cl\\\/store\\\/wp-content\\\/uploads\\\/2021\\\/02\\\/29483-kz1e6s-768x1042.jpg 768w, https:\\\/\\\/bodegaoutdoor.cl\\\/store\\\/wp-content\\\/uploads\\\/2021\\\/02\\\/29483-kz1e6s.jpg 790w&quot;,&quot;sizes&quot;:&quot;(max-width: 600px) 100vw, 600px&quot;,&quot;full_src&quot;:&quot;https:\\\/\\\/bodegaoutdoor.cl\\\/store\\\/wp-content\\\/uploads\\\/2021\\\/02\\\/29483-kz1e6s.jpg&quot;,&quot;full_src_w&quot;:790,&quot;full_src_h&quot;:1072,&quot;gallery_thumbnail_src&quot;:&quot;https:\\\/\\\/bodegaoutdoor.cl\\\/store\\\/wp-content\\\/uploads\\\/2021\\\/02\\\/29483-kz1e6s-100x100.jpg&quot;,&quot;gallery_thumbnail_src_w&quot;:100,&quot;gallery_thumbnail_src_h&quot;:100,&quot;thumb_src&quot;:&quot;https:\\\/\\\/bodegaoutdoor.cl\\\/store\\\/wp-content\\\/uploads\\\/2021\\\/02\\\/29483-kz1e6s-300x300.jpg&quot;,&quot;thumb_src_w&quot;:300,&quot;thumb_src_h&quot;:300,&quot;src_w&quot;:600,&quot;src_h&quot;:814},&quot;image_id&quot;:29496,&quot;is_downloadable&quot;:false,&quot;is_in_stock&quot;:true,&quot;is_purchasable&quot;:true,&quot;is_sold_individually&quot;:&quot;no&quot;,&quot;is_virtual&quot;:false,&quot;max_qty&quot;:41505,&quot;min_qty&quot;:1,&quot;price_html&quot;:&quot;&quot;,&quot;sku&quot;:&quot;4000282670029&quot;,&quot;variation_description&quot;:&quot;&quot;,&quot;variation_id&quot;:29483,&quot;variation_is_active&quot;:true,&quot;variation_is_visible&quot;:true,&quot;weight&quot;:&quot;&quot;,&quot;weight_html&quot;:&quot;N\\\/D&quot;},{&quot;attributes&quot;:{&quot;attribute_pa_af7ef0993b8f1511543b19&quot;:&quot;c6&quot;},&quot;availability_html&quot;:&quot;&lt;p class=\\&quot;stock in-stock\\&quot;&gt;42944 disponibles&lt;\\\/p&gt;\\n&quot;,&quot;backorders_allowed&quot;:false,&quot;dimensions&quot;:{&quot;length&quot;:&quot;&quot;,&quot;width&quot;:&quot;&quot;,&quot;height&quot;:&quot;&quot;},&quot;dimensions_html&quot;:&quot;N\\\/D&quot;,&quot;display_price&quot;:11990,&quot;display_regular_price&quot;:14990,&quot;gallery_image_ids&quot;:[],&quot;gallery_images_html&quot;:&quot;&quot;,&quot;image&quot;:{&quot;title&quot;:&quot;29484-liazlw.jpg&quot;,&quot;caption&quot;:&quot;&quot;,&quot;url&quot;:&quot;https:\\\/\\\/bodegaoutdoor.cl\\\/store\\\/wp-content\\\/uploads\\\/2021\\\/02\\\/29484-liazlw.jpg&quot;,&quot;alt&quot;:&quot;29484-liazlw.jpg&quot;,&quot;src&quot;:&quot;https:\\\/\\\/bodegaoutdoor.cl\\\/store\\\/wp-content\\\/uploads\\\/2021\\\/02\\\/29484-liazlw-600x814.jpg&quot;,&quot;srcset&quot;:&quot;https:\\\/\\\/bodegaoutdoor.cl\\\/store\\\/wp-content\\\/uploads\\\/2021\\\/02\\\/29484-liazlw-600x814.jpg 600w, https:\\\/\\\/bodegaoutdoor.cl\\\/store\\\/wp-content\\\/uploads\\\/2021\\\/02\\\/29484-liazlw-768x1042.jpg 768w, https:\\\/\\\/bodegaoutdoor.cl\\\/store\\\/wp-content\\\/uploads\\\/2021\\\/02\\\/29484-liazlw.jpg 790w&quot;,&quot;sizes&quot;:&quot;(max-width: 600px) 100vw, 600px&quot;,&quot;full_src&quot;:&quot;https:\\\/\\\/bodegaoutdoor.cl\\\/store\\\/wp-content\\\/uploads\\\/2021\\\/02\\\/29484-liazlw.jpg&quot;,&quot;full_src_w&quot;:790,&quot;full_src_h&quot;:1072,&quot;gallery_thumbnail_src&quot;:&quot;https:\\\/\\\/bodegaoutdoor.cl\\\/store\\\/wp-content\\\/uploads\\\/2021\\\/02\\\/29484-liazlw-100x100.jpg&quot;,&quot;gallery_thumbnail_src_w&quot;:100,&quot;gallery_thumbnail_src_h&quot;:100,&quot;thumb_src&quot;:&quot;https:\\\/\\\/bodegaoutdoor.cl\\\/store\\\/wp-content\\\/uploads\\\/2021\\\/02\\\/29484-liazlw-300x300.jpg&quot;,&quot;thumb_src_w&quot;:300,&quot;thumb_src_h&quot;:300,&quot;src_w&quot;:600,&quot;src_h&quot;:814},&quot;image_id&quot;:29497,&quot;is_downloadable&quot;:false,&quot;is_in_stock&quot;:true,&quot;is_purchasable&quot;:true,&quot;is_sold_individually&quot;:&quot;no&quot;,&quot;is_virtual&quot;:false,&quot;max_qty&quot;:42944,&quot;min_qty&quot;:1,&quot;price_html&quot;:&quot;&quot;,&quot;sku&quot;:&quot;4000282670029&quot;,&quot;variation_description&quot;:&quot;&quot;,&quot;variation_id&quot;:29484,&quot;variation_is_active&quot;:true,&quot;variation_is_visible&quot;:true,&quot;weight&quot;:&quot;&quot;,&quot;weight_html&quot;:&quot;N\\\/D&quot;},{&quot;attributes&quot;:{&quot;attribute_pa_af7ef0993b8f1511543b19&quot;:&quot;c7&quot;},&quot;availability_html&quot;:&quot;&lt;p class=\\&quot;stock in-stock\\&quot;&gt;45088 disponibles&lt;\\\/p&gt;\\n&quot;,&quot;backorders_allowed&quot;:false,&quot;dimensions&quot;:{&quot;length&quot;:&quot;&quot;,&quot;width&quot;:&quot;&quot;,&quot;height&quot;:&quot;&quot;},&quot;dimensions_html&quot;:&quot;N\\\/D&quot;,&quot;display_price&quot;:11990,&quot;display_regular_price&quot;:14990,&quot;gallery_image_ids&quot;:[],&quot;gallery_images_html&quot;:&quot;&quot;,&quot;image&quot;:{&quot;title&quot;:&quot;29485-2iyzic.jpg&quot;,&quot;caption&quot;:&quot;&quot;,&quot;url&quot;:&quot;https:\\\/\\\/bodegaoutdoor.cl\\\/store\\\/wp-content\\\/uploads\\\/2021\\\/02\\\/29485-2iyzic.jpg&quot;,&quot;alt&quot;:&quot;29485-2iyzic.jpg&quot;,&quot;src&quot;:&quot;https:\\\/\\\/bodegaoutdoor.cl\\\/store\\\/wp-content\\\/uploads\\\/2021\\\/02\\\/29485-2iyzic-600x814.jpg&quot;,&quot;srcset&quot;:&quot;https:\\\/\\\/bodegaoutdoor.cl\\\/store\\\/wp-content\\\/uploads\\\/2021\\\/02\\\/29485-2iyzic-600x814.jpg 600w, https:\\\/\\\/bodegaoutdoor.cl\\\/store\\\/wp-content\\\/uploads\\\/2021\\\/02\\\/29485-2iyzic-768x1042.jpg 768w, https:\\\/\\\/bodegaoutdoor.cl\\\/store\\\/wp-content\\\/uploads\\\/2021\\\/02\\\/29485-2iyzic.jpg 790w&quot;,&quot;sizes&quot;:&quot;(max-width: 600px) 100vw, 600px&quot;,&quot;full_src&quot;:&quot;https:\\\/\\\/bodegaoutdoor.cl\\\/store\\\/wp-content\\\/uploads\\\/2021\\\/02\\\/29485-2iyzic.jpg&quot;,&quot;full_src_w&quot;:790,&quot;full_src_h&quot;:1072,&quot;gallery_thumbnail_src&quot;:&quot;https:\\\/\\\/bodegaoutdoor.cl\\\/store\\\/wp-content\\\/uploads\\\/2021\\\/02\\\/29485-2iyzic-100x100.jpg&quot;,&quot;gallery_thumbnail_src_w&quot;:100,&quot;gallery_thumbnail_src_h&quot;:100,&quot;thumb_src&quot;:&quot;https:\\\/\\\/bodegaoutdoor.cl\\\/store\\\/wp-content\\\/uploads\\\/2021\\\/02\\\/29485-2iyzic-300x300.jpg&quot;,&quot;thumb_src_w&quot;:300,&quot;thumb_src_h&quot;:300,&quot;src_w&quot;:600,&quot;src_h&quot;:814},&quot;image_id&quot;:29498,&quot;is_downloadable&quot;:false,&quot;is_in_stock&quot;:true,&quot;is_purchasable&quot;:true,&quot;is_sold_individually&quot;:&quot;no&quot;,&quot;is_virtual&quot;:false,&quot;max_qty&quot;:45088,&quot;min_qty&quot;:1,&quot;price_html&quot;:&quot;&quot;,&quot;sku&quot;:&quot;4000282670029&quot;,&quot;variation_description&quot;:&quot;&quot;,&quot;variation_id&quot;:29485,&quot;variation_is_active&quot;:true,&quot;variation_is_visible&quot;:true,&quot;weight&quot;:&quot;&quot;,&quot;weight_html&quot;:&quot;N\\\/D&quot;},{&quot;attributes&quot;:{&quot;attribute_pa_af7ef0993b8f1511543b19&quot;:&quot;c4&quot;},&quot;availability_html&quot;:&quot;&lt;p class=\\&quot;stock in-stock\\&quot;&gt;44296 disponibles&lt;\\\/p&gt;\\n&quot;,&quot;backorders_allowed&quot;:false,&quot;dimensions&quot;:{&quot;length&quot;:&quot;&quot;,&quot;width&quot;:&quot;&quot;,&quot;height&quot;:&quot;&quot;},&quot;dimensions_html&quot;:&quot;N\\\/D&quot;,&quot;display_price&quot;:11990,&quot;display_regular_price&quot;:14990,&quot;gallery_image_ids&quot;:[],&quot;gallery_images_html&quot;:&quot;&quot;,&quot;image&quot;:{&quot;title&quot;:&quot;29486-fbru9u.jpg&quot;,&quot;caption&quot;:&quot;&quot;,&quot;url&quot;:&quot;https:\\\/\\\/bodegaoutdoor.cl\\\/store\\\/wp-content\\\/uploads\\\/2021\\\/02\\\/29486-fbru9u.jpg&quot;,&quot;alt&quot;:&quot;29486-fbru9u.jpg&quot;,&quot;src&quot;:&quot;https:\\\/\\\/bodegaoutdoor.cl\\\/store\\\/wp-content\\\/uploads\\\/2021\\\/02\\\/29486-fbru9u-600x814.jpg&quot;,&quot;srcset&quot;:&quot;https:\\\/\\\/bodegaoutdoor.cl\\\/store\\\/wp-content\\\/uploads\\\/2021\\\/02\\\/29486-fbru9u-600x814.jpg 600w, https:\\\/\\\/bodegaoutdoor.cl\\\/store\\\/wp-content\\\/uploads\\\/2021\\\/02\\\/29486-fbru9u-768x1042.jpg 768w, https:\\\/\\\/bodegaoutdoor.cl\\\/store\\\/wp-content\\\/uploads\\\/2021\\\/02\\\/29486-fbru9u.jpg 790w&quot;,&quot;sizes&quot;:&quot;(max-width: 600px) 100vw, 600px&quot;,&quot;full_src&quot;:&quot;https:\\\/\\\/bodegaoutdoor.cl\\\/store\\\/wp-content\\\/uploads\\\/2021\\\/02\\\/29486-fbru9u.jpg&quot;,&quot;full_src_w&quot;:790,&quot;full_src_h&quot;:1072,&quot;gallery_thumbnail_src&quot;:&quot;https:\\\/\\\/bodegaoutdoor.cl\\\/store\\\/wp-content\\\/uploads\\\/2021\\\/02\\\/29486-fbru9u-100x100.jpg&quot;,&quot;gallery_thumbnail_src_w&quot;:100,&quot;gallery_thumbnail_src_h&quot;:100,&quot;thumb_src&quot;:&quot;https:\\\/\\\/bodegaoutdoor.cl\\\/store\\\/wp-content\\\/uploads\\\/2021\\\/02\\\/29486-fbru9u-300x300.jpg&quot;,&quot;thumb_src_w&quot;:300,&quot;thumb_src_h&quot;:300,&quot;src_w&quot;:600,&quot;src_h&quot;:814},&quot;image_id&quot;:29499,&quot;is_downloadable&quot;:false,&quot;is_in_stock&quot;:true,&quot;is_purchasable&quot;:true,&quot;is_sold_individually&quot;:&quot;no&quot;,&quot;is_virtual&quot;:false,&quot;max_qty&quot;:44296,&quot;min_qty&quot;:1,&quot;price_html&quot;:&quot;&quot;,&quot;sku&quot;:&quot;4000282670029&quot;,&quot;variation_description&quot;:&quot;&quot;,&quot;variation_id&quot;:29486,&quot;variation_is_active&quot;:true,&quot;variation_is_visible&quot;:true,&quot;weight&quot;:&quot;&quot;,&quot;weight_html&quot;:&quot;N\\\/D&quot;},{&quot;attributes&quot;:{&quot;attribute_pa_af7ef0993b8f1511543b19&quot;:&quot;c5&quot;},&quot;availability_html&quot;:&quot;&lt;p class=\\&quot;stock in-stock\\&quot;&gt;27160 disponibles&lt;\\\/p&gt;\\n&quot;,&quot;backorders_allowed&quot;:false,&quot;dimensions&quot;:{&quot;length&quot;:&quot;&quot;,&quot;width&quot;:&quot;&quot;,&quot;height&quot;:&quot;&quot;},&quot;dimensions_html&quot;:&quot;N\\\/D&quot;,&quot;display_price&quot;:11990,&quot;display_regular_price&quot;:14990,&quot;gallery_image_ids&quot;:[],&quot;gallery_images_html&quot;:&quot;&quot;,&quot;image&quot;:{&quot;title&quot;:&quot;29487-7fzjar.jpg&quot;,&quot;caption&quot;:&quot;&quot;,&quot;url&quot;:&quot;https:\\\/\\\/bodegaoutdoor.cl\\\/store\\\/wp-content\\\/uploads\\\/2021\\\/02\\\/29487-7fzjar.jpg&quot;,&quot;alt&quot;:&quot;29487-7fzjar.jpg&quot;,&quot;src&quot;:&quot;https:\\\/\\\/bodegaoutdoor.cl\\\/store\\\/wp-content\\\/uploads\\\/2021\\\/02\\\/29487-7fzjar-600x814.jpg&quot;,&quot;srcset&quot;:&quot;https:\\\/\\\/bodegaoutdoor.cl\\\/store\\\/wp-content\\\/uploads\\\/2021\\\/02\\\/29487-7fzjar-600x814.jpg 600w, https:\\\/\\\/bodegaoutdoor.cl\\\/store\\\/wp-content\\\/uploads\\\/2021\\\/02\\\/29487-7fzjar-768x1042.jpg 768w, https:\\\/\\\/bodegaoutdoor.cl\\\/store\\\/wp-content\\\/uploads\\\/2021\\\/02\\\/29487-7fzjar.jpg 790w&quot;,&quot;sizes&quot;:&quot;(max-width: 600px) 100vw, 600px&quot;,&quot;full_src&quot;:&quot;https:\\\/\\\/bodegaoutdoor.cl\\\/store\\\/wp-content\\\/uploads\\\/2021\\\/02\\\/29487-7fzjar.jpg&quot;,&quot;full_src_w&quot;:790,&quot;full_src_h&quot;:1072,&quot;gallery_thumbnail_src&quot;:&quot;https:\\\/\\\/bodegaoutdoor.cl\\\/store\\\/wp-content\\\/uploads\\\/2021\\\/02\\\/29487-7fzjar-100x100.jpg&quot;,&quot;gallery_thumbnail_src_w&quot;:100,&quot;gallery_thumbnail_src_h&quot;:100,&quot;thumb_src&quot;:&quot;https:\\\/\\\/bodegaoutdoor.cl\\\/store\\\/wp-content\\\/uploads\\\/2021\\\/02\\\/29487-7fzjar-300x300.jpg&quot;,&quot;thumb_src_w&quot;:300,&quot;thumb_src_h&quot;:300,&quot;src_w&quot;:600,&quot;src_h&quot;:814},&quot;image_id&quot;:29500,&quot;is_downloadable&quot;:false,&quot;is_in_stock&quot;:true,&quot;is_purchasable&quot;:true,&quot;is_sold_individually&quot;:&quot;no&quot;,&quot;is_virtual&quot;:false,&quot;max_qty&quot;:27160,&quot;min_qty&quot;:1,&quot;price_html&quot;:&quot;&quot;,&quot;sku&quot;:&quot;4000282670029&quot;,&quot;variation_description&quot;:&quot;&quot;,&quot;variation_id&quot;:29487,&quot;variation_is_active&quot;:true,&quot;variation_is_visible&quot;:true,&quot;weight&quot;:&quot;&quot;,&quot;weight_html&quot;:&quot;N\\\/D&quot;}]\">\r\n            \r\n                            <table class=\"variations\" cellspacing=\"0\">\r\n                    <tbody>\r\n\r\n                    \r\n                                                <tr>\r\n                            <td class=\"label\"><label for=\"pa_af7ef0993b8f1511543b19\">Lenses Color<\/label><\/td>\r\n                            <td class=\"value\">\r\n                                <div class=\"adsw-attribute-option\"><span class=\"meta-item-img sku-set \" data-value=\"c1\" data-image_id=\"29496\" title=\"C1\"><i  style=\"width: 50px; height: 50px;\"><img loading=\"lazy\" decoding=\"async\" width=\"100\" height=\"100\" src=\"https:\/\/bodegaoutdoor.cl\/store\/wp-content\/uploads\/2021\/02\/29483-kz1e6s-100x100.jpg\" class=\"attachment-shop_thumbnail size-shop_thumbnail\" alt=\"C1\" title=\"C1\" style=\"\" srcset=\"https:\/\/bodegaoutdoor.cl\/store\/wp-content\/uploads\/2021\/02\/29483-kz1e6s-100x100.jpg 100w, https:\/\/bodegaoutdoor.cl\/store\/wp-content\/uploads\/2021\/02\/29483-kz1e6s-300x300.jpg 300w, https:\/\/bodegaoutdoor.cl\/store\/wp-content\/uploads\/2021\/02\/29483-kz1e6s-150x150.jpg 150w\" sizes=\"(max-width: 100px) 100vw, 100px\" \/><\/i><\/span><span class=\"meta-item-img sku-set \" data-value=\"c2\" data-image_id=\"29494\" title=\"C2\"><i  style=\"width: 50px; height: 50px;\"><img loading=\"lazy\" decoding=\"async\" width=\"100\" height=\"100\" src=\"https:\/\/bodegaoutdoor.cl\/store\/wp-content\/uploads\/2021\/02\/29481-erzu1l-100x100.jpg\" class=\"attachment-shop_thumbnail size-shop_thumbnail\" alt=\"C2\" title=\"C2\" style=\"\" srcset=\"https:\/\/bodegaoutdoor.cl\/store\/wp-content\/uploads\/2021\/02\/29481-erzu1l-100x100.jpg 100w, https:\/\/bodegaoutdoor.cl\/store\/wp-content\/uploads\/2021\/02\/29481-erzu1l-300x300.jpg 300w, https:\/\/bodegaoutdoor.cl\/store\/wp-content\/uploads\/2021\/02\/29481-erzu1l-150x150.jpg 150w\" sizes=\"(max-width: 100px) 100vw, 100px\" \/><\/i><\/span><span class=\"meta-item-img sku-set \" data-value=\"c3\" data-image_id=\"29495\" title=\"C3\"><i  style=\"width: 50px; height: 50px;\"><img loading=\"lazy\" decoding=\"async\" width=\"100\" height=\"100\" src=\"https:\/\/bodegaoutdoor.cl\/store\/wp-content\/uploads\/2021\/02\/29482-ghqqmr-100x100.jpg\" class=\"attachment-shop_thumbnail size-shop_thumbnail\" alt=\"C3\" title=\"C3\" style=\"\" srcset=\"https:\/\/bodegaoutdoor.cl\/store\/wp-content\/uploads\/2021\/02\/29482-ghqqmr-100x100.jpg 100w, https:\/\/bodegaoutdoor.cl\/store\/wp-content\/uploads\/2021\/02\/29482-ghqqmr-300x300.jpg 300w, https:\/\/bodegaoutdoor.cl\/store\/wp-content\/uploads\/2021\/02\/29482-ghqqmr-150x150.jpg 150w\" sizes=\"(max-width: 100px) 100vw, 100px\" \/><\/i><\/span><span class=\"meta-item-img sku-set \" data-value=\"c4\" data-image_id=\"29499\" title=\"C4\"><i  style=\"width: 50px; height: 50px;\"><img loading=\"lazy\" decoding=\"async\" width=\"100\" height=\"100\" src=\"https:\/\/bodegaoutdoor.cl\/store\/wp-content\/uploads\/2021\/02\/29486-fbru9u-100x100.jpg\" class=\"attachment-shop_thumbnail size-shop_thumbnail\" alt=\"C4\" title=\"C4\" style=\"\" srcset=\"https:\/\/bodegaoutdoor.cl\/store\/wp-content\/uploads\/2021\/02\/29486-fbru9u-100x100.jpg 100w, https:\/\/bodegaoutdoor.cl\/store\/wp-content\/uploads\/2021\/02\/29486-fbru9u-300x300.jpg 300w, https:\/\/bodegaoutdoor.cl\/store\/wp-content\/uploads\/2021\/02\/29486-fbru9u-150x150.jpg 150w\" sizes=\"(max-width: 100px) 100vw, 100px\" \/><\/i><\/span><span class=\"meta-item-img sku-set \" data-value=\"c5\" data-image_id=\"29500\" title=\"C5\"><i  style=\"width: 50px; height: 50px;\"><img loading=\"lazy\" decoding=\"async\" width=\"100\" height=\"100\" src=\"https:\/\/bodegaoutdoor.cl\/store\/wp-content\/uploads\/2021\/02\/29487-7fzjar-100x100.jpg\" class=\"attachment-shop_thumbnail size-shop_thumbnail\" alt=\"C5\" title=\"C5\" style=\"\" srcset=\"https:\/\/bodegaoutdoor.cl\/store\/wp-content\/uploads\/2021\/02\/29487-7fzjar-100x100.jpg 100w, https:\/\/bodegaoutdoor.cl\/store\/wp-content\/uploads\/2021\/02\/29487-7fzjar-300x300.jpg 300w, https:\/\/bodegaoutdoor.cl\/store\/wp-content\/uploads\/2021\/02\/29487-7fzjar-150x150.jpg 150w\" sizes=\"(max-width: 100px) 100vw, 100px\" \/><\/i><\/span><span class=\"meta-item-img sku-set \" data-value=\"c6\" data-image_id=\"29497\" title=\"C6\"><i  style=\"width: 50px; height: 50px;\"><img loading=\"lazy\" decoding=\"async\" width=\"100\" height=\"100\" src=\"https:\/\/bodegaoutdoor.cl\/store\/wp-content\/uploads\/2021\/02\/29484-liazlw-100x100.jpg\" class=\"attachment-shop_thumbnail size-shop_thumbnail\" alt=\"C6\" title=\"C6\" style=\"\" srcset=\"https:\/\/bodegaoutdoor.cl\/store\/wp-content\/uploads\/2021\/02\/29484-liazlw-100x100.jpg 100w, https:\/\/bodegaoutdoor.cl\/store\/wp-content\/uploads\/2021\/02\/29484-liazlw-300x300.jpg 300w, https:\/\/bodegaoutdoor.cl\/store\/wp-content\/uploads\/2021\/02\/29484-liazlw-150x150.jpg 150w\" sizes=\"(max-width: 100px) 100vw, 100px\" \/><\/i><\/span><span class=\"meta-item-img sku-set \" data-value=\"c7\" data-image_id=\"29498\" title=\"C7\"><i  style=\"width: 50px; height: 50px;\"><img loading=\"lazy\" decoding=\"async\" width=\"100\" height=\"100\" src=\"https:\/\/bodegaoutdoor.cl\/store\/wp-content\/uploads\/2021\/02\/29485-2iyzic-100x100.jpg\" class=\"attachment-shop_thumbnail size-shop_thumbnail\" alt=\"C7\" title=\"C7\" style=\"\" srcset=\"https:\/\/bodegaoutdoor.cl\/store\/wp-content\/uploads\/2021\/02\/29485-2iyzic-100x100.jpg 100w, https:\/\/bodegaoutdoor.cl\/store\/wp-content\/uploads\/2021\/02\/29485-2iyzic-300x300.jpg 300w, https:\/\/bodegaoutdoor.cl\/store\/wp-content\/uploads\/2021\/02\/29485-2iyzic-150x150.jpg 150w\" sizes=\"(max-width: 100px) 100vw, 100px\" \/><\/i><\/span><\/div><select id=\"pa_af7ef0993b8f1511543b19\" class=\"\" name=\"attribute_pa_af7ef0993b8f1511543b19\" data-attribute_name=\"attribute_pa_af7ef0993b8f1511543b19\" style=\"display:none\"><option value=\"\">Elige una opci\u00f3n<\/option><option value=\"c1\" >C1<\/option><option value=\"c2\" >C2<\/option><option value=\"c3\" >C3<\/option><option value=\"c4\" >C4<\/option><option value=\"c5\" >C5<\/option><option value=\"c6\" >C6<\/option><option value=\"c7\" >C7<\/option><\/select><a class=\"reset_variations\" href=\"#\">Limpiar<\/a>                            <\/td>\r\n                        <\/tr>\r\n                                        <\/tbody>\r\n                <\/table>\r\n\r\n                <div class=\"single_variation_wrap\">\r\n                    <div class=\"woocommerce-variation single_variation\" role=\"alert\" aria-relevant=\"additions\"><\/div><div class=\"woocommerce-variation-add-to-cart variations_button\">\n\t\n\t<div class=\"quantity\">\n\t\t<input type=\"button\" value=\"-\" class=\"minus\" \/>\n\t<label class=\"screen-reader-text\" for=\"quantity_6a9b598e866b2\">Lentes Polarizados Vintage Driving Travel Fishing Classic Outdoor quantity<\/label>\n\t<input\n\t\ttype=\"number\"\n\t\t\t\tid=\"quantity_6a9b598e866b2\"\n\t\tclass=\"input-text qty text\"\n\t\tname=\"quantity\"\n\t\tvalue=\"1\"\n\t\taria-label=\"Qty\"\n\t\t\t\tmin=\"1\"\n\t\t\t\t\tmax=\"278650\"\n\t\t\t\t\t\t\tstep=\"1\"\n\t\t\tplaceholder=\"\"\n\t\t\tinputmode=\"numeric\"\n\t\t\tautocomplete=\"off\"\n\t\t\t\/>\n\t<input type=\"button\" value=\"+\" class=\"plus\" \/>\n\t<\/div>\n\n\t<button type=\"submit\" class=\"single_add_to_cart_button button alt\">Agregar al carrito<\/button>\n\n\t\n\t<input type=\"hidden\" name=\"add-to-cart\" value=\"29480\" \/>\n\t<input type=\"hidden\" name=\"product_id\" value=\"29480\" \/>\n\t<input type=\"hidden\" name=\"variation_id\" class=\"variation_id\" value=\"0\" \/>\n<\/div>\n                <\/div>\r\n            \r\n                    <\/form>\r\n\r\n        \n<div\n\tclass=\"yith-wcwl-add-to-wishlist add-to-wishlist-29480 yith-wcwl-add-to-wishlist--link-style wishlist-fragment on-first-load\"\n\tdata-fragment-ref=\"29480\"\n\tdata-fragment-options=\"{&quot;base_url&quot;:&quot;&quot;,&quot;product_id&quot;:29480,&quot;parent_product_id&quot;:0,&quot;product_type&quot;:&quot;variable&quot;,&quot;is_single&quot;:false,&quot;in_default_wishlist&quot;:false,&quot;show_view&quot;:false,&quot;browse_wishlist_text&quot;:&quot;Lista Deseos&quot;,&quot;already_in_wishslist_text&quot;:&quot;The producto esta Agregado!&quot;,&quot;product_added_text&quot;:&quot;Producto Agregado!&quot;,&quot;available_multi_wishlist&quot;:false,&quot;disable_wishlist&quot;:false,&quot;show_count&quot;:false,&quot;ajax_loading&quot;:false,&quot;loop_position&quot;:&quot;after_add_to_cart&quot;,&quot;item&quot;:&quot;add_to_wishlist&quot;}\"\n>\n\t\t\t\n\t\t\t<!-- ADD TO WISHLIST -->\n\t\t\t\n<div class=\"yith-wcwl-add-button\">\n\t\t<a\n\t\thref=\"?add_to_wishlist=29480&#038;_wpnonce=98056c7fc2\"\n\t\tclass=\"add_to_wishlist single_add_to_wishlist\"\n\t\tdata-product-id=\"29480\"\n\t\tdata-product-type=\"variable\"\n\t\tdata-original-product-id=\"0\"\n\t\tdata-title=\"Lista Deseos\"\n\t\trel=\"nofollow\"\n\t>\n\t\t<svg id=\"yith-wcwl-icon-heart-outline\" class=\"yith-wcwl-icon-svg\" fill=\"none\" stroke-width=\"1.5\" stroke=\"currentColor\" viewbox=\"0 0 24 24\" xmlns=\"http:\/\/www.w3.org\/2000\/svg\">\n  <path stroke-linecap=\"round\" stroke-linejoin=\"round\" d=\"M21 8.25c0-2.485-2.099-4.5-4.688-4.5-1.935 0-3.597 1.126-4.312 2.733-.715-1.607-2.377-2.733-4.313-2.733C5.1 3.75 3 5.765 3 8.25c0 7.22 9 12 9 12s9-4.78 9-12Z\"><\/path>\n<\/svg>\t\t<span>Lista Deseos<\/span>\n\t<\/a>\n<\/div>\n\n\t\t\t<!-- COUNT TEXT -->\n\t\t\t\n\t\t\t<\/div>\n                        <\/div>\n                    <\/div>\n                <\/div>\n            <\/div>\n        <\/div>\n    <\/div>\n<\/div><!-- end quickView --><!-- end today gadget section -->                                    \n                                                                                            <div class=\"col-md-6\">\n                                        <div class=\"xs-product-wraper version-3 text-center\">\n                                                                                        <a class=\"xs_product_img_link\" href=\"https:\/\/bodegaoutdoor.cl\/store\/product\/lemfo-reloj-inteligente-iwo-14-pro-hw67-reloj-inteligente-hombre-llamada-bluetooth-nfc-imagen-de-la-esfera-personalizada-presion-arterial-frecuencia-cardiaca-reloj-inteligente-mujer-smartwatch-soporte\/\">\n                                                <img loading=\"lazy\" decoding=\"async\" width=\"180\" height=\"180\" src=\"https:\/\/bodegaoutdoor.cl\/store\/wp-content\/uploads\/2022\/06\/58305-5tjyqv.jpg\" class=\"attachment-193x180 size-193x180\" alt=\"Lemfo-reloj inteligente Iwo 14 Pro HW67 reloj inteligente hombre Llamada Bluetooth NFC Imagen de la esfera personalizada Presi\u00f3n arterial Frecuencia card\u00edaca reloj inteligente mujer smartwatch Soporte para  Android Ios\" srcset=\"https:\/\/bodegaoutdoor.cl\/store\/wp-content\/uploads\/2022\/06\/58305-5tjyqv.jpg 1200w, https:\/\/bodegaoutdoor.cl\/store\/wp-content\/uploads\/2022\/06\/58305-5tjyqv-300x300.jpg 300w, https:\/\/bodegaoutdoor.cl\/store\/wp-content\/uploads\/2022\/06\/58305-5tjyqv-100x100.jpg 100w, https:\/\/bodegaoutdoor.cl\/store\/wp-content\/uploads\/2022\/06\/58305-5tjyqv-600x600.jpg 600w, https:\/\/bodegaoutdoor.cl\/store\/wp-content\/uploads\/2022\/06\/58305-5tjyqv-150x150.jpg 150w, https:\/\/bodegaoutdoor.cl\/store\/wp-content\/uploads\/2022\/06\/58305-5tjyqv-768x768.jpg 768w\" sizes=\"(max-width: 180px) 100vw, 180px\" \/>                                            <\/a>\n                                                                                        <ul class=\"product-item-meta\">\n                                                <li class=\"xs-cart-wrapper\">\n                                                                                                            <a href=\"https:\/\/bodegaoutdoor.cl\/store\/product\/lemfo-reloj-inteligente-iwo-14-pro-hw67-reloj-inteligente-hombre-llamada-bluetooth-nfc-imagen-de-la-esfera-personalizada-presion-arterial-frecuencia-cardiaca-reloj-inteligente-mujer-smartwatch-soporte\/\" aria-describedby=\"woocommerce_loop_add_to_cart_link_describedby_58305\" data-quantity=\"1\" class=\"button product_type_variable add_to_cart_button\" data-product_id=\"58305\" data-product_sku=\"1005002930832517\" aria-label=\"Elige las opciones para &ldquo;Lemfo-reloj inteligente Iwo 14 Pro HW67 reloj inteligente hombre Llamada Bluetooth NFC Imagen de la esfera personalizada Presi\u00f3n arterial Frecuencia card\u00edaca reloj inteligente mujer smartwatch Soporte para  Android Ios&rdquo;\" rel=\"nofollow\">Seleccionar opciones<\/a>    <span id=\"woocommerce_loop_add_to_cart_link_describedby_58305\" class=\"screen-reader-text\">\n        Este producto tiene m\u00faltiples variantes. Las opciones se pueden elegir en la p\u00e1gina de producto    <\/span>\n                                                                                                    <\/li>\n                                                <li><a href=\"#\" data-toggle=\"modal\" data-target=\".xs-quick-view-modal-78513-3\"><i class=\"xsicon xsicon-eye\"><\/i><\/a><\/li>\n                                                                                                    <li class=\"xs-wishlist-wrapper xs-wishlist\">\n                                                        \n<div\n\tclass=\"yith-wcwl-add-to-wishlist add-to-wishlist-58305 yith-wcwl-add-to-wishlist--link-style wishlist-fragment on-first-load\"\n\tdata-fragment-ref=\"58305\"\n\tdata-fragment-options=\"{&quot;base_url&quot;:&quot;&quot;,&quot;product_id&quot;:58305,&quot;parent_product_id&quot;:0,&quot;product_type&quot;:&quot;variable&quot;,&quot;is_single&quot;:false,&quot;in_default_wishlist&quot;:false,&quot;show_view&quot;:false,&quot;browse_wishlist_text&quot;:&quot;Lista Deseos&quot;,&quot;already_in_wishslist_text&quot;:&quot;The producto esta Agregado!&quot;,&quot;product_added_text&quot;:&quot;Producto Agregado!&quot;,&quot;available_multi_wishlist&quot;:false,&quot;disable_wishlist&quot;:false,&quot;show_count&quot;:false,&quot;ajax_loading&quot;:false,&quot;loop_position&quot;:&quot;after_add_to_cart&quot;,&quot;item&quot;:&quot;add_to_wishlist&quot;}\"\n>\n\t\t\t\n\t\t\t<!-- ADD TO WISHLIST -->\n\t\t\t\n<div class=\"yith-wcwl-add-button\">\n\t\t<a\n\t\thref=\"?add_to_wishlist=58305&#038;_wpnonce=98056c7fc2\"\n\t\tclass=\"add_to_wishlist single_add_to_wishlist\"\n\t\tdata-product-id=\"58305\"\n\t\tdata-product-type=\"variable\"\n\t\tdata-original-product-id=\"0\"\n\t\tdata-title=\"Lista Deseos\"\n\t\trel=\"nofollow\"\n\t>\n\t\t<svg id=\"yith-wcwl-icon-heart-outline\" class=\"yith-wcwl-icon-svg\" fill=\"none\" stroke-width=\"1.5\" stroke=\"currentColor\" viewbox=\"0 0 24 24\" xmlns=\"http:\/\/www.w3.org\/2000\/svg\">\n  <path stroke-linecap=\"round\" stroke-linejoin=\"round\" d=\"M21 8.25c0-2.485-2.099-4.5-4.688-4.5-1.935 0-3.597 1.126-4.312 2.733-.715-1.607-2.377-2.733-4.313-2.733C5.1 3.75 3 5.765 3 8.25c0 7.22 9 12 9 12s9-4.78 9-12Z\"><\/path>\n<\/svg>\t\t<span>Lista Deseos<\/span>\n\t<\/a>\n<\/div>\n\n\t\t\t<!-- COUNT TEXT -->\n\t\t\t\n\t\t\t<\/div>\n                                                    <\/li>\n                                                                                            <\/ul>\n                                            <!-- <div class=\"xs-product-content\"> -->\n                                                <!-- <span class=\"product-categories\"> -->\n                                                    <span class=\"product-categories\"><a href = 'https:\/\/bodegaoutdoor.cl\/store\/product-category\/relojes\/'>Relojes<\/a>  <\/span>\n                                                <!-- <\/span> -->\n                                                <a class=\"product-title medium\" href=\"https:\/\/bodegaoutdoor.cl\/store\/product\/lemfo-reloj-inteligente-iwo-14-pro-hw67-reloj-inteligente-hombre-llamada-bluetooth-nfc-imagen-de-la-esfera-personalizada-presion-arterial-frecuencia-cardiaca-reloj-inteligente-mujer-smartwatch-soporte\/\">Lemfo-reloj inteligente Iwo 14 Pro HW67 reloj inteligente hombre Llamada Bluetooth NFC Imagen de la esfera personalizada Presi\u00f3n arterial Frecuencia card\u00edaca reloj inteligente mujer smartwatch Soporte para  Android Ios<\/a>\n                                                <span class=\"price\"><span class=\"woocommerce-Price-amount amount\"><bdi><span class=\"woocommerce-Price-currencySymbol\" translate=\"no\">$<\/span>49,990<\/bdi><\/span><\/span>\n                                            <!-- <\/div> -->\n                                        <\/div>\n                                    <\/div>\n                                    <div class=\"woocommerce xs-modal xs-modal-quick-view xs-quick-view-modal-78513-3 modal fade\" tabindex=\"-1\" aria-hidden=\"true\">\n    <div class=\"modal-dialog\">\n        <div class=\"modal-content\">\n            <button type=\"button\" class=\"close\" data-dismiss=\"modal\" aria-label=\"Close\">\n                <span class=\"xsicon xsicon-cross\"><\/span>\n            <\/button>\n            <div class=\"container\">\n                <div class=\"row\">\n                    <div class=\"col-md-6\">\n                        <div class=\"images\">\n                                                        <img loading=\"lazy\" decoding=\"async\" width=\"1200\" height=\"1200\" src=\"https:\/\/bodegaoutdoor.cl\/store\/wp-content\/uploads\/2022\/06\/58305-5tjyqv.jpg\" class=\"attachment-full size-full\" alt=\"\" srcset=\"https:\/\/bodegaoutdoor.cl\/store\/wp-content\/uploads\/2022\/06\/58305-5tjyqv.jpg 1200w, https:\/\/bodegaoutdoor.cl\/store\/wp-content\/uploads\/2022\/06\/58305-5tjyqv-300x300.jpg 300w, https:\/\/bodegaoutdoor.cl\/store\/wp-content\/uploads\/2022\/06\/58305-5tjyqv-100x100.jpg 100w, https:\/\/bodegaoutdoor.cl\/store\/wp-content\/uploads\/2022\/06\/58305-5tjyqv-600x600.jpg 600w, https:\/\/bodegaoutdoor.cl\/store\/wp-content\/uploads\/2022\/06\/58305-5tjyqv-150x150.jpg 150w, https:\/\/bodegaoutdoor.cl\/store\/wp-content\/uploads\/2022\/06\/58305-5tjyqv-768x768.jpg 768w\" sizes=\"(max-width: 1200px) 100vw, 1200px\" \/>                                                <\/div>\n                    <\/div>\n                    <div class=\"col-md-6 align-self-center\">\n                        <div class=\"summary-content entry-summary\">\n                            <h2 class=\"product_title entry-title\">Lemfo-reloj inteligente Iwo 14 Pro HW67 reloj inteligente hombre Llamada Bluetooth NFC Imagen de la esfera personalizada Presi\u00f3n arterial Frecuencia card\u00edaca reloj inteligente mujer smartwatch Soporte para  Android Ios<\/h2><div class=\"product_meta\">\n\n\t\n\t\n\t\t<span class=\"sku_wrapper\">SKU: <span class=\"sku\">1005002930832517<\/span><\/span>\n\n\t\n\t<span class=\"posted_in\">Categor\u00eda: <a href=\"https:\/\/bodegaoutdoor.cl\/store\/product-category\/relojes\/\" rel=\"tag\">Relojes<\/a><\/span>\n\t\n\t\n<\/div>\n<p class=\"price\"><span class=\"woocommerce-Price-amount amount\"><bdi><span class=\"woocommerce-Price-currencySymbol\" translate=\"no\">$<\/span>49,990<\/bdi><\/span><\/p>\n\r\n        <form class=\"variations_form cart\" method=\"post\" enctype='multipart\/form-data' data-product_id=\"58305\" data-product_variations=\"[{&quot;attributes&quot;:{&quot;attribute_pa_color&quot;:&quot;blue-hw67&quot;,&quot;attribute_pa_679272393cd8d368fcf1cb&quot;:&quot;china&quot;,&quot;attribute_pa_f294abc323c8581b087d9a&quot;:&quot;44mm&quot;},&quot;availability_html&quot;:&quot;&lt;p class=\\&quot;stock in-stock\\&quot;&gt;121 disponibles&lt;\\\/p&gt;\\n&quot;,&quot;backorders_allowed&quot;:false,&quot;dimensions&quot;:{&quot;length&quot;:&quot;&quot;,&quot;width&quot;:&quot;&quot;,&quot;height&quot;:&quot;&quot;},&quot;dimensions_html&quot;:&quot;N\\\/D&quot;,&quot;display_price&quot;:49990,&quot;display_regular_price&quot;:49990,&quot;gallery_image_ids&quot;:[],&quot;gallery_images_html&quot;:&quot;&quot;,&quot;image&quot;:{&quot;title&quot;:&quot;58305-5tjyqv.jpg&quot;,&quot;caption&quot;:&quot;&quot;,&quot;url&quot;:&quot;https:\\\/\\\/bodegaoutdoor.cl\\\/store\\\/wp-content\\\/uploads\\\/2022\\\/06\\\/58305-5tjyqv.jpg&quot;,&quot;alt&quot;:&quot;58305-5tjyqv.jpg&quot;,&quot;src&quot;:&quot;https:\\\/\\\/bodegaoutdoor.cl\\\/store\\\/wp-content\\\/uploads\\\/2022\\\/06\\\/58305-5tjyqv-600x600.jpg&quot;,&quot;srcset&quot;:&quot;https:\\\/\\\/bodegaoutdoor.cl\\\/store\\\/wp-content\\\/uploads\\\/2022\\\/06\\\/58305-5tjyqv-600x600.jpg 600w, https:\\\/\\\/bodegaoutdoor.cl\\\/store\\\/wp-content\\\/uploads\\\/2022\\\/06\\\/58305-5tjyqv-300x300.jpg 300w, https:\\\/\\\/bodegaoutdoor.cl\\\/store\\\/wp-content\\\/uploads\\\/2022\\\/06\\\/58305-5tjyqv-100x100.jpg 100w, https:\\\/\\\/bodegaoutdoor.cl\\\/store\\\/wp-content\\\/uploads\\\/2022\\\/06\\\/58305-5tjyqv-150x150.jpg 150w, https:\\\/\\\/bodegaoutdoor.cl\\\/store\\\/wp-content\\\/uploads\\\/2022\\\/06\\\/58305-5tjyqv-768x768.jpg 768w, https:\\\/\\\/bodegaoutdoor.cl\\\/store\\\/wp-content\\\/uploads\\\/2022\\\/06\\\/58305-5tjyqv.jpg 1200w&quot;,&quot;sizes&quot;:&quot;(max-width: 600px) 100vw, 600px&quot;,&quot;full_src&quot;:&quot;https:\\\/\\\/bodegaoutdoor.cl\\\/store\\\/wp-content\\\/uploads\\\/2022\\\/06\\\/58305-5tjyqv.jpg&quot;,&quot;full_src_w&quot;:1200,&quot;full_src_h&quot;:1200,&quot;gallery_thumbnail_src&quot;:&quot;https:\\\/\\\/bodegaoutdoor.cl\\\/store\\\/wp-content\\\/uploads\\\/2022\\\/06\\\/58305-5tjyqv-100x100.jpg&quot;,&quot;gallery_thumbnail_src_w&quot;:100,&quot;gallery_thumbnail_src_h&quot;:100,&quot;thumb_src&quot;:&quot;https:\\\/\\\/bodegaoutdoor.cl\\\/store\\\/wp-content\\\/uploads\\\/2022\\\/06\\\/58305-5tjyqv-300x300.jpg&quot;,&quot;thumb_src_w&quot;:300,&quot;thumb_src_h&quot;:300,&quot;src_w&quot;:600,&quot;src_h&quot;:600},&quot;image_id&quot;:58484,&quot;is_downloadable&quot;:false,&quot;is_in_stock&quot;:true,&quot;is_purchasable&quot;:true,&quot;is_sold_individually&quot;:&quot;no&quot;,&quot;is_virtual&quot;:false,&quot;max_qty&quot;:121,&quot;min_qty&quot;:1,&quot;price_html&quot;:&quot;&quot;,&quot;sku&quot;:&quot;1005002930832517&quot;,&quot;variation_description&quot;:&quot;&quot;,&quot;variation_id&quot;:58324,&quot;variation_is_active&quot;:true,&quot;variation_is_visible&quot;:true,&quot;weight&quot;:&quot;&quot;,&quot;weight_html&quot;:&quot;N\\\/D&quot;},{&quot;attributes&quot;:{&quot;attribute_pa_color&quot;:&quot;pink-hw67&quot;,&quot;attribute_pa_679272393cd8d368fcf1cb&quot;:&quot;china&quot;,&quot;attribute_pa_f294abc323c8581b087d9a&quot;:&quot;44mm&quot;},&quot;availability_html&quot;:&quot;&lt;p class=\\&quot;stock in-stock\\&quot;&gt;371 disponibles&lt;\\\/p&gt;\\n&quot;,&quot;backorders_allowed&quot;:false,&quot;dimensions&quot;:{&quot;length&quot;:&quot;&quot;,&quot;width&quot;:&quot;&quot;,&quot;height&quot;:&quot;&quot;},&quot;dimensions_html&quot;:&quot;N\\\/D&quot;,&quot;display_price&quot;:49990,&quot;display_regular_price&quot;:49990,&quot;gallery_image_ids&quot;:[],&quot;gallery_images_html&quot;:&quot;&quot;,&quot;image&quot;:{&quot;title&quot;:&quot;58305-5tjyqv.jpg&quot;,&quot;caption&quot;:&quot;&quot;,&quot;url&quot;:&quot;https:\\\/\\\/bodegaoutdoor.cl\\\/store\\\/wp-content\\\/uploads\\\/2022\\\/06\\\/58305-5tjyqv.jpg&quot;,&quot;alt&quot;:&quot;58305-5tjyqv.jpg&quot;,&quot;src&quot;:&quot;https:\\\/\\\/bodegaoutdoor.cl\\\/store\\\/wp-content\\\/uploads\\\/2022\\\/06\\\/58305-5tjyqv-600x600.jpg&quot;,&quot;srcset&quot;:&quot;https:\\\/\\\/bodegaoutdoor.cl\\\/store\\\/wp-content\\\/uploads\\\/2022\\\/06\\\/58305-5tjyqv-600x600.jpg 600w, https:\\\/\\\/bodegaoutdoor.cl\\\/store\\\/wp-content\\\/uploads\\\/2022\\\/06\\\/58305-5tjyqv-300x300.jpg 300w, https:\\\/\\\/bodegaoutdoor.cl\\\/store\\\/wp-content\\\/uploads\\\/2022\\\/06\\\/58305-5tjyqv-100x100.jpg 100w, https:\\\/\\\/bodegaoutdoor.cl\\\/store\\\/wp-content\\\/uploads\\\/2022\\\/06\\\/58305-5tjyqv-150x150.jpg 150w, https:\\\/\\\/bodegaoutdoor.cl\\\/store\\\/wp-content\\\/uploads\\\/2022\\\/06\\\/58305-5tjyqv-768x768.jpg 768w, https:\\\/\\\/bodegaoutdoor.cl\\\/store\\\/wp-content\\\/uploads\\\/2022\\\/06\\\/58305-5tjyqv.jpg 1200w&quot;,&quot;sizes&quot;:&quot;(max-width: 600px) 100vw, 600px&quot;,&quot;full_src&quot;:&quot;https:\\\/\\\/bodegaoutdoor.cl\\\/store\\\/wp-content\\\/uploads\\\/2022\\\/06\\\/58305-5tjyqv.jpg&quot;,&quot;full_src_w&quot;:1200,&quot;full_src_h&quot;:1200,&quot;gallery_thumbnail_src&quot;:&quot;https:\\\/\\\/bodegaoutdoor.cl\\\/store\\\/wp-content\\\/uploads\\\/2022\\\/06\\\/58305-5tjyqv-100x100.jpg&quot;,&quot;gallery_thumbnail_src_w&quot;:100,&quot;gallery_thumbnail_src_h&quot;:100,&quot;thumb_src&quot;:&quot;https:\\\/\\\/bodegaoutdoor.cl\\\/store\\\/wp-content\\\/uploads\\\/2022\\\/06\\\/58305-5tjyqv-300x300.jpg&quot;,&quot;thumb_src_w&quot;:300,&quot;thumb_src_h&quot;:300,&quot;src_w&quot;:600,&quot;src_h&quot;:600},&quot;image_id&quot;:58484,&quot;is_downloadable&quot;:false,&quot;is_in_stock&quot;:true,&quot;is_purchasable&quot;:true,&quot;is_sold_individually&quot;:&quot;no&quot;,&quot;is_virtual&quot;:false,&quot;max_qty&quot;:371,&quot;min_qty&quot;:1,&quot;price_html&quot;:&quot;&quot;,&quot;sku&quot;:&quot;1005002930832517&quot;,&quot;variation_description&quot;:&quot;&quot;,&quot;variation_id&quot;:58394,&quot;variation_is_active&quot;:true,&quot;variation_is_visible&quot;:true,&quot;weight&quot;:&quot;&quot;,&quot;weight_html&quot;:&quot;N\\\/D&quot;},{&quot;attributes&quot;:{&quot;attribute_pa_color&quot;:&quot;black-hw67&quot;,&quot;attribute_pa_679272393cd8d368fcf1cb&quot;:&quot;china&quot;,&quot;attribute_pa_f294abc323c8581b087d9a&quot;:&quot;44mm&quot;},&quot;availability_html&quot;:&quot;&lt;p class=\\&quot;stock in-stock\\&quot;&gt;293 disponibles&lt;\\\/p&gt;\\n&quot;,&quot;backorders_allowed&quot;:false,&quot;dimensions&quot;:{&quot;length&quot;:&quot;&quot;,&quot;width&quot;:&quot;&quot;,&quot;height&quot;:&quot;&quot;},&quot;dimensions_html&quot;:&quot;N\\\/D&quot;,&quot;display_price&quot;:49990,&quot;display_regular_price&quot;:49990,&quot;gallery_image_ids&quot;:[],&quot;gallery_images_html&quot;:&quot;&quot;,&quot;image&quot;:{&quot;title&quot;:&quot;58305-fkujrs.jpg&quot;,&quot;caption&quot;:&quot;&quot;,&quot;url&quot;:&quot;https:\\\/\\\/bodegaoutdoor.cl\\\/store\\\/wp-content\\\/uploads\\\/2022\\\/06\\\/58305-fkujrs.jpg&quot;,&quot;alt&quot;:&quot;58305-fkujrs.jpg&quot;,&quot;src&quot;:&quot;https:\\\/\\\/bodegaoutdoor.cl\\\/store\\\/wp-content\\\/uploads\\\/2022\\\/06\\\/58305-fkujrs-600x953.jpg&quot;,&quot;srcset&quot;:&quot;https:\\\/\\\/bodegaoutdoor.cl\\\/store\\\/wp-content\\\/uploads\\\/2022\\\/06\\\/58305-fkujrs-600x953.jpg 600w, https:\\\/\\\/bodegaoutdoor.cl\\\/store\\\/wp-content\\\/uploads\\\/2022\\\/06\\\/58305-fkujrs-768x1220.jpg 768w, https:\\\/\\\/bodegaoutdoor.cl\\\/store\\\/wp-content\\\/uploads\\\/2022\\\/06\\\/58305-fkujrs-967x1536.jpg 967w, https:\\\/\\\/bodegaoutdoor.cl\\\/store\\\/wp-content\\\/uploads\\\/2022\\\/06\\\/58305-fkujrs.jpg 1000w&quot;,&quot;sizes&quot;:&quot;(max-width: 600px) 100vw, 600px&quot;,&quot;full_src&quot;:&quot;https:\\\/\\\/bodegaoutdoor.cl\\\/store\\\/wp-content\\\/uploads\\\/2022\\\/06\\\/58305-fkujrs.jpg&quot;,&quot;full_src_w&quot;:1000,&quot;full_src_h&quot;:1588,&quot;gallery_thumbnail_src&quot;:&quot;https:\\\/\\\/bodegaoutdoor.cl\\\/store\\\/wp-content\\\/uploads\\\/2022\\\/06\\\/58305-fkujrs-100x100.jpg&quot;,&quot;gallery_thumbnail_src_w&quot;:100,&quot;gallery_thumbnail_src_h&quot;:100,&quot;thumb_src&quot;:&quot;https:\\\/\\\/bodegaoutdoor.cl\\\/store\\\/wp-content\\\/uploads\\\/2022\\\/06\\\/58305-fkujrs-300x300.jpg&quot;,&quot;thumb_src_w&quot;:300,&quot;thumb_src_h&quot;:300,&quot;src_w&quot;:600,&quot;src_h&quot;:953},&quot;image_id&quot;:58543,&quot;is_downloadable&quot;:false,&quot;is_in_stock&quot;:true,&quot;is_purchasable&quot;:true,&quot;is_sold_individually&quot;:&quot;no&quot;,&quot;is_virtual&quot;:false,&quot;max_qty&quot;:293,&quot;min_qty&quot;:1,&quot;price_html&quot;:&quot;&quot;,&quot;sku&quot;:&quot;1005002930832517&quot;,&quot;variation_description&quot;:&quot;&quot;,&quot;variation_id&quot;:58398,&quot;variation_is_active&quot;:true,&quot;variation_is_visible&quot;:true,&quot;weight&quot;:&quot;&quot;,&quot;weight_html&quot;:&quot;N\\\/D&quot;},{&quot;attributes&quot;:{&quot;attribute_pa_color&quot;:&quot;whtie-hw67&quot;,&quot;attribute_pa_679272393cd8d368fcf1cb&quot;:&quot;china&quot;,&quot;attribute_pa_f294abc323c8581b087d9a&quot;:&quot;44mm&quot;},&quot;availability_html&quot;:&quot;&lt;p class=\\&quot;stock in-stock\\&quot;&gt;251 disponibles&lt;\\\/p&gt;\\n&quot;,&quot;backorders_allowed&quot;:false,&quot;dimensions&quot;:{&quot;length&quot;:&quot;&quot;,&quot;width&quot;:&quot;&quot;,&quot;height&quot;:&quot;&quot;},&quot;dimensions_html&quot;:&quot;N\\\/D&quot;,&quot;display_price&quot;:49990,&quot;display_regular_price&quot;:49990,&quot;gallery_image_ids&quot;:[],&quot;gallery_images_html&quot;:&quot;&quot;,&quot;image&quot;:{&quot;title&quot;:&quot;58305-fkujrs.jpg&quot;,&quot;caption&quot;:&quot;&quot;,&quot;url&quot;:&quot;https:\\\/\\\/bodegaoutdoor.cl\\\/store\\\/wp-content\\\/uploads\\\/2022\\\/06\\\/58305-fkujrs.jpg&quot;,&quot;alt&quot;:&quot;58305-fkujrs.jpg&quot;,&quot;src&quot;:&quot;https:\\\/\\\/bodegaoutdoor.cl\\\/store\\\/wp-content\\\/uploads\\\/2022\\\/06\\\/58305-fkujrs-600x953.jpg&quot;,&quot;srcset&quot;:&quot;https:\\\/\\\/bodegaoutdoor.cl\\\/store\\\/wp-content\\\/uploads\\\/2022\\\/06\\\/58305-fkujrs-600x953.jpg 600w, https:\\\/\\\/bodegaoutdoor.cl\\\/store\\\/wp-content\\\/uploads\\\/2022\\\/06\\\/58305-fkujrs-768x1220.jpg 768w, https:\\\/\\\/bodegaoutdoor.cl\\\/store\\\/wp-content\\\/uploads\\\/2022\\\/06\\\/58305-fkujrs-967x1536.jpg 967w, https:\\\/\\\/bodegaoutdoor.cl\\\/store\\\/wp-content\\\/uploads\\\/2022\\\/06\\\/58305-fkujrs.jpg 1000w&quot;,&quot;sizes&quot;:&quot;(max-width: 600px) 100vw, 600px&quot;,&quot;full_src&quot;:&quot;https:\\\/\\\/bodegaoutdoor.cl\\\/store\\\/wp-content\\\/uploads\\\/2022\\\/06\\\/58305-fkujrs.jpg&quot;,&quot;full_src_w&quot;:1000,&quot;full_src_h&quot;:1588,&quot;gallery_thumbnail_src&quot;:&quot;https:\\\/\\\/bodegaoutdoor.cl\\\/store\\\/wp-content\\\/uploads\\\/2022\\\/06\\\/58305-fkujrs-100x100.jpg&quot;,&quot;gallery_thumbnail_src_w&quot;:100,&quot;gallery_thumbnail_src_h&quot;:100,&quot;thumb_src&quot;:&quot;https:\\\/\\\/bodegaoutdoor.cl\\\/store\\\/wp-content\\\/uploads\\\/2022\\\/06\\\/58305-fkujrs-300x300.jpg&quot;,&quot;thumb_src_w&quot;:300,&quot;thumb_src_h&quot;:300,&quot;src_w&quot;:600,&quot;src_h&quot;:953},&quot;image_id&quot;:58543,&quot;is_downloadable&quot;:false,&quot;is_in_stock&quot;:true,&quot;is_purchasable&quot;:true,&quot;is_sold_individually&quot;:&quot;no&quot;,&quot;is_virtual&quot;:false,&quot;max_qty&quot;:251,&quot;min_qty&quot;:1,&quot;price_html&quot;:&quot;&quot;,&quot;sku&quot;:&quot;1005002930832517&quot;,&quot;variation_description&quot;:&quot;&quot;,&quot;variation_id&quot;:58402,&quot;variation_is_active&quot;:true,&quot;variation_is_visible&quot;:true,&quot;weight&quot;:&quot;&quot;,&quot;weight_html&quot;:&quot;N\\\/D&quot;}]\">\r\n            \r\n                            <table class=\"variations\" cellspacing=\"0\">\r\n                    <tbody>\r\n\r\n                    \r\n                                                <tr>\r\n                            <td class=\"label\"><label for=\"pa_color\">color<\/label><\/td>\r\n                            <td class=\"value\">\r\n                                <div class=\"adsw-attribute-option\"><span class=\"meta-item-img sku-set \" data-value=\"black-hw67\" data-image_id=\"58543\" title=\"Black HW67\"><i  style=\"width: 50px; height: 50px;\"><img loading=\"lazy\" decoding=\"async\" width=\"100\" height=\"100\" src=\"https:\/\/bodegaoutdoor.cl\/store\/wp-content\/uploads\/2022\/06\/58305-fkujrs-100x100.jpg\" class=\"attachment-shop_thumbnail size-shop_thumbnail\" alt=\"Black HW67\" title=\"Black HW67\" style=\"\" srcset=\"https:\/\/bodegaoutdoor.cl\/store\/wp-content\/uploads\/2022\/06\/58305-fkujrs-100x100.jpg 100w, https:\/\/bodegaoutdoor.cl\/store\/wp-content\/uploads\/2022\/06\/58305-fkujrs-300x300.jpg 300w, https:\/\/bodegaoutdoor.cl\/store\/wp-content\/uploads\/2022\/06\/58305-fkujrs-150x150.jpg 150w\" sizes=\"(max-width: 100px) 100vw, 100px\" \/><\/i><\/span><span class=\"meta-item-text sku-set \" data-value=\"blue-hw67\">Blue HW67<\/span><span class=\"meta-item-text sku-set \" data-value=\"pink-hw67\">Pink HW67<\/span><span class=\"meta-item-img sku-set \" data-value=\"whtie-hw67\" data-image_id=\"58543\" title=\"Whtie HW67\"><i  style=\"width: 50px; height: 50px;\"><img loading=\"lazy\" decoding=\"async\" width=\"100\" height=\"100\" src=\"https:\/\/bodegaoutdoor.cl\/store\/wp-content\/uploads\/2022\/06\/58305-fkujrs-100x100.jpg\" class=\"attachment-shop_thumbnail size-shop_thumbnail\" alt=\"Whtie HW67\" title=\"Whtie HW67\" style=\"\" srcset=\"https:\/\/bodegaoutdoor.cl\/store\/wp-content\/uploads\/2022\/06\/58305-fkujrs-100x100.jpg 100w, https:\/\/bodegaoutdoor.cl\/store\/wp-content\/uploads\/2022\/06\/58305-fkujrs-300x300.jpg 300w, https:\/\/bodegaoutdoor.cl\/store\/wp-content\/uploads\/2022\/06\/58305-fkujrs-150x150.jpg 150w\" sizes=\"(max-width: 100px) 100vw, 100px\" \/><\/i><\/span><\/div><select id=\"pa_color\" class=\"\" name=\"attribute_pa_color\" data-attribute_name=\"attribute_pa_color\" style=\"display:none\"><option value=\"\">Elige una opci\u00f3n<\/option><option value=\"black-hw67\" >Black HW67<\/option><option value=\"blue-hw67\" >Blue HW67<\/option><option value=\"pink-hw67\" >Pink HW67<\/option><option value=\"whtie-hw67\" >Whtie HW67<\/option><\/select>                            <\/td>\r\n                        <\/tr>\r\n                    \r\n                                                <tr>\r\n                            <td class=\"label\"><label for=\"pa_679272393cd8d368fcf1cb\">Enviado desde<\/label><\/td>\r\n                            <td class=\"value\">\r\n                                <div class=\"adsw-attribute-option\"><span class=\"meta-item-text sku-set \" data-value=\"china\">CHINA<\/span><\/div><select id=\"pa_679272393cd8d368fcf1cb\" class=\"\" name=\"attribute_pa_679272393cd8d368fcf1cb\" data-attribute_name=\"attribute_pa_679272393cd8d368fcf1cb\" style=\"display:none\"><option value=\"\">Elige una opci\u00f3n<\/option><option value=\"china\" >CHINA<\/option><\/select>                            <\/td>\r\n                        <\/tr>\r\n                    \r\n                                                <tr>\r\n                            <td class=\"label\"><label for=\"pa_f294abc323c8581b087d9a\">Tama\u00f1o<\/label><\/td>\r\n                            <td class=\"value\">\r\n                                <div class=\"adsw-attribute-option\"><span class=\"meta-item-text sku-set \" data-value=\"44mm\">44mm<\/span><\/div><select id=\"pa_f294abc323c8581b087d9a\" class=\"\" name=\"attribute_pa_f294abc323c8581b087d9a\" data-attribute_name=\"attribute_pa_f294abc323c8581b087d9a\" style=\"display:none\"><option value=\"\">Elige una opci\u00f3n<\/option><option value=\"44mm\" >44mm<\/option><\/select><a class=\"reset_variations\" href=\"#\">Limpiar<\/a>                            <\/td>\r\n                        <\/tr>\r\n                                        <\/tbody>\r\n                <\/table>\r\n\r\n                <div class=\"single_variation_wrap\">\r\n                    <div class=\"woocommerce-variation single_variation\" role=\"alert\" aria-relevant=\"additions\"><\/div><div class=\"woocommerce-variation-add-to-cart variations_button\">\n\t\n\t<div class=\"quantity\">\n\t\t<input type=\"button\" value=\"-\" class=\"minus\" \/>\n\t<label class=\"screen-reader-text\" for=\"quantity_6a9b598ea2fff\">Lemfo-reloj inteligente Iwo 14 Pro HW67 reloj inteligente hombre Llamada Bluetooth NFC Imagen de la esfera personalizada Presi\u00f3n arterial Frecuencia card\u00edaca reloj inteligente mujer smartwatch Soporte para  Android Ios quantity<\/label>\n\t<input\n\t\ttype=\"number\"\n\t\t\t\tid=\"quantity_6a9b598ea2fff\"\n\t\tclass=\"input-text qty text\"\n\t\tname=\"quantity\"\n\t\tvalue=\"1\"\n\t\taria-label=\"Qty\"\n\t\t\t\tmin=\"1\"\n\t\t\t\t\tmax=\"141135\"\n\t\t\t\t\t\t\tstep=\"1\"\n\t\t\tplaceholder=\"\"\n\t\t\tinputmode=\"numeric\"\n\t\t\tautocomplete=\"off\"\n\t\t\t\/>\n\t<input type=\"button\" value=\"+\" class=\"plus\" \/>\n\t<\/div>\n\n\t<button type=\"submit\" class=\"single_add_to_cart_button button alt\">Agregar al carrito<\/button>\n\n\t\n\t<input type=\"hidden\" name=\"add-to-cart\" value=\"58305\" \/>\n\t<input type=\"hidden\" name=\"product_id\" value=\"58305\" \/>\n\t<input type=\"hidden\" name=\"variation_id\" class=\"variation_id\" value=\"0\" \/>\n<\/div>\n                <\/div>\r\n            \r\n                    <\/form>\r\n\r\n        \n<div\n\tclass=\"yith-wcwl-add-to-wishlist add-to-wishlist-58305 yith-wcwl-add-to-wishlist--link-style wishlist-fragment on-first-load\"\n\tdata-fragment-ref=\"58305\"\n\tdata-fragment-options=\"{&quot;base_url&quot;:&quot;&quot;,&quot;product_id&quot;:58305,&quot;parent_product_id&quot;:0,&quot;product_type&quot;:&quot;variable&quot;,&quot;is_single&quot;:false,&quot;in_default_wishlist&quot;:false,&quot;show_view&quot;:false,&quot;browse_wishlist_text&quot;:&quot;Lista Deseos&quot;,&quot;already_in_wishslist_text&quot;:&quot;The producto esta Agregado!&quot;,&quot;product_added_text&quot;:&quot;Producto Agregado!&quot;,&quot;available_multi_wishlist&quot;:false,&quot;disable_wishlist&quot;:false,&quot;show_count&quot;:false,&quot;ajax_loading&quot;:false,&quot;loop_position&quot;:&quot;after_add_to_cart&quot;,&quot;item&quot;:&quot;add_to_wishlist&quot;}\"\n>\n\t\t\t\n\t\t\t<!-- ADD TO WISHLIST -->\n\t\t\t\n<div class=\"yith-wcwl-add-button\">\n\t\t<a\n\t\thref=\"?add_to_wishlist=58305&#038;_wpnonce=98056c7fc2\"\n\t\tclass=\"add_to_wishlist single_add_to_wishlist\"\n\t\tdata-product-id=\"58305\"\n\t\tdata-product-type=\"variable\"\n\t\tdata-original-product-id=\"0\"\n\t\tdata-title=\"Lista Deseos\"\n\t\trel=\"nofollow\"\n\t>\n\t\t<svg id=\"yith-wcwl-icon-heart-outline\" class=\"yith-wcwl-icon-svg\" fill=\"none\" stroke-width=\"1.5\" stroke=\"currentColor\" viewbox=\"0 0 24 24\" xmlns=\"http:\/\/www.w3.org\/2000\/svg\">\n  <path stroke-linecap=\"round\" stroke-linejoin=\"round\" d=\"M21 8.25c0-2.485-2.099-4.5-4.688-4.5-1.935 0-3.597 1.126-4.312 2.733-.715-1.607-2.377-2.733-4.313-2.733C5.1 3.75 3 5.765 3 8.25c0 7.22 9 12 9 12s9-4.78 9-12Z\"><\/path>\n<\/svg>\t\t<span>Lista Deseos<\/span>\n\t<\/a>\n<\/div>\n\n\t\t\t<!-- COUNT TEXT -->\n\t\t\t\n\t\t\t<\/div>\n                        <\/div>\n                    <\/div>\n                <\/div>\n            <\/div>\n        <\/div>\n    <\/div>\n<\/div><!-- end quickView --><!-- end today gadget section -->                                    \n                                                                                            <div class=\"col-md-6\">\n                                        <div class=\"xs-product-wraper version-3 text-center\">\n                                                                                        <a class=\"xs_product_img_link\" href=\"https:\/\/bodegaoutdoor.cl\/store\/product\/gafas-para-ciclismo-para-motocicletas-lentes-para-correr-deportes-de-pesca-ciclismo\/\">\n                                                <img loading=\"lazy\" decoding=\"async\" width=\"180\" height=\"180\" src=\"https:\/\/bodegaoutdoor.cl\/store\/wp-content\/uploads\/2020\/11\/20963-o6ob61.jpg\" class=\"attachment-193x180 size-193x180\" alt=\"Gafas para ciclismo para motocicletas, Lentes para correr, deportes de pesca, ciclismo\" srcset=\"https:\/\/bodegaoutdoor.cl\/store\/wp-content\/uploads\/2020\/11\/20963-o6ob61.jpg 800w, https:\/\/bodegaoutdoor.cl\/store\/wp-content\/uploads\/2020\/11\/20963-o6ob61-300x300.jpg 300w, https:\/\/bodegaoutdoor.cl\/store\/wp-content\/uploads\/2020\/11\/20963-o6ob61-100x100.jpg 100w, https:\/\/bodegaoutdoor.cl\/store\/wp-content\/uploads\/2020\/11\/20963-o6ob61-600x600.jpg 600w, https:\/\/bodegaoutdoor.cl\/store\/wp-content\/uploads\/2020\/11\/20963-o6ob61-150x150.jpg 150w, https:\/\/bodegaoutdoor.cl\/store\/wp-content\/uploads\/2020\/11\/20963-o6ob61-768x768.jpg 768w\" sizes=\"(max-width: 180px) 100vw, 180px\" \/>                                            <\/a>\n                                                                                        <ul class=\"product-item-meta\">\n                                                <li class=\"xs-cart-wrapper\">\n                                                                                                            <a href=\"https:\/\/bodegaoutdoor.cl\/store\/product\/gafas-para-ciclismo-para-motocicletas-lentes-para-correr-deportes-de-pesca-ciclismo\/\" aria-describedby=\"woocommerce_loop_add_to_cart_link_describedby_20963\" data-quantity=\"1\" class=\"button product_type_variable add_to_cart_button\" data-product_id=\"20963\" data-product_sku=\"4000480113772\" aria-label=\"Elige las opciones para &ldquo;Gafas para ciclismo para motocicletas, Lentes para correr, deportes de pesca, ciclismo&rdquo;\" rel=\"nofollow\">Seleccionar opciones<\/a>    <span id=\"woocommerce_loop_add_to_cart_link_describedby_20963\" class=\"screen-reader-text\">\n        Este producto tiene m\u00faltiples variantes. Las opciones se pueden elegir en la p\u00e1gina de producto    <\/span>\n                                                                                                    <\/li>\n                                                <li><a href=\"#\" data-toggle=\"modal\" data-target=\".xs-quick-view-modal-81669-4\"><i class=\"xsicon xsicon-eye\"><\/i><\/a><\/li>\n                                                                                                    <li class=\"xs-wishlist-wrapper xs-wishlist\">\n                                                        \n<div\n\tclass=\"yith-wcwl-add-to-wishlist add-to-wishlist-20963 yith-wcwl-add-to-wishlist--link-style wishlist-fragment on-first-load\"\n\tdata-fragment-ref=\"20963\"\n\tdata-fragment-options=\"{&quot;base_url&quot;:&quot;&quot;,&quot;product_id&quot;:20963,&quot;parent_product_id&quot;:0,&quot;product_type&quot;:&quot;variable&quot;,&quot;is_single&quot;:false,&quot;in_default_wishlist&quot;:false,&quot;show_view&quot;:false,&quot;browse_wishlist_text&quot;:&quot;Lista Deseos&quot;,&quot;already_in_wishslist_text&quot;:&quot;The producto esta Agregado!&quot;,&quot;product_added_text&quot;:&quot;Producto Agregado!&quot;,&quot;available_multi_wishlist&quot;:false,&quot;disable_wishlist&quot;:false,&quot;show_count&quot;:false,&quot;ajax_loading&quot;:false,&quot;loop_position&quot;:&quot;after_add_to_cart&quot;,&quot;item&quot;:&quot;add_to_wishlist&quot;}\"\n>\n\t\t\t\n\t\t\t<!-- ADD TO WISHLIST -->\n\t\t\t\n<div class=\"yith-wcwl-add-button\">\n\t\t<a\n\t\thref=\"?add_to_wishlist=20963&#038;_wpnonce=98056c7fc2\"\n\t\tclass=\"add_to_wishlist single_add_to_wishlist\"\n\t\tdata-product-id=\"20963\"\n\t\tdata-product-type=\"variable\"\n\t\tdata-original-product-id=\"0\"\n\t\tdata-title=\"Lista Deseos\"\n\t\trel=\"nofollow\"\n\t>\n\t\t<svg id=\"yith-wcwl-icon-heart-outline\" class=\"yith-wcwl-icon-svg\" fill=\"none\" stroke-width=\"1.5\" stroke=\"currentColor\" viewbox=\"0 0 24 24\" xmlns=\"http:\/\/www.w3.org\/2000\/svg\">\n  <path stroke-linecap=\"round\" stroke-linejoin=\"round\" d=\"M21 8.25c0-2.485-2.099-4.5-4.688-4.5-1.935 0-3.597 1.126-4.312 2.733-.715-1.607-2.377-2.733-4.313-2.733C5.1 3.75 3 5.765 3 8.25c0 7.22 9 12 9 12s9-4.78 9-12Z\"><\/path>\n<\/svg>\t\t<span>Lista Deseos<\/span>\n\t<\/a>\n<\/div>\n\n\t\t\t<!-- COUNT TEXT -->\n\t\t\t\n\t\t\t<\/div>\n                                                    <\/li>\n                                                                                            <\/ul>\n                                            <!-- <div class=\"xs-product-content\"> -->\n                                                <!-- <span class=\"product-categories\"> -->\n                                                    <span class=\"product-categories\"><a href = 'https:\/\/bodegaoutdoor.cl\/store\/product-category\/lentes\/'>Lentes<\/a>  <\/span>\n                                                <!-- <\/span> -->\n                                                <a class=\"product-title medium\" href=\"https:\/\/bodegaoutdoor.cl\/store\/product\/gafas-para-ciclismo-para-motocicletas-lentes-para-correr-deportes-de-pesca-ciclismo\/\">Gafas para ciclismo para motocicletas, Lentes para correr, deportes de pesca, ciclismo<\/a>\n                                                <span class=\"price\"><span class=\"woocommerce-Price-amount amount\" aria-hidden=\"true\"><bdi><span class=\"woocommerce-Price-currencySymbol\" translate=\"no\">$<\/span>34,990<\/bdi><\/span> <span aria-hidden=\"true\">-<\/span> <span class=\"woocommerce-Price-amount amount\" aria-hidden=\"true\"><bdi><span class=\"woocommerce-Price-currencySymbol\" translate=\"no\">$<\/span>39,990<\/bdi><\/span><span class=\"screen-reader-text\">Rango de precios: desde $34,990 hasta $39,990<\/span><\/span>\n                                            <!-- <\/div> -->\n                                        <\/div>\n                                    <\/div>\n                                    <div class=\"woocommerce xs-modal xs-modal-quick-view xs-quick-view-modal-81669-4 modal fade\" tabindex=\"-1\" aria-hidden=\"true\">\n    <div class=\"modal-dialog\">\n        <div class=\"modal-content\">\n            <button type=\"button\" class=\"close\" data-dismiss=\"modal\" aria-label=\"Close\">\n                <span class=\"xsicon xsicon-cross\"><\/span>\n            <\/button>\n            <div class=\"container\">\n                <div class=\"row\">\n                    <div class=\"col-md-6\">\n                        <div class=\"images\">\n                                                        <img loading=\"lazy\" decoding=\"async\" width=\"800\" height=\"800\" src=\"https:\/\/bodegaoutdoor.cl\/store\/wp-content\/uploads\/2020\/11\/20963-o6ob61.jpg\" class=\"attachment-full size-full\" alt=\"\" srcset=\"https:\/\/bodegaoutdoor.cl\/store\/wp-content\/uploads\/2020\/11\/20963-o6ob61.jpg 800w, https:\/\/bodegaoutdoor.cl\/store\/wp-content\/uploads\/2020\/11\/20963-o6ob61-300x300.jpg 300w, https:\/\/bodegaoutdoor.cl\/store\/wp-content\/uploads\/2020\/11\/20963-o6ob61-100x100.jpg 100w, https:\/\/bodegaoutdoor.cl\/store\/wp-content\/uploads\/2020\/11\/20963-o6ob61-600x600.jpg 600w, https:\/\/bodegaoutdoor.cl\/store\/wp-content\/uploads\/2020\/11\/20963-o6ob61-150x150.jpg 150w, https:\/\/bodegaoutdoor.cl\/store\/wp-content\/uploads\/2020\/11\/20963-o6ob61-768x768.jpg 768w\" sizes=\"(max-width: 800px) 100vw, 800px\" \/>                                                <\/div>\n                    <\/div>\n                    <div class=\"col-md-6 align-self-center\">\n                        <div class=\"summary-content entry-summary\">\n                            <h2 class=\"product_title entry-title\">Gafas para ciclismo para motocicletas, Lentes para correr, deportes de pesca, ciclismo<\/h2><div class=\"product_meta\">\n\n\t\n\t\n\t\t<span class=\"sku_wrapper\">SKU: <span class=\"sku\">4000480113772<\/span><\/span>\n\n\t\n\t<span class=\"posted_in\">Categor\u00eda: <a href=\"https:\/\/bodegaoutdoor.cl\/store\/product-category\/lentes\/\" rel=\"tag\">Lentes<\/a><\/span>\n\t<span class=\"tagged_as\">Etiquetas: <a href=\"https:\/\/bodegaoutdoor.cl\/store\/product-tag\/gafas\/\" rel=\"tag\">gafas<\/a>, <a href=\"https:\/\/bodegaoutdoor.cl\/store\/product-tag\/lentes\/\" rel=\"tag\">lentes<\/a>, <a href=\"https:\/\/bodegaoutdoor.cl\/store\/product-tag\/polarizado\/\" rel=\"tag\">polarizado<\/a>, <a href=\"https:\/\/bodegaoutdoor.cl\/store\/product-tag\/uv400\/\" rel=\"tag\">uv400<\/a><\/span>\n\t\n<\/div>\n<p class=\"price\"><span class=\"woocommerce-Price-amount amount\" aria-hidden=\"true\"><bdi><span class=\"woocommerce-Price-currencySymbol\" translate=\"no\">$<\/span>34,990<\/bdi><\/span> <span aria-hidden=\"true\">-<\/span> <span class=\"woocommerce-Price-amount amount\" aria-hidden=\"true\"><bdi><span class=\"woocommerce-Price-currencySymbol\" translate=\"no\">$<\/span>39,990<\/bdi><\/span><span class=\"screen-reader-text\">Rango de precios: desde $34,990 hasta $39,990<\/span><\/p>\n\r\n        <form class=\"variations_form cart\" method=\"post\" enctype='multipart\/form-data' data-product_id=\"20963\" data-product_variations=\"[{&quot;attributes&quot;:{&quot;attribute_pa_color&quot;:&quot;20&quot;,&quot;attribute_pa_f6e94332211fd664b982ae&quot;:&quot;5-lens&quot;},&quot;availability_html&quot;:&quot;&lt;p class=\\&quot;stock in-stock\\&quot;&gt;4 disponibles&lt;\\\/p&gt;\\n&quot;,&quot;backorders_allowed&quot;:false,&quot;dimensions&quot;:{&quot;length&quot;:&quot;&quot;,&quot;width&quot;:&quot;&quot;,&quot;height&quot;:&quot;&quot;},&quot;dimensions_html&quot;:&quot;N\\\/D&quot;,&quot;display_price&quot;:39990,&quot;display_regular_price&quot;:59990,&quot;gallery_image_ids&quot;:[],&quot;gallery_images_html&quot;:&quot;&quot;,&quot;image&quot;:{&quot;title&quot;:&quot;20965-wgx0ru.jpg&quot;,&quot;caption&quot;:&quot;&quot;,&quot;url&quot;:&quot;https:\\\/\\\/bodegaoutdoor.cl\\\/store\\\/wp-content\\\/uploads\\\/2020\\\/11\\\/20965-wgx0ru.jpg&quot;,&quot;alt&quot;:&quot;20965-wgx0ru.jpg&quot;,&quot;src&quot;:&quot;https:\\\/\\\/bodegaoutdoor.cl\\\/store\\\/wp-content\\\/uploads\\\/2020\\\/11\\\/20965-wgx0ru-600x600.jpg&quot;,&quot;srcset&quot;:&quot;https:\\\/\\\/bodegaoutdoor.cl\\\/store\\\/wp-content\\\/uploads\\\/2020\\\/11\\\/20965-wgx0ru-600x600.jpg 600w, https:\\\/\\\/bodegaoutdoor.cl\\\/store\\\/wp-content\\\/uploads\\\/2020\\\/11\\\/20965-wgx0ru-300x300.jpg 300w, https:\\\/\\\/bodegaoutdoor.cl\\\/store\\\/wp-content\\\/uploads\\\/2020\\\/11\\\/20965-wgx0ru-100x100.jpg 100w, https:\\\/\\\/bodegaoutdoor.cl\\\/store\\\/wp-content\\\/uploads\\\/2020\\\/11\\\/20965-wgx0ru-150x150.jpg 150w, https:\\\/\\\/bodegaoutdoor.cl\\\/store\\\/wp-content\\\/uploads\\\/2020\\\/11\\\/20965-wgx0ru-768x768.jpg 768w, https:\\\/\\\/bodegaoutdoor.cl\\\/store\\\/wp-content\\\/uploads\\\/2020\\\/11\\\/20965-wgx0ru.jpg 800w&quot;,&quot;sizes&quot;:&quot;(max-width: 600px) 100vw, 600px&quot;,&quot;full_src&quot;:&quot;https:\\\/\\\/bodegaoutdoor.cl\\\/store\\\/wp-content\\\/uploads\\\/2020\\\/11\\\/20965-wgx0ru.jpg&quot;,&quot;full_src_w&quot;:800,&quot;full_src_h&quot;:800,&quot;gallery_thumbnail_src&quot;:&quot;https:\\\/\\\/bodegaoutdoor.cl\\\/store\\\/wp-content\\\/uploads\\\/2020\\\/11\\\/20965-wgx0ru-100x100.jpg&quot;,&quot;gallery_thumbnail_src_w&quot;:100,&quot;gallery_thumbnail_src_h&quot;:100,&quot;thumb_src&quot;:&quot;https:\\\/\\\/bodegaoutdoor.cl\\\/store\\\/wp-content\\\/uploads\\\/2020\\\/11\\\/20965-wgx0ru-300x300.jpg&quot;,&quot;thumb_src_w&quot;:300,&quot;thumb_src_h&quot;:300,&quot;src_w&quot;:600,&quot;src_h&quot;:600},&quot;image_id&quot;:21003,&quot;is_downloadable&quot;:false,&quot;is_in_stock&quot;:true,&quot;is_purchasable&quot;:true,&quot;is_sold_individually&quot;:&quot;no&quot;,&quot;is_virtual&quot;:false,&quot;max_qty&quot;:4,&quot;min_qty&quot;:1,&quot;price_html&quot;:&quot;&lt;span class=\\&quot;price\\&quot;&gt;&lt;del aria-hidden=\\&quot;true\\&quot;&gt;&lt;span class=\\&quot;woocommerce-Price-amount amount\\&quot;&gt;&lt;bdi&gt;&lt;span class=\\&quot;woocommerce-Price-currencySymbol\\&quot; translate=\\&quot;no\\&quot;&gt;$&lt;\\\/span&gt;59,990&lt;\\\/bdi&gt;&lt;\\\/span&gt;&lt;\\\/del&gt; &lt;span class=\\&quot;screen-reader-text\\&quot;&gt;El precio original era: $59,990.&lt;\\\/span&gt;&lt;ins aria-hidden=\\&quot;true\\&quot;&gt;&lt;span class=\\&quot;woocommerce-Price-amount amount\\&quot;&gt;&lt;bdi&gt;&lt;span class=\\&quot;woocommerce-Price-currencySymbol\\&quot; translate=\\&quot;no\\&quot;&gt;$&lt;\\\/span&gt;39,990&lt;\\\/bdi&gt;&lt;\\\/span&gt;&lt;\\\/ins&gt;&lt;span class=\\&quot;screen-reader-text\\&quot;&gt;El precio actual es: $39,990.&lt;\\\/span&gt;&lt;\\\/span&gt;&quot;,&quot;sku&quot;:&quot;4000480113772&quot;,&quot;variation_description&quot;:&quot;&quot;,&quot;variation_id&quot;:20965,&quot;variation_is_active&quot;:true,&quot;variation_is_visible&quot;:true,&quot;weight&quot;:&quot;&quot;,&quot;weight_html&quot;:&quot;N\\\/D&quot;},{&quot;attributes&quot;:{&quot;attribute_pa_color&quot;:&quot;02-1052&quot;,&quot;attribute_pa_f6e94332211fd664b982ae&quot;:&quot;5-lens&quot;},&quot;availability_html&quot;:&quot;&lt;p class=\\&quot;stock in-stock\\&quot;&gt;806 disponibles&lt;\\\/p&gt;\\n&quot;,&quot;backorders_allowed&quot;:false,&quot;dimensions&quot;:{&quot;length&quot;:&quot;&quot;,&quot;width&quot;:&quot;&quot;,&quot;height&quot;:&quot;&quot;},&quot;dimensions_html&quot;:&quot;N\\\/D&quot;,&quot;display_price&quot;:39990,&quot;display_regular_price&quot;:59990,&quot;gallery_image_ids&quot;:[],&quot;gallery_images_html&quot;:&quot;&quot;,&quot;image&quot;:{&quot;title&quot;:&quot;20963-o6ob61.jpg&quot;,&quot;caption&quot;:&quot;&quot;,&quot;url&quot;:&quot;https:\\\/\\\/bodegaoutdoor.cl\\\/store\\\/wp-content\\\/uploads\\\/2020\\\/11\\\/20963-o6ob61.jpg&quot;,&quot;alt&quot;:&quot;20963-o6ob61.jpg&quot;,&quot;src&quot;:&quot;https:\\\/\\\/bodegaoutdoor.cl\\\/store\\\/wp-content\\\/uploads\\\/2020\\\/11\\\/20963-o6ob61-600x600.jpg&quot;,&quot;srcset&quot;:&quot;https:\\\/\\\/bodegaoutdoor.cl\\\/store\\\/wp-content\\\/uploads\\\/2020\\\/11\\\/20963-o6ob61-600x600.jpg 600w, https:\\\/\\\/bodegaoutdoor.cl\\\/store\\\/wp-content\\\/uploads\\\/2020\\\/11\\\/20963-o6ob61-300x300.jpg 300w, https:\\\/\\\/bodegaoutdoor.cl\\\/store\\\/wp-content\\\/uploads\\\/2020\\\/11\\\/20963-o6ob61-100x100.jpg 100w, https:\\\/\\\/bodegaoutdoor.cl\\\/store\\\/wp-content\\\/uploads\\\/2020\\\/11\\\/20963-o6ob61-150x150.jpg 150w, https:\\\/\\\/bodegaoutdoor.cl\\\/store\\\/wp-content\\\/uploads\\\/2020\\\/11\\\/20963-o6ob61-768x768.jpg 768w, https:\\\/\\\/bodegaoutdoor.cl\\\/store\\\/wp-content\\\/uploads\\\/2020\\\/11\\\/20963-o6ob61.jpg 800w&quot;,&quot;sizes&quot;:&quot;(max-width: 600px) 100vw, 600px&quot;,&quot;full_src&quot;:&quot;https:\\\/\\\/bodegaoutdoor.cl\\\/store\\\/wp-content\\\/uploads\\\/2020\\\/11\\\/20963-o6ob61.jpg&quot;,&quot;full_src_w&quot;:800,&quot;full_src_h&quot;:800,&quot;gallery_thumbnail_src&quot;:&quot;https:\\\/\\\/bodegaoutdoor.cl\\\/store\\\/wp-content\\\/uploads\\\/2020\\\/11\\\/20963-o6ob61-100x100.jpg&quot;,&quot;gallery_thumbnail_src_w&quot;:100,&quot;gallery_thumbnail_src_h&quot;:100,&quot;thumb_src&quot;:&quot;https:\\\/\\\/bodegaoutdoor.cl\\\/store\\\/wp-content\\\/uploads\\\/2020\\\/11\\\/20963-o6ob61-300x300.jpg&quot;,&quot;thumb_src_w&quot;:300,&quot;thumb_src_h&quot;:300,&quot;src_w&quot;:600,&quot;src_h&quot;:600},&quot;image_id&quot;:20996,&quot;is_downloadable&quot;:false,&quot;is_in_stock&quot;:true,&quot;is_purchasable&quot;:true,&quot;is_sold_individually&quot;:&quot;no&quot;,&quot;is_virtual&quot;:false,&quot;max_qty&quot;:806,&quot;min_qty&quot;:1,&quot;price_html&quot;:&quot;&lt;span class=\\&quot;price\\&quot;&gt;&lt;del aria-hidden=\\&quot;true\\&quot;&gt;&lt;span class=\\&quot;woocommerce-Price-amount amount\\&quot;&gt;&lt;bdi&gt;&lt;span class=\\&quot;woocommerce-Price-currencySymbol\\&quot; translate=\\&quot;no\\&quot;&gt;$&lt;\\\/span&gt;59,990&lt;\\\/bdi&gt;&lt;\\\/span&gt;&lt;\\\/del&gt; &lt;span class=\\&quot;screen-reader-text\\&quot;&gt;El precio original era: $59,990.&lt;\\\/span&gt;&lt;ins aria-hidden=\\&quot;true\\&quot;&gt;&lt;span class=\\&quot;woocommerce-Price-amount amount\\&quot;&gt;&lt;bdi&gt;&lt;span class=\\&quot;woocommerce-Price-currencySymbol\\&quot; translate=\\&quot;no\\&quot;&gt;$&lt;\\\/span&gt;39,990&lt;\\\/bdi&gt;&lt;\\\/span&gt;&lt;\\\/ins&gt;&lt;span class=\\&quot;screen-reader-text\\&quot;&gt;El precio actual es: $39,990.&lt;\\\/span&gt;&lt;\\\/span&gt;&quot;,&quot;sku&quot;:&quot;4000480113772&quot;,&quot;variation_description&quot;:&quot;&quot;,&quot;variation_id&quot;:20982,&quot;variation_is_active&quot;:true,&quot;variation_is_visible&quot;:true,&quot;weight&quot;:&quot;&quot;,&quot;weight_html&quot;:&quot;N\\\/D&quot;},{&quot;attributes&quot;:{&quot;attribute_pa_color&quot;:&quot;10&quot;,&quot;attribute_pa_f6e94332211fd664b982ae&quot;:&quot;5-lens&quot;},&quot;availability_html&quot;:&quot;&lt;p class=\\&quot;stock out-of-stock\\&quot;&gt;Agotado&lt;\\\/p&gt;\\n&quot;,&quot;backorders_allowed&quot;:false,&quot;dimensions&quot;:{&quot;length&quot;:&quot;&quot;,&quot;width&quot;:&quot;&quot;,&quot;height&quot;:&quot;&quot;},&quot;dimensions_html&quot;:&quot;N\\\/D&quot;,&quot;display_price&quot;:39990,&quot;display_regular_price&quot;:59990,&quot;gallery_image_ids&quot;:[],&quot;gallery_images_html&quot;:&quot;&quot;,&quot;image&quot;:{&quot;title&quot;:&quot;20966-ifyjto.jpg&quot;,&quot;caption&quot;:&quot;&quot;,&quot;url&quot;:&quot;https:\\\/\\\/bodegaoutdoor.cl\\\/store\\\/wp-content\\\/uploads\\\/2020\\\/11\\\/20966-ifyjto.jpg&quot;,&quot;alt&quot;:&quot;20966-ifyjto.jpg&quot;,&quot;src&quot;:&quot;https:\\\/\\\/bodegaoutdoor.cl\\\/store\\\/wp-content\\\/uploads\\\/2020\\\/11\\\/20966-ifyjto-600x600.jpg&quot;,&quot;srcset&quot;:&quot;https:\\\/\\\/bodegaoutdoor.cl\\\/store\\\/wp-content\\\/uploads\\\/2020\\\/11\\\/20966-ifyjto-600x600.jpg 600w, https:\\\/\\\/bodegaoutdoor.cl\\\/store\\\/wp-content\\\/uploads\\\/2020\\\/11\\\/20966-ifyjto-300x300.jpg 300w, https:\\\/\\\/bodegaoutdoor.cl\\\/store\\\/wp-content\\\/uploads\\\/2020\\\/11\\\/20966-ifyjto-100x100.jpg 100w, https:\\\/\\\/bodegaoutdoor.cl\\\/store\\\/wp-content\\\/uploads\\\/2020\\\/11\\\/20966-ifyjto-150x150.jpg 150w, https:\\\/\\\/bodegaoutdoor.cl\\\/store\\\/wp-content\\\/uploads\\\/2020\\\/11\\\/20966-ifyjto-768x768.jpg 768w, https:\\\/\\\/bodegaoutdoor.cl\\\/store\\\/wp-content\\\/uploads\\\/2020\\\/11\\\/20966-ifyjto.jpg 800w&quot;,&quot;sizes&quot;:&quot;(max-width: 600px) 100vw, 600px&quot;,&quot;full_src&quot;:&quot;https:\\\/\\\/bodegaoutdoor.cl\\\/store\\\/wp-content\\\/uploads\\\/2020\\\/11\\\/20966-ifyjto.jpg&quot;,&quot;full_src_w&quot;:800,&quot;full_src_h&quot;:800,&quot;gallery_thumbnail_src&quot;:&quot;https:\\\/\\\/bodegaoutdoor.cl\\\/store\\\/wp-content\\\/uploads\\\/2020\\\/11\\\/20966-ifyjto-100x100.jpg&quot;,&quot;gallery_thumbnail_src_w&quot;:100,&quot;gallery_thumbnail_src_h&quot;:100,&quot;thumb_src&quot;:&quot;https:\\\/\\\/bodegaoutdoor.cl\\\/store\\\/wp-content\\\/uploads\\\/2020\\\/11\\\/20966-ifyjto-300x300.jpg&quot;,&quot;thumb_src_w&quot;:300,&quot;thumb_src_h&quot;:300,&quot;src_w&quot;:600,&quot;src_h&quot;:600},&quot;image_id&quot;:21004,&quot;is_downloadable&quot;:false,&quot;is_in_stock&quot;:false,&quot;is_purchasable&quot;:true,&quot;is_sold_individually&quot;:&quot;no&quot;,&quot;is_virtual&quot;:false,&quot;max_qty&quot;:&quot;&quot;,&quot;min_qty&quot;:1,&quot;price_html&quot;:&quot;&lt;span class=\\&quot;price\\&quot;&gt;&lt;del aria-hidden=\\&quot;true\\&quot;&gt;&lt;span class=\\&quot;woocommerce-Price-amount amount\\&quot;&gt;&lt;bdi&gt;&lt;span class=\\&quot;woocommerce-Price-currencySymbol\\&quot; translate=\\&quot;no\\&quot;&gt;$&lt;\\\/span&gt;59,990&lt;\\\/bdi&gt;&lt;\\\/span&gt;&lt;\\\/del&gt; &lt;span class=\\&quot;screen-reader-text\\&quot;&gt;El precio original era: $59,990.&lt;\\\/span&gt;&lt;ins aria-hidden=\\&quot;true\\&quot;&gt;&lt;span class=\\&quot;woocommerce-Price-amount amount\\&quot;&gt;&lt;bdi&gt;&lt;span class=\\&quot;woocommerce-Price-currencySymbol\\&quot; translate=\\&quot;no\\&quot;&gt;$&lt;\\\/span&gt;39,990&lt;\\\/bdi&gt;&lt;\\\/span&gt;&lt;\\\/ins&gt;&lt;span class=\\&quot;screen-reader-text\\&quot;&gt;El precio actual es: $39,990.&lt;\\\/span&gt;&lt;\\\/span&gt;&quot;,&quot;sku&quot;:&quot;4000480113772&quot;,&quot;variation_description&quot;:&quot;&quot;,&quot;variation_id&quot;:20966,&quot;variation_is_active&quot;:true,&quot;variation_is_visible&quot;:true,&quot;weight&quot;:&quot;&quot;,&quot;weight_html&quot;:&quot;N\\\/D&quot;},{&quot;attributes&quot;:{&quot;attribute_pa_color&quot;:&quot;01&quot;,&quot;attribute_pa_f6e94332211fd664b982ae&quot;:&quot;5-lens&quot;},&quot;availability_html&quot;:&quot;&lt;p class=\\&quot;stock in-stock\\&quot;&gt;9 disponibles&lt;\\\/p&gt;\\n&quot;,&quot;backorders_allowed&quot;:false,&quot;dimensions&quot;:{&quot;length&quot;:&quot;&quot;,&quot;width&quot;:&quot;&quot;,&quot;height&quot;:&quot;&quot;},&quot;dimensions_html&quot;:&quot;N\\\/D&quot;,&quot;display_price&quot;:39990,&quot;display_regular_price&quot;:59990,&quot;gallery_image_ids&quot;:[],&quot;gallery_images_html&quot;:&quot;&quot;,&quot;image&quot;:{&quot;title&quot;:&quot;20963-o6ob61.jpg&quot;,&quot;caption&quot;:&quot;&quot;,&quot;url&quot;:&quot;https:\\\/\\\/bodegaoutdoor.cl\\\/store\\\/wp-content\\\/uploads\\\/2020\\\/11\\\/20963-o6ob61.jpg&quot;,&quot;alt&quot;:&quot;20963-o6ob61.jpg&quot;,&quot;src&quot;:&quot;https:\\\/\\\/bodegaoutdoor.cl\\\/store\\\/wp-content\\\/uploads\\\/2020\\\/11\\\/20963-o6ob61-600x600.jpg&quot;,&quot;srcset&quot;:&quot;https:\\\/\\\/bodegaoutdoor.cl\\\/store\\\/wp-content\\\/uploads\\\/2020\\\/11\\\/20963-o6ob61-600x600.jpg 600w, https:\\\/\\\/bodegaoutdoor.cl\\\/store\\\/wp-content\\\/uploads\\\/2020\\\/11\\\/20963-o6ob61-300x300.jpg 300w, https:\\\/\\\/bodegaoutdoor.cl\\\/store\\\/wp-content\\\/uploads\\\/2020\\\/11\\\/20963-o6ob61-100x100.jpg 100w, https:\\\/\\\/bodegaoutdoor.cl\\\/store\\\/wp-content\\\/uploads\\\/2020\\\/11\\\/20963-o6ob61-150x150.jpg 150w, https:\\\/\\\/bodegaoutdoor.cl\\\/store\\\/wp-content\\\/uploads\\\/2020\\\/11\\\/20963-o6ob61-768x768.jpg 768w, https:\\\/\\\/bodegaoutdoor.cl\\\/store\\\/wp-content\\\/uploads\\\/2020\\\/11\\\/20963-o6ob61.jpg 800w&quot;,&quot;sizes&quot;:&quot;(max-width: 600px) 100vw, 600px&quot;,&quot;full_src&quot;:&quot;https:\\\/\\\/bodegaoutdoor.cl\\\/store\\\/wp-content\\\/uploads\\\/2020\\\/11\\\/20963-o6ob61.jpg&quot;,&quot;full_src_w&quot;:800,&quot;full_src_h&quot;:800,&quot;gallery_thumbnail_src&quot;:&quot;https:\\\/\\\/bodegaoutdoor.cl\\\/store\\\/wp-content\\\/uploads\\\/2020\\\/11\\\/20963-o6ob61-100x100.jpg&quot;,&quot;gallery_thumbnail_src_w&quot;:100,&quot;gallery_thumbnail_src_h&quot;:100,&quot;thumb_src&quot;:&quot;https:\\\/\\\/bodegaoutdoor.cl\\\/store\\\/wp-content\\\/uploads\\\/2020\\\/11\\\/20963-o6ob61-300x300.jpg&quot;,&quot;thumb_src_w&quot;:300,&quot;thumb_src_h&quot;:300,&quot;src_w&quot;:600,&quot;src_h&quot;:600},&quot;image_id&quot;:20996,&quot;is_downloadable&quot;:false,&quot;is_in_stock&quot;:true,&quot;is_purchasable&quot;:true,&quot;is_sold_individually&quot;:&quot;no&quot;,&quot;is_virtual&quot;:false,&quot;max_qty&quot;:9,&quot;min_qty&quot;:1,&quot;price_html&quot;:&quot;&lt;span class=\\&quot;price\\&quot;&gt;&lt;del aria-hidden=\\&quot;true\\&quot;&gt;&lt;span class=\\&quot;woocommerce-Price-amount amount\\&quot;&gt;&lt;bdi&gt;&lt;span class=\\&quot;woocommerce-Price-currencySymbol\\&quot; translate=\\&quot;no\\&quot;&gt;$&lt;\\\/span&gt;59,990&lt;\\\/bdi&gt;&lt;\\\/span&gt;&lt;\\\/del&gt; &lt;span class=\\&quot;screen-reader-text\\&quot;&gt;El precio original era: $59,990.&lt;\\\/span&gt;&lt;ins aria-hidden=\\&quot;true\\&quot;&gt;&lt;span class=\\&quot;woocommerce-Price-amount amount\\&quot;&gt;&lt;bdi&gt;&lt;span class=\\&quot;woocommerce-Price-currencySymbol\\&quot; translate=\\&quot;no\\&quot;&gt;$&lt;\\\/span&gt;39,990&lt;\\\/bdi&gt;&lt;\\\/span&gt;&lt;\\\/ins&gt;&lt;span class=\\&quot;screen-reader-text\\&quot;&gt;El precio actual es: $39,990.&lt;\\\/span&gt;&lt;\\\/span&gt;&quot;,&quot;sku&quot;:&quot;4000480113772&quot;,&quot;variation_description&quot;:&quot;&quot;,&quot;variation_id&quot;:20983,&quot;variation_is_active&quot;:true,&quot;variation_is_visible&quot;:true,&quot;weight&quot;:&quot;&quot;,&quot;weight_html&quot;:&quot;N\\\/D&quot;},{&quot;attributes&quot;:{&quot;attribute_pa_color&quot;:&quot;08&quot;,&quot;attribute_pa_f6e94332211fd664b982ae&quot;:&quot;5-lens&quot;},&quot;availability_html&quot;:&quot;&lt;p class=\\&quot;stock in-stock\\&quot;&gt;9 disponibles&lt;\\\/p&gt;\\n&quot;,&quot;backorders_allowed&quot;:false,&quot;dimensions&quot;:{&quot;length&quot;:&quot;&quot;,&quot;width&quot;:&quot;&quot;,&quot;height&quot;:&quot;&quot;},&quot;dimensions_html&quot;:&quot;N\\\/D&quot;,&quot;display_price&quot;:39990,&quot;display_regular_price&quot;:59990,&quot;gallery_image_ids&quot;:[],&quot;gallery_images_html&quot;:&quot;&quot;,&quot;image&quot;:{&quot;title&quot;:&quot;20967-hhfd36.jpg&quot;,&quot;caption&quot;:&quot;&quot;,&quot;url&quot;:&quot;https:\\\/\\\/bodegaoutdoor.cl\\\/store\\\/wp-content\\\/uploads\\\/2020\\\/11\\\/20967-hhfd36.jpg&quot;,&quot;alt&quot;:&quot;20967-hhfd36.jpg&quot;,&quot;src&quot;:&quot;https:\\\/\\\/bodegaoutdoor.cl\\\/store\\\/wp-content\\\/uploads\\\/2020\\\/11\\\/20967-hhfd36-600x600.jpg&quot;,&quot;srcset&quot;:&quot;https:\\\/\\\/bodegaoutdoor.cl\\\/store\\\/wp-content\\\/uploads\\\/2020\\\/11\\\/20967-hhfd36-600x600.jpg 600w, https:\\\/\\\/bodegaoutdoor.cl\\\/store\\\/wp-content\\\/uploads\\\/2020\\\/11\\\/20967-hhfd36-300x300.jpg 300w, https:\\\/\\\/bodegaoutdoor.cl\\\/store\\\/wp-content\\\/uploads\\\/2020\\\/11\\\/20967-hhfd36-100x100.jpg 100w, https:\\\/\\\/bodegaoutdoor.cl\\\/store\\\/wp-content\\\/uploads\\\/2020\\\/11\\\/20967-hhfd36-150x150.jpg 150w, https:\\\/\\\/bodegaoutdoor.cl\\\/store\\\/wp-content\\\/uploads\\\/2020\\\/11\\\/20967-hhfd36-768x768.jpg 768w, https:\\\/\\\/bodegaoutdoor.cl\\\/store\\\/wp-content\\\/uploads\\\/2020\\\/11\\\/20967-hhfd36.jpg 800w&quot;,&quot;sizes&quot;:&quot;(max-width: 600px) 100vw, 600px&quot;,&quot;full_src&quot;:&quot;https:\\\/\\\/bodegaoutdoor.cl\\\/store\\\/wp-content\\\/uploads\\\/2020\\\/11\\\/20967-hhfd36.jpg&quot;,&quot;full_src_w&quot;:800,&quot;full_src_h&quot;:800,&quot;gallery_thumbnail_src&quot;:&quot;https:\\\/\\\/bodegaoutdoor.cl\\\/store\\\/wp-content\\\/uploads\\\/2020\\\/11\\\/20967-hhfd36-100x100.jpg&quot;,&quot;gallery_thumbnail_src_w&quot;:100,&quot;gallery_thumbnail_src_h&quot;:100,&quot;thumb_src&quot;:&quot;https:\\\/\\\/bodegaoutdoor.cl\\\/store\\\/wp-content\\\/uploads\\\/2020\\\/11\\\/20967-hhfd36-300x300.jpg&quot;,&quot;thumb_src_w&quot;:300,&quot;thumb_src_h&quot;:300,&quot;src_w&quot;:600,&quot;src_h&quot;:600},&quot;image_id&quot;:21005,&quot;is_downloadable&quot;:false,&quot;is_in_stock&quot;:true,&quot;is_purchasable&quot;:true,&quot;is_sold_individually&quot;:&quot;no&quot;,&quot;is_virtual&quot;:false,&quot;max_qty&quot;:9,&quot;min_qty&quot;:1,&quot;price_html&quot;:&quot;&lt;span class=\\&quot;price\\&quot;&gt;&lt;del aria-hidden=\\&quot;true\\&quot;&gt;&lt;span class=\\&quot;woocommerce-Price-amount amount\\&quot;&gt;&lt;bdi&gt;&lt;span class=\\&quot;woocommerce-Price-currencySymbol\\&quot; translate=\\&quot;no\\&quot;&gt;$&lt;\\\/span&gt;59,990&lt;\\\/bdi&gt;&lt;\\\/span&gt;&lt;\\\/del&gt; &lt;span class=\\&quot;screen-reader-text\\&quot;&gt;El precio original era: $59,990.&lt;\\\/span&gt;&lt;ins aria-hidden=\\&quot;true\\&quot;&gt;&lt;span class=\\&quot;woocommerce-Price-amount amount\\&quot;&gt;&lt;bdi&gt;&lt;span class=\\&quot;woocommerce-Price-currencySymbol\\&quot; translate=\\&quot;no\\&quot;&gt;$&lt;\\\/span&gt;39,990&lt;\\\/bdi&gt;&lt;\\\/span&gt;&lt;\\\/ins&gt;&lt;span class=\\&quot;screen-reader-text\\&quot;&gt;El precio actual es: $39,990.&lt;\\\/span&gt;&lt;\\\/span&gt;&quot;,&quot;sku&quot;:&quot;4000480113772&quot;,&quot;variation_description&quot;:&quot;&quot;,&quot;variation_id&quot;:20967,&quot;variation_is_active&quot;:true,&quot;variation_is_visible&quot;:true,&quot;weight&quot;:&quot;&quot;,&quot;weight_html&quot;:&quot;N\\\/D&quot;},{&quot;attributes&quot;:{&quot;attribute_pa_color&quot;:&quot;20-200001951&quot;,&quot;attribute_pa_f6e94332211fd664b982ae&quot;:&quot;5-lens&quot;},&quot;availability_html&quot;:&quot;&lt;p class=\\&quot;stock in-stock\\&quot;&gt;844 disponibles&lt;\\\/p&gt;\\n&quot;,&quot;backorders_allowed&quot;:false,&quot;dimensions&quot;:{&quot;length&quot;:&quot;&quot;,&quot;width&quot;:&quot;&quot;,&quot;height&quot;:&quot;&quot;},&quot;dimensions_html&quot;:&quot;N\\\/D&quot;,&quot;display_price&quot;:39990,&quot;display_regular_price&quot;:59990,&quot;gallery_image_ids&quot;:[],&quot;gallery_images_html&quot;:&quot;&quot;,&quot;image&quot;:{&quot;title&quot;:&quot;20984-r3ydsq.jpg&quot;,&quot;caption&quot;:&quot;&quot;,&quot;url&quot;:&quot;https:\\\/\\\/bodegaoutdoor.cl\\\/store\\\/wp-content\\\/uploads\\\/2020\\\/11\\\/20984-r3ydsq.jpg&quot;,&quot;alt&quot;:&quot;20984-r3ydsq.jpg&quot;,&quot;src&quot;:&quot;https:\\\/\\\/bodegaoutdoor.cl\\\/store\\\/wp-content\\\/uploads\\\/2020\\\/11\\\/20984-r3ydsq-600x600.jpg&quot;,&quot;srcset&quot;:&quot;https:\\\/\\\/bodegaoutdoor.cl\\\/store\\\/wp-content\\\/uploads\\\/2020\\\/11\\\/20984-r3ydsq-600x600.jpg 600w, https:\\\/\\\/bodegaoutdoor.cl\\\/store\\\/wp-content\\\/uploads\\\/2020\\\/11\\\/20984-r3ydsq-300x300.jpg 300w, https:\\\/\\\/bodegaoutdoor.cl\\\/store\\\/wp-content\\\/uploads\\\/2020\\\/11\\\/20984-r3ydsq-100x100.jpg 100w, https:\\\/\\\/bodegaoutdoor.cl\\\/store\\\/wp-content\\\/uploads\\\/2020\\\/11\\\/20984-r3ydsq-150x150.jpg 150w, https:\\\/\\\/bodegaoutdoor.cl\\\/store\\\/wp-content\\\/uploads\\\/2020\\\/11\\\/20984-r3ydsq-768x768.jpg 768w, https:\\\/\\\/bodegaoutdoor.cl\\\/store\\\/wp-content\\\/uploads\\\/2020\\\/11\\\/20984-r3ydsq.jpg 800w&quot;,&quot;sizes&quot;:&quot;(max-width: 600px) 100vw, 600px&quot;,&quot;full_src&quot;:&quot;https:\\\/\\\/bodegaoutdoor.cl\\\/store\\\/wp-content\\\/uploads\\\/2020\\\/11\\\/20984-r3ydsq.jpg&quot;,&quot;full_src_w&quot;:800,&quot;full_src_h&quot;:800,&quot;gallery_thumbnail_src&quot;:&quot;https:\\\/\\\/bodegaoutdoor.cl\\\/store\\\/wp-content\\\/uploads\\\/2020\\\/11\\\/20984-r3ydsq-100x100.jpg&quot;,&quot;gallery_thumbnail_src_w&quot;:100,&quot;gallery_thumbnail_src_h&quot;:100,&quot;thumb_src&quot;:&quot;https:\\\/\\\/bodegaoutdoor.cl\\\/store\\\/wp-content\\\/uploads\\\/2020\\\/11\\\/20984-r3ydsq-300x300.jpg&quot;,&quot;thumb_src_w&quot;:300,&quot;thumb_src_h&quot;:300,&quot;src_w&quot;:600,&quot;src_h&quot;:600},&quot;image_id&quot;:21016,&quot;is_downloadable&quot;:false,&quot;is_in_stock&quot;:true,&quot;is_purchasable&quot;:true,&quot;is_sold_individually&quot;:&quot;no&quot;,&quot;is_virtual&quot;:false,&quot;max_qty&quot;:844,&quot;min_qty&quot;:1,&quot;price_html&quot;:&quot;&lt;span class=\\&quot;price\\&quot;&gt;&lt;del aria-hidden=\\&quot;true\\&quot;&gt;&lt;span class=\\&quot;woocommerce-Price-amount amount\\&quot;&gt;&lt;bdi&gt;&lt;span class=\\&quot;woocommerce-Price-currencySymbol\\&quot; translate=\\&quot;no\\&quot;&gt;$&lt;\\\/span&gt;59,990&lt;\\\/bdi&gt;&lt;\\\/span&gt;&lt;\\\/del&gt; &lt;span class=\\&quot;screen-reader-text\\&quot;&gt;El precio original era: $59,990.&lt;\\\/span&gt;&lt;ins aria-hidden=\\&quot;true\\&quot;&gt;&lt;span class=\\&quot;woocommerce-Price-amount amount\\&quot;&gt;&lt;bdi&gt;&lt;span class=\\&quot;woocommerce-Price-currencySymbol\\&quot; translate=\\&quot;no\\&quot;&gt;$&lt;\\\/span&gt;39,990&lt;\\\/bdi&gt;&lt;\\\/span&gt;&lt;\\\/ins&gt;&lt;span class=\\&quot;screen-reader-text\\&quot;&gt;El precio actual es: $39,990.&lt;\\\/span&gt;&lt;\\\/span&gt;&quot;,&quot;sku&quot;:&quot;4000480113772&quot;,&quot;variation_description&quot;:&quot;&quot;,&quot;variation_id&quot;:20984,&quot;variation_is_active&quot;:true,&quot;variation_is_visible&quot;:true,&quot;weight&quot;:&quot;&quot;,&quot;weight_html&quot;:&quot;N\\\/D&quot;},{&quot;attributes&quot;:{&quot;attribute_pa_color&quot;:&quot;07&quot;,&quot;attribute_pa_f6e94332211fd664b982ae&quot;:&quot;5-lens&quot;},&quot;availability_html&quot;:&quot;&lt;p class=\\&quot;stock in-stock\\&quot;&gt;9 disponibles&lt;\\\/p&gt;\\n&quot;,&quot;backorders_allowed&quot;:false,&quot;dimensions&quot;:{&quot;length&quot;:&quot;&quot;,&quot;width&quot;:&quot;&quot;,&quot;height&quot;:&quot;&quot;},&quot;dimensions_html&quot;:&quot;N\\\/D&quot;,&quot;display_price&quot;:34990,&quot;display_regular_price&quot;:59990,&quot;gallery_image_ids&quot;:[],&quot;gallery_images_html&quot;:&quot;&quot;,&quot;image&quot;:{&quot;title&quot;:&quot;20968-zlwbdz.jpg&quot;,&quot;caption&quot;:&quot;&quot;,&quot;url&quot;:&quot;https:\\\/\\\/bodegaoutdoor.cl\\\/store\\\/wp-content\\\/uploads\\\/2020\\\/11\\\/20968-zlwbdz.jpg&quot;,&quot;alt&quot;:&quot;20968-zlwbdz.jpg&quot;,&quot;src&quot;:&quot;https:\\\/\\\/bodegaoutdoor.cl\\\/store\\\/wp-content\\\/uploads\\\/2020\\\/11\\\/20968-zlwbdz-600x600.jpg&quot;,&quot;srcset&quot;:&quot;https:\\\/\\\/bodegaoutdoor.cl\\\/store\\\/wp-content\\\/uploads\\\/2020\\\/11\\\/20968-zlwbdz-600x600.jpg 600w, https:\\\/\\\/bodegaoutdoor.cl\\\/store\\\/wp-content\\\/uploads\\\/2020\\\/11\\\/20968-zlwbdz-300x300.jpg 300w, https:\\\/\\\/bodegaoutdoor.cl\\\/store\\\/wp-content\\\/uploads\\\/2020\\\/11\\\/20968-zlwbdz-100x100.jpg 100w, https:\\\/\\\/bodegaoutdoor.cl\\\/store\\\/wp-content\\\/uploads\\\/2020\\\/11\\\/20968-zlwbdz-150x150.jpg 150w, https:\\\/\\\/bodegaoutdoor.cl\\\/store\\\/wp-content\\\/uploads\\\/2020\\\/11\\\/20968-zlwbdz-768x768.jpg 768w, https:\\\/\\\/bodegaoutdoor.cl\\\/store\\\/wp-content\\\/uploads\\\/2020\\\/11\\\/20968-zlwbdz.jpg 800w&quot;,&quot;sizes&quot;:&quot;(max-width: 600px) 100vw, 600px&quot;,&quot;full_src&quot;:&quot;https:\\\/\\\/bodegaoutdoor.cl\\\/store\\\/wp-content\\\/uploads\\\/2020\\\/11\\\/20968-zlwbdz.jpg&quot;,&quot;full_src_w&quot;:800,&quot;full_src_h&quot;:800,&quot;gallery_thumbnail_src&quot;:&quot;https:\\\/\\\/bodegaoutdoor.cl\\\/store\\\/wp-content\\\/uploads\\\/2020\\\/11\\\/20968-zlwbdz-100x100.jpg&quot;,&quot;gallery_thumbnail_src_w&quot;:100,&quot;gallery_thumbnail_src_h&quot;:100,&quot;thumb_src&quot;:&quot;https:\\\/\\\/bodegaoutdoor.cl\\\/store\\\/wp-content\\\/uploads\\\/2020\\\/11\\\/20968-zlwbdz-300x300.jpg&quot;,&quot;thumb_src_w&quot;:300,&quot;thumb_src_h&quot;:300,&quot;src_w&quot;:600,&quot;src_h&quot;:600},&quot;image_id&quot;:21006,&quot;is_downloadable&quot;:false,&quot;is_in_stock&quot;:true,&quot;is_purchasable&quot;:true,&quot;is_sold_individually&quot;:&quot;no&quot;,&quot;is_virtual&quot;:false,&quot;max_qty&quot;:9,&quot;min_qty&quot;:1,&quot;price_html&quot;:&quot;&lt;span class=\\&quot;price\\&quot;&gt;&lt;del aria-hidden=\\&quot;true\\&quot;&gt;&lt;span class=\\&quot;woocommerce-Price-amount amount\\&quot;&gt;&lt;bdi&gt;&lt;span class=\\&quot;woocommerce-Price-currencySymbol\\&quot; translate=\\&quot;no\\&quot;&gt;$&lt;\\\/span&gt;59,990&lt;\\\/bdi&gt;&lt;\\\/span&gt;&lt;\\\/del&gt; &lt;span class=\\&quot;screen-reader-text\\&quot;&gt;El precio original era: $59,990.&lt;\\\/span&gt;&lt;ins aria-hidden=\\&quot;true\\&quot;&gt;&lt;span class=\\&quot;woocommerce-Price-amount amount\\&quot;&gt;&lt;bdi&gt;&lt;span class=\\&quot;woocommerce-Price-currencySymbol\\&quot; translate=\\&quot;no\\&quot;&gt;$&lt;\\\/span&gt;34,990&lt;\\\/bdi&gt;&lt;\\\/span&gt;&lt;\\\/ins&gt;&lt;span class=\\&quot;screen-reader-text\\&quot;&gt;El precio actual es: $34,990.&lt;\\\/span&gt;&lt;\\\/span&gt;&quot;,&quot;sku&quot;:&quot;4000480113772&quot;,&quot;variation_description&quot;:&quot;&quot;,&quot;variation_id&quot;:20968,&quot;variation_is_active&quot;:true,&quot;variation_is_visible&quot;:true,&quot;weight&quot;:&quot;&quot;,&quot;weight_html&quot;:&quot;N\\\/D&quot;},{&quot;attributes&quot;:{&quot;attribute_pa_color&quot;:&quot;10-350852&quot;,&quot;attribute_pa_f6e94332211fd664b982ae&quot;:&quot;5-lens&quot;},&quot;availability_html&quot;:&quot;&lt;p class=\\&quot;stock in-stock\\&quot;&gt;965 disponibles&lt;\\\/p&gt;\\n&quot;,&quot;backorders_allowed&quot;:false,&quot;dimensions&quot;:{&quot;length&quot;:&quot;&quot;,&quot;width&quot;:&quot;&quot;,&quot;height&quot;:&quot;&quot;},&quot;dimensions_html&quot;:&quot;N\\\/D&quot;,&quot;display_price&quot;:34990,&quot;display_regular_price&quot;:59990,&quot;gallery_image_ids&quot;:[],&quot;gallery_images_html&quot;:&quot;&quot;,&quot;image&quot;:{&quot;title&quot;:&quot;20986-wwxecq.jpg&quot;,&quot;caption&quot;:&quot;&quot;,&quot;url&quot;:&quot;https:\\\/\\\/bodegaoutdoor.cl\\\/store\\\/wp-content\\\/uploads\\\/2020\\\/11\\\/20986-wwxecq.jpg&quot;,&quot;alt&quot;:&quot;20986-wwxecq.jpg&quot;,&quot;src&quot;:&quot;https:\\\/\\\/bodegaoutdoor.cl\\\/store\\\/wp-content\\\/uploads\\\/2020\\\/11\\\/20986-wwxecq-600x600.jpg&quot;,&quot;srcset&quot;:&quot;https:\\\/\\\/bodegaoutdoor.cl\\\/store\\\/wp-content\\\/uploads\\\/2020\\\/11\\\/20986-wwxecq-600x600.jpg 600w, https:\\\/\\\/bodegaoutdoor.cl\\\/store\\\/wp-content\\\/uploads\\\/2020\\\/11\\\/20986-wwxecq-300x300.jpg 300w, https:\\\/\\\/bodegaoutdoor.cl\\\/store\\\/wp-content\\\/uploads\\\/2020\\\/11\\\/20986-wwxecq-100x100.jpg 100w, https:\\\/\\\/bodegaoutdoor.cl\\\/store\\\/wp-content\\\/uploads\\\/2020\\\/11\\\/20986-wwxecq-150x150.jpg 150w, https:\\\/\\\/bodegaoutdoor.cl\\\/store\\\/wp-content\\\/uploads\\\/2020\\\/11\\\/20986-wwxecq-768x768.jpg 768w, https:\\\/\\\/bodegaoutdoor.cl\\\/store\\\/wp-content\\\/uploads\\\/2020\\\/11\\\/20986-wwxecq.jpg 800w&quot;,&quot;sizes&quot;:&quot;(max-width: 600px) 100vw, 600px&quot;,&quot;full_src&quot;:&quot;https:\\\/\\\/bodegaoutdoor.cl\\\/store\\\/wp-content\\\/uploads\\\/2020\\\/11\\\/20986-wwxecq.jpg&quot;,&quot;full_src_w&quot;:800,&quot;full_src_h&quot;:800,&quot;gallery_thumbnail_src&quot;:&quot;https:\\\/\\\/bodegaoutdoor.cl\\\/store\\\/wp-content\\\/uploads\\\/2020\\\/11\\\/20986-wwxecq-100x100.jpg&quot;,&quot;gallery_thumbnail_src_w&quot;:100,&quot;gallery_thumbnail_src_h&quot;:100,&quot;thumb_src&quot;:&quot;https:\\\/\\\/bodegaoutdoor.cl\\\/store\\\/wp-content\\\/uploads\\\/2020\\\/11\\\/20986-wwxecq-300x300.jpg&quot;,&quot;thumb_src_w&quot;:300,&quot;thumb_src_h&quot;:300,&quot;src_w&quot;:600,&quot;src_h&quot;:600},&quot;image_id&quot;:21017,&quot;is_downloadable&quot;:false,&quot;is_in_stock&quot;:true,&quot;is_purchasable&quot;:true,&quot;is_sold_individually&quot;:&quot;no&quot;,&quot;is_virtual&quot;:false,&quot;max_qty&quot;:965,&quot;min_qty&quot;:1,&quot;price_html&quot;:&quot;&lt;span class=\\&quot;price\\&quot;&gt;&lt;del aria-hidden=\\&quot;true\\&quot;&gt;&lt;span class=\\&quot;woocommerce-Price-amount amount\\&quot;&gt;&lt;bdi&gt;&lt;span class=\\&quot;woocommerce-Price-currencySymbol\\&quot; translate=\\&quot;no\\&quot;&gt;$&lt;\\\/span&gt;59,990&lt;\\\/bdi&gt;&lt;\\\/span&gt;&lt;\\\/del&gt; &lt;span class=\\&quot;screen-reader-text\\&quot;&gt;El precio original era: $59,990.&lt;\\\/span&gt;&lt;ins aria-hidden=\\&quot;true\\&quot;&gt;&lt;span class=\\&quot;woocommerce-Price-amount amount\\&quot;&gt;&lt;bdi&gt;&lt;span class=\\&quot;woocommerce-Price-currencySymbol\\&quot; translate=\\&quot;no\\&quot;&gt;$&lt;\\\/span&gt;34,990&lt;\\\/bdi&gt;&lt;\\\/span&gt;&lt;\\\/ins&gt;&lt;span class=\\&quot;screen-reader-text\\&quot;&gt;El precio actual es: $34,990.&lt;\\\/span&gt;&lt;\\\/span&gt;&quot;,&quot;sku&quot;:&quot;4000480113772&quot;,&quot;variation_description&quot;:&quot;&quot;,&quot;variation_id&quot;:20986,&quot;variation_is_active&quot;:true,&quot;variation_is_visible&quot;:true,&quot;weight&quot;:&quot;&quot;,&quot;weight_html&quot;:&quot;N\\\/D&quot;},{&quot;attributes&quot;:{&quot;attribute_pa_color&quot;:&quot;05&quot;,&quot;attribute_pa_f6e94332211fd664b982ae&quot;:&quot;5-lens&quot;},&quot;availability_html&quot;:&quot;&lt;p class=\\&quot;stock in-stock\\&quot;&gt;999 disponibles&lt;\\\/p&gt;\\n&quot;,&quot;backorders_allowed&quot;:false,&quot;dimensions&quot;:{&quot;length&quot;:&quot;&quot;,&quot;width&quot;:&quot;&quot;,&quot;height&quot;:&quot;&quot;},&quot;dimensions_html&quot;:&quot;N\\\/D&quot;,&quot;display_price&quot;:34990,&quot;display_regular_price&quot;:59990,&quot;gallery_image_ids&quot;:[],&quot;gallery_images_html&quot;:&quot;&quot;,&quot;image&quot;:{&quot;title&quot;:&quot;20970-4fidzf.jpg&quot;,&quot;caption&quot;:&quot;&quot;,&quot;url&quot;:&quot;https:\\\/\\\/bodegaoutdoor.cl\\\/store\\\/wp-content\\\/uploads\\\/2020\\\/11\\\/20970-4fidzf.jpg&quot;,&quot;alt&quot;:&quot;20970-4fidzf.jpg&quot;,&quot;src&quot;:&quot;https:\\\/\\\/bodegaoutdoor.cl\\\/store\\\/wp-content\\\/uploads\\\/2020\\\/11\\\/20970-4fidzf-600x600.jpg&quot;,&quot;srcset&quot;:&quot;https:\\\/\\\/bodegaoutdoor.cl\\\/store\\\/wp-content\\\/uploads\\\/2020\\\/11\\\/20970-4fidzf-600x600.jpg 600w, https:\\\/\\\/bodegaoutdoor.cl\\\/store\\\/wp-content\\\/uploads\\\/2020\\\/11\\\/20970-4fidzf-300x300.jpg 300w, https:\\\/\\\/bodegaoutdoor.cl\\\/store\\\/wp-content\\\/uploads\\\/2020\\\/11\\\/20970-4fidzf-100x100.jpg 100w, https:\\\/\\\/bodegaoutdoor.cl\\\/store\\\/wp-content\\\/uploads\\\/2020\\\/11\\\/20970-4fidzf-150x150.jpg 150w, https:\\\/\\\/bodegaoutdoor.cl\\\/store\\\/wp-content\\\/uploads\\\/2020\\\/11\\\/20970-4fidzf-768x768.jpg 768w, https:\\\/\\\/bodegaoutdoor.cl\\\/store\\\/wp-content\\\/uploads\\\/2020\\\/11\\\/20970-4fidzf.jpg 800w&quot;,&quot;sizes&quot;:&quot;(max-width: 600px) 100vw, 600px&quot;,&quot;full_src&quot;:&quot;https:\\\/\\\/bodegaoutdoor.cl\\\/store\\\/wp-content\\\/uploads\\\/2020\\\/11\\\/20970-4fidzf.jpg&quot;,&quot;full_src_w&quot;:800,&quot;full_src_h&quot;:800,&quot;gallery_thumbnail_src&quot;:&quot;https:\\\/\\\/bodegaoutdoor.cl\\\/store\\\/wp-content\\\/uploads\\\/2020\\\/11\\\/20970-4fidzf-100x100.jpg&quot;,&quot;gallery_thumbnail_src_w&quot;:100,&quot;gallery_thumbnail_src_h&quot;:100,&quot;thumb_src&quot;:&quot;https:\\\/\\\/bodegaoutdoor.cl\\\/store\\\/wp-content\\\/uploads\\\/2020\\\/11\\\/20970-4fidzf-300x300.jpg&quot;,&quot;thumb_src_w&quot;:300,&quot;thumb_src_h&quot;:300,&quot;src_w&quot;:600,&quot;src_h&quot;:600},&quot;image_id&quot;:21008,&quot;is_downloadable&quot;:false,&quot;is_in_stock&quot;:true,&quot;is_purchasable&quot;:true,&quot;is_sold_individually&quot;:&quot;no&quot;,&quot;is_virtual&quot;:false,&quot;max_qty&quot;:999,&quot;min_qty&quot;:1,&quot;price_html&quot;:&quot;&lt;span class=\\&quot;price\\&quot;&gt;&lt;del aria-hidden=\\&quot;true\\&quot;&gt;&lt;span class=\\&quot;woocommerce-Price-amount amount\\&quot;&gt;&lt;bdi&gt;&lt;span class=\\&quot;woocommerce-Price-currencySymbol\\&quot; translate=\\&quot;no\\&quot;&gt;$&lt;\\\/span&gt;59,990&lt;\\\/bdi&gt;&lt;\\\/span&gt;&lt;\\\/del&gt; &lt;span class=\\&quot;screen-reader-text\\&quot;&gt;El precio original era: $59,990.&lt;\\\/span&gt;&lt;ins aria-hidden=\\&quot;true\\&quot;&gt;&lt;span class=\\&quot;woocommerce-Price-amount amount\\&quot;&gt;&lt;bdi&gt;&lt;span class=\\&quot;woocommerce-Price-currencySymbol\\&quot; translate=\\&quot;no\\&quot;&gt;$&lt;\\\/span&gt;34,990&lt;\\\/bdi&gt;&lt;\\\/span&gt;&lt;\\\/ins&gt;&lt;span class=\\&quot;screen-reader-text\\&quot;&gt;El precio actual es: $34,990.&lt;\\\/span&gt;&lt;\\\/span&gt;&quot;,&quot;sku&quot;:&quot;4000480113772&quot;,&quot;variation_description&quot;:&quot;&quot;,&quot;variation_id&quot;:20970,&quot;variation_is_active&quot;:true,&quot;variation_is_visible&quot;:true,&quot;weight&quot;:&quot;&quot;,&quot;weight_html&quot;:&quot;N\\\/D&quot;},{&quot;attributes&quot;:{&quot;attribute_pa_color&quot;:&quot;17&quot;,&quot;attribute_pa_f6e94332211fd664b982ae&quot;:&quot;5-lens&quot;},&quot;availability_html&quot;:&quot;&lt;p class=\\&quot;stock in-stock\\&quot;&gt;12 disponibles&lt;\\\/p&gt;\\n&quot;,&quot;backorders_allowed&quot;:false,&quot;dimensions&quot;:{&quot;length&quot;:&quot;&quot;,&quot;width&quot;:&quot;&quot;,&quot;height&quot;:&quot;&quot;},&quot;dimensions_html&quot;:&quot;N\\\/D&quot;,&quot;display_price&quot;:39990,&quot;display_regular_price&quot;:59990,&quot;gallery_image_ids&quot;:[],&quot;gallery_images_html&quot;:&quot;&quot;,&quot;image&quot;:{&quot;title&quot;:&quot;20969-muigfh.jpg&quot;,&quot;caption&quot;:&quot;&quot;,&quot;url&quot;:&quot;https:\\\/\\\/bodegaoutdoor.cl\\\/store\\\/wp-content\\\/uploads\\\/2020\\\/11\\\/20969-muigfh.jpg&quot;,&quot;alt&quot;:&quot;20969-muigfh.jpg&quot;,&quot;src&quot;:&quot;https:\\\/\\\/bodegaoutdoor.cl\\\/store\\\/wp-content\\\/uploads\\\/2020\\\/11\\\/20969-muigfh-600x600.jpg&quot;,&quot;srcset&quot;:&quot;https:\\\/\\\/bodegaoutdoor.cl\\\/store\\\/wp-content\\\/uploads\\\/2020\\\/11\\\/20969-muigfh-600x600.jpg 600w, https:\\\/\\\/bodegaoutdoor.cl\\\/store\\\/wp-content\\\/uploads\\\/2020\\\/11\\\/20969-muigfh-300x300.jpg 300w, https:\\\/\\\/bodegaoutdoor.cl\\\/store\\\/wp-content\\\/uploads\\\/2020\\\/11\\\/20969-muigfh-100x100.jpg 100w, https:\\\/\\\/bodegaoutdoor.cl\\\/store\\\/wp-content\\\/uploads\\\/2020\\\/11\\\/20969-muigfh-150x150.jpg 150w, https:\\\/\\\/bodegaoutdoor.cl\\\/store\\\/wp-content\\\/uploads\\\/2020\\\/11\\\/20969-muigfh-768x768.jpg 768w, https:\\\/\\\/bodegaoutdoor.cl\\\/store\\\/wp-content\\\/uploads\\\/2020\\\/11\\\/20969-muigfh.jpg 800w&quot;,&quot;sizes&quot;:&quot;(max-width: 600px) 100vw, 600px&quot;,&quot;full_src&quot;:&quot;https:\\\/\\\/bodegaoutdoor.cl\\\/store\\\/wp-content\\\/uploads\\\/2020\\\/11\\\/20969-muigfh.jpg&quot;,&quot;full_src_w&quot;:800,&quot;full_src_h&quot;:800,&quot;gallery_thumbnail_src&quot;:&quot;https:\\\/\\\/bodegaoutdoor.cl\\\/store\\\/wp-content\\\/uploads\\\/2020\\\/11\\\/20969-muigfh-100x100.jpg&quot;,&quot;gallery_thumbnail_src_w&quot;:100,&quot;gallery_thumbnail_src_h&quot;:100,&quot;thumb_src&quot;:&quot;https:\\\/\\\/bodegaoutdoor.cl\\\/store\\\/wp-content\\\/uploads\\\/2020\\\/11\\\/20969-muigfh-300x300.jpg&quot;,&quot;thumb_src_w&quot;:300,&quot;thumb_src_h&quot;:300,&quot;src_w&quot;:600,&quot;src_h&quot;:600},&quot;image_id&quot;:21007,&quot;is_downloadable&quot;:false,&quot;is_in_stock&quot;:true,&quot;is_purchasable&quot;:true,&quot;is_sold_individually&quot;:&quot;no&quot;,&quot;is_virtual&quot;:false,&quot;max_qty&quot;:12,&quot;min_qty&quot;:1,&quot;price_html&quot;:&quot;&lt;span class=\\&quot;price\\&quot;&gt;&lt;del aria-hidden=\\&quot;true\\&quot;&gt;&lt;span class=\\&quot;woocommerce-Price-amount amount\\&quot;&gt;&lt;bdi&gt;&lt;span class=\\&quot;woocommerce-Price-currencySymbol\\&quot; translate=\\&quot;no\\&quot;&gt;$&lt;\\\/span&gt;59,990&lt;\\\/bdi&gt;&lt;\\\/span&gt;&lt;\\\/del&gt; &lt;span class=\\&quot;screen-reader-text\\&quot;&gt;El precio original era: $59,990.&lt;\\\/span&gt;&lt;ins aria-hidden=\\&quot;true\\&quot;&gt;&lt;span class=\\&quot;woocommerce-Price-amount amount\\&quot;&gt;&lt;bdi&gt;&lt;span class=\\&quot;woocommerce-Price-currencySymbol\\&quot; translate=\\&quot;no\\&quot;&gt;$&lt;\\\/span&gt;39,990&lt;\\\/bdi&gt;&lt;\\\/span&gt;&lt;\\\/ins&gt;&lt;span class=\\&quot;screen-reader-text\\&quot;&gt;El precio actual es: $39,990.&lt;\\\/span&gt;&lt;\\\/span&gt;&quot;,&quot;sku&quot;:&quot;4000480113772&quot;,&quot;variation_description&quot;:&quot;&quot;,&quot;variation_id&quot;:20969,&quot;variation_is_active&quot;:true,&quot;variation_is_visible&quot;:true,&quot;weight&quot;:&quot;&quot;,&quot;weight_html&quot;:&quot;N\\\/D&quot;},{&quot;attributes&quot;:{&quot;attribute_pa_color&quot;:&quot;02&quot;,&quot;attribute_pa_f6e94332211fd664b982ae&quot;:&quot;5-lens&quot;},&quot;availability_html&quot;:&quot;&lt;p class=\\&quot;stock out-of-stock\\&quot;&gt;Agotado&lt;\\\/p&gt;\\n&quot;,&quot;backorders_allowed&quot;:false,&quot;dimensions&quot;:{&quot;length&quot;:&quot;&quot;,&quot;width&quot;:&quot;&quot;,&quot;height&quot;:&quot;&quot;},&quot;dimensions_html&quot;:&quot;N\\\/D&quot;,&quot;display_price&quot;:34990,&quot;display_regular_price&quot;:59990,&quot;gallery_image_ids&quot;:[],&quot;gallery_images_html&quot;:&quot;&quot;,&quot;image&quot;:{&quot;title&quot;:&quot;20971-8mgc1m.jpg&quot;,&quot;caption&quot;:&quot;&quot;,&quot;url&quot;:&quot;https:\\\/\\\/bodegaoutdoor.cl\\\/store\\\/wp-content\\\/uploads\\\/2020\\\/11\\\/20971-8mgc1m.jpg&quot;,&quot;alt&quot;:&quot;20971-8mgc1m.jpg&quot;,&quot;src&quot;:&quot;https:\\\/\\\/bodegaoutdoor.cl\\\/store\\\/wp-content\\\/uploads\\\/2020\\\/11\\\/20971-8mgc1m-600x600.jpg&quot;,&quot;srcset&quot;:&quot;https:\\\/\\\/bodegaoutdoor.cl\\\/store\\\/wp-content\\\/uploads\\\/2020\\\/11\\\/20971-8mgc1m-600x600.jpg 600w, https:\\\/\\\/bodegaoutdoor.cl\\\/store\\\/wp-content\\\/uploads\\\/2020\\\/11\\\/20971-8mgc1m-300x300.jpg 300w, https:\\\/\\\/bodegaoutdoor.cl\\\/store\\\/wp-content\\\/uploads\\\/2020\\\/11\\\/20971-8mgc1m-100x100.jpg 100w, https:\\\/\\\/bodegaoutdoor.cl\\\/store\\\/wp-content\\\/uploads\\\/2020\\\/11\\\/20971-8mgc1m-150x150.jpg 150w, https:\\\/\\\/bodegaoutdoor.cl\\\/store\\\/wp-content\\\/uploads\\\/2020\\\/11\\\/20971-8mgc1m-768x768.jpg 768w, https:\\\/\\\/bodegaoutdoor.cl\\\/store\\\/wp-content\\\/uploads\\\/2020\\\/11\\\/20971-8mgc1m.jpg 800w&quot;,&quot;sizes&quot;:&quot;(max-width: 600px) 100vw, 600px&quot;,&quot;full_src&quot;:&quot;https:\\\/\\\/bodegaoutdoor.cl\\\/store\\\/wp-content\\\/uploads\\\/2020\\\/11\\\/20971-8mgc1m.jpg&quot;,&quot;full_src_w&quot;:800,&quot;full_src_h&quot;:800,&quot;gallery_thumbnail_src&quot;:&quot;https:\\\/\\\/bodegaoutdoor.cl\\\/store\\\/wp-content\\\/uploads\\\/2020\\\/11\\\/20971-8mgc1m-100x100.jpg&quot;,&quot;gallery_thumbnail_src_w&quot;:100,&quot;gallery_thumbnail_src_h&quot;:100,&quot;thumb_src&quot;:&quot;https:\\\/\\\/bodegaoutdoor.cl\\\/store\\\/wp-content\\\/uploads\\\/2020\\\/11\\\/20971-8mgc1m-300x300.jpg&quot;,&quot;thumb_src_w&quot;:300,&quot;thumb_src_h&quot;:300,&quot;src_w&quot;:600,&quot;src_h&quot;:600},&quot;image_id&quot;:21009,&quot;is_downloadable&quot;:false,&quot;is_in_stock&quot;:false,&quot;is_purchasable&quot;:true,&quot;is_sold_individually&quot;:&quot;no&quot;,&quot;is_virtual&quot;:false,&quot;max_qty&quot;:&quot;&quot;,&quot;min_qty&quot;:1,&quot;price_html&quot;:&quot;&lt;span class=\\&quot;price\\&quot;&gt;&lt;del aria-hidden=\\&quot;true\\&quot;&gt;&lt;span class=\\&quot;woocommerce-Price-amount amount\\&quot;&gt;&lt;bdi&gt;&lt;span class=\\&quot;woocommerce-Price-currencySymbol\\&quot; translate=\\&quot;no\\&quot;&gt;$&lt;\\\/span&gt;59,990&lt;\\\/bdi&gt;&lt;\\\/span&gt;&lt;\\\/del&gt; &lt;span class=\\&quot;screen-reader-text\\&quot;&gt;El precio original era: $59,990.&lt;\\\/span&gt;&lt;ins aria-hidden=\\&quot;true\\&quot;&gt;&lt;span class=\\&quot;woocommerce-Price-amount amount\\&quot;&gt;&lt;bdi&gt;&lt;span class=\\&quot;woocommerce-Price-currencySymbol\\&quot; translate=\\&quot;no\\&quot;&gt;$&lt;\\\/span&gt;34,990&lt;\\\/bdi&gt;&lt;\\\/span&gt;&lt;\\\/ins&gt;&lt;span class=\\&quot;screen-reader-text\\&quot;&gt;El precio actual es: $34,990.&lt;\\\/span&gt;&lt;\\\/span&gt;&quot;,&quot;sku&quot;:&quot;4000480113772&quot;,&quot;variation_description&quot;:&quot;&quot;,&quot;variation_id&quot;:20971,&quot;variation_is_active&quot;:true,&quot;variation_is_visible&quot;:true,&quot;weight&quot;:&quot;&quot;,&quot;weight_html&quot;:&quot;N\\\/D&quot;},{&quot;attributes&quot;:{&quot;attribute_pa_color&quot;:&quot;08-365458&quot;,&quot;attribute_pa_f6e94332211fd664b982ae&quot;:&quot;5-lens&quot;},&quot;availability_html&quot;:&quot;&lt;p class=\\&quot;stock in-stock\\&quot;&gt;953 disponibles&lt;\\\/p&gt;\\n&quot;,&quot;backorders_allowed&quot;:false,&quot;dimensions&quot;:{&quot;length&quot;:&quot;&quot;,&quot;width&quot;:&quot;&quot;,&quot;height&quot;:&quot;&quot;},&quot;dimensions_html&quot;:&quot;N\\\/D&quot;,&quot;display_price&quot;:34990,&quot;display_regular_price&quot;:59990,&quot;gallery_image_ids&quot;:[],&quot;gallery_images_html&quot;:&quot;&quot;,&quot;image&quot;:[],&quot;image_id&quot;:&quot;&quot;,&quot;is_downloadable&quot;:false,&quot;is_in_stock&quot;:true,&quot;is_purchasable&quot;:true,&quot;is_sold_individually&quot;:&quot;no&quot;,&quot;is_virtual&quot;:false,&quot;max_qty&quot;:953,&quot;min_qty&quot;:1,&quot;price_html&quot;:&quot;&lt;span class=\\&quot;price\\&quot;&gt;&lt;del aria-hidden=\\&quot;true\\&quot;&gt;&lt;span class=\\&quot;woocommerce-Price-amount amount\\&quot;&gt;&lt;bdi&gt;&lt;span class=\\&quot;woocommerce-Price-currencySymbol\\&quot; translate=\\&quot;no\\&quot;&gt;$&lt;\\\/span&gt;59,990&lt;\\\/bdi&gt;&lt;\\\/span&gt;&lt;\\\/del&gt; &lt;span class=\\&quot;screen-reader-text\\&quot;&gt;El precio original era: $59,990.&lt;\\\/span&gt;&lt;ins aria-hidden=\\&quot;true\\&quot;&gt;&lt;span class=\\&quot;woocommerce-Price-amount amount\\&quot;&gt;&lt;bdi&gt;&lt;span class=\\&quot;woocommerce-Price-currencySymbol\\&quot; translate=\\&quot;no\\&quot;&gt;$&lt;\\\/span&gt;34,990&lt;\\\/bdi&gt;&lt;\\\/span&gt;&lt;\\\/ins&gt;&lt;span class=\\&quot;screen-reader-text\\&quot;&gt;El precio actual es: $34,990.&lt;\\\/span&gt;&lt;\\\/span&gt;&quot;,&quot;sku&quot;:&quot;4000480113772&quot;,&quot;variation_description&quot;:&quot;&quot;,&quot;variation_id&quot;:20988,&quot;variation_is_active&quot;:true,&quot;variation_is_visible&quot;:true,&quot;weight&quot;:&quot;&quot;,&quot;weight_html&quot;:&quot;N\\\/D&quot;},{&quot;attributes&quot;:{&quot;attribute_pa_color&quot;:&quot;07-350850&quot;,&quot;attribute_pa_f6e94332211fd664b982ae&quot;:&quot;5-lens&quot;},&quot;availability_html&quot;:&quot;&lt;p class=\\&quot;stock in-stock\\&quot;&gt;932 disponibles&lt;\\\/p&gt;\\n&quot;,&quot;backorders_allowed&quot;:false,&quot;dimensions&quot;:{&quot;length&quot;:&quot;&quot;,&quot;width&quot;:&quot;&quot;,&quot;height&quot;:&quot;&quot;},&quot;dimensions_html&quot;:&quot;N\\\/D&quot;,&quot;display_price&quot;:34990,&quot;display_regular_price&quot;:59990,&quot;gallery_image_ids&quot;:[],&quot;gallery_images_html&quot;:&quot;&quot;,&quot;image&quot;:{&quot;title&quot;:&quot;20974-istouy.jpg&quot;,&quot;caption&quot;:&quot;&quot;,&quot;url&quot;:&quot;https:\\\/\\\/bodegaoutdoor.cl\\\/store\\\/wp-content\\\/uploads\\\/2020\\\/11\\\/20974-istouy.jpg&quot;,&quot;alt&quot;:&quot;20974-istouy.jpg&quot;,&quot;src&quot;:&quot;https:\\\/\\\/bodegaoutdoor.cl\\\/store\\\/wp-content\\\/uploads\\\/2020\\\/11\\\/20974-istouy-600x600.jpg&quot;,&quot;srcset&quot;:&quot;https:\\\/\\\/bodegaoutdoor.cl\\\/store\\\/wp-content\\\/uploads\\\/2020\\\/11\\\/20974-istouy-600x600.jpg 600w, https:\\\/\\\/bodegaoutdoor.cl\\\/store\\\/wp-content\\\/uploads\\\/2020\\\/11\\\/20974-istouy-300x300.jpg 300w, https:\\\/\\\/bodegaoutdoor.cl\\\/store\\\/wp-content\\\/uploads\\\/2020\\\/11\\\/20974-istouy-100x100.jpg 100w, https:\\\/\\\/bodegaoutdoor.cl\\\/store\\\/wp-content\\\/uploads\\\/2020\\\/11\\\/20974-istouy-150x150.jpg 150w, https:\\\/\\\/bodegaoutdoor.cl\\\/store\\\/wp-content\\\/uploads\\\/2020\\\/11\\\/20974-istouy-768x768.jpg 768w, https:\\\/\\\/bodegaoutdoor.cl\\\/store\\\/wp-content\\\/uploads\\\/2020\\\/11\\\/20974-istouy.jpg 800w&quot;,&quot;sizes&quot;:&quot;(max-width: 600px) 100vw, 600px&quot;,&quot;full_src&quot;:&quot;https:\\\/\\\/bodegaoutdoor.cl\\\/store\\\/wp-content\\\/uploads\\\/2020\\\/11\\\/20974-istouy.jpg&quot;,&quot;full_src_w&quot;:800,&quot;full_src_h&quot;:800,&quot;gallery_thumbnail_src&quot;:&quot;https:\\\/\\\/bodegaoutdoor.cl\\\/store\\\/wp-content\\\/uploads\\\/2020\\\/11\\\/20974-istouy-100x100.jpg&quot;,&quot;gallery_thumbnail_src_w&quot;:100,&quot;gallery_thumbnail_src_h&quot;:100,&quot;thumb_src&quot;:&quot;https:\\\/\\\/bodegaoutdoor.cl\\\/store\\\/wp-content\\\/uploads\\\/2020\\\/11\\\/20974-istouy-300x300.jpg&quot;,&quot;thumb_src_w&quot;:300,&quot;thumb_src_h&quot;:300,&quot;src_w&quot;:600,&quot;src_h&quot;:600},&quot;image_id&quot;:21012,&quot;is_downloadable&quot;:false,&quot;is_in_stock&quot;:true,&quot;is_purchasable&quot;:true,&quot;is_sold_individually&quot;:&quot;no&quot;,&quot;is_virtual&quot;:false,&quot;max_qty&quot;:932,&quot;min_qty&quot;:1,&quot;price_html&quot;:&quot;&lt;span class=\\&quot;price\\&quot;&gt;&lt;del aria-hidden=\\&quot;true\\&quot;&gt;&lt;span class=\\&quot;woocommerce-Price-amount amount\\&quot;&gt;&lt;bdi&gt;&lt;span class=\\&quot;woocommerce-Price-currencySymbol\\&quot; translate=\\&quot;no\\&quot;&gt;$&lt;\\\/span&gt;59,990&lt;\\\/bdi&gt;&lt;\\\/span&gt;&lt;\\\/del&gt; &lt;span class=\\&quot;screen-reader-text\\&quot;&gt;El precio original era: $59,990.&lt;\\\/span&gt;&lt;ins aria-hidden=\\&quot;true\\&quot;&gt;&lt;span class=\\&quot;woocommerce-Price-amount amount\\&quot;&gt;&lt;bdi&gt;&lt;span class=\\&quot;woocommerce-Price-currencySymbol\\&quot; translate=\\&quot;no\\&quot;&gt;$&lt;\\\/span&gt;34,990&lt;\\\/bdi&gt;&lt;\\\/span&gt;&lt;\\\/ins&gt;&lt;span class=\\&quot;screen-reader-text\\&quot;&gt;El precio actual es: $34,990.&lt;\\\/span&gt;&lt;\\\/span&gt;&quot;,&quot;sku&quot;:&quot;4000480113772&quot;,&quot;variation_description&quot;:&quot;&quot;,&quot;variation_id&quot;:20974,&quot;variation_is_active&quot;:true,&quot;variation_is_visible&quot;:true,&quot;weight&quot;:&quot;&quot;,&quot;weight_html&quot;:&quot;N\\\/D&quot;},{&quot;attributes&quot;:{&quot;attribute_pa_color&quot;:&quot;17-350853&quot;,&quot;attribute_pa_f6e94332211fd664b982ae&quot;:&quot;5-lens&quot;},&quot;availability_html&quot;:&quot;&lt;p class=\\&quot;stock in-stock\\&quot;&gt;1027 disponibles&lt;\\\/p&gt;\\n&quot;,&quot;backorders_allowed&quot;:false,&quot;dimensions&quot;:{&quot;length&quot;:&quot;&quot;,&quot;width&quot;:&quot;&quot;,&quot;height&quot;:&quot;&quot;},&quot;dimensions_html&quot;:&quot;N\\\/D&quot;,&quot;display_price&quot;:34990,&quot;display_regular_price&quot;:59990,&quot;gallery_image_ids&quot;:[],&quot;gallery_images_html&quot;:&quot;&quot;,&quot;image&quot;:{&quot;title&quot;:&quot;20977-sed4zu.jpg&quot;,&quot;caption&quot;:&quot;&quot;,&quot;url&quot;:&quot;https:\\\/\\\/bodegaoutdoor.cl\\\/store\\\/wp-content\\\/uploads\\\/2020\\\/11\\\/20977-sed4zu.jpg&quot;,&quot;alt&quot;:&quot;20977-sed4zu.jpg&quot;,&quot;src&quot;:&quot;https:\\\/\\\/bodegaoutdoor.cl\\\/store\\\/wp-content\\\/uploads\\\/2020\\\/11\\\/20977-sed4zu-600x600.jpg&quot;,&quot;srcset&quot;:&quot;https:\\\/\\\/bodegaoutdoor.cl\\\/store\\\/wp-content\\\/uploads\\\/2020\\\/11\\\/20977-sed4zu-600x600.jpg 600w, https:\\\/\\\/bodegaoutdoor.cl\\\/store\\\/wp-content\\\/uploads\\\/2020\\\/11\\\/20977-sed4zu-300x300.jpg 300w, https:\\\/\\\/bodegaoutdoor.cl\\\/store\\\/wp-content\\\/uploads\\\/2020\\\/11\\\/20977-sed4zu-100x100.jpg 100w, https:\\\/\\\/bodegaoutdoor.cl\\\/store\\\/wp-content\\\/uploads\\\/2020\\\/11\\\/20977-sed4zu-150x150.jpg 150w, https:\\\/\\\/bodegaoutdoor.cl\\\/store\\\/wp-content\\\/uploads\\\/2020\\\/11\\\/20977-sed4zu-768x768.jpg 768w, https:\\\/\\\/bodegaoutdoor.cl\\\/store\\\/wp-content\\\/uploads\\\/2020\\\/11\\\/20977-sed4zu.jpg 800w&quot;,&quot;sizes&quot;:&quot;(max-width: 600px) 100vw, 600px&quot;,&quot;full_src&quot;:&quot;https:\\\/\\\/bodegaoutdoor.cl\\\/store\\\/wp-content\\\/uploads\\\/2020\\\/11\\\/20977-sed4zu.jpg&quot;,&quot;full_src_w&quot;:800,&quot;full_src_h&quot;:800,&quot;gallery_thumbnail_src&quot;:&quot;https:\\\/\\\/bodegaoutdoor.cl\\\/store\\\/wp-content\\\/uploads\\\/2020\\\/11\\\/20977-sed4zu-100x100.jpg&quot;,&quot;gallery_thumbnail_src_w&quot;:100,&quot;gallery_thumbnail_src_h&quot;:100,&quot;thumb_src&quot;:&quot;https:\\\/\\\/bodegaoutdoor.cl\\\/store\\\/wp-content\\\/uploads\\\/2020\\\/11\\\/20977-sed4zu-300x300.jpg&quot;,&quot;thumb_src_w&quot;:300,&quot;thumb_src_h&quot;:300,&quot;src_w&quot;:600,&quot;src_h&quot;:600},&quot;image_id&quot;:21013,&quot;is_downloadable&quot;:false,&quot;is_in_stock&quot;:true,&quot;is_purchasable&quot;:true,&quot;is_sold_individually&quot;:&quot;no&quot;,&quot;is_virtual&quot;:false,&quot;max_qty&quot;:1027,&quot;min_qty&quot;:1,&quot;price_html&quot;:&quot;&lt;span class=\\&quot;price\\&quot;&gt;&lt;del aria-hidden=\\&quot;true\\&quot;&gt;&lt;span class=\\&quot;woocommerce-Price-amount amount\\&quot;&gt;&lt;bdi&gt;&lt;span class=\\&quot;woocommerce-Price-currencySymbol\\&quot; translate=\\&quot;no\\&quot;&gt;$&lt;\\\/span&gt;59,990&lt;\\\/bdi&gt;&lt;\\\/span&gt;&lt;\\\/del&gt; &lt;span class=\\&quot;screen-reader-text\\&quot;&gt;El precio original era: $59,990.&lt;\\\/span&gt;&lt;ins aria-hidden=\\&quot;true\\&quot;&gt;&lt;span class=\\&quot;woocommerce-Price-amount amount\\&quot;&gt;&lt;bdi&gt;&lt;span class=\\&quot;woocommerce-Price-currencySymbol\\&quot; translate=\\&quot;no\\&quot;&gt;$&lt;\\\/span&gt;34,990&lt;\\\/bdi&gt;&lt;\\\/span&gt;&lt;\\\/ins&gt;&lt;span class=\\&quot;screen-reader-text\\&quot;&gt;El precio actual es: $34,990.&lt;\\\/span&gt;&lt;\\\/span&gt;&quot;,&quot;sku&quot;:&quot;4000480113772&quot;,&quot;variation_description&quot;:&quot;&quot;,&quot;variation_id&quot;:20977,&quot;variation_is_active&quot;:true,&quot;variation_is_visible&quot;:true,&quot;weight&quot;:&quot;&quot;,&quot;weight_html&quot;:&quot;N\\\/D&quot;},{&quot;attributes&quot;:{&quot;attribute_pa_color&quot;:&quot;05-496&quot;,&quot;attribute_pa_f6e94332211fd664b982ae&quot;:&quot;5-lens&quot;},&quot;availability_html&quot;:&quot;&lt;p class=\\&quot;stock in-stock\\&quot;&gt;850 disponibles&lt;\\\/p&gt;\\n&quot;,&quot;backorders_allowed&quot;:false,&quot;dimensions&quot;:{&quot;length&quot;:&quot;&quot;,&quot;width&quot;:&quot;&quot;,&quot;height&quot;:&quot;&quot;},&quot;dimensions_html&quot;:&quot;N\\\/D&quot;,&quot;display_price&quot;:34990,&quot;display_regular_price&quot;:59990,&quot;gallery_image_ids&quot;:[],&quot;gallery_images_html&quot;:&quot;&quot;,&quot;image&quot;:{&quot;title&quot;:&quot;20979-n0vwpm.jpg&quot;,&quot;caption&quot;:&quot;&quot;,&quot;url&quot;:&quot;https:\\\/\\\/bodegaoutdoor.cl\\\/store\\\/wp-content\\\/uploads\\\/2020\\\/11\\\/20979-n0vwpm.jpg&quot;,&quot;alt&quot;:&quot;20979-n0vwpm.jpg&quot;,&quot;src&quot;:&quot;https:\\\/\\\/bodegaoutdoor.cl\\\/store\\\/wp-content\\\/uploads\\\/2020\\\/11\\\/20979-n0vwpm-600x600.jpg&quot;,&quot;srcset&quot;:&quot;https:\\\/\\\/bodegaoutdoor.cl\\\/store\\\/wp-content\\\/uploads\\\/2020\\\/11\\\/20979-n0vwpm-600x600.jpg 600w, https:\\\/\\\/bodegaoutdoor.cl\\\/store\\\/wp-content\\\/uploads\\\/2020\\\/11\\\/20979-n0vwpm-300x300.jpg 300w, https:\\\/\\\/bodegaoutdoor.cl\\\/store\\\/wp-content\\\/uploads\\\/2020\\\/11\\\/20979-n0vwpm-100x100.jpg 100w, https:\\\/\\\/bodegaoutdoor.cl\\\/store\\\/wp-content\\\/uploads\\\/2020\\\/11\\\/20979-n0vwpm-150x150.jpg 150w, https:\\\/\\\/bodegaoutdoor.cl\\\/store\\\/wp-content\\\/uploads\\\/2020\\\/11\\\/20979-n0vwpm-768x768.jpg 768w, https:\\\/\\\/bodegaoutdoor.cl\\\/store\\\/wp-content\\\/uploads\\\/2020\\\/11\\\/20979-n0vwpm.jpg 800w&quot;,&quot;sizes&quot;:&quot;(max-width: 600px) 100vw, 600px&quot;,&quot;full_src&quot;:&quot;https:\\\/\\\/bodegaoutdoor.cl\\\/store\\\/wp-content\\\/uploads\\\/2020\\\/11\\\/20979-n0vwpm.jpg&quot;,&quot;full_src_w&quot;:800,&quot;full_src_h&quot;:800,&quot;gallery_thumbnail_src&quot;:&quot;https:\\\/\\\/bodegaoutdoor.cl\\\/store\\\/wp-content\\\/uploads\\\/2020\\\/11\\\/20979-n0vwpm-100x100.jpg&quot;,&quot;gallery_thumbnail_src_w&quot;:100,&quot;gallery_thumbnail_src_h&quot;:100,&quot;thumb_src&quot;:&quot;https:\\\/\\\/bodegaoutdoor.cl\\\/store\\\/wp-content\\\/uploads\\\/2020\\\/11\\\/20979-n0vwpm-300x300.jpg&quot;,&quot;thumb_src_w&quot;:300,&quot;thumb_src_h&quot;:300,&quot;src_w&quot;:600,&quot;src_h&quot;:600},&quot;image_id&quot;:21014,&quot;is_downloadable&quot;:false,&quot;is_in_stock&quot;:true,&quot;is_purchasable&quot;:true,&quot;is_sold_individually&quot;:&quot;no&quot;,&quot;is_virtual&quot;:false,&quot;max_qty&quot;:850,&quot;min_qty&quot;:1,&quot;price_html&quot;:&quot;&lt;span class=\\&quot;price\\&quot;&gt;&lt;del aria-hidden=\\&quot;true\\&quot;&gt;&lt;span class=\\&quot;woocommerce-Price-amount amount\\&quot;&gt;&lt;bdi&gt;&lt;span class=\\&quot;woocommerce-Price-currencySymbol\\&quot; translate=\\&quot;no\\&quot;&gt;$&lt;\\\/span&gt;59,990&lt;\\\/bdi&gt;&lt;\\\/span&gt;&lt;\\\/del&gt; &lt;span class=\\&quot;screen-reader-text\\&quot;&gt;El precio original era: $59,990.&lt;\\\/span&gt;&lt;ins aria-hidden=\\&quot;true\\&quot;&gt;&lt;span class=\\&quot;woocommerce-Price-amount amount\\&quot;&gt;&lt;bdi&gt;&lt;span class=\\&quot;woocommerce-Price-currencySymbol\\&quot; translate=\\&quot;no\\&quot;&gt;$&lt;\\\/span&gt;34,990&lt;\\\/bdi&gt;&lt;\\\/span&gt;&lt;\\\/ins&gt;&lt;span class=\\&quot;screen-reader-text\\&quot;&gt;El precio actual es: $34,990.&lt;\\\/span&gt;&lt;\\\/span&gt;&quot;,&quot;sku&quot;:&quot;4000480113772&quot;,&quot;variation_description&quot;:&quot;&quot;,&quot;variation_id&quot;:20979,&quot;variation_is_active&quot;:true,&quot;variation_is_visible&quot;:true,&quot;weight&quot;:&quot;&quot;,&quot;weight_html&quot;:&quot;N\\\/D&quot;}]\">\r\n            \r\n                            <table class=\"variations\" cellspacing=\"0\">\r\n                    <tbody>\r\n\r\n                    \r\n                                                <tr>\r\n                            <td class=\"label\"><label for=\"pa_color\">color<\/label><\/td>\r\n                            <td class=\"value\">\r\n                                <div class=\"adsw-attribute-option\"><span class=\"meta-item-text sku-set \" data-value=\"01\">01<\/span><span class=\"meta-item-text sku-set \" data-value=\"02-1052\">02<\/span><span class=\"meta-item-img sku-set \" data-value=\"02\" data-image_id=\"21009\" title=\"02\"><i  style=\"width: 50px; height: 50px;\"><img loading=\"lazy\" decoding=\"async\" width=\"100\" height=\"100\" src=\"https:\/\/bodegaoutdoor.cl\/store\/wp-content\/uploads\/2020\/11\/20971-8mgc1m-100x100.jpg\" class=\"attachment-shop_thumbnail size-shop_thumbnail\" alt=\"02\" title=\"02\" style=\"\" srcset=\"https:\/\/bodegaoutdoor.cl\/store\/wp-content\/uploads\/2020\/11\/20971-8mgc1m-100x100.jpg 100w, https:\/\/bodegaoutdoor.cl\/store\/wp-content\/uploads\/2020\/11\/20971-8mgc1m-300x300.jpg 300w, https:\/\/bodegaoutdoor.cl\/store\/wp-content\/uploads\/2020\/11\/20971-8mgc1m-600x600.jpg 600w, https:\/\/bodegaoutdoor.cl\/store\/wp-content\/uploads\/2020\/11\/20971-8mgc1m-150x150.jpg 150w, https:\/\/bodegaoutdoor.cl\/store\/wp-content\/uploads\/2020\/11\/20971-8mgc1m-768x768.jpg 768w, https:\/\/bodegaoutdoor.cl\/store\/wp-content\/uploads\/2020\/11\/20971-8mgc1m.jpg 800w\" sizes=\"(max-width: 100px) 100vw, 100px\" \/><\/i><\/span><span class=\"meta-item-img sku-set \" data-value=\"05-496\" data-image_id=\"21014\" title=\"05\"><i  style=\"width: 50px; height: 50px;\"><img loading=\"lazy\" decoding=\"async\" width=\"100\" height=\"100\" src=\"https:\/\/bodegaoutdoor.cl\/store\/wp-content\/uploads\/2020\/11\/20979-n0vwpm-100x100.jpg\" class=\"attachment-shop_thumbnail size-shop_thumbnail\" alt=\"05\" title=\"05\" style=\"\" srcset=\"https:\/\/bodegaoutdoor.cl\/store\/wp-content\/uploads\/2020\/11\/20979-n0vwpm-100x100.jpg 100w, https:\/\/bodegaoutdoor.cl\/store\/wp-content\/uploads\/2020\/11\/20979-n0vwpm-300x300.jpg 300w, https:\/\/bodegaoutdoor.cl\/store\/wp-content\/uploads\/2020\/11\/20979-n0vwpm-600x600.jpg 600w, https:\/\/bodegaoutdoor.cl\/store\/wp-content\/uploads\/2020\/11\/20979-n0vwpm-150x150.jpg 150w, https:\/\/bodegaoutdoor.cl\/store\/wp-content\/uploads\/2020\/11\/20979-n0vwpm-768x768.jpg 768w, https:\/\/bodegaoutdoor.cl\/store\/wp-content\/uploads\/2020\/11\/20979-n0vwpm.jpg 800w\" sizes=\"(max-width: 100px) 100vw, 100px\" \/><\/i><\/span><span class=\"meta-item-img sku-set \" data-value=\"05\" data-image_id=\"21008\" title=\"05\"><i  style=\"width: 50px; height: 50px;\"><img loading=\"lazy\" decoding=\"async\" width=\"100\" height=\"100\" src=\"https:\/\/bodegaoutdoor.cl\/store\/wp-content\/uploads\/2020\/11\/20970-4fidzf-100x100.jpg\" class=\"attachment-shop_thumbnail size-shop_thumbnail\" alt=\"05\" title=\"05\" style=\"\" srcset=\"https:\/\/bodegaoutdoor.cl\/store\/wp-content\/uploads\/2020\/11\/20970-4fidzf-100x100.jpg 100w, https:\/\/bodegaoutdoor.cl\/store\/wp-content\/uploads\/2020\/11\/20970-4fidzf-300x300.jpg 300w, https:\/\/bodegaoutdoor.cl\/store\/wp-content\/uploads\/2020\/11\/20970-4fidzf-600x600.jpg 600w, https:\/\/bodegaoutdoor.cl\/store\/wp-content\/uploads\/2020\/11\/20970-4fidzf-150x150.jpg 150w, https:\/\/bodegaoutdoor.cl\/store\/wp-content\/uploads\/2020\/11\/20970-4fidzf-768x768.jpg 768w, https:\/\/bodegaoutdoor.cl\/store\/wp-content\/uploads\/2020\/11\/20970-4fidzf.jpg 800w\" sizes=\"(max-width: 100px) 100vw, 100px\" \/><\/i><\/span><span class=\"meta-item-img sku-set \" data-value=\"07\" data-image_id=\"21006\" title=\"07\"><i  style=\"width: 50px; height: 50px;\"><img loading=\"lazy\" decoding=\"async\" width=\"100\" height=\"100\" src=\"https:\/\/bodegaoutdoor.cl\/store\/wp-content\/uploads\/2020\/11\/20968-zlwbdz-100x100.jpg\" class=\"attachment-shop_thumbnail size-shop_thumbnail\" alt=\"07\" title=\"07\" style=\"\" srcset=\"https:\/\/bodegaoutdoor.cl\/store\/wp-content\/uploads\/2020\/11\/20968-zlwbdz-100x100.jpg 100w, https:\/\/bodegaoutdoor.cl\/store\/wp-content\/uploads\/2020\/11\/20968-zlwbdz-300x300.jpg 300w, https:\/\/bodegaoutdoor.cl\/store\/wp-content\/uploads\/2020\/11\/20968-zlwbdz-600x600.jpg 600w, https:\/\/bodegaoutdoor.cl\/store\/wp-content\/uploads\/2020\/11\/20968-zlwbdz-150x150.jpg 150w, https:\/\/bodegaoutdoor.cl\/store\/wp-content\/uploads\/2020\/11\/20968-zlwbdz-768x768.jpg 768w, https:\/\/bodegaoutdoor.cl\/store\/wp-content\/uploads\/2020\/11\/20968-zlwbdz.jpg 800w\" sizes=\"(max-width: 100px) 100vw, 100px\" \/><\/i><\/span><span class=\"meta-item-img sku-set \" data-value=\"07-350850\" data-image_id=\"21012\" title=\"07\"><i  style=\"width: 50px; height: 50px;\"><img loading=\"lazy\" decoding=\"async\" width=\"100\" height=\"100\" src=\"https:\/\/bodegaoutdoor.cl\/store\/wp-content\/uploads\/2020\/11\/20974-istouy-100x100.jpg\" class=\"attachment-shop_thumbnail size-shop_thumbnail\" alt=\"07\" title=\"07\" style=\"\" srcset=\"https:\/\/bodegaoutdoor.cl\/store\/wp-content\/uploads\/2020\/11\/20974-istouy-100x100.jpg 100w, https:\/\/bodegaoutdoor.cl\/store\/wp-content\/uploads\/2020\/11\/20974-istouy-300x300.jpg 300w, https:\/\/bodegaoutdoor.cl\/store\/wp-content\/uploads\/2020\/11\/20974-istouy-600x600.jpg 600w, https:\/\/bodegaoutdoor.cl\/store\/wp-content\/uploads\/2020\/11\/20974-istouy-150x150.jpg 150w, https:\/\/bodegaoutdoor.cl\/store\/wp-content\/uploads\/2020\/11\/20974-istouy-768x768.jpg 768w, https:\/\/bodegaoutdoor.cl\/store\/wp-content\/uploads\/2020\/11\/20974-istouy.jpg 800w\" sizes=\"(max-width: 100px) 100vw, 100px\" \/><\/i><\/span><span class=\"meta-item-img sku-set \" data-value=\"08\" data-image_id=\"21005\" title=\"08\"><i  style=\"width: 50px; height: 50px;\"><img loading=\"lazy\" decoding=\"async\" width=\"100\" height=\"100\" src=\"https:\/\/bodegaoutdoor.cl\/store\/wp-content\/uploads\/2020\/11\/20967-hhfd36-100x100.jpg\" class=\"attachment-shop_thumbnail size-shop_thumbnail\" alt=\"08\" title=\"08\" style=\"\" srcset=\"https:\/\/bodegaoutdoor.cl\/store\/wp-content\/uploads\/2020\/11\/20967-hhfd36-100x100.jpg 100w, https:\/\/bodegaoutdoor.cl\/store\/wp-content\/uploads\/2020\/11\/20967-hhfd36-300x300.jpg 300w, https:\/\/bodegaoutdoor.cl\/store\/wp-content\/uploads\/2020\/11\/20967-hhfd36-600x600.jpg 600w, https:\/\/bodegaoutdoor.cl\/store\/wp-content\/uploads\/2020\/11\/20967-hhfd36-150x150.jpg 150w, https:\/\/bodegaoutdoor.cl\/store\/wp-content\/uploads\/2020\/11\/20967-hhfd36-768x768.jpg 768w, https:\/\/bodegaoutdoor.cl\/store\/wp-content\/uploads\/2020\/11\/20967-hhfd36.jpg 800w\" sizes=\"(max-width: 100px) 100vw, 100px\" \/><\/i><\/span><span class=\"meta-item-text sku-set \" data-value=\"08-365458\">08<\/span><span class=\"meta-item-img sku-set \" data-value=\"10\" data-image_id=\"21004\" title=\"10\"><i  style=\"width: 50px; height: 50px;\"><img loading=\"lazy\" decoding=\"async\" width=\"100\" height=\"100\" src=\"https:\/\/bodegaoutdoor.cl\/store\/wp-content\/uploads\/2020\/11\/20966-ifyjto-100x100.jpg\" class=\"attachment-shop_thumbnail size-shop_thumbnail\" alt=\"10\" title=\"10\" style=\"\" srcset=\"https:\/\/bodegaoutdoor.cl\/store\/wp-content\/uploads\/2020\/11\/20966-ifyjto-100x100.jpg 100w, https:\/\/bodegaoutdoor.cl\/store\/wp-content\/uploads\/2020\/11\/20966-ifyjto-300x300.jpg 300w, https:\/\/bodegaoutdoor.cl\/store\/wp-content\/uploads\/2020\/11\/20966-ifyjto-600x600.jpg 600w, https:\/\/bodegaoutdoor.cl\/store\/wp-content\/uploads\/2020\/11\/20966-ifyjto-150x150.jpg 150w, https:\/\/bodegaoutdoor.cl\/store\/wp-content\/uploads\/2020\/11\/20966-ifyjto-768x768.jpg 768w, https:\/\/bodegaoutdoor.cl\/store\/wp-content\/uploads\/2020\/11\/20966-ifyjto.jpg 800w\" sizes=\"(max-width: 100px) 100vw, 100px\" \/><\/i><\/span><span class=\"meta-item-img sku-set \" data-value=\"10-350852\" data-image_id=\"21017\" title=\"10\"><i  style=\"width: 50px; height: 50px;\"><img loading=\"lazy\" decoding=\"async\" width=\"100\" height=\"100\" src=\"https:\/\/bodegaoutdoor.cl\/store\/wp-content\/uploads\/2020\/11\/20986-wwxecq-100x100.jpg\" class=\"attachment-shop_thumbnail size-shop_thumbnail\" alt=\"10\" title=\"10\" style=\"\" srcset=\"https:\/\/bodegaoutdoor.cl\/store\/wp-content\/uploads\/2020\/11\/20986-wwxecq-100x100.jpg 100w, https:\/\/bodegaoutdoor.cl\/store\/wp-content\/uploads\/2020\/11\/20986-wwxecq-300x300.jpg 300w, https:\/\/bodegaoutdoor.cl\/store\/wp-content\/uploads\/2020\/11\/20986-wwxecq-600x600.jpg 600w, https:\/\/bodegaoutdoor.cl\/store\/wp-content\/uploads\/2020\/11\/20986-wwxecq-150x150.jpg 150w, https:\/\/bodegaoutdoor.cl\/store\/wp-content\/uploads\/2020\/11\/20986-wwxecq-768x768.jpg 768w, https:\/\/bodegaoutdoor.cl\/store\/wp-content\/uploads\/2020\/11\/20986-wwxecq.jpg 800w\" sizes=\"(max-width: 100px) 100vw, 100px\" \/><\/i><\/span><span class=\"meta-item-img sku-set \" data-value=\"17-350853\" data-image_id=\"21013\" title=\"17\"><i  style=\"width: 50px; height: 50px;\"><img loading=\"lazy\" decoding=\"async\" width=\"100\" height=\"100\" src=\"https:\/\/bodegaoutdoor.cl\/store\/wp-content\/uploads\/2020\/11\/20977-sed4zu-100x100.jpg\" class=\"attachment-shop_thumbnail size-shop_thumbnail\" alt=\"17\" title=\"17\" style=\"\" srcset=\"https:\/\/bodegaoutdoor.cl\/store\/wp-content\/uploads\/2020\/11\/20977-sed4zu-100x100.jpg 100w, https:\/\/bodegaoutdoor.cl\/store\/wp-content\/uploads\/2020\/11\/20977-sed4zu-300x300.jpg 300w, https:\/\/bodegaoutdoor.cl\/store\/wp-content\/uploads\/2020\/11\/20977-sed4zu-600x600.jpg 600w, https:\/\/bodegaoutdoor.cl\/store\/wp-content\/uploads\/2020\/11\/20977-sed4zu-150x150.jpg 150w, https:\/\/bodegaoutdoor.cl\/store\/wp-content\/uploads\/2020\/11\/20977-sed4zu-768x768.jpg 768w, https:\/\/bodegaoutdoor.cl\/store\/wp-content\/uploads\/2020\/11\/20977-sed4zu.jpg 800w\" sizes=\"(max-width: 100px) 100vw, 100px\" \/><\/i><\/span><span class=\"meta-item-img sku-set \" data-value=\"17\" data-image_id=\"21007\" title=\"17\"><i  style=\"width: 50px; height: 50px;\"><img loading=\"lazy\" decoding=\"async\" width=\"100\" height=\"100\" src=\"https:\/\/bodegaoutdoor.cl\/store\/wp-content\/uploads\/2020\/11\/20969-muigfh-100x100.jpg\" class=\"attachment-shop_thumbnail size-shop_thumbnail\" alt=\"17\" title=\"17\" style=\"\" srcset=\"https:\/\/bodegaoutdoor.cl\/store\/wp-content\/uploads\/2020\/11\/20969-muigfh-100x100.jpg 100w, https:\/\/bodegaoutdoor.cl\/store\/wp-content\/uploads\/2020\/11\/20969-muigfh-300x300.jpg 300w, https:\/\/bodegaoutdoor.cl\/store\/wp-content\/uploads\/2020\/11\/20969-muigfh-600x600.jpg 600w, https:\/\/bodegaoutdoor.cl\/store\/wp-content\/uploads\/2020\/11\/20969-muigfh-150x150.jpg 150w, https:\/\/bodegaoutdoor.cl\/store\/wp-content\/uploads\/2020\/11\/20969-muigfh-768x768.jpg 768w, https:\/\/bodegaoutdoor.cl\/store\/wp-content\/uploads\/2020\/11\/20969-muigfh.jpg 800w\" sizes=\"(max-width: 100px) 100vw, 100px\" \/><\/i><\/span><span class=\"meta-item-img sku-set \" data-value=\"20-200001951\" data-image_id=\"21016\" title=\"20\"><i  style=\"width: 50px; height: 50px;\"><img loading=\"lazy\" decoding=\"async\" width=\"100\" height=\"100\" src=\"https:\/\/bodegaoutdoor.cl\/store\/wp-content\/uploads\/2020\/11\/20984-r3ydsq-100x100.jpg\" class=\"attachment-shop_thumbnail size-shop_thumbnail\" alt=\"20\" title=\"20\" style=\"\" srcset=\"https:\/\/bodegaoutdoor.cl\/store\/wp-content\/uploads\/2020\/11\/20984-r3ydsq-100x100.jpg 100w, https:\/\/bodegaoutdoor.cl\/store\/wp-content\/uploads\/2020\/11\/20984-r3ydsq-300x300.jpg 300w, https:\/\/bodegaoutdoor.cl\/store\/wp-content\/uploads\/2020\/11\/20984-r3ydsq-600x600.jpg 600w, https:\/\/bodegaoutdoor.cl\/store\/wp-content\/uploads\/2020\/11\/20984-r3ydsq-150x150.jpg 150w, https:\/\/bodegaoutdoor.cl\/store\/wp-content\/uploads\/2020\/11\/20984-r3ydsq-768x768.jpg 768w, https:\/\/bodegaoutdoor.cl\/store\/wp-content\/uploads\/2020\/11\/20984-r3ydsq.jpg 800w\" sizes=\"(max-width: 100px) 100vw, 100px\" \/><\/i><\/span><span class=\"meta-item-img sku-set \" data-value=\"20\" data-image_id=\"21003\" title=\"20\"><i  style=\"width: 50px; height: 50px;\"><img loading=\"lazy\" decoding=\"async\" width=\"100\" height=\"100\" src=\"https:\/\/bodegaoutdoor.cl\/store\/wp-content\/uploads\/2020\/11\/20965-wgx0ru-100x100.jpg\" class=\"attachment-shop_thumbnail size-shop_thumbnail\" alt=\"20\" title=\"20\" style=\"\" srcset=\"https:\/\/bodegaoutdoor.cl\/store\/wp-content\/uploads\/2020\/11\/20965-wgx0ru-100x100.jpg 100w, https:\/\/bodegaoutdoor.cl\/store\/wp-content\/uploads\/2020\/11\/20965-wgx0ru-300x300.jpg 300w, https:\/\/bodegaoutdoor.cl\/store\/wp-content\/uploads\/2020\/11\/20965-wgx0ru-600x600.jpg 600w, https:\/\/bodegaoutdoor.cl\/store\/wp-content\/uploads\/2020\/11\/20965-wgx0ru-150x150.jpg 150w, https:\/\/bodegaoutdoor.cl\/store\/wp-content\/uploads\/2020\/11\/20965-wgx0ru-768x768.jpg 768w, https:\/\/bodegaoutdoor.cl\/store\/wp-content\/uploads\/2020\/11\/20965-wgx0ru.jpg 800w\" sizes=\"(max-width: 100px) 100vw, 100px\" \/><\/i><\/span><\/div><select id=\"pa_color\" class=\"\" name=\"attribute_pa_color\" data-attribute_name=\"attribute_pa_color\" style=\"display:none\"><option value=\"\">Elige una opci\u00f3n<\/option><option value=\"01\" >01<\/option><option value=\"02-1052\" >02<\/option><option value=\"02\" >02<\/option><option value=\"05-496\" >05<\/option><option value=\"05\" >05<\/option><option value=\"07\" >07<\/option><option value=\"07-350850\" >07<\/option><option value=\"08\" >08<\/option><option value=\"08-365458\" >08<\/option><option value=\"10\" >10<\/option><option value=\"10-350852\" >10<\/option><option value=\"17-350853\" >17<\/option><option value=\"17\" >17<\/option><option value=\"20-200001951\" >20<\/option><option value=\"20\" >20<\/option><\/select>                            <\/td>\r\n                        <\/tr>\r\n                    \r\n                                                <tr>\r\n                            <td class=\"label\"><label for=\"pa_f6e94332211fd664b982ae\">Color de las lentes<\/label><\/td>\r\n                            <td class=\"value\">\r\n                                <div class=\"adsw-attribute-option\"><span class=\"meta-item-text sku-set \" data-value=\"5-lens\">5 lens<\/span><\/div><select id=\"pa_f6e94332211fd664b982ae\" class=\"\" name=\"attribute_pa_f6e94332211fd664b982ae\" data-attribute_name=\"attribute_pa_f6e94332211fd664b982ae\" style=\"display:none\"><option value=\"\">Elige una opci\u00f3n<\/option><option value=\"5-lens\" >5 lens<\/option><\/select><a class=\"reset_variations\" href=\"#\">Limpiar<\/a>                            <\/td>\r\n                        <\/tr>\r\n                                        <\/tbody>\r\n                <\/table>\r\n\r\n                <div class=\"single_variation_wrap\">\r\n                    <div class=\"woocommerce-variation single_variation\" role=\"alert\" aria-relevant=\"additions\"><\/div><div class=\"woocommerce-variation-add-to-cart variations_button\">\n\t\n\t<div class=\"quantity\">\n\t\t<input type=\"button\" value=\"-\" class=\"minus\" \/>\n\t<label class=\"screen-reader-text\" for=\"quantity_6a9b598ee9126\">Gafas para ciclismo para motocicletas, Lentes para correr, deportes de pesca, ciclismo quantity<\/label>\n\t<input\n\t\ttype=\"number\"\n\t\t\t\tid=\"quantity_6a9b598ee9126\"\n\t\tclass=\"input-text qty text\"\n\t\tname=\"quantity\"\n\t\tvalue=\"1\"\n\t\taria-label=\"Qty\"\n\t\t\t\tmin=\"1\"\n\t\t\t\t\tmax=\"15119\"\n\t\t\t\t\t\t\tstep=\"1\"\n\t\t\tplaceholder=\"\"\n\t\t\tinputmode=\"numeric\"\n\t\t\tautocomplete=\"off\"\n\t\t\t\/>\n\t<input type=\"button\" value=\"+\" class=\"plus\" \/>\n\t<\/div>\n\n\t<button type=\"submit\" class=\"single_add_to_cart_button button alt\">Agregar al carrito<\/button>\n\n\t\n\t<input type=\"hidden\" name=\"add-to-cart\" value=\"20963\" \/>\n\t<input type=\"hidden\" name=\"product_id\" value=\"20963\" \/>\n\t<input type=\"hidden\" name=\"variation_id\" class=\"variation_id\" value=\"0\" \/>\n<\/div>\n                <\/div>\r\n            \r\n                    <\/form>\r\n\r\n        \n<div\n\tclass=\"yith-wcwl-add-to-wishlist add-to-wishlist-20963 yith-wcwl-add-to-wishlist--link-style wishlist-fragment on-first-load\"\n\tdata-fragment-ref=\"20963\"\n\tdata-fragment-options=\"{&quot;base_url&quot;:&quot;&quot;,&quot;product_id&quot;:20963,&quot;parent_product_id&quot;:0,&quot;product_type&quot;:&quot;variable&quot;,&quot;is_single&quot;:false,&quot;in_default_wishlist&quot;:false,&quot;show_view&quot;:false,&quot;browse_wishlist_text&quot;:&quot;Lista Deseos&quot;,&quot;already_in_wishslist_text&quot;:&quot;The producto esta Agregado!&quot;,&quot;product_added_text&quot;:&quot;Producto Agregado!&quot;,&quot;available_multi_wishlist&quot;:false,&quot;disable_wishlist&quot;:false,&quot;show_count&quot;:false,&quot;ajax_loading&quot;:false,&quot;loop_position&quot;:&quot;after_add_to_cart&quot;,&quot;item&quot;:&quot;add_to_wishlist&quot;}\"\n>\n\t\t\t\n\t\t\t<!-- ADD TO WISHLIST -->\n\t\t\t\n<div class=\"yith-wcwl-add-button\">\n\t\t<a\n\t\thref=\"?add_to_wishlist=20963&#038;_wpnonce=98056c7fc2\"\n\t\tclass=\"add_to_wishlist single_add_to_wishlist\"\n\t\tdata-product-id=\"20963\"\n\t\tdata-product-type=\"variable\"\n\t\tdata-original-product-id=\"0\"\n\t\tdata-title=\"Lista Deseos\"\n\t\trel=\"nofollow\"\n\t>\n\t\t<svg id=\"yith-wcwl-icon-heart-outline\" class=\"yith-wcwl-icon-svg\" fill=\"none\" stroke-width=\"1.5\" stroke=\"currentColor\" viewbox=\"0 0 24 24\" xmlns=\"http:\/\/www.w3.org\/2000\/svg\">\n  <path stroke-linecap=\"round\" stroke-linejoin=\"round\" d=\"M21 8.25c0-2.485-2.099-4.5-4.688-4.5-1.935 0-3.597 1.126-4.312 2.733-.715-1.607-2.377-2.733-4.313-2.733C5.1 3.75 3 5.765 3 8.25c0 7.22 9 12 9 12s9-4.78 9-12Z\"><\/path>\n<\/svg>\t\t<span>Lista Deseos<\/span>\n\t<\/a>\n<\/div>\n\n\t\t\t<!-- COUNT TEXT -->\n\t\t\t\n\t\t\t<\/div>\n                        <\/div>\n                    <\/div>\n                <\/div>\n            <\/div>\n        <\/div>\n    <\/div>\n<\/div><!-- end quickView --><!-- end today gadget section -->                                    <\/div><\/div>\n                                                                                    <div class=\"col-lg-6\">\n                                <div class=\"xs-product-wraper highlight\">\n                                    <div class=\"product-feature-ribbon\">\n                                        <i class=\"xsicon xsicon-danger\"><\/i>\n                                    <\/div>\n                                    \n                                    <span class=\"product-categories\">\n                                        <span class=\"product-categories\"><a href = 'https:\/\/bodegaoutdoor.cl\/store\/product-category\/airsoft\/'>Airsoft<\/a>  <\/span>\n                                    <\/span>\n                                        <a class=\"product-title medium\" href=\"https:\/\/bodegaoutdoor.cl\/store\/product\/calcetines-deportivos-profesionales-para-hombre-y-mujer-medias-transpirables-para-escalada-senderismo-caminar-y-correr\/\">Calcetines deportivos profesionales para hombre y mujer, medias transpirables para escalada, senderismo deportes<\/a>\n                                                                                    <span class=\"product-stock\">Availability:<span class=\"color-secondary\">305711 in stock<\/span><\/span>\n                                                                            \n                                                                        <a class=\"xs_product_img_link\" href=\"https:\/\/bodegaoutdoor.cl\/store\/product\/calcetines-deportivos-profesionales-para-hombre-y-mujer-medias-transpirables-para-escalada-senderismo-caminar-y-correr\/\">\n                                       <img loading=\"lazy\" decoding=\"async\" width=\"355\" height=\"355\" src=\"https:\/\/bodegaoutdoor.cl\/store\/wp-content\/uploads\/2021\/09\/47822-rivyk2.jpg\" class=\"attachment-438x355 size-438x355\" alt=\"Calcetines deportivos profesionales para hombre y mujer, medias transpirables para escalada, senderismo deportes\" srcset=\"https:\/\/bodegaoutdoor.cl\/store\/wp-content\/uploads\/2021\/09\/47822-rivyk2.jpg 800w, https:\/\/bodegaoutdoor.cl\/store\/wp-content\/uploads\/2021\/09\/47822-rivyk2-300x300.jpg 300w, https:\/\/bodegaoutdoor.cl\/store\/wp-content\/uploads\/2021\/09\/47822-rivyk2-100x100.jpg 100w, https:\/\/bodegaoutdoor.cl\/store\/wp-content\/uploads\/2021\/09\/47822-rivyk2-600x600.jpg 600w, https:\/\/bodegaoutdoor.cl\/store\/wp-content\/uploads\/2021\/09\/47822-rivyk2-150x150.jpg 150w, https:\/\/bodegaoutdoor.cl\/store\/wp-content\/uploads\/2021\/09\/47822-rivyk2-768x768.jpg 768w\" sizes=\"(max-width: 355px) 100vw, 355px\" \/>                                    <\/a>\n                                                                        <div class=\"media\">\n                    \n                                        <span class=\"price highlight\">\n                                        <del aria-hidden=\"true\"><span class=\"woocommerce-Price-amount amount\"><bdi><span class=\"woocommerce-Price-currencySymbol\" translate=\"no\">$<\/span>19,990<\/bdi><\/span><\/del> <span class=\"screen-reader-text\">El precio original era: $19,990.<\/span><ins aria-hidden=\"true\"><span class=\"woocommerce-Price-amount amount\"><bdi><span class=\"woocommerce-Price-currencySymbol\" translate=\"no\">$<\/span>9,990<\/bdi><\/span><\/ins><span class=\"screen-reader-text\">El precio actual es: $9,990.<\/span>                                        <\/span>\n                                        \n                                                                                    \n                                            <div class=\"xs-product-offer-label\">\n                                                <span>50%<\/span>\n                                                <small>Offer<\/small>\n                                            <\/div>\n                                            \n                                                                            <\/div>\n                                <\/div>\n                            <\/div>\n                            \n                                            <\/div>\n            <\/div>\n                                <div class=\"tab-pane fade \" id=\"xs-tabs-70868-3\">\n                <div class=\"row\">\n                                    <\/div>\n            <\/div>\n            <\/div>\t\t\t\t<\/div>\n\t\t\t\t<\/div>\n\t\t\t\t\t<\/div>\n\t\t<\/div>\n\t\t\t\t\t<\/div>\n\t\t<\/section>\n\t\t\t\t<section class=\"elementor-section elementor-top-section elementor-element elementor-element-2bb8 elementor-section-boxed elementor-section-height-default elementor-section-height-default\" data-id=\"2bb8\" data-element_type=\"section\" data-e-type=\"section\">\n\t\t\t\t\t\t<div class=\"elementor-container elementor-column-gap-default\">\n\t\t\t\t\t<div class=\"elementor-column elementor-col-100 elementor-top-column elementor-element elementor-element-4e1b\" data-id=\"4e1b\" data-element_type=\"column\" data-e-type=\"column\">\n\t\t\t<div class=\"elementor-widget-wrap elementor-element-populated\">\n\t\t\t\t\t\t<div class=\"elementor-element elementor-element-402a elementor-widget elementor-widget-xs-woo-tab\" data-id=\"402a\" data-element_type=\"widget\" data-e-type=\"widget\" data-widget_type=\"xs-woo-tab.default\">\n\t\t\t\t<div class=\"elementor-widget-container\">\n\t\t\t\t\t    <div class=\"xs-content-header\">\n        <h2 class=\"xs-content-title\">Hurry up! Special offers.<\/h2>\n                                <ul class=\"nav nav-tabs xs-nav-tab\">\n                                                        <li class=\"nav-item\">\n                        <a class=\"nav-link active\" data-toggle=\"tab\"\n                           href=\"#xs-tabs-37590-0\"\n                           >On Sell<\/a>\n                    <\/li>\n                                                        <li class=\"nav-item\">\n                        <a class=\"nav-link \" data-toggle=\"tab\"\n                           href=\"#xs-tabs-37590-1\"\n                           >Hot Sell<\/a>\n                    <\/li>\n                                                        <li class=\"nav-item\">\n                        <a class=\"nav-link \" data-toggle=\"tab\"\n                           href=\"#xs-tabs-37590-2\"\n                           >Trend<\/a>\n                    <\/li>\n                                                        <li class=\"nav-item\">\n                        <a class=\"nav-link \" data-toggle=\"tab\"\n                           href=\"#xs-tabs-37590-3\"\n                           >Best Sell<\/a>\n                    <\/li>\n                            <\/ul>\n                <div class=\"clearfix\"><\/div>\n    <\/div>\n<div class=\"tab-content\">\n                                    <div class=\"tab-pane fade show active\"\n                 id=\"xs-tabs-37590-0\"\n                 >\n                <div class=\"xs-tab-slider swiper\">\n                    <div class=\"swiper-wrapper\">\n                                            <\/div>\n                    <div class=\"swiper-pagination\"><\/div>\n                <\/div>\n            <\/div>\n                                <div class=\"tab-pane fade \"\n                 id=\"xs-tabs-37590-1\"\n                 >\n                <div class=\"xs-tab-slider swiper\">\n                    <div class=\"swiper-wrapper\">\n                                                                                        <div class=\"xs-tab-slider-item swiper-slide\">\n                                                            <div class=\"xs-product-widget media \">\n                                                                            <a class=\"xs_product_img_link\" href=\"https:\/\/bodegaoutdoor.cl\/store\/product\/cinturon-corrector-postura-espalda-ajustable-clavicula-columna-vertebral-correccion-postura-lumbar\/\">\n                                        <img loading=\"lazy\" decoding=\"async\" width=\"125\" height=\"125\" src=\"https:\/\/bodegaoutdoor.cl\/store\/wp-content\/uploads\/2020\/12\/22093-eq17cf-150x150.jpg\" class=\"attachment-125x125 size-125x125\" alt=\"Cintur\u00f3n Corrector postura espalda ajustable clav\u00edcula columna vertebral correcci\u00f3n postura Lumbar\" srcset=\"https:\/\/bodegaoutdoor.cl\/store\/wp-content\/uploads\/2020\/12\/22093-eq17cf-150x150.jpg 150w, https:\/\/bodegaoutdoor.cl\/store\/wp-content\/uploads\/2020\/12\/22093-eq17cf-300x300.jpg 300w, https:\/\/bodegaoutdoor.cl\/store\/wp-content\/uploads\/2020\/12\/22093-eq17cf-100x100.jpg 100w, https:\/\/bodegaoutdoor.cl\/store\/wp-content\/uploads\/2020\/12\/22093-eq17cf-600x600.jpg 600w, https:\/\/bodegaoutdoor.cl\/store\/wp-content\/uploads\/2020\/12\/22093-eq17cf-768x768.jpg 768w, https:\/\/bodegaoutdoor.cl\/store\/wp-content\/uploads\/2020\/12\/22093-eq17cf.jpg 800w\" sizes=\"(max-width: 125px) 100vw, 125px\" \/>                                        <\/a>\n                                                                        <div class=\"media-body align-self-center product-widget-content\">\n                                        <div class=\"xs-product-header media woocommerce xs-wishlist \">\n                                                                                                                                        \n                                                                                                                                                \n<div\n\tclass=\"yith-wcwl-add-to-wishlist add-to-wishlist-22093 yith-wcwl-add-to-wishlist--link-style wishlist-fragment on-first-load\"\n\tdata-fragment-ref=\"22093\"\n\tdata-fragment-options=\"{&quot;base_url&quot;:&quot;&quot;,&quot;product_id&quot;:22093,&quot;parent_product_id&quot;:0,&quot;product_type&quot;:&quot;variable&quot;,&quot;is_single&quot;:false,&quot;in_default_wishlist&quot;:false,&quot;show_view&quot;:false,&quot;browse_wishlist_text&quot;:&quot;Lista Deseos&quot;,&quot;already_in_wishslist_text&quot;:&quot;The producto esta Agregado!&quot;,&quot;product_added_text&quot;:&quot;Producto Agregado!&quot;,&quot;available_multi_wishlist&quot;:false,&quot;disable_wishlist&quot;:false,&quot;show_count&quot;:false,&quot;ajax_loading&quot;:false,&quot;loop_position&quot;:&quot;after_add_to_cart&quot;,&quot;item&quot;:&quot;add_to_wishlist&quot;}\"\n>\n\t\t\t\n\t\t\t<!-- ADD TO WISHLIST -->\n\t\t\t\n<div class=\"yith-wcwl-add-button\">\n\t\t<a\n\t\thref=\"?add_to_wishlist=22093&#038;_wpnonce=98056c7fc2\"\n\t\tclass=\"add_to_wishlist single_add_to_wishlist\"\n\t\tdata-product-id=\"22093\"\n\t\tdata-product-type=\"variable\"\n\t\tdata-original-product-id=\"0\"\n\t\tdata-title=\"Lista Deseos\"\n\t\trel=\"nofollow\"\n\t>\n\t\t<svg id=\"yith-wcwl-icon-heart-outline\" class=\"yith-wcwl-icon-svg\" fill=\"none\" stroke-width=\"1.5\" stroke=\"currentColor\" viewbox=\"0 0 24 24\" xmlns=\"http:\/\/www.w3.org\/2000\/svg\">\n  <path stroke-linecap=\"round\" stroke-linejoin=\"round\" d=\"M21 8.25c0-2.485-2.099-4.5-4.688-4.5-1.935 0-3.597 1.126-4.312 2.733-.715-1.607-2.377-2.733-4.313-2.733C5.1 3.75 3 5.765 3 8.25c0 7.22 9 12 9 12s9-4.78 9-12Z\"><\/path>\n<\/svg>\t\t<span>Lista Deseos<\/span>\n\t<\/a>\n<\/div>\n\n\t\t\t<!-- COUNT TEXT -->\n\t\t\t\n\t\t\t<\/div>\n                                                                                                                                    <\/div>\n                                        <a class=\"product-title\" href=\"https:\/\/bodegaoutdoor.cl\/store\/product\/cinturon-corrector-postura-espalda-ajustable-clavicula-columna-vertebral-correccion-postura-lumbar\/\">Cintur\u00f3n Corrector postura espalda ajustable clav\u00edcula columna vertebral correcci\u00f3n postura Lumbar<\/a>\n                                        <span class=\"price\">\n                                            <del aria-hidden=\"true\"><span class=\"woocommerce-Price-amount amount\"><bdi><span class=\"woocommerce-Price-currencySymbol\" translate=\"no\">$<\/span>29,990<\/bdi><\/span><\/del> <span class=\"screen-reader-text\">El precio original era: $29,990.<\/span><ins aria-hidden=\"true\"><span class=\"woocommerce-Price-amount amount\"><bdi><span class=\"woocommerce-Price-currencySymbol\" translate=\"no\">$<\/span>17,990<\/bdi><\/span><\/ins><span class=\"screen-reader-text\">El precio actual es: $17,990.<\/span>                                        <\/span>\n                                    <\/div>\n                                <\/div>\n                                                                                                                                <div class=\"xs-product-widget media \">\n                                                                            <a class=\"xs_product_img_link\" href=\"https:\/\/bodegaoutdoor.cl\/store\/product\/lentes-polarizados-vintage-driving-travel-fishing-classic-outdoor\/\">\n                                        <img loading=\"lazy\" decoding=\"async\" width=\"125\" height=\"125\" src=\"https:\/\/bodegaoutdoor.cl\/store\/wp-content\/uploads\/2021\/02\/29480-17w8xd-150x150.jpg\" class=\"attachment-125x125 size-125x125\" alt=\"Lentes Polarizados Vintage Driving Travel Fishing Classic Outdoor\" srcset=\"https:\/\/bodegaoutdoor.cl\/store\/wp-content\/uploads\/2021\/02\/29480-17w8xd-150x150.jpg 150w, https:\/\/bodegaoutdoor.cl\/store\/wp-content\/uploads\/2021\/02\/29480-17w8xd-300x300.jpg 300w, https:\/\/bodegaoutdoor.cl\/store\/wp-content\/uploads\/2021\/02\/29480-17w8xd-100x100.jpg 100w, https:\/\/bodegaoutdoor.cl\/store\/wp-content\/uploads\/2021\/02\/29480-17w8xd-600x600.jpg 600w, https:\/\/bodegaoutdoor.cl\/store\/wp-content\/uploads\/2021\/02\/29480-17w8xd-768x768.jpg 768w, https:\/\/bodegaoutdoor.cl\/store\/wp-content\/uploads\/2021\/02\/29480-17w8xd.jpg 800w\" sizes=\"(max-width: 125px) 100vw, 125px\" \/>                                        <\/a>\n                                                                        <div class=\"media-body align-self-center product-widget-content\">\n                                        <div class=\"xs-product-header media woocommerce xs-wishlist \">\n                                                                                                                                        \n                                                                                                                                                \n<div\n\tclass=\"yith-wcwl-add-to-wishlist add-to-wishlist-29480 yith-wcwl-add-to-wishlist--link-style wishlist-fragment on-first-load\"\n\tdata-fragment-ref=\"29480\"\n\tdata-fragment-options=\"{&quot;base_url&quot;:&quot;&quot;,&quot;product_id&quot;:29480,&quot;parent_product_id&quot;:0,&quot;product_type&quot;:&quot;variable&quot;,&quot;is_single&quot;:false,&quot;in_default_wishlist&quot;:false,&quot;show_view&quot;:false,&quot;browse_wishlist_text&quot;:&quot;Lista Deseos&quot;,&quot;already_in_wishslist_text&quot;:&quot;The producto esta Agregado!&quot;,&quot;product_added_text&quot;:&quot;Producto Agregado!&quot;,&quot;available_multi_wishlist&quot;:false,&quot;disable_wishlist&quot;:false,&quot;show_count&quot;:false,&quot;ajax_loading&quot;:false,&quot;loop_position&quot;:&quot;after_add_to_cart&quot;,&quot;item&quot;:&quot;add_to_wishlist&quot;}\"\n>\n\t\t\t\n\t\t\t<!-- ADD TO WISHLIST -->\n\t\t\t\n<div class=\"yith-wcwl-add-button\">\n\t\t<a\n\t\thref=\"?add_to_wishlist=29480&#038;_wpnonce=98056c7fc2\"\n\t\tclass=\"add_to_wishlist single_add_to_wishlist\"\n\t\tdata-product-id=\"29480\"\n\t\tdata-product-type=\"variable\"\n\t\tdata-original-product-id=\"0\"\n\t\tdata-title=\"Lista Deseos\"\n\t\trel=\"nofollow\"\n\t>\n\t\t<svg id=\"yith-wcwl-icon-heart-outline\" class=\"yith-wcwl-icon-svg\" fill=\"none\" stroke-width=\"1.5\" stroke=\"currentColor\" viewbox=\"0 0 24 24\" xmlns=\"http:\/\/www.w3.org\/2000\/svg\">\n  <path stroke-linecap=\"round\" stroke-linejoin=\"round\" d=\"M21 8.25c0-2.485-2.099-4.5-4.688-4.5-1.935 0-3.597 1.126-4.312 2.733-.715-1.607-2.377-2.733-4.313-2.733C5.1 3.75 3 5.765 3 8.25c0 7.22 9 12 9 12s9-4.78 9-12Z\"><\/path>\n<\/svg>\t\t<span>Lista Deseos<\/span>\n\t<\/a>\n<\/div>\n\n\t\t\t<!-- COUNT TEXT -->\n\t\t\t\n\t\t\t<\/div>\n                                                                                                                                    <\/div>\n                                        <a class=\"product-title\" href=\"https:\/\/bodegaoutdoor.cl\/store\/product\/lentes-polarizados-vintage-driving-travel-fishing-classic-outdoor\/\">Lentes Polarizados Vintage Driving Travel Fishing Classic Outdoor<\/a>\n                                        <span class=\"price\">\n                                            <del aria-hidden=\"true\"><span class=\"woocommerce-Price-amount amount\"><bdi><span class=\"woocommerce-Price-currencySymbol\" translate=\"no\">$<\/span>14,990<\/bdi><\/span><\/del> <span class=\"screen-reader-text\">El precio original era: $14,990.<\/span><ins aria-hidden=\"true\"><span class=\"woocommerce-Price-amount amount\"><bdi><span class=\"woocommerce-Price-currencySymbol\" translate=\"no\">$<\/span>11,990<\/bdi><\/span><\/ins><span class=\"screen-reader-text\">El precio actual es: $11,990.<\/span>                                        <\/span>\n                                    <\/div>\n                                <\/div>\n                                                                                                                                <div class=\"xs-product-widget media \">\n                                                                            <a class=\"xs_product_img_link\" href=\"https:\/\/bodegaoutdoor.cl\/store\/product\/lemfo-reloj-inteligente-iwo-14-pro-hw67-reloj-inteligente-hombre-llamada-bluetooth-nfc-imagen-de-la-esfera-personalizada-presion-arterial-frecuencia-cardiaca-reloj-inteligente-mujer-smartwatch-soporte\/\">\n                                        <img loading=\"lazy\" decoding=\"async\" width=\"125\" height=\"125\" src=\"https:\/\/bodegaoutdoor.cl\/store\/wp-content\/uploads\/2022\/06\/58305-5tjyqv-150x150.jpg\" class=\"attachment-125x125 size-125x125\" alt=\"Lemfo-reloj inteligente Iwo 14 Pro HW67 reloj inteligente hombre Llamada Bluetooth NFC Imagen de la esfera personalizada Presi\u00f3n arterial Frecuencia card\u00edaca reloj inteligente mujer smartwatch Soporte para  Android Ios\" srcset=\"https:\/\/bodegaoutdoor.cl\/store\/wp-content\/uploads\/2022\/06\/58305-5tjyqv-150x150.jpg 150w, https:\/\/bodegaoutdoor.cl\/store\/wp-content\/uploads\/2022\/06\/58305-5tjyqv-300x300.jpg 300w, https:\/\/bodegaoutdoor.cl\/store\/wp-content\/uploads\/2022\/06\/58305-5tjyqv-100x100.jpg 100w, https:\/\/bodegaoutdoor.cl\/store\/wp-content\/uploads\/2022\/06\/58305-5tjyqv-600x600.jpg 600w, https:\/\/bodegaoutdoor.cl\/store\/wp-content\/uploads\/2022\/06\/58305-5tjyqv-768x768.jpg 768w, https:\/\/bodegaoutdoor.cl\/store\/wp-content\/uploads\/2022\/06\/58305-5tjyqv.jpg 1200w\" sizes=\"(max-width: 125px) 100vw, 125px\" \/>                                        <\/a>\n                                                                        <div class=\"media-body align-self-center product-widget-content\">\n                                        <div class=\"xs-product-header media woocommerce xs-wishlist \">\n                                                                                                                                        \n                                                                                                                                                \n<div\n\tclass=\"yith-wcwl-add-to-wishlist add-to-wishlist-58305 yith-wcwl-add-to-wishlist--link-style wishlist-fragment on-first-load\"\n\tdata-fragment-ref=\"58305\"\n\tdata-fragment-options=\"{&quot;base_url&quot;:&quot;&quot;,&quot;product_id&quot;:58305,&quot;parent_product_id&quot;:0,&quot;product_type&quot;:&quot;variable&quot;,&quot;is_single&quot;:false,&quot;in_default_wishlist&quot;:false,&quot;show_view&quot;:false,&quot;browse_wishlist_text&quot;:&quot;Lista Deseos&quot;,&quot;already_in_wishslist_text&quot;:&quot;The producto esta Agregado!&quot;,&quot;product_added_text&quot;:&quot;Producto Agregado!&quot;,&quot;available_multi_wishlist&quot;:false,&quot;disable_wishlist&quot;:false,&quot;show_count&quot;:false,&quot;ajax_loading&quot;:false,&quot;loop_position&quot;:&quot;after_add_to_cart&quot;,&quot;item&quot;:&quot;add_to_wishlist&quot;}\"\n>\n\t\t\t\n\t\t\t<!-- ADD TO WISHLIST -->\n\t\t\t\n<div class=\"yith-wcwl-add-button\">\n\t\t<a\n\t\thref=\"?add_to_wishlist=58305&#038;_wpnonce=98056c7fc2\"\n\t\tclass=\"add_to_wishlist single_add_to_wishlist\"\n\t\tdata-product-id=\"58305\"\n\t\tdata-product-type=\"variable\"\n\t\tdata-original-product-id=\"0\"\n\t\tdata-title=\"Lista Deseos\"\n\t\trel=\"nofollow\"\n\t>\n\t\t<svg id=\"yith-wcwl-icon-heart-outline\" class=\"yith-wcwl-icon-svg\" fill=\"none\" stroke-width=\"1.5\" stroke=\"currentColor\" viewbox=\"0 0 24 24\" xmlns=\"http:\/\/www.w3.org\/2000\/svg\">\n  <path stroke-linecap=\"round\" stroke-linejoin=\"round\" d=\"M21 8.25c0-2.485-2.099-4.5-4.688-4.5-1.935 0-3.597 1.126-4.312 2.733-.715-1.607-2.377-2.733-4.313-2.733C5.1 3.75 3 5.765 3 8.25c0 7.22 9 12 9 12s9-4.78 9-12Z\"><\/path>\n<\/svg>\t\t<span>Lista Deseos<\/span>\n\t<\/a>\n<\/div>\n\n\t\t\t<!-- COUNT TEXT -->\n\t\t\t\n\t\t\t<\/div>\n                                                                                                                                    <\/div>\n                                        <a class=\"product-title\" href=\"https:\/\/bodegaoutdoor.cl\/store\/product\/lemfo-reloj-inteligente-iwo-14-pro-hw67-reloj-inteligente-hombre-llamada-bluetooth-nfc-imagen-de-la-esfera-personalizada-presion-arterial-frecuencia-cardiaca-reloj-inteligente-mujer-smartwatch-soporte\/\">Lemfo-reloj inteligente Iwo 14 Pro HW67 reloj inteligente hombre Llamada Bluetooth NFC Imagen de la esfera personalizada Presi\u00f3n arterial Frecuencia card\u00edaca reloj inteligente mujer smartwatch Soporte para  Android Ios<\/a>\n                                        <span class=\"price\">\n                                            <span class=\"woocommerce-Price-amount amount\"><bdi><span class=\"woocommerce-Price-currencySymbol\" translate=\"no\">$<\/span>49,990<\/bdi><\/span>                                        <\/span>\n                                    <\/div>\n                                <\/div>\n                                                                <\/div>\n                                                                                                                            <div class=\"xs-tab-slider-item swiper-slide\">\n                                                            <div class=\"xs-product-widget media \">\n                                                                            <a class=\"xs_product_img_link\" href=\"https:\/\/bodegaoutdoor.cl\/store\/product\/gafas-para-ciclismo-para-motocicletas-lentes-para-correr-deportes-de-pesca-ciclismo\/\">\n                                        <img loading=\"lazy\" decoding=\"async\" width=\"125\" height=\"125\" src=\"https:\/\/bodegaoutdoor.cl\/store\/wp-content\/uploads\/2020\/11\/20963-o6ob61-150x150.jpg\" class=\"attachment-125x125 size-125x125\" alt=\"Gafas para ciclismo para motocicletas, Lentes para correr, deportes de pesca, ciclismo\" srcset=\"https:\/\/bodegaoutdoor.cl\/store\/wp-content\/uploads\/2020\/11\/20963-o6ob61-150x150.jpg 150w, https:\/\/bodegaoutdoor.cl\/store\/wp-content\/uploads\/2020\/11\/20963-o6ob61-300x300.jpg 300w, https:\/\/bodegaoutdoor.cl\/store\/wp-content\/uploads\/2020\/11\/20963-o6ob61-100x100.jpg 100w, https:\/\/bodegaoutdoor.cl\/store\/wp-content\/uploads\/2020\/11\/20963-o6ob61-600x600.jpg 600w, https:\/\/bodegaoutdoor.cl\/store\/wp-content\/uploads\/2020\/11\/20963-o6ob61-768x768.jpg 768w, https:\/\/bodegaoutdoor.cl\/store\/wp-content\/uploads\/2020\/11\/20963-o6ob61.jpg 800w\" sizes=\"(max-width: 125px) 100vw, 125px\" \/>                                        <\/a>\n                                                                        <div class=\"media-body align-self-center product-widget-content\">\n                                        <div class=\"xs-product-header media woocommerce xs-wishlist \">\n                                                                                                                                        \n                                                                                                                                                \n<div\n\tclass=\"yith-wcwl-add-to-wishlist add-to-wishlist-20963 yith-wcwl-add-to-wishlist--link-style wishlist-fragment on-first-load\"\n\tdata-fragment-ref=\"20963\"\n\tdata-fragment-options=\"{&quot;base_url&quot;:&quot;&quot;,&quot;product_id&quot;:20963,&quot;parent_product_id&quot;:0,&quot;product_type&quot;:&quot;variable&quot;,&quot;is_single&quot;:false,&quot;in_default_wishlist&quot;:false,&quot;show_view&quot;:false,&quot;browse_wishlist_text&quot;:&quot;Lista Deseos&quot;,&quot;already_in_wishslist_text&quot;:&quot;The producto esta Agregado!&quot;,&quot;product_added_text&quot;:&quot;Producto Agregado!&quot;,&quot;available_multi_wishlist&quot;:false,&quot;disable_wishlist&quot;:false,&quot;show_count&quot;:false,&quot;ajax_loading&quot;:false,&quot;loop_position&quot;:&quot;after_add_to_cart&quot;,&quot;item&quot;:&quot;add_to_wishlist&quot;}\"\n>\n\t\t\t\n\t\t\t<!-- ADD TO WISHLIST -->\n\t\t\t\n<div class=\"yith-wcwl-add-button\">\n\t\t<a\n\t\thref=\"?add_to_wishlist=20963&#038;_wpnonce=98056c7fc2\"\n\t\tclass=\"add_to_wishlist single_add_to_wishlist\"\n\t\tdata-product-id=\"20963\"\n\t\tdata-product-type=\"variable\"\n\t\tdata-original-product-id=\"0\"\n\t\tdata-title=\"Lista Deseos\"\n\t\trel=\"nofollow\"\n\t>\n\t\t<svg id=\"yith-wcwl-icon-heart-outline\" class=\"yith-wcwl-icon-svg\" fill=\"none\" stroke-width=\"1.5\" stroke=\"currentColor\" viewbox=\"0 0 24 24\" xmlns=\"http:\/\/www.w3.org\/2000\/svg\">\n  <path stroke-linecap=\"round\" stroke-linejoin=\"round\" d=\"M21 8.25c0-2.485-2.099-4.5-4.688-4.5-1.935 0-3.597 1.126-4.312 2.733-.715-1.607-2.377-2.733-4.313-2.733C5.1 3.75 3 5.765 3 8.25c0 7.22 9 12 9 12s9-4.78 9-12Z\"><\/path>\n<\/svg>\t\t<span>Lista Deseos<\/span>\n\t<\/a>\n<\/div>\n\n\t\t\t<!-- COUNT TEXT -->\n\t\t\t\n\t\t\t<\/div>\n                                                                                                                                    <\/div>\n                                        <a class=\"product-title\" href=\"https:\/\/bodegaoutdoor.cl\/store\/product\/gafas-para-ciclismo-para-motocicletas-lentes-para-correr-deportes-de-pesca-ciclismo\/\">Gafas para ciclismo para motocicletas, Lentes para correr, deportes de pesca, ciclismo<\/a>\n                                        <span class=\"price\">\n                                            <span class=\"woocommerce-Price-amount amount\" aria-hidden=\"true\"><bdi><span class=\"woocommerce-Price-currencySymbol\" translate=\"no\">$<\/span>34,990<\/bdi><\/span> <span aria-hidden=\"true\">-<\/span> <span class=\"woocommerce-Price-amount amount\" aria-hidden=\"true\"><bdi><span class=\"woocommerce-Price-currencySymbol\" translate=\"no\">$<\/span>39,990<\/bdi><\/span><span class=\"screen-reader-text\">Rango de precios: desde $34,990 hasta $39,990<\/span>                                        <\/span>\n                                    <\/div>\n                                <\/div>\n                                                                                                                                <div class=\"xs-product-widget media \">\n                                                                            <a class=\"xs_product_img_link\" href=\"https:\/\/bodegaoutdoor.cl\/store\/product\/calcetines-deportivos-profesionales-para-hombre-y-mujer-medias-transpirables-para-escalada-senderismo-caminar-y-correr\/\">\n                                        <img loading=\"lazy\" decoding=\"async\" width=\"125\" height=\"125\" src=\"https:\/\/bodegaoutdoor.cl\/store\/wp-content\/uploads\/2021\/09\/47822-rivyk2-150x150.jpg\" class=\"attachment-125x125 size-125x125\" alt=\"Calcetines deportivos profesionales para hombre y mujer, medias transpirables para escalada, senderismo deportes\" srcset=\"https:\/\/bodegaoutdoor.cl\/store\/wp-content\/uploads\/2021\/09\/47822-rivyk2-150x150.jpg 150w, https:\/\/bodegaoutdoor.cl\/store\/wp-content\/uploads\/2021\/09\/47822-rivyk2-300x300.jpg 300w, https:\/\/bodegaoutdoor.cl\/store\/wp-content\/uploads\/2021\/09\/47822-rivyk2-100x100.jpg 100w, https:\/\/bodegaoutdoor.cl\/store\/wp-content\/uploads\/2021\/09\/47822-rivyk2-600x600.jpg 600w, https:\/\/bodegaoutdoor.cl\/store\/wp-content\/uploads\/2021\/09\/47822-rivyk2-768x768.jpg 768w, https:\/\/bodegaoutdoor.cl\/store\/wp-content\/uploads\/2021\/09\/47822-rivyk2.jpg 800w\" sizes=\"(max-width: 125px) 100vw, 125px\" \/>                                        <\/a>\n                                                                        <div class=\"media-body align-self-center product-widget-content\">\n                                        <div class=\"xs-product-header media woocommerce xs-wishlist \">\n                                                                                                                                        \n                                                                                                                                                \n<div\n\tclass=\"yith-wcwl-add-to-wishlist add-to-wishlist-47822 yith-wcwl-add-to-wishlist--link-style wishlist-fragment on-first-load\"\n\tdata-fragment-ref=\"47822\"\n\tdata-fragment-options=\"{&quot;base_url&quot;:&quot;&quot;,&quot;product_id&quot;:47822,&quot;parent_product_id&quot;:0,&quot;product_type&quot;:&quot;variable&quot;,&quot;is_single&quot;:false,&quot;in_default_wishlist&quot;:false,&quot;show_view&quot;:false,&quot;browse_wishlist_text&quot;:&quot;Lista Deseos&quot;,&quot;already_in_wishslist_text&quot;:&quot;The producto esta Agregado!&quot;,&quot;product_added_text&quot;:&quot;Producto Agregado!&quot;,&quot;available_multi_wishlist&quot;:false,&quot;disable_wishlist&quot;:false,&quot;show_count&quot;:false,&quot;ajax_loading&quot;:false,&quot;loop_position&quot;:&quot;after_add_to_cart&quot;,&quot;item&quot;:&quot;add_to_wishlist&quot;}\"\n>\n\t\t\t\n\t\t\t<!-- ADD TO WISHLIST -->\n\t\t\t\n<div class=\"yith-wcwl-add-button\">\n\t\t<a\n\t\thref=\"?add_to_wishlist=47822&#038;_wpnonce=98056c7fc2\"\n\t\tclass=\"add_to_wishlist single_add_to_wishlist\"\n\t\tdata-product-id=\"47822\"\n\t\tdata-product-type=\"variable\"\n\t\tdata-original-product-id=\"0\"\n\t\tdata-title=\"Lista Deseos\"\n\t\trel=\"nofollow\"\n\t>\n\t\t<svg id=\"yith-wcwl-icon-heart-outline\" class=\"yith-wcwl-icon-svg\" fill=\"none\" stroke-width=\"1.5\" stroke=\"currentColor\" viewbox=\"0 0 24 24\" xmlns=\"http:\/\/www.w3.org\/2000\/svg\">\n  <path stroke-linecap=\"round\" stroke-linejoin=\"round\" d=\"M21 8.25c0-2.485-2.099-4.5-4.688-4.5-1.935 0-3.597 1.126-4.312 2.733-.715-1.607-2.377-2.733-4.313-2.733C5.1 3.75 3 5.765 3 8.25c0 7.22 9 12 9 12s9-4.78 9-12Z\"><\/path>\n<\/svg>\t\t<span>Lista Deseos<\/span>\n\t<\/a>\n<\/div>\n\n\t\t\t<!-- COUNT TEXT -->\n\t\t\t\n\t\t\t<\/div>\n                                                                                                                                    <\/div>\n                                        <a class=\"product-title\" href=\"https:\/\/bodegaoutdoor.cl\/store\/product\/calcetines-deportivos-profesionales-para-hombre-y-mujer-medias-transpirables-para-escalada-senderismo-caminar-y-correr\/\">Calcetines deportivos profesionales para hombre y mujer, medias transpirables para escalada, senderismo deportes<\/a>\n                                        <span class=\"price\">\n                                            <del aria-hidden=\"true\"><span class=\"woocommerce-Price-amount amount\"><bdi><span class=\"woocommerce-Price-currencySymbol\" translate=\"no\">$<\/span>19,990<\/bdi><\/span><\/del> <span class=\"screen-reader-text\">El precio original era: $19,990.<\/span><ins aria-hidden=\"true\"><span class=\"woocommerce-Price-amount amount\"><bdi><span class=\"woocommerce-Price-currencySymbol\" translate=\"no\">$<\/span>9,990<\/bdi><\/span><\/ins><span class=\"screen-reader-text\">El precio actual es: $9,990.<\/span>                                        <\/span>\n                                    <\/div>\n                                <\/div>\n                                                                                                                                <div class=\"xs-product-widget media \">\n                                                                            <a class=\"xs_product_img_link\" href=\"https:\/\/bodegaoutdoor.cl\/store\/product\/gafas-de-sol-polarizadas-aoron-para-hombre-y-mujer-gafas-de-sol-clasicas-con-espejo-para-conducir-al-aire-libre-para-hombre-gafas-con-armazon-de-metal-uv400\/\">\n                                        <img loading=\"lazy\" decoding=\"async\" width=\"125\" height=\"125\" src=\"https:\/\/bodegaoutdoor.cl\/store\/wp-content\/uploads\/2020\/08\/9844-hi20fd-150x150.jpg\" class=\"attachment-125x125 size-125x125\" alt=\"Gafas de sol polarizadas Aoron para unisex, outdoor con armaz\u00f3n de Metal UV400\" srcset=\"https:\/\/bodegaoutdoor.cl\/store\/wp-content\/uploads\/2020\/08\/9844-hi20fd-150x150.jpg 150w, https:\/\/bodegaoutdoor.cl\/store\/wp-content\/uploads\/2020\/08\/9844-hi20fd-300x300.jpg 300w, https:\/\/bodegaoutdoor.cl\/store\/wp-content\/uploads\/2020\/08\/9844-hi20fd-100x100.jpg 100w, https:\/\/bodegaoutdoor.cl\/store\/wp-content\/uploads\/2020\/08\/9844-hi20fd-600x600.jpg 600w, https:\/\/bodegaoutdoor.cl\/store\/wp-content\/uploads\/2020\/08\/9844-hi20fd-768x768.jpg 768w, https:\/\/bodegaoutdoor.cl\/store\/wp-content\/uploads\/2020\/08\/9844-hi20fd.jpg 800w\" sizes=\"(max-width: 125px) 100vw, 125px\" \/>                                        <\/a>\n                                                                        <div class=\"media-body align-self-center product-widget-content\">\n                                        <div class=\"xs-product-header media woocommerce xs-wishlist \">\n                                                                                                                                        \n                                                                                                                                                \n<div\n\tclass=\"yith-wcwl-add-to-wishlist add-to-wishlist-9844 yith-wcwl-add-to-wishlist--link-style wishlist-fragment on-first-load\"\n\tdata-fragment-ref=\"9844\"\n\tdata-fragment-options=\"{&quot;base_url&quot;:&quot;&quot;,&quot;product_id&quot;:9844,&quot;parent_product_id&quot;:0,&quot;product_type&quot;:&quot;variable&quot;,&quot;is_single&quot;:false,&quot;in_default_wishlist&quot;:false,&quot;show_view&quot;:false,&quot;browse_wishlist_text&quot;:&quot;Lista Deseos&quot;,&quot;already_in_wishslist_text&quot;:&quot;The producto esta Agregado!&quot;,&quot;product_added_text&quot;:&quot;Producto Agregado!&quot;,&quot;available_multi_wishlist&quot;:false,&quot;disable_wishlist&quot;:false,&quot;show_count&quot;:false,&quot;ajax_loading&quot;:false,&quot;loop_position&quot;:&quot;after_add_to_cart&quot;,&quot;item&quot;:&quot;add_to_wishlist&quot;}\"\n>\n\t\t\t\n\t\t\t<!-- ADD TO WISHLIST -->\n\t\t\t\n<div class=\"yith-wcwl-add-button\">\n\t\t<a\n\t\thref=\"?add_to_wishlist=9844&#038;_wpnonce=98056c7fc2\"\n\t\tclass=\"add_to_wishlist single_add_to_wishlist\"\n\t\tdata-product-id=\"9844\"\n\t\tdata-product-type=\"variable\"\n\t\tdata-original-product-id=\"0\"\n\t\tdata-title=\"Lista Deseos\"\n\t\trel=\"nofollow\"\n\t>\n\t\t<svg id=\"yith-wcwl-icon-heart-outline\" class=\"yith-wcwl-icon-svg\" fill=\"none\" stroke-width=\"1.5\" stroke=\"currentColor\" viewbox=\"0 0 24 24\" xmlns=\"http:\/\/www.w3.org\/2000\/svg\">\n  <path stroke-linecap=\"round\" stroke-linejoin=\"round\" d=\"M21 8.25c0-2.485-2.099-4.5-4.688-4.5-1.935 0-3.597 1.126-4.312 2.733-.715-1.607-2.377-2.733-4.313-2.733C5.1 3.75 3 5.765 3 8.25c0 7.22 9 12 9 12s9-4.78 9-12Z\"><\/path>\n<\/svg>\t\t<span>Lista Deseos<\/span>\n\t<\/a>\n<\/div>\n\n\t\t\t<!-- COUNT TEXT -->\n\t\t\t\n\t\t\t<\/div>\n                                                                                                                                    <\/div>\n                                        <a class=\"product-title\" href=\"https:\/\/bodegaoutdoor.cl\/store\/product\/gafas-de-sol-polarizadas-aoron-para-hombre-y-mujer-gafas-de-sol-clasicas-con-espejo-para-conducir-al-aire-libre-para-hombre-gafas-con-armazon-de-metal-uv400\/\">Gafas de sol polarizadas Aoron para unisex, outdoor con armaz\u00f3n de Metal UV400<\/a>\n                                        <span class=\"price\">\n                                            <del aria-hidden=\"true\"><span class=\"woocommerce-Price-amount amount\"><bdi><span class=\"woocommerce-Price-currencySymbol\" translate=\"no\">$<\/span>24,990<\/bdi><\/span><\/del> <span class=\"screen-reader-text\">El precio original era: $24,990.<\/span><ins aria-hidden=\"true\"><span class=\"woocommerce-Price-amount amount\"><bdi><span class=\"woocommerce-Price-currencySymbol\" translate=\"no\">$<\/span>19,990<\/bdi><\/span><\/ins><span class=\"screen-reader-text\">El precio actual es: $19,990.<\/span>                                        <\/span>\n                                    <\/div>\n                                <\/div>\n                                                                <\/div>\n                                                                                                                            <div class=\"xs-tab-slider-item swiper-slide\">\n                                                            <div class=\"xs-product-widget media \">\n                                                                            <a class=\"xs_product_img_link\" href=\"https:\/\/bodegaoutdoor.cl\/store\/product\/mrerdith-senuelo-iscas-de-senuelos-pesca-jerk-minnow-100f-14g-wobbler-flotante-24-colores-cebo-duro-calidad-profesional-depth0-8-10m-isca-artificial-frete-gratis-black-minnow\/\">\n                                        <img loading=\"lazy\" decoding=\"async\" width=\"125\" height=\"125\" src=\"https:\/\/bodegaoutdoor.cl\/store\/wp-content\/uploads\/2022\/01\/52490-zcljgq-150x150.jpg\" class=\"attachment-125x125 size-125x125\" alt=\"MRERDITH-se\u00f1uelo iscas de se\u00f1uelos pesca JERK MINNOW 100F 14g, Wobbler flotante, 24 colores, cebo duro, calidad profesional Depth0.8-1,0m isca artificial frete gratis black minnow\" srcset=\"https:\/\/bodegaoutdoor.cl\/store\/wp-content\/uploads\/2022\/01\/52490-zcljgq-150x150.jpg 150w, https:\/\/bodegaoutdoor.cl\/store\/wp-content\/uploads\/2022\/01\/52490-zcljgq-300x300.jpg 300w, https:\/\/bodegaoutdoor.cl\/store\/wp-content\/uploads\/2022\/01\/52490-zcljgq-100x100.jpg 100w, https:\/\/bodegaoutdoor.cl\/store\/wp-content\/uploads\/2022\/01\/52490-zcljgq-600x600.jpg 600w, https:\/\/bodegaoutdoor.cl\/store\/wp-content\/uploads\/2022\/01\/52490-zcljgq-768x768.jpg 768w, https:\/\/bodegaoutdoor.cl\/store\/wp-content\/uploads\/2022\/01\/52490-zcljgq.jpg 800w\" sizes=\"(max-width: 125px) 100vw, 125px\" \/>                                        <\/a>\n                                                                        <div class=\"media-body align-self-center product-widget-content\">\n                                        <div class=\"xs-product-header media woocommerce xs-wishlist \">\n                                                                                                                                        \n                                                                                                                                                \n<div\n\tclass=\"yith-wcwl-add-to-wishlist add-to-wishlist-52490 yith-wcwl-add-to-wishlist--link-style wishlist-fragment on-first-load\"\n\tdata-fragment-ref=\"52490\"\n\tdata-fragment-options=\"{&quot;base_url&quot;:&quot;&quot;,&quot;product_id&quot;:52490,&quot;parent_product_id&quot;:0,&quot;product_type&quot;:&quot;variable&quot;,&quot;is_single&quot;:false,&quot;in_default_wishlist&quot;:false,&quot;show_view&quot;:false,&quot;browse_wishlist_text&quot;:&quot;Lista Deseos&quot;,&quot;already_in_wishslist_text&quot;:&quot;The producto esta Agregado!&quot;,&quot;product_added_text&quot;:&quot;Producto Agregado!&quot;,&quot;available_multi_wishlist&quot;:false,&quot;disable_wishlist&quot;:false,&quot;show_count&quot;:false,&quot;ajax_loading&quot;:false,&quot;loop_position&quot;:&quot;after_add_to_cart&quot;,&quot;item&quot;:&quot;add_to_wishlist&quot;}\"\n>\n\t\t\t\n\t\t\t<!-- ADD TO WISHLIST -->\n\t\t\t\n<div class=\"yith-wcwl-add-button\">\n\t\t<a\n\t\thref=\"?add_to_wishlist=52490&#038;_wpnonce=98056c7fc2\"\n\t\tclass=\"add_to_wishlist single_add_to_wishlist\"\n\t\tdata-product-id=\"52490\"\n\t\tdata-product-type=\"variable\"\n\t\tdata-original-product-id=\"0\"\n\t\tdata-title=\"Lista Deseos\"\n\t\trel=\"nofollow\"\n\t>\n\t\t<svg id=\"yith-wcwl-icon-heart-outline\" class=\"yith-wcwl-icon-svg\" fill=\"none\" stroke-width=\"1.5\" stroke=\"currentColor\" viewbox=\"0 0 24 24\" xmlns=\"http:\/\/www.w3.org\/2000\/svg\">\n  <path stroke-linecap=\"round\" stroke-linejoin=\"round\" d=\"M21 8.25c0-2.485-2.099-4.5-4.688-4.5-1.935 0-3.597 1.126-4.312 2.733-.715-1.607-2.377-2.733-4.313-2.733C5.1 3.75 3 5.765 3 8.25c0 7.22 9 12 9 12s9-4.78 9-12Z\"><\/path>\n<\/svg>\t\t<span>Lista Deseos<\/span>\n\t<\/a>\n<\/div>\n\n\t\t\t<!-- COUNT TEXT -->\n\t\t\t\n\t\t\t<\/div>\n                                                                                                                                    <\/div>\n                                        <a class=\"product-title\" href=\"https:\/\/bodegaoutdoor.cl\/store\/product\/mrerdith-senuelo-iscas-de-senuelos-pesca-jerk-minnow-100f-14g-wobbler-flotante-24-colores-cebo-duro-calidad-profesional-depth0-8-10m-isca-artificial-frete-gratis-black-minnow\/\">MRERDITH-se\u00f1uelo iscas de se\u00f1uelos pesca JERK MINNOW 100F 14g, Wobbler flotante, 24 colores, cebo duro, calidad profesional Depth0.8-1,0m isca artificial frete gratis black minnow<\/a>\n                                        <span class=\"price\">\n                                            <span class=\"woocommerce-Price-amount amount\"><bdi><span class=\"woocommerce-Price-currencySymbol\" translate=\"no\">$<\/span>5,990<\/bdi><\/span>                                        <\/span>\n                                    <\/div>\n                                <\/div>\n                                                                                                                                <div class=\"xs-product-widget media \">\n                                                                            <a class=\"xs_product_img_link\" href=\"https:\/\/bodegaoutdoor.cl\/store\/product\/strava-conjuntos-de-camisetas-y-pantalones-cortos-de-ciclismo-color-rojo-verde-fluorescente-maillot-de-ciclismo\/\">\n                                        <img loading=\"lazy\" decoding=\"async\" width=\"125\" height=\"125\" src=\"https:\/\/bodegaoutdoor.cl\/store\/wp-content\/uploads\/2021\/09\/48062-xcf2js-150x150.jpg\" class=\"attachment-125x125 size-125x125\" alt=\"STRAVA-Conjunto de camisetas y pantalones cortos de ciclismo, color rojo, verde fluorescente, maillot de ciclismo\" srcset=\"https:\/\/bodegaoutdoor.cl\/store\/wp-content\/uploads\/2021\/09\/48062-xcf2js-150x150.jpg 150w, https:\/\/bodegaoutdoor.cl\/store\/wp-content\/uploads\/2021\/09\/48062-xcf2js-300x300.jpg 300w, https:\/\/bodegaoutdoor.cl\/store\/wp-content\/uploads\/2021\/09\/48062-xcf2js-100x100.jpg 100w, https:\/\/bodegaoutdoor.cl\/store\/wp-content\/uploads\/2021\/09\/48062-xcf2js-600x600.jpg 600w, https:\/\/bodegaoutdoor.cl\/store\/wp-content\/uploads\/2021\/09\/48062-xcf2js-768x768.jpg 768w, https:\/\/bodegaoutdoor.cl\/store\/wp-content\/uploads\/2021\/09\/48062-xcf2js.jpg 900w\" sizes=\"(max-width: 125px) 100vw, 125px\" \/>                                        <\/a>\n                                                                        <div class=\"media-body align-self-center product-widget-content\">\n                                        <div class=\"xs-product-header media woocommerce xs-wishlist \">\n                                                                                                                                        \n                                                                                                                                                \n<div\n\tclass=\"yith-wcwl-add-to-wishlist add-to-wishlist-48062 yith-wcwl-add-to-wishlist--link-style wishlist-fragment on-first-load\"\n\tdata-fragment-ref=\"48062\"\n\tdata-fragment-options=\"{&quot;base_url&quot;:&quot;&quot;,&quot;product_id&quot;:48062,&quot;parent_product_id&quot;:0,&quot;product_type&quot;:&quot;variable&quot;,&quot;is_single&quot;:false,&quot;in_default_wishlist&quot;:false,&quot;show_view&quot;:false,&quot;browse_wishlist_text&quot;:&quot;Lista Deseos&quot;,&quot;already_in_wishslist_text&quot;:&quot;The producto esta Agregado!&quot;,&quot;product_added_text&quot;:&quot;Producto Agregado!&quot;,&quot;available_multi_wishlist&quot;:false,&quot;disable_wishlist&quot;:false,&quot;show_count&quot;:false,&quot;ajax_loading&quot;:false,&quot;loop_position&quot;:&quot;after_add_to_cart&quot;,&quot;item&quot;:&quot;add_to_wishlist&quot;}\"\n>\n\t\t\t\n\t\t\t<!-- ADD TO WISHLIST -->\n\t\t\t\n<div class=\"yith-wcwl-add-button\">\n\t\t<a\n\t\thref=\"?add_to_wishlist=48062&#038;_wpnonce=98056c7fc2\"\n\t\tclass=\"add_to_wishlist single_add_to_wishlist\"\n\t\tdata-product-id=\"48062\"\n\t\tdata-product-type=\"variable\"\n\t\tdata-original-product-id=\"0\"\n\t\tdata-title=\"Lista Deseos\"\n\t\trel=\"nofollow\"\n\t>\n\t\t<svg id=\"yith-wcwl-icon-heart-outline\" class=\"yith-wcwl-icon-svg\" fill=\"none\" stroke-width=\"1.5\" stroke=\"currentColor\" viewbox=\"0 0 24 24\" xmlns=\"http:\/\/www.w3.org\/2000\/svg\">\n  <path stroke-linecap=\"round\" stroke-linejoin=\"round\" d=\"M21 8.25c0-2.485-2.099-4.5-4.688-4.5-1.935 0-3.597 1.126-4.312 2.733-.715-1.607-2.377-2.733-4.313-2.733C5.1 3.75 3 5.765 3 8.25c0 7.22 9 12 9 12s9-4.78 9-12Z\"><\/path>\n<\/svg>\t\t<span>Lista Deseos<\/span>\n\t<\/a>\n<\/div>\n\n\t\t\t<!-- COUNT TEXT -->\n\t\t\t\n\t\t\t<\/div>\n                                                                                                                                    <\/div>\n                                        <a class=\"product-title\" href=\"https:\/\/bodegaoutdoor.cl\/store\/product\/strava-conjuntos-de-camisetas-y-pantalones-cortos-de-ciclismo-color-rojo-verde-fluorescente-maillot-de-ciclismo\/\">STRAVA-Conjunto de camisetas y pantalones cortos de ciclismo, color rojo, verde fluorescente, maillot de ciclismo<\/a>\n                                        <span class=\"price\">\n                                            <span class=\"woocommerce-Price-amount amount\" aria-hidden=\"true\"><bdi><span class=\"woocommerce-Price-currencySymbol\" translate=\"no\">$<\/span>24,990<\/bdi><\/span> <span aria-hidden=\"true\">-<\/span> <span class=\"woocommerce-Price-amount amount\" aria-hidden=\"true\"><bdi><span class=\"woocommerce-Price-currencySymbol\" translate=\"no\">$<\/span>39,990<\/bdi><\/span><span class=\"screen-reader-text\">Rango de precios: desde $24,990 hasta $39,990<\/span>                                        <\/span>\n                                    <\/div>\n                                <\/div>\n                                                                                                                                <div class=\"xs-product-widget media \">\n                                                                            <a class=\"xs_product_img_link\" href=\"https:\/\/bodegaoutdoor.cl\/store\/product\/pasamontanas-de-camuflaje-completa-depores-ciclismo-bufanda\/\">\n                                        <img loading=\"lazy\" decoding=\"async\" width=\"125\" height=\"125\" src=\"https:\/\/bodegaoutdoor.cl\/store\/wp-content\/uploads\/2020\/12\/22448-aaufkm-150x150.jpg\" class=\"attachment-125x125 size-125x125\" alt=\"Pasamonta\u00f1as de camuflaje completa, depores, ciclismo,  bufanda\" srcset=\"https:\/\/bodegaoutdoor.cl\/store\/wp-content\/uploads\/2020\/12\/22448-aaufkm-150x150.jpg 150w, https:\/\/bodegaoutdoor.cl\/store\/wp-content\/uploads\/2020\/12\/22448-aaufkm-300x300.jpg 300w, https:\/\/bodegaoutdoor.cl\/store\/wp-content\/uploads\/2020\/12\/22448-aaufkm-100x100.jpg 100w, https:\/\/bodegaoutdoor.cl\/store\/wp-content\/uploads\/2020\/12\/22448-aaufkm-600x600.jpg 600w, https:\/\/bodegaoutdoor.cl\/store\/wp-content\/uploads\/2020\/12\/22448-aaufkm-768x768.jpg 768w, https:\/\/bodegaoutdoor.cl\/store\/wp-content\/uploads\/2020\/12\/22448-aaufkm.jpg 1200w\" sizes=\"(max-width: 125px) 100vw, 125px\" \/>                                        <\/a>\n                                                                        <div class=\"media-body align-self-center product-widget-content\">\n                                        <div class=\"xs-product-header media woocommerce xs-wishlist \">\n                                                                                                                                        \n                                                                                                                                                \n<div\n\tclass=\"yith-wcwl-add-to-wishlist add-to-wishlist-22448 yith-wcwl-add-to-wishlist--link-style wishlist-fragment on-first-load\"\n\tdata-fragment-ref=\"22448\"\n\tdata-fragment-options=\"{&quot;base_url&quot;:&quot;&quot;,&quot;product_id&quot;:22448,&quot;parent_product_id&quot;:0,&quot;product_type&quot;:&quot;variable&quot;,&quot;is_single&quot;:false,&quot;in_default_wishlist&quot;:false,&quot;show_view&quot;:false,&quot;browse_wishlist_text&quot;:&quot;Lista Deseos&quot;,&quot;already_in_wishslist_text&quot;:&quot;The producto esta Agregado!&quot;,&quot;product_added_text&quot;:&quot;Producto Agregado!&quot;,&quot;available_multi_wishlist&quot;:false,&quot;disable_wishlist&quot;:false,&quot;show_count&quot;:false,&quot;ajax_loading&quot;:false,&quot;loop_position&quot;:&quot;after_add_to_cart&quot;,&quot;item&quot;:&quot;add_to_wishlist&quot;}\"\n>\n\t\t\t\n\t\t\t<!-- ADD TO WISHLIST -->\n\t\t\t\n<div class=\"yith-wcwl-add-button\">\n\t\t<a\n\t\thref=\"?add_to_wishlist=22448&#038;_wpnonce=98056c7fc2\"\n\t\tclass=\"add_to_wishlist single_add_to_wishlist\"\n\t\tdata-product-id=\"22448\"\n\t\tdata-product-type=\"variable\"\n\t\tdata-original-product-id=\"0\"\n\t\tdata-title=\"Lista Deseos\"\n\t\trel=\"nofollow\"\n\t>\n\t\t<svg id=\"yith-wcwl-icon-heart-outline\" class=\"yith-wcwl-icon-svg\" fill=\"none\" stroke-width=\"1.5\" stroke=\"currentColor\" viewbox=\"0 0 24 24\" xmlns=\"http:\/\/www.w3.org\/2000\/svg\">\n  <path stroke-linecap=\"round\" stroke-linejoin=\"round\" d=\"M21 8.25c0-2.485-2.099-4.5-4.688-4.5-1.935 0-3.597 1.126-4.312 2.733-.715-1.607-2.377-2.733-4.313-2.733C5.1 3.75 3 5.765 3 8.25c0 7.22 9 12 9 12s9-4.78 9-12Z\"><\/path>\n<\/svg>\t\t<span>Lista Deseos<\/span>\n\t<\/a>\n<\/div>\n\n\t\t\t<!-- COUNT TEXT -->\n\t\t\t\n\t\t\t<\/div>\n                                                                                                                                    <\/div>\n                                        <a class=\"product-title\" href=\"https:\/\/bodegaoutdoor.cl\/store\/product\/pasamontanas-de-camuflaje-completa-depores-ciclismo-bufanda\/\">Pasamonta\u00f1as de camuflaje completa, depores, ciclismo,  bufanda<\/a>\n                                        <span class=\"price\">\n                                            <del aria-hidden=\"true\"><span class=\"woocommerce-Price-amount amount\"><bdi><span class=\"woocommerce-Price-currencySymbol\" translate=\"no\">$<\/span>11,990<\/bdi><\/span><\/del> <span class=\"screen-reader-text\">El precio original era: $11,990.<\/span><ins aria-hidden=\"true\"><span class=\"woocommerce-Price-amount amount\"><bdi><span class=\"woocommerce-Price-currencySymbol\" translate=\"no\">$<\/span>9,990<\/bdi><\/span><\/ins><span class=\"screen-reader-text\">El precio actual es: $9,990.<\/span>                                        <\/span>\n                                    <\/div>\n                                <\/div>\n                                                                <\/div>\n                                                                                                                            <div class=\"xs-tab-slider-item swiper-slide\">\n                                                            <div class=\"xs-product-widget media \">\n                                                                            <a class=\"xs_product_img_link\" href=\"https:\/\/bodegaoutdoor.cl\/store\/product\/shimano-gafas-de-sol-para-hombre-y-mujer-lentes-de-sol-para-ciclismo-al-aire-libre-pesca-conduccion-viajes-se-pueden-equipar-con-estuches-para-gafas\/\">\n                                        <img loading=\"lazy\" decoding=\"async\" width=\"125\" height=\"125\" src=\"https:\/\/bodegaoutdoor.cl\/store\/wp-content\/uploads\/2023\/04\/70209-amjgrq-150x150.jpg\" class=\"attachment-125x125 size-125x125\" alt=\"Shimano-Gafas hombre y mujer, lentes de sol para ciclismo Outdoor, pesca, conducci\u00f3n, viajes\" srcset=\"https:\/\/bodegaoutdoor.cl\/store\/wp-content\/uploads\/2023\/04\/70209-amjgrq-150x150.jpg 150w, https:\/\/bodegaoutdoor.cl\/store\/wp-content\/uploads\/2023\/04\/70209-amjgrq-300x300.jpg 300w, https:\/\/bodegaoutdoor.cl\/store\/wp-content\/uploads\/2023\/04\/70209-amjgrq-100x100.jpg 100w, https:\/\/bodegaoutdoor.cl\/store\/wp-content\/uploads\/2023\/04\/70209-amjgrq-600x600.jpg 600w, https:\/\/bodegaoutdoor.cl\/store\/wp-content\/uploads\/2023\/04\/70209-amjgrq-768x768.jpg 768w, https:\/\/bodegaoutdoor.cl\/store\/wp-content\/uploads\/2023\/04\/70209-amjgrq-350x350.jpg 350w, https:\/\/bodegaoutdoor.cl\/store\/wp-content\/uploads\/2023\/04\/70209-amjgrq.jpg 800w\" sizes=\"(max-width: 125px) 100vw, 125px\" \/>                                        <\/a>\n                                                                        <div class=\"media-body align-self-center product-widget-content\">\n                                        <div class=\"xs-product-header media woocommerce xs-wishlist \">\n                                                                                                                                        \n                                                                                                                                                \n<div\n\tclass=\"yith-wcwl-add-to-wishlist add-to-wishlist-70209 yith-wcwl-add-to-wishlist--link-style wishlist-fragment on-first-load\"\n\tdata-fragment-ref=\"70209\"\n\tdata-fragment-options=\"{&quot;base_url&quot;:&quot;&quot;,&quot;product_id&quot;:70209,&quot;parent_product_id&quot;:0,&quot;product_type&quot;:&quot;variable&quot;,&quot;is_single&quot;:false,&quot;in_default_wishlist&quot;:false,&quot;show_view&quot;:false,&quot;browse_wishlist_text&quot;:&quot;Lista Deseos&quot;,&quot;already_in_wishslist_text&quot;:&quot;The producto esta Agregado!&quot;,&quot;product_added_text&quot;:&quot;Producto Agregado!&quot;,&quot;available_multi_wishlist&quot;:false,&quot;disable_wishlist&quot;:false,&quot;show_count&quot;:false,&quot;ajax_loading&quot;:false,&quot;loop_position&quot;:&quot;after_add_to_cart&quot;,&quot;item&quot;:&quot;add_to_wishlist&quot;}\"\n>\n\t\t\t\n\t\t\t<!-- ADD TO WISHLIST -->\n\t\t\t\n<div class=\"yith-wcwl-add-button\">\n\t\t<a\n\t\thref=\"?add_to_wishlist=70209&#038;_wpnonce=98056c7fc2\"\n\t\tclass=\"add_to_wishlist single_add_to_wishlist\"\n\t\tdata-product-id=\"70209\"\n\t\tdata-product-type=\"variable\"\n\t\tdata-original-product-id=\"0\"\n\t\tdata-title=\"Lista Deseos\"\n\t\trel=\"nofollow\"\n\t>\n\t\t<svg id=\"yith-wcwl-icon-heart-outline\" class=\"yith-wcwl-icon-svg\" fill=\"none\" stroke-width=\"1.5\" stroke=\"currentColor\" viewbox=\"0 0 24 24\" xmlns=\"http:\/\/www.w3.org\/2000\/svg\">\n  <path stroke-linecap=\"round\" stroke-linejoin=\"round\" d=\"M21 8.25c0-2.485-2.099-4.5-4.688-4.5-1.935 0-3.597 1.126-4.312 2.733-.715-1.607-2.377-2.733-4.313-2.733C5.1 3.75 3 5.765 3 8.25c0 7.22 9 12 9 12s9-4.78 9-12Z\"><\/path>\n<\/svg>\t\t<span>Lista Deseos<\/span>\n\t<\/a>\n<\/div>\n\n\t\t\t<!-- COUNT TEXT -->\n\t\t\t\n\t\t\t<\/div>\n                                                                                                                                    <\/div>\n                                        <a class=\"product-title\" href=\"https:\/\/bodegaoutdoor.cl\/store\/product\/shimano-gafas-de-sol-para-hombre-y-mujer-lentes-de-sol-para-ciclismo-al-aire-libre-pesca-conduccion-viajes-se-pueden-equipar-con-estuches-para-gafas\/\">Shimano-Gafas hombre y mujer, lentes de sol para ciclismo Outdoor, pesca, conducci\u00f3n, viajes<\/a>\n                                        <span class=\"price\">\n                                            <del aria-hidden=\"true\"><span class=\"woocommerce-Price-amount amount\"><bdi><span class=\"woocommerce-Price-currencySymbol\" translate=\"no\">$<\/span>39,990<\/bdi><\/span><\/del> <span class=\"screen-reader-text\">El precio original era: $39,990.<\/span><ins aria-hidden=\"true\"><span class=\"woocommerce-Price-amount amount\"><bdi><span class=\"woocommerce-Price-currencySymbol\" translate=\"no\">$<\/span>29,990<\/bdi><\/span><\/ins><span class=\"screen-reader-text\">El precio actual es: $29,990.<\/span>                                        <\/span>\n                                    <\/div>\n                                <\/div>\n                                                                                                                                <div class=\"xs-product-widget media \">\n                                                                            <a class=\"xs_product_img_link\" href=\"https:\/\/bodegaoutdoor.cl\/store\/product\/gafas-de-sol-cuadradas-de-clasicas-polarizadas-para-hombre-y-mujer-lentes-de-sol-de-lujo-a-la-moda-antideslumbrantes-para-viajes-y-conduccion-tr90-uv400\/\">\n                                        <img loading=\"lazy\" decoding=\"async\" width=\"125\" height=\"125\" src=\"https:\/\/bodegaoutdoor.cl\/store\/wp-content\/uploads\/2023\/02\/66091-rjm3sj-150x150.jpg\" class=\"attachment-125x125 size-125x125\" alt=\"Gafas de sol cuadradas polarizadas, lentes de sol, para viajes y conducci\u00f3n, TR90, UV400\" srcset=\"https:\/\/bodegaoutdoor.cl\/store\/wp-content\/uploads\/2023\/02\/66091-rjm3sj-150x150.jpg 150w, https:\/\/bodegaoutdoor.cl\/store\/wp-content\/uploads\/2023\/02\/66091-rjm3sj-300x300.jpg 300w, https:\/\/bodegaoutdoor.cl\/store\/wp-content\/uploads\/2023\/02\/66091-rjm3sj-100x100.jpg 100w, https:\/\/bodegaoutdoor.cl\/store\/wp-content\/uploads\/2023\/02\/66091-rjm3sj-600x600.jpg 600w, https:\/\/bodegaoutdoor.cl\/store\/wp-content\/uploads\/2023\/02\/66091-rjm3sj-768x768.jpg 768w, https:\/\/bodegaoutdoor.cl\/store\/wp-content\/uploads\/2023\/02\/66091-rjm3sj-32x32.jpg 32w, https:\/\/bodegaoutdoor.cl\/store\/wp-content\/uploads\/2023\/02\/66091-rjm3sj.jpg 800w\" sizes=\"(max-width: 125px) 100vw, 125px\" \/>                                        <\/a>\n                                                                        <div class=\"media-body align-self-center product-widget-content\">\n                                        <div class=\"xs-product-header media woocommerce xs-wishlist \">\n                                                                                                                                        \n                                                                                                                                                \n<div\n\tclass=\"yith-wcwl-add-to-wishlist add-to-wishlist-66091 yith-wcwl-add-to-wishlist--link-style wishlist-fragment on-first-load\"\n\tdata-fragment-ref=\"66091\"\n\tdata-fragment-options=\"{&quot;base_url&quot;:&quot;&quot;,&quot;product_id&quot;:66091,&quot;parent_product_id&quot;:0,&quot;product_type&quot;:&quot;variable&quot;,&quot;is_single&quot;:false,&quot;in_default_wishlist&quot;:false,&quot;show_view&quot;:false,&quot;browse_wishlist_text&quot;:&quot;Lista Deseos&quot;,&quot;already_in_wishslist_text&quot;:&quot;The producto esta Agregado!&quot;,&quot;product_added_text&quot;:&quot;Producto Agregado!&quot;,&quot;available_multi_wishlist&quot;:false,&quot;disable_wishlist&quot;:false,&quot;show_count&quot;:false,&quot;ajax_loading&quot;:false,&quot;loop_position&quot;:&quot;after_add_to_cart&quot;,&quot;item&quot;:&quot;add_to_wishlist&quot;}\"\n>\n\t\t\t\n\t\t\t<!-- ADD TO WISHLIST -->\n\t\t\t\n<div class=\"yith-wcwl-add-button\">\n\t\t<a\n\t\thref=\"?add_to_wishlist=66091&#038;_wpnonce=98056c7fc2\"\n\t\tclass=\"add_to_wishlist single_add_to_wishlist\"\n\t\tdata-product-id=\"66091\"\n\t\tdata-product-type=\"variable\"\n\t\tdata-original-product-id=\"0\"\n\t\tdata-title=\"Lista Deseos\"\n\t\trel=\"nofollow\"\n\t>\n\t\t<svg id=\"yith-wcwl-icon-heart-outline\" class=\"yith-wcwl-icon-svg\" fill=\"none\" stroke-width=\"1.5\" stroke=\"currentColor\" viewbox=\"0 0 24 24\" xmlns=\"http:\/\/www.w3.org\/2000\/svg\">\n  <path stroke-linecap=\"round\" stroke-linejoin=\"round\" d=\"M21 8.25c0-2.485-2.099-4.5-4.688-4.5-1.935 0-3.597 1.126-4.312 2.733-.715-1.607-2.377-2.733-4.313-2.733C5.1 3.75 3 5.765 3 8.25c0 7.22 9 12 9 12s9-4.78 9-12Z\"><\/path>\n<\/svg>\t\t<span>Lista Deseos<\/span>\n\t<\/a>\n<\/div>\n\n\t\t\t<!-- COUNT TEXT -->\n\t\t\t\n\t\t\t<\/div>\n                                                                                                                                    <\/div>\n                                        <a class=\"product-title\" href=\"https:\/\/bodegaoutdoor.cl\/store\/product\/gafas-de-sol-cuadradas-de-clasicas-polarizadas-para-hombre-y-mujer-lentes-de-sol-de-lujo-a-la-moda-antideslumbrantes-para-viajes-y-conduccion-tr90-uv400\/\">Gafas de sol cuadradas polarizadas, lentes de sol, para viajes y conducci\u00f3n, TR90, UV400<\/a>\n                                        <span class=\"price\">\n                                            <del aria-hidden=\"true\"><span class=\"woocommerce-Price-amount amount\"><bdi><span class=\"woocommerce-Price-currencySymbol\" translate=\"no\">$<\/span>19,990<\/bdi><\/span><\/del> <span class=\"screen-reader-text\">El precio original era: $19,990.<\/span><ins aria-hidden=\"true\"><span class=\"woocommerce-Price-amount amount\"><bdi><span class=\"woocommerce-Price-currencySymbol\" translate=\"no\">$<\/span>14,990<\/bdi><\/span><\/ins><span class=\"screen-reader-text\">El precio actual es: $14,990.<\/span>                                        <\/span>\n                                    <\/div>\n                                <\/div>\n                                                                                                                                <div class=\"xs-product-widget media \">\n                                                                            <a class=\"xs_product_img_link\" href=\"https:\/\/bodegaoutdoor.cl\/store\/product\/detalles-acerca-de-gopro-hero-7-negro-12-mega-pixeles-camara-videocamara-4k-impermeable-paquete-de-accion\/\">\n                                        <img loading=\"lazy\" decoding=\"async\" width=\"125\" height=\"125\" src=\"https:\/\/bodegaoutdoor.cl\/store\/wp-content\/uploads\/2020\/08\/10270-hc1ag7-150x150.jpg\" class=\"attachment-125x125 size-125x125\" alt=\"Camara GoPro Hero 7 Negro 12 Mega p\u00edxeles c\u00e1mara Videoc\u00e1mara 4K Impermeable\" srcset=\"https:\/\/bodegaoutdoor.cl\/store\/wp-content\/uploads\/2020\/08\/10270-hc1ag7-150x150.jpg 150w, https:\/\/bodegaoutdoor.cl\/store\/wp-content\/uploads\/2020\/08\/10270-hc1ag7-300x300.jpg 300w, https:\/\/bodegaoutdoor.cl\/store\/wp-content\/uploads\/2020\/08\/10270-hc1ag7-100x100.jpg 100w, https:\/\/bodegaoutdoor.cl\/store\/wp-content\/uploads\/2020\/08\/10270-hc1ag7.jpg 500w\" sizes=\"(max-width: 125px) 100vw, 125px\" \/>                                        <\/a>\n                                                                        <div class=\"media-body align-self-center product-widget-content\">\n                                        <div class=\"xs-product-header media woocommerce xs-wishlist \">\n                                                                                                                                        \n                                                                                                                                                \n<div\n\tclass=\"yith-wcwl-add-to-wishlist add-to-wishlist-10270 yith-wcwl-add-to-wishlist--link-style wishlist-fragment on-first-load\"\n\tdata-fragment-ref=\"10270\"\n\tdata-fragment-options=\"{&quot;base_url&quot;:&quot;&quot;,&quot;product_id&quot;:10270,&quot;parent_product_id&quot;:0,&quot;product_type&quot;:&quot;simple&quot;,&quot;is_single&quot;:false,&quot;in_default_wishlist&quot;:false,&quot;show_view&quot;:false,&quot;browse_wishlist_text&quot;:&quot;Lista Deseos&quot;,&quot;already_in_wishslist_text&quot;:&quot;The producto esta Agregado!&quot;,&quot;product_added_text&quot;:&quot;Producto Agregado!&quot;,&quot;available_multi_wishlist&quot;:false,&quot;disable_wishlist&quot;:false,&quot;show_count&quot;:false,&quot;ajax_loading&quot;:false,&quot;loop_position&quot;:&quot;after_add_to_cart&quot;,&quot;item&quot;:&quot;add_to_wishlist&quot;}\"\n>\n\t\t\t\n\t\t\t<!-- ADD TO WISHLIST -->\n\t\t\t\n<div class=\"yith-wcwl-add-button\">\n\t\t<a\n\t\thref=\"?add_to_wishlist=10270&#038;_wpnonce=98056c7fc2\"\n\t\tclass=\"add_to_wishlist single_add_to_wishlist\"\n\t\tdata-product-id=\"10270\"\n\t\tdata-product-type=\"simple\"\n\t\tdata-original-product-id=\"0\"\n\t\tdata-title=\"Lista Deseos\"\n\t\trel=\"nofollow\"\n\t>\n\t\t<svg id=\"yith-wcwl-icon-heart-outline\" class=\"yith-wcwl-icon-svg\" fill=\"none\" stroke-width=\"1.5\" stroke=\"currentColor\" viewbox=\"0 0 24 24\" xmlns=\"http:\/\/www.w3.org\/2000\/svg\">\n  <path stroke-linecap=\"round\" stroke-linejoin=\"round\" d=\"M21 8.25c0-2.485-2.099-4.5-4.688-4.5-1.935 0-3.597 1.126-4.312 2.733-.715-1.607-2.377-2.733-4.313-2.733C5.1 3.75 3 5.765 3 8.25c0 7.22 9 12 9 12s9-4.78 9-12Z\"><\/path>\n<\/svg>\t\t<span>Lista Deseos<\/span>\n\t<\/a>\n<\/div>\n\n\t\t\t<!-- COUNT TEXT -->\n\t\t\t\n\t\t\t<\/div>\n                                                                                                                                    <\/div>\n                                        <a class=\"product-title\" href=\"https:\/\/bodegaoutdoor.cl\/store\/product\/detalles-acerca-de-gopro-hero-7-negro-12-mega-pixeles-camara-videocamara-4k-impermeable-paquete-de-accion\/\">Camara GoPro Hero 7 Negro 12 Mega p\u00edxeles c\u00e1mara Videoc\u00e1mara 4K Impermeable<\/a>\n                                        <span class=\"price\">\n                                            <del aria-hidden=\"true\"><span class=\"woocommerce-Price-amount amount\"><bdi><span class=\"woocommerce-Price-currencySymbol\" translate=\"no\">$<\/span>399,990<\/bdi><\/span><\/del> <span class=\"screen-reader-text\">El precio original era: $399,990.<\/span><ins aria-hidden=\"true\"><span class=\"woocommerce-Price-amount amount\"><bdi><span class=\"woocommerce-Price-currencySymbol\" translate=\"no\">$<\/span>319,990<\/bdi><\/span><\/ins><span class=\"screen-reader-text\">El precio actual es: $319,990.<\/span>                                        <\/span>\n                                    <\/div>\n                                <\/div>\n                                                                <\/div>\n                                                                                                                            <div class=\"xs-tab-slider-item swiper-slide\">\n                                                            <div class=\"xs-product-widget media \">\n                                                                            <a class=\"xs_product_img_link\" href=\"https:\/\/bodegaoutdoor.cl\/store\/product\/reloj-inteligente-fd68s-para-hombre-y-mujer-pulsera-inteligente-con-bluetooth-tactil-fitness-conectado-para-ios-y-android-wear-os-smartwatch-reloj-mujer-elegante\/\">\n                                        <img loading=\"lazy\" decoding=\"async\" width=\"125\" height=\"125\" src=\"https:\/\/bodegaoutdoor.cl\/store\/wp-content\/uploads\/2022\/06\/58225-yuymvj-150x150.jpg\" class=\"attachment-125x125 size-125x125\" alt=\"Reloj inteligente FD68S para hombre y mujer, pulsera inteligente con Bluetooth, t\u00e1ctil, Fitness, conectado, para IOS y Android, wear os smartwatch, reloj mujer elegante\" srcset=\"https:\/\/bodegaoutdoor.cl\/store\/wp-content\/uploads\/2022\/06\/58225-yuymvj-150x150.jpg 150w, https:\/\/bodegaoutdoor.cl\/store\/wp-content\/uploads\/2022\/06\/58225-yuymvj-300x300.jpg 300w, https:\/\/bodegaoutdoor.cl\/store\/wp-content\/uploads\/2022\/06\/58225-yuymvj-100x100.jpg 100w, https:\/\/bodegaoutdoor.cl\/store\/wp-content\/uploads\/2022\/06\/58225-yuymvj-600x600.jpg 600w, https:\/\/bodegaoutdoor.cl\/store\/wp-content\/uploads\/2022\/06\/58225-yuymvj-768x768.jpg 768w, https:\/\/bodegaoutdoor.cl\/store\/wp-content\/uploads\/2022\/06\/58225-yuymvj.jpg 800w\" sizes=\"(max-width: 125px) 100vw, 125px\" \/>                                        <\/a>\n                                                                        <div class=\"media-body align-self-center product-widget-content\">\n                                        <div class=\"xs-product-header media woocommerce xs-wishlist \">\n                                                                                                                                        \n                                                                                                                                                \n<div\n\tclass=\"yith-wcwl-add-to-wishlist add-to-wishlist-58225 yith-wcwl-add-to-wishlist--link-style wishlist-fragment on-first-load\"\n\tdata-fragment-ref=\"58225\"\n\tdata-fragment-options=\"{&quot;base_url&quot;:&quot;&quot;,&quot;product_id&quot;:58225,&quot;parent_product_id&quot;:0,&quot;product_type&quot;:&quot;variable&quot;,&quot;is_single&quot;:false,&quot;in_default_wishlist&quot;:false,&quot;show_view&quot;:false,&quot;browse_wishlist_text&quot;:&quot;Lista Deseos&quot;,&quot;already_in_wishslist_text&quot;:&quot;The producto esta Agregado!&quot;,&quot;product_added_text&quot;:&quot;Producto Agregado!&quot;,&quot;available_multi_wishlist&quot;:false,&quot;disable_wishlist&quot;:false,&quot;show_count&quot;:false,&quot;ajax_loading&quot;:false,&quot;loop_position&quot;:&quot;after_add_to_cart&quot;,&quot;item&quot;:&quot;add_to_wishlist&quot;}\"\n>\n\t\t\t\n\t\t\t<!-- ADD TO WISHLIST -->\n\t\t\t\n<div class=\"yith-wcwl-add-button\">\n\t\t<a\n\t\thref=\"?add_to_wishlist=58225&#038;_wpnonce=98056c7fc2\"\n\t\tclass=\"add_to_wishlist single_add_to_wishlist\"\n\t\tdata-product-id=\"58225\"\n\t\tdata-product-type=\"variable\"\n\t\tdata-original-product-id=\"0\"\n\t\tdata-title=\"Lista Deseos\"\n\t\trel=\"nofollow\"\n\t>\n\t\t<svg id=\"yith-wcwl-icon-heart-outline\" class=\"yith-wcwl-icon-svg\" fill=\"none\" stroke-width=\"1.5\" stroke=\"currentColor\" viewbox=\"0 0 24 24\" xmlns=\"http:\/\/www.w3.org\/2000\/svg\">\n  <path stroke-linecap=\"round\" stroke-linejoin=\"round\" d=\"M21 8.25c0-2.485-2.099-4.5-4.688-4.5-1.935 0-3.597 1.126-4.312 2.733-.715-1.607-2.377-2.733-4.313-2.733C5.1 3.75 3 5.765 3 8.25c0 7.22 9 12 9 12s9-4.78 9-12Z\"><\/path>\n<\/svg>\t\t<span>Lista Deseos<\/span>\n\t<\/a>\n<\/div>\n\n\t\t\t<!-- COUNT TEXT -->\n\t\t\t\n\t\t\t<\/div>\n                                                                                                                                    <\/div>\n                                        <a class=\"product-title\" href=\"https:\/\/bodegaoutdoor.cl\/store\/product\/reloj-inteligente-fd68s-para-hombre-y-mujer-pulsera-inteligente-con-bluetooth-tactil-fitness-conectado-para-ios-y-android-wear-os-smartwatch-reloj-mujer-elegante\/\">Reloj inteligente FD68S para hombre y mujer, pulsera inteligente con Bluetooth, t\u00e1ctil, Fitness, conectado, para IOS y Android, wear os smartwatch, reloj mujer elegante<\/a>\n                                        <span class=\"price\">\n                                            <span class=\"woocommerce-Price-amount amount\"><bdi><span class=\"woocommerce-Price-currencySymbol\" translate=\"no\">$<\/span>19,990<\/bdi><\/span>                                        <\/span>\n                                    <\/div>\n                                <\/div>\n                                                                                                                                <div class=\"xs-product-widget media \">\n                                                                            <a class=\"xs_product_img_link\" href=\"https:\/\/bodegaoutdoor.cl\/store\/product\/auriculares-inalambricos-lenovo-bluetooth5-0-auriculares-magneticos-con-banda-para-el-cuello-auriculares-deportivos-impermeables-ipx5-con-microfono-de-cancelacion-de-ruido\/\">\n                                        <img loading=\"lazy\" decoding=\"async\" width=\"125\" height=\"125\" src=\"https:\/\/bodegaoutdoor.cl\/store\/wp-content\/uploads\/2020\/07\/3350-0x5hho-150x150.jpg\" class=\"attachment-125x125 size-125x125\" alt=\"Auriculares inal\u00e1mbricos Lenovo Bluetooth 5.0\" srcset=\"https:\/\/bodegaoutdoor.cl\/store\/wp-content\/uploads\/2020\/07\/3350-0x5hho-150x150.jpg 150w, https:\/\/bodegaoutdoor.cl\/store\/wp-content\/uploads\/2020\/07\/3350-0x5hho-300x300.jpg 300w, https:\/\/bodegaoutdoor.cl\/store\/wp-content\/uploads\/2020\/07\/3350-0x5hho-100x100.jpg 100w, https:\/\/bodegaoutdoor.cl\/store\/wp-content\/uploads\/2020\/07\/3350-0x5hho-600x600.jpg 600w, https:\/\/bodegaoutdoor.cl\/store\/wp-content\/uploads\/2020\/07\/3350-0x5hho-768x768.jpg 768w, https:\/\/bodegaoutdoor.cl\/store\/wp-content\/uploads\/2020\/07\/3350-0x5hho.jpg 800w\" sizes=\"(max-width: 125px) 100vw, 125px\" \/>                                        <\/a>\n                                                                        <div class=\"media-body align-self-center product-widget-content\">\n                                        <div class=\"xs-product-header media woocommerce xs-wishlist \">\n                                                                                                                                        \n                                                                                                                                                \n<div\n\tclass=\"yith-wcwl-add-to-wishlist add-to-wishlist-3350 yith-wcwl-add-to-wishlist--link-style wishlist-fragment on-first-load\"\n\tdata-fragment-ref=\"3350\"\n\tdata-fragment-options=\"{&quot;base_url&quot;:&quot;&quot;,&quot;product_id&quot;:3350,&quot;parent_product_id&quot;:0,&quot;product_type&quot;:&quot;variable&quot;,&quot;is_single&quot;:false,&quot;in_default_wishlist&quot;:false,&quot;show_view&quot;:false,&quot;browse_wishlist_text&quot;:&quot;Lista Deseos&quot;,&quot;already_in_wishslist_text&quot;:&quot;The producto esta Agregado!&quot;,&quot;product_added_text&quot;:&quot;Producto Agregado!&quot;,&quot;available_multi_wishlist&quot;:false,&quot;disable_wishlist&quot;:false,&quot;show_count&quot;:false,&quot;ajax_loading&quot;:false,&quot;loop_position&quot;:&quot;after_add_to_cart&quot;,&quot;item&quot;:&quot;add_to_wishlist&quot;}\"\n>\n\t\t\t\n\t\t\t<!-- ADD TO WISHLIST -->\n\t\t\t\n<div class=\"yith-wcwl-add-button\">\n\t\t<a\n\t\thref=\"?add_to_wishlist=3350&#038;_wpnonce=98056c7fc2\"\n\t\tclass=\"add_to_wishlist single_add_to_wishlist\"\n\t\tdata-product-id=\"3350\"\n\t\tdata-product-type=\"variable\"\n\t\tdata-original-product-id=\"0\"\n\t\tdata-title=\"Lista Deseos\"\n\t\trel=\"nofollow\"\n\t>\n\t\t<svg id=\"yith-wcwl-icon-heart-outline\" class=\"yith-wcwl-icon-svg\" fill=\"none\" stroke-width=\"1.5\" stroke=\"currentColor\" viewbox=\"0 0 24 24\" xmlns=\"http:\/\/www.w3.org\/2000\/svg\">\n  <path stroke-linecap=\"round\" stroke-linejoin=\"round\" d=\"M21 8.25c0-2.485-2.099-4.5-4.688-4.5-1.935 0-3.597 1.126-4.312 2.733-.715-1.607-2.377-2.733-4.313-2.733C5.1 3.75 3 5.765 3 8.25c0 7.22 9 12 9 12s9-4.78 9-12Z\"><\/path>\n<\/svg>\t\t<span>Lista Deseos<\/span>\n\t<\/a>\n<\/div>\n\n\t\t\t<!-- COUNT TEXT -->\n\t\t\t\n\t\t\t<\/div>\n                                                                                                                                    <\/div>\n                                        <a class=\"product-title\" href=\"https:\/\/bodegaoutdoor.cl\/store\/product\/auriculares-inalambricos-lenovo-bluetooth5-0-auriculares-magneticos-con-banda-para-el-cuello-auriculares-deportivos-impermeables-ipx5-con-microfono-de-cancelacion-de-ruido\/\">Auriculares inal\u00e1mbricos Lenovo Bluetooth 5.0<\/a>\n                                        <span class=\"price\">\n                                            <del aria-hidden=\"true\"><span class=\"woocommerce-Price-amount amount\"><bdi><span class=\"woocommerce-Price-currencySymbol\" translate=\"no\">$<\/span>39,990<\/bdi><\/span><\/del> <span class=\"screen-reader-text\">El precio original era: $39,990.<\/span><ins aria-hidden=\"true\"><span class=\"woocommerce-Price-amount amount\"><bdi><span class=\"woocommerce-Price-currencySymbol\" translate=\"no\">$<\/span>24,990<\/bdi><\/span><\/ins><span class=\"screen-reader-text\">El precio actual es: $24,990.<\/span>                                        <\/span>\n                                    <\/div>\n                                <\/div>\n                                                                                                                                <div class=\"xs-product-widget media \">\n                                                                            <a class=\"xs_product_img_link\" href=\"https:\/\/bodegaoutdoor.cl\/store\/product\/gafas-aluminio-rimless-fotochromicas-polarizadas-conduccion-dia-y-noche\/\">\n                                        <img loading=\"lazy\" decoding=\"async\" width=\"125\" height=\"125\" src=\"https:\/\/bodegaoutdoor.cl\/store\/wp-content\/uploads\/2021\/04\/41415-g0ivvl-150x150.jpg\" class=\"attachment-125x125 size-125x125\" alt=\"Gafas Aluminio Rimless fotochromicas  polarizadas, conducci\u00f3n Dia y noche\" srcset=\"https:\/\/bodegaoutdoor.cl\/store\/wp-content\/uploads\/2021\/04\/41415-g0ivvl-150x150.jpg 150w, https:\/\/bodegaoutdoor.cl\/store\/wp-content\/uploads\/2021\/04\/41415-g0ivvl-300x300.jpg 300w, https:\/\/bodegaoutdoor.cl\/store\/wp-content\/uploads\/2021\/04\/41415-g0ivvl-100x100.jpg 100w, https:\/\/bodegaoutdoor.cl\/store\/wp-content\/uploads\/2021\/04\/41415-g0ivvl-600x600.jpg 600w, https:\/\/bodegaoutdoor.cl\/store\/wp-content\/uploads\/2021\/04\/41415-g0ivvl-768x768.jpg 768w, https:\/\/bodegaoutdoor.cl\/store\/wp-content\/uploads\/2021\/04\/41415-g0ivvl.jpg 800w\" sizes=\"(max-width: 125px) 100vw, 125px\" \/>                                        <\/a>\n                                                                        <div class=\"media-body align-self-center product-widget-content\">\n                                        <div class=\"xs-product-header media woocommerce xs-wishlist \">\n                                                                                                                                        \n                                                                                                                                                \n<div\n\tclass=\"yith-wcwl-add-to-wishlist add-to-wishlist-41415 yith-wcwl-add-to-wishlist--link-style wishlist-fragment on-first-load\"\n\tdata-fragment-ref=\"41415\"\n\tdata-fragment-options=\"{&quot;base_url&quot;:&quot;&quot;,&quot;product_id&quot;:41415,&quot;parent_product_id&quot;:0,&quot;product_type&quot;:&quot;variable&quot;,&quot;is_single&quot;:false,&quot;in_default_wishlist&quot;:false,&quot;show_view&quot;:false,&quot;browse_wishlist_text&quot;:&quot;Lista Deseos&quot;,&quot;already_in_wishslist_text&quot;:&quot;The producto esta Agregado!&quot;,&quot;product_added_text&quot;:&quot;Producto Agregado!&quot;,&quot;available_multi_wishlist&quot;:false,&quot;disable_wishlist&quot;:false,&quot;show_count&quot;:false,&quot;ajax_loading&quot;:false,&quot;loop_position&quot;:&quot;after_add_to_cart&quot;,&quot;item&quot;:&quot;add_to_wishlist&quot;}\"\n>\n\t\t\t\n\t\t\t<!-- ADD TO WISHLIST -->\n\t\t\t\n<div class=\"yith-wcwl-add-button\">\n\t\t<a\n\t\thref=\"?add_to_wishlist=41415&#038;_wpnonce=98056c7fc2\"\n\t\tclass=\"add_to_wishlist single_add_to_wishlist\"\n\t\tdata-product-id=\"41415\"\n\t\tdata-product-type=\"variable\"\n\t\tdata-original-product-id=\"0\"\n\t\tdata-title=\"Lista Deseos\"\n\t\trel=\"nofollow\"\n\t>\n\t\t<svg id=\"yith-wcwl-icon-heart-outline\" class=\"yith-wcwl-icon-svg\" fill=\"none\" stroke-width=\"1.5\" stroke=\"currentColor\" viewbox=\"0 0 24 24\" xmlns=\"http:\/\/www.w3.org\/2000\/svg\">\n  <path stroke-linecap=\"round\" stroke-linejoin=\"round\" d=\"M21 8.25c0-2.485-2.099-4.5-4.688-4.5-1.935 0-3.597 1.126-4.312 2.733-.715-1.607-2.377-2.733-4.313-2.733C5.1 3.75 3 5.765 3 8.25c0 7.22 9 12 9 12s9-4.78 9-12Z\"><\/path>\n<\/svg>\t\t<span>Lista Deseos<\/span>\n\t<\/a>\n<\/div>\n\n\t\t\t<!-- COUNT TEXT -->\n\t\t\t\n\t\t\t<\/div>\n                                                                                                                                    <\/div>\n                                        <a class=\"product-title\" href=\"https:\/\/bodegaoutdoor.cl\/store\/product\/gafas-aluminio-rimless-fotochromicas-polarizadas-conduccion-dia-y-noche\/\">Gafas Aluminio Rimless fotochromicas  polarizadas, conducci\u00f3n Dia y noche<\/a>\n                                        <span class=\"price\">\n                                            <del aria-hidden=\"true\"><span class=\"woocommerce-Price-amount amount\"><bdi><span class=\"woocommerce-Price-currencySymbol\" translate=\"no\">$<\/span>39,990<\/bdi><\/span><\/del> <span class=\"screen-reader-text\">El precio original era: $39,990.<\/span><ins aria-hidden=\"true\"><span class=\"woocommerce-Price-amount amount\"><bdi><span class=\"woocommerce-Price-currencySymbol\" translate=\"no\">$<\/span>24,990<\/bdi><\/span><\/ins><span class=\"screen-reader-text\">El precio actual es: $24,990.<\/span>                                        <\/span>\n                                    <\/div>\n                                <\/div>\n                                                                <\/div>\n                                                                                                                            <div class=\"xs-tab-slider-item swiper-slide\">\n                                                            <div class=\"xs-product-widget media \">\n                                                                            <a class=\"xs_product_img_link\" href=\"https:\/\/bodegaoutdoor.cl\/store\/product\/obei-cana-de-pescar-spinning-hurricane-18-21-24-27-m-fuji-o-ts-guide-baitcasting-de-viaje-para-cana-de-pescar-m-ml-mh-h\/\">\n                                        <img loading=\"lazy\" decoding=\"async\" width=\"125\" height=\"125\" src=\"https:\/\/bodegaoutdoor.cl\/store\/wp-content\/uploads\/2022\/01\/52732-wo4s4g-150x150.jpg\" class=\"attachment-125x125 size-125x125\" alt=\"Obei-ca\u00f1a de pescar Spinning HURRICANE 1,8\/2,1\/2,4\/2,7 m, Fuji o TS Guide, Baitcasting de viaje para ca\u00f1a de pescar, M\/ML\/MH\/H\" srcset=\"https:\/\/bodegaoutdoor.cl\/store\/wp-content\/uploads\/2022\/01\/52732-wo4s4g-150x150.jpg 150w, https:\/\/bodegaoutdoor.cl\/store\/wp-content\/uploads\/2022\/01\/52732-wo4s4g-300x300.jpg 300w, https:\/\/bodegaoutdoor.cl\/store\/wp-content\/uploads\/2022\/01\/52732-wo4s4g-100x100.jpg 100w, https:\/\/bodegaoutdoor.cl\/store\/wp-content\/uploads\/2022\/01\/52732-wo4s4g-600x600.jpg 600w, https:\/\/bodegaoutdoor.cl\/store\/wp-content\/uploads\/2022\/01\/52732-wo4s4g-768x768.jpg 768w, https:\/\/bodegaoutdoor.cl\/store\/wp-content\/uploads\/2022\/01\/52732-wo4s4g.jpg 1000w\" sizes=\"(max-width: 125px) 100vw, 125px\" \/>                                        <\/a>\n                                                                        <div class=\"media-body align-self-center product-widget-content\">\n                                        <div class=\"xs-product-header media woocommerce xs-wishlist \">\n                                                                                                                                        \n                                                                                                                                                \n<div\n\tclass=\"yith-wcwl-add-to-wishlist add-to-wishlist-52732 yith-wcwl-add-to-wishlist--link-style wishlist-fragment on-first-load\"\n\tdata-fragment-ref=\"52732\"\n\tdata-fragment-options=\"{&quot;base_url&quot;:&quot;&quot;,&quot;product_id&quot;:52732,&quot;parent_product_id&quot;:0,&quot;product_type&quot;:&quot;variable&quot;,&quot;is_single&quot;:false,&quot;in_default_wishlist&quot;:false,&quot;show_view&quot;:false,&quot;browse_wishlist_text&quot;:&quot;Lista Deseos&quot;,&quot;already_in_wishslist_text&quot;:&quot;The producto esta Agregado!&quot;,&quot;product_added_text&quot;:&quot;Producto Agregado!&quot;,&quot;available_multi_wishlist&quot;:false,&quot;disable_wishlist&quot;:false,&quot;show_count&quot;:false,&quot;ajax_loading&quot;:false,&quot;loop_position&quot;:&quot;after_add_to_cart&quot;,&quot;item&quot;:&quot;add_to_wishlist&quot;}\"\n>\n\t\t\t\n\t\t\t<!-- ADD TO WISHLIST -->\n\t\t\t\n<div class=\"yith-wcwl-add-button\">\n\t\t<a\n\t\thref=\"?add_to_wishlist=52732&#038;_wpnonce=98056c7fc2\"\n\t\tclass=\"add_to_wishlist single_add_to_wishlist\"\n\t\tdata-product-id=\"52732\"\n\t\tdata-product-type=\"variable\"\n\t\tdata-original-product-id=\"0\"\n\t\tdata-title=\"Lista Deseos\"\n\t\trel=\"nofollow\"\n\t>\n\t\t<svg id=\"yith-wcwl-icon-heart-outline\" class=\"yith-wcwl-icon-svg\" fill=\"none\" stroke-width=\"1.5\" stroke=\"currentColor\" viewbox=\"0 0 24 24\" xmlns=\"http:\/\/www.w3.org\/2000\/svg\">\n  <path stroke-linecap=\"round\" stroke-linejoin=\"round\" d=\"M21 8.25c0-2.485-2.099-4.5-4.688-4.5-1.935 0-3.597 1.126-4.312 2.733-.715-1.607-2.377-2.733-4.313-2.733C5.1 3.75 3 5.765 3 8.25c0 7.22 9 12 9 12s9-4.78 9-12Z\"><\/path>\n<\/svg>\t\t<span>Lista Deseos<\/span>\n\t<\/a>\n<\/div>\n\n\t\t\t<!-- COUNT TEXT -->\n\t\t\t\n\t\t\t<\/div>\n                                                                                                                                    <\/div>\n                                        <a class=\"product-title\" href=\"https:\/\/bodegaoutdoor.cl\/store\/product\/obei-cana-de-pescar-spinning-hurricane-18-21-24-27-m-fuji-o-ts-guide-baitcasting-de-viaje-para-cana-de-pescar-m-ml-mh-h\/\">Obei-ca\u00f1a de pescar Spinning HURRICANE 1,8\/2,1\/2,4\/2,7 m, Fuji o TS Guide, Baitcasting de viaje para ca\u00f1a de pescar, M\/ML\/MH\/H<\/a>\n                                        <span class=\"price\">\n                                            <span class=\"woocommerce-Price-amount amount\" aria-hidden=\"true\"><bdi><span class=\"woocommerce-Price-currencySymbol\" translate=\"no\">$<\/span>59,990<\/bdi><\/span> <span aria-hidden=\"true\">-<\/span> <span class=\"woocommerce-Price-amount amount\" aria-hidden=\"true\"><bdi><span class=\"woocommerce-Price-currencySymbol\" translate=\"no\">$<\/span>119,990<\/bdi><\/span><span class=\"screen-reader-text\">Rango de precios: desde $59,990 hasta $119,990<\/span>                                        <\/span>\n                                    <\/div>\n                                <\/div>\n                                                                                                                                <div class=\"xs-product-widget media \">\n                                                                            <a class=\"xs_product_img_link\" href=\"https:\/\/bodegaoutdoor.cl\/store\/product\/guantes-de-ciclismo-profesional-para-hombre-y-mujer-guantes-resistentes-al-agua-para-ciclismo\/\">\n                                        <img loading=\"lazy\" decoding=\"async\" width=\"125\" height=\"125\" src=\"https:\/\/bodegaoutdoor.cl\/store\/wp-content\/uploads\/2020\/09\/17696-aeld8u-150x150.jpg\" class=\"attachment-125x125 size-125x125\" alt=\"Guantes Deportivos resistentes al agua para ciclismo\" srcset=\"https:\/\/bodegaoutdoor.cl\/store\/wp-content\/uploads\/2020\/09\/17696-aeld8u-150x150.jpg 150w, https:\/\/bodegaoutdoor.cl\/store\/wp-content\/uploads\/2020\/09\/17696-aeld8u-300x300.jpg 300w, https:\/\/bodegaoutdoor.cl\/store\/wp-content\/uploads\/2020\/09\/17696-aeld8u-100x100.jpg 100w, https:\/\/bodegaoutdoor.cl\/store\/wp-content\/uploads\/2020\/09\/17696-aeld8u-600x600.jpg 600w, https:\/\/bodegaoutdoor.cl\/store\/wp-content\/uploads\/2020\/09\/17696-aeld8u-768x768.jpg 768w, https:\/\/bodegaoutdoor.cl\/store\/wp-content\/uploads\/2020\/09\/17696-aeld8u.jpg 800w\" sizes=\"(max-width: 125px) 100vw, 125px\" \/>                                        <\/a>\n                                                                        <div class=\"media-body align-self-center product-widget-content\">\n                                        <div class=\"xs-product-header media woocommerce xs-wishlist \">\n                                                                                                                                        \n                                                                                                                                                \n<div\n\tclass=\"yith-wcwl-add-to-wishlist add-to-wishlist-17696 yith-wcwl-add-to-wishlist--link-style wishlist-fragment on-first-load\"\n\tdata-fragment-ref=\"17696\"\n\tdata-fragment-options=\"{&quot;base_url&quot;:&quot;&quot;,&quot;product_id&quot;:17696,&quot;parent_product_id&quot;:0,&quot;product_type&quot;:&quot;variable&quot;,&quot;is_single&quot;:false,&quot;in_default_wishlist&quot;:false,&quot;show_view&quot;:false,&quot;browse_wishlist_text&quot;:&quot;Lista Deseos&quot;,&quot;already_in_wishslist_text&quot;:&quot;The producto esta Agregado!&quot;,&quot;product_added_text&quot;:&quot;Producto Agregado!&quot;,&quot;available_multi_wishlist&quot;:false,&quot;disable_wishlist&quot;:false,&quot;show_count&quot;:false,&quot;ajax_loading&quot;:false,&quot;loop_position&quot;:&quot;after_add_to_cart&quot;,&quot;item&quot;:&quot;add_to_wishlist&quot;}\"\n>\n\t\t\t\n\t\t\t<!-- ADD TO WISHLIST -->\n\t\t\t\n<div class=\"yith-wcwl-add-button\">\n\t\t<a\n\t\thref=\"?add_to_wishlist=17696&#038;_wpnonce=98056c7fc2\"\n\t\tclass=\"add_to_wishlist single_add_to_wishlist\"\n\t\tdata-product-id=\"17696\"\n\t\tdata-product-type=\"variable\"\n\t\tdata-original-product-id=\"0\"\n\t\tdata-title=\"Lista Deseos\"\n\t\trel=\"nofollow\"\n\t>\n\t\t<svg id=\"yith-wcwl-icon-heart-outline\" class=\"yith-wcwl-icon-svg\" fill=\"none\" stroke-width=\"1.5\" stroke=\"currentColor\" viewbox=\"0 0 24 24\" xmlns=\"http:\/\/www.w3.org\/2000\/svg\">\n  <path stroke-linecap=\"round\" stroke-linejoin=\"round\" d=\"M21 8.25c0-2.485-2.099-4.5-4.688-4.5-1.935 0-3.597 1.126-4.312 2.733-.715-1.607-2.377-2.733-4.313-2.733C5.1 3.75 3 5.765 3 8.25c0 7.22 9 12 9 12s9-4.78 9-12Z\"><\/path>\n<\/svg>\t\t<span>Lista Deseos<\/span>\n\t<\/a>\n<\/div>\n\n\t\t\t<!-- COUNT TEXT -->\n\t\t\t\n\t\t\t<\/div>\n                                                                                                                                    <\/div>\n                                        <a class=\"product-title\" href=\"https:\/\/bodegaoutdoor.cl\/store\/product\/guantes-de-ciclismo-profesional-para-hombre-y-mujer-guantes-resistentes-al-agua-para-ciclismo\/\">Guantes Deportivos resistentes al agua para ciclismo<\/a>\n                                        <span class=\"price\">\n                                            <del aria-hidden=\"true\"><span class=\"woocommerce-Price-amount amount\"><bdi><span class=\"woocommerce-Price-currencySymbol\" translate=\"no\">$<\/span>12,990<\/bdi><\/span><\/del> <span class=\"screen-reader-text\">El precio original era: $12,990.<\/span><ins aria-hidden=\"true\"><span class=\"woocommerce-Price-amount amount\"><bdi><span class=\"woocommerce-Price-currencySymbol\" translate=\"no\">$<\/span>8,990<\/bdi><\/span><\/ins><span class=\"screen-reader-text\">El precio actual es: $8,990.<\/span>                                        <\/span>\n                                    <\/div>\n                                <\/div>\n                                                                                                                                <div class=\"xs-product-widget media \">\n                                                                            <a class=\"xs_product_img_link\" href=\"https:\/\/bodegaoutdoor.cl\/store\/product\/gafas-de-seguridad-anti-uv-para-trabajo-deportivas-a-prueba-de-viento\/\">\n                                        <img loading=\"lazy\" decoding=\"async\" width=\"125\" height=\"125\" src=\"https:\/\/bodegaoutdoor.cl\/store\/wp-content\/uploads\/2020\/12\/24803-qq1laz-150x150.jpg\" class=\"attachment-125x125 size-125x125\" alt=\"Gafas de seguridad Anti-UV para trabajo, deportivas, a prueba de viento\" srcset=\"https:\/\/bodegaoutdoor.cl\/store\/wp-content\/uploads\/2020\/12\/24803-qq1laz-150x150.jpg 150w, https:\/\/bodegaoutdoor.cl\/store\/wp-content\/uploads\/2020\/12\/24803-qq1laz-300x300.jpg 300w, https:\/\/bodegaoutdoor.cl\/store\/wp-content\/uploads\/2020\/12\/24803-qq1laz-100x100.jpg 100w, https:\/\/bodegaoutdoor.cl\/store\/wp-content\/uploads\/2020\/12\/24803-qq1laz-600x600.jpg 600w, https:\/\/bodegaoutdoor.cl\/store\/wp-content\/uploads\/2020\/12\/24803-qq1laz-768x768.jpg 768w, https:\/\/bodegaoutdoor.cl\/store\/wp-content\/uploads\/2020\/12\/24803-qq1laz.jpg 800w\" sizes=\"(max-width: 125px) 100vw, 125px\" \/>                                        <\/a>\n                                                                        <div class=\"media-body align-self-center product-widget-content\">\n                                        <div class=\"xs-product-header media woocommerce xs-wishlist \">\n                                                                                                                                        \n                                                                                                                                                \n<div\n\tclass=\"yith-wcwl-add-to-wishlist add-to-wishlist-24803 yith-wcwl-add-to-wishlist--link-style wishlist-fragment on-first-load\"\n\tdata-fragment-ref=\"24803\"\n\tdata-fragment-options=\"{&quot;base_url&quot;:&quot;&quot;,&quot;product_id&quot;:24803,&quot;parent_product_id&quot;:0,&quot;product_type&quot;:&quot;variable&quot;,&quot;is_single&quot;:false,&quot;in_default_wishlist&quot;:false,&quot;show_view&quot;:false,&quot;browse_wishlist_text&quot;:&quot;Lista Deseos&quot;,&quot;already_in_wishslist_text&quot;:&quot;The producto esta Agregado!&quot;,&quot;product_added_text&quot;:&quot;Producto Agregado!&quot;,&quot;available_multi_wishlist&quot;:false,&quot;disable_wishlist&quot;:false,&quot;show_count&quot;:false,&quot;ajax_loading&quot;:false,&quot;loop_position&quot;:&quot;after_add_to_cart&quot;,&quot;item&quot;:&quot;add_to_wishlist&quot;}\"\n>\n\t\t\t\n\t\t\t<!-- ADD TO WISHLIST -->\n\t\t\t\n<div class=\"yith-wcwl-add-button\">\n\t\t<a\n\t\thref=\"?add_to_wishlist=24803&#038;_wpnonce=98056c7fc2\"\n\t\tclass=\"add_to_wishlist single_add_to_wishlist\"\n\t\tdata-product-id=\"24803\"\n\t\tdata-product-type=\"variable\"\n\t\tdata-original-product-id=\"0\"\n\t\tdata-title=\"Lista Deseos\"\n\t\trel=\"nofollow\"\n\t>\n\t\t<svg id=\"yith-wcwl-icon-heart-outline\" class=\"yith-wcwl-icon-svg\" fill=\"none\" stroke-width=\"1.5\" stroke=\"currentColor\" viewbox=\"0 0 24 24\" xmlns=\"http:\/\/www.w3.org\/2000\/svg\">\n  <path stroke-linecap=\"round\" stroke-linejoin=\"round\" d=\"M21 8.25c0-2.485-2.099-4.5-4.688-4.5-1.935 0-3.597 1.126-4.312 2.733-.715-1.607-2.377-2.733-4.313-2.733C5.1 3.75 3 5.765 3 8.25c0 7.22 9 12 9 12s9-4.78 9-12Z\"><\/path>\n<\/svg>\t\t<span>Lista Deseos<\/span>\n\t<\/a>\n<\/div>\n\n\t\t\t<!-- COUNT TEXT -->\n\t\t\t\n\t\t\t<\/div>\n                                                                                                                                    <\/div>\n                                        <a class=\"product-title\" href=\"https:\/\/bodegaoutdoor.cl\/store\/product\/gafas-de-seguridad-anti-uv-para-trabajo-deportivas-a-prueba-de-viento\/\">Gafas de seguridad Anti-UV para trabajo, deportivas, a prueba de viento<\/a>\n                                        <span class=\"price\">\n                                            <del aria-hidden=\"true\"><span class=\"woocommerce-Price-amount amount\"><bdi><span class=\"woocommerce-Price-currencySymbol\" translate=\"no\">$<\/span>14,990<\/bdi><\/span><\/del> <span class=\"screen-reader-text\">El precio original era: $14,990.<\/span><ins aria-hidden=\"true\"><span class=\"woocommerce-Price-amount amount\"><bdi><span class=\"woocommerce-Price-currencySymbol\" translate=\"no\">$<\/span>9,990<\/bdi><\/span><\/ins><span class=\"screen-reader-text\">El precio actual es: $9,990.<\/span>                                        <\/span>\n                                    <\/div>\n                                <\/div>\n                                                                <\/div>\n                                                                                <\/div>\n                    <div class=\"swiper-pagination\"><\/div>\n                <\/div>\n            <\/div>\n                                <div class=\"tab-pane fade \"\n                 id=\"xs-tabs-37590-2\"\n                 >\n                <div class=\"xs-tab-slider swiper\">\n                    <div class=\"swiper-wrapper\">\n                                                                                        <div class=\"xs-tab-slider-item swiper-slide\">\n                                                            <div class=\"xs-product-widget media \">\n                                                                            <a class=\"xs_product_img_link\" href=\"https:\/\/bodegaoutdoor.cl\/store\/product\/neumatico-para-enduro-120-100-18-medium-soft\/\">\n                                        <img loading=\"lazy\" decoding=\"async\" width=\"125\" height=\"125\" src=\"https:\/\/bodegaoutdoor.cl\/store\/wp-content\/uploads\/2026\/05\/WhatsApp-Image-2026-05-17-at-17.30.44-150x150.jpeg\" class=\"attachment-125x125 size-125x125\" alt=\"Neumatico para enduro 120\/100\/18 Medium soft\" srcset=\"https:\/\/bodegaoutdoor.cl\/store\/wp-content\/uploads\/2026\/05\/WhatsApp-Image-2026-05-17-at-17.30.44-150x150.jpeg 150w, https:\/\/bodegaoutdoor.cl\/store\/wp-content\/uploads\/2026\/05\/WhatsApp-Image-2026-05-17-at-17.30.44-300x300.jpeg 300w, https:\/\/bodegaoutdoor.cl\/store\/wp-content\/uploads\/2026\/05\/WhatsApp-Image-2026-05-17-at-17.30.44-100x100.jpeg 100w, https:\/\/bodegaoutdoor.cl\/store\/wp-content\/uploads\/2026\/05\/WhatsApp-Image-2026-05-17-at-17.30.44-50x50.jpeg 50w\" sizes=\"(max-width: 125px) 100vw, 125px\" \/>                                        <\/a>\n                                                                        <div class=\"media-body align-self-center product-widget-content\">\n                                        <div class=\"xs-product-header media woocommerce xs-wishlist \">\n                                                                                                                                        \n                                                                                                                                                \n<div\n\tclass=\"yith-wcwl-add-to-wishlist add-to-wishlist-89328 yith-wcwl-add-to-wishlist--link-style wishlist-fragment on-first-load\"\n\tdata-fragment-ref=\"89328\"\n\tdata-fragment-options=\"{&quot;base_url&quot;:&quot;&quot;,&quot;product_id&quot;:89328,&quot;parent_product_id&quot;:0,&quot;product_type&quot;:&quot;simple&quot;,&quot;is_single&quot;:false,&quot;in_default_wishlist&quot;:false,&quot;show_view&quot;:false,&quot;browse_wishlist_text&quot;:&quot;Lista Deseos&quot;,&quot;already_in_wishslist_text&quot;:&quot;The producto esta Agregado!&quot;,&quot;product_added_text&quot;:&quot;Producto Agregado!&quot;,&quot;available_multi_wishlist&quot;:false,&quot;disable_wishlist&quot;:false,&quot;show_count&quot;:false,&quot;ajax_loading&quot;:false,&quot;loop_position&quot;:&quot;after_add_to_cart&quot;,&quot;item&quot;:&quot;add_to_wishlist&quot;}\"\n>\n\t\t\t\n\t\t\t<!-- ADD TO WISHLIST -->\n\t\t\t\n<div class=\"yith-wcwl-add-button\">\n\t\t<a\n\t\thref=\"?add_to_wishlist=89328&#038;_wpnonce=98056c7fc2\"\n\t\tclass=\"add_to_wishlist single_add_to_wishlist\"\n\t\tdata-product-id=\"89328\"\n\t\tdata-product-type=\"simple\"\n\t\tdata-original-product-id=\"0\"\n\t\tdata-title=\"Lista Deseos\"\n\t\trel=\"nofollow\"\n\t>\n\t\t<svg id=\"yith-wcwl-icon-heart-outline\" class=\"yith-wcwl-icon-svg\" fill=\"none\" stroke-width=\"1.5\" stroke=\"currentColor\" viewbox=\"0 0 24 24\" xmlns=\"http:\/\/www.w3.org\/2000\/svg\">\n  <path stroke-linecap=\"round\" stroke-linejoin=\"round\" d=\"M21 8.25c0-2.485-2.099-4.5-4.688-4.5-1.935 0-3.597 1.126-4.312 2.733-.715-1.607-2.377-2.733-4.313-2.733C5.1 3.75 3 5.765 3 8.25c0 7.22 9 12 9 12s9-4.78 9-12Z\"><\/path>\n<\/svg>\t\t<span>Lista Deseos<\/span>\n\t<\/a>\n<\/div>\n\n\t\t\t<!-- COUNT TEXT -->\n\t\t\t\n\t\t\t<\/div>\n                                                                                                                                    <\/div>\n                                        <a class=\"product-title\" href=\"https:\/\/bodegaoutdoor.cl\/store\/product\/neumatico-para-enduro-120-100-18-medium-soft\/\">Neumatico para enduro 120\/100\/18 Medium soft<\/a>\n                                        <span class=\"price\">\n                                            <del aria-hidden=\"true\"><span class=\"woocommerce-Price-amount amount\"><bdi><span class=\"woocommerce-Price-currencySymbol\" translate=\"no\">$<\/span>99,900<\/bdi><\/span><\/del> <span class=\"screen-reader-text\">El precio original era: $99,900.<\/span><ins aria-hidden=\"true\"><span class=\"woocommerce-Price-amount amount\"><bdi><span class=\"woocommerce-Price-currencySymbol\" translate=\"no\">$<\/span>52,990<\/bdi><\/span><\/ins><span class=\"screen-reader-text\">El precio actual es: $52,990.<\/span>                                        <\/span>\n                                    <\/div>\n                                <\/div>\n                                                                                                                                <div class=\"xs-product-widget media \">\n                                                                            <a class=\"xs_product_img_link\" href=\"https:\/\/bodegaoutdoor.cl\/store\/product\/kit-de-accesorios-de-pesca-cana-regulable-hasta-2-10m\/\">\n                                        <img loading=\"lazy\" decoding=\"async\" width=\"125\" height=\"125\" src=\"https:\/\/bodegaoutdoor.cl\/store\/wp-content\/uploads\/2025\/01\/F-126__8_-150x150.jpg\" class=\"attachment-125x125 size-125x125\" alt=\"KIT DE ACCESORIOS DE PESCA CA\u00d1A regulable hasta 2.10m\" srcset=\"https:\/\/bodegaoutdoor.cl\/store\/wp-content\/uploads\/2025\/01\/F-126__8_-150x150.jpg 150w, https:\/\/bodegaoutdoor.cl\/store\/wp-content\/uploads\/2025\/01\/F-126__8_-300x300.jpg 300w, https:\/\/bodegaoutdoor.cl\/store\/wp-content\/uploads\/2025\/01\/F-126__8_-1024x1024.jpg 1024w, https:\/\/bodegaoutdoor.cl\/store\/wp-content\/uploads\/2025\/01\/F-126__8_-768x768.jpg 768w, https:\/\/bodegaoutdoor.cl\/store\/wp-content\/uploads\/2025\/01\/F-126__8_-1536x1536.jpg 1536w, https:\/\/bodegaoutdoor.cl\/store\/wp-content\/uploads\/2025\/01\/F-126__8_-2048x2048.jpg 2048w, https:\/\/bodegaoutdoor.cl\/store\/wp-content\/uploads\/2025\/01\/F-126__8_-600x600.jpg 600w, https:\/\/bodegaoutdoor.cl\/store\/wp-content\/uploads\/2025\/01\/F-126__8_-100x100.jpg 100w\" sizes=\"(max-width: 125px) 100vw, 125px\" \/>                                        <\/a>\n                                                                        <div class=\"media-body align-self-center product-widget-content\">\n                                        <div class=\"xs-product-header media woocommerce xs-wishlist \">\n                                                                                                                                        \n                                                                                                                                                \n<div\n\tclass=\"yith-wcwl-add-to-wishlist add-to-wishlist-86335 yith-wcwl-add-to-wishlist--link-style wishlist-fragment on-first-load\"\n\tdata-fragment-ref=\"86335\"\n\tdata-fragment-options=\"{&quot;base_url&quot;:&quot;&quot;,&quot;product_id&quot;:86335,&quot;parent_product_id&quot;:0,&quot;product_type&quot;:&quot;simple&quot;,&quot;is_single&quot;:false,&quot;in_default_wishlist&quot;:false,&quot;show_view&quot;:false,&quot;browse_wishlist_text&quot;:&quot;Lista Deseos&quot;,&quot;already_in_wishslist_text&quot;:&quot;The producto esta Agregado!&quot;,&quot;product_added_text&quot;:&quot;Producto Agregado!&quot;,&quot;available_multi_wishlist&quot;:false,&quot;disable_wishlist&quot;:false,&quot;show_count&quot;:false,&quot;ajax_loading&quot;:false,&quot;loop_position&quot;:&quot;after_add_to_cart&quot;,&quot;item&quot;:&quot;add_to_wishlist&quot;}\"\n>\n\t\t\t\n\t\t\t<!-- ADD TO WISHLIST -->\n\t\t\t\n<div class=\"yith-wcwl-add-button\">\n\t\t<a\n\t\thref=\"?add_to_wishlist=86335&#038;_wpnonce=98056c7fc2\"\n\t\tclass=\"add_to_wishlist single_add_to_wishlist\"\n\t\tdata-product-id=\"86335\"\n\t\tdata-product-type=\"simple\"\n\t\tdata-original-product-id=\"0\"\n\t\tdata-title=\"Lista Deseos\"\n\t\trel=\"nofollow\"\n\t>\n\t\t<svg id=\"yith-wcwl-icon-heart-outline\" class=\"yith-wcwl-icon-svg\" fill=\"none\" stroke-width=\"1.5\" stroke=\"currentColor\" viewbox=\"0 0 24 24\" xmlns=\"http:\/\/www.w3.org\/2000\/svg\">\n  <path stroke-linecap=\"round\" stroke-linejoin=\"round\" d=\"M21 8.25c0-2.485-2.099-4.5-4.688-4.5-1.935 0-3.597 1.126-4.312 2.733-.715-1.607-2.377-2.733-4.313-2.733C5.1 3.75 3 5.765 3 8.25c0 7.22 9 12 9 12s9-4.78 9-12Z\"><\/path>\n<\/svg>\t\t<span>Lista Deseos<\/span>\n\t<\/a>\n<\/div>\n\n\t\t\t<!-- COUNT TEXT -->\n\t\t\t\n\t\t\t<\/div>\n                                                                                                                                    <\/div>\n                                        <a class=\"product-title\" href=\"https:\/\/bodegaoutdoor.cl\/store\/product\/kit-de-accesorios-de-pesca-cana-regulable-hasta-2-10m\/\">KIT DE ACCESORIOS DE PESCA CA\u00d1A regulable hasta 2.10m<\/a>\n                                        <span class=\"price\">\n                                            <del aria-hidden=\"true\"><span class=\"woocommerce-Price-amount amount\"><bdi><span class=\"woocommerce-Price-currencySymbol\" translate=\"no\">$<\/span>35,000<\/bdi><\/span><\/del> <span class=\"screen-reader-text\">El precio original era: $35,000.<\/span><ins aria-hidden=\"true\"><span class=\"woocommerce-Price-amount amount\"><bdi><span class=\"woocommerce-Price-currencySymbol\" translate=\"no\">$<\/span>24,990<\/bdi><\/span><\/ins><span class=\"screen-reader-text\">El precio actual es: $24,990.<\/span>                                        <\/span>\n                                    <\/div>\n                                <\/div>\n                                                                                                                                <div class=\"xs-product-widget media \">\n                                                                            <a class=\"xs_product_img_link\" href=\"https:\/\/bodegaoutdoor.cl\/store\/product\/carpa-techo-camping-3x3-metros\/\">\n                                        <img loading=\"lazy\" decoding=\"async\" width=\"125\" height=\"125\" src=\"https:\/\/bodegaoutdoor.cl\/store\/wp-content\/uploads\/2024\/12\/TECHO-3X3-150x150.jpeg\" class=\"attachment-125x125 size-125x125\" alt=\"Carpa Techo Camping 3&#215;3 metros\" srcset=\"https:\/\/bodegaoutdoor.cl\/store\/wp-content\/uploads\/2024\/12\/TECHO-3X3-150x150.jpeg 150w, https:\/\/bodegaoutdoor.cl\/store\/wp-content\/uploads\/2024\/12\/TECHO-3X3-300x300.jpeg 300w, https:\/\/bodegaoutdoor.cl\/store\/wp-content\/uploads\/2024\/12\/TECHO-3X3-768x768.jpeg 768w, https:\/\/bodegaoutdoor.cl\/store\/wp-content\/uploads\/2024\/12\/TECHO-3X3-600x600.jpeg 600w, https:\/\/bodegaoutdoor.cl\/store\/wp-content\/uploads\/2024\/12\/TECHO-3X3-100x100.jpeg 100w, https:\/\/bodegaoutdoor.cl\/store\/wp-content\/uploads\/2024\/12\/TECHO-3X3.jpeg 800w\" sizes=\"(max-width: 125px) 100vw, 125px\" \/>                                        <\/a>\n                                                                        <div class=\"media-body align-self-center product-widget-content\">\n                                        <div class=\"xs-product-header media woocommerce xs-wishlist \">\n                                                                                                                                        \n                                                                                                                                                \n<div\n\tclass=\"yith-wcwl-add-to-wishlist add-to-wishlist-86233 yith-wcwl-add-to-wishlist--link-style wishlist-fragment on-first-load\"\n\tdata-fragment-ref=\"86233\"\n\tdata-fragment-options=\"{&quot;base_url&quot;:&quot;&quot;,&quot;product_id&quot;:86233,&quot;parent_product_id&quot;:0,&quot;product_type&quot;:&quot;simple&quot;,&quot;is_single&quot;:false,&quot;in_default_wishlist&quot;:false,&quot;show_view&quot;:false,&quot;browse_wishlist_text&quot;:&quot;Lista Deseos&quot;,&quot;already_in_wishslist_text&quot;:&quot;The producto esta Agregado!&quot;,&quot;product_added_text&quot;:&quot;Producto Agregado!&quot;,&quot;available_multi_wishlist&quot;:false,&quot;disable_wishlist&quot;:false,&quot;show_count&quot;:false,&quot;ajax_loading&quot;:false,&quot;loop_position&quot;:&quot;after_add_to_cart&quot;,&quot;item&quot;:&quot;add_to_wishlist&quot;}\"\n>\n\t\t\t\n\t\t\t<!-- ADD TO WISHLIST -->\n\t\t\t\n<div class=\"yith-wcwl-add-button\">\n\t\t<a\n\t\thref=\"?add_to_wishlist=86233&#038;_wpnonce=98056c7fc2\"\n\t\tclass=\"add_to_wishlist single_add_to_wishlist\"\n\t\tdata-product-id=\"86233\"\n\t\tdata-product-type=\"simple\"\n\t\tdata-original-product-id=\"0\"\n\t\tdata-title=\"Lista Deseos\"\n\t\trel=\"nofollow\"\n\t>\n\t\t<svg id=\"yith-wcwl-icon-heart-outline\" class=\"yith-wcwl-icon-svg\" fill=\"none\" stroke-width=\"1.5\" stroke=\"currentColor\" viewbox=\"0 0 24 24\" xmlns=\"http:\/\/www.w3.org\/2000\/svg\">\n  <path stroke-linecap=\"round\" stroke-linejoin=\"round\" d=\"M21 8.25c0-2.485-2.099-4.5-4.688-4.5-1.935 0-3.597 1.126-4.312 2.733-.715-1.607-2.377-2.733-4.313-2.733C5.1 3.75 3 5.765 3 8.25c0 7.22 9 12 9 12s9-4.78 9-12Z\"><\/path>\n<\/svg>\t\t<span>Lista Deseos<\/span>\n\t<\/a>\n<\/div>\n\n\t\t\t<!-- COUNT TEXT -->\n\t\t\t\n\t\t\t<\/div>\n                                                                                                                                    <\/div>\n                                        <a class=\"product-title\" href=\"https:\/\/bodegaoutdoor.cl\/store\/product\/carpa-techo-camping-3x3-metros\/\">Carpa Techo Camping 3&#215;3 metros<\/a>\n                                        <span class=\"price\">\n                                            <del aria-hidden=\"true\"><span class=\"woocommerce-Price-amount amount\"><bdi><span class=\"woocommerce-Price-currencySymbol\" translate=\"no\">$<\/span>100,000<\/bdi><\/span><\/del> <span class=\"screen-reader-text\">El precio original era: $100,000.<\/span><ins aria-hidden=\"true\"><span class=\"woocommerce-Price-amount amount\"><bdi><span class=\"woocommerce-Price-currencySymbol\" translate=\"no\">$<\/span>49,990<\/bdi><\/span><\/ins><span class=\"screen-reader-text\">El precio actual es: $49,990.<\/span>                                        <\/span>\n                                    <\/div>\n                                <\/div>\n                                                                <\/div>\n                                                                                                                            <div class=\"xs-tab-slider-item swiper-slide\">\n                                                            <div class=\"xs-product-widget media \">\n                                                                            <a class=\"xs_product_img_link\" href=\"https:\/\/bodegaoutdoor.cl\/store\/product\/gorro-police\/\">\n                                        <img loading=\"lazy\" decoding=\"async\" width=\"125\" height=\"125\" src=\"https:\/\/bodegaoutdoor.cl\/store\/wp-content\/uploads\/2024\/12\/WhatsApp-Image-2024-05-16-at-9.44.56-AM-150x150.jpeg\" class=\"attachment-125x125 size-125x125\" alt=\"GORRO JOCKEY POLICE\" srcset=\"https:\/\/bodegaoutdoor.cl\/store\/wp-content\/uploads\/2024\/12\/WhatsApp-Image-2024-05-16-at-9.44.56-AM-150x150.jpeg 150w, https:\/\/bodegaoutdoor.cl\/store\/wp-content\/uploads\/2024\/12\/WhatsApp-Image-2024-05-16-at-9.44.56-AM-300x300.jpeg 300w, https:\/\/bodegaoutdoor.cl\/store\/wp-content\/uploads\/2024\/12\/WhatsApp-Image-2024-05-16-at-9.44.56-AM-100x100.jpeg 100w\" sizes=\"(max-width: 125px) 100vw, 125px\" \/>                                        <\/a>\n                                                                        <div class=\"media-body align-self-center product-widget-content\">\n                                        <div class=\"xs-product-header media woocommerce xs-wishlist \">\n                                                                                                                                        \n                                                                                                                                                \n<div\n\tclass=\"yith-wcwl-add-to-wishlist add-to-wishlist-86229 yith-wcwl-add-to-wishlist--link-style wishlist-fragment on-first-load\"\n\tdata-fragment-ref=\"86229\"\n\tdata-fragment-options=\"{&quot;base_url&quot;:&quot;&quot;,&quot;product_id&quot;:86229,&quot;parent_product_id&quot;:0,&quot;product_type&quot;:&quot;simple&quot;,&quot;is_single&quot;:false,&quot;in_default_wishlist&quot;:false,&quot;show_view&quot;:false,&quot;browse_wishlist_text&quot;:&quot;Lista Deseos&quot;,&quot;already_in_wishslist_text&quot;:&quot;The producto esta Agregado!&quot;,&quot;product_added_text&quot;:&quot;Producto Agregado!&quot;,&quot;available_multi_wishlist&quot;:false,&quot;disable_wishlist&quot;:false,&quot;show_count&quot;:false,&quot;ajax_loading&quot;:false,&quot;loop_position&quot;:&quot;after_add_to_cart&quot;,&quot;item&quot;:&quot;add_to_wishlist&quot;}\"\n>\n\t\t\t\n\t\t\t<!-- ADD TO WISHLIST -->\n\t\t\t\n<div class=\"yith-wcwl-add-button\">\n\t\t<a\n\t\thref=\"?add_to_wishlist=86229&#038;_wpnonce=98056c7fc2\"\n\t\tclass=\"add_to_wishlist single_add_to_wishlist\"\n\t\tdata-product-id=\"86229\"\n\t\tdata-product-type=\"simple\"\n\t\tdata-original-product-id=\"0\"\n\t\tdata-title=\"Lista Deseos\"\n\t\trel=\"nofollow\"\n\t>\n\t\t<svg id=\"yith-wcwl-icon-heart-outline\" class=\"yith-wcwl-icon-svg\" fill=\"none\" stroke-width=\"1.5\" stroke=\"currentColor\" viewbox=\"0 0 24 24\" xmlns=\"http:\/\/www.w3.org\/2000\/svg\">\n  <path stroke-linecap=\"round\" stroke-linejoin=\"round\" d=\"M21 8.25c0-2.485-2.099-4.5-4.688-4.5-1.935 0-3.597 1.126-4.312 2.733-.715-1.607-2.377-2.733-4.313-2.733C5.1 3.75 3 5.765 3 8.25c0 7.22 9 12 9 12s9-4.78 9-12Z\"><\/path>\n<\/svg>\t\t<span>Lista Deseos<\/span>\n\t<\/a>\n<\/div>\n\n\t\t\t<!-- COUNT TEXT -->\n\t\t\t\n\t\t\t<\/div>\n                                                                                                                                    <\/div>\n                                        <a class=\"product-title\" href=\"https:\/\/bodegaoutdoor.cl\/store\/product\/gorro-police\/\">GORRO JOCKEY POLICE<\/a>\n                                        <span class=\"price\">\n                                            <del aria-hidden=\"true\"><span class=\"woocommerce-Price-amount amount\"><bdi><span class=\"woocommerce-Price-currencySymbol\" translate=\"no\">$<\/span>15,000<\/bdi><\/span><\/del> <span class=\"screen-reader-text\">El precio original era: $15,000.<\/span><ins aria-hidden=\"true\"><span class=\"woocommerce-Price-amount amount\"><bdi><span class=\"woocommerce-Price-currencySymbol\" translate=\"no\">$<\/span>9,990<\/bdi><\/span><\/ins><span class=\"screen-reader-text\">El precio actual es: $9,990.<\/span>                                        <\/span>\n                                    <\/div>\n                                <\/div>\n                                                                                                                                <div class=\"xs-product-widget media \">\n                                                                            <a class=\"xs_product_img_link\" href=\"https:\/\/bodegaoutdoor.cl\/store\/product\/telescopio-comet-501-10-30x50\/\">\n                                        <img loading=\"lazy\" decoding=\"async\" width=\"125\" height=\"125\" src=\"https:\/\/bodegaoutdoor.cl\/store\/wp-content\/uploads\/2024\/12\/103050-600x600.jpeg-150x150.webp\" class=\"attachment-125x125 size-125x125\" alt=\"TELESCOPIO comet 501 10-30X50\" srcset=\"https:\/\/bodegaoutdoor.cl\/store\/wp-content\/uploads\/2024\/12\/103050-600x600.jpeg-150x150.webp 150w, https:\/\/bodegaoutdoor.cl\/store\/wp-content\/uploads\/2024\/12\/103050-600x600.jpeg-300x300.webp 300w, https:\/\/bodegaoutdoor.cl\/store\/wp-content\/uploads\/2024\/12\/103050-600x600.jpeg-100x100.webp 100w, https:\/\/bodegaoutdoor.cl\/store\/wp-content\/uploads\/2024\/12\/103050-600x600.jpeg.webp 600w\" sizes=\"(max-width: 125px) 100vw, 125px\" \/>                                        <\/a>\n                                                                        <div class=\"media-body align-self-center product-widget-content\">\n                                        <div class=\"xs-product-header media woocommerce xs-wishlist \">\n                                                                                                                                        \n                                                                                                                                                \n<div\n\tclass=\"yith-wcwl-add-to-wishlist add-to-wishlist-86224 yith-wcwl-add-to-wishlist--link-style wishlist-fragment on-first-load\"\n\tdata-fragment-ref=\"86224\"\n\tdata-fragment-options=\"{&quot;base_url&quot;:&quot;&quot;,&quot;product_id&quot;:86224,&quot;parent_product_id&quot;:0,&quot;product_type&quot;:&quot;simple&quot;,&quot;is_single&quot;:false,&quot;in_default_wishlist&quot;:false,&quot;show_view&quot;:false,&quot;browse_wishlist_text&quot;:&quot;Lista Deseos&quot;,&quot;already_in_wishslist_text&quot;:&quot;The producto esta Agregado!&quot;,&quot;product_added_text&quot;:&quot;Producto Agregado!&quot;,&quot;available_multi_wishlist&quot;:false,&quot;disable_wishlist&quot;:false,&quot;show_count&quot;:false,&quot;ajax_loading&quot;:false,&quot;loop_position&quot;:&quot;after_add_to_cart&quot;,&quot;item&quot;:&quot;add_to_wishlist&quot;}\"\n>\n\t\t\t\n\t\t\t<!-- ADD TO WISHLIST -->\n\t\t\t\n<div class=\"yith-wcwl-add-button\">\n\t\t<a\n\t\thref=\"?add_to_wishlist=86224&#038;_wpnonce=98056c7fc2\"\n\t\tclass=\"add_to_wishlist single_add_to_wishlist\"\n\t\tdata-product-id=\"86224\"\n\t\tdata-product-type=\"simple\"\n\t\tdata-original-product-id=\"0\"\n\t\tdata-title=\"Lista Deseos\"\n\t\trel=\"nofollow\"\n\t>\n\t\t<svg id=\"yith-wcwl-icon-heart-outline\" class=\"yith-wcwl-icon-svg\" fill=\"none\" stroke-width=\"1.5\" stroke=\"currentColor\" viewbox=\"0 0 24 24\" xmlns=\"http:\/\/www.w3.org\/2000\/svg\">\n  <path stroke-linecap=\"round\" stroke-linejoin=\"round\" d=\"M21 8.25c0-2.485-2.099-4.5-4.688-4.5-1.935 0-3.597 1.126-4.312 2.733-.715-1.607-2.377-2.733-4.313-2.733C5.1 3.75 3 5.765 3 8.25c0 7.22 9 12 9 12s9-4.78 9-12Z\"><\/path>\n<\/svg>\t\t<span>Lista Deseos<\/span>\n\t<\/a>\n<\/div>\n\n\t\t\t<!-- COUNT TEXT -->\n\t\t\t\n\t\t\t<\/div>\n                                                                                                                                    <\/div>\n                                        <a class=\"product-title\" href=\"https:\/\/bodegaoutdoor.cl\/store\/product\/telescopio-comet-501-10-30x50\/\">TELESCOPIO comet 501 10-30X50<\/a>\n                                        <span class=\"price\">\n                                            <del aria-hidden=\"true\"><span class=\"woocommerce-Price-amount amount\"><bdi><span class=\"woocommerce-Price-currencySymbol\" translate=\"no\">$<\/span>150,000<\/bdi><\/span><\/del> <span class=\"screen-reader-text\">El precio original era: $150,000.<\/span><ins aria-hidden=\"true\"><span class=\"woocommerce-Price-amount amount\"><bdi><span class=\"woocommerce-Price-currencySymbol\" translate=\"no\">$<\/span>99,990<\/bdi><\/span><\/ins><span class=\"screen-reader-text\">El precio actual es: $99,990.<\/span>                                        <\/span>\n                                    <\/div>\n                                <\/div>\n                                                                                                                                <div class=\"xs-product-widget media \">\n                                                                            <a class=\"xs_product_img_link\" href=\"https:\/\/bodegaoutdoor.cl\/store\/product\/hacha-de-supervivencia-multifuncion-tactica-martillo-outdoor-mango-de-plasticorescate\/\">\n                                        <img loading=\"lazy\" decoding=\"async\" width=\"125\" height=\"125\" src=\"https:\/\/bodegaoutdoor.cl\/store\/wp-content\/uploads\/2024\/12\/hacha-bodega-outdoor-survivor-1-150x150.jpeg\" class=\"attachment-125x125 size-125x125\" alt=\"Hacha de supervivencia, multifunci\u00f3n t\u00e1ctica, martillo, outdoor, mango de pl\u00e1stico,rescate\" srcset=\"https:\/\/bodegaoutdoor.cl\/store\/wp-content\/uploads\/2024\/12\/hacha-bodega-outdoor-survivor-1-150x150.jpeg 150w, https:\/\/bodegaoutdoor.cl\/store\/wp-content\/uploads\/2024\/12\/hacha-bodega-outdoor-survivor-1-300x300.jpeg 300w, https:\/\/bodegaoutdoor.cl\/store\/wp-content\/uploads\/2024\/12\/hacha-bodega-outdoor-survivor-1-768x768.jpeg 768w, https:\/\/bodegaoutdoor.cl\/store\/wp-content\/uploads\/2024\/12\/hacha-bodega-outdoor-survivor-1-600x600.jpeg 600w, https:\/\/bodegaoutdoor.cl\/store\/wp-content\/uploads\/2024\/12\/hacha-bodega-outdoor-survivor-1-100x100.jpeg 100w, https:\/\/bodegaoutdoor.cl\/store\/wp-content\/uploads\/2024\/12\/hacha-bodega-outdoor-survivor-1.jpeg 1024w\" sizes=\"(max-width: 125px) 100vw, 125px\" \/>                                        <\/a>\n                                                                        <div class=\"media-body align-self-center product-widget-content\">\n                                        <div class=\"xs-product-header media woocommerce xs-wishlist \">\n                                                                                                                                        \n                                                                                                                                                \n<div\n\tclass=\"yith-wcwl-add-to-wishlist add-to-wishlist-86069 yith-wcwl-add-to-wishlist--link-style wishlist-fragment on-first-load\"\n\tdata-fragment-ref=\"86069\"\n\tdata-fragment-options=\"{&quot;base_url&quot;:&quot;&quot;,&quot;product_id&quot;:86069,&quot;parent_product_id&quot;:0,&quot;product_type&quot;:&quot;simple&quot;,&quot;is_single&quot;:false,&quot;in_default_wishlist&quot;:false,&quot;show_view&quot;:false,&quot;browse_wishlist_text&quot;:&quot;Lista Deseos&quot;,&quot;already_in_wishslist_text&quot;:&quot;The producto esta Agregado!&quot;,&quot;product_added_text&quot;:&quot;Producto Agregado!&quot;,&quot;available_multi_wishlist&quot;:false,&quot;disable_wishlist&quot;:false,&quot;show_count&quot;:false,&quot;ajax_loading&quot;:false,&quot;loop_position&quot;:&quot;after_add_to_cart&quot;,&quot;item&quot;:&quot;add_to_wishlist&quot;}\"\n>\n\t\t\t\n\t\t\t<!-- ADD TO WISHLIST -->\n\t\t\t\n<div class=\"yith-wcwl-add-button\">\n\t\t<a\n\t\thref=\"?add_to_wishlist=86069&#038;_wpnonce=98056c7fc2\"\n\t\tclass=\"add_to_wishlist single_add_to_wishlist\"\n\t\tdata-product-id=\"86069\"\n\t\tdata-product-type=\"simple\"\n\t\tdata-original-product-id=\"0\"\n\t\tdata-title=\"Lista Deseos\"\n\t\trel=\"nofollow\"\n\t>\n\t\t<svg id=\"yith-wcwl-icon-heart-outline\" class=\"yith-wcwl-icon-svg\" fill=\"none\" stroke-width=\"1.5\" stroke=\"currentColor\" viewbox=\"0 0 24 24\" xmlns=\"http:\/\/www.w3.org\/2000\/svg\">\n  <path stroke-linecap=\"round\" stroke-linejoin=\"round\" d=\"M21 8.25c0-2.485-2.099-4.5-4.688-4.5-1.935 0-3.597 1.126-4.312 2.733-.715-1.607-2.377-2.733-4.313-2.733C5.1 3.75 3 5.765 3 8.25c0 7.22 9 12 9 12s9-4.78 9-12Z\"><\/path>\n<\/svg>\t\t<span>Lista Deseos<\/span>\n\t<\/a>\n<\/div>\n\n\t\t\t<!-- COUNT TEXT -->\n\t\t\t\n\t\t\t<\/div>\n                                                                                                                                    <\/div>\n                                        <a class=\"product-title\" href=\"https:\/\/bodegaoutdoor.cl\/store\/product\/hacha-de-supervivencia-multifuncion-tactica-martillo-outdoor-mango-de-plasticorescate\/\">Hacha de supervivencia, multifunci\u00f3n t\u00e1ctica, martillo, outdoor, mango de pl\u00e1stico,rescate<\/a>\n                                        <span class=\"price\">\n                                            <del aria-hidden=\"true\"><span class=\"woocommerce-Price-amount amount\"><bdi><span class=\"woocommerce-Price-currencySymbol\" translate=\"no\">$<\/span>60,000<\/bdi><\/span><\/del> <span class=\"screen-reader-text\">El precio original era: $60,000.<\/span><ins aria-hidden=\"true\"><span class=\"woocommerce-Price-amount amount\"><bdi><span class=\"woocommerce-Price-currencySymbol\" translate=\"no\">$<\/span>29,990<\/bdi><\/span><\/ins><span class=\"screen-reader-text\">El precio actual es: $29,990.<\/span>                                        <\/span>\n                                    <\/div>\n                                <\/div>\n                                                                <\/div>\n                                                                                                                            <div class=\"xs-tab-slider-item swiper-slide\">\n                                                            <div class=\"xs-product-widget media \">\n                                                                            <a class=\"xs_product_img_link\" href=\"https:\/\/bodegaoutdoor.cl\/store\/product\/termo-1-litro-1000ml-de-doble-pared-al-vacio-liviano\/\">\n                                        <img loading=\"lazy\" decoding=\"async\" width=\"125\" height=\"125\" src=\"https:\/\/bodegaoutdoor.cl\/store\/wp-content\/uploads\/2024\/11\/Sin-titulo-150x150.png\" class=\"attachment-125x125 size-125x125\" alt=\"Termo 1 Litro \/ 1000ml, de doble pared al vac\u00edo Liviano\" srcset=\"https:\/\/bodegaoutdoor.cl\/store\/wp-content\/uploads\/2024\/11\/Sin-titulo-150x150.png 150w, https:\/\/bodegaoutdoor.cl\/store\/wp-content\/uploads\/2024\/11\/Sin-titulo-300x300.png 300w, https:\/\/bodegaoutdoor.cl\/store\/wp-content\/uploads\/2024\/11\/Sin-titulo-100x100.png 100w, https:\/\/bodegaoutdoor.cl\/store\/wp-content\/uploads\/2024\/11\/Sin-titulo-50x50.png 50w\" sizes=\"(max-width: 125px) 100vw, 125px\" \/>                                        <\/a>\n                                                                        <div class=\"media-body align-self-center product-widget-content\">\n                                        <div class=\"xs-product-header media woocommerce xs-wishlist \">\n                                                                                                                                        \n                                                                                                                                                \n<div\n\tclass=\"yith-wcwl-add-to-wishlist add-to-wishlist-85863 yith-wcwl-add-to-wishlist--link-style wishlist-fragment on-first-load\"\n\tdata-fragment-ref=\"85863\"\n\tdata-fragment-options=\"{&quot;base_url&quot;:&quot;&quot;,&quot;product_id&quot;:85863,&quot;parent_product_id&quot;:0,&quot;product_type&quot;:&quot;simple&quot;,&quot;is_single&quot;:false,&quot;in_default_wishlist&quot;:false,&quot;show_view&quot;:false,&quot;browse_wishlist_text&quot;:&quot;Lista Deseos&quot;,&quot;already_in_wishslist_text&quot;:&quot;The producto esta Agregado!&quot;,&quot;product_added_text&quot;:&quot;Producto Agregado!&quot;,&quot;available_multi_wishlist&quot;:false,&quot;disable_wishlist&quot;:false,&quot;show_count&quot;:false,&quot;ajax_loading&quot;:false,&quot;loop_position&quot;:&quot;after_add_to_cart&quot;,&quot;item&quot;:&quot;add_to_wishlist&quot;}\"\n>\n\t\t\t\n\t\t\t<!-- ADD TO WISHLIST -->\n\t\t\t\n<div class=\"yith-wcwl-add-button\">\n\t\t<a\n\t\thref=\"?add_to_wishlist=85863&#038;_wpnonce=98056c7fc2\"\n\t\tclass=\"add_to_wishlist single_add_to_wishlist\"\n\t\tdata-product-id=\"85863\"\n\t\tdata-product-type=\"simple\"\n\t\tdata-original-product-id=\"0\"\n\t\tdata-title=\"Lista Deseos\"\n\t\trel=\"nofollow\"\n\t>\n\t\t<svg id=\"yith-wcwl-icon-heart-outline\" class=\"yith-wcwl-icon-svg\" fill=\"none\" stroke-width=\"1.5\" stroke=\"currentColor\" viewbox=\"0 0 24 24\" xmlns=\"http:\/\/www.w3.org\/2000\/svg\">\n  <path stroke-linecap=\"round\" stroke-linejoin=\"round\" d=\"M21 8.25c0-2.485-2.099-4.5-4.688-4.5-1.935 0-3.597 1.126-4.312 2.733-.715-1.607-2.377-2.733-4.313-2.733C5.1 3.75 3 5.765 3 8.25c0 7.22 9 12 9 12s9-4.78 9-12Z\"><\/path>\n<\/svg>\t\t<span>Lista Deseos<\/span>\n\t<\/a>\n<\/div>\n\n\t\t\t<!-- COUNT TEXT -->\n\t\t\t\n\t\t\t<\/div>\n                                                                                                                                    <\/div>\n                                        <a class=\"product-title\" href=\"https:\/\/bodegaoutdoor.cl\/store\/product\/termo-1-litro-1000ml-de-doble-pared-al-vacio-liviano\/\">Termo 1 Litro \/ 1000ml, de doble pared al vac\u00edo Liviano<\/a>\n                                        <span class=\"price\">\n                                            <del aria-hidden=\"true\"><span class=\"woocommerce-Price-amount amount\"><bdi><span class=\"woocommerce-Price-currencySymbol\" translate=\"no\">$<\/span>19,990<\/bdi><\/span><\/del> <span class=\"screen-reader-text\">El precio original era: $19,990.<\/span><ins aria-hidden=\"true\"><span class=\"woocommerce-Price-amount amount\"><bdi><span class=\"woocommerce-Price-currencySymbol\" translate=\"no\">$<\/span>9,990<\/bdi><\/span><\/ins><span class=\"screen-reader-text\">El precio actual es: $9,990.<\/span>                                        <\/span>\n                                    <\/div>\n                                <\/div>\n                                                                                                                                <div class=\"xs-product-widget media \">\n                                                                            <a class=\"xs_product_img_link\" href=\"https:\/\/bodegaoutdoor.cl\/store\/product\/chaqueta-tactica-de-polar-con-capucha\/\">\n                                        <img loading=\"lazy\" decoding=\"async\" width=\"125\" height=\"125\" src=\"https:\/\/bodegaoutdoor.cl\/store\/wp-content\/uploads\/2024\/07\/polar-tactico-2-150x150.png\" class=\"attachment-125x125 size-125x125\" alt=\"Chaqueta Tactica De Polar Con Capucha\" srcset=\"https:\/\/bodegaoutdoor.cl\/store\/wp-content\/uploads\/2024\/07\/polar-tactico-2-150x150.png 150w, https:\/\/bodegaoutdoor.cl\/store\/wp-content\/uploads\/2024\/07\/polar-tactico-2-300x300.png 300w, https:\/\/bodegaoutdoor.cl\/store\/wp-content\/uploads\/2024\/07\/polar-tactico-2-100x100.png 100w, https:\/\/bodegaoutdoor.cl\/store\/wp-content\/uploads\/2024\/07\/polar-tactico-2-50x50.png 50w\" sizes=\"(max-width: 125px) 100vw, 125px\" \/>                                        <\/a>\n                                                                        <div class=\"media-body align-self-center product-widget-content\">\n                                        <div class=\"xs-product-header media woocommerce xs-wishlist \">\n                                                                                                                                        \n                                                                                                                                                \n<div\n\tclass=\"yith-wcwl-add-to-wishlist add-to-wishlist-85121 yith-wcwl-add-to-wishlist--link-style wishlist-fragment on-first-load\"\n\tdata-fragment-ref=\"85121\"\n\tdata-fragment-options=\"{&quot;base_url&quot;:&quot;&quot;,&quot;product_id&quot;:85121,&quot;parent_product_id&quot;:0,&quot;product_type&quot;:&quot;variable&quot;,&quot;is_single&quot;:false,&quot;in_default_wishlist&quot;:false,&quot;show_view&quot;:false,&quot;browse_wishlist_text&quot;:&quot;Lista Deseos&quot;,&quot;already_in_wishslist_text&quot;:&quot;The producto esta Agregado!&quot;,&quot;product_added_text&quot;:&quot;Producto Agregado!&quot;,&quot;available_multi_wishlist&quot;:false,&quot;disable_wishlist&quot;:false,&quot;show_count&quot;:false,&quot;ajax_loading&quot;:false,&quot;loop_position&quot;:&quot;after_add_to_cart&quot;,&quot;item&quot;:&quot;add_to_wishlist&quot;}\"\n>\n\t\t\t\n\t\t\t<!-- ADD TO WISHLIST -->\n\t\t\t\n<div class=\"yith-wcwl-add-button\">\n\t\t<a\n\t\thref=\"?add_to_wishlist=85121&#038;_wpnonce=98056c7fc2\"\n\t\tclass=\"add_to_wishlist single_add_to_wishlist\"\n\t\tdata-product-id=\"85121\"\n\t\tdata-product-type=\"variable\"\n\t\tdata-original-product-id=\"0\"\n\t\tdata-title=\"Lista Deseos\"\n\t\trel=\"nofollow\"\n\t>\n\t\t<svg id=\"yith-wcwl-icon-heart-outline\" class=\"yith-wcwl-icon-svg\" fill=\"none\" stroke-width=\"1.5\" stroke=\"currentColor\" viewbox=\"0 0 24 24\" xmlns=\"http:\/\/www.w3.org\/2000\/svg\">\n  <path stroke-linecap=\"round\" stroke-linejoin=\"round\" d=\"M21 8.25c0-2.485-2.099-4.5-4.688-4.5-1.935 0-3.597 1.126-4.312 2.733-.715-1.607-2.377-2.733-4.313-2.733C5.1 3.75 3 5.765 3 8.25c0 7.22 9 12 9 12s9-4.78 9-12Z\"><\/path>\n<\/svg>\t\t<span>Lista Deseos<\/span>\n\t<\/a>\n<\/div>\n\n\t\t\t<!-- COUNT TEXT -->\n\t\t\t\n\t\t\t<\/div>\n                                                                                                                                    <\/div>\n                                        <a class=\"product-title\" href=\"https:\/\/bodegaoutdoor.cl\/store\/product\/chaqueta-tactica-de-polar-con-capucha\/\">Chaqueta Tactica De Polar Con Capucha<\/a>\n                                        <span class=\"price\">\n                                            <del aria-hidden=\"true\"><span class=\"woocommerce-Price-amount amount\"><bdi><span class=\"woocommerce-Price-currencySymbol\" translate=\"no\">$<\/span>99,990<\/bdi><\/span><\/del> <span class=\"screen-reader-text\">El precio original era: $99,990.<\/span><ins aria-hidden=\"true\"><span class=\"woocommerce-Price-amount amount\"><bdi><span class=\"woocommerce-Price-currencySymbol\" translate=\"no\">$<\/span>59,990<\/bdi><\/span><\/ins><span class=\"screen-reader-text\">El precio actual es: $59,990.<\/span>                                        <\/span>\n                                    <\/div>\n                                <\/div>\n                                                                                                                                <div class=\"xs-product-widget media \">\n                                                                            <a class=\"xs_product_img_link\" href=\"https:\/\/bodegaoutdoor.cl\/store\/product\/poston-800-balines-metalicos-bbs-calibre-4-5mm-para-pistola\/\">\n                                        <img loading=\"lazy\" decoding=\"async\" width=\"125\" height=\"125\" src=\"https:\/\/bodegaoutdoor.cl\/store\/wp-content\/uploads\/2024\/03\/39ba0a91-2955-48c8-865f-e91e06e6403a-150x150.jpg\" class=\"attachment-125x125 size-125x125\" alt=\"Poston 800 Balines Metalicos Bbs Calibre 4.5mm Para Pistola\" srcset=\"https:\/\/bodegaoutdoor.cl\/store\/wp-content\/uploads\/2024\/03\/39ba0a91-2955-48c8-865f-e91e06e6403a-150x150.jpg 150w, https:\/\/bodegaoutdoor.cl\/store\/wp-content\/uploads\/2024\/03\/39ba0a91-2955-48c8-865f-e91e06e6403a-300x300.jpg 300w, https:\/\/bodegaoutdoor.cl\/store\/wp-content\/uploads\/2024\/03\/39ba0a91-2955-48c8-865f-e91e06e6403a-100x100.jpg 100w, https:\/\/bodegaoutdoor.cl\/store\/wp-content\/uploads\/2024\/03\/39ba0a91-2955-48c8-865f-e91e06e6403a-50x50.jpg 50w\" sizes=\"(max-width: 125px) 100vw, 125px\" \/>                                        <\/a>\n                                                                        <div class=\"media-body align-self-center product-widget-content\">\n                                        <div class=\"xs-product-header media woocommerce xs-wishlist \">\n                                                                                                                                        \n                                                                                                                                                \n<div\n\tclass=\"yith-wcwl-add-to-wishlist add-to-wishlist-82479 yith-wcwl-add-to-wishlist--link-style wishlist-fragment on-first-load\"\n\tdata-fragment-ref=\"82479\"\n\tdata-fragment-options=\"{&quot;base_url&quot;:&quot;&quot;,&quot;product_id&quot;:82479,&quot;parent_product_id&quot;:0,&quot;product_type&quot;:&quot;simple&quot;,&quot;is_single&quot;:false,&quot;in_default_wishlist&quot;:false,&quot;show_view&quot;:false,&quot;browse_wishlist_text&quot;:&quot;Lista Deseos&quot;,&quot;already_in_wishslist_text&quot;:&quot;The producto esta Agregado!&quot;,&quot;product_added_text&quot;:&quot;Producto Agregado!&quot;,&quot;available_multi_wishlist&quot;:false,&quot;disable_wishlist&quot;:false,&quot;show_count&quot;:false,&quot;ajax_loading&quot;:false,&quot;loop_position&quot;:&quot;after_add_to_cart&quot;,&quot;item&quot;:&quot;add_to_wishlist&quot;}\"\n>\n\t\t\t\n\t\t\t<!-- ADD TO WISHLIST -->\n\t\t\t\n<div class=\"yith-wcwl-add-button\">\n\t\t<a\n\t\thref=\"?add_to_wishlist=82479&#038;_wpnonce=98056c7fc2\"\n\t\tclass=\"add_to_wishlist single_add_to_wishlist\"\n\t\tdata-product-id=\"82479\"\n\t\tdata-product-type=\"simple\"\n\t\tdata-original-product-id=\"0\"\n\t\tdata-title=\"Lista Deseos\"\n\t\trel=\"nofollow\"\n\t>\n\t\t<svg id=\"yith-wcwl-icon-heart-outline\" class=\"yith-wcwl-icon-svg\" fill=\"none\" stroke-width=\"1.5\" stroke=\"currentColor\" viewbox=\"0 0 24 24\" xmlns=\"http:\/\/www.w3.org\/2000\/svg\">\n  <path stroke-linecap=\"round\" stroke-linejoin=\"round\" d=\"M21 8.25c0-2.485-2.099-4.5-4.688-4.5-1.935 0-3.597 1.126-4.312 2.733-.715-1.607-2.377-2.733-4.313-2.733C5.1 3.75 3 5.765 3 8.25c0 7.22 9 12 9 12s9-4.78 9-12Z\"><\/path>\n<\/svg>\t\t<span>Lista Deseos<\/span>\n\t<\/a>\n<\/div>\n\n\t\t\t<!-- COUNT TEXT -->\n\t\t\t\n\t\t\t<\/div>\n                                                                                                                                    <\/div>\n                                        <a class=\"product-title\" href=\"https:\/\/bodegaoutdoor.cl\/store\/product\/poston-800-balines-metalicos-bbs-calibre-4-5mm-para-pistola\/\">Poston 800 Balines Metalicos Bbs Calibre 4.5mm Para Pistola<\/a>\n                                        <span class=\"price\">\n                                            <del aria-hidden=\"true\"><span class=\"woocommerce-Price-amount amount\"><bdi><span class=\"woocommerce-Price-currencySymbol\" translate=\"no\">$<\/span>8,000<\/bdi><\/span><\/del> <span class=\"screen-reader-text\">El precio original era: $8,000.<\/span><ins aria-hidden=\"true\"><span class=\"woocommerce-Price-amount amount\"><bdi><span class=\"woocommerce-Price-currencySymbol\" translate=\"no\">$<\/span>6,000<\/bdi><\/span><\/ins><span class=\"screen-reader-text\">El precio actual es: $6,000.<\/span>                                        <\/span>\n                                    <\/div>\n                                <\/div>\n                                                                <\/div>\n                                                                                                                            <div class=\"xs-tab-slider-item swiper-slide\">\n                                                            <div class=\"xs-product-widget media \">\n                                                                            <a class=\"xs_product_img_link\" href=\"https:\/\/bodegaoutdoor.cl\/store\/product\/bolsa-de-balines-trazadores-luminosos-para-airsoft-0-25g\/\">\n                                        <img loading=\"lazy\" decoding=\"async\" width=\"125\" height=\"125\" src=\"https:\/\/bodegaoutdoor.cl\/store\/wp-content\/uploads\/2024\/03\/5878c152-cb03-438b-812d-d1c70d5d8557-150x150.jpg\" class=\"attachment-125x125 size-125x125\" alt=\"Bolsa De Balines Trazadores Luminosos Para Airsoft 0.25g\" srcset=\"https:\/\/bodegaoutdoor.cl\/store\/wp-content\/uploads\/2024\/03\/5878c152-cb03-438b-812d-d1c70d5d8557-150x150.jpg 150w, https:\/\/bodegaoutdoor.cl\/store\/wp-content\/uploads\/2024\/03\/5878c152-cb03-438b-812d-d1c70d5d8557-300x300.jpg 300w, https:\/\/bodegaoutdoor.cl\/store\/wp-content\/uploads\/2024\/03\/5878c152-cb03-438b-812d-d1c70d5d8557-100x100.jpg 100w, https:\/\/bodegaoutdoor.cl\/store\/wp-content\/uploads\/2024\/03\/5878c152-cb03-438b-812d-d1c70d5d8557-50x50.jpg 50w\" sizes=\"(max-width: 125px) 100vw, 125px\" \/>                                        <\/a>\n                                                                        <div class=\"media-body align-self-center product-widget-content\">\n                                        <div class=\"xs-product-header media woocommerce xs-wishlist \">\n                                                                                                                                        \n                                                                                                                                                \n<div\n\tclass=\"yith-wcwl-add-to-wishlist add-to-wishlist-82473 yith-wcwl-add-to-wishlist--link-style wishlist-fragment on-first-load\"\n\tdata-fragment-ref=\"82473\"\n\tdata-fragment-options=\"{&quot;base_url&quot;:&quot;&quot;,&quot;product_id&quot;:82473,&quot;parent_product_id&quot;:0,&quot;product_type&quot;:&quot;simple&quot;,&quot;is_single&quot;:false,&quot;in_default_wishlist&quot;:false,&quot;show_view&quot;:false,&quot;browse_wishlist_text&quot;:&quot;Lista Deseos&quot;,&quot;already_in_wishslist_text&quot;:&quot;The producto esta Agregado!&quot;,&quot;product_added_text&quot;:&quot;Producto Agregado!&quot;,&quot;available_multi_wishlist&quot;:false,&quot;disable_wishlist&quot;:false,&quot;show_count&quot;:false,&quot;ajax_loading&quot;:false,&quot;loop_position&quot;:&quot;after_add_to_cart&quot;,&quot;item&quot;:&quot;add_to_wishlist&quot;}\"\n>\n\t\t\t\n\t\t\t<!-- ADD TO WISHLIST -->\n\t\t\t\n<div class=\"yith-wcwl-add-button\">\n\t\t<a\n\t\thref=\"?add_to_wishlist=82473&#038;_wpnonce=98056c7fc2\"\n\t\tclass=\"add_to_wishlist single_add_to_wishlist\"\n\t\tdata-product-id=\"82473\"\n\t\tdata-product-type=\"simple\"\n\t\tdata-original-product-id=\"0\"\n\t\tdata-title=\"Lista Deseos\"\n\t\trel=\"nofollow\"\n\t>\n\t\t<svg id=\"yith-wcwl-icon-heart-outline\" class=\"yith-wcwl-icon-svg\" fill=\"none\" stroke-width=\"1.5\" stroke=\"currentColor\" viewbox=\"0 0 24 24\" xmlns=\"http:\/\/www.w3.org\/2000\/svg\">\n  <path stroke-linecap=\"round\" stroke-linejoin=\"round\" d=\"M21 8.25c0-2.485-2.099-4.5-4.688-4.5-1.935 0-3.597 1.126-4.312 2.733-.715-1.607-2.377-2.733-4.313-2.733C5.1 3.75 3 5.765 3 8.25c0 7.22 9 12 9 12s9-4.78 9-12Z\"><\/path>\n<\/svg>\t\t<span>Lista Deseos<\/span>\n\t<\/a>\n<\/div>\n\n\t\t\t<!-- COUNT TEXT -->\n\t\t\t\n\t\t\t<\/div>\n                                                                                                                                    <\/div>\n                                        <a class=\"product-title\" href=\"https:\/\/bodegaoutdoor.cl\/store\/product\/bolsa-de-balines-trazadores-luminosos-para-airsoft-0-25g\/\">Bolsa De Balines Trazadores Luminosos Para Airsoft 0.25g<\/a>\n                                        <span class=\"price\">\n                                            <del aria-hidden=\"true\"><span class=\"woocommerce-Price-amount amount\"><bdi><span class=\"woocommerce-Price-currencySymbol\" translate=\"no\">$<\/span>15,000<\/bdi><\/span><\/del> <span class=\"screen-reader-text\">El precio original era: $15,000.<\/span><ins aria-hidden=\"true\"><span class=\"woocommerce-Price-amount amount\"><bdi><span class=\"woocommerce-Price-currencySymbol\" translate=\"no\">$<\/span>12,500<\/bdi><\/span><\/ins><span class=\"screen-reader-text\">El precio actual es: $12,500.<\/span>                                        <\/span>\n                                    <\/div>\n                                <\/div>\n                                                                                                                                <div class=\"xs-product-widget media \">\n                                                                            <a class=\"xs_product_img_link\" href=\"https:\/\/bodegaoutdoor.cl\/store\/product\/silla-plegable-de-camping-grande\/\">\n                                        <img loading=\"lazy\" decoding=\"async\" width=\"125\" height=\"125\" src=\"https:\/\/bodegaoutdoor.cl\/store\/wp-content\/uploads\/2024\/03\/30-87-b-600x525-1-150x150.png\" class=\"attachment-125x125 size-125x125\" alt=\"Silla Plegable De Camping Grande\" srcset=\"https:\/\/bodegaoutdoor.cl\/store\/wp-content\/uploads\/2024\/03\/30-87-b-600x525-1-150x150.png 150w, https:\/\/bodegaoutdoor.cl\/store\/wp-content\/uploads\/2024\/03\/30-87-b-600x525-1-300x300.png 300w, https:\/\/bodegaoutdoor.cl\/store\/wp-content\/uploads\/2024\/03\/30-87-b-600x525-1-100x100.png 100w, https:\/\/bodegaoutdoor.cl\/store\/wp-content\/uploads\/2024\/03\/30-87-b-600x525-1-50x50.png 50w\" sizes=\"(max-width: 125px) 100vw, 125px\" \/>                                        <\/a>\n                                                                        <div class=\"media-body align-self-center product-widget-content\">\n                                        <div class=\"xs-product-header media woocommerce xs-wishlist \">\n                                                                                                                                        \n                                                                                                                                                \n<div\n\tclass=\"yith-wcwl-add-to-wishlist add-to-wishlist-82461 yith-wcwl-add-to-wishlist--link-style wishlist-fragment on-first-load\"\n\tdata-fragment-ref=\"82461\"\n\tdata-fragment-options=\"{&quot;base_url&quot;:&quot;&quot;,&quot;product_id&quot;:82461,&quot;parent_product_id&quot;:0,&quot;product_type&quot;:&quot;simple&quot;,&quot;is_single&quot;:false,&quot;in_default_wishlist&quot;:false,&quot;show_view&quot;:false,&quot;browse_wishlist_text&quot;:&quot;Lista Deseos&quot;,&quot;already_in_wishslist_text&quot;:&quot;The producto esta Agregado!&quot;,&quot;product_added_text&quot;:&quot;Producto Agregado!&quot;,&quot;available_multi_wishlist&quot;:false,&quot;disable_wishlist&quot;:false,&quot;show_count&quot;:false,&quot;ajax_loading&quot;:false,&quot;loop_position&quot;:&quot;after_add_to_cart&quot;,&quot;item&quot;:&quot;add_to_wishlist&quot;}\"\n>\n\t\t\t\n\t\t\t<!-- ADD TO WISHLIST -->\n\t\t\t\n<div class=\"yith-wcwl-add-button\">\n\t\t<a\n\t\thref=\"?add_to_wishlist=82461&#038;_wpnonce=98056c7fc2\"\n\t\tclass=\"add_to_wishlist single_add_to_wishlist\"\n\t\tdata-product-id=\"82461\"\n\t\tdata-product-type=\"simple\"\n\t\tdata-original-product-id=\"0\"\n\t\tdata-title=\"Lista Deseos\"\n\t\trel=\"nofollow\"\n\t>\n\t\t<svg id=\"yith-wcwl-icon-heart-outline\" class=\"yith-wcwl-icon-svg\" fill=\"none\" stroke-width=\"1.5\" stroke=\"currentColor\" viewbox=\"0 0 24 24\" xmlns=\"http:\/\/www.w3.org\/2000\/svg\">\n  <path stroke-linecap=\"round\" stroke-linejoin=\"round\" d=\"M21 8.25c0-2.485-2.099-4.5-4.688-4.5-1.935 0-3.597 1.126-4.312 2.733-.715-1.607-2.377-2.733-4.313-2.733C5.1 3.75 3 5.765 3 8.25c0 7.22 9 12 9 12s9-4.78 9-12Z\"><\/path>\n<\/svg>\t\t<span>Lista Deseos<\/span>\n\t<\/a>\n<\/div>\n\n\t\t\t<!-- COUNT TEXT -->\n\t\t\t\n\t\t\t<\/div>\n                                                                                                                                    <\/div>\n                                        <a class=\"product-title\" href=\"https:\/\/bodegaoutdoor.cl\/store\/product\/silla-plegable-de-camping-grande\/\">Silla Plegable De Camping Grande<\/a>\n                                        <span class=\"price\">\n                                            <del aria-hidden=\"true\"><span class=\"woocommerce-Price-amount amount\"><bdi><span class=\"woocommerce-Price-currencySymbol\" translate=\"no\">$<\/span>19,990<\/bdi><\/span><\/del> <span class=\"screen-reader-text\">El precio original era: $19,990.<\/span><ins aria-hidden=\"true\"><span class=\"woocommerce-Price-amount amount\"><bdi><span class=\"woocommerce-Price-currencySymbol\" translate=\"no\">$<\/span>14,990<\/bdi><\/span><\/ins><span class=\"screen-reader-text\">El precio actual es: $14,990.<\/span>                                        <\/span>\n                                    <\/div>\n                                <\/div>\n                                                                                                                                <div class=\"xs-product-widget media \">\n                                                                            <a class=\"xs_product_img_link\" href=\"https:\/\/bodegaoutdoor.cl\/store\/product\/cunas-de-camping-plegables-al-aire-libre-para-adultos-cama-ligera-y-duradera-para-dormir-portatil-y-resistente-con-bolsa-de-transporte\/\">\n                                        <img loading=\"lazy\" decoding=\"async\" width=\"125\" height=\"125\" src=\"https:\/\/bodegaoutdoor.cl\/store\/wp-content\/uploads\/2023\/12\/81073-fkh1or-150x150.jpg\" class=\"attachment-125x125 size-125x125\" alt=\"cama de Camping plegable ligera y duradera para dormir, port\u00e1til\" srcset=\"https:\/\/bodegaoutdoor.cl\/store\/wp-content\/uploads\/2023\/12\/81073-fkh1or-150x150.jpg 150w, https:\/\/bodegaoutdoor.cl\/store\/wp-content\/uploads\/2023\/12\/81073-fkh1or-300x300.jpg 300w, https:\/\/bodegaoutdoor.cl\/store\/wp-content\/uploads\/2023\/12\/81073-fkh1or-600x600.jpg 600w, https:\/\/bodegaoutdoor.cl\/store\/wp-content\/uploads\/2023\/12\/81073-fkh1or-100x100.jpg 100w, https:\/\/bodegaoutdoor.cl\/store\/wp-content\/uploads\/2023\/12\/81073-fkh1or-50x50.jpg 50w, https:\/\/bodegaoutdoor.cl\/store\/wp-content\/uploads\/2023\/12\/81073-fkh1or.jpg 750w\" sizes=\"(max-width: 125px) 100vw, 125px\" \/>                                        <\/a>\n                                                                        <div class=\"media-body align-self-center product-widget-content\">\n                                        <div class=\"xs-product-header media woocommerce xs-wishlist \">\n                                                                                                                                        \n                                                                                                                                                \n<div\n\tclass=\"yith-wcwl-add-to-wishlist add-to-wishlist-81073 yith-wcwl-add-to-wishlist--link-style wishlist-fragment on-first-load\"\n\tdata-fragment-ref=\"81073\"\n\tdata-fragment-options=\"{&quot;base_url&quot;:&quot;&quot;,&quot;product_id&quot;:81073,&quot;parent_product_id&quot;:0,&quot;product_type&quot;:&quot;simple&quot;,&quot;is_single&quot;:false,&quot;in_default_wishlist&quot;:false,&quot;show_view&quot;:false,&quot;browse_wishlist_text&quot;:&quot;Lista Deseos&quot;,&quot;already_in_wishslist_text&quot;:&quot;The producto esta Agregado!&quot;,&quot;product_added_text&quot;:&quot;Producto Agregado!&quot;,&quot;available_multi_wishlist&quot;:false,&quot;disable_wishlist&quot;:false,&quot;show_count&quot;:false,&quot;ajax_loading&quot;:false,&quot;loop_position&quot;:&quot;after_add_to_cart&quot;,&quot;item&quot;:&quot;add_to_wishlist&quot;}\"\n>\n\t\t\t\n\t\t\t<!-- ADD TO WISHLIST -->\n\t\t\t\n<div class=\"yith-wcwl-add-button\">\n\t\t<a\n\t\thref=\"?add_to_wishlist=81073&#038;_wpnonce=98056c7fc2\"\n\t\tclass=\"add_to_wishlist single_add_to_wishlist\"\n\t\tdata-product-id=\"81073\"\n\t\tdata-product-type=\"simple\"\n\t\tdata-original-product-id=\"0\"\n\t\tdata-title=\"Lista Deseos\"\n\t\trel=\"nofollow\"\n\t>\n\t\t<svg id=\"yith-wcwl-icon-heart-outline\" class=\"yith-wcwl-icon-svg\" fill=\"none\" stroke-width=\"1.5\" stroke=\"currentColor\" viewbox=\"0 0 24 24\" xmlns=\"http:\/\/www.w3.org\/2000\/svg\">\n  <path stroke-linecap=\"round\" stroke-linejoin=\"round\" d=\"M21 8.25c0-2.485-2.099-4.5-4.688-4.5-1.935 0-3.597 1.126-4.312 2.733-.715-1.607-2.377-2.733-4.313-2.733C5.1 3.75 3 5.765 3 8.25c0 7.22 9 12 9 12s9-4.78 9-12Z\"><\/path>\n<\/svg>\t\t<span>Lista Deseos<\/span>\n\t<\/a>\n<\/div>\n\n\t\t\t<!-- COUNT TEXT -->\n\t\t\t\n\t\t\t<\/div>\n                                                                                                                                    <\/div>\n                                        <a class=\"product-title\" href=\"https:\/\/bodegaoutdoor.cl\/store\/product\/cunas-de-camping-plegables-al-aire-libre-para-adultos-cama-ligera-y-duradera-para-dormir-portatil-y-resistente-con-bolsa-de-transporte\/\">cama de Camping plegable ligera y duradera para dormir, port\u00e1til<\/a>\n                                        <span class=\"price\">\n                                            <del aria-hidden=\"true\"><span class=\"woocommerce-Price-amount amount\"><bdi><span class=\"woocommerce-Price-currencySymbol\" translate=\"no\">$<\/span>99,990<\/bdi><\/span><\/del> <span class=\"screen-reader-text\">El precio original era: $99,990.<\/span><ins aria-hidden=\"true\"><span class=\"woocommerce-Price-amount amount\"><bdi><span class=\"woocommerce-Price-currencySymbol\" translate=\"no\">$<\/span>49,990<\/bdi><\/span><\/ins><span class=\"screen-reader-text\">El precio actual es: $49,990.<\/span>                                        <\/span>\n                                    <\/div>\n                                <\/div>\n                                                                <\/div>\n                                                                                                                            <div class=\"xs-tab-slider-item swiper-slide\">\n                                                            <div class=\"xs-product-widget media \">\n                                                                            <a class=\"xs_product_img_link\" href=\"https:\/\/bodegaoutdoor.cl\/store\/product\/mochila-impermeable-para-deportes-outdoor-camping-viaje-mochila-molle-de-40l\/\">\n                                        <img loading=\"lazy\" decoding=\"async\" width=\"125\" height=\"125\" src=\"https:\/\/bodegaoutdoor.cl\/store\/wp-content\/uploads\/2023\/12\/4a3a3296-110c-4190-b1eb-87c4cc2ab391-150x150.jpg\" class=\"attachment-125x125 size-125x125\" alt=\"Mochila impermeable para deportes outdoor Camping, viaje, mochila Molle de 40L incluye bolsa hidratacion\" srcset=\"https:\/\/bodegaoutdoor.cl\/store\/wp-content\/uploads\/2023\/12\/4a3a3296-110c-4190-b1eb-87c4cc2ab391-150x150.jpg 150w, https:\/\/bodegaoutdoor.cl\/store\/wp-content\/uploads\/2023\/12\/4a3a3296-110c-4190-b1eb-87c4cc2ab391-300x300.jpg 300w, https:\/\/bodegaoutdoor.cl\/store\/wp-content\/uploads\/2023\/12\/4a3a3296-110c-4190-b1eb-87c4cc2ab391-768x768.jpg 768w, https:\/\/bodegaoutdoor.cl\/store\/wp-content\/uploads\/2023\/12\/4a3a3296-110c-4190-b1eb-87c4cc2ab391-600x600.jpg 600w, https:\/\/bodegaoutdoor.cl\/store\/wp-content\/uploads\/2023\/12\/4a3a3296-110c-4190-b1eb-87c4cc2ab391-100x100.jpg 100w, https:\/\/bodegaoutdoor.cl\/store\/wp-content\/uploads\/2023\/12\/4a3a3296-110c-4190-b1eb-87c4cc2ab391-50x50.jpg 50w, https:\/\/bodegaoutdoor.cl\/store\/wp-content\/uploads\/2023\/12\/4a3a3296-110c-4190-b1eb-87c4cc2ab391.jpg 1000w\" sizes=\"(max-width: 125px) 100vw, 125px\" \/>                                        <\/a>\n                                                                        <div class=\"media-body align-self-center product-widget-content\">\n                                        <div class=\"xs-product-header media woocommerce xs-wishlist \">\n                                                                                                                                        \n                                                                                                                                                \n<div\n\tclass=\"yith-wcwl-add-to-wishlist add-to-wishlist-80704 yith-wcwl-add-to-wishlist--link-style wishlist-fragment on-first-load\"\n\tdata-fragment-ref=\"80704\"\n\tdata-fragment-options=\"{&quot;base_url&quot;:&quot;&quot;,&quot;product_id&quot;:80704,&quot;parent_product_id&quot;:0,&quot;product_type&quot;:&quot;variable&quot;,&quot;is_single&quot;:false,&quot;in_default_wishlist&quot;:false,&quot;show_view&quot;:false,&quot;browse_wishlist_text&quot;:&quot;Lista Deseos&quot;,&quot;already_in_wishslist_text&quot;:&quot;The producto esta Agregado!&quot;,&quot;product_added_text&quot;:&quot;Producto Agregado!&quot;,&quot;available_multi_wishlist&quot;:false,&quot;disable_wishlist&quot;:false,&quot;show_count&quot;:false,&quot;ajax_loading&quot;:false,&quot;loop_position&quot;:&quot;after_add_to_cart&quot;,&quot;item&quot;:&quot;add_to_wishlist&quot;}\"\n>\n\t\t\t\n\t\t\t<!-- ADD TO WISHLIST -->\n\t\t\t\n<div class=\"yith-wcwl-add-button\">\n\t\t<a\n\t\thref=\"?add_to_wishlist=80704&#038;_wpnonce=98056c7fc2\"\n\t\tclass=\"add_to_wishlist single_add_to_wishlist\"\n\t\tdata-product-id=\"80704\"\n\t\tdata-product-type=\"variable\"\n\t\tdata-original-product-id=\"0\"\n\t\tdata-title=\"Lista Deseos\"\n\t\trel=\"nofollow\"\n\t>\n\t\t<svg id=\"yith-wcwl-icon-heart-outline\" class=\"yith-wcwl-icon-svg\" fill=\"none\" stroke-width=\"1.5\" stroke=\"currentColor\" viewbox=\"0 0 24 24\" xmlns=\"http:\/\/www.w3.org\/2000\/svg\">\n  <path stroke-linecap=\"round\" stroke-linejoin=\"round\" d=\"M21 8.25c0-2.485-2.099-4.5-4.688-4.5-1.935 0-3.597 1.126-4.312 2.733-.715-1.607-2.377-2.733-4.313-2.733C5.1 3.75 3 5.765 3 8.25c0 7.22 9 12 9 12s9-4.78 9-12Z\"><\/path>\n<\/svg>\t\t<span>Lista Deseos<\/span>\n\t<\/a>\n<\/div>\n\n\t\t\t<!-- COUNT TEXT -->\n\t\t\t\n\t\t\t<\/div>\n                                                                                                                                    <\/div>\n                                        <a class=\"product-title\" href=\"https:\/\/bodegaoutdoor.cl\/store\/product\/mochila-impermeable-para-deportes-outdoor-camping-viaje-mochila-molle-de-40l\/\">Mochila impermeable para deportes outdoor Camping, viaje, mochila Molle de 40L incluye bolsa hidratacion<\/a>\n                                        <span class=\"price\">\n                                            <del aria-hidden=\"true\"><span class=\"woocommerce-Price-amount amount\"><bdi><span class=\"woocommerce-Price-currencySymbol\" translate=\"no\">$<\/span>49,990<\/bdi><\/span><\/del> <span class=\"screen-reader-text\">El precio original era: $49,990.<\/span><ins aria-hidden=\"true\"><span class=\"woocommerce-Price-amount amount\"><bdi><span class=\"woocommerce-Price-currencySymbol\" translate=\"no\">$<\/span>34,990<\/bdi><\/span><\/ins><span class=\"screen-reader-text\">El precio actual es: $34,990.<\/span>                                        <\/span>\n                                    <\/div>\n                                <\/div>\n                                                                                                                                <div class=\"xs-product-widget media \">\n                                                                            <a class=\"xs_product_img_link\" href=\"https:\/\/bodegaoutdoor.cl\/store\/product\/short-outdoor-trekking-hombre\/\">\n                                        <img loading=\"lazy\" decoding=\"async\" width=\"125\" height=\"125\" src=\"https:\/\/bodegaoutdoor.cl\/store\/wp-content\/uploads\/2023\/11\/GO-1-2-150x150.jpg\" class=\"attachment-125x125 size-125x125\" alt=\"Pantalon Corto Short Outdoor Trekking Hombre\" srcset=\"https:\/\/bodegaoutdoor.cl\/store\/wp-content\/uploads\/2023\/11\/GO-1-2-150x150.jpg 150w, https:\/\/bodegaoutdoor.cl\/store\/wp-content\/uploads\/2023\/11\/GO-1-2-300x300.jpg 300w, https:\/\/bodegaoutdoor.cl\/store\/wp-content\/uploads\/2023\/11\/GO-1-2-1024x1024.jpg 1024w, https:\/\/bodegaoutdoor.cl\/store\/wp-content\/uploads\/2023\/11\/GO-1-2-768x768.jpg 768w, https:\/\/bodegaoutdoor.cl\/store\/wp-content\/uploads\/2023\/11\/GO-1-2-600x600.jpg 600w, https:\/\/bodegaoutdoor.cl\/store\/wp-content\/uploads\/2023\/11\/GO-1-2-100x100.jpg 100w, https:\/\/bodegaoutdoor.cl\/store\/wp-content\/uploads\/2023\/11\/GO-1-2-50x50.jpg 50w, https:\/\/bodegaoutdoor.cl\/store\/wp-content\/uploads\/2023\/11\/GO-1-2.jpg 1500w\" sizes=\"(max-width: 125px) 100vw, 125px\" \/>                                        <\/a>\n                                                                        <div class=\"media-body align-self-center product-widget-content\">\n                                        <div class=\"xs-product-header media woocommerce xs-wishlist \">\n                                                                                                                                        \n                                                                                                                                                \n<div\n\tclass=\"yith-wcwl-add-to-wishlist add-to-wishlist-80532 yith-wcwl-add-to-wishlist--link-style wishlist-fragment on-first-load\"\n\tdata-fragment-ref=\"80532\"\n\tdata-fragment-options=\"{&quot;base_url&quot;:&quot;&quot;,&quot;product_id&quot;:80532,&quot;parent_product_id&quot;:0,&quot;product_type&quot;:&quot;variable&quot;,&quot;is_single&quot;:false,&quot;in_default_wishlist&quot;:false,&quot;show_view&quot;:false,&quot;browse_wishlist_text&quot;:&quot;Lista Deseos&quot;,&quot;already_in_wishslist_text&quot;:&quot;The producto esta Agregado!&quot;,&quot;product_added_text&quot;:&quot;Producto Agregado!&quot;,&quot;available_multi_wishlist&quot;:false,&quot;disable_wishlist&quot;:false,&quot;show_count&quot;:false,&quot;ajax_loading&quot;:false,&quot;loop_position&quot;:&quot;after_add_to_cart&quot;,&quot;item&quot;:&quot;add_to_wishlist&quot;}\"\n>\n\t\t\t\n\t\t\t<!-- ADD TO WISHLIST -->\n\t\t\t\n<div class=\"yith-wcwl-add-button\">\n\t\t<a\n\t\thref=\"?add_to_wishlist=80532&#038;_wpnonce=98056c7fc2\"\n\t\tclass=\"add_to_wishlist single_add_to_wishlist\"\n\t\tdata-product-id=\"80532\"\n\t\tdata-product-type=\"variable\"\n\t\tdata-original-product-id=\"0\"\n\t\tdata-title=\"Lista Deseos\"\n\t\trel=\"nofollow\"\n\t>\n\t\t<svg id=\"yith-wcwl-icon-heart-outline\" class=\"yith-wcwl-icon-svg\" fill=\"none\" stroke-width=\"1.5\" stroke=\"currentColor\" viewbox=\"0 0 24 24\" xmlns=\"http:\/\/www.w3.org\/2000\/svg\">\n  <path stroke-linecap=\"round\" stroke-linejoin=\"round\" d=\"M21 8.25c0-2.485-2.099-4.5-4.688-4.5-1.935 0-3.597 1.126-4.312 2.733-.715-1.607-2.377-2.733-4.313-2.733C5.1 3.75 3 5.765 3 8.25c0 7.22 9 12 9 12s9-4.78 9-12Z\"><\/path>\n<\/svg>\t\t<span>Lista Deseos<\/span>\n\t<\/a>\n<\/div>\n\n\t\t\t<!-- COUNT TEXT -->\n\t\t\t\n\t\t\t<\/div>\n                                                                                                                                    <\/div>\n                                        <a class=\"product-title\" href=\"https:\/\/bodegaoutdoor.cl\/store\/product\/short-outdoor-trekking-hombre\/\">Pantalon Corto Short Outdoor Trekking Hombre<\/a>\n                                        <span class=\"price\">\n                                            <del aria-hidden=\"true\"><span class=\"woocommerce-Price-amount amount\"><bdi><span class=\"woocommerce-Price-currencySymbol\" translate=\"no\">$<\/span>34,990<\/bdi><\/span><\/del> <span class=\"screen-reader-text\">El precio original era: $34,990.<\/span><ins aria-hidden=\"true\"><span class=\"woocommerce-Price-amount amount\"><bdi><span class=\"woocommerce-Price-currencySymbol\" translate=\"no\">$<\/span>24,990<\/bdi><\/span><\/ins><span class=\"screen-reader-text\">El precio actual es: $24,990.<\/span>                                        <\/span>\n                                    <\/div>\n                                <\/div>\n                                                                                                                                <div class=\"xs-product-widget media \">\n                                                                            <a class=\"xs_product_img_link\" href=\"https:\/\/bodegaoutdoor.cl\/store\/product\/carpa-camping-panda-4-personas\/\">\n                                        <img loading=\"lazy\" decoding=\"async\" width=\"125\" height=\"125\" src=\"https:\/\/bodegaoutdoor.cl\/store\/wp-content\/uploads\/2023\/10\/carpa-iglu-nautika-panda-150x150.jpg\" class=\"attachment-125x125 size-125x125\" alt=\"CARPA Camping  PANDA 4 Personas\" srcset=\"https:\/\/bodegaoutdoor.cl\/store\/wp-content\/uploads\/2023\/10\/carpa-iglu-nautika-panda-150x150.jpg 150w, https:\/\/bodegaoutdoor.cl\/store\/wp-content\/uploads\/2023\/10\/carpa-iglu-nautika-panda-300x300.jpg 300w, https:\/\/bodegaoutdoor.cl\/store\/wp-content\/uploads\/2023\/10\/carpa-iglu-nautika-panda-768x768.jpg 768w, https:\/\/bodegaoutdoor.cl\/store\/wp-content\/uploads\/2023\/10\/carpa-iglu-nautika-panda-600x600.jpg 600w, https:\/\/bodegaoutdoor.cl\/store\/wp-content\/uploads\/2023\/10\/carpa-iglu-nautika-panda-100x100.jpg 100w, https:\/\/bodegaoutdoor.cl\/store\/wp-content\/uploads\/2023\/10\/carpa-iglu-nautika-panda-50x50.jpg 50w, https:\/\/bodegaoutdoor.cl\/store\/wp-content\/uploads\/2023\/10\/carpa-iglu-nautika-panda.jpg 800w\" sizes=\"(max-width: 125px) 100vw, 125px\" \/>                                        <\/a>\n                                                                        <div class=\"media-body align-self-center product-widget-content\">\n                                        <div class=\"xs-product-header media woocommerce xs-wishlist \">\n                                                                                                                                        \n                                                                                                                                                \n<div\n\tclass=\"yith-wcwl-add-to-wishlist add-to-wishlist-80465 yith-wcwl-add-to-wishlist--link-style wishlist-fragment on-first-load\"\n\tdata-fragment-ref=\"80465\"\n\tdata-fragment-options=\"{&quot;base_url&quot;:&quot;&quot;,&quot;product_id&quot;:80465,&quot;parent_product_id&quot;:0,&quot;product_type&quot;:&quot;simple&quot;,&quot;is_single&quot;:false,&quot;in_default_wishlist&quot;:false,&quot;show_view&quot;:false,&quot;browse_wishlist_text&quot;:&quot;Lista Deseos&quot;,&quot;already_in_wishslist_text&quot;:&quot;The producto esta Agregado!&quot;,&quot;product_added_text&quot;:&quot;Producto Agregado!&quot;,&quot;available_multi_wishlist&quot;:false,&quot;disable_wishlist&quot;:false,&quot;show_count&quot;:false,&quot;ajax_loading&quot;:false,&quot;loop_position&quot;:&quot;after_add_to_cart&quot;,&quot;item&quot;:&quot;add_to_wishlist&quot;}\"\n>\n\t\t\t\n\t\t\t<!-- ADD TO WISHLIST -->\n\t\t\t\n<div class=\"yith-wcwl-add-button\">\n\t\t<a\n\t\thref=\"?add_to_wishlist=80465&#038;_wpnonce=98056c7fc2\"\n\t\tclass=\"add_to_wishlist single_add_to_wishlist\"\n\t\tdata-product-id=\"80465\"\n\t\tdata-product-type=\"simple\"\n\t\tdata-original-product-id=\"0\"\n\t\tdata-title=\"Lista Deseos\"\n\t\trel=\"nofollow\"\n\t>\n\t\t<svg id=\"yith-wcwl-icon-heart-outline\" class=\"yith-wcwl-icon-svg\" fill=\"none\" stroke-width=\"1.5\" stroke=\"currentColor\" viewbox=\"0 0 24 24\" xmlns=\"http:\/\/www.w3.org\/2000\/svg\">\n  <path stroke-linecap=\"round\" stroke-linejoin=\"round\" d=\"M21 8.25c0-2.485-2.099-4.5-4.688-4.5-1.935 0-3.597 1.126-4.312 2.733-.715-1.607-2.377-2.733-4.313-2.733C5.1 3.75 3 5.765 3 8.25c0 7.22 9 12 9 12s9-4.78 9-12Z\"><\/path>\n<\/svg>\t\t<span>Lista Deseos<\/span>\n\t<\/a>\n<\/div>\n\n\t\t\t<!-- COUNT TEXT -->\n\t\t\t\n\t\t\t<\/div>\n                                                                                                                                    <\/div>\n                                        <a class=\"product-title\" href=\"https:\/\/bodegaoutdoor.cl\/store\/product\/carpa-camping-panda-4-personas\/\">CARPA Camping  PANDA 4 Personas<\/a>\n                                        <span class=\"price\">\n                                            <del aria-hidden=\"true\"><span class=\"woocommerce-Price-amount amount\"><bdi><span class=\"woocommerce-Price-currencySymbol\" translate=\"no\">$<\/span>79,990<\/bdi><\/span><\/del> <span class=\"screen-reader-text\">El precio original era: $79,990.<\/span><ins aria-hidden=\"true\"><span class=\"woocommerce-Price-amount amount\"><bdi><span class=\"woocommerce-Price-currencySymbol\" translate=\"no\">$<\/span>39,990<\/bdi><\/span><\/ins><span class=\"screen-reader-text\">El precio actual es: $39,990.<\/span>                                        <\/span>\n                                    <\/div>\n                                <\/div>\n                                                                <\/div>\n                                                                                                                            <div class=\"xs-tab-slider-item swiper-slide\">\n                                                            <div class=\"xs-product-widget media \">\n                                                                            <a class=\"xs_product_img_link\" href=\"https:\/\/bodegaoutdoor.cl\/store\/product\/kit-pesca-cana-pescar-accesorios\/\">\n                                        <img loading=\"lazy\" decoding=\"async\" width=\"125\" height=\"125\" src=\"https:\/\/bodegaoutdoor.cl\/store\/wp-content\/uploads\/2023\/11\/11d82949-0f1c-4c05-95a3-4f167a227c2a-150x150.jpg\" class=\"attachment-125x125 size-125x125\" alt=\"Kit Pesca &#8211; Ca\u00f1a Pescar &#038; Accesorios\" srcset=\"https:\/\/bodegaoutdoor.cl\/store\/wp-content\/uploads\/2023\/11\/11d82949-0f1c-4c05-95a3-4f167a227c2a-150x150.jpg 150w, https:\/\/bodegaoutdoor.cl\/store\/wp-content\/uploads\/2023\/11\/11d82949-0f1c-4c05-95a3-4f167a227c2a-300x300.jpg 300w, https:\/\/bodegaoutdoor.cl\/store\/wp-content\/uploads\/2023\/11\/11d82949-0f1c-4c05-95a3-4f167a227c2a-100x100.jpg 100w, https:\/\/bodegaoutdoor.cl\/store\/wp-content\/uploads\/2023\/11\/11d82949-0f1c-4c05-95a3-4f167a227c2a-50x50.jpg 50w\" sizes=\"(max-width: 125px) 100vw, 125px\" \/>                                        <\/a>\n                                                                        <div class=\"media-body align-self-center product-widget-content\">\n                                        <div class=\"xs-product-header media woocommerce xs-wishlist \">\n                                                                                                                                        \n                                                                                                                                                \n<div\n\tclass=\"yith-wcwl-add-to-wishlist add-to-wishlist-80456 yith-wcwl-add-to-wishlist--link-style wishlist-fragment on-first-load\"\n\tdata-fragment-ref=\"80456\"\n\tdata-fragment-options=\"{&quot;base_url&quot;:&quot;&quot;,&quot;product_id&quot;:80456,&quot;parent_product_id&quot;:0,&quot;product_type&quot;:&quot;simple&quot;,&quot;is_single&quot;:false,&quot;in_default_wishlist&quot;:false,&quot;show_view&quot;:false,&quot;browse_wishlist_text&quot;:&quot;Lista Deseos&quot;,&quot;already_in_wishslist_text&quot;:&quot;The producto esta Agregado!&quot;,&quot;product_added_text&quot;:&quot;Producto Agregado!&quot;,&quot;available_multi_wishlist&quot;:false,&quot;disable_wishlist&quot;:false,&quot;show_count&quot;:false,&quot;ajax_loading&quot;:false,&quot;loop_position&quot;:&quot;after_add_to_cart&quot;,&quot;item&quot;:&quot;add_to_wishlist&quot;}\"\n>\n\t\t\t\n\t\t\t<!-- ADD TO WISHLIST -->\n\t\t\t\n<div class=\"yith-wcwl-add-button\">\n\t\t<a\n\t\thref=\"?add_to_wishlist=80456&#038;_wpnonce=98056c7fc2\"\n\t\tclass=\"add_to_wishlist single_add_to_wishlist\"\n\t\tdata-product-id=\"80456\"\n\t\tdata-product-type=\"simple\"\n\t\tdata-original-product-id=\"0\"\n\t\tdata-title=\"Lista Deseos\"\n\t\trel=\"nofollow\"\n\t>\n\t\t<svg id=\"yith-wcwl-icon-heart-outline\" class=\"yith-wcwl-icon-svg\" fill=\"none\" stroke-width=\"1.5\" stroke=\"currentColor\" viewbox=\"0 0 24 24\" xmlns=\"http:\/\/www.w3.org\/2000\/svg\">\n  <path stroke-linecap=\"round\" stroke-linejoin=\"round\" d=\"M21 8.25c0-2.485-2.099-4.5-4.688-4.5-1.935 0-3.597 1.126-4.312 2.733-.715-1.607-2.377-2.733-4.313-2.733C5.1 3.75 3 5.765 3 8.25c0 7.22 9 12 9 12s9-4.78 9-12Z\"><\/path>\n<\/svg>\t\t<span>Lista Deseos<\/span>\n\t<\/a>\n<\/div>\n\n\t\t\t<!-- COUNT TEXT -->\n\t\t\t\n\t\t\t<\/div>\n                                                                                                                                    <\/div>\n                                        <a class=\"product-title\" href=\"https:\/\/bodegaoutdoor.cl\/store\/product\/kit-pesca-cana-pescar-accesorios\/\">Kit Pesca &#8211; Ca\u00f1a Pescar &#038; Accesorios<\/a>\n                                        <span class=\"price\">\n                                            <del aria-hidden=\"true\"><span class=\"woocommerce-Price-amount amount\"><bdi><span class=\"woocommerce-Price-currencySymbol\" translate=\"no\">$<\/span>24,990<\/bdi><\/span><\/del> <span class=\"screen-reader-text\">El precio original era: $24,990.<\/span><ins aria-hidden=\"true\"><span class=\"woocommerce-Price-amount amount\"><bdi><span class=\"woocommerce-Price-currencySymbol\" translate=\"no\">$<\/span>19,990<\/bdi><\/span><\/ins><span class=\"screen-reader-text\">El precio actual es: $19,990.<\/span>                                        <\/span>\n                                    <\/div>\n                                <\/div>\n                                                                                                                                <div class=\"xs-product-widget media \">\n                                                                            <a class=\"xs_product_img_link\" href=\"https:\/\/bodegaoutdoor.cl\/store\/product\/foco-powerbank-camping-caza-pesca-trabajo-minas\/\">\n                                        <img loading=\"lazy\" decoding=\"async\" width=\"125\" height=\"125\" src=\"https:\/\/bodegaoutdoor.cl\/store\/wp-content\/uploads\/2023\/11\/8-150x150.png\" class=\"attachment-125x125 size-125x125\" alt=\"Foco Powerbank Camping Caza pesca \/ trabajo minas\" srcset=\"https:\/\/bodegaoutdoor.cl\/store\/wp-content\/uploads\/2023\/11\/8-150x150.png 150w, https:\/\/bodegaoutdoor.cl\/store\/wp-content\/uploads\/2023\/11\/8-300x300.png 300w, https:\/\/bodegaoutdoor.cl\/store\/wp-content\/uploads\/2023\/11\/8-100x100.png 100w, https:\/\/bodegaoutdoor.cl\/store\/wp-content\/uploads\/2023\/11\/8-50x50.png 50w\" sizes=\"(max-width: 125px) 100vw, 125px\" \/>                                        <\/a>\n                                                                        <div class=\"media-body align-self-center product-widget-content\">\n                                        <div class=\"xs-product-header media woocommerce xs-wishlist \">\n                                                                                                                                        \n                                                                                                                                                \n<div\n\tclass=\"yith-wcwl-add-to-wishlist add-to-wishlist-80424 yith-wcwl-add-to-wishlist--link-style wishlist-fragment on-first-load\"\n\tdata-fragment-ref=\"80424\"\n\tdata-fragment-options=\"{&quot;base_url&quot;:&quot;&quot;,&quot;product_id&quot;:80424,&quot;parent_product_id&quot;:0,&quot;product_type&quot;:&quot;simple&quot;,&quot;is_single&quot;:false,&quot;in_default_wishlist&quot;:false,&quot;show_view&quot;:false,&quot;browse_wishlist_text&quot;:&quot;Lista Deseos&quot;,&quot;already_in_wishslist_text&quot;:&quot;The producto esta Agregado!&quot;,&quot;product_added_text&quot;:&quot;Producto Agregado!&quot;,&quot;available_multi_wishlist&quot;:false,&quot;disable_wishlist&quot;:false,&quot;show_count&quot;:false,&quot;ajax_loading&quot;:false,&quot;loop_position&quot;:&quot;after_add_to_cart&quot;,&quot;item&quot;:&quot;add_to_wishlist&quot;}\"\n>\n\t\t\t\n\t\t\t<!-- ADD TO WISHLIST -->\n\t\t\t\n<div class=\"yith-wcwl-add-button\">\n\t\t<a\n\t\thref=\"?add_to_wishlist=80424&#038;_wpnonce=98056c7fc2\"\n\t\tclass=\"add_to_wishlist single_add_to_wishlist\"\n\t\tdata-product-id=\"80424\"\n\t\tdata-product-type=\"simple\"\n\t\tdata-original-product-id=\"0\"\n\t\tdata-title=\"Lista Deseos\"\n\t\trel=\"nofollow\"\n\t>\n\t\t<svg id=\"yith-wcwl-icon-heart-outline\" class=\"yith-wcwl-icon-svg\" fill=\"none\" stroke-width=\"1.5\" stroke=\"currentColor\" viewbox=\"0 0 24 24\" xmlns=\"http:\/\/www.w3.org\/2000\/svg\">\n  <path stroke-linecap=\"round\" stroke-linejoin=\"round\" d=\"M21 8.25c0-2.485-2.099-4.5-4.688-4.5-1.935 0-3.597 1.126-4.312 2.733-.715-1.607-2.377-2.733-4.313-2.733C5.1 3.75 3 5.765 3 8.25c0 7.22 9 12 9 12s9-4.78 9-12Z\"><\/path>\n<\/svg>\t\t<span>Lista Deseos<\/span>\n\t<\/a>\n<\/div>\n\n\t\t\t<!-- COUNT TEXT -->\n\t\t\t\n\t\t\t<\/div>\n                                                                                                                                    <\/div>\n                                        <a class=\"product-title\" href=\"https:\/\/bodegaoutdoor.cl\/store\/product\/foco-powerbank-camping-caza-pesca-trabajo-minas\/\">Foco Powerbank Camping Caza pesca \/ trabajo minas<\/a>\n                                        <span class=\"price\">\n                                            <del aria-hidden=\"true\"><span class=\"woocommerce-Price-amount amount\"><bdi><span class=\"woocommerce-Price-currencySymbol\" translate=\"no\">$<\/span>39,990<\/bdi><\/span><\/del> <span class=\"screen-reader-text\">El precio original era: $39,990.<\/span><ins aria-hidden=\"true\"><span class=\"woocommerce-Price-amount amount\"><bdi><span class=\"woocommerce-Price-currencySymbol\" translate=\"no\">$<\/span>23,990<\/bdi><\/span><\/ins><span class=\"screen-reader-text\">El precio actual es: $23,990.<\/span>                                        <\/span>\n                                    <\/div>\n                                <\/div>\n                                                                                                                                <div class=\"xs-product-widget media \">\n                                                                            <a class=\"xs_product_img_link\" href=\"https:\/\/bodegaoutdoor.cl\/store\/product\/kit-luces-led-bicicleta-ciclismo-deportes-otros\/\">\n                                        <img loading=\"lazy\" decoding=\"async\" width=\"125\" height=\"125\" src=\"https:\/\/bodegaoutdoor.cl\/store\/wp-content\/uploads\/2023\/11\/3-150x150.png\" class=\"attachment-125x125 size-125x125\" alt=\"kit 2x luces LED Recargables bicicleta ciclismo deportes otros\" srcset=\"https:\/\/bodegaoutdoor.cl\/store\/wp-content\/uploads\/2023\/11\/3-150x150.png 150w, https:\/\/bodegaoutdoor.cl\/store\/wp-content\/uploads\/2023\/11\/3-300x300.png 300w, https:\/\/bodegaoutdoor.cl\/store\/wp-content\/uploads\/2023\/11\/3-100x100.png 100w, https:\/\/bodegaoutdoor.cl\/store\/wp-content\/uploads\/2023\/11\/3-50x50.png 50w\" sizes=\"(max-width: 125px) 100vw, 125px\" \/>                                        <\/a>\n                                                                        <div class=\"media-body align-self-center product-widget-content\">\n                                        <div class=\"xs-product-header media woocommerce xs-wishlist \">\n                                                                                                                                        \n                                                                                                                                                \n<div\n\tclass=\"yith-wcwl-add-to-wishlist add-to-wishlist-80418 yith-wcwl-add-to-wishlist--link-style wishlist-fragment on-first-load\"\n\tdata-fragment-ref=\"80418\"\n\tdata-fragment-options=\"{&quot;base_url&quot;:&quot;&quot;,&quot;product_id&quot;:80418,&quot;parent_product_id&quot;:0,&quot;product_type&quot;:&quot;simple&quot;,&quot;is_single&quot;:false,&quot;in_default_wishlist&quot;:false,&quot;show_view&quot;:false,&quot;browse_wishlist_text&quot;:&quot;Lista Deseos&quot;,&quot;already_in_wishslist_text&quot;:&quot;The producto esta Agregado!&quot;,&quot;product_added_text&quot;:&quot;Producto Agregado!&quot;,&quot;available_multi_wishlist&quot;:false,&quot;disable_wishlist&quot;:false,&quot;show_count&quot;:false,&quot;ajax_loading&quot;:false,&quot;loop_position&quot;:&quot;after_add_to_cart&quot;,&quot;item&quot;:&quot;add_to_wishlist&quot;}\"\n>\n\t\t\t\n\t\t\t<!-- ADD TO WISHLIST -->\n\t\t\t\n<div class=\"yith-wcwl-add-button\">\n\t\t<a\n\t\thref=\"?add_to_wishlist=80418&#038;_wpnonce=98056c7fc2\"\n\t\tclass=\"add_to_wishlist single_add_to_wishlist\"\n\t\tdata-product-id=\"80418\"\n\t\tdata-product-type=\"simple\"\n\t\tdata-original-product-id=\"0\"\n\t\tdata-title=\"Lista Deseos\"\n\t\trel=\"nofollow\"\n\t>\n\t\t<svg id=\"yith-wcwl-icon-heart-outline\" class=\"yith-wcwl-icon-svg\" fill=\"none\" stroke-width=\"1.5\" stroke=\"currentColor\" viewbox=\"0 0 24 24\" xmlns=\"http:\/\/www.w3.org\/2000\/svg\">\n  <path stroke-linecap=\"round\" stroke-linejoin=\"round\" d=\"M21 8.25c0-2.485-2.099-4.5-4.688-4.5-1.935 0-3.597 1.126-4.312 2.733-.715-1.607-2.377-2.733-4.313-2.733C5.1 3.75 3 5.765 3 8.25c0 7.22 9 12 9 12s9-4.78 9-12Z\"><\/path>\n<\/svg>\t\t<span>Lista Deseos<\/span>\n\t<\/a>\n<\/div>\n\n\t\t\t<!-- COUNT TEXT -->\n\t\t\t\n\t\t\t<\/div>\n                                                                                                                                    <\/div>\n                                        <a class=\"product-title\" href=\"https:\/\/bodegaoutdoor.cl\/store\/product\/kit-luces-led-bicicleta-ciclismo-deportes-otros\/\">kit 2x luces LED Recargables bicicleta ciclismo deportes otros<\/a>\n                                        <span class=\"price\">\n                                            <del aria-hidden=\"true\"><span class=\"woocommerce-Price-amount amount\"><bdi><span class=\"woocommerce-Price-currencySymbol\" translate=\"no\">$<\/span>19,990<\/bdi><\/span><\/del> <span class=\"screen-reader-text\">El precio original era: $19,990.<\/span><ins aria-hidden=\"true\"><span class=\"woocommerce-Price-amount amount\"><bdi><span class=\"woocommerce-Price-currencySymbol\" translate=\"no\">$<\/span>9,990<\/bdi><\/span><\/ins><span class=\"screen-reader-text\">El precio actual es: $9,990.<\/span>                                        <\/span>\n                                    <\/div>\n                                <\/div>\n                                                                <\/div>\n                                                                                <\/div>\n                    <div class=\"swiper-pagination\"><\/div>\n                <\/div>\n            <\/div>\n                                <div class=\"tab-pane fade \"\n                 id=\"xs-tabs-37590-3\"\n                 >\n                <div class=\"xs-tab-slider swiper\">\n                    <div class=\"swiper-wrapper\">\n                                            <\/div>\n                    <div class=\"swiper-pagination\"><\/div>\n                <\/div>\n            <\/div>\n            <\/div>\t\t\t\t<\/div>\n\t\t\t\t<\/div>\n\t\t\t\t\t<\/div>\n\t\t<\/div>\n\t\t\t\t\t<\/div>\n\t\t<\/section>\n\t\t\t\t<section class=\"elementor-section elementor-top-section elementor-element elementor-element-383d elementor-section-boxed elementor-section-height-default elementor-section-height-default\" data-id=\"383d\" data-element_type=\"section\" data-e-type=\"section\">\n\t\t\t\t\t\t<div class=\"elementor-container elementor-column-gap-default\">\n\t\t\t\t\t<div class=\"elementor-column elementor-col-50 elementor-top-column elementor-element elementor-element-47a6\" data-id=\"47a6\" data-element_type=\"column\" data-e-type=\"column\">\n\t\t\t<div class=\"elementor-widget-wrap elementor-element-populated\">\n\t\t\t\t\t\t<div class=\"elementor-element elementor-element-4d01 elementor-widget elementor-widget-xs-image\" data-id=\"4d01\" data-element_type=\"widget\" data-e-type=\"widget\" data-widget_type=\"xs-image.default\">\n\t\t\t\t<div class=\"elementor-widget-container\">\n\t\t\t\t\t                    <a href=\"#\" class=\"xs-banner-campaign\">\n                <img loading=\"lazy\" decoding=\"async\" width=\"635\" height=\"270\" src=\"https:\/\/bodegaoutdoor.cl\/store\/wp-content\/uploads\/2018\/04\/banner-campaign-3-1.png\" class=\"attachment-full size-full wp-image-458\" alt=\"\" srcset=\"https:\/\/bodegaoutdoor.cl\/store\/wp-content\/uploads\/2018\/04\/banner-campaign-3-1.png 635w, https:\/\/bodegaoutdoor.cl\/store\/wp-content\/uploads\/2018\/04\/banner-campaign-3-1-600x255.png 600w\" sizes=\"(max-width: 635px) 100vw, 635px\" \/>            <\/a>\n                \t\t\t\t<\/div>\n\t\t\t\t<\/div>\n\t\t\t\t\t<\/div>\n\t\t<\/div>\n\t\t\t\t<div class=\"elementor-column elementor-col-50 elementor-top-column elementor-element elementor-element-5594\" data-id=\"5594\" data-element_type=\"column\" data-e-type=\"column\">\n\t\t\t<div class=\"elementor-widget-wrap elementor-element-populated\">\n\t\t\t\t\t\t<div class=\"elementor-element elementor-element-4db9c3a elementor-widget elementor-widget-xs-image\" data-id=\"4db9c3a\" data-element_type=\"widget\" data-e-type=\"widget\" data-widget_type=\"xs-image.default\">\n\t\t\t\t<div class=\"elementor-widget-container\">\n\t\t\t\t\t                    <a href=\"#\" class=\"xs-banner-campaign\">\n                <img loading=\"lazy\" decoding=\"async\" width=\"445\" height=\"270\" src=\"https:\/\/bodegaoutdoor.cl\/store\/wp-content\/uploads\/2018\/04\/banner-campaign-4-1.png\" class=\"attachment-full size-full wp-image-459\" alt=\"\" \/>            <\/a>\n                \t\t\t\t<\/div>\n\t\t\t\t<\/div>\n\t\t\t\t\t<\/div>\n\t\t<\/div>\n\t\t\t\t\t<\/div>\n\t\t<\/section>\n\t\t\t\t<section class=\"elementor-section elementor-top-section elementor-element elementor-element-5d85 elementor-section-full_width elementor-section-height-default elementor-section-height-default\" data-id=\"5d85\" data-element_type=\"section\" data-e-type=\"section\">\n\t\t\t\t\t\t<div class=\"elementor-container elementor-column-gap-no\">\n\t\t\t\t\t<div class=\"elementor-column elementor-col-100 elementor-top-column elementor-element elementor-element-22fc\" data-id=\"22fc\" data-element_type=\"column\" data-e-type=\"column\">\n\t\t\t<div class=\"elementor-widget-wrap elementor-element-populated\">\n\t\t\t\t\t\t<div class=\"elementor-element elementor-element-47ef elementor-widget elementor-widget-xs-woo-slider\" data-id=\"47ef\" data-element_type=\"widget\" data-e-type=\"widget\" data-widget_type=\"xs-woo-slider.default\">\n\t\t\t\t<div class=\"elementor-widget-container\">\n\t\t\t\t\t<div class=\"product-slider-style-1\">\n    <div class=\"xs-deal-of-the-day-section swiper bg-xs-primary\">\n        <div class=\"xs-slider-highlight swiper-wrapper\">\n                    <\/div>\n        <div class=\"swiper-button-prev\">\n            <i class=\"xsicon xsicon-arrow-left\"><\/i>\n        <\/div>\n        <div class=\"swiper-button-next\">\n            <i class=\"xsicon xsicon-arrow-right\"><\/i>\n        <\/div>\n        <span class=\"xs-watermark-text\">Deal Of The Day<\/span>\n    <\/div>\n<\/div>\t\t\t\t<\/div>\n\t\t\t\t<\/div>\n\t\t\t\t\t<\/div>\n\t\t<\/div>\n\t\t\t\t\t<\/div>\n\t\t<\/section>\n\t\t\t\t<section class=\"elementor-section elementor-top-section elementor-element elementor-element-6cce elementor-section-boxed elementor-section-height-default elementor-section-height-default\" data-id=\"6cce\" data-element_type=\"section\" data-e-type=\"section\">\n\t\t\t\t\t\t<div class=\"elementor-container elementor-column-gap-default\">\n\t\t\t\t\t<div class=\"elementor-column elementor-col-100 elementor-top-column elementor-element elementor-element-2dc9\" data-id=\"2dc9\" data-element_type=\"column\" data-e-type=\"column\">\n\t\t\t<div class=\"elementor-widget-wrap elementor-element-populated\">\n\t\t\t\t\t\t<div class=\"elementor-element elementor-element-39d0 elementor-widget elementor-widget-xs-woo-tab\" data-id=\"39d0\" data-element_type=\"widget\" data-e-type=\"widget\" data-widget_type=\"xs-woo-tab.default\">\n\t\t\t\t<div class=\"elementor-widget-container\">\n\t\t\t\t\t<div class=\"xs-content-header\">\n    <h2 class=\"xs-content-title\">Hot New Arrivals<\/h2>\n                    <ul class=\"nav nav-tabs xs-nav-tab\">\n                                            <li class=\"nav-item\">\n                    <a class=\"nav-link active\"  data-toggle=\"tab\" href=\"#xs-tabs-64791-0\">On Sell<\/a>\n                <\/li>\n                                            <li class=\"nav-item\">\n                    <a class=\"nav-link \"  data-toggle=\"tab\" href=\"#xs-tabs-64791-1\">Hot Sell<\/a>\n                <\/li>\n                                            <li class=\"nav-item\">\n                    <a class=\"nav-link \"  data-toggle=\"tab\" href=\"#xs-tabs-64791-2\">Trend<\/a>\n                <\/li>\n                                            <li class=\"nav-item\">\n                    <a class=\"nav-link \"  data-toggle=\"tab\" href=\"#xs-tabs-64791-3\">Best Sell<\/a>\n                <\/li>\n                    <\/ul>\n        <div class=\"clearfix\"><\/div>\n<\/div>\n<div class=\"tab-content\">\n                                    <div class=\"tab-pane fade show active\" id=\"xs-tabs-64791-0\">\n                <div class=\"xs-tab-slider-6-col swiper tab-slider-center\">\n                    <div class=\"swiper-wrapper\">\n                                                        <div class=\"xs-product-category swiper-slide\">\n                                                                        <a class=\"xs_product_img_link\" href=\"https:\/\/bodegaoutdoor.cl\/store\/product\/neumatico-para-enduro-120-100-18-medium-soft\/\">\n                                        <img loading=\"lazy\" decoding=\"async\" width=\"158\" height=\"158\" src=\"https:\/\/bodegaoutdoor.cl\/store\/wp-content\/uploads\/2026\/05\/WhatsApp-Image-2026-05-17-at-17.30.44-300x300.jpeg\" class=\"attachment-158x158 size-158x158\" alt=\"Neumatico para enduro 120\/100\/18 Medium soft\" srcset=\"https:\/\/bodegaoutdoor.cl\/store\/wp-content\/uploads\/2026\/05\/WhatsApp-Image-2026-05-17-at-17.30.44-300x300.jpeg 300w, https:\/\/bodegaoutdoor.cl\/store\/wp-content\/uploads\/2026\/05\/WhatsApp-Image-2026-05-17-at-17.30.44-150x150.jpeg 150w, https:\/\/bodegaoutdoor.cl\/store\/wp-content\/uploads\/2026\/05\/WhatsApp-Image-2026-05-17-at-17.30.44-100x100.jpeg 100w, https:\/\/bodegaoutdoor.cl\/store\/wp-content\/uploads\/2026\/05\/WhatsApp-Image-2026-05-17-at-17.30.44-50x50.jpeg 50w\" sizes=\"(max-width: 158px) 100vw, 158px\" \/>                                    <\/a>\n                                                                        <a class=\"product-title\" href=\"https:\/\/bodegaoutdoor.cl\/store\/product\/neumatico-para-enduro-120-100-18-medium-soft\/\">Neumatico para enduro 120\/100\/18 Medium soft<\/a>\n                                    <span class=\"price\">\n                                        <del aria-hidden=\"true\"><span class=\"woocommerce-Price-amount amount\"><bdi><span class=\"woocommerce-Price-currencySymbol\" translate=\"no\">$<\/span>99,900<\/bdi><\/span><\/del> <span class=\"screen-reader-text\">El precio original era: $99,900.<\/span><ins aria-hidden=\"true\"><span class=\"woocommerce-Price-amount amount\"><bdi><span class=\"woocommerce-Price-currencySymbol\" translate=\"no\">$<\/span>52,990<\/bdi><\/span><\/ins><span class=\"screen-reader-text\">El precio actual es: $52,990.<\/span>                                    <\/span>\n                                <\/div>\n                                                            <div class=\"xs-product-category swiper-slide\">\n                                                                        <a class=\"xs_product_img_link\" href=\"https:\/\/bodegaoutdoor.cl\/store\/product\/kit-de-accesorios-de-pesca-cana-regulable-hasta-2-10m\/\">\n                                        <img loading=\"lazy\" decoding=\"async\" width=\"158\" height=\"158\" src=\"https:\/\/bodegaoutdoor.cl\/store\/wp-content\/uploads\/2025\/01\/F-126__8_-300x300.jpg\" class=\"attachment-158x158 size-158x158\" alt=\"KIT DE ACCESORIOS DE PESCA CA\u00d1A regulable hasta 2.10m\" srcset=\"https:\/\/bodegaoutdoor.cl\/store\/wp-content\/uploads\/2025\/01\/F-126__8_-300x300.jpg 300w, https:\/\/bodegaoutdoor.cl\/store\/wp-content\/uploads\/2025\/01\/F-126__8_-1024x1024.jpg 1024w, https:\/\/bodegaoutdoor.cl\/store\/wp-content\/uploads\/2025\/01\/F-126__8_-150x150.jpg 150w, https:\/\/bodegaoutdoor.cl\/store\/wp-content\/uploads\/2025\/01\/F-126__8_-768x768.jpg 768w, https:\/\/bodegaoutdoor.cl\/store\/wp-content\/uploads\/2025\/01\/F-126__8_-1536x1536.jpg 1536w, https:\/\/bodegaoutdoor.cl\/store\/wp-content\/uploads\/2025\/01\/F-126__8_-2048x2048.jpg 2048w, https:\/\/bodegaoutdoor.cl\/store\/wp-content\/uploads\/2025\/01\/F-126__8_-600x600.jpg 600w, https:\/\/bodegaoutdoor.cl\/store\/wp-content\/uploads\/2025\/01\/F-126__8_-100x100.jpg 100w\" sizes=\"(max-width: 158px) 100vw, 158px\" \/>                                    <\/a>\n                                                                        <a class=\"product-title\" href=\"https:\/\/bodegaoutdoor.cl\/store\/product\/kit-de-accesorios-de-pesca-cana-regulable-hasta-2-10m\/\">KIT DE ACCESORIOS DE PESCA CA\u00d1A regulable hasta 2.10m<\/a>\n                                    <span class=\"price\">\n                                        <del aria-hidden=\"true\"><span class=\"woocommerce-Price-amount amount\"><bdi><span class=\"woocommerce-Price-currencySymbol\" translate=\"no\">$<\/span>35,000<\/bdi><\/span><\/del> <span class=\"screen-reader-text\">El precio original era: $35,000.<\/span><ins aria-hidden=\"true\"><span class=\"woocommerce-Price-amount amount\"><bdi><span class=\"woocommerce-Price-currencySymbol\" translate=\"no\">$<\/span>24,990<\/bdi><\/span><\/ins><span class=\"screen-reader-text\">El precio actual es: $24,990.<\/span>                                    <\/span>\n                                <\/div>\n                                                            <div class=\"xs-product-category swiper-slide\">\n                                                                        <a class=\"xs_product_img_link\" href=\"https:\/\/bodegaoutdoor.cl\/store\/product\/carpa-techo-camping-3x3-metros\/\">\n                                        <img loading=\"lazy\" decoding=\"async\" width=\"158\" height=\"158\" src=\"https:\/\/bodegaoutdoor.cl\/store\/wp-content\/uploads\/2024\/12\/TECHO-3X3-300x300.jpeg\" class=\"attachment-158x158 size-158x158\" alt=\"Carpa Techo Camping 3&#215;3 metros\" srcset=\"https:\/\/bodegaoutdoor.cl\/store\/wp-content\/uploads\/2024\/12\/TECHO-3X3-300x300.jpeg 300w, https:\/\/bodegaoutdoor.cl\/store\/wp-content\/uploads\/2024\/12\/TECHO-3X3-150x150.jpeg 150w, https:\/\/bodegaoutdoor.cl\/store\/wp-content\/uploads\/2024\/12\/TECHO-3X3-768x768.jpeg 768w, https:\/\/bodegaoutdoor.cl\/store\/wp-content\/uploads\/2024\/12\/TECHO-3X3-600x600.jpeg 600w, https:\/\/bodegaoutdoor.cl\/store\/wp-content\/uploads\/2024\/12\/TECHO-3X3-100x100.jpeg 100w, https:\/\/bodegaoutdoor.cl\/store\/wp-content\/uploads\/2024\/12\/TECHO-3X3.jpeg 800w\" sizes=\"(max-width: 158px) 100vw, 158px\" \/>                                    <\/a>\n                                                                        <a class=\"product-title\" href=\"https:\/\/bodegaoutdoor.cl\/store\/product\/carpa-techo-camping-3x3-metros\/\">Carpa Techo Camping 3&#215;3 metros<\/a>\n                                    <span class=\"price\">\n                                        <del aria-hidden=\"true\"><span class=\"woocommerce-Price-amount amount\"><bdi><span class=\"woocommerce-Price-currencySymbol\" translate=\"no\">$<\/span>100,000<\/bdi><\/span><\/del> <span class=\"screen-reader-text\">El precio original era: $100,000.<\/span><ins aria-hidden=\"true\"><span class=\"woocommerce-Price-amount amount\"><bdi><span class=\"woocommerce-Price-currencySymbol\" translate=\"no\">$<\/span>49,990<\/bdi><\/span><\/ins><span class=\"screen-reader-text\">El precio actual es: $49,990.<\/span>                                    <\/span>\n                                <\/div>\n                                                            <div class=\"xs-product-category swiper-slide\">\n                                                                        <a class=\"xs_product_img_link\" href=\"https:\/\/bodegaoutdoor.cl\/store\/product\/gorro-police\/\">\n                                        <img loading=\"lazy\" decoding=\"async\" width=\"158\" height=\"158\" src=\"https:\/\/bodegaoutdoor.cl\/store\/wp-content\/uploads\/2024\/12\/WhatsApp-Image-2024-05-16-at-9.44.56-AM-300x300.jpeg\" class=\"attachment-158x158 size-158x158\" alt=\"GORRO JOCKEY POLICE\" srcset=\"https:\/\/bodegaoutdoor.cl\/store\/wp-content\/uploads\/2024\/12\/WhatsApp-Image-2024-05-16-at-9.44.56-AM-300x300.jpeg 300w, https:\/\/bodegaoutdoor.cl\/store\/wp-content\/uploads\/2024\/12\/WhatsApp-Image-2024-05-16-at-9.44.56-AM-150x150.jpeg 150w, https:\/\/bodegaoutdoor.cl\/store\/wp-content\/uploads\/2024\/12\/WhatsApp-Image-2024-05-16-at-9.44.56-AM-100x100.jpeg 100w\" sizes=\"(max-width: 158px) 100vw, 158px\" \/>                                    <\/a>\n                                                                        <a class=\"product-title\" href=\"https:\/\/bodegaoutdoor.cl\/store\/product\/gorro-police\/\">GORRO JOCKEY POLICE<\/a>\n                                    <span class=\"price\">\n                                        <del aria-hidden=\"true\"><span class=\"woocommerce-Price-amount amount\"><bdi><span class=\"woocommerce-Price-currencySymbol\" translate=\"no\">$<\/span>15,000<\/bdi><\/span><\/del> <span class=\"screen-reader-text\">El precio original era: $15,000.<\/span><ins aria-hidden=\"true\"><span class=\"woocommerce-Price-amount amount\"><bdi><span class=\"woocommerce-Price-currencySymbol\" translate=\"no\">$<\/span>9,990<\/bdi><\/span><\/ins><span class=\"screen-reader-text\">El precio actual es: $9,990.<\/span>                                    <\/span>\n                                <\/div>\n                                                            <div class=\"xs-product-category swiper-slide\">\n                                                                        <a class=\"xs_product_img_link\" href=\"https:\/\/bodegaoutdoor.cl\/store\/product\/telescopio-comet-501-10-30x50\/\">\n                                        <img loading=\"lazy\" decoding=\"async\" width=\"158\" height=\"158\" src=\"https:\/\/bodegaoutdoor.cl\/store\/wp-content\/uploads\/2024\/12\/103050-600x600.jpeg-300x300.webp\" class=\"attachment-158x158 size-158x158\" alt=\"TELESCOPIO comet 501 10-30X50\" srcset=\"https:\/\/bodegaoutdoor.cl\/store\/wp-content\/uploads\/2024\/12\/103050-600x600.jpeg-300x300.webp 300w, https:\/\/bodegaoutdoor.cl\/store\/wp-content\/uploads\/2024\/12\/103050-600x600.jpeg-150x150.webp 150w, https:\/\/bodegaoutdoor.cl\/store\/wp-content\/uploads\/2024\/12\/103050-600x600.jpeg-100x100.webp 100w, https:\/\/bodegaoutdoor.cl\/store\/wp-content\/uploads\/2024\/12\/103050-600x600.jpeg.webp 600w\" sizes=\"(max-width: 158px) 100vw, 158px\" \/>                                    <\/a>\n                                                                        <a class=\"product-title\" href=\"https:\/\/bodegaoutdoor.cl\/store\/product\/telescopio-comet-501-10-30x50\/\">TELESCOPIO comet 501 10-30X50<\/a>\n                                    <span class=\"price\">\n                                        <del aria-hidden=\"true\"><span class=\"woocommerce-Price-amount amount\"><bdi><span class=\"woocommerce-Price-currencySymbol\" translate=\"no\">$<\/span>150,000<\/bdi><\/span><\/del> <span class=\"screen-reader-text\">El precio original era: $150,000.<\/span><ins aria-hidden=\"true\"><span class=\"woocommerce-Price-amount amount\"><bdi><span class=\"woocommerce-Price-currencySymbol\" translate=\"no\">$<\/span>99,990<\/bdi><\/span><\/ins><span class=\"screen-reader-text\">El precio actual es: $99,990.<\/span>                                    <\/span>\n                                <\/div>\n                                                            <div class=\"xs-product-category swiper-slide\">\n                                                                        <a class=\"xs_product_img_link\" href=\"https:\/\/bodegaoutdoor.cl\/store\/product\/hacha-de-supervivencia-multifuncion-tactica-martillo-outdoor-mango-de-plasticorescate\/\">\n                                        <img loading=\"lazy\" decoding=\"async\" width=\"158\" height=\"158\" src=\"https:\/\/bodegaoutdoor.cl\/store\/wp-content\/uploads\/2024\/12\/hacha-bodega-outdoor-survivor-1-300x300.jpeg\" class=\"attachment-158x158 size-158x158\" alt=\"Hacha de supervivencia, multifunci\u00f3n t\u00e1ctica, martillo, outdoor, mango de pl\u00e1stico,rescate\" srcset=\"https:\/\/bodegaoutdoor.cl\/store\/wp-content\/uploads\/2024\/12\/hacha-bodega-outdoor-survivor-1-300x300.jpeg 300w, https:\/\/bodegaoutdoor.cl\/store\/wp-content\/uploads\/2024\/12\/hacha-bodega-outdoor-survivor-1-150x150.jpeg 150w, https:\/\/bodegaoutdoor.cl\/store\/wp-content\/uploads\/2024\/12\/hacha-bodega-outdoor-survivor-1-768x768.jpeg 768w, https:\/\/bodegaoutdoor.cl\/store\/wp-content\/uploads\/2024\/12\/hacha-bodega-outdoor-survivor-1-600x600.jpeg 600w, https:\/\/bodegaoutdoor.cl\/store\/wp-content\/uploads\/2024\/12\/hacha-bodega-outdoor-survivor-1-100x100.jpeg 100w, https:\/\/bodegaoutdoor.cl\/store\/wp-content\/uploads\/2024\/12\/hacha-bodega-outdoor-survivor-1.jpeg 1024w\" sizes=\"(max-width: 158px) 100vw, 158px\" \/>                                    <\/a>\n                                                                        <a class=\"product-title\" href=\"https:\/\/bodegaoutdoor.cl\/store\/product\/hacha-de-supervivencia-multifuncion-tactica-martillo-outdoor-mango-de-plasticorescate\/\">Hacha de supervivencia, multifunci\u00f3n t\u00e1ctica, martillo, outdoor, mango de pl\u00e1stico,rescate<\/a>\n                                    <span class=\"price\">\n                                        <del aria-hidden=\"true\"><span class=\"woocommerce-Price-amount amount\"><bdi><span class=\"woocommerce-Price-currencySymbol\" translate=\"no\">$<\/span>60,000<\/bdi><\/span><\/del> <span class=\"screen-reader-text\">El precio original era: $60,000.<\/span><ins aria-hidden=\"true\"><span class=\"woocommerce-Price-amount amount\"><bdi><span class=\"woocommerce-Price-currencySymbol\" translate=\"no\">$<\/span>29,990<\/bdi><\/span><\/ins><span class=\"screen-reader-text\">El precio actual es: $29,990.<\/span>                                    <\/span>\n                                <\/div>\n                                                            <div class=\"xs-product-category swiper-slide\">\n                                                                        <a class=\"xs_product_img_link\" href=\"https:\/\/bodegaoutdoor.cl\/store\/product\/termo-1-litro-1000ml-de-doble-pared-al-vacio-liviano\/\">\n                                        <img loading=\"lazy\" decoding=\"async\" width=\"158\" height=\"158\" src=\"https:\/\/bodegaoutdoor.cl\/store\/wp-content\/uploads\/2024\/11\/Sin-titulo-300x300.png\" class=\"attachment-158x158 size-158x158\" alt=\"Termo 1 Litro \/ 1000ml, de doble pared al vac\u00edo Liviano\" srcset=\"https:\/\/bodegaoutdoor.cl\/store\/wp-content\/uploads\/2024\/11\/Sin-titulo-300x300.png 300w, https:\/\/bodegaoutdoor.cl\/store\/wp-content\/uploads\/2024\/11\/Sin-titulo-150x150.png 150w, https:\/\/bodegaoutdoor.cl\/store\/wp-content\/uploads\/2024\/11\/Sin-titulo-100x100.png 100w, https:\/\/bodegaoutdoor.cl\/store\/wp-content\/uploads\/2024\/11\/Sin-titulo-50x50.png 50w\" sizes=\"(max-width: 158px) 100vw, 158px\" \/>                                    <\/a>\n                                                                        <a class=\"product-title\" href=\"https:\/\/bodegaoutdoor.cl\/store\/product\/termo-1-litro-1000ml-de-doble-pared-al-vacio-liviano\/\">Termo 1 Litro \/ 1000ml, de doble pared al vac\u00edo Liviano<\/a>\n                                    <span class=\"price\">\n                                        <del aria-hidden=\"true\"><span class=\"woocommerce-Price-amount amount\"><bdi><span class=\"woocommerce-Price-currencySymbol\" translate=\"no\">$<\/span>19,990<\/bdi><\/span><\/del> <span class=\"screen-reader-text\">El precio original era: $19,990.<\/span><ins aria-hidden=\"true\"><span class=\"woocommerce-Price-amount amount\"><bdi><span class=\"woocommerce-Price-currencySymbol\" translate=\"no\">$<\/span>9,990<\/bdi><\/span><\/ins><span class=\"screen-reader-text\">El precio actual es: $9,990.<\/span>                                    <\/span>\n                                <\/div>\n                                                            <div class=\"xs-product-category swiper-slide\">\n                                                                        <a class=\"xs_product_img_link\" href=\"https:\/\/bodegaoutdoor.cl\/store\/product\/chaqueta-tactica-de-polar-con-capucha\/\">\n                                        <img loading=\"lazy\" decoding=\"async\" width=\"158\" height=\"158\" src=\"https:\/\/bodegaoutdoor.cl\/store\/wp-content\/uploads\/2024\/07\/polar-tactico-2-300x300.png\" class=\"attachment-158x158 size-158x158\" alt=\"Chaqueta Tactica De Polar Con Capucha\" srcset=\"https:\/\/bodegaoutdoor.cl\/store\/wp-content\/uploads\/2024\/07\/polar-tactico-2-300x300.png 300w, https:\/\/bodegaoutdoor.cl\/store\/wp-content\/uploads\/2024\/07\/polar-tactico-2-150x150.png 150w, https:\/\/bodegaoutdoor.cl\/store\/wp-content\/uploads\/2024\/07\/polar-tactico-2-100x100.png 100w, https:\/\/bodegaoutdoor.cl\/store\/wp-content\/uploads\/2024\/07\/polar-tactico-2-50x50.png 50w\" sizes=\"(max-width: 158px) 100vw, 158px\" \/>                                    <\/a>\n                                                                        <a class=\"product-title\" href=\"https:\/\/bodegaoutdoor.cl\/store\/product\/chaqueta-tactica-de-polar-con-capucha\/\">Chaqueta Tactica De Polar Con Capucha<\/a>\n                                    <span class=\"price\">\n                                        <del aria-hidden=\"true\"><span class=\"woocommerce-Price-amount amount\"><bdi><span class=\"woocommerce-Price-currencySymbol\" translate=\"no\">$<\/span>99,990<\/bdi><\/span><\/del> <span class=\"screen-reader-text\">El precio original era: $99,990.<\/span><ins aria-hidden=\"true\"><span class=\"woocommerce-Price-amount amount\"><bdi><span class=\"woocommerce-Price-currencySymbol\" translate=\"no\">$<\/span>59,990<\/bdi><\/span><\/ins><span class=\"screen-reader-text\">El precio actual es: $59,990.<\/span>                                    <\/span>\n                                <\/div>\n                                                            <div class=\"xs-product-category swiper-slide\">\n                                                                        <a class=\"xs_product_img_link\" href=\"https:\/\/bodegaoutdoor.cl\/store\/product\/poston-800-balines-metalicos-bbs-calibre-4-5mm-para-pistola\/\">\n                                        <img loading=\"lazy\" decoding=\"async\" width=\"158\" height=\"158\" src=\"https:\/\/bodegaoutdoor.cl\/store\/wp-content\/uploads\/2024\/03\/39ba0a91-2955-48c8-865f-e91e06e6403a-300x300.jpg\" class=\"attachment-158x158 size-158x158\" alt=\"Poston 800 Balines Metalicos Bbs Calibre 4.5mm Para Pistola\" srcset=\"https:\/\/bodegaoutdoor.cl\/store\/wp-content\/uploads\/2024\/03\/39ba0a91-2955-48c8-865f-e91e06e6403a-300x300.jpg 300w, https:\/\/bodegaoutdoor.cl\/store\/wp-content\/uploads\/2024\/03\/39ba0a91-2955-48c8-865f-e91e06e6403a-150x150.jpg 150w, https:\/\/bodegaoutdoor.cl\/store\/wp-content\/uploads\/2024\/03\/39ba0a91-2955-48c8-865f-e91e06e6403a-100x100.jpg 100w, https:\/\/bodegaoutdoor.cl\/store\/wp-content\/uploads\/2024\/03\/39ba0a91-2955-48c8-865f-e91e06e6403a-50x50.jpg 50w\" sizes=\"(max-width: 158px) 100vw, 158px\" \/>                                    <\/a>\n                                                                        <a class=\"product-title\" href=\"https:\/\/bodegaoutdoor.cl\/store\/product\/poston-800-balines-metalicos-bbs-calibre-4-5mm-para-pistola\/\">Poston 800 Balines Metalicos Bbs Calibre 4.5mm Para Pistola<\/a>\n                                    <span class=\"price\">\n                                        <del aria-hidden=\"true\"><span class=\"woocommerce-Price-amount amount\"><bdi><span class=\"woocommerce-Price-currencySymbol\" translate=\"no\">$<\/span>8,000<\/bdi><\/span><\/del> <span class=\"screen-reader-text\">El precio original era: $8,000.<\/span><ins aria-hidden=\"true\"><span class=\"woocommerce-Price-amount amount\"><bdi><span class=\"woocommerce-Price-currencySymbol\" translate=\"no\">$<\/span>6,000<\/bdi><\/span><\/ins><span class=\"screen-reader-text\">El precio actual es: $6,000.<\/span>                                    <\/span>\n                                <\/div>\n                                                            <div class=\"xs-product-category swiper-slide\">\n                                                                        <a class=\"xs_product_img_link\" href=\"https:\/\/bodegaoutdoor.cl\/store\/product\/bolsa-de-balines-trazadores-luminosos-para-airsoft-0-25g\/\">\n                                        <img loading=\"lazy\" decoding=\"async\" width=\"158\" height=\"158\" src=\"https:\/\/bodegaoutdoor.cl\/store\/wp-content\/uploads\/2024\/03\/5878c152-cb03-438b-812d-d1c70d5d8557-300x300.jpg\" class=\"attachment-158x158 size-158x158\" alt=\"Bolsa De Balines Trazadores Luminosos Para Airsoft 0.25g\" srcset=\"https:\/\/bodegaoutdoor.cl\/store\/wp-content\/uploads\/2024\/03\/5878c152-cb03-438b-812d-d1c70d5d8557-300x300.jpg 300w, https:\/\/bodegaoutdoor.cl\/store\/wp-content\/uploads\/2024\/03\/5878c152-cb03-438b-812d-d1c70d5d8557-150x150.jpg 150w, https:\/\/bodegaoutdoor.cl\/store\/wp-content\/uploads\/2024\/03\/5878c152-cb03-438b-812d-d1c70d5d8557-100x100.jpg 100w, https:\/\/bodegaoutdoor.cl\/store\/wp-content\/uploads\/2024\/03\/5878c152-cb03-438b-812d-d1c70d5d8557-50x50.jpg 50w\" sizes=\"(max-width: 158px) 100vw, 158px\" \/>                                    <\/a>\n                                                                        <a class=\"product-title\" href=\"https:\/\/bodegaoutdoor.cl\/store\/product\/bolsa-de-balines-trazadores-luminosos-para-airsoft-0-25g\/\">Bolsa De Balines Trazadores Luminosos Para Airsoft 0.25g<\/a>\n                                    <span class=\"price\">\n                                        <del aria-hidden=\"true\"><span class=\"woocommerce-Price-amount amount\"><bdi><span class=\"woocommerce-Price-currencySymbol\" translate=\"no\">$<\/span>15,000<\/bdi><\/span><\/del> <span class=\"screen-reader-text\">El precio original era: $15,000.<\/span><ins aria-hidden=\"true\"><span class=\"woocommerce-Price-amount amount\"><bdi><span class=\"woocommerce-Price-currencySymbol\" translate=\"no\">$<\/span>12,500<\/bdi><\/span><\/ins><span class=\"screen-reader-text\">El precio actual es: $12,500.<\/span>                                    <\/span>\n                                <\/div>\n                                                            <div class=\"xs-product-category swiper-slide\">\n                                                                        <a class=\"xs_product_img_link\" href=\"https:\/\/bodegaoutdoor.cl\/store\/product\/silla-plegable-de-camping-grande\/\">\n                                        <img loading=\"lazy\" decoding=\"async\" width=\"158\" height=\"158\" src=\"https:\/\/bodegaoutdoor.cl\/store\/wp-content\/uploads\/2024\/03\/30-87-b-600x525-1-300x300.png\" class=\"attachment-158x158 size-158x158\" alt=\"Silla Plegable De Camping Grande\" srcset=\"https:\/\/bodegaoutdoor.cl\/store\/wp-content\/uploads\/2024\/03\/30-87-b-600x525-1-300x300.png 300w, https:\/\/bodegaoutdoor.cl\/store\/wp-content\/uploads\/2024\/03\/30-87-b-600x525-1-150x150.png 150w, https:\/\/bodegaoutdoor.cl\/store\/wp-content\/uploads\/2024\/03\/30-87-b-600x525-1-100x100.png 100w, https:\/\/bodegaoutdoor.cl\/store\/wp-content\/uploads\/2024\/03\/30-87-b-600x525-1-50x50.png 50w\" sizes=\"(max-width: 158px) 100vw, 158px\" \/>                                    <\/a>\n                                                                        <a class=\"product-title\" href=\"https:\/\/bodegaoutdoor.cl\/store\/product\/silla-plegable-de-camping-grande\/\">Silla Plegable De Camping Grande<\/a>\n                                    <span class=\"price\">\n                                        <del aria-hidden=\"true\"><span class=\"woocommerce-Price-amount amount\"><bdi><span class=\"woocommerce-Price-currencySymbol\" translate=\"no\">$<\/span>19,990<\/bdi><\/span><\/del> <span class=\"screen-reader-text\">El precio original era: $19,990.<\/span><ins aria-hidden=\"true\"><span class=\"woocommerce-Price-amount amount\"><bdi><span class=\"woocommerce-Price-currencySymbol\" translate=\"no\">$<\/span>14,990<\/bdi><\/span><\/ins><span class=\"screen-reader-text\">El precio actual es: $14,990.<\/span>                                    <\/span>\n                                <\/div>\n                                                            <div class=\"xs-product-category swiper-slide\">\n                                                                        <a class=\"xs_product_img_link\" href=\"https:\/\/bodegaoutdoor.cl\/store\/product\/cunas-de-camping-plegables-al-aire-libre-para-adultos-cama-ligera-y-duradera-para-dormir-portatil-y-resistente-con-bolsa-de-transporte\/\">\n                                        <img loading=\"lazy\" decoding=\"async\" width=\"158\" height=\"158\" src=\"https:\/\/bodegaoutdoor.cl\/store\/wp-content\/uploads\/2023\/12\/81073-fkh1or-300x300.jpg\" class=\"attachment-158x158 size-158x158\" alt=\"cama de Camping plegable ligera y duradera para dormir, port\u00e1til\" srcset=\"https:\/\/bodegaoutdoor.cl\/store\/wp-content\/uploads\/2023\/12\/81073-fkh1or-300x300.jpg 300w, https:\/\/bodegaoutdoor.cl\/store\/wp-content\/uploads\/2023\/12\/81073-fkh1or-150x150.jpg 150w, https:\/\/bodegaoutdoor.cl\/store\/wp-content\/uploads\/2023\/12\/81073-fkh1or-600x600.jpg 600w, https:\/\/bodegaoutdoor.cl\/store\/wp-content\/uploads\/2023\/12\/81073-fkh1or-100x100.jpg 100w, https:\/\/bodegaoutdoor.cl\/store\/wp-content\/uploads\/2023\/12\/81073-fkh1or-50x50.jpg 50w, https:\/\/bodegaoutdoor.cl\/store\/wp-content\/uploads\/2023\/12\/81073-fkh1or.jpg 750w\" sizes=\"(max-width: 158px) 100vw, 158px\" \/>                                    <\/a>\n                                                                        <a class=\"product-title\" href=\"https:\/\/bodegaoutdoor.cl\/store\/product\/cunas-de-camping-plegables-al-aire-libre-para-adultos-cama-ligera-y-duradera-para-dormir-portatil-y-resistente-con-bolsa-de-transporte\/\">cama de Camping plegable ligera y duradera para dormir, port\u00e1til<\/a>\n                                    <span class=\"price\">\n                                        <del aria-hidden=\"true\"><span class=\"woocommerce-Price-amount amount\"><bdi><span class=\"woocommerce-Price-currencySymbol\" translate=\"no\">$<\/span>99,990<\/bdi><\/span><\/del> <span class=\"screen-reader-text\">El precio original era: $99,990.<\/span><ins aria-hidden=\"true\"><span class=\"woocommerce-Price-amount amount\"><bdi><span class=\"woocommerce-Price-currencySymbol\" translate=\"no\">$<\/span>49,990<\/bdi><\/span><\/ins><span class=\"screen-reader-text\">El precio actual es: $49,990.<\/span>                                    <\/span>\n                                <\/div>\n                                                <\/div>\n                    <div class=\"swiper-pagination\"><\/div>\n                <\/div>\n            <\/div>\n                                <div class=\"tab-pane fade \" id=\"xs-tabs-64791-1\">\n                <div class=\"xs-tab-slider-6-col swiper tab-slider-center\">\n                    <div class=\"swiper-wrapper\">\n                                            <\/div>\n                    <div class=\"swiper-pagination\"><\/div>\n                <\/div>\n            <\/div>\n                                <div class=\"tab-pane fade \" id=\"xs-tabs-64791-2\">\n                <div class=\"xs-tab-slider-6-col swiper tab-slider-center\">\n                    <div class=\"swiper-wrapper\">\n                                                        <div class=\"xs-product-category swiper-slide\">\n                                                                        <a class=\"xs_product_img_link\" href=\"https:\/\/bodegaoutdoor.cl\/store\/product\/cinturon-corrector-postura-espalda-ajustable-clavicula-columna-vertebral-correccion-postura-lumbar\/\">\n                                        <img loading=\"lazy\" decoding=\"async\" width=\"158\" height=\"158\" src=\"https:\/\/bodegaoutdoor.cl\/store\/wp-content\/uploads\/2020\/12\/22093-eq17cf-300x300.jpg\" class=\"attachment-158x158 size-158x158\" alt=\"Cintur\u00f3n Corrector postura espalda ajustable clav\u00edcula columna vertebral correcci\u00f3n postura Lumbar\" srcset=\"https:\/\/bodegaoutdoor.cl\/store\/wp-content\/uploads\/2020\/12\/22093-eq17cf-300x300.jpg 300w, https:\/\/bodegaoutdoor.cl\/store\/wp-content\/uploads\/2020\/12\/22093-eq17cf-100x100.jpg 100w, https:\/\/bodegaoutdoor.cl\/store\/wp-content\/uploads\/2020\/12\/22093-eq17cf-600x600.jpg 600w, https:\/\/bodegaoutdoor.cl\/store\/wp-content\/uploads\/2020\/12\/22093-eq17cf-150x150.jpg 150w, https:\/\/bodegaoutdoor.cl\/store\/wp-content\/uploads\/2020\/12\/22093-eq17cf-768x768.jpg 768w, https:\/\/bodegaoutdoor.cl\/store\/wp-content\/uploads\/2020\/12\/22093-eq17cf.jpg 800w\" sizes=\"(max-width: 158px) 100vw, 158px\" \/>                                    <\/a>\n                                                                        <a class=\"product-title\" href=\"https:\/\/bodegaoutdoor.cl\/store\/product\/cinturon-corrector-postura-espalda-ajustable-clavicula-columna-vertebral-correccion-postura-lumbar\/\">Cintur\u00f3n Corrector postura espalda ajustable clav\u00edcula columna vertebral correcci\u00f3n postura Lumbar<\/a>\n                                    <span class=\"price\">\n                                        <del aria-hidden=\"true\"><span class=\"woocommerce-Price-amount amount\"><bdi><span class=\"woocommerce-Price-currencySymbol\" translate=\"no\">$<\/span>29,990<\/bdi><\/span><\/del> <span class=\"screen-reader-text\">El precio original era: $29,990.<\/span><ins aria-hidden=\"true\"><span class=\"woocommerce-Price-amount amount\"><bdi><span class=\"woocommerce-Price-currencySymbol\" translate=\"no\">$<\/span>17,990<\/bdi><\/span><\/ins><span class=\"screen-reader-text\">El precio actual es: $17,990.<\/span>                                    <\/span>\n                                <\/div>\n                                                            <div class=\"xs-product-category swiper-slide\">\n                                                                        <a class=\"xs_product_img_link\" href=\"https:\/\/bodegaoutdoor.cl\/store\/product\/lentes-polarizados-vintage-driving-travel-fishing-classic-outdoor\/\">\n                                        <img loading=\"lazy\" decoding=\"async\" width=\"158\" height=\"158\" src=\"https:\/\/bodegaoutdoor.cl\/store\/wp-content\/uploads\/2021\/02\/29480-17w8xd-300x300.jpg\" class=\"attachment-158x158 size-158x158\" alt=\"Lentes Polarizados Vintage Driving Travel Fishing Classic Outdoor\" srcset=\"https:\/\/bodegaoutdoor.cl\/store\/wp-content\/uploads\/2021\/02\/29480-17w8xd-300x300.jpg 300w, https:\/\/bodegaoutdoor.cl\/store\/wp-content\/uploads\/2021\/02\/29480-17w8xd-100x100.jpg 100w, https:\/\/bodegaoutdoor.cl\/store\/wp-content\/uploads\/2021\/02\/29480-17w8xd-600x600.jpg 600w, https:\/\/bodegaoutdoor.cl\/store\/wp-content\/uploads\/2021\/02\/29480-17w8xd-150x150.jpg 150w, https:\/\/bodegaoutdoor.cl\/store\/wp-content\/uploads\/2021\/02\/29480-17w8xd-768x768.jpg 768w, https:\/\/bodegaoutdoor.cl\/store\/wp-content\/uploads\/2021\/02\/29480-17w8xd.jpg 800w\" sizes=\"(max-width: 158px) 100vw, 158px\" \/>                                    <\/a>\n                                                                        <a class=\"product-title\" href=\"https:\/\/bodegaoutdoor.cl\/store\/product\/lentes-polarizados-vintage-driving-travel-fishing-classic-outdoor\/\">Lentes Polarizados Vintage Driving Travel Fishing Classic Outdoor<\/a>\n                                    <span class=\"price\">\n                                        <del aria-hidden=\"true\"><span class=\"woocommerce-Price-amount amount\"><bdi><span class=\"woocommerce-Price-currencySymbol\" translate=\"no\">$<\/span>14,990<\/bdi><\/span><\/del> <span class=\"screen-reader-text\">El precio original era: $14,990.<\/span><ins aria-hidden=\"true\"><span class=\"woocommerce-Price-amount amount\"><bdi><span class=\"woocommerce-Price-currencySymbol\" translate=\"no\">$<\/span>11,990<\/bdi><\/span><\/ins><span class=\"screen-reader-text\">El precio actual es: $11,990.<\/span>                                    <\/span>\n                                <\/div>\n                                                            <div class=\"xs-product-category swiper-slide\">\n                                                                        <a class=\"xs_product_img_link\" href=\"https:\/\/bodegaoutdoor.cl\/store\/product\/lemfo-reloj-inteligente-iwo-14-pro-hw67-reloj-inteligente-hombre-llamada-bluetooth-nfc-imagen-de-la-esfera-personalizada-presion-arterial-frecuencia-cardiaca-reloj-inteligente-mujer-smartwatch-soporte\/\">\n                                        <img loading=\"lazy\" decoding=\"async\" width=\"158\" height=\"158\" src=\"https:\/\/bodegaoutdoor.cl\/store\/wp-content\/uploads\/2022\/06\/58305-5tjyqv-300x300.jpg\" class=\"attachment-158x158 size-158x158\" alt=\"Lemfo-reloj inteligente Iwo 14 Pro HW67 reloj inteligente hombre Llamada Bluetooth NFC Imagen de la esfera personalizada Presi\u00f3n arterial Frecuencia card\u00edaca reloj inteligente mujer smartwatch Soporte para  Android Ios\" srcset=\"https:\/\/bodegaoutdoor.cl\/store\/wp-content\/uploads\/2022\/06\/58305-5tjyqv-300x300.jpg 300w, https:\/\/bodegaoutdoor.cl\/store\/wp-content\/uploads\/2022\/06\/58305-5tjyqv-100x100.jpg 100w, https:\/\/bodegaoutdoor.cl\/store\/wp-content\/uploads\/2022\/06\/58305-5tjyqv-600x600.jpg 600w, https:\/\/bodegaoutdoor.cl\/store\/wp-content\/uploads\/2022\/06\/58305-5tjyqv-150x150.jpg 150w, https:\/\/bodegaoutdoor.cl\/store\/wp-content\/uploads\/2022\/06\/58305-5tjyqv-768x768.jpg 768w, https:\/\/bodegaoutdoor.cl\/store\/wp-content\/uploads\/2022\/06\/58305-5tjyqv.jpg 1200w\" sizes=\"(max-width: 158px) 100vw, 158px\" \/>                                    <\/a>\n                                                                        <a class=\"product-title\" href=\"https:\/\/bodegaoutdoor.cl\/store\/product\/lemfo-reloj-inteligente-iwo-14-pro-hw67-reloj-inteligente-hombre-llamada-bluetooth-nfc-imagen-de-la-esfera-personalizada-presion-arterial-frecuencia-cardiaca-reloj-inteligente-mujer-smartwatch-soporte\/\">Lemfo-reloj inteligente Iwo 14 Pro HW67 reloj inteligente hombre Llamada Bluetooth NFC Imagen de la esfera personalizada Presi\u00f3n arterial Frecuencia card\u00edaca reloj inteligente mujer smartwatch Soporte para  Android Ios<\/a>\n                                    <span class=\"price\">\n                                        <span class=\"woocommerce-Price-amount amount\"><bdi><span class=\"woocommerce-Price-currencySymbol\" translate=\"no\">$<\/span>49,990<\/bdi><\/span>                                    <\/span>\n                                <\/div>\n                                                            <div class=\"xs-product-category swiper-slide\">\n                                                                        <a class=\"xs_product_img_link\" href=\"https:\/\/bodegaoutdoor.cl\/store\/product\/gafas-para-ciclismo-para-motocicletas-lentes-para-correr-deportes-de-pesca-ciclismo\/\">\n                                        <img loading=\"lazy\" decoding=\"async\" width=\"158\" height=\"158\" src=\"https:\/\/bodegaoutdoor.cl\/store\/wp-content\/uploads\/2020\/11\/20963-o6ob61-300x300.jpg\" class=\"attachment-158x158 size-158x158\" alt=\"Gafas para ciclismo para motocicletas, Lentes para correr, deportes de pesca, ciclismo\" srcset=\"https:\/\/bodegaoutdoor.cl\/store\/wp-content\/uploads\/2020\/11\/20963-o6ob61-300x300.jpg 300w, https:\/\/bodegaoutdoor.cl\/store\/wp-content\/uploads\/2020\/11\/20963-o6ob61-100x100.jpg 100w, https:\/\/bodegaoutdoor.cl\/store\/wp-content\/uploads\/2020\/11\/20963-o6ob61-600x600.jpg 600w, https:\/\/bodegaoutdoor.cl\/store\/wp-content\/uploads\/2020\/11\/20963-o6ob61-150x150.jpg 150w, https:\/\/bodegaoutdoor.cl\/store\/wp-content\/uploads\/2020\/11\/20963-o6ob61-768x768.jpg 768w, https:\/\/bodegaoutdoor.cl\/store\/wp-content\/uploads\/2020\/11\/20963-o6ob61.jpg 800w\" sizes=\"(max-width: 158px) 100vw, 158px\" \/>                                    <\/a>\n                                                                        <a class=\"product-title\" href=\"https:\/\/bodegaoutdoor.cl\/store\/product\/gafas-para-ciclismo-para-motocicletas-lentes-para-correr-deportes-de-pesca-ciclismo\/\">Gafas para ciclismo para motocicletas, Lentes para correr, deportes de pesca, ciclismo<\/a>\n                                    <span class=\"price\">\n                                        <span class=\"woocommerce-Price-amount amount\" aria-hidden=\"true\"><bdi><span class=\"woocommerce-Price-currencySymbol\" translate=\"no\">$<\/span>34,990<\/bdi><\/span> <span aria-hidden=\"true\">-<\/span> <span class=\"woocommerce-Price-amount amount\" aria-hidden=\"true\"><bdi><span class=\"woocommerce-Price-currencySymbol\" translate=\"no\">$<\/span>39,990<\/bdi><\/span><span class=\"screen-reader-text\">Rango de precios: desde $34,990 hasta $39,990<\/span>                                    <\/span>\n                                <\/div>\n                                                            <div class=\"xs-product-category swiper-slide\">\n                                                                        <a class=\"xs_product_img_link\" href=\"https:\/\/bodegaoutdoor.cl\/store\/product\/calcetines-deportivos-profesionales-para-hombre-y-mujer-medias-transpirables-para-escalada-senderismo-caminar-y-correr\/\">\n                                        <img loading=\"lazy\" decoding=\"async\" width=\"158\" height=\"158\" src=\"https:\/\/bodegaoutdoor.cl\/store\/wp-content\/uploads\/2021\/09\/47822-rivyk2-300x300.jpg\" class=\"attachment-158x158 size-158x158\" alt=\"Calcetines deportivos profesionales para hombre y mujer, medias transpirables para escalada, senderismo deportes\" srcset=\"https:\/\/bodegaoutdoor.cl\/store\/wp-content\/uploads\/2021\/09\/47822-rivyk2-300x300.jpg 300w, https:\/\/bodegaoutdoor.cl\/store\/wp-content\/uploads\/2021\/09\/47822-rivyk2-100x100.jpg 100w, https:\/\/bodegaoutdoor.cl\/store\/wp-content\/uploads\/2021\/09\/47822-rivyk2-600x600.jpg 600w, https:\/\/bodegaoutdoor.cl\/store\/wp-content\/uploads\/2021\/09\/47822-rivyk2-150x150.jpg 150w, https:\/\/bodegaoutdoor.cl\/store\/wp-content\/uploads\/2021\/09\/47822-rivyk2-768x768.jpg 768w, https:\/\/bodegaoutdoor.cl\/store\/wp-content\/uploads\/2021\/09\/47822-rivyk2.jpg 800w\" sizes=\"(max-width: 158px) 100vw, 158px\" \/>                                    <\/a>\n                                                                        <a class=\"product-title\" href=\"https:\/\/bodegaoutdoor.cl\/store\/product\/calcetines-deportivos-profesionales-para-hombre-y-mujer-medias-transpirables-para-escalada-senderismo-caminar-y-correr\/\">Calcetines deportivos profesionales para hombre y mujer, medias transpirables para escalada, senderismo deportes<\/a>\n                                    <span class=\"price\">\n                                        <del aria-hidden=\"true\"><span class=\"woocommerce-Price-amount amount\"><bdi><span class=\"woocommerce-Price-currencySymbol\" translate=\"no\">$<\/span>19,990<\/bdi><\/span><\/del> <span class=\"screen-reader-text\">El precio original era: $19,990.<\/span><ins aria-hidden=\"true\"><span class=\"woocommerce-Price-amount amount\"><bdi><span class=\"woocommerce-Price-currencySymbol\" translate=\"no\">$<\/span>9,990<\/bdi><\/span><\/ins><span class=\"screen-reader-text\">El precio actual es: $9,990.<\/span>                                    <\/span>\n                                <\/div>\n                                                            <div class=\"xs-product-category swiper-slide\">\n                                                                        <a class=\"xs_product_img_link\" href=\"https:\/\/bodegaoutdoor.cl\/store\/product\/gafas-de-sol-polarizadas-aoron-para-hombre-y-mujer-gafas-de-sol-clasicas-con-espejo-para-conducir-al-aire-libre-para-hombre-gafas-con-armazon-de-metal-uv400\/\">\n                                        <img loading=\"lazy\" decoding=\"async\" width=\"158\" height=\"158\" src=\"https:\/\/bodegaoutdoor.cl\/store\/wp-content\/uploads\/2020\/08\/9844-hi20fd-300x300.jpg\" class=\"attachment-158x158 size-158x158\" alt=\"Gafas de sol polarizadas Aoron para unisex, outdoor con armaz\u00f3n de Metal UV400\" srcset=\"https:\/\/bodegaoutdoor.cl\/store\/wp-content\/uploads\/2020\/08\/9844-hi20fd-300x300.jpg 300w, https:\/\/bodegaoutdoor.cl\/store\/wp-content\/uploads\/2020\/08\/9844-hi20fd-100x100.jpg 100w, https:\/\/bodegaoutdoor.cl\/store\/wp-content\/uploads\/2020\/08\/9844-hi20fd-600x600.jpg 600w, https:\/\/bodegaoutdoor.cl\/store\/wp-content\/uploads\/2020\/08\/9844-hi20fd-150x150.jpg 150w, https:\/\/bodegaoutdoor.cl\/store\/wp-content\/uploads\/2020\/08\/9844-hi20fd-768x768.jpg 768w, https:\/\/bodegaoutdoor.cl\/store\/wp-content\/uploads\/2020\/08\/9844-hi20fd.jpg 800w\" sizes=\"(max-width: 158px) 100vw, 158px\" \/>                                    <\/a>\n                                                                        <a class=\"product-title\" href=\"https:\/\/bodegaoutdoor.cl\/store\/product\/gafas-de-sol-polarizadas-aoron-para-hombre-y-mujer-gafas-de-sol-clasicas-con-espejo-para-conducir-al-aire-libre-para-hombre-gafas-con-armazon-de-metal-uv400\/\">Gafas de sol polarizadas Aoron para unisex, outdoor con armaz\u00f3n de Metal UV400<\/a>\n                                    <span class=\"price\">\n                                        <del aria-hidden=\"true\"><span class=\"woocommerce-Price-amount amount\"><bdi><span class=\"woocommerce-Price-currencySymbol\" translate=\"no\">$<\/span>24,990<\/bdi><\/span><\/del> <span class=\"screen-reader-text\">El precio original era: $24,990.<\/span><ins aria-hidden=\"true\"><span class=\"woocommerce-Price-amount amount\"><bdi><span class=\"woocommerce-Price-currencySymbol\" translate=\"no\">$<\/span>19,990<\/bdi><\/span><\/ins><span class=\"screen-reader-text\">El precio actual es: $19,990.<\/span>                                    <\/span>\n                                <\/div>\n                                                            <div class=\"xs-product-category swiper-slide\">\n                                                                        <a class=\"xs_product_img_link\" href=\"https:\/\/bodegaoutdoor.cl\/store\/product\/mrerdith-senuelo-iscas-de-senuelos-pesca-jerk-minnow-100f-14g-wobbler-flotante-24-colores-cebo-duro-calidad-profesional-depth0-8-10m-isca-artificial-frete-gratis-black-minnow\/\">\n                                        <img loading=\"lazy\" decoding=\"async\" width=\"158\" height=\"158\" src=\"https:\/\/bodegaoutdoor.cl\/store\/wp-content\/uploads\/2022\/01\/52490-zcljgq-300x300.jpg\" class=\"attachment-158x158 size-158x158\" alt=\"MRERDITH-se\u00f1uelo iscas de se\u00f1uelos pesca JERK MINNOW 100F 14g, Wobbler flotante, 24 colores, cebo duro, calidad profesional Depth0.8-1,0m isca artificial frete gratis black minnow\" srcset=\"https:\/\/bodegaoutdoor.cl\/store\/wp-content\/uploads\/2022\/01\/52490-zcljgq-300x300.jpg 300w, https:\/\/bodegaoutdoor.cl\/store\/wp-content\/uploads\/2022\/01\/52490-zcljgq-100x100.jpg 100w, https:\/\/bodegaoutdoor.cl\/store\/wp-content\/uploads\/2022\/01\/52490-zcljgq-600x600.jpg 600w, https:\/\/bodegaoutdoor.cl\/store\/wp-content\/uploads\/2022\/01\/52490-zcljgq-150x150.jpg 150w, https:\/\/bodegaoutdoor.cl\/store\/wp-content\/uploads\/2022\/01\/52490-zcljgq-768x768.jpg 768w, https:\/\/bodegaoutdoor.cl\/store\/wp-content\/uploads\/2022\/01\/52490-zcljgq.jpg 800w\" sizes=\"(max-width: 158px) 100vw, 158px\" \/>                                    <\/a>\n                                                                        <a class=\"product-title\" href=\"https:\/\/bodegaoutdoor.cl\/store\/product\/mrerdith-senuelo-iscas-de-senuelos-pesca-jerk-minnow-100f-14g-wobbler-flotante-24-colores-cebo-duro-calidad-profesional-depth0-8-10m-isca-artificial-frete-gratis-black-minnow\/\">MRERDITH-se\u00f1uelo iscas de se\u00f1uelos pesca JERK MINNOW 100F 14g, Wobbler flotante, 24 colores, cebo duro, calidad profesional Depth0.8-1,0m isca artificial frete gratis black minnow<\/a>\n                                    <span class=\"price\">\n                                        <span class=\"woocommerce-Price-amount amount\"><bdi><span class=\"woocommerce-Price-currencySymbol\" translate=\"no\">$<\/span>5,990<\/bdi><\/span>                                    <\/span>\n                                <\/div>\n                                                            <div class=\"xs-product-category swiper-slide\">\n                                                                        <a class=\"xs_product_img_link\" href=\"https:\/\/bodegaoutdoor.cl\/store\/product\/strava-conjuntos-de-camisetas-y-pantalones-cortos-de-ciclismo-color-rojo-verde-fluorescente-maillot-de-ciclismo\/\">\n                                        <img loading=\"lazy\" decoding=\"async\" width=\"158\" height=\"158\" src=\"https:\/\/bodegaoutdoor.cl\/store\/wp-content\/uploads\/2021\/09\/48062-xcf2js-300x300.jpg\" class=\"attachment-158x158 size-158x158\" alt=\"STRAVA-Conjunto de camisetas y pantalones cortos de ciclismo, color rojo, verde fluorescente, maillot de ciclismo\" srcset=\"https:\/\/bodegaoutdoor.cl\/store\/wp-content\/uploads\/2021\/09\/48062-xcf2js-300x300.jpg 300w, https:\/\/bodegaoutdoor.cl\/store\/wp-content\/uploads\/2021\/09\/48062-xcf2js-100x100.jpg 100w, https:\/\/bodegaoutdoor.cl\/store\/wp-content\/uploads\/2021\/09\/48062-xcf2js-600x600.jpg 600w, https:\/\/bodegaoutdoor.cl\/store\/wp-content\/uploads\/2021\/09\/48062-xcf2js-150x150.jpg 150w, https:\/\/bodegaoutdoor.cl\/store\/wp-content\/uploads\/2021\/09\/48062-xcf2js-768x768.jpg 768w, https:\/\/bodegaoutdoor.cl\/store\/wp-content\/uploads\/2021\/09\/48062-xcf2js.jpg 900w\" sizes=\"(max-width: 158px) 100vw, 158px\" \/>                                    <\/a>\n                                                                        <a class=\"product-title\" href=\"https:\/\/bodegaoutdoor.cl\/store\/product\/strava-conjuntos-de-camisetas-y-pantalones-cortos-de-ciclismo-color-rojo-verde-fluorescente-maillot-de-ciclismo\/\">STRAVA-Conjunto de camisetas y pantalones cortos de ciclismo, color rojo, verde fluorescente, maillot de ciclismo<\/a>\n                                    <span class=\"price\">\n                                        <span class=\"woocommerce-Price-amount amount\" aria-hidden=\"true\"><bdi><span class=\"woocommerce-Price-currencySymbol\" translate=\"no\">$<\/span>24,990<\/bdi><\/span> <span aria-hidden=\"true\">-<\/span> <span class=\"woocommerce-Price-amount amount\" aria-hidden=\"true\"><bdi><span class=\"woocommerce-Price-currencySymbol\" translate=\"no\">$<\/span>39,990<\/bdi><\/span><span class=\"screen-reader-text\">Rango de precios: desde $24,990 hasta $39,990<\/span>                                    <\/span>\n                                <\/div>\n                                                            <div class=\"xs-product-category swiper-slide\">\n                                                                        <a class=\"xs_product_img_link\" href=\"https:\/\/bodegaoutdoor.cl\/store\/product\/pasamontanas-de-camuflaje-completa-depores-ciclismo-bufanda\/\">\n                                        <img loading=\"lazy\" decoding=\"async\" width=\"158\" height=\"158\" src=\"https:\/\/bodegaoutdoor.cl\/store\/wp-content\/uploads\/2020\/12\/22448-aaufkm-300x300.jpg\" class=\"attachment-158x158 size-158x158\" alt=\"Pasamonta\u00f1as de camuflaje completa, depores, ciclismo,  bufanda\" srcset=\"https:\/\/bodegaoutdoor.cl\/store\/wp-content\/uploads\/2020\/12\/22448-aaufkm-300x300.jpg 300w, https:\/\/bodegaoutdoor.cl\/store\/wp-content\/uploads\/2020\/12\/22448-aaufkm-100x100.jpg 100w, https:\/\/bodegaoutdoor.cl\/store\/wp-content\/uploads\/2020\/12\/22448-aaufkm-600x600.jpg 600w, https:\/\/bodegaoutdoor.cl\/store\/wp-content\/uploads\/2020\/12\/22448-aaufkm-150x150.jpg 150w, https:\/\/bodegaoutdoor.cl\/store\/wp-content\/uploads\/2020\/12\/22448-aaufkm-768x768.jpg 768w, https:\/\/bodegaoutdoor.cl\/store\/wp-content\/uploads\/2020\/12\/22448-aaufkm.jpg 1200w\" sizes=\"(max-width: 158px) 100vw, 158px\" \/>                                    <\/a>\n                                                                        <a class=\"product-title\" href=\"https:\/\/bodegaoutdoor.cl\/store\/product\/pasamontanas-de-camuflaje-completa-depores-ciclismo-bufanda\/\">Pasamonta\u00f1as de camuflaje completa, depores, ciclismo,  bufanda<\/a>\n                                    <span class=\"price\">\n                                        <del aria-hidden=\"true\"><span class=\"woocommerce-Price-amount amount\"><bdi><span class=\"woocommerce-Price-currencySymbol\" translate=\"no\">$<\/span>11,990<\/bdi><\/span><\/del> <span class=\"screen-reader-text\">El precio original era: $11,990.<\/span><ins aria-hidden=\"true\"><span class=\"woocommerce-Price-amount amount\"><bdi><span class=\"woocommerce-Price-currencySymbol\" translate=\"no\">$<\/span>9,990<\/bdi><\/span><\/ins><span class=\"screen-reader-text\">El precio actual es: $9,990.<\/span>                                    <\/span>\n                                <\/div>\n                                                            <div class=\"xs-product-category swiper-slide\">\n                                                                        <a class=\"xs_product_img_link\" href=\"https:\/\/bodegaoutdoor.cl\/store\/product\/shimano-gafas-de-sol-para-hombre-y-mujer-lentes-de-sol-para-ciclismo-al-aire-libre-pesca-conduccion-viajes-se-pueden-equipar-con-estuches-para-gafas\/\">\n                                        <img loading=\"lazy\" decoding=\"async\" width=\"158\" height=\"158\" src=\"https:\/\/bodegaoutdoor.cl\/store\/wp-content\/uploads\/2023\/04\/70209-amjgrq-300x300.jpg\" class=\"attachment-158x158 size-158x158\" alt=\"Shimano-Gafas hombre y mujer, lentes de sol para ciclismo Outdoor, pesca, conducci\u00f3n, viajes\" srcset=\"https:\/\/bodegaoutdoor.cl\/store\/wp-content\/uploads\/2023\/04\/70209-amjgrq-300x300.jpg 300w, https:\/\/bodegaoutdoor.cl\/store\/wp-content\/uploads\/2023\/04\/70209-amjgrq-100x100.jpg 100w, https:\/\/bodegaoutdoor.cl\/store\/wp-content\/uploads\/2023\/04\/70209-amjgrq-600x600.jpg 600w, https:\/\/bodegaoutdoor.cl\/store\/wp-content\/uploads\/2023\/04\/70209-amjgrq-150x150.jpg 150w, https:\/\/bodegaoutdoor.cl\/store\/wp-content\/uploads\/2023\/04\/70209-amjgrq-768x768.jpg 768w, https:\/\/bodegaoutdoor.cl\/store\/wp-content\/uploads\/2023\/04\/70209-amjgrq-350x350.jpg 350w, https:\/\/bodegaoutdoor.cl\/store\/wp-content\/uploads\/2023\/04\/70209-amjgrq.jpg 800w\" sizes=\"(max-width: 158px) 100vw, 158px\" \/>                                    <\/a>\n                                                                        <a class=\"product-title\" href=\"https:\/\/bodegaoutdoor.cl\/store\/product\/shimano-gafas-de-sol-para-hombre-y-mujer-lentes-de-sol-para-ciclismo-al-aire-libre-pesca-conduccion-viajes-se-pueden-equipar-con-estuches-para-gafas\/\">Shimano-Gafas hombre y mujer, lentes de sol para ciclismo Outdoor, pesca, conducci\u00f3n, viajes<\/a>\n                                    <span class=\"price\">\n                                        <del aria-hidden=\"true\"><span class=\"woocommerce-Price-amount amount\"><bdi><span class=\"woocommerce-Price-currencySymbol\" translate=\"no\">$<\/span>39,990<\/bdi><\/span><\/del> <span class=\"screen-reader-text\">El precio original era: $39,990.<\/span><ins aria-hidden=\"true\"><span class=\"woocommerce-Price-amount amount\"><bdi><span class=\"woocommerce-Price-currencySymbol\" translate=\"no\">$<\/span>29,990<\/bdi><\/span><\/ins><span class=\"screen-reader-text\">El precio actual es: $29,990.<\/span>                                    <\/span>\n                                <\/div>\n                                                            <div class=\"xs-product-category swiper-slide\">\n                                                                        <a class=\"xs_product_img_link\" href=\"https:\/\/bodegaoutdoor.cl\/store\/product\/gafas-de-sol-cuadradas-de-clasicas-polarizadas-para-hombre-y-mujer-lentes-de-sol-de-lujo-a-la-moda-antideslumbrantes-para-viajes-y-conduccion-tr90-uv400\/\">\n                                        <img loading=\"lazy\" decoding=\"async\" width=\"158\" height=\"158\" src=\"https:\/\/bodegaoutdoor.cl\/store\/wp-content\/uploads\/2023\/02\/66091-rjm3sj-300x300.jpg\" class=\"attachment-158x158 size-158x158\" alt=\"Gafas de sol cuadradas polarizadas, lentes de sol, para viajes y conducci\u00f3n, TR90, UV400\" srcset=\"https:\/\/bodegaoutdoor.cl\/store\/wp-content\/uploads\/2023\/02\/66091-rjm3sj-300x300.jpg 300w, https:\/\/bodegaoutdoor.cl\/store\/wp-content\/uploads\/2023\/02\/66091-rjm3sj-100x100.jpg 100w, https:\/\/bodegaoutdoor.cl\/store\/wp-content\/uploads\/2023\/02\/66091-rjm3sj-600x600.jpg 600w, https:\/\/bodegaoutdoor.cl\/store\/wp-content\/uploads\/2023\/02\/66091-rjm3sj-150x150.jpg 150w, https:\/\/bodegaoutdoor.cl\/store\/wp-content\/uploads\/2023\/02\/66091-rjm3sj-768x768.jpg 768w, https:\/\/bodegaoutdoor.cl\/store\/wp-content\/uploads\/2023\/02\/66091-rjm3sj-32x32.jpg 32w, https:\/\/bodegaoutdoor.cl\/store\/wp-content\/uploads\/2023\/02\/66091-rjm3sj.jpg 800w\" sizes=\"(max-width: 158px) 100vw, 158px\" \/>                                    <\/a>\n                                                                        <a class=\"product-title\" href=\"https:\/\/bodegaoutdoor.cl\/store\/product\/gafas-de-sol-cuadradas-de-clasicas-polarizadas-para-hombre-y-mujer-lentes-de-sol-de-lujo-a-la-moda-antideslumbrantes-para-viajes-y-conduccion-tr90-uv400\/\">Gafas de sol cuadradas polarizadas, lentes de sol, para viajes y conducci\u00f3n, TR90, UV400<\/a>\n                                    <span class=\"price\">\n                                        <del aria-hidden=\"true\"><span class=\"woocommerce-Price-amount amount\"><bdi><span class=\"woocommerce-Price-currencySymbol\" translate=\"no\">$<\/span>19,990<\/bdi><\/span><\/del> <span class=\"screen-reader-text\">El precio original era: $19,990.<\/span><ins aria-hidden=\"true\"><span class=\"woocommerce-Price-amount amount\"><bdi><span class=\"woocommerce-Price-currencySymbol\" translate=\"no\">$<\/span>14,990<\/bdi><\/span><\/ins><span class=\"screen-reader-text\">El precio actual es: $14,990.<\/span>                                    <\/span>\n                                <\/div>\n                                                            <div class=\"xs-product-category swiper-slide\">\n                                                                        <a class=\"xs_product_img_link\" href=\"https:\/\/bodegaoutdoor.cl\/store\/product\/detalles-acerca-de-gopro-hero-7-negro-12-mega-pixeles-camara-videocamara-4k-impermeable-paquete-de-accion\/\">\n                                        <img loading=\"lazy\" decoding=\"async\" width=\"158\" height=\"158\" src=\"https:\/\/bodegaoutdoor.cl\/store\/wp-content\/uploads\/2020\/08\/10270-hc1ag7-300x300.jpg\" class=\"attachment-158x158 size-158x158\" alt=\"Camara GoPro Hero 7 Negro 12 Mega p\u00edxeles c\u00e1mara Videoc\u00e1mara 4K Impermeable\" srcset=\"https:\/\/bodegaoutdoor.cl\/store\/wp-content\/uploads\/2020\/08\/10270-hc1ag7-300x300.jpg 300w, https:\/\/bodegaoutdoor.cl\/store\/wp-content\/uploads\/2020\/08\/10270-hc1ag7-100x100.jpg 100w, https:\/\/bodegaoutdoor.cl\/store\/wp-content\/uploads\/2020\/08\/10270-hc1ag7-150x150.jpg 150w, https:\/\/bodegaoutdoor.cl\/store\/wp-content\/uploads\/2020\/08\/10270-hc1ag7.jpg 500w\" sizes=\"(max-width: 158px) 100vw, 158px\" \/>                                    <\/a>\n                                                                        <a class=\"product-title\" href=\"https:\/\/bodegaoutdoor.cl\/store\/product\/detalles-acerca-de-gopro-hero-7-negro-12-mega-pixeles-camara-videocamara-4k-impermeable-paquete-de-accion\/\">Camara GoPro Hero 7 Negro 12 Mega p\u00edxeles c\u00e1mara Videoc\u00e1mara 4K Impermeable<\/a>\n                                    <span class=\"price\">\n                                        <del aria-hidden=\"true\"><span class=\"woocommerce-Price-amount amount\"><bdi><span class=\"woocommerce-Price-currencySymbol\" translate=\"no\">$<\/span>399,990<\/bdi><\/span><\/del> <span class=\"screen-reader-text\">El precio original era: $399,990.<\/span><ins aria-hidden=\"true\"><span class=\"woocommerce-Price-amount amount\"><bdi><span class=\"woocommerce-Price-currencySymbol\" translate=\"no\">$<\/span>319,990<\/bdi><\/span><\/ins><span class=\"screen-reader-text\">El precio actual es: $319,990.<\/span>                                    <\/span>\n                                <\/div>\n                                                <\/div>\n                    <div class=\"swiper-pagination\"><\/div>\n                <\/div>\n            <\/div>\n                                <div class=\"tab-pane fade \" id=\"xs-tabs-64791-3\">\n                <div class=\"xs-tab-slider-6-col swiper tab-slider-center\">\n                    <div class=\"swiper-wrapper\">\n                                                        <div class=\"xs-product-category swiper-slide\">\n                                                                        <a class=\"xs_product_img_link\" href=\"https:\/\/bodegaoutdoor.cl\/store\/product\/neumatico-para-enduro-120-100-18-medium-soft\/\">\n                                        <img loading=\"lazy\" decoding=\"async\" width=\"158\" height=\"158\" src=\"https:\/\/bodegaoutdoor.cl\/store\/wp-content\/uploads\/2026\/05\/WhatsApp-Image-2026-05-17-at-17.30.44-300x300.jpeg\" class=\"attachment-158x158 size-158x158\" alt=\"Neumatico para enduro 120\/100\/18 Medium soft\" srcset=\"https:\/\/bodegaoutdoor.cl\/store\/wp-content\/uploads\/2026\/05\/WhatsApp-Image-2026-05-17-at-17.30.44-300x300.jpeg 300w, https:\/\/bodegaoutdoor.cl\/store\/wp-content\/uploads\/2026\/05\/WhatsApp-Image-2026-05-17-at-17.30.44-150x150.jpeg 150w, https:\/\/bodegaoutdoor.cl\/store\/wp-content\/uploads\/2026\/05\/WhatsApp-Image-2026-05-17-at-17.30.44-100x100.jpeg 100w, https:\/\/bodegaoutdoor.cl\/store\/wp-content\/uploads\/2026\/05\/WhatsApp-Image-2026-05-17-at-17.30.44-50x50.jpeg 50w\" sizes=\"(max-width: 158px) 100vw, 158px\" \/>                                    <\/a>\n                                                                        <a class=\"product-title\" href=\"https:\/\/bodegaoutdoor.cl\/store\/product\/neumatico-para-enduro-120-100-18-medium-soft\/\">Neumatico para enduro 120\/100\/18 Medium soft<\/a>\n                                    <span class=\"price\">\n                                        <del aria-hidden=\"true\"><span class=\"woocommerce-Price-amount amount\"><bdi><span class=\"woocommerce-Price-currencySymbol\" translate=\"no\">$<\/span>99,900<\/bdi><\/span><\/del> <span class=\"screen-reader-text\">El precio original era: $99,900.<\/span><ins aria-hidden=\"true\"><span class=\"woocommerce-Price-amount amount\"><bdi><span class=\"woocommerce-Price-currencySymbol\" translate=\"no\">$<\/span>52,990<\/bdi><\/span><\/ins><span class=\"screen-reader-text\">El precio actual es: $52,990.<\/span>                                    <\/span>\n                                <\/div>\n                                                            <div class=\"xs-product-category swiper-slide\">\n                                                                        <a class=\"xs_product_img_link\" href=\"https:\/\/bodegaoutdoor.cl\/store\/product\/kit-de-accesorios-de-pesca-cana-regulable-hasta-2-10m\/\">\n                                        <img loading=\"lazy\" decoding=\"async\" width=\"158\" height=\"158\" src=\"https:\/\/bodegaoutdoor.cl\/store\/wp-content\/uploads\/2025\/01\/F-126__8_-300x300.jpg\" class=\"attachment-158x158 size-158x158\" alt=\"KIT DE ACCESORIOS DE PESCA CA\u00d1A regulable hasta 2.10m\" srcset=\"https:\/\/bodegaoutdoor.cl\/store\/wp-content\/uploads\/2025\/01\/F-126__8_-300x300.jpg 300w, https:\/\/bodegaoutdoor.cl\/store\/wp-content\/uploads\/2025\/01\/F-126__8_-1024x1024.jpg 1024w, https:\/\/bodegaoutdoor.cl\/store\/wp-content\/uploads\/2025\/01\/F-126__8_-150x150.jpg 150w, https:\/\/bodegaoutdoor.cl\/store\/wp-content\/uploads\/2025\/01\/F-126__8_-768x768.jpg 768w, https:\/\/bodegaoutdoor.cl\/store\/wp-content\/uploads\/2025\/01\/F-126__8_-1536x1536.jpg 1536w, https:\/\/bodegaoutdoor.cl\/store\/wp-content\/uploads\/2025\/01\/F-126__8_-2048x2048.jpg 2048w, https:\/\/bodegaoutdoor.cl\/store\/wp-content\/uploads\/2025\/01\/F-126__8_-600x600.jpg 600w, https:\/\/bodegaoutdoor.cl\/store\/wp-content\/uploads\/2025\/01\/F-126__8_-100x100.jpg 100w\" sizes=\"(max-width: 158px) 100vw, 158px\" \/>                                    <\/a>\n                                                                        <a class=\"product-title\" href=\"https:\/\/bodegaoutdoor.cl\/store\/product\/kit-de-accesorios-de-pesca-cana-regulable-hasta-2-10m\/\">KIT DE ACCESORIOS DE PESCA CA\u00d1A regulable hasta 2.10m<\/a>\n                                    <span class=\"price\">\n                                        <del aria-hidden=\"true\"><span class=\"woocommerce-Price-amount amount\"><bdi><span class=\"woocommerce-Price-currencySymbol\" translate=\"no\">$<\/span>35,000<\/bdi><\/span><\/del> <span class=\"screen-reader-text\">El precio original era: $35,000.<\/span><ins aria-hidden=\"true\"><span class=\"woocommerce-Price-amount amount\"><bdi><span class=\"woocommerce-Price-currencySymbol\" translate=\"no\">$<\/span>24,990<\/bdi><\/span><\/ins><span class=\"screen-reader-text\">El precio actual es: $24,990.<\/span>                                    <\/span>\n                                <\/div>\n                                                            <div class=\"xs-product-category swiper-slide\">\n                                                                        <a class=\"xs_product_img_link\" href=\"https:\/\/bodegaoutdoor.cl\/store\/product\/carpa-techo-camping-3x3-metros\/\">\n                                        <img loading=\"lazy\" decoding=\"async\" width=\"158\" height=\"158\" src=\"https:\/\/bodegaoutdoor.cl\/store\/wp-content\/uploads\/2024\/12\/TECHO-3X3-300x300.jpeg\" class=\"attachment-158x158 size-158x158\" alt=\"Carpa Techo Camping 3&#215;3 metros\" srcset=\"https:\/\/bodegaoutdoor.cl\/store\/wp-content\/uploads\/2024\/12\/TECHO-3X3-300x300.jpeg 300w, https:\/\/bodegaoutdoor.cl\/store\/wp-content\/uploads\/2024\/12\/TECHO-3X3-150x150.jpeg 150w, https:\/\/bodegaoutdoor.cl\/store\/wp-content\/uploads\/2024\/12\/TECHO-3X3-768x768.jpeg 768w, https:\/\/bodegaoutdoor.cl\/store\/wp-content\/uploads\/2024\/12\/TECHO-3X3-600x600.jpeg 600w, https:\/\/bodegaoutdoor.cl\/store\/wp-content\/uploads\/2024\/12\/TECHO-3X3-100x100.jpeg 100w, https:\/\/bodegaoutdoor.cl\/store\/wp-content\/uploads\/2024\/12\/TECHO-3X3.jpeg 800w\" sizes=\"(max-width: 158px) 100vw, 158px\" \/>                                    <\/a>\n                                                                        <a class=\"product-title\" href=\"https:\/\/bodegaoutdoor.cl\/store\/product\/carpa-techo-camping-3x3-metros\/\">Carpa Techo Camping 3&#215;3 metros<\/a>\n                                    <span class=\"price\">\n                                        <del aria-hidden=\"true\"><span class=\"woocommerce-Price-amount amount\"><bdi><span class=\"woocommerce-Price-currencySymbol\" translate=\"no\">$<\/span>100,000<\/bdi><\/span><\/del> <span class=\"screen-reader-text\">El precio original era: $100,000.<\/span><ins aria-hidden=\"true\"><span class=\"woocommerce-Price-amount amount\"><bdi><span class=\"woocommerce-Price-currencySymbol\" translate=\"no\">$<\/span>49,990<\/bdi><\/span><\/ins><span class=\"screen-reader-text\">El precio actual es: $49,990.<\/span>                                    <\/span>\n                                <\/div>\n                                                            <div class=\"xs-product-category swiper-slide\">\n                                                                        <a class=\"xs_product_img_link\" href=\"https:\/\/bodegaoutdoor.cl\/store\/product\/gorro-police\/\">\n                                        <img loading=\"lazy\" decoding=\"async\" width=\"158\" height=\"158\" src=\"https:\/\/bodegaoutdoor.cl\/store\/wp-content\/uploads\/2024\/12\/WhatsApp-Image-2024-05-16-at-9.44.56-AM-300x300.jpeg\" class=\"attachment-158x158 size-158x158\" alt=\"GORRO JOCKEY POLICE\" srcset=\"https:\/\/bodegaoutdoor.cl\/store\/wp-content\/uploads\/2024\/12\/WhatsApp-Image-2024-05-16-at-9.44.56-AM-300x300.jpeg 300w, https:\/\/bodegaoutdoor.cl\/store\/wp-content\/uploads\/2024\/12\/WhatsApp-Image-2024-05-16-at-9.44.56-AM-150x150.jpeg 150w, https:\/\/bodegaoutdoor.cl\/store\/wp-content\/uploads\/2024\/12\/WhatsApp-Image-2024-05-16-at-9.44.56-AM-100x100.jpeg 100w\" sizes=\"(max-width: 158px) 100vw, 158px\" \/>                                    <\/a>\n                                                                        <a class=\"product-title\" href=\"https:\/\/bodegaoutdoor.cl\/store\/product\/gorro-police\/\">GORRO JOCKEY POLICE<\/a>\n                                    <span class=\"price\">\n                                        <del aria-hidden=\"true\"><span class=\"woocommerce-Price-amount amount\"><bdi><span class=\"woocommerce-Price-currencySymbol\" translate=\"no\">$<\/span>15,000<\/bdi><\/span><\/del> <span class=\"screen-reader-text\">El precio original era: $15,000.<\/span><ins aria-hidden=\"true\"><span class=\"woocommerce-Price-amount amount\"><bdi><span class=\"woocommerce-Price-currencySymbol\" translate=\"no\">$<\/span>9,990<\/bdi><\/span><\/ins><span class=\"screen-reader-text\">El precio actual es: $9,990.<\/span>                                    <\/span>\n                                <\/div>\n                                                            <div class=\"xs-product-category swiper-slide\">\n                                                                        <a class=\"xs_product_img_link\" href=\"https:\/\/bodegaoutdoor.cl\/store\/product\/telescopio-comet-501-10-30x50\/\">\n                                        <img loading=\"lazy\" decoding=\"async\" width=\"158\" height=\"158\" src=\"https:\/\/bodegaoutdoor.cl\/store\/wp-content\/uploads\/2024\/12\/103050-600x600.jpeg-300x300.webp\" class=\"attachment-158x158 size-158x158\" alt=\"TELESCOPIO comet 501 10-30X50\" srcset=\"https:\/\/bodegaoutdoor.cl\/store\/wp-content\/uploads\/2024\/12\/103050-600x600.jpeg-300x300.webp 300w, https:\/\/bodegaoutdoor.cl\/store\/wp-content\/uploads\/2024\/12\/103050-600x600.jpeg-150x150.webp 150w, https:\/\/bodegaoutdoor.cl\/store\/wp-content\/uploads\/2024\/12\/103050-600x600.jpeg-100x100.webp 100w, https:\/\/bodegaoutdoor.cl\/store\/wp-content\/uploads\/2024\/12\/103050-600x600.jpeg.webp 600w\" sizes=\"(max-width: 158px) 100vw, 158px\" \/>                                    <\/a>\n                                                                        <a class=\"product-title\" href=\"https:\/\/bodegaoutdoor.cl\/store\/product\/telescopio-comet-501-10-30x50\/\">TELESCOPIO comet 501 10-30X50<\/a>\n                                    <span class=\"price\">\n                                        <del aria-hidden=\"true\"><span class=\"woocommerce-Price-amount amount\"><bdi><span class=\"woocommerce-Price-currencySymbol\" translate=\"no\">$<\/span>150,000<\/bdi><\/span><\/del> <span class=\"screen-reader-text\">El precio original era: $150,000.<\/span><ins aria-hidden=\"true\"><span class=\"woocommerce-Price-amount amount\"><bdi><span class=\"woocommerce-Price-currencySymbol\" translate=\"no\">$<\/span>99,990<\/bdi><\/span><\/ins><span class=\"screen-reader-text\">El precio actual es: $99,990.<\/span>                                    <\/span>\n                                <\/div>\n                                                            <div class=\"xs-product-category swiper-slide\">\n                                                                        <a class=\"xs_product_img_link\" href=\"https:\/\/bodegaoutdoor.cl\/store\/product\/hacha-de-supervivencia-multifuncion-tactica-martillo-outdoor-mango-de-plasticorescate\/\">\n                                        <img loading=\"lazy\" decoding=\"async\" width=\"158\" height=\"158\" src=\"https:\/\/bodegaoutdoor.cl\/store\/wp-content\/uploads\/2024\/12\/hacha-bodega-outdoor-survivor-1-300x300.jpeg\" class=\"attachment-158x158 size-158x158\" alt=\"Hacha de supervivencia, multifunci\u00f3n t\u00e1ctica, martillo, outdoor, mango de pl\u00e1stico,rescate\" srcset=\"https:\/\/bodegaoutdoor.cl\/store\/wp-content\/uploads\/2024\/12\/hacha-bodega-outdoor-survivor-1-300x300.jpeg 300w, https:\/\/bodegaoutdoor.cl\/store\/wp-content\/uploads\/2024\/12\/hacha-bodega-outdoor-survivor-1-150x150.jpeg 150w, https:\/\/bodegaoutdoor.cl\/store\/wp-content\/uploads\/2024\/12\/hacha-bodega-outdoor-survivor-1-768x768.jpeg 768w, https:\/\/bodegaoutdoor.cl\/store\/wp-content\/uploads\/2024\/12\/hacha-bodega-outdoor-survivor-1-600x600.jpeg 600w, https:\/\/bodegaoutdoor.cl\/store\/wp-content\/uploads\/2024\/12\/hacha-bodega-outdoor-survivor-1-100x100.jpeg 100w, https:\/\/bodegaoutdoor.cl\/store\/wp-content\/uploads\/2024\/12\/hacha-bodega-outdoor-survivor-1.jpeg 1024w\" sizes=\"(max-width: 158px) 100vw, 158px\" \/>                                    <\/a>\n                                                                        <a class=\"product-title\" href=\"https:\/\/bodegaoutdoor.cl\/store\/product\/hacha-de-supervivencia-multifuncion-tactica-martillo-outdoor-mango-de-plasticorescate\/\">Hacha de supervivencia, multifunci\u00f3n t\u00e1ctica, martillo, outdoor, mango de pl\u00e1stico,rescate<\/a>\n                                    <span class=\"price\">\n                                        <del aria-hidden=\"true\"><span class=\"woocommerce-Price-amount amount\"><bdi><span class=\"woocommerce-Price-currencySymbol\" translate=\"no\">$<\/span>60,000<\/bdi><\/span><\/del> <span class=\"screen-reader-text\">El precio original era: $60,000.<\/span><ins aria-hidden=\"true\"><span class=\"woocommerce-Price-amount amount\"><bdi><span class=\"woocommerce-Price-currencySymbol\" translate=\"no\">$<\/span>29,990<\/bdi><\/span><\/ins><span class=\"screen-reader-text\">El precio actual es: $29,990.<\/span>                                    <\/span>\n                                <\/div>\n                                                            <div class=\"xs-product-category swiper-slide\">\n                                                                        <a class=\"xs_product_img_link\" href=\"https:\/\/bodegaoutdoor.cl\/store\/product\/termo-1-litro-1000ml-de-doble-pared-al-vacio-liviano\/\">\n                                        <img loading=\"lazy\" decoding=\"async\" width=\"158\" height=\"158\" src=\"https:\/\/bodegaoutdoor.cl\/store\/wp-content\/uploads\/2024\/11\/Sin-titulo-300x300.png\" class=\"attachment-158x158 size-158x158\" alt=\"Termo 1 Litro \/ 1000ml, de doble pared al vac\u00edo Liviano\" srcset=\"https:\/\/bodegaoutdoor.cl\/store\/wp-content\/uploads\/2024\/11\/Sin-titulo-300x300.png 300w, https:\/\/bodegaoutdoor.cl\/store\/wp-content\/uploads\/2024\/11\/Sin-titulo-150x150.png 150w, https:\/\/bodegaoutdoor.cl\/store\/wp-content\/uploads\/2024\/11\/Sin-titulo-100x100.png 100w, https:\/\/bodegaoutdoor.cl\/store\/wp-content\/uploads\/2024\/11\/Sin-titulo-50x50.png 50w\" sizes=\"(max-width: 158px) 100vw, 158px\" \/>                                    <\/a>\n                                                                        <a class=\"product-title\" href=\"https:\/\/bodegaoutdoor.cl\/store\/product\/termo-1-litro-1000ml-de-doble-pared-al-vacio-liviano\/\">Termo 1 Litro \/ 1000ml, de doble pared al vac\u00edo Liviano<\/a>\n                                    <span class=\"price\">\n                                        <del aria-hidden=\"true\"><span class=\"woocommerce-Price-amount amount\"><bdi><span class=\"woocommerce-Price-currencySymbol\" translate=\"no\">$<\/span>19,990<\/bdi><\/span><\/del> <span class=\"screen-reader-text\">El precio original era: $19,990.<\/span><ins aria-hidden=\"true\"><span class=\"woocommerce-Price-amount amount\"><bdi><span class=\"woocommerce-Price-currencySymbol\" translate=\"no\">$<\/span>9,990<\/bdi><\/span><\/ins><span class=\"screen-reader-text\">El precio actual es: $9,990.<\/span>                                    <\/span>\n                                <\/div>\n                                                            <div class=\"xs-product-category swiper-slide\">\n                                                                        <a class=\"xs_product_img_link\" href=\"https:\/\/bodegaoutdoor.cl\/store\/product\/chaqueta-tactica-de-polar-con-capucha\/\">\n                                        <img loading=\"lazy\" decoding=\"async\" width=\"158\" height=\"158\" src=\"https:\/\/bodegaoutdoor.cl\/store\/wp-content\/uploads\/2024\/07\/polar-tactico-2-300x300.png\" class=\"attachment-158x158 size-158x158\" alt=\"Chaqueta Tactica De Polar Con Capucha\" srcset=\"https:\/\/bodegaoutdoor.cl\/store\/wp-content\/uploads\/2024\/07\/polar-tactico-2-300x300.png 300w, https:\/\/bodegaoutdoor.cl\/store\/wp-content\/uploads\/2024\/07\/polar-tactico-2-150x150.png 150w, https:\/\/bodegaoutdoor.cl\/store\/wp-content\/uploads\/2024\/07\/polar-tactico-2-100x100.png 100w, https:\/\/bodegaoutdoor.cl\/store\/wp-content\/uploads\/2024\/07\/polar-tactico-2-50x50.png 50w\" sizes=\"(max-width: 158px) 100vw, 158px\" \/>                                    <\/a>\n                                                                        <a class=\"product-title\" href=\"https:\/\/bodegaoutdoor.cl\/store\/product\/chaqueta-tactica-de-polar-con-capucha\/\">Chaqueta Tactica De Polar Con Capucha<\/a>\n                                    <span class=\"price\">\n                                        <del aria-hidden=\"true\"><span class=\"woocommerce-Price-amount amount\"><bdi><span class=\"woocommerce-Price-currencySymbol\" translate=\"no\">$<\/span>99,990<\/bdi><\/span><\/del> <span class=\"screen-reader-text\">El precio original era: $99,990.<\/span><ins aria-hidden=\"true\"><span class=\"woocommerce-Price-amount amount\"><bdi><span class=\"woocommerce-Price-currencySymbol\" translate=\"no\">$<\/span>59,990<\/bdi><\/span><\/ins><span class=\"screen-reader-text\">El precio actual es: $59,990.<\/span>                                    <\/span>\n                                <\/div>\n                                                            <div class=\"xs-product-category swiper-slide\">\n                                                                        <a class=\"xs_product_img_link\" href=\"https:\/\/bodegaoutdoor.cl\/store\/product\/poston-800-balines-metalicos-bbs-calibre-4-5mm-para-pistola\/\">\n                                        <img loading=\"lazy\" decoding=\"async\" width=\"158\" height=\"158\" src=\"https:\/\/bodegaoutdoor.cl\/store\/wp-content\/uploads\/2024\/03\/39ba0a91-2955-48c8-865f-e91e06e6403a-300x300.jpg\" class=\"attachment-158x158 size-158x158\" alt=\"Poston 800 Balines Metalicos Bbs Calibre 4.5mm Para Pistola\" srcset=\"https:\/\/bodegaoutdoor.cl\/store\/wp-content\/uploads\/2024\/03\/39ba0a91-2955-48c8-865f-e91e06e6403a-300x300.jpg 300w, https:\/\/bodegaoutdoor.cl\/store\/wp-content\/uploads\/2024\/03\/39ba0a91-2955-48c8-865f-e91e06e6403a-150x150.jpg 150w, https:\/\/bodegaoutdoor.cl\/store\/wp-content\/uploads\/2024\/03\/39ba0a91-2955-48c8-865f-e91e06e6403a-100x100.jpg 100w, https:\/\/bodegaoutdoor.cl\/store\/wp-content\/uploads\/2024\/03\/39ba0a91-2955-48c8-865f-e91e06e6403a-50x50.jpg 50w\" sizes=\"(max-width: 158px) 100vw, 158px\" \/>                                    <\/a>\n                                                                        <a class=\"product-title\" href=\"https:\/\/bodegaoutdoor.cl\/store\/product\/poston-800-balines-metalicos-bbs-calibre-4-5mm-para-pistola\/\">Poston 800 Balines Metalicos Bbs Calibre 4.5mm Para Pistola<\/a>\n                                    <span class=\"price\">\n                                        <del aria-hidden=\"true\"><span class=\"woocommerce-Price-amount amount\"><bdi><span class=\"woocommerce-Price-currencySymbol\" translate=\"no\">$<\/span>8,000<\/bdi><\/span><\/del> <span class=\"screen-reader-text\">El precio original era: $8,000.<\/span><ins aria-hidden=\"true\"><span class=\"woocommerce-Price-amount amount\"><bdi><span class=\"woocommerce-Price-currencySymbol\" translate=\"no\">$<\/span>6,000<\/bdi><\/span><\/ins><span class=\"screen-reader-text\">El precio actual es: $6,000.<\/span>                                    <\/span>\n                                <\/div>\n                                                            <div class=\"xs-product-category swiper-slide\">\n                                                                        <a class=\"xs_product_img_link\" href=\"https:\/\/bodegaoutdoor.cl\/store\/product\/bolsa-de-balines-trazadores-luminosos-para-airsoft-0-25g\/\">\n                                        <img loading=\"lazy\" decoding=\"async\" width=\"158\" height=\"158\" src=\"https:\/\/bodegaoutdoor.cl\/store\/wp-content\/uploads\/2024\/03\/5878c152-cb03-438b-812d-d1c70d5d8557-300x300.jpg\" class=\"attachment-158x158 size-158x158\" alt=\"Bolsa De Balines Trazadores Luminosos Para Airsoft 0.25g\" srcset=\"https:\/\/bodegaoutdoor.cl\/store\/wp-content\/uploads\/2024\/03\/5878c152-cb03-438b-812d-d1c70d5d8557-300x300.jpg 300w, https:\/\/bodegaoutdoor.cl\/store\/wp-content\/uploads\/2024\/03\/5878c152-cb03-438b-812d-d1c70d5d8557-150x150.jpg 150w, https:\/\/bodegaoutdoor.cl\/store\/wp-content\/uploads\/2024\/03\/5878c152-cb03-438b-812d-d1c70d5d8557-100x100.jpg 100w, https:\/\/bodegaoutdoor.cl\/store\/wp-content\/uploads\/2024\/03\/5878c152-cb03-438b-812d-d1c70d5d8557-50x50.jpg 50w\" sizes=\"(max-width: 158px) 100vw, 158px\" \/>                                    <\/a>\n                                                                        <a class=\"product-title\" href=\"https:\/\/bodegaoutdoor.cl\/store\/product\/bolsa-de-balines-trazadores-luminosos-para-airsoft-0-25g\/\">Bolsa De Balines Trazadores Luminosos Para Airsoft 0.25g<\/a>\n                                    <span class=\"price\">\n                                        <del aria-hidden=\"true\"><span class=\"woocommerce-Price-amount amount\"><bdi><span class=\"woocommerce-Price-currencySymbol\" translate=\"no\">$<\/span>15,000<\/bdi><\/span><\/del> <span class=\"screen-reader-text\">El precio original era: $15,000.<\/span><ins aria-hidden=\"true\"><span class=\"woocommerce-Price-amount amount\"><bdi><span class=\"woocommerce-Price-currencySymbol\" translate=\"no\">$<\/span>12,500<\/bdi><\/span><\/ins><span class=\"screen-reader-text\">El precio actual es: $12,500.<\/span>                                    <\/span>\n                                <\/div>\n                                                            <div class=\"xs-product-category swiper-slide\">\n                                                                        <a class=\"xs_product_img_link\" href=\"https:\/\/bodegaoutdoor.cl\/store\/product\/silla-plegable-de-camping-grande\/\">\n                                        <img loading=\"lazy\" decoding=\"async\" width=\"158\" height=\"158\" src=\"https:\/\/bodegaoutdoor.cl\/store\/wp-content\/uploads\/2024\/03\/30-87-b-600x525-1-300x300.png\" class=\"attachment-158x158 size-158x158\" alt=\"Silla Plegable De Camping Grande\" srcset=\"https:\/\/bodegaoutdoor.cl\/store\/wp-content\/uploads\/2024\/03\/30-87-b-600x525-1-300x300.png 300w, https:\/\/bodegaoutdoor.cl\/store\/wp-content\/uploads\/2024\/03\/30-87-b-600x525-1-150x150.png 150w, https:\/\/bodegaoutdoor.cl\/store\/wp-content\/uploads\/2024\/03\/30-87-b-600x525-1-100x100.png 100w, https:\/\/bodegaoutdoor.cl\/store\/wp-content\/uploads\/2024\/03\/30-87-b-600x525-1-50x50.png 50w\" sizes=\"(max-width: 158px) 100vw, 158px\" \/>                                    <\/a>\n                                                                        <a class=\"product-title\" href=\"https:\/\/bodegaoutdoor.cl\/store\/product\/silla-plegable-de-camping-grande\/\">Silla Plegable De Camping Grande<\/a>\n                                    <span class=\"price\">\n                                        <del aria-hidden=\"true\"><span class=\"woocommerce-Price-amount amount\"><bdi><span class=\"woocommerce-Price-currencySymbol\" translate=\"no\">$<\/span>19,990<\/bdi><\/span><\/del> <span class=\"screen-reader-text\">El precio original era: $19,990.<\/span><ins aria-hidden=\"true\"><span class=\"woocommerce-Price-amount amount\"><bdi><span class=\"woocommerce-Price-currencySymbol\" translate=\"no\">$<\/span>14,990<\/bdi><\/span><\/ins><span class=\"screen-reader-text\">El precio actual es: $14,990.<\/span>                                    <\/span>\n                                <\/div>\n                                                            <div class=\"xs-product-category swiper-slide\">\n                                                                        <a class=\"xs_product_img_link\" href=\"https:\/\/bodegaoutdoor.cl\/store\/product\/cunas-de-camping-plegables-al-aire-libre-para-adultos-cama-ligera-y-duradera-para-dormir-portatil-y-resistente-con-bolsa-de-transporte\/\">\n                                        <img loading=\"lazy\" decoding=\"async\" width=\"158\" height=\"158\" src=\"https:\/\/bodegaoutdoor.cl\/store\/wp-content\/uploads\/2023\/12\/81073-fkh1or-300x300.jpg\" class=\"attachment-158x158 size-158x158\" alt=\"cama de Camping plegable ligera y duradera para dormir, port\u00e1til\" srcset=\"https:\/\/bodegaoutdoor.cl\/store\/wp-content\/uploads\/2023\/12\/81073-fkh1or-300x300.jpg 300w, https:\/\/bodegaoutdoor.cl\/store\/wp-content\/uploads\/2023\/12\/81073-fkh1or-150x150.jpg 150w, https:\/\/bodegaoutdoor.cl\/store\/wp-content\/uploads\/2023\/12\/81073-fkh1or-600x600.jpg 600w, https:\/\/bodegaoutdoor.cl\/store\/wp-content\/uploads\/2023\/12\/81073-fkh1or-100x100.jpg 100w, https:\/\/bodegaoutdoor.cl\/store\/wp-content\/uploads\/2023\/12\/81073-fkh1or-50x50.jpg 50w, https:\/\/bodegaoutdoor.cl\/store\/wp-content\/uploads\/2023\/12\/81073-fkh1or.jpg 750w\" sizes=\"(max-width: 158px) 100vw, 158px\" \/>                                    <\/a>\n                                                                        <a class=\"product-title\" href=\"https:\/\/bodegaoutdoor.cl\/store\/product\/cunas-de-camping-plegables-al-aire-libre-para-adultos-cama-ligera-y-duradera-para-dormir-portatil-y-resistente-con-bolsa-de-transporte\/\">cama de Camping plegable ligera y duradera para dormir, port\u00e1til<\/a>\n                                    <span class=\"price\">\n                                        <del aria-hidden=\"true\"><span class=\"woocommerce-Price-amount amount\"><bdi><span class=\"woocommerce-Price-currencySymbol\" translate=\"no\">$<\/span>99,990<\/bdi><\/span><\/del> <span class=\"screen-reader-text\">El precio original era: $99,990.<\/span><ins aria-hidden=\"true\"><span class=\"woocommerce-Price-amount amount\"><bdi><span class=\"woocommerce-Price-currencySymbol\" translate=\"no\">$<\/span>49,990<\/bdi><\/span><\/ins><span class=\"screen-reader-text\">El precio actual es: $49,990.<\/span>                                    <\/span>\n                                <\/div>\n                                                <\/div>\n                    <div class=\"swiper-pagination\"><\/div>\n                <\/div>\n            <\/div>\n            <\/div>\t\t\t\t<\/div>\n\t\t\t\t<\/div>\n\t\t\t\t\t<\/div>\n\t\t<\/div>\n\t\t\t\t\t<\/div>\n\t\t<\/section>\n\t\t\t\t<section class=\"elementor-section elementor-top-section elementor-element elementor-element-72e8 elementor-section-boxed elementor-section-height-default elementor-section-height-default\" data-id=\"72e8\" data-element_type=\"section\" data-e-type=\"section\" data-settings=\"{&quot;background_background&quot;:&quot;classic&quot;}\">\n\t\t\t\t\t\t<div class=\"elementor-container elementor-column-gap-default\">\n\t\t\t\t\t<div class=\"elementor-column elementor-col-100 elementor-top-column elementor-element elementor-element-740b\" data-id=\"740b\" data-element_type=\"column\" data-e-type=\"column\">\n\t\t\t<div class=\"elementor-widget-wrap elementor-element-populated\">\n\t\t\t\t\t\t<div class=\"elementor-element elementor-element-b8e9a2e elementor-widget elementor-widget-xs-blog\" data-id=\"b8e9a2e\" data-element_type=\"widget\" data-e-type=\"widget\" data-widget_type=\"xs-blog.default\">\n\t\t\t\t<div class=\"elementor-widget-container\">\n\t\t\t\t\t              <div class=\"row xs-blog-grid\">\n                <div class=\"col-md-6 col-lg-4\">\n    <div class=\"xs-single-news\">\n                <div class=\"xs-news-content\">\n            <div class=\"entry-header\">\n                <a href=\"https:\/\/bodegaoutdoor.cl\/store\/category\/uncategorized\/\" rel=\"category tag\">Uncategorized<\/a>                <h4 class=\"entry-title xs-blog-title\">\n                    <a href=\"https:\/\/bodegaoutdoor.cl\/store\/como-equipar-a-tu-club-o-equipo-outdoor-guia-de-compra-grupal\/\" class=\"entry-title xs-post-title color-navy-blue marketo-post-title\">C\u00f3mo equipar a tu club o equipo outdoor: gu\u00eda de compra grupal<\/a>\n                <\/h4>\n            <\/div>\n            <div class=\"post-meta\">\n                <span class=\"comments-link\"><i class=\"xsicon xsicon-comment-alt\"><\/i> <a href=\"https:\/\/bodegaoutdoor.cl\/store\/como-equipar-a-tu-club-o-equipo-outdoor-guia-de-compra-grupal\/#respond\">0<\/a><\/span>                <span class=\"post-time\"><i class=\"xsicon xsicon-clock\"><\/i>Septiembre 4, 2026<\/span>\n            <\/div>\n        <\/div>\n    <\/div>\n<\/div><div class=\"col-md-6 col-lg-4\">\n    <div class=\"xs-single-news\">\n                <div class=\"xs-news-content\">\n            <div class=\"entry-header\">\n                <a href=\"https:\/\/bodegaoutdoor.cl\/store\/category\/uncategorized\/\" rel=\"category tag\">Uncategorized<\/a>                <h4 class=\"entry-title xs-blog-title\">\n                    <a href=\"https:\/\/bodegaoutdoor.cl\/store\/guia-para-revendedores-de-equipamiento-outdoor-y-tactico\/\" class=\"entry-title xs-post-title color-navy-blue marketo-post-title\">Gu\u00eda para revendedores de equipamiento outdoor y t\u00e1ctico<\/a>\n                <\/h4>\n            <\/div>\n            <div class=\"post-meta\">\n                <span class=\"comments-link\"><i class=\"xsicon xsicon-comment-alt\"><\/i> <a href=\"https:\/\/bodegaoutdoor.cl\/store\/guia-para-revendedores-de-equipamiento-outdoor-y-tactico\/#respond\">0<\/a><\/span>                <span class=\"post-time\"><i class=\"xsicon xsicon-clock\"><\/i>Septiembre 4, 2026<\/span>\n            <\/div>\n        <\/div>\n    <\/div>\n<\/div><div class=\"col-md-6 col-lg-4\">\n    <div class=\"xs-single-news\">\n                <div class=\"xs-news-content\">\n            <div class=\"entry-header\">\n                <a href=\"https:\/\/bodegaoutdoor.cl\/store\/category\/uncategorized\/\" rel=\"category tag\">Uncategorized<\/a>                <h4 class=\"entry-title xs-blog-title\">\n                    <a href=\"https:\/\/bodegaoutdoor.cl\/store\/como-comprar-equipamiento-outdoor-al-por-mayor-en-chile\/\" class=\"entry-title xs-post-title color-navy-blue marketo-post-title\">C\u00f3mo comprar equipamiento outdoor al por mayor en Chile<\/a>\n                <\/h4>\n            <\/div>\n            <div class=\"post-meta\">\n                <span class=\"comments-link\"><i class=\"xsicon xsicon-comment-alt\"><\/i> <a href=\"https:\/\/bodegaoutdoor.cl\/store\/como-comprar-equipamiento-outdoor-al-por-mayor-en-chile\/#respond\">0<\/a><\/span>                <span class=\"post-time\"><i class=\"xsicon xsicon-clock\"><\/i>Septiembre 4, 2026<\/span>\n            <\/div>\n        <\/div>\n    <\/div>\n<\/div>              <\/div>\n            \t\t\t\t<\/div>\n\t\t\t\t<\/div>\n\t\t\t\t\t<\/div>\n\t\t<\/div>\n\t\t\t\t\t<\/div>\n\t\t<\/section>\n\t\t\t\t<section class=\"elementor-section elementor-top-section elementor-element elementor-element-75fb elementor-section-boxed elementor-section-height-default elementor-section-height-default\" data-id=\"75fb\" data-element_type=\"section\" data-e-type=\"section\">\n\t\t\t\t\t\t<div class=\"elementor-container elementor-column-gap-default\">\n\t\t\t\t\t<div class=\"elementor-column elementor-col-50 elementor-top-column elementor-element elementor-element-fe69d41\" data-id=\"fe69d41\" data-element_type=\"column\" data-e-type=\"column\">\n\t\t\t<div class=\"elementor-widget-wrap elementor-element-populated\">\n\t\t\t\t\t\t<div class=\"elementor-element elementor-element-956112a elementor-widget elementor-widget-xs-woo-tab\" data-id=\"956112a\" data-element_type=\"widget\" data-e-type=\"widget\" data-widget_type=\"xs-woo-tab.default\">\n\t\t\t\t<div class=\"elementor-widget-container\">\n\t\t\t\t\t<div class=\"xs-content-header content-header-v2\">\n                    <ul class=\"nav nav-tabs xs-nav-tab version-3\">\n                                    <li class=\"nav-item\">\n                <a class=\"nav-link active\"  data-toggle=\"tab\" href=\"#xs-tabs-21662-0\">Featured Products<\/a>\n                <div class=\"customNavigation xs-custom-nav\">\n                    <div class=\"tab-button-prev swiper-prev-956112a\">\n                        <i class=\"xsicon xsicon-angle-left\"><\/i>\n                    <\/div>\n                    <div class=\"tab-button-next swiper-next-956112a\">\n                        <i class=\"xsicon xsicon-angle-right\"><\/i>\n                    <\/div>\n                <\/div>\n            <\/li>\n                                    <li class=\"nav-item\">\n                <a class=\"nav-link \"  data-toggle=\"tab\" href=\"#xs-tabs-21662-1\">Trending Products<\/a>\n                <div class=\"customNavigation xs-custom-nav\">\n                    <div class=\"tab-button-prev swiper-prev-956112a\">\n                        <i class=\"xsicon xsicon-angle-left\"><\/i>\n                    <\/div>\n                    <div class=\"tab-button-next swiper-next-956112a\">\n                        <i class=\"xsicon xsicon-angle-right\"><\/i>\n                    <\/div>\n                <\/div>\n            <\/li>\n                                    <li class=\"nav-item\">\n                <a class=\"nav-link \"  data-toggle=\"tab\" href=\"#xs-tabs-21662-2\">Hot Sale<\/a>\n                <div class=\"customNavigation xs-custom-nav\">\n                    <div class=\"tab-button-prev swiper-prev-956112a\">\n                        <i class=\"xsicon xsicon-angle-left\"><\/i>\n                    <\/div>\n                    <div class=\"tab-button-next swiper-next-956112a\">\n                        <i class=\"xsicon xsicon-angle-right\"><\/i>\n                    <\/div>\n                <\/div>\n            <\/li>\n                    <\/ul>\n        <div class=\"clearfix\"><\/div>\n<\/div>\n<div class=\"tab-content\">\n                                    <div class=\"tab-pane fade show active\" id=\"xs-tabs-21662-0\">\n                <div data-controls=\"{&quot;widget_id&quot;:&quot;956112a&quot;}\" class=\"xs-product-slider-11 swiper\" {&quot;widget_id&quot;:&quot;956112a&quot;}>                    <div class=\"swiper-wrapper\">\n                                            <\/div>\n                <\/div>\n            <\/div>\n                                <div class=\"tab-pane fade \" id=\"xs-tabs-21662-1\">\n                <div data-controls=\"{&quot;widget_id&quot;:&quot;956112a&quot;}\" class=\"xs-product-slider-11 swiper\" {&quot;widget_id&quot;:&quot;956112a&quot;}>                    <div class=\"swiper-wrapper\">\n                                                                                                    <div class=\"xs-product-slider-item swiper-slide\">\n                                    \n                                        <div class=\"xs-product-widget media version-2\">\n                                                                                        <a class=\"xs_product_img_link\" href=\"https:\/\/bodegaoutdoor.cl\/store\/product\/cinturon-corrector-postura-espalda-ajustable-clavicula-columna-vertebral-correccion-postura-lumbar\/\">\n                                            <img loading=\"lazy\" decoding=\"async\" width=\"71\" height=\"70\" src=\"https:\/\/bodegaoutdoor.cl\/store\/wp-content\/uploads\/2020\/12\/22093-eq17cf-100x100.jpg\" class=\"d-flex\" alt=\"Cintur\u00f3n Corrector postura espalda ajustable clav\u00edcula columna vertebral correcci\u00f3n postura Lumbar\" srcset=\"https:\/\/bodegaoutdoor.cl\/store\/wp-content\/uploads\/2020\/12\/22093-eq17cf-100x100.jpg 100w, https:\/\/bodegaoutdoor.cl\/store\/wp-content\/uploads\/2020\/12\/22093-eq17cf-300x300.jpg 300w, https:\/\/bodegaoutdoor.cl\/store\/wp-content\/uploads\/2020\/12\/22093-eq17cf-600x600.jpg 600w, https:\/\/bodegaoutdoor.cl\/store\/wp-content\/uploads\/2020\/12\/22093-eq17cf-150x150.jpg 150w, https:\/\/bodegaoutdoor.cl\/store\/wp-content\/uploads\/2020\/12\/22093-eq17cf-768x768.jpg 768w, https:\/\/bodegaoutdoor.cl\/store\/wp-content\/uploads\/2020\/12\/22093-eq17cf.jpg 800w\" sizes=\"(max-width: 71px) 100vw, 71px\" \/>                                            <\/a>\n                                                                                            <div class=\"media-body align-self-center product-widget-content\">\n                                                <a class=\"product-title small\" href=\"https:\/\/bodegaoutdoor.cl\/store\/product\/cinturon-corrector-postura-espalda-ajustable-clavicula-columna-vertebral-correccion-postura-lumbar\/\">Cintur\u00f3n Corrector postura espalda ajustable clav\u00edcula columna vertebral correcci\u00f3n postura Lumbar<\/a>\n                                                <span class=\"price small\">\n                                                <del aria-hidden=\"true\"><span class=\"woocommerce-Price-amount amount\"><bdi><span class=\"woocommerce-Price-currencySymbol\" translate=\"no\">$<\/span>29,990<\/bdi><\/span><\/del> <span class=\"screen-reader-text\">El precio original era: $29,990.<\/span><ins aria-hidden=\"true\"><span class=\"woocommerce-Price-amount amount\"><bdi><span class=\"woocommerce-Price-currencySymbol\" translate=\"no\">$<\/span>17,990<\/bdi><\/span><\/ins><span class=\"screen-reader-text\">El precio actual es: $17,990.<\/span>                                            <\/span>\n                                            <\/div>\n                                        <\/div>\n\n                                                                                                        \n                                        <div class=\"xs-product-widget media version-2\">\n                                                                                        <a class=\"xs_product_img_link\" href=\"https:\/\/bodegaoutdoor.cl\/store\/product\/lentes-polarizados-vintage-driving-travel-fishing-classic-outdoor\/\">\n                                            <img loading=\"lazy\" decoding=\"async\" width=\"71\" height=\"70\" src=\"https:\/\/bodegaoutdoor.cl\/store\/wp-content\/uploads\/2021\/02\/29480-17w8xd-100x100.jpg\" class=\"d-flex\" alt=\"Lentes Polarizados Vintage Driving Travel Fishing Classic Outdoor\" srcset=\"https:\/\/bodegaoutdoor.cl\/store\/wp-content\/uploads\/2021\/02\/29480-17w8xd-100x100.jpg 100w, https:\/\/bodegaoutdoor.cl\/store\/wp-content\/uploads\/2021\/02\/29480-17w8xd-300x300.jpg 300w, https:\/\/bodegaoutdoor.cl\/store\/wp-content\/uploads\/2021\/02\/29480-17w8xd-600x600.jpg 600w, https:\/\/bodegaoutdoor.cl\/store\/wp-content\/uploads\/2021\/02\/29480-17w8xd-150x150.jpg 150w, https:\/\/bodegaoutdoor.cl\/store\/wp-content\/uploads\/2021\/02\/29480-17w8xd-768x768.jpg 768w, https:\/\/bodegaoutdoor.cl\/store\/wp-content\/uploads\/2021\/02\/29480-17w8xd.jpg 800w\" sizes=\"(max-width: 71px) 100vw, 71px\" \/>                                            <\/a>\n                                                                                            <div class=\"media-body align-self-center product-widget-content\">\n                                                <a class=\"product-title small\" href=\"https:\/\/bodegaoutdoor.cl\/store\/product\/lentes-polarizados-vintage-driving-travel-fishing-classic-outdoor\/\">Lentes Polarizados Vintage Driving Travel Fishing Classic Outdoor<\/a>\n                                                <span class=\"price small\">\n                                                <del aria-hidden=\"true\"><span class=\"woocommerce-Price-amount amount\"><bdi><span class=\"woocommerce-Price-currencySymbol\" translate=\"no\">$<\/span>14,990<\/bdi><\/span><\/del> <span class=\"screen-reader-text\">El precio original era: $14,990.<\/span><ins aria-hidden=\"true\"><span class=\"woocommerce-Price-amount amount\"><bdi><span class=\"woocommerce-Price-currencySymbol\" translate=\"no\">$<\/span>11,990<\/bdi><\/span><\/ins><span class=\"screen-reader-text\">El precio actual es: $11,990.<\/span>                                            <\/span>\n                                            <\/div>\n                                        <\/div>\n\n                                                                                                        \n                                        <div class=\"xs-product-widget media version-2\">\n                                                                                        <a class=\"xs_product_img_link\" href=\"https:\/\/bodegaoutdoor.cl\/store\/product\/lemfo-reloj-inteligente-iwo-14-pro-hw67-reloj-inteligente-hombre-llamada-bluetooth-nfc-imagen-de-la-esfera-personalizada-presion-arterial-frecuencia-cardiaca-reloj-inteligente-mujer-smartwatch-soporte\/\">\n                                            <img loading=\"lazy\" decoding=\"async\" width=\"71\" height=\"70\" src=\"https:\/\/bodegaoutdoor.cl\/store\/wp-content\/uploads\/2022\/06\/58305-5tjyqv-100x100.jpg\" class=\"d-flex\" alt=\"Lemfo-reloj inteligente Iwo 14 Pro HW67 reloj inteligente hombre Llamada Bluetooth NFC Imagen de la esfera personalizada Presi\u00f3n arterial Frecuencia card\u00edaca reloj inteligente mujer smartwatch Soporte para  Android Ios\" srcset=\"https:\/\/bodegaoutdoor.cl\/store\/wp-content\/uploads\/2022\/06\/58305-5tjyqv-100x100.jpg 100w, https:\/\/bodegaoutdoor.cl\/store\/wp-content\/uploads\/2022\/06\/58305-5tjyqv-300x300.jpg 300w, https:\/\/bodegaoutdoor.cl\/store\/wp-content\/uploads\/2022\/06\/58305-5tjyqv-600x600.jpg 600w, https:\/\/bodegaoutdoor.cl\/store\/wp-content\/uploads\/2022\/06\/58305-5tjyqv-150x150.jpg 150w, https:\/\/bodegaoutdoor.cl\/store\/wp-content\/uploads\/2022\/06\/58305-5tjyqv-768x768.jpg 768w, https:\/\/bodegaoutdoor.cl\/store\/wp-content\/uploads\/2022\/06\/58305-5tjyqv.jpg 1200w\" sizes=\"(max-width: 71px) 100vw, 71px\" \/>                                            <\/a>\n                                                                                            <div class=\"media-body align-self-center product-widget-content\">\n                                                <a class=\"product-title small\" href=\"https:\/\/bodegaoutdoor.cl\/store\/product\/lemfo-reloj-inteligente-iwo-14-pro-hw67-reloj-inteligente-hombre-llamada-bluetooth-nfc-imagen-de-la-esfera-personalizada-presion-arterial-frecuencia-cardiaca-reloj-inteligente-mujer-smartwatch-soporte\/\">Lemfo-reloj inteligente Iwo 14 Pro HW67 reloj inteligente hombre Llamada Bluetooth NFC Imagen de la esfera personalizada Presi\u00f3n arterial Frecuencia card\u00edaca reloj inteligente mujer smartwatch Soporte para  Android Ios<\/a>\n                                                <span class=\"price small\">\n                                                <span class=\"woocommerce-Price-amount amount\"><bdi><span class=\"woocommerce-Price-currencySymbol\" translate=\"no\">$<\/span>49,990<\/bdi><\/span>                                            <\/span>\n                                            <\/div>\n                                        <\/div>\n\n                                                                            <\/div><!-- .xs-product-slider-item -->\n                                                                                                                                                <div class=\"xs-product-slider-item swiper-slide\">\n                                    \n                                        <div class=\"xs-product-widget media version-2\">\n                                                                                        <a class=\"xs_product_img_link\" href=\"https:\/\/bodegaoutdoor.cl\/store\/product\/gafas-para-ciclismo-para-motocicletas-lentes-para-correr-deportes-de-pesca-ciclismo\/\">\n                                            <img loading=\"lazy\" decoding=\"async\" width=\"71\" height=\"70\" src=\"https:\/\/bodegaoutdoor.cl\/store\/wp-content\/uploads\/2020\/11\/20963-o6ob61-100x100.jpg\" class=\"d-flex\" alt=\"Gafas para ciclismo para motocicletas, Lentes para correr, deportes de pesca, ciclismo\" srcset=\"https:\/\/bodegaoutdoor.cl\/store\/wp-content\/uploads\/2020\/11\/20963-o6ob61-100x100.jpg 100w, https:\/\/bodegaoutdoor.cl\/store\/wp-content\/uploads\/2020\/11\/20963-o6ob61-300x300.jpg 300w, https:\/\/bodegaoutdoor.cl\/store\/wp-content\/uploads\/2020\/11\/20963-o6ob61-600x600.jpg 600w, https:\/\/bodegaoutdoor.cl\/store\/wp-content\/uploads\/2020\/11\/20963-o6ob61-150x150.jpg 150w, https:\/\/bodegaoutdoor.cl\/store\/wp-content\/uploads\/2020\/11\/20963-o6ob61-768x768.jpg 768w, https:\/\/bodegaoutdoor.cl\/store\/wp-content\/uploads\/2020\/11\/20963-o6ob61.jpg 800w\" sizes=\"(max-width: 71px) 100vw, 71px\" \/>                                            <\/a>\n                                                                                            <div class=\"media-body align-self-center product-widget-content\">\n                                                <a class=\"product-title small\" href=\"https:\/\/bodegaoutdoor.cl\/store\/product\/gafas-para-ciclismo-para-motocicletas-lentes-para-correr-deportes-de-pesca-ciclismo\/\">Gafas para ciclismo para motocicletas, Lentes para correr, deportes de pesca, ciclismo<\/a>\n                                                <span class=\"price small\">\n                                                <span class=\"woocommerce-Price-amount amount\" aria-hidden=\"true\"><bdi><span class=\"woocommerce-Price-currencySymbol\" translate=\"no\">$<\/span>34,990<\/bdi><\/span> <span aria-hidden=\"true\">-<\/span> <span class=\"woocommerce-Price-amount amount\" aria-hidden=\"true\"><bdi><span class=\"woocommerce-Price-currencySymbol\" translate=\"no\">$<\/span>39,990<\/bdi><\/span><span class=\"screen-reader-text\">Rango de precios: desde $34,990 hasta $39,990<\/span>                                            <\/span>\n                                            <\/div>\n                                        <\/div>\n\n                                                                                                        \n                                        <div class=\"xs-product-widget media version-2\">\n                                                                                        <a class=\"xs_product_img_link\" href=\"https:\/\/bodegaoutdoor.cl\/store\/product\/calcetines-deportivos-profesionales-para-hombre-y-mujer-medias-transpirables-para-escalada-senderismo-caminar-y-correr\/\">\n                                            <img loading=\"lazy\" decoding=\"async\" width=\"71\" height=\"70\" src=\"https:\/\/bodegaoutdoor.cl\/store\/wp-content\/uploads\/2021\/09\/47822-rivyk2-100x100.jpg\" class=\"d-flex\" alt=\"Calcetines deportivos profesionales para hombre y mujer, medias transpirables para escalada, senderismo deportes\" srcset=\"https:\/\/bodegaoutdoor.cl\/store\/wp-content\/uploads\/2021\/09\/47822-rivyk2-100x100.jpg 100w, https:\/\/bodegaoutdoor.cl\/store\/wp-content\/uploads\/2021\/09\/47822-rivyk2-300x300.jpg 300w, https:\/\/bodegaoutdoor.cl\/store\/wp-content\/uploads\/2021\/09\/47822-rivyk2-600x600.jpg 600w, https:\/\/bodegaoutdoor.cl\/store\/wp-content\/uploads\/2021\/09\/47822-rivyk2-150x150.jpg 150w, https:\/\/bodegaoutdoor.cl\/store\/wp-content\/uploads\/2021\/09\/47822-rivyk2-768x768.jpg 768w, https:\/\/bodegaoutdoor.cl\/store\/wp-content\/uploads\/2021\/09\/47822-rivyk2.jpg 800w\" sizes=\"(max-width: 71px) 100vw, 71px\" \/>                                            <\/a>\n                                                                                            <div class=\"media-body align-self-center product-widget-content\">\n                                                <a class=\"product-title small\" href=\"https:\/\/bodegaoutdoor.cl\/store\/product\/calcetines-deportivos-profesionales-para-hombre-y-mujer-medias-transpirables-para-escalada-senderismo-caminar-y-correr\/\">Calcetines deportivos profesionales para hombre y mujer, medias transpirables para escalada, senderismo deportes<\/a>\n                                                <span class=\"price small\">\n                                                <del aria-hidden=\"true\"><span class=\"woocommerce-Price-amount amount\"><bdi><span class=\"woocommerce-Price-currencySymbol\" translate=\"no\">$<\/span>19,990<\/bdi><\/span><\/del> <span class=\"screen-reader-text\">El precio original era: $19,990.<\/span><ins aria-hidden=\"true\"><span class=\"woocommerce-Price-amount amount\"><bdi><span class=\"woocommerce-Price-currencySymbol\" translate=\"no\">$<\/span>9,990<\/bdi><\/span><\/ins><span class=\"screen-reader-text\">El precio actual es: $9,990.<\/span>                                            <\/span>\n                                            <\/div>\n                                        <\/div>\n\n                                                                                                        \n                                        <div class=\"xs-product-widget media version-2\">\n                                                                                        <a class=\"xs_product_img_link\" href=\"https:\/\/bodegaoutdoor.cl\/store\/product\/gafas-de-sol-polarizadas-aoron-para-hombre-y-mujer-gafas-de-sol-clasicas-con-espejo-para-conducir-al-aire-libre-para-hombre-gafas-con-armazon-de-metal-uv400\/\">\n                                            <img loading=\"lazy\" decoding=\"async\" width=\"71\" height=\"70\" src=\"https:\/\/bodegaoutdoor.cl\/store\/wp-content\/uploads\/2020\/08\/9844-hi20fd-100x100.jpg\" class=\"d-flex\" alt=\"Gafas de sol polarizadas Aoron para unisex, outdoor con armaz\u00f3n de Metal UV400\" srcset=\"https:\/\/bodegaoutdoor.cl\/store\/wp-content\/uploads\/2020\/08\/9844-hi20fd-100x100.jpg 100w, https:\/\/bodegaoutdoor.cl\/store\/wp-content\/uploads\/2020\/08\/9844-hi20fd-300x300.jpg 300w, https:\/\/bodegaoutdoor.cl\/store\/wp-content\/uploads\/2020\/08\/9844-hi20fd-600x600.jpg 600w, https:\/\/bodegaoutdoor.cl\/store\/wp-content\/uploads\/2020\/08\/9844-hi20fd-150x150.jpg 150w, https:\/\/bodegaoutdoor.cl\/store\/wp-content\/uploads\/2020\/08\/9844-hi20fd-768x768.jpg 768w, https:\/\/bodegaoutdoor.cl\/store\/wp-content\/uploads\/2020\/08\/9844-hi20fd.jpg 800w\" sizes=\"(max-width: 71px) 100vw, 71px\" \/>                                            <\/a>\n                                                                                            <div class=\"media-body align-self-center product-widget-content\">\n                                                <a class=\"product-title small\" href=\"https:\/\/bodegaoutdoor.cl\/store\/product\/gafas-de-sol-polarizadas-aoron-para-hombre-y-mujer-gafas-de-sol-clasicas-con-espejo-para-conducir-al-aire-libre-para-hombre-gafas-con-armazon-de-metal-uv400\/\">Gafas de sol polarizadas Aoron para unisex, outdoor con armaz\u00f3n de Metal UV400<\/a>\n                                                <span class=\"price small\">\n                                                <del aria-hidden=\"true\"><span class=\"woocommerce-Price-amount amount\"><bdi><span class=\"woocommerce-Price-currencySymbol\" translate=\"no\">$<\/span>24,990<\/bdi><\/span><\/del> <span class=\"screen-reader-text\">El precio original era: $24,990.<\/span><ins aria-hidden=\"true\"><span class=\"woocommerce-Price-amount amount\"><bdi><span class=\"woocommerce-Price-currencySymbol\" translate=\"no\">$<\/span>19,990<\/bdi><\/span><\/ins><span class=\"screen-reader-text\">El precio actual es: $19,990.<\/span>                                            <\/span>\n                                            <\/div>\n                                        <\/div>\n\n                                                                            <\/div><!-- .xs-product-slider-item -->\n                                                                                                                                                <div class=\"xs-product-slider-item swiper-slide\">\n                                    \n                                        <div class=\"xs-product-widget media version-2\">\n                                                                                        <a class=\"xs_product_img_link\" href=\"https:\/\/bodegaoutdoor.cl\/store\/product\/mrerdith-senuelo-iscas-de-senuelos-pesca-jerk-minnow-100f-14g-wobbler-flotante-24-colores-cebo-duro-calidad-profesional-depth0-8-10m-isca-artificial-frete-gratis-black-minnow\/\">\n                                            <img loading=\"lazy\" decoding=\"async\" width=\"71\" height=\"70\" src=\"https:\/\/bodegaoutdoor.cl\/store\/wp-content\/uploads\/2022\/01\/52490-zcljgq-100x100.jpg\" class=\"d-flex\" alt=\"MRERDITH-se\u00f1uelo iscas de se\u00f1uelos pesca JERK MINNOW 100F 14g, Wobbler flotante, 24 colores, cebo duro, calidad profesional Depth0.8-1,0m isca artificial frete gratis black minnow\" srcset=\"https:\/\/bodegaoutdoor.cl\/store\/wp-content\/uploads\/2022\/01\/52490-zcljgq-100x100.jpg 100w, https:\/\/bodegaoutdoor.cl\/store\/wp-content\/uploads\/2022\/01\/52490-zcljgq-300x300.jpg 300w, https:\/\/bodegaoutdoor.cl\/store\/wp-content\/uploads\/2022\/01\/52490-zcljgq-600x600.jpg 600w, https:\/\/bodegaoutdoor.cl\/store\/wp-content\/uploads\/2022\/01\/52490-zcljgq-150x150.jpg 150w, https:\/\/bodegaoutdoor.cl\/store\/wp-content\/uploads\/2022\/01\/52490-zcljgq-768x768.jpg 768w, https:\/\/bodegaoutdoor.cl\/store\/wp-content\/uploads\/2022\/01\/52490-zcljgq.jpg 800w\" sizes=\"(max-width: 71px) 100vw, 71px\" \/>                                            <\/a>\n                                                                                            <div class=\"media-body align-self-center product-widget-content\">\n                                                <a class=\"product-title small\" href=\"https:\/\/bodegaoutdoor.cl\/store\/product\/mrerdith-senuelo-iscas-de-senuelos-pesca-jerk-minnow-100f-14g-wobbler-flotante-24-colores-cebo-duro-calidad-profesional-depth0-8-10m-isca-artificial-frete-gratis-black-minnow\/\">MRERDITH-se\u00f1uelo iscas de se\u00f1uelos pesca JERK MINNOW 100F 14g, Wobbler flotante, 24 colores, cebo duro, calidad profesional Depth0.8-1,0m isca artificial frete gratis black minnow<\/a>\n                                                <span class=\"price small\">\n                                                <span class=\"woocommerce-Price-amount amount\"><bdi><span class=\"woocommerce-Price-currencySymbol\" translate=\"no\">$<\/span>5,990<\/bdi><\/span>                                            <\/span>\n                                            <\/div>\n                                        <\/div>\n\n                                                                                                        \n                                        <div class=\"xs-product-widget media version-2\">\n                                                                                        <a class=\"xs_product_img_link\" href=\"https:\/\/bodegaoutdoor.cl\/store\/product\/strava-conjuntos-de-camisetas-y-pantalones-cortos-de-ciclismo-color-rojo-verde-fluorescente-maillot-de-ciclismo\/\">\n                                            <img loading=\"lazy\" decoding=\"async\" width=\"71\" height=\"70\" src=\"https:\/\/bodegaoutdoor.cl\/store\/wp-content\/uploads\/2021\/09\/48062-xcf2js-100x100.jpg\" class=\"d-flex\" alt=\"STRAVA-Conjunto de camisetas y pantalones cortos de ciclismo, color rojo, verde fluorescente, maillot de ciclismo\" srcset=\"https:\/\/bodegaoutdoor.cl\/store\/wp-content\/uploads\/2021\/09\/48062-xcf2js-100x100.jpg 100w, https:\/\/bodegaoutdoor.cl\/store\/wp-content\/uploads\/2021\/09\/48062-xcf2js-300x300.jpg 300w, https:\/\/bodegaoutdoor.cl\/store\/wp-content\/uploads\/2021\/09\/48062-xcf2js-600x600.jpg 600w, https:\/\/bodegaoutdoor.cl\/store\/wp-content\/uploads\/2021\/09\/48062-xcf2js-150x150.jpg 150w, https:\/\/bodegaoutdoor.cl\/store\/wp-content\/uploads\/2021\/09\/48062-xcf2js-768x768.jpg 768w, https:\/\/bodegaoutdoor.cl\/store\/wp-content\/uploads\/2021\/09\/48062-xcf2js.jpg 900w\" sizes=\"(max-width: 71px) 100vw, 71px\" \/>                                            <\/a>\n                                                                                            <div class=\"media-body align-self-center product-widget-content\">\n                                                <a class=\"product-title small\" href=\"https:\/\/bodegaoutdoor.cl\/store\/product\/strava-conjuntos-de-camisetas-y-pantalones-cortos-de-ciclismo-color-rojo-verde-fluorescente-maillot-de-ciclismo\/\">STRAVA-Conjunto de camisetas y pantalones cortos de ciclismo, color rojo, verde fluorescente, maillot de ciclismo<\/a>\n                                                <span class=\"price small\">\n                                                <span class=\"woocommerce-Price-amount amount\" aria-hidden=\"true\"><bdi><span class=\"woocommerce-Price-currencySymbol\" translate=\"no\">$<\/span>24,990<\/bdi><\/span> <span aria-hidden=\"true\">-<\/span> <span class=\"woocommerce-Price-amount amount\" aria-hidden=\"true\"><bdi><span class=\"woocommerce-Price-currencySymbol\" translate=\"no\">$<\/span>39,990<\/bdi><\/span><span class=\"screen-reader-text\">Rango de precios: desde $24,990 hasta $39,990<\/span>                                            <\/span>\n                                            <\/div>\n                                        <\/div>\n\n                                                                                                        \n                                        <div class=\"xs-product-widget media version-2\">\n                                                                                        <a class=\"xs_product_img_link\" href=\"https:\/\/bodegaoutdoor.cl\/store\/product\/pasamontanas-de-camuflaje-completa-depores-ciclismo-bufanda\/\">\n                                            <img loading=\"lazy\" decoding=\"async\" width=\"71\" height=\"70\" src=\"https:\/\/bodegaoutdoor.cl\/store\/wp-content\/uploads\/2020\/12\/22448-aaufkm-100x100.jpg\" class=\"d-flex\" alt=\"Pasamonta\u00f1as de camuflaje completa, depores, ciclismo,  bufanda\" srcset=\"https:\/\/bodegaoutdoor.cl\/store\/wp-content\/uploads\/2020\/12\/22448-aaufkm-100x100.jpg 100w, https:\/\/bodegaoutdoor.cl\/store\/wp-content\/uploads\/2020\/12\/22448-aaufkm-300x300.jpg 300w, https:\/\/bodegaoutdoor.cl\/store\/wp-content\/uploads\/2020\/12\/22448-aaufkm-600x600.jpg 600w, https:\/\/bodegaoutdoor.cl\/store\/wp-content\/uploads\/2020\/12\/22448-aaufkm-150x150.jpg 150w, https:\/\/bodegaoutdoor.cl\/store\/wp-content\/uploads\/2020\/12\/22448-aaufkm-768x768.jpg 768w, https:\/\/bodegaoutdoor.cl\/store\/wp-content\/uploads\/2020\/12\/22448-aaufkm.jpg 1200w\" sizes=\"(max-width: 71px) 100vw, 71px\" \/>                                            <\/a>\n                                                                                            <div class=\"media-body align-self-center product-widget-content\">\n                                                <a class=\"product-title small\" href=\"https:\/\/bodegaoutdoor.cl\/store\/product\/pasamontanas-de-camuflaje-completa-depores-ciclismo-bufanda\/\">Pasamonta\u00f1as de camuflaje completa, depores, ciclismo,  bufanda<\/a>\n                                                <span class=\"price small\">\n                                                <del aria-hidden=\"true\"><span class=\"woocommerce-Price-amount amount\"><bdi><span class=\"woocommerce-Price-currencySymbol\" translate=\"no\">$<\/span>11,990<\/bdi><\/span><\/del> <span class=\"screen-reader-text\">El precio original era: $11,990.<\/span><ins aria-hidden=\"true\"><span class=\"woocommerce-Price-amount amount\"><bdi><span class=\"woocommerce-Price-currencySymbol\" translate=\"no\">$<\/span>9,990<\/bdi><\/span><\/ins><span class=\"screen-reader-text\">El precio actual es: $9,990.<\/span>                                            <\/span>\n                                            <\/div>\n                                        <\/div>\n\n                                                                            <\/div><!-- .xs-product-slider-item -->\n                                                                                                                                                <div class=\"xs-product-slider-item swiper-slide\">\n                                    \n                                        <div class=\"xs-product-widget media version-2\">\n                                                                                        <a class=\"xs_product_img_link\" href=\"https:\/\/bodegaoutdoor.cl\/store\/product\/shimano-gafas-de-sol-para-hombre-y-mujer-lentes-de-sol-para-ciclismo-al-aire-libre-pesca-conduccion-viajes-se-pueden-equipar-con-estuches-para-gafas\/\">\n                                            <img loading=\"lazy\" decoding=\"async\" width=\"71\" height=\"70\" src=\"https:\/\/bodegaoutdoor.cl\/store\/wp-content\/uploads\/2023\/04\/70209-amjgrq-100x100.jpg\" class=\"d-flex\" alt=\"Shimano-Gafas hombre y mujer, lentes de sol para ciclismo Outdoor, pesca, conducci\u00f3n, viajes\" srcset=\"https:\/\/bodegaoutdoor.cl\/store\/wp-content\/uploads\/2023\/04\/70209-amjgrq-100x100.jpg 100w, https:\/\/bodegaoutdoor.cl\/store\/wp-content\/uploads\/2023\/04\/70209-amjgrq-300x300.jpg 300w, https:\/\/bodegaoutdoor.cl\/store\/wp-content\/uploads\/2023\/04\/70209-amjgrq-600x600.jpg 600w, https:\/\/bodegaoutdoor.cl\/store\/wp-content\/uploads\/2023\/04\/70209-amjgrq-150x150.jpg 150w, https:\/\/bodegaoutdoor.cl\/store\/wp-content\/uploads\/2023\/04\/70209-amjgrq-768x768.jpg 768w, https:\/\/bodegaoutdoor.cl\/store\/wp-content\/uploads\/2023\/04\/70209-amjgrq-350x350.jpg 350w, https:\/\/bodegaoutdoor.cl\/store\/wp-content\/uploads\/2023\/04\/70209-amjgrq.jpg 800w\" sizes=\"(max-width: 71px) 100vw, 71px\" \/>                                            <\/a>\n                                                                                            <div class=\"media-body align-self-center product-widget-content\">\n                                                <a class=\"product-title small\" href=\"https:\/\/bodegaoutdoor.cl\/store\/product\/shimano-gafas-de-sol-para-hombre-y-mujer-lentes-de-sol-para-ciclismo-al-aire-libre-pesca-conduccion-viajes-se-pueden-equipar-con-estuches-para-gafas\/\">Shimano-Gafas hombre y mujer, lentes de sol para ciclismo Outdoor, pesca, conducci\u00f3n, viajes<\/a>\n                                                <span class=\"price small\">\n                                                <del aria-hidden=\"true\"><span class=\"woocommerce-Price-amount amount\"><bdi><span class=\"woocommerce-Price-currencySymbol\" translate=\"no\">$<\/span>39,990<\/bdi><\/span><\/del> <span class=\"screen-reader-text\">El precio original era: $39,990.<\/span><ins aria-hidden=\"true\"><span class=\"woocommerce-Price-amount amount\"><bdi><span class=\"woocommerce-Price-currencySymbol\" translate=\"no\">$<\/span>29,990<\/bdi><\/span><\/ins><span class=\"screen-reader-text\">El precio actual es: $29,990.<\/span>                                            <\/span>\n                                            <\/div>\n                                        <\/div>\n\n                                                                                                        \n                                        <div class=\"xs-product-widget media version-2\">\n                                                                                        <a class=\"xs_product_img_link\" href=\"https:\/\/bodegaoutdoor.cl\/store\/product\/gafas-de-sol-cuadradas-de-clasicas-polarizadas-para-hombre-y-mujer-lentes-de-sol-de-lujo-a-la-moda-antideslumbrantes-para-viajes-y-conduccion-tr90-uv400\/\">\n                                            <img loading=\"lazy\" decoding=\"async\" width=\"71\" height=\"70\" src=\"https:\/\/bodegaoutdoor.cl\/store\/wp-content\/uploads\/2023\/02\/66091-rjm3sj-100x100.jpg\" class=\"d-flex\" alt=\"Gafas de sol cuadradas polarizadas, lentes de sol, para viajes y conducci\u00f3n, TR90, UV400\" srcset=\"https:\/\/bodegaoutdoor.cl\/store\/wp-content\/uploads\/2023\/02\/66091-rjm3sj-100x100.jpg 100w, https:\/\/bodegaoutdoor.cl\/store\/wp-content\/uploads\/2023\/02\/66091-rjm3sj-300x300.jpg 300w, https:\/\/bodegaoutdoor.cl\/store\/wp-content\/uploads\/2023\/02\/66091-rjm3sj-600x600.jpg 600w, https:\/\/bodegaoutdoor.cl\/store\/wp-content\/uploads\/2023\/02\/66091-rjm3sj-150x150.jpg 150w, https:\/\/bodegaoutdoor.cl\/store\/wp-content\/uploads\/2023\/02\/66091-rjm3sj-768x768.jpg 768w, https:\/\/bodegaoutdoor.cl\/store\/wp-content\/uploads\/2023\/02\/66091-rjm3sj-32x32.jpg 32w, https:\/\/bodegaoutdoor.cl\/store\/wp-content\/uploads\/2023\/02\/66091-rjm3sj.jpg 800w\" sizes=\"(max-width: 71px) 100vw, 71px\" \/>                                            <\/a>\n                                                                                            <div class=\"media-body align-self-center product-widget-content\">\n                                                <a class=\"product-title small\" href=\"https:\/\/bodegaoutdoor.cl\/store\/product\/gafas-de-sol-cuadradas-de-clasicas-polarizadas-para-hombre-y-mujer-lentes-de-sol-de-lujo-a-la-moda-antideslumbrantes-para-viajes-y-conduccion-tr90-uv400\/\">Gafas de sol cuadradas polarizadas, lentes de sol, para viajes y conducci\u00f3n, TR90, UV400<\/a>\n                                                <span class=\"price small\">\n                                                <del aria-hidden=\"true\"><span class=\"woocommerce-Price-amount amount\"><bdi><span class=\"woocommerce-Price-currencySymbol\" translate=\"no\">$<\/span>19,990<\/bdi><\/span><\/del> <span class=\"screen-reader-text\">El precio original era: $19,990.<\/span><ins aria-hidden=\"true\"><span class=\"woocommerce-Price-amount amount\"><bdi><span class=\"woocommerce-Price-currencySymbol\" translate=\"no\">$<\/span>14,990<\/bdi><\/span><\/ins><span class=\"screen-reader-text\">El precio actual es: $14,990.<\/span>                                            <\/span>\n                                            <\/div>\n                                        <\/div>\n\n                                                                                                        \n                                        <div class=\"xs-product-widget media version-2\">\n                                                                                        <a class=\"xs_product_img_link\" href=\"https:\/\/bodegaoutdoor.cl\/store\/product\/detalles-acerca-de-gopro-hero-7-negro-12-mega-pixeles-camara-videocamara-4k-impermeable-paquete-de-accion\/\">\n                                            <img loading=\"lazy\" decoding=\"async\" width=\"71\" height=\"70\" src=\"https:\/\/bodegaoutdoor.cl\/store\/wp-content\/uploads\/2020\/08\/10270-hc1ag7-100x100.jpg\" class=\"d-flex\" alt=\"Camara GoPro Hero 7 Negro 12 Mega p\u00edxeles c\u00e1mara Videoc\u00e1mara 4K Impermeable\" srcset=\"https:\/\/bodegaoutdoor.cl\/store\/wp-content\/uploads\/2020\/08\/10270-hc1ag7-100x100.jpg 100w, https:\/\/bodegaoutdoor.cl\/store\/wp-content\/uploads\/2020\/08\/10270-hc1ag7-300x300.jpg 300w, https:\/\/bodegaoutdoor.cl\/store\/wp-content\/uploads\/2020\/08\/10270-hc1ag7-150x150.jpg 150w, https:\/\/bodegaoutdoor.cl\/store\/wp-content\/uploads\/2020\/08\/10270-hc1ag7.jpg 500w\" sizes=\"(max-width: 71px) 100vw, 71px\" \/>                                            <\/a>\n                                                                                            <div class=\"media-body align-self-center product-widget-content\">\n                                                <a class=\"product-title small\" href=\"https:\/\/bodegaoutdoor.cl\/store\/product\/detalles-acerca-de-gopro-hero-7-negro-12-mega-pixeles-camara-videocamara-4k-impermeable-paquete-de-accion\/\">Camara GoPro Hero 7 Negro 12 Mega p\u00edxeles c\u00e1mara Videoc\u00e1mara 4K Impermeable<\/a>\n                                                <span class=\"price small\">\n                                                <del aria-hidden=\"true\"><span class=\"woocommerce-Price-amount amount\"><bdi><span class=\"woocommerce-Price-currencySymbol\" translate=\"no\">$<\/span>399,990<\/bdi><\/span><\/del> <span class=\"screen-reader-text\">El precio original era: $399,990.<\/span><ins aria-hidden=\"true\"><span class=\"woocommerce-Price-amount amount\"><bdi><span class=\"woocommerce-Price-currencySymbol\" translate=\"no\">$<\/span>319,990<\/bdi><\/span><\/ins><span class=\"screen-reader-text\">El precio actual es: $319,990.<\/span>                                            <\/span>\n                                            <\/div>\n                                        <\/div>\n\n                                                                            <\/div><!-- .xs-product-slider-item -->\n                                                                                        <\/div>\n                <\/div>\n            <\/div>\n                                <div class=\"tab-pane fade \" id=\"xs-tabs-21662-2\">\n                <div data-controls=\"{&quot;widget_id&quot;:&quot;956112a&quot;}\" class=\"xs-product-slider-11 swiper\" {&quot;widget_id&quot;:&quot;956112a&quot;}>                    <div class=\"swiper-wrapper\">\n                                                                                                    <div class=\"xs-product-slider-item swiper-slide\">\n                                    \n                                        <div class=\"xs-product-widget media version-2\">\n                                                                                        <a class=\"xs_product_img_link\" href=\"https:\/\/bodegaoutdoor.cl\/store\/product\/neumatico-para-enduro-120-100-18-medium-soft\/\">\n                                            <img loading=\"lazy\" decoding=\"async\" width=\"71\" height=\"70\" src=\"https:\/\/bodegaoutdoor.cl\/store\/wp-content\/uploads\/2026\/05\/WhatsApp-Image-2026-05-17-at-17.30.44-100x100.jpeg\" class=\"d-flex\" alt=\"Neumatico para enduro 120\/100\/18 Medium soft\" srcset=\"https:\/\/bodegaoutdoor.cl\/store\/wp-content\/uploads\/2026\/05\/WhatsApp-Image-2026-05-17-at-17.30.44-100x100.jpeg 100w, https:\/\/bodegaoutdoor.cl\/store\/wp-content\/uploads\/2026\/05\/WhatsApp-Image-2026-05-17-at-17.30.44-150x150.jpeg 150w, https:\/\/bodegaoutdoor.cl\/store\/wp-content\/uploads\/2026\/05\/WhatsApp-Image-2026-05-17-at-17.30.44-300x300.jpeg 300w, https:\/\/bodegaoutdoor.cl\/store\/wp-content\/uploads\/2026\/05\/WhatsApp-Image-2026-05-17-at-17.30.44-50x50.jpeg 50w\" sizes=\"(max-width: 71px) 100vw, 71px\" \/>                                            <\/a>\n                                                                                            <div class=\"media-body align-self-center product-widget-content\">\n                                                <a class=\"product-title small\" href=\"https:\/\/bodegaoutdoor.cl\/store\/product\/neumatico-para-enduro-120-100-18-medium-soft\/\">Neumatico para enduro 120\/100\/18 Medium soft<\/a>\n                                                <span class=\"price small\">\n                                                <del aria-hidden=\"true\"><span class=\"woocommerce-Price-amount amount\"><bdi><span class=\"woocommerce-Price-currencySymbol\" translate=\"no\">$<\/span>99,900<\/bdi><\/span><\/del> <span class=\"screen-reader-text\">El precio original era: $99,900.<\/span><ins aria-hidden=\"true\"><span class=\"woocommerce-Price-amount amount\"><bdi><span class=\"woocommerce-Price-currencySymbol\" translate=\"no\">$<\/span>52,990<\/bdi><\/span><\/ins><span class=\"screen-reader-text\">El precio actual es: $52,990.<\/span>                                            <\/span>\n                                            <\/div>\n                                        <\/div>\n\n                                                                                                        \n                                        <div class=\"xs-product-widget media version-2\">\n                                                                                        <a class=\"xs_product_img_link\" href=\"https:\/\/bodegaoutdoor.cl\/store\/product\/kit-de-accesorios-de-pesca-cana-regulable-hasta-2-10m\/\">\n                                            <img loading=\"lazy\" decoding=\"async\" width=\"71\" height=\"70\" src=\"https:\/\/bodegaoutdoor.cl\/store\/wp-content\/uploads\/2025\/01\/F-126__8_-100x100.jpg\" class=\"d-flex\" alt=\"KIT DE ACCESORIOS DE PESCA CA\u00d1A regulable hasta 2.10m\" srcset=\"https:\/\/bodegaoutdoor.cl\/store\/wp-content\/uploads\/2025\/01\/F-126__8_-100x100.jpg 100w, https:\/\/bodegaoutdoor.cl\/store\/wp-content\/uploads\/2025\/01\/F-126__8_-300x300.jpg 300w, https:\/\/bodegaoutdoor.cl\/store\/wp-content\/uploads\/2025\/01\/F-126__8_-1024x1024.jpg 1024w, https:\/\/bodegaoutdoor.cl\/store\/wp-content\/uploads\/2025\/01\/F-126__8_-150x150.jpg 150w, https:\/\/bodegaoutdoor.cl\/store\/wp-content\/uploads\/2025\/01\/F-126__8_-768x768.jpg 768w, https:\/\/bodegaoutdoor.cl\/store\/wp-content\/uploads\/2025\/01\/F-126__8_-1536x1536.jpg 1536w, https:\/\/bodegaoutdoor.cl\/store\/wp-content\/uploads\/2025\/01\/F-126__8_-2048x2048.jpg 2048w, https:\/\/bodegaoutdoor.cl\/store\/wp-content\/uploads\/2025\/01\/F-126__8_-600x600.jpg 600w\" sizes=\"(max-width: 71px) 100vw, 71px\" \/>                                            <\/a>\n                                                                                            <div class=\"media-body align-self-center product-widget-content\">\n                                                <a class=\"product-title small\" href=\"https:\/\/bodegaoutdoor.cl\/store\/product\/kit-de-accesorios-de-pesca-cana-regulable-hasta-2-10m\/\">KIT DE ACCESORIOS DE PESCA CA\u00d1A regulable hasta 2.10m<\/a>\n                                                <span class=\"price small\">\n                                                <del aria-hidden=\"true\"><span class=\"woocommerce-Price-amount amount\"><bdi><span class=\"woocommerce-Price-currencySymbol\" translate=\"no\">$<\/span>35,000<\/bdi><\/span><\/del> <span class=\"screen-reader-text\">El precio original era: $35,000.<\/span><ins aria-hidden=\"true\"><span class=\"woocommerce-Price-amount amount\"><bdi><span class=\"woocommerce-Price-currencySymbol\" translate=\"no\">$<\/span>24,990<\/bdi><\/span><\/ins><span class=\"screen-reader-text\">El precio actual es: $24,990.<\/span>                                            <\/span>\n                                            <\/div>\n                                        <\/div>\n\n                                                                                                        \n                                        <div class=\"xs-product-widget media version-2\">\n                                                                                        <a class=\"xs_product_img_link\" href=\"https:\/\/bodegaoutdoor.cl\/store\/product\/carpa-techo-camping-3x3-metros\/\">\n                                            <img loading=\"lazy\" decoding=\"async\" width=\"71\" height=\"70\" src=\"https:\/\/bodegaoutdoor.cl\/store\/wp-content\/uploads\/2024\/12\/TECHO-3X3-100x100.jpeg\" class=\"d-flex\" alt=\"Carpa Techo Camping 3&#215;3 metros\" srcset=\"https:\/\/bodegaoutdoor.cl\/store\/wp-content\/uploads\/2024\/12\/TECHO-3X3-100x100.jpeg 100w, https:\/\/bodegaoutdoor.cl\/store\/wp-content\/uploads\/2024\/12\/TECHO-3X3-300x300.jpeg 300w, https:\/\/bodegaoutdoor.cl\/store\/wp-content\/uploads\/2024\/12\/TECHO-3X3-150x150.jpeg 150w, https:\/\/bodegaoutdoor.cl\/store\/wp-content\/uploads\/2024\/12\/TECHO-3X3-768x768.jpeg 768w, https:\/\/bodegaoutdoor.cl\/store\/wp-content\/uploads\/2024\/12\/TECHO-3X3-600x600.jpeg 600w, https:\/\/bodegaoutdoor.cl\/store\/wp-content\/uploads\/2024\/12\/TECHO-3X3.jpeg 800w\" sizes=\"(max-width: 71px) 100vw, 71px\" \/>                                            <\/a>\n                                                                                            <div class=\"media-body align-self-center product-widget-content\">\n                                                <a class=\"product-title small\" href=\"https:\/\/bodegaoutdoor.cl\/store\/product\/carpa-techo-camping-3x3-metros\/\">Carpa Techo Camping 3&#215;3 metros<\/a>\n                                                <span class=\"price small\">\n                                                <del aria-hidden=\"true\"><span class=\"woocommerce-Price-amount amount\"><bdi><span class=\"woocommerce-Price-currencySymbol\" translate=\"no\">$<\/span>100,000<\/bdi><\/span><\/del> <span class=\"screen-reader-text\">El precio original era: $100,000.<\/span><ins aria-hidden=\"true\"><span class=\"woocommerce-Price-amount amount\"><bdi><span class=\"woocommerce-Price-currencySymbol\" translate=\"no\">$<\/span>49,990<\/bdi><\/span><\/ins><span class=\"screen-reader-text\">El precio actual es: $49,990.<\/span>                                            <\/span>\n                                            <\/div>\n                                        <\/div>\n\n                                                                            <\/div><!-- .xs-product-slider-item -->\n                                                                                                                                                <div class=\"xs-product-slider-item swiper-slide\">\n                                    \n                                        <div class=\"xs-product-widget media version-2\">\n                                                                                        <a class=\"xs_product_img_link\" href=\"https:\/\/bodegaoutdoor.cl\/store\/product\/gorro-police\/\">\n                                            <img loading=\"lazy\" decoding=\"async\" width=\"71\" height=\"70\" src=\"https:\/\/bodegaoutdoor.cl\/store\/wp-content\/uploads\/2024\/12\/WhatsApp-Image-2024-05-16-at-9.44.56-AM-100x100.jpeg\" class=\"d-flex\" alt=\"GORRO JOCKEY POLICE\" srcset=\"https:\/\/bodegaoutdoor.cl\/store\/wp-content\/uploads\/2024\/12\/WhatsApp-Image-2024-05-16-at-9.44.56-AM-100x100.jpeg 100w, https:\/\/bodegaoutdoor.cl\/store\/wp-content\/uploads\/2024\/12\/WhatsApp-Image-2024-05-16-at-9.44.56-AM-300x300.jpeg 300w, https:\/\/bodegaoutdoor.cl\/store\/wp-content\/uploads\/2024\/12\/WhatsApp-Image-2024-05-16-at-9.44.56-AM-150x150.jpeg 150w, https:\/\/bodegaoutdoor.cl\/store\/wp-content\/uploads\/2024\/12\/WhatsApp-Image-2024-05-16-at-9.44.56-AM-768x758.jpeg 768w, https:\/\/bodegaoutdoor.cl\/store\/wp-content\/uploads\/2024\/12\/WhatsApp-Image-2024-05-16-at-9.44.56-AM-600x592.jpeg 600w, https:\/\/bodegaoutdoor.cl\/store\/wp-content\/uploads\/2024\/12\/WhatsApp-Image-2024-05-16-at-9.44.56-AM.jpeg 829w\" sizes=\"(max-width: 71px) 100vw, 71px\" \/>                                            <\/a>\n                                                                                            <div class=\"media-body align-self-center product-widget-content\">\n                                                <a class=\"product-title small\" href=\"https:\/\/bodegaoutdoor.cl\/store\/product\/gorro-police\/\">GORRO JOCKEY POLICE<\/a>\n                                                <span class=\"price small\">\n                                                <del aria-hidden=\"true\"><span class=\"woocommerce-Price-amount amount\"><bdi><span class=\"woocommerce-Price-currencySymbol\" translate=\"no\">$<\/span>15,000<\/bdi><\/span><\/del> <span class=\"screen-reader-text\">El precio original era: $15,000.<\/span><ins aria-hidden=\"true\"><span class=\"woocommerce-Price-amount amount\"><bdi><span class=\"woocommerce-Price-currencySymbol\" translate=\"no\">$<\/span>9,990<\/bdi><\/span><\/ins><span class=\"screen-reader-text\">El precio actual es: $9,990.<\/span>                                            <\/span>\n                                            <\/div>\n                                        <\/div>\n\n                                                                                                        \n                                        <div class=\"xs-product-widget media version-2\">\n                                                                                        <a class=\"xs_product_img_link\" href=\"https:\/\/bodegaoutdoor.cl\/store\/product\/telescopio-comet-501-10-30x50\/\">\n                                            <img loading=\"lazy\" decoding=\"async\" width=\"71\" height=\"70\" src=\"https:\/\/bodegaoutdoor.cl\/store\/wp-content\/uploads\/2024\/12\/103050-600x600.jpeg-100x100.webp\" class=\"d-flex\" alt=\"TELESCOPIO comet 501 10-30X50\" srcset=\"https:\/\/bodegaoutdoor.cl\/store\/wp-content\/uploads\/2024\/12\/103050-600x600.jpeg-100x100.webp 100w, https:\/\/bodegaoutdoor.cl\/store\/wp-content\/uploads\/2024\/12\/103050-600x600.jpeg-300x300.webp 300w, https:\/\/bodegaoutdoor.cl\/store\/wp-content\/uploads\/2024\/12\/103050-600x600.jpeg-150x150.webp 150w, https:\/\/bodegaoutdoor.cl\/store\/wp-content\/uploads\/2024\/12\/103050-600x600.jpeg.webp 600w\" sizes=\"(max-width: 71px) 100vw, 71px\" \/>                                            <\/a>\n                                                                                            <div class=\"media-body align-self-center product-widget-content\">\n                                                <a class=\"product-title small\" href=\"https:\/\/bodegaoutdoor.cl\/store\/product\/telescopio-comet-501-10-30x50\/\">TELESCOPIO comet 501 10-30X50<\/a>\n                                                <span class=\"price small\">\n                                                <del aria-hidden=\"true\"><span class=\"woocommerce-Price-amount amount\"><bdi><span class=\"woocommerce-Price-currencySymbol\" translate=\"no\">$<\/span>150,000<\/bdi><\/span><\/del> <span class=\"screen-reader-text\">El precio original era: $150,000.<\/span><ins aria-hidden=\"true\"><span class=\"woocommerce-Price-amount amount\"><bdi><span class=\"woocommerce-Price-currencySymbol\" translate=\"no\">$<\/span>99,990<\/bdi><\/span><\/ins><span class=\"screen-reader-text\">El precio actual es: $99,990.<\/span>                                            <\/span>\n                                            <\/div>\n                                        <\/div>\n\n                                                                                                        \n                                        <div class=\"xs-product-widget media version-2\">\n                                                                                        <a class=\"xs_product_img_link\" href=\"https:\/\/bodegaoutdoor.cl\/store\/product\/hacha-de-supervivencia-multifuncion-tactica-martillo-outdoor-mango-de-plasticorescate\/\">\n                                            <img loading=\"lazy\" decoding=\"async\" width=\"71\" height=\"70\" src=\"https:\/\/bodegaoutdoor.cl\/store\/wp-content\/uploads\/2024\/12\/hacha-bodega-outdoor-survivor-1-100x100.jpeg\" class=\"d-flex\" alt=\"Hacha de supervivencia, multifunci\u00f3n t\u00e1ctica, martillo, outdoor, mango de pl\u00e1stico,rescate\" srcset=\"https:\/\/bodegaoutdoor.cl\/store\/wp-content\/uploads\/2024\/12\/hacha-bodega-outdoor-survivor-1-100x100.jpeg 100w, https:\/\/bodegaoutdoor.cl\/store\/wp-content\/uploads\/2024\/12\/hacha-bodega-outdoor-survivor-1-300x300.jpeg 300w, https:\/\/bodegaoutdoor.cl\/store\/wp-content\/uploads\/2024\/12\/hacha-bodega-outdoor-survivor-1-150x150.jpeg 150w, https:\/\/bodegaoutdoor.cl\/store\/wp-content\/uploads\/2024\/12\/hacha-bodega-outdoor-survivor-1-768x768.jpeg 768w, https:\/\/bodegaoutdoor.cl\/store\/wp-content\/uploads\/2024\/12\/hacha-bodega-outdoor-survivor-1-600x600.jpeg 600w, https:\/\/bodegaoutdoor.cl\/store\/wp-content\/uploads\/2024\/12\/hacha-bodega-outdoor-survivor-1.jpeg 1024w\" sizes=\"(max-width: 71px) 100vw, 71px\" \/>                                            <\/a>\n                                                                                            <div class=\"media-body align-self-center product-widget-content\">\n                                                <a class=\"product-title small\" href=\"https:\/\/bodegaoutdoor.cl\/store\/product\/hacha-de-supervivencia-multifuncion-tactica-martillo-outdoor-mango-de-plasticorescate\/\">Hacha de supervivencia, multifunci\u00f3n t\u00e1ctica, martillo, outdoor, mango de pl\u00e1stico,rescate<\/a>\n                                                <span class=\"price small\">\n                                                <del aria-hidden=\"true\"><span class=\"woocommerce-Price-amount amount\"><bdi><span class=\"woocommerce-Price-currencySymbol\" translate=\"no\">$<\/span>60,000<\/bdi><\/span><\/del> <span class=\"screen-reader-text\">El precio original era: $60,000.<\/span><ins aria-hidden=\"true\"><span class=\"woocommerce-Price-amount amount\"><bdi><span class=\"woocommerce-Price-currencySymbol\" translate=\"no\">$<\/span>29,990<\/bdi><\/span><\/ins><span class=\"screen-reader-text\">El precio actual es: $29,990.<\/span>                                            <\/span>\n                                            <\/div>\n                                        <\/div>\n\n                                                                            <\/div><!-- .xs-product-slider-item -->\n                                                                                                                                                <div class=\"xs-product-slider-item swiper-slide\">\n                                    \n                                        <div class=\"xs-product-widget media version-2\">\n                                                                                        <a class=\"xs_product_img_link\" href=\"https:\/\/bodegaoutdoor.cl\/store\/product\/termo-1-litro-1000ml-de-doble-pared-al-vacio-liviano\/\">\n                                            <img loading=\"lazy\" decoding=\"async\" width=\"71\" height=\"70\" src=\"https:\/\/bodegaoutdoor.cl\/store\/wp-content\/uploads\/2024\/11\/Sin-titulo-100x100.png\" class=\"d-flex\" alt=\"Termo 1 Litro \/ 1000ml, de doble pared al vac\u00edo Liviano\" srcset=\"https:\/\/bodegaoutdoor.cl\/store\/wp-content\/uploads\/2024\/11\/Sin-titulo-100x100.png 100w, https:\/\/bodegaoutdoor.cl\/store\/wp-content\/uploads\/2024\/11\/Sin-titulo-150x150.png 150w, https:\/\/bodegaoutdoor.cl\/store\/wp-content\/uploads\/2024\/11\/Sin-titulo-300x300.png 300w, https:\/\/bodegaoutdoor.cl\/store\/wp-content\/uploads\/2024\/11\/Sin-titulo-50x50.png 50w\" sizes=\"(max-width: 71px) 100vw, 71px\" \/>                                            <\/a>\n                                                                                            <div class=\"media-body align-self-center product-widget-content\">\n                                                <a class=\"product-title small\" href=\"https:\/\/bodegaoutdoor.cl\/store\/product\/termo-1-litro-1000ml-de-doble-pared-al-vacio-liviano\/\">Termo 1 Litro \/ 1000ml, de doble pared al vac\u00edo Liviano<\/a>\n                                                <span class=\"price small\">\n                                                <del aria-hidden=\"true\"><span class=\"woocommerce-Price-amount amount\"><bdi><span class=\"woocommerce-Price-currencySymbol\" translate=\"no\">$<\/span>19,990<\/bdi><\/span><\/del> <span class=\"screen-reader-text\">El precio original era: $19,990.<\/span><ins aria-hidden=\"true\"><span class=\"woocommerce-Price-amount amount\"><bdi><span class=\"woocommerce-Price-currencySymbol\" translate=\"no\">$<\/span>9,990<\/bdi><\/span><\/ins><span class=\"screen-reader-text\">El precio actual es: $9,990.<\/span>                                            <\/span>\n                                            <\/div>\n                                        <\/div>\n\n                                                                                                        \n                                        <div class=\"xs-product-widget media version-2\">\n                                                                                        <a class=\"xs_product_img_link\" href=\"https:\/\/bodegaoutdoor.cl\/store\/product\/chaqueta-tactica-de-polar-con-capucha\/\">\n                                            <img loading=\"lazy\" decoding=\"async\" width=\"71\" height=\"70\" src=\"https:\/\/bodegaoutdoor.cl\/store\/wp-content\/uploads\/2024\/07\/polar-tactico-2-100x100.png\" class=\"d-flex\" alt=\"Chaqueta Tactica De Polar Con Capucha\" srcset=\"https:\/\/bodegaoutdoor.cl\/store\/wp-content\/uploads\/2024\/07\/polar-tactico-2-100x100.png 100w, https:\/\/bodegaoutdoor.cl\/store\/wp-content\/uploads\/2024\/07\/polar-tactico-2-150x150.png 150w, https:\/\/bodegaoutdoor.cl\/store\/wp-content\/uploads\/2024\/07\/polar-tactico-2-300x300.png 300w, https:\/\/bodegaoutdoor.cl\/store\/wp-content\/uploads\/2024\/07\/polar-tactico-2-50x50.png 50w\" sizes=\"(max-width: 71px) 100vw, 71px\" \/>                                            <\/a>\n                                                                                            <div class=\"media-body align-self-center product-widget-content\">\n                                                <a class=\"product-title small\" href=\"https:\/\/bodegaoutdoor.cl\/store\/product\/chaqueta-tactica-de-polar-con-capucha\/\">Chaqueta Tactica De Polar Con Capucha<\/a>\n                                                <span class=\"price small\">\n                                                <del aria-hidden=\"true\"><span class=\"woocommerce-Price-amount amount\"><bdi><span class=\"woocommerce-Price-currencySymbol\" translate=\"no\">$<\/span>99,990<\/bdi><\/span><\/del> <span class=\"screen-reader-text\">El precio original era: $99,990.<\/span><ins aria-hidden=\"true\"><span class=\"woocommerce-Price-amount amount\"><bdi><span class=\"woocommerce-Price-currencySymbol\" translate=\"no\">$<\/span>59,990<\/bdi><\/span><\/ins><span class=\"screen-reader-text\">El precio actual es: $59,990.<\/span>                                            <\/span>\n                                            <\/div>\n                                        <\/div>\n\n                                                                                                        \n                                        <div class=\"xs-product-widget media version-2\">\n                                                                                        <a class=\"xs_product_img_link\" href=\"https:\/\/bodegaoutdoor.cl\/store\/product\/poston-800-balines-metalicos-bbs-calibre-4-5mm-para-pistola\/\">\n                                            <img loading=\"lazy\" decoding=\"async\" width=\"71\" height=\"70\" src=\"https:\/\/bodegaoutdoor.cl\/store\/wp-content\/uploads\/2024\/03\/39ba0a91-2955-48c8-865f-e91e06e6403a-100x100.jpg\" class=\"d-flex\" alt=\"Poston 800 Balines Metalicos Bbs Calibre 4.5mm Para Pistola\" srcset=\"https:\/\/bodegaoutdoor.cl\/store\/wp-content\/uploads\/2024\/03\/39ba0a91-2955-48c8-865f-e91e06e6403a-100x100.jpg 100w, https:\/\/bodegaoutdoor.cl\/store\/wp-content\/uploads\/2024\/03\/39ba0a91-2955-48c8-865f-e91e06e6403a-150x150.jpg 150w, https:\/\/bodegaoutdoor.cl\/store\/wp-content\/uploads\/2024\/03\/39ba0a91-2955-48c8-865f-e91e06e6403a-300x300.jpg 300w, https:\/\/bodegaoutdoor.cl\/store\/wp-content\/uploads\/2024\/03\/39ba0a91-2955-48c8-865f-e91e06e6403a-50x50.jpg 50w\" sizes=\"(max-width: 71px) 100vw, 71px\" \/>                                            <\/a>\n                                                                                            <div class=\"media-body align-self-center product-widget-content\">\n                                                <a class=\"product-title small\" href=\"https:\/\/bodegaoutdoor.cl\/store\/product\/poston-800-balines-metalicos-bbs-calibre-4-5mm-para-pistola\/\">Poston 800 Balines Metalicos Bbs Calibre 4.5mm Para Pistola<\/a>\n                                                <span class=\"price small\">\n                                                <del aria-hidden=\"true\"><span class=\"woocommerce-Price-amount amount\"><bdi><span class=\"woocommerce-Price-currencySymbol\" translate=\"no\">$<\/span>8,000<\/bdi><\/span><\/del> <span class=\"screen-reader-text\">El precio original era: $8,000.<\/span><ins aria-hidden=\"true\"><span class=\"woocommerce-Price-amount amount\"><bdi><span class=\"woocommerce-Price-currencySymbol\" translate=\"no\">$<\/span>6,000<\/bdi><\/span><\/ins><span class=\"screen-reader-text\">El precio actual es: $6,000.<\/span>                                            <\/span>\n                                            <\/div>\n                                        <\/div>\n\n                                                                            <\/div><!-- .xs-product-slider-item -->\n                                                                                                                                                <div class=\"xs-product-slider-item swiper-slide\">\n                                    \n                                        <div class=\"xs-product-widget media version-2\">\n                                                                                        <a class=\"xs_product_img_link\" href=\"https:\/\/bodegaoutdoor.cl\/store\/product\/bolsa-de-balines-trazadores-luminosos-para-airsoft-0-25g\/\">\n                                            <img loading=\"lazy\" decoding=\"async\" width=\"71\" height=\"70\" src=\"https:\/\/bodegaoutdoor.cl\/store\/wp-content\/uploads\/2024\/03\/5878c152-cb03-438b-812d-d1c70d5d8557-100x100.jpg\" class=\"d-flex\" alt=\"Bolsa De Balines Trazadores Luminosos Para Airsoft 0.25g\" srcset=\"https:\/\/bodegaoutdoor.cl\/store\/wp-content\/uploads\/2024\/03\/5878c152-cb03-438b-812d-d1c70d5d8557-100x100.jpg 100w, https:\/\/bodegaoutdoor.cl\/store\/wp-content\/uploads\/2024\/03\/5878c152-cb03-438b-812d-d1c70d5d8557-150x150.jpg 150w, https:\/\/bodegaoutdoor.cl\/store\/wp-content\/uploads\/2024\/03\/5878c152-cb03-438b-812d-d1c70d5d8557-300x300.jpg 300w, https:\/\/bodegaoutdoor.cl\/store\/wp-content\/uploads\/2024\/03\/5878c152-cb03-438b-812d-d1c70d5d8557-50x50.jpg 50w\" sizes=\"(max-width: 71px) 100vw, 71px\" \/>                                            <\/a>\n                                                                                            <div class=\"media-body align-self-center product-widget-content\">\n                                                <a class=\"product-title small\" href=\"https:\/\/bodegaoutdoor.cl\/store\/product\/bolsa-de-balines-trazadores-luminosos-para-airsoft-0-25g\/\">Bolsa De Balines Trazadores Luminosos Para Airsoft 0.25g<\/a>\n                                                <span class=\"price small\">\n                                                <del aria-hidden=\"true\"><span class=\"woocommerce-Price-amount amount\"><bdi><span class=\"woocommerce-Price-currencySymbol\" translate=\"no\">$<\/span>15,000<\/bdi><\/span><\/del> <span class=\"screen-reader-text\">El precio original era: $15,000.<\/span><ins aria-hidden=\"true\"><span class=\"woocommerce-Price-amount amount\"><bdi><span class=\"woocommerce-Price-currencySymbol\" translate=\"no\">$<\/span>12,500<\/bdi><\/span><\/ins><span class=\"screen-reader-text\">El precio actual es: $12,500.<\/span>                                            <\/span>\n                                            <\/div>\n                                        <\/div>\n\n                                                                                                        \n                                        <div class=\"xs-product-widget media version-2\">\n                                                                                        <a class=\"xs_product_img_link\" href=\"https:\/\/bodegaoutdoor.cl\/store\/product\/silla-plegable-de-camping-grande\/\">\n                                            <img loading=\"lazy\" decoding=\"async\" width=\"71\" height=\"70\" src=\"https:\/\/bodegaoutdoor.cl\/store\/wp-content\/uploads\/2024\/03\/30-87-b-600x525-1-100x100.png\" class=\"d-flex\" alt=\"Silla Plegable De Camping Grande\" srcset=\"https:\/\/bodegaoutdoor.cl\/store\/wp-content\/uploads\/2024\/03\/30-87-b-600x525-1-100x100.png 100w, https:\/\/bodegaoutdoor.cl\/store\/wp-content\/uploads\/2024\/03\/30-87-b-600x525-1-150x150.png 150w, https:\/\/bodegaoutdoor.cl\/store\/wp-content\/uploads\/2024\/03\/30-87-b-600x525-1-300x300.png 300w, https:\/\/bodegaoutdoor.cl\/store\/wp-content\/uploads\/2024\/03\/30-87-b-600x525-1-50x50.png 50w\" sizes=\"(max-width: 71px) 100vw, 71px\" \/>                                            <\/a>\n                                                                                            <div class=\"media-body align-self-center product-widget-content\">\n                                                <a class=\"product-title small\" href=\"https:\/\/bodegaoutdoor.cl\/store\/product\/silla-plegable-de-camping-grande\/\">Silla Plegable De Camping Grande<\/a>\n                                                <span class=\"price small\">\n                                                <del aria-hidden=\"true\"><span class=\"woocommerce-Price-amount amount\"><bdi><span class=\"woocommerce-Price-currencySymbol\" translate=\"no\">$<\/span>19,990<\/bdi><\/span><\/del> <span class=\"screen-reader-text\">El precio original era: $19,990.<\/span><ins aria-hidden=\"true\"><span class=\"woocommerce-Price-amount amount\"><bdi><span class=\"woocommerce-Price-currencySymbol\" translate=\"no\">$<\/span>14,990<\/bdi><\/span><\/ins><span class=\"screen-reader-text\">El precio actual es: $14,990.<\/span>                                            <\/span>\n                                            <\/div>\n                                        <\/div>\n\n                                                                                                        \n                                        <div class=\"xs-product-widget media version-2\">\n                                                                                        <a class=\"xs_product_img_link\" href=\"https:\/\/bodegaoutdoor.cl\/store\/product\/cunas-de-camping-plegables-al-aire-libre-para-adultos-cama-ligera-y-duradera-para-dormir-portatil-y-resistente-con-bolsa-de-transporte\/\">\n                                            <img loading=\"lazy\" decoding=\"async\" width=\"71\" height=\"70\" src=\"https:\/\/bodegaoutdoor.cl\/store\/wp-content\/uploads\/2023\/12\/81073-fkh1or-100x100.jpg\" class=\"d-flex\" alt=\"cama de Camping plegable ligera y duradera para dormir, port\u00e1til\" srcset=\"https:\/\/bodegaoutdoor.cl\/store\/wp-content\/uploads\/2023\/12\/81073-fkh1or-100x100.jpg 100w, https:\/\/bodegaoutdoor.cl\/store\/wp-content\/uploads\/2023\/12\/81073-fkh1or-300x300.jpg 300w, https:\/\/bodegaoutdoor.cl\/store\/wp-content\/uploads\/2023\/12\/81073-fkh1or-150x150.jpg 150w, https:\/\/bodegaoutdoor.cl\/store\/wp-content\/uploads\/2023\/12\/81073-fkh1or-600x600.jpg 600w, https:\/\/bodegaoutdoor.cl\/store\/wp-content\/uploads\/2023\/12\/81073-fkh1or-50x50.jpg 50w, https:\/\/bodegaoutdoor.cl\/store\/wp-content\/uploads\/2023\/12\/81073-fkh1or.jpg 750w\" sizes=\"(max-width: 71px) 100vw, 71px\" \/>                                            <\/a>\n                                                                                            <div class=\"media-body align-self-center product-widget-content\">\n                                                <a class=\"product-title small\" href=\"https:\/\/bodegaoutdoor.cl\/store\/product\/cunas-de-camping-plegables-al-aire-libre-para-adultos-cama-ligera-y-duradera-para-dormir-portatil-y-resistente-con-bolsa-de-transporte\/\">cama de Camping plegable ligera y duradera para dormir, port\u00e1til<\/a>\n                                                <span class=\"price small\">\n                                                <del aria-hidden=\"true\"><span class=\"woocommerce-Price-amount amount\"><bdi><span class=\"woocommerce-Price-currencySymbol\" translate=\"no\">$<\/span>99,990<\/bdi><\/span><\/del> <span class=\"screen-reader-text\">El precio original era: $99,990.<\/span><ins aria-hidden=\"true\"><span class=\"woocommerce-Price-amount amount\"><bdi><span class=\"woocommerce-Price-currencySymbol\" translate=\"no\">$<\/span>49,990<\/bdi><\/span><\/ins><span class=\"screen-reader-text\">El precio actual es: $49,990.<\/span>                                            <\/span>\n                                            <\/div>\n                                        <\/div>\n\n                                                                            <\/div><!-- .xs-product-slider-item -->\n                                                                                        <\/div>\n                <\/div>\n            <\/div>\n            <\/div>\t\t\t\t<\/div>\n\t\t\t\t<\/div>\n\t\t\t\t\t<\/div>\n\t\t<\/div>\n\t\t\t\t<div class=\"elementor-column elementor-col-50 elementor-top-column elementor-element elementor-element-cf1b1a4\" data-id=\"cf1b1a4\" data-element_type=\"column\" data-e-type=\"column\">\n\t\t\t<div class=\"elementor-widget-wrap elementor-element-populated\">\n\t\t\t\t\t\t<div class=\"elementor-element elementor-element-cdde3c2 elementor-widget elementor-widget-xs-image\" data-id=\"cdde3c2\" data-element_type=\"widget\" data-e-type=\"widget\" data-widget_type=\"xs-image.default\">\n\t\t\t\t<div class=\"elementor-widget-container\">\n\t\t\t\t\t                    <a href=\"#\" class=\"xs-banner-campaign\">\n                <img loading=\"lazy\" decoding=\"async\" width=\"405\" height=\"314\" src=\"https:\/\/bodegaoutdoor.cl\/store\/wp-content\/uploads\/2018\/04\/banner-card.png\" class=\"attachment-full size-full wp-image-454\" alt=\"\" \/>            <\/a>\n                \t\t\t\t<\/div>\n\t\t\t\t<\/div>\n\t\t\t\t\t<\/div>\n\t\t<\/div>\n\t\t\t\t\t<\/div>\n\t\t<\/section>\n\t\t\t\t<section class=\"elementor-section elementor-top-section elementor-element elementor-element-6656 elementor-section-boxed elementor-section-height-default elementor-section-height-default\" data-id=\"6656\" data-element_type=\"section\" data-e-type=\"section\">\n\t\t\t\t\t\t<div class=\"elementor-container elementor-column-gap-default\">\n\t\t\t\t\t<div class=\"elementor-column elementor-col-100 elementor-top-column elementor-element elementor-element-7871\" data-id=\"7871\" data-element_type=\"column\" data-e-type=\"column\">\n\t\t\t<div class=\"elementor-widget-wrap elementor-element-populated\">\n\t\t\t\t\t\t<div class=\"elementor-element elementor-element-6618 elementor-widget elementor-widget-xs-partner\" data-id=\"6618\" data-element_type=\"widget\" data-e-type=\"widget\" data-widget_type=\"xs-partner.default\">\n\t\t\t\t<div class=\"elementor-widget-container\">\n\t\t\t\t\t        <div class=\"xs-brand-content clearfix\">\n                                                                                                                                        <a href=\"#\" target=\"_self\"> \n                          <img loading=\"lazy\" decoding=\"async\" width=\"100\" height=\"84\" src=\"https:\/\/bodegaoutdoor.cl\/store\/wp-content\/uploads\/2018\/04\/sponsors_1.png\" class=\"attachment-full size-full\" alt=\"sponsors_1\" \/>                        <\/a>\n                                                                                                                                                <a href=\"\" target=\"_self\"> \n                          <img loading=\"lazy\" decoding=\"async\" width=\"133\" height=\"84\" src=\"https:\/\/bodegaoutdoor.cl\/store\/wp-content\/uploads\/2018\/04\/sponsors_2.png\" class=\"attachment-full size-full\" alt=\"sponsors_2\" \/>                        <\/a>\n                                                                                                                                                <a href=\"\" target=\"_self\"> \n                          <img loading=\"lazy\" decoding=\"async\" width=\"96\" height=\"83\" src=\"https:\/\/bodegaoutdoor.cl\/store\/wp-content\/uploads\/2018\/04\/sponsors_3.png\" class=\"attachment-full size-full\" alt=\"sponsors_3\" \/>                        <\/a>\n                                                                                                                                                <a href=\"\" target=\"_self\"> \n                          <img loading=\"lazy\" decoding=\"async\" width=\"105\" height=\"84\" src=\"https:\/\/bodegaoutdoor.cl\/store\/wp-content\/uploads\/2018\/04\/sponsors_4.png\" class=\"attachment-full size-full\" alt=\"sponsors_4\" \/>                        <\/a>\n                                                                                                                                                <a href=\"\" target=\"_self\"> \n                          <img loading=\"lazy\" decoding=\"async\" width=\"96\" height=\"79\" src=\"https:\/\/bodegaoutdoor.cl\/store\/wp-content\/uploads\/2018\/04\/sponsors_5.png\" class=\"attachment-full size-full\" alt=\"sponsors_5\" \/>                        <\/a>\n                                                        <\/div>\n        \t\t\t\t<\/div>\n\t\t\t\t<\/div>\n\t\t\t\t\t<\/div>\n\t\t<\/div>\n\t\t\t\t\t<\/div>\n\t\t<\/section>\n\t\t\t\t<section class=\"elementor-section elementor-top-section elementor-element elementor-element-69cf elementor-section-boxed elementor-section-height-default elementor-section-height-default\" data-id=\"69cf\" data-element_type=\"section\" data-e-type=\"section\" data-settings=\"{&quot;background_background&quot;:&quot;classic&quot;}\">\n\t\t\t\t\t\t<div class=\"elementor-container elementor-column-gap-default\">\n\t\t\t\t\t<div class=\"elementor-column elementor-col-100 elementor-top-column elementor-element elementor-element-6a2e\" data-id=\"6a2e\" data-element_type=\"column\" data-e-type=\"column\">\n\t\t\t<div class=\"elementor-widget-wrap elementor-element-populated\">\n\t\t\t\t\t\t<section class=\"elementor-section elementor-inner-section elementor-element elementor-element-3ede549 elementor-section-boxed elementor-section-height-default elementor-section-height-default\" data-id=\"3ede549\" data-element_type=\"section\" data-e-type=\"section\">\n\t\t\t\t\t\t<div class=\"elementor-container elementor-column-gap-default\">\n\t\t\t\t\t<div class=\"elementor-column elementor-col-50 elementor-inner-column elementor-element elementor-element-3f901c3\" data-id=\"3f901c3\" data-element_type=\"column\" data-e-type=\"column\">\n\t\t\t<div class=\"elementor-widget-wrap elementor-element-populated\">\n\t\t\t\t\t\t<div class=\"elementor-element elementor-element-a5176d3 elementor-position-inline-start elementor-view-default elementor-mobile-position-block-start elementor-widget elementor-widget-icon-box\" data-id=\"a5176d3\" data-element_type=\"widget\" data-e-type=\"widget\" data-widget_type=\"icon-box.default\">\n\t\t\t\t<div class=\"elementor-widget-container\">\n\t\t\t\t\t\t\t<div class=\"elementor-icon-box-wrapper\">\n\n\t\t\t\t\t\t<div class=\"elementor-icon-box-icon\">\n\t\t\t\t<span  class=\"elementor-icon\">\n\t\t\t\t<i class=\"icon icon-email\" aria-hidden=\"true\"><\/i>\t\t\t\t<\/span>\n\t\t\t<\/div>\n\t\t\t\n\t\t\t\t\t\t<div class=\"elementor-icon-box-content\">\n\n\t\t\t\t\t\t\t\t\t<h3 class=\"elementor-icon-box-title\">\n\t\t\t\t\t\t<span  >\n\t\t\t\t\t\t\tNewsletter &amp; Get Updates\t\t\t\t\t\t<\/span>\n\t\t\t\t\t<\/h3>\n\t\t\t\t\n\t\t\t\t\t\t\t\t\t<p class=\"elementor-icon-box-description\">\n\t\t\t\t\t\tSign up for our newsletter to get up-to-date from us\t\t\t\t\t<\/p>\n\t\t\t\t\n\t\t\t<\/div>\n\t\t\t\n\t\t<\/div>\n\t\t\t\t\t\t<\/div>\n\t\t\t\t<\/div>\n\t\t\t\t\t<\/div>\n\t\t<\/div>\n\t\t\t\t<div class=\"elementor-column elementor-col-50 elementor-inner-column elementor-element elementor-element-694b772\" data-id=\"694b772\" data-element_type=\"column\" data-e-type=\"column\">\n\t\t\t<div class=\"elementor-widget-wrap elementor-element-populated\">\n\t\t\t\t\t\t<div class=\"elementor-element elementor-element-4bc4 elementor-widget elementor-widget-xs-subscribe\" data-id=\"4bc4\" data-element_type=\"widget\" data-e-type=\"widget\" data-widget_type=\"xs-subscribe.default\">\n\t\t\t\t<div class=\"elementor-widget-container\">\n\t\t\t\t\t<form action=\"#\" method=\"POST\" class=\"xs-newsletter newsLetter-v3\" data-link=\"\">\n    <label for=\"xs-newsletter-email\"><\/label>\n    <input type=\"email\" name=\"email\" id=\"xs-newsletter-email\" placeholder=\"Enter Your Mail Here .....\">\n    <input type=\"submit\" class = \"xs-mailchimp-btn\" value=\"submit\">\n<\/form><!-- .xs-newsletter END-->\n\t\t\t\t<\/div>\n\t\t\t\t<\/div>\n\t\t\t\t\t<\/div>\n\t\t<\/div>\n\t\t\t\t\t<\/div>\n\t\t<\/section>\n\t\t\t\t\t<\/div>\n\t\t<\/div>\n\t\t\t\t\t<\/div>\n\t\t<\/section>\n\t\t\t\t<\/div>\n\t\t\n    <div class=\"xs_social_share_widget xs_share_url after_content \t\tmain_content  wslu-style-1 wslu-share-box-shaped wslu-fill-colored wslu-none wslu-share-horizontal wslu-theme-font-no wslu-main_content\">\n\n\t\t\n        <ul>\n\t\t\t        <\/ul>\n    <\/div> \n","protected":false},"excerpt":{"rendered":"<p>[rev_slider alias=&#8221;home-slider-3&#8243;] Featured Product Laptop Xpeed Laptop 16% Offer Future Product Xpeed Mobile Minimal Furniture Ximax Chair Minimal Product Jhasu Bottle Future Product Zhndu Mobile Deals of the week 7th Generation &#36;560.00 &#36;520.00 8% Offer Already Sold:0 Available:19 Hurry up! Offers ends in: Holy Stone Drone &#36;720.00 &#36;540.00 25% Offer Already Sold:0 Available:28 Hurry up! [&hellip;]<\/p>\n","protected":false},"author":1,"featured_media":0,"parent":0,"menu_order":0,"comment_status":"closed","ping_status":"closed","template":"template\/template-multipage-homepage.php","meta":{"footnotes":""},"class_list":["post-439","page","type-page","status-publish","hentry"],"jetpack_sharing_enabled":true,"_links":{"self":[{"href":"https:\/\/bodegaoutdoor.cl\/store\/wp-json\/wp\/v2\/pages\/439","targetHints":{"allow":["GET"]}}],"collection":[{"href":"https:\/\/bodegaoutdoor.cl\/store\/wp-json\/wp\/v2\/pages"}],"about":[{"href":"https:\/\/bodegaoutdoor.cl\/store\/wp-json\/wp\/v2\/types\/page"}],"author":[{"embeddable":true,"href":"https:\/\/bodegaoutdoor.cl\/store\/wp-json\/wp\/v2\/users\/1"}],"replies":[{"embeddable":true,"href":"https:\/\/bodegaoutdoor.cl\/store\/wp-json\/wp\/v2\/comments?post=439"}],"version-history":[{"count":0,"href":"https:\/\/bodegaoutdoor.cl\/store\/wp-json\/wp\/v2\/pages\/439\/revisions"}],"wp:attachment":[{"href":"https:\/\/bodegaoutdoor.cl\/store\/wp-json\/wp\/v2\/media?parent=439"}],"curies":[{"name":"wp","href":"https:\/\/api.w.org\/{rel}","templated":true}]}}