{"id":910,"date":"2018-05-03T11:33:23","date_gmt":"2018-05-03T11:33:23","guid":{"rendered":"https:\/\/bodegaoutdoor.cl\/store\/?page_id=910"},"modified":"2018-05-18T04:32:02","modified_gmt":"2018-05-18T04:32:02","slug":"home-06","status":"publish","type":"page","link":"https:\/\/bodegaoutdoor.cl\/store\/home-06\/","title":{"rendered":"Home 06"},"content":{"rendered":"\t\t<div data-elementor-type=\"wp-post\" data-elementor-id=\"910\" class=\"elementor elementor-910 elementor-bc-flex-widget\">\n\t\t\t\t\t\t<section class=\"elementor-section elementor-top-section elementor-element elementor-element-55364cb3 elementor-section-boxed elementor-section-height-default elementor-section-height-default\" data-id=\"55364cb3\" data-element_type=\"section\" data-e-type=\"section\" data-settings=\"{&quot;background_background&quot;:&quot;classic&quot;}\">\n\t\t\t\t\t\t<div class=\"elementor-container elementor-column-gap-default\">\n\t\t\t\t\t<div class=\"elementor-column elementor-col-100 elementor-top-column elementor-element elementor-element-7834a23f\" data-id=\"7834a23f\" data-element_type=\"column\" data-e-type=\"column\">\n\t\t\t<div class=\"elementor-widget-wrap elementor-element-populated\">\n\t\t\t\t\t\t<section class=\"elementor-section elementor-inner-section elementor-element elementor-element-779aa176 elementor-section-boxed elementor-section-height-default elementor-section-height-default\" data-id=\"779aa176\" data-element_type=\"section\" data-e-type=\"section\">\n\t\t\t\t\t\t<div class=\"elementor-container elementor-column-gap-default\">\n\t\t\t\t\t<div class=\"elementor-column elementor-col-100 elementor-inner-column elementor-element elementor-element-15ed8a47\" data-id=\"15ed8a47\" data-element_type=\"column\" data-e-type=\"column\">\n\t\t\t<div class=\"elementor-widget-wrap elementor-element-populated\">\n\t\t\t\t\t\t<div class=\"elementor-element elementor-element-4555bd7 elementor-widget elementor-widget-xs-woo-tab\" data-id=\"4555bd7\" data-element_type=\"widget\" data-e-type=\"widget\" data-widget_type=\"xs-woo-tab.default\">\n\t\t\t\t<div class=\"elementor-widget-container\">\n\t\t\t\t\t<div class=\"tab-content\">\n                                    <div class=\"tab-pane fade show active\" id=\"xs-tabs-90418-0\">\n                <div class=\"row\">\n                                    <\/div>\n            <\/div>\n            <\/div>\t\t\t\t<\/div>\n\t\t\t\t<\/div>\n\t\t\t\t\t<\/div>\n\t\t<\/div>\n\t\t\t\t\t<\/div>\n\t\t<\/section>\n\t\t\t\t\t<\/div>\n\t\t<\/div>\n\t\t\t\t\t<\/div>\n\t\t<\/section>\n\t\t\t\t<section class=\"elementor-section elementor-top-section elementor-element elementor-element-d03b15a elementor-section-boxed elementor-section-height-default elementor-section-height-default\" data-id=\"d03b15a\" data-element_type=\"section\" data-e-type=\"section\" data-settings=\"{&quot;background_background&quot;:&quot;classic&quot;}\">\n\t\t\t\t\t\t<div class=\"elementor-container elementor-column-gap-default\">\n\t\t\t\t\t<div class=\"elementor-column elementor-col-50 elementor-top-column elementor-element elementor-element-8b2ad28\" data-id=\"8b2ad28\" data-element_type=\"column\" data-e-type=\"column\">\n\t\t\t<div class=\"elementor-widget-wrap elementor-element-populated\">\n\t\t\t\t\t\t\t<\/div>\n\t\t<\/div>\n\t\t\t\t<div class=\"elementor-column elementor-col-50 elementor-top-column elementor-element elementor-element-7cc81a9\" data-id=\"7cc81a9\" data-element_type=\"column\" data-e-type=\"column\">\n\t\t\t<div class=\"elementor-widget-wrap elementor-element-populated\">\n\t\t\t\t\t\t\t<\/div>\n\t\t<\/div>\n\t\t\t\t\t<\/div>\n\t\t<\/section>\n\t\t\t\t<section class=\"elementor-section elementor-top-section elementor-element elementor-element-74e6072 elementor-section-boxed elementor-section-height-default elementor-section-height-default\" data-id=\"74e6072\" data-element_type=\"section\" data-e-type=\"section\" data-settings=\"{&quot;background_background&quot;:&quot;classic&quot;}\">\n\t\t\t\t\t\t<div class=\"elementor-container elementor-column-gap-default\">\n\t\t\t\t\t<div class=\"elementor-column elementor-col-20 elementor-top-column elementor-element elementor-element-235b3da\" data-id=\"235b3da\" data-element_type=\"column\" data-e-type=\"column\">\n\t\t\t<div class=\"elementor-widget-wrap elementor-element-populated\">\n\t\t\t\t\t\t\t<\/div>\n\t\t<\/div>\n\t\t\t\t<div class=\"elementor-column elementor-col-20 elementor-top-column elementor-element elementor-element-a0acace\" data-id=\"a0acace\" data-element_type=\"column\" data-e-type=\"column\">\n\t\t\t<div class=\"elementor-widget-wrap elementor-element-populated\">\n\t\t\t\t\t\t\t<\/div>\n\t\t<\/div>\n\t\t\t\t<div class=\"elementor-column elementor-col-20 elementor-top-column elementor-element elementor-element-ffd1202\" data-id=\"ffd1202\" data-element_type=\"column\" data-e-type=\"column\">\n\t\t\t<div class=\"elementor-widget-wrap elementor-element-populated\">\n\t\t\t\t\t\t\t<\/div>\n\t\t<\/div>\n\t\t\t\t<div class=\"elementor-column elementor-col-20 elementor-top-column elementor-element elementor-element-8afc51e\" data-id=\"8afc51e\" data-element_type=\"column\" data-e-type=\"column\">\n\t\t\t<div class=\"elementor-widget-wrap elementor-element-populated\">\n\t\t\t\t\t\t\t<\/div>\n\t\t<\/div>\n\t\t\t\t<div class=\"elementor-column elementor-col-20 elementor-top-column elementor-element elementor-element-d6a1d80\" data-id=\"d6a1d80\" data-element_type=\"column\" data-e-type=\"column\">\n\t\t\t<div class=\"elementor-widget-wrap elementor-element-populated\">\n\t\t\t\t\t\t\t<\/div>\n\t\t<\/div>\n\t\t\t\t\t<\/div>\n\t\t<\/section>\n\t\t\t\t<section class=\"elementor-section elementor-top-section elementor-element elementor-element-1c6ba59c elementor-section-boxed elementor-section-height-default elementor-section-height-default\" data-id=\"1c6ba59c\" data-element_type=\"section\" data-e-type=\"section\" data-settings=\"{&quot;background_background&quot;:&quot;classic&quot;}\">\n\t\t\t\t\t\t<div class=\"elementor-container elementor-column-gap-default\">\n\t\t\t\t\t<div class=\"elementor-column elementor-col-100 elementor-top-column elementor-element elementor-element-1d1dea03\" data-id=\"1d1dea03\" data-element_type=\"column\" data-e-type=\"column\">\n\t\t\t<div class=\"elementor-widget-wrap elementor-element-populated\">\n\t\t\t\t\t\t<div class=\"elementor-element elementor-element-5ef691dd elementor-invisible elementor-widget elementor-widget-xs-woo-tab\" data-id=\"5ef691dd\" data-element_type=\"widget\" data-e-type=\"widget\" data-widget_type=\"xs-woo-tab.default\">\n\t\t\t\t<div class=\"elementor-widget-container\">\n\t\t\t\t\t<div class=\"tab-content\">\n                                    <div class=\"tab-pane fade show active\" id=\"xs-tabs-28934-0\">\n                <div class=\"row\">\n                                    <\/div>\n            <\/div>\n            <\/div>\t\t\t\t<\/div>\n\t\t\t\t<\/div>\n\t\t\t\t<div class=\"elementor-element elementor-element-a8f00b9 elementor-align-center elementor-widget elementor-widget-xs-button\" data-id=\"a8f00b9\" data-element_type=\"widget\" data-e-type=\"widget\" data-widget_type=\"xs-button.default\">\n\t\t\t\t<div class=\"elementor-widget-container\">\n\t\t\t\t\t                    <a href=\"#\" target=\"_self\" class=\"btn btn-primary\">\n                Load More Products            <\/a>\n                \t\t\t\t<\/div>\n\t\t\t\t<\/div>\n\t\t\t\t\t<\/div>\n\t\t<\/div>\n\t\t\t\t\t<\/div>\n\t\t<\/section>\n\t\t\t\t<section class=\"elementor-section elementor-top-section elementor-element elementor-element-245c3a27 elementor-section-full_width elementor-section-height-default elementor-section-height-default\" data-id=\"245c3a27\" data-element_type=\"section\" data-e-type=\"section\">\n\t\t\t\t\t\t<div class=\"elementor-container elementor-column-gap-no\">\n\t\t\t\t\t<div class=\"elementor-column elementor-col-100 elementor-top-column elementor-element elementor-element-35a8828f\" data-id=\"35a8828f\" data-element_type=\"column\" data-e-type=\"column\">\n\t\t\t<div class=\"elementor-widget-wrap elementor-element-populated\">\n\t\t\t\t\t\t<div class=\"elementor-element elementor-element-78c36673 elementor-widget elementor-widget-xs-woo-slider\" data-id=\"78c36673\" data-element_type=\"widget\" data-e-type=\"widget\" data-widget_type=\"xs-woo-slider.default\">\n\t\t\t\t<div class=\"elementor-widget-container\">\n\t\t\t\t\t<div class=\"product-slider-style-1\">\n    <div class=\"xs-deal-of-the-day-section swiper bg-xs-primary\">\n        <div class=\"xs-slider-highlight swiper-wrapper\">\n                    <\/div>\n        <div class=\"swiper-button-prev\">\n            <i class=\"xsicon xsicon-arrow-left\"><\/i>\n        <\/div>\n        <div class=\"swiper-button-next\">\n            <i class=\"xsicon xsicon-arrow-right\"><\/i>\n        <\/div>\n        <span class=\"xs-watermark-text\">Deal Of The Day<\/span>\n    <\/div>\n<\/div>\t\t\t\t<\/div>\n\t\t\t\t<\/div>\n\t\t\t\t\t<\/div>\n\t\t<\/div>\n\t\t\t\t\t<\/div>\n\t\t<\/section>\n\t\t\t\t<section class=\"elementor-section elementor-top-section elementor-element elementor-element-10aa48d2 elementor-section-boxed elementor-section-height-default elementor-section-height-default\" data-id=\"10aa48d2\" data-element_type=\"section\" data-e-type=\"section\">\n\t\t\t\t\t\t<div class=\"elementor-container elementor-column-gap-default\">\n\t\t\t\t\t<div class=\"elementor-column elementor-col-100 elementor-top-column elementor-element elementor-element-44d8d6ba\" data-id=\"44d8d6ba\" data-element_type=\"column\" data-e-type=\"column\">\n\t\t\t<div class=\"elementor-widget-wrap elementor-element-populated\">\n\t\t\t\t\t\t<div class=\"elementor-element elementor-element-66a19ce6 elementor-widget elementor-widget-xs-woo-tab\" data-id=\"66a19ce6\" data-element_type=\"widget\" data-e-type=\"widget\" data-widget_type=\"xs-woo-tab.default\">\n\t\t\t\t<div class=\"elementor-widget-container\">\n\t\t\t\t\t    <div class=\"xs-content-header\">\n        <h2 class=\"xs-content-title\">Hurry up! Special offers.<\/h2>\n                                <ul class=\"nav nav-tabs xs-nav-tab\">\n                                                        <li class=\"nav-item\">\n                        <a class=\"nav-link active\" data-toggle=\"tab\"\n                           href=\"#xs-tabs-17987-0\"\n                           >On Sell<\/a>\n                    <\/li>\n                                                        <li class=\"nav-item\">\n                        <a class=\"nav-link \" data-toggle=\"tab\"\n                           href=\"#xs-tabs-17987-1\"\n                           >Hot Sell<\/a>\n                    <\/li>\n                                                        <li class=\"nav-item\">\n                        <a class=\"nav-link \" data-toggle=\"tab\"\n                           href=\"#xs-tabs-17987-2\"\n                           >Trend<\/a>\n                    <\/li>\n                                                        <li class=\"nav-item\">\n                        <a class=\"nav-link \" data-toggle=\"tab\"\n                           href=\"#xs-tabs-17987-3\"\n                           >Best Sell<\/a>\n                    <\/li>\n                            <\/ul>\n                <div class=\"clearfix\"><\/div>\n    <\/div>\n<div class=\"tab-content\">\n                                    <div class=\"tab-pane fade show active\"\n                 id=\"xs-tabs-17987-0\"\n                 >\n                <div class=\"xs-tab-slider swiper\">\n                    <div class=\"swiper-wrapper\">\n                                                                                        <div class=\"xs-tab-slider-item swiper-slide\">\n                                                            <div class=\"xs-product-widget media \">\n                                                                            <a class=\"xs_product_img_link\" href=\"https:\/\/bodegaoutdoor.cl\/store\/product\/neumatico-para-enduro-120-100-18-medium-soft\/\">\n                                        <img decoding=\"async\" width=\"125\" height=\"125\" src=\"https:\/\/bodegaoutdoor.cl\/store\/wp-content\/uploads\/2026\/05\/WhatsApp-Image-2026-05-17-at-17.30.44-150x150.jpeg\" class=\"attachment-125x125 size-125x125\" alt=\"Neumatico para enduro 120\/100\/18 Medium soft\" srcset=\"https:\/\/bodegaoutdoor.cl\/store\/wp-content\/uploads\/2026\/05\/WhatsApp-Image-2026-05-17-at-17.30.44-150x150.jpeg 150w, https:\/\/bodegaoutdoor.cl\/store\/wp-content\/uploads\/2026\/05\/WhatsApp-Image-2026-05-17-at-17.30.44-300x300.jpeg 300w, https:\/\/bodegaoutdoor.cl\/store\/wp-content\/uploads\/2026\/05\/WhatsApp-Image-2026-05-17-at-17.30.44-100x100.jpeg 100w, https:\/\/bodegaoutdoor.cl\/store\/wp-content\/uploads\/2026\/05\/WhatsApp-Image-2026-05-17-at-17.30.44-50x50.jpeg 50w\" sizes=\"(max-width: 125px) 100vw, 125px\" \/>                                        <\/a>\n                                                                        <div class=\"media-body align-self-center product-widget-content\">\n                                        <div class=\"xs-product-header media woocommerce xs-wishlist \">\n                                                                                                                                        \n                                                                                                                                                \n<div\n\tclass=\"yith-wcwl-add-to-wishlist add-to-wishlist-89328 yith-wcwl-add-to-wishlist--link-style wishlist-fragment on-first-load\"\n\tdata-fragment-ref=\"89328\"\n\tdata-fragment-options=\"{&quot;base_url&quot;:&quot;&quot;,&quot;product_id&quot;:89328,&quot;parent_product_id&quot;:0,&quot;product_type&quot;:&quot;simple&quot;,&quot;is_single&quot;:false,&quot;in_default_wishlist&quot;:false,&quot;show_view&quot;:false,&quot;browse_wishlist_text&quot;:&quot;Lista Deseos&quot;,&quot;already_in_wishslist_text&quot;:&quot;The producto esta Agregado!&quot;,&quot;product_added_text&quot;:&quot;Producto Agregado!&quot;,&quot;available_multi_wishlist&quot;:false,&quot;disable_wishlist&quot;:false,&quot;show_count&quot;:false,&quot;ajax_loading&quot;:false,&quot;loop_position&quot;:&quot;after_add_to_cart&quot;,&quot;item&quot;:&quot;add_to_wishlist&quot;}\"\n>\n\t\t\t\n\t\t\t<!-- ADD TO WISHLIST -->\n\t\t\t\n<div class=\"yith-wcwl-add-button\">\n\t\t<a\n\t\thref=\"?add_to_wishlist=89328&#038;_wpnonce=98056c7fc2\"\n\t\tclass=\"add_to_wishlist single_add_to_wishlist\"\n\t\tdata-product-id=\"89328\"\n\t\tdata-product-type=\"simple\"\n\t\tdata-original-product-id=\"0\"\n\t\tdata-title=\"Lista Deseos\"\n\t\trel=\"nofollow\"\n\t>\n\t\t<svg id=\"yith-wcwl-icon-heart-outline\" class=\"yith-wcwl-icon-svg\" fill=\"none\" stroke-width=\"1.5\" stroke=\"currentColor\" viewbox=\"0 0 24 24\" xmlns=\"http:\/\/www.w3.org\/2000\/svg\">\n  <path stroke-linecap=\"round\" stroke-linejoin=\"round\" d=\"M21 8.25c0-2.485-2.099-4.5-4.688-4.5-1.935 0-3.597 1.126-4.312 2.733-.715-1.607-2.377-2.733-4.313-2.733C5.1 3.75 3 5.765 3 8.25c0 7.22 9 12 9 12s9-4.78 9-12Z\"><\/path>\n<\/svg>\t\t<span>Lista Deseos<\/span>\n\t<\/a>\n<\/div>\n\n\t\t\t<!-- COUNT TEXT -->\n\t\t\t\n\t\t\t<\/div>\n                                                                                                                                    <\/div>\n                                        <a class=\"product-title\" href=\"https:\/\/bodegaoutdoor.cl\/store\/product\/neumatico-para-enduro-120-100-18-medium-soft\/\">Neumatico para enduro 120\/100\/18 Medium soft<\/a>\n                                        <span class=\"price\">\n                                            <del aria-hidden=\"true\"><span class=\"woocommerce-Price-amount amount\"><bdi><span class=\"woocommerce-Price-currencySymbol\" translate=\"no\">$<\/span>99,900<\/bdi><\/span><\/del> <span class=\"screen-reader-text\">El precio original era: $99,900.<\/span><ins aria-hidden=\"true\"><span class=\"woocommerce-Price-amount amount\"><bdi><span class=\"woocommerce-Price-currencySymbol\" translate=\"no\">$<\/span>52,990<\/bdi><\/span><\/ins><span class=\"screen-reader-text\">El precio actual es: $52,990.<\/span>                                        <\/span>\n                                    <\/div>\n                                <\/div>\n                                                                                                                                <div class=\"xs-product-widget media \">\n                                                                            <a class=\"xs_product_img_link\" href=\"https:\/\/bodegaoutdoor.cl\/store\/product\/kit-de-accesorios-de-pesca-cana-regulable-hasta-2-10m\/\">\n                                        <img decoding=\"async\" width=\"125\" height=\"125\" src=\"https:\/\/bodegaoutdoor.cl\/store\/wp-content\/uploads\/2025\/01\/F-126__8_-150x150.jpg\" class=\"attachment-125x125 size-125x125\" alt=\"KIT DE ACCESORIOS DE PESCA CA\u00d1A regulable hasta 2.10m\" srcset=\"https:\/\/bodegaoutdoor.cl\/store\/wp-content\/uploads\/2025\/01\/F-126__8_-150x150.jpg 150w, https:\/\/bodegaoutdoor.cl\/store\/wp-content\/uploads\/2025\/01\/F-126__8_-300x300.jpg 300w, https:\/\/bodegaoutdoor.cl\/store\/wp-content\/uploads\/2025\/01\/F-126__8_-1024x1024.jpg 1024w, https:\/\/bodegaoutdoor.cl\/store\/wp-content\/uploads\/2025\/01\/F-126__8_-768x768.jpg 768w, https:\/\/bodegaoutdoor.cl\/store\/wp-content\/uploads\/2025\/01\/F-126__8_-1536x1536.jpg 1536w, https:\/\/bodegaoutdoor.cl\/store\/wp-content\/uploads\/2025\/01\/F-126__8_-2048x2048.jpg 2048w, https:\/\/bodegaoutdoor.cl\/store\/wp-content\/uploads\/2025\/01\/F-126__8_-600x600.jpg 600w, https:\/\/bodegaoutdoor.cl\/store\/wp-content\/uploads\/2025\/01\/F-126__8_-100x100.jpg 100w\" sizes=\"(max-width: 125px) 100vw, 125px\" \/>                                        <\/a>\n                                                                        <div class=\"media-body align-self-center product-widget-content\">\n                                        <div class=\"xs-product-header media woocommerce xs-wishlist \">\n                                                                                                                                        \n                                                                                                                                                \n<div\n\tclass=\"yith-wcwl-add-to-wishlist add-to-wishlist-86335 yith-wcwl-add-to-wishlist--link-style wishlist-fragment on-first-load\"\n\tdata-fragment-ref=\"86335\"\n\tdata-fragment-options=\"{&quot;base_url&quot;:&quot;&quot;,&quot;product_id&quot;:86335,&quot;parent_product_id&quot;:0,&quot;product_type&quot;:&quot;simple&quot;,&quot;is_single&quot;:false,&quot;in_default_wishlist&quot;:false,&quot;show_view&quot;:false,&quot;browse_wishlist_text&quot;:&quot;Lista Deseos&quot;,&quot;already_in_wishslist_text&quot;:&quot;The producto esta Agregado!&quot;,&quot;product_added_text&quot;:&quot;Producto Agregado!&quot;,&quot;available_multi_wishlist&quot;:false,&quot;disable_wishlist&quot;:false,&quot;show_count&quot;:false,&quot;ajax_loading&quot;:false,&quot;loop_position&quot;:&quot;after_add_to_cart&quot;,&quot;item&quot;:&quot;add_to_wishlist&quot;}\"\n>\n\t\t\t\n\t\t\t<!-- ADD TO WISHLIST -->\n\t\t\t\n<div class=\"yith-wcwl-add-button\">\n\t\t<a\n\t\thref=\"?add_to_wishlist=86335&#038;_wpnonce=98056c7fc2\"\n\t\tclass=\"add_to_wishlist single_add_to_wishlist\"\n\t\tdata-product-id=\"86335\"\n\t\tdata-product-type=\"simple\"\n\t\tdata-original-product-id=\"0\"\n\t\tdata-title=\"Lista Deseos\"\n\t\trel=\"nofollow\"\n\t>\n\t\t<svg id=\"yith-wcwl-icon-heart-outline\" class=\"yith-wcwl-icon-svg\" fill=\"none\" stroke-width=\"1.5\" stroke=\"currentColor\" viewbox=\"0 0 24 24\" xmlns=\"http:\/\/www.w3.org\/2000\/svg\">\n  <path stroke-linecap=\"round\" stroke-linejoin=\"round\" d=\"M21 8.25c0-2.485-2.099-4.5-4.688-4.5-1.935 0-3.597 1.126-4.312 2.733-.715-1.607-2.377-2.733-4.313-2.733C5.1 3.75 3 5.765 3 8.25c0 7.22 9 12 9 12s9-4.78 9-12Z\"><\/path>\n<\/svg>\t\t<span>Lista Deseos<\/span>\n\t<\/a>\n<\/div>\n\n\t\t\t<!-- COUNT TEXT -->\n\t\t\t\n\t\t\t<\/div>\n                                                                                                                                    <\/div>\n                                        <a class=\"product-title\" href=\"https:\/\/bodegaoutdoor.cl\/store\/product\/kit-de-accesorios-de-pesca-cana-regulable-hasta-2-10m\/\">KIT DE ACCESORIOS DE PESCA CA\u00d1A regulable hasta 2.10m<\/a>\n                                        <span class=\"price\">\n                                            <del aria-hidden=\"true\"><span class=\"woocommerce-Price-amount amount\"><bdi><span class=\"woocommerce-Price-currencySymbol\" translate=\"no\">$<\/span>35,000<\/bdi><\/span><\/del> <span class=\"screen-reader-text\">El precio original era: $35,000.<\/span><ins aria-hidden=\"true\"><span class=\"woocommerce-Price-amount amount\"><bdi><span class=\"woocommerce-Price-currencySymbol\" translate=\"no\">$<\/span>24,990<\/bdi><\/span><\/ins><span class=\"screen-reader-text\">El precio actual es: $24,990.<\/span>                                        <\/span>\n                                    <\/div>\n                                <\/div>\n                                                                                                                                <div class=\"xs-product-widget media \">\n                                                                            <a class=\"xs_product_img_link\" href=\"https:\/\/bodegaoutdoor.cl\/store\/product\/carpa-techo-camping-3x3-metros\/\">\n                                        <img decoding=\"async\" width=\"125\" height=\"125\" src=\"https:\/\/bodegaoutdoor.cl\/store\/wp-content\/uploads\/2024\/12\/TECHO-3X3-150x150.jpeg\" class=\"attachment-125x125 size-125x125\" alt=\"Carpa Techo Camping 3&#215;3 metros\" srcset=\"https:\/\/bodegaoutdoor.cl\/store\/wp-content\/uploads\/2024\/12\/TECHO-3X3-150x150.jpeg 150w, https:\/\/bodegaoutdoor.cl\/store\/wp-content\/uploads\/2024\/12\/TECHO-3X3-300x300.jpeg 300w, https:\/\/bodegaoutdoor.cl\/store\/wp-content\/uploads\/2024\/12\/TECHO-3X3-768x768.jpeg 768w, https:\/\/bodegaoutdoor.cl\/store\/wp-content\/uploads\/2024\/12\/TECHO-3X3-600x600.jpeg 600w, https:\/\/bodegaoutdoor.cl\/store\/wp-content\/uploads\/2024\/12\/TECHO-3X3-100x100.jpeg 100w, https:\/\/bodegaoutdoor.cl\/store\/wp-content\/uploads\/2024\/12\/TECHO-3X3.jpeg 800w\" sizes=\"(max-width: 125px) 100vw, 125px\" \/>                                        <\/a>\n                                                                        <div class=\"media-body align-self-center product-widget-content\">\n                                        <div class=\"xs-product-header media woocommerce xs-wishlist \">\n                                                                                                                                        \n                                                                                                                                                \n<div\n\tclass=\"yith-wcwl-add-to-wishlist add-to-wishlist-86233 yith-wcwl-add-to-wishlist--link-style wishlist-fragment on-first-load\"\n\tdata-fragment-ref=\"86233\"\n\tdata-fragment-options=\"{&quot;base_url&quot;:&quot;&quot;,&quot;product_id&quot;:86233,&quot;parent_product_id&quot;:0,&quot;product_type&quot;:&quot;simple&quot;,&quot;is_single&quot;:false,&quot;in_default_wishlist&quot;:false,&quot;show_view&quot;:false,&quot;browse_wishlist_text&quot;:&quot;Lista Deseos&quot;,&quot;already_in_wishslist_text&quot;:&quot;The producto esta Agregado!&quot;,&quot;product_added_text&quot;:&quot;Producto Agregado!&quot;,&quot;available_multi_wishlist&quot;:false,&quot;disable_wishlist&quot;:false,&quot;show_count&quot;:false,&quot;ajax_loading&quot;:false,&quot;loop_position&quot;:&quot;after_add_to_cart&quot;,&quot;item&quot;:&quot;add_to_wishlist&quot;}\"\n>\n\t\t\t\n\t\t\t<!-- ADD TO WISHLIST -->\n\t\t\t\n<div class=\"yith-wcwl-add-button\">\n\t\t<a\n\t\thref=\"?add_to_wishlist=86233&#038;_wpnonce=98056c7fc2\"\n\t\tclass=\"add_to_wishlist single_add_to_wishlist\"\n\t\tdata-product-id=\"86233\"\n\t\tdata-product-type=\"simple\"\n\t\tdata-original-product-id=\"0\"\n\t\tdata-title=\"Lista Deseos\"\n\t\trel=\"nofollow\"\n\t>\n\t\t<svg id=\"yith-wcwl-icon-heart-outline\" class=\"yith-wcwl-icon-svg\" fill=\"none\" stroke-width=\"1.5\" stroke=\"currentColor\" viewbox=\"0 0 24 24\" xmlns=\"http:\/\/www.w3.org\/2000\/svg\">\n  <path stroke-linecap=\"round\" stroke-linejoin=\"round\" d=\"M21 8.25c0-2.485-2.099-4.5-4.688-4.5-1.935 0-3.597 1.126-4.312 2.733-.715-1.607-2.377-2.733-4.313-2.733C5.1 3.75 3 5.765 3 8.25c0 7.22 9 12 9 12s9-4.78 9-12Z\"><\/path>\n<\/svg>\t\t<span>Lista Deseos<\/span>\n\t<\/a>\n<\/div>\n\n\t\t\t<!-- COUNT TEXT -->\n\t\t\t\n\t\t\t<\/div>\n                                                                                                                                    <\/div>\n                                        <a class=\"product-title\" href=\"https:\/\/bodegaoutdoor.cl\/store\/product\/carpa-techo-camping-3x3-metros\/\">Carpa Techo Camping 3&#215;3 metros<\/a>\n                                        <span class=\"price\">\n                                            <del aria-hidden=\"true\"><span class=\"woocommerce-Price-amount amount\"><bdi><span class=\"woocommerce-Price-currencySymbol\" translate=\"no\">$<\/span>100,000<\/bdi><\/span><\/del> <span class=\"screen-reader-text\">El precio original era: $100,000.<\/span><ins aria-hidden=\"true\"><span class=\"woocommerce-Price-amount amount\"><bdi><span class=\"woocommerce-Price-currencySymbol\" translate=\"no\">$<\/span>49,990<\/bdi><\/span><\/ins><span class=\"screen-reader-text\">El precio actual es: $49,990.<\/span>                                        <\/span>\n                                    <\/div>\n                                <\/div>\n                                                                <\/div>\n                                                                                                                            <div class=\"xs-tab-slider-item swiper-slide\">\n                                                            <div class=\"xs-product-widget media \">\n                                                                            <a class=\"xs_product_img_link\" href=\"https:\/\/bodegaoutdoor.cl\/store\/product\/gorro-police\/\">\n                                        <img loading=\"lazy\" decoding=\"async\" width=\"125\" height=\"125\" src=\"https:\/\/bodegaoutdoor.cl\/store\/wp-content\/uploads\/2024\/12\/WhatsApp-Image-2024-05-16-at-9.44.56-AM-150x150.jpeg\" class=\"attachment-125x125 size-125x125\" alt=\"GORRO JOCKEY POLICE\" srcset=\"https:\/\/bodegaoutdoor.cl\/store\/wp-content\/uploads\/2024\/12\/WhatsApp-Image-2024-05-16-at-9.44.56-AM-150x150.jpeg 150w, https:\/\/bodegaoutdoor.cl\/store\/wp-content\/uploads\/2024\/12\/WhatsApp-Image-2024-05-16-at-9.44.56-AM-300x300.jpeg 300w, https:\/\/bodegaoutdoor.cl\/store\/wp-content\/uploads\/2024\/12\/WhatsApp-Image-2024-05-16-at-9.44.56-AM-100x100.jpeg 100w\" sizes=\"(max-width: 125px) 100vw, 125px\" \/>                                        <\/a>\n                                                                        <div class=\"media-body align-self-center product-widget-content\">\n                                        <div class=\"xs-product-header media woocommerce xs-wishlist \">\n                                                                                                                                        \n                                                                                                                                                \n<div\n\tclass=\"yith-wcwl-add-to-wishlist add-to-wishlist-86229 yith-wcwl-add-to-wishlist--link-style wishlist-fragment on-first-load\"\n\tdata-fragment-ref=\"86229\"\n\tdata-fragment-options=\"{&quot;base_url&quot;:&quot;&quot;,&quot;product_id&quot;:86229,&quot;parent_product_id&quot;:0,&quot;product_type&quot;:&quot;simple&quot;,&quot;is_single&quot;:false,&quot;in_default_wishlist&quot;:false,&quot;show_view&quot;:false,&quot;browse_wishlist_text&quot;:&quot;Lista Deseos&quot;,&quot;already_in_wishslist_text&quot;:&quot;The producto esta Agregado!&quot;,&quot;product_added_text&quot;:&quot;Producto Agregado!&quot;,&quot;available_multi_wishlist&quot;:false,&quot;disable_wishlist&quot;:false,&quot;show_count&quot;:false,&quot;ajax_loading&quot;:false,&quot;loop_position&quot;:&quot;after_add_to_cart&quot;,&quot;item&quot;:&quot;add_to_wishlist&quot;}\"\n>\n\t\t\t\n\t\t\t<!-- ADD TO WISHLIST -->\n\t\t\t\n<div class=\"yith-wcwl-add-button\">\n\t\t<a\n\t\thref=\"?add_to_wishlist=86229&#038;_wpnonce=98056c7fc2\"\n\t\tclass=\"add_to_wishlist single_add_to_wishlist\"\n\t\tdata-product-id=\"86229\"\n\t\tdata-product-type=\"simple\"\n\t\tdata-original-product-id=\"0\"\n\t\tdata-title=\"Lista Deseos\"\n\t\trel=\"nofollow\"\n\t>\n\t\t<svg id=\"yith-wcwl-icon-heart-outline\" class=\"yith-wcwl-icon-svg\" fill=\"none\" stroke-width=\"1.5\" stroke=\"currentColor\" viewbox=\"0 0 24 24\" xmlns=\"http:\/\/www.w3.org\/2000\/svg\">\n  <path stroke-linecap=\"round\" stroke-linejoin=\"round\" d=\"M21 8.25c0-2.485-2.099-4.5-4.688-4.5-1.935 0-3.597 1.126-4.312 2.733-.715-1.607-2.377-2.733-4.313-2.733C5.1 3.75 3 5.765 3 8.25c0 7.22 9 12 9 12s9-4.78 9-12Z\"><\/path>\n<\/svg>\t\t<span>Lista Deseos<\/span>\n\t<\/a>\n<\/div>\n\n\t\t\t<!-- COUNT TEXT -->\n\t\t\t\n\t\t\t<\/div>\n                                                                                                                                    <\/div>\n                                        <a class=\"product-title\" href=\"https:\/\/bodegaoutdoor.cl\/store\/product\/gorro-police\/\">GORRO JOCKEY POLICE<\/a>\n                                        <span class=\"price\">\n                                            <del aria-hidden=\"true\"><span class=\"woocommerce-Price-amount amount\"><bdi><span class=\"woocommerce-Price-currencySymbol\" translate=\"no\">$<\/span>15,000<\/bdi><\/span><\/del> <span class=\"screen-reader-text\">El precio original era: $15,000.<\/span><ins aria-hidden=\"true\"><span class=\"woocommerce-Price-amount amount\"><bdi><span class=\"woocommerce-Price-currencySymbol\" translate=\"no\">$<\/span>9,990<\/bdi><\/span><\/ins><span class=\"screen-reader-text\">El precio actual es: $9,990.<\/span>                                        <\/span>\n                                    <\/div>\n                                <\/div>\n                                                                                                                                <div class=\"xs-product-widget media \">\n                                                                            <a class=\"xs_product_img_link\" href=\"https:\/\/bodegaoutdoor.cl\/store\/product\/telescopio-comet-501-10-30x50\/\">\n                                        <img loading=\"lazy\" decoding=\"async\" width=\"125\" height=\"125\" src=\"https:\/\/bodegaoutdoor.cl\/store\/wp-content\/uploads\/2024\/12\/103050-600x600.jpeg-150x150.webp\" class=\"attachment-125x125 size-125x125\" alt=\"TELESCOPIO comet 501 10-30X50\" srcset=\"https:\/\/bodegaoutdoor.cl\/store\/wp-content\/uploads\/2024\/12\/103050-600x600.jpeg-150x150.webp 150w, https:\/\/bodegaoutdoor.cl\/store\/wp-content\/uploads\/2024\/12\/103050-600x600.jpeg-300x300.webp 300w, https:\/\/bodegaoutdoor.cl\/store\/wp-content\/uploads\/2024\/12\/103050-600x600.jpeg-100x100.webp 100w, https:\/\/bodegaoutdoor.cl\/store\/wp-content\/uploads\/2024\/12\/103050-600x600.jpeg.webp 600w\" sizes=\"(max-width: 125px) 100vw, 125px\" \/>                                        <\/a>\n                                                                        <div class=\"media-body align-self-center product-widget-content\">\n                                        <div class=\"xs-product-header media woocommerce xs-wishlist \">\n                                                                                                                                        \n                                                                                                                                                \n<div\n\tclass=\"yith-wcwl-add-to-wishlist add-to-wishlist-86224 yith-wcwl-add-to-wishlist--link-style wishlist-fragment on-first-load\"\n\tdata-fragment-ref=\"86224\"\n\tdata-fragment-options=\"{&quot;base_url&quot;:&quot;&quot;,&quot;product_id&quot;:86224,&quot;parent_product_id&quot;:0,&quot;product_type&quot;:&quot;simple&quot;,&quot;is_single&quot;:false,&quot;in_default_wishlist&quot;:false,&quot;show_view&quot;:false,&quot;browse_wishlist_text&quot;:&quot;Lista Deseos&quot;,&quot;already_in_wishslist_text&quot;:&quot;The producto esta Agregado!&quot;,&quot;product_added_text&quot;:&quot;Producto Agregado!&quot;,&quot;available_multi_wishlist&quot;:false,&quot;disable_wishlist&quot;:false,&quot;show_count&quot;:false,&quot;ajax_loading&quot;:false,&quot;loop_position&quot;:&quot;after_add_to_cart&quot;,&quot;item&quot;:&quot;add_to_wishlist&quot;}\"\n>\n\t\t\t\n\t\t\t<!-- ADD TO WISHLIST -->\n\t\t\t\n<div class=\"yith-wcwl-add-button\">\n\t\t<a\n\t\thref=\"?add_to_wishlist=86224&#038;_wpnonce=98056c7fc2\"\n\t\tclass=\"add_to_wishlist single_add_to_wishlist\"\n\t\tdata-product-id=\"86224\"\n\t\tdata-product-type=\"simple\"\n\t\tdata-original-product-id=\"0\"\n\t\tdata-title=\"Lista Deseos\"\n\t\trel=\"nofollow\"\n\t>\n\t\t<svg id=\"yith-wcwl-icon-heart-outline\" class=\"yith-wcwl-icon-svg\" fill=\"none\" stroke-width=\"1.5\" stroke=\"currentColor\" viewbox=\"0 0 24 24\" xmlns=\"http:\/\/www.w3.org\/2000\/svg\">\n  <path stroke-linecap=\"round\" stroke-linejoin=\"round\" d=\"M21 8.25c0-2.485-2.099-4.5-4.688-4.5-1.935 0-3.597 1.126-4.312 2.733-.715-1.607-2.377-2.733-4.313-2.733C5.1 3.75 3 5.765 3 8.25c0 7.22 9 12 9 12s9-4.78 9-12Z\"><\/path>\n<\/svg>\t\t<span>Lista Deseos<\/span>\n\t<\/a>\n<\/div>\n\n\t\t\t<!-- COUNT TEXT -->\n\t\t\t\n\t\t\t<\/div>\n                                                                                                                                    <\/div>\n                                        <a class=\"product-title\" href=\"https:\/\/bodegaoutdoor.cl\/store\/product\/telescopio-comet-501-10-30x50\/\">TELESCOPIO comet 501 10-30X50<\/a>\n                                        <span class=\"price\">\n                                            <del aria-hidden=\"true\"><span class=\"woocommerce-Price-amount amount\"><bdi><span class=\"woocommerce-Price-currencySymbol\" translate=\"no\">$<\/span>150,000<\/bdi><\/span><\/del> <span class=\"screen-reader-text\">El precio original era: $150,000.<\/span><ins aria-hidden=\"true\"><span class=\"woocommerce-Price-amount amount\"><bdi><span class=\"woocommerce-Price-currencySymbol\" translate=\"no\">$<\/span>99,990<\/bdi><\/span><\/ins><span class=\"screen-reader-text\">El precio actual es: $99,990.<\/span>                                        <\/span>\n                                    <\/div>\n                                <\/div>\n                                                                                                                                <div class=\"xs-product-widget media \">\n                                                                            <a class=\"xs_product_img_link\" href=\"https:\/\/bodegaoutdoor.cl\/store\/product\/hacha-de-supervivencia-multifuncion-tactica-martillo-outdoor-mango-de-plasticorescate\/\">\n                                        <img loading=\"lazy\" decoding=\"async\" width=\"125\" height=\"125\" src=\"https:\/\/bodegaoutdoor.cl\/store\/wp-content\/uploads\/2024\/12\/hacha-bodega-outdoor-survivor-1-150x150.jpeg\" class=\"attachment-125x125 size-125x125\" alt=\"Hacha de supervivencia, multifunci\u00f3n t\u00e1ctica, martillo, outdoor, mango de pl\u00e1stico,rescate\" srcset=\"https:\/\/bodegaoutdoor.cl\/store\/wp-content\/uploads\/2024\/12\/hacha-bodega-outdoor-survivor-1-150x150.jpeg 150w, https:\/\/bodegaoutdoor.cl\/store\/wp-content\/uploads\/2024\/12\/hacha-bodega-outdoor-survivor-1-300x300.jpeg 300w, https:\/\/bodegaoutdoor.cl\/store\/wp-content\/uploads\/2024\/12\/hacha-bodega-outdoor-survivor-1-768x768.jpeg 768w, https:\/\/bodegaoutdoor.cl\/store\/wp-content\/uploads\/2024\/12\/hacha-bodega-outdoor-survivor-1-600x600.jpeg 600w, https:\/\/bodegaoutdoor.cl\/store\/wp-content\/uploads\/2024\/12\/hacha-bodega-outdoor-survivor-1-100x100.jpeg 100w, https:\/\/bodegaoutdoor.cl\/store\/wp-content\/uploads\/2024\/12\/hacha-bodega-outdoor-survivor-1.jpeg 1024w\" sizes=\"(max-width: 125px) 100vw, 125px\" \/>                                        <\/a>\n                                                                        <div class=\"media-body align-self-center product-widget-content\">\n                                        <div class=\"xs-product-header media woocommerce xs-wishlist \">\n                                                                                                                                        \n                                                                                                                                                \n<div\n\tclass=\"yith-wcwl-add-to-wishlist add-to-wishlist-86069 yith-wcwl-add-to-wishlist--link-style wishlist-fragment on-first-load\"\n\tdata-fragment-ref=\"86069\"\n\tdata-fragment-options=\"{&quot;base_url&quot;:&quot;&quot;,&quot;product_id&quot;:86069,&quot;parent_product_id&quot;:0,&quot;product_type&quot;:&quot;simple&quot;,&quot;is_single&quot;:false,&quot;in_default_wishlist&quot;:false,&quot;show_view&quot;:false,&quot;browse_wishlist_text&quot;:&quot;Lista Deseos&quot;,&quot;already_in_wishslist_text&quot;:&quot;The producto esta Agregado!&quot;,&quot;product_added_text&quot;:&quot;Producto Agregado!&quot;,&quot;available_multi_wishlist&quot;:false,&quot;disable_wishlist&quot;:false,&quot;show_count&quot;:false,&quot;ajax_loading&quot;:false,&quot;loop_position&quot;:&quot;after_add_to_cart&quot;,&quot;item&quot;:&quot;add_to_wishlist&quot;}\"\n>\n\t\t\t\n\t\t\t<!-- ADD TO WISHLIST -->\n\t\t\t\n<div class=\"yith-wcwl-add-button\">\n\t\t<a\n\t\thref=\"?add_to_wishlist=86069&#038;_wpnonce=98056c7fc2\"\n\t\tclass=\"add_to_wishlist single_add_to_wishlist\"\n\t\tdata-product-id=\"86069\"\n\t\tdata-product-type=\"simple\"\n\t\tdata-original-product-id=\"0\"\n\t\tdata-title=\"Lista Deseos\"\n\t\trel=\"nofollow\"\n\t>\n\t\t<svg id=\"yith-wcwl-icon-heart-outline\" class=\"yith-wcwl-icon-svg\" fill=\"none\" stroke-width=\"1.5\" stroke=\"currentColor\" viewbox=\"0 0 24 24\" xmlns=\"http:\/\/www.w3.org\/2000\/svg\">\n  <path stroke-linecap=\"round\" stroke-linejoin=\"round\" d=\"M21 8.25c0-2.485-2.099-4.5-4.688-4.5-1.935 0-3.597 1.126-4.312 2.733-.715-1.607-2.377-2.733-4.313-2.733C5.1 3.75 3 5.765 3 8.25c0 7.22 9 12 9 12s9-4.78 9-12Z\"><\/path>\n<\/svg>\t\t<span>Lista Deseos<\/span>\n\t<\/a>\n<\/div>\n\n\t\t\t<!-- COUNT TEXT -->\n\t\t\t\n\t\t\t<\/div>\n                                                                                                                                    <\/div>\n                                        <a class=\"product-title\" href=\"https:\/\/bodegaoutdoor.cl\/store\/product\/hacha-de-supervivencia-multifuncion-tactica-martillo-outdoor-mango-de-plasticorescate\/\">Hacha de supervivencia, multifunci\u00f3n t\u00e1ctica, martillo, outdoor, mango de pl\u00e1stico,rescate<\/a>\n                                        <span class=\"price\">\n                                            <del aria-hidden=\"true\"><span class=\"woocommerce-Price-amount amount\"><bdi><span class=\"woocommerce-Price-currencySymbol\" translate=\"no\">$<\/span>60,000<\/bdi><\/span><\/del> <span class=\"screen-reader-text\">El precio original era: $60,000.<\/span><ins aria-hidden=\"true\"><span class=\"woocommerce-Price-amount amount\"><bdi><span class=\"woocommerce-Price-currencySymbol\" translate=\"no\">$<\/span>29,990<\/bdi><\/span><\/ins><span class=\"screen-reader-text\">El precio actual es: $29,990.<\/span>                                        <\/span>\n                                    <\/div>\n                                <\/div>\n                                                                <\/div>\n                                                                                                                            <div class=\"xs-tab-slider-item swiper-slide\">\n                                                            <div class=\"xs-product-widget media \">\n                                                                            <a class=\"xs_product_img_link\" href=\"https:\/\/bodegaoutdoor.cl\/store\/product\/termo-1-litro-1000ml-de-doble-pared-al-vacio-liviano\/\">\n                                        <img loading=\"lazy\" decoding=\"async\" width=\"125\" height=\"125\" src=\"https:\/\/bodegaoutdoor.cl\/store\/wp-content\/uploads\/2024\/11\/Sin-titulo-150x150.png\" class=\"attachment-125x125 size-125x125\" alt=\"Termo 1 Litro \/ 1000ml, de doble pared al vac\u00edo Liviano\" srcset=\"https:\/\/bodegaoutdoor.cl\/store\/wp-content\/uploads\/2024\/11\/Sin-titulo-150x150.png 150w, https:\/\/bodegaoutdoor.cl\/store\/wp-content\/uploads\/2024\/11\/Sin-titulo-300x300.png 300w, https:\/\/bodegaoutdoor.cl\/store\/wp-content\/uploads\/2024\/11\/Sin-titulo-100x100.png 100w, https:\/\/bodegaoutdoor.cl\/store\/wp-content\/uploads\/2024\/11\/Sin-titulo-50x50.png 50w\" sizes=\"(max-width: 125px) 100vw, 125px\" \/>                                        <\/a>\n                                                                        <div class=\"media-body align-self-center product-widget-content\">\n                                        <div class=\"xs-product-header media woocommerce xs-wishlist \">\n                                                                                                                                        \n                                                                                                                                                \n<div\n\tclass=\"yith-wcwl-add-to-wishlist add-to-wishlist-85863 yith-wcwl-add-to-wishlist--link-style wishlist-fragment on-first-load\"\n\tdata-fragment-ref=\"85863\"\n\tdata-fragment-options=\"{&quot;base_url&quot;:&quot;&quot;,&quot;product_id&quot;:85863,&quot;parent_product_id&quot;:0,&quot;product_type&quot;:&quot;simple&quot;,&quot;is_single&quot;:false,&quot;in_default_wishlist&quot;:false,&quot;show_view&quot;:false,&quot;browse_wishlist_text&quot;:&quot;Lista Deseos&quot;,&quot;already_in_wishslist_text&quot;:&quot;The producto esta Agregado!&quot;,&quot;product_added_text&quot;:&quot;Producto Agregado!&quot;,&quot;available_multi_wishlist&quot;:false,&quot;disable_wishlist&quot;:false,&quot;show_count&quot;:false,&quot;ajax_loading&quot;:false,&quot;loop_position&quot;:&quot;after_add_to_cart&quot;,&quot;item&quot;:&quot;add_to_wishlist&quot;}\"\n>\n\t\t\t\n\t\t\t<!-- ADD TO WISHLIST -->\n\t\t\t\n<div class=\"yith-wcwl-add-button\">\n\t\t<a\n\t\thref=\"?add_to_wishlist=85863&#038;_wpnonce=98056c7fc2\"\n\t\tclass=\"add_to_wishlist single_add_to_wishlist\"\n\t\tdata-product-id=\"85863\"\n\t\tdata-product-type=\"simple\"\n\t\tdata-original-product-id=\"0\"\n\t\tdata-title=\"Lista Deseos\"\n\t\trel=\"nofollow\"\n\t>\n\t\t<svg id=\"yith-wcwl-icon-heart-outline\" class=\"yith-wcwl-icon-svg\" fill=\"none\" stroke-width=\"1.5\" stroke=\"currentColor\" viewbox=\"0 0 24 24\" xmlns=\"http:\/\/www.w3.org\/2000\/svg\">\n  <path stroke-linecap=\"round\" stroke-linejoin=\"round\" d=\"M21 8.25c0-2.485-2.099-4.5-4.688-4.5-1.935 0-3.597 1.126-4.312 2.733-.715-1.607-2.377-2.733-4.313-2.733C5.1 3.75 3 5.765 3 8.25c0 7.22 9 12 9 12s9-4.78 9-12Z\"><\/path>\n<\/svg>\t\t<span>Lista Deseos<\/span>\n\t<\/a>\n<\/div>\n\n\t\t\t<!-- COUNT TEXT -->\n\t\t\t\n\t\t\t<\/div>\n                                                                                                                                    <\/div>\n                                        <a class=\"product-title\" href=\"https:\/\/bodegaoutdoor.cl\/store\/product\/termo-1-litro-1000ml-de-doble-pared-al-vacio-liviano\/\">Termo 1 Litro \/ 1000ml, de doble pared al vac\u00edo Liviano<\/a>\n                                        <span class=\"price\">\n                                            <del aria-hidden=\"true\"><span class=\"woocommerce-Price-amount amount\"><bdi><span class=\"woocommerce-Price-currencySymbol\" translate=\"no\">$<\/span>19,990<\/bdi><\/span><\/del> <span class=\"screen-reader-text\">El precio original era: $19,990.<\/span><ins aria-hidden=\"true\"><span class=\"woocommerce-Price-amount amount\"><bdi><span class=\"woocommerce-Price-currencySymbol\" translate=\"no\">$<\/span>9,990<\/bdi><\/span><\/ins><span class=\"screen-reader-text\">El precio actual es: $9,990.<\/span>                                        <\/span>\n                                    <\/div>\n                                <\/div>\n                                                                                                                                <div class=\"xs-product-widget media \">\n                                                                            <a class=\"xs_product_img_link\" href=\"https:\/\/bodegaoutdoor.cl\/store\/product\/chaqueta-tactica-de-polar-con-capucha\/\">\n                                        <img loading=\"lazy\" decoding=\"async\" width=\"125\" height=\"125\" src=\"https:\/\/bodegaoutdoor.cl\/store\/wp-content\/uploads\/2024\/07\/polar-tactico-2-150x150.png\" class=\"attachment-125x125 size-125x125\" alt=\"Chaqueta Tactica De Polar Con Capucha\" srcset=\"https:\/\/bodegaoutdoor.cl\/store\/wp-content\/uploads\/2024\/07\/polar-tactico-2-150x150.png 150w, https:\/\/bodegaoutdoor.cl\/store\/wp-content\/uploads\/2024\/07\/polar-tactico-2-300x300.png 300w, https:\/\/bodegaoutdoor.cl\/store\/wp-content\/uploads\/2024\/07\/polar-tactico-2-100x100.png 100w, https:\/\/bodegaoutdoor.cl\/store\/wp-content\/uploads\/2024\/07\/polar-tactico-2-50x50.png 50w\" sizes=\"(max-width: 125px) 100vw, 125px\" \/>                                        <\/a>\n                                                                        <div class=\"media-body align-self-center product-widget-content\">\n                                        <div class=\"xs-product-header media woocommerce xs-wishlist \">\n                                                                                                                                        \n                                                                                                                                                \n<div\n\tclass=\"yith-wcwl-add-to-wishlist add-to-wishlist-85121 yith-wcwl-add-to-wishlist--link-style wishlist-fragment on-first-load\"\n\tdata-fragment-ref=\"85121\"\n\tdata-fragment-options=\"{&quot;base_url&quot;:&quot;&quot;,&quot;product_id&quot;:85121,&quot;parent_product_id&quot;:0,&quot;product_type&quot;:&quot;variable&quot;,&quot;is_single&quot;:false,&quot;in_default_wishlist&quot;:false,&quot;show_view&quot;:false,&quot;browse_wishlist_text&quot;:&quot;Lista Deseos&quot;,&quot;already_in_wishslist_text&quot;:&quot;The producto esta Agregado!&quot;,&quot;product_added_text&quot;:&quot;Producto Agregado!&quot;,&quot;available_multi_wishlist&quot;:false,&quot;disable_wishlist&quot;:false,&quot;show_count&quot;:false,&quot;ajax_loading&quot;:false,&quot;loop_position&quot;:&quot;after_add_to_cart&quot;,&quot;item&quot;:&quot;add_to_wishlist&quot;}\"\n>\n\t\t\t\n\t\t\t<!-- ADD TO WISHLIST -->\n\t\t\t\n<div class=\"yith-wcwl-add-button\">\n\t\t<a\n\t\thref=\"?add_to_wishlist=85121&#038;_wpnonce=98056c7fc2\"\n\t\tclass=\"add_to_wishlist single_add_to_wishlist\"\n\t\tdata-product-id=\"85121\"\n\t\tdata-product-type=\"variable\"\n\t\tdata-original-product-id=\"0\"\n\t\tdata-title=\"Lista Deseos\"\n\t\trel=\"nofollow\"\n\t>\n\t\t<svg id=\"yith-wcwl-icon-heart-outline\" class=\"yith-wcwl-icon-svg\" fill=\"none\" stroke-width=\"1.5\" stroke=\"currentColor\" viewbox=\"0 0 24 24\" xmlns=\"http:\/\/www.w3.org\/2000\/svg\">\n  <path stroke-linecap=\"round\" stroke-linejoin=\"round\" d=\"M21 8.25c0-2.485-2.099-4.5-4.688-4.5-1.935 0-3.597 1.126-4.312 2.733-.715-1.607-2.377-2.733-4.313-2.733C5.1 3.75 3 5.765 3 8.25c0 7.22 9 12 9 12s9-4.78 9-12Z\"><\/path>\n<\/svg>\t\t<span>Lista Deseos<\/span>\n\t<\/a>\n<\/div>\n\n\t\t\t<!-- COUNT TEXT -->\n\t\t\t\n\t\t\t<\/div>\n                                                                                                                                    <\/div>\n                                        <a class=\"product-title\" href=\"https:\/\/bodegaoutdoor.cl\/store\/product\/chaqueta-tactica-de-polar-con-capucha\/\">Chaqueta Tactica De Polar Con Capucha<\/a>\n                                        <span class=\"price\">\n                                            <del aria-hidden=\"true\"><span class=\"woocommerce-Price-amount amount\"><bdi><span class=\"woocommerce-Price-currencySymbol\" translate=\"no\">$<\/span>99,990<\/bdi><\/span><\/del> <span class=\"screen-reader-text\">El precio original era: $99,990.<\/span><ins aria-hidden=\"true\"><span class=\"woocommerce-Price-amount amount\"><bdi><span class=\"woocommerce-Price-currencySymbol\" translate=\"no\">$<\/span>59,990<\/bdi><\/span><\/ins><span class=\"screen-reader-text\">El precio actual es: $59,990.<\/span>                                        <\/span>\n                                    <\/div>\n                                <\/div>\n                                                                                                                                <div class=\"xs-product-widget media \">\n                                                                            <a class=\"xs_product_img_link\" href=\"https:\/\/bodegaoutdoor.cl\/store\/product\/poston-800-balines-metalicos-bbs-calibre-4-5mm-para-pistola\/\">\n                                        <img loading=\"lazy\" decoding=\"async\" width=\"125\" height=\"125\" src=\"https:\/\/bodegaoutdoor.cl\/store\/wp-content\/uploads\/2024\/03\/39ba0a91-2955-48c8-865f-e91e06e6403a-150x150.jpg\" class=\"attachment-125x125 size-125x125\" alt=\"Poston 800 Balines Metalicos Bbs Calibre 4.5mm Para Pistola\" srcset=\"https:\/\/bodegaoutdoor.cl\/store\/wp-content\/uploads\/2024\/03\/39ba0a91-2955-48c8-865f-e91e06e6403a-150x150.jpg 150w, https:\/\/bodegaoutdoor.cl\/store\/wp-content\/uploads\/2024\/03\/39ba0a91-2955-48c8-865f-e91e06e6403a-300x300.jpg 300w, https:\/\/bodegaoutdoor.cl\/store\/wp-content\/uploads\/2024\/03\/39ba0a91-2955-48c8-865f-e91e06e6403a-100x100.jpg 100w, https:\/\/bodegaoutdoor.cl\/store\/wp-content\/uploads\/2024\/03\/39ba0a91-2955-48c8-865f-e91e06e6403a-50x50.jpg 50w\" sizes=\"(max-width: 125px) 100vw, 125px\" \/>                                        <\/a>\n                                                                        <div class=\"media-body align-self-center product-widget-content\">\n                                        <div class=\"xs-product-header media woocommerce xs-wishlist \">\n                                                                                                                                        \n                                                                                                                                                \n<div\n\tclass=\"yith-wcwl-add-to-wishlist add-to-wishlist-82479 yith-wcwl-add-to-wishlist--link-style wishlist-fragment on-first-load\"\n\tdata-fragment-ref=\"82479\"\n\tdata-fragment-options=\"{&quot;base_url&quot;:&quot;&quot;,&quot;product_id&quot;:82479,&quot;parent_product_id&quot;:0,&quot;product_type&quot;:&quot;simple&quot;,&quot;is_single&quot;:false,&quot;in_default_wishlist&quot;:false,&quot;show_view&quot;:false,&quot;browse_wishlist_text&quot;:&quot;Lista Deseos&quot;,&quot;already_in_wishslist_text&quot;:&quot;The producto esta Agregado!&quot;,&quot;product_added_text&quot;:&quot;Producto Agregado!&quot;,&quot;available_multi_wishlist&quot;:false,&quot;disable_wishlist&quot;:false,&quot;show_count&quot;:false,&quot;ajax_loading&quot;:false,&quot;loop_position&quot;:&quot;after_add_to_cart&quot;,&quot;item&quot;:&quot;add_to_wishlist&quot;}\"\n>\n\t\t\t\n\t\t\t<!-- ADD TO WISHLIST -->\n\t\t\t\n<div class=\"yith-wcwl-add-button\">\n\t\t<a\n\t\thref=\"?add_to_wishlist=82479&#038;_wpnonce=98056c7fc2\"\n\t\tclass=\"add_to_wishlist single_add_to_wishlist\"\n\t\tdata-product-id=\"82479\"\n\t\tdata-product-type=\"simple\"\n\t\tdata-original-product-id=\"0\"\n\t\tdata-title=\"Lista Deseos\"\n\t\trel=\"nofollow\"\n\t>\n\t\t<svg id=\"yith-wcwl-icon-heart-outline\" class=\"yith-wcwl-icon-svg\" fill=\"none\" stroke-width=\"1.5\" stroke=\"currentColor\" viewbox=\"0 0 24 24\" xmlns=\"http:\/\/www.w3.org\/2000\/svg\">\n  <path stroke-linecap=\"round\" stroke-linejoin=\"round\" d=\"M21 8.25c0-2.485-2.099-4.5-4.688-4.5-1.935 0-3.597 1.126-4.312 2.733-.715-1.607-2.377-2.733-4.313-2.733C5.1 3.75 3 5.765 3 8.25c0 7.22 9 12 9 12s9-4.78 9-12Z\"><\/path>\n<\/svg>\t\t<span>Lista Deseos<\/span>\n\t<\/a>\n<\/div>\n\n\t\t\t<!-- COUNT TEXT -->\n\t\t\t\n\t\t\t<\/div>\n                                                                                                                                    <\/div>\n                                        <a class=\"product-title\" href=\"https:\/\/bodegaoutdoor.cl\/store\/product\/poston-800-balines-metalicos-bbs-calibre-4-5mm-para-pistola\/\">Poston 800 Balines Metalicos Bbs Calibre 4.5mm Para Pistola<\/a>\n                                        <span class=\"price\">\n                                            <del aria-hidden=\"true\"><span class=\"woocommerce-Price-amount amount\"><bdi><span class=\"woocommerce-Price-currencySymbol\" translate=\"no\">$<\/span>8,000<\/bdi><\/span><\/del> <span class=\"screen-reader-text\">El precio original era: $8,000.<\/span><ins aria-hidden=\"true\"><span class=\"woocommerce-Price-amount amount\"><bdi><span class=\"woocommerce-Price-currencySymbol\" translate=\"no\">$<\/span>6,000<\/bdi><\/span><\/ins><span class=\"screen-reader-text\">El precio actual es: $6,000.<\/span>                                        <\/span>\n                                    <\/div>\n                                <\/div>\n                                                                <\/div>\n                                                                                                                            <div class=\"xs-tab-slider-item swiper-slide\">\n                                                            <div class=\"xs-product-widget media \">\n                                                                            <a class=\"xs_product_img_link\" href=\"https:\/\/bodegaoutdoor.cl\/store\/product\/bolsa-de-balines-trazadores-luminosos-para-airsoft-0-25g\/\">\n                                        <img loading=\"lazy\" decoding=\"async\" width=\"125\" height=\"125\" src=\"https:\/\/bodegaoutdoor.cl\/store\/wp-content\/uploads\/2024\/03\/5878c152-cb03-438b-812d-d1c70d5d8557-150x150.jpg\" class=\"attachment-125x125 size-125x125\" alt=\"Bolsa De Balines Trazadores Luminosos Para Airsoft 0.25g\" srcset=\"https:\/\/bodegaoutdoor.cl\/store\/wp-content\/uploads\/2024\/03\/5878c152-cb03-438b-812d-d1c70d5d8557-150x150.jpg 150w, https:\/\/bodegaoutdoor.cl\/store\/wp-content\/uploads\/2024\/03\/5878c152-cb03-438b-812d-d1c70d5d8557-300x300.jpg 300w, https:\/\/bodegaoutdoor.cl\/store\/wp-content\/uploads\/2024\/03\/5878c152-cb03-438b-812d-d1c70d5d8557-100x100.jpg 100w, https:\/\/bodegaoutdoor.cl\/store\/wp-content\/uploads\/2024\/03\/5878c152-cb03-438b-812d-d1c70d5d8557-50x50.jpg 50w\" sizes=\"(max-width: 125px) 100vw, 125px\" \/>                                        <\/a>\n                                                                        <div class=\"media-body align-self-center product-widget-content\">\n                                        <div class=\"xs-product-header media woocommerce xs-wishlist \">\n                                                                                                                                        \n                                                                                                                                                \n<div\n\tclass=\"yith-wcwl-add-to-wishlist add-to-wishlist-82473 yith-wcwl-add-to-wishlist--link-style wishlist-fragment on-first-load\"\n\tdata-fragment-ref=\"82473\"\n\tdata-fragment-options=\"{&quot;base_url&quot;:&quot;&quot;,&quot;product_id&quot;:82473,&quot;parent_product_id&quot;:0,&quot;product_type&quot;:&quot;simple&quot;,&quot;is_single&quot;:false,&quot;in_default_wishlist&quot;:false,&quot;show_view&quot;:false,&quot;browse_wishlist_text&quot;:&quot;Lista Deseos&quot;,&quot;already_in_wishslist_text&quot;:&quot;The producto esta Agregado!&quot;,&quot;product_added_text&quot;:&quot;Producto Agregado!&quot;,&quot;available_multi_wishlist&quot;:false,&quot;disable_wishlist&quot;:false,&quot;show_count&quot;:false,&quot;ajax_loading&quot;:false,&quot;loop_position&quot;:&quot;after_add_to_cart&quot;,&quot;item&quot;:&quot;add_to_wishlist&quot;}\"\n>\n\t\t\t\n\t\t\t<!-- ADD TO WISHLIST -->\n\t\t\t\n<div class=\"yith-wcwl-add-button\">\n\t\t<a\n\t\thref=\"?add_to_wishlist=82473&#038;_wpnonce=98056c7fc2\"\n\t\tclass=\"add_to_wishlist single_add_to_wishlist\"\n\t\tdata-product-id=\"82473\"\n\t\tdata-product-type=\"simple\"\n\t\tdata-original-product-id=\"0\"\n\t\tdata-title=\"Lista Deseos\"\n\t\trel=\"nofollow\"\n\t>\n\t\t<svg id=\"yith-wcwl-icon-heart-outline\" class=\"yith-wcwl-icon-svg\" fill=\"none\" stroke-width=\"1.5\" stroke=\"currentColor\" viewbox=\"0 0 24 24\" xmlns=\"http:\/\/www.w3.org\/2000\/svg\">\n  <path stroke-linecap=\"round\" stroke-linejoin=\"round\" d=\"M21 8.25c0-2.485-2.099-4.5-4.688-4.5-1.935 0-3.597 1.126-4.312 2.733-.715-1.607-2.377-2.733-4.313-2.733C5.1 3.75 3 5.765 3 8.25c0 7.22 9 12 9 12s9-4.78 9-12Z\"><\/path>\n<\/svg>\t\t<span>Lista Deseos<\/span>\n\t<\/a>\n<\/div>\n\n\t\t\t<!-- COUNT TEXT -->\n\t\t\t\n\t\t\t<\/div>\n                                                                                                                                    <\/div>\n                                        <a class=\"product-title\" href=\"https:\/\/bodegaoutdoor.cl\/store\/product\/bolsa-de-balines-trazadores-luminosos-para-airsoft-0-25g\/\">Bolsa De Balines Trazadores Luminosos Para Airsoft 0.25g<\/a>\n                                        <span class=\"price\">\n                                            <del aria-hidden=\"true\"><span class=\"woocommerce-Price-amount amount\"><bdi><span class=\"woocommerce-Price-currencySymbol\" translate=\"no\">$<\/span>15,000<\/bdi><\/span><\/del> <span class=\"screen-reader-text\">El precio original era: $15,000.<\/span><ins aria-hidden=\"true\"><span class=\"woocommerce-Price-amount amount\"><bdi><span class=\"woocommerce-Price-currencySymbol\" translate=\"no\">$<\/span>12,500<\/bdi><\/span><\/ins><span class=\"screen-reader-text\">El precio actual es: $12,500.<\/span>                                        <\/span>\n                                    <\/div>\n                                <\/div>\n                                                                                                                                <div class=\"xs-product-widget media \">\n                                                                            <a class=\"xs_product_img_link\" href=\"https:\/\/bodegaoutdoor.cl\/store\/product\/silla-plegable-de-camping-grande\/\">\n                                        <img loading=\"lazy\" decoding=\"async\" width=\"125\" height=\"125\" src=\"https:\/\/bodegaoutdoor.cl\/store\/wp-content\/uploads\/2024\/03\/30-87-b-600x525-1-150x150.png\" class=\"attachment-125x125 size-125x125\" alt=\"Silla Plegable De Camping Grande\" srcset=\"https:\/\/bodegaoutdoor.cl\/store\/wp-content\/uploads\/2024\/03\/30-87-b-600x525-1-150x150.png 150w, https:\/\/bodegaoutdoor.cl\/store\/wp-content\/uploads\/2024\/03\/30-87-b-600x525-1-300x300.png 300w, https:\/\/bodegaoutdoor.cl\/store\/wp-content\/uploads\/2024\/03\/30-87-b-600x525-1-100x100.png 100w, https:\/\/bodegaoutdoor.cl\/store\/wp-content\/uploads\/2024\/03\/30-87-b-600x525-1-50x50.png 50w\" sizes=\"(max-width: 125px) 100vw, 125px\" \/>                                        <\/a>\n                                                                        <div class=\"media-body align-self-center product-widget-content\">\n                                        <div class=\"xs-product-header media woocommerce xs-wishlist \">\n                                                                                                                                        \n                                                                                                                                                \n<div\n\tclass=\"yith-wcwl-add-to-wishlist add-to-wishlist-82461 yith-wcwl-add-to-wishlist--link-style wishlist-fragment on-first-load\"\n\tdata-fragment-ref=\"82461\"\n\tdata-fragment-options=\"{&quot;base_url&quot;:&quot;&quot;,&quot;product_id&quot;:82461,&quot;parent_product_id&quot;:0,&quot;product_type&quot;:&quot;simple&quot;,&quot;is_single&quot;:false,&quot;in_default_wishlist&quot;:false,&quot;show_view&quot;:false,&quot;browse_wishlist_text&quot;:&quot;Lista Deseos&quot;,&quot;already_in_wishslist_text&quot;:&quot;The producto esta Agregado!&quot;,&quot;product_added_text&quot;:&quot;Producto Agregado!&quot;,&quot;available_multi_wishlist&quot;:false,&quot;disable_wishlist&quot;:false,&quot;show_count&quot;:false,&quot;ajax_loading&quot;:false,&quot;loop_position&quot;:&quot;after_add_to_cart&quot;,&quot;item&quot;:&quot;add_to_wishlist&quot;}\"\n>\n\t\t\t\n\t\t\t<!-- ADD TO WISHLIST -->\n\t\t\t\n<div class=\"yith-wcwl-add-button\">\n\t\t<a\n\t\thref=\"?add_to_wishlist=82461&#038;_wpnonce=98056c7fc2\"\n\t\tclass=\"add_to_wishlist single_add_to_wishlist\"\n\t\tdata-product-id=\"82461\"\n\t\tdata-product-type=\"simple\"\n\t\tdata-original-product-id=\"0\"\n\t\tdata-title=\"Lista Deseos\"\n\t\trel=\"nofollow\"\n\t>\n\t\t<svg id=\"yith-wcwl-icon-heart-outline\" class=\"yith-wcwl-icon-svg\" fill=\"none\" stroke-width=\"1.5\" stroke=\"currentColor\" viewbox=\"0 0 24 24\" xmlns=\"http:\/\/www.w3.org\/2000\/svg\">\n  <path stroke-linecap=\"round\" stroke-linejoin=\"round\" d=\"M21 8.25c0-2.485-2.099-4.5-4.688-4.5-1.935 0-3.597 1.126-4.312 2.733-.715-1.607-2.377-2.733-4.313-2.733C5.1 3.75 3 5.765 3 8.25c0 7.22 9 12 9 12s9-4.78 9-12Z\"><\/path>\n<\/svg>\t\t<span>Lista Deseos<\/span>\n\t<\/a>\n<\/div>\n\n\t\t\t<!-- COUNT TEXT -->\n\t\t\t\n\t\t\t<\/div>\n                                                                                                                                    <\/div>\n                                        <a class=\"product-title\" href=\"https:\/\/bodegaoutdoor.cl\/store\/product\/silla-plegable-de-camping-grande\/\">Silla Plegable De Camping Grande<\/a>\n                                        <span class=\"price\">\n                                            <del aria-hidden=\"true\"><span class=\"woocommerce-Price-amount amount\"><bdi><span class=\"woocommerce-Price-currencySymbol\" translate=\"no\">$<\/span>19,990<\/bdi><\/span><\/del> <span class=\"screen-reader-text\">El precio original era: $19,990.<\/span><ins aria-hidden=\"true\"><span class=\"woocommerce-Price-amount amount\"><bdi><span class=\"woocommerce-Price-currencySymbol\" translate=\"no\">$<\/span>14,990<\/bdi><\/span><\/ins><span class=\"screen-reader-text\">El precio actual es: $14,990.<\/span>                                        <\/span>\n                                    <\/div>\n                                <\/div>\n                                                                                                                                <div class=\"xs-product-widget media \">\n                                                                            <a class=\"xs_product_img_link\" href=\"https:\/\/bodegaoutdoor.cl\/store\/product\/cunas-de-camping-plegables-al-aire-libre-para-adultos-cama-ligera-y-duradera-para-dormir-portatil-y-resistente-con-bolsa-de-transporte\/\">\n                                        <img loading=\"lazy\" decoding=\"async\" width=\"125\" height=\"125\" src=\"https:\/\/bodegaoutdoor.cl\/store\/wp-content\/uploads\/2023\/12\/81073-fkh1or-150x150.jpg\" class=\"attachment-125x125 size-125x125\" alt=\"cama de Camping plegable ligera y duradera para dormir, port\u00e1til\" srcset=\"https:\/\/bodegaoutdoor.cl\/store\/wp-content\/uploads\/2023\/12\/81073-fkh1or-150x150.jpg 150w, https:\/\/bodegaoutdoor.cl\/store\/wp-content\/uploads\/2023\/12\/81073-fkh1or-300x300.jpg 300w, https:\/\/bodegaoutdoor.cl\/store\/wp-content\/uploads\/2023\/12\/81073-fkh1or-600x600.jpg 600w, https:\/\/bodegaoutdoor.cl\/store\/wp-content\/uploads\/2023\/12\/81073-fkh1or-100x100.jpg 100w, https:\/\/bodegaoutdoor.cl\/store\/wp-content\/uploads\/2023\/12\/81073-fkh1or-50x50.jpg 50w, https:\/\/bodegaoutdoor.cl\/store\/wp-content\/uploads\/2023\/12\/81073-fkh1or.jpg 750w\" sizes=\"(max-width: 125px) 100vw, 125px\" \/>                                        <\/a>\n                                                                        <div class=\"media-body align-self-center product-widget-content\">\n                                        <div class=\"xs-product-header media woocommerce xs-wishlist \">\n                                                                                                                                        \n                                                                                                                                                \n<div\n\tclass=\"yith-wcwl-add-to-wishlist add-to-wishlist-81073 yith-wcwl-add-to-wishlist--link-style wishlist-fragment on-first-load\"\n\tdata-fragment-ref=\"81073\"\n\tdata-fragment-options=\"{&quot;base_url&quot;:&quot;&quot;,&quot;product_id&quot;:81073,&quot;parent_product_id&quot;:0,&quot;product_type&quot;:&quot;simple&quot;,&quot;is_single&quot;:false,&quot;in_default_wishlist&quot;:false,&quot;show_view&quot;:false,&quot;browse_wishlist_text&quot;:&quot;Lista Deseos&quot;,&quot;already_in_wishslist_text&quot;:&quot;The producto esta Agregado!&quot;,&quot;product_added_text&quot;:&quot;Producto Agregado!&quot;,&quot;available_multi_wishlist&quot;:false,&quot;disable_wishlist&quot;:false,&quot;show_count&quot;:false,&quot;ajax_loading&quot;:false,&quot;loop_position&quot;:&quot;after_add_to_cart&quot;,&quot;item&quot;:&quot;add_to_wishlist&quot;}\"\n>\n\t\t\t\n\t\t\t<!-- ADD TO WISHLIST -->\n\t\t\t\n<div class=\"yith-wcwl-add-button\">\n\t\t<a\n\t\thref=\"?add_to_wishlist=81073&#038;_wpnonce=98056c7fc2\"\n\t\tclass=\"add_to_wishlist single_add_to_wishlist\"\n\t\tdata-product-id=\"81073\"\n\t\tdata-product-type=\"simple\"\n\t\tdata-original-product-id=\"0\"\n\t\tdata-title=\"Lista Deseos\"\n\t\trel=\"nofollow\"\n\t>\n\t\t<svg id=\"yith-wcwl-icon-heart-outline\" class=\"yith-wcwl-icon-svg\" fill=\"none\" stroke-width=\"1.5\" stroke=\"currentColor\" viewbox=\"0 0 24 24\" xmlns=\"http:\/\/www.w3.org\/2000\/svg\">\n  <path stroke-linecap=\"round\" stroke-linejoin=\"round\" d=\"M21 8.25c0-2.485-2.099-4.5-4.688-4.5-1.935 0-3.597 1.126-4.312 2.733-.715-1.607-2.377-2.733-4.313-2.733C5.1 3.75 3 5.765 3 8.25c0 7.22 9 12 9 12s9-4.78 9-12Z\"><\/path>\n<\/svg>\t\t<span>Lista Deseos<\/span>\n\t<\/a>\n<\/div>\n\n\t\t\t<!-- COUNT TEXT -->\n\t\t\t\n\t\t\t<\/div>\n                                                                                                                                    <\/div>\n                                        <a class=\"product-title\" href=\"https:\/\/bodegaoutdoor.cl\/store\/product\/cunas-de-camping-plegables-al-aire-libre-para-adultos-cama-ligera-y-duradera-para-dormir-portatil-y-resistente-con-bolsa-de-transporte\/\">cama de Camping plegable ligera y duradera para dormir, port\u00e1til<\/a>\n                                        <span class=\"price\">\n                                            <del aria-hidden=\"true\"><span class=\"woocommerce-Price-amount amount\"><bdi><span class=\"woocommerce-Price-currencySymbol\" translate=\"no\">$<\/span>99,990<\/bdi><\/span><\/del> <span class=\"screen-reader-text\">El precio original era: $99,990.<\/span><ins aria-hidden=\"true\"><span class=\"woocommerce-Price-amount amount\"><bdi><span class=\"woocommerce-Price-currencySymbol\" translate=\"no\">$<\/span>49,990<\/bdi><\/span><\/ins><span class=\"screen-reader-text\">El precio actual es: $49,990.<\/span>                                        <\/span>\n                                    <\/div>\n                                <\/div>\n                                                                <\/div>\n                                                                                <\/div>\n                    <div class=\"swiper-pagination\"><\/div>\n                <\/div>\n            <\/div>\n                                <div class=\"tab-pane fade \"\n                 id=\"xs-tabs-17987-1\"\n                 >\n                <div class=\"xs-tab-slider swiper\">\n                    <div class=\"swiper-wrapper\">\n                                            <\/div>\n                    <div class=\"swiper-pagination\"><\/div>\n                <\/div>\n            <\/div>\n                                <div class=\"tab-pane fade \"\n                 id=\"xs-tabs-17987-2\"\n                 >\n                <div class=\"xs-tab-slider swiper\">\n                    <div class=\"swiper-wrapper\">\n                                                                                        <div class=\"xs-tab-slider-item swiper-slide\">\n                                                            <div class=\"xs-product-widget media \">\n                                                                            <a class=\"xs_product_img_link\" href=\"https:\/\/bodegaoutdoor.cl\/store\/product\/cinturon-corrector-postura-espalda-ajustable-clavicula-columna-vertebral-correccion-postura-lumbar\/\">\n                                        <img loading=\"lazy\" decoding=\"async\" width=\"125\" height=\"125\" src=\"https:\/\/bodegaoutdoor.cl\/store\/wp-content\/uploads\/2020\/12\/22093-eq17cf-150x150.jpg\" class=\"attachment-125x125 size-125x125\" alt=\"Cintur\u00f3n Corrector postura espalda ajustable clav\u00edcula columna vertebral correcci\u00f3n postura Lumbar\" srcset=\"https:\/\/bodegaoutdoor.cl\/store\/wp-content\/uploads\/2020\/12\/22093-eq17cf-150x150.jpg 150w, https:\/\/bodegaoutdoor.cl\/store\/wp-content\/uploads\/2020\/12\/22093-eq17cf-300x300.jpg 300w, https:\/\/bodegaoutdoor.cl\/store\/wp-content\/uploads\/2020\/12\/22093-eq17cf-100x100.jpg 100w, https:\/\/bodegaoutdoor.cl\/store\/wp-content\/uploads\/2020\/12\/22093-eq17cf-600x600.jpg 600w, https:\/\/bodegaoutdoor.cl\/store\/wp-content\/uploads\/2020\/12\/22093-eq17cf-768x768.jpg 768w, https:\/\/bodegaoutdoor.cl\/store\/wp-content\/uploads\/2020\/12\/22093-eq17cf.jpg 800w\" sizes=\"(max-width: 125px) 100vw, 125px\" \/>                                        <\/a>\n                                                                        <div class=\"media-body align-self-center product-widget-content\">\n                                        <div class=\"xs-product-header media woocommerce xs-wishlist \">\n                                                                                                                                        \n                                                                                                                                                \n<div\n\tclass=\"yith-wcwl-add-to-wishlist add-to-wishlist-22093 yith-wcwl-add-to-wishlist--link-style wishlist-fragment on-first-load\"\n\tdata-fragment-ref=\"22093\"\n\tdata-fragment-options=\"{&quot;base_url&quot;:&quot;&quot;,&quot;product_id&quot;:22093,&quot;parent_product_id&quot;:0,&quot;product_type&quot;:&quot;variable&quot;,&quot;is_single&quot;:false,&quot;in_default_wishlist&quot;:false,&quot;show_view&quot;:false,&quot;browse_wishlist_text&quot;:&quot;Lista Deseos&quot;,&quot;already_in_wishslist_text&quot;:&quot;The producto esta Agregado!&quot;,&quot;product_added_text&quot;:&quot;Producto Agregado!&quot;,&quot;available_multi_wishlist&quot;:false,&quot;disable_wishlist&quot;:false,&quot;show_count&quot;:false,&quot;ajax_loading&quot;:false,&quot;loop_position&quot;:&quot;after_add_to_cart&quot;,&quot;item&quot;:&quot;add_to_wishlist&quot;}\"\n>\n\t\t\t\n\t\t\t<!-- ADD TO WISHLIST -->\n\t\t\t\n<div class=\"yith-wcwl-add-button\">\n\t\t<a\n\t\thref=\"?add_to_wishlist=22093&#038;_wpnonce=98056c7fc2\"\n\t\tclass=\"add_to_wishlist single_add_to_wishlist\"\n\t\tdata-product-id=\"22093\"\n\t\tdata-product-type=\"variable\"\n\t\tdata-original-product-id=\"0\"\n\t\tdata-title=\"Lista Deseos\"\n\t\trel=\"nofollow\"\n\t>\n\t\t<svg id=\"yith-wcwl-icon-heart-outline\" class=\"yith-wcwl-icon-svg\" fill=\"none\" stroke-width=\"1.5\" stroke=\"currentColor\" viewbox=\"0 0 24 24\" xmlns=\"http:\/\/www.w3.org\/2000\/svg\">\n  <path stroke-linecap=\"round\" stroke-linejoin=\"round\" d=\"M21 8.25c0-2.485-2.099-4.5-4.688-4.5-1.935 0-3.597 1.126-4.312 2.733-.715-1.607-2.377-2.733-4.313-2.733C5.1 3.75 3 5.765 3 8.25c0 7.22 9 12 9 12s9-4.78 9-12Z\"><\/path>\n<\/svg>\t\t<span>Lista Deseos<\/span>\n\t<\/a>\n<\/div>\n\n\t\t\t<!-- COUNT TEXT -->\n\t\t\t\n\t\t\t<\/div>\n                                                                                                                                    <\/div>\n                                        <a class=\"product-title\" href=\"https:\/\/bodegaoutdoor.cl\/store\/product\/cinturon-corrector-postura-espalda-ajustable-clavicula-columna-vertebral-correccion-postura-lumbar\/\">Cintur\u00f3n Corrector postura espalda ajustable clav\u00edcula columna vertebral correcci\u00f3n postura Lumbar<\/a>\n                                        <span class=\"price\">\n                                            <del aria-hidden=\"true\"><span class=\"woocommerce-Price-amount amount\"><bdi><span class=\"woocommerce-Price-currencySymbol\" translate=\"no\">$<\/span>29,990<\/bdi><\/span><\/del> <span class=\"screen-reader-text\">El precio original era: $29,990.<\/span><ins aria-hidden=\"true\"><span class=\"woocommerce-Price-amount amount\"><bdi><span class=\"woocommerce-Price-currencySymbol\" translate=\"no\">$<\/span>17,990<\/bdi><\/span><\/ins><span class=\"screen-reader-text\">El precio actual es: $17,990.<\/span>                                        <\/span>\n                                    <\/div>\n                                <\/div>\n                                                                                                                                <div class=\"xs-product-widget media \">\n                                                                            <a class=\"xs_product_img_link\" href=\"https:\/\/bodegaoutdoor.cl\/store\/product\/lentes-polarizados-vintage-driving-travel-fishing-classic-outdoor\/\">\n                                        <img loading=\"lazy\" decoding=\"async\" width=\"125\" height=\"125\" src=\"https:\/\/bodegaoutdoor.cl\/store\/wp-content\/uploads\/2021\/02\/29480-17w8xd-150x150.jpg\" class=\"attachment-125x125 size-125x125\" alt=\"Lentes Polarizados Vintage Driving Travel Fishing Classic Outdoor\" srcset=\"https:\/\/bodegaoutdoor.cl\/store\/wp-content\/uploads\/2021\/02\/29480-17w8xd-150x150.jpg 150w, https:\/\/bodegaoutdoor.cl\/store\/wp-content\/uploads\/2021\/02\/29480-17w8xd-300x300.jpg 300w, https:\/\/bodegaoutdoor.cl\/store\/wp-content\/uploads\/2021\/02\/29480-17w8xd-100x100.jpg 100w, https:\/\/bodegaoutdoor.cl\/store\/wp-content\/uploads\/2021\/02\/29480-17w8xd-600x600.jpg 600w, https:\/\/bodegaoutdoor.cl\/store\/wp-content\/uploads\/2021\/02\/29480-17w8xd-768x768.jpg 768w, https:\/\/bodegaoutdoor.cl\/store\/wp-content\/uploads\/2021\/02\/29480-17w8xd.jpg 800w\" sizes=\"(max-width: 125px) 100vw, 125px\" \/>                                        <\/a>\n                                                                        <div class=\"media-body align-self-center product-widget-content\">\n                                        <div class=\"xs-product-header media woocommerce xs-wishlist \">\n                                                                                                                                        \n                                                                                                                                                \n<div\n\tclass=\"yith-wcwl-add-to-wishlist add-to-wishlist-29480 yith-wcwl-add-to-wishlist--link-style wishlist-fragment on-first-load\"\n\tdata-fragment-ref=\"29480\"\n\tdata-fragment-options=\"{&quot;base_url&quot;:&quot;&quot;,&quot;product_id&quot;:29480,&quot;parent_product_id&quot;:0,&quot;product_type&quot;:&quot;variable&quot;,&quot;is_single&quot;:false,&quot;in_default_wishlist&quot;:false,&quot;show_view&quot;:false,&quot;browse_wishlist_text&quot;:&quot;Lista Deseos&quot;,&quot;already_in_wishslist_text&quot;:&quot;The producto esta Agregado!&quot;,&quot;product_added_text&quot;:&quot;Producto Agregado!&quot;,&quot;available_multi_wishlist&quot;:false,&quot;disable_wishlist&quot;:false,&quot;show_count&quot;:false,&quot;ajax_loading&quot;:false,&quot;loop_position&quot;:&quot;after_add_to_cart&quot;,&quot;item&quot;:&quot;add_to_wishlist&quot;}\"\n>\n\t\t\t\n\t\t\t<!-- ADD TO WISHLIST -->\n\t\t\t\n<div class=\"yith-wcwl-add-button\">\n\t\t<a\n\t\thref=\"?add_to_wishlist=29480&#038;_wpnonce=98056c7fc2\"\n\t\tclass=\"add_to_wishlist single_add_to_wishlist\"\n\t\tdata-product-id=\"29480\"\n\t\tdata-product-type=\"variable\"\n\t\tdata-original-product-id=\"0\"\n\t\tdata-title=\"Lista Deseos\"\n\t\trel=\"nofollow\"\n\t>\n\t\t<svg id=\"yith-wcwl-icon-heart-outline\" class=\"yith-wcwl-icon-svg\" fill=\"none\" stroke-width=\"1.5\" stroke=\"currentColor\" viewbox=\"0 0 24 24\" xmlns=\"http:\/\/www.w3.org\/2000\/svg\">\n  <path stroke-linecap=\"round\" stroke-linejoin=\"round\" d=\"M21 8.25c0-2.485-2.099-4.5-4.688-4.5-1.935 0-3.597 1.126-4.312 2.733-.715-1.607-2.377-2.733-4.313-2.733C5.1 3.75 3 5.765 3 8.25c0 7.22 9 12 9 12s9-4.78 9-12Z\"><\/path>\n<\/svg>\t\t<span>Lista Deseos<\/span>\n\t<\/a>\n<\/div>\n\n\t\t\t<!-- COUNT TEXT -->\n\t\t\t\n\t\t\t<\/div>\n                                                                                                                                    <\/div>\n                                        <a class=\"product-title\" href=\"https:\/\/bodegaoutdoor.cl\/store\/product\/lentes-polarizados-vintage-driving-travel-fishing-classic-outdoor\/\">Lentes Polarizados Vintage Driving Travel Fishing Classic Outdoor<\/a>\n                                        <span class=\"price\">\n                                            <del aria-hidden=\"true\"><span class=\"woocommerce-Price-amount amount\"><bdi><span class=\"woocommerce-Price-currencySymbol\" translate=\"no\">$<\/span>14,990<\/bdi><\/span><\/del> <span class=\"screen-reader-text\">El precio original era: $14,990.<\/span><ins aria-hidden=\"true\"><span class=\"woocommerce-Price-amount amount\"><bdi><span class=\"woocommerce-Price-currencySymbol\" translate=\"no\">$<\/span>11,990<\/bdi><\/span><\/ins><span class=\"screen-reader-text\">El precio actual es: $11,990.<\/span>                                        <\/span>\n                                    <\/div>\n                                <\/div>\n                                                                                                                                <div class=\"xs-product-widget media \">\n                                                                            <a class=\"xs_product_img_link\" href=\"https:\/\/bodegaoutdoor.cl\/store\/product\/lemfo-reloj-inteligente-iwo-14-pro-hw67-reloj-inteligente-hombre-llamada-bluetooth-nfc-imagen-de-la-esfera-personalizada-presion-arterial-frecuencia-cardiaca-reloj-inteligente-mujer-smartwatch-soporte\/\">\n                                        <img loading=\"lazy\" decoding=\"async\" width=\"125\" height=\"125\" src=\"https:\/\/bodegaoutdoor.cl\/store\/wp-content\/uploads\/2022\/06\/58305-5tjyqv-150x150.jpg\" class=\"attachment-125x125 size-125x125\" alt=\"Lemfo-reloj inteligente Iwo 14 Pro HW67 reloj inteligente hombre Llamada Bluetooth NFC Imagen de la esfera personalizada Presi\u00f3n arterial Frecuencia card\u00edaca reloj inteligente mujer smartwatch Soporte para  Android Ios\" srcset=\"https:\/\/bodegaoutdoor.cl\/store\/wp-content\/uploads\/2022\/06\/58305-5tjyqv-150x150.jpg 150w, https:\/\/bodegaoutdoor.cl\/store\/wp-content\/uploads\/2022\/06\/58305-5tjyqv-300x300.jpg 300w, https:\/\/bodegaoutdoor.cl\/store\/wp-content\/uploads\/2022\/06\/58305-5tjyqv-100x100.jpg 100w, https:\/\/bodegaoutdoor.cl\/store\/wp-content\/uploads\/2022\/06\/58305-5tjyqv-600x600.jpg 600w, https:\/\/bodegaoutdoor.cl\/store\/wp-content\/uploads\/2022\/06\/58305-5tjyqv-768x768.jpg 768w, https:\/\/bodegaoutdoor.cl\/store\/wp-content\/uploads\/2022\/06\/58305-5tjyqv.jpg 1200w\" sizes=\"(max-width: 125px) 100vw, 125px\" \/>                                        <\/a>\n                                                                        <div class=\"media-body align-self-center product-widget-content\">\n                                        <div class=\"xs-product-header media woocommerce xs-wishlist \">\n                                                                                                                                        \n                                                                                                                                                \n<div\n\tclass=\"yith-wcwl-add-to-wishlist add-to-wishlist-58305 yith-wcwl-add-to-wishlist--link-style wishlist-fragment on-first-load\"\n\tdata-fragment-ref=\"58305\"\n\tdata-fragment-options=\"{&quot;base_url&quot;:&quot;&quot;,&quot;product_id&quot;:58305,&quot;parent_product_id&quot;:0,&quot;product_type&quot;:&quot;variable&quot;,&quot;is_single&quot;:false,&quot;in_default_wishlist&quot;:false,&quot;show_view&quot;:false,&quot;browse_wishlist_text&quot;:&quot;Lista Deseos&quot;,&quot;already_in_wishslist_text&quot;:&quot;The producto esta Agregado!&quot;,&quot;product_added_text&quot;:&quot;Producto Agregado!&quot;,&quot;available_multi_wishlist&quot;:false,&quot;disable_wishlist&quot;:false,&quot;show_count&quot;:false,&quot;ajax_loading&quot;:false,&quot;loop_position&quot;:&quot;after_add_to_cart&quot;,&quot;item&quot;:&quot;add_to_wishlist&quot;}\"\n>\n\t\t\t\n\t\t\t<!-- ADD TO WISHLIST -->\n\t\t\t\n<div class=\"yith-wcwl-add-button\">\n\t\t<a\n\t\thref=\"?add_to_wishlist=58305&#038;_wpnonce=98056c7fc2\"\n\t\tclass=\"add_to_wishlist single_add_to_wishlist\"\n\t\tdata-product-id=\"58305\"\n\t\tdata-product-type=\"variable\"\n\t\tdata-original-product-id=\"0\"\n\t\tdata-title=\"Lista Deseos\"\n\t\trel=\"nofollow\"\n\t>\n\t\t<svg id=\"yith-wcwl-icon-heart-outline\" class=\"yith-wcwl-icon-svg\" fill=\"none\" stroke-width=\"1.5\" stroke=\"currentColor\" viewbox=\"0 0 24 24\" xmlns=\"http:\/\/www.w3.org\/2000\/svg\">\n  <path stroke-linecap=\"round\" stroke-linejoin=\"round\" d=\"M21 8.25c0-2.485-2.099-4.5-4.688-4.5-1.935 0-3.597 1.126-4.312 2.733-.715-1.607-2.377-2.733-4.313-2.733C5.1 3.75 3 5.765 3 8.25c0 7.22 9 12 9 12s9-4.78 9-12Z\"><\/path>\n<\/svg>\t\t<span>Lista Deseos<\/span>\n\t<\/a>\n<\/div>\n\n\t\t\t<!-- COUNT TEXT -->\n\t\t\t\n\t\t\t<\/div>\n                                                                                                                                    <\/div>\n                                        <a class=\"product-title\" href=\"https:\/\/bodegaoutdoor.cl\/store\/product\/lemfo-reloj-inteligente-iwo-14-pro-hw67-reloj-inteligente-hombre-llamada-bluetooth-nfc-imagen-de-la-esfera-personalizada-presion-arterial-frecuencia-cardiaca-reloj-inteligente-mujer-smartwatch-soporte\/\">Lemfo-reloj inteligente Iwo 14 Pro HW67 reloj inteligente hombre Llamada Bluetooth NFC Imagen de la esfera personalizada Presi\u00f3n arterial Frecuencia card\u00edaca reloj inteligente mujer smartwatch Soporte para  Android Ios<\/a>\n                                        <span class=\"price\">\n                                            <span class=\"woocommerce-Price-amount amount\"><bdi><span class=\"woocommerce-Price-currencySymbol\" translate=\"no\">$<\/span>49,990<\/bdi><\/span>                                        <\/span>\n                                    <\/div>\n                                <\/div>\n                                                                <\/div>\n                                                                                                                            <div class=\"xs-tab-slider-item swiper-slide\">\n                                                            <div class=\"xs-product-widget media \">\n                                                                            <a class=\"xs_product_img_link\" href=\"https:\/\/bodegaoutdoor.cl\/store\/product\/gafas-para-ciclismo-para-motocicletas-lentes-para-correr-deportes-de-pesca-ciclismo\/\">\n                                        <img loading=\"lazy\" decoding=\"async\" width=\"125\" height=\"125\" src=\"https:\/\/bodegaoutdoor.cl\/store\/wp-content\/uploads\/2020\/11\/20963-o6ob61-150x150.jpg\" class=\"attachment-125x125 size-125x125\" alt=\"Gafas para ciclismo para motocicletas, Lentes para correr, deportes de pesca, ciclismo\" srcset=\"https:\/\/bodegaoutdoor.cl\/store\/wp-content\/uploads\/2020\/11\/20963-o6ob61-150x150.jpg 150w, https:\/\/bodegaoutdoor.cl\/store\/wp-content\/uploads\/2020\/11\/20963-o6ob61-300x300.jpg 300w, https:\/\/bodegaoutdoor.cl\/store\/wp-content\/uploads\/2020\/11\/20963-o6ob61-100x100.jpg 100w, https:\/\/bodegaoutdoor.cl\/store\/wp-content\/uploads\/2020\/11\/20963-o6ob61-600x600.jpg 600w, https:\/\/bodegaoutdoor.cl\/store\/wp-content\/uploads\/2020\/11\/20963-o6ob61-768x768.jpg 768w, https:\/\/bodegaoutdoor.cl\/store\/wp-content\/uploads\/2020\/11\/20963-o6ob61.jpg 800w\" sizes=\"(max-width: 125px) 100vw, 125px\" \/>                                        <\/a>\n                                                                        <div class=\"media-body align-self-center product-widget-content\">\n                                        <div class=\"xs-product-header media woocommerce xs-wishlist \">\n                                                                                                                                        \n                                                                                                                                                \n<div\n\tclass=\"yith-wcwl-add-to-wishlist add-to-wishlist-20963 yith-wcwl-add-to-wishlist--link-style wishlist-fragment on-first-load\"\n\tdata-fragment-ref=\"20963\"\n\tdata-fragment-options=\"{&quot;base_url&quot;:&quot;&quot;,&quot;product_id&quot;:20963,&quot;parent_product_id&quot;:0,&quot;product_type&quot;:&quot;variable&quot;,&quot;is_single&quot;:false,&quot;in_default_wishlist&quot;:false,&quot;show_view&quot;:false,&quot;browse_wishlist_text&quot;:&quot;Lista Deseos&quot;,&quot;already_in_wishslist_text&quot;:&quot;The producto esta Agregado!&quot;,&quot;product_added_text&quot;:&quot;Producto Agregado!&quot;,&quot;available_multi_wishlist&quot;:false,&quot;disable_wishlist&quot;:false,&quot;show_count&quot;:false,&quot;ajax_loading&quot;:false,&quot;loop_position&quot;:&quot;after_add_to_cart&quot;,&quot;item&quot;:&quot;add_to_wishlist&quot;}\"\n>\n\t\t\t\n\t\t\t<!-- ADD TO WISHLIST -->\n\t\t\t\n<div class=\"yith-wcwl-add-button\">\n\t\t<a\n\t\thref=\"?add_to_wishlist=20963&#038;_wpnonce=98056c7fc2\"\n\t\tclass=\"add_to_wishlist single_add_to_wishlist\"\n\t\tdata-product-id=\"20963\"\n\t\tdata-product-type=\"variable\"\n\t\tdata-original-product-id=\"0\"\n\t\tdata-title=\"Lista Deseos\"\n\t\trel=\"nofollow\"\n\t>\n\t\t<svg id=\"yith-wcwl-icon-heart-outline\" class=\"yith-wcwl-icon-svg\" fill=\"none\" stroke-width=\"1.5\" stroke=\"currentColor\" viewbox=\"0 0 24 24\" xmlns=\"http:\/\/www.w3.org\/2000\/svg\">\n  <path stroke-linecap=\"round\" stroke-linejoin=\"round\" d=\"M21 8.25c0-2.485-2.099-4.5-4.688-4.5-1.935 0-3.597 1.126-4.312 2.733-.715-1.607-2.377-2.733-4.313-2.733C5.1 3.75 3 5.765 3 8.25c0 7.22 9 12 9 12s9-4.78 9-12Z\"><\/path>\n<\/svg>\t\t<span>Lista Deseos<\/span>\n\t<\/a>\n<\/div>\n\n\t\t\t<!-- COUNT TEXT -->\n\t\t\t\n\t\t\t<\/div>\n                                                                                                                                    <\/div>\n                                        <a class=\"product-title\" href=\"https:\/\/bodegaoutdoor.cl\/store\/product\/gafas-para-ciclismo-para-motocicletas-lentes-para-correr-deportes-de-pesca-ciclismo\/\">Gafas para ciclismo para motocicletas, Lentes para correr, deportes de pesca, ciclismo<\/a>\n                                        <span class=\"price\">\n                                            <span class=\"woocommerce-Price-amount amount\" aria-hidden=\"true\"><bdi><span class=\"woocommerce-Price-currencySymbol\" translate=\"no\">$<\/span>34,990<\/bdi><\/span> <span aria-hidden=\"true\">-<\/span> <span class=\"woocommerce-Price-amount amount\" aria-hidden=\"true\"><bdi><span class=\"woocommerce-Price-currencySymbol\" translate=\"no\">$<\/span>39,990<\/bdi><\/span><span class=\"screen-reader-text\">Rango de precios: desde $34,990 hasta $39,990<\/span>                                        <\/span>\n                                    <\/div>\n                                <\/div>\n                                                                                                                                <div class=\"xs-product-widget media \">\n                                                                            <a class=\"xs_product_img_link\" href=\"https:\/\/bodegaoutdoor.cl\/store\/product\/calcetines-deportivos-profesionales-para-hombre-y-mujer-medias-transpirables-para-escalada-senderismo-caminar-y-correr\/\">\n                                        <img loading=\"lazy\" decoding=\"async\" width=\"125\" height=\"125\" src=\"https:\/\/bodegaoutdoor.cl\/store\/wp-content\/uploads\/2021\/09\/47822-rivyk2-150x150.jpg\" class=\"attachment-125x125 size-125x125\" alt=\"Calcetines deportivos profesionales para hombre y mujer, medias transpirables para escalada, senderismo deportes\" srcset=\"https:\/\/bodegaoutdoor.cl\/store\/wp-content\/uploads\/2021\/09\/47822-rivyk2-150x150.jpg 150w, https:\/\/bodegaoutdoor.cl\/store\/wp-content\/uploads\/2021\/09\/47822-rivyk2-300x300.jpg 300w, https:\/\/bodegaoutdoor.cl\/store\/wp-content\/uploads\/2021\/09\/47822-rivyk2-100x100.jpg 100w, https:\/\/bodegaoutdoor.cl\/store\/wp-content\/uploads\/2021\/09\/47822-rivyk2-600x600.jpg 600w, https:\/\/bodegaoutdoor.cl\/store\/wp-content\/uploads\/2021\/09\/47822-rivyk2-768x768.jpg 768w, https:\/\/bodegaoutdoor.cl\/store\/wp-content\/uploads\/2021\/09\/47822-rivyk2.jpg 800w\" sizes=\"(max-width: 125px) 100vw, 125px\" \/>                                        <\/a>\n                                                                        <div class=\"media-body align-self-center product-widget-content\">\n                                        <div class=\"xs-product-header media woocommerce xs-wishlist \">\n                                                                                                                                        \n                                                                                                                                                \n<div\n\tclass=\"yith-wcwl-add-to-wishlist add-to-wishlist-47822 yith-wcwl-add-to-wishlist--link-style wishlist-fragment on-first-load\"\n\tdata-fragment-ref=\"47822\"\n\tdata-fragment-options=\"{&quot;base_url&quot;:&quot;&quot;,&quot;product_id&quot;:47822,&quot;parent_product_id&quot;:0,&quot;product_type&quot;:&quot;variable&quot;,&quot;is_single&quot;:false,&quot;in_default_wishlist&quot;:false,&quot;show_view&quot;:false,&quot;browse_wishlist_text&quot;:&quot;Lista Deseos&quot;,&quot;already_in_wishslist_text&quot;:&quot;The producto esta Agregado!&quot;,&quot;product_added_text&quot;:&quot;Producto Agregado!&quot;,&quot;available_multi_wishlist&quot;:false,&quot;disable_wishlist&quot;:false,&quot;show_count&quot;:false,&quot;ajax_loading&quot;:false,&quot;loop_position&quot;:&quot;after_add_to_cart&quot;,&quot;item&quot;:&quot;add_to_wishlist&quot;}\"\n>\n\t\t\t\n\t\t\t<!-- ADD TO WISHLIST -->\n\t\t\t\n<div class=\"yith-wcwl-add-button\">\n\t\t<a\n\t\thref=\"?add_to_wishlist=47822&#038;_wpnonce=98056c7fc2\"\n\t\tclass=\"add_to_wishlist single_add_to_wishlist\"\n\t\tdata-product-id=\"47822\"\n\t\tdata-product-type=\"variable\"\n\t\tdata-original-product-id=\"0\"\n\t\tdata-title=\"Lista Deseos\"\n\t\trel=\"nofollow\"\n\t>\n\t\t<svg id=\"yith-wcwl-icon-heart-outline\" class=\"yith-wcwl-icon-svg\" fill=\"none\" stroke-width=\"1.5\" stroke=\"currentColor\" viewbox=\"0 0 24 24\" xmlns=\"http:\/\/www.w3.org\/2000\/svg\">\n  <path stroke-linecap=\"round\" stroke-linejoin=\"round\" d=\"M21 8.25c0-2.485-2.099-4.5-4.688-4.5-1.935 0-3.597 1.126-4.312 2.733-.715-1.607-2.377-2.733-4.313-2.733C5.1 3.75 3 5.765 3 8.25c0 7.22 9 12 9 12s9-4.78 9-12Z\"><\/path>\n<\/svg>\t\t<span>Lista Deseos<\/span>\n\t<\/a>\n<\/div>\n\n\t\t\t<!-- COUNT TEXT -->\n\t\t\t\n\t\t\t<\/div>\n                                                                                                                                    <\/div>\n                                        <a class=\"product-title\" href=\"https:\/\/bodegaoutdoor.cl\/store\/product\/calcetines-deportivos-profesionales-para-hombre-y-mujer-medias-transpirables-para-escalada-senderismo-caminar-y-correr\/\">Calcetines deportivos profesionales para hombre y mujer, medias transpirables para escalada, senderismo deportes<\/a>\n                                        <span class=\"price\">\n                                            <del aria-hidden=\"true\"><span class=\"woocommerce-Price-amount amount\"><bdi><span class=\"woocommerce-Price-currencySymbol\" translate=\"no\">$<\/span>19,990<\/bdi><\/span><\/del> <span class=\"screen-reader-text\">El precio original era: $19,990.<\/span><ins aria-hidden=\"true\"><span class=\"woocommerce-Price-amount amount\"><bdi><span class=\"woocommerce-Price-currencySymbol\" translate=\"no\">$<\/span>9,990<\/bdi><\/span><\/ins><span class=\"screen-reader-text\">El precio actual es: $9,990.<\/span>                                        <\/span>\n                                    <\/div>\n                                <\/div>\n                                                                                                                                <div class=\"xs-product-widget media \">\n                                                                            <a class=\"xs_product_img_link\" href=\"https:\/\/bodegaoutdoor.cl\/store\/product\/gafas-de-sol-polarizadas-aoron-para-hombre-y-mujer-gafas-de-sol-clasicas-con-espejo-para-conducir-al-aire-libre-para-hombre-gafas-con-armazon-de-metal-uv400\/\">\n                                        <img loading=\"lazy\" decoding=\"async\" width=\"125\" height=\"125\" src=\"https:\/\/bodegaoutdoor.cl\/store\/wp-content\/uploads\/2020\/08\/9844-hi20fd-150x150.jpg\" class=\"attachment-125x125 size-125x125\" alt=\"Gafas de sol polarizadas Aoron para unisex, outdoor con armaz\u00f3n de Metal UV400\" srcset=\"https:\/\/bodegaoutdoor.cl\/store\/wp-content\/uploads\/2020\/08\/9844-hi20fd-150x150.jpg 150w, https:\/\/bodegaoutdoor.cl\/store\/wp-content\/uploads\/2020\/08\/9844-hi20fd-300x300.jpg 300w, https:\/\/bodegaoutdoor.cl\/store\/wp-content\/uploads\/2020\/08\/9844-hi20fd-100x100.jpg 100w, https:\/\/bodegaoutdoor.cl\/store\/wp-content\/uploads\/2020\/08\/9844-hi20fd-600x600.jpg 600w, https:\/\/bodegaoutdoor.cl\/store\/wp-content\/uploads\/2020\/08\/9844-hi20fd-768x768.jpg 768w, https:\/\/bodegaoutdoor.cl\/store\/wp-content\/uploads\/2020\/08\/9844-hi20fd.jpg 800w\" sizes=\"(max-width: 125px) 100vw, 125px\" \/>                                        <\/a>\n                                                                        <div class=\"media-body align-self-center product-widget-content\">\n                                        <div class=\"xs-product-header media woocommerce xs-wishlist \">\n                                                                                                                                        \n                                                                                                                                                \n<div\n\tclass=\"yith-wcwl-add-to-wishlist add-to-wishlist-9844 yith-wcwl-add-to-wishlist--link-style wishlist-fragment on-first-load\"\n\tdata-fragment-ref=\"9844\"\n\tdata-fragment-options=\"{&quot;base_url&quot;:&quot;&quot;,&quot;product_id&quot;:9844,&quot;parent_product_id&quot;:0,&quot;product_type&quot;:&quot;variable&quot;,&quot;is_single&quot;:false,&quot;in_default_wishlist&quot;:false,&quot;show_view&quot;:false,&quot;browse_wishlist_text&quot;:&quot;Lista Deseos&quot;,&quot;already_in_wishslist_text&quot;:&quot;The producto esta Agregado!&quot;,&quot;product_added_text&quot;:&quot;Producto Agregado!&quot;,&quot;available_multi_wishlist&quot;:false,&quot;disable_wishlist&quot;:false,&quot;show_count&quot;:false,&quot;ajax_loading&quot;:false,&quot;loop_position&quot;:&quot;after_add_to_cart&quot;,&quot;item&quot;:&quot;add_to_wishlist&quot;}\"\n>\n\t\t\t\n\t\t\t<!-- ADD TO WISHLIST -->\n\t\t\t\n<div class=\"yith-wcwl-add-button\">\n\t\t<a\n\t\thref=\"?add_to_wishlist=9844&#038;_wpnonce=98056c7fc2\"\n\t\tclass=\"add_to_wishlist single_add_to_wishlist\"\n\t\tdata-product-id=\"9844\"\n\t\tdata-product-type=\"variable\"\n\t\tdata-original-product-id=\"0\"\n\t\tdata-title=\"Lista Deseos\"\n\t\trel=\"nofollow\"\n\t>\n\t\t<svg id=\"yith-wcwl-icon-heart-outline\" class=\"yith-wcwl-icon-svg\" fill=\"none\" stroke-width=\"1.5\" stroke=\"currentColor\" viewbox=\"0 0 24 24\" xmlns=\"http:\/\/www.w3.org\/2000\/svg\">\n  <path stroke-linecap=\"round\" stroke-linejoin=\"round\" d=\"M21 8.25c0-2.485-2.099-4.5-4.688-4.5-1.935 0-3.597 1.126-4.312 2.733-.715-1.607-2.377-2.733-4.313-2.733C5.1 3.75 3 5.765 3 8.25c0 7.22 9 12 9 12s9-4.78 9-12Z\"><\/path>\n<\/svg>\t\t<span>Lista Deseos<\/span>\n\t<\/a>\n<\/div>\n\n\t\t\t<!-- COUNT TEXT -->\n\t\t\t\n\t\t\t<\/div>\n                                                                                                                                    <\/div>\n                                        <a class=\"product-title\" href=\"https:\/\/bodegaoutdoor.cl\/store\/product\/gafas-de-sol-polarizadas-aoron-para-hombre-y-mujer-gafas-de-sol-clasicas-con-espejo-para-conducir-al-aire-libre-para-hombre-gafas-con-armazon-de-metal-uv400\/\">Gafas de sol polarizadas Aoron para unisex, outdoor con armaz\u00f3n de Metal UV400<\/a>\n                                        <span class=\"price\">\n                                            <del aria-hidden=\"true\"><span class=\"woocommerce-Price-amount amount\"><bdi><span class=\"woocommerce-Price-currencySymbol\" translate=\"no\">$<\/span>24,990<\/bdi><\/span><\/del> <span class=\"screen-reader-text\">El precio original era: $24,990.<\/span><ins aria-hidden=\"true\"><span class=\"woocommerce-Price-amount amount\"><bdi><span class=\"woocommerce-Price-currencySymbol\" translate=\"no\">$<\/span>19,990<\/bdi><\/span><\/ins><span class=\"screen-reader-text\">El precio actual es: $19,990.<\/span>                                        <\/span>\n                                    <\/div>\n                                <\/div>\n                                                                <\/div>\n                                                                                                                            <div class=\"xs-tab-slider-item swiper-slide\">\n                                                            <div class=\"xs-product-widget media \">\n                                                                            <a class=\"xs_product_img_link\" href=\"https:\/\/bodegaoutdoor.cl\/store\/product\/mrerdith-senuelo-iscas-de-senuelos-pesca-jerk-minnow-100f-14g-wobbler-flotante-24-colores-cebo-duro-calidad-profesional-depth0-8-10m-isca-artificial-frete-gratis-black-minnow\/\">\n                                        <img loading=\"lazy\" decoding=\"async\" width=\"125\" height=\"125\" src=\"https:\/\/bodegaoutdoor.cl\/store\/wp-content\/uploads\/2022\/01\/52490-zcljgq-150x150.jpg\" class=\"attachment-125x125 size-125x125\" alt=\"MRERDITH-se\u00f1uelo iscas de se\u00f1uelos pesca JERK MINNOW 100F 14g, Wobbler flotante, 24 colores, cebo duro, calidad profesional Depth0.8-1,0m isca artificial frete gratis black minnow\" srcset=\"https:\/\/bodegaoutdoor.cl\/store\/wp-content\/uploads\/2022\/01\/52490-zcljgq-150x150.jpg 150w, https:\/\/bodegaoutdoor.cl\/store\/wp-content\/uploads\/2022\/01\/52490-zcljgq-300x300.jpg 300w, https:\/\/bodegaoutdoor.cl\/store\/wp-content\/uploads\/2022\/01\/52490-zcljgq-100x100.jpg 100w, https:\/\/bodegaoutdoor.cl\/store\/wp-content\/uploads\/2022\/01\/52490-zcljgq-600x600.jpg 600w, https:\/\/bodegaoutdoor.cl\/store\/wp-content\/uploads\/2022\/01\/52490-zcljgq-768x768.jpg 768w, https:\/\/bodegaoutdoor.cl\/store\/wp-content\/uploads\/2022\/01\/52490-zcljgq.jpg 800w\" sizes=\"(max-width: 125px) 100vw, 125px\" \/>                                        <\/a>\n                                                                        <div class=\"media-body align-self-center product-widget-content\">\n                                        <div class=\"xs-product-header media woocommerce xs-wishlist \">\n                                                                                                                                        \n                                                                                                                                                \n<div\n\tclass=\"yith-wcwl-add-to-wishlist add-to-wishlist-52490 yith-wcwl-add-to-wishlist--link-style wishlist-fragment on-first-load\"\n\tdata-fragment-ref=\"52490\"\n\tdata-fragment-options=\"{&quot;base_url&quot;:&quot;&quot;,&quot;product_id&quot;:52490,&quot;parent_product_id&quot;:0,&quot;product_type&quot;:&quot;variable&quot;,&quot;is_single&quot;:false,&quot;in_default_wishlist&quot;:false,&quot;show_view&quot;:false,&quot;browse_wishlist_text&quot;:&quot;Lista Deseos&quot;,&quot;already_in_wishslist_text&quot;:&quot;The producto esta Agregado!&quot;,&quot;product_added_text&quot;:&quot;Producto Agregado!&quot;,&quot;available_multi_wishlist&quot;:false,&quot;disable_wishlist&quot;:false,&quot;show_count&quot;:false,&quot;ajax_loading&quot;:false,&quot;loop_position&quot;:&quot;after_add_to_cart&quot;,&quot;item&quot;:&quot;add_to_wishlist&quot;}\"\n>\n\t\t\t\n\t\t\t<!-- ADD TO WISHLIST -->\n\t\t\t\n<div class=\"yith-wcwl-add-button\">\n\t\t<a\n\t\thref=\"?add_to_wishlist=52490&#038;_wpnonce=98056c7fc2\"\n\t\tclass=\"add_to_wishlist single_add_to_wishlist\"\n\t\tdata-product-id=\"52490\"\n\t\tdata-product-type=\"variable\"\n\t\tdata-original-product-id=\"0\"\n\t\tdata-title=\"Lista Deseos\"\n\t\trel=\"nofollow\"\n\t>\n\t\t<svg id=\"yith-wcwl-icon-heart-outline\" class=\"yith-wcwl-icon-svg\" fill=\"none\" stroke-width=\"1.5\" stroke=\"currentColor\" viewbox=\"0 0 24 24\" xmlns=\"http:\/\/www.w3.org\/2000\/svg\">\n  <path stroke-linecap=\"round\" stroke-linejoin=\"round\" d=\"M21 8.25c0-2.485-2.099-4.5-4.688-4.5-1.935 0-3.597 1.126-4.312 2.733-.715-1.607-2.377-2.733-4.313-2.733C5.1 3.75 3 5.765 3 8.25c0 7.22 9 12 9 12s9-4.78 9-12Z\"><\/path>\n<\/svg>\t\t<span>Lista Deseos<\/span>\n\t<\/a>\n<\/div>\n\n\t\t\t<!-- COUNT TEXT -->\n\t\t\t\n\t\t\t<\/div>\n                                                                                                                                    <\/div>\n                                        <a class=\"product-title\" href=\"https:\/\/bodegaoutdoor.cl\/store\/product\/mrerdith-senuelo-iscas-de-senuelos-pesca-jerk-minnow-100f-14g-wobbler-flotante-24-colores-cebo-duro-calidad-profesional-depth0-8-10m-isca-artificial-frete-gratis-black-minnow\/\">MRERDITH-se\u00f1uelo iscas de se\u00f1uelos pesca JERK MINNOW 100F 14g, Wobbler flotante, 24 colores, cebo duro, calidad profesional Depth0.8-1,0m isca artificial frete gratis black minnow<\/a>\n                                        <span class=\"price\">\n                                            <span class=\"woocommerce-Price-amount amount\"><bdi><span class=\"woocommerce-Price-currencySymbol\" translate=\"no\">$<\/span>5,990<\/bdi><\/span>                                        <\/span>\n                                    <\/div>\n                                <\/div>\n                                                                                                                                <div class=\"xs-product-widget media \">\n                                                                            <a class=\"xs_product_img_link\" href=\"https:\/\/bodegaoutdoor.cl\/store\/product\/strava-conjuntos-de-camisetas-y-pantalones-cortos-de-ciclismo-color-rojo-verde-fluorescente-maillot-de-ciclismo\/\">\n                                        <img loading=\"lazy\" decoding=\"async\" width=\"125\" height=\"125\" src=\"https:\/\/bodegaoutdoor.cl\/store\/wp-content\/uploads\/2021\/09\/48062-xcf2js-150x150.jpg\" class=\"attachment-125x125 size-125x125\" alt=\"STRAVA-Conjunto de camisetas y pantalones cortos de ciclismo, color rojo, verde fluorescente, maillot de ciclismo\" srcset=\"https:\/\/bodegaoutdoor.cl\/store\/wp-content\/uploads\/2021\/09\/48062-xcf2js-150x150.jpg 150w, https:\/\/bodegaoutdoor.cl\/store\/wp-content\/uploads\/2021\/09\/48062-xcf2js-300x300.jpg 300w, https:\/\/bodegaoutdoor.cl\/store\/wp-content\/uploads\/2021\/09\/48062-xcf2js-100x100.jpg 100w, https:\/\/bodegaoutdoor.cl\/store\/wp-content\/uploads\/2021\/09\/48062-xcf2js-600x600.jpg 600w, https:\/\/bodegaoutdoor.cl\/store\/wp-content\/uploads\/2021\/09\/48062-xcf2js-768x768.jpg 768w, https:\/\/bodegaoutdoor.cl\/store\/wp-content\/uploads\/2021\/09\/48062-xcf2js.jpg 900w\" sizes=\"(max-width: 125px) 100vw, 125px\" \/>                                        <\/a>\n                                                                        <div class=\"media-body align-self-center product-widget-content\">\n                                        <div class=\"xs-product-header media woocommerce xs-wishlist \">\n                                                                                                                                        \n                                                                                                                                                \n<div\n\tclass=\"yith-wcwl-add-to-wishlist add-to-wishlist-48062 yith-wcwl-add-to-wishlist--link-style wishlist-fragment on-first-load\"\n\tdata-fragment-ref=\"48062\"\n\tdata-fragment-options=\"{&quot;base_url&quot;:&quot;&quot;,&quot;product_id&quot;:48062,&quot;parent_product_id&quot;:0,&quot;product_type&quot;:&quot;variable&quot;,&quot;is_single&quot;:false,&quot;in_default_wishlist&quot;:false,&quot;show_view&quot;:false,&quot;browse_wishlist_text&quot;:&quot;Lista Deseos&quot;,&quot;already_in_wishslist_text&quot;:&quot;The producto esta Agregado!&quot;,&quot;product_added_text&quot;:&quot;Producto Agregado!&quot;,&quot;available_multi_wishlist&quot;:false,&quot;disable_wishlist&quot;:false,&quot;show_count&quot;:false,&quot;ajax_loading&quot;:false,&quot;loop_position&quot;:&quot;after_add_to_cart&quot;,&quot;item&quot;:&quot;add_to_wishlist&quot;}\"\n>\n\t\t\t\n\t\t\t<!-- ADD TO WISHLIST -->\n\t\t\t\n<div class=\"yith-wcwl-add-button\">\n\t\t<a\n\t\thref=\"?add_to_wishlist=48062&#038;_wpnonce=98056c7fc2\"\n\t\tclass=\"add_to_wishlist single_add_to_wishlist\"\n\t\tdata-product-id=\"48062\"\n\t\tdata-product-type=\"variable\"\n\t\tdata-original-product-id=\"0\"\n\t\tdata-title=\"Lista Deseos\"\n\t\trel=\"nofollow\"\n\t>\n\t\t<svg id=\"yith-wcwl-icon-heart-outline\" class=\"yith-wcwl-icon-svg\" fill=\"none\" stroke-width=\"1.5\" stroke=\"currentColor\" viewbox=\"0 0 24 24\" xmlns=\"http:\/\/www.w3.org\/2000\/svg\">\n  <path stroke-linecap=\"round\" stroke-linejoin=\"round\" d=\"M21 8.25c0-2.485-2.099-4.5-4.688-4.5-1.935 0-3.597 1.126-4.312 2.733-.715-1.607-2.377-2.733-4.313-2.733C5.1 3.75 3 5.765 3 8.25c0 7.22 9 12 9 12s9-4.78 9-12Z\"><\/path>\n<\/svg>\t\t<span>Lista Deseos<\/span>\n\t<\/a>\n<\/div>\n\n\t\t\t<!-- COUNT TEXT -->\n\t\t\t\n\t\t\t<\/div>\n                                                                                                                                    <\/div>\n                                        <a class=\"product-title\" href=\"https:\/\/bodegaoutdoor.cl\/store\/product\/strava-conjuntos-de-camisetas-y-pantalones-cortos-de-ciclismo-color-rojo-verde-fluorescente-maillot-de-ciclismo\/\">STRAVA-Conjunto de camisetas y pantalones cortos de ciclismo, color rojo, verde fluorescente, maillot de ciclismo<\/a>\n                                        <span class=\"price\">\n                                            <span class=\"woocommerce-Price-amount amount\" aria-hidden=\"true\"><bdi><span class=\"woocommerce-Price-currencySymbol\" translate=\"no\">$<\/span>24,990<\/bdi><\/span> <span aria-hidden=\"true\">-<\/span> <span class=\"woocommerce-Price-amount amount\" aria-hidden=\"true\"><bdi><span class=\"woocommerce-Price-currencySymbol\" translate=\"no\">$<\/span>39,990<\/bdi><\/span><span class=\"screen-reader-text\">Rango de precios: desde $24,990 hasta $39,990<\/span>                                        <\/span>\n                                    <\/div>\n                                <\/div>\n                                                                                                                                <div class=\"xs-product-widget media \">\n                                                                            <a class=\"xs_product_img_link\" href=\"https:\/\/bodegaoutdoor.cl\/store\/product\/pasamontanas-de-camuflaje-completa-depores-ciclismo-bufanda\/\">\n                                        <img loading=\"lazy\" decoding=\"async\" width=\"125\" height=\"125\" src=\"https:\/\/bodegaoutdoor.cl\/store\/wp-content\/uploads\/2020\/12\/22448-aaufkm-150x150.jpg\" class=\"attachment-125x125 size-125x125\" alt=\"Pasamonta\u00f1as de camuflaje completa, depores, ciclismo,  bufanda\" srcset=\"https:\/\/bodegaoutdoor.cl\/store\/wp-content\/uploads\/2020\/12\/22448-aaufkm-150x150.jpg 150w, https:\/\/bodegaoutdoor.cl\/store\/wp-content\/uploads\/2020\/12\/22448-aaufkm-300x300.jpg 300w, https:\/\/bodegaoutdoor.cl\/store\/wp-content\/uploads\/2020\/12\/22448-aaufkm-100x100.jpg 100w, https:\/\/bodegaoutdoor.cl\/store\/wp-content\/uploads\/2020\/12\/22448-aaufkm-600x600.jpg 600w, https:\/\/bodegaoutdoor.cl\/store\/wp-content\/uploads\/2020\/12\/22448-aaufkm-768x768.jpg 768w, https:\/\/bodegaoutdoor.cl\/store\/wp-content\/uploads\/2020\/12\/22448-aaufkm.jpg 1200w\" sizes=\"(max-width: 125px) 100vw, 125px\" \/>                                        <\/a>\n                                                                        <div class=\"media-body align-self-center product-widget-content\">\n                                        <div class=\"xs-product-header media woocommerce xs-wishlist \">\n                                                                                                                                        \n                                                                                                                                                \n<div\n\tclass=\"yith-wcwl-add-to-wishlist add-to-wishlist-22448 yith-wcwl-add-to-wishlist--link-style wishlist-fragment on-first-load\"\n\tdata-fragment-ref=\"22448\"\n\tdata-fragment-options=\"{&quot;base_url&quot;:&quot;&quot;,&quot;product_id&quot;:22448,&quot;parent_product_id&quot;:0,&quot;product_type&quot;:&quot;variable&quot;,&quot;is_single&quot;:false,&quot;in_default_wishlist&quot;:false,&quot;show_view&quot;:false,&quot;browse_wishlist_text&quot;:&quot;Lista Deseos&quot;,&quot;already_in_wishslist_text&quot;:&quot;The producto esta Agregado!&quot;,&quot;product_added_text&quot;:&quot;Producto Agregado!&quot;,&quot;available_multi_wishlist&quot;:false,&quot;disable_wishlist&quot;:false,&quot;show_count&quot;:false,&quot;ajax_loading&quot;:false,&quot;loop_position&quot;:&quot;after_add_to_cart&quot;,&quot;item&quot;:&quot;add_to_wishlist&quot;}\"\n>\n\t\t\t\n\t\t\t<!-- ADD TO WISHLIST -->\n\t\t\t\n<div class=\"yith-wcwl-add-button\">\n\t\t<a\n\t\thref=\"?add_to_wishlist=22448&#038;_wpnonce=98056c7fc2\"\n\t\tclass=\"add_to_wishlist single_add_to_wishlist\"\n\t\tdata-product-id=\"22448\"\n\t\tdata-product-type=\"variable\"\n\t\tdata-original-product-id=\"0\"\n\t\tdata-title=\"Lista Deseos\"\n\t\trel=\"nofollow\"\n\t>\n\t\t<svg id=\"yith-wcwl-icon-heart-outline\" class=\"yith-wcwl-icon-svg\" fill=\"none\" stroke-width=\"1.5\" stroke=\"currentColor\" viewbox=\"0 0 24 24\" xmlns=\"http:\/\/www.w3.org\/2000\/svg\">\n  <path stroke-linecap=\"round\" stroke-linejoin=\"round\" d=\"M21 8.25c0-2.485-2.099-4.5-4.688-4.5-1.935 0-3.597 1.126-4.312 2.733-.715-1.607-2.377-2.733-4.313-2.733C5.1 3.75 3 5.765 3 8.25c0 7.22 9 12 9 12s9-4.78 9-12Z\"><\/path>\n<\/svg>\t\t<span>Lista Deseos<\/span>\n\t<\/a>\n<\/div>\n\n\t\t\t<!-- COUNT TEXT -->\n\t\t\t\n\t\t\t<\/div>\n                                                                                                                                    <\/div>\n                                        <a class=\"product-title\" href=\"https:\/\/bodegaoutdoor.cl\/store\/product\/pasamontanas-de-camuflaje-completa-depores-ciclismo-bufanda\/\">Pasamonta\u00f1as de camuflaje completa, depores, ciclismo,  bufanda<\/a>\n                                        <span class=\"price\">\n                                            <del aria-hidden=\"true\"><span class=\"woocommerce-Price-amount amount\"><bdi><span class=\"woocommerce-Price-currencySymbol\" translate=\"no\">$<\/span>11,990<\/bdi><\/span><\/del> <span class=\"screen-reader-text\">El precio original era: $11,990.<\/span><ins aria-hidden=\"true\"><span class=\"woocommerce-Price-amount amount\"><bdi><span class=\"woocommerce-Price-currencySymbol\" translate=\"no\">$<\/span>9,990<\/bdi><\/span><\/ins><span class=\"screen-reader-text\">El precio actual es: $9,990.<\/span>                                        <\/span>\n                                    <\/div>\n                                <\/div>\n                                                                <\/div>\n                                                                                                                            <div class=\"xs-tab-slider-item swiper-slide\">\n                                                            <div class=\"xs-product-widget media \">\n                                                                            <a class=\"xs_product_img_link\" href=\"https:\/\/bodegaoutdoor.cl\/store\/product\/shimano-gafas-de-sol-para-hombre-y-mujer-lentes-de-sol-para-ciclismo-al-aire-libre-pesca-conduccion-viajes-se-pueden-equipar-con-estuches-para-gafas\/\">\n                                        <img loading=\"lazy\" decoding=\"async\" width=\"125\" height=\"125\" src=\"https:\/\/bodegaoutdoor.cl\/store\/wp-content\/uploads\/2023\/04\/70209-amjgrq-150x150.jpg\" class=\"attachment-125x125 size-125x125\" alt=\"Shimano-Gafas hombre y mujer, lentes de sol para ciclismo Outdoor, pesca, conducci\u00f3n, viajes\" srcset=\"https:\/\/bodegaoutdoor.cl\/store\/wp-content\/uploads\/2023\/04\/70209-amjgrq-150x150.jpg 150w, https:\/\/bodegaoutdoor.cl\/store\/wp-content\/uploads\/2023\/04\/70209-amjgrq-300x300.jpg 300w, https:\/\/bodegaoutdoor.cl\/store\/wp-content\/uploads\/2023\/04\/70209-amjgrq-100x100.jpg 100w, https:\/\/bodegaoutdoor.cl\/store\/wp-content\/uploads\/2023\/04\/70209-amjgrq-600x600.jpg 600w, https:\/\/bodegaoutdoor.cl\/store\/wp-content\/uploads\/2023\/04\/70209-amjgrq-768x768.jpg 768w, https:\/\/bodegaoutdoor.cl\/store\/wp-content\/uploads\/2023\/04\/70209-amjgrq-350x350.jpg 350w, https:\/\/bodegaoutdoor.cl\/store\/wp-content\/uploads\/2023\/04\/70209-amjgrq.jpg 800w\" sizes=\"(max-width: 125px) 100vw, 125px\" \/>                                        <\/a>\n                                                                        <div class=\"media-body align-self-center product-widget-content\">\n                                        <div class=\"xs-product-header media woocommerce xs-wishlist \">\n                                                                                                                                        \n                                                                                                                                                \n<div\n\tclass=\"yith-wcwl-add-to-wishlist add-to-wishlist-70209 yith-wcwl-add-to-wishlist--link-style wishlist-fragment on-first-load\"\n\tdata-fragment-ref=\"70209\"\n\tdata-fragment-options=\"{&quot;base_url&quot;:&quot;&quot;,&quot;product_id&quot;:70209,&quot;parent_product_id&quot;:0,&quot;product_type&quot;:&quot;variable&quot;,&quot;is_single&quot;:false,&quot;in_default_wishlist&quot;:false,&quot;show_view&quot;:false,&quot;browse_wishlist_text&quot;:&quot;Lista Deseos&quot;,&quot;already_in_wishslist_text&quot;:&quot;The producto esta Agregado!&quot;,&quot;product_added_text&quot;:&quot;Producto Agregado!&quot;,&quot;available_multi_wishlist&quot;:false,&quot;disable_wishlist&quot;:false,&quot;show_count&quot;:false,&quot;ajax_loading&quot;:false,&quot;loop_position&quot;:&quot;after_add_to_cart&quot;,&quot;item&quot;:&quot;add_to_wishlist&quot;}\"\n>\n\t\t\t\n\t\t\t<!-- ADD TO WISHLIST -->\n\t\t\t\n<div class=\"yith-wcwl-add-button\">\n\t\t<a\n\t\thref=\"?add_to_wishlist=70209&#038;_wpnonce=98056c7fc2\"\n\t\tclass=\"add_to_wishlist single_add_to_wishlist\"\n\t\tdata-product-id=\"70209\"\n\t\tdata-product-type=\"variable\"\n\t\tdata-original-product-id=\"0\"\n\t\tdata-title=\"Lista Deseos\"\n\t\trel=\"nofollow\"\n\t>\n\t\t<svg id=\"yith-wcwl-icon-heart-outline\" class=\"yith-wcwl-icon-svg\" fill=\"none\" stroke-width=\"1.5\" stroke=\"currentColor\" viewbox=\"0 0 24 24\" xmlns=\"http:\/\/www.w3.org\/2000\/svg\">\n  <path stroke-linecap=\"round\" stroke-linejoin=\"round\" d=\"M21 8.25c0-2.485-2.099-4.5-4.688-4.5-1.935 0-3.597 1.126-4.312 2.733-.715-1.607-2.377-2.733-4.313-2.733C5.1 3.75 3 5.765 3 8.25c0 7.22 9 12 9 12s9-4.78 9-12Z\"><\/path>\n<\/svg>\t\t<span>Lista Deseos<\/span>\n\t<\/a>\n<\/div>\n\n\t\t\t<!-- COUNT TEXT -->\n\t\t\t\n\t\t\t<\/div>\n                                                                                                                                    <\/div>\n                                        <a class=\"product-title\" href=\"https:\/\/bodegaoutdoor.cl\/store\/product\/shimano-gafas-de-sol-para-hombre-y-mujer-lentes-de-sol-para-ciclismo-al-aire-libre-pesca-conduccion-viajes-se-pueden-equipar-con-estuches-para-gafas\/\">Shimano-Gafas hombre y mujer, lentes de sol para ciclismo Outdoor, pesca, conducci\u00f3n, viajes<\/a>\n                                        <span class=\"price\">\n                                            <del aria-hidden=\"true\"><span class=\"woocommerce-Price-amount amount\"><bdi><span class=\"woocommerce-Price-currencySymbol\" translate=\"no\">$<\/span>39,990<\/bdi><\/span><\/del> <span class=\"screen-reader-text\">El precio original era: $39,990.<\/span><ins aria-hidden=\"true\"><span class=\"woocommerce-Price-amount amount\"><bdi><span class=\"woocommerce-Price-currencySymbol\" translate=\"no\">$<\/span>29,990<\/bdi><\/span><\/ins><span class=\"screen-reader-text\">El precio actual es: $29,990.<\/span>                                        <\/span>\n                                    <\/div>\n                                <\/div>\n                                                                                                                                <div class=\"xs-product-widget media \">\n                                                                            <a class=\"xs_product_img_link\" href=\"https:\/\/bodegaoutdoor.cl\/store\/product\/gafas-de-sol-cuadradas-de-clasicas-polarizadas-para-hombre-y-mujer-lentes-de-sol-de-lujo-a-la-moda-antideslumbrantes-para-viajes-y-conduccion-tr90-uv400\/\">\n                                        <img loading=\"lazy\" decoding=\"async\" width=\"125\" height=\"125\" src=\"https:\/\/bodegaoutdoor.cl\/store\/wp-content\/uploads\/2023\/02\/66091-rjm3sj-150x150.jpg\" class=\"attachment-125x125 size-125x125\" alt=\"Gafas de sol cuadradas polarizadas, lentes de sol, para viajes y conducci\u00f3n, TR90, UV400\" srcset=\"https:\/\/bodegaoutdoor.cl\/store\/wp-content\/uploads\/2023\/02\/66091-rjm3sj-150x150.jpg 150w, https:\/\/bodegaoutdoor.cl\/store\/wp-content\/uploads\/2023\/02\/66091-rjm3sj-300x300.jpg 300w, https:\/\/bodegaoutdoor.cl\/store\/wp-content\/uploads\/2023\/02\/66091-rjm3sj-100x100.jpg 100w, https:\/\/bodegaoutdoor.cl\/store\/wp-content\/uploads\/2023\/02\/66091-rjm3sj-600x600.jpg 600w, https:\/\/bodegaoutdoor.cl\/store\/wp-content\/uploads\/2023\/02\/66091-rjm3sj-768x768.jpg 768w, https:\/\/bodegaoutdoor.cl\/store\/wp-content\/uploads\/2023\/02\/66091-rjm3sj-32x32.jpg 32w, https:\/\/bodegaoutdoor.cl\/store\/wp-content\/uploads\/2023\/02\/66091-rjm3sj.jpg 800w\" sizes=\"(max-width: 125px) 100vw, 125px\" \/>                                        <\/a>\n                                                                        <div class=\"media-body align-self-center product-widget-content\">\n                                        <div class=\"xs-product-header media woocommerce xs-wishlist \">\n                                                                                                                                        \n                                                                                                                                                \n<div\n\tclass=\"yith-wcwl-add-to-wishlist add-to-wishlist-66091 yith-wcwl-add-to-wishlist--link-style wishlist-fragment on-first-load\"\n\tdata-fragment-ref=\"66091\"\n\tdata-fragment-options=\"{&quot;base_url&quot;:&quot;&quot;,&quot;product_id&quot;:66091,&quot;parent_product_id&quot;:0,&quot;product_type&quot;:&quot;variable&quot;,&quot;is_single&quot;:false,&quot;in_default_wishlist&quot;:false,&quot;show_view&quot;:false,&quot;browse_wishlist_text&quot;:&quot;Lista Deseos&quot;,&quot;already_in_wishslist_text&quot;:&quot;The producto esta Agregado!&quot;,&quot;product_added_text&quot;:&quot;Producto Agregado!&quot;,&quot;available_multi_wishlist&quot;:false,&quot;disable_wishlist&quot;:false,&quot;show_count&quot;:false,&quot;ajax_loading&quot;:false,&quot;loop_position&quot;:&quot;after_add_to_cart&quot;,&quot;item&quot;:&quot;add_to_wishlist&quot;}\"\n>\n\t\t\t\n\t\t\t<!-- ADD TO WISHLIST -->\n\t\t\t\n<div class=\"yith-wcwl-add-button\">\n\t\t<a\n\t\thref=\"?add_to_wishlist=66091&#038;_wpnonce=98056c7fc2\"\n\t\tclass=\"add_to_wishlist single_add_to_wishlist\"\n\t\tdata-product-id=\"66091\"\n\t\tdata-product-type=\"variable\"\n\t\tdata-original-product-id=\"0\"\n\t\tdata-title=\"Lista Deseos\"\n\t\trel=\"nofollow\"\n\t>\n\t\t<svg id=\"yith-wcwl-icon-heart-outline\" class=\"yith-wcwl-icon-svg\" fill=\"none\" stroke-width=\"1.5\" stroke=\"currentColor\" viewbox=\"0 0 24 24\" xmlns=\"http:\/\/www.w3.org\/2000\/svg\">\n  <path stroke-linecap=\"round\" stroke-linejoin=\"round\" d=\"M21 8.25c0-2.485-2.099-4.5-4.688-4.5-1.935 0-3.597 1.126-4.312 2.733-.715-1.607-2.377-2.733-4.313-2.733C5.1 3.75 3 5.765 3 8.25c0 7.22 9 12 9 12s9-4.78 9-12Z\"><\/path>\n<\/svg>\t\t<span>Lista Deseos<\/span>\n\t<\/a>\n<\/div>\n\n\t\t\t<!-- COUNT TEXT -->\n\t\t\t\n\t\t\t<\/div>\n                                                                                                                                    <\/div>\n                                        <a class=\"product-title\" href=\"https:\/\/bodegaoutdoor.cl\/store\/product\/gafas-de-sol-cuadradas-de-clasicas-polarizadas-para-hombre-y-mujer-lentes-de-sol-de-lujo-a-la-moda-antideslumbrantes-para-viajes-y-conduccion-tr90-uv400\/\">Gafas de sol cuadradas polarizadas, lentes de sol, para viajes y conducci\u00f3n, TR90, UV400<\/a>\n                                        <span class=\"price\">\n                                            <del aria-hidden=\"true\"><span class=\"woocommerce-Price-amount amount\"><bdi><span class=\"woocommerce-Price-currencySymbol\" translate=\"no\">$<\/span>19,990<\/bdi><\/span><\/del> <span class=\"screen-reader-text\">El precio original era: $19,990.<\/span><ins aria-hidden=\"true\"><span class=\"woocommerce-Price-amount amount\"><bdi><span class=\"woocommerce-Price-currencySymbol\" translate=\"no\">$<\/span>14,990<\/bdi><\/span><\/ins><span class=\"screen-reader-text\">El precio actual es: $14,990.<\/span>                                        <\/span>\n                                    <\/div>\n                                <\/div>\n                                                                                                                                <div class=\"xs-product-widget media \">\n                                                                            <a class=\"xs_product_img_link\" href=\"https:\/\/bodegaoutdoor.cl\/store\/product\/detalles-acerca-de-gopro-hero-7-negro-12-mega-pixeles-camara-videocamara-4k-impermeable-paquete-de-accion\/\">\n                                        <img loading=\"lazy\" decoding=\"async\" width=\"125\" height=\"125\" src=\"https:\/\/bodegaoutdoor.cl\/store\/wp-content\/uploads\/2020\/08\/10270-hc1ag7-150x150.jpg\" class=\"attachment-125x125 size-125x125\" alt=\"Camara GoPro Hero 7 Negro 12 Mega p\u00edxeles c\u00e1mara Videoc\u00e1mara 4K Impermeable\" srcset=\"https:\/\/bodegaoutdoor.cl\/store\/wp-content\/uploads\/2020\/08\/10270-hc1ag7-150x150.jpg 150w, https:\/\/bodegaoutdoor.cl\/store\/wp-content\/uploads\/2020\/08\/10270-hc1ag7-300x300.jpg 300w, https:\/\/bodegaoutdoor.cl\/store\/wp-content\/uploads\/2020\/08\/10270-hc1ag7-100x100.jpg 100w, https:\/\/bodegaoutdoor.cl\/store\/wp-content\/uploads\/2020\/08\/10270-hc1ag7.jpg 500w\" sizes=\"(max-width: 125px) 100vw, 125px\" \/>                                        <\/a>\n                                                                        <div class=\"media-body align-self-center product-widget-content\">\n                                        <div class=\"xs-product-header media woocommerce xs-wishlist \">\n                                                                                                                                        \n                                                                                                                                                \n<div\n\tclass=\"yith-wcwl-add-to-wishlist add-to-wishlist-10270 yith-wcwl-add-to-wishlist--link-style wishlist-fragment on-first-load\"\n\tdata-fragment-ref=\"10270\"\n\tdata-fragment-options=\"{&quot;base_url&quot;:&quot;&quot;,&quot;product_id&quot;:10270,&quot;parent_product_id&quot;:0,&quot;product_type&quot;:&quot;simple&quot;,&quot;is_single&quot;:false,&quot;in_default_wishlist&quot;:false,&quot;show_view&quot;:false,&quot;browse_wishlist_text&quot;:&quot;Lista Deseos&quot;,&quot;already_in_wishslist_text&quot;:&quot;The producto esta Agregado!&quot;,&quot;product_added_text&quot;:&quot;Producto Agregado!&quot;,&quot;available_multi_wishlist&quot;:false,&quot;disable_wishlist&quot;:false,&quot;show_count&quot;:false,&quot;ajax_loading&quot;:false,&quot;loop_position&quot;:&quot;after_add_to_cart&quot;,&quot;item&quot;:&quot;add_to_wishlist&quot;}\"\n>\n\t\t\t\n\t\t\t<!-- ADD TO WISHLIST -->\n\t\t\t\n<div class=\"yith-wcwl-add-button\">\n\t\t<a\n\t\thref=\"?add_to_wishlist=10270&#038;_wpnonce=98056c7fc2\"\n\t\tclass=\"add_to_wishlist single_add_to_wishlist\"\n\t\tdata-product-id=\"10270\"\n\t\tdata-product-type=\"simple\"\n\t\tdata-original-product-id=\"0\"\n\t\tdata-title=\"Lista Deseos\"\n\t\trel=\"nofollow\"\n\t>\n\t\t<svg id=\"yith-wcwl-icon-heart-outline\" class=\"yith-wcwl-icon-svg\" fill=\"none\" stroke-width=\"1.5\" stroke=\"currentColor\" viewbox=\"0 0 24 24\" xmlns=\"http:\/\/www.w3.org\/2000\/svg\">\n  <path stroke-linecap=\"round\" stroke-linejoin=\"round\" d=\"M21 8.25c0-2.485-2.099-4.5-4.688-4.5-1.935 0-3.597 1.126-4.312 2.733-.715-1.607-2.377-2.733-4.313-2.733C5.1 3.75 3 5.765 3 8.25c0 7.22 9 12 9 12s9-4.78 9-12Z\"><\/path>\n<\/svg>\t\t<span>Lista Deseos<\/span>\n\t<\/a>\n<\/div>\n\n\t\t\t<!-- COUNT TEXT -->\n\t\t\t\n\t\t\t<\/div>\n                                                                                                                                    <\/div>\n                                        <a class=\"product-title\" href=\"https:\/\/bodegaoutdoor.cl\/store\/product\/detalles-acerca-de-gopro-hero-7-negro-12-mega-pixeles-camara-videocamara-4k-impermeable-paquete-de-accion\/\">Camara GoPro Hero 7 Negro 12 Mega p\u00edxeles c\u00e1mara Videoc\u00e1mara 4K Impermeable<\/a>\n                                        <span class=\"price\">\n                                            <del aria-hidden=\"true\"><span class=\"woocommerce-Price-amount amount\"><bdi><span class=\"woocommerce-Price-currencySymbol\" translate=\"no\">$<\/span>399,990<\/bdi><\/span><\/del> <span class=\"screen-reader-text\">El precio original era: $399,990.<\/span><ins aria-hidden=\"true\"><span class=\"woocommerce-Price-amount amount\"><bdi><span class=\"woocommerce-Price-currencySymbol\" translate=\"no\">$<\/span>319,990<\/bdi><\/span><\/ins><span class=\"screen-reader-text\">El precio actual es: $319,990.<\/span>                                        <\/span>\n                                    <\/div>\n                                <\/div>\n                                                                <\/div>\n                                                                                <\/div>\n                    <div class=\"swiper-pagination\"><\/div>\n                <\/div>\n            <\/div>\n                                <div class=\"tab-pane fade \"\n                 id=\"xs-tabs-17987-3\"\n                 >\n                <div class=\"xs-tab-slider swiper\">\n                    <div class=\"swiper-wrapper\">\n                                                                                        <div class=\"xs-tab-slider-item swiper-slide\">\n                                                            <div class=\"xs-product-widget media \">\n                                                                            <a class=\"xs_product_img_link\" href=\"https:\/\/bodegaoutdoor.cl\/store\/product\/neumatico-para-enduro-120-100-18-medium-soft\/\">\n                                        <img decoding=\"async\" width=\"125\" height=\"125\" src=\"https:\/\/bodegaoutdoor.cl\/store\/wp-content\/uploads\/2026\/05\/WhatsApp-Image-2026-05-17-at-17.30.44-150x150.jpeg\" class=\"attachment-125x125 size-125x125\" alt=\"Neumatico para enduro 120\/100\/18 Medium soft\" srcset=\"https:\/\/bodegaoutdoor.cl\/store\/wp-content\/uploads\/2026\/05\/WhatsApp-Image-2026-05-17-at-17.30.44-150x150.jpeg 150w, https:\/\/bodegaoutdoor.cl\/store\/wp-content\/uploads\/2026\/05\/WhatsApp-Image-2026-05-17-at-17.30.44-300x300.jpeg 300w, https:\/\/bodegaoutdoor.cl\/store\/wp-content\/uploads\/2026\/05\/WhatsApp-Image-2026-05-17-at-17.30.44-100x100.jpeg 100w, https:\/\/bodegaoutdoor.cl\/store\/wp-content\/uploads\/2026\/05\/WhatsApp-Image-2026-05-17-at-17.30.44-50x50.jpeg 50w\" sizes=\"(max-width: 125px) 100vw, 125px\" \/>                                        <\/a>\n                                                                        <div class=\"media-body align-self-center product-widget-content\">\n                                        <div class=\"xs-product-header media woocommerce xs-wishlist \">\n                                                                                                                                        \n                                                                                                                                                \n<div\n\tclass=\"yith-wcwl-add-to-wishlist add-to-wishlist-89328 yith-wcwl-add-to-wishlist--link-style wishlist-fragment on-first-load\"\n\tdata-fragment-ref=\"89328\"\n\tdata-fragment-options=\"{&quot;base_url&quot;:&quot;&quot;,&quot;product_id&quot;:89328,&quot;parent_product_id&quot;:0,&quot;product_type&quot;:&quot;simple&quot;,&quot;is_single&quot;:false,&quot;in_default_wishlist&quot;:false,&quot;show_view&quot;:false,&quot;browse_wishlist_text&quot;:&quot;Lista Deseos&quot;,&quot;already_in_wishslist_text&quot;:&quot;The producto esta Agregado!&quot;,&quot;product_added_text&quot;:&quot;Producto Agregado!&quot;,&quot;available_multi_wishlist&quot;:false,&quot;disable_wishlist&quot;:false,&quot;show_count&quot;:false,&quot;ajax_loading&quot;:false,&quot;loop_position&quot;:&quot;after_add_to_cart&quot;,&quot;item&quot;:&quot;add_to_wishlist&quot;}\"\n>\n\t\t\t\n\t\t\t<!-- ADD TO WISHLIST -->\n\t\t\t\n<div class=\"yith-wcwl-add-button\">\n\t\t<a\n\t\thref=\"?add_to_wishlist=89328&#038;_wpnonce=98056c7fc2\"\n\t\tclass=\"add_to_wishlist single_add_to_wishlist\"\n\t\tdata-product-id=\"89328\"\n\t\tdata-product-type=\"simple\"\n\t\tdata-original-product-id=\"0\"\n\t\tdata-title=\"Lista Deseos\"\n\t\trel=\"nofollow\"\n\t>\n\t\t<svg id=\"yith-wcwl-icon-heart-outline\" class=\"yith-wcwl-icon-svg\" fill=\"none\" stroke-width=\"1.5\" stroke=\"currentColor\" viewbox=\"0 0 24 24\" xmlns=\"http:\/\/www.w3.org\/2000\/svg\">\n  <path stroke-linecap=\"round\" stroke-linejoin=\"round\" d=\"M21 8.25c0-2.485-2.099-4.5-4.688-4.5-1.935 0-3.597 1.126-4.312 2.733-.715-1.607-2.377-2.733-4.313-2.733C5.1 3.75 3 5.765 3 8.25c0 7.22 9 12 9 12s9-4.78 9-12Z\"><\/path>\n<\/svg>\t\t<span>Lista Deseos<\/span>\n\t<\/a>\n<\/div>\n\n\t\t\t<!-- COUNT TEXT -->\n\t\t\t\n\t\t\t<\/div>\n                                                                                                                                    <\/div>\n                                        <a class=\"product-title\" href=\"https:\/\/bodegaoutdoor.cl\/store\/product\/neumatico-para-enduro-120-100-18-medium-soft\/\">Neumatico para enduro 120\/100\/18 Medium soft<\/a>\n                                        <span class=\"price\">\n                                            <del aria-hidden=\"true\"><span class=\"woocommerce-Price-amount amount\"><bdi><span class=\"woocommerce-Price-currencySymbol\" translate=\"no\">$<\/span>99,900<\/bdi><\/span><\/del> <span class=\"screen-reader-text\">El precio original era: $99,900.<\/span><ins aria-hidden=\"true\"><span class=\"woocommerce-Price-amount amount\"><bdi><span class=\"woocommerce-Price-currencySymbol\" translate=\"no\">$<\/span>52,990<\/bdi><\/span><\/ins><span class=\"screen-reader-text\">El precio actual es: $52,990.<\/span>                                        <\/span>\n                                    <\/div>\n                                <\/div>\n                                                                                                                                <div class=\"xs-product-widget media \">\n                                                                            <a class=\"xs_product_img_link\" href=\"https:\/\/bodegaoutdoor.cl\/store\/product\/kit-de-accesorios-de-pesca-cana-regulable-hasta-2-10m\/\">\n                                        <img decoding=\"async\" width=\"125\" height=\"125\" src=\"https:\/\/bodegaoutdoor.cl\/store\/wp-content\/uploads\/2025\/01\/F-126__8_-150x150.jpg\" class=\"attachment-125x125 size-125x125\" alt=\"KIT DE ACCESORIOS DE PESCA CA\u00d1A regulable hasta 2.10m\" srcset=\"https:\/\/bodegaoutdoor.cl\/store\/wp-content\/uploads\/2025\/01\/F-126__8_-150x150.jpg 150w, https:\/\/bodegaoutdoor.cl\/store\/wp-content\/uploads\/2025\/01\/F-126__8_-300x300.jpg 300w, https:\/\/bodegaoutdoor.cl\/store\/wp-content\/uploads\/2025\/01\/F-126__8_-1024x1024.jpg 1024w, https:\/\/bodegaoutdoor.cl\/store\/wp-content\/uploads\/2025\/01\/F-126__8_-768x768.jpg 768w, https:\/\/bodegaoutdoor.cl\/store\/wp-content\/uploads\/2025\/01\/F-126__8_-1536x1536.jpg 1536w, https:\/\/bodegaoutdoor.cl\/store\/wp-content\/uploads\/2025\/01\/F-126__8_-2048x2048.jpg 2048w, https:\/\/bodegaoutdoor.cl\/store\/wp-content\/uploads\/2025\/01\/F-126__8_-600x600.jpg 600w, https:\/\/bodegaoutdoor.cl\/store\/wp-content\/uploads\/2025\/01\/F-126__8_-100x100.jpg 100w\" sizes=\"(max-width: 125px) 100vw, 125px\" \/>                                        <\/a>\n                                                                        <div class=\"media-body align-self-center product-widget-content\">\n                                        <div class=\"xs-product-header media woocommerce xs-wishlist \">\n                                                                                                                                        \n                                                                                                                                                \n<div\n\tclass=\"yith-wcwl-add-to-wishlist add-to-wishlist-86335 yith-wcwl-add-to-wishlist--link-style wishlist-fragment on-first-load\"\n\tdata-fragment-ref=\"86335\"\n\tdata-fragment-options=\"{&quot;base_url&quot;:&quot;&quot;,&quot;product_id&quot;:86335,&quot;parent_product_id&quot;:0,&quot;product_type&quot;:&quot;simple&quot;,&quot;is_single&quot;:false,&quot;in_default_wishlist&quot;:false,&quot;show_view&quot;:false,&quot;browse_wishlist_text&quot;:&quot;Lista Deseos&quot;,&quot;already_in_wishslist_text&quot;:&quot;The producto esta Agregado!&quot;,&quot;product_added_text&quot;:&quot;Producto Agregado!&quot;,&quot;available_multi_wishlist&quot;:false,&quot;disable_wishlist&quot;:false,&quot;show_count&quot;:false,&quot;ajax_loading&quot;:false,&quot;loop_position&quot;:&quot;after_add_to_cart&quot;,&quot;item&quot;:&quot;add_to_wishlist&quot;}\"\n>\n\t\t\t\n\t\t\t<!-- ADD TO WISHLIST -->\n\t\t\t\n<div class=\"yith-wcwl-add-button\">\n\t\t<a\n\t\thref=\"?add_to_wishlist=86335&#038;_wpnonce=98056c7fc2\"\n\t\tclass=\"add_to_wishlist single_add_to_wishlist\"\n\t\tdata-product-id=\"86335\"\n\t\tdata-product-type=\"simple\"\n\t\tdata-original-product-id=\"0\"\n\t\tdata-title=\"Lista Deseos\"\n\t\trel=\"nofollow\"\n\t>\n\t\t<svg id=\"yith-wcwl-icon-heart-outline\" class=\"yith-wcwl-icon-svg\" fill=\"none\" stroke-width=\"1.5\" stroke=\"currentColor\" viewbox=\"0 0 24 24\" xmlns=\"http:\/\/www.w3.org\/2000\/svg\">\n  <path stroke-linecap=\"round\" stroke-linejoin=\"round\" d=\"M21 8.25c0-2.485-2.099-4.5-4.688-4.5-1.935 0-3.597 1.126-4.312 2.733-.715-1.607-2.377-2.733-4.313-2.733C5.1 3.75 3 5.765 3 8.25c0 7.22 9 12 9 12s9-4.78 9-12Z\"><\/path>\n<\/svg>\t\t<span>Lista Deseos<\/span>\n\t<\/a>\n<\/div>\n\n\t\t\t<!-- COUNT TEXT -->\n\t\t\t\n\t\t\t<\/div>\n                                                                                                                                    <\/div>\n                                        <a class=\"product-title\" href=\"https:\/\/bodegaoutdoor.cl\/store\/product\/kit-de-accesorios-de-pesca-cana-regulable-hasta-2-10m\/\">KIT DE ACCESORIOS DE PESCA CA\u00d1A regulable hasta 2.10m<\/a>\n                                        <span class=\"price\">\n                                            <del aria-hidden=\"true\"><span class=\"woocommerce-Price-amount amount\"><bdi><span class=\"woocommerce-Price-currencySymbol\" translate=\"no\">$<\/span>35,000<\/bdi><\/span><\/del> <span class=\"screen-reader-text\">El precio original era: $35,000.<\/span><ins aria-hidden=\"true\"><span class=\"woocommerce-Price-amount amount\"><bdi><span class=\"woocommerce-Price-currencySymbol\" translate=\"no\">$<\/span>24,990<\/bdi><\/span><\/ins><span class=\"screen-reader-text\">El precio actual es: $24,990.<\/span>                                        <\/span>\n                                    <\/div>\n                                <\/div>\n                                                                                                                                <div class=\"xs-product-widget media \">\n                                                                            <a class=\"xs_product_img_link\" href=\"https:\/\/bodegaoutdoor.cl\/store\/product\/carpa-techo-camping-3x3-metros\/\">\n                                        <img decoding=\"async\" width=\"125\" height=\"125\" src=\"https:\/\/bodegaoutdoor.cl\/store\/wp-content\/uploads\/2024\/12\/TECHO-3X3-150x150.jpeg\" class=\"attachment-125x125 size-125x125\" alt=\"Carpa Techo Camping 3&#215;3 metros\" srcset=\"https:\/\/bodegaoutdoor.cl\/store\/wp-content\/uploads\/2024\/12\/TECHO-3X3-150x150.jpeg 150w, https:\/\/bodegaoutdoor.cl\/store\/wp-content\/uploads\/2024\/12\/TECHO-3X3-300x300.jpeg 300w, https:\/\/bodegaoutdoor.cl\/store\/wp-content\/uploads\/2024\/12\/TECHO-3X3-768x768.jpeg 768w, https:\/\/bodegaoutdoor.cl\/store\/wp-content\/uploads\/2024\/12\/TECHO-3X3-600x600.jpeg 600w, https:\/\/bodegaoutdoor.cl\/store\/wp-content\/uploads\/2024\/12\/TECHO-3X3-100x100.jpeg 100w, https:\/\/bodegaoutdoor.cl\/store\/wp-content\/uploads\/2024\/12\/TECHO-3X3.jpeg 800w\" sizes=\"(max-width: 125px) 100vw, 125px\" \/>                                        <\/a>\n                                                                        <div class=\"media-body align-self-center product-widget-content\">\n                                        <div class=\"xs-product-header media woocommerce xs-wishlist \">\n                                                                                                                                        \n                                                                                                                                                \n<div\n\tclass=\"yith-wcwl-add-to-wishlist add-to-wishlist-86233 yith-wcwl-add-to-wishlist--link-style wishlist-fragment on-first-load\"\n\tdata-fragment-ref=\"86233\"\n\tdata-fragment-options=\"{&quot;base_url&quot;:&quot;&quot;,&quot;product_id&quot;:86233,&quot;parent_product_id&quot;:0,&quot;product_type&quot;:&quot;simple&quot;,&quot;is_single&quot;:false,&quot;in_default_wishlist&quot;:false,&quot;show_view&quot;:false,&quot;browse_wishlist_text&quot;:&quot;Lista Deseos&quot;,&quot;already_in_wishslist_text&quot;:&quot;The producto esta Agregado!&quot;,&quot;product_added_text&quot;:&quot;Producto Agregado!&quot;,&quot;available_multi_wishlist&quot;:false,&quot;disable_wishlist&quot;:false,&quot;show_count&quot;:false,&quot;ajax_loading&quot;:false,&quot;loop_position&quot;:&quot;after_add_to_cart&quot;,&quot;item&quot;:&quot;add_to_wishlist&quot;}\"\n>\n\t\t\t\n\t\t\t<!-- ADD TO WISHLIST -->\n\t\t\t\n<div class=\"yith-wcwl-add-button\">\n\t\t<a\n\t\thref=\"?add_to_wishlist=86233&#038;_wpnonce=98056c7fc2\"\n\t\tclass=\"add_to_wishlist single_add_to_wishlist\"\n\t\tdata-product-id=\"86233\"\n\t\tdata-product-type=\"simple\"\n\t\tdata-original-product-id=\"0\"\n\t\tdata-title=\"Lista Deseos\"\n\t\trel=\"nofollow\"\n\t>\n\t\t<svg id=\"yith-wcwl-icon-heart-outline\" class=\"yith-wcwl-icon-svg\" fill=\"none\" stroke-width=\"1.5\" stroke=\"currentColor\" viewbox=\"0 0 24 24\" xmlns=\"http:\/\/www.w3.org\/2000\/svg\">\n  <path stroke-linecap=\"round\" stroke-linejoin=\"round\" d=\"M21 8.25c0-2.485-2.099-4.5-4.688-4.5-1.935 0-3.597 1.126-4.312 2.733-.715-1.607-2.377-2.733-4.313-2.733C5.1 3.75 3 5.765 3 8.25c0 7.22 9 12 9 12s9-4.78 9-12Z\"><\/path>\n<\/svg>\t\t<span>Lista Deseos<\/span>\n\t<\/a>\n<\/div>\n\n\t\t\t<!-- COUNT TEXT -->\n\t\t\t\n\t\t\t<\/div>\n                                                                                                                                    <\/div>\n                                        <a class=\"product-title\" href=\"https:\/\/bodegaoutdoor.cl\/store\/product\/carpa-techo-camping-3x3-metros\/\">Carpa Techo Camping 3&#215;3 metros<\/a>\n                                        <span class=\"price\">\n                                            <del aria-hidden=\"true\"><span class=\"woocommerce-Price-amount amount\"><bdi><span class=\"woocommerce-Price-currencySymbol\" translate=\"no\">$<\/span>100,000<\/bdi><\/span><\/del> <span class=\"screen-reader-text\">El precio original era: $100,000.<\/span><ins aria-hidden=\"true\"><span class=\"woocommerce-Price-amount amount\"><bdi><span class=\"woocommerce-Price-currencySymbol\" translate=\"no\">$<\/span>49,990<\/bdi><\/span><\/ins><span class=\"screen-reader-text\">El precio actual es: $49,990.<\/span>                                        <\/span>\n                                    <\/div>\n                                <\/div>\n                                                                <\/div>\n                                                                                                                            <div class=\"xs-tab-slider-item swiper-slide\">\n                                                            <div class=\"xs-product-widget media \">\n                                                                            <a class=\"xs_product_img_link\" href=\"https:\/\/bodegaoutdoor.cl\/store\/product\/gorro-police\/\">\n                                        <img loading=\"lazy\" decoding=\"async\" width=\"125\" height=\"125\" src=\"https:\/\/bodegaoutdoor.cl\/store\/wp-content\/uploads\/2024\/12\/WhatsApp-Image-2024-05-16-at-9.44.56-AM-150x150.jpeg\" class=\"attachment-125x125 size-125x125\" alt=\"GORRO JOCKEY POLICE\" srcset=\"https:\/\/bodegaoutdoor.cl\/store\/wp-content\/uploads\/2024\/12\/WhatsApp-Image-2024-05-16-at-9.44.56-AM-150x150.jpeg 150w, https:\/\/bodegaoutdoor.cl\/store\/wp-content\/uploads\/2024\/12\/WhatsApp-Image-2024-05-16-at-9.44.56-AM-300x300.jpeg 300w, https:\/\/bodegaoutdoor.cl\/store\/wp-content\/uploads\/2024\/12\/WhatsApp-Image-2024-05-16-at-9.44.56-AM-100x100.jpeg 100w\" sizes=\"(max-width: 125px) 100vw, 125px\" \/>                                        <\/a>\n                                                                        <div class=\"media-body align-self-center product-widget-content\">\n                                        <div class=\"xs-product-header media woocommerce xs-wishlist \">\n                                                                                                                                        \n                                                                                                                                                \n<div\n\tclass=\"yith-wcwl-add-to-wishlist add-to-wishlist-86229 yith-wcwl-add-to-wishlist--link-style wishlist-fragment on-first-load\"\n\tdata-fragment-ref=\"86229\"\n\tdata-fragment-options=\"{&quot;base_url&quot;:&quot;&quot;,&quot;product_id&quot;:86229,&quot;parent_product_id&quot;:0,&quot;product_type&quot;:&quot;simple&quot;,&quot;is_single&quot;:false,&quot;in_default_wishlist&quot;:false,&quot;show_view&quot;:false,&quot;browse_wishlist_text&quot;:&quot;Lista Deseos&quot;,&quot;already_in_wishslist_text&quot;:&quot;The producto esta Agregado!&quot;,&quot;product_added_text&quot;:&quot;Producto Agregado!&quot;,&quot;available_multi_wishlist&quot;:false,&quot;disable_wishlist&quot;:false,&quot;show_count&quot;:false,&quot;ajax_loading&quot;:false,&quot;loop_position&quot;:&quot;after_add_to_cart&quot;,&quot;item&quot;:&quot;add_to_wishlist&quot;}\"\n>\n\t\t\t\n\t\t\t<!-- ADD TO WISHLIST -->\n\t\t\t\n<div class=\"yith-wcwl-add-button\">\n\t\t<a\n\t\thref=\"?add_to_wishlist=86229&#038;_wpnonce=98056c7fc2\"\n\t\tclass=\"add_to_wishlist single_add_to_wishlist\"\n\t\tdata-product-id=\"86229\"\n\t\tdata-product-type=\"simple\"\n\t\tdata-original-product-id=\"0\"\n\t\tdata-title=\"Lista Deseos\"\n\t\trel=\"nofollow\"\n\t>\n\t\t<svg id=\"yith-wcwl-icon-heart-outline\" class=\"yith-wcwl-icon-svg\" fill=\"none\" stroke-width=\"1.5\" stroke=\"currentColor\" viewbox=\"0 0 24 24\" xmlns=\"http:\/\/www.w3.org\/2000\/svg\">\n  <path stroke-linecap=\"round\" stroke-linejoin=\"round\" d=\"M21 8.25c0-2.485-2.099-4.5-4.688-4.5-1.935 0-3.597 1.126-4.312 2.733-.715-1.607-2.377-2.733-4.313-2.733C5.1 3.75 3 5.765 3 8.25c0 7.22 9 12 9 12s9-4.78 9-12Z\"><\/path>\n<\/svg>\t\t<span>Lista Deseos<\/span>\n\t<\/a>\n<\/div>\n\n\t\t\t<!-- COUNT TEXT -->\n\t\t\t\n\t\t\t<\/div>\n                                                                                                                                    <\/div>\n                                        <a class=\"product-title\" href=\"https:\/\/bodegaoutdoor.cl\/store\/product\/gorro-police\/\">GORRO JOCKEY POLICE<\/a>\n                                        <span class=\"price\">\n                                            <del aria-hidden=\"true\"><span class=\"woocommerce-Price-amount amount\"><bdi><span class=\"woocommerce-Price-currencySymbol\" translate=\"no\">$<\/span>15,000<\/bdi><\/span><\/del> <span class=\"screen-reader-text\">El precio original era: $15,000.<\/span><ins aria-hidden=\"true\"><span class=\"woocommerce-Price-amount amount\"><bdi><span class=\"woocommerce-Price-currencySymbol\" translate=\"no\">$<\/span>9,990<\/bdi><\/span><\/ins><span class=\"screen-reader-text\">El precio actual es: $9,990.<\/span>                                        <\/span>\n                                    <\/div>\n                                <\/div>\n                                                                                                                                <div class=\"xs-product-widget media \">\n                                                                            <a class=\"xs_product_img_link\" href=\"https:\/\/bodegaoutdoor.cl\/store\/product\/telescopio-comet-501-10-30x50\/\">\n                                        <img loading=\"lazy\" decoding=\"async\" width=\"125\" height=\"125\" src=\"https:\/\/bodegaoutdoor.cl\/store\/wp-content\/uploads\/2024\/12\/103050-600x600.jpeg-150x150.webp\" class=\"attachment-125x125 size-125x125\" alt=\"TELESCOPIO comet 501 10-30X50\" srcset=\"https:\/\/bodegaoutdoor.cl\/store\/wp-content\/uploads\/2024\/12\/103050-600x600.jpeg-150x150.webp 150w, https:\/\/bodegaoutdoor.cl\/store\/wp-content\/uploads\/2024\/12\/103050-600x600.jpeg-300x300.webp 300w, https:\/\/bodegaoutdoor.cl\/store\/wp-content\/uploads\/2024\/12\/103050-600x600.jpeg-100x100.webp 100w, https:\/\/bodegaoutdoor.cl\/store\/wp-content\/uploads\/2024\/12\/103050-600x600.jpeg.webp 600w\" sizes=\"(max-width: 125px) 100vw, 125px\" \/>                                        <\/a>\n                                                                        <div class=\"media-body align-self-center product-widget-content\">\n                                        <div class=\"xs-product-header media woocommerce xs-wishlist \">\n                                                                                                                                        \n                                                                                                                                                \n<div\n\tclass=\"yith-wcwl-add-to-wishlist add-to-wishlist-86224 yith-wcwl-add-to-wishlist--link-style wishlist-fragment on-first-load\"\n\tdata-fragment-ref=\"86224\"\n\tdata-fragment-options=\"{&quot;base_url&quot;:&quot;&quot;,&quot;product_id&quot;:86224,&quot;parent_product_id&quot;:0,&quot;product_type&quot;:&quot;simple&quot;,&quot;is_single&quot;:false,&quot;in_default_wishlist&quot;:false,&quot;show_view&quot;:false,&quot;browse_wishlist_text&quot;:&quot;Lista Deseos&quot;,&quot;already_in_wishslist_text&quot;:&quot;The producto esta Agregado!&quot;,&quot;product_added_text&quot;:&quot;Producto Agregado!&quot;,&quot;available_multi_wishlist&quot;:false,&quot;disable_wishlist&quot;:false,&quot;show_count&quot;:false,&quot;ajax_loading&quot;:false,&quot;loop_position&quot;:&quot;after_add_to_cart&quot;,&quot;item&quot;:&quot;add_to_wishlist&quot;}\"\n>\n\t\t\t\n\t\t\t<!-- ADD TO WISHLIST -->\n\t\t\t\n<div class=\"yith-wcwl-add-button\">\n\t\t<a\n\t\thref=\"?add_to_wishlist=86224&#038;_wpnonce=98056c7fc2\"\n\t\tclass=\"add_to_wishlist single_add_to_wishlist\"\n\t\tdata-product-id=\"86224\"\n\t\tdata-product-type=\"simple\"\n\t\tdata-original-product-id=\"0\"\n\t\tdata-title=\"Lista Deseos\"\n\t\trel=\"nofollow\"\n\t>\n\t\t<svg id=\"yith-wcwl-icon-heart-outline\" class=\"yith-wcwl-icon-svg\" fill=\"none\" stroke-width=\"1.5\" stroke=\"currentColor\" viewbox=\"0 0 24 24\" xmlns=\"http:\/\/www.w3.org\/2000\/svg\">\n  <path stroke-linecap=\"round\" stroke-linejoin=\"round\" d=\"M21 8.25c0-2.485-2.099-4.5-4.688-4.5-1.935 0-3.597 1.126-4.312 2.733-.715-1.607-2.377-2.733-4.313-2.733C5.1 3.75 3 5.765 3 8.25c0 7.22 9 12 9 12s9-4.78 9-12Z\"><\/path>\n<\/svg>\t\t<span>Lista Deseos<\/span>\n\t<\/a>\n<\/div>\n\n\t\t\t<!-- COUNT TEXT -->\n\t\t\t\n\t\t\t<\/div>\n                                                                                                                                    <\/div>\n                                        <a class=\"product-title\" href=\"https:\/\/bodegaoutdoor.cl\/store\/product\/telescopio-comet-501-10-30x50\/\">TELESCOPIO comet 501 10-30X50<\/a>\n                                        <span class=\"price\">\n                                            <del aria-hidden=\"true\"><span class=\"woocommerce-Price-amount amount\"><bdi><span class=\"woocommerce-Price-currencySymbol\" translate=\"no\">$<\/span>150,000<\/bdi><\/span><\/del> <span class=\"screen-reader-text\">El precio original era: $150,000.<\/span><ins aria-hidden=\"true\"><span class=\"woocommerce-Price-amount amount\"><bdi><span class=\"woocommerce-Price-currencySymbol\" translate=\"no\">$<\/span>99,990<\/bdi><\/span><\/ins><span class=\"screen-reader-text\">El precio actual es: $99,990.<\/span>                                        <\/span>\n                                    <\/div>\n                                <\/div>\n                                                                                                                                <div class=\"xs-product-widget media \">\n                                                                            <a class=\"xs_product_img_link\" href=\"https:\/\/bodegaoutdoor.cl\/store\/product\/hacha-de-supervivencia-multifuncion-tactica-martillo-outdoor-mango-de-plasticorescate\/\">\n                                        <img loading=\"lazy\" decoding=\"async\" width=\"125\" height=\"125\" src=\"https:\/\/bodegaoutdoor.cl\/store\/wp-content\/uploads\/2024\/12\/hacha-bodega-outdoor-survivor-1-150x150.jpeg\" class=\"attachment-125x125 size-125x125\" alt=\"Hacha de supervivencia, multifunci\u00f3n t\u00e1ctica, martillo, outdoor, mango de pl\u00e1stico,rescate\" srcset=\"https:\/\/bodegaoutdoor.cl\/store\/wp-content\/uploads\/2024\/12\/hacha-bodega-outdoor-survivor-1-150x150.jpeg 150w, https:\/\/bodegaoutdoor.cl\/store\/wp-content\/uploads\/2024\/12\/hacha-bodega-outdoor-survivor-1-300x300.jpeg 300w, https:\/\/bodegaoutdoor.cl\/store\/wp-content\/uploads\/2024\/12\/hacha-bodega-outdoor-survivor-1-768x768.jpeg 768w, https:\/\/bodegaoutdoor.cl\/store\/wp-content\/uploads\/2024\/12\/hacha-bodega-outdoor-survivor-1-600x600.jpeg 600w, https:\/\/bodegaoutdoor.cl\/store\/wp-content\/uploads\/2024\/12\/hacha-bodega-outdoor-survivor-1-100x100.jpeg 100w, https:\/\/bodegaoutdoor.cl\/store\/wp-content\/uploads\/2024\/12\/hacha-bodega-outdoor-survivor-1.jpeg 1024w\" sizes=\"(max-width: 125px) 100vw, 125px\" \/>                                        <\/a>\n                                                                        <div class=\"media-body align-self-center product-widget-content\">\n                                        <div class=\"xs-product-header media woocommerce xs-wishlist \">\n                                                                                                                                        \n                                                                                                                                                \n<div\n\tclass=\"yith-wcwl-add-to-wishlist add-to-wishlist-86069 yith-wcwl-add-to-wishlist--link-style wishlist-fragment on-first-load\"\n\tdata-fragment-ref=\"86069\"\n\tdata-fragment-options=\"{&quot;base_url&quot;:&quot;&quot;,&quot;product_id&quot;:86069,&quot;parent_product_id&quot;:0,&quot;product_type&quot;:&quot;simple&quot;,&quot;is_single&quot;:false,&quot;in_default_wishlist&quot;:false,&quot;show_view&quot;:false,&quot;browse_wishlist_text&quot;:&quot;Lista Deseos&quot;,&quot;already_in_wishslist_text&quot;:&quot;The producto esta Agregado!&quot;,&quot;product_added_text&quot;:&quot;Producto Agregado!&quot;,&quot;available_multi_wishlist&quot;:false,&quot;disable_wishlist&quot;:false,&quot;show_count&quot;:false,&quot;ajax_loading&quot;:false,&quot;loop_position&quot;:&quot;after_add_to_cart&quot;,&quot;item&quot;:&quot;add_to_wishlist&quot;}\"\n>\n\t\t\t\n\t\t\t<!-- ADD TO WISHLIST -->\n\t\t\t\n<div class=\"yith-wcwl-add-button\">\n\t\t<a\n\t\thref=\"?add_to_wishlist=86069&#038;_wpnonce=98056c7fc2\"\n\t\tclass=\"add_to_wishlist single_add_to_wishlist\"\n\t\tdata-product-id=\"86069\"\n\t\tdata-product-type=\"simple\"\n\t\tdata-original-product-id=\"0\"\n\t\tdata-title=\"Lista Deseos\"\n\t\trel=\"nofollow\"\n\t>\n\t\t<svg id=\"yith-wcwl-icon-heart-outline\" class=\"yith-wcwl-icon-svg\" fill=\"none\" stroke-width=\"1.5\" stroke=\"currentColor\" viewbox=\"0 0 24 24\" xmlns=\"http:\/\/www.w3.org\/2000\/svg\">\n  <path stroke-linecap=\"round\" stroke-linejoin=\"round\" d=\"M21 8.25c0-2.485-2.099-4.5-4.688-4.5-1.935 0-3.597 1.126-4.312 2.733-.715-1.607-2.377-2.733-4.313-2.733C5.1 3.75 3 5.765 3 8.25c0 7.22 9 12 9 12s9-4.78 9-12Z\"><\/path>\n<\/svg>\t\t<span>Lista Deseos<\/span>\n\t<\/a>\n<\/div>\n\n\t\t\t<!-- COUNT TEXT -->\n\t\t\t\n\t\t\t<\/div>\n                                                                                                                                    <\/div>\n                                        <a class=\"product-title\" href=\"https:\/\/bodegaoutdoor.cl\/store\/product\/hacha-de-supervivencia-multifuncion-tactica-martillo-outdoor-mango-de-plasticorescate\/\">Hacha de supervivencia, multifunci\u00f3n t\u00e1ctica, martillo, outdoor, mango de pl\u00e1stico,rescate<\/a>\n                                        <span class=\"price\">\n                                            <del aria-hidden=\"true\"><span class=\"woocommerce-Price-amount amount\"><bdi><span class=\"woocommerce-Price-currencySymbol\" translate=\"no\">$<\/span>60,000<\/bdi><\/span><\/del> <span class=\"screen-reader-text\">El precio original era: $60,000.<\/span><ins aria-hidden=\"true\"><span class=\"woocommerce-Price-amount amount\"><bdi><span class=\"woocommerce-Price-currencySymbol\" translate=\"no\">$<\/span>29,990<\/bdi><\/span><\/ins><span class=\"screen-reader-text\">El precio actual es: $29,990.<\/span>                                        <\/span>\n                                    <\/div>\n                                <\/div>\n                                                                <\/div>\n                                                                                                                            <div class=\"xs-tab-slider-item swiper-slide\">\n                                                            <div class=\"xs-product-widget media \">\n                                                                            <a class=\"xs_product_img_link\" href=\"https:\/\/bodegaoutdoor.cl\/store\/product\/termo-1-litro-1000ml-de-doble-pared-al-vacio-liviano\/\">\n                                        <img loading=\"lazy\" decoding=\"async\" width=\"125\" height=\"125\" src=\"https:\/\/bodegaoutdoor.cl\/store\/wp-content\/uploads\/2024\/11\/Sin-titulo-150x150.png\" class=\"attachment-125x125 size-125x125\" alt=\"Termo 1 Litro \/ 1000ml, de doble pared al vac\u00edo Liviano\" srcset=\"https:\/\/bodegaoutdoor.cl\/store\/wp-content\/uploads\/2024\/11\/Sin-titulo-150x150.png 150w, https:\/\/bodegaoutdoor.cl\/store\/wp-content\/uploads\/2024\/11\/Sin-titulo-300x300.png 300w, https:\/\/bodegaoutdoor.cl\/store\/wp-content\/uploads\/2024\/11\/Sin-titulo-100x100.png 100w, https:\/\/bodegaoutdoor.cl\/store\/wp-content\/uploads\/2024\/11\/Sin-titulo-50x50.png 50w\" sizes=\"(max-width: 125px) 100vw, 125px\" \/>                                        <\/a>\n                                                                        <div class=\"media-body align-self-center product-widget-content\">\n                                        <div class=\"xs-product-header media woocommerce xs-wishlist \">\n                                                                                                                                        \n                                                                                                                                                \n<div\n\tclass=\"yith-wcwl-add-to-wishlist add-to-wishlist-85863 yith-wcwl-add-to-wishlist--link-style wishlist-fragment on-first-load\"\n\tdata-fragment-ref=\"85863\"\n\tdata-fragment-options=\"{&quot;base_url&quot;:&quot;&quot;,&quot;product_id&quot;:85863,&quot;parent_product_id&quot;:0,&quot;product_type&quot;:&quot;simple&quot;,&quot;is_single&quot;:false,&quot;in_default_wishlist&quot;:false,&quot;show_view&quot;:false,&quot;browse_wishlist_text&quot;:&quot;Lista Deseos&quot;,&quot;already_in_wishslist_text&quot;:&quot;The producto esta Agregado!&quot;,&quot;product_added_text&quot;:&quot;Producto Agregado!&quot;,&quot;available_multi_wishlist&quot;:false,&quot;disable_wishlist&quot;:false,&quot;show_count&quot;:false,&quot;ajax_loading&quot;:false,&quot;loop_position&quot;:&quot;after_add_to_cart&quot;,&quot;item&quot;:&quot;add_to_wishlist&quot;}\"\n>\n\t\t\t\n\t\t\t<!-- ADD TO WISHLIST -->\n\t\t\t\n<div class=\"yith-wcwl-add-button\">\n\t\t<a\n\t\thref=\"?add_to_wishlist=85863&#038;_wpnonce=98056c7fc2\"\n\t\tclass=\"add_to_wishlist single_add_to_wishlist\"\n\t\tdata-product-id=\"85863\"\n\t\tdata-product-type=\"simple\"\n\t\tdata-original-product-id=\"0\"\n\t\tdata-title=\"Lista Deseos\"\n\t\trel=\"nofollow\"\n\t>\n\t\t<svg id=\"yith-wcwl-icon-heart-outline\" class=\"yith-wcwl-icon-svg\" fill=\"none\" stroke-width=\"1.5\" stroke=\"currentColor\" viewbox=\"0 0 24 24\" xmlns=\"http:\/\/www.w3.org\/2000\/svg\">\n  <path stroke-linecap=\"round\" stroke-linejoin=\"round\" d=\"M21 8.25c0-2.485-2.099-4.5-4.688-4.5-1.935 0-3.597 1.126-4.312 2.733-.715-1.607-2.377-2.733-4.313-2.733C5.1 3.75 3 5.765 3 8.25c0 7.22 9 12 9 12s9-4.78 9-12Z\"><\/path>\n<\/svg>\t\t<span>Lista Deseos<\/span>\n\t<\/a>\n<\/div>\n\n\t\t\t<!-- COUNT TEXT -->\n\t\t\t\n\t\t\t<\/div>\n                                                                                                                                    <\/div>\n                                        <a class=\"product-title\" href=\"https:\/\/bodegaoutdoor.cl\/store\/product\/termo-1-litro-1000ml-de-doble-pared-al-vacio-liviano\/\">Termo 1 Litro \/ 1000ml, de doble pared al vac\u00edo Liviano<\/a>\n                                        <span class=\"price\">\n                                            <del aria-hidden=\"true\"><span class=\"woocommerce-Price-amount amount\"><bdi><span class=\"woocommerce-Price-currencySymbol\" translate=\"no\">$<\/span>19,990<\/bdi><\/span><\/del> <span class=\"screen-reader-text\">El precio original era: $19,990.<\/span><ins aria-hidden=\"true\"><span class=\"woocommerce-Price-amount amount\"><bdi><span class=\"woocommerce-Price-currencySymbol\" translate=\"no\">$<\/span>9,990<\/bdi><\/span><\/ins><span class=\"screen-reader-text\">El precio actual es: $9,990.<\/span>                                        <\/span>\n                                    <\/div>\n                                <\/div>\n                                                                                                                                <div class=\"xs-product-widget media \">\n                                                                            <a class=\"xs_product_img_link\" href=\"https:\/\/bodegaoutdoor.cl\/store\/product\/chaqueta-tactica-de-polar-con-capucha\/\">\n                                        <img loading=\"lazy\" decoding=\"async\" width=\"125\" height=\"125\" src=\"https:\/\/bodegaoutdoor.cl\/store\/wp-content\/uploads\/2024\/07\/polar-tactico-2-150x150.png\" class=\"attachment-125x125 size-125x125\" alt=\"Chaqueta Tactica De Polar Con Capucha\" srcset=\"https:\/\/bodegaoutdoor.cl\/store\/wp-content\/uploads\/2024\/07\/polar-tactico-2-150x150.png 150w, https:\/\/bodegaoutdoor.cl\/store\/wp-content\/uploads\/2024\/07\/polar-tactico-2-300x300.png 300w, https:\/\/bodegaoutdoor.cl\/store\/wp-content\/uploads\/2024\/07\/polar-tactico-2-100x100.png 100w, https:\/\/bodegaoutdoor.cl\/store\/wp-content\/uploads\/2024\/07\/polar-tactico-2-50x50.png 50w\" sizes=\"(max-width: 125px) 100vw, 125px\" \/>                                        <\/a>\n                                                                        <div class=\"media-body align-self-center product-widget-content\">\n                                        <div class=\"xs-product-header media woocommerce xs-wishlist \">\n                                                                                                                                        \n                                                                                                                                                \n<div\n\tclass=\"yith-wcwl-add-to-wishlist add-to-wishlist-85121 yith-wcwl-add-to-wishlist--link-style wishlist-fragment on-first-load\"\n\tdata-fragment-ref=\"85121\"\n\tdata-fragment-options=\"{&quot;base_url&quot;:&quot;&quot;,&quot;product_id&quot;:85121,&quot;parent_product_id&quot;:0,&quot;product_type&quot;:&quot;variable&quot;,&quot;is_single&quot;:false,&quot;in_default_wishlist&quot;:false,&quot;show_view&quot;:false,&quot;browse_wishlist_text&quot;:&quot;Lista Deseos&quot;,&quot;already_in_wishslist_text&quot;:&quot;The producto esta Agregado!&quot;,&quot;product_added_text&quot;:&quot;Producto Agregado!&quot;,&quot;available_multi_wishlist&quot;:false,&quot;disable_wishlist&quot;:false,&quot;show_count&quot;:false,&quot;ajax_loading&quot;:false,&quot;loop_position&quot;:&quot;after_add_to_cart&quot;,&quot;item&quot;:&quot;add_to_wishlist&quot;}\"\n>\n\t\t\t\n\t\t\t<!-- ADD TO WISHLIST -->\n\t\t\t\n<div class=\"yith-wcwl-add-button\">\n\t\t<a\n\t\thref=\"?add_to_wishlist=85121&#038;_wpnonce=98056c7fc2\"\n\t\tclass=\"add_to_wishlist single_add_to_wishlist\"\n\t\tdata-product-id=\"85121\"\n\t\tdata-product-type=\"variable\"\n\t\tdata-original-product-id=\"0\"\n\t\tdata-title=\"Lista Deseos\"\n\t\trel=\"nofollow\"\n\t>\n\t\t<svg id=\"yith-wcwl-icon-heart-outline\" class=\"yith-wcwl-icon-svg\" fill=\"none\" stroke-width=\"1.5\" stroke=\"currentColor\" viewbox=\"0 0 24 24\" xmlns=\"http:\/\/www.w3.org\/2000\/svg\">\n  <path stroke-linecap=\"round\" stroke-linejoin=\"round\" d=\"M21 8.25c0-2.485-2.099-4.5-4.688-4.5-1.935 0-3.597 1.126-4.312 2.733-.715-1.607-2.377-2.733-4.313-2.733C5.1 3.75 3 5.765 3 8.25c0 7.22 9 12 9 12s9-4.78 9-12Z\"><\/path>\n<\/svg>\t\t<span>Lista Deseos<\/span>\n\t<\/a>\n<\/div>\n\n\t\t\t<!-- COUNT TEXT -->\n\t\t\t\n\t\t\t<\/div>\n                                                                                                                                    <\/div>\n                                        <a class=\"product-title\" href=\"https:\/\/bodegaoutdoor.cl\/store\/product\/chaqueta-tactica-de-polar-con-capucha\/\">Chaqueta Tactica De Polar Con Capucha<\/a>\n                                        <span class=\"price\">\n                                            <del aria-hidden=\"true\"><span class=\"woocommerce-Price-amount amount\"><bdi><span class=\"woocommerce-Price-currencySymbol\" translate=\"no\">$<\/span>99,990<\/bdi><\/span><\/del> <span class=\"screen-reader-text\">El precio original era: $99,990.<\/span><ins aria-hidden=\"true\"><span class=\"woocommerce-Price-amount amount\"><bdi><span class=\"woocommerce-Price-currencySymbol\" translate=\"no\">$<\/span>59,990<\/bdi><\/span><\/ins><span class=\"screen-reader-text\">El precio actual es: $59,990.<\/span>                                        <\/span>\n                                    <\/div>\n                                <\/div>\n                                                                                                                                <div class=\"xs-product-widget media \">\n                                                                            <a class=\"xs_product_img_link\" href=\"https:\/\/bodegaoutdoor.cl\/store\/product\/poston-800-balines-metalicos-bbs-calibre-4-5mm-para-pistola\/\">\n                                        <img loading=\"lazy\" decoding=\"async\" width=\"125\" height=\"125\" src=\"https:\/\/bodegaoutdoor.cl\/store\/wp-content\/uploads\/2024\/03\/39ba0a91-2955-48c8-865f-e91e06e6403a-150x150.jpg\" class=\"attachment-125x125 size-125x125\" alt=\"Poston 800 Balines Metalicos Bbs Calibre 4.5mm Para Pistola\" srcset=\"https:\/\/bodegaoutdoor.cl\/store\/wp-content\/uploads\/2024\/03\/39ba0a91-2955-48c8-865f-e91e06e6403a-150x150.jpg 150w, https:\/\/bodegaoutdoor.cl\/store\/wp-content\/uploads\/2024\/03\/39ba0a91-2955-48c8-865f-e91e06e6403a-300x300.jpg 300w, https:\/\/bodegaoutdoor.cl\/store\/wp-content\/uploads\/2024\/03\/39ba0a91-2955-48c8-865f-e91e06e6403a-100x100.jpg 100w, https:\/\/bodegaoutdoor.cl\/store\/wp-content\/uploads\/2024\/03\/39ba0a91-2955-48c8-865f-e91e06e6403a-50x50.jpg 50w\" sizes=\"(max-width: 125px) 100vw, 125px\" \/>                                        <\/a>\n                                                                        <div class=\"media-body align-self-center product-widget-content\">\n                                        <div class=\"xs-product-header media woocommerce xs-wishlist \">\n                                                                                                                                        \n                                                                                                                                                \n<div\n\tclass=\"yith-wcwl-add-to-wishlist add-to-wishlist-82479 yith-wcwl-add-to-wishlist--link-style wishlist-fragment on-first-load\"\n\tdata-fragment-ref=\"82479\"\n\tdata-fragment-options=\"{&quot;base_url&quot;:&quot;&quot;,&quot;product_id&quot;:82479,&quot;parent_product_id&quot;:0,&quot;product_type&quot;:&quot;simple&quot;,&quot;is_single&quot;:false,&quot;in_default_wishlist&quot;:false,&quot;show_view&quot;:false,&quot;browse_wishlist_text&quot;:&quot;Lista Deseos&quot;,&quot;already_in_wishslist_text&quot;:&quot;The producto esta Agregado!&quot;,&quot;product_added_text&quot;:&quot;Producto Agregado!&quot;,&quot;available_multi_wishlist&quot;:false,&quot;disable_wishlist&quot;:false,&quot;show_count&quot;:false,&quot;ajax_loading&quot;:false,&quot;loop_position&quot;:&quot;after_add_to_cart&quot;,&quot;item&quot;:&quot;add_to_wishlist&quot;}\"\n>\n\t\t\t\n\t\t\t<!-- ADD TO WISHLIST -->\n\t\t\t\n<div class=\"yith-wcwl-add-button\">\n\t\t<a\n\t\thref=\"?add_to_wishlist=82479&#038;_wpnonce=98056c7fc2\"\n\t\tclass=\"add_to_wishlist single_add_to_wishlist\"\n\t\tdata-product-id=\"82479\"\n\t\tdata-product-type=\"simple\"\n\t\tdata-original-product-id=\"0\"\n\t\tdata-title=\"Lista Deseos\"\n\t\trel=\"nofollow\"\n\t>\n\t\t<svg id=\"yith-wcwl-icon-heart-outline\" class=\"yith-wcwl-icon-svg\" fill=\"none\" stroke-width=\"1.5\" stroke=\"currentColor\" viewbox=\"0 0 24 24\" xmlns=\"http:\/\/www.w3.org\/2000\/svg\">\n  <path stroke-linecap=\"round\" stroke-linejoin=\"round\" d=\"M21 8.25c0-2.485-2.099-4.5-4.688-4.5-1.935 0-3.597 1.126-4.312 2.733-.715-1.607-2.377-2.733-4.313-2.733C5.1 3.75 3 5.765 3 8.25c0 7.22 9 12 9 12s9-4.78 9-12Z\"><\/path>\n<\/svg>\t\t<span>Lista Deseos<\/span>\n\t<\/a>\n<\/div>\n\n\t\t\t<!-- COUNT TEXT -->\n\t\t\t\n\t\t\t<\/div>\n                                                                                                                                    <\/div>\n                                        <a class=\"product-title\" href=\"https:\/\/bodegaoutdoor.cl\/store\/product\/poston-800-balines-metalicos-bbs-calibre-4-5mm-para-pistola\/\">Poston 800 Balines Metalicos Bbs Calibre 4.5mm Para Pistola<\/a>\n                                        <span class=\"price\">\n                                            <del aria-hidden=\"true\"><span class=\"woocommerce-Price-amount amount\"><bdi><span class=\"woocommerce-Price-currencySymbol\" translate=\"no\">$<\/span>8,000<\/bdi><\/span><\/del> <span class=\"screen-reader-text\">El precio original era: $8,000.<\/span><ins aria-hidden=\"true\"><span class=\"woocommerce-Price-amount amount\"><bdi><span class=\"woocommerce-Price-currencySymbol\" translate=\"no\">$<\/span>6,000<\/bdi><\/span><\/ins><span class=\"screen-reader-text\">El precio actual es: $6,000.<\/span>                                        <\/span>\n                                    <\/div>\n                                <\/div>\n                                                                <\/div>\n                                                                                                                            <div class=\"xs-tab-slider-item swiper-slide\">\n                                                            <div class=\"xs-product-widget media \">\n                                                                            <a class=\"xs_product_img_link\" href=\"https:\/\/bodegaoutdoor.cl\/store\/product\/bolsa-de-balines-trazadores-luminosos-para-airsoft-0-25g\/\">\n                                        <img loading=\"lazy\" decoding=\"async\" width=\"125\" height=\"125\" src=\"https:\/\/bodegaoutdoor.cl\/store\/wp-content\/uploads\/2024\/03\/5878c152-cb03-438b-812d-d1c70d5d8557-150x150.jpg\" class=\"attachment-125x125 size-125x125\" alt=\"Bolsa De Balines Trazadores Luminosos Para Airsoft 0.25g\" srcset=\"https:\/\/bodegaoutdoor.cl\/store\/wp-content\/uploads\/2024\/03\/5878c152-cb03-438b-812d-d1c70d5d8557-150x150.jpg 150w, https:\/\/bodegaoutdoor.cl\/store\/wp-content\/uploads\/2024\/03\/5878c152-cb03-438b-812d-d1c70d5d8557-300x300.jpg 300w, https:\/\/bodegaoutdoor.cl\/store\/wp-content\/uploads\/2024\/03\/5878c152-cb03-438b-812d-d1c70d5d8557-100x100.jpg 100w, https:\/\/bodegaoutdoor.cl\/store\/wp-content\/uploads\/2024\/03\/5878c152-cb03-438b-812d-d1c70d5d8557-50x50.jpg 50w\" sizes=\"(max-width: 125px) 100vw, 125px\" \/>                                        <\/a>\n                                                                        <div class=\"media-body align-self-center product-widget-content\">\n                                        <div class=\"xs-product-header media woocommerce xs-wishlist \">\n                                                                                                                                        \n                                                                                                                                                \n<div\n\tclass=\"yith-wcwl-add-to-wishlist add-to-wishlist-82473 yith-wcwl-add-to-wishlist--link-style wishlist-fragment on-first-load\"\n\tdata-fragment-ref=\"82473\"\n\tdata-fragment-options=\"{&quot;base_url&quot;:&quot;&quot;,&quot;product_id&quot;:82473,&quot;parent_product_id&quot;:0,&quot;product_type&quot;:&quot;simple&quot;,&quot;is_single&quot;:false,&quot;in_default_wishlist&quot;:false,&quot;show_view&quot;:false,&quot;browse_wishlist_text&quot;:&quot;Lista Deseos&quot;,&quot;already_in_wishslist_text&quot;:&quot;The producto esta Agregado!&quot;,&quot;product_added_text&quot;:&quot;Producto Agregado!&quot;,&quot;available_multi_wishlist&quot;:false,&quot;disable_wishlist&quot;:false,&quot;show_count&quot;:false,&quot;ajax_loading&quot;:false,&quot;loop_position&quot;:&quot;after_add_to_cart&quot;,&quot;item&quot;:&quot;add_to_wishlist&quot;}\"\n>\n\t\t\t\n\t\t\t<!-- ADD TO WISHLIST -->\n\t\t\t\n<div class=\"yith-wcwl-add-button\">\n\t\t<a\n\t\thref=\"?add_to_wishlist=82473&#038;_wpnonce=98056c7fc2\"\n\t\tclass=\"add_to_wishlist single_add_to_wishlist\"\n\t\tdata-product-id=\"82473\"\n\t\tdata-product-type=\"simple\"\n\t\tdata-original-product-id=\"0\"\n\t\tdata-title=\"Lista Deseos\"\n\t\trel=\"nofollow\"\n\t>\n\t\t<svg id=\"yith-wcwl-icon-heart-outline\" class=\"yith-wcwl-icon-svg\" fill=\"none\" stroke-width=\"1.5\" stroke=\"currentColor\" viewbox=\"0 0 24 24\" xmlns=\"http:\/\/www.w3.org\/2000\/svg\">\n  <path stroke-linecap=\"round\" stroke-linejoin=\"round\" d=\"M21 8.25c0-2.485-2.099-4.5-4.688-4.5-1.935 0-3.597 1.126-4.312 2.733-.715-1.607-2.377-2.733-4.313-2.733C5.1 3.75 3 5.765 3 8.25c0 7.22 9 12 9 12s9-4.78 9-12Z\"><\/path>\n<\/svg>\t\t<span>Lista Deseos<\/span>\n\t<\/a>\n<\/div>\n\n\t\t\t<!-- COUNT TEXT -->\n\t\t\t\n\t\t\t<\/div>\n                                                                                                                                    <\/div>\n                                        <a class=\"product-title\" href=\"https:\/\/bodegaoutdoor.cl\/store\/product\/bolsa-de-balines-trazadores-luminosos-para-airsoft-0-25g\/\">Bolsa De Balines Trazadores Luminosos Para Airsoft 0.25g<\/a>\n                                        <span class=\"price\">\n                                            <del aria-hidden=\"true\"><span class=\"woocommerce-Price-amount amount\"><bdi><span class=\"woocommerce-Price-currencySymbol\" translate=\"no\">$<\/span>15,000<\/bdi><\/span><\/del> <span class=\"screen-reader-text\">El precio original era: $15,000.<\/span><ins aria-hidden=\"true\"><span class=\"woocommerce-Price-amount amount\"><bdi><span class=\"woocommerce-Price-currencySymbol\" translate=\"no\">$<\/span>12,500<\/bdi><\/span><\/ins><span class=\"screen-reader-text\">El precio actual es: $12,500.<\/span>                                        <\/span>\n                                    <\/div>\n                                <\/div>\n                                                                                                                                <div class=\"xs-product-widget media \">\n                                                                            <a class=\"xs_product_img_link\" href=\"https:\/\/bodegaoutdoor.cl\/store\/product\/silla-plegable-de-camping-grande\/\">\n                                        <img loading=\"lazy\" decoding=\"async\" width=\"125\" height=\"125\" src=\"https:\/\/bodegaoutdoor.cl\/store\/wp-content\/uploads\/2024\/03\/30-87-b-600x525-1-150x150.png\" class=\"attachment-125x125 size-125x125\" alt=\"Silla Plegable De Camping Grande\" srcset=\"https:\/\/bodegaoutdoor.cl\/store\/wp-content\/uploads\/2024\/03\/30-87-b-600x525-1-150x150.png 150w, https:\/\/bodegaoutdoor.cl\/store\/wp-content\/uploads\/2024\/03\/30-87-b-600x525-1-300x300.png 300w, https:\/\/bodegaoutdoor.cl\/store\/wp-content\/uploads\/2024\/03\/30-87-b-600x525-1-100x100.png 100w, https:\/\/bodegaoutdoor.cl\/store\/wp-content\/uploads\/2024\/03\/30-87-b-600x525-1-50x50.png 50w\" sizes=\"(max-width: 125px) 100vw, 125px\" \/>                                        <\/a>\n                                                                        <div class=\"media-body align-self-center product-widget-content\">\n                                        <div class=\"xs-product-header media woocommerce xs-wishlist \">\n                                                                                                                                        \n                                                                                                                                                \n<div\n\tclass=\"yith-wcwl-add-to-wishlist add-to-wishlist-82461 yith-wcwl-add-to-wishlist--link-style wishlist-fragment on-first-load\"\n\tdata-fragment-ref=\"82461\"\n\tdata-fragment-options=\"{&quot;base_url&quot;:&quot;&quot;,&quot;product_id&quot;:82461,&quot;parent_product_id&quot;:0,&quot;product_type&quot;:&quot;simple&quot;,&quot;is_single&quot;:false,&quot;in_default_wishlist&quot;:false,&quot;show_view&quot;:false,&quot;browse_wishlist_text&quot;:&quot;Lista Deseos&quot;,&quot;already_in_wishslist_text&quot;:&quot;The producto esta Agregado!&quot;,&quot;product_added_text&quot;:&quot;Producto Agregado!&quot;,&quot;available_multi_wishlist&quot;:false,&quot;disable_wishlist&quot;:false,&quot;show_count&quot;:false,&quot;ajax_loading&quot;:false,&quot;loop_position&quot;:&quot;after_add_to_cart&quot;,&quot;item&quot;:&quot;add_to_wishlist&quot;}\"\n>\n\t\t\t\n\t\t\t<!-- ADD TO WISHLIST -->\n\t\t\t\n<div class=\"yith-wcwl-add-button\">\n\t\t<a\n\t\thref=\"?add_to_wishlist=82461&#038;_wpnonce=98056c7fc2\"\n\t\tclass=\"add_to_wishlist single_add_to_wishlist\"\n\t\tdata-product-id=\"82461\"\n\t\tdata-product-type=\"simple\"\n\t\tdata-original-product-id=\"0\"\n\t\tdata-title=\"Lista Deseos\"\n\t\trel=\"nofollow\"\n\t>\n\t\t<svg id=\"yith-wcwl-icon-heart-outline\" class=\"yith-wcwl-icon-svg\" fill=\"none\" stroke-width=\"1.5\" stroke=\"currentColor\" viewbox=\"0 0 24 24\" xmlns=\"http:\/\/www.w3.org\/2000\/svg\">\n  <path stroke-linecap=\"round\" stroke-linejoin=\"round\" d=\"M21 8.25c0-2.485-2.099-4.5-4.688-4.5-1.935 0-3.597 1.126-4.312 2.733-.715-1.607-2.377-2.733-4.313-2.733C5.1 3.75 3 5.765 3 8.25c0 7.22 9 12 9 12s9-4.78 9-12Z\"><\/path>\n<\/svg>\t\t<span>Lista Deseos<\/span>\n\t<\/a>\n<\/div>\n\n\t\t\t<!-- COUNT TEXT -->\n\t\t\t\n\t\t\t<\/div>\n                                                                                                                                    <\/div>\n                                        <a class=\"product-title\" href=\"https:\/\/bodegaoutdoor.cl\/store\/product\/silla-plegable-de-camping-grande\/\">Silla Plegable De Camping Grande<\/a>\n                                        <span class=\"price\">\n                                            <del aria-hidden=\"true\"><span class=\"woocommerce-Price-amount amount\"><bdi><span class=\"woocommerce-Price-currencySymbol\" translate=\"no\">$<\/span>19,990<\/bdi><\/span><\/del> <span class=\"screen-reader-text\">El precio original era: $19,990.<\/span><ins aria-hidden=\"true\"><span class=\"woocommerce-Price-amount amount\"><bdi><span class=\"woocommerce-Price-currencySymbol\" translate=\"no\">$<\/span>14,990<\/bdi><\/span><\/ins><span class=\"screen-reader-text\">El precio actual es: $14,990.<\/span>                                        <\/span>\n                                    <\/div>\n                                <\/div>\n                                                                                                                                <div class=\"xs-product-widget media \">\n                                                                            <a class=\"xs_product_img_link\" href=\"https:\/\/bodegaoutdoor.cl\/store\/product\/cunas-de-camping-plegables-al-aire-libre-para-adultos-cama-ligera-y-duradera-para-dormir-portatil-y-resistente-con-bolsa-de-transporte\/\">\n                                        <img loading=\"lazy\" decoding=\"async\" width=\"125\" height=\"125\" src=\"https:\/\/bodegaoutdoor.cl\/store\/wp-content\/uploads\/2023\/12\/81073-fkh1or-150x150.jpg\" class=\"attachment-125x125 size-125x125\" alt=\"cama de Camping plegable ligera y duradera para dormir, port\u00e1til\" srcset=\"https:\/\/bodegaoutdoor.cl\/store\/wp-content\/uploads\/2023\/12\/81073-fkh1or-150x150.jpg 150w, https:\/\/bodegaoutdoor.cl\/store\/wp-content\/uploads\/2023\/12\/81073-fkh1or-300x300.jpg 300w, https:\/\/bodegaoutdoor.cl\/store\/wp-content\/uploads\/2023\/12\/81073-fkh1or-600x600.jpg 600w, https:\/\/bodegaoutdoor.cl\/store\/wp-content\/uploads\/2023\/12\/81073-fkh1or-100x100.jpg 100w, https:\/\/bodegaoutdoor.cl\/store\/wp-content\/uploads\/2023\/12\/81073-fkh1or-50x50.jpg 50w, https:\/\/bodegaoutdoor.cl\/store\/wp-content\/uploads\/2023\/12\/81073-fkh1or.jpg 750w\" sizes=\"(max-width: 125px) 100vw, 125px\" \/>                                        <\/a>\n                                                                        <div class=\"media-body align-self-center product-widget-content\">\n                                        <div class=\"xs-product-header media woocommerce xs-wishlist \">\n                                                                                                                                        \n                                                                                                                                                \n<div\n\tclass=\"yith-wcwl-add-to-wishlist add-to-wishlist-81073 yith-wcwl-add-to-wishlist--link-style wishlist-fragment on-first-load\"\n\tdata-fragment-ref=\"81073\"\n\tdata-fragment-options=\"{&quot;base_url&quot;:&quot;&quot;,&quot;product_id&quot;:81073,&quot;parent_product_id&quot;:0,&quot;product_type&quot;:&quot;simple&quot;,&quot;is_single&quot;:false,&quot;in_default_wishlist&quot;:false,&quot;show_view&quot;:false,&quot;browse_wishlist_text&quot;:&quot;Lista Deseos&quot;,&quot;already_in_wishslist_text&quot;:&quot;The producto esta Agregado!&quot;,&quot;product_added_text&quot;:&quot;Producto Agregado!&quot;,&quot;available_multi_wishlist&quot;:false,&quot;disable_wishlist&quot;:false,&quot;show_count&quot;:false,&quot;ajax_loading&quot;:false,&quot;loop_position&quot;:&quot;after_add_to_cart&quot;,&quot;item&quot;:&quot;add_to_wishlist&quot;}\"\n>\n\t\t\t\n\t\t\t<!-- ADD TO WISHLIST -->\n\t\t\t\n<div class=\"yith-wcwl-add-button\">\n\t\t<a\n\t\thref=\"?add_to_wishlist=81073&#038;_wpnonce=98056c7fc2\"\n\t\tclass=\"add_to_wishlist single_add_to_wishlist\"\n\t\tdata-product-id=\"81073\"\n\t\tdata-product-type=\"simple\"\n\t\tdata-original-product-id=\"0\"\n\t\tdata-title=\"Lista Deseos\"\n\t\trel=\"nofollow\"\n\t>\n\t\t<svg id=\"yith-wcwl-icon-heart-outline\" class=\"yith-wcwl-icon-svg\" fill=\"none\" stroke-width=\"1.5\" stroke=\"currentColor\" viewbox=\"0 0 24 24\" xmlns=\"http:\/\/www.w3.org\/2000\/svg\">\n  <path stroke-linecap=\"round\" stroke-linejoin=\"round\" d=\"M21 8.25c0-2.485-2.099-4.5-4.688-4.5-1.935 0-3.597 1.126-4.312 2.733-.715-1.607-2.377-2.733-4.313-2.733C5.1 3.75 3 5.765 3 8.25c0 7.22 9 12 9 12s9-4.78 9-12Z\"><\/path>\n<\/svg>\t\t<span>Lista Deseos<\/span>\n\t<\/a>\n<\/div>\n\n\t\t\t<!-- COUNT TEXT -->\n\t\t\t\n\t\t\t<\/div>\n                                                                                                                                    <\/div>\n                                        <a class=\"product-title\" href=\"https:\/\/bodegaoutdoor.cl\/store\/product\/cunas-de-camping-plegables-al-aire-libre-para-adultos-cama-ligera-y-duradera-para-dormir-portatil-y-resistente-con-bolsa-de-transporte\/\">cama de Camping plegable ligera y duradera para dormir, port\u00e1til<\/a>\n                                        <span class=\"price\">\n                                            <del aria-hidden=\"true\"><span class=\"woocommerce-Price-amount amount\"><bdi><span class=\"woocommerce-Price-currencySymbol\" translate=\"no\">$<\/span>99,990<\/bdi><\/span><\/del> <span class=\"screen-reader-text\">El precio original era: $99,990.<\/span><ins aria-hidden=\"true\"><span class=\"woocommerce-Price-amount amount\"><bdi><span class=\"woocommerce-Price-currencySymbol\" translate=\"no\">$<\/span>49,990<\/bdi><\/span><\/ins><span class=\"screen-reader-text\">El precio actual es: $49,990.<\/span>                                        <\/span>\n                                    <\/div>\n                                <\/div>\n                                                                <\/div>\n                                                                                <\/div>\n                    <div class=\"swiper-pagination\"><\/div>\n                <\/div>\n            <\/div>\n            <\/div>\t\t\t\t<\/div>\n\t\t\t\t<\/div>\n\t\t\t\t\t<\/div>\n\t\t<\/div>\n\t\t\t\t\t<\/div>\n\t\t<\/section>\n\t\t\t\t<section class=\"elementor-section elementor-top-section elementor-element elementor-element-6a229fbc elementor-section-boxed elementor-section-height-default elementor-section-height-default\" data-id=\"6a229fbc\" data-element_type=\"section\" data-e-type=\"section\" data-settings=\"{&quot;background_background&quot;:&quot;classic&quot;}\">\n\t\t\t\t\t\t<div class=\"elementor-container elementor-column-gap-default\">\n\t\t\t\t\t<div class=\"elementor-column elementor-col-100 elementor-top-column elementor-element elementor-element-1ba9fd92\" data-id=\"1ba9fd92\" data-element_type=\"column\" data-e-type=\"column\">\n\t\t\t<div class=\"elementor-widget-wrap elementor-element-populated\">\n\t\t\t\t\t\t<section class=\"elementor-section elementor-inner-section elementor-element elementor-element-53a3ce2 elementor-section-boxed elementor-section-height-default elementor-section-height-default\" data-id=\"53a3ce2\" data-element_type=\"section\" data-e-type=\"section\">\n\t\t\t\t\t\t<div class=\"elementor-container elementor-column-gap-default\">\n\t\t\t\t\t<div class=\"elementor-column elementor-col-50 elementor-inner-column elementor-element elementor-element-7e0df8c\" data-id=\"7e0df8c\" data-element_type=\"column\" data-e-type=\"column\">\n\t\t\t<div class=\"elementor-widget-wrap elementor-element-populated\">\n\t\t\t\t\t\t<div class=\"elementor-element elementor-element-2da3275 elementor-widget elementor-widget-xs-heading\" data-id=\"2da3275\" data-element_type=\"widget\" data-e-type=\"widget\" data-widget_type=\"xs-heading.default\">\n\t\t\t\t<div class=\"elementor-widget-container\">\n\t\t\t\t\t<h3 class=\"xs-heading-title\">Marketplace NewsView All Articles<\/h3>\n\t\t\t\t<\/div>\n\t\t\t\t<\/div>\n\t\t\t\t\t<\/div>\n\t\t<\/div>\n\t\t\t\t<div class=\"elementor-column elementor-col-50 elementor-inner-column elementor-element elementor-element-6ce1898\" data-id=\"6ce1898\" data-element_type=\"column\" data-e-type=\"column\">\n\t\t\t<div class=\"elementor-widget-wrap elementor-element-populated\">\n\t\t\t\t\t\t<div class=\"elementor-element elementor-element-dacc585 elementor-align-right elementor-widget elementor-widget-button\" data-id=\"dacc585\" data-element_type=\"widget\" data-e-type=\"widget\" data-widget_type=\"button.default\">\n\t\t\t\t<div class=\"elementor-widget-container\">\n\t\t\t\t\t\t\t\t\t<div class=\"elementor-button-wrapper\">\n\t\t\t\t\t<a class=\"elementor-button elementor-button-link elementor-size-sm\" href=\"\/marketplace\/blog\/\">\n\t\t\t\t\t\t<span class=\"elementor-button-content-wrapper\">\n\t\t\t\t\t\t\t\t\t<span class=\"elementor-button-text\">View All Ariticles<\/span>\n\t\t\t\t\t<\/span>\n\t\t\t\t\t<\/a>\n\t\t\t\t<\/div>\n\t\t\t\t\t\t\t\t<\/div>\n\t\t\t\t<\/div>\n\t\t\t\t\t<\/div>\n\t\t<\/div>\n\t\t\t\t\t<\/div>\n\t\t<\/section>\n\t\t\t\t<div class=\"elementor-element elementor-element-eeb805d elementor-widget elementor-widget-xs-blog\" data-id=\"eeb805d\" data-element_type=\"widget\" data-e-type=\"widget\" data-widget_type=\"xs-blog.default\">\n\t\t\t\t<div class=\"elementor-widget-container\">\n\t\t\t\t\t              <div class=\"row xs-blog-grid\">\n                <div class=\"col-md-6 col-lg-4\">\n    <div class=\"xs-single-news\">\n                <div class=\"xs-news-content\">\n            <div class=\"entry-header\">\n                <a href=\"https:\/\/bodegaoutdoor.cl\/store\/category\/uncategorized\/\" rel=\"category tag\">Uncategorized<\/a>                <h4 class=\"entry-title xs-blog-title\">\n                    <a href=\"https:\/\/bodegaoutdoor.cl\/store\/como-equipar-a-tu-club-o-equipo-outdoor-guia-de-compra-grupal\/\" class=\"entry-title xs-post-title color-navy-blue marketo-post-title\">C\u00f3mo equipar a tu club o equipo outdoor: gu\u00eda de compra grupal<\/a>\n                <\/h4>\n            <\/div>\n            <div class=\"post-meta\">\n                <span class=\"comments-link\"><i class=\"xsicon xsicon-comment-alt\"><\/i> <a href=\"https:\/\/bodegaoutdoor.cl\/store\/como-equipar-a-tu-club-o-equipo-outdoor-guia-de-compra-grupal\/#respond\">0<\/a><\/span>                <span class=\"post-time\"><i class=\"xsicon xsicon-clock\"><\/i>Septiembre 4, 2026<\/span>\n            <\/div>\n        <\/div>\n    <\/div>\n<\/div><div class=\"col-md-6 col-lg-4\">\n    <div class=\"xs-single-news\">\n                <div class=\"xs-news-content\">\n            <div class=\"entry-header\">\n                <a href=\"https:\/\/bodegaoutdoor.cl\/store\/category\/uncategorized\/\" rel=\"category tag\">Uncategorized<\/a>                <h4 class=\"entry-title xs-blog-title\">\n                    <a href=\"https:\/\/bodegaoutdoor.cl\/store\/guia-para-revendedores-de-equipamiento-outdoor-y-tactico\/\" class=\"entry-title xs-post-title color-navy-blue marketo-post-title\">Gu\u00eda para revendedores de equipamiento outdoor y t\u00e1ctico<\/a>\n                <\/h4>\n            <\/div>\n            <div class=\"post-meta\">\n                <span class=\"comments-link\"><i class=\"xsicon xsicon-comment-alt\"><\/i> <a href=\"https:\/\/bodegaoutdoor.cl\/store\/guia-para-revendedores-de-equipamiento-outdoor-y-tactico\/#respond\">0<\/a><\/span>                <span class=\"post-time\"><i class=\"xsicon xsicon-clock\"><\/i>Septiembre 4, 2026<\/span>\n            <\/div>\n        <\/div>\n    <\/div>\n<\/div><div class=\"col-md-6 col-lg-4\">\n    <div class=\"xs-single-news\">\n                <div class=\"xs-news-content\">\n            <div class=\"entry-header\">\n                <a href=\"https:\/\/bodegaoutdoor.cl\/store\/category\/uncategorized\/\" rel=\"category tag\">Uncategorized<\/a>                <h4 class=\"entry-title xs-blog-title\">\n                    <a href=\"https:\/\/bodegaoutdoor.cl\/store\/como-comprar-equipamiento-outdoor-al-por-mayor-en-chile\/\" class=\"entry-title xs-post-title color-navy-blue marketo-post-title\">C\u00f3mo comprar equipamiento outdoor al por mayor en Chile<\/a>\n                <\/h4>\n            <\/div>\n            <div class=\"post-meta\">\n                <span class=\"comments-link\"><i class=\"xsicon xsicon-comment-alt\"><\/i> <a href=\"https:\/\/bodegaoutdoor.cl\/store\/como-comprar-equipamiento-outdoor-al-por-mayor-en-chile\/#respond\">0<\/a><\/span>                <span class=\"post-time\"><i class=\"xsicon xsicon-clock\"><\/i>Septiembre 4, 2026<\/span>\n            <\/div>\n        <\/div>\n    <\/div>\n<\/div>              <\/div>\n            \t\t\t\t<\/div>\n\t\t\t\t<\/div>\n\t\t\t\t\t<\/div>\n\t\t<\/div>\n\t\t\t\t\t<\/div>\n\t\t<\/section>\n\t\t\t\t<section class=\"elementor-section elementor-top-section elementor-element elementor-element-3561474e elementor-section-boxed elementor-section-height-default elementor-section-height-default\" data-id=\"3561474e\" data-element_type=\"section\" data-e-type=\"section\">\n\t\t\t\t\t\t<div class=\"elementor-container elementor-column-gap-default\">\n\t\t\t\t\t<div class=\"elementor-column elementor-col-50 elementor-top-column elementor-element elementor-element-71ca0e31\" data-id=\"71ca0e31\" data-element_type=\"column\" data-e-type=\"column\">\n\t\t\t<div class=\"elementor-widget-wrap elementor-element-populated\">\n\t\t\t\t\t\t<div class=\"elementor-element elementor-element-5674a18a elementor-widget elementor-widget-xs-woo-tab\" data-id=\"5674a18a\" data-element_type=\"widget\" data-e-type=\"widget\" data-widget_type=\"xs-woo-tab.default\">\n\t\t\t\t<div class=\"elementor-widget-container\">\n\t\t\t\t\t<div class=\"xs-content-header content-header-v2\">\n                    <ul class=\"nav nav-tabs xs-nav-tab version-3\">\n                                    <li class=\"nav-item\">\n                <a class=\"nav-link active\"  data-toggle=\"tab\" href=\"#xs-tabs-33007-0\">Featured Products<\/a>\n                <div class=\"customNavigation xs-custom-nav\">\n                    <div class=\"tab-button-prev swiper-prev-5674a18a\">\n                        <i class=\"xsicon xsicon-angle-left\"><\/i>\n                    <\/div>\n                    <div class=\"tab-button-next swiper-next-5674a18a\">\n                        <i class=\"xsicon xsicon-angle-right\"><\/i>\n                    <\/div>\n                <\/div>\n            <\/li>\n                                    <li class=\"nav-item\">\n                <a class=\"nav-link \"  data-toggle=\"tab\" href=\"#xs-tabs-33007-1\">Trending Products<\/a>\n                <div class=\"customNavigation xs-custom-nav\">\n                    <div class=\"tab-button-prev swiper-prev-5674a18a\">\n                        <i class=\"xsicon xsicon-angle-left\"><\/i>\n                    <\/div>\n                    <div class=\"tab-button-next swiper-next-5674a18a\">\n                        <i class=\"xsicon xsicon-angle-right\"><\/i>\n                    <\/div>\n                <\/div>\n            <\/li>\n                                    <li class=\"nav-item\">\n                <a class=\"nav-link \"  data-toggle=\"tab\" href=\"#xs-tabs-33007-2\">Hot Sale<\/a>\n                <div class=\"customNavigation xs-custom-nav\">\n                    <div class=\"tab-button-prev swiper-prev-5674a18a\">\n                        <i class=\"xsicon xsicon-angle-left\"><\/i>\n                    <\/div>\n                    <div class=\"tab-button-next swiper-next-5674a18a\">\n                        <i class=\"xsicon xsicon-angle-right\"><\/i>\n                    <\/div>\n                <\/div>\n            <\/li>\n                    <\/ul>\n        <div class=\"clearfix\"><\/div>\n<\/div>\n<div class=\"tab-content\">\n                                    <div class=\"tab-pane fade show active\" id=\"xs-tabs-33007-0\">\n                <div data-controls=\"{&quot;widget_id&quot;:&quot;5674a18a&quot;}\" class=\"xs-product-slider-11 swiper\" {&quot;widget_id&quot;:&quot;5674a18a&quot;}>                    <div class=\"swiper-wrapper\">\n                                            <\/div>\n                <\/div>\n            <\/div>\n                                <div class=\"tab-pane fade \" id=\"xs-tabs-33007-1\">\n                <div data-controls=\"{&quot;widget_id&quot;:&quot;5674a18a&quot;}\" class=\"xs-product-slider-11 swiper\" {&quot;widget_id&quot;:&quot;5674a18a&quot;}>                    <div class=\"swiper-wrapper\">\n                                                                                                    <div class=\"xs-product-slider-item swiper-slide\">\n                                    \n                                        <div class=\"xs-product-widget media version-2\">\n                                                                                        <a class=\"xs_product_img_link\" href=\"https:\/\/bodegaoutdoor.cl\/store\/product\/cinturon-corrector-postura-espalda-ajustable-clavicula-columna-vertebral-correccion-postura-lumbar\/\">\n                                            <img loading=\"lazy\" decoding=\"async\" width=\"71\" height=\"70\" src=\"https:\/\/bodegaoutdoor.cl\/store\/wp-content\/uploads\/2020\/12\/22093-eq17cf-100x100.jpg\" class=\"d-flex\" alt=\"Cintur\u00f3n Corrector postura espalda ajustable clav\u00edcula columna vertebral correcci\u00f3n postura Lumbar\" srcset=\"https:\/\/bodegaoutdoor.cl\/store\/wp-content\/uploads\/2020\/12\/22093-eq17cf-100x100.jpg 100w, https:\/\/bodegaoutdoor.cl\/store\/wp-content\/uploads\/2020\/12\/22093-eq17cf-300x300.jpg 300w, https:\/\/bodegaoutdoor.cl\/store\/wp-content\/uploads\/2020\/12\/22093-eq17cf-600x600.jpg 600w, https:\/\/bodegaoutdoor.cl\/store\/wp-content\/uploads\/2020\/12\/22093-eq17cf-150x150.jpg 150w, https:\/\/bodegaoutdoor.cl\/store\/wp-content\/uploads\/2020\/12\/22093-eq17cf-768x768.jpg 768w, https:\/\/bodegaoutdoor.cl\/store\/wp-content\/uploads\/2020\/12\/22093-eq17cf.jpg 800w\" sizes=\"(max-width: 71px) 100vw, 71px\" \/>                                            <\/a>\n                                                                                            <div class=\"media-body align-self-center product-widget-content\">\n                                                <a class=\"product-title small\" href=\"https:\/\/bodegaoutdoor.cl\/store\/product\/cinturon-corrector-postura-espalda-ajustable-clavicula-columna-vertebral-correccion-postura-lumbar\/\">Cintur\u00f3n Corrector postura espalda ajustable clav\u00edcula columna vertebral correcci\u00f3n postura Lumbar<\/a>\n                                                <span class=\"price small\">\n                                                <del aria-hidden=\"true\"><span class=\"woocommerce-Price-amount amount\"><bdi><span class=\"woocommerce-Price-currencySymbol\" translate=\"no\">$<\/span>29,990<\/bdi><\/span><\/del> <span class=\"screen-reader-text\">El precio original era: $29,990.<\/span><ins aria-hidden=\"true\"><span class=\"woocommerce-Price-amount amount\"><bdi><span class=\"woocommerce-Price-currencySymbol\" translate=\"no\">$<\/span>17,990<\/bdi><\/span><\/ins><span class=\"screen-reader-text\">El precio actual es: $17,990.<\/span>                                            <\/span>\n                                            <\/div>\n                                        <\/div>\n\n                                                                                                        \n                                        <div class=\"xs-product-widget media version-2\">\n                                                                                        <a class=\"xs_product_img_link\" href=\"https:\/\/bodegaoutdoor.cl\/store\/product\/lentes-polarizados-vintage-driving-travel-fishing-classic-outdoor\/\">\n                                            <img loading=\"lazy\" decoding=\"async\" width=\"71\" height=\"70\" src=\"https:\/\/bodegaoutdoor.cl\/store\/wp-content\/uploads\/2021\/02\/29480-17w8xd-100x100.jpg\" class=\"d-flex\" alt=\"Lentes Polarizados Vintage Driving Travel Fishing Classic Outdoor\" srcset=\"https:\/\/bodegaoutdoor.cl\/store\/wp-content\/uploads\/2021\/02\/29480-17w8xd-100x100.jpg 100w, https:\/\/bodegaoutdoor.cl\/store\/wp-content\/uploads\/2021\/02\/29480-17w8xd-300x300.jpg 300w, https:\/\/bodegaoutdoor.cl\/store\/wp-content\/uploads\/2021\/02\/29480-17w8xd-600x600.jpg 600w, https:\/\/bodegaoutdoor.cl\/store\/wp-content\/uploads\/2021\/02\/29480-17w8xd-150x150.jpg 150w, https:\/\/bodegaoutdoor.cl\/store\/wp-content\/uploads\/2021\/02\/29480-17w8xd-768x768.jpg 768w, https:\/\/bodegaoutdoor.cl\/store\/wp-content\/uploads\/2021\/02\/29480-17w8xd.jpg 800w\" sizes=\"(max-width: 71px) 100vw, 71px\" \/>                                            <\/a>\n                                                                                            <div class=\"media-body align-self-center product-widget-content\">\n                                                <a class=\"product-title small\" href=\"https:\/\/bodegaoutdoor.cl\/store\/product\/lentes-polarizados-vintage-driving-travel-fishing-classic-outdoor\/\">Lentes Polarizados Vintage Driving Travel Fishing Classic Outdoor<\/a>\n                                                <span class=\"price small\">\n                                                <del aria-hidden=\"true\"><span class=\"woocommerce-Price-amount amount\"><bdi><span class=\"woocommerce-Price-currencySymbol\" translate=\"no\">$<\/span>14,990<\/bdi><\/span><\/del> <span class=\"screen-reader-text\">El precio original era: $14,990.<\/span><ins aria-hidden=\"true\"><span class=\"woocommerce-Price-amount amount\"><bdi><span class=\"woocommerce-Price-currencySymbol\" translate=\"no\">$<\/span>11,990<\/bdi><\/span><\/ins><span class=\"screen-reader-text\">El precio actual es: $11,990.<\/span>                                            <\/span>\n                                            <\/div>\n                                        <\/div>\n\n                                                                                                        \n                                        <div class=\"xs-product-widget media version-2\">\n                                                                                        <a class=\"xs_product_img_link\" href=\"https:\/\/bodegaoutdoor.cl\/store\/product\/lemfo-reloj-inteligente-iwo-14-pro-hw67-reloj-inteligente-hombre-llamada-bluetooth-nfc-imagen-de-la-esfera-personalizada-presion-arterial-frecuencia-cardiaca-reloj-inteligente-mujer-smartwatch-soporte\/\">\n                                            <img loading=\"lazy\" decoding=\"async\" width=\"71\" height=\"70\" src=\"https:\/\/bodegaoutdoor.cl\/store\/wp-content\/uploads\/2022\/06\/58305-5tjyqv-100x100.jpg\" class=\"d-flex\" alt=\"Lemfo-reloj inteligente Iwo 14 Pro HW67 reloj inteligente hombre Llamada Bluetooth NFC Imagen de la esfera personalizada Presi\u00f3n arterial Frecuencia card\u00edaca reloj inteligente mujer smartwatch Soporte para  Android Ios\" srcset=\"https:\/\/bodegaoutdoor.cl\/store\/wp-content\/uploads\/2022\/06\/58305-5tjyqv-100x100.jpg 100w, https:\/\/bodegaoutdoor.cl\/store\/wp-content\/uploads\/2022\/06\/58305-5tjyqv-300x300.jpg 300w, https:\/\/bodegaoutdoor.cl\/store\/wp-content\/uploads\/2022\/06\/58305-5tjyqv-600x600.jpg 600w, https:\/\/bodegaoutdoor.cl\/store\/wp-content\/uploads\/2022\/06\/58305-5tjyqv-150x150.jpg 150w, https:\/\/bodegaoutdoor.cl\/store\/wp-content\/uploads\/2022\/06\/58305-5tjyqv-768x768.jpg 768w, https:\/\/bodegaoutdoor.cl\/store\/wp-content\/uploads\/2022\/06\/58305-5tjyqv.jpg 1200w\" sizes=\"(max-width: 71px) 100vw, 71px\" \/>                                            <\/a>\n                                                                                            <div class=\"media-body align-self-center product-widget-content\">\n                                                <a class=\"product-title small\" href=\"https:\/\/bodegaoutdoor.cl\/store\/product\/lemfo-reloj-inteligente-iwo-14-pro-hw67-reloj-inteligente-hombre-llamada-bluetooth-nfc-imagen-de-la-esfera-personalizada-presion-arterial-frecuencia-cardiaca-reloj-inteligente-mujer-smartwatch-soporte\/\">Lemfo-reloj inteligente Iwo 14 Pro HW67 reloj inteligente hombre Llamada Bluetooth NFC Imagen de la esfera personalizada Presi\u00f3n arterial Frecuencia card\u00edaca reloj inteligente mujer smartwatch Soporte para  Android Ios<\/a>\n                                                <span class=\"price small\">\n                                                <span class=\"woocommerce-Price-amount amount\"><bdi><span class=\"woocommerce-Price-currencySymbol\" translate=\"no\">$<\/span>49,990<\/bdi><\/span>                                            <\/span>\n                                            <\/div>\n                                        <\/div>\n\n                                                                            <\/div><!-- .xs-product-slider-item -->\n                                                                                                                                                <div class=\"xs-product-slider-item swiper-slide\">\n                                    \n                                        <div class=\"xs-product-widget media version-2\">\n                                                                                        <a class=\"xs_product_img_link\" href=\"https:\/\/bodegaoutdoor.cl\/store\/product\/gafas-para-ciclismo-para-motocicletas-lentes-para-correr-deportes-de-pesca-ciclismo\/\">\n                                            <img loading=\"lazy\" decoding=\"async\" width=\"71\" height=\"70\" src=\"https:\/\/bodegaoutdoor.cl\/store\/wp-content\/uploads\/2020\/11\/20963-o6ob61-100x100.jpg\" class=\"d-flex\" alt=\"Gafas para ciclismo para motocicletas, Lentes para correr, deportes de pesca, ciclismo\" srcset=\"https:\/\/bodegaoutdoor.cl\/store\/wp-content\/uploads\/2020\/11\/20963-o6ob61-100x100.jpg 100w, https:\/\/bodegaoutdoor.cl\/store\/wp-content\/uploads\/2020\/11\/20963-o6ob61-300x300.jpg 300w, https:\/\/bodegaoutdoor.cl\/store\/wp-content\/uploads\/2020\/11\/20963-o6ob61-600x600.jpg 600w, https:\/\/bodegaoutdoor.cl\/store\/wp-content\/uploads\/2020\/11\/20963-o6ob61-150x150.jpg 150w, https:\/\/bodegaoutdoor.cl\/store\/wp-content\/uploads\/2020\/11\/20963-o6ob61-768x768.jpg 768w, https:\/\/bodegaoutdoor.cl\/store\/wp-content\/uploads\/2020\/11\/20963-o6ob61.jpg 800w\" sizes=\"(max-width: 71px) 100vw, 71px\" \/>                                            <\/a>\n                                                                                            <div class=\"media-body align-self-center product-widget-content\">\n                                                <a class=\"product-title small\" href=\"https:\/\/bodegaoutdoor.cl\/store\/product\/gafas-para-ciclismo-para-motocicletas-lentes-para-correr-deportes-de-pesca-ciclismo\/\">Gafas para ciclismo para motocicletas, Lentes para correr, deportes de pesca, ciclismo<\/a>\n                                                <span class=\"price small\">\n                                                <span class=\"woocommerce-Price-amount amount\" aria-hidden=\"true\"><bdi><span class=\"woocommerce-Price-currencySymbol\" translate=\"no\">$<\/span>34,990<\/bdi><\/span> <span aria-hidden=\"true\">-<\/span> <span class=\"woocommerce-Price-amount amount\" aria-hidden=\"true\"><bdi><span class=\"woocommerce-Price-currencySymbol\" translate=\"no\">$<\/span>39,990<\/bdi><\/span><span class=\"screen-reader-text\">Rango de precios: desde $34,990 hasta $39,990<\/span>                                            <\/span>\n                                            <\/div>\n                                        <\/div>\n\n                                                                                                        \n                                        <div class=\"xs-product-widget media version-2\">\n                                                                                        <a class=\"xs_product_img_link\" href=\"https:\/\/bodegaoutdoor.cl\/store\/product\/calcetines-deportivos-profesionales-para-hombre-y-mujer-medias-transpirables-para-escalada-senderismo-caminar-y-correr\/\">\n                                            <img loading=\"lazy\" decoding=\"async\" width=\"71\" height=\"70\" src=\"https:\/\/bodegaoutdoor.cl\/store\/wp-content\/uploads\/2021\/09\/47822-rivyk2-100x100.jpg\" class=\"d-flex\" alt=\"Calcetines deportivos profesionales para hombre y mujer, medias transpirables para escalada, senderismo deportes\" srcset=\"https:\/\/bodegaoutdoor.cl\/store\/wp-content\/uploads\/2021\/09\/47822-rivyk2-100x100.jpg 100w, https:\/\/bodegaoutdoor.cl\/store\/wp-content\/uploads\/2021\/09\/47822-rivyk2-300x300.jpg 300w, https:\/\/bodegaoutdoor.cl\/store\/wp-content\/uploads\/2021\/09\/47822-rivyk2-600x600.jpg 600w, https:\/\/bodegaoutdoor.cl\/store\/wp-content\/uploads\/2021\/09\/47822-rivyk2-150x150.jpg 150w, https:\/\/bodegaoutdoor.cl\/store\/wp-content\/uploads\/2021\/09\/47822-rivyk2-768x768.jpg 768w, https:\/\/bodegaoutdoor.cl\/store\/wp-content\/uploads\/2021\/09\/47822-rivyk2.jpg 800w\" sizes=\"(max-width: 71px) 100vw, 71px\" \/>                                            <\/a>\n                                                                                            <div class=\"media-body align-self-center product-widget-content\">\n                                                <a class=\"product-title small\" href=\"https:\/\/bodegaoutdoor.cl\/store\/product\/calcetines-deportivos-profesionales-para-hombre-y-mujer-medias-transpirables-para-escalada-senderismo-caminar-y-correr\/\">Calcetines deportivos profesionales para hombre y mujer, medias transpirables para escalada, senderismo deportes<\/a>\n                                                <span class=\"price small\">\n                                                <del aria-hidden=\"true\"><span class=\"woocommerce-Price-amount amount\"><bdi><span class=\"woocommerce-Price-currencySymbol\" translate=\"no\">$<\/span>19,990<\/bdi><\/span><\/del> <span class=\"screen-reader-text\">El precio original era: $19,990.<\/span><ins aria-hidden=\"true\"><span class=\"woocommerce-Price-amount amount\"><bdi><span class=\"woocommerce-Price-currencySymbol\" translate=\"no\">$<\/span>9,990<\/bdi><\/span><\/ins><span class=\"screen-reader-text\">El precio actual es: $9,990.<\/span>                                            <\/span>\n                                            <\/div>\n                                        <\/div>\n\n                                                                                                        \n                                        <div class=\"xs-product-widget media version-2\">\n                                                                                        <a class=\"xs_product_img_link\" href=\"https:\/\/bodegaoutdoor.cl\/store\/product\/gafas-de-sol-polarizadas-aoron-para-hombre-y-mujer-gafas-de-sol-clasicas-con-espejo-para-conducir-al-aire-libre-para-hombre-gafas-con-armazon-de-metal-uv400\/\">\n                                            <img loading=\"lazy\" decoding=\"async\" width=\"71\" height=\"70\" src=\"https:\/\/bodegaoutdoor.cl\/store\/wp-content\/uploads\/2020\/08\/9844-hi20fd-100x100.jpg\" class=\"d-flex\" alt=\"Gafas de sol polarizadas Aoron para unisex, outdoor con armaz\u00f3n de Metal UV400\" srcset=\"https:\/\/bodegaoutdoor.cl\/store\/wp-content\/uploads\/2020\/08\/9844-hi20fd-100x100.jpg 100w, https:\/\/bodegaoutdoor.cl\/store\/wp-content\/uploads\/2020\/08\/9844-hi20fd-300x300.jpg 300w, https:\/\/bodegaoutdoor.cl\/store\/wp-content\/uploads\/2020\/08\/9844-hi20fd-600x600.jpg 600w, https:\/\/bodegaoutdoor.cl\/store\/wp-content\/uploads\/2020\/08\/9844-hi20fd-150x150.jpg 150w, https:\/\/bodegaoutdoor.cl\/store\/wp-content\/uploads\/2020\/08\/9844-hi20fd-768x768.jpg 768w, https:\/\/bodegaoutdoor.cl\/store\/wp-content\/uploads\/2020\/08\/9844-hi20fd.jpg 800w\" sizes=\"(max-width: 71px) 100vw, 71px\" \/>                                            <\/a>\n                                                                                            <div class=\"media-body align-self-center product-widget-content\">\n                                                <a class=\"product-title small\" href=\"https:\/\/bodegaoutdoor.cl\/store\/product\/gafas-de-sol-polarizadas-aoron-para-hombre-y-mujer-gafas-de-sol-clasicas-con-espejo-para-conducir-al-aire-libre-para-hombre-gafas-con-armazon-de-metal-uv400\/\">Gafas de sol polarizadas Aoron para unisex, outdoor con armaz\u00f3n de Metal UV400<\/a>\n                                                <span class=\"price small\">\n                                                <del aria-hidden=\"true\"><span class=\"woocommerce-Price-amount amount\"><bdi><span class=\"woocommerce-Price-currencySymbol\" translate=\"no\">$<\/span>24,990<\/bdi><\/span><\/del> <span class=\"screen-reader-text\">El precio original era: $24,990.<\/span><ins aria-hidden=\"true\"><span class=\"woocommerce-Price-amount amount\"><bdi><span class=\"woocommerce-Price-currencySymbol\" translate=\"no\">$<\/span>19,990<\/bdi><\/span><\/ins><span class=\"screen-reader-text\">El precio actual es: $19,990.<\/span>                                            <\/span>\n                                            <\/div>\n                                        <\/div>\n\n                                                                            <\/div><!-- .xs-product-slider-item -->\n                                                                                                                                                <div class=\"xs-product-slider-item swiper-slide\">\n                                    \n                                        <div class=\"xs-product-widget media version-2\">\n                                                                                        <a class=\"xs_product_img_link\" href=\"https:\/\/bodegaoutdoor.cl\/store\/product\/mrerdith-senuelo-iscas-de-senuelos-pesca-jerk-minnow-100f-14g-wobbler-flotante-24-colores-cebo-duro-calidad-profesional-depth0-8-10m-isca-artificial-frete-gratis-black-minnow\/\">\n                                            <img loading=\"lazy\" decoding=\"async\" width=\"71\" height=\"70\" src=\"https:\/\/bodegaoutdoor.cl\/store\/wp-content\/uploads\/2022\/01\/52490-zcljgq-100x100.jpg\" class=\"d-flex\" alt=\"MRERDITH-se\u00f1uelo iscas de se\u00f1uelos pesca JERK MINNOW 100F 14g, Wobbler flotante, 24 colores, cebo duro, calidad profesional Depth0.8-1,0m isca artificial frete gratis black minnow\" srcset=\"https:\/\/bodegaoutdoor.cl\/store\/wp-content\/uploads\/2022\/01\/52490-zcljgq-100x100.jpg 100w, https:\/\/bodegaoutdoor.cl\/store\/wp-content\/uploads\/2022\/01\/52490-zcljgq-300x300.jpg 300w, https:\/\/bodegaoutdoor.cl\/store\/wp-content\/uploads\/2022\/01\/52490-zcljgq-600x600.jpg 600w, https:\/\/bodegaoutdoor.cl\/store\/wp-content\/uploads\/2022\/01\/52490-zcljgq-150x150.jpg 150w, https:\/\/bodegaoutdoor.cl\/store\/wp-content\/uploads\/2022\/01\/52490-zcljgq-768x768.jpg 768w, https:\/\/bodegaoutdoor.cl\/store\/wp-content\/uploads\/2022\/01\/52490-zcljgq.jpg 800w\" sizes=\"(max-width: 71px) 100vw, 71px\" \/>                                            <\/a>\n                                                                                            <div class=\"media-body align-self-center product-widget-content\">\n                                                <a class=\"product-title small\" href=\"https:\/\/bodegaoutdoor.cl\/store\/product\/mrerdith-senuelo-iscas-de-senuelos-pesca-jerk-minnow-100f-14g-wobbler-flotante-24-colores-cebo-duro-calidad-profesional-depth0-8-10m-isca-artificial-frete-gratis-black-minnow\/\">MRERDITH-se\u00f1uelo iscas de se\u00f1uelos pesca JERK MINNOW 100F 14g, Wobbler flotante, 24 colores, cebo duro, calidad profesional Depth0.8-1,0m isca artificial frete gratis black minnow<\/a>\n                                                <span class=\"price small\">\n                                                <span class=\"woocommerce-Price-amount amount\"><bdi><span class=\"woocommerce-Price-currencySymbol\" translate=\"no\">$<\/span>5,990<\/bdi><\/span>                                            <\/span>\n                                            <\/div>\n                                        <\/div>\n\n                                                                                                        \n                                        <div class=\"xs-product-widget media version-2\">\n                                                                                        <a class=\"xs_product_img_link\" href=\"https:\/\/bodegaoutdoor.cl\/store\/product\/strava-conjuntos-de-camisetas-y-pantalones-cortos-de-ciclismo-color-rojo-verde-fluorescente-maillot-de-ciclismo\/\">\n                                            <img loading=\"lazy\" decoding=\"async\" width=\"71\" height=\"70\" src=\"https:\/\/bodegaoutdoor.cl\/store\/wp-content\/uploads\/2021\/09\/48062-xcf2js-100x100.jpg\" class=\"d-flex\" alt=\"STRAVA-Conjunto de camisetas y pantalones cortos de ciclismo, color rojo, verde fluorescente, maillot de ciclismo\" srcset=\"https:\/\/bodegaoutdoor.cl\/store\/wp-content\/uploads\/2021\/09\/48062-xcf2js-100x100.jpg 100w, https:\/\/bodegaoutdoor.cl\/store\/wp-content\/uploads\/2021\/09\/48062-xcf2js-300x300.jpg 300w, https:\/\/bodegaoutdoor.cl\/store\/wp-content\/uploads\/2021\/09\/48062-xcf2js-600x600.jpg 600w, https:\/\/bodegaoutdoor.cl\/store\/wp-content\/uploads\/2021\/09\/48062-xcf2js-150x150.jpg 150w, https:\/\/bodegaoutdoor.cl\/store\/wp-content\/uploads\/2021\/09\/48062-xcf2js-768x768.jpg 768w, https:\/\/bodegaoutdoor.cl\/store\/wp-content\/uploads\/2021\/09\/48062-xcf2js.jpg 900w\" sizes=\"(max-width: 71px) 100vw, 71px\" \/>                                            <\/a>\n                                                                                            <div class=\"media-body align-self-center product-widget-content\">\n                                                <a class=\"product-title small\" href=\"https:\/\/bodegaoutdoor.cl\/store\/product\/strava-conjuntos-de-camisetas-y-pantalones-cortos-de-ciclismo-color-rojo-verde-fluorescente-maillot-de-ciclismo\/\">STRAVA-Conjunto de camisetas y pantalones cortos de ciclismo, color rojo, verde fluorescente, maillot de ciclismo<\/a>\n                                                <span class=\"price small\">\n                                                <span class=\"woocommerce-Price-amount amount\" aria-hidden=\"true\"><bdi><span class=\"woocommerce-Price-currencySymbol\" translate=\"no\">$<\/span>24,990<\/bdi><\/span> <span aria-hidden=\"true\">-<\/span> <span class=\"woocommerce-Price-amount amount\" aria-hidden=\"true\"><bdi><span class=\"woocommerce-Price-currencySymbol\" translate=\"no\">$<\/span>39,990<\/bdi><\/span><span class=\"screen-reader-text\">Rango de precios: desde $24,990 hasta $39,990<\/span>                                            <\/span>\n                                            <\/div>\n                                        <\/div>\n\n                                                                                                        \n                                        <div class=\"xs-product-widget media version-2\">\n                                                                                        <a class=\"xs_product_img_link\" href=\"https:\/\/bodegaoutdoor.cl\/store\/product\/pasamontanas-de-camuflaje-completa-depores-ciclismo-bufanda\/\">\n                                            <img loading=\"lazy\" decoding=\"async\" width=\"71\" height=\"70\" src=\"https:\/\/bodegaoutdoor.cl\/store\/wp-content\/uploads\/2020\/12\/22448-aaufkm-100x100.jpg\" class=\"d-flex\" alt=\"Pasamonta\u00f1as de camuflaje completa, depores, ciclismo,  bufanda\" srcset=\"https:\/\/bodegaoutdoor.cl\/store\/wp-content\/uploads\/2020\/12\/22448-aaufkm-100x100.jpg 100w, https:\/\/bodegaoutdoor.cl\/store\/wp-content\/uploads\/2020\/12\/22448-aaufkm-300x300.jpg 300w, https:\/\/bodegaoutdoor.cl\/store\/wp-content\/uploads\/2020\/12\/22448-aaufkm-600x600.jpg 600w, https:\/\/bodegaoutdoor.cl\/store\/wp-content\/uploads\/2020\/12\/22448-aaufkm-150x150.jpg 150w, https:\/\/bodegaoutdoor.cl\/store\/wp-content\/uploads\/2020\/12\/22448-aaufkm-768x768.jpg 768w, https:\/\/bodegaoutdoor.cl\/store\/wp-content\/uploads\/2020\/12\/22448-aaufkm.jpg 1200w\" sizes=\"(max-width: 71px) 100vw, 71px\" \/>                                            <\/a>\n                                                                                            <div class=\"media-body align-self-center product-widget-content\">\n                                                <a class=\"product-title small\" href=\"https:\/\/bodegaoutdoor.cl\/store\/product\/pasamontanas-de-camuflaje-completa-depores-ciclismo-bufanda\/\">Pasamonta\u00f1as de camuflaje completa, depores, ciclismo,  bufanda<\/a>\n                                                <span class=\"price small\">\n                                                <del aria-hidden=\"true\"><span class=\"woocommerce-Price-amount amount\"><bdi><span class=\"woocommerce-Price-currencySymbol\" translate=\"no\">$<\/span>11,990<\/bdi><\/span><\/del> <span class=\"screen-reader-text\">El precio original era: $11,990.<\/span><ins aria-hidden=\"true\"><span class=\"woocommerce-Price-amount amount\"><bdi><span class=\"woocommerce-Price-currencySymbol\" translate=\"no\">$<\/span>9,990<\/bdi><\/span><\/ins><span class=\"screen-reader-text\">El precio actual es: $9,990.<\/span>                                            <\/span>\n                                            <\/div>\n                                        <\/div>\n\n                                                                            <\/div><!-- .xs-product-slider-item -->\n                                                                                                                                                <div class=\"xs-product-slider-item swiper-slide\">\n                                    \n                                        <div class=\"xs-product-widget media version-2\">\n                                                                                        <a class=\"xs_product_img_link\" href=\"https:\/\/bodegaoutdoor.cl\/store\/product\/shimano-gafas-de-sol-para-hombre-y-mujer-lentes-de-sol-para-ciclismo-al-aire-libre-pesca-conduccion-viajes-se-pueden-equipar-con-estuches-para-gafas\/\">\n                                            <img loading=\"lazy\" decoding=\"async\" width=\"71\" height=\"70\" src=\"https:\/\/bodegaoutdoor.cl\/store\/wp-content\/uploads\/2023\/04\/70209-amjgrq-100x100.jpg\" class=\"d-flex\" alt=\"Shimano-Gafas hombre y mujer, lentes de sol para ciclismo Outdoor, pesca, conducci\u00f3n, viajes\" srcset=\"https:\/\/bodegaoutdoor.cl\/store\/wp-content\/uploads\/2023\/04\/70209-amjgrq-100x100.jpg 100w, https:\/\/bodegaoutdoor.cl\/store\/wp-content\/uploads\/2023\/04\/70209-amjgrq-300x300.jpg 300w, https:\/\/bodegaoutdoor.cl\/store\/wp-content\/uploads\/2023\/04\/70209-amjgrq-600x600.jpg 600w, https:\/\/bodegaoutdoor.cl\/store\/wp-content\/uploads\/2023\/04\/70209-amjgrq-150x150.jpg 150w, https:\/\/bodegaoutdoor.cl\/store\/wp-content\/uploads\/2023\/04\/70209-amjgrq-768x768.jpg 768w, https:\/\/bodegaoutdoor.cl\/store\/wp-content\/uploads\/2023\/04\/70209-amjgrq-350x350.jpg 350w, https:\/\/bodegaoutdoor.cl\/store\/wp-content\/uploads\/2023\/04\/70209-amjgrq.jpg 800w\" sizes=\"(max-width: 71px) 100vw, 71px\" \/>                                            <\/a>\n                                                                                            <div class=\"media-body align-self-center product-widget-content\">\n                                                <a class=\"product-title small\" href=\"https:\/\/bodegaoutdoor.cl\/store\/product\/shimano-gafas-de-sol-para-hombre-y-mujer-lentes-de-sol-para-ciclismo-al-aire-libre-pesca-conduccion-viajes-se-pueden-equipar-con-estuches-para-gafas\/\">Shimano-Gafas hombre y mujer, lentes de sol para ciclismo Outdoor, pesca, conducci\u00f3n, viajes<\/a>\n                                                <span class=\"price small\">\n                                                <del aria-hidden=\"true\"><span class=\"woocommerce-Price-amount amount\"><bdi><span class=\"woocommerce-Price-currencySymbol\" translate=\"no\">$<\/span>39,990<\/bdi><\/span><\/del> <span class=\"screen-reader-text\">El precio original era: $39,990.<\/span><ins aria-hidden=\"true\"><span class=\"woocommerce-Price-amount amount\"><bdi><span class=\"woocommerce-Price-currencySymbol\" translate=\"no\">$<\/span>29,990<\/bdi><\/span><\/ins><span class=\"screen-reader-text\">El precio actual es: $29,990.<\/span>                                            <\/span>\n                                            <\/div>\n                                        <\/div>\n\n                                                                                                        \n                                        <div class=\"xs-product-widget media version-2\">\n                                                                                        <a class=\"xs_product_img_link\" href=\"https:\/\/bodegaoutdoor.cl\/store\/product\/gafas-de-sol-cuadradas-de-clasicas-polarizadas-para-hombre-y-mujer-lentes-de-sol-de-lujo-a-la-moda-antideslumbrantes-para-viajes-y-conduccion-tr90-uv400\/\">\n                                            <img loading=\"lazy\" decoding=\"async\" width=\"71\" height=\"70\" src=\"https:\/\/bodegaoutdoor.cl\/store\/wp-content\/uploads\/2023\/02\/66091-rjm3sj-100x100.jpg\" class=\"d-flex\" alt=\"Gafas de sol cuadradas polarizadas, lentes de sol, para viajes y conducci\u00f3n, TR90, UV400\" srcset=\"https:\/\/bodegaoutdoor.cl\/store\/wp-content\/uploads\/2023\/02\/66091-rjm3sj-100x100.jpg 100w, https:\/\/bodegaoutdoor.cl\/store\/wp-content\/uploads\/2023\/02\/66091-rjm3sj-300x300.jpg 300w, https:\/\/bodegaoutdoor.cl\/store\/wp-content\/uploads\/2023\/02\/66091-rjm3sj-600x600.jpg 600w, https:\/\/bodegaoutdoor.cl\/store\/wp-content\/uploads\/2023\/02\/66091-rjm3sj-150x150.jpg 150w, https:\/\/bodegaoutdoor.cl\/store\/wp-content\/uploads\/2023\/02\/66091-rjm3sj-768x768.jpg 768w, https:\/\/bodegaoutdoor.cl\/store\/wp-content\/uploads\/2023\/02\/66091-rjm3sj-32x32.jpg 32w, https:\/\/bodegaoutdoor.cl\/store\/wp-content\/uploads\/2023\/02\/66091-rjm3sj.jpg 800w\" sizes=\"(max-width: 71px) 100vw, 71px\" \/>                                            <\/a>\n                                                                                            <div class=\"media-body align-self-center product-widget-content\">\n                                                <a class=\"product-title small\" href=\"https:\/\/bodegaoutdoor.cl\/store\/product\/gafas-de-sol-cuadradas-de-clasicas-polarizadas-para-hombre-y-mujer-lentes-de-sol-de-lujo-a-la-moda-antideslumbrantes-para-viajes-y-conduccion-tr90-uv400\/\">Gafas de sol cuadradas polarizadas, lentes de sol, para viajes y conducci\u00f3n, TR90, UV400<\/a>\n                                                <span class=\"price small\">\n                                                <del aria-hidden=\"true\"><span class=\"woocommerce-Price-amount amount\"><bdi><span class=\"woocommerce-Price-currencySymbol\" translate=\"no\">$<\/span>19,990<\/bdi><\/span><\/del> <span class=\"screen-reader-text\">El precio original era: $19,990.<\/span><ins aria-hidden=\"true\"><span class=\"woocommerce-Price-amount amount\"><bdi><span class=\"woocommerce-Price-currencySymbol\" translate=\"no\">$<\/span>14,990<\/bdi><\/span><\/ins><span class=\"screen-reader-text\">El precio actual es: $14,990.<\/span>                                            <\/span>\n                                            <\/div>\n                                        <\/div>\n\n                                                                                                        \n                                        <div class=\"xs-product-widget media version-2\">\n                                                                                        <a class=\"xs_product_img_link\" href=\"https:\/\/bodegaoutdoor.cl\/store\/product\/detalles-acerca-de-gopro-hero-7-negro-12-mega-pixeles-camara-videocamara-4k-impermeable-paquete-de-accion\/\">\n                                            <img loading=\"lazy\" decoding=\"async\" width=\"71\" height=\"70\" src=\"https:\/\/bodegaoutdoor.cl\/store\/wp-content\/uploads\/2020\/08\/10270-hc1ag7-100x100.jpg\" class=\"d-flex\" alt=\"Camara GoPro Hero 7 Negro 12 Mega p\u00edxeles c\u00e1mara Videoc\u00e1mara 4K Impermeable\" srcset=\"https:\/\/bodegaoutdoor.cl\/store\/wp-content\/uploads\/2020\/08\/10270-hc1ag7-100x100.jpg 100w, https:\/\/bodegaoutdoor.cl\/store\/wp-content\/uploads\/2020\/08\/10270-hc1ag7-300x300.jpg 300w, https:\/\/bodegaoutdoor.cl\/store\/wp-content\/uploads\/2020\/08\/10270-hc1ag7-150x150.jpg 150w, https:\/\/bodegaoutdoor.cl\/store\/wp-content\/uploads\/2020\/08\/10270-hc1ag7.jpg 500w\" sizes=\"(max-width: 71px) 100vw, 71px\" \/>                                            <\/a>\n                                                                                            <div class=\"media-body align-self-center product-widget-content\">\n                                                <a class=\"product-title small\" href=\"https:\/\/bodegaoutdoor.cl\/store\/product\/detalles-acerca-de-gopro-hero-7-negro-12-mega-pixeles-camara-videocamara-4k-impermeable-paquete-de-accion\/\">Camara GoPro Hero 7 Negro 12 Mega p\u00edxeles c\u00e1mara Videoc\u00e1mara 4K Impermeable<\/a>\n                                                <span class=\"price small\">\n                                                <del aria-hidden=\"true\"><span class=\"woocommerce-Price-amount amount\"><bdi><span class=\"woocommerce-Price-currencySymbol\" translate=\"no\">$<\/span>399,990<\/bdi><\/span><\/del> <span class=\"screen-reader-text\">El precio original era: $399,990.<\/span><ins aria-hidden=\"true\"><span class=\"woocommerce-Price-amount amount\"><bdi><span class=\"woocommerce-Price-currencySymbol\" translate=\"no\">$<\/span>319,990<\/bdi><\/span><\/ins><span class=\"screen-reader-text\">El precio actual es: $319,990.<\/span>                                            <\/span>\n                                            <\/div>\n                                        <\/div>\n\n                                                                            <\/div><!-- .xs-product-slider-item -->\n                                                                                        <\/div>\n                <\/div>\n            <\/div>\n                                <div class=\"tab-pane fade \" id=\"xs-tabs-33007-2\">\n                <div data-controls=\"{&quot;widget_id&quot;:&quot;5674a18a&quot;}\" class=\"xs-product-slider-11 swiper\" {&quot;widget_id&quot;:&quot;5674a18a&quot;}>                    <div class=\"swiper-wrapper\">\n                                                                                                    <div class=\"xs-product-slider-item swiper-slide\">\n                                    \n                                        <div class=\"xs-product-widget media version-2\">\n                                                                                        <a class=\"xs_product_img_link\" href=\"https:\/\/bodegaoutdoor.cl\/store\/product\/neumatico-para-enduro-120-100-18-medium-soft\/\">\n                                            <img loading=\"lazy\" decoding=\"async\" width=\"71\" height=\"70\" src=\"https:\/\/bodegaoutdoor.cl\/store\/wp-content\/uploads\/2026\/05\/WhatsApp-Image-2026-05-17-at-17.30.44-100x100.jpeg\" class=\"d-flex\" alt=\"Neumatico para enduro 120\/100\/18 Medium soft\" srcset=\"https:\/\/bodegaoutdoor.cl\/store\/wp-content\/uploads\/2026\/05\/WhatsApp-Image-2026-05-17-at-17.30.44-100x100.jpeg 100w, https:\/\/bodegaoutdoor.cl\/store\/wp-content\/uploads\/2026\/05\/WhatsApp-Image-2026-05-17-at-17.30.44-150x150.jpeg 150w, https:\/\/bodegaoutdoor.cl\/store\/wp-content\/uploads\/2026\/05\/WhatsApp-Image-2026-05-17-at-17.30.44-300x300.jpeg 300w, https:\/\/bodegaoutdoor.cl\/store\/wp-content\/uploads\/2026\/05\/WhatsApp-Image-2026-05-17-at-17.30.44-50x50.jpeg 50w\" sizes=\"(max-width: 71px) 100vw, 71px\" \/>                                            <\/a>\n                                                                                            <div class=\"media-body align-self-center product-widget-content\">\n                                                <a class=\"product-title small\" href=\"https:\/\/bodegaoutdoor.cl\/store\/product\/neumatico-para-enduro-120-100-18-medium-soft\/\">Neumatico para enduro 120\/100\/18 Medium soft<\/a>\n                                                <span class=\"price small\">\n                                                <del aria-hidden=\"true\"><span class=\"woocommerce-Price-amount amount\"><bdi><span class=\"woocommerce-Price-currencySymbol\" translate=\"no\">$<\/span>99,900<\/bdi><\/span><\/del> <span class=\"screen-reader-text\">El precio original era: $99,900.<\/span><ins aria-hidden=\"true\"><span class=\"woocommerce-Price-amount amount\"><bdi><span class=\"woocommerce-Price-currencySymbol\" translate=\"no\">$<\/span>52,990<\/bdi><\/span><\/ins><span class=\"screen-reader-text\">El precio actual es: $52,990.<\/span>                                            <\/span>\n                                            <\/div>\n                                        <\/div>\n\n                                                                                                        \n                                        <div class=\"xs-product-widget media version-2\">\n                                                                                        <a class=\"xs_product_img_link\" href=\"https:\/\/bodegaoutdoor.cl\/store\/product\/kit-de-accesorios-de-pesca-cana-regulable-hasta-2-10m\/\">\n                                            <img loading=\"lazy\" decoding=\"async\" width=\"71\" height=\"70\" src=\"https:\/\/bodegaoutdoor.cl\/store\/wp-content\/uploads\/2025\/01\/F-126__8_-100x100.jpg\" class=\"d-flex\" alt=\"KIT DE ACCESORIOS DE PESCA CA\u00d1A regulable hasta 2.10m\" srcset=\"https:\/\/bodegaoutdoor.cl\/store\/wp-content\/uploads\/2025\/01\/F-126__8_-100x100.jpg 100w, https:\/\/bodegaoutdoor.cl\/store\/wp-content\/uploads\/2025\/01\/F-126__8_-300x300.jpg 300w, https:\/\/bodegaoutdoor.cl\/store\/wp-content\/uploads\/2025\/01\/F-126__8_-1024x1024.jpg 1024w, https:\/\/bodegaoutdoor.cl\/store\/wp-content\/uploads\/2025\/01\/F-126__8_-150x150.jpg 150w, https:\/\/bodegaoutdoor.cl\/store\/wp-content\/uploads\/2025\/01\/F-126__8_-768x768.jpg 768w, https:\/\/bodegaoutdoor.cl\/store\/wp-content\/uploads\/2025\/01\/F-126__8_-1536x1536.jpg 1536w, https:\/\/bodegaoutdoor.cl\/store\/wp-content\/uploads\/2025\/01\/F-126__8_-2048x2048.jpg 2048w, https:\/\/bodegaoutdoor.cl\/store\/wp-content\/uploads\/2025\/01\/F-126__8_-600x600.jpg 600w\" sizes=\"(max-width: 71px) 100vw, 71px\" \/>                                            <\/a>\n                                                                                            <div class=\"media-body align-self-center product-widget-content\">\n                                                <a class=\"product-title small\" href=\"https:\/\/bodegaoutdoor.cl\/store\/product\/kit-de-accesorios-de-pesca-cana-regulable-hasta-2-10m\/\">KIT DE ACCESORIOS DE PESCA CA\u00d1A regulable hasta 2.10m<\/a>\n                                                <span class=\"price small\">\n                                                <del aria-hidden=\"true\"><span class=\"woocommerce-Price-amount amount\"><bdi><span class=\"woocommerce-Price-currencySymbol\" translate=\"no\">$<\/span>35,000<\/bdi><\/span><\/del> <span class=\"screen-reader-text\">El precio original era: $35,000.<\/span><ins aria-hidden=\"true\"><span class=\"woocommerce-Price-amount amount\"><bdi><span class=\"woocommerce-Price-currencySymbol\" translate=\"no\">$<\/span>24,990<\/bdi><\/span><\/ins><span class=\"screen-reader-text\">El precio actual es: $24,990.<\/span>                                            <\/span>\n                                            <\/div>\n                                        <\/div>\n\n                                                                                                        \n                                        <div class=\"xs-product-widget media version-2\">\n                                                                                        <a class=\"xs_product_img_link\" href=\"https:\/\/bodegaoutdoor.cl\/store\/product\/carpa-techo-camping-3x3-metros\/\">\n                                            <img loading=\"lazy\" decoding=\"async\" width=\"71\" height=\"70\" src=\"https:\/\/bodegaoutdoor.cl\/store\/wp-content\/uploads\/2024\/12\/TECHO-3X3-100x100.jpeg\" class=\"d-flex\" alt=\"Carpa Techo Camping 3&#215;3 metros\" srcset=\"https:\/\/bodegaoutdoor.cl\/store\/wp-content\/uploads\/2024\/12\/TECHO-3X3-100x100.jpeg 100w, https:\/\/bodegaoutdoor.cl\/store\/wp-content\/uploads\/2024\/12\/TECHO-3X3-300x300.jpeg 300w, https:\/\/bodegaoutdoor.cl\/store\/wp-content\/uploads\/2024\/12\/TECHO-3X3-150x150.jpeg 150w, https:\/\/bodegaoutdoor.cl\/store\/wp-content\/uploads\/2024\/12\/TECHO-3X3-768x768.jpeg 768w, https:\/\/bodegaoutdoor.cl\/store\/wp-content\/uploads\/2024\/12\/TECHO-3X3-600x600.jpeg 600w, https:\/\/bodegaoutdoor.cl\/store\/wp-content\/uploads\/2024\/12\/TECHO-3X3.jpeg 800w\" sizes=\"(max-width: 71px) 100vw, 71px\" \/>                                            <\/a>\n                                                                                            <div class=\"media-body align-self-center product-widget-content\">\n                                                <a class=\"product-title small\" href=\"https:\/\/bodegaoutdoor.cl\/store\/product\/carpa-techo-camping-3x3-metros\/\">Carpa Techo Camping 3&#215;3 metros<\/a>\n                                                <span class=\"price small\">\n                                                <del aria-hidden=\"true\"><span class=\"woocommerce-Price-amount amount\"><bdi><span class=\"woocommerce-Price-currencySymbol\" translate=\"no\">$<\/span>100,000<\/bdi><\/span><\/del> <span class=\"screen-reader-text\">El precio original era: $100,000.<\/span><ins aria-hidden=\"true\"><span class=\"woocommerce-Price-amount amount\"><bdi><span class=\"woocommerce-Price-currencySymbol\" translate=\"no\">$<\/span>49,990<\/bdi><\/span><\/ins><span class=\"screen-reader-text\">El precio actual es: $49,990.<\/span>                                            <\/span>\n                                            <\/div>\n                                        <\/div>\n\n                                                                            <\/div><!-- .xs-product-slider-item -->\n                                                                                                                                                <div class=\"xs-product-slider-item swiper-slide\">\n                                    \n                                        <div class=\"xs-product-widget media version-2\">\n                                                                                        <a class=\"xs_product_img_link\" href=\"https:\/\/bodegaoutdoor.cl\/store\/product\/gorro-police\/\">\n                                            <img loading=\"lazy\" decoding=\"async\" width=\"71\" height=\"70\" src=\"https:\/\/bodegaoutdoor.cl\/store\/wp-content\/uploads\/2024\/12\/WhatsApp-Image-2024-05-16-at-9.44.56-AM-100x100.jpeg\" class=\"d-flex\" alt=\"GORRO JOCKEY POLICE\" srcset=\"https:\/\/bodegaoutdoor.cl\/store\/wp-content\/uploads\/2024\/12\/WhatsApp-Image-2024-05-16-at-9.44.56-AM-100x100.jpeg 100w, https:\/\/bodegaoutdoor.cl\/store\/wp-content\/uploads\/2024\/12\/WhatsApp-Image-2024-05-16-at-9.44.56-AM-300x300.jpeg 300w, https:\/\/bodegaoutdoor.cl\/store\/wp-content\/uploads\/2024\/12\/WhatsApp-Image-2024-05-16-at-9.44.56-AM-150x150.jpeg 150w, https:\/\/bodegaoutdoor.cl\/store\/wp-content\/uploads\/2024\/12\/WhatsApp-Image-2024-05-16-at-9.44.56-AM-768x758.jpeg 768w, https:\/\/bodegaoutdoor.cl\/store\/wp-content\/uploads\/2024\/12\/WhatsApp-Image-2024-05-16-at-9.44.56-AM-600x592.jpeg 600w, https:\/\/bodegaoutdoor.cl\/store\/wp-content\/uploads\/2024\/12\/WhatsApp-Image-2024-05-16-at-9.44.56-AM.jpeg 829w\" sizes=\"(max-width: 71px) 100vw, 71px\" \/>                                            <\/a>\n                                                                                            <div class=\"media-body align-self-center product-widget-content\">\n                                                <a class=\"product-title small\" href=\"https:\/\/bodegaoutdoor.cl\/store\/product\/gorro-police\/\">GORRO JOCKEY POLICE<\/a>\n                                                <span class=\"price small\">\n                                                <del aria-hidden=\"true\"><span class=\"woocommerce-Price-amount amount\"><bdi><span class=\"woocommerce-Price-currencySymbol\" translate=\"no\">$<\/span>15,000<\/bdi><\/span><\/del> <span class=\"screen-reader-text\">El precio original era: $15,000.<\/span><ins aria-hidden=\"true\"><span class=\"woocommerce-Price-amount amount\"><bdi><span class=\"woocommerce-Price-currencySymbol\" translate=\"no\">$<\/span>9,990<\/bdi><\/span><\/ins><span class=\"screen-reader-text\">El precio actual es: $9,990.<\/span>                                            <\/span>\n                                            <\/div>\n                                        <\/div>\n\n                                                                                                        \n                                        <div class=\"xs-product-widget media version-2\">\n                                                                                        <a class=\"xs_product_img_link\" href=\"https:\/\/bodegaoutdoor.cl\/store\/product\/telescopio-comet-501-10-30x50\/\">\n                                            <img loading=\"lazy\" decoding=\"async\" width=\"71\" height=\"70\" src=\"https:\/\/bodegaoutdoor.cl\/store\/wp-content\/uploads\/2024\/12\/103050-600x600.jpeg-100x100.webp\" class=\"d-flex\" alt=\"TELESCOPIO comet 501 10-30X50\" srcset=\"https:\/\/bodegaoutdoor.cl\/store\/wp-content\/uploads\/2024\/12\/103050-600x600.jpeg-100x100.webp 100w, https:\/\/bodegaoutdoor.cl\/store\/wp-content\/uploads\/2024\/12\/103050-600x600.jpeg-300x300.webp 300w, https:\/\/bodegaoutdoor.cl\/store\/wp-content\/uploads\/2024\/12\/103050-600x600.jpeg-150x150.webp 150w, https:\/\/bodegaoutdoor.cl\/store\/wp-content\/uploads\/2024\/12\/103050-600x600.jpeg.webp 600w\" sizes=\"(max-width: 71px) 100vw, 71px\" \/>                                            <\/a>\n                                                                                            <div class=\"media-body align-self-center product-widget-content\">\n                                                <a class=\"product-title small\" href=\"https:\/\/bodegaoutdoor.cl\/store\/product\/telescopio-comet-501-10-30x50\/\">TELESCOPIO comet 501 10-30X50<\/a>\n                                                <span class=\"price small\">\n                                                <del aria-hidden=\"true\"><span class=\"woocommerce-Price-amount amount\"><bdi><span class=\"woocommerce-Price-currencySymbol\" translate=\"no\">$<\/span>150,000<\/bdi><\/span><\/del> <span class=\"screen-reader-text\">El precio original era: $150,000.<\/span><ins aria-hidden=\"true\"><span class=\"woocommerce-Price-amount amount\"><bdi><span class=\"woocommerce-Price-currencySymbol\" translate=\"no\">$<\/span>99,990<\/bdi><\/span><\/ins><span class=\"screen-reader-text\">El precio actual es: $99,990.<\/span>                                            <\/span>\n                                            <\/div>\n                                        <\/div>\n\n                                                                                                        \n                                        <div class=\"xs-product-widget media version-2\">\n                                                                                        <a class=\"xs_product_img_link\" href=\"https:\/\/bodegaoutdoor.cl\/store\/product\/hacha-de-supervivencia-multifuncion-tactica-martillo-outdoor-mango-de-plasticorescate\/\">\n                                            <img loading=\"lazy\" decoding=\"async\" width=\"71\" height=\"70\" src=\"https:\/\/bodegaoutdoor.cl\/store\/wp-content\/uploads\/2024\/12\/hacha-bodega-outdoor-survivor-1-100x100.jpeg\" class=\"d-flex\" alt=\"Hacha de supervivencia, multifunci\u00f3n t\u00e1ctica, martillo, outdoor, mango de pl\u00e1stico,rescate\" srcset=\"https:\/\/bodegaoutdoor.cl\/store\/wp-content\/uploads\/2024\/12\/hacha-bodega-outdoor-survivor-1-100x100.jpeg 100w, https:\/\/bodegaoutdoor.cl\/store\/wp-content\/uploads\/2024\/12\/hacha-bodega-outdoor-survivor-1-300x300.jpeg 300w, https:\/\/bodegaoutdoor.cl\/store\/wp-content\/uploads\/2024\/12\/hacha-bodega-outdoor-survivor-1-150x150.jpeg 150w, https:\/\/bodegaoutdoor.cl\/store\/wp-content\/uploads\/2024\/12\/hacha-bodega-outdoor-survivor-1-768x768.jpeg 768w, https:\/\/bodegaoutdoor.cl\/store\/wp-content\/uploads\/2024\/12\/hacha-bodega-outdoor-survivor-1-600x600.jpeg 600w, https:\/\/bodegaoutdoor.cl\/store\/wp-content\/uploads\/2024\/12\/hacha-bodega-outdoor-survivor-1.jpeg 1024w\" sizes=\"(max-width: 71px) 100vw, 71px\" \/>                                            <\/a>\n                                                                                            <div class=\"media-body align-self-center product-widget-content\">\n                                                <a class=\"product-title small\" href=\"https:\/\/bodegaoutdoor.cl\/store\/product\/hacha-de-supervivencia-multifuncion-tactica-martillo-outdoor-mango-de-plasticorescate\/\">Hacha de supervivencia, multifunci\u00f3n t\u00e1ctica, martillo, outdoor, mango de pl\u00e1stico,rescate<\/a>\n                                                <span class=\"price small\">\n                                                <del aria-hidden=\"true\"><span class=\"woocommerce-Price-amount amount\"><bdi><span class=\"woocommerce-Price-currencySymbol\" translate=\"no\">$<\/span>60,000<\/bdi><\/span><\/del> <span class=\"screen-reader-text\">El precio original era: $60,000.<\/span><ins aria-hidden=\"true\"><span class=\"woocommerce-Price-amount amount\"><bdi><span class=\"woocommerce-Price-currencySymbol\" translate=\"no\">$<\/span>29,990<\/bdi><\/span><\/ins><span class=\"screen-reader-text\">El precio actual es: $29,990.<\/span>                                            <\/span>\n                                            <\/div>\n                                        <\/div>\n\n                                                                            <\/div><!-- .xs-product-slider-item -->\n                                                                                                                                                <div class=\"xs-product-slider-item swiper-slide\">\n                                    \n                                        <div class=\"xs-product-widget media version-2\">\n                                                                                        <a class=\"xs_product_img_link\" href=\"https:\/\/bodegaoutdoor.cl\/store\/product\/termo-1-litro-1000ml-de-doble-pared-al-vacio-liviano\/\">\n                                            <img loading=\"lazy\" decoding=\"async\" width=\"71\" height=\"70\" src=\"https:\/\/bodegaoutdoor.cl\/store\/wp-content\/uploads\/2024\/11\/Sin-titulo-100x100.png\" class=\"d-flex\" alt=\"Termo 1 Litro \/ 1000ml, de doble pared al vac\u00edo Liviano\" srcset=\"https:\/\/bodegaoutdoor.cl\/store\/wp-content\/uploads\/2024\/11\/Sin-titulo-100x100.png 100w, https:\/\/bodegaoutdoor.cl\/store\/wp-content\/uploads\/2024\/11\/Sin-titulo-150x150.png 150w, https:\/\/bodegaoutdoor.cl\/store\/wp-content\/uploads\/2024\/11\/Sin-titulo-300x300.png 300w, https:\/\/bodegaoutdoor.cl\/store\/wp-content\/uploads\/2024\/11\/Sin-titulo-50x50.png 50w\" sizes=\"(max-width: 71px) 100vw, 71px\" \/>                                            <\/a>\n                                                                                            <div class=\"media-body align-self-center product-widget-content\">\n                                                <a class=\"product-title small\" href=\"https:\/\/bodegaoutdoor.cl\/store\/product\/termo-1-litro-1000ml-de-doble-pared-al-vacio-liviano\/\">Termo 1 Litro \/ 1000ml, de doble pared al vac\u00edo Liviano<\/a>\n                                                <span class=\"price small\">\n                                                <del aria-hidden=\"true\"><span class=\"woocommerce-Price-amount amount\"><bdi><span class=\"woocommerce-Price-currencySymbol\" translate=\"no\">$<\/span>19,990<\/bdi><\/span><\/del> <span class=\"screen-reader-text\">El precio original era: $19,990.<\/span><ins aria-hidden=\"true\"><span class=\"woocommerce-Price-amount amount\"><bdi><span class=\"woocommerce-Price-currencySymbol\" translate=\"no\">$<\/span>9,990<\/bdi><\/span><\/ins><span class=\"screen-reader-text\">El precio actual es: $9,990.<\/span>                                            <\/span>\n                                            <\/div>\n                                        <\/div>\n\n                                                                                                        \n                                        <div class=\"xs-product-widget media version-2\">\n                                                                                        <a class=\"xs_product_img_link\" href=\"https:\/\/bodegaoutdoor.cl\/store\/product\/chaqueta-tactica-de-polar-con-capucha\/\">\n                                            <img loading=\"lazy\" decoding=\"async\" width=\"71\" height=\"70\" src=\"https:\/\/bodegaoutdoor.cl\/store\/wp-content\/uploads\/2024\/07\/polar-tactico-2-100x100.png\" class=\"d-flex\" alt=\"Chaqueta Tactica De Polar Con Capucha\" srcset=\"https:\/\/bodegaoutdoor.cl\/store\/wp-content\/uploads\/2024\/07\/polar-tactico-2-100x100.png 100w, https:\/\/bodegaoutdoor.cl\/store\/wp-content\/uploads\/2024\/07\/polar-tactico-2-150x150.png 150w, https:\/\/bodegaoutdoor.cl\/store\/wp-content\/uploads\/2024\/07\/polar-tactico-2-300x300.png 300w, https:\/\/bodegaoutdoor.cl\/store\/wp-content\/uploads\/2024\/07\/polar-tactico-2-50x50.png 50w\" sizes=\"(max-width: 71px) 100vw, 71px\" \/>                                            <\/a>\n                                                                                            <div class=\"media-body align-self-center product-widget-content\">\n                                                <a class=\"product-title small\" href=\"https:\/\/bodegaoutdoor.cl\/store\/product\/chaqueta-tactica-de-polar-con-capucha\/\">Chaqueta Tactica De Polar Con Capucha<\/a>\n                                                <span class=\"price small\">\n                                                <del aria-hidden=\"true\"><span class=\"woocommerce-Price-amount amount\"><bdi><span class=\"woocommerce-Price-currencySymbol\" translate=\"no\">$<\/span>99,990<\/bdi><\/span><\/del> <span class=\"screen-reader-text\">El precio original era: $99,990.<\/span><ins aria-hidden=\"true\"><span class=\"woocommerce-Price-amount amount\"><bdi><span class=\"woocommerce-Price-currencySymbol\" translate=\"no\">$<\/span>59,990<\/bdi><\/span><\/ins><span class=\"screen-reader-text\">El precio actual es: $59,990.<\/span>                                            <\/span>\n                                            <\/div>\n                                        <\/div>\n\n                                                                                                        \n                                        <div class=\"xs-product-widget media version-2\">\n                                                                                        <a class=\"xs_product_img_link\" href=\"https:\/\/bodegaoutdoor.cl\/store\/product\/poston-800-balines-metalicos-bbs-calibre-4-5mm-para-pistola\/\">\n                                            <img loading=\"lazy\" decoding=\"async\" width=\"71\" height=\"70\" src=\"https:\/\/bodegaoutdoor.cl\/store\/wp-content\/uploads\/2024\/03\/39ba0a91-2955-48c8-865f-e91e06e6403a-100x100.jpg\" class=\"d-flex\" alt=\"Poston 800 Balines Metalicos Bbs Calibre 4.5mm Para Pistola\" srcset=\"https:\/\/bodegaoutdoor.cl\/store\/wp-content\/uploads\/2024\/03\/39ba0a91-2955-48c8-865f-e91e06e6403a-100x100.jpg 100w, https:\/\/bodegaoutdoor.cl\/store\/wp-content\/uploads\/2024\/03\/39ba0a91-2955-48c8-865f-e91e06e6403a-150x150.jpg 150w, https:\/\/bodegaoutdoor.cl\/store\/wp-content\/uploads\/2024\/03\/39ba0a91-2955-48c8-865f-e91e06e6403a-300x300.jpg 300w, https:\/\/bodegaoutdoor.cl\/store\/wp-content\/uploads\/2024\/03\/39ba0a91-2955-48c8-865f-e91e06e6403a-50x50.jpg 50w\" sizes=\"(max-width: 71px) 100vw, 71px\" \/>                                            <\/a>\n                                                                                            <div class=\"media-body align-self-center product-widget-content\">\n                                                <a class=\"product-title small\" href=\"https:\/\/bodegaoutdoor.cl\/store\/product\/poston-800-balines-metalicos-bbs-calibre-4-5mm-para-pistola\/\">Poston 800 Balines Metalicos Bbs Calibre 4.5mm Para Pistola<\/a>\n                                                <span class=\"price small\">\n                                                <del aria-hidden=\"true\"><span class=\"woocommerce-Price-amount amount\"><bdi><span class=\"woocommerce-Price-currencySymbol\" translate=\"no\">$<\/span>8,000<\/bdi><\/span><\/del> <span class=\"screen-reader-text\">El precio original era: $8,000.<\/span><ins aria-hidden=\"true\"><span class=\"woocommerce-Price-amount amount\"><bdi><span class=\"woocommerce-Price-currencySymbol\" translate=\"no\">$<\/span>6,000<\/bdi><\/span><\/ins><span class=\"screen-reader-text\">El precio actual es: $6,000.<\/span>                                            <\/span>\n                                            <\/div>\n                                        <\/div>\n\n                                                                            <\/div><!-- .xs-product-slider-item -->\n                                                                                                                                                <div class=\"xs-product-slider-item swiper-slide\">\n                                    \n                                        <div class=\"xs-product-widget media version-2\">\n                                                                                        <a class=\"xs_product_img_link\" href=\"https:\/\/bodegaoutdoor.cl\/store\/product\/bolsa-de-balines-trazadores-luminosos-para-airsoft-0-25g\/\">\n                                            <img loading=\"lazy\" decoding=\"async\" width=\"71\" height=\"70\" src=\"https:\/\/bodegaoutdoor.cl\/store\/wp-content\/uploads\/2024\/03\/5878c152-cb03-438b-812d-d1c70d5d8557-100x100.jpg\" class=\"d-flex\" alt=\"Bolsa De Balines Trazadores Luminosos Para Airsoft 0.25g\" srcset=\"https:\/\/bodegaoutdoor.cl\/store\/wp-content\/uploads\/2024\/03\/5878c152-cb03-438b-812d-d1c70d5d8557-100x100.jpg 100w, https:\/\/bodegaoutdoor.cl\/store\/wp-content\/uploads\/2024\/03\/5878c152-cb03-438b-812d-d1c70d5d8557-150x150.jpg 150w, https:\/\/bodegaoutdoor.cl\/store\/wp-content\/uploads\/2024\/03\/5878c152-cb03-438b-812d-d1c70d5d8557-300x300.jpg 300w, https:\/\/bodegaoutdoor.cl\/store\/wp-content\/uploads\/2024\/03\/5878c152-cb03-438b-812d-d1c70d5d8557-50x50.jpg 50w\" sizes=\"(max-width: 71px) 100vw, 71px\" \/>                                            <\/a>\n                                                                                            <div class=\"media-body align-self-center product-widget-content\">\n                                                <a class=\"product-title small\" href=\"https:\/\/bodegaoutdoor.cl\/store\/product\/bolsa-de-balines-trazadores-luminosos-para-airsoft-0-25g\/\">Bolsa De Balines Trazadores Luminosos Para Airsoft 0.25g<\/a>\n                                                <span class=\"price small\">\n                                                <del aria-hidden=\"true\"><span class=\"woocommerce-Price-amount amount\"><bdi><span class=\"woocommerce-Price-currencySymbol\" translate=\"no\">$<\/span>15,000<\/bdi><\/span><\/del> <span class=\"screen-reader-text\">El precio original era: $15,000.<\/span><ins aria-hidden=\"true\"><span class=\"woocommerce-Price-amount amount\"><bdi><span class=\"woocommerce-Price-currencySymbol\" translate=\"no\">$<\/span>12,500<\/bdi><\/span><\/ins><span class=\"screen-reader-text\">El precio actual es: $12,500.<\/span>                                            <\/span>\n                                            <\/div>\n                                        <\/div>\n\n                                                                                                        \n                                        <div class=\"xs-product-widget media version-2\">\n                                                                                        <a class=\"xs_product_img_link\" href=\"https:\/\/bodegaoutdoor.cl\/store\/product\/silla-plegable-de-camping-grande\/\">\n                                            <img loading=\"lazy\" decoding=\"async\" width=\"71\" height=\"70\" src=\"https:\/\/bodegaoutdoor.cl\/store\/wp-content\/uploads\/2024\/03\/30-87-b-600x525-1-100x100.png\" class=\"d-flex\" alt=\"Silla Plegable De Camping Grande\" srcset=\"https:\/\/bodegaoutdoor.cl\/store\/wp-content\/uploads\/2024\/03\/30-87-b-600x525-1-100x100.png 100w, https:\/\/bodegaoutdoor.cl\/store\/wp-content\/uploads\/2024\/03\/30-87-b-600x525-1-150x150.png 150w, https:\/\/bodegaoutdoor.cl\/store\/wp-content\/uploads\/2024\/03\/30-87-b-600x525-1-300x300.png 300w, https:\/\/bodegaoutdoor.cl\/store\/wp-content\/uploads\/2024\/03\/30-87-b-600x525-1-50x50.png 50w\" sizes=\"(max-width: 71px) 100vw, 71px\" \/>                                            <\/a>\n                                                                                            <div class=\"media-body align-self-center product-widget-content\">\n                                                <a class=\"product-title small\" href=\"https:\/\/bodegaoutdoor.cl\/store\/product\/silla-plegable-de-camping-grande\/\">Silla Plegable De Camping Grande<\/a>\n                                                <span class=\"price small\">\n                                                <del aria-hidden=\"true\"><span class=\"woocommerce-Price-amount amount\"><bdi><span class=\"woocommerce-Price-currencySymbol\" translate=\"no\">$<\/span>19,990<\/bdi><\/span><\/del> <span class=\"screen-reader-text\">El precio original era: $19,990.<\/span><ins aria-hidden=\"true\"><span class=\"woocommerce-Price-amount amount\"><bdi><span class=\"woocommerce-Price-currencySymbol\" translate=\"no\">$<\/span>14,990<\/bdi><\/span><\/ins><span class=\"screen-reader-text\">El precio actual es: $14,990.<\/span>                                            <\/span>\n                                            <\/div>\n                                        <\/div>\n\n                                                                                                        \n                                        <div class=\"xs-product-widget media version-2\">\n                                                                                        <a class=\"xs_product_img_link\" href=\"https:\/\/bodegaoutdoor.cl\/store\/product\/cunas-de-camping-plegables-al-aire-libre-para-adultos-cama-ligera-y-duradera-para-dormir-portatil-y-resistente-con-bolsa-de-transporte\/\">\n                                            <img loading=\"lazy\" decoding=\"async\" width=\"71\" height=\"70\" src=\"https:\/\/bodegaoutdoor.cl\/store\/wp-content\/uploads\/2023\/12\/81073-fkh1or-100x100.jpg\" class=\"d-flex\" alt=\"cama de Camping plegable ligera y duradera para dormir, port\u00e1til\" srcset=\"https:\/\/bodegaoutdoor.cl\/store\/wp-content\/uploads\/2023\/12\/81073-fkh1or-100x100.jpg 100w, https:\/\/bodegaoutdoor.cl\/store\/wp-content\/uploads\/2023\/12\/81073-fkh1or-300x300.jpg 300w, https:\/\/bodegaoutdoor.cl\/store\/wp-content\/uploads\/2023\/12\/81073-fkh1or-150x150.jpg 150w, https:\/\/bodegaoutdoor.cl\/store\/wp-content\/uploads\/2023\/12\/81073-fkh1or-600x600.jpg 600w, https:\/\/bodegaoutdoor.cl\/store\/wp-content\/uploads\/2023\/12\/81073-fkh1or-50x50.jpg 50w, https:\/\/bodegaoutdoor.cl\/store\/wp-content\/uploads\/2023\/12\/81073-fkh1or.jpg 750w\" sizes=\"(max-width: 71px) 100vw, 71px\" \/>                                            <\/a>\n                                                                                            <div class=\"media-body align-self-center product-widget-content\">\n                                                <a class=\"product-title small\" href=\"https:\/\/bodegaoutdoor.cl\/store\/product\/cunas-de-camping-plegables-al-aire-libre-para-adultos-cama-ligera-y-duradera-para-dormir-portatil-y-resistente-con-bolsa-de-transporte\/\">cama de Camping plegable ligera y duradera para dormir, port\u00e1til<\/a>\n                                                <span class=\"price small\">\n                                                <del aria-hidden=\"true\"><span class=\"woocommerce-Price-amount amount\"><bdi><span class=\"woocommerce-Price-currencySymbol\" translate=\"no\">$<\/span>99,990<\/bdi><\/span><\/del> <span class=\"screen-reader-text\">El precio original era: $99,990.<\/span><ins aria-hidden=\"true\"><span class=\"woocommerce-Price-amount amount\"><bdi><span class=\"woocommerce-Price-currencySymbol\" translate=\"no\">$<\/span>49,990<\/bdi><\/span><\/ins><span class=\"screen-reader-text\">El precio actual es: $49,990.<\/span>                                            <\/span>\n                                            <\/div>\n                                        <\/div>\n\n                                                                            <\/div><!-- .xs-product-slider-item -->\n                                                                                        <\/div>\n                <\/div>\n            <\/div>\n            <\/div>\t\t\t\t<\/div>\n\t\t\t\t<\/div>\n\t\t\t\t\t<\/div>\n\t\t<\/div>\n\t\t\t\t<div class=\"elementor-column elementor-col-50 elementor-top-column elementor-element elementor-element-4bb5d702\" data-id=\"4bb5d702\" data-element_type=\"column\" data-e-type=\"column\">\n\t\t\t<div class=\"elementor-widget-wrap elementor-element-populated\">\n\t\t\t\t\t\t<div class=\"elementor-element elementor-element-2d344347 elementor-widget elementor-widget-xs-image\" data-id=\"2d344347\" data-element_type=\"widget\" data-e-type=\"widget\" data-widget_type=\"xs-image.default\">\n\t\t\t\t<div class=\"elementor-widget-container\">\n\t\t\t\t\t                    <a href=\"#\" class=\"xs-banner-campaign\">\n                <img loading=\"lazy\" decoding=\"async\" width=\"405\" height=\"314\" src=\"https:\/\/bodegaoutdoor.cl\/store\/wp-content\/uploads\/2018\/04\/banner-card.png\" class=\"attachment-full size-full wp-image-454\" alt=\"\" \/>            <\/a>\n                \t\t\t\t<\/div>\n\t\t\t\t<\/div>\n\t\t\t\t\t<\/div>\n\t\t<\/div>\n\t\t\t\t\t<\/div>\n\t\t<\/section>\n\t\t\t\t<section class=\"elementor-section elementor-top-section elementor-element elementor-element-2e30b235 elementor-section-boxed elementor-section-height-default elementor-section-height-default\" data-id=\"2e30b235\" data-element_type=\"section\" data-e-type=\"section\">\n\t\t\t\t\t\t<div class=\"elementor-container elementor-column-gap-default\">\n\t\t\t\t\t<div class=\"elementor-column elementor-col-100 elementor-top-column elementor-element elementor-element-1ba2a138\" data-id=\"1ba2a138\" data-element_type=\"column\" data-e-type=\"column\">\n\t\t\t<div class=\"elementor-widget-wrap elementor-element-populated\">\n\t\t\t\t\t\t<div class=\"elementor-element elementor-element-53f6efee elementor-widget elementor-widget-xs-partner\" data-id=\"53f6efee\" data-element_type=\"widget\" data-e-type=\"widget\" data-widget_type=\"xs-partner.default\">\n\t\t\t\t<div class=\"elementor-widget-container\">\n\t\t\t\t\t        <div class=\"xs-brand-content clearfix\">\n                                                                                                                                        <a href=\"#\" target=\"_self\"> \n                          <img loading=\"lazy\" decoding=\"async\" width=\"100\" height=\"84\" src=\"https:\/\/bodegaoutdoor.cl\/store\/wp-content\/uploads\/2018\/04\/sponsors_1.png\" class=\"attachment-full size-full\" alt=\"sponsors_1\" \/>                        <\/a>\n                                                                                                                                                <a href=\"\" target=\"_self\"> \n                          <img loading=\"lazy\" decoding=\"async\" width=\"133\" height=\"84\" src=\"https:\/\/bodegaoutdoor.cl\/store\/wp-content\/uploads\/2018\/04\/sponsors_2.png\" class=\"attachment-full size-full\" alt=\"sponsors_2\" \/>                        <\/a>\n                                                                                                                                                <a href=\"\" target=\"_self\"> \n                          <img loading=\"lazy\" decoding=\"async\" width=\"96\" height=\"83\" src=\"https:\/\/bodegaoutdoor.cl\/store\/wp-content\/uploads\/2018\/04\/sponsors_3.png\" class=\"attachment-full size-full\" alt=\"sponsors_3\" \/>                        <\/a>\n                                                                                                                                                <a href=\"\" target=\"_self\"> \n                          <img loading=\"lazy\" decoding=\"async\" width=\"105\" height=\"84\" src=\"https:\/\/bodegaoutdoor.cl\/store\/wp-content\/uploads\/2018\/04\/sponsors_4.png\" class=\"attachment-full size-full\" alt=\"sponsors_4\" \/>                        <\/a>\n                                                                                                                                                <a href=\"\" target=\"_self\"> \n                          <img loading=\"lazy\" decoding=\"async\" width=\"96\" height=\"79\" src=\"https:\/\/bodegaoutdoor.cl\/store\/wp-content\/uploads\/2018\/04\/sponsors_5.png\" class=\"attachment-full size-full\" alt=\"sponsors_5\" \/>                        <\/a>\n                                                        <\/div>\n        \t\t\t\t<\/div>\n\t\t\t\t<\/div>\n\t\t\t\t\t<\/div>\n\t\t<\/div>\n\t\t\t\t\t<\/div>\n\t\t<\/section>\n\t\t\t\t<section class=\"elementor-section elementor-top-section elementor-element elementor-element-1298a580 elementor-section-boxed elementor-section-height-default elementor-section-height-default\" data-id=\"1298a580\" data-element_type=\"section\" data-e-type=\"section\" data-settings=\"{&quot;background_background&quot;:&quot;classic&quot;}\">\n\t\t\t\t\t\t<div class=\"elementor-container elementor-column-gap-default\">\n\t\t\t\t\t<div class=\"elementor-column elementor-col-100 elementor-top-column elementor-element elementor-element-7ec79741\" data-id=\"7ec79741\" data-element_type=\"column\" data-e-type=\"column\">\n\t\t\t<div class=\"elementor-widget-wrap elementor-element-populated\">\n\t\t\t\t\t\t<section class=\"elementor-section elementor-inner-section elementor-element elementor-element-76e50844 elementor-section-boxed elementor-section-height-default elementor-section-height-default\" data-id=\"76e50844\" data-element_type=\"section\" data-e-type=\"section\">\n\t\t\t\t\t\t<div class=\"elementor-container elementor-column-gap-default\">\n\t\t\t\t\t<div class=\"elementor-column elementor-col-50 elementor-inner-column elementor-element elementor-element-46870179\" data-id=\"46870179\" data-element_type=\"column\" data-e-type=\"column\">\n\t\t\t<div class=\"elementor-widget-wrap elementor-element-populated\">\n\t\t\t\t\t\t<div class=\"elementor-element elementor-element-39187245 elementor-position-inline-start elementor-view-default elementor-mobile-position-block-start elementor-widget elementor-widget-icon-box\" data-id=\"39187245\" data-element_type=\"widget\" data-e-type=\"widget\" data-widget_type=\"icon-box.default\">\n\t\t\t\t<div class=\"elementor-widget-container\">\n\t\t\t\t\t\t\t<div class=\"elementor-icon-box-wrapper\">\n\n\t\t\t\t\t\t<div class=\"elementor-icon-box-icon\">\n\t\t\t\t<span  class=\"elementor-icon\">\n\t\t\t\t<i class=\"icon icon-email\" aria-hidden=\"true\"><\/i>\t\t\t\t<\/span>\n\t\t\t<\/div>\n\t\t\t\n\t\t\t\t\t\t<div class=\"elementor-icon-box-content\">\n\n\t\t\t\t\t\t\t\t\t<h3 class=\"elementor-icon-box-title\">\n\t\t\t\t\t\t<span  >\n\t\t\t\t\t\t\tNewsletter &amp; Get Updates\t\t\t\t\t\t<\/span>\n\t\t\t\t\t<\/h3>\n\t\t\t\t\n\t\t\t\t\t\t\t\t\t<p class=\"elementor-icon-box-description\">\n\t\t\t\t\t\tSign up for our newsletter to get up-to-date from us\t\t\t\t\t<\/p>\n\t\t\t\t\n\t\t\t<\/div>\n\t\t\t\n\t\t<\/div>\n\t\t\t\t\t\t<\/div>\n\t\t\t\t<\/div>\n\t\t\t\t\t<\/div>\n\t\t<\/div>\n\t\t\t\t<div class=\"elementor-column elementor-col-50 elementor-inner-column elementor-element elementor-element-1e08c71a\" data-id=\"1e08c71a\" data-element_type=\"column\" data-e-type=\"column\">\n\t\t\t<div class=\"elementor-widget-wrap elementor-element-populated\">\n\t\t\t\t\t\t<div class=\"elementor-element elementor-element-31438c92 elementor-widget elementor-widget-xs-subscribe\" data-id=\"31438c92\" data-element_type=\"widget\" data-e-type=\"widget\" data-widget_type=\"xs-subscribe.default\">\n\t\t\t\t<div class=\"elementor-widget-container\">\n\t\t\t\t\t<form action=\"#\" method=\"POST\" class=\"xs-newsletter newsLetter-v3\" data-link=\"test\">\n    <label for=\"xs-newsletter-email\"><\/label>\n    <input type=\"email\" name=\"email\" id=\"xs-newsletter-email\" placeholder=\"Enter Your Mail Here .....\">\n    <input type=\"submit\" class = \"xs-mailchimp-btn\" value=\"submit\">\n<\/form><!-- .xs-newsletter END-->\n\t\t\t\t<\/div>\n\t\t\t\t<\/div>\n\t\t\t\t\t<\/div>\n\t\t<\/div>\n\t\t\t\t\t<\/div>\n\t\t<\/section>\n\t\t\t\t\t<\/div>\n\t\t<\/div>\n\t\t\t\t\t<\/div>\n\t\t<\/section>\n\t\t\t\t<\/div>\n\t\t\n    <div class=\"xs_social_share_widget xs_share_url after_content \t\tmain_content  wslu-style-1 wslu-share-box-shaped wslu-fill-colored wslu-none wslu-share-horizontal wslu-theme-font-no wslu-main_content\">\n\n\t\t\n        <ul>\n\t\t\t        <\/ul>\n    <\/div> \n","protected":false},"excerpt":{"rendered":"<p>Add to cart Product added! Browse Wishlist The product is already in the wishlist! Browse Wishlist Future Product Xpeed Mobile &#36;230.00 &#36;160.00 Category: Future Product Xpeed Mobile Rated 4.50 out of 5 based on 2 customer ratings (2 customer reviews) Pellentesque habitant morbi tristique senectus et netus et malesuada fames ac turpis egestas. Vestibulum tortor [&hellip;]<\/p>\n","protected":false},"author":1,"featured_media":0,"parent":0,"menu_order":0,"comment_status":"closed","ping_status":"closed","template":"template\/template-multipage-homepage.php","meta":{"footnotes":""},"class_list":["post-910","page","type-page","status-publish","hentry"],"jetpack_sharing_enabled":true,"_links":{"self":[{"href":"https:\/\/bodegaoutdoor.cl\/store\/wp-json\/wp\/v2\/pages\/910","targetHints":{"allow":["GET"]}}],"collection":[{"href":"https:\/\/bodegaoutdoor.cl\/store\/wp-json\/wp\/v2\/pages"}],"about":[{"href":"https:\/\/bodegaoutdoor.cl\/store\/wp-json\/wp\/v2\/types\/page"}],"author":[{"embeddable":true,"href":"https:\/\/bodegaoutdoor.cl\/store\/wp-json\/wp\/v2\/users\/1"}],"replies":[{"embeddable":true,"href":"https:\/\/bodegaoutdoor.cl\/store\/wp-json\/wp\/v2\/comments?post=910"}],"version-history":[{"count":0,"href":"https:\/\/bodegaoutdoor.cl\/store\/wp-json\/wp\/v2\/pages\/910\/revisions"}],"wp:attachment":[{"href":"https:\/\/bodegaoutdoor.cl\/store\/wp-json\/wp\/v2\/media?parent=910"}],"curies":[{"name":"wp","href":"https:\/\/api.w.org\/{rel}","templated":true}]}}