{"id":923,"date":"2018-05-03T12:13:17","date_gmt":"2018-05-03T12:13:17","guid":{"rendered":"https:\/\/bodegaoutdoor.cl\/store\/?page_id=923"},"modified":"2018-06-10T07:21:23","modified_gmt":"2018-06-10T07:21:23","slug":"home-07","status":"publish","type":"page","link":"https:\/\/bodegaoutdoor.cl\/store\/home-07\/","title":{"rendered":"Home 07"},"content":{"rendered":"\t\t<div data-elementor-type=\"wp-post\" data-elementor-id=\"923\" class=\"elementor elementor-923 elementor-bc-flex-widget\">\n\t\t\t\t\t\t<section class=\"elementor-section elementor-top-section elementor-element elementor-element-dd0ab5c elementor-section-boxed elementor-section-height-default elementor-section-height-default\" data-id=\"dd0ab5c\" data-element_type=\"section\" data-e-type=\"section\" data-settings=\"{&quot;background_background&quot;:&quot;classic&quot;}\">\n\t\t\t\t\t\t<div class=\"elementor-container elementor-column-gap-default\">\n\t\t\t\t\t<div class=\"elementor-column elementor-col-100 elementor-top-column elementor-element elementor-element-5256ecfc\" data-id=\"5256ecfc\" data-element_type=\"column\" data-e-type=\"column\">\n\t\t\t<div class=\"elementor-widget-wrap elementor-element-populated\">\n\t\t\t\t\t\t<div class=\"elementor-element elementor-element-3140776 elementor-widget elementor-widget-shortcode\" data-id=\"3140776\" data-element_type=\"widget\" data-e-type=\"widget\" data-widget_type=\"shortcode.default\">\n\t\t\t\t<div class=\"elementor-widget-container\">\n\t\t\t\t\t\t\t<div class=\"elementor-shortcode\">[rev_slider alias=\"home-slider-7\"]<\/div>\n\t\t\t\t\t\t<\/div>\n\t\t\t\t<\/div>\n\t\t\t\t\t<\/div>\n\t\t<\/div>\n\t\t\t\t\t<\/div>\n\t\t<\/section>\n\t\t\t\t<section class=\"elementor-section elementor-top-section elementor-element elementor-element-2f14f968 elementor-section-boxed elementor-section-height-default elementor-section-height-default\" data-id=\"2f14f968\" data-element_type=\"section\" data-e-type=\"section\">\n\t\t\t\t\t\t<div class=\"elementor-container elementor-column-gap-default\">\n\t\t\t\t\t<div class=\"elementor-column elementor-col-20 elementor-top-column elementor-element elementor-element-705e723d align-items-start\" data-id=\"705e723d\" data-element_type=\"column\" data-e-type=\"column\">\n\t\t\t<div class=\"elementor-widget-wrap elementor-element-populated\">\n\t\t\t\t\t\t<div class=\"elementor-element elementor-element-57350b9a elementor-position-inline-start elementor-view-default elementor-mobile-position-block-start elementor-widget elementor-widget-icon-box\" data-id=\"57350b9a\" data-element_type=\"widget\" data-e-type=\"widget\" data-widget_type=\"icon-box.default\">\n\t\t\t\t<div class=\"elementor-widget-container\">\n\t\t\t\t\t\t\t<div class=\"elementor-icon-box-wrapper\">\n\n\t\t\t\t\t\t<div class=\"elementor-icon-box-icon\">\n\t\t\t\t<span  class=\"elementor-icon\">\n\t\t\t\t<i class=\"icon icon-shopping-cart\" aria-hidden=\"true\"><\/i>\t\t\t\t<\/span>\n\t\t\t<\/div>\n\t\t\t\n\t\t\t\t\t\t<div class=\"elementor-icon-box-content\">\n\n\t\t\t\t\t\t\t\t\t<h3 class=\"elementor-icon-box-title\">\n\t\t\t\t\t\t<span  >\n\t\t\t\t\t\t\tFree Delivery\t\t\t\t\t\t<\/span>\n\t\t\t\t\t<\/h3>\n\t\t\t\t\n\t\t\t\t\t\t\t\t\t<p class=\"elementor-icon-box-description\">\n\t\t\t\t\t\tfrom $78\t\t\t\t\t<\/p>\n\t\t\t\t\n\t\t\t<\/div>\n\t\t\t\n\t\t<\/div>\n\t\t\t\t\t\t<\/div>\n\t\t\t\t<\/div>\n\t\t\t\t\t<\/div>\n\t\t<\/div>\n\t\t\t\t<div class=\"elementor-column elementor-col-20 elementor-top-column elementor-element elementor-element-11d0a69\" data-id=\"11d0a69\" data-element_type=\"column\" data-e-type=\"column\">\n\t\t\t<div class=\"elementor-widget-wrap elementor-element-populated\">\n\t\t\t\t\t\t<div class=\"elementor-element elementor-element-60f9d16c elementor-position-inline-start elementor-view-default elementor-mobile-position-block-start elementor-widget elementor-widget-icon-box\" data-id=\"60f9d16c\" data-element_type=\"widget\" data-e-type=\"widget\" data-widget_type=\"icon-box.default\">\n\t\t\t\t<div class=\"elementor-widget-container\">\n\t\t\t\t\t\t\t<div class=\"elementor-icon-box-wrapper\">\n\n\t\t\t\t\t\t<div class=\"elementor-icon-box-icon\">\n\t\t\t\t<span  class=\"elementor-icon\">\n\t\t\t\t<i class=\"icon icon-team\" aria-hidden=\"true\"><\/i>\t\t\t\t<\/span>\n\t\t\t<\/div>\n\t\t\t\n\t\t\t\t\t\t<div class=\"elementor-icon-box-content\">\n\n\t\t\t\t\t\t\t\t\t<h3 class=\"elementor-icon-box-title\">\n\t\t\t\t\t\t<span  >\n\t\t\t\t\t\t\t99% Customer\t\t\t\t\t\t<\/span>\n\t\t\t\t\t<\/h3>\n\t\t\t\t\n\t\t\t\t\t\t\t\t\t<p class=\"elementor-icon-box-description\">\n\t\t\t\t\t\tfeedbacks\t\t\t\t\t<\/p>\n\t\t\t\t\n\t\t\t<\/div>\n\t\t\t\n\t\t<\/div>\n\t\t\t\t\t\t<\/div>\n\t\t\t\t<\/div>\n\t\t\t\t\t<\/div>\n\t\t<\/div>\n\t\t\t\t<div class=\"elementor-column elementor-col-20 elementor-top-column elementor-element elementor-element-7f0add1\" data-id=\"7f0add1\" data-element_type=\"column\" data-e-type=\"column\">\n\t\t\t<div class=\"elementor-widget-wrap elementor-element-populated\">\n\t\t\t\t\t\t<div class=\"elementor-element elementor-element-682c08fa elementor-position-inline-start elementor-view-default elementor-mobile-position-block-start elementor-widget elementor-widget-icon-box\" data-id=\"682c08fa\" data-element_type=\"widget\" data-e-type=\"widget\" data-widget_type=\"icon-box.default\">\n\t\t\t\t<div class=\"elementor-widget-container\">\n\t\t\t\t\t\t\t<div class=\"elementor-icon-box-wrapper\">\n\n\t\t\t\t\t\t<div class=\"elementor-icon-box-icon\">\n\t\t\t\t<span  class=\"elementor-icon\">\n\t\t\t\t<i class=\"icon icon-u-turn\" aria-hidden=\"true\"><\/i>\t\t\t\t<\/span>\n\t\t\t<\/div>\n\t\t\t\n\t\t\t\t\t\t<div class=\"elementor-icon-box-content\">\n\n\t\t\t\t\t\t\t\t\t<h3 class=\"elementor-icon-box-title\">\n\t\t\t\t\t\t<span  >\n\t\t\t\t\t\t\t10 Days\t\t\t\t\t\t<\/span>\n\t\t\t\t\t<\/h3>\n\t\t\t\t\n\t\t\t\t\t\t\t\t\t<p class=\"elementor-icon-box-description\">\n\t\t\t\t\t\tfor free return\t\t\t\t\t<\/p>\n\t\t\t\t\n\t\t\t<\/div>\n\t\t\t\n\t\t<\/div>\n\t\t\t\t\t\t<\/div>\n\t\t\t\t<\/div>\n\t\t\t\t\t<\/div>\n\t\t<\/div>\n\t\t\t\t<div class=\"elementor-column elementor-col-20 elementor-top-column elementor-element elementor-element-2bd69a2\" data-id=\"2bd69a2\" data-element_type=\"column\" data-e-type=\"column\">\n\t\t\t<div class=\"elementor-widget-wrap elementor-element-populated\">\n\t\t\t\t\t\t<div class=\"elementor-element elementor-element-2c18b4f2 elementor-position-inline-start elementor-view-default elementor-mobile-position-block-start elementor-widget elementor-widget-icon-box\" data-id=\"2c18b4f2\" data-element_type=\"widget\" data-e-type=\"widget\" data-widget_type=\"icon-box.default\">\n\t\t\t\t<div class=\"elementor-widget-container\">\n\t\t\t\t\t\t\t<div class=\"elementor-icon-box-wrapper\">\n\n\t\t\t\t\t\t<div class=\"elementor-icon-box-icon\">\n\t\t\t\t<span  class=\"elementor-icon\">\n\t\t\t\t<i class=\"icon icon-rich\" aria-hidden=\"true\"><\/i>\t\t\t\t<\/span>\n\t\t\t<\/div>\n\t\t\t\n\t\t\t\t\t\t<div class=\"elementor-icon-box-content\">\n\n\t\t\t\t\t\t\t\t\t<h3 class=\"elementor-icon-box-title\">\n\t\t\t\t\t\t<span  >\n\t\t\t\t\t\t\tPayment\t\t\t\t\t\t<\/span>\n\t\t\t\t\t<\/h3>\n\t\t\t\t\n\t\t\t\t\t\t\t\t\t<p class=\"elementor-icon-box-description\">\n\t\t\t\t\t\tsecure system\t\t\t\t\t<\/p>\n\t\t\t\t\n\t\t\t<\/div>\n\t\t\t\n\t\t<\/div>\n\t\t\t\t\t\t<\/div>\n\t\t\t\t<\/div>\n\t\t\t\t\t<\/div>\n\t\t<\/div>\n\t\t\t\t<div class=\"elementor-column elementor-col-20 elementor-top-column elementor-element elementor-element-d939696\" data-id=\"d939696\" data-element_type=\"column\" data-e-type=\"column\">\n\t\t\t<div class=\"elementor-widget-wrap elementor-element-populated\">\n\t\t\t\t\t\t<div class=\"elementor-element elementor-element-57bac675 elementor-position-inline-start elementor-view-default elementor-mobile-position-block-start elementor-widget elementor-widget-icon-box\" data-id=\"57bac675\" data-element_type=\"widget\" data-e-type=\"widget\" data-widget_type=\"icon-box.default\">\n\t\t\t\t<div class=\"elementor-widget-container\">\n\t\t\t\t\t\t\t<div class=\"elementor-icon-box-wrapper\">\n\n\t\t\t\t\t\t<div class=\"elementor-icon-box-icon\">\n\t\t\t\t<span  class=\"elementor-icon\">\n\t\t\t\t<i class=\"icon icon-support\" aria-hidden=\"true\"><\/i>\t\t\t\t<\/span>\n\t\t\t<\/div>\n\t\t\t\n\t\t\t\t\t\t<div class=\"elementor-icon-box-content\">\n\n\t\t\t\t\t\t\t\t\t<h3 class=\"elementor-icon-box-title\">\n\t\t\t\t\t\t<span  >\n\t\t\t\t\t\t\t24\/7\t\t\t\t\t\t<\/span>\n\t\t\t\t\t<\/h3>\n\t\t\t\t\n\t\t\t\t\t\t\t\t\t<p class=\"elementor-icon-box-description\">\n\t\t\t\t\t\tonline supports\t\t\t\t\t<\/p>\n\t\t\t\t\n\t\t\t<\/div>\n\t\t\t\n\t\t<\/div>\n\t\t\t\t\t\t<\/div>\n\t\t\t\t<\/div>\n\t\t\t\t\t<\/div>\n\t\t<\/div>\n\t\t\t\t\t<\/div>\n\t\t<\/section>\n\t\t\t\t<section class=\"elementor-section elementor-top-section elementor-element elementor-element-1d3ed6e elementor-section-boxed elementor-section-height-default elementor-section-height-default\" data-id=\"1d3ed6e\" data-element_type=\"section\" data-e-type=\"section\">\n\t\t\t\t\t\t<div class=\"elementor-container elementor-column-gap-default\">\n\t\t\t\t\t<div class=\"elementor-column elementor-col-66 elementor-top-column elementor-element elementor-element-70c8e00\" data-id=\"70c8e00\" data-element_type=\"column\" data-e-type=\"column\">\n\t\t\t<div class=\"elementor-widget-wrap elementor-element-populated\">\n\t\t\t\t\t\t<div class=\"elementor-element elementor-element-49227a6 elementor-widget elementor-widget-xs-image\" data-id=\"49227a6\" data-element_type=\"widget\" data-e-type=\"widget\" data-widget_type=\"xs-image.default\">\n\t\t\t\t<div class=\"elementor-widget-container\">\n\t\t\t\t\t                    <a href=\"#\" class=\"xs-banner-campaign\">\n                <img fetchpriority=\"high\" decoding=\"async\" width=\"635\" height=\"270\" src=\"https:\/\/bodegaoutdoor.cl\/store\/wp-content\/uploads\/2018\/04\/banner-campaign-3-1.png\" class=\"attachment-large size-large wp-image-458\" alt=\"\" srcset=\"https:\/\/bodegaoutdoor.cl\/store\/wp-content\/uploads\/2018\/04\/banner-campaign-3-1.png 635w, https:\/\/bodegaoutdoor.cl\/store\/wp-content\/uploads\/2018\/04\/banner-campaign-3-1-600x255.png 600w\" sizes=\"(max-width: 635px) 100vw, 635px\" \/>            <\/a>\n                \t\t\t\t<\/div>\n\t\t\t\t<\/div>\n\t\t\t\t\t<\/div>\n\t\t<\/div>\n\t\t\t\t<div class=\"elementor-column elementor-col-33 elementor-top-column elementor-element elementor-element-15435c1\" data-id=\"15435c1\" data-element_type=\"column\" data-e-type=\"column\">\n\t\t\t<div class=\"elementor-widget-wrap elementor-element-populated\">\n\t\t\t\t\t\t<div class=\"elementor-element elementor-element-231b09a elementor-widget elementor-widget-xs-image\" data-id=\"231b09a\" data-element_type=\"widget\" data-e-type=\"widget\" data-widget_type=\"xs-image.default\">\n\t\t\t\t<div class=\"elementor-widget-container\">\n\t\t\t\t\t                    <a href=\"#\" class=\"xs-banner-campaign\">\n                <img decoding=\"async\" width=\"445\" height=\"270\" src=\"https:\/\/bodegaoutdoor.cl\/store\/wp-content\/uploads\/2018\/04\/banner-campaign-4-1.png\" class=\"attachment-large size-large wp-image-459\" alt=\"\" \/>            <\/a>\n                \t\t\t\t<\/div>\n\t\t\t\t<\/div>\n\t\t\t\t\t<\/div>\n\t\t<\/div>\n\t\t\t\t\t<\/div>\n\t\t<\/section>\n\t\t\t\t<section class=\"elementor-section elementor-top-section elementor-element elementor-element-5b81e65b elementor-section-boxed elementor-section-height-default elementor-section-height-default\" data-id=\"5b81e65b\" data-element_type=\"section\" data-e-type=\"section\" data-settings=\"{&quot;background_background&quot;:&quot;classic&quot;}\">\n\t\t\t\t\t\t<div class=\"elementor-container elementor-column-gap-default\">\n\t\t\t\t\t<div class=\"elementor-column elementor-col-100 elementor-top-column elementor-element elementor-element-51dea51f\" data-id=\"51dea51f\" data-element_type=\"column\" data-e-type=\"column\">\n\t\t\t<div class=\"elementor-widget-wrap elementor-element-populated\">\n\t\t\t\t\t\t<div class=\"elementor-element elementor-element-9bcc002 elementor-widget elementor-widget-xs-woo-tab\" data-id=\"9bcc002\" data-element_type=\"widget\" data-e-type=\"widget\" data-widget_type=\"xs-woo-tab.default\">\n\t\t\t\t<div class=\"elementor-widget-container\">\n\t\t\t\t\t<div class=\"xs-content-header\">\n        <h2 class=\"xs-content-title\">Today Gadgets &amp; Mobile accessories<\/h2>\n            <ul class=\"nav nav-tabs xs-nav-tab\">\n                                            <li class=\"nav-item\">\n                    <a class=\"nav-link active\" data-toggle=\"tab\"\n                       href=\"#xs-tabs-79644-0\"\n                       >On Sale<\/a>\n                <\/li>\n                                            <li class=\"nav-item\">\n                    <a class=\"nav-link \" data-toggle=\"tab\"\n                       href=\"#xs-tabs-79644-1\"\n                       >Hot Sale<\/a>\n                <\/li>\n                                            <li class=\"nav-item\">\n                    <a class=\"nav-link \" data-toggle=\"tab\"\n                       href=\"#xs-tabs-79644-2\"\n                       >Trend<\/a>\n                <\/li>\n                                            <li class=\"nav-item\">\n                    <a class=\"nav-link \" data-toggle=\"tab\"\n                       href=\"#xs-tabs-79644-3\"\n                       >Best Sale<\/a>\n                <\/li>\n                    <\/ul>\n        <div class=\"clearfix\"><\/div>\n<\/div>\n<div class=\"tab-content\">\n                                    <div class=\"tab-pane fade show active\"\n                 id=\"xs-tabs-79644-0\"\n                 >\n                <div class=\"row\">\n                                    <\/div>\n            <\/div>\n                                <div class=\"tab-pane fade \"\n                 id=\"xs-tabs-79644-1\"\n                 >\n                <div class=\"row\">\n                                                <div class=\"col-lg-3 col-md-6\">\n                                <div class=\"xs-product-wraper version-3 text-center\">\n                                                                        <a class=\"xs_product_img_link\" href=\"https:\/\/bodegaoutdoor.cl\/store\/product\/neumatico-para-enduro-120-100-18-medium-soft\/\">\n                                        <img decoding=\"async\" width=\"101\" height=\"180\" src=\"https:\/\/bodegaoutdoor.cl\/store\/wp-content\/uploads\/2026\/05\/WhatsApp-Image-2026-05-17-at-17.30.44.jpeg\" class=\"attachment-193x180 size-193x180\" alt=\"Neumatico para enduro 120\/100\/18 Medium soft\" srcset=\"https:\/\/bodegaoutdoor.cl\/store\/wp-content\/uploads\/2026\/05\/WhatsApp-Image-2026-05-17-at-17.30.44.jpeg 900w, https:\/\/bodegaoutdoor.cl\/store\/wp-content\/uploads\/2026\/05\/WhatsApp-Image-2026-05-17-at-17.30.44-169x300.jpeg 169w, https:\/\/bodegaoutdoor.cl\/store\/wp-content\/uploads\/2026\/05\/WhatsApp-Image-2026-05-17-at-17.30.44-576x1024.jpeg 576w, https:\/\/bodegaoutdoor.cl\/store\/wp-content\/uploads\/2026\/05\/WhatsApp-Image-2026-05-17-at-17.30.44-768x1365.jpeg 768w, https:\/\/bodegaoutdoor.cl\/store\/wp-content\/uploads\/2026\/05\/WhatsApp-Image-2026-05-17-at-17.30.44-864x1536.jpeg 864w, https:\/\/bodegaoutdoor.cl\/store\/wp-content\/uploads\/2026\/05\/WhatsApp-Image-2026-05-17-at-17.30.44-600x1067.jpeg 600w\" sizes=\"(max-width: 101px) 100vw, 101px\" \/>                                    <\/a>\n                                                                        <ul class=\"product-item-meta\">\n                                        <li class=\"xs-cart-wrapper\">\n                                                                                            <a href=\"\/store\/wp-json\/wp\/v2\/pages\/923?add-to-cart=89328\" aria-describedby=\"woocommerce_loop_add_to_cart_link_describedby_89328\" data-quantity=\"1\" class=\"button product_type_simple add_to_cart_button ajax_add_to_cart\" data-product_id=\"89328\" data-product_sku=\"\" aria-label=\"Agregar al carrito: &ldquo;Neumatico para enduro 120\/100\/18 Medium soft&rdquo;\" rel=\"nofollow\" data-success_message=\"&ldquo;Neumatico para enduro 120\/100\/18 Medium soft&rdquo; se ha a\u00f1adido a tu carro\" role=\"button\">Agregar al carrito<\/a>    <span id=\"woocommerce_loop_add_to_cart_link_describedby_89328\" class=\"screen-reader-text\">\n            <\/span>\n                                                                                    <\/li>\n                                        <li><a href=\"#\" data-toggle=\"modal\" data-target=\".xs-quick-view-modal-56880-1\"><i class=\"xsicon xsicon-eye\"><\/i><\/a><\/li>\n                                                                                    <li class=\"xs-wishlist-wrapper xs-wishlist\">\n                                                \n<div\n\tclass=\"yith-wcwl-add-to-wishlist add-to-wishlist-89328 yith-wcwl-add-to-wishlist--link-style wishlist-fragment on-first-load\"\n\tdata-fragment-ref=\"89328\"\n\tdata-fragment-options=\"{&quot;base_url&quot;:&quot;&quot;,&quot;product_id&quot;:89328,&quot;parent_product_id&quot;:0,&quot;product_type&quot;:&quot;simple&quot;,&quot;is_single&quot;:false,&quot;in_default_wishlist&quot;:false,&quot;show_view&quot;:false,&quot;browse_wishlist_text&quot;:&quot;Lista Deseos&quot;,&quot;already_in_wishslist_text&quot;:&quot;The producto esta Agregado!&quot;,&quot;product_added_text&quot;:&quot;Producto Agregado!&quot;,&quot;available_multi_wishlist&quot;:false,&quot;disable_wishlist&quot;:false,&quot;show_count&quot;:false,&quot;ajax_loading&quot;:false,&quot;loop_position&quot;:&quot;after_add_to_cart&quot;,&quot;item&quot;:&quot;add_to_wishlist&quot;}\"\n>\n\t\t\t\n\t\t\t<!-- ADD TO WISHLIST -->\n\t\t\t\n<div class=\"yith-wcwl-add-button\">\n\t\t<a\n\t\thref=\"?add_to_wishlist=89328&#038;_wpnonce=98056c7fc2\"\n\t\tclass=\"add_to_wishlist single_add_to_wishlist\"\n\t\tdata-product-id=\"89328\"\n\t\tdata-product-type=\"simple\"\n\t\tdata-original-product-id=\"0\"\n\t\tdata-title=\"Lista Deseos\"\n\t\trel=\"nofollow\"\n\t>\n\t\t<svg id=\"yith-wcwl-icon-heart-outline\" class=\"yith-wcwl-icon-svg\" fill=\"none\" stroke-width=\"1.5\" stroke=\"currentColor\" viewbox=\"0 0 24 24\" xmlns=\"http:\/\/www.w3.org\/2000\/svg\">\n  <path stroke-linecap=\"round\" stroke-linejoin=\"round\" d=\"M21 8.25c0-2.485-2.099-4.5-4.688-4.5-1.935 0-3.597 1.126-4.312 2.733-.715-1.607-2.377-2.733-4.313-2.733C5.1 3.75 3 5.765 3 8.25c0 7.22 9 12 9 12s9-4.78 9-12Z\"><\/path>\n<\/svg>\t\t<span>Lista Deseos<\/span>\n\t<\/a>\n<\/div>\n\n\t\t\t<!-- COUNT TEXT -->\n\t\t\t\n\t\t\t<\/div>\n                                            <\/li>\n                                                                            <\/ul>\n                                    \n                                    <span class=\"product-categories\"><a href = 'https:\/\/bodegaoutdoor.cl\/store\/product-category\/airsoft\/'>Airsoft<\/a>  <\/span>\n                                    <a class=\"product-title medium\" href=\"https:\/\/bodegaoutdoor.cl\/store\/product\/neumatico-para-enduro-120-100-18-medium-soft\/\">Neumatico para enduro 120\/100\/18 Medium soft<\/a>\n                                    <span class=\"price\"><del aria-hidden=\"true\"><span class=\"woocommerce-Price-amount amount\"><bdi><span class=\"woocommerce-Price-currencySymbol\" translate=\"no\">$<\/span>99,900<\/bdi><\/span><\/del> <span class=\"screen-reader-text\">El precio original era: $99,900.<\/span><ins aria-hidden=\"true\"><span class=\"woocommerce-Price-amount amount\"><bdi><span class=\"woocommerce-Price-currencySymbol\" translate=\"no\">$<\/span>52,990<\/bdi><\/span><\/ins><span class=\"screen-reader-text\">El precio actual es: $52,990.<\/span><\/span>\n                                <\/div>\n                            <\/div>\n                            <div class=\"woocommerce xs-modal xs-modal-quick-view xs-quick-view-modal-56880-1 modal fade\" tabindex=\"-1\" aria-hidden=\"true\">\n    <div class=\"modal-dialog\">\n        <div class=\"modal-content\">\n            <button type=\"button\" class=\"close\" data-dismiss=\"modal\" aria-label=\"Close\">\n                <span class=\"xsicon xsicon-cross\"><\/span>\n            <\/button>\n            <div class=\"container\">\n                <div class=\"row\">\n                    <div class=\"col-md-6\">\n                        <div class=\"images\">\n                                                        <img loading=\"lazy\" decoding=\"async\" width=\"900\" height=\"1600\" src=\"https:\/\/bodegaoutdoor.cl\/store\/wp-content\/uploads\/2026\/05\/WhatsApp-Image-2026-05-17-at-17.30.44.jpeg\" class=\"attachment-full size-full\" alt=\"\" srcset=\"https:\/\/bodegaoutdoor.cl\/store\/wp-content\/uploads\/2026\/05\/WhatsApp-Image-2026-05-17-at-17.30.44.jpeg 900w, https:\/\/bodegaoutdoor.cl\/store\/wp-content\/uploads\/2026\/05\/WhatsApp-Image-2026-05-17-at-17.30.44-169x300.jpeg 169w, https:\/\/bodegaoutdoor.cl\/store\/wp-content\/uploads\/2026\/05\/WhatsApp-Image-2026-05-17-at-17.30.44-576x1024.jpeg 576w, https:\/\/bodegaoutdoor.cl\/store\/wp-content\/uploads\/2026\/05\/WhatsApp-Image-2026-05-17-at-17.30.44-768x1365.jpeg 768w, https:\/\/bodegaoutdoor.cl\/store\/wp-content\/uploads\/2026\/05\/WhatsApp-Image-2026-05-17-at-17.30.44-864x1536.jpeg 864w, https:\/\/bodegaoutdoor.cl\/store\/wp-content\/uploads\/2026\/05\/WhatsApp-Image-2026-05-17-at-17.30.44-600x1067.jpeg 600w\" sizes=\"(max-width: 900px) 100vw, 900px\" \/>                                                <\/div>\n                    <\/div>\n                    <div class=\"col-md-6 align-self-center\">\n                        <div class=\"summary-content entry-summary\">\n                            <h2 class=\"product_title entry-title\">Neumatico para enduro 120\/100\/18 Medium soft<\/h2><div class=\"product_meta\">\n\n\t\n\t\n\t<span class=\"posted_in\">Categor\u00eda: <a href=\"https:\/\/bodegaoutdoor.cl\/store\/product-category\/airsoft\/\" rel=\"tag\">Airsoft<\/a><\/span>\n\t\n\t\n<\/div>\n<div class=\"woocommerce-product-details__short-description\">\n\t<p>Marca CALS<\/p>\n<\/div>\n<p class=\"price\"><del aria-hidden=\"true\"><span class=\"woocommerce-Price-amount amount\"><bdi><span class=\"woocommerce-Price-currencySymbol\" translate=\"no\">$<\/span>99,900<\/bdi><\/span><\/del> <span class=\"screen-reader-text\">El precio original era: $99,900.<\/span><ins aria-hidden=\"true\"><span class=\"woocommerce-Price-amount amount\"><bdi><span class=\"woocommerce-Price-currencySymbol\" translate=\"no\">$<\/span>52,990<\/bdi><\/span><\/ins><span class=\"screen-reader-text\">El precio actual es: $52,990.<\/span><\/p>\n\n\t\n\t<form class=\"cart\" action=\"https:\/\/bodegaoutdoor.cl\/store\/product\/neumatico-para-enduro-120-100-18-medium-soft\/\" method=\"post\" enctype='multipart\/form-data'>\n\t\t\n\t\t<div class=\"quantity\">\n\t\t<input type=\"button\" value=\"-\" class=\"minus\" \/>\n\t<label class=\"screen-reader-text\" for=\"quantity_6a9b4b13d9a74\">Neumatico para enduro 120\/100\/18 Medium soft quantity<\/label>\n\t<input\n\t\ttype=\"number\"\n\t\t\t\tid=\"quantity_6a9b4b13d9a74\"\n\t\tclass=\"input-text qty text\"\n\t\tname=\"quantity\"\n\t\tvalue=\"1\"\n\t\taria-label=\"Qty\"\n\t\t\t\tmin=\"1\"\n\t\t\t\t\t\t\tstep=\"1\"\n\t\t\tplaceholder=\"\"\n\t\t\tinputmode=\"numeric\"\n\t\t\tautocomplete=\"off\"\n\t\t\t\/>\n\t<input type=\"button\" value=\"+\" class=\"plus\" \/>\n\t<\/div>\n\n\t\t<button type=\"submit\" name=\"add-to-cart\" value=\"89328\" class=\"single_add_to_cart_button button alt\">Agregar al carrito<\/button>\n\n\t\t\t<\/form>\n\n\t\n\n<div\n\tclass=\"yith-wcwl-add-to-wishlist add-to-wishlist-89328 yith-wcwl-add-to-wishlist--link-style wishlist-fragment on-first-load\"\n\tdata-fragment-ref=\"89328\"\n\tdata-fragment-options=\"{&quot;base_url&quot;:&quot;&quot;,&quot;product_id&quot;:89328,&quot;parent_product_id&quot;:0,&quot;product_type&quot;:&quot;simple&quot;,&quot;is_single&quot;:false,&quot;in_default_wishlist&quot;:false,&quot;show_view&quot;:false,&quot;browse_wishlist_text&quot;:&quot;Lista Deseos&quot;,&quot;already_in_wishslist_text&quot;:&quot;The producto esta Agregado!&quot;,&quot;product_added_text&quot;:&quot;Producto Agregado!&quot;,&quot;available_multi_wishlist&quot;:false,&quot;disable_wishlist&quot;:false,&quot;show_count&quot;:false,&quot;ajax_loading&quot;:false,&quot;loop_position&quot;:&quot;after_add_to_cart&quot;,&quot;item&quot;:&quot;add_to_wishlist&quot;}\"\n>\n\t\t\t\n\t\t\t<!-- ADD TO WISHLIST -->\n\t\t\t\n<div class=\"yith-wcwl-add-button\">\n\t\t<a\n\t\thref=\"?add_to_wishlist=89328&#038;_wpnonce=98056c7fc2\"\n\t\tclass=\"add_to_wishlist single_add_to_wishlist\"\n\t\tdata-product-id=\"89328\"\n\t\tdata-product-type=\"simple\"\n\t\tdata-original-product-id=\"0\"\n\t\tdata-title=\"Lista Deseos\"\n\t\trel=\"nofollow\"\n\t>\n\t\t<svg id=\"yith-wcwl-icon-heart-outline\" class=\"yith-wcwl-icon-svg\" fill=\"none\" stroke-width=\"1.5\" stroke=\"currentColor\" viewbox=\"0 0 24 24\" xmlns=\"http:\/\/www.w3.org\/2000\/svg\">\n  <path stroke-linecap=\"round\" stroke-linejoin=\"round\" d=\"M21 8.25c0-2.485-2.099-4.5-4.688-4.5-1.935 0-3.597 1.126-4.312 2.733-.715-1.607-2.377-2.733-4.313-2.733C5.1 3.75 3 5.765 3 8.25c0 7.22 9 12 9 12s9-4.78 9-12Z\"><\/path>\n<\/svg>\t\t<span>Lista Deseos<\/span>\n\t<\/a>\n<\/div>\n\n\t\t\t<!-- COUNT TEXT -->\n\t\t\t\n\t\t\t<\/div>\n                        <\/div>\n                    <\/div>\n                <\/div>\n            <\/div>\n        <\/div>\n    <\/div>\n<\/div><!-- end quickView --><!-- end today gadget section -->                                                        <div class=\"col-lg-3 col-md-6\">\n                                <div class=\"xs-product-wraper version-3 text-center\">\n                                                                        <a class=\"xs_product_img_link\" href=\"https:\/\/bodegaoutdoor.cl\/store\/product\/kit-de-accesorios-de-pesca-cana-regulable-hasta-2-10m\/\">\n                                        <img loading=\"lazy\" decoding=\"async\" width=\"180\" height=\"180\" src=\"https:\/\/bodegaoutdoor.cl\/store\/wp-content\/uploads\/2025\/01\/F-126__8_-scaled.jpg\" class=\"attachment-193x180 size-193x180\" alt=\"KIT DE ACCESORIOS DE PESCA CA\u00d1A regulable hasta 2.10m\" srcset=\"https:\/\/bodegaoutdoor.cl\/store\/wp-content\/uploads\/2025\/01\/F-126__8_-scaled.jpg 2560w, https:\/\/bodegaoutdoor.cl\/store\/wp-content\/uploads\/2025\/01\/F-126__8_-300x300.jpg 300w, https:\/\/bodegaoutdoor.cl\/store\/wp-content\/uploads\/2025\/01\/F-126__8_-1024x1024.jpg 1024w, https:\/\/bodegaoutdoor.cl\/store\/wp-content\/uploads\/2025\/01\/F-126__8_-150x150.jpg 150w, https:\/\/bodegaoutdoor.cl\/store\/wp-content\/uploads\/2025\/01\/F-126__8_-768x768.jpg 768w, https:\/\/bodegaoutdoor.cl\/store\/wp-content\/uploads\/2025\/01\/F-126__8_-1536x1536.jpg 1536w, https:\/\/bodegaoutdoor.cl\/store\/wp-content\/uploads\/2025\/01\/F-126__8_-2048x2048.jpg 2048w, https:\/\/bodegaoutdoor.cl\/store\/wp-content\/uploads\/2025\/01\/F-126__8_-600x600.jpg 600w, https:\/\/bodegaoutdoor.cl\/store\/wp-content\/uploads\/2025\/01\/F-126__8_-100x100.jpg 100w\" sizes=\"(max-width: 180px) 100vw, 180px\" \/>                                    <\/a>\n                                                                        <ul class=\"product-item-meta\">\n                                        <li class=\"xs-cart-wrapper\">\n                                                                                            <a href=\"\/store\/wp-json\/wp\/v2\/pages\/923?add-to-cart=86335\" aria-describedby=\"woocommerce_loop_add_to_cart_link_describedby_86335\" data-quantity=\"1\" class=\"button product_type_simple add_to_cart_button ajax_add_to_cart\" data-product_id=\"86335\" data-product_sku=\"\" aria-label=\"Agregar al carrito: &ldquo;KIT DE ACCESORIOS DE PESCA CA\u00d1A regulable hasta 2.10m&rdquo;\" rel=\"nofollow\" data-success_message=\"&ldquo;KIT DE ACCESORIOS DE PESCA CA\u00d1A regulable hasta 2.10m&rdquo; se ha a\u00f1adido a tu carro\" role=\"button\">Agregar al carrito<\/a>    <span id=\"woocommerce_loop_add_to_cart_link_describedby_86335\" class=\"screen-reader-text\">\n            <\/span>\n                                                                                    <\/li>\n                                        <li><a href=\"#\" data-toggle=\"modal\" data-target=\".xs-quick-view-modal-54021-2\"><i class=\"xsicon xsicon-eye\"><\/i><\/a><\/li>\n                                                                                    <li class=\"xs-wishlist-wrapper xs-wishlist\">\n                                                \n<div\n\tclass=\"yith-wcwl-add-to-wishlist add-to-wishlist-86335 yith-wcwl-add-to-wishlist--link-style wishlist-fragment on-first-load\"\n\tdata-fragment-ref=\"86335\"\n\tdata-fragment-options=\"{&quot;base_url&quot;:&quot;&quot;,&quot;product_id&quot;:86335,&quot;parent_product_id&quot;:0,&quot;product_type&quot;:&quot;simple&quot;,&quot;is_single&quot;:false,&quot;in_default_wishlist&quot;:false,&quot;show_view&quot;:false,&quot;browse_wishlist_text&quot;:&quot;Lista Deseos&quot;,&quot;already_in_wishslist_text&quot;:&quot;The producto esta Agregado!&quot;,&quot;product_added_text&quot;:&quot;Producto Agregado!&quot;,&quot;available_multi_wishlist&quot;:false,&quot;disable_wishlist&quot;:false,&quot;show_count&quot;:false,&quot;ajax_loading&quot;:false,&quot;loop_position&quot;:&quot;after_add_to_cart&quot;,&quot;item&quot;:&quot;add_to_wishlist&quot;}\"\n>\n\t\t\t\n\t\t\t<!-- ADD TO WISHLIST -->\n\t\t\t\n<div class=\"yith-wcwl-add-button\">\n\t\t<a\n\t\thref=\"?add_to_wishlist=86335&#038;_wpnonce=98056c7fc2\"\n\t\tclass=\"add_to_wishlist single_add_to_wishlist\"\n\t\tdata-product-id=\"86335\"\n\t\tdata-product-type=\"simple\"\n\t\tdata-original-product-id=\"0\"\n\t\tdata-title=\"Lista Deseos\"\n\t\trel=\"nofollow\"\n\t>\n\t\t<svg id=\"yith-wcwl-icon-heart-outline\" class=\"yith-wcwl-icon-svg\" fill=\"none\" stroke-width=\"1.5\" stroke=\"currentColor\" viewbox=\"0 0 24 24\" xmlns=\"http:\/\/www.w3.org\/2000\/svg\">\n  <path stroke-linecap=\"round\" stroke-linejoin=\"round\" d=\"M21 8.25c0-2.485-2.099-4.5-4.688-4.5-1.935 0-3.597 1.126-4.312 2.733-.715-1.607-2.377-2.733-4.313-2.733C5.1 3.75 3 5.765 3 8.25c0 7.22 9 12 9 12s9-4.78 9-12Z\"><\/path>\n<\/svg>\t\t<span>Lista Deseos<\/span>\n\t<\/a>\n<\/div>\n\n\t\t\t<!-- COUNT TEXT -->\n\t\t\t\n\t\t\t<\/div>\n                                            <\/li>\n                                                                            <\/ul>\n                                    \n                                    <span class=\"product-categories\"><a href = 'https:\/\/bodegaoutdoor.cl\/store\/product-category\/pesca\/'>Pesca<\/a>  <\/span>\n                                    <a class=\"product-title medium\" href=\"https:\/\/bodegaoutdoor.cl\/store\/product\/kit-de-accesorios-de-pesca-cana-regulable-hasta-2-10m\/\">KIT DE ACCESORIOS DE PESCA CA\u00d1A regulable hasta 2.10m<\/a>\n                                    <span class=\"price\"><del aria-hidden=\"true\"><span class=\"woocommerce-Price-amount amount\"><bdi><span class=\"woocommerce-Price-currencySymbol\" translate=\"no\">$<\/span>35,000<\/bdi><\/span><\/del> <span class=\"screen-reader-text\">El precio original era: $35,000.<\/span><ins aria-hidden=\"true\"><span class=\"woocommerce-Price-amount amount\"><bdi><span class=\"woocommerce-Price-currencySymbol\" translate=\"no\">$<\/span>24,990<\/bdi><\/span><\/ins><span class=\"screen-reader-text\">El precio actual es: $24,990.<\/span><\/span>\n                                <\/div>\n                            <\/div>\n                            <div class=\"woocommerce xs-modal xs-modal-quick-view xs-quick-view-modal-54021-2 modal fade\" tabindex=\"-1\" aria-hidden=\"true\">\n    <div class=\"modal-dialog\">\n        <div class=\"modal-content\">\n            <button type=\"button\" class=\"close\" data-dismiss=\"modal\" aria-label=\"Close\">\n                <span class=\"xsicon xsicon-cross\"><\/span>\n            <\/button>\n            <div class=\"container\">\n                <div class=\"row\">\n                    <div class=\"col-md-6\">\n                        <div class=\"images\">\n                                                        <img loading=\"lazy\" decoding=\"async\" width=\"2560\" height=\"2560\" src=\"https:\/\/bodegaoutdoor.cl\/store\/wp-content\/uploads\/2025\/01\/F-126__8_-scaled.jpg\" class=\"attachment-full size-full\" alt=\"\" srcset=\"https:\/\/bodegaoutdoor.cl\/store\/wp-content\/uploads\/2025\/01\/F-126__8_-scaled.jpg 2560w, https:\/\/bodegaoutdoor.cl\/store\/wp-content\/uploads\/2025\/01\/F-126__8_-300x300.jpg 300w, https:\/\/bodegaoutdoor.cl\/store\/wp-content\/uploads\/2025\/01\/F-126__8_-1024x1024.jpg 1024w, https:\/\/bodegaoutdoor.cl\/store\/wp-content\/uploads\/2025\/01\/F-126__8_-150x150.jpg 150w, https:\/\/bodegaoutdoor.cl\/store\/wp-content\/uploads\/2025\/01\/F-126__8_-768x768.jpg 768w, https:\/\/bodegaoutdoor.cl\/store\/wp-content\/uploads\/2025\/01\/F-126__8_-1536x1536.jpg 1536w, https:\/\/bodegaoutdoor.cl\/store\/wp-content\/uploads\/2025\/01\/F-126__8_-2048x2048.jpg 2048w, https:\/\/bodegaoutdoor.cl\/store\/wp-content\/uploads\/2025\/01\/F-126__8_-600x600.jpg 600w, https:\/\/bodegaoutdoor.cl\/store\/wp-content\/uploads\/2025\/01\/F-126__8_-100x100.jpg 100w\" sizes=\"(max-width: 2560px) 100vw, 2560px\" \/>                                                <\/div>\n                    <\/div>\n                    <div class=\"col-md-6 align-self-center\">\n                        <div class=\"summary-content entry-summary\">\n                            <h2 class=\"product_title entry-title\">KIT DE ACCESORIOS DE PESCA CA\u00d1A regulable hasta 2.10m<\/h2><div class=\"product_meta\">\n\n\t\n\t\n\t<span class=\"posted_in\">Categor\u00eda: <a href=\"https:\/\/bodegaoutdoor.cl\/store\/product-category\/pesca\/\" rel=\"tag\">Pesca<\/a><\/span>\n\t\n\t\n<\/div>\n<p class=\"price\"><del aria-hidden=\"true\"><span class=\"woocommerce-Price-amount amount\"><bdi><span class=\"woocommerce-Price-currencySymbol\" translate=\"no\">$<\/span>35,000<\/bdi><\/span><\/del> <span class=\"screen-reader-text\">El precio original era: $35,000.<\/span><ins aria-hidden=\"true\"><span class=\"woocommerce-Price-amount amount\"><bdi><span class=\"woocommerce-Price-currencySymbol\" translate=\"no\">$<\/span>24,990<\/bdi><\/span><\/ins><span class=\"screen-reader-text\">El precio actual es: $24,990.<\/span><\/p>\n\n\t\n\t<form class=\"cart\" action=\"https:\/\/bodegaoutdoor.cl\/store\/product\/kit-de-accesorios-de-pesca-cana-regulable-hasta-2-10m\/\" method=\"post\" enctype='multipart\/form-data'>\n\t\t\n\t\t<div class=\"quantity\">\n\t\t<input type=\"button\" value=\"-\" class=\"minus\" \/>\n\t<label class=\"screen-reader-text\" for=\"quantity_6a9b4b140645c\">KIT DE ACCESORIOS DE PESCA CA\u00d1A regulable hasta 2.10m quantity<\/label>\n\t<input\n\t\ttype=\"number\"\n\t\t\t\tid=\"quantity_6a9b4b140645c\"\n\t\tclass=\"input-text qty text\"\n\t\tname=\"quantity\"\n\t\tvalue=\"1\"\n\t\taria-label=\"Qty\"\n\t\t\t\tmin=\"1\"\n\t\t\t\t\t\t\tstep=\"1\"\n\t\t\tplaceholder=\"\"\n\t\t\tinputmode=\"numeric\"\n\t\t\tautocomplete=\"off\"\n\t\t\t\/>\n\t<input type=\"button\" value=\"+\" class=\"plus\" \/>\n\t<\/div>\n\n\t\t<button type=\"submit\" name=\"add-to-cart\" value=\"86335\" class=\"single_add_to_cart_button button alt\">Agregar al carrito<\/button>\n\n\t\t\t<\/form>\n\n\t\n\n<div\n\tclass=\"yith-wcwl-add-to-wishlist add-to-wishlist-86335 yith-wcwl-add-to-wishlist--link-style wishlist-fragment on-first-load\"\n\tdata-fragment-ref=\"86335\"\n\tdata-fragment-options=\"{&quot;base_url&quot;:&quot;&quot;,&quot;product_id&quot;:86335,&quot;parent_product_id&quot;:0,&quot;product_type&quot;:&quot;simple&quot;,&quot;is_single&quot;:false,&quot;in_default_wishlist&quot;:false,&quot;show_view&quot;:false,&quot;browse_wishlist_text&quot;:&quot;Lista Deseos&quot;,&quot;already_in_wishslist_text&quot;:&quot;The producto esta Agregado!&quot;,&quot;product_added_text&quot;:&quot;Producto Agregado!&quot;,&quot;available_multi_wishlist&quot;:false,&quot;disable_wishlist&quot;:false,&quot;show_count&quot;:false,&quot;ajax_loading&quot;:false,&quot;loop_position&quot;:&quot;after_add_to_cart&quot;,&quot;item&quot;:&quot;add_to_wishlist&quot;}\"\n>\n\t\t\t\n\t\t\t<!-- ADD TO WISHLIST -->\n\t\t\t\n<div class=\"yith-wcwl-add-button\">\n\t\t<a\n\t\thref=\"?add_to_wishlist=86335&#038;_wpnonce=98056c7fc2\"\n\t\tclass=\"add_to_wishlist single_add_to_wishlist\"\n\t\tdata-product-id=\"86335\"\n\t\tdata-product-type=\"simple\"\n\t\tdata-original-product-id=\"0\"\n\t\tdata-title=\"Lista Deseos\"\n\t\trel=\"nofollow\"\n\t>\n\t\t<svg id=\"yith-wcwl-icon-heart-outline\" class=\"yith-wcwl-icon-svg\" fill=\"none\" stroke-width=\"1.5\" stroke=\"currentColor\" viewbox=\"0 0 24 24\" xmlns=\"http:\/\/www.w3.org\/2000\/svg\">\n  <path stroke-linecap=\"round\" stroke-linejoin=\"round\" d=\"M21 8.25c0-2.485-2.099-4.5-4.688-4.5-1.935 0-3.597 1.126-4.312 2.733-.715-1.607-2.377-2.733-4.313-2.733C5.1 3.75 3 5.765 3 8.25c0 7.22 9 12 9 12s9-4.78 9-12Z\"><\/path>\n<\/svg>\t\t<span>Lista Deseos<\/span>\n\t<\/a>\n<\/div>\n\n\t\t\t<!-- COUNT TEXT -->\n\t\t\t\n\t\t\t<\/div>\n                        <\/div>\n                    <\/div>\n                <\/div>\n            <\/div>\n        <\/div>\n    <\/div>\n<\/div><!-- end quickView --><!-- end today gadget section -->                                                        <div class=\"col-lg-3 col-md-6\">\n                                <div class=\"xs-product-wraper version-3 text-center\">\n                                                                        <a class=\"xs_product_img_link\" href=\"https:\/\/bodegaoutdoor.cl\/store\/product\/carpa-techo-camping-3x3-metros\/\">\n                                        <img loading=\"lazy\" decoding=\"async\" width=\"180\" height=\"180\" src=\"https:\/\/bodegaoutdoor.cl\/store\/wp-content\/uploads\/2024\/12\/TECHO-3X3.jpeg\" class=\"attachment-193x180 size-193x180\" alt=\"Carpa Techo Camping 3&#215;3 metros\" srcset=\"https:\/\/bodegaoutdoor.cl\/store\/wp-content\/uploads\/2024\/12\/TECHO-3X3.jpeg 800w, https:\/\/bodegaoutdoor.cl\/store\/wp-content\/uploads\/2024\/12\/TECHO-3X3-300x300.jpeg 300w, https:\/\/bodegaoutdoor.cl\/store\/wp-content\/uploads\/2024\/12\/TECHO-3X3-150x150.jpeg 150w, https:\/\/bodegaoutdoor.cl\/store\/wp-content\/uploads\/2024\/12\/TECHO-3X3-768x768.jpeg 768w, https:\/\/bodegaoutdoor.cl\/store\/wp-content\/uploads\/2024\/12\/TECHO-3X3-600x600.jpeg 600w, https:\/\/bodegaoutdoor.cl\/store\/wp-content\/uploads\/2024\/12\/TECHO-3X3-100x100.jpeg 100w\" sizes=\"(max-width: 180px) 100vw, 180px\" \/>                                    <\/a>\n                                                                        <ul class=\"product-item-meta\">\n                                        <li class=\"xs-cart-wrapper\">\n                                                                                            <a href=\"\/store\/wp-json\/wp\/v2\/pages\/923?add-to-cart=86233\" aria-describedby=\"woocommerce_loop_add_to_cart_link_describedby_86233\" data-quantity=\"1\" class=\"button product_type_simple add_to_cart_button ajax_add_to_cart\" data-product_id=\"86233\" data-product_sku=\"\" aria-label=\"Agregar al carrito: &ldquo;Carpa Techo Camping 3x3 metros&rdquo;\" rel=\"nofollow\" data-success_message=\"&ldquo;Carpa Techo Camping 3x3 metros&rdquo; se ha a\u00f1adido a tu carro\" role=\"button\">Agregar al carrito<\/a>    <span id=\"woocommerce_loop_add_to_cart_link_describedby_86233\" class=\"screen-reader-text\">\n            <\/span>\n                                                                                    <\/li>\n                                        <li><a href=\"#\" data-toggle=\"modal\" data-target=\".xs-quick-view-modal-47837-3\"><i class=\"xsicon xsicon-eye\"><\/i><\/a><\/li>\n                                                                                    <li class=\"xs-wishlist-wrapper xs-wishlist\">\n                                                \n<div\n\tclass=\"yith-wcwl-add-to-wishlist add-to-wishlist-86233 yith-wcwl-add-to-wishlist--link-style wishlist-fragment on-first-load\"\n\tdata-fragment-ref=\"86233\"\n\tdata-fragment-options=\"{&quot;base_url&quot;:&quot;&quot;,&quot;product_id&quot;:86233,&quot;parent_product_id&quot;:0,&quot;product_type&quot;:&quot;simple&quot;,&quot;is_single&quot;:false,&quot;in_default_wishlist&quot;:false,&quot;show_view&quot;:false,&quot;browse_wishlist_text&quot;:&quot;Lista Deseos&quot;,&quot;already_in_wishslist_text&quot;:&quot;The producto esta Agregado!&quot;,&quot;product_added_text&quot;:&quot;Producto Agregado!&quot;,&quot;available_multi_wishlist&quot;:false,&quot;disable_wishlist&quot;:false,&quot;show_count&quot;:false,&quot;ajax_loading&quot;:false,&quot;loop_position&quot;:&quot;after_add_to_cart&quot;,&quot;item&quot;:&quot;add_to_wishlist&quot;}\"\n>\n\t\t\t\n\t\t\t<!-- ADD TO WISHLIST -->\n\t\t\t\n<div class=\"yith-wcwl-add-button\">\n\t\t<a\n\t\thref=\"?add_to_wishlist=86233&#038;_wpnonce=98056c7fc2\"\n\t\tclass=\"add_to_wishlist single_add_to_wishlist\"\n\t\tdata-product-id=\"86233\"\n\t\tdata-product-type=\"simple\"\n\t\tdata-original-product-id=\"0\"\n\t\tdata-title=\"Lista Deseos\"\n\t\trel=\"nofollow\"\n\t>\n\t\t<svg id=\"yith-wcwl-icon-heart-outline\" class=\"yith-wcwl-icon-svg\" fill=\"none\" stroke-width=\"1.5\" stroke=\"currentColor\" viewbox=\"0 0 24 24\" xmlns=\"http:\/\/www.w3.org\/2000\/svg\">\n  <path stroke-linecap=\"round\" stroke-linejoin=\"round\" d=\"M21 8.25c0-2.485-2.099-4.5-4.688-4.5-1.935 0-3.597 1.126-4.312 2.733-.715-1.607-2.377-2.733-4.313-2.733C5.1 3.75 3 5.765 3 8.25c0 7.22 9 12 9 12s9-4.78 9-12Z\"><\/path>\n<\/svg>\t\t<span>Lista Deseos<\/span>\n\t<\/a>\n<\/div>\n\n\t\t\t<!-- COUNT TEXT -->\n\t\t\t\n\t\t\t<\/div>\n                                            <\/li>\n                                                                            <\/ul>\n                                    \n                                    <span class=\"product-categories\"><a href = 'https:\/\/bodegaoutdoor.cl\/store\/product-category\/camping\/'>Camping<\/a>  <\/span>\n                                    <a class=\"product-title medium\" href=\"https:\/\/bodegaoutdoor.cl\/store\/product\/carpa-techo-camping-3x3-metros\/\">Carpa Techo Camping 3&#215;3 metros<\/a>\n                                    <span class=\"price\"><del aria-hidden=\"true\"><span class=\"woocommerce-Price-amount amount\"><bdi><span class=\"woocommerce-Price-currencySymbol\" translate=\"no\">$<\/span>100,000<\/bdi><\/span><\/del> <span class=\"screen-reader-text\">El precio original era: $100,000.<\/span><ins aria-hidden=\"true\"><span class=\"woocommerce-Price-amount amount\"><bdi><span class=\"woocommerce-Price-currencySymbol\" translate=\"no\">$<\/span>49,990<\/bdi><\/span><\/ins><span class=\"screen-reader-text\">El precio actual es: $49,990.<\/span><\/span>\n                                <\/div>\n                            <\/div>\n                            <div class=\"woocommerce xs-modal xs-modal-quick-view xs-quick-view-modal-47837-3 modal fade\" tabindex=\"-1\" aria-hidden=\"true\">\n    <div class=\"modal-dialog\">\n        <div class=\"modal-content\">\n            <button type=\"button\" class=\"close\" data-dismiss=\"modal\" aria-label=\"Close\">\n                <span class=\"xsicon xsicon-cross\"><\/span>\n            <\/button>\n            <div class=\"container\">\n                <div class=\"row\">\n                    <div class=\"col-md-6\">\n                        <div class=\"images\">\n                                                        <img loading=\"lazy\" decoding=\"async\" width=\"800\" height=\"800\" src=\"https:\/\/bodegaoutdoor.cl\/store\/wp-content\/uploads\/2024\/12\/TECHO-3X3.jpeg\" class=\"attachment-full size-full\" alt=\"\" srcset=\"https:\/\/bodegaoutdoor.cl\/store\/wp-content\/uploads\/2024\/12\/TECHO-3X3.jpeg 800w, https:\/\/bodegaoutdoor.cl\/store\/wp-content\/uploads\/2024\/12\/TECHO-3X3-300x300.jpeg 300w, https:\/\/bodegaoutdoor.cl\/store\/wp-content\/uploads\/2024\/12\/TECHO-3X3-150x150.jpeg 150w, https:\/\/bodegaoutdoor.cl\/store\/wp-content\/uploads\/2024\/12\/TECHO-3X3-768x768.jpeg 768w, https:\/\/bodegaoutdoor.cl\/store\/wp-content\/uploads\/2024\/12\/TECHO-3X3-600x600.jpeg 600w, https:\/\/bodegaoutdoor.cl\/store\/wp-content\/uploads\/2024\/12\/TECHO-3X3-100x100.jpeg 100w\" sizes=\"(max-width: 800px) 100vw, 800px\" \/>                                                <\/div>\n                    <\/div>\n                    <div class=\"col-md-6 align-self-center\">\n                        <div class=\"summary-content entry-summary\">\n                            <h2 class=\"product_title entry-title\">Carpa Techo Camping 3&#215;3 metros<\/h2><div class=\"product_meta\">\n\n\t\n\t\n\t<span class=\"posted_in\">Categor\u00eda: <a href=\"https:\/\/bodegaoutdoor.cl\/store\/product-category\/camping\/\" rel=\"tag\">Camping<\/a><\/span>\n\t<span class=\"tagged_as\">Etiquetas: <a href=\"https:\/\/bodegaoutdoor.cl\/store\/product-tag\/camping\/\" rel=\"tag\">camping<\/a>, <a href=\"https:\/\/bodegaoutdoor.cl\/store\/product-tag\/carpa\/\" rel=\"tag\">carpa<\/a>, <a href=\"https:\/\/bodegaoutdoor.cl\/store\/product-tag\/techo\/\" rel=\"tag\">techo<\/a><\/span>\n\t\n<\/div>\n<p class=\"price\"><del aria-hidden=\"true\"><span class=\"woocommerce-Price-amount amount\"><bdi><span class=\"woocommerce-Price-currencySymbol\" translate=\"no\">$<\/span>100,000<\/bdi><\/span><\/del> <span class=\"screen-reader-text\">El precio original era: $100,000.<\/span><ins aria-hidden=\"true\"><span class=\"woocommerce-Price-amount amount\"><bdi><span class=\"woocommerce-Price-currencySymbol\" translate=\"no\">$<\/span>49,990<\/bdi><\/span><\/ins><span class=\"screen-reader-text\">El precio actual es: $49,990.<\/span><\/p>\n\n\t\n\t<form class=\"cart\" action=\"https:\/\/bodegaoutdoor.cl\/store\/product\/carpa-techo-camping-3x3-metros\/\" method=\"post\" enctype='multipart\/form-data'>\n\t\t\n\t\t<div class=\"quantity\">\n\t\t<input type=\"button\" value=\"-\" class=\"minus\" \/>\n\t<label class=\"screen-reader-text\" for=\"quantity_6a9b4b1424873\">Carpa Techo Camping 3x3 metros quantity<\/label>\n\t<input\n\t\ttype=\"number\"\n\t\t\t\tid=\"quantity_6a9b4b1424873\"\n\t\tclass=\"input-text qty text\"\n\t\tname=\"quantity\"\n\t\tvalue=\"1\"\n\t\taria-label=\"Qty\"\n\t\t\t\tmin=\"1\"\n\t\t\t\t\t\t\tstep=\"1\"\n\t\t\tplaceholder=\"\"\n\t\t\tinputmode=\"numeric\"\n\t\t\tautocomplete=\"off\"\n\t\t\t\/>\n\t<input type=\"button\" value=\"+\" class=\"plus\" \/>\n\t<\/div>\n\n\t\t<button type=\"submit\" name=\"add-to-cart\" value=\"86233\" class=\"single_add_to_cart_button button alt\">Agregar al carrito<\/button>\n\n\t\t\t<\/form>\n\n\t\n\n<div\n\tclass=\"yith-wcwl-add-to-wishlist add-to-wishlist-86233 yith-wcwl-add-to-wishlist--link-style wishlist-fragment on-first-load\"\n\tdata-fragment-ref=\"86233\"\n\tdata-fragment-options=\"{&quot;base_url&quot;:&quot;&quot;,&quot;product_id&quot;:86233,&quot;parent_product_id&quot;:0,&quot;product_type&quot;:&quot;simple&quot;,&quot;is_single&quot;:false,&quot;in_default_wishlist&quot;:false,&quot;show_view&quot;:false,&quot;browse_wishlist_text&quot;:&quot;Lista Deseos&quot;,&quot;already_in_wishslist_text&quot;:&quot;The producto esta Agregado!&quot;,&quot;product_added_text&quot;:&quot;Producto Agregado!&quot;,&quot;available_multi_wishlist&quot;:false,&quot;disable_wishlist&quot;:false,&quot;show_count&quot;:false,&quot;ajax_loading&quot;:false,&quot;loop_position&quot;:&quot;after_add_to_cart&quot;,&quot;item&quot;:&quot;add_to_wishlist&quot;}\"\n>\n\t\t\t\n\t\t\t<!-- ADD TO WISHLIST -->\n\t\t\t\n<div class=\"yith-wcwl-add-button\">\n\t\t<a\n\t\thref=\"?add_to_wishlist=86233&#038;_wpnonce=98056c7fc2\"\n\t\tclass=\"add_to_wishlist single_add_to_wishlist\"\n\t\tdata-product-id=\"86233\"\n\t\tdata-product-type=\"simple\"\n\t\tdata-original-product-id=\"0\"\n\t\tdata-title=\"Lista Deseos\"\n\t\trel=\"nofollow\"\n\t>\n\t\t<svg id=\"yith-wcwl-icon-heart-outline\" class=\"yith-wcwl-icon-svg\" fill=\"none\" stroke-width=\"1.5\" stroke=\"currentColor\" viewbox=\"0 0 24 24\" xmlns=\"http:\/\/www.w3.org\/2000\/svg\">\n  <path stroke-linecap=\"round\" stroke-linejoin=\"round\" d=\"M21 8.25c0-2.485-2.099-4.5-4.688-4.5-1.935 0-3.597 1.126-4.312 2.733-.715-1.607-2.377-2.733-4.313-2.733C5.1 3.75 3 5.765 3 8.25c0 7.22 9 12 9 12s9-4.78 9-12Z\"><\/path>\n<\/svg>\t\t<span>Lista Deseos<\/span>\n\t<\/a>\n<\/div>\n\n\t\t\t<!-- COUNT TEXT -->\n\t\t\t\n\t\t\t<\/div>\n                        <\/div>\n                    <\/div>\n                <\/div>\n            <\/div>\n        <\/div>\n    <\/div>\n<\/div><!-- end quickView --><!-- end today gadget section -->                                                        <div class=\"col-lg-3 col-md-6\">\n                                <div class=\"xs-product-wraper version-3 text-center\">\n                                                                        <a class=\"xs_product_img_link\" href=\"https:\/\/bodegaoutdoor.cl\/store\/product\/gorro-police\/\">\n                                        <img loading=\"lazy\" decoding=\"async\" width=\"182\" height=\"180\" src=\"https:\/\/bodegaoutdoor.cl\/store\/wp-content\/uploads\/2024\/12\/WhatsApp-Image-2024-05-16-at-9.44.56-AM.jpeg\" class=\"attachment-193x180 size-193x180\" alt=\"GORRO JOCKEY POLICE\" srcset=\"https:\/\/bodegaoutdoor.cl\/store\/wp-content\/uploads\/2024\/12\/WhatsApp-Image-2024-05-16-at-9.44.56-AM.jpeg 829w, https:\/\/bodegaoutdoor.cl\/store\/wp-content\/uploads\/2024\/12\/WhatsApp-Image-2024-05-16-at-9.44.56-AM-300x296.jpeg 300w, https:\/\/bodegaoutdoor.cl\/store\/wp-content\/uploads\/2024\/12\/WhatsApp-Image-2024-05-16-at-9.44.56-AM-768x758.jpeg 768w, https:\/\/bodegaoutdoor.cl\/store\/wp-content\/uploads\/2024\/12\/WhatsApp-Image-2024-05-16-at-9.44.56-AM-600x592.jpeg 600w, https:\/\/bodegaoutdoor.cl\/store\/wp-content\/uploads\/2024\/12\/WhatsApp-Image-2024-05-16-at-9.44.56-AM-100x100.jpeg 100w\" sizes=\"(max-width: 182px) 100vw, 182px\" \/>                                    <\/a>\n                                                                        <ul class=\"product-item-meta\">\n                                        <li class=\"xs-cart-wrapper\">\n                                                                                            <a href=\"\/store\/wp-json\/wp\/v2\/pages\/923?add-to-cart=86229\" aria-describedby=\"woocommerce_loop_add_to_cart_link_describedby_86229\" data-quantity=\"1\" class=\"button product_type_simple add_to_cart_button ajax_add_to_cart\" data-product_id=\"86229\" data-product_sku=\"\" aria-label=\"Agregar al carrito: &ldquo;GORRO JOCKEY POLICE&rdquo;\" rel=\"nofollow\" data-success_message=\"&ldquo;GORRO JOCKEY POLICE&rdquo; se ha a\u00f1adido a tu carro\" role=\"button\">Agregar al carrito<\/a>    <span id=\"woocommerce_loop_add_to_cart_link_describedby_86229\" class=\"screen-reader-text\">\n            <\/span>\n                                                                                    <\/li>\n                                        <li><a href=\"#\" data-toggle=\"modal\" data-target=\".xs-quick-view-modal-13453-4\"><i class=\"xsicon xsicon-eye\"><\/i><\/a><\/li>\n                                                                                    <li class=\"xs-wishlist-wrapper xs-wishlist\">\n                                                \n<div\n\tclass=\"yith-wcwl-add-to-wishlist add-to-wishlist-86229 yith-wcwl-add-to-wishlist--link-style wishlist-fragment on-first-load\"\n\tdata-fragment-ref=\"86229\"\n\tdata-fragment-options=\"{&quot;base_url&quot;:&quot;&quot;,&quot;product_id&quot;:86229,&quot;parent_product_id&quot;:0,&quot;product_type&quot;:&quot;simple&quot;,&quot;is_single&quot;:false,&quot;in_default_wishlist&quot;:false,&quot;show_view&quot;:false,&quot;browse_wishlist_text&quot;:&quot;Lista Deseos&quot;,&quot;already_in_wishslist_text&quot;:&quot;The producto esta Agregado!&quot;,&quot;product_added_text&quot;:&quot;Producto Agregado!&quot;,&quot;available_multi_wishlist&quot;:false,&quot;disable_wishlist&quot;:false,&quot;show_count&quot;:false,&quot;ajax_loading&quot;:false,&quot;loop_position&quot;:&quot;after_add_to_cart&quot;,&quot;item&quot;:&quot;add_to_wishlist&quot;}\"\n>\n\t\t\t\n\t\t\t<!-- ADD TO WISHLIST -->\n\t\t\t\n<div class=\"yith-wcwl-add-button\">\n\t\t<a\n\t\thref=\"?add_to_wishlist=86229&#038;_wpnonce=98056c7fc2\"\n\t\tclass=\"add_to_wishlist single_add_to_wishlist\"\n\t\tdata-product-id=\"86229\"\n\t\tdata-product-type=\"simple\"\n\t\tdata-original-product-id=\"0\"\n\t\tdata-title=\"Lista Deseos\"\n\t\trel=\"nofollow\"\n\t>\n\t\t<svg id=\"yith-wcwl-icon-heart-outline\" class=\"yith-wcwl-icon-svg\" fill=\"none\" stroke-width=\"1.5\" stroke=\"currentColor\" viewbox=\"0 0 24 24\" xmlns=\"http:\/\/www.w3.org\/2000\/svg\">\n  <path stroke-linecap=\"round\" stroke-linejoin=\"round\" d=\"M21 8.25c0-2.485-2.099-4.5-4.688-4.5-1.935 0-3.597 1.126-4.312 2.733-.715-1.607-2.377-2.733-4.313-2.733C5.1 3.75 3 5.765 3 8.25c0 7.22 9 12 9 12s9-4.78 9-12Z\"><\/path>\n<\/svg>\t\t<span>Lista Deseos<\/span>\n\t<\/a>\n<\/div>\n\n\t\t\t<!-- COUNT TEXT -->\n\t\t\t\n\t\t\t<\/div>\n                                            <\/li>\n                                                                            <\/ul>\n                                    \n                                    <span class=\"product-categories\"><a href = 'https:\/\/bodegaoutdoor.cl\/store\/product-category\/gorros\/'>Gorros<\/a>  <\/span>\n                                    <a class=\"product-title medium\" href=\"https:\/\/bodegaoutdoor.cl\/store\/product\/gorro-police\/\">GORRO JOCKEY POLICE<\/a>\n                                    <span class=\"price\"><del aria-hidden=\"true\"><span class=\"woocommerce-Price-amount amount\"><bdi><span class=\"woocommerce-Price-currencySymbol\" translate=\"no\">$<\/span>15,000<\/bdi><\/span><\/del> <span class=\"screen-reader-text\">El precio original era: $15,000.<\/span><ins aria-hidden=\"true\"><span class=\"woocommerce-Price-amount amount\"><bdi><span class=\"woocommerce-Price-currencySymbol\" translate=\"no\">$<\/span>9,990<\/bdi><\/span><\/ins><span class=\"screen-reader-text\">El precio actual es: $9,990.<\/span><\/span>\n                                <\/div>\n                            <\/div>\n                            <div class=\"woocommerce xs-modal xs-modal-quick-view xs-quick-view-modal-13453-4 modal fade\" tabindex=\"-1\" aria-hidden=\"true\">\n    <div class=\"modal-dialog\">\n        <div class=\"modal-content\">\n            <button type=\"button\" class=\"close\" data-dismiss=\"modal\" aria-label=\"Close\">\n                <span class=\"xsicon xsicon-cross\"><\/span>\n            <\/button>\n            <div class=\"container\">\n                <div class=\"row\">\n                    <div class=\"col-md-6\">\n                        <div class=\"images\">\n                                                        <img loading=\"lazy\" decoding=\"async\" width=\"829\" height=\"818\" src=\"https:\/\/bodegaoutdoor.cl\/store\/wp-content\/uploads\/2024\/12\/WhatsApp-Image-2024-05-16-at-9.44.56-AM.jpeg\" class=\"attachment-full size-full\" alt=\"\" srcset=\"https:\/\/bodegaoutdoor.cl\/store\/wp-content\/uploads\/2024\/12\/WhatsApp-Image-2024-05-16-at-9.44.56-AM.jpeg 829w, https:\/\/bodegaoutdoor.cl\/store\/wp-content\/uploads\/2024\/12\/WhatsApp-Image-2024-05-16-at-9.44.56-AM-300x296.jpeg 300w, https:\/\/bodegaoutdoor.cl\/store\/wp-content\/uploads\/2024\/12\/WhatsApp-Image-2024-05-16-at-9.44.56-AM-768x758.jpeg 768w, https:\/\/bodegaoutdoor.cl\/store\/wp-content\/uploads\/2024\/12\/WhatsApp-Image-2024-05-16-at-9.44.56-AM-600x592.jpeg 600w, https:\/\/bodegaoutdoor.cl\/store\/wp-content\/uploads\/2024\/12\/WhatsApp-Image-2024-05-16-at-9.44.56-AM-100x100.jpeg 100w\" sizes=\"(max-width: 829px) 100vw, 829px\" \/>                                                <\/div>\n                    <\/div>\n                    <div class=\"col-md-6 align-self-center\">\n                        <div class=\"summary-content entry-summary\">\n                            <h2 class=\"product_title entry-title\">GORRO JOCKEY POLICE<\/h2><div class=\"product_meta\">\n\n\t\n\t\n\t<span class=\"posted_in\">Categor\u00eda: <a href=\"https:\/\/bodegaoutdoor.cl\/store\/product-category\/gorros\/\" rel=\"tag\">Gorros<\/a><\/span>\n\t\n\t\n<\/div>\n<p class=\"price\"><del aria-hidden=\"true\"><span class=\"woocommerce-Price-amount amount\"><bdi><span class=\"woocommerce-Price-currencySymbol\" translate=\"no\">$<\/span>15,000<\/bdi><\/span><\/del> <span class=\"screen-reader-text\">El precio original era: $15,000.<\/span><ins aria-hidden=\"true\"><span class=\"woocommerce-Price-amount amount\"><bdi><span class=\"woocommerce-Price-currencySymbol\" translate=\"no\">$<\/span>9,990<\/bdi><\/span><\/ins><span class=\"screen-reader-text\">El precio actual es: $9,990.<\/span><\/p>\n\n\t\n\t<form class=\"cart\" action=\"https:\/\/bodegaoutdoor.cl\/store\/product\/gorro-police\/\" method=\"post\" enctype='multipart\/form-data'>\n\t\t\n\t\t<div class=\"quantity\">\n\t\t<input type=\"button\" value=\"-\" class=\"minus\" \/>\n\t<label class=\"screen-reader-text\" for=\"quantity_6a9b4b1442654\">GORRO JOCKEY POLICE quantity<\/label>\n\t<input\n\t\ttype=\"number\"\n\t\t\t\tid=\"quantity_6a9b4b1442654\"\n\t\tclass=\"input-text qty text\"\n\t\tname=\"quantity\"\n\t\tvalue=\"1\"\n\t\taria-label=\"Qty\"\n\t\t\t\tmin=\"1\"\n\t\t\t\t\t\t\tstep=\"1\"\n\t\t\tplaceholder=\"\"\n\t\t\tinputmode=\"numeric\"\n\t\t\tautocomplete=\"off\"\n\t\t\t\/>\n\t<input type=\"button\" value=\"+\" class=\"plus\" \/>\n\t<\/div>\n\n\t\t<button type=\"submit\" name=\"add-to-cart\" value=\"86229\" class=\"single_add_to_cart_button button alt\">Agregar al carrito<\/button>\n\n\t\t\t<\/form>\n\n\t\n\n<div\n\tclass=\"yith-wcwl-add-to-wishlist add-to-wishlist-86229 yith-wcwl-add-to-wishlist--link-style wishlist-fragment on-first-load\"\n\tdata-fragment-ref=\"86229\"\n\tdata-fragment-options=\"{&quot;base_url&quot;:&quot;&quot;,&quot;product_id&quot;:86229,&quot;parent_product_id&quot;:0,&quot;product_type&quot;:&quot;simple&quot;,&quot;is_single&quot;:false,&quot;in_default_wishlist&quot;:false,&quot;show_view&quot;:false,&quot;browse_wishlist_text&quot;:&quot;Lista Deseos&quot;,&quot;already_in_wishslist_text&quot;:&quot;The producto esta Agregado!&quot;,&quot;product_added_text&quot;:&quot;Producto Agregado!&quot;,&quot;available_multi_wishlist&quot;:false,&quot;disable_wishlist&quot;:false,&quot;show_count&quot;:false,&quot;ajax_loading&quot;:false,&quot;loop_position&quot;:&quot;after_add_to_cart&quot;,&quot;item&quot;:&quot;add_to_wishlist&quot;}\"\n>\n\t\t\t\n\t\t\t<!-- ADD TO WISHLIST -->\n\t\t\t\n<div class=\"yith-wcwl-add-button\">\n\t\t<a\n\t\thref=\"?add_to_wishlist=86229&#038;_wpnonce=98056c7fc2\"\n\t\tclass=\"add_to_wishlist single_add_to_wishlist\"\n\t\tdata-product-id=\"86229\"\n\t\tdata-product-type=\"simple\"\n\t\tdata-original-product-id=\"0\"\n\t\tdata-title=\"Lista Deseos\"\n\t\trel=\"nofollow\"\n\t>\n\t\t<svg id=\"yith-wcwl-icon-heart-outline\" class=\"yith-wcwl-icon-svg\" fill=\"none\" stroke-width=\"1.5\" stroke=\"currentColor\" viewbox=\"0 0 24 24\" xmlns=\"http:\/\/www.w3.org\/2000\/svg\">\n  <path stroke-linecap=\"round\" stroke-linejoin=\"round\" d=\"M21 8.25c0-2.485-2.099-4.5-4.688-4.5-1.935 0-3.597 1.126-4.312 2.733-.715-1.607-2.377-2.733-4.313-2.733C5.1 3.75 3 5.765 3 8.25c0 7.22 9 12 9 12s9-4.78 9-12Z\"><\/path>\n<\/svg>\t\t<span>Lista Deseos<\/span>\n\t<\/a>\n<\/div>\n\n\t\t\t<!-- COUNT TEXT -->\n\t\t\t\n\t\t\t<\/div>\n                        <\/div>\n                    <\/div>\n                <\/div>\n            <\/div>\n        <\/div>\n    <\/div>\n<\/div><!-- end quickView --><!-- end today gadget section -->                                            <\/div>\n            <\/div>\n                                <div class=\"tab-pane fade \"\n                 id=\"xs-tabs-79644-2\"\n                 >\n                <div class=\"row\">\n                                    <\/div>\n            <\/div>\n                                <div class=\"tab-pane fade \"\n                 id=\"xs-tabs-79644-3\"\n                 >\n                <div class=\"row\">\n                                                <div class=\"col-lg-3 col-md-6\">\n                                <div class=\"xs-product-wraper version-3 text-center\">\n                                                                        <a class=\"xs_product_img_link\" href=\"https:\/\/bodegaoutdoor.cl\/store\/product\/neumatico-para-enduro-120-100-18-medium-soft\/\">\n                                        <img decoding=\"async\" width=\"101\" height=\"180\" src=\"https:\/\/bodegaoutdoor.cl\/store\/wp-content\/uploads\/2026\/05\/WhatsApp-Image-2026-05-17-at-17.30.44.jpeg\" class=\"attachment-193x180 size-193x180\" alt=\"Neumatico para enduro 120\/100\/18 Medium soft\" srcset=\"https:\/\/bodegaoutdoor.cl\/store\/wp-content\/uploads\/2026\/05\/WhatsApp-Image-2026-05-17-at-17.30.44.jpeg 900w, https:\/\/bodegaoutdoor.cl\/store\/wp-content\/uploads\/2026\/05\/WhatsApp-Image-2026-05-17-at-17.30.44-169x300.jpeg 169w, https:\/\/bodegaoutdoor.cl\/store\/wp-content\/uploads\/2026\/05\/WhatsApp-Image-2026-05-17-at-17.30.44-576x1024.jpeg 576w, https:\/\/bodegaoutdoor.cl\/store\/wp-content\/uploads\/2026\/05\/WhatsApp-Image-2026-05-17-at-17.30.44-768x1365.jpeg 768w, https:\/\/bodegaoutdoor.cl\/store\/wp-content\/uploads\/2026\/05\/WhatsApp-Image-2026-05-17-at-17.30.44-864x1536.jpeg 864w, https:\/\/bodegaoutdoor.cl\/store\/wp-content\/uploads\/2026\/05\/WhatsApp-Image-2026-05-17-at-17.30.44-600x1067.jpeg 600w\" sizes=\"(max-width: 101px) 100vw, 101px\" \/>                                    <\/a>\n                                                                        <ul class=\"product-item-meta\">\n                                        <li class=\"xs-cart-wrapper\">\n                                                                                            <a href=\"\/store\/wp-json\/wp\/v2\/pages\/923?add-to-cart=89328\" aria-describedby=\"woocommerce_loop_add_to_cart_link_describedby_89328\" data-quantity=\"1\" class=\"button product_type_simple add_to_cart_button ajax_add_to_cart\" data-product_id=\"89328\" data-product_sku=\"\" aria-label=\"Agregar al carrito: &ldquo;Neumatico para enduro 120\/100\/18 Medium soft&rdquo;\" rel=\"nofollow\" data-success_message=\"&ldquo;Neumatico para enduro 120\/100\/18 Medium soft&rdquo; se ha a\u00f1adido a tu carro\" role=\"button\">Agregar al carrito<\/a>    <span id=\"woocommerce_loop_add_to_cart_link_describedby_89328\" class=\"screen-reader-text\">\n            <\/span>\n                                                                                    <\/li>\n                                        <li><a href=\"#\" data-toggle=\"modal\" data-target=\".xs-quick-view-modal-49542-1\"><i class=\"xsicon xsicon-eye\"><\/i><\/a><\/li>\n                                                                                    <li class=\"xs-wishlist-wrapper xs-wishlist\">\n                                                \n<div\n\tclass=\"yith-wcwl-add-to-wishlist add-to-wishlist-89328 yith-wcwl-add-to-wishlist--link-style wishlist-fragment on-first-load\"\n\tdata-fragment-ref=\"89328\"\n\tdata-fragment-options=\"{&quot;base_url&quot;:&quot;&quot;,&quot;product_id&quot;:89328,&quot;parent_product_id&quot;:0,&quot;product_type&quot;:&quot;simple&quot;,&quot;is_single&quot;:false,&quot;in_default_wishlist&quot;:false,&quot;show_view&quot;:false,&quot;browse_wishlist_text&quot;:&quot;Lista Deseos&quot;,&quot;already_in_wishslist_text&quot;:&quot;The producto esta Agregado!&quot;,&quot;product_added_text&quot;:&quot;Producto Agregado!&quot;,&quot;available_multi_wishlist&quot;:false,&quot;disable_wishlist&quot;:false,&quot;show_count&quot;:false,&quot;ajax_loading&quot;:false,&quot;loop_position&quot;:&quot;after_add_to_cart&quot;,&quot;item&quot;:&quot;add_to_wishlist&quot;}\"\n>\n\t\t\t\n\t\t\t<!-- ADD TO WISHLIST -->\n\t\t\t\n<div class=\"yith-wcwl-add-button\">\n\t\t<a\n\t\thref=\"?add_to_wishlist=89328&#038;_wpnonce=98056c7fc2\"\n\t\tclass=\"add_to_wishlist single_add_to_wishlist\"\n\t\tdata-product-id=\"89328\"\n\t\tdata-product-type=\"simple\"\n\t\tdata-original-product-id=\"0\"\n\t\tdata-title=\"Lista Deseos\"\n\t\trel=\"nofollow\"\n\t>\n\t\t<svg id=\"yith-wcwl-icon-heart-outline\" class=\"yith-wcwl-icon-svg\" fill=\"none\" stroke-width=\"1.5\" stroke=\"currentColor\" viewbox=\"0 0 24 24\" xmlns=\"http:\/\/www.w3.org\/2000\/svg\">\n  <path stroke-linecap=\"round\" stroke-linejoin=\"round\" d=\"M21 8.25c0-2.485-2.099-4.5-4.688-4.5-1.935 0-3.597 1.126-4.312 2.733-.715-1.607-2.377-2.733-4.313-2.733C5.1 3.75 3 5.765 3 8.25c0 7.22 9 12 9 12s9-4.78 9-12Z\"><\/path>\n<\/svg>\t\t<span>Lista Deseos<\/span>\n\t<\/a>\n<\/div>\n\n\t\t\t<!-- COUNT TEXT -->\n\t\t\t\n\t\t\t<\/div>\n                                            <\/li>\n                                                                            <\/ul>\n                                    \n                                    <span class=\"product-categories\"><a href = 'https:\/\/bodegaoutdoor.cl\/store\/product-category\/airsoft\/'>Airsoft<\/a>  <\/span>\n                                    <a class=\"product-title medium\" href=\"https:\/\/bodegaoutdoor.cl\/store\/product\/neumatico-para-enduro-120-100-18-medium-soft\/\">Neumatico para enduro 120\/100\/18 Medium soft<\/a>\n                                    <span class=\"price\"><del aria-hidden=\"true\"><span class=\"woocommerce-Price-amount amount\"><bdi><span class=\"woocommerce-Price-currencySymbol\" translate=\"no\">$<\/span>99,900<\/bdi><\/span><\/del> <span class=\"screen-reader-text\">El precio original era: $99,900.<\/span><ins aria-hidden=\"true\"><span class=\"woocommerce-Price-amount amount\"><bdi><span class=\"woocommerce-Price-currencySymbol\" translate=\"no\">$<\/span>52,990<\/bdi><\/span><\/ins><span class=\"screen-reader-text\">El precio actual es: $52,990.<\/span><\/span>\n                                <\/div>\n                            <\/div>\n                            <div class=\"woocommerce xs-modal xs-modal-quick-view xs-quick-view-modal-49542-1 modal fade\" tabindex=\"-1\" aria-hidden=\"true\">\n    <div class=\"modal-dialog\">\n        <div class=\"modal-content\">\n            <button type=\"button\" class=\"close\" data-dismiss=\"modal\" aria-label=\"Close\">\n                <span class=\"xsicon xsicon-cross\"><\/span>\n            <\/button>\n            <div class=\"container\">\n                <div class=\"row\">\n                    <div class=\"col-md-6\">\n                        <div class=\"images\">\n                                                        <img loading=\"lazy\" decoding=\"async\" width=\"900\" height=\"1600\" src=\"https:\/\/bodegaoutdoor.cl\/store\/wp-content\/uploads\/2026\/05\/WhatsApp-Image-2026-05-17-at-17.30.44.jpeg\" class=\"attachment-full size-full\" alt=\"\" srcset=\"https:\/\/bodegaoutdoor.cl\/store\/wp-content\/uploads\/2026\/05\/WhatsApp-Image-2026-05-17-at-17.30.44.jpeg 900w, https:\/\/bodegaoutdoor.cl\/store\/wp-content\/uploads\/2026\/05\/WhatsApp-Image-2026-05-17-at-17.30.44-169x300.jpeg 169w, https:\/\/bodegaoutdoor.cl\/store\/wp-content\/uploads\/2026\/05\/WhatsApp-Image-2026-05-17-at-17.30.44-576x1024.jpeg 576w, https:\/\/bodegaoutdoor.cl\/store\/wp-content\/uploads\/2026\/05\/WhatsApp-Image-2026-05-17-at-17.30.44-768x1365.jpeg 768w, https:\/\/bodegaoutdoor.cl\/store\/wp-content\/uploads\/2026\/05\/WhatsApp-Image-2026-05-17-at-17.30.44-864x1536.jpeg 864w, https:\/\/bodegaoutdoor.cl\/store\/wp-content\/uploads\/2026\/05\/WhatsApp-Image-2026-05-17-at-17.30.44-600x1067.jpeg 600w\" sizes=\"(max-width: 900px) 100vw, 900px\" \/>                                                <\/div>\n                    <\/div>\n                    <div class=\"col-md-6 align-self-center\">\n                        <div class=\"summary-content entry-summary\">\n                            <h2 class=\"product_title entry-title\">Neumatico para enduro 120\/100\/18 Medium soft<\/h2><div class=\"product_meta\">\n\n\t\n\t\n\t<span class=\"posted_in\">Categor\u00eda: <a href=\"https:\/\/bodegaoutdoor.cl\/store\/product-category\/airsoft\/\" rel=\"tag\">Airsoft<\/a><\/span>\n\t\n\t\n<\/div>\n<div class=\"woocommerce-product-details__short-description\">\n\t<p>Marca CALS<\/p>\n<\/div>\n<p class=\"price\"><del aria-hidden=\"true\"><span class=\"woocommerce-Price-amount amount\"><bdi><span class=\"woocommerce-Price-currencySymbol\" translate=\"no\">$<\/span>99,900<\/bdi><\/span><\/del> <span class=\"screen-reader-text\">El precio original era: $99,900.<\/span><ins aria-hidden=\"true\"><span class=\"woocommerce-Price-amount amount\"><bdi><span class=\"woocommerce-Price-currencySymbol\" translate=\"no\">$<\/span>52,990<\/bdi><\/span><\/ins><span class=\"screen-reader-text\">El precio actual es: $52,990.<\/span><\/p>\n\n\t\n\t<form class=\"cart\" action=\"https:\/\/bodegaoutdoor.cl\/store\/product\/neumatico-para-enduro-120-100-18-medium-soft\/\" method=\"post\" enctype='multipart\/form-data'>\n\t\t\n\t\t<div class=\"quantity\">\n\t\t<input type=\"button\" value=\"-\" class=\"minus\" \/>\n\t<label class=\"screen-reader-text\" for=\"quantity_6a9b4b145e310\">Neumatico para enduro 120\/100\/18 Medium soft quantity<\/label>\n\t<input\n\t\ttype=\"number\"\n\t\t\t\tid=\"quantity_6a9b4b145e310\"\n\t\tclass=\"input-text qty text\"\n\t\tname=\"quantity\"\n\t\tvalue=\"1\"\n\t\taria-label=\"Qty\"\n\t\t\t\tmin=\"1\"\n\t\t\t\t\t\t\tstep=\"1\"\n\t\t\tplaceholder=\"\"\n\t\t\tinputmode=\"numeric\"\n\t\t\tautocomplete=\"off\"\n\t\t\t\/>\n\t<input type=\"button\" value=\"+\" class=\"plus\" \/>\n\t<\/div>\n\n\t\t<button type=\"submit\" name=\"add-to-cart\" value=\"89328\" class=\"single_add_to_cart_button button alt\">Agregar al carrito<\/button>\n\n\t\t\t<\/form>\n\n\t\n\n<div\n\tclass=\"yith-wcwl-add-to-wishlist add-to-wishlist-89328 yith-wcwl-add-to-wishlist--link-style wishlist-fragment on-first-load\"\n\tdata-fragment-ref=\"89328\"\n\tdata-fragment-options=\"{&quot;base_url&quot;:&quot;&quot;,&quot;product_id&quot;:89328,&quot;parent_product_id&quot;:0,&quot;product_type&quot;:&quot;simple&quot;,&quot;is_single&quot;:false,&quot;in_default_wishlist&quot;:false,&quot;show_view&quot;:false,&quot;browse_wishlist_text&quot;:&quot;Lista Deseos&quot;,&quot;already_in_wishslist_text&quot;:&quot;The producto esta Agregado!&quot;,&quot;product_added_text&quot;:&quot;Producto Agregado!&quot;,&quot;available_multi_wishlist&quot;:false,&quot;disable_wishlist&quot;:false,&quot;show_count&quot;:false,&quot;ajax_loading&quot;:false,&quot;loop_position&quot;:&quot;after_add_to_cart&quot;,&quot;item&quot;:&quot;add_to_wishlist&quot;}\"\n>\n\t\t\t\n\t\t\t<!-- ADD TO WISHLIST -->\n\t\t\t\n<div class=\"yith-wcwl-add-button\">\n\t\t<a\n\t\thref=\"?add_to_wishlist=89328&#038;_wpnonce=98056c7fc2\"\n\t\tclass=\"add_to_wishlist single_add_to_wishlist\"\n\t\tdata-product-id=\"89328\"\n\t\tdata-product-type=\"simple\"\n\t\tdata-original-product-id=\"0\"\n\t\tdata-title=\"Lista Deseos\"\n\t\trel=\"nofollow\"\n\t>\n\t\t<svg id=\"yith-wcwl-icon-heart-outline\" class=\"yith-wcwl-icon-svg\" fill=\"none\" stroke-width=\"1.5\" stroke=\"currentColor\" viewbox=\"0 0 24 24\" xmlns=\"http:\/\/www.w3.org\/2000\/svg\">\n  <path stroke-linecap=\"round\" stroke-linejoin=\"round\" d=\"M21 8.25c0-2.485-2.099-4.5-4.688-4.5-1.935 0-3.597 1.126-4.312 2.733-.715-1.607-2.377-2.733-4.313-2.733C5.1 3.75 3 5.765 3 8.25c0 7.22 9 12 9 12s9-4.78 9-12Z\"><\/path>\n<\/svg>\t\t<span>Lista Deseos<\/span>\n\t<\/a>\n<\/div>\n\n\t\t\t<!-- COUNT TEXT -->\n\t\t\t\n\t\t\t<\/div>\n                        <\/div>\n                    <\/div>\n                <\/div>\n            <\/div>\n        <\/div>\n    <\/div>\n<\/div><!-- end quickView --><!-- end today gadget section -->                                                        <div class=\"col-lg-3 col-md-6\">\n                                <div class=\"xs-product-wraper version-3 text-center\">\n                                                                        <a class=\"xs_product_img_link\" href=\"https:\/\/bodegaoutdoor.cl\/store\/product\/kit-de-accesorios-de-pesca-cana-regulable-hasta-2-10m\/\">\n                                        <img loading=\"lazy\" decoding=\"async\" width=\"180\" height=\"180\" src=\"https:\/\/bodegaoutdoor.cl\/store\/wp-content\/uploads\/2025\/01\/F-126__8_-scaled.jpg\" class=\"attachment-193x180 size-193x180\" alt=\"KIT DE ACCESORIOS DE PESCA CA\u00d1A regulable hasta 2.10m\" srcset=\"https:\/\/bodegaoutdoor.cl\/store\/wp-content\/uploads\/2025\/01\/F-126__8_-scaled.jpg 2560w, https:\/\/bodegaoutdoor.cl\/store\/wp-content\/uploads\/2025\/01\/F-126__8_-300x300.jpg 300w, https:\/\/bodegaoutdoor.cl\/store\/wp-content\/uploads\/2025\/01\/F-126__8_-1024x1024.jpg 1024w, https:\/\/bodegaoutdoor.cl\/store\/wp-content\/uploads\/2025\/01\/F-126__8_-150x150.jpg 150w, https:\/\/bodegaoutdoor.cl\/store\/wp-content\/uploads\/2025\/01\/F-126__8_-768x768.jpg 768w, https:\/\/bodegaoutdoor.cl\/store\/wp-content\/uploads\/2025\/01\/F-126__8_-1536x1536.jpg 1536w, https:\/\/bodegaoutdoor.cl\/store\/wp-content\/uploads\/2025\/01\/F-126__8_-2048x2048.jpg 2048w, https:\/\/bodegaoutdoor.cl\/store\/wp-content\/uploads\/2025\/01\/F-126__8_-600x600.jpg 600w, https:\/\/bodegaoutdoor.cl\/store\/wp-content\/uploads\/2025\/01\/F-126__8_-100x100.jpg 100w\" sizes=\"(max-width: 180px) 100vw, 180px\" \/>                                    <\/a>\n                                                                        <ul class=\"product-item-meta\">\n                                        <li class=\"xs-cart-wrapper\">\n                                                                                            <a href=\"\/store\/wp-json\/wp\/v2\/pages\/923?add-to-cart=86335\" aria-describedby=\"woocommerce_loop_add_to_cart_link_describedby_86335\" data-quantity=\"1\" class=\"button product_type_simple add_to_cart_button ajax_add_to_cart\" data-product_id=\"86335\" data-product_sku=\"\" aria-label=\"Agregar al carrito: &ldquo;KIT DE ACCESORIOS DE PESCA CA\u00d1A regulable hasta 2.10m&rdquo;\" rel=\"nofollow\" data-success_message=\"&ldquo;KIT DE ACCESORIOS DE PESCA CA\u00d1A regulable hasta 2.10m&rdquo; se ha a\u00f1adido a tu carro\" role=\"button\">Agregar al carrito<\/a>    <span id=\"woocommerce_loop_add_to_cart_link_describedby_86335\" class=\"screen-reader-text\">\n            <\/span>\n                                                                                    <\/li>\n                                        <li><a href=\"#\" data-toggle=\"modal\" data-target=\".xs-quick-view-modal-30252-2\"><i class=\"xsicon xsicon-eye\"><\/i><\/a><\/li>\n                                                                                    <li class=\"xs-wishlist-wrapper xs-wishlist\">\n                                                \n<div\n\tclass=\"yith-wcwl-add-to-wishlist add-to-wishlist-86335 yith-wcwl-add-to-wishlist--link-style wishlist-fragment on-first-load\"\n\tdata-fragment-ref=\"86335\"\n\tdata-fragment-options=\"{&quot;base_url&quot;:&quot;&quot;,&quot;product_id&quot;:86335,&quot;parent_product_id&quot;:0,&quot;product_type&quot;:&quot;simple&quot;,&quot;is_single&quot;:false,&quot;in_default_wishlist&quot;:false,&quot;show_view&quot;:false,&quot;browse_wishlist_text&quot;:&quot;Lista Deseos&quot;,&quot;already_in_wishslist_text&quot;:&quot;The producto esta Agregado!&quot;,&quot;product_added_text&quot;:&quot;Producto Agregado!&quot;,&quot;available_multi_wishlist&quot;:false,&quot;disable_wishlist&quot;:false,&quot;show_count&quot;:false,&quot;ajax_loading&quot;:false,&quot;loop_position&quot;:&quot;after_add_to_cart&quot;,&quot;item&quot;:&quot;add_to_wishlist&quot;}\"\n>\n\t\t\t\n\t\t\t<!-- ADD TO WISHLIST -->\n\t\t\t\n<div class=\"yith-wcwl-add-button\">\n\t\t<a\n\t\thref=\"?add_to_wishlist=86335&#038;_wpnonce=98056c7fc2\"\n\t\tclass=\"add_to_wishlist single_add_to_wishlist\"\n\t\tdata-product-id=\"86335\"\n\t\tdata-product-type=\"simple\"\n\t\tdata-original-product-id=\"0\"\n\t\tdata-title=\"Lista Deseos\"\n\t\trel=\"nofollow\"\n\t>\n\t\t<svg id=\"yith-wcwl-icon-heart-outline\" class=\"yith-wcwl-icon-svg\" fill=\"none\" stroke-width=\"1.5\" stroke=\"currentColor\" viewbox=\"0 0 24 24\" xmlns=\"http:\/\/www.w3.org\/2000\/svg\">\n  <path stroke-linecap=\"round\" stroke-linejoin=\"round\" d=\"M21 8.25c0-2.485-2.099-4.5-4.688-4.5-1.935 0-3.597 1.126-4.312 2.733-.715-1.607-2.377-2.733-4.313-2.733C5.1 3.75 3 5.765 3 8.25c0 7.22 9 12 9 12s9-4.78 9-12Z\"><\/path>\n<\/svg>\t\t<span>Lista Deseos<\/span>\n\t<\/a>\n<\/div>\n\n\t\t\t<!-- COUNT TEXT -->\n\t\t\t\n\t\t\t<\/div>\n                                            <\/li>\n                                                                            <\/ul>\n                                    \n                                    <span class=\"product-categories\"><a href = 'https:\/\/bodegaoutdoor.cl\/store\/product-category\/pesca\/'>Pesca<\/a>  <\/span>\n                                    <a class=\"product-title medium\" href=\"https:\/\/bodegaoutdoor.cl\/store\/product\/kit-de-accesorios-de-pesca-cana-regulable-hasta-2-10m\/\">KIT DE ACCESORIOS DE PESCA CA\u00d1A regulable hasta 2.10m<\/a>\n                                    <span class=\"price\"><del aria-hidden=\"true\"><span class=\"woocommerce-Price-amount amount\"><bdi><span class=\"woocommerce-Price-currencySymbol\" translate=\"no\">$<\/span>35,000<\/bdi><\/span><\/del> <span class=\"screen-reader-text\">El precio original era: $35,000.<\/span><ins aria-hidden=\"true\"><span class=\"woocommerce-Price-amount amount\"><bdi><span class=\"woocommerce-Price-currencySymbol\" translate=\"no\">$<\/span>24,990<\/bdi><\/span><\/ins><span class=\"screen-reader-text\">El precio actual es: $24,990.<\/span><\/span>\n                                <\/div>\n                            <\/div>\n                            <div class=\"woocommerce xs-modal xs-modal-quick-view xs-quick-view-modal-30252-2 modal fade\" tabindex=\"-1\" aria-hidden=\"true\">\n    <div class=\"modal-dialog\">\n        <div class=\"modal-content\">\n            <button type=\"button\" class=\"close\" data-dismiss=\"modal\" aria-label=\"Close\">\n                <span class=\"xsicon xsicon-cross\"><\/span>\n            <\/button>\n            <div class=\"container\">\n                <div class=\"row\">\n                    <div class=\"col-md-6\">\n                        <div class=\"images\">\n                                                        <img loading=\"lazy\" decoding=\"async\" width=\"2560\" height=\"2560\" src=\"https:\/\/bodegaoutdoor.cl\/store\/wp-content\/uploads\/2025\/01\/F-126__8_-scaled.jpg\" class=\"attachment-full size-full\" alt=\"\" srcset=\"https:\/\/bodegaoutdoor.cl\/store\/wp-content\/uploads\/2025\/01\/F-126__8_-scaled.jpg 2560w, https:\/\/bodegaoutdoor.cl\/store\/wp-content\/uploads\/2025\/01\/F-126__8_-300x300.jpg 300w, https:\/\/bodegaoutdoor.cl\/store\/wp-content\/uploads\/2025\/01\/F-126__8_-1024x1024.jpg 1024w, https:\/\/bodegaoutdoor.cl\/store\/wp-content\/uploads\/2025\/01\/F-126__8_-150x150.jpg 150w, https:\/\/bodegaoutdoor.cl\/store\/wp-content\/uploads\/2025\/01\/F-126__8_-768x768.jpg 768w, https:\/\/bodegaoutdoor.cl\/store\/wp-content\/uploads\/2025\/01\/F-126__8_-1536x1536.jpg 1536w, https:\/\/bodegaoutdoor.cl\/store\/wp-content\/uploads\/2025\/01\/F-126__8_-2048x2048.jpg 2048w, https:\/\/bodegaoutdoor.cl\/store\/wp-content\/uploads\/2025\/01\/F-126__8_-600x600.jpg 600w, https:\/\/bodegaoutdoor.cl\/store\/wp-content\/uploads\/2025\/01\/F-126__8_-100x100.jpg 100w\" sizes=\"(max-width: 2560px) 100vw, 2560px\" \/>                                                <\/div>\n                    <\/div>\n                    <div class=\"col-md-6 align-self-center\">\n                        <div class=\"summary-content entry-summary\">\n                            <h2 class=\"product_title entry-title\">KIT DE ACCESORIOS DE PESCA CA\u00d1A regulable hasta 2.10m<\/h2><div class=\"product_meta\">\n\n\t\n\t\n\t<span class=\"posted_in\">Categor\u00eda: <a href=\"https:\/\/bodegaoutdoor.cl\/store\/product-category\/pesca\/\" rel=\"tag\">Pesca<\/a><\/span>\n\t\n\t\n<\/div>\n<p class=\"price\"><del aria-hidden=\"true\"><span class=\"woocommerce-Price-amount amount\"><bdi><span class=\"woocommerce-Price-currencySymbol\" translate=\"no\">$<\/span>35,000<\/bdi><\/span><\/del> <span class=\"screen-reader-text\">El precio original era: $35,000.<\/span><ins aria-hidden=\"true\"><span class=\"woocommerce-Price-amount amount\"><bdi><span class=\"woocommerce-Price-currencySymbol\" translate=\"no\">$<\/span>24,990<\/bdi><\/span><\/ins><span class=\"screen-reader-text\">El precio actual es: $24,990.<\/span><\/p>\n\n\t\n\t<form class=\"cart\" action=\"https:\/\/bodegaoutdoor.cl\/store\/product\/kit-de-accesorios-de-pesca-cana-regulable-hasta-2-10m\/\" method=\"post\" enctype='multipart\/form-data'>\n\t\t\n\t\t<div class=\"quantity\">\n\t\t<input type=\"button\" value=\"-\" class=\"minus\" \/>\n\t<label class=\"screen-reader-text\" for=\"quantity_6a9b4b147ab1a\">KIT DE ACCESORIOS DE PESCA CA\u00d1A regulable hasta 2.10m quantity<\/label>\n\t<input\n\t\ttype=\"number\"\n\t\t\t\tid=\"quantity_6a9b4b147ab1a\"\n\t\tclass=\"input-text qty text\"\n\t\tname=\"quantity\"\n\t\tvalue=\"1\"\n\t\taria-label=\"Qty\"\n\t\t\t\tmin=\"1\"\n\t\t\t\t\t\t\tstep=\"1\"\n\t\t\tplaceholder=\"\"\n\t\t\tinputmode=\"numeric\"\n\t\t\tautocomplete=\"off\"\n\t\t\t\/>\n\t<input type=\"button\" value=\"+\" class=\"plus\" \/>\n\t<\/div>\n\n\t\t<button type=\"submit\" name=\"add-to-cart\" value=\"86335\" class=\"single_add_to_cart_button button alt\">Agregar al carrito<\/button>\n\n\t\t\t<\/form>\n\n\t\n\n<div\n\tclass=\"yith-wcwl-add-to-wishlist add-to-wishlist-86335 yith-wcwl-add-to-wishlist--link-style wishlist-fragment on-first-load\"\n\tdata-fragment-ref=\"86335\"\n\tdata-fragment-options=\"{&quot;base_url&quot;:&quot;&quot;,&quot;product_id&quot;:86335,&quot;parent_product_id&quot;:0,&quot;product_type&quot;:&quot;simple&quot;,&quot;is_single&quot;:false,&quot;in_default_wishlist&quot;:false,&quot;show_view&quot;:false,&quot;browse_wishlist_text&quot;:&quot;Lista Deseos&quot;,&quot;already_in_wishslist_text&quot;:&quot;The producto esta Agregado!&quot;,&quot;product_added_text&quot;:&quot;Producto Agregado!&quot;,&quot;available_multi_wishlist&quot;:false,&quot;disable_wishlist&quot;:false,&quot;show_count&quot;:false,&quot;ajax_loading&quot;:false,&quot;loop_position&quot;:&quot;after_add_to_cart&quot;,&quot;item&quot;:&quot;add_to_wishlist&quot;}\"\n>\n\t\t\t\n\t\t\t<!-- ADD TO WISHLIST -->\n\t\t\t\n<div class=\"yith-wcwl-add-button\">\n\t\t<a\n\t\thref=\"?add_to_wishlist=86335&#038;_wpnonce=98056c7fc2\"\n\t\tclass=\"add_to_wishlist single_add_to_wishlist\"\n\t\tdata-product-id=\"86335\"\n\t\tdata-product-type=\"simple\"\n\t\tdata-original-product-id=\"0\"\n\t\tdata-title=\"Lista Deseos\"\n\t\trel=\"nofollow\"\n\t>\n\t\t<svg id=\"yith-wcwl-icon-heart-outline\" class=\"yith-wcwl-icon-svg\" fill=\"none\" stroke-width=\"1.5\" stroke=\"currentColor\" viewbox=\"0 0 24 24\" xmlns=\"http:\/\/www.w3.org\/2000\/svg\">\n  <path stroke-linecap=\"round\" stroke-linejoin=\"round\" d=\"M21 8.25c0-2.485-2.099-4.5-4.688-4.5-1.935 0-3.597 1.126-4.312 2.733-.715-1.607-2.377-2.733-4.313-2.733C5.1 3.75 3 5.765 3 8.25c0 7.22 9 12 9 12s9-4.78 9-12Z\"><\/path>\n<\/svg>\t\t<span>Lista Deseos<\/span>\n\t<\/a>\n<\/div>\n\n\t\t\t<!-- COUNT TEXT -->\n\t\t\t\n\t\t\t<\/div>\n                        <\/div>\n                    <\/div>\n                <\/div>\n            <\/div>\n        <\/div>\n    <\/div>\n<\/div><!-- end quickView --><!-- end today gadget section -->                                                        <div class=\"col-lg-3 col-md-6\">\n                                <div class=\"xs-product-wraper version-3 text-center\">\n                                                                        <a class=\"xs_product_img_link\" href=\"https:\/\/bodegaoutdoor.cl\/store\/product\/carpa-techo-camping-3x3-metros\/\">\n                                        <img loading=\"lazy\" decoding=\"async\" width=\"180\" height=\"180\" src=\"https:\/\/bodegaoutdoor.cl\/store\/wp-content\/uploads\/2024\/12\/TECHO-3X3.jpeg\" class=\"attachment-193x180 size-193x180\" alt=\"Carpa Techo Camping 3&#215;3 metros\" srcset=\"https:\/\/bodegaoutdoor.cl\/store\/wp-content\/uploads\/2024\/12\/TECHO-3X3.jpeg 800w, https:\/\/bodegaoutdoor.cl\/store\/wp-content\/uploads\/2024\/12\/TECHO-3X3-300x300.jpeg 300w, https:\/\/bodegaoutdoor.cl\/store\/wp-content\/uploads\/2024\/12\/TECHO-3X3-150x150.jpeg 150w, https:\/\/bodegaoutdoor.cl\/store\/wp-content\/uploads\/2024\/12\/TECHO-3X3-768x768.jpeg 768w, https:\/\/bodegaoutdoor.cl\/store\/wp-content\/uploads\/2024\/12\/TECHO-3X3-600x600.jpeg 600w, https:\/\/bodegaoutdoor.cl\/store\/wp-content\/uploads\/2024\/12\/TECHO-3X3-100x100.jpeg 100w\" sizes=\"(max-width: 180px) 100vw, 180px\" \/>                                    <\/a>\n                                                                        <ul class=\"product-item-meta\">\n                                        <li class=\"xs-cart-wrapper\">\n                                                                                            <a href=\"\/store\/wp-json\/wp\/v2\/pages\/923?add-to-cart=86233\" aria-describedby=\"woocommerce_loop_add_to_cart_link_describedby_86233\" data-quantity=\"1\" class=\"button product_type_simple add_to_cart_button ajax_add_to_cart\" data-product_id=\"86233\" data-product_sku=\"\" aria-label=\"Agregar al carrito: &ldquo;Carpa Techo Camping 3x3 metros&rdquo;\" rel=\"nofollow\" data-success_message=\"&ldquo;Carpa Techo Camping 3x3 metros&rdquo; se ha a\u00f1adido a tu carro\" role=\"button\">Agregar al carrito<\/a>    <span id=\"woocommerce_loop_add_to_cart_link_describedby_86233\" class=\"screen-reader-text\">\n            <\/span>\n                                                                                    <\/li>\n                                        <li><a href=\"#\" data-toggle=\"modal\" data-target=\".xs-quick-view-modal-61404-3\"><i class=\"xsicon xsicon-eye\"><\/i><\/a><\/li>\n                                                                                    <li class=\"xs-wishlist-wrapper xs-wishlist\">\n                                                \n<div\n\tclass=\"yith-wcwl-add-to-wishlist add-to-wishlist-86233 yith-wcwl-add-to-wishlist--link-style wishlist-fragment on-first-load\"\n\tdata-fragment-ref=\"86233\"\n\tdata-fragment-options=\"{&quot;base_url&quot;:&quot;&quot;,&quot;product_id&quot;:86233,&quot;parent_product_id&quot;:0,&quot;product_type&quot;:&quot;simple&quot;,&quot;is_single&quot;:false,&quot;in_default_wishlist&quot;:false,&quot;show_view&quot;:false,&quot;browse_wishlist_text&quot;:&quot;Lista Deseos&quot;,&quot;already_in_wishslist_text&quot;:&quot;The producto esta Agregado!&quot;,&quot;product_added_text&quot;:&quot;Producto Agregado!&quot;,&quot;available_multi_wishlist&quot;:false,&quot;disable_wishlist&quot;:false,&quot;show_count&quot;:false,&quot;ajax_loading&quot;:false,&quot;loop_position&quot;:&quot;after_add_to_cart&quot;,&quot;item&quot;:&quot;add_to_wishlist&quot;}\"\n>\n\t\t\t\n\t\t\t<!-- ADD TO WISHLIST -->\n\t\t\t\n<div class=\"yith-wcwl-add-button\">\n\t\t<a\n\t\thref=\"?add_to_wishlist=86233&#038;_wpnonce=98056c7fc2\"\n\t\tclass=\"add_to_wishlist single_add_to_wishlist\"\n\t\tdata-product-id=\"86233\"\n\t\tdata-product-type=\"simple\"\n\t\tdata-original-product-id=\"0\"\n\t\tdata-title=\"Lista Deseos\"\n\t\trel=\"nofollow\"\n\t>\n\t\t<svg id=\"yith-wcwl-icon-heart-outline\" class=\"yith-wcwl-icon-svg\" fill=\"none\" stroke-width=\"1.5\" stroke=\"currentColor\" viewbox=\"0 0 24 24\" xmlns=\"http:\/\/www.w3.org\/2000\/svg\">\n  <path stroke-linecap=\"round\" stroke-linejoin=\"round\" d=\"M21 8.25c0-2.485-2.099-4.5-4.688-4.5-1.935 0-3.597 1.126-4.312 2.733-.715-1.607-2.377-2.733-4.313-2.733C5.1 3.75 3 5.765 3 8.25c0 7.22 9 12 9 12s9-4.78 9-12Z\"><\/path>\n<\/svg>\t\t<span>Lista Deseos<\/span>\n\t<\/a>\n<\/div>\n\n\t\t\t<!-- COUNT TEXT -->\n\t\t\t\n\t\t\t<\/div>\n                                            <\/li>\n                                                                            <\/ul>\n                                    \n                                    <span class=\"product-categories\"><a href = 'https:\/\/bodegaoutdoor.cl\/store\/product-category\/camping\/'>Camping<\/a>  <\/span>\n                                    <a class=\"product-title medium\" href=\"https:\/\/bodegaoutdoor.cl\/store\/product\/carpa-techo-camping-3x3-metros\/\">Carpa Techo Camping 3&#215;3 metros<\/a>\n                                    <span class=\"price\"><del aria-hidden=\"true\"><span class=\"woocommerce-Price-amount amount\"><bdi><span class=\"woocommerce-Price-currencySymbol\" translate=\"no\">$<\/span>100,000<\/bdi><\/span><\/del> <span class=\"screen-reader-text\">El precio original era: $100,000.<\/span><ins aria-hidden=\"true\"><span class=\"woocommerce-Price-amount amount\"><bdi><span class=\"woocommerce-Price-currencySymbol\" translate=\"no\">$<\/span>49,990<\/bdi><\/span><\/ins><span class=\"screen-reader-text\">El precio actual es: $49,990.<\/span><\/span>\n                                <\/div>\n                            <\/div>\n                            <div class=\"woocommerce xs-modal xs-modal-quick-view xs-quick-view-modal-61404-3 modal fade\" tabindex=\"-1\" aria-hidden=\"true\">\n    <div class=\"modal-dialog\">\n        <div class=\"modal-content\">\n            <button type=\"button\" class=\"close\" data-dismiss=\"modal\" aria-label=\"Close\">\n                <span class=\"xsicon xsicon-cross\"><\/span>\n            <\/button>\n            <div class=\"container\">\n                <div class=\"row\">\n                    <div class=\"col-md-6\">\n                        <div class=\"images\">\n                                                        <img loading=\"lazy\" decoding=\"async\" width=\"800\" height=\"800\" src=\"https:\/\/bodegaoutdoor.cl\/store\/wp-content\/uploads\/2024\/12\/TECHO-3X3.jpeg\" class=\"attachment-full size-full\" alt=\"\" srcset=\"https:\/\/bodegaoutdoor.cl\/store\/wp-content\/uploads\/2024\/12\/TECHO-3X3.jpeg 800w, https:\/\/bodegaoutdoor.cl\/store\/wp-content\/uploads\/2024\/12\/TECHO-3X3-300x300.jpeg 300w, https:\/\/bodegaoutdoor.cl\/store\/wp-content\/uploads\/2024\/12\/TECHO-3X3-150x150.jpeg 150w, https:\/\/bodegaoutdoor.cl\/store\/wp-content\/uploads\/2024\/12\/TECHO-3X3-768x768.jpeg 768w, https:\/\/bodegaoutdoor.cl\/store\/wp-content\/uploads\/2024\/12\/TECHO-3X3-600x600.jpeg 600w, https:\/\/bodegaoutdoor.cl\/store\/wp-content\/uploads\/2024\/12\/TECHO-3X3-100x100.jpeg 100w\" sizes=\"(max-width: 800px) 100vw, 800px\" \/>                                                <\/div>\n                    <\/div>\n                    <div class=\"col-md-6 align-self-center\">\n                        <div class=\"summary-content entry-summary\">\n                            <h2 class=\"product_title entry-title\">Carpa Techo Camping 3&#215;3 metros<\/h2><div class=\"product_meta\">\n\n\t\n\t\n\t<span class=\"posted_in\">Categor\u00eda: <a href=\"https:\/\/bodegaoutdoor.cl\/store\/product-category\/camping\/\" rel=\"tag\">Camping<\/a><\/span>\n\t<span class=\"tagged_as\">Etiquetas: <a href=\"https:\/\/bodegaoutdoor.cl\/store\/product-tag\/camping\/\" rel=\"tag\">camping<\/a>, <a href=\"https:\/\/bodegaoutdoor.cl\/store\/product-tag\/carpa\/\" rel=\"tag\">carpa<\/a>, <a href=\"https:\/\/bodegaoutdoor.cl\/store\/product-tag\/techo\/\" rel=\"tag\">techo<\/a><\/span>\n\t\n<\/div>\n<p class=\"price\"><del aria-hidden=\"true\"><span class=\"woocommerce-Price-amount amount\"><bdi><span class=\"woocommerce-Price-currencySymbol\" translate=\"no\">$<\/span>100,000<\/bdi><\/span><\/del> <span class=\"screen-reader-text\">El precio original era: $100,000.<\/span><ins aria-hidden=\"true\"><span class=\"woocommerce-Price-amount amount\"><bdi><span class=\"woocommerce-Price-currencySymbol\" translate=\"no\">$<\/span>49,990<\/bdi><\/span><\/ins><span class=\"screen-reader-text\">El precio actual es: $49,990.<\/span><\/p>\n\n\t\n\t<form class=\"cart\" action=\"https:\/\/bodegaoutdoor.cl\/store\/product\/carpa-techo-camping-3x3-metros\/\" method=\"post\" enctype='multipart\/form-data'>\n\t\t\n\t\t<div class=\"quantity\">\n\t\t<input type=\"button\" value=\"-\" class=\"minus\" \/>\n\t<label class=\"screen-reader-text\" for=\"quantity_6a9b4b1496155\">Carpa Techo Camping 3x3 metros quantity<\/label>\n\t<input\n\t\ttype=\"number\"\n\t\t\t\tid=\"quantity_6a9b4b1496155\"\n\t\tclass=\"input-text qty text\"\n\t\tname=\"quantity\"\n\t\tvalue=\"1\"\n\t\taria-label=\"Qty\"\n\t\t\t\tmin=\"1\"\n\t\t\t\t\t\t\tstep=\"1\"\n\t\t\tplaceholder=\"\"\n\t\t\tinputmode=\"numeric\"\n\t\t\tautocomplete=\"off\"\n\t\t\t\/>\n\t<input type=\"button\" value=\"+\" class=\"plus\" \/>\n\t<\/div>\n\n\t\t<button type=\"submit\" name=\"add-to-cart\" value=\"86233\" class=\"single_add_to_cart_button button alt\">Agregar al carrito<\/button>\n\n\t\t\t<\/form>\n\n\t\n\n<div\n\tclass=\"yith-wcwl-add-to-wishlist add-to-wishlist-86233 yith-wcwl-add-to-wishlist--link-style wishlist-fragment on-first-load\"\n\tdata-fragment-ref=\"86233\"\n\tdata-fragment-options=\"{&quot;base_url&quot;:&quot;&quot;,&quot;product_id&quot;:86233,&quot;parent_product_id&quot;:0,&quot;product_type&quot;:&quot;simple&quot;,&quot;is_single&quot;:false,&quot;in_default_wishlist&quot;:false,&quot;show_view&quot;:false,&quot;browse_wishlist_text&quot;:&quot;Lista Deseos&quot;,&quot;already_in_wishslist_text&quot;:&quot;The producto esta Agregado!&quot;,&quot;product_added_text&quot;:&quot;Producto Agregado!&quot;,&quot;available_multi_wishlist&quot;:false,&quot;disable_wishlist&quot;:false,&quot;show_count&quot;:false,&quot;ajax_loading&quot;:false,&quot;loop_position&quot;:&quot;after_add_to_cart&quot;,&quot;item&quot;:&quot;add_to_wishlist&quot;}\"\n>\n\t\t\t\n\t\t\t<!-- ADD TO WISHLIST -->\n\t\t\t\n<div class=\"yith-wcwl-add-button\">\n\t\t<a\n\t\thref=\"?add_to_wishlist=86233&#038;_wpnonce=98056c7fc2\"\n\t\tclass=\"add_to_wishlist single_add_to_wishlist\"\n\t\tdata-product-id=\"86233\"\n\t\tdata-product-type=\"simple\"\n\t\tdata-original-product-id=\"0\"\n\t\tdata-title=\"Lista Deseos\"\n\t\trel=\"nofollow\"\n\t>\n\t\t<svg id=\"yith-wcwl-icon-heart-outline\" class=\"yith-wcwl-icon-svg\" fill=\"none\" stroke-width=\"1.5\" stroke=\"currentColor\" viewbox=\"0 0 24 24\" xmlns=\"http:\/\/www.w3.org\/2000\/svg\">\n  <path stroke-linecap=\"round\" stroke-linejoin=\"round\" d=\"M21 8.25c0-2.485-2.099-4.5-4.688-4.5-1.935 0-3.597 1.126-4.312 2.733-.715-1.607-2.377-2.733-4.313-2.733C5.1 3.75 3 5.765 3 8.25c0 7.22 9 12 9 12s9-4.78 9-12Z\"><\/path>\n<\/svg>\t\t<span>Lista Deseos<\/span>\n\t<\/a>\n<\/div>\n\n\t\t\t<!-- COUNT TEXT -->\n\t\t\t\n\t\t\t<\/div>\n                        <\/div>\n                    <\/div>\n                <\/div>\n            <\/div>\n        <\/div>\n    <\/div>\n<\/div><!-- end quickView --><!-- end today gadget section -->                                                        <div class=\"col-lg-3 col-md-6\">\n                                <div class=\"xs-product-wraper version-3 text-center\">\n                                                                        <a class=\"xs_product_img_link\" href=\"https:\/\/bodegaoutdoor.cl\/store\/product\/gorro-police\/\">\n                                        <img loading=\"lazy\" decoding=\"async\" width=\"182\" height=\"180\" src=\"https:\/\/bodegaoutdoor.cl\/store\/wp-content\/uploads\/2024\/12\/WhatsApp-Image-2024-05-16-at-9.44.56-AM.jpeg\" class=\"attachment-193x180 size-193x180\" alt=\"GORRO JOCKEY POLICE\" srcset=\"https:\/\/bodegaoutdoor.cl\/store\/wp-content\/uploads\/2024\/12\/WhatsApp-Image-2024-05-16-at-9.44.56-AM.jpeg 829w, https:\/\/bodegaoutdoor.cl\/store\/wp-content\/uploads\/2024\/12\/WhatsApp-Image-2024-05-16-at-9.44.56-AM-300x296.jpeg 300w, https:\/\/bodegaoutdoor.cl\/store\/wp-content\/uploads\/2024\/12\/WhatsApp-Image-2024-05-16-at-9.44.56-AM-768x758.jpeg 768w, https:\/\/bodegaoutdoor.cl\/store\/wp-content\/uploads\/2024\/12\/WhatsApp-Image-2024-05-16-at-9.44.56-AM-600x592.jpeg 600w, https:\/\/bodegaoutdoor.cl\/store\/wp-content\/uploads\/2024\/12\/WhatsApp-Image-2024-05-16-at-9.44.56-AM-100x100.jpeg 100w\" sizes=\"(max-width: 182px) 100vw, 182px\" \/>                                    <\/a>\n                                                                        <ul class=\"product-item-meta\">\n                                        <li class=\"xs-cart-wrapper\">\n                                                                                            <a href=\"\/store\/wp-json\/wp\/v2\/pages\/923?add-to-cart=86229\" aria-describedby=\"woocommerce_loop_add_to_cart_link_describedby_86229\" data-quantity=\"1\" class=\"button product_type_simple add_to_cart_button ajax_add_to_cart\" data-product_id=\"86229\" data-product_sku=\"\" aria-label=\"Agregar al carrito: &ldquo;GORRO JOCKEY POLICE&rdquo;\" rel=\"nofollow\" data-success_message=\"&ldquo;GORRO JOCKEY POLICE&rdquo; se ha a\u00f1adido a tu carro\" role=\"button\">Agregar al carrito<\/a>    <span id=\"woocommerce_loop_add_to_cart_link_describedby_86229\" class=\"screen-reader-text\">\n            <\/span>\n                                                                                    <\/li>\n                                        <li><a href=\"#\" data-toggle=\"modal\" data-target=\".xs-quick-view-modal-49400-4\"><i class=\"xsicon xsicon-eye\"><\/i><\/a><\/li>\n                                                                                    <li class=\"xs-wishlist-wrapper xs-wishlist\">\n                                                \n<div\n\tclass=\"yith-wcwl-add-to-wishlist add-to-wishlist-86229 yith-wcwl-add-to-wishlist--link-style wishlist-fragment on-first-load\"\n\tdata-fragment-ref=\"86229\"\n\tdata-fragment-options=\"{&quot;base_url&quot;:&quot;&quot;,&quot;product_id&quot;:86229,&quot;parent_product_id&quot;:0,&quot;product_type&quot;:&quot;simple&quot;,&quot;is_single&quot;:false,&quot;in_default_wishlist&quot;:false,&quot;show_view&quot;:false,&quot;browse_wishlist_text&quot;:&quot;Lista Deseos&quot;,&quot;already_in_wishslist_text&quot;:&quot;The producto esta Agregado!&quot;,&quot;product_added_text&quot;:&quot;Producto Agregado!&quot;,&quot;available_multi_wishlist&quot;:false,&quot;disable_wishlist&quot;:false,&quot;show_count&quot;:false,&quot;ajax_loading&quot;:false,&quot;loop_position&quot;:&quot;after_add_to_cart&quot;,&quot;item&quot;:&quot;add_to_wishlist&quot;}\"\n>\n\t\t\t\n\t\t\t<!-- ADD TO WISHLIST -->\n\t\t\t\n<div class=\"yith-wcwl-add-button\">\n\t\t<a\n\t\thref=\"?add_to_wishlist=86229&#038;_wpnonce=98056c7fc2\"\n\t\tclass=\"add_to_wishlist single_add_to_wishlist\"\n\t\tdata-product-id=\"86229\"\n\t\tdata-product-type=\"simple\"\n\t\tdata-original-product-id=\"0\"\n\t\tdata-title=\"Lista Deseos\"\n\t\trel=\"nofollow\"\n\t>\n\t\t<svg id=\"yith-wcwl-icon-heart-outline\" class=\"yith-wcwl-icon-svg\" fill=\"none\" stroke-width=\"1.5\" stroke=\"currentColor\" viewbox=\"0 0 24 24\" xmlns=\"http:\/\/www.w3.org\/2000\/svg\">\n  <path stroke-linecap=\"round\" stroke-linejoin=\"round\" d=\"M21 8.25c0-2.485-2.099-4.5-4.688-4.5-1.935 0-3.597 1.126-4.312 2.733-.715-1.607-2.377-2.733-4.313-2.733C5.1 3.75 3 5.765 3 8.25c0 7.22 9 12 9 12s9-4.78 9-12Z\"><\/path>\n<\/svg>\t\t<span>Lista Deseos<\/span>\n\t<\/a>\n<\/div>\n\n\t\t\t<!-- COUNT TEXT -->\n\t\t\t\n\t\t\t<\/div>\n                                            <\/li>\n                                                                            <\/ul>\n                                    \n                                    <span class=\"product-categories\"><a href = 'https:\/\/bodegaoutdoor.cl\/store\/product-category\/gorros\/'>Gorros<\/a>  <\/span>\n                                    <a class=\"product-title medium\" href=\"https:\/\/bodegaoutdoor.cl\/store\/product\/gorro-police\/\">GORRO JOCKEY POLICE<\/a>\n                                    <span class=\"price\"><del aria-hidden=\"true\"><span class=\"woocommerce-Price-amount amount\"><bdi><span class=\"woocommerce-Price-currencySymbol\" translate=\"no\">$<\/span>15,000<\/bdi><\/span><\/del> <span class=\"screen-reader-text\">El precio original era: $15,000.<\/span><ins aria-hidden=\"true\"><span class=\"woocommerce-Price-amount amount\"><bdi><span class=\"woocommerce-Price-currencySymbol\" translate=\"no\">$<\/span>9,990<\/bdi><\/span><\/ins><span class=\"screen-reader-text\">El precio actual es: $9,990.<\/span><\/span>\n                                <\/div>\n                            <\/div>\n                            <div class=\"woocommerce xs-modal xs-modal-quick-view xs-quick-view-modal-49400-4 modal fade\" tabindex=\"-1\" aria-hidden=\"true\">\n    <div class=\"modal-dialog\">\n        <div class=\"modal-content\">\n            <button type=\"button\" class=\"close\" data-dismiss=\"modal\" aria-label=\"Close\">\n                <span class=\"xsicon xsicon-cross\"><\/span>\n            <\/button>\n            <div class=\"container\">\n                <div class=\"row\">\n                    <div class=\"col-md-6\">\n                        <div class=\"images\">\n                                                        <img loading=\"lazy\" decoding=\"async\" width=\"829\" height=\"818\" src=\"https:\/\/bodegaoutdoor.cl\/store\/wp-content\/uploads\/2024\/12\/WhatsApp-Image-2024-05-16-at-9.44.56-AM.jpeg\" class=\"attachment-full size-full\" alt=\"\" srcset=\"https:\/\/bodegaoutdoor.cl\/store\/wp-content\/uploads\/2024\/12\/WhatsApp-Image-2024-05-16-at-9.44.56-AM.jpeg 829w, https:\/\/bodegaoutdoor.cl\/store\/wp-content\/uploads\/2024\/12\/WhatsApp-Image-2024-05-16-at-9.44.56-AM-300x296.jpeg 300w, https:\/\/bodegaoutdoor.cl\/store\/wp-content\/uploads\/2024\/12\/WhatsApp-Image-2024-05-16-at-9.44.56-AM-768x758.jpeg 768w, https:\/\/bodegaoutdoor.cl\/store\/wp-content\/uploads\/2024\/12\/WhatsApp-Image-2024-05-16-at-9.44.56-AM-600x592.jpeg 600w, https:\/\/bodegaoutdoor.cl\/store\/wp-content\/uploads\/2024\/12\/WhatsApp-Image-2024-05-16-at-9.44.56-AM-100x100.jpeg 100w\" sizes=\"(max-width: 829px) 100vw, 829px\" \/>                                                <\/div>\n                    <\/div>\n                    <div class=\"col-md-6 align-self-center\">\n                        <div class=\"summary-content entry-summary\">\n                            <h2 class=\"product_title entry-title\">GORRO JOCKEY POLICE<\/h2><div class=\"product_meta\">\n\n\t\n\t\n\t<span class=\"posted_in\">Categor\u00eda: <a href=\"https:\/\/bodegaoutdoor.cl\/store\/product-category\/gorros\/\" rel=\"tag\">Gorros<\/a><\/span>\n\t\n\t\n<\/div>\n<p class=\"price\"><del aria-hidden=\"true\"><span class=\"woocommerce-Price-amount amount\"><bdi><span class=\"woocommerce-Price-currencySymbol\" translate=\"no\">$<\/span>15,000<\/bdi><\/span><\/del> <span class=\"screen-reader-text\">El precio original era: $15,000.<\/span><ins aria-hidden=\"true\"><span class=\"woocommerce-Price-amount amount\"><bdi><span class=\"woocommerce-Price-currencySymbol\" translate=\"no\">$<\/span>9,990<\/bdi><\/span><\/ins><span class=\"screen-reader-text\">El precio actual es: $9,990.<\/span><\/p>\n\n\t\n\t<form class=\"cart\" action=\"https:\/\/bodegaoutdoor.cl\/store\/product\/gorro-police\/\" method=\"post\" enctype='multipart\/form-data'>\n\t\t\n\t\t<div class=\"quantity\">\n\t\t<input type=\"button\" value=\"-\" class=\"minus\" \/>\n\t<label class=\"screen-reader-text\" for=\"quantity_6a9b4b14b0a93\">GORRO JOCKEY POLICE quantity<\/label>\n\t<input\n\t\ttype=\"number\"\n\t\t\t\tid=\"quantity_6a9b4b14b0a93\"\n\t\tclass=\"input-text qty text\"\n\t\tname=\"quantity\"\n\t\tvalue=\"1\"\n\t\taria-label=\"Qty\"\n\t\t\t\tmin=\"1\"\n\t\t\t\t\t\t\tstep=\"1\"\n\t\t\tplaceholder=\"\"\n\t\t\tinputmode=\"numeric\"\n\t\t\tautocomplete=\"off\"\n\t\t\t\/>\n\t<input type=\"button\" value=\"+\" class=\"plus\" \/>\n\t<\/div>\n\n\t\t<button type=\"submit\" name=\"add-to-cart\" value=\"86229\" class=\"single_add_to_cart_button button alt\">Agregar al carrito<\/button>\n\n\t\t\t<\/form>\n\n\t\n\n<div\n\tclass=\"yith-wcwl-add-to-wishlist add-to-wishlist-86229 yith-wcwl-add-to-wishlist--link-style wishlist-fragment on-first-load\"\n\tdata-fragment-ref=\"86229\"\n\tdata-fragment-options=\"{&quot;base_url&quot;:&quot;&quot;,&quot;product_id&quot;:86229,&quot;parent_product_id&quot;:0,&quot;product_type&quot;:&quot;simple&quot;,&quot;is_single&quot;:false,&quot;in_default_wishlist&quot;:false,&quot;show_view&quot;:false,&quot;browse_wishlist_text&quot;:&quot;Lista Deseos&quot;,&quot;already_in_wishslist_text&quot;:&quot;The producto esta Agregado!&quot;,&quot;product_added_text&quot;:&quot;Producto Agregado!&quot;,&quot;available_multi_wishlist&quot;:false,&quot;disable_wishlist&quot;:false,&quot;show_count&quot;:false,&quot;ajax_loading&quot;:false,&quot;loop_position&quot;:&quot;after_add_to_cart&quot;,&quot;item&quot;:&quot;add_to_wishlist&quot;}\"\n>\n\t\t\t\n\t\t\t<!-- ADD TO WISHLIST -->\n\t\t\t\n<div class=\"yith-wcwl-add-button\">\n\t\t<a\n\t\thref=\"?add_to_wishlist=86229&#038;_wpnonce=98056c7fc2\"\n\t\tclass=\"add_to_wishlist single_add_to_wishlist\"\n\t\tdata-product-id=\"86229\"\n\t\tdata-product-type=\"simple\"\n\t\tdata-original-product-id=\"0\"\n\t\tdata-title=\"Lista Deseos\"\n\t\trel=\"nofollow\"\n\t>\n\t\t<svg id=\"yith-wcwl-icon-heart-outline\" class=\"yith-wcwl-icon-svg\" fill=\"none\" stroke-width=\"1.5\" stroke=\"currentColor\" viewbox=\"0 0 24 24\" xmlns=\"http:\/\/www.w3.org\/2000\/svg\">\n  <path stroke-linecap=\"round\" stroke-linejoin=\"round\" d=\"M21 8.25c0-2.485-2.099-4.5-4.688-4.5-1.935 0-3.597 1.126-4.312 2.733-.715-1.607-2.377-2.733-4.313-2.733C5.1 3.75 3 5.765 3 8.25c0 7.22 9 12 9 12s9-4.78 9-12Z\"><\/path>\n<\/svg>\t\t<span>Lista Deseos<\/span>\n\t<\/a>\n<\/div>\n\n\t\t\t<!-- COUNT TEXT -->\n\t\t\t\n\t\t\t<\/div>\n                        <\/div>\n                    <\/div>\n                <\/div>\n            <\/div>\n        <\/div>\n    <\/div>\n<\/div><!-- end quickView --><!-- end today gadget section -->                                            <\/div>\n            <\/div>\n            <\/div>\t\t\t\t<\/div>\n\t\t\t\t<\/div>\n\t\t\t\t\t<\/div>\n\t\t<\/div>\n\t\t\t\t\t<\/div>\n\t\t<\/section>\n\t\t\t\t<section class=\"elementor-section elementor-top-section elementor-element elementor-element-28f778fc elementor-section-full_width elementor-section-height-default elementor-section-height-default\" data-id=\"28f778fc\" data-element_type=\"section\" data-e-type=\"section\">\n\t\t\t\t\t\t<div class=\"elementor-container elementor-column-gap-no\">\n\t\t\t\t\t<div class=\"elementor-column elementor-col-100 elementor-top-column elementor-element elementor-element-a8cfba6\" data-id=\"a8cfba6\" data-element_type=\"column\" data-e-type=\"column\">\n\t\t\t<div class=\"elementor-widget-wrap elementor-element-populated\">\n\t\t\t\t\t\t<div class=\"elementor-element elementor-element-23c62c5c elementor-widget elementor-widget-xs-woo-slider\" data-id=\"23c62c5c\" data-element_type=\"widget\" data-e-type=\"widget\" data-widget_type=\"xs-woo-slider.default\">\n\t\t\t\t<div class=\"elementor-widget-container\">\n\t\t\t\t\t<div class=\"product-slider-style-1\">\n    <div class=\"xs-deal-of-the-day-section swiper bg-xs-primary\">\n        <div class=\"xs-slider-highlight swiper-wrapper\">\n                    <\/div>\n        <div class=\"swiper-button-prev\">\n            <i class=\"xsicon xsicon-arrow-left\"><\/i>\n        <\/div>\n        <div class=\"swiper-button-next\">\n            <i class=\"xsicon xsicon-arrow-right\"><\/i>\n        <\/div>\n        <span class=\"xs-watermark-text\">Deal Of The Day<\/span>\n    <\/div>\n<\/div>\t\t\t\t<\/div>\n\t\t\t\t<\/div>\n\t\t\t\t\t<\/div>\n\t\t<\/div>\n\t\t\t\t\t<\/div>\n\t\t<\/section>\n\t\t\t\t<section class=\"elementor-section elementor-top-section elementor-element elementor-element-73df8872 elementor-section-boxed elementor-section-height-default elementor-section-height-default\" data-id=\"73df8872\" data-element_type=\"section\" data-e-type=\"section\">\n\t\t\t\t\t\t<div class=\"elementor-container elementor-column-gap-default\">\n\t\t\t\t\t<div class=\"elementor-column elementor-col-33 elementor-top-column elementor-element elementor-element-096ecd0\" data-id=\"096ecd0\" data-element_type=\"column\" data-e-type=\"column\">\n\t\t\t<div class=\"elementor-widget-wrap elementor-element-populated\">\n\t\t\t\t\t\t<div class=\"elementor-element elementor-element-a2c068c elementor-widget elementor-widget-xs-woo-carousel\" data-id=\"a2c068c\" data-element_type=\"widget\" data-e-type=\"widget\" data-widget_type=\"xs-woo-carousel.default\">\n\t\t\t\t<div class=\"elementor-widget-container\">\n\t\t\t\t\t<div class=\"xs-content-header\">\n    <h2 class=\"xs-content-title version-2\">Featured Products<\/h2>\n\n    <div class=\"customNavigation xs-custom-nav\">    \n       <div class=\"tab-button-prev swiper-prev-a2c068c\">\n           <i class=\"xsicon xsicon-angle-left\"><\/i>\n       <\/div>\n       <div class=\"tab-button-next swiper-next-a2c068c\">\n           <i class=\"xsicon xsicon-angle-right\"><\/i>\n       <\/div>\n    <\/div>\n    <div class=\"clearfix\"><\/div>\n<\/div>\n<div data-controls=\"{&quot;widget_id&quot;:&quot;a2c068c&quot;}\" class=\"xs-product-slider-1 swiper\">\n    <div class=\"swiper-wrapper\">\n            <\/div>\n<\/div>    \t\t\t\t<\/div>\n\t\t\t\t<\/div>\n\t\t\t\t\t<\/div>\n\t\t<\/div>\n\t\t\t\t<div class=\"elementor-column elementor-col-66 elementor-top-column elementor-element elementor-element-4b5c06d8\" data-id=\"4b5c06d8\" data-element_type=\"column\" data-e-type=\"column\">\n\t\t\t<div class=\"elementor-widget-wrap elementor-element-populated\">\n\t\t\t\t\t\t<div class=\"elementor-element elementor-element-2e41d257 elementor-widget elementor-widget-xs-woo-tab\" data-id=\"2e41d257\" data-element_type=\"widget\" data-e-type=\"widget\" data-widget_type=\"xs-woo-tab.default\">\n\t\t\t\t<div class=\"elementor-widget-container\">\n\t\t\t\t\t<div class=\"xs-content-header\">\n    <h2 class=\"xs-content-title\">Daily Deals! Get our best prices.<\/h2>\n                    <ul class=\"nav nav-tabs xs-nav-tab\">\n                                    <li class=\"nav-item\">\n                <a class=\"nav-link active\"  data-toggle=\"tab\" href=\"#xs-tabs-92862-0\">30% Offer<\/a>\n            <\/li>\n                                    <li class=\"nav-item\">\n                <a class=\"nav-link \"  data-toggle=\"tab\" href=\"#xs-tabs-92862-1\">70% Offer<\/a>\n            <\/li>\n                                    <li class=\"nav-item\">\n                <a class=\"nav-link \"  data-toggle=\"tab\" href=\"#xs-tabs-92862-2\">45% Offer<\/a>\n            <\/li>\n                    <\/ul>\n        <div class=\"clearfix\"><\/div>\n<\/div>\n<div class=\"tab-content\">\n                        <div class=\"tab-pane fade show active\" id=\"xs-tabs-92862-0\">\n            <div class=\"row no-gutters xs-product-main-wrapre\">\n                            <\/div>\n        <\/div>\n                    <div class=\"tab-pane fade \" id=\"xs-tabs-92862-1\">\n            <div class=\"row no-gutters xs-product-main-wrapre\">\n                                        <div class=\"col-md-4\">\n                            <div class=\"xs-product-wraper version-4 tab-style1\">\n                                <div class=\"xs-product-header media xs-wishlist d-none woocommerce\">\n                                    \n                                                                    <\/div>\n                                                                <a class=\"xs_product_img_link\" href=\"https:\/\/bodegaoutdoor.cl\/store\/product\/neumatico-para-enduro-120-100-18-medium-soft\/\">\n                                     <img loading=\"lazy\" decoding=\"async\" width=\"96\" height=\"170\" src=\"https:\/\/bodegaoutdoor.cl\/store\/wp-content\/uploads\/2026\/05\/WhatsApp-Image-2026-05-17-at-17.30.44.jpeg\" class=\"attachment-185x170 size-185x170\" alt=\"Neumatico para enduro 120\/100\/18 Medium soft\" srcset=\"https:\/\/bodegaoutdoor.cl\/store\/wp-content\/uploads\/2026\/05\/WhatsApp-Image-2026-05-17-at-17.30.44.jpeg 900w, https:\/\/bodegaoutdoor.cl\/store\/wp-content\/uploads\/2026\/05\/WhatsApp-Image-2026-05-17-at-17.30.44-169x300.jpeg 169w, https:\/\/bodegaoutdoor.cl\/store\/wp-content\/uploads\/2026\/05\/WhatsApp-Image-2026-05-17-at-17.30.44-576x1024.jpeg 576w, https:\/\/bodegaoutdoor.cl\/store\/wp-content\/uploads\/2026\/05\/WhatsApp-Image-2026-05-17-at-17.30.44-768x1365.jpeg 768w, https:\/\/bodegaoutdoor.cl\/store\/wp-content\/uploads\/2026\/05\/WhatsApp-Image-2026-05-17-at-17.30.44-864x1536.jpeg 864w, https:\/\/bodegaoutdoor.cl\/store\/wp-content\/uploads\/2026\/05\/WhatsApp-Image-2026-05-17-at-17.30.44-600x1067.jpeg 600w\" sizes=\"(max-width: 96px) 100vw, 96px\" \/>                                <\/a>\n                                                                <a class=\"product-title\" href=\"https:\/\/bodegaoutdoor.cl\/store\/product\/neumatico-para-enduro-120-100-18-medium-soft\/\">Neumatico para enduro 120\/100\/18 Medium soft<\/a>\n                                <span class=\"price\">\n                                    <del aria-hidden=\"true\"><span class=\"woocommerce-Price-amount amount\"><bdi><span class=\"woocommerce-Price-currencySymbol\" translate=\"no\">$<\/span>99,900<\/bdi><\/span><\/del> <span class=\"screen-reader-text\">El precio original era: $99,900.<\/span><ins aria-hidden=\"true\"><span class=\"woocommerce-Price-amount amount\"><bdi><span class=\"woocommerce-Price-currencySymbol\" translate=\"no\">$<\/span>52,990<\/bdi><\/span><\/ins><span class=\"screen-reader-text\">El precio actual es: $52,990.<\/span>                                <\/span>\n                            <\/div>\n                        <\/div>\n                                        <div class=\"col-md-4\">\n                            <div class=\"xs-product-wraper version-4 tab-style1\">\n                                <div class=\"xs-product-header media xs-wishlist d-none woocommerce\">\n                                    \n                                                                    <\/div>\n                                                                <a class=\"xs_product_img_link\" href=\"https:\/\/bodegaoutdoor.cl\/store\/product\/kit-de-accesorios-de-pesca-cana-regulable-hasta-2-10m\/\">\n                                     <img loading=\"lazy\" decoding=\"async\" width=\"170\" height=\"170\" src=\"https:\/\/bodegaoutdoor.cl\/store\/wp-content\/uploads\/2025\/01\/F-126__8_-scaled.jpg\" class=\"attachment-185x170 size-185x170\" alt=\"KIT DE ACCESORIOS DE PESCA CA\u00d1A regulable hasta 2.10m\" srcset=\"https:\/\/bodegaoutdoor.cl\/store\/wp-content\/uploads\/2025\/01\/F-126__8_-scaled.jpg 2560w, https:\/\/bodegaoutdoor.cl\/store\/wp-content\/uploads\/2025\/01\/F-126__8_-300x300.jpg 300w, https:\/\/bodegaoutdoor.cl\/store\/wp-content\/uploads\/2025\/01\/F-126__8_-1024x1024.jpg 1024w, https:\/\/bodegaoutdoor.cl\/store\/wp-content\/uploads\/2025\/01\/F-126__8_-150x150.jpg 150w, https:\/\/bodegaoutdoor.cl\/store\/wp-content\/uploads\/2025\/01\/F-126__8_-768x768.jpg 768w, https:\/\/bodegaoutdoor.cl\/store\/wp-content\/uploads\/2025\/01\/F-126__8_-1536x1536.jpg 1536w, https:\/\/bodegaoutdoor.cl\/store\/wp-content\/uploads\/2025\/01\/F-126__8_-2048x2048.jpg 2048w, https:\/\/bodegaoutdoor.cl\/store\/wp-content\/uploads\/2025\/01\/F-126__8_-600x600.jpg 600w, https:\/\/bodegaoutdoor.cl\/store\/wp-content\/uploads\/2025\/01\/F-126__8_-100x100.jpg 100w\" sizes=\"(max-width: 170px) 100vw, 170px\" \/>                                <\/a>\n                                                                <a class=\"product-title\" href=\"https:\/\/bodegaoutdoor.cl\/store\/product\/kit-de-accesorios-de-pesca-cana-regulable-hasta-2-10m\/\">KIT DE ACCESORIOS DE PESCA CA\u00d1A regulable hasta 2.10m<\/a>\n                                <span class=\"price\">\n                                    <del aria-hidden=\"true\"><span class=\"woocommerce-Price-amount amount\"><bdi><span class=\"woocommerce-Price-currencySymbol\" translate=\"no\">$<\/span>35,000<\/bdi><\/span><\/del> <span class=\"screen-reader-text\">El precio original era: $35,000.<\/span><ins aria-hidden=\"true\"><span class=\"woocommerce-Price-amount amount\"><bdi><span class=\"woocommerce-Price-currencySymbol\" translate=\"no\">$<\/span>24,990<\/bdi><\/span><\/ins><span class=\"screen-reader-text\">El precio actual es: $24,990.<\/span>                                <\/span>\n                            <\/div>\n                        <\/div>\n                                        <div class=\"col-md-4\">\n                            <div class=\"xs-product-wraper version-4 tab-style1\">\n                                <div class=\"xs-product-header media xs-wishlist d-none woocommerce\">\n                                    \n                                                                    <\/div>\n                                                                <a class=\"xs_product_img_link\" href=\"https:\/\/bodegaoutdoor.cl\/store\/product\/carpa-techo-camping-3x3-metros\/\">\n                                     <img loading=\"lazy\" decoding=\"async\" width=\"170\" height=\"170\" src=\"https:\/\/bodegaoutdoor.cl\/store\/wp-content\/uploads\/2024\/12\/TECHO-3X3.jpeg\" class=\"attachment-185x170 size-185x170\" alt=\"Carpa Techo Camping 3&#215;3 metros\" srcset=\"https:\/\/bodegaoutdoor.cl\/store\/wp-content\/uploads\/2024\/12\/TECHO-3X3.jpeg 800w, https:\/\/bodegaoutdoor.cl\/store\/wp-content\/uploads\/2024\/12\/TECHO-3X3-300x300.jpeg 300w, https:\/\/bodegaoutdoor.cl\/store\/wp-content\/uploads\/2024\/12\/TECHO-3X3-150x150.jpeg 150w, https:\/\/bodegaoutdoor.cl\/store\/wp-content\/uploads\/2024\/12\/TECHO-3X3-768x768.jpeg 768w, https:\/\/bodegaoutdoor.cl\/store\/wp-content\/uploads\/2024\/12\/TECHO-3X3-600x600.jpeg 600w, https:\/\/bodegaoutdoor.cl\/store\/wp-content\/uploads\/2024\/12\/TECHO-3X3-100x100.jpeg 100w\" sizes=\"(max-width: 170px) 100vw, 170px\" \/>                                <\/a>\n                                                                <a class=\"product-title\" href=\"https:\/\/bodegaoutdoor.cl\/store\/product\/carpa-techo-camping-3x3-metros\/\">Carpa Techo Camping 3&#215;3 metros<\/a>\n                                <span class=\"price\">\n                                    <del aria-hidden=\"true\"><span class=\"woocommerce-Price-amount amount\"><bdi><span class=\"woocommerce-Price-currencySymbol\" translate=\"no\">$<\/span>100,000<\/bdi><\/span><\/del> <span class=\"screen-reader-text\">El precio original era: $100,000.<\/span><ins aria-hidden=\"true\"><span class=\"woocommerce-Price-amount amount\"><bdi><span class=\"woocommerce-Price-currencySymbol\" translate=\"no\">$<\/span>49,990<\/bdi><\/span><\/ins><span class=\"screen-reader-text\">El precio actual es: $49,990.<\/span>                                <\/span>\n                            <\/div>\n                        <\/div>\n                                        <div class=\"col-md-4\">\n                            <div class=\"xs-product-wraper version-4 tab-style1\">\n                                <div class=\"xs-product-header media xs-wishlist d-none woocommerce\">\n                                    \n                                                                    <\/div>\n                                                                <a class=\"xs_product_img_link\" href=\"https:\/\/bodegaoutdoor.cl\/store\/product\/gorro-police\/\">\n                                     <img loading=\"lazy\" decoding=\"async\" width=\"172\" height=\"170\" src=\"https:\/\/bodegaoutdoor.cl\/store\/wp-content\/uploads\/2024\/12\/WhatsApp-Image-2024-05-16-at-9.44.56-AM.jpeg\" class=\"attachment-185x170 size-185x170\" alt=\"GORRO JOCKEY POLICE\" srcset=\"https:\/\/bodegaoutdoor.cl\/store\/wp-content\/uploads\/2024\/12\/WhatsApp-Image-2024-05-16-at-9.44.56-AM.jpeg 829w, https:\/\/bodegaoutdoor.cl\/store\/wp-content\/uploads\/2024\/12\/WhatsApp-Image-2024-05-16-at-9.44.56-AM-300x296.jpeg 300w, https:\/\/bodegaoutdoor.cl\/store\/wp-content\/uploads\/2024\/12\/WhatsApp-Image-2024-05-16-at-9.44.56-AM-768x758.jpeg 768w, https:\/\/bodegaoutdoor.cl\/store\/wp-content\/uploads\/2024\/12\/WhatsApp-Image-2024-05-16-at-9.44.56-AM-600x592.jpeg 600w, https:\/\/bodegaoutdoor.cl\/store\/wp-content\/uploads\/2024\/12\/WhatsApp-Image-2024-05-16-at-9.44.56-AM-100x100.jpeg 100w\" sizes=\"(max-width: 172px) 100vw, 172px\" \/>                                <\/a>\n                                                                <a class=\"product-title\" href=\"https:\/\/bodegaoutdoor.cl\/store\/product\/gorro-police\/\">GORRO JOCKEY POLICE<\/a>\n                                <span class=\"price\">\n                                    <del aria-hidden=\"true\"><span class=\"woocommerce-Price-amount amount\"><bdi><span class=\"woocommerce-Price-currencySymbol\" translate=\"no\">$<\/span>15,000<\/bdi><\/span><\/del> <span class=\"screen-reader-text\">El precio original era: $15,000.<\/span><ins aria-hidden=\"true\"><span class=\"woocommerce-Price-amount amount\"><bdi><span class=\"woocommerce-Price-currencySymbol\" translate=\"no\">$<\/span>9,990<\/bdi><\/span><\/ins><span class=\"screen-reader-text\">El precio actual es: $9,990.<\/span>                                <\/span>\n                            <\/div>\n                        <\/div>\n                                        <div class=\"col-md-4\">\n                            <div class=\"xs-product-wraper version-4 tab-style1\">\n                                <div class=\"xs-product-header media xs-wishlist d-none woocommerce\">\n                                    \n                                                                    <\/div>\n                                                                <a class=\"xs_product_img_link\" href=\"https:\/\/bodegaoutdoor.cl\/store\/product\/telescopio-comet-501-10-30x50\/\">\n                                     <img loading=\"lazy\" decoding=\"async\" width=\"170\" height=\"170\" src=\"https:\/\/bodegaoutdoor.cl\/store\/wp-content\/uploads\/2024\/12\/103050-600x600.jpeg.webp\" class=\"attachment-185x170 size-185x170\" alt=\"TELESCOPIO comet 501 10-30X50\" srcset=\"https:\/\/bodegaoutdoor.cl\/store\/wp-content\/uploads\/2024\/12\/103050-600x600.jpeg.webp 600w, https:\/\/bodegaoutdoor.cl\/store\/wp-content\/uploads\/2024\/12\/103050-600x600.jpeg-300x300.webp 300w, https:\/\/bodegaoutdoor.cl\/store\/wp-content\/uploads\/2024\/12\/103050-600x600.jpeg-150x150.webp 150w, https:\/\/bodegaoutdoor.cl\/store\/wp-content\/uploads\/2024\/12\/103050-600x600.jpeg-100x100.webp 100w\" sizes=\"(max-width: 170px) 100vw, 170px\" \/>                                <\/a>\n                                                                <a class=\"product-title\" href=\"https:\/\/bodegaoutdoor.cl\/store\/product\/telescopio-comet-501-10-30x50\/\">TELESCOPIO comet 501 10-30X50<\/a>\n                                <span class=\"price\">\n                                    <del aria-hidden=\"true\"><span class=\"woocommerce-Price-amount amount\"><bdi><span class=\"woocommerce-Price-currencySymbol\" translate=\"no\">$<\/span>150,000<\/bdi><\/span><\/del> <span class=\"screen-reader-text\">El precio original era: $150,000.<\/span><ins aria-hidden=\"true\"><span class=\"woocommerce-Price-amount amount\"><bdi><span class=\"woocommerce-Price-currencySymbol\" translate=\"no\">$<\/span>99,990<\/bdi><\/span><\/ins><span class=\"screen-reader-text\">El precio actual es: $99,990.<\/span>                                <\/span>\n                            <\/div>\n                        <\/div>\n                                        <div class=\"col-md-4\">\n                            <div class=\"xs-product-wraper version-4 tab-style1\">\n                                <div class=\"xs-product-header media xs-wishlist d-none woocommerce\">\n                                    \n                                                                    <\/div>\n                                                                <a class=\"xs_product_img_link\" href=\"https:\/\/bodegaoutdoor.cl\/store\/product\/hacha-de-supervivencia-multifuncion-tactica-martillo-outdoor-mango-de-plasticorescate\/\">\n                                     <img loading=\"lazy\" decoding=\"async\" width=\"170\" height=\"170\" src=\"https:\/\/bodegaoutdoor.cl\/store\/wp-content\/uploads\/2024\/12\/hacha-bodega-outdoor-survivor-1.jpeg\" class=\"attachment-185x170 size-185x170\" alt=\"Hacha de supervivencia, multifunci\u00f3n t\u00e1ctica, martillo, outdoor, mango de pl\u00e1stico,rescate\" srcset=\"https:\/\/bodegaoutdoor.cl\/store\/wp-content\/uploads\/2024\/12\/hacha-bodega-outdoor-survivor-1.jpeg 1024w, https:\/\/bodegaoutdoor.cl\/store\/wp-content\/uploads\/2024\/12\/hacha-bodega-outdoor-survivor-1-300x300.jpeg 300w, https:\/\/bodegaoutdoor.cl\/store\/wp-content\/uploads\/2024\/12\/hacha-bodega-outdoor-survivor-1-150x150.jpeg 150w, https:\/\/bodegaoutdoor.cl\/store\/wp-content\/uploads\/2024\/12\/hacha-bodega-outdoor-survivor-1-768x768.jpeg 768w, https:\/\/bodegaoutdoor.cl\/store\/wp-content\/uploads\/2024\/12\/hacha-bodega-outdoor-survivor-1-600x600.jpeg 600w, https:\/\/bodegaoutdoor.cl\/store\/wp-content\/uploads\/2024\/12\/hacha-bodega-outdoor-survivor-1-100x100.jpeg 100w\" sizes=\"(max-width: 170px) 100vw, 170px\" \/>                                <\/a>\n                                                                <a class=\"product-title\" href=\"https:\/\/bodegaoutdoor.cl\/store\/product\/hacha-de-supervivencia-multifuncion-tactica-martillo-outdoor-mango-de-plasticorescate\/\">Hacha de supervivencia, multifunci\u00f3n t\u00e1ctica, martillo, outdoor, mango de pl\u00e1stico,rescate<\/a>\n                                <span class=\"price\">\n                                    <del aria-hidden=\"true\"><span class=\"woocommerce-Price-amount amount\"><bdi><span class=\"woocommerce-Price-currencySymbol\" translate=\"no\">$<\/span>60,000<\/bdi><\/span><\/del> <span class=\"screen-reader-text\">El precio original era: $60,000.<\/span><ins aria-hidden=\"true\"><span class=\"woocommerce-Price-amount amount\"><bdi><span class=\"woocommerce-Price-currencySymbol\" translate=\"no\">$<\/span>29,990<\/bdi><\/span><\/ins><span class=\"screen-reader-text\">El precio actual es: $29,990.<\/span>                                <\/span>\n                            <\/div>\n                        <\/div>\n                            <\/div>\n        <\/div>\n                    <div class=\"tab-pane fade \" id=\"xs-tabs-92862-2\">\n            <div class=\"row no-gutters xs-product-main-wrapre\">\n                                        <div class=\"col-md-4\">\n                            <div class=\"xs-product-wraper version-4 tab-style1\">\n                                <div class=\"xs-product-header media xs-wishlist d-none woocommerce\">\n                                    \n                                                                    <\/div>\n                                                                <a class=\"xs_product_img_link\" href=\"https:\/\/bodegaoutdoor.cl\/store\/product\/cinturon-corrector-postura-espalda-ajustable-clavicula-columna-vertebral-correccion-postura-lumbar\/\">\n                                     <img loading=\"lazy\" decoding=\"async\" width=\"170\" height=\"170\" src=\"https:\/\/bodegaoutdoor.cl\/store\/wp-content\/uploads\/2020\/12\/22093-eq17cf.jpg\" class=\"attachment-185x170 size-185x170\" alt=\"Cintur\u00f3n Corrector postura espalda ajustable clav\u00edcula columna vertebral correcci\u00f3n postura Lumbar\" srcset=\"https:\/\/bodegaoutdoor.cl\/store\/wp-content\/uploads\/2020\/12\/22093-eq17cf.jpg 800w, https:\/\/bodegaoutdoor.cl\/store\/wp-content\/uploads\/2020\/12\/22093-eq17cf-300x300.jpg 300w, https:\/\/bodegaoutdoor.cl\/store\/wp-content\/uploads\/2020\/12\/22093-eq17cf-100x100.jpg 100w, https:\/\/bodegaoutdoor.cl\/store\/wp-content\/uploads\/2020\/12\/22093-eq17cf-600x600.jpg 600w, https:\/\/bodegaoutdoor.cl\/store\/wp-content\/uploads\/2020\/12\/22093-eq17cf-150x150.jpg 150w, https:\/\/bodegaoutdoor.cl\/store\/wp-content\/uploads\/2020\/12\/22093-eq17cf-768x768.jpg 768w\" sizes=\"(max-width: 170px) 100vw, 170px\" \/>                                <\/a>\n                                                                <a class=\"product-title\" href=\"https:\/\/bodegaoutdoor.cl\/store\/product\/cinturon-corrector-postura-espalda-ajustable-clavicula-columna-vertebral-correccion-postura-lumbar\/\">Cintur\u00f3n Corrector postura espalda ajustable clav\u00edcula columna vertebral correcci\u00f3n postura Lumbar<\/a>\n                                <span class=\"price\">\n                                    <del aria-hidden=\"true\"><span class=\"woocommerce-Price-amount amount\"><bdi><span class=\"woocommerce-Price-currencySymbol\" translate=\"no\">$<\/span>29,990<\/bdi><\/span><\/del> <span class=\"screen-reader-text\">El precio original era: $29,990.<\/span><ins aria-hidden=\"true\"><span class=\"woocommerce-Price-amount amount\"><bdi><span class=\"woocommerce-Price-currencySymbol\" translate=\"no\">$<\/span>17,990<\/bdi><\/span><\/ins><span class=\"screen-reader-text\">El precio actual es: $17,990.<\/span>                                <\/span>\n                            <\/div>\n                        <\/div>\n                                        <div class=\"col-md-4\">\n                            <div class=\"xs-product-wraper version-4 tab-style1\">\n                                <div class=\"xs-product-header media xs-wishlist d-none woocommerce\">\n                                    \n                                                                    <\/div>\n                                                                <a class=\"xs_product_img_link\" href=\"https:\/\/bodegaoutdoor.cl\/store\/product\/lentes-polarizados-vintage-driving-travel-fishing-classic-outdoor\/\">\n                                     <img loading=\"lazy\" decoding=\"async\" width=\"170\" height=\"170\" src=\"https:\/\/bodegaoutdoor.cl\/store\/wp-content\/uploads\/2021\/02\/29480-17w8xd.jpg\" class=\"attachment-185x170 size-185x170\" alt=\"Lentes Polarizados Vintage Driving Travel Fishing Classic Outdoor\" srcset=\"https:\/\/bodegaoutdoor.cl\/store\/wp-content\/uploads\/2021\/02\/29480-17w8xd.jpg 800w, https:\/\/bodegaoutdoor.cl\/store\/wp-content\/uploads\/2021\/02\/29480-17w8xd-300x300.jpg 300w, https:\/\/bodegaoutdoor.cl\/store\/wp-content\/uploads\/2021\/02\/29480-17w8xd-100x100.jpg 100w, https:\/\/bodegaoutdoor.cl\/store\/wp-content\/uploads\/2021\/02\/29480-17w8xd-600x600.jpg 600w, https:\/\/bodegaoutdoor.cl\/store\/wp-content\/uploads\/2021\/02\/29480-17w8xd-150x150.jpg 150w, https:\/\/bodegaoutdoor.cl\/store\/wp-content\/uploads\/2021\/02\/29480-17w8xd-768x768.jpg 768w\" sizes=\"(max-width: 170px) 100vw, 170px\" \/>                                <\/a>\n                                                                <a class=\"product-title\" href=\"https:\/\/bodegaoutdoor.cl\/store\/product\/lentes-polarizados-vintage-driving-travel-fishing-classic-outdoor\/\">Lentes Polarizados Vintage Driving Travel Fishing Classic Outdoor<\/a>\n                                <span class=\"price\">\n                                    <del aria-hidden=\"true\"><span class=\"woocommerce-Price-amount amount\"><bdi><span class=\"woocommerce-Price-currencySymbol\" translate=\"no\">$<\/span>14,990<\/bdi><\/span><\/del> <span class=\"screen-reader-text\">El precio original era: $14,990.<\/span><ins aria-hidden=\"true\"><span class=\"woocommerce-Price-amount amount\"><bdi><span class=\"woocommerce-Price-currencySymbol\" translate=\"no\">$<\/span>11,990<\/bdi><\/span><\/ins><span class=\"screen-reader-text\">El precio actual es: $11,990.<\/span>                                <\/span>\n                            <\/div>\n                        <\/div>\n                                        <div class=\"col-md-4\">\n                            <div class=\"xs-product-wraper version-4 tab-style1\">\n                                <div class=\"xs-product-header media xs-wishlist d-none woocommerce\">\n                                    \n                                                                    <\/div>\n                                                                <a class=\"xs_product_img_link\" href=\"https:\/\/bodegaoutdoor.cl\/store\/product\/lemfo-reloj-inteligente-iwo-14-pro-hw67-reloj-inteligente-hombre-llamada-bluetooth-nfc-imagen-de-la-esfera-personalizada-presion-arterial-frecuencia-cardiaca-reloj-inteligente-mujer-smartwatch-soporte\/\">\n                                     <img loading=\"lazy\" decoding=\"async\" width=\"170\" height=\"170\" src=\"https:\/\/bodegaoutdoor.cl\/store\/wp-content\/uploads\/2022\/06\/58305-5tjyqv.jpg\" class=\"attachment-185x170 size-185x170\" alt=\"Lemfo-reloj inteligente Iwo 14 Pro HW67 reloj inteligente hombre Llamada Bluetooth NFC Imagen de la esfera personalizada Presi\u00f3n arterial Frecuencia card\u00edaca reloj inteligente mujer smartwatch Soporte para  Android Ios\" srcset=\"https:\/\/bodegaoutdoor.cl\/store\/wp-content\/uploads\/2022\/06\/58305-5tjyqv.jpg 1200w, https:\/\/bodegaoutdoor.cl\/store\/wp-content\/uploads\/2022\/06\/58305-5tjyqv-300x300.jpg 300w, https:\/\/bodegaoutdoor.cl\/store\/wp-content\/uploads\/2022\/06\/58305-5tjyqv-100x100.jpg 100w, https:\/\/bodegaoutdoor.cl\/store\/wp-content\/uploads\/2022\/06\/58305-5tjyqv-600x600.jpg 600w, https:\/\/bodegaoutdoor.cl\/store\/wp-content\/uploads\/2022\/06\/58305-5tjyqv-150x150.jpg 150w, https:\/\/bodegaoutdoor.cl\/store\/wp-content\/uploads\/2022\/06\/58305-5tjyqv-768x768.jpg 768w\" sizes=\"(max-width: 170px) 100vw, 170px\" \/>                                <\/a>\n                                                                <a class=\"product-title\" href=\"https:\/\/bodegaoutdoor.cl\/store\/product\/lemfo-reloj-inteligente-iwo-14-pro-hw67-reloj-inteligente-hombre-llamada-bluetooth-nfc-imagen-de-la-esfera-personalizada-presion-arterial-frecuencia-cardiaca-reloj-inteligente-mujer-smartwatch-soporte\/\">Lemfo-reloj inteligente Iwo 14 Pro HW67 reloj inteligente hombre Llamada Bluetooth NFC Imagen de la esfera personalizada Presi\u00f3n arterial Frecuencia card\u00edaca reloj inteligente mujer smartwatch Soporte para  Android Ios<\/a>\n                                <span class=\"price\">\n                                    <span class=\"woocommerce-Price-amount amount\"><bdi><span class=\"woocommerce-Price-currencySymbol\" translate=\"no\">$<\/span>49,990<\/bdi><\/span>                                <\/span>\n                            <\/div>\n                        <\/div>\n                                        <div class=\"col-md-4\">\n                            <div class=\"xs-product-wraper version-4 tab-style1\">\n                                <div class=\"xs-product-header media xs-wishlist d-none woocommerce\">\n                                    \n                                                                    <\/div>\n                                                                <a class=\"xs_product_img_link\" href=\"https:\/\/bodegaoutdoor.cl\/store\/product\/gafas-para-ciclismo-para-motocicletas-lentes-para-correr-deportes-de-pesca-ciclismo\/\">\n                                     <img loading=\"lazy\" decoding=\"async\" width=\"170\" height=\"170\" src=\"https:\/\/bodegaoutdoor.cl\/store\/wp-content\/uploads\/2020\/11\/20963-o6ob61.jpg\" class=\"attachment-185x170 size-185x170\" alt=\"Gafas para ciclismo para motocicletas, Lentes para correr, deportes de pesca, ciclismo\" srcset=\"https:\/\/bodegaoutdoor.cl\/store\/wp-content\/uploads\/2020\/11\/20963-o6ob61.jpg 800w, https:\/\/bodegaoutdoor.cl\/store\/wp-content\/uploads\/2020\/11\/20963-o6ob61-300x300.jpg 300w, https:\/\/bodegaoutdoor.cl\/store\/wp-content\/uploads\/2020\/11\/20963-o6ob61-100x100.jpg 100w, https:\/\/bodegaoutdoor.cl\/store\/wp-content\/uploads\/2020\/11\/20963-o6ob61-600x600.jpg 600w, https:\/\/bodegaoutdoor.cl\/store\/wp-content\/uploads\/2020\/11\/20963-o6ob61-150x150.jpg 150w, https:\/\/bodegaoutdoor.cl\/store\/wp-content\/uploads\/2020\/11\/20963-o6ob61-768x768.jpg 768w\" sizes=\"(max-width: 170px) 100vw, 170px\" \/>                                <\/a>\n                                                                <a class=\"product-title\" href=\"https:\/\/bodegaoutdoor.cl\/store\/product\/gafas-para-ciclismo-para-motocicletas-lentes-para-correr-deportes-de-pesca-ciclismo\/\">Gafas para ciclismo para motocicletas, Lentes para correr, deportes de pesca, ciclismo<\/a>\n                                <span class=\"price\">\n                                    <span class=\"woocommerce-Price-amount amount\" aria-hidden=\"true\"><bdi><span class=\"woocommerce-Price-currencySymbol\" translate=\"no\">$<\/span>34,990<\/bdi><\/span> <span aria-hidden=\"true\">-<\/span> <span class=\"woocommerce-Price-amount amount\" aria-hidden=\"true\"><bdi><span class=\"woocommerce-Price-currencySymbol\" translate=\"no\">$<\/span>39,990<\/bdi><\/span><span class=\"screen-reader-text\">Rango de precios: desde $34,990 hasta $39,990<\/span>                                <\/span>\n                            <\/div>\n                        <\/div>\n                                        <div class=\"col-md-4\">\n                            <div class=\"xs-product-wraper version-4 tab-style1\">\n                                <div class=\"xs-product-header media xs-wishlist d-none woocommerce\">\n                                    \n                                                                    <\/div>\n                                                                <a class=\"xs_product_img_link\" href=\"https:\/\/bodegaoutdoor.cl\/store\/product\/calcetines-deportivos-profesionales-para-hombre-y-mujer-medias-transpirables-para-escalada-senderismo-caminar-y-correr\/\">\n                                     <img loading=\"lazy\" decoding=\"async\" width=\"170\" height=\"170\" src=\"https:\/\/bodegaoutdoor.cl\/store\/wp-content\/uploads\/2021\/09\/47822-rivyk2.jpg\" class=\"attachment-185x170 size-185x170\" alt=\"Calcetines deportivos profesionales para hombre y mujer, medias transpirables para escalada, senderismo deportes\" srcset=\"https:\/\/bodegaoutdoor.cl\/store\/wp-content\/uploads\/2021\/09\/47822-rivyk2.jpg 800w, https:\/\/bodegaoutdoor.cl\/store\/wp-content\/uploads\/2021\/09\/47822-rivyk2-300x300.jpg 300w, https:\/\/bodegaoutdoor.cl\/store\/wp-content\/uploads\/2021\/09\/47822-rivyk2-100x100.jpg 100w, https:\/\/bodegaoutdoor.cl\/store\/wp-content\/uploads\/2021\/09\/47822-rivyk2-600x600.jpg 600w, https:\/\/bodegaoutdoor.cl\/store\/wp-content\/uploads\/2021\/09\/47822-rivyk2-150x150.jpg 150w, https:\/\/bodegaoutdoor.cl\/store\/wp-content\/uploads\/2021\/09\/47822-rivyk2-768x768.jpg 768w\" sizes=\"(max-width: 170px) 100vw, 170px\" \/>                                <\/a>\n                                                                <a class=\"product-title\" href=\"https:\/\/bodegaoutdoor.cl\/store\/product\/calcetines-deportivos-profesionales-para-hombre-y-mujer-medias-transpirables-para-escalada-senderismo-caminar-y-correr\/\">Calcetines deportivos profesionales para hombre y mujer, medias transpirables para escalada, senderismo deportes<\/a>\n                                <span class=\"price\">\n                                    <del aria-hidden=\"true\"><span class=\"woocommerce-Price-amount amount\"><bdi><span class=\"woocommerce-Price-currencySymbol\" translate=\"no\">$<\/span>19,990<\/bdi><\/span><\/del> <span class=\"screen-reader-text\">El precio original era: $19,990.<\/span><ins aria-hidden=\"true\"><span class=\"woocommerce-Price-amount amount\"><bdi><span class=\"woocommerce-Price-currencySymbol\" translate=\"no\">$<\/span>9,990<\/bdi><\/span><\/ins><span class=\"screen-reader-text\">El precio actual es: $9,990.<\/span>                                <\/span>\n                            <\/div>\n                        <\/div>\n                                        <div class=\"col-md-4\">\n                            <div class=\"xs-product-wraper version-4 tab-style1\">\n                                <div class=\"xs-product-header media xs-wishlist d-none woocommerce\">\n                                    \n                                                                    <\/div>\n                                                                <a class=\"xs_product_img_link\" href=\"https:\/\/bodegaoutdoor.cl\/store\/product\/gafas-de-sol-polarizadas-aoron-para-hombre-y-mujer-gafas-de-sol-clasicas-con-espejo-para-conducir-al-aire-libre-para-hombre-gafas-con-armazon-de-metal-uv400\/\">\n                                     <img loading=\"lazy\" decoding=\"async\" width=\"170\" height=\"170\" src=\"https:\/\/bodegaoutdoor.cl\/store\/wp-content\/uploads\/2020\/08\/9844-hi20fd.jpg\" class=\"attachment-185x170 size-185x170\" alt=\"Gafas de sol polarizadas Aoron para unisex, outdoor con armaz\u00f3n de Metal UV400\" srcset=\"https:\/\/bodegaoutdoor.cl\/store\/wp-content\/uploads\/2020\/08\/9844-hi20fd.jpg 800w, https:\/\/bodegaoutdoor.cl\/store\/wp-content\/uploads\/2020\/08\/9844-hi20fd-300x300.jpg 300w, https:\/\/bodegaoutdoor.cl\/store\/wp-content\/uploads\/2020\/08\/9844-hi20fd-100x100.jpg 100w, https:\/\/bodegaoutdoor.cl\/store\/wp-content\/uploads\/2020\/08\/9844-hi20fd-600x600.jpg 600w, https:\/\/bodegaoutdoor.cl\/store\/wp-content\/uploads\/2020\/08\/9844-hi20fd-150x150.jpg 150w, https:\/\/bodegaoutdoor.cl\/store\/wp-content\/uploads\/2020\/08\/9844-hi20fd-768x768.jpg 768w\" sizes=\"(max-width: 170px) 100vw, 170px\" \/>                                <\/a>\n                                                                <a class=\"product-title\" href=\"https:\/\/bodegaoutdoor.cl\/store\/product\/gafas-de-sol-polarizadas-aoron-para-hombre-y-mujer-gafas-de-sol-clasicas-con-espejo-para-conducir-al-aire-libre-para-hombre-gafas-con-armazon-de-metal-uv400\/\">Gafas de sol polarizadas Aoron para unisex, outdoor con armaz\u00f3n de Metal UV400<\/a>\n                                <span class=\"price\">\n                                    <del aria-hidden=\"true\"><span class=\"woocommerce-Price-amount amount\"><bdi><span class=\"woocommerce-Price-currencySymbol\" translate=\"no\">$<\/span>24,990<\/bdi><\/span><\/del> <span class=\"screen-reader-text\">El precio original era: $24,990.<\/span><ins aria-hidden=\"true\"><span class=\"woocommerce-Price-amount amount\"><bdi><span class=\"woocommerce-Price-currencySymbol\" translate=\"no\">$<\/span>19,990<\/bdi><\/span><\/ins><span class=\"screen-reader-text\">El precio actual es: $19,990.<\/span>                                <\/span>\n                            <\/div>\n                        <\/div>\n                            <\/div>\n        <\/div>\n        <\/div>\t\t\t\t<\/div>\n\t\t\t\t<\/div>\n\t\t\t\t\t<\/div>\n\t\t<\/div>\n\t\t\t\t\t<\/div>\n\t\t<\/section>\n\t\t\t\t<section class=\"elementor-section elementor-top-section elementor-element elementor-element-3af4f455 elementor-section-boxed elementor-section-height-default elementor-section-height-default\" data-id=\"3af4f455\" data-element_type=\"section\" data-e-type=\"section\" data-settings=\"{&quot;background_background&quot;:&quot;classic&quot;}\">\n\t\t\t\t\t\t<div class=\"elementor-container elementor-column-gap-default\">\n\t\t\t\t\t<div class=\"elementor-column elementor-col-100 elementor-top-column elementor-element elementor-element-452ef313\" data-id=\"452ef313\" data-element_type=\"column\" data-e-type=\"column\">\n\t\t\t<div class=\"elementor-widget-wrap elementor-element-populated\">\n\t\t\t\t\t\t<div class=\"elementor-element elementor-element-7246349d elementor-widget elementor-widget-xs-woo-tab\" data-id=\"7246349d\" data-element_type=\"widget\" data-e-type=\"widget\" data-widget_type=\"xs-woo-tab.default\">\n\t\t\t\t<div class=\"elementor-widget-container\">\n\t\t\t\t\t    <div class=\"xs-content-header\">\n        <h2 class=\"xs-content-title\">Hurry up! Special offers<\/h2>\n                                <ul class=\"nav nav-tabs xs-nav-tab\">\n                                                        <li class=\"nav-item\">\n                        <a class=\"nav-link active\" data-toggle=\"tab\"\n                           href=\"#xs-tabs-84005-0\"\n                           >On Sell<\/a>\n                    <\/li>\n                                                        <li class=\"nav-item\">\n                        <a class=\"nav-link \" data-toggle=\"tab\"\n                           href=\"#xs-tabs-84005-1\"\n                           >Hot Sell<\/a>\n                    <\/li>\n                                                        <li class=\"nav-item\">\n                        <a class=\"nav-link \" data-toggle=\"tab\"\n                           href=\"#xs-tabs-84005-2\"\n                           >Trend<\/a>\n                    <\/li>\n                                                        <li class=\"nav-item\">\n                        <a class=\"nav-link \" data-toggle=\"tab\"\n                           href=\"#xs-tabs-84005-3\"\n                           >Best Sell<\/a>\n                    <\/li>\n                            <\/ul>\n                <div class=\"clearfix\"><\/div>\n    <\/div>\n<div class=\"tab-content\">\n                                    <div class=\"tab-pane fade show active\"\n                 id=\"xs-tabs-84005-0\"\n                 >\n                <div class=\"xs-tab-slider swiper\">\n                    <div class=\"swiper-wrapper\">\n                                                                                        <div class=\"xs-tab-slider-item swiper-slide\">\n                                                            <div class=\"xs-product-widget media \">\n                                                                            <a class=\"xs_product_img_link\" href=\"https:\/\/bodegaoutdoor.cl\/store\/product\/neumatico-para-enduro-120-100-18-medium-soft\/\">\n                                        <img loading=\"lazy\" decoding=\"async\" width=\"125\" height=\"125\" src=\"https:\/\/bodegaoutdoor.cl\/store\/wp-content\/uploads\/2026\/05\/WhatsApp-Image-2026-05-17-at-17.30.44-150x150.jpeg\" class=\"attachment-125x125 size-125x125\" alt=\"Neumatico para enduro 120\/100\/18 Medium soft\" srcset=\"https:\/\/bodegaoutdoor.cl\/store\/wp-content\/uploads\/2026\/05\/WhatsApp-Image-2026-05-17-at-17.30.44-150x150.jpeg 150w, https:\/\/bodegaoutdoor.cl\/store\/wp-content\/uploads\/2026\/05\/WhatsApp-Image-2026-05-17-at-17.30.44-300x300.jpeg 300w, https:\/\/bodegaoutdoor.cl\/store\/wp-content\/uploads\/2026\/05\/WhatsApp-Image-2026-05-17-at-17.30.44-100x100.jpeg 100w, https:\/\/bodegaoutdoor.cl\/store\/wp-content\/uploads\/2026\/05\/WhatsApp-Image-2026-05-17-at-17.30.44-50x50.jpeg 50w\" sizes=\"(max-width: 125px) 100vw, 125px\" \/>                                        <\/a>\n                                                                        <div class=\"media-body align-self-center product-widget-content\">\n                                        <div class=\"xs-product-header media woocommerce xs-wishlist \">\n                                                                                                                                        \n                                                                                                                                                \n<div\n\tclass=\"yith-wcwl-add-to-wishlist add-to-wishlist-89328 yith-wcwl-add-to-wishlist--link-style wishlist-fragment on-first-load\"\n\tdata-fragment-ref=\"89328\"\n\tdata-fragment-options=\"{&quot;base_url&quot;:&quot;&quot;,&quot;product_id&quot;:89328,&quot;parent_product_id&quot;:0,&quot;product_type&quot;:&quot;simple&quot;,&quot;is_single&quot;:false,&quot;in_default_wishlist&quot;:false,&quot;show_view&quot;:false,&quot;browse_wishlist_text&quot;:&quot;Lista Deseos&quot;,&quot;already_in_wishslist_text&quot;:&quot;The producto esta Agregado!&quot;,&quot;product_added_text&quot;:&quot;Producto Agregado!&quot;,&quot;available_multi_wishlist&quot;:false,&quot;disable_wishlist&quot;:false,&quot;show_count&quot;:false,&quot;ajax_loading&quot;:false,&quot;loop_position&quot;:&quot;after_add_to_cart&quot;,&quot;item&quot;:&quot;add_to_wishlist&quot;}\"\n>\n\t\t\t\n\t\t\t<!-- ADD TO WISHLIST -->\n\t\t\t\n<div class=\"yith-wcwl-add-button\">\n\t\t<a\n\t\thref=\"?add_to_wishlist=89328&#038;_wpnonce=98056c7fc2\"\n\t\tclass=\"add_to_wishlist single_add_to_wishlist\"\n\t\tdata-product-id=\"89328\"\n\t\tdata-product-type=\"simple\"\n\t\tdata-original-product-id=\"0\"\n\t\tdata-title=\"Lista Deseos\"\n\t\trel=\"nofollow\"\n\t>\n\t\t<svg id=\"yith-wcwl-icon-heart-outline\" class=\"yith-wcwl-icon-svg\" fill=\"none\" stroke-width=\"1.5\" stroke=\"currentColor\" viewbox=\"0 0 24 24\" xmlns=\"http:\/\/www.w3.org\/2000\/svg\">\n  <path stroke-linecap=\"round\" stroke-linejoin=\"round\" d=\"M21 8.25c0-2.485-2.099-4.5-4.688-4.5-1.935 0-3.597 1.126-4.312 2.733-.715-1.607-2.377-2.733-4.313-2.733C5.1 3.75 3 5.765 3 8.25c0 7.22 9 12 9 12s9-4.78 9-12Z\"><\/path>\n<\/svg>\t\t<span>Lista Deseos<\/span>\n\t<\/a>\n<\/div>\n\n\t\t\t<!-- COUNT TEXT -->\n\t\t\t\n\t\t\t<\/div>\n                                                                                                                                    <\/div>\n                                        <a class=\"product-title\" href=\"https:\/\/bodegaoutdoor.cl\/store\/product\/neumatico-para-enduro-120-100-18-medium-soft\/\">Neumatico para enduro 120\/100\/18 Medium soft<\/a>\n                                        <span class=\"price\">\n                                            <del aria-hidden=\"true\"><span class=\"woocommerce-Price-amount amount\"><bdi><span class=\"woocommerce-Price-currencySymbol\" translate=\"no\">$<\/span>99,900<\/bdi><\/span><\/del> <span class=\"screen-reader-text\">El precio original era: $99,900.<\/span><ins aria-hidden=\"true\"><span class=\"woocommerce-Price-amount amount\"><bdi><span class=\"woocommerce-Price-currencySymbol\" translate=\"no\">$<\/span>52,990<\/bdi><\/span><\/ins><span class=\"screen-reader-text\">El precio actual es: $52,990.<\/span>                                        <\/span>\n                                    <\/div>\n                                <\/div>\n                                                                                                                                <div class=\"xs-product-widget media \">\n                                                                            <a class=\"xs_product_img_link\" href=\"https:\/\/bodegaoutdoor.cl\/store\/product\/kit-de-accesorios-de-pesca-cana-regulable-hasta-2-10m\/\">\n                                        <img loading=\"lazy\" decoding=\"async\" width=\"125\" height=\"125\" src=\"https:\/\/bodegaoutdoor.cl\/store\/wp-content\/uploads\/2025\/01\/F-126__8_-150x150.jpg\" class=\"attachment-125x125 size-125x125\" alt=\"KIT DE ACCESORIOS DE PESCA CA\u00d1A regulable hasta 2.10m\" srcset=\"https:\/\/bodegaoutdoor.cl\/store\/wp-content\/uploads\/2025\/01\/F-126__8_-150x150.jpg 150w, https:\/\/bodegaoutdoor.cl\/store\/wp-content\/uploads\/2025\/01\/F-126__8_-300x300.jpg 300w, https:\/\/bodegaoutdoor.cl\/store\/wp-content\/uploads\/2025\/01\/F-126__8_-1024x1024.jpg 1024w, https:\/\/bodegaoutdoor.cl\/store\/wp-content\/uploads\/2025\/01\/F-126__8_-768x768.jpg 768w, https:\/\/bodegaoutdoor.cl\/store\/wp-content\/uploads\/2025\/01\/F-126__8_-1536x1536.jpg 1536w, https:\/\/bodegaoutdoor.cl\/store\/wp-content\/uploads\/2025\/01\/F-126__8_-2048x2048.jpg 2048w, https:\/\/bodegaoutdoor.cl\/store\/wp-content\/uploads\/2025\/01\/F-126__8_-600x600.jpg 600w, https:\/\/bodegaoutdoor.cl\/store\/wp-content\/uploads\/2025\/01\/F-126__8_-100x100.jpg 100w\" sizes=\"(max-width: 125px) 100vw, 125px\" \/>                                        <\/a>\n                                                                        <div class=\"media-body align-self-center product-widget-content\">\n                                        <div class=\"xs-product-header media woocommerce xs-wishlist \">\n                                                                                                                                        \n                                                                                                                                                \n<div\n\tclass=\"yith-wcwl-add-to-wishlist add-to-wishlist-86335 yith-wcwl-add-to-wishlist--link-style wishlist-fragment on-first-load\"\n\tdata-fragment-ref=\"86335\"\n\tdata-fragment-options=\"{&quot;base_url&quot;:&quot;&quot;,&quot;product_id&quot;:86335,&quot;parent_product_id&quot;:0,&quot;product_type&quot;:&quot;simple&quot;,&quot;is_single&quot;:false,&quot;in_default_wishlist&quot;:false,&quot;show_view&quot;:false,&quot;browse_wishlist_text&quot;:&quot;Lista Deseos&quot;,&quot;already_in_wishslist_text&quot;:&quot;The producto esta Agregado!&quot;,&quot;product_added_text&quot;:&quot;Producto Agregado!&quot;,&quot;available_multi_wishlist&quot;:false,&quot;disable_wishlist&quot;:false,&quot;show_count&quot;:false,&quot;ajax_loading&quot;:false,&quot;loop_position&quot;:&quot;after_add_to_cart&quot;,&quot;item&quot;:&quot;add_to_wishlist&quot;}\"\n>\n\t\t\t\n\t\t\t<!-- ADD TO WISHLIST -->\n\t\t\t\n<div class=\"yith-wcwl-add-button\">\n\t\t<a\n\t\thref=\"?add_to_wishlist=86335&#038;_wpnonce=98056c7fc2\"\n\t\tclass=\"add_to_wishlist single_add_to_wishlist\"\n\t\tdata-product-id=\"86335\"\n\t\tdata-product-type=\"simple\"\n\t\tdata-original-product-id=\"0\"\n\t\tdata-title=\"Lista Deseos\"\n\t\trel=\"nofollow\"\n\t>\n\t\t<svg id=\"yith-wcwl-icon-heart-outline\" class=\"yith-wcwl-icon-svg\" fill=\"none\" stroke-width=\"1.5\" stroke=\"currentColor\" viewbox=\"0 0 24 24\" xmlns=\"http:\/\/www.w3.org\/2000\/svg\">\n  <path stroke-linecap=\"round\" stroke-linejoin=\"round\" d=\"M21 8.25c0-2.485-2.099-4.5-4.688-4.5-1.935 0-3.597 1.126-4.312 2.733-.715-1.607-2.377-2.733-4.313-2.733C5.1 3.75 3 5.765 3 8.25c0 7.22 9 12 9 12s9-4.78 9-12Z\"><\/path>\n<\/svg>\t\t<span>Lista Deseos<\/span>\n\t<\/a>\n<\/div>\n\n\t\t\t<!-- COUNT TEXT -->\n\t\t\t\n\t\t\t<\/div>\n                                                                                                                                    <\/div>\n                                        <a class=\"product-title\" href=\"https:\/\/bodegaoutdoor.cl\/store\/product\/kit-de-accesorios-de-pesca-cana-regulable-hasta-2-10m\/\">KIT DE ACCESORIOS DE PESCA CA\u00d1A regulable hasta 2.10m<\/a>\n                                        <span class=\"price\">\n                                            <del aria-hidden=\"true\"><span class=\"woocommerce-Price-amount amount\"><bdi><span class=\"woocommerce-Price-currencySymbol\" translate=\"no\">$<\/span>35,000<\/bdi><\/span><\/del> <span class=\"screen-reader-text\">El precio original era: $35,000.<\/span><ins aria-hidden=\"true\"><span class=\"woocommerce-Price-amount amount\"><bdi><span class=\"woocommerce-Price-currencySymbol\" translate=\"no\">$<\/span>24,990<\/bdi><\/span><\/ins><span class=\"screen-reader-text\">El precio actual es: $24,990.<\/span>                                        <\/span>\n                                    <\/div>\n                                <\/div>\n                                                                                                                                <div class=\"xs-product-widget media \">\n                                                                            <a class=\"xs_product_img_link\" href=\"https:\/\/bodegaoutdoor.cl\/store\/product\/carpa-techo-camping-3x3-metros\/\">\n                                        <img loading=\"lazy\" decoding=\"async\" width=\"125\" height=\"125\" src=\"https:\/\/bodegaoutdoor.cl\/store\/wp-content\/uploads\/2024\/12\/TECHO-3X3-150x150.jpeg\" class=\"attachment-125x125 size-125x125\" alt=\"Carpa Techo Camping 3&#215;3 metros\" srcset=\"https:\/\/bodegaoutdoor.cl\/store\/wp-content\/uploads\/2024\/12\/TECHO-3X3-150x150.jpeg 150w, https:\/\/bodegaoutdoor.cl\/store\/wp-content\/uploads\/2024\/12\/TECHO-3X3-300x300.jpeg 300w, https:\/\/bodegaoutdoor.cl\/store\/wp-content\/uploads\/2024\/12\/TECHO-3X3-768x768.jpeg 768w, https:\/\/bodegaoutdoor.cl\/store\/wp-content\/uploads\/2024\/12\/TECHO-3X3-600x600.jpeg 600w, https:\/\/bodegaoutdoor.cl\/store\/wp-content\/uploads\/2024\/12\/TECHO-3X3-100x100.jpeg 100w, https:\/\/bodegaoutdoor.cl\/store\/wp-content\/uploads\/2024\/12\/TECHO-3X3.jpeg 800w\" sizes=\"(max-width: 125px) 100vw, 125px\" \/>                                        <\/a>\n                                                                        <div class=\"media-body align-self-center product-widget-content\">\n                                        <div class=\"xs-product-header media woocommerce xs-wishlist \">\n                                                                                                                                        \n                                                                                                                                                \n<div\n\tclass=\"yith-wcwl-add-to-wishlist add-to-wishlist-86233 yith-wcwl-add-to-wishlist--link-style wishlist-fragment on-first-load\"\n\tdata-fragment-ref=\"86233\"\n\tdata-fragment-options=\"{&quot;base_url&quot;:&quot;&quot;,&quot;product_id&quot;:86233,&quot;parent_product_id&quot;:0,&quot;product_type&quot;:&quot;simple&quot;,&quot;is_single&quot;:false,&quot;in_default_wishlist&quot;:false,&quot;show_view&quot;:false,&quot;browse_wishlist_text&quot;:&quot;Lista Deseos&quot;,&quot;already_in_wishslist_text&quot;:&quot;The producto esta Agregado!&quot;,&quot;product_added_text&quot;:&quot;Producto Agregado!&quot;,&quot;available_multi_wishlist&quot;:false,&quot;disable_wishlist&quot;:false,&quot;show_count&quot;:false,&quot;ajax_loading&quot;:false,&quot;loop_position&quot;:&quot;after_add_to_cart&quot;,&quot;item&quot;:&quot;add_to_wishlist&quot;}\"\n>\n\t\t\t\n\t\t\t<!-- ADD TO WISHLIST -->\n\t\t\t\n<div class=\"yith-wcwl-add-button\">\n\t\t<a\n\t\thref=\"?add_to_wishlist=86233&#038;_wpnonce=98056c7fc2\"\n\t\tclass=\"add_to_wishlist single_add_to_wishlist\"\n\t\tdata-product-id=\"86233\"\n\t\tdata-product-type=\"simple\"\n\t\tdata-original-product-id=\"0\"\n\t\tdata-title=\"Lista Deseos\"\n\t\trel=\"nofollow\"\n\t>\n\t\t<svg id=\"yith-wcwl-icon-heart-outline\" class=\"yith-wcwl-icon-svg\" fill=\"none\" stroke-width=\"1.5\" stroke=\"currentColor\" viewbox=\"0 0 24 24\" xmlns=\"http:\/\/www.w3.org\/2000\/svg\">\n  <path stroke-linecap=\"round\" stroke-linejoin=\"round\" d=\"M21 8.25c0-2.485-2.099-4.5-4.688-4.5-1.935 0-3.597 1.126-4.312 2.733-.715-1.607-2.377-2.733-4.313-2.733C5.1 3.75 3 5.765 3 8.25c0 7.22 9 12 9 12s9-4.78 9-12Z\"><\/path>\n<\/svg>\t\t<span>Lista Deseos<\/span>\n\t<\/a>\n<\/div>\n\n\t\t\t<!-- COUNT TEXT -->\n\t\t\t\n\t\t\t<\/div>\n                                                                                                                                    <\/div>\n                                        <a class=\"product-title\" href=\"https:\/\/bodegaoutdoor.cl\/store\/product\/carpa-techo-camping-3x3-metros\/\">Carpa Techo Camping 3&#215;3 metros<\/a>\n                                        <span class=\"price\">\n                                            <del aria-hidden=\"true\"><span class=\"woocommerce-Price-amount amount\"><bdi><span class=\"woocommerce-Price-currencySymbol\" translate=\"no\">$<\/span>100,000<\/bdi><\/span><\/del> <span class=\"screen-reader-text\">El precio original era: $100,000.<\/span><ins aria-hidden=\"true\"><span class=\"woocommerce-Price-amount amount\"><bdi><span class=\"woocommerce-Price-currencySymbol\" translate=\"no\">$<\/span>49,990<\/bdi><\/span><\/ins><span class=\"screen-reader-text\">El precio actual es: $49,990.<\/span>                                        <\/span>\n                                    <\/div>\n                                <\/div>\n                                                                <\/div>\n                                                                                                                            <div class=\"xs-tab-slider-item swiper-slide\">\n                                                            <div class=\"xs-product-widget media \">\n                                                                            <a class=\"xs_product_img_link\" href=\"https:\/\/bodegaoutdoor.cl\/store\/product\/gorro-police\/\">\n                                        <img loading=\"lazy\" decoding=\"async\" width=\"125\" height=\"125\" src=\"https:\/\/bodegaoutdoor.cl\/store\/wp-content\/uploads\/2024\/12\/WhatsApp-Image-2024-05-16-at-9.44.56-AM-150x150.jpeg\" class=\"attachment-125x125 size-125x125\" alt=\"GORRO JOCKEY POLICE\" srcset=\"https:\/\/bodegaoutdoor.cl\/store\/wp-content\/uploads\/2024\/12\/WhatsApp-Image-2024-05-16-at-9.44.56-AM-150x150.jpeg 150w, https:\/\/bodegaoutdoor.cl\/store\/wp-content\/uploads\/2024\/12\/WhatsApp-Image-2024-05-16-at-9.44.56-AM-300x300.jpeg 300w, https:\/\/bodegaoutdoor.cl\/store\/wp-content\/uploads\/2024\/12\/WhatsApp-Image-2024-05-16-at-9.44.56-AM-100x100.jpeg 100w\" sizes=\"(max-width: 125px) 100vw, 125px\" \/>                                        <\/a>\n                                                                        <div class=\"media-body align-self-center product-widget-content\">\n                                        <div class=\"xs-product-header media woocommerce xs-wishlist \">\n                                                                                                                                        \n                                                                                                                                                \n<div\n\tclass=\"yith-wcwl-add-to-wishlist add-to-wishlist-86229 yith-wcwl-add-to-wishlist--link-style wishlist-fragment on-first-load\"\n\tdata-fragment-ref=\"86229\"\n\tdata-fragment-options=\"{&quot;base_url&quot;:&quot;&quot;,&quot;product_id&quot;:86229,&quot;parent_product_id&quot;:0,&quot;product_type&quot;:&quot;simple&quot;,&quot;is_single&quot;:false,&quot;in_default_wishlist&quot;:false,&quot;show_view&quot;:false,&quot;browse_wishlist_text&quot;:&quot;Lista Deseos&quot;,&quot;already_in_wishslist_text&quot;:&quot;The producto esta Agregado!&quot;,&quot;product_added_text&quot;:&quot;Producto Agregado!&quot;,&quot;available_multi_wishlist&quot;:false,&quot;disable_wishlist&quot;:false,&quot;show_count&quot;:false,&quot;ajax_loading&quot;:false,&quot;loop_position&quot;:&quot;after_add_to_cart&quot;,&quot;item&quot;:&quot;add_to_wishlist&quot;}\"\n>\n\t\t\t\n\t\t\t<!-- ADD TO WISHLIST -->\n\t\t\t\n<div class=\"yith-wcwl-add-button\">\n\t\t<a\n\t\thref=\"?add_to_wishlist=86229&#038;_wpnonce=98056c7fc2\"\n\t\tclass=\"add_to_wishlist single_add_to_wishlist\"\n\t\tdata-product-id=\"86229\"\n\t\tdata-product-type=\"simple\"\n\t\tdata-original-product-id=\"0\"\n\t\tdata-title=\"Lista Deseos\"\n\t\trel=\"nofollow\"\n\t>\n\t\t<svg id=\"yith-wcwl-icon-heart-outline\" class=\"yith-wcwl-icon-svg\" fill=\"none\" stroke-width=\"1.5\" stroke=\"currentColor\" viewbox=\"0 0 24 24\" xmlns=\"http:\/\/www.w3.org\/2000\/svg\">\n  <path stroke-linecap=\"round\" stroke-linejoin=\"round\" d=\"M21 8.25c0-2.485-2.099-4.5-4.688-4.5-1.935 0-3.597 1.126-4.312 2.733-.715-1.607-2.377-2.733-4.313-2.733C5.1 3.75 3 5.765 3 8.25c0 7.22 9 12 9 12s9-4.78 9-12Z\"><\/path>\n<\/svg>\t\t<span>Lista Deseos<\/span>\n\t<\/a>\n<\/div>\n\n\t\t\t<!-- COUNT TEXT -->\n\t\t\t\n\t\t\t<\/div>\n                                                                                                                                    <\/div>\n                                        <a class=\"product-title\" href=\"https:\/\/bodegaoutdoor.cl\/store\/product\/gorro-police\/\">GORRO JOCKEY POLICE<\/a>\n                                        <span class=\"price\">\n                                            <del aria-hidden=\"true\"><span class=\"woocommerce-Price-amount amount\"><bdi><span class=\"woocommerce-Price-currencySymbol\" translate=\"no\">$<\/span>15,000<\/bdi><\/span><\/del> <span class=\"screen-reader-text\">El precio original era: $15,000.<\/span><ins aria-hidden=\"true\"><span class=\"woocommerce-Price-amount amount\"><bdi><span class=\"woocommerce-Price-currencySymbol\" translate=\"no\">$<\/span>9,990<\/bdi><\/span><\/ins><span class=\"screen-reader-text\">El precio actual es: $9,990.<\/span>                                        <\/span>\n                                    <\/div>\n                                <\/div>\n                                                                                                                                <div class=\"xs-product-widget media \">\n                                                                            <a class=\"xs_product_img_link\" href=\"https:\/\/bodegaoutdoor.cl\/store\/product\/telescopio-comet-501-10-30x50\/\">\n                                        <img loading=\"lazy\" decoding=\"async\" width=\"125\" height=\"125\" src=\"https:\/\/bodegaoutdoor.cl\/store\/wp-content\/uploads\/2024\/12\/103050-600x600.jpeg-150x150.webp\" class=\"attachment-125x125 size-125x125\" alt=\"TELESCOPIO comet 501 10-30X50\" srcset=\"https:\/\/bodegaoutdoor.cl\/store\/wp-content\/uploads\/2024\/12\/103050-600x600.jpeg-150x150.webp 150w, https:\/\/bodegaoutdoor.cl\/store\/wp-content\/uploads\/2024\/12\/103050-600x600.jpeg-300x300.webp 300w, https:\/\/bodegaoutdoor.cl\/store\/wp-content\/uploads\/2024\/12\/103050-600x600.jpeg-100x100.webp 100w, https:\/\/bodegaoutdoor.cl\/store\/wp-content\/uploads\/2024\/12\/103050-600x600.jpeg.webp 600w\" sizes=\"(max-width: 125px) 100vw, 125px\" \/>                                        <\/a>\n                                                                        <div class=\"media-body align-self-center product-widget-content\">\n                                        <div class=\"xs-product-header media woocommerce xs-wishlist \">\n                                                                                                                                        \n                                                                                                                                                \n<div\n\tclass=\"yith-wcwl-add-to-wishlist add-to-wishlist-86224 yith-wcwl-add-to-wishlist--link-style wishlist-fragment on-first-load\"\n\tdata-fragment-ref=\"86224\"\n\tdata-fragment-options=\"{&quot;base_url&quot;:&quot;&quot;,&quot;product_id&quot;:86224,&quot;parent_product_id&quot;:0,&quot;product_type&quot;:&quot;simple&quot;,&quot;is_single&quot;:false,&quot;in_default_wishlist&quot;:false,&quot;show_view&quot;:false,&quot;browse_wishlist_text&quot;:&quot;Lista Deseos&quot;,&quot;already_in_wishslist_text&quot;:&quot;The producto esta Agregado!&quot;,&quot;product_added_text&quot;:&quot;Producto Agregado!&quot;,&quot;available_multi_wishlist&quot;:false,&quot;disable_wishlist&quot;:false,&quot;show_count&quot;:false,&quot;ajax_loading&quot;:false,&quot;loop_position&quot;:&quot;after_add_to_cart&quot;,&quot;item&quot;:&quot;add_to_wishlist&quot;}\"\n>\n\t\t\t\n\t\t\t<!-- ADD TO WISHLIST -->\n\t\t\t\n<div class=\"yith-wcwl-add-button\">\n\t\t<a\n\t\thref=\"?add_to_wishlist=86224&#038;_wpnonce=98056c7fc2\"\n\t\tclass=\"add_to_wishlist single_add_to_wishlist\"\n\t\tdata-product-id=\"86224\"\n\t\tdata-product-type=\"simple\"\n\t\tdata-original-product-id=\"0\"\n\t\tdata-title=\"Lista Deseos\"\n\t\trel=\"nofollow\"\n\t>\n\t\t<svg id=\"yith-wcwl-icon-heart-outline\" class=\"yith-wcwl-icon-svg\" fill=\"none\" stroke-width=\"1.5\" stroke=\"currentColor\" viewbox=\"0 0 24 24\" xmlns=\"http:\/\/www.w3.org\/2000\/svg\">\n  <path stroke-linecap=\"round\" stroke-linejoin=\"round\" d=\"M21 8.25c0-2.485-2.099-4.5-4.688-4.5-1.935 0-3.597 1.126-4.312 2.733-.715-1.607-2.377-2.733-4.313-2.733C5.1 3.75 3 5.765 3 8.25c0 7.22 9 12 9 12s9-4.78 9-12Z\"><\/path>\n<\/svg>\t\t<span>Lista Deseos<\/span>\n\t<\/a>\n<\/div>\n\n\t\t\t<!-- COUNT TEXT -->\n\t\t\t\n\t\t\t<\/div>\n                                                                                                                                    <\/div>\n                                        <a class=\"product-title\" href=\"https:\/\/bodegaoutdoor.cl\/store\/product\/telescopio-comet-501-10-30x50\/\">TELESCOPIO comet 501 10-30X50<\/a>\n                                        <span class=\"price\">\n                                            <del aria-hidden=\"true\"><span class=\"woocommerce-Price-amount amount\"><bdi><span class=\"woocommerce-Price-currencySymbol\" translate=\"no\">$<\/span>150,000<\/bdi><\/span><\/del> <span class=\"screen-reader-text\">El precio original era: $150,000.<\/span><ins aria-hidden=\"true\"><span class=\"woocommerce-Price-amount amount\"><bdi><span class=\"woocommerce-Price-currencySymbol\" translate=\"no\">$<\/span>99,990<\/bdi><\/span><\/ins><span class=\"screen-reader-text\">El precio actual es: $99,990.<\/span>                                        <\/span>\n                                    <\/div>\n                                <\/div>\n                                                                                                                                <div class=\"xs-product-widget media \">\n                                                                            <a class=\"xs_product_img_link\" href=\"https:\/\/bodegaoutdoor.cl\/store\/product\/hacha-de-supervivencia-multifuncion-tactica-martillo-outdoor-mango-de-plasticorescate\/\">\n                                        <img loading=\"lazy\" decoding=\"async\" width=\"125\" height=\"125\" src=\"https:\/\/bodegaoutdoor.cl\/store\/wp-content\/uploads\/2024\/12\/hacha-bodega-outdoor-survivor-1-150x150.jpeg\" class=\"attachment-125x125 size-125x125\" alt=\"Hacha de supervivencia, multifunci\u00f3n t\u00e1ctica, martillo, outdoor, mango de pl\u00e1stico,rescate\" srcset=\"https:\/\/bodegaoutdoor.cl\/store\/wp-content\/uploads\/2024\/12\/hacha-bodega-outdoor-survivor-1-150x150.jpeg 150w, https:\/\/bodegaoutdoor.cl\/store\/wp-content\/uploads\/2024\/12\/hacha-bodega-outdoor-survivor-1-300x300.jpeg 300w, https:\/\/bodegaoutdoor.cl\/store\/wp-content\/uploads\/2024\/12\/hacha-bodega-outdoor-survivor-1-768x768.jpeg 768w, https:\/\/bodegaoutdoor.cl\/store\/wp-content\/uploads\/2024\/12\/hacha-bodega-outdoor-survivor-1-600x600.jpeg 600w, https:\/\/bodegaoutdoor.cl\/store\/wp-content\/uploads\/2024\/12\/hacha-bodega-outdoor-survivor-1-100x100.jpeg 100w, https:\/\/bodegaoutdoor.cl\/store\/wp-content\/uploads\/2024\/12\/hacha-bodega-outdoor-survivor-1.jpeg 1024w\" sizes=\"(max-width: 125px) 100vw, 125px\" \/>                                        <\/a>\n                                                                        <div class=\"media-body align-self-center product-widget-content\">\n                                        <div class=\"xs-product-header media woocommerce xs-wishlist \">\n                                                                                                                                        \n                                                                                                                                                \n<div\n\tclass=\"yith-wcwl-add-to-wishlist add-to-wishlist-86069 yith-wcwl-add-to-wishlist--link-style wishlist-fragment on-first-load\"\n\tdata-fragment-ref=\"86069\"\n\tdata-fragment-options=\"{&quot;base_url&quot;:&quot;&quot;,&quot;product_id&quot;:86069,&quot;parent_product_id&quot;:0,&quot;product_type&quot;:&quot;simple&quot;,&quot;is_single&quot;:false,&quot;in_default_wishlist&quot;:false,&quot;show_view&quot;:false,&quot;browse_wishlist_text&quot;:&quot;Lista Deseos&quot;,&quot;already_in_wishslist_text&quot;:&quot;The producto esta Agregado!&quot;,&quot;product_added_text&quot;:&quot;Producto Agregado!&quot;,&quot;available_multi_wishlist&quot;:false,&quot;disable_wishlist&quot;:false,&quot;show_count&quot;:false,&quot;ajax_loading&quot;:false,&quot;loop_position&quot;:&quot;after_add_to_cart&quot;,&quot;item&quot;:&quot;add_to_wishlist&quot;}\"\n>\n\t\t\t\n\t\t\t<!-- ADD TO WISHLIST -->\n\t\t\t\n<div class=\"yith-wcwl-add-button\">\n\t\t<a\n\t\thref=\"?add_to_wishlist=86069&#038;_wpnonce=98056c7fc2\"\n\t\tclass=\"add_to_wishlist single_add_to_wishlist\"\n\t\tdata-product-id=\"86069\"\n\t\tdata-product-type=\"simple\"\n\t\tdata-original-product-id=\"0\"\n\t\tdata-title=\"Lista Deseos\"\n\t\trel=\"nofollow\"\n\t>\n\t\t<svg id=\"yith-wcwl-icon-heart-outline\" class=\"yith-wcwl-icon-svg\" fill=\"none\" stroke-width=\"1.5\" stroke=\"currentColor\" viewbox=\"0 0 24 24\" xmlns=\"http:\/\/www.w3.org\/2000\/svg\">\n  <path stroke-linecap=\"round\" stroke-linejoin=\"round\" d=\"M21 8.25c0-2.485-2.099-4.5-4.688-4.5-1.935 0-3.597 1.126-4.312 2.733-.715-1.607-2.377-2.733-4.313-2.733C5.1 3.75 3 5.765 3 8.25c0 7.22 9 12 9 12s9-4.78 9-12Z\"><\/path>\n<\/svg>\t\t<span>Lista Deseos<\/span>\n\t<\/a>\n<\/div>\n\n\t\t\t<!-- COUNT TEXT -->\n\t\t\t\n\t\t\t<\/div>\n                                                                                                                                    <\/div>\n                                        <a class=\"product-title\" href=\"https:\/\/bodegaoutdoor.cl\/store\/product\/hacha-de-supervivencia-multifuncion-tactica-martillo-outdoor-mango-de-plasticorescate\/\">Hacha de supervivencia, multifunci\u00f3n t\u00e1ctica, martillo, outdoor, mango de pl\u00e1stico,rescate<\/a>\n                                        <span class=\"price\">\n                                            <del aria-hidden=\"true\"><span class=\"woocommerce-Price-amount amount\"><bdi><span class=\"woocommerce-Price-currencySymbol\" translate=\"no\">$<\/span>60,000<\/bdi><\/span><\/del> <span class=\"screen-reader-text\">El precio original era: $60,000.<\/span><ins aria-hidden=\"true\"><span class=\"woocommerce-Price-amount amount\"><bdi><span class=\"woocommerce-Price-currencySymbol\" translate=\"no\">$<\/span>29,990<\/bdi><\/span><\/ins><span class=\"screen-reader-text\">El precio actual es: $29,990.<\/span>                                        <\/span>\n                                    <\/div>\n                                <\/div>\n                                                                <\/div>\n                                                                                                                            <div class=\"xs-tab-slider-item swiper-slide\">\n                                                            <div class=\"xs-product-widget media \">\n                                                                            <a class=\"xs_product_img_link\" href=\"https:\/\/bodegaoutdoor.cl\/store\/product\/termo-1-litro-1000ml-de-doble-pared-al-vacio-liviano\/\">\n                                        <img loading=\"lazy\" decoding=\"async\" width=\"125\" height=\"125\" src=\"https:\/\/bodegaoutdoor.cl\/store\/wp-content\/uploads\/2024\/11\/Sin-titulo-150x150.png\" class=\"attachment-125x125 size-125x125\" alt=\"Termo 1 Litro \/ 1000ml, de doble pared al vac\u00edo Liviano\" srcset=\"https:\/\/bodegaoutdoor.cl\/store\/wp-content\/uploads\/2024\/11\/Sin-titulo-150x150.png 150w, https:\/\/bodegaoutdoor.cl\/store\/wp-content\/uploads\/2024\/11\/Sin-titulo-300x300.png 300w, https:\/\/bodegaoutdoor.cl\/store\/wp-content\/uploads\/2024\/11\/Sin-titulo-100x100.png 100w, https:\/\/bodegaoutdoor.cl\/store\/wp-content\/uploads\/2024\/11\/Sin-titulo-50x50.png 50w\" sizes=\"(max-width: 125px) 100vw, 125px\" \/>                                        <\/a>\n                                                                        <div class=\"media-body align-self-center product-widget-content\">\n                                        <div class=\"xs-product-header media woocommerce xs-wishlist \">\n                                                                                                                                        \n                                                                                                                                                \n<div\n\tclass=\"yith-wcwl-add-to-wishlist add-to-wishlist-85863 yith-wcwl-add-to-wishlist--link-style wishlist-fragment on-first-load\"\n\tdata-fragment-ref=\"85863\"\n\tdata-fragment-options=\"{&quot;base_url&quot;:&quot;&quot;,&quot;product_id&quot;:85863,&quot;parent_product_id&quot;:0,&quot;product_type&quot;:&quot;simple&quot;,&quot;is_single&quot;:false,&quot;in_default_wishlist&quot;:false,&quot;show_view&quot;:false,&quot;browse_wishlist_text&quot;:&quot;Lista Deseos&quot;,&quot;already_in_wishslist_text&quot;:&quot;The producto esta Agregado!&quot;,&quot;product_added_text&quot;:&quot;Producto Agregado!&quot;,&quot;available_multi_wishlist&quot;:false,&quot;disable_wishlist&quot;:false,&quot;show_count&quot;:false,&quot;ajax_loading&quot;:false,&quot;loop_position&quot;:&quot;after_add_to_cart&quot;,&quot;item&quot;:&quot;add_to_wishlist&quot;}\"\n>\n\t\t\t\n\t\t\t<!-- ADD TO WISHLIST -->\n\t\t\t\n<div class=\"yith-wcwl-add-button\">\n\t\t<a\n\t\thref=\"?add_to_wishlist=85863&#038;_wpnonce=98056c7fc2\"\n\t\tclass=\"add_to_wishlist single_add_to_wishlist\"\n\t\tdata-product-id=\"85863\"\n\t\tdata-product-type=\"simple\"\n\t\tdata-original-product-id=\"0\"\n\t\tdata-title=\"Lista Deseos\"\n\t\trel=\"nofollow\"\n\t>\n\t\t<svg id=\"yith-wcwl-icon-heart-outline\" class=\"yith-wcwl-icon-svg\" fill=\"none\" stroke-width=\"1.5\" stroke=\"currentColor\" viewbox=\"0 0 24 24\" xmlns=\"http:\/\/www.w3.org\/2000\/svg\">\n  <path stroke-linecap=\"round\" stroke-linejoin=\"round\" d=\"M21 8.25c0-2.485-2.099-4.5-4.688-4.5-1.935 0-3.597 1.126-4.312 2.733-.715-1.607-2.377-2.733-4.313-2.733C5.1 3.75 3 5.765 3 8.25c0 7.22 9 12 9 12s9-4.78 9-12Z\"><\/path>\n<\/svg>\t\t<span>Lista Deseos<\/span>\n\t<\/a>\n<\/div>\n\n\t\t\t<!-- COUNT TEXT -->\n\t\t\t\n\t\t\t<\/div>\n                                                                                                                                    <\/div>\n                                        <a class=\"product-title\" href=\"https:\/\/bodegaoutdoor.cl\/store\/product\/termo-1-litro-1000ml-de-doble-pared-al-vacio-liviano\/\">Termo 1 Litro \/ 1000ml, de doble pared al vac\u00edo Liviano<\/a>\n                                        <span class=\"price\">\n                                            <del aria-hidden=\"true\"><span class=\"woocommerce-Price-amount amount\"><bdi><span class=\"woocommerce-Price-currencySymbol\" translate=\"no\">$<\/span>19,990<\/bdi><\/span><\/del> <span class=\"screen-reader-text\">El precio original era: $19,990.<\/span><ins aria-hidden=\"true\"><span class=\"woocommerce-Price-amount amount\"><bdi><span class=\"woocommerce-Price-currencySymbol\" translate=\"no\">$<\/span>9,990<\/bdi><\/span><\/ins><span class=\"screen-reader-text\">El precio actual es: $9,990.<\/span>                                        <\/span>\n                                    <\/div>\n                                <\/div>\n                                                                                                                                <div class=\"xs-product-widget media \">\n                                                                            <a class=\"xs_product_img_link\" href=\"https:\/\/bodegaoutdoor.cl\/store\/product\/chaqueta-tactica-de-polar-con-capucha\/\">\n                                        <img loading=\"lazy\" decoding=\"async\" width=\"125\" height=\"125\" src=\"https:\/\/bodegaoutdoor.cl\/store\/wp-content\/uploads\/2024\/07\/polar-tactico-2-150x150.png\" class=\"attachment-125x125 size-125x125\" alt=\"Chaqueta Tactica De Polar Con Capucha\" srcset=\"https:\/\/bodegaoutdoor.cl\/store\/wp-content\/uploads\/2024\/07\/polar-tactico-2-150x150.png 150w, https:\/\/bodegaoutdoor.cl\/store\/wp-content\/uploads\/2024\/07\/polar-tactico-2-300x300.png 300w, https:\/\/bodegaoutdoor.cl\/store\/wp-content\/uploads\/2024\/07\/polar-tactico-2-100x100.png 100w, https:\/\/bodegaoutdoor.cl\/store\/wp-content\/uploads\/2024\/07\/polar-tactico-2-50x50.png 50w\" sizes=\"(max-width: 125px) 100vw, 125px\" \/>                                        <\/a>\n                                                                        <div class=\"media-body align-self-center product-widget-content\">\n                                        <div class=\"xs-product-header media woocommerce xs-wishlist \">\n                                                                                                                                        \n                                                                                                                                                \n<div\n\tclass=\"yith-wcwl-add-to-wishlist add-to-wishlist-85121 yith-wcwl-add-to-wishlist--link-style wishlist-fragment on-first-load\"\n\tdata-fragment-ref=\"85121\"\n\tdata-fragment-options=\"{&quot;base_url&quot;:&quot;&quot;,&quot;product_id&quot;:85121,&quot;parent_product_id&quot;:0,&quot;product_type&quot;:&quot;variable&quot;,&quot;is_single&quot;:false,&quot;in_default_wishlist&quot;:false,&quot;show_view&quot;:false,&quot;browse_wishlist_text&quot;:&quot;Lista Deseos&quot;,&quot;already_in_wishslist_text&quot;:&quot;The producto esta Agregado!&quot;,&quot;product_added_text&quot;:&quot;Producto Agregado!&quot;,&quot;available_multi_wishlist&quot;:false,&quot;disable_wishlist&quot;:false,&quot;show_count&quot;:false,&quot;ajax_loading&quot;:false,&quot;loop_position&quot;:&quot;after_add_to_cart&quot;,&quot;item&quot;:&quot;add_to_wishlist&quot;}\"\n>\n\t\t\t\n\t\t\t<!-- ADD TO WISHLIST -->\n\t\t\t\n<div class=\"yith-wcwl-add-button\">\n\t\t<a\n\t\thref=\"?add_to_wishlist=85121&#038;_wpnonce=98056c7fc2\"\n\t\tclass=\"add_to_wishlist single_add_to_wishlist\"\n\t\tdata-product-id=\"85121\"\n\t\tdata-product-type=\"variable\"\n\t\tdata-original-product-id=\"0\"\n\t\tdata-title=\"Lista Deseos\"\n\t\trel=\"nofollow\"\n\t>\n\t\t<svg id=\"yith-wcwl-icon-heart-outline\" class=\"yith-wcwl-icon-svg\" fill=\"none\" stroke-width=\"1.5\" stroke=\"currentColor\" viewbox=\"0 0 24 24\" xmlns=\"http:\/\/www.w3.org\/2000\/svg\">\n  <path stroke-linecap=\"round\" stroke-linejoin=\"round\" d=\"M21 8.25c0-2.485-2.099-4.5-4.688-4.5-1.935 0-3.597 1.126-4.312 2.733-.715-1.607-2.377-2.733-4.313-2.733C5.1 3.75 3 5.765 3 8.25c0 7.22 9 12 9 12s9-4.78 9-12Z\"><\/path>\n<\/svg>\t\t<span>Lista Deseos<\/span>\n\t<\/a>\n<\/div>\n\n\t\t\t<!-- COUNT TEXT -->\n\t\t\t\n\t\t\t<\/div>\n                                                                                                                                    <\/div>\n                                        <a class=\"product-title\" href=\"https:\/\/bodegaoutdoor.cl\/store\/product\/chaqueta-tactica-de-polar-con-capucha\/\">Chaqueta Tactica De Polar Con Capucha<\/a>\n                                        <span class=\"price\">\n                                            <del aria-hidden=\"true\"><span class=\"woocommerce-Price-amount amount\"><bdi><span class=\"woocommerce-Price-currencySymbol\" translate=\"no\">$<\/span>99,990<\/bdi><\/span><\/del> <span class=\"screen-reader-text\">El precio original era: $99,990.<\/span><ins aria-hidden=\"true\"><span class=\"woocommerce-Price-amount amount\"><bdi><span class=\"woocommerce-Price-currencySymbol\" translate=\"no\">$<\/span>59,990<\/bdi><\/span><\/ins><span class=\"screen-reader-text\">El precio actual es: $59,990.<\/span>                                        <\/span>\n                                    <\/div>\n                                <\/div>\n                                                                                                                                <div class=\"xs-product-widget media \">\n                                                                            <a class=\"xs_product_img_link\" href=\"https:\/\/bodegaoutdoor.cl\/store\/product\/poston-800-balines-metalicos-bbs-calibre-4-5mm-para-pistola\/\">\n                                        <img loading=\"lazy\" decoding=\"async\" width=\"125\" height=\"125\" src=\"https:\/\/bodegaoutdoor.cl\/store\/wp-content\/uploads\/2024\/03\/39ba0a91-2955-48c8-865f-e91e06e6403a-150x150.jpg\" class=\"attachment-125x125 size-125x125\" alt=\"Poston 800 Balines Metalicos Bbs Calibre 4.5mm Para Pistola\" srcset=\"https:\/\/bodegaoutdoor.cl\/store\/wp-content\/uploads\/2024\/03\/39ba0a91-2955-48c8-865f-e91e06e6403a-150x150.jpg 150w, https:\/\/bodegaoutdoor.cl\/store\/wp-content\/uploads\/2024\/03\/39ba0a91-2955-48c8-865f-e91e06e6403a-300x300.jpg 300w, https:\/\/bodegaoutdoor.cl\/store\/wp-content\/uploads\/2024\/03\/39ba0a91-2955-48c8-865f-e91e06e6403a-100x100.jpg 100w, https:\/\/bodegaoutdoor.cl\/store\/wp-content\/uploads\/2024\/03\/39ba0a91-2955-48c8-865f-e91e06e6403a-50x50.jpg 50w\" sizes=\"(max-width: 125px) 100vw, 125px\" \/>                                        <\/a>\n                                                                        <div class=\"media-body align-self-center product-widget-content\">\n                                        <div class=\"xs-product-header media woocommerce xs-wishlist \">\n                                                                                                                                        \n                                                                                                                                                \n<div\n\tclass=\"yith-wcwl-add-to-wishlist add-to-wishlist-82479 yith-wcwl-add-to-wishlist--link-style wishlist-fragment on-first-load\"\n\tdata-fragment-ref=\"82479\"\n\tdata-fragment-options=\"{&quot;base_url&quot;:&quot;&quot;,&quot;product_id&quot;:82479,&quot;parent_product_id&quot;:0,&quot;product_type&quot;:&quot;simple&quot;,&quot;is_single&quot;:false,&quot;in_default_wishlist&quot;:false,&quot;show_view&quot;:false,&quot;browse_wishlist_text&quot;:&quot;Lista Deseos&quot;,&quot;already_in_wishslist_text&quot;:&quot;The producto esta Agregado!&quot;,&quot;product_added_text&quot;:&quot;Producto Agregado!&quot;,&quot;available_multi_wishlist&quot;:false,&quot;disable_wishlist&quot;:false,&quot;show_count&quot;:false,&quot;ajax_loading&quot;:false,&quot;loop_position&quot;:&quot;after_add_to_cart&quot;,&quot;item&quot;:&quot;add_to_wishlist&quot;}\"\n>\n\t\t\t\n\t\t\t<!-- ADD TO WISHLIST -->\n\t\t\t\n<div class=\"yith-wcwl-add-button\">\n\t\t<a\n\t\thref=\"?add_to_wishlist=82479&#038;_wpnonce=98056c7fc2\"\n\t\tclass=\"add_to_wishlist single_add_to_wishlist\"\n\t\tdata-product-id=\"82479\"\n\t\tdata-product-type=\"simple\"\n\t\tdata-original-product-id=\"0\"\n\t\tdata-title=\"Lista Deseos\"\n\t\trel=\"nofollow\"\n\t>\n\t\t<svg id=\"yith-wcwl-icon-heart-outline\" class=\"yith-wcwl-icon-svg\" fill=\"none\" stroke-width=\"1.5\" stroke=\"currentColor\" viewbox=\"0 0 24 24\" xmlns=\"http:\/\/www.w3.org\/2000\/svg\">\n  <path stroke-linecap=\"round\" stroke-linejoin=\"round\" d=\"M21 8.25c0-2.485-2.099-4.5-4.688-4.5-1.935 0-3.597 1.126-4.312 2.733-.715-1.607-2.377-2.733-4.313-2.733C5.1 3.75 3 5.765 3 8.25c0 7.22 9 12 9 12s9-4.78 9-12Z\"><\/path>\n<\/svg>\t\t<span>Lista Deseos<\/span>\n\t<\/a>\n<\/div>\n\n\t\t\t<!-- COUNT TEXT -->\n\t\t\t\n\t\t\t<\/div>\n                                                                                                                                    <\/div>\n                                        <a class=\"product-title\" href=\"https:\/\/bodegaoutdoor.cl\/store\/product\/poston-800-balines-metalicos-bbs-calibre-4-5mm-para-pistola\/\">Poston 800 Balines Metalicos Bbs Calibre 4.5mm Para Pistola<\/a>\n                                        <span class=\"price\">\n                                            <del aria-hidden=\"true\"><span class=\"woocommerce-Price-amount amount\"><bdi><span class=\"woocommerce-Price-currencySymbol\" translate=\"no\">$<\/span>8,000<\/bdi><\/span><\/del> <span class=\"screen-reader-text\">El precio original era: $8,000.<\/span><ins aria-hidden=\"true\"><span class=\"woocommerce-Price-amount amount\"><bdi><span class=\"woocommerce-Price-currencySymbol\" translate=\"no\">$<\/span>6,000<\/bdi><\/span><\/ins><span class=\"screen-reader-text\">El precio actual es: $6,000.<\/span>                                        <\/span>\n                                    <\/div>\n                                <\/div>\n                                                                <\/div>\n                                                                                                                            <div class=\"xs-tab-slider-item swiper-slide\">\n                                                            <div class=\"xs-product-widget media \">\n                                                                            <a class=\"xs_product_img_link\" href=\"https:\/\/bodegaoutdoor.cl\/store\/product\/bolsa-de-balines-trazadores-luminosos-para-airsoft-0-25g\/\">\n                                        <img loading=\"lazy\" decoding=\"async\" width=\"125\" height=\"125\" src=\"https:\/\/bodegaoutdoor.cl\/store\/wp-content\/uploads\/2024\/03\/5878c152-cb03-438b-812d-d1c70d5d8557-150x150.jpg\" class=\"attachment-125x125 size-125x125\" alt=\"Bolsa De Balines Trazadores Luminosos Para Airsoft 0.25g\" srcset=\"https:\/\/bodegaoutdoor.cl\/store\/wp-content\/uploads\/2024\/03\/5878c152-cb03-438b-812d-d1c70d5d8557-150x150.jpg 150w, https:\/\/bodegaoutdoor.cl\/store\/wp-content\/uploads\/2024\/03\/5878c152-cb03-438b-812d-d1c70d5d8557-300x300.jpg 300w, https:\/\/bodegaoutdoor.cl\/store\/wp-content\/uploads\/2024\/03\/5878c152-cb03-438b-812d-d1c70d5d8557-100x100.jpg 100w, https:\/\/bodegaoutdoor.cl\/store\/wp-content\/uploads\/2024\/03\/5878c152-cb03-438b-812d-d1c70d5d8557-50x50.jpg 50w\" sizes=\"(max-width: 125px) 100vw, 125px\" \/>                                        <\/a>\n                                                                        <div class=\"media-body align-self-center product-widget-content\">\n                                        <div class=\"xs-product-header media woocommerce xs-wishlist \">\n                                                                                                                                        \n                                                                                                                                                \n<div\n\tclass=\"yith-wcwl-add-to-wishlist add-to-wishlist-82473 yith-wcwl-add-to-wishlist--link-style wishlist-fragment on-first-load\"\n\tdata-fragment-ref=\"82473\"\n\tdata-fragment-options=\"{&quot;base_url&quot;:&quot;&quot;,&quot;product_id&quot;:82473,&quot;parent_product_id&quot;:0,&quot;product_type&quot;:&quot;simple&quot;,&quot;is_single&quot;:false,&quot;in_default_wishlist&quot;:false,&quot;show_view&quot;:false,&quot;browse_wishlist_text&quot;:&quot;Lista Deseos&quot;,&quot;already_in_wishslist_text&quot;:&quot;The producto esta Agregado!&quot;,&quot;product_added_text&quot;:&quot;Producto Agregado!&quot;,&quot;available_multi_wishlist&quot;:false,&quot;disable_wishlist&quot;:false,&quot;show_count&quot;:false,&quot;ajax_loading&quot;:false,&quot;loop_position&quot;:&quot;after_add_to_cart&quot;,&quot;item&quot;:&quot;add_to_wishlist&quot;}\"\n>\n\t\t\t\n\t\t\t<!-- ADD TO WISHLIST -->\n\t\t\t\n<div class=\"yith-wcwl-add-button\">\n\t\t<a\n\t\thref=\"?add_to_wishlist=82473&#038;_wpnonce=98056c7fc2\"\n\t\tclass=\"add_to_wishlist single_add_to_wishlist\"\n\t\tdata-product-id=\"82473\"\n\t\tdata-product-type=\"simple\"\n\t\tdata-original-product-id=\"0\"\n\t\tdata-title=\"Lista Deseos\"\n\t\trel=\"nofollow\"\n\t>\n\t\t<svg id=\"yith-wcwl-icon-heart-outline\" class=\"yith-wcwl-icon-svg\" fill=\"none\" stroke-width=\"1.5\" stroke=\"currentColor\" viewbox=\"0 0 24 24\" xmlns=\"http:\/\/www.w3.org\/2000\/svg\">\n  <path stroke-linecap=\"round\" stroke-linejoin=\"round\" d=\"M21 8.25c0-2.485-2.099-4.5-4.688-4.5-1.935 0-3.597 1.126-4.312 2.733-.715-1.607-2.377-2.733-4.313-2.733C5.1 3.75 3 5.765 3 8.25c0 7.22 9 12 9 12s9-4.78 9-12Z\"><\/path>\n<\/svg>\t\t<span>Lista Deseos<\/span>\n\t<\/a>\n<\/div>\n\n\t\t\t<!-- COUNT TEXT -->\n\t\t\t\n\t\t\t<\/div>\n                                                                                                                                    <\/div>\n                                        <a class=\"product-title\" href=\"https:\/\/bodegaoutdoor.cl\/store\/product\/bolsa-de-balines-trazadores-luminosos-para-airsoft-0-25g\/\">Bolsa De Balines Trazadores Luminosos Para Airsoft 0.25g<\/a>\n                                        <span class=\"price\">\n                                            <del aria-hidden=\"true\"><span class=\"woocommerce-Price-amount amount\"><bdi><span class=\"woocommerce-Price-currencySymbol\" translate=\"no\">$<\/span>15,000<\/bdi><\/span><\/del> <span class=\"screen-reader-text\">El precio original era: $15,000.<\/span><ins aria-hidden=\"true\"><span class=\"woocommerce-Price-amount amount\"><bdi><span class=\"woocommerce-Price-currencySymbol\" translate=\"no\">$<\/span>12,500<\/bdi><\/span><\/ins><span class=\"screen-reader-text\">El precio actual es: $12,500.<\/span>                                        <\/span>\n                                    <\/div>\n                                <\/div>\n                                                                                                                                <div class=\"xs-product-widget media \">\n                                                                            <a class=\"xs_product_img_link\" href=\"https:\/\/bodegaoutdoor.cl\/store\/product\/silla-plegable-de-camping-grande\/\">\n                                        <img loading=\"lazy\" decoding=\"async\" width=\"125\" height=\"125\" src=\"https:\/\/bodegaoutdoor.cl\/store\/wp-content\/uploads\/2024\/03\/30-87-b-600x525-1-150x150.png\" class=\"attachment-125x125 size-125x125\" alt=\"Silla Plegable De Camping Grande\" srcset=\"https:\/\/bodegaoutdoor.cl\/store\/wp-content\/uploads\/2024\/03\/30-87-b-600x525-1-150x150.png 150w, https:\/\/bodegaoutdoor.cl\/store\/wp-content\/uploads\/2024\/03\/30-87-b-600x525-1-300x300.png 300w, https:\/\/bodegaoutdoor.cl\/store\/wp-content\/uploads\/2024\/03\/30-87-b-600x525-1-100x100.png 100w, https:\/\/bodegaoutdoor.cl\/store\/wp-content\/uploads\/2024\/03\/30-87-b-600x525-1-50x50.png 50w\" sizes=\"(max-width: 125px) 100vw, 125px\" \/>                                        <\/a>\n                                                                        <div class=\"media-body align-self-center product-widget-content\">\n                                        <div class=\"xs-product-header media woocommerce xs-wishlist \">\n                                                                                                                                        \n                                                                                                                                                \n<div\n\tclass=\"yith-wcwl-add-to-wishlist add-to-wishlist-82461 yith-wcwl-add-to-wishlist--link-style wishlist-fragment on-first-load\"\n\tdata-fragment-ref=\"82461\"\n\tdata-fragment-options=\"{&quot;base_url&quot;:&quot;&quot;,&quot;product_id&quot;:82461,&quot;parent_product_id&quot;:0,&quot;product_type&quot;:&quot;simple&quot;,&quot;is_single&quot;:false,&quot;in_default_wishlist&quot;:false,&quot;show_view&quot;:false,&quot;browse_wishlist_text&quot;:&quot;Lista Deseos&quot;,&quot;already_in_wishslist_text&quot;:&quot;The producto esta Agregado!&quot;,&quot;product_added_text&quot;:&quot;Producto Agregado!&quot;,&quot;available_multi_wishlist&quot;:false,&quot;disable_wishlist&quot;:false,&quot;show_count&quot;:false,&quot;ajax_loading&quot;:false,&quot;loop_position&quot;:&quot;after_add_to_cart&quot;,&quot;item&quot;:&quot;add_to_wishlist&quot;}\"\n>\n\t\t\t\n\t\t\t<!-- ADD TO WISHLIST -->\n\t\t\t\n<div class=\"yith-wcwl-add-button\">\n\t\t<a\n\t\thref=\"?add_to_wishlist=82461&#038;_wpnonce=98056c7fc2\"\n\t\tclass=\"add_to_wishlist single_add_to_wishlist\"\n\t\tdata-product-id=\"82461\"\n\t\tdata-product-type=\"simple\"\n\t\tdata-original-product-id=\"0\"\n\t\tdata-title=\"Lista Deseos\"\n\t\trel=\"nofollow\"\n\t>\n\t\t<svg id=\"yith-wcwl-icon-heart-outline\" class=\"yith-wcwl-icon-svg\" fill=\"none\" stroke-width=\"1.5\" stroke=\"currentColor\" viewbox=\"0 0 24 24\" xmlns=\"http:\/\/www.w3.org\/2000\/svg\">\n  <path stroke-linecap=\"round\" stroke-linejoin=\"round\" d=\"M21 8.25c0-2.485-2.099-4.5-4.688-4.5-1.935 0-3.597 1.126-4.312 2.733-.715-1.607-2.377-2.733-4.313-2.733C5.1 3.75 3 5.765 3 8.25c0 7.22 9 12 9 12s9-4.78 9-12Z\"><\/path>\n<\/svg>\t\t<span>Lista Deseos<\/span>\n\t<\/a>\n<\/div>\n\n\t\t\t<!-- COUNT TEXT -->\n\t\t\t\n\t\t\t<\/div>\n                                                                                                                                    <\/div>\n                                        <a class=\"product-title\" href=\"https:\/\/bodegaoutdoor.cl\/store\/product\/silla-plegable-de-camping-grande\/\">Silla Plegable De Camping Grande<\/a>\n                                        <span class=\"price\">\n                                            <del aria-hidden=\"true\"><span class=\"woocommerce-Price-amount amount\"><bdi><span class=\"woocommerce-Price-currencySymbol\" translate=\"no\">$<\/span>19,990<\/bdi><\/span><\/del> <span class=\"screen-reader-text\">El precio original era: $19,990.<\/span><ins aria-hidden=\"true\"><span class=\"woocommerce-Price-amount amount\"><bdi><span class=\"woocommerce-Price-currencySymbol\" translate=\"no\">$<\/span>14,990<\/bdi><\/span><\/ins><span class=\"screen-reader-text\">El precio actual es: $14,990.<\/span>                                        <\/span>\n                                    <\/div>\n                                <\/div>\n                                                                                                                                <div class=\"xs-product-widget media \">\n                                                                            <a class=\"xs_product_img_link\" href=\"https:\/\/bodegaoutdoor.cl\/store\/product\/cunas-de-camping-plegables-al-aire-libre-para-adultos-cama-ligera-y-duradera-para-dormir-portatil-y-resistente-con-bolsa-de-transporte\/\">\n                                        <img loading=\"lazy\" decoding=\"async\" width=\"125\" height=\"125\" src=\"https:\/\/bodegaoutdoor.cl\/store\/wp-content\/uploads\/2023\/12\/81073-fkh1or-150x150.jpg\" class=\"attachment-125x125 size-125x125\" alt=\"cama de Camping plegable ligera y duradera para dormir, port\u00e1til\" srcset=\"https:\/\/bodegaoutdoor.cl\/store\/wp-content\/uploads\/2023\/12\/81073-fkh1or-150x150.jpg 150w, https:\/\/bodegaoutdoor.cl\/store\/wp-content\/uploads\/2023\/12\/81073-fkh1or-300x300.jpg 300w, https:\/\/bodegaoutdoor.cl\/store\/wp-content\/uploads\/2023\/12\/81073-fkh1or-600x600.jpg 600w, https:\/\/bodegaoutdoor.cl\/store\/wp-content\/uploads\/2023\/12\/81073-fkh1or-100x100.jpg 100w, https:\/\/bodegaoutdoor.cl\/store\/wp-content\/uploads\/2023\/12\/81073-fkh1or-50x50.jpg 50w, https:\/\/bodegaoutdoor.cl\/store\/wp-content\/uploads\/2023\/12\/81073-fkh1or.jpg 750w\" sizes=\"(max-width: 125px) 100vw, 125px\" \/>                                        <\/a>\n                                                                        <div class=\"media-body align-self-center product-widget-content\">\n                                        <div class=\"xs-product-header media woocommerce xs-wishlist \">\n                                                                                                                                        \n                                                                                                                                                \n<div\n\tclass=\"yith-wcwl-add-to-wishlist add-to-wishlist-81073 yith-wcwl-add-to-wishlist--link-style wishlist-fragment on-first-load\"\n\tdata-fragment-ref=\"81073\"\n\tdata-fragment-options=\"{&quot;base_url&quot;:&quot;&quot;,&quot;product_id&quot;:81073,&quot;parent_product_id&quot;:0,&quot;product_type&quot;:&quot;simple&quot;,&quot;is_single&quot;:false,&quot;in_default_wishlist&quot;:false,&quot;show_view&quot;:false,&quot;browse_wishlist_text&quot;:&quot;Lista Deseos&quot;,&quot;already_in_wishslist_text&quot;:&quot;The producto esta Agregado!&quot;,&quot;product_added_text&quot;:&quot;Producto Agregado!&quot;,&quot;available_multi_wishlist&quot;:false,&quot;disable_wishlist&quot;:false,&quot;show_count&quot;:false,&quot;ajax_loading&quot;:false,&quot;loop_position&quot;:&quot;after_add_to_cart&quot;,&quot;item&quot;:&quot;add_to_wishlist&quot;}\"\n>\n\t\t\t\n\t\t\t<!-- ADD TO WISHLIST -->\n\t\t\t\n<div class=\"yith-wcwl-add-button\">\n\t\t<a\n\t\thref=\"?add_to_wishlist=81073&#038;_wpnonce=98056c7fc2\"\n\t\tclass=\"add_to_wishlist single_add_to_wishlist\"\n\t\tdata-product-id=\"81073\"\n\t\tdata-product-type=\"simple\"\n\t\tdata-original-product-id=\"0\"\n\t\tdata-title=\"Lista Deseos\"\n\t\trel=\"nofollow\"\n\t>\n\t\t<svg id=\"yith-wcwl-icon-heart-outline\" class=\"yith-wcwl-icon-svg\" fill=\"none\" stroke-width=\"1.5\" stroke=\"currentColor\" viewbox=\"0 0 24 24\" xmlns=\"http:\/\/www.w3.org\/2000\/svg\">\n  <path stroke-linecap=\"round\" stroke-linejoin=\"round\" d=\"M21 8.25c0-2.485-2.099-4.5-4.688-4.5-1.935 0-3.597 1.126-4.312 2.733-.715-1.607-2.377-2.733-4.313-2.733C5.1 3.75 3 5.765 3 8.25c0 7.22 9 12 9 12s9-4.78 9-12Z\"><\/path>\n<\/svg>\t\t<span>Lista Deseos<\/span>\n\t<\/a>\n<\/div>\n\n\t\t\t<!-- COUNT TEXT -->\n\t\t\t\n\t\t\t<\/div>\n                                                                                                                                    <\/div>\n                                        <a class=\"product-title\" href=\"https:\/\/bodegaoutdoor.cl\/store\/product\/cunas-de-camping-plegables-al-aire-libre-para-adultos-cama-ligera-y-duradera-para-dormir-portatil-y-resistente-con-bolsa-de-transporte\/\">cama de Camping plegable ligera y duradera para dormir, port\u00e1til<\/a>\n                                        <span class=\"price\">\n                                            <del aria-hidden=\"true\"><span class=\"woocommerce-Price-amount amount\"><bdi><span class=\"woocommerce-Price-currencySymbol\" translate=\"no\">$<\/span>99,990<\/bdi><\/span><\/del> <span class=\"screen-reader-text\">El precio original era: $99,990.<\/span><ins aria-hidden=\"true\"><span class=\"woocommerce-Price-amount amount\"><bdi><span class=\"woocommerce-Price-currencySymbol\" translate=\"no\">$<\/span>49,990<\/bdi><\/span><\/ins><span class=\"screen-reader-text\">El precio actual es: $49,990.<\/span>                                        <\/span>\n                                    <\/div>\n                                <\/div>\n                                                                <\/div>\n                                                                                <\/div>\n                    <div class=\"swiper-pagination\"><\/div>\n                <\/div>\n            <\/div>\n                                <div class=\"tab-pane fade \"\n                 id=\"xs-tabs-84005-1\"\n                 >\n                <div class=\"xs-tab-slider swiper\">\n                    <div class=\"swiper-wrapper\">\n                                            <\/div>\n                    <div class=\"swiper-pagination\"><\/div>\n                <\/div>\n            <\/div>\n                                <div class=\"tab-pane fade \"\n                 id=\"xs-tabs-84005-2\"\n                 >\n                <div class=\"xs-tab-slider swiper\">\n                    <div class=\"swiper-wrapper\">\n                                                                                        <div class=\"xs-tab-slider-item swiper-slide\">\n                                                            <div class=\"xs-product-widget media \">\n                                                                            <a class=\"xs_product_img_link\" href=\"https:\/\/bodegaoutdoor.cl\/store\/product\/cinturon-corrector-postura-espalda-ajustable-clavicula-columna-vertebral-correccion-postura-lumbar\/\">\n                                        <img loading=\"lazy\" decoding=\"async\" width=\"125\" height=\"125\" src=\"https:\/\/bodegaoutdoor.cl\/store\/wp-content\/uploads\/2020\/12\/22093-eq17cf-150x150.jpg\" class=\"attachment-125x125 size-125x125\" alt=\"Cintur\u00f3n Corrector postura espalda ajustable clav\u00edcula columna vertebral correcci\u00f3n postura Lumbar\" srcset=\"https:\/\/bodegaoutdoor.cl\/store\/wp-content\/uploads\/2020\/12\/22093-eq17cf-150x150.jpg 150w, https:\/\/bodegaoutdoor.cl\/store\/wp-content\/uploads\/2020\/12\/22093-eq17cf-300x300.jpg 300w, https:\/\/bodegaoutdoor.cl\/store\/wp-content\/uploads\/2020\/12\/22093-eq17cf-100x100.jpg 100w, https:\/\/bodegaoutdoor.cl\/store\/wp-content\/uploads\/2020\/12\/22093-eq17cf-600x600.jpg 600w, https:\/\/bodegaoutdoor.cl\/store\/wp-content\/uploads\/2020\/12\/22093-eq17cf-768x768.jpg 768w, https:\/\/bodegaoutdoor.cl\/store\/wp-content\/uploads\/2020\/12\/22093-eq17cf.jpg 800w\" sizes=\"(max-width: 125px) 100vw, 125px\" \/>                                        <\/a>\n                                                                        <div class=\"media-body align-self-center product-widget-content\">\n                                        <div class=\"xs-product-header media woocommerce xs-wishlist \">\n                                                                                                                                        \n                                                                                                                                                \n<div\n\tclass=\"yith-wcwl-add-to-wishlist add-to-wishlist-22093 yith-wcwl-add-to-wishlist--link-style wishlist-fragment on-first-load\"\n\tdata-fragment-ref=\"22093\"\n\tdata-fragment-options=\"{&quot;base_url&quot;:&quot;&quot;,&quot;product_id&quot;:22093,&quot;parent_product_id&quot;:0,&quot;product_type&quot;:&quot;variable&quot;,&quot;is_single&quot;:false,&quot;in_default_wishlist&quot;:false,&quot;show_view&quot;:false,&quot;browse_wishlist_text&quot;:&quot;Lista Deseos&quot;,&quot;already_in_wishslist_text&quot;:&quot;The producto esta Agregado!&quot;,&quot;product_added_text&quot;:&quot;Producto Agregado!&quot;,&quot;available_multi_wishlist&quot;:false,&quot;disable_wishlist&quot;:false,&quot;show_count&quot;:false,&quot;ajax_loading&quot;:false,&quot;loop_position&quot;:&quot;after_add_to_cart&quot;,&quot;item&quot;:&quot;add_to_wishlist&quot;}\"\n>\n\t\t\t\n\t\t\t<!-- ADD TO WISHLIST -->\n\t\t\t\n<div class=\"yith-wcwl-add-button\">\n\t\t<a\n\t\thref=\"?add_to_wishlist=22093&#038;_wpnonce=98056c7fc2\"\n\t\tclass=\"add_to_wishlist single_add_to_wishlist\"\n\t\tdata-product-id=\"22093\"\n\t\tdata-product-type=\"variable\"\n\t\tdata-original-product-id=\"0\"\n\t\tdata-title=\"Lista Deseos\"\n\t\trel=\"nofollow\"\n\t>\n\t\t<svg id=\"yith-wcwl-icon-heart-outline\" class=\"yith-wcwl-icon-svg\" fill=\"none\" stroke-width=\"1.5\" stroke=\"currentColor\" viewbox=\"0 0 24 24\" xmlns=\"http:\/\/www.w3.org\/2000\/svg\">\n  <path stroke-linecap=\"round\" stroke-linejoin=\"round\" d=\"M21 8.25c0-2.485-2.099-4.5-4.688-4.5-1.935 0-3.597 1.126-4.312 2.733-.715-1.607-2.377-2.733-4.313-2.733C5.1 3.75 3 5.765 3 8.25c0 7.22 9 12 9 12s9-4.78 9-12Z\"><\/path>\n<\/svg>\t\t<span>Lista Deseos<\/span>\n\t<\/a>\n<\/div>\n\n\t\t\t<!-- COUNT TEXT -->\n\t\t\t\n\t\t\t<\/div>\n                                                                                                                                    <\/div>\n                                        <a class=\"product-title\" href=\"https:\/\/bodegaoutdoor.cl\/store\/product\/cinturon-corrector-postura-espalda-ajustable-clavicula-columna-vertebral-correccion-postura-lumbar\/\">Cintur\u00f3n Corrector postura espalda ajustable clav\u00edcula columna vertebral correcci\u00f3n postura Lumbar<\/a>\n                                        <span class=\"price\">\n                                            <del aria-hidden=\"true\"><span class=\"woocommerce-Price-amount amount\"><bdi><span class=\"woocommerce-Price-currencySymbol\" translate=\"no\">$<\/span>29,990<\/bdi><\/span><\/del> <span class=\"screen-reader-text\">El precio original era: $29,990.<\/span><ins aria-hidden=\"true\"><span class=\"woocommerce-Price-amount amount\"><bdi><span class=\"woocommerce-Price-currencySymbol\" translate=\"no\">$<\/span>17,990<\/bdi><\/span><\/ins><span class=\"screen-reader-text\">El precio actual es: $17,990.<\/span>                                        <\/span>\n                                    <\/div>\n                                <\/div>\n                                                                                                                                <div class=\"xs-product-widget media \">\n                                                                            <a class=\"xs_product_img_link\" href=\"https:\/\/bodegaoutdoor.cl\/store\/product\/lentes-polarizados-vintage-driving-travel-fishing-classic-outdoor\/\">\n                                        <img loading=\"lazy\" decoding=\"async\" width=\"125\" height=\"125\" src=\"https:\/\/bodegaoutdoor.cl\/store\/wp-content\/uploads\/2021\/02\/29480-17w8xd-150x150.jpg\" class=\"attachment-125x125 size-125x125\" alt=\"Lentes Polarizados Vintage Driving Travel Fishing Classic Outdoor\" srcset=\"https:\/\/bodegaoutdoor.cl\/store\/wp-content\/uploads\/2021\/02\/29480-17w8xd-150x150.jpg 150w, https:\/\/bodegaoutdoor.cl\/store\/wp-content\/uploads\/2021\/02\/29480-17w8xd-300x300.jpg 300w, https:\/\/bodegaoutdoor.cl\/store\/wp-content\/uploads\/2021\/02\/29480-17w8xd-100x100.jpg 100w, https:\/\/bodegaoutdoor.cl\/store\/wp-content\/uploads\/2021\/02\/29480-17w8xd-600x600.jpg 600w, https:\/\/bodegaoutdoor.cl\/store\/wp-content\/uploads\/2021\/02\/29480-17w8xd-768x768.jpg 768w, https:\/\/bodegaoutdoor.cl\/store\/wp-content\/uploads\/2021\/02\/29480-17w8xd.jpg 800w\" sizes=\"(max-width: 125px) 100vw, 125px\" \/>                                        <\/a>\n                                                                        <div class=\"media-body align-self-center product-widget-content\">\n                                        <div class=\"xs-product-header media woocommerce xs-wishlist \">\n                                                                                                                                        \n                                                                                                                                                \n<div\n\tclass=\"yith-wcwl-add-to-wishlist add-to-wishlist-29480 yith-wcwl-add-to-wishlist--link-style wishlist-fragment on-first-load\"\n\tdata-fragment-ref=\"29480\"\n\tdata-fragment-options=\"{&quot;base_url&quot;:&quot;&quot;,&quot;product_id&quot;:29480,&quot;parent_product_id&quot;:0,&quot;product_type&quot;:&quot;variable&quot;,&quot;is_single&quot;:false,&quot;in_default_wishlist&quot;:false,&quot;show_view&quot;:false,&quot;browse_wishlist_text&quot;:&quot;Lista Deseos&quot;,&quot;already_in_wishslist_text&quot;:&quot;The producto esta Agregado!&quot;,&quot;product_added_text&quot;:&quot;Producto Agregado!&quot;,&quot;available_multi_wishlist&quot;:false,&quot;disable_wishlist&quot;:false,&quot;show_count&quot;:false,&quot;ajax_loading&quot;:false,&quot;loop_position&quot;:&quot;after_add_to_cart&quot;,&quot;item&quot;:&quot;add_to_wishlist&quot;}\"\n>\n\t\t\t\n\t\t\t<!-- ADD TO WISHLIST -->\n\t\t\t\n<div class=\"yith-wcwl-add-button\">\n\t\t<a\n\t\thref=\"?add_to_wishlist=29480&#038;_wpnonce=98056c7fc2\"\n\t\tclass=\"add_to_wishlist single_add_to_wishlist\"\n\t\tdata-product-id=\"29480\"\n\t\tdata-product-type=\"variable\"\n\t\tdata-original-product-id=\"0\"\n\t\tdata-title=\"Lista Deseos\"\n\t\trel=\"nofollow\"\n\t>\n\t\t<svg id=\"yith-wcwl-icon-heart-outline\" class=\"yith-wcwl-icon-svg\" fill=\"none\" stroke-width=\"1.5\" stroke=\"currentColor\" viewbox=\"0 0 24 24\" xmlns=\"http:\/\/www.w3.org\/2000\/svg\">\n  <path stroke-linecap=\"round\" stroke-linejoin=\"round\" d=\"M21 8.25c0-2.485-2.099-4.5-4.688-4.5-1.935 0-3.597 1.126-4.312 2.733-.715-1.607-2.377-2.733-4.313-2.733C5.1 3.75 3 5.765 3 8.25c0 7.22 9 12 9 12s9-4.78 9-12Z\"><\/path>\n<\/svg>\t\t<span>Lista Deseos<\/span>\n\t<\/a>\n<\/div>\n\n\t\t\t<!-- COUNT TEXT -->\n\t\t\t\n\t\t\t<\/div>\n                                                                                                                                    <\/div>\n                                        <a class=\"product-title\" href=\"https:\/\/bodegaoutdoor.cl\/store\/product\/lentes-polarizados-vintage-driving-travel-fishing-classic-outdoor\/\">Lentes Polarizados Vintage Driving Travel Fishing Classic Outdoor<\/a>\n                                        <span class=\"price\">\n                                            <del aria-hidden=\"true\"><span class=\"woocommerce-Price-amount amount\"><bdi><span class=\"woocommerce-Price-currencySymbol\" translate=\"no\">$<\/span>14,990<\/bdi><\/span><\/del> <span class=\"screen-reader-text\">El precio original era: $14,990.<\/span><ins aria-hidden=\"true\"><span class=\"woocommerce-Price-amount amount\"><bdi><span class=\"woocommerce-Price-currencySymbol\" translate=\"no\">$<\/span>11,990<\/bdi><\/span><\/ins><span class=\"screen-reader-text\">El precio actual es: $11,990.<\/span>                                        <\/span>\n                                    <\/div>\n                                <\/div>\n                                                                                                                                <div class=\"xs-product-widget media \">\n                                                                            <a class=\"xs_product_img_link\" href=\"https:\/\/bodegaoutdoor.cl\/store\/product\/lemfo-reloj-inteligente-iwo-14-pro-hw67-reloj-inteligente-hombre-llamada-bluetooth-nfc-imagen-de-la-esfera-personalizada-presion-arterial-frecuencia-cardiaca-reloj-inteligente-mujer-smartwatch-soporte\/\">\n                                        <img loading=\"lazy\" decoding=\"async\" width=\"125\" height=\"125\" src=\"https:\/\/bodegaoutdoor.cl\/store\/wp-content\/uploads\/2022\/06\/58305-5tjyqv-150x150.jpg\" class=\"attachment-125x125 size-125x125\" alt=\"Lemfo-reloj inteligente Iwo 14 Pro HW67 reloj inteligente hombre Llamada Bluetooth NFC Imagen de la esfera personalizada Presi\u00f3n arterial Frecuencia card\u00edaca reloj inteligente mujer smartwatch Soporte para  Android Ios\" srcset=\"https:\/\/bodegaoutdoor.cl\/store\/wp-content\/uploads\/2022\/06\/58305-5tjyqv-150x150.jpg 150w, https:\/\/bodegaoutdoor.cl\/store\/wp-content\/uploads\/2022\/06\/58305-5tjyqv-300x300.jpg 300w, https:\/\/bodegaoutdoor.cl\/store\/wp-content\/uploads\/2022\/06\/58305-5tjyqv-100x100.jpg 100w, https:\/\/bodegaoutdoor.cl\/store\/wp-content\/uploads\/2022\/06\/58305-5tjyqv-600x600.jpg 600w, https:\/\/bodegaoutdoor.cl\/store\/wp-content\/uploads\/2022\/06\/58305-5tjyqv-768x768.jpg 768w, https:\/\/bodegaoutdoor.cl\/store\/wp-content\/uploads\/2022\/06\/58305-5tjyqv.jpg 1200w\" sizes=\"(max-width: 125px) 100vw, 125px\" \/>                                        <\/a>\n                                                                        <div class=\"media-body align-self-center product-widget-content\">\n                                        <div class=\"xs-product-header media woocommerce xs-wishlist \">\n                                                                                                                                        \n                                                                                                                                                \n<div\n\tclass=\"yith-wcwl-add-to-wishlist add-to-wishlist-58305 yith-wcwl-add-to-wishlist--link-style wishlist-fragment on-first-load\"\n\tdata-fragment-ref=\"58305\"\n\tdata-fragment-options=\"{&quot;base_url&quot;:&quot;&quot;,&quot;product_id&quot;:58305,&quot;parent_product_id&quot;:0,&quot;product_type&quot;:&quot;variable&quot;,&quot;is_single&quot;:false,&quot;in_default_wishlist&quot;:false,&quot;show_view&quot;:false,&quot;browse_wishlist_text&quot;:&quot;Lista Deseos&quot;,&quot;already_in_wishslist_text&quot;:&quot;The producto esta Agregado!&quot;,&quot;product_added_text&quot;:&quot;Producto Agregado!&quot;,&quot;available_multi_wishlist&quot;:false,&quot;disable_wishlist&quot;:false,&quot;show_count&quot;:false,&quot;ajax_loading&quot;:false,&quot;loop_position&quot;:&quot;after_add_to_cart&quot;,&quot;item&quot;:&quot;add_to_wishlist&quot;}\"\n>\n\t\t\t\n\t\t\t<!-- ADD TO WISHLIST -->\n\t\t\t\n<div class=\"yith-wcwl-add-button\">\n\t\t<a\n\t\thref=\"?add_to_wishlist=58305&#038;_wpnonce=98056c7fc2\"\n\t\tclass=\"add_to_wishlist single_add_to_wishlist\"\n\t\tdata-product-id=\"58305\"\n\t\tdata-product-type=\"variable\"\n\t\tdata-original-product-id=\"0\"\n\t\tdata-title=\"Lista Deseos\"\n\t\trel=\"nofollow\"\n\t>\n\t\t<svg id=\"yith-wcwl-icon-heart-outline\" class=\"yith-wcwl-icon-svg\" fill=\"none\" stroke-width=\"1.5\" stroke=\"currentColor\" viewbox=\"0 0 24 24\" xmlns=\"http:\/\/www.w3.org\/2000\/svg\">\n  <path stroke-linecap=\"round\" stroke-linejoin=\"round\" d=\"M21 8.25c0-2.485-2.099-4.5-4.688-4.5-1.935 0-3.597 1.126-4.312 2.733-.715-1.607-2.377-2.733-4.313-2.733C5.1 3.75 3 5.765 3 8.25c0 7.22 9 12 9 12s9-4.78 9-12Z\"><\/path>\n<\/svg>\t\t<span>Lista Deseos<\/span>\n\t<\/a>\n<\/div>\n\n\t\t\t<!-- COUNT TEXT -->\n\t\t\t\n\t\t\t<\/div>\n                                                                                                                                    <\/div>\n                                        <a class=\"product-title\" href=\"https:\/\/bodegaoutdoor.cl\/store\/product\/lemfo-reloj-inteligente-iwo-14-pro-hw67-reloj-inteligente-hombre-llamada-bluetooth-nfc-imagen-de-la-esfera-personalizada-presion-arterial-frecuencia-cardiaca-reloj-inteligente-mujer-smartwatch-soporte\/\">Lemfo-reloj inteligente Iwo 14 Pro HW67 reloj inteligente hombre Llamada Bluetooth NFC Imagen de la esfera personalizada Presi\u00f3n arterial Frecuencia card\u00edaca reloj inteligente mujer smartwatch Soporte para  Android Ios<\/a>\n                                        <span class=\"price\">\n                                            <span class=\"woocommerce-Price-amount amount\"><bdi><span class=\"woocommerce-Price-currencySymbol\" translate=\"no\">$<\/span>49,990<\/bdi><\/span>                                        <\/span>\n                                    <\/div>\n                                <\/div>\n                                                                <\/div>\n                                                                                                                            <div class=\"xs-tab-slider-item swiper-slide\">\n                                                            <div class=\"xs-product-widget media \">\n                                                                            <a class=\"xs_product_img_link\" href=\"https:\/\/bodegaoutdoor.cl\/store\/product\/gafas-para-ciclismo-para-motocicletas-lentes-para-correr-deportes-de-pesca-ciclismo\/\">\n                                        <img loading=\"lazy\" decoding=\"async\" width=\"125\" height=\"125\" src=\"https:\/\/bodegaoutdoor.cl\/store\/wp-content\/uploads\/2020\/11\/20963-o6ob61-150x150.jpg\" class=\"attachment-125x125 size-125x125\" alt=\"Gafas para ciclismo para motocicletas, Lentes para correr, deportes de pesca, ciclismo\" srcset=\"https:\/\/bodegaoutdoor.cl\/store\/wp-content\/uploads\/2020\/11\/20963-o6ob61-150x150.jpg 150w, https:\/\/bodegaoutdoor.cl\/store\/wp-content\/uploads\/2020\/11\/20963-o6ob61-300x300.jpg 300w, https:\/\/bodegaoutdoor.cl\/store\/wp-content\/uploads\/2020\/11\/20963-o6ob61-100x100.jpg 100w, https:\/\/bodegaoutdoor.cl\/store\/wp-content\/uploads\/2020\/11\/20963-o6ob61-600x600.jpg 600w, https:\/\/bodegaoutdoor.cl\/store\/wp-content\/uploads\/2020\/11\/20963-o6ob61-768x768.jpg 768w, https:\/\/bodegaoutdoor.cl\/store\/wp-content\/uploads\/2020\/11\/20963-o6ob61.jpg 800w\" sizes=\"(max-width: 125px) 100vw, 125px\" \/>                                        <\/a>\n                                                                        <div class=\"media-body align-self-center product-widget-content\">\n                                        <div class=\"xs-product-header media woocommerce xs-wishlist \">\n                                                                                                                                        \n                                                                                                                                                \n<div\n\tclass=\"yith-wcwl-add-to-wishlist add-to-wishlist-20963 yith-wcwl-add-to-wishlist--link-style wishlist-fragment on-first-load\"\n\tdata-fragment-ref=\"20963\"\n\tdata-fragment-options=\"{&quot;base_url&quot;:&quot;&quot;,&quot;product_id&quot;:20963,&quot;parent_product_id&quot;:0,&quot;product_type&quot;:&quot;variable&quot;,&quot;is_single&quot;:false,&quot;in_default_wishlist&quot;:false,&quot;show_view&quot;:false,&quot;browse_wishlist_text&quot;:&quot;Lista Deseos&quot;,&quot;already_in_wishslist_text&quot;:&quot;The producto esta Agregado!&quot;,&quot;product_added_text&quot;:&quot;Producto Agregado!&quot;,&quot;available_multi_wishlist&quot;:false,&quot;disable_wishlist&quot;:false,&quot;show_count&quot;:false,&quot;ajax_loading&quot;:false,&quot;loop_position&quot;:&quot;after_add_to_cart&quot;,&quot;item&quot;:&quot;add_to_wishlist&quot;}\"\n>\n\t\t\t\n\t\t\t<!-- ADD TO WISHLIST -->\n\t\t\t\n<div class=\"yith-wcwl-add-button\">\n\t\t<a\n\t\thref=\"?add_to_wishlist=20963&#038;_wpnonce=98056c7fc2\"\n\t\tclass=\"add_to_wishlist single_add_to_wishlist\"\n\t\tdata-product-id=\"20963\"\n\t\tdata-product-type=\"variable\"\n\t\tdata-original-product-id=\"0\"\n\t\tdata-title=\"Lista Deseos\"\n\t\trel=\"nofollow\"\n\t>\n\t\t<svg id=\"yith-wcwl-icon-heart-outline\" class=\"yith-wcwl-icon-svg\" fill=\"none\" stroke-width=\"1.5\" stroke=\"currentColor\" viewbox=\"0 0 24 24\" xmlns=\"http:\/\/www.w3.org\/2000\/svg\">\n  <path stroke-linecap=\"round\" stroke-linejoin=\"round\" d=\"M21 8.25c0-2.485-2.099-4.5-4.688-4.5-1.935 0-3.597 1.126-4.312 2.733-.715-1.607-2.377-2.733-4.313-2.733C5.1 3.75 3 5.765 3 8.25c0 7.22 9 12 9 12s9-4.78 9-12Z\"><\/path>\n<\/svg>\t\t<span>Lista Deseos<\/span>\n\t<\/a>\n<\/div>\n\n\t\t\t<!-- COUNT TEXT -->\n\t\t\t\n\t\t\t<\/div>\n                                                                                                                                    <\/div>\n                                        <a class=\"product-title\" href=\"https:\/\/bodegaoutdoor.cl\/store\/product\/gafas-para-ciclismo-para-motocicletas-lentes-para-correr-deportes-de-pesca-ciclismo\/\">Gafas para ciclismo para motocicletas, Lentes para correr, deportes de pesca, ciclismo<\/a>\n                                        <span class=\"price\">\n                                            <span class=\"woocommerce-Price-amount amount\" aria-hidden=\"true\"><bdi><span class=\"woocommerce-Price-currencySymbol\" translate=\"no\">$<\/span>34,990<\/bdi><\/span> <span aria-hidden=\"true\">-<\/span> <span class=\"woocommerce-Price-amount amount\" aria-hidden=\"true\"><bdi><span class=\"woocommerce-Price-currencySymbol\" translate=\"no\">$<\/span>39,990<\/bdi><\/span><span class=\"screen-reader-text\">Rango de precios: desde $34,990 hasta $39,990<\/span>                                        <\/span>\n                                    <\/div>\n                                <\/div>\n                                                                                                                                <div class=\"xs-product-widget media \">\n                                                                            <a class=\"xs_product_img_link\" href=\"https:\/\/bodegaoutdoor.cl\/store\/product\/calcetines-deportivos-profesionales-para-hombre-y-mujer-medias-transpirables-para-escalada-senderismo-caminar-y-correr\/\">\n                                        <img loading=\"lazy\" decoding=\"async\" width=\"125\" height=\"125\" src=\"https:\/\/bodegaoutdoor.cl\/store\/wp-content\/uploads\/2021\/09\/47822-rivyk2-150x150.jpg\" class=\"attachment-125x125 size-125x125\" alt=\"Calcetines deportivos profesionales para hombre y mujer, medias transpirables para escalada, senderismo deportes\" srcset=\"https:\/\/bodegaoutdoor.cl\/store\/wp-content\/uploads\/2021\/09\/47822-rivyk2-150x150.jpg 150w, https:\/\/bodegaoutdoor.cl\/store\/wp-content\/uploads\/2021\/09\/47822-rivyk2-300x300.jpg 300w, https:\/\/bodegaoutdoor.cl\/store\/wp-content\/uploads\/2021\/09\/47822-rivyk2-100x100.jpg 100w, https:\/\/bodegaoutdoor.cl\/store\/wp-content\/uploads\/2021\/09\/47822-rivyk2-600x600.jpg 600w, https:\/\/bodegaoutdoor.cl\/store\/wp-content\/uploads\/2021\/09\/47822-rivyk2-768x768.jpg 768w, https:\/\/bodegaoutdoor.cl\/store\/wp-content\/uploads\/2021\/09\/47822-rivyk2.jpg 800w\" sizes=\"(max-width: 125px) 100vw, 125px\" \/>                                        <\/a>\n                                                                        <div class=\"media-body align-self-center product-widget-content\">\n                                        <div class=\"xs-product-header media woocommerce xs-wishlist \">\n                                                                                                                                        \n                                                                                                                                                \n<div\n\tclass=\"yith-wcwl-add-to-wishlist add-to-wishlist-47822 yith-wcwl-add-to-wishlist--link-style wishlist-fragment on-first-load\"\n\tdata-fragment-ref=\"47822\"\n\tdata-fragment-options=\"{&quot;base_url&quot;:&quot;&quot;,&quot;product_id&quot;:47822,&quot;parent_product_id&quot;:0,&quot;product_type&quot;:&quot;variable&quot;,&quot;is_single&quot;:false,&quot;in_default_wishlist&quot;:false,&quot;show_view&quot;:false,&quot;browse_wishlist_text&quot;:&quot;Lista Deseos&quot;,&quot;already_in_wishslist_text&quot;:&quot;The producto esta Agregado!&quot;,&quot;product_added_text&quot;:&quot;Producto Agregado!&quot;,&quot;available_multi_wishlist&quot;:false,&quot;disable_wishlist&quot;:false,&quot;show_count&quot;:false,&quot;ajax_loading&quot;:false,&quot;loop_position&quot;:&quot;after_add_to_cart&quot;,&quot;item&quot;:&quot;add_to_wishlist&quot;}\"\n>\n\t\t\t\n\t\t\t<!-- ADD TO WISHLIST -->\n\t\t\t\n<div class=\"yith-wcwl-add-button\">\n\t\t<a\n\t\thref=\"?add_to_wishlist=47822&#038;_wpnonce=98056c7fc2\"\n\t\tclass=\"add_to_wishlist single_add_to_wishlist\"\n\t\tdata-product-id=\"47822\"\n\t\tdata-product-type=\"variable\"\n\t\tdata-original-product-id=\"0\"\n\t\tdata-title=\"Lista Deseos\"\n\t\trel=\"nofollow\"\n\t>\n\t\t<svg id=\"yith-wcwl-icon-heart-outline\" class=\"yith-wcwl-icon-svg\" fill=\"none\" stroke-width=\"1.5\" stroke=\"currentColor\" viewbox=\"0 0 24 24\" xmlns=\"http:\/\/www.w3.org\/2000\/svg\">\n  <path stroke-linecap=\"round\" stroke-linejoin=\"round\" d=\"M21 8.25c0-2.485-2.099-4.5-4.688-4.5-1.935 0-3.597 1.126-4.312 2.733-.715-1.607-2.377-2.733-4.313-2.733C5.1 3.75 3 5.765 3 8.25c0 7.22 9 12 9 12s9-4.78 9-12Z\"><\/path>\n<\/svg>\t\t<span>Lista Deseos<\/span>\n\t<\/a>\n<\/div>\n\n\t\t\t<!-- COUNT TEXT -->\n\t\t\t\n\t\t\t<\/div>\n                                                                                                                                    <\/div>\n                                        <a class=\"product-title\" href=\"https:\/\/bodegaoutdoor.cl\/store\/product\/calcetines-deportivos-profesionales-para-hombre-y-mujer-medias-transpirables-para-escalada-senderismo-caminar-y-correr\/\">Calcetines deportivos profesionales para hombre y mujer, medias transpirables para escalada, senderismo deportes<\/a>\n                                        <span class=\"price\">\n                                            <del aria-hidden=\"true\"><span class=\"woocommerce-Price-amount amount\"><bdi><span class=\"woocommerce-Price-currencySymbol\" translate=\"no\">$<\/span>19,990<\/bdi><\/span><\/del> <span class=\"screen-reader-text\">El precio original era: $19,990.<\/span><ins aria-hidden=\"true\"><span class=\"woocommerce-Price-amount amount\"><bdi><span class=\"woocommerce-Price-currencySymbol\" translate=\"no\">$<\/span>9,990<\/bdi><\/span><\/ins><span class=\"screen-reader-text\">El precio actual es: $9,990.<\/span>                                        <\/span>\n                                    <\/div>\n                                <\/div>\n                                                                                                                                <div class=\"xs-product-widget media \">\n                                                                            <a class=\"xs_product_img_link\" href=\"https:\/\/bodegaoutdoor.cl\/store\/product\/gafas-de-sol-polarizadas-aoron-para-hombre-y-mujer-gafas-de-sol-clasicas-con-espejo-para-conducir-al-aire-libre-para-hombre-gafas-con-armazon-de-metal-uv400\/\">\n                                        <img loading=\"lazy\" decoding=\"async\" width=\"125\" height=\"125\" src=\"https:\/\/bodegaoutdoor.cl\/store\/wp-content\/uploads\/2020\/08\/9844-hi20fd-150x150.jpg\" class=\"attachment-125x125 size-125x125\" alt=\"Gafas de sol polarizadas Aoron para unisex, outdoor con armaz\u00f3n de Metal UV400\" srcset=\"https:\/\/bodegaoutdoor.cl\/store\/wp-content\/uploads\/2020\/08\/9844-hi20fd-150x150.jpg 150w, https:\/\/bodegaoutdoor.cl\/store\/wp-content\/uploads\/2020\/08\/9844-hi20fd-300x300.jpg 300w, https:\/\/bodegaoutdoor.cl\/store\/wp-content\/uploads\/2020\/08\/9844-hi20fd-100x100.jpg 100w, https:\/\/bodegaoutdoor.cl\/store\/wp-content\/uploads\/2020\/08\/9844-hi20fd-600x600.jpg 600w, https:\/\/bodegaoutdoor.cl\/store\/wp-content\/uploads\/2020\/08\/9844-hi20fd-768x768.jpg 768w, https:\/\/bodegaoutdoor.cl\/store\/wp-content\/uploads\/2020\/08\/9844-hi20fd.jpg 800w\" sizes=\"(max-width: 125px) 100vw, 125px\" \/>                                        <\/a>\n                                                                        <div class=\"media-body align-self-center product-widget-content\">\n                                        <div class=\"xs-product-header media woocommerce xs-wishlist \">\n                                                                                                                                        \n                                                                                                                                                \n<div\n\tclass=\"yith-wcwl-add-to-wishlist add-to-wishlist-9844 yith-wcwl-add-to-wishlist--link-style wishlist-fragment on-first-load\"\n\tdata-fragment-ref=\"9844\"\n\tdata-fragment-options=\"{&quot;base_url&quot;:&quot;&quot;,&quot;product_id&quot;:9844,&quot;parent_product_id&quot;:0,&quot;product_type&quot;:&quot;variable&quot;,&quot;is_single&quot;:false,&quot;in_default_wishlist&quot;:false,&quot;show_view&quot;:false,&quot;browse_wishlist_text&quot;:&quot;Lista Deseos&quot;,&quot;already_in_wishslist_text&quot;:&quot;The producto esta Agregado!&quot;,&quot;product_added_text&quot;:&quot;Producto Agregado!&quot;,&quot;available_multi_wishlist&quot;:false,&quot;disable_wishlist&quot;:false,&quot;show_count&quot;:false,&quot;ajax_loading&quot;:false,&quot;loop_position&quot;:&quot;after_add_to_cart&quot;,&quot;item&quot;:&quot;add_to_wishlist&quot;}\"\n>\n\t\t\t\n\t\t\t<!-- ADD TO WISHLIST -->\n\t\t\t\n<div class=\"yith-wcwl-add-button\">\n\t\t<a\n\t\thref=\"?add_to_wishlist=9844&#038;_wpnonce=98056c7fc2\"\n\t\tclass=\"add_to_wishlist single_add_to_wishlist\"\n\t\tdata-product-id=\"9844\"\n\t\tdata-product-type=\"variable\"\n\t\tdata-original-product-id=\"0\"\n\t\tdata-title=\"Lista Deseos\"\n\t\trel=\"nofollow\"\n\t>\n\t\t<svg id=\"yith-wcwl-icon-heart-outline\" class=\"yith-wcwl-icon-svg\" fill=\"none\" stroke-width=\"1.5\" stroke=\"currentColor\" viewbox=\"0 0 24 24\" xmlns=\"http:\/\/www.w3.org\/2000\/svg\">\n  <path stroke-linecap=\"round\" stroke-linejoin=\"round\" d=\"M21 8.25c0-2.485-2.099-4.5-4.688-4.5-1.935 0-3.597 1.126-4.312 2.733-.715-1.607-2.377-2.733-4.313-2.733C5.1 3.75 3 5.765 3 8.25c0 7.22 9 12 9 12s9-4.78 9-12Z\"><\/path>\n<\/svg>\t\t<span>Lista Deseos<\/span>\n\t<\/a>\n<\/div>\n\n\t\t\t<!-- COUNT TEXT -->\n\t\t\t\n\t\t\t<\/div>\n                                                                                                                                    <\/div>\n                                        <a class=\"product-title\" href=\"https:\/\/bodegaoutdoor.cl\/store\/product\/gafas-de-sol-polarizadas-aoron-para-hombre-y-mujer-gafas-de-sol-clasicas-con-espejo-para-conducir-al-aire-libre-para-hombre-gafas-con-armazon-de-metal-uv400\/\">Gafas de sol polarizadas Aoron para unisex, outdoor con armaz\u00f3n de Metal UV400<\/a>\n                                        <span class=\"price\">\n                                            <del aria-hidden=\"true\"><span class=\"woocommerce-Price-amount amount\"><bdi><span class=\"woocommerce-Price-currencySymbol\" translate=\"no\">$<\/span>24,990<\/bdi><\/span><\/del> <span class=\"screen-reader-text\">El precio original era: $24,990.<\/span><ins aria-hidden=\"true\"><span class=\"woocommerce-Price-amount amount\"><bdi><span class=\"woocommerce-Price-currencySymbol\" translate=\"no\">$<\/span>19,990<\/bdi><\/span><\/ins><span class=\"screen-reader-text\">El precio actual es: $19,990.<\/span>                                        <\/span>\n                                    <\/div>\n                                <\/div>\n                                                                <\/div>\n                                                                                                                            <div class=\"xs-tab-slider-item swiper-slide\">\n                                                            <div class=\"xs-product-widget media \">\n                                                                            <a class=\"xs_product_img_link\" href=\"https:\/\/bodegaoutdoor.cl\/store\/product\/mrerdith-senuelo-iscas-de-senuelos-pesca-jerk-minnow-100f-14g-wobbler-flotante-24-colores-cebo-duro-calidad-profesional-depth0-8-10m-isca-artificial-frete-gratis-black-minnow\/\">\n                                        <img loading=\"lazy\" decoding=\"async\" width=\"125\" height=\"125\" src=\"https:\/\/bodegaoutdoor.cl\/store\/wp-content\/uploads\/2022\/01\/52490-zcljgq-150x150.jpg\" class=\"attachment-125x125 size-125x125\" alt=\"MRERDITH-se\u00f1uelo iscas de se\u00f1uelos pesca JERK MINNOW 100F 14g, Wobbler flotante, 24 colores, cebo duro, calidad profesional Depth0.8-1,0m isca artificial frete gratis black minnow\" srcset=\"https:\/\/bodegaoutdoor.cl\/store\/wp-content\/uploads\/2022\/01\/52490-zcljgq-150x150.jpg 150w, https:\/\/bodegaoutdoor.cl\/store\/wp-content\/uploads\/2022\/01\/52490-zcljgq-300x300.jpg 300w, https:\/\/bodegaoutdoor.cl\/store\/wp-content\/uploads\/2022\/01\/52490-zcljgq-100x100.jpg 100w, https:\/\/bodegaoutdoor.cl\/store\/wp-content\/uploads\/2022\/01\/52490-zcljgq-600x600.jpg 600w, https:\/\/bodegaoutdoor.cl\/store\/wp-content\/uploads\/2022\/01\/52490-zcljgq-768x768.jpg 768w, https:\/\/bodegaoutdoor.cl\/store\/wp-content\/uploads\/2022\/01\/52490-zcljgq.jpg 800w\" sizes=\"(max-width: 125px) 100vw, 125px\" \/>                                        <\/a>\n                                                                        <div class=\"media-body align-self-center product-widget-content\">\n                                        <div class=\"xs-product-header media woocommerce xs-wishlist \">\n                                                                                                                                        \n                                                                                                                                                \n<div\n\tclass=\"yith-wcwl-add-to-wishlist add-to-wishlist-52490 yith-wcwl-add-to-wishlist--link-style wishlist-fragment on-first-load\"\n\tdata-fragment-ref=\"52490\"\n\tdata-fragment-options=\"{&quot;base_url&quot;:&quot;&quot;,&quot;product_id&quot;:52490,&quot;parent_product_id&quot;:0,&quot;product_type&quot;:&quot;variable&quot;,&quot;is_single&quot;:false,&quot;in_default_wishlist&quot;:false,&quot;show_view&quot;:false,&quot;browse_wishlist_text&quot;:&quot;Lista Deseos&quot;,&quot;already_in_wishslist_text&quot;:&quot;The producto esta Agregado!&quot;,&quot;product_added_text&quot;:&quot;Producto Agregado!&quot;,&quot;available_multi_wishlist&quot;:false,&quot;disable_wishlist&quot;:false,&quot;show_count&quot;:false,&quot;ajax_loading&quot;:false,&quot;loop_position&quot;:&quot;after_add_to_cart&quot;,&quot;item&quot;:&quot;add_to_wishlist&quot;}\"\n>\n\t\t\t\n\t\t\t<!-- ADD TO WISHLIST -->\n\t\t\t\n<div class=\"yith-wcwl-add-button\">\n\t\t<a\n\t\thref=\"?add_to_wishlist=52490&#038;_wpnonce=98056c7fc2\"\n\t\tclass=\"add_to_wishlist single_add_to_wishlist\"\n\t\tdata-product-id=\"52490\"\n\t\tdata-product-type=\"variable\"\n\t\tdata-original-product-id=\"0\"\n\t\tdata-title=\"Lista Deseos\"\n\t\trel=\"nofollow\"\n\t>\n\t\t<svg id=\"yith-wcwl-icon-heart-outline\" class=\"yith-wcwl-icon-svg\" fill=\"none\" stroke-width=\"1.5\" stroke=\"currentColor\" viewbox=\"0 0 24 24\" xmlns=\"http:\/\/www.w3.org\/2000\/svg\">\n  <path stroke-linecap=\"round\" stroke-linejoin=\"round\" d=\"M21 8.25c0-2.485-2.099-4.5-4.688-4.5-1.935 0-3.597 1.126-4.312 2.733-.715-1.607-2.377-2.733-4.313-2.733C5.1 3.75 3 5.765 3 8.25c0 7.22 9 12 9 12s9-4.78 9-12Z\"><\/path>\n<\/svg>\t\t<span>Lista Deseos<\/span>\n\t<\/a>\n<\/div>\n\n\t\t\t<!-- COUNT TEXT -->\n\t\t\t\n\t\t\t<\/div>\n                                                                                                                                    <\/div>\n                                        <a class=\"product-title\" href=\"https:\/\/bodegaoutdoor.cl\/store\/product\/mrerdith-senuelo-iscas-de-senuelos-pesca-jerk-minnow-100f-14g-wobbler-flotante-24-colores-cebo-duro-calidad-profesional-depth0-8-10m-isca-artificial-frete-gratis-black-minnow\/\">MRERDITH-se\u00f1uelo iscas de se\u00f1uelos pesca JERK MINNOW 100F 14g, Wobbler flotante, 24 colores, cebo duro, calidad profesional Depth0.8-1,0m isca artificial frete gratis black minnow<\/a>\n                                        <span class=\"price\">\n                                            <span class=\"woocommerce-Price-amount amount\"><bdi><span class=\"woocommerce-Price-currencySymbol\" translate=\"no\">$<\/span>5,990<\/bdi><\/span>                                        <\/span>\n                                    <\/div>\n                                <\/div>\n                                                                                                                                <div class=\"xs-product-widget media \">\n                                                                            <a class=\"xs_product_img_link\" href=\"https:\/\/bodegaoutdoor.cl\/store\/product\/strava-conjuntos-de-camisetas-y-pantalones-cortos-de-ciclismo-color-rojo-verde-fluorescente-maillot-de-ciclismo\/\">\n                                        <img loading=\"lazy\" decoding=\"async\" width=\"125\" height=\"125\" src=\"https:\/\/bodegaoutdoor.cl\/store\/wp-content\/uploads\/2021\/09\/48062-xcf2js-150x150.jpg\" class=\"attachment-125x125 size-125x125\" alt=\"STRAVA-Conjunto de camisetas y pantalones cortos de ciclismo, color rojo, verde fluorescente, maillot de ciclismo\" srcset=\"https:\/\/bodegaoutdoor.cl\/store\/wp-content\/uploads\/2021\/09\/48062-xcf2js-150x150.jpg 150w, https:\/\/bodegaoutdoor.cl\/store\/wp-content\/uploads\/2021\/09\/48062-xcf2js-300x300.jpg 300w, https:\/\/bodegaoutdoor.cl\/store\/wp-content\/uploads\/2021\/09\/48062-xcf2js-100x100.jpg 100w, https:\/\/bodegaoutdoor.cl\/store\/wp-content\/uploads\/2021\/09\/48062-xcf2js-600x600.jpg 600w, https:\/\/bodegaoutdoor.cl\/store\/wp-content\/uploads\/2021\/09\/48062-xcf2js-768x768.jpg 768w, https:\/\/bodegaoutdoor.cl\/store\/wp-content\/uploads\/2021\/09\/48062-xcf2js.jpg 900w\" sizes=\"(max-width: 125px) 100vw, 125px\" \/>                                        <\/a>\n                                                                        <div class=\"media-body align-self-center product-widget-content\">\n                                        <div class=\"xs-product-header media woocommerce xs-wishlist \">\n                                                                                                                                        \n                                                                                                                                                \n<div\n\tclass=\"yith-wcwl-add-to-wishlist add-to-wishlist-48062 yith-wcwl-add-to-wishlist--link-style wishlist-fragment on-first-load\"\n\tdata-fragment-ref=\"48062\"\n\tdata-fragment-options=\"{&quot;base_url&quot;:&quot;&quot;,&quot;product_id&quot;:48062,&quot;parent_product_id&quot;:0,&quot;product_type&quot;:&quot;variable&quot;,&quot;is_single&quot;:false,&quot;in_default_wishlist&quot;:false,&quot;show_view&quot;:false,&quot;browse_wishlist_text&quot;:&quot;Lista Deseos&quot;,&quot;already_in_wishslist_text&quot;:&quot;The producto esta Agregado!&quot;,&quot;product_added_text&quot;:&quot;Producto Agregado!&quot;,&quot;available_multi_wishlist&quot;:false,&quot;disable_wishlist&quot;:false,&quot;show_count&quot;:false,&quot;ajax_loading&quot;:false,&quot;loop_position&quot;:&quot;after_add_to_cart&quot;,&quot;item&quot;:&quot;add_to_wishlist&quot;}\"\n>\n\t\t\t\n\t\t\t<!-- ADD TO WISHLIST -->\n\t\t\t\n<div class=\"yith-wcwl-add-button\">\n\t\t<a\n\t\thref=\"?add_to_wishlist=48062&#038;_wpnonce=98056c7fc2\"\n\t\tclass=\"add_to_wishlist single_add_to_wishlist\"\n\t\tdata-product-id=\"48062\"\n\t\tdata-product-type=\"variable\"\n\t\tdata-original-product-id=\"0\"\n\t\tdata-title=\"Lista Deseos\"\n\t\trel=\"nofollow\"\n\t>\n\t\t<svg id=\"yith-wcwl-icon-heart-outline\" class=\"yith-wcwl-icon-svg\" fill=\"none\" stroke-width=\"1.5\" stroke=\"currentColor\" viewbox=\"0 0 24 24\" xmlns=\"http:\/\/www.w3.org\/2000\/svg\">\n  <path stroke-linecap=\"round\" stroke-linejoin=\"round\" d=\"M21 8.25c0-2.485-2.099-4.5-4.688-4.5-1.935 0-3.597 1.126-4.312 2.733-.715-1.607-2.377-2.733-4.313-2.733C5.1 3.75 3 5.765 3 8.25c0 7.22 9 12 9 12s9-4.78 9-12Z\"><\/path>\n<\/svg>\t\t<span>Lista Deseos<\/span>\n\t<\/a>\n<\/div>\n\n\t\t\t<!-- COUNT TEXT -->\n\t\t\t\n\t\t\t<\/div>\n                                                                                                                                    <\/div>\n                                        <a class=\"product-title\" href=\"https:\/\/bodegaoutdoor.cl\/store\/product\/strava-conjuntos-de-camisetas-y-pantalones-cortos-de-ciclismo-color-rojo-verde-fluorescente-maillot-de-ciclismo\/\">STRAVA-Conjunto de camisetas y pantalones cortos de ciclismo, color rojo, verde fluorescente, maillot de ciclismo<\/a>\n                                        <span class=\"price\">\n                                            <span class=\"woocommerce-Price-amount amount\" aria-hidden=\"true\"><bdi><span class=\"woocommerce-Price-currencySymbol\" translate=\"no\">$<\/span>24,990<\/bdi><\/span> <span aria-hidden=\"true\">-<\/span> <span class=\"woocommerce-Price-amount amount\" aria-hidden=\"true\"><bdi><span class=\"woocommerce-Price-currencySymbol\" translate=\"no\">$<\/span>39,990<\/bdi><\/span><span class=\"screen-reader-text\">Rango de precios: desde $24,990 hasta $39,990<\/span>                                        <\/span>\n                                    <\/div>\n                                <\/div>\n                                                                                                                                <div class=\"xs-product-widget media \">\n                                                                            <a class=\"xs_product_img_link\" href=\"https:\/\/bodegaoutdoor.cl\/store\/product\/pasamontanas-de-camuflaje-completa-depores-ciclismo-bufanda\/\">\n                                        <img loading=\"lazy\" decoding=\"async\" width=\"125\" height=\"125\" src=\"https:\/\/bodegaoutdoor.cl\/store\/wp-content\/uploads\/2020\/12\/22448-aaufkm-150x150.jpg\" class=\"attachment-125x125 size-125x125\" alt=\"Pasamonta\u00f1as de camuflaje completa, depores, ciclismo,  bufanda\" srcset=\"https:\/\/bodegaoutdoor.cl\/store\/wp-content\/uploads\/2020\/12\/22448-aaufkm-150x150.jpg 150w, https:\/\/bodegaoutdoor.cl\/store\/wp-content\/uploads\/2020\/12\/22448-aaufkm-300x300.jpg 300w, https:\/\/bodegaoutdoor.cl\/store\/wp-content\/uploads\/2020\/12\/22448-aaufkm-100x100.jpg 100w, https:\/\/bodegaoutdoor.cl\/store\/wp-content\/uploads\/2020\/12\/22448-aaufkm-600x600.jpg 600w, https:\/\/bodegaoutdoor.cl\/store\/wp-content\/uploads\/2020\/12\/22448-aaufkm-768x768.jpg 768w, https:\/\/bodegaoutdoor.cl\/store\/wp-content\/uploads\/2020\/12\/22448-aaufkm.jpg 1200w\" sizes=\"(max-width: 125px) 100vw, 125px\" \/>                                        <\/a>\n                                                                        <div class=\"media-body align-self-center product-widget-content\">\n                                        <div class=\"xs-product-header media woocommerce xs-wishlist \">\n                                                                                                                                        \n                                                                                                                                                \n<div\n\tclass=\"yith-wcwl-add-to-wishlist add-to-wishlist-22448 yith-wcwl-add-to-wishlist--link-style wishlist-fragment on-first-load\"\n\tdata-fragment-ref=\"22448\"\n\tdata-fragment-options=\"{&quot;base_url&quot;:&quot;&quot;,&quot;product_id&quot;:22448,&quot;parent_product_id&quot;:0,&quot;product_type&quot;:&quot;variable&quot;,&quot;is_single&quot;:false,&quot;in_default_wishlist&quot;:false,&quot;show_view&quot;:false,&quot;browse_wishlist_text&quot;:&quot;Lista Deseos&quot;,&quot;already_in_wishslist_text&quot;:&quot;The producto esta Agregado!&quot;,&quot;product_added_text&quot;:&quot;Producto Agregado!&quot;,&quot;available_multi_wishlist&quot;:false,&quot;disable_wishlist&quot;:false,&quot;show_count&quot;:false,&quot;ajax_loading&quot;:false,&quot;loop_position&quot;:&quot;after_add_to_cart&quot;,&quot;item&quot;:&quot;add_to_wishlist&quot;}\"\n>\n\t\t\t\n\t\t\t<!-- ADD TO WISHLIST -->\n\t\t\t\n<div class=\"yith-wcwl-add-button\">\n\t\t<a\n\t\thref=\"?add_to_wishlist=22448&#038;_wpnonce=98056c7fc2\"\n\t\tclass=\"add_to_wishlist single_add_to_wishlist\"\n\t\tdata-product-id=\"22448\"\n\t\tdata-product-type=\"variable\"\n\t\tdata-original-product-id=\"0\"\n\t\tdata-title=\"Lista Deseos\"\n\t\trel=\"nofollow\"\n\t>\n\t\t<svg id=\"yith-wcwl-icon-heart-outline\" class=\"yith-wcwl-icon-svg\" fill=\"none\" stroke-width=\"1.5\" stroke=\"currentColor\" viewbox=\"0 0 24 24\" xmlns=\"http:\/\/www.w3.org\/2000\/svg\">\n  <path stroke-linecap=\"round\" stroke-linejoin=\"round\" d=\"M21 8.25c0-2.485-2.099-4.5-4.688-4.5-1.935 0-3.597 1.126-4.312 2.733-.715-1.607-2.377-2.733-4.313-2.733C5.1 3.75 3 5.765 3 8.25c0 7.22 9 12 9 12s9-4.78 9-12Z\"><\/path>\n<\/svg>\t\t<span>Lista Deseos<\/span>\n\t<\/a>\n<\/div>\n\n\t\t\t<!-- COUNT TEXT -->\n\t\t\t\n\t\t\t<\/div>\n                                                                                                                                    <\/div>\n                                        <a class=\"product-title\" href=\"https:\/\/bodegaoutdoor.cl\/store\/product\/pasamontanas-de-camuflaje-completa-depores-ciclismo-bufanda\/\">Pasamonta\u00f1as de camuflaje completa, depores, ciclismo,  bufanda<\/a>\n                                        <span class=\"price\">\n                                            <del aria-hidden=\"true\"><span class=\"woocommerce-Price-amount amount\"><bdi><span class=\"woocommerce-Price-currencySymbol\" translate=\"no\">$<\/span>11,990<\/bdi><\/span><\/del> <span class=\"screen-reader-text\">El precio original era: $11,990.<\/span><ins aria-hidden=\"true\"><span class=\"woocommerce-Price-amount amount\"><bdi><span class=\"woocommerce-Price-currencySymbol\" translate=\"no\">$<\/span>9,990<\/bdi><\/span><\/ins><span class=\"screen-reader-text\">El precio actual es: $9,990.<\/span>                                        <\/span>\n                                    <\/div>\n                                <\/div>\n                                                                <\/div>\n                                                                                                                            <div class=\"xs-tab-slider-item swiper-slide\">\n                                                            <div class=\"xs-product-widget media \">\n                                                                            <a class=\"xs_product_img_link\" href=\"https:\/\/bodegaoutdoor.cl\/store\/product\/shimano-gafas-de-sol-para-hombre-y-mujer-lentes-de-sol-para-ciclismo-al-aire-libre-pesca-conduccion-viajes-se-pueden-equipar-con-estuches-para-gafas\/\">\n                                        <img loading=\"lazy\" decoding=\"async\" width=\"125\" height=\"125\" src=\"https:\/\/bodegaoutdoor.cl\/store\/wp-content\/uploads\/2023\/04\/70209-amjgrq-150x150.jpg\" class=\"attachment-125x125 size-125x125\" alt=\"Shimano-Gafas hombre y mujer, lentes de sol para ciclismo Outdoor, pesca, conducci\u00f3n, viajes\" srcset=\"https:\/\/bodegaoutdoor.cl\/store\/wp-content\/uploads\/2023\/04\/70209-amjgrq-150x150.jpg 150w, https:\/\/bodegaoutdoor.cl\/store\/wp-content\/uploads\/2023\/04\/70209-amjgrq-300x300.jpg 300w, https:\/\/bodegaoutdoor.cl\/store\/wp-content\/uploads\/2023\/04\/70209-amjgrq-100x100.jpg 100w, https:\/\/bodegaoutdoor.cl\/store\/wp-content\/uploads\/2023\/04\/70209-amjgrq-600x600.jpg 600w, https:\/\/bodegaoutdoor.cl\/store\/wp-content\/uploads\/2023\/04\/70209-amjgrq-768x768.jpg 768w, https:\/\/bodegaoutdoor.cl\/store\/wp-content\/uploads\/2023\/04\/70209-amjgrq-350x350.jpg 350w, https:\/\/bodegaoutdoor.cl\/store\/wp-content\/uploads\/2023\/04\/70209-amjgrq.jpg 800w\" sizes=\"(max-width: 125px) 100vw, 125px\" \/>                                        <\/a>\n                                                                        <div class=\"media-body align-self-center product-widget-content\">\n                                        <div class=\"xs-product-header media woocommerce xs-wishlist \">\n                                                                                                                                        \n                                                                                                                                                \n<div\n\tclass=\"yith-wcwl-add-to-wishlist add-to-wishlist-70209 yith-wcwl-add-to-wishlist--link-style wishlist-fragment on-first-load\"\n\tdata-fragment-ref=\"70209\"\n\tdata-fragment-options=\"{&quot;base_url&quot;:&quot;&quot;,&quot;product_id&quot;:70209,&quot;parent_product_id&quot;:0,&quot;product_type&quot;:&quot;variable&quot;,&quot;is_single&quot;:false,&quot;in_default_wishlist&quot;:false,&quot;show_view&quot;:false,&quot;browse_wishlist_text&quot;:&quot;Lista Deseos&quot;,&quot;already_in_wishslist_text&quot;:&quot;The producto esta Agregado!&quot;,&quot;product_added_text&quot;:&quot;Producto Agregado!&quot;,&quot;available_multi_wishlist&quot;:false,&quot;disable_wishlist&quot;:false,&quot;show_count&quot;:false,&quot;ajax_loading&quot;:false,&quot;loop_position&quot;:&quot;after_add_to_cart&quot;,&quot;item&quot;:&quot;add_to_wishlist&quot;}\"\n>\n\t\t\t\n\t\t\t<!-- ADD TO WISHLIST -->\n\t\t\t\n<div class=\"yith-wcwl-add-button\">\n\t\t<a\n\t\thref=\"?add_to_wishlist=70209&#038;_wpnonce=98056c7fc2\"\n\t\tclass=\"add_to_wishlist single_add_to_wishlist\"\n\t\tdata-product-id=\"70209\"\n\t\tdata-product-type=\"variable\"\n\t\tdata-original-product-id=\"0\"\n\t\tdata-title=\"Lista Deseos\"\n\t\trel=\"nofollow\"\n\t>\n\t\t<svg id=\"yith-wcwl-icon-heart-outline\" class=\"yith-wcwl-icon-svg\" fill=\"none\" stroke-width=\"1.5\" stroke=\"currentColor\" viewbox=\"0 0 24 24\" xmlns=\"http:\/\/www.w3.org\/2000\/svg\">\n  <path stroke-linecap=\"round\" stroke-linejoin=\"round\" d=\"M21 8.25c0-2.485-2.099-4.5-4.688-4.5-1.935 0-3.597 1.126-4.312 2.733-.715-1.607-2.377-2.733-4.313-2.733C5.1 3.75 3 5.765 3 8.25c0 7.22 9 12 9 12s9-4.78 9-12Z\"><\/path>\n<\/svg>\t\t<span>Lista Deseos<\/span>\n\t<\/a>\n<\/div>\n\n\t\t\t<!-- COUNT TEXT -->\n\t\t\t\n\t\t\t<\/div>\n                                                                                                                                    <\/div>\n                                        <a class=\"product-title\" href=\"https:\/\/bodegaoutdoor.cl\/store\/product\/shimano-gafas-de-sol-para-hombre-y-mujer-lentes-de-sol-para-ciclismo-al-aire-libre-pesca-conduccion-viajes-se-pueden-equipar-con-estuches-para-gafas\/\">Shimano-Gafas hombre y mujer, lentes de sol para ciclismo Outdoor, pesca, conducci\u00f3n, viajes<\/a>\n                                        <span class=\"price\">\n                                            <del aria-hidden=\"true\"><span class=\"woocommerce-Price-amount amount\"><bdi><span class=\"woocommerce-Price-currencySymbol\" translate=\"no\">$<\/span>39,990<\/bdi><\/span><\/del> <span class=\"screen-reader-text\">El precio original era: $39,990.<\/span><ins aria-hidden=\"true\"><span class=\"woocommerce-Price-amount amount\"><bdi><span class=\"woocommerce-Price-currencySymbol\" translate=\"no\">$<\/span>29,990<\/bdi><\/span><\/ins><span class=\"screen-reader-text\">El precio actual es: $29,990.<\/span>                                        <\/span>\n                                    <\/div>\n                                <\/div>\n                                                                                                                                <div class=\"xs-product-widget media \">\n                                                                            <a class=\"xs_product_img_link\" href=\"https:\/\/bodegaoutdoor.cl\/store\/product\/gafas-de-sol-cuadradas-de-clasicas-polarizadas-para-hombre-y-mujer-lentes-de-sol-de-lujo-a-la-moda-antideslumbrantes-para-viajes-y-conduccion-tr90-uv400\/\">\n                                        <img loading=\"lazy\" decoding=\"async\" width=\"125\" height=\"125\" src=\"https:\/\/bodegaoutdoor.cl\/store\/wp-content\/uploads\/2023\/02\/66091-rjm3sj-150x150.jpg\" class=\"attachment-125x125 size-125x125\" alt=\"Gafas de sol cuadradas polarizadas, lentes de sol, para viajes y conducci\u00f3n, TR90, UV400\" srcset=\"https:\/\/bodegaoutdoor.cl\/store\/wp-content\/uploads\/2023\/02\/66091-rjm3sj-150x150.jpg 150w, https:\/\/bodegaoutdoor.cl\/store\/wp-content\/uploads\/2023\/02\/66091-rjm3sj-300x300.jpg 300w, https:\/\/bodegaoutdoor.cl\/store\/wp-content\/uploads\/2023\/02\/66091-rjm3sj-100x100.jpg 100w, https:\/\/bodegaoutdoor.cl\/store\/wp-content\/uploads\/2023\/02\/66091-rjm3sj-600x600.jpg 600w, https:\/\/bodegaoutdoor.cl\/store\/wp-content\/uploads\/2023\/02\/66091-rjm3sj-768x768.jpg 768w, https:\/\/bodegaoutdoor.cl\/store\/wp-content\/uploads\/2023\/02\/66091-rjm3sj-32x32.jpg 32w, https:\/\/bodegaoutdoor.cl\/store\/wp-content\/uploads\/2023\/02\/66091-rjm3sj.jpg 800w\" sizes=\"(max-width: 125px) 100vw, 125px\" \/>                                        <\/a>\n                                                                        <div class=\"media-body align-self-center product-widget-content\">\n                                        <div class=\"xs-product-header media woocommerce xs-wishlist \">\n                                                                                                                                        \n                                                                                                                                                \n<div\n\tclass=\"yith-wcwl-add-to-wishlist add-to-wishlist-66091 yith-wcwl-add-to-wishlist--link-style wishlist-fragment on-first-load\"\n\tdata-fragment-ref=\"66091\"\n\tdata-fragment-options=\"{&quot;base_url&quot;:&quot;&quot;,&quot;product_id&quot;:66091,&quot;parent_product_id&quot;:0,&quot;product_type&quot;:&quot;variable&quot;,&quot;is_single&quot;:false,&quot;in_default_wishlist&quot;:false,&quot;show_view&quot;:false,&quot;browse_wishlist_text&quot;:&quot;Lista Deseos&quot;,&quot;already_in_wishslist_text&quot;:&quot;The producto esta Agregado!&quot;,&quot;product_added_text&quot;:&quot;Producto Agregado!&quot;,&quot;available_multi_wishlist&quot;:false,&quot;disable_wishlist&quot;:false,&quot;show_count&quot;:false,&quot;ajax_loading&quot;:false,&quot;loop_position&quot;:&quot;after_add_to_cart&quot;,&quot;item&quot;:&quot;add_to_wishlist&quot;}\"\n>\n\t\t\t\n\t\t\t<!-- ADD TO WISHLIST -->\n\t\t\t\n<div class=\"yith-wcwl-add-button\">\n\t\t<a\n\t\thref=\"?add_to_wishlist=66091&#038;_wpnonce=98056c7fc2\"\n\t\tclass=\"add_to_wishlist single_add_to_wishlist\"\n\t\tdata-product-id=\"66091\"\n\t\tdata-product-type=\"variable\"\n\t\tdata-original-product-id=\"0\"\n\t\tdata-title=\"Lista Deseos\"\n\t\trel=\"nofollow\"\n\t>\n\t\t<svg id=\"yith-wcwl-icon-heart-outline\" class=\"yith-wcwl-icon-svg\" fill=\"none\" stroke-width=\"1.5\" stroke=\"currentColor\" viewbox=\"0 0 24 24\" xmlns=\"http:\/\/www.w3.org\/2000\/svg\">\n  <path stroke-linecap=\"round\" stroke-linejoin=\"round\" d=\"M21 8.25c0-2.485-2.099-4.5-4.688-4.5-1.935 0-3.597 1.126-4.312 2.733-.715-1.607-2.377-2.733-4.313-2.733C5.1 3.75 3 5.765 3 8.25c0 7.22 9 12 9 12s9-4.78 9-12Z\"><\/path>\n<\/svg>\t\t<span>Lista Deseos<\/span>\n\t<\/a>\n<\/div>\n\n\t\t\t<!-- COUNT TEXT -->\n\t\t\t\n\t\t\t<\/div>\n                                                                                                                                    <\/div>\n                                        <a class=\"product-title\" href=\"https:\/\/bodegaoutdoor.cl\/store\/product\/gafas-de-sol-cuadradas-de-clasicas-polarizadas-para-hombre-y-mujer-lentes-de-sol-de-lujo-a-la-moda-antideslumbrantes-para-viajes-y-conduccion-tr90-uv400\/\">Gafas de sol cuadradas polarizadas, lentes de sol, para viajes y conducci\u00f3n, TR90, UV400<\/a>\n                                        <span class=\"price\">\n                                            <del aria-hidden=\"true\"><span class=\"woocommerce-Price-amount amount\"><bdi><span class=\"woocommerce-Price-currencySymbol\" translate=\"no\">$<\/span>19,990<\/bdi><\/span><\/del> <span class=\"screen-reader-text\">El precio original era: $19,990.<\/span><ins aria-hidden=\"true\"><span class=\"woocommerce-Price-amount amount\"><bdi><span class=\"woocommerce-Price-currencySymbol\" translate=\"no\">$<\/span>14,990<\/bdi><\/span><\/ins><span class=\"screen-reader-text\">El precio actual es: $14,990.<\/span>                                        <\/span>\n                                    <\/div>\n                                <\/div>\n                                                                                                                                <div class=\"xs-product-widget media \">\n                                                                            <a class=\"xs_product_img_link\" href=\"https:\/\/bodegaoutdoor.cl\/store\/product\/detalles-acerca-de-gopro-hero-7-negro-12-mega-pixeles-camara-videocamara-4k-impermeable-paquete-de-accion\/\">\n                                        <img loading=\"lazy\" decoding=\"async\" width=\"125\" height=\"125\" src=\"https:\/\/bodegaoutdoor.cl\/store\/wp-content\/uploads\/2020\/08\/10270-hc1ag7-150x150.jpg\" class=\"attachment-125x125 size-125x125\" alt=\"Camara GoPro Hero 7 Negro 12 Mega p\u00edxeles c\u00e1mara Videoc\u00e1mara 4K Impermeable\" srcset=\"https:\/\/bodegaoutdoor.cl\/store\/wp-content\/uploads\/2020\/08\/10270-hc1ag7-150x150.jpg 150w, https:\/\/bodegaoutdoor.cl\/store\/wp-content\/uploads\/2020\/08\/10270-hc1ag7-300x300.jpg 300w, https:\/\/bodegaoutdoor.cl\/store\/wp-content\/uploads\/2020\/08\/10270-hc1ag7-100x100.jpg 100w, https:\/\/bodegaoutdoor.cl\/store\/wp-content\/uploads\/2020\/08\/10270-hc1ag7.jpg 500w\" sizes=\"(max-width: 125px) 100vw, 125px\" \/>                                        <\/a>\n                                                                        <div class=\"media-body align-self-center product-widget-content\">\n                                        <div class=\"xs-product-header media woocommerce xs-wishlist \">\n                                                                                                                                        \n                                                                                                                                                \n<div\n\tclass=\"yith-wcwl-add-to-wishlist add-to-wishlist-10270 yith-wcwl-add-to-wishlist--link-style wishlist-fragment on-first-load\"\n\tdata-fragment-ref=\"10270\"\n\tdata-fragment-options=\"{&quot;base_url&quot;:&quot;&quot;,&quot;product_id&quot;:10270,&quot;parent_product_id&quot;:0,&quot;product_type&quot;:&quot;simple&quot;,&quot;is_single&quot;:false,&quot;in_default_wishlist&quot;:false,&quot;show_view&quot;:false,&quot;browse_wishlist_text&quot;:&quot;Lista Deseos&quot;,&quot;already_in_wishslist_text&quot;:&quot;The producto esta Agregado!&quot;,&quot;product_added_text&quot;:&quot;Producto Agregado!&quot;,&quot;available_multi_wishlist&quot;:false,&quot;disable_wishlist&quot;:false,&quot;show_count&quot;:false,&quot;ajax_loading&quot;:false,&quot;loop_position&quot;:&quot;after_add_to_cart&quot;,&quot;item&quot;:&quot;add_to_wishlist&quot;}\"\n>\n\t\t\t\n\t\t\t<!-- ADD TO WISHLIST -->\n\t\t\t\n<div class=\"yith-wcwl-add-button\">\n\t\t<a\n\t\thref=\"?add_to_wishlist=10270&#038;_wpnonce=98056c7fc2\"\n\t\tclass=\"add_to_wishlist single_add_to_wishlist\"\n\t\tdata-product-id=\"10270\"\n\t\tdata-product-type=\"simple\"\n\t\tdata-original-product-id=\"0\"\n\t\tdata-title=\"Lista Deseos\"\n\t\trel=\"nofollow\"\n\t>\n\t\t<svg id=\"yith-wcwl-icon-heart-outline\" class=\"yith-wcwl-icon-svg\" fill=\"none\" stroke-width=\"1.5\" stroke=\"currentColor\" viewbox=\"0 0 24 24\" xmlns=\"http:\/\/www.w3.org\/2000\/svg\">\n  <path stroke-linecap=\"round\" stroke-linejoin=\"round\" d=\"M21 8.25c0-2.485-2.099-4.5-4.688-4.5-1.935 0-3.597 1.126-4.312 2.733-.715-1.607-2.377-2.733-4.313-2.733C5.1 3.75 3 5.765 3 8.25c0 7.22 9 12 9 12s9-4.78 9-12Z\"><\/path>\n<\/svg>\t\t<span>Lista Deseos<\/span>\n\t<\/a>\n<\/div>\n\n\t\t\t<!-- COUNT TEXT -->\n\t\t\t\n\t\t\t<\/div>\n                                                                                                                                    <\/div>\n                                        <a class=\"product-title\" href=\"https:\/\/bodegaoutdoor.cl\/store\/product\/detalles-acerca-de-gopro-hero-7-negro-12-mega-pixeles-camara-videocamara-4k-impermeable-paquete-de-accion\/\">Camara GoPro Hero 7 Negro 12 Mega p\u00edxeles c\u00e1mara Videoc\u00e1mara 4K Impermeable<\/a>\n                                        <span class=\"price\">\n                                            <del aria-hidden=\"true\"><span class=\"woocommerce-Price-amount amount\"><bdi><span class=\"woocommerce-Price-currencySymbol\" translate=\"no\">$<\/span>399,990<\/bdi><\/span><\/del> <span class=\"screen-reader-text\">El precio original era: $399,990.<\/span><ins aria-hidden=\"true\"><span class=\"woocommerce-Price-amount amount\"><bdi><span class=\"woocommerce-Price-currencySymbol\" translate=\"no\">$<\/span>319,990<\/bdi><\/span><\/ins><span class=\"screen-reader-text\">El precio actual es: $319,990.<\/span>                                        <\/span>\n                                    <\/div>\n                                <\/div>\n                                                                <\/div>\n                                                                                <\/div>\n                    <div class=\"swiper-pagination\"><\/div>\n                <\/div>\n            <\/div>\n                                <div class=\"tab-pane fade \"\n                 id=\"xs-tabs-84005-3\"\n                 >\n                <div class=\"xs-tab-slider swiper\">\n                    <div class=\"swiper-wrapper\">\n                                                                                        <div class=\"xs-tab-slider-item swiper-slide\">\n                                                            <div class=\"xs-product-widget media \">\n                                                                            <a class=\"xs_product_img_link\" href=\"https:\/\/bodegaoutdoor.cl\/store\/product\/neumatico-para-enduro-120-100-18-medium-soft\/\">\n                                        <img loading=\"lazy\" decoding=\"async\" width=\"125\" height=\"125\" src=\"https:\/\/bodegaoutdoor.cl\/store\/wp-content\/uploads\/2026\/05\/WhatsApp-Image-2026-05-17-at-17.30.44-150x150.jpeg\" class=\"attachment-125x125 size-125x125\" alt=\"Neumatico para enduro 120\/100\/18 Medium soft\" srcset=\"https:\/\/bodegaoutdoor.cl\/store\/wp-content\/uploads\/2026\/05\/WhatsApp-Image-2026-05-17-at-17.30.44-150x150.jpeg 150w, https:\/\/bodegaoutdoor.cl\/store\/wp-content\/uploads\/2026\/05\/WhatsApp-Image-2026-05-17-at-17.30.44-300x300.jpeg 300w, https:\/\/bodegaoutdoor.cl\/store\/wp-content\/uploads\/2026\/05\/WhatsApp-Image-2026-05-17-at-17.30.44-100x100.jpeg 100w, https:\/\/bodegaoutdoor.cl\/store\/wp-content\/uploads\/2026\/05\/WhatsApp-Image-2026-05-17-at-17.30.44-50x50.jpeg 50w\" sizes=\"(max-width: 125px) 100vw, 125px\" \/>                                        <\/a>\n                                                                        <div class=\"media-body align-self-center product-widget-content\">\n                                        <div class=\"xs-product-header media woocommerce xs-wishlist \">\n                                                                                                                                        \n                                                                                                                                                \n<div\n\tclass=\"yith-wcwl-add-to-wishlist add-to-wishlist-89328 yith-wcwl-add-to-wishlist--link-style wishlist-fragment on-first-load\"\n\tdata-fragment-ref=\"89328\"\n\tdata-fragment-options=\"{&quot;base_url&quot;:&quot;&quot;,&quot;product_id&quot;:89328,&quot;parent_product_id&quot;:0,&quot;product_type&quot;:&quot;simple&quot;,&quot;is_single&quot;:false,&quot;in_default_wishlist&quot;:false,&quot;show_view&quot;:false,&quot;browse_wishlist_text&quot;:&quot;Lista Deseos&quot;,&quot;already_in_wishslist_text&quot;:&quot;The producto esta Agregado!&quot;,&quot;product_added_text&quot;:&quot;Producto Agregado!&quot;,&quot;available_multi_wishlist&quot;:false,&quot;disable_wishlist&quot;:false,&quot;show_count&quot;:false,&quot;ajax_loading&quot;:false,&quot;loop_position&quot;:&quot;after_add_to_cart&quot;,&quot;item&quot;:&quot;add_to_wishlist&quot;}\"\n>\n\t\t\t\n\t\t\t<!-- ADD TO WISHLIST -->\n\t\t\t\n<div class=\"yith-wcwl-add-button\">\n\t\t<a\n\t\thref=\"?add_to_wishlist=89328&#038;_wpnonce=98056c7fc2\"\n\t\tclass=\"add_to_wishlist single_add_to_wishlist\"\n\t\tdata-product-id=\"89328\"\n\t\tdata-product-type=\"simple\"\n\t\tdata-original-product-id=\"0\"\n\t\tdata-title=\"Lista Deseos\"\n\t\trel=\"nofollow\"\n\t>\n\t\t<svg id=\"yith-wcwl-icon-heart-outline\" class=\"yith-wcwl-icon-svg\" fill=\"none\" stroke-width=\"1.5\" stroke=\"currentColor\" viewbox=\"0 0 24 24\" xmlns=\"http:\/\/www.w3.org\/2000\/svg\">\n  <path stroke-linecap=\"round\" stroke-linejoin=\"round\" d=\"M21 8.25c0-2.485-2.099-4.5-4.688-4.5-1.935 0-3.597 1.126-4.312 2.733-.715-1.607-2.377-2.733-4.313-2.733C5.1 3.75 3 5.765 3 8.25c0 7.22 9 12 9 12s9-4.78 9-12Z\"><\/path>\n<\/svg>\t\t<span>Lista Deseos<\/span>\n\t<\/a>\n<\/div>\n\n\t\t\t<!-- COUNT TEXT -->\n\t\t\t\n\t\t\t<\/div>\n                                                                                                                                    <\/div>\n                                        <a class=\"product-title\" href=\"https:\/\/bodegaoutdoor.cl\/store\/product\/neumatico-para-enduro-120-100-18-medium-soft\/\">Neumatico para enduro 120\/100\/18 Medium soft<\/a>\n                                        <span class=\"price\">\n                                            <del aria-hidden=\"true\"><span class=\"woocommerce-Price-amount amount\"><bdi><span class=\"woocommerce-Price-currencySymbol\" translate=\"no\">$<\/span>99,900<\/bdi><\/span><\/del> <span class=\"screen-reader-text\">El precio original era: $99,900.<\/span><ins aria-hidden=\"true\"><span class=\"woocommerce-Price-amount amount\"><bdi><span class=\"woocommerce-Price-currencySymbol\" translate=\"no\">$<\/span>52,990<\/bdi><\/span><\/ins><span class=\"screen-reader-text\">El precio actual es: $52,990.<\/span>                                        <\/span>\n                                    <\/div>\n                                <\/div>\n                                                                                                                                <div class=\"xs-product-widget media \">\n                                                                            <a class=\"xs_product_img_link\" href=\"https:\/\/bodegaoutdoor.cl\/store\/product\/kit-de-accesorios-de-pesca-cana-regulable-hasta-2-10m\/\">\n                                        <img loading=\"lazy\" decoding=\"async\" width=\"125\" height=\"125\" src=\"https:\/\/bodegaoutdoor.cl\/store\/wp-content\/uploads\/2025\/01\/F-126__8_-150x150.jpg\" class=\"attachment-125x125 size-125x125\" alt=\"KIT DE ACCESORIOS DE PESCA CA\u00d1A regulable hasta 2.10m\" srcset=\"https:\/\/bodegaoutdoor.cl\/store\/wp-content\/uploads\/2025\/01\/F-126__8_-150x150.jpg 150w, https:\/\/bodegaoutdoor.cl\/store\/wp-content\/uploads\/2025\/01\/F-126__8_-300x300.jpg 300w, https:\/\/bodegaoutdoor.cl\/store\/wp-content\/uploads\/2025\/01\/F-126__8_-1024x1024.jpg 1024w, https:\/\/bodegaoutdoor.cl\/store\/wp-content\/uploads\/2025\/01\/F-126__8_-768x768.jpg 768w, https:\/\/bodegaoutdoor.cl\/store\/wp-content\/uploads\/2025\/01\/F-126__8_-1536x1536.jpg 1536w, https:\/\/bodegaoutdoor.cl\/store\/wp-content\/uploads\/2025\/01\/F-126__8_-2048x2048.jpg 2048w, https:\/\/bodegaoutdoor.cl\/store\/wp-content\/uploads\/2025\/01\/F-126__8_-600x600.jpg 600w, https:\/\/bodegaoutdoor.cl\/store\/wp-content\/uploads\/2025\/01\/F-126__8_-100x100.jpg 100w\" sizes=\"(max-width: 125px) 100vw, 125px\" \/>                                        <\/a>\n                                                                        <div class=\"media-body align-self-center product-widget-content\">\n                                        <div class=\"xs-product-header media woocommerce xs-wishlist \">\n                                                                                                                                        \n                                                                                                                                                \n<div\n\tclass=\"yith-wcwl-add-to-wishlist add-to-wishlist-86335 yith-wcwl-add-to-wishlist--link-style wishlist-fragment on-first-load\"\n\tdata-fragment-ref=\"86335\"\n\tdata-fragment-options=\"{&quot;base_url&quot;:&quot;&quot;,&quot;product_id&quot;:86335,&quot;parent_product_id&quot;:0,&quot;product_type&quot;:&quot;simple&quot;,&quot;is_single&quot;:false,&quot;in_default_wishlist&quot;:false,&quot;show_view&quot;:false,&quot;browse_wishlist_text&quot;:&quot;Lista Deseos&quot;,&quot;already_in_wishslist_text&quot;:&quot;The producto esta Agregado!&quot;,&quot;product_added_text&quot;:&quot;Producto Agregado!&quot;,&quot;available_multi_wishlist&quot;:false,&quot;disable_wishlist&quot;:false,&quot;show_count&quot;:false,&quot;ajax_loading&quot;:false,&quot;loop_position&quot;:&quot;after_add_to_cart&quot;,&quot;item&quot;:&quot;add_to_wishlist&quot;}\"\n>\n\t\t\t\n\t\t\t<!-- ADD TO WISHLIST -->\n\t\t\t\n<div class=\"yith-wcwl-add-button\">\n\t\t<a\n\t\thref=\"?add_to_wishlist=86335&#038;_wpnonce=98056c7fc2\"\n\t\tclass=\"add_to_wishlist single_add_to_wishlist\"\n\t\tdata-product-id=\"86335\"\n\t\tdata-product-type=\"simple\"\n\t\tdata-original-product-id=\"0\"\n\t\tdata-title=\"Lista Deseos\"\n\t\trel=\"nofollow\"\n\t>\n\t\t<svg id=\"yith-wcwl-icon-heart-outline\" class=\"yith-wcwl-icon-svg\" fill=\"none\" stroke-width=\"1.5\" stroke=\"currentColor\" viewbox=\"0 0 24 24\" xmlns=\"http:\/\/www.w3.org\/2000\/svg\">\n  <path stroke-linecap=\"round\" stroke-linejoin=\"round\" d=\"M21 8.25c0-2.485-2.099-4.5-4.688-4.5-1.935 0-3.597 1.126-4.312 2.733-.715-1.607-2.377-2.733-4.313-2.733C5.1 3.75 3 5.765 3 8.25c0 7.22 9 12 9 12s9-4.78 9-12Z\"><\/path>\n<\/svg>\t\t<span>Lista Deseos<\/span>\n\t<\/a>\n<\/div>\n\n\t\t\t<!-- COUNT TEXT -->\n\t\t\t\n\t\t\t<\/div>\n                                                                                                                                    <\/div>\n                                        <a class=\"product-title\" href=\"https:\/\/bodegaoutdoor.cl\/store\/product\/kit-de-accesorios-de-pesca-cana-regulable-hasta-2-10m\/\">KIT DE ACCESORIOS DE PESCA CA\u00d1A regulable hasta 2.10m<\/a>\n                                        <span class=\"price\">\n                                            <del aria-hidden=\"true\"><span class=\"woocommerce-Price-amount amount\"><bdi><span class=\"woocommerce-Price-currencySymbol\" translate=\"no\">$<\/span>35,000<\/bdi><\/span><\/del> <span class=\"screen-reader-text\">El precio original era: $35,000.<\/span><ins aria-hidden=\"true\"><span class=\"woocommerce-Price-amount amount\"><bdi><span class=\"woocommerce-Price-currencySymbol\" translate=\"no\">$<\/span>24,990<\/bdi><\/span><\/ins><span class=\"screen-reader-text\">El precio actual es: $24,990.<\/span>                                        <\/span>\n                                    <\/div>\n                                <\/div>\n                                                                                                                                <div class=\"xs-product-widget media \">\n                                                                            <a class=\"xs_product_img_link\" href=\"https:\/\/bodegaoutdoor.cl\/store\/product\/carpa-techo-camping-3x3-metros\/\">\n                                        <img loading=\"lazy\" decoding=\"async\" width=\"125\" height=\"125\" src=\"https:\/\/bodegaoutdoor.cl\/store\/wp-content\/uploads\/2024\/12\/TECHO-3X3-150x150.jpeg\" class=\"attachment-125x125 size-125x125\" alt=\"Carpa Techo Camping 3&#215;3 metros\" srcset=\"https:\/\/bodegaoutdoor.cl\/store\/wp-content\/uploads\/2024\/12\/TECHO-3X3-150x150.jpeg 150w, https:\/\/bodegaoutdoor.cl\/store\/wp-content\/uploads\/2024\/12\/TECHO-3X3-300x300.jpeg 300w, https:\/\/bodegaoutdoor.cl\/store\/wp-content\/uploads\/2024\/12\/TECHO-3X3-768x768.jpeg 768w, https:\/\/bodegaoutdoor.cl\/store\/wp-content\/uploads\/2024\/12\/TECHO-3X3-600x600.jpeg 600w, https:\/\/bodegaoutdoor.cl\/store\/wp-content\/uploads\/2024\/12\/TECHO-3X3-100x100.jpeg 100w, https:\/\/bodegaoutdoor.cl\/store\/wp-content\/uploads\/2024\/12\/TECHO-3X3.jpeg 800w\" sizes=\"(max-width: 125px) 100vw, 125px\" \/>                                        <\/a>\n                                                                        <div class=\"media-body align-self-center product-widget-content\">\n                                        <div class=\"xs-product-header media woocommerce xs-wishlist \">\n                                                                                                                                        \n                                                                                                                                                \n<div\n\tclass=\"yith-wcwl-add-to-wishlist add-to-wishlist-86233 yith-wcwl-add-to-wishlist--link-style wishlist-fragment on-first-load\"\n\tdata-fragment-ref=\"86233\"\n\tdata-fragment-options=\"{&quot;base_url&quot;:&quot;&quot;,&quot;product_id&quot;:86233,&quot;parent_product_id&quot;:0,&quot;product_type&quot;:&quot;simple&quot;,&quot;is_single&quot;:false,&quot;in_default_wishlist&quot;:false,&quot;show_view&quot;:false,&quot;browse_wishlist_text&quot;:&quot;Lista Deseos&quot;,&quot;already_in_wishslist_text&quot;:&quot;The producto esta Agregado!&quot;,&quot;product_added_text&quot;:&quot;Producto Agregado!&quot;,&quot;available_multi_wishlist&quot;:false,&quot;disable_wishlist&quot;:false,&quot;show_count&quot;:false,&quot;ajax_loading&quot;:false,&quot;loop_position&quot;:&quot;after_add_to_cart&quot;,&quot;item&quot;:&quot;add_to_wishlist&quot;}\"\n>\n\t\t\t\n\t\t\t<!-- ADD TO WISHLIST -->\n\t\t\t\n<div class=\"yith-wcwl-add-button\">\n\t\t<a\n\t\thref=\"?add_to_wishlist=86233&#038;_wpnonce=98056c7fc2\"\n\t\tclass=\"add_to_wishlist single_add_to_wishlist\"\n\t\tdata-product-id=\"86233\"\n\t\tdata-product-type=\"simple\"\n\t\tdata-original-product-id=\"0\"\n\t\tdata-title=\"Lista Deseos\"\n\t\trel=\"nofollow\"\n\t>\n\t\t<svg id=\"yith-wcwl-icon-heart-outline\" class=\"yith-wcwl-icon-svg\" fill=\"none\" stroke-width=\"1.5\" stroke=\"currentColor\" viewbox=\"0 0 24 24\" xmlns=\"http:\/\/www.w3.org\/2000\/svg\">\n  <path stroke-linecap=\"round\" stroke-linejoin=\"round\" d=\"M21 8.25c0-2.485-2.099-4.5-4.688-4.5-1.935 0-3.597 1.126-4.312 2.733-.715-1.607-2.377-2.733-4.313-2.733C5.1 3.75 3 5.765 3 8.25c0 7.22 9 12 9 12s9-4.78 9-12Z\"><\/path>\n<\/svg>\t\t<span>Lista Deseos<\/span>\n\t<\/a>\n<\/div>\n\n\t\t\t<!-- COUNT TEXT -->\n\t\t\t\n\t\t\t<\/div>\n                                                                                                                                    <\/div>\n                                        <a class=\"product-title\" href=\"https:\/\/bodegaoutdoor.cl\/store\/product\/carpa-techo-camping-3x3-metros\/\">Carpa Techo Camping 3&#215;3 metros<\/a>\n                                        <span class=\"price\">\n                                            <del aria-hidden=\"true\"><span class=\"woocommerce-Price-amount amount\"><bdi><span class=\"woocommerce-Price-currencySymbol\" translate=\"no\">$<\/span>100,000<\/bdi><\/span><\/del> <span class=\"screen-reader-text\">El precio original era: $100,000.<\/span><ins aria-hidden=\"true\"><span class=\"woocommerce-Price-amount amount\"><bdi><span class=\"woocommerce-Price-currencySymbol\" translate=\"no\">$<\/span>49,990<\/bdi><\/span><\/ins><span class=\"screen-reader-text\">El precio actual es: $49,990.<\/span>                                        <\/span>\n                                    <\/div>\n                                <\/div>\n                                                                <\/div>\n                                                                                                                            <div class=\"xs-tab-slider-item swiper-slide\">\n                                                            <div class=\"xs-product-widget media \">\n                                                                            <a class=\"xs_product_img_link\" href=\"https:\/\/bodegaoutdoor.cl\/store\/product\/gorro-police\/\">\n                                        <img loading=\"lazy\" decoding=\"async\" width=\"125\" height=\"125\" src=\"https:\/\/bodegaoutdoor.cl\/store\/wp-content\/uploads\/2024\/12\/WhatsApp-Image-2024-05-16-at-9.44.56-AM-150x150.jpeg\" class=\"attachment-125x125 size-125x125\" alt=\"GORRO JOCKEY POLICE\" srcset=\"https:\/\/bodegaoutdoor.cl\/store\/wp-content\/uploads\/2024\/12\/WhatsApp-Image-2024-05-16-at-9.44.56-AM-150x150.jpeg 150w, https:\/\/bodegaoutdoor.cl\/store\/wp-content\/uploads\/2024\/12\/WhatsApp-Image-2024-05-16-at-9.44.56-AM-300x300.jpeg 300w, https:\/\/bodegaoutdoor.cl\/store\/wp-content\/uploads\/2024\/12\/WhatsApp-Image-2024-05-16-at-9.44.56-AM-100x100.jpeg 100w\" sizes=\"(max-width: 125px) 100vw, 125px\" \/>                                        <\/a>\n                                                                        <div class=\"media-body align-self-center product-widget-content\">\n                                        <div class=\"xs-product-header media woocommerce xs-wishlist \">\n                                                                                                                                        \n                                                                                                                                                \n<div\n\tclass=\"yith-wcwl-add-to-wishlist add-to-wishlist-86229 yith-wcwl-add-to-wishlist--link-style wishlist-fragment on-first-load\"\n\tdata-fragment-ref=\"86229\"\n\tdata-fragment-options=\"{&quot;base_url&quot;:&quot;&quot;,&quot;product_id&quot;:86229,&quot;parent_product_id&quot;:0,&quot;product_type&quot;:&quot;simple&quot;,&quot;is_single&quot;:false,&quot;in_default_wishlist&quot;:false,&quot;show_view&quot;:false,&quot;browse_wishlist_text&quot;:&quot;Lista Deseos&quot;,&quot;already_in_wishslist_text&quot;:&quot;The producto esta Agregado!&quot;,&quot;product_added_text&quot;:&quot;Producto Agregado!&quot;,&quot;available_multi_wishlist&quot;:false,&quot;disable_wishlist&quot;:false,&quot;show_count&quot;:false,&quot;ajax_loading&quot;:false,&quot;loop_position&quot;:&quot;after_add_to_cart&quot;,&quot;item&quot;:&quot;add_to_wishlist&quot;}\"\n>\n\t\t\t\n\t\t\t<!-- ADD TO WISHLIST -->\n\t\t\t\n<div class=\"yith-wcwl-add-button\">\n\t\t<a\n\t\thref=\"?add_to_wishlist=86229&#038;_wpnonce=98056c7fc2\"\n\t\tclass=\"add_to_wishlist single_add_to_wishlist\"\n\t\tdata-product-id=\"86229\"\n\t\tdata-product-type=\"simple\"\n\t\tdata-original-product-id=\"0\"\n\t\tdata-title=\"Lista Deseos\"\n\t\trel=\"nofollow\"\n\t>\n\t\t<svg id=\"yith-wcwl-icon-heart-outline\" class=\"yith-wcwl-icon-svg\" fill=\"none\" stroke-width=\"1.5\" stroke=\"currentColor\" viewbox=\"0 0 24 24\" xmlns=\"http:\/\/www.w3.org\/2000\/svg\">\n  <path stroke-linecap=\"round\" stroke-linejoin=\"round\" d=\"M21 8.25c0-2.485-2.099-4.5-4.688-4.5-1.935 0-3.597 1.126-4.312 2.733-.715-1.607-2.377-2.733-4.313-2.733C5.1 3.75 3 5.765 3 8.25c0 7.22 9 12 9 12s9-4.78 9-12Z\"><\/path>\n<\/svg>\t\t<span>Lista Deseos<\/span>\n\t<\/a>\n<\/div>\n\n\t\t\t<!-- COUNT TEXT -->\n\t\t\t\n\t\t\t<\/div>\n                                                                                                                                    <\/div>\n                                        <a class=\"product-title\" href=\"https:\/\/bodegaoutdoor.cl\/store\/product\/gorro-police\/\">GORRO JOCKEY POLICE<\/a>\n                                        <span class=\"price\">\n                                            <del aria-hidden=\"true\"><span class=\"woocommerce-Price-amount amount\"><bdi><span class=\"woocommerce-Price-currencySymbol\" translate=\"no\">$<\/span>15,000<\/bdi><\/span><\/del> <span class=\"screen-reader-text\">El precio original era: $15,000.<\/span><ins aria-hidden=\"true\"><span class=\"woocommerce-Price-amount amount\"><bdi><span class=\"woocommerce-Price-currencySymbol\" translate=\"no\">$<\/span>9,990<\/bdi><\/span><\/ins><span class=\"screen-reader-text\">El precio actual es: $9,990.<\/span>                                        <\/span>\n                                    <\/div>\n                                <\/div>\n                                                                                                                                <div class=\"xs-product-widget media \">\n                                                                            <a class=\"xs_product_img_link\" href=\"https:\/\/bodegaoutdoor.cl\/store\/product\/telescopio-comet-501-10-30x50\/\">\n                                        <img loading=\"lazy\" decoding=\"async\" width=\"125\" height=\"125\" src=\"https:\/\/bodegaoutdoor.cl\/store\/wp-content\/uploads\/2024\/12\/103050-600x600.jpeg-150x150.webp\" class=\"attachment-125x125 size-125x125\" alt=\"TELESCOPIO comet 501 10-30X50\" srcset=\"https:\/\/bodegaoutdoor.cl\/store\/wp-content\/uploads\/2024\/12\/103050-600x600.jpeg-150x150.webp 150w, https:\/\/bodegaoutdoor.cl\/store\/wp-content\/uploads\/2024\/12\/103050-600x600.jpeg-300x300.webp 300w, https:\/\/bodegaoutdoor.cl\/store\/wp-content\/uploads\/2024\/12\/103050-600x600.jpeg-100x100.webp 100w, https:\/\/bodegaoutdoor.cl\/store\/wp-content\/uploads\/2024\/12\/103050-600x600.jpeg.webp 600w\" sizes=\"(max-width: 125px) 100vw, 125px\" \/>                                        <\/a>\n                                                                        <div class=\"media-body align-self-center product-widget-content\">\n                                        <div class=\"xs-product-header media woocommerce xs-wishlist \">\n                                                                                                                                        \n                                                                                                                                                \n<div\n\tclass=\"yith-wcwl-add-to-wishlist add-to-wishlist-86224 yith-wcwl-add-to-wishlist--link-style wishlist-fragment on-first-load\"\n\tdata-fragment-ref=\"86224\"\n\tdata-fragment-options=\"{&quot;base_url&quot;:&quot;&quot;,&quot;product_id&quot;:86224,&quot;parent_product_id&quot;:0,&quot;product_type&quot;:&quot;simple&quot;,&quot;is_single&quot;:false,&quot;in_default_wishlist&quot;:false,&quot;show_view&quot;:false,&quot;browse_wishlist_text&quot;:&quot;Lista Deseos&quot;,&quot;already_in_wishslist_text&quot;:&quot;The producto esta Agregado!&quot;,&quot;product_added_text&quot;:&quot;Producto Agregado!&quot;,&quot;available_multi_wishlist&quot;:false,&quot;disable_wishlist&quot;:false,&quot;show_count&quot;:false,&quot;ajax_loading&quot;:false,&quot;loop_position&quot;:&quot;after_add_to_cart&quot;,&quot;item&quot;:&quot;add_to_wishlist&quot;}\"\n>\n\t\t\t\n\t\t\t<!-- ADD TO WISHLIST -->\n\t\t\t\n<div class=\"yith-wcwl-add-button\">\n\t\t<a\n\t\thref=\"?add_to_wishlist=86224&#038;_wpnonce=98056c7fc2\"\n\t\tclass=\"add_to_wishlist single_add_to_wishlist\"\n\t\tdata-product-id=\"86224\"\n\t\tdata-product-type=\"simple\"\n\t\tdata-original-product-id=\"0\"\n\t\tdata-title=\"Lista Deseos\"\n\t\trel=\"nofollow\"\n\t>\n\t\t<svg id=\"yith-wcwl-icon-heart-outline\" class=\"yith-wcwl-icon-svg\" fill=\"none\" stroke-width=\"1.5\" stroke=\"currentColor\" viewbox=\"0 0 24 24\" xmlns=\"http:\/\/www.w3.org\/2000\/svg\">\n  <path stroke-linecap=\"round\" stroke-linejoin=\"round\" d=\"M21 8.25c0-2.485-2.099-4.5-4.688-4.5-1.935 0-3.597 1.126-4.312 2.733-.715-1.607-2.377-2.733-4.313-2.733C5.1 3.75 3 5.765 3 8.25c0 7.22 9 12 9 12s9-4.78 9-12Z\"><\/path>\n<\/svg>\t\t<span>Lista Deseos<\/span>\n\t<\/a>\n<\/div>\n\n\t\t\t<!-- COUNT TEXT -->\n\t\t\t\n\t\t\t<\/div>\n                                                                                                                                    <\/div>\n                                        <a class=\"product-title\" href=\"https:\/\/bodegaoutdoor.cl\/store\/product\/telescopio-comet-501-10-30x50\/\">TELESCOPIO comet 501 10-30X50<\/a>\n                                        <span class=\"price\">\n                                            <del aria-hidden=\"true\"><span class=\"woocommerce-Price-amount amount\"><bdi><span class=\"woocommerce-Price-currencySymbol\" translate=\"no\">$<\/span>150,000<\/bdi><\/span><\/del> <span class=\"screen-reader-text\">El precio original era: $150,000.<\/span><ins aria-hidden=\"true\"><span class=\"woocommerce-Price-amount amount\"><bdi><span class=\"woocommerce-Price-currencySymbol\" translate=\"no\">$<\/span>99,990<\/bdi><\/span><\/ins><span class=\"screen-reader-text\">El precio actual es: $99,990.<\/span>                                        <\/span>\n                                    <\/div>\n                                <\/div>\n                                                                                                                                <div class=\"xs-product-widget media \">\n                                                                            <a class=\"xs_product_img_link\" href=\"https:\/\/bodegaoutdoor.cl\/store\/product\/hacha-de-supervivencia-multifuncion-tactica-martillo-outdoor-mango-de-plasticorescate\/\">\n                                        <img loading=\"lazy\" decoding=\"async\" width=\"125\" height=\"125\" src=\"https:\/\/bodegaoutdoor.cl\/store\/wp-content\/uploads\/2024\/12\/hacha-bodega-outdoor-survivor-1-150x150.jpeg\" class=\"attachment-125x125 size-125x125\" alt=\"Hacha de supervivencia, multifunci\u00f3n t\u00e1ctica, martillo, outdoor, mango de pl\u00e1stico,rescate\" srcset=\"https:\/\/bodegaoutdoor.cl\/store\/wp-content\/uploads\/2024\/12\/hacha-bodega-outdoor-survivor-1-150x150.jpeg 150w, https:\/\/bodegaoutdoor.cl\/store\/wp-content\/uploads\/2024\/12\/hacha-bodega-outdoor-survivor-1-300x300.jpeg 300w, https:\/\/bodegaoutdoor.cl\/store\/wp-content\/uploads\/2024\/12\/hacha-bodega-outdoor-survivor-1-768x768.jpeg 768w, https:\/\/bodegaoutdoor.cl\/store\/wp-content\/uploads\/2024\/12\/hacha-bodega-outdoor-survivor-1-600x600.jpeg 600w, https:\/\/bodegaoutdoor.cl\/store\/wp-content\/uploads\/2024\/12\/hacha-bodega-outdoor-survivor-1-100x100.jpeg 100w, https:\/\/bodegaoutdoor.cl\/store\/wp-content\/uploads\/2024\/12\/hacha-bodega-outdoor-survivor-1.jpeg 1024w\" sizes=\"(max-width: 125px) 100vw, 125px\" \/>                                        <\/a>\n                                                                        <div class=\"media-body align-self-center product-widget-content\">\n                                        <div class=\"xs-product-header media woocommerce xs-wishlist \">\n                                                                                                                                        \n                                                                                                                                                \n<div\n\tclass=\"yith-wcwl-add-to-wishlist add-to-wishlist-86069 yith-wcwl-add-to-wishlist--link-style wishlist-fragment on-first-load\"\n\tdata-fragment-ref=\"86069\"\n\tdata-fragment-options=\"{&quot;base_url&quot;:&quot;&quot;,&quot;product_id&quot;:86069,&quot;parent_product_id&quot;:0,&quot;product_type&quot;:&quot;simple&quot;,&quot;is_single&quot;:false,&quot;in_default_wishlist&quot;:false,&quot;show_view&quot;:false,&quot;browse_wishlist_text&quot;:&quot;Lista Deseos&quot;,&quot;already_in_wishslist_text&quot;:&quot;The producto esta Agregado!&quot;,&quot;product_added_text&quot;:&quot;Producto Agregado!&quot;,&quot;available_multi_wishlist&quot;:false,&quot;disable_wishlist&quot;:false,&quot;show_count&quot;:false,&quot;ajax_loading&quot;:false,&quot;loop_position&quot;:&quot;after_add_to_cart&quot;,&quot;item&quot;:&quot;add_to_wishlist&quot;}\"\n>\n\t\t\t\n\t\t\t<!-- ADD TO WISHLIST -->\n\t\t\t\n<div class=\"yith-wcwl-add-button\">\n\t\t<a\n\t\thref=\"?add_to_wishlist=86069&#038;_wpnonce=98056c7fc2\"\n\t\tclass=\"add_to_wishlist single_add_to_wishlist\"\n\t\tdata-product-id=\"86069\"\n\t\tdata-product-type=\"simple\"\n\t\tdata-original-product-id=\"0\"\n\t\tdata-title=\"Lista Deseos\"\n\t\trel=\"nofollow\"\n\t>\n\t\t<svg id=\"yith-wcwl-icon-heart-outline\" class=\"yith-wcwl-icon-svg\" fill=\"none\" stroke-width=\"1.5\" stroke=\"currentColor\" viewbox=\"0 0 24 24\" xmlns=\"http:\/\/www.w3.org\/2000\/svg\">\n  <path stroke-linecap=\"round\" stroke-linejoin=\"round\" d=\"M21 8.25c0-2.485-2.099-4.5-4.688-4.5-1.935 0-3.597 1.126-4.312 2.733-.715-1.607-2.377-2.733-4.313-2.733C5.1 3.75 3 5.765 3 8.25c0 7.22 9 12 9 12s9-4.78 9-12Z\"><\/path>\n<\/svg>\t\t<span>Lista Deseos<\/span>\n\t<\/a>\n<\/div>\n\n\t\t\t<!-- COUNT TEXT -->\n\t\t\t\n\t\t\t<\/div>\n                                                                                                                                    <\/div>\n                                        <a class=\"product-title\" href=\"https:\/\/bodegaoutdoor.cl\/store\/product\/hacha-de-supervivencia-multifuncion-tactica-martillo-outdoor-mango-de-plasticorescate\/\">Hacha de supervivencia, multifunci\u00f3n t\u00e1ctica, martillo, outdoor, mango de pl\u00e1stico,rescate<\/a>\n                                        <span class=\"price\">\n                                            <del aria-hidden=\"true\"><span class=\"woocommerce-Price-amount amount\"><bdi><span class=\"woocommerce-Price-currencySymbol\" translate=\"no\">$<\/span>60,000<\/bdi><\/span><\/del> <span class=\"screen-reader-text\">El precio original era: $60,000.<\/span><ins aria-hidden=\"true\"><span class=\"woocommerce-Price-amount amount\"><bdi><span class=\"woocommerce-Price-currencySymbol\" translate=\"no\">$<\/span>29,990<\/bdi><\/span><\/ins><span class=\"screen-reader-text\">El precio actual es: $29,990.<\/span>                                        <\/span>\n                                    <\/div>\n                                <\/div>\n                                                                <\/div>\n                                                                                                                            <div class=\"xs-tab-slider-item swiper-slide\">\n                                                            <div class=\"xs-product-widget media \">\n                                                                            <a class=\"xs_product_img_link\" href=\"https:\/\/bodegaoutdoor.cl\/store\/product\/termo-1-litro-1000ml-de-doble-pared-al-vacio-liviano\/\">\n                                        <img loading=\"lazy\" decoding=\"async\" width=\"125\" height=\"125\" src=\"https:\/\/bodegaoutdoor.cl\/store\/wp-content\/uploads\/2024\/11\/Sin-titulo-150x150.png\" class=\"attachment-125x125 size-125x125\" alt=\"Termo 1 Litro \/ 1000ml, de doble pared al vac\u00edo Liviano\" srcset=\"https:\/\/bodegaoutdoor.cl\/store\/wp-content\/uploads\/2024\/11\/Sin-titulo-150x150.png 150w, https:\/\/bodegaoutdoor.cl\/store\/wp-content\/uploads\/2024\/11\/Sin-titulo-300x300.png 300w, https:\/\/bodegaoutdoor.cl\/store\/wp-content\/uploads\/2024\/11\/Sin-titulo-100x100.png 100w, https:\/\/bodegaoutdoor.cl\/store\/wp-content\/uploads\/2024\/11\/Sin-titulo-50x50.png 50w\" sizes=\"(max-width: 125px) 100vw, 125px\" \/>                                        <\/a>\n                                                                        <div class=\"media-body align-self-center product-widget-content\">\n                                        <div class=\"xs-product-header media woocommerce xs-wishlist \">\n                                                                                                                                        \n                                                                                                                                                \n<div\n\tclass=\"yith-wcwl-add-to-wishlist add-to-wishlist-85863 yith-wcwl-add-to-wishlist--link-style wishlist-fragment on-first-load\"\n\tdata-fragment-ref=\"85863\"\n\tdata-fragment-options=\"{&quot;base_url&quot;:&quot;&quot;,&quot;product_id&quot;:85863,&quot;parent_product_id&quot;:0,&quot;product_type&quot;:&quot;simple&quot;,&quot;is_single&quot;:false,&quot;in_default_wishlist&quot;:false,&quot;show_view&quot;:false,&quot;browse_wishlist_text&quot;:&quot;Lista Deseos&quot;,&quot;already_in_wishslist_text&quot;:&quot;The producto esta Agregado!&quot;,&quot;product_added_text&quot;:&quot;Producto Agregado!&quot;,&quot;available_multi_wishlist&quot;:false,&quot;disable_wishlist&quot;:false,&quot;show_count&quot;:false,&quot;ajax_loading&quot;:false,&quot;loop_position&quot;:&quot;after_add_to_cart&quot;,&quot;item&quot;:&quot;add_to_wishlist&quot;}\"\n>\n\t\t\t\n\t\t\t<!-- ADD TO WISHLIST -->\n\t\t\t\n<div class=\"yith-wcwl-add-button\">\n\t\t<a\n\t\thref=\"?add_to_wishlist=85863&#038;_wpnonce=98056c7fc2\"\n\t\tclass=\"add_to_wishlist single_add_to_wishlist\"\n\t\tdata-product-id=\"85863\"\n\t\tdata-product-type=\"simple\"\n\t\tdata-original-product-id=\"0\"\n\t\tdata-title=\"Lista Deseos\"\n\t\trel=\"nofollow\"\n\t>\n\t\t<svg id=\"yith-wcwl-icon-heart-outline\" class=\"yith-wcwl-icon-svg\" fill=\"none\" stroke-width=\"1.5\" stroke=\"currentColor\" viewbox=\"0 0 24 24\" xmlns=\"http:\/\/www.w3.org\/2000\/svg\">\n  <path stroke-linecap=\"round\" stroke-linejoin=\"round\" d=\"M21 8.25c0-2.485-2.099-4.5-4.688-4.5-1.935 0-3.597 1.126-4.312 2.733-.715-1.607-2.377-2.733-4.313-2.733C5.1 3.75 3 5.765 3 8.25c0 7.22 9 12 9 12s9-4.78 9-12Z\"><\/path>\n<\/svg>\t\t<span>Lista Deseos<\/span>\n\t<\/a>\n<\/div>\n\n\t\t\t<!-- COUNT TEXT -->\n\t\t\t\n\t\t\t<\/div>\n                                                                                                                                    <\/div>\n                                        <a class=\"product-title\" href=\"https:\/\/bodegaoutdoor.cl\/store\/product\/termo-1-litro-1000ml-de-doble-pared-al-vacio-liviano\/\">Termo 1 Litro \/ 1000ml, de doble pared al vac\u00edo Liviano<\/a>\n                                        <span class=\"price\">\n                                            <del aria-hidden=\"true\"><span class=\"woocommerce-Price-amount amount\"><bdi><span class=\"woocommerce-Price-currencySymbol\" translate=\"no\">$<\/span>19,990<\/bdi><\/span><\/del> <span class=\"screen-reader-text\">El precio original era: $19,990.<\/span><ins aria-hidden=\"true\"><span class=\"woocommerce-Price-amount amount\"><bdi><span class=\"woocommerce-Price-currencySymbol\" translate=\"no\">$<\/span>9,990<\/bdi><\/span><\/ins><span class=\"screen-reader-text\">El precio actual es: $9,990.<\/span>                                        <\/span>\n                                    <\/div>\n                                <\/div>\n                                                                                                                                <div class=\"xs-product-widget media \">\n                                                                            <a class=\"xs_product_img_link\" href=\"https:\/\/bodegaoutdoor.cl\/store\/product\/chaqueta-tactica-de-polar-con-capucha\/\">\n                                        <img loading=\"lazy\" decoding=\"async\" width=\"125\" height=\"125\" src=\"https:\/\/bodegaoutdoor.cl\/store\/wp-content\/uploads\/2024\/07\/polar-tactico-2-150x150.png\" class=\"attachment-125x125 size-125x125\" alt=\"Chaqueta Tactica De Polar Con Capucha\" srcset=\"https:\/\/bodegaoutdoor.cl\/store\/wp-content\/uploads\/2024\/07\/polar-tactico-2-150x150.png 150w, https:\/\/bodegaoutdoor.cl\/store\/wp-content\/uploads\/2024\/07\/polar-tactico-2-300x300.png 300w, https:\/\/bodegaoutdoor.cl\/store\/wp-content\/uploads\/2024\/07\/polar-tactico-2-100x100.png 100w, https:\/\/bodegaoutdoor.cl\/store\/wp-content\/uploads\/2024\/07\/polar-tactico-2-50x50.png 50w\" sizes=\"(max-width: 125px) 100vw, 125px\" \/>                                        <\/a>\n                                                                        <div class=\"media-body align-self-center product-widget-content\">\n                                        <div class=\"xs-product-header media woocommerce xs-wishlist \">\n                                                                                                                                        \n                                                                                                                                                \n<div\n\tclass=\"yith-wcwl-add-to-wishlist add-to-wishlist-85121 yith-wcwl-add-to-wishlist--link-style wishlist-fragment on-first-load\"\n\tdata-fragment-ref=\"85121\"\n\tdata-fragment-options=\"{&quot;base_url&quot;:&quot;&quot;,&quot;product_id&quot;:85121,&quot;parent_product_id&quot;:0,&quot;product_type&quot;:&quot;variable&quot;,&quot;is_single&quot;:false,&quot;in_default_wishlist&quot;:false,&quot;show_view&quot;:false,&quot;browse_wishlist_text&quot;:&quot;Lista Deseos&quot;,&quot;already_in_wishslist_text&quot;:&quot;The producto esta Agregado!&quot;,&quot;product_added_text&quot;:&quot;Producto Agregado!&quot;,&quot;available_multi_wishlist&quot;:false,&quot;disable_wishlist&quot;:false,&quot;show_count&quot;:false,&quot;ajax_loading&quot;:false,&quot;loop_position&quot;:&quot;after_add_to_cart&quot;,&quot;item&quot;:&quot;add_to_wishlist&quot;}\"\n>\n\t\t\t\n\t\t\t<!-- ADD TO WISHLIST -->\n\t\t\t\n<div class=\"yith-wcwl-add-button\">\n\t\t<a\n\t\thref=\"?add_to_wishlist=85121&#038;_wpnonce=98056c7fc2\"\n\t\tclass=\"add_to_wishlist single_add_to_wishlist\"\n\t\tdata-product-id=\"85121\"\n\t\tdata-product-type=\"variable\"\n\t\tdata-original-product-id=\"0\"\n\t\tdata-title=\"Lista Deseos\"\n\t\trel=\"nofollow\"\n\t>\n\t\t<svg id=\"yith-wcwl-icon-heart-outline\" class=\"yith-wcwl-icon-svg\" fill=\"none\" stroke-width=\"1.5\" stroke=\"currentColor\" viewbox=\"0 0 24 24\" xmlns=\"http:\/\/www.w3.org\/2000\/svg\">\n  <path stroke-linecap=\"round\" stroke-linejoin=\"round\" d=\"M21 8.25c0-2.485-2.099-4.5-4.688-4.5-1.935 0-3.597 1.126-4.312 2.733-.715-1.607-2.377-2.733-4.313-2.733C5.1 3.75 3 5.765 3 8.25c0 7.22 9 12 9 12s9-4.78 9-12Z\"><\/path>\n<\/svg>\t\t<span>Lista Deseos<\/span>\n\t<\/a>\n<\/div>\n\n\t\t\t<!-- COUNT TEXT -->\n\t\t\t\n\t\t\t<\/div>\n                                                                                                                                    <\/div>\n                                        <a class=\"product-title\" href=\"https:\/\/bodegaoutdoor.cl\/store\/product\/chaqueta-tactica-de-polar-con-capucha\/\">Chaqueta Tactica De Polar Con Capucha<\/a>\n                                        <span class=\"price\">\n                                            <del aria-hidden=\"true\"><span class=\"woocommerce-Price-amount amount\"><bdi><span class=\"woocommerce-Price-currencySymbol\" translate=\"no\">$<\/span>99,990<\/bdi><\/span><\/del> <span class=\"screen-reader-text\">El precio original era: $99,990.<\/span><ins aria-hidden=\"true\"><span class=\"woocommerce-Price-amount amount\"><bdi><span class=\"woocommerce-Price-currencySymbol\" translate=\"no\">$<\/span>59,990<\/bdi><\/span><\/ins><span class=\"screen-reader-text\">El precio actual es: $59,990.<\/span>                                        <\/span>\n                                    <\/div>\n                                <\/div>\n                                                                                                                                <div class=\"xs-product-widget media \">\n                                                                            <a class=\"xs_product_img_link\" href=\"https:\/\/bodegaoutdoor.cl\/store\/product\/poston-800-balines-metalicos-bbs-calibre-4-5mm-para-pistola\/\">\n                                        <img loading=\"lazy\" decoding=\"async\" width=\"125\" height=\"125\" src=\"https:\/\/bodegaoutdoor.cl\/store\/wp-content\/uploads\/2024\/03\/39ba0a91-2955-48c8-865f-e91e06e6403a-150x150.jpg\" class=\"attachment-125x125 size-125x125\" alt=\"Poston 800 Balines Metalicos Bbs Calibre 4.5mm Para Pistola\" srcset=\"https:\/\/bodegaoutdoor.cl\/store\/wp-content\/uploads\/2024\/03\/39ba0a91-2955-48c8-865f-e91e06e6403a-150x150.jpg 150w, https:\/\/bodegaoutdoor.cl\/store\/wp-content\/uploads\/2024\/03\/39ba0a91-2955-48c8-865f-e91e06e6403a-300x300.jpg 300w, https:\/\/bodegaoutdoor.cl\/store\/wp-content\/uploads\/2024\/03\/39ba0a91-2955-48c8-865f-e91e06e6403a-100x100.jpg 100w, https:\/\/bodegaoutdoor.cl\/store\/wp-content\/uploads\/2024\/03\/39ba0a91-2955-48c8-865f-e91e06e6403a-50x50.jpg 50w\" sizes=\"(max-width: 125px) 100vw, 125px\" \/>                                        <\/a>\n                                                                        <div class=\"media-body align-self-center product-widget-content\">\n                                        <div class=\"xs-product-header media woocommerce xs-wishlist \">\n                                                                                                                                        \n                                                                                                                                                \n<div\n\tclass=\"yith-wcwl-add-to-wishlist add-to-wishlist-82479 yith-wcwl-add-to-wishlist--link-style wishlist-fragment on-first-load\"\n\tdata-fragment-ref=\"82479\"\n\tdata-fragment-options=\"{&quot;base_url&quot;:&quot;&quot;,&quot;product_id&quot;:82479,&quot;parent_product_id&quot;:0,&quot;product_type&quot;:&quot;simple&quot;,&quot;is_single&quot;:false,&quot;in_default_wishlist&quot;:false,&quot;show_view&quot;:false,&quot;browse_wishlist_text&quot;:&quot;Lista Deseos&quot;,&quot;already_in_wishslist_text&quot;:&quot;The producto esta Agregado!&quot;,&quot;product_added_text&quot;:&quot;Producto Agregado!&quot;,&quot;available_multi_wishlist&quot;:false,&quot;disable_wishlist&quot;:false,&quot;show_count&quot;:false,&quot;ajax_loading&quot;:false,&quot;loop_position&quot;:&quot;after_add_to_cart&quot;,&quot;item&quot;:&quot;add_to_wishlist&quot;}\"\n>\n\t\t\t\n\t\t\t<!-- ADD TO WISHLIST -->\n\t\t\t\n<div class=\"yith-wcwl-add-button\">\n\t\t<a\n\t\thref=\"?add_to_wishlist=82479&#038;_wpnonce=98056c7fc2\"\n\t\tclass=\"add_to_wishlist single_add_to_wishlist\"\n\t\tdata-product-id=\"82479\"\n\t\tdata-product-type=\"simple\"\n\t\tdata-original-product-id=\"0\"\n\t\tdata-title=\"Lista Deseos\"\n\t\trel=\"nofollow\"\n\t>\n\t\t<svg id=\"yith-wcwl-icon-heart-outline\" class=\"yith-wcwl-icon-svg\" fill=\"none\" stroke-width=\"1.5\" stroke=\"currentColor\" viewbox=\"0 0 24 24\" xmlns=\"http:\/\/www.w3.org\/2000\/svg\">\n  <path stroke-linecap=\"round\" stroke-linejoin=\"round\" d=\"M21 8.25c0-2.485-2.099-4.5-4.688-4.5-1.935 0-3.597 1.126-4.312 2.733-.715-1.607-2.377-2.733-4.313-2.733C5.1 3.75 3 5.765 3 8.25c0 7.22 9 12 9 12s9-4.78 9-12Z\"><\/path>\n<\/svg>\t\t<span>Lista Deseos<\/span>\n\t<\/a>\n<\/div>\n\n\t\t\t<!-- COUNT TEXT -->\n\t\t\t\n\t\t\t<\/div>\n                                                                                                                                    <\/div>\n                                        <a class=\"product-title\" href=\"https:\/\/bodegaoutdoor.cl\/store\/product\/poston-800-balines-metalicos-bbs-calibre-4-5mm-para-pistola\/\">Poston 800 Balines Metalicos Bbs Calibre 4.5mm Para Pistola<\/a>\n                                        <span class=\"price\">\n                                            <del aria-hidden=\"true\"><span class=\"woocommerce-Price-amount amount\"><bdi><span class=\"woocommerce-Price-currencySymbol\" translate=\"no\">$<\/span>8,000<\/bdi><\/span><\/del> <span class=\"screen-reader-text\">El precio original era: $8,000.<\/span><ins aria-hidden=\"true\"><span class=\"woocommerce-Price-amount amount\"><bdi><span class=\"woocommerce-Price-currencySymbol\" translate=\"no\">$<\/span>6,000<\/bdi><\/span><\/ins><span class=\"screen-reader-text\">El precio actual es: $6,000.<\/span>                                        <\/span>\n                                    <\/div>\n                                <\/div>\n                                                                <\/div>\n                                                                                                                            <div class=\"xs-tab-slider-item swiper-slide\">\n                                                            <div class=\"xs-product-widget media \">\n                                                                            <a class=\"xs_product_img_link\" href=\"https:\/\/bodegaoutdoor.cl\/store\/product\/bolsa-de-balines-trazadores-luminosos-para-airsoft-0-25g\/\">\n                                        <img loading=\"lazy\" decoding=\"async\" width=\"125\" height=\"125\" src=\"https:\/\/bodegaoutdoor.cl\/store\/wp-content\/uploads\/2024\/03\/5878c152-cb03-438b-812d-d1c70d5d8557-150x150.jpg\" class=\"attachment-125x125 size-125x125\" alt=\"Bolsa De Balines Trazadores Luminosos Para Airsoft 0.25g\" srcset=\"https:\/\/bodegaoutdoor.cl\/store\/wp-content\/uploads\/2024\/03\/5878c152-cb03-438b-812d-d1c70d5d8557-150x150.jpg 150w, https:\/\/bodegaoutdoor.cl\/store\/wp-content\/uploads\/2024\/03\/5878c152-cb03-438b-812d-d1c70d5d8557-300x300.jpg 300w, https:\/\/bodegaoutdoor.cl\/store\/wp-content\/uploads\/2024\/03\/5878c152-cb03-438b-812d-d1c70d5d8557-100x100.jpg 100w, https:\/\/bodegaoutdoor.cl\/store\/wp-content\/uploads\/2024\/03\/5878c152-cb03-438b-812d-d1c70d5d8557-50x50.jpg 50w\" sizes=\"(max-width: 125px) 100vw, 125px\" \/>                                        <\/a>\n                                                                        <div class=\"media-body align-self-center product-widget-content\">\n                                        <div class=\"xs-product-header media woocommerce xs-wishlist \">\n                                                                                                                                        \n                                                                                                                                                \n<div\n\tclass=\"yith-wcwl-add-to-wishlist add-to-wishlist-82473 yith-wcwl-add-to-wishlist--link-style wishlist-fragment on-first-load\"\n\tdata-fragment-ref=\"82473\"\n\tdata-fragment-options=\"{&quot;base_url&quot;:&quot;&quot;,&quot;product_id&quot;:82473,&quot;parent_product_id&quot;:0,&quot;product_type&quot;:&quot;simple&quot;,&quot;is_single&quot;:false,&quot;in_default_wishlist&quot;:false,&quot;show_view&quot;:false,&quot;browse_wishlist_text&quot;:&quot;Lista Deseos&quot;,&quot;already_in_wishslist_text&quot;:&quot;The producto esta Agregado!&quot;,&quot;product_added_text&quot;:&quot;Producto Agregado!&quot;,&quot;available_multi_wishlist&quot;:false,&quot;disable_wishlist&quot;:false,&quot;show_count&quot;:false,&quot;ajax_loading&quot;:false,&quot;loop_position&quot;:&quot;after_add_to_cart&quot;,&quot;item&quot;:&quot;add_to_wishlist&quot;}\"\n>\n\t\t\t\n\t\t\t<!-- ADD TO WISHLIST -->\n\t\t\t\n<div class=\"yith-wcwl-add-button\">\n\t\t<a\n\t\thref=\"?add_to_wishlist=82473&#038;_wpnonce=98056c7fc2\"\n\t\tclass=\"add_to_wishlist single_add_to_wishlist\"\n\t\tdata-product-id=\"82473\"\n\t\tdata-product-type=\"simple\"\n\t\tdata-original-product-id=\"0\"\n\t\tdata-title=\"Lista Deseos\"\n\t\trel=\"nofollow\"\n\t>\n\t\t<svg id=\"yith-wcwl-icon-heart-outline\" class=\"yith-wcwl-icon-svg\" fill=\"none\" stroke-width=\"1.5\" stroke=\"currentColor\" viewbox=\"0 0 24 24\" xmlns=\"http:\/\/www.w3.org\/2000\/svg\">\n  <path stroke-linecap=\"round\" stroke-linejoin=\"round\" d=\"M21 8.25c0-2.485-2.099-4.5-4.688-4.5-1.935 0-3.597 1.126-4.312 2.733-.715-1.607-2.377-2.733-4.313-2.733C5.1 3.75 3 5.765 3 8.25c0 7.22 9 12 9 12s9-4.78 9-12Z\"><\/path>\n<\/svg>\t\t<span>Lista Deseos<\/span>\n\t<\/a>\n<\/div>\n\n\t\t\t<!-- COUNT TEXT -->\n\t\t\t\n\t\t\t<\/div>\n                                                                                                                                    <\/div>\n                                        <a class=\"product-title\" href=\"https:\/\/bodegaoutdoor.cl\/store\/product\/bolsa-de-balines-trazadores-luminosos-para-airsoft-0-25g\/\">Bolsa De Balines Trazadores Luminosos Para Airsoft 0.25g<\/a>\n                                        <span class=\"price\">\n                                            <del aria-hidden=\"true\"><span class=\"woocommerce-Price-amount amount\"><bdi><span class=\"woocommerce-Price-currencySymbol\" translate=\"no\">$<\/span>15,000<\/bdi><\/span><\/del> <span class=\"screen-reader-text\">El precio original era: $15,000.<\/span><ins aria-hidden=\"true\"><span class=\"woocommerce-Price-amount amount\"><bdi><span class=\"woocommerce-Price-currencySymbol\" translate=\"no\">$<\/span>12,500<\/bdi><\/span><\/ins><span class=\"screen-reader-text\">El precio actual es: $12,500.<\/span>                                        <\/span>\n                                    <\/div>\n                                <\/div>\n                                                                                                                                <div class=\"xs-product-widget media \">\n                                                                            <a class=\"xs_product_img_link\" href=\"https:\/\/bodegaoutdoor.cl\/store\/product\/silla-plegable-de-camping-grande\/\">\n                                        <img loading=\"lazy\" decoding=\"async\" width=\"125\" height=\"125\" src=\"https:\/\/bodegaoutdoor.cl\/store\/wp-content\/uploads\/2024\/03\/30-87-b-600x525-1-150x150.png\" class=\"attachment-125x125 size-125x125\" alt=\"Silla Plegable De Camping Grande\" srcset=\"https:\/\/bodegaoutdoor.cl\/store\/wp-content\/uploads\/2024\/03\/30-87-b-600x525-1-150x150.png 150w, https:\/\/bodegaoutdoor.cl\/store\/wp-content\/uploads\/2024\/03\/30-87-b-600x525-1-300x300.png 300w, https:\/\/bodegaoutdoor.cl\/store\/wp-content\/uploads\/2024\/03\/30-87-b-600x525-1-100x100.png 100w, https:\/\/bodegaoutdoor.cl\/store\/wp-content\/uploads\/2024\/03\/30-87-b-600x525-1-50x50.png 50w\" sizes=\"(max-width: 125px) 100vw, 125px\" \/>                                        <\/a>\n                                                                        <div class=\"media-body align-self-center product-widget-content\">\n                                        <div class=\"xs-product-header media woocommerce xs-wishlist \">\n                                                                                                                                        \n                                                                                                                                                \n<div\n\tclass=\"yith-wcwl-add-to-wishlist add-to-wishlist-82461 yith-wcwl-add-to-wishlist--link-style wishlist-fragment on-first-load\"\n\tdata-fragment-ref=\"82461\"\n\tdata-fragment-options=\"{&quot;base_url&quot;:&quot;&quot;,&quot;product_id&quot;:82461,&quot;parent_product_id&quot;:0,&quot;product_type&quot;:&quot;simple&quot;,&quot;is_single&quot;:false,&quot;in_default_wishlist&quot;:false,&quot;show_view&quot;:false,&quot;browse_wishlist_text&quot;:&quot;Lista Deseos&quot;,&quot;already_in_wishslist_text&quot;:&quot;The producto esta Agregado!&quot;,&quot;product_added_text&quot;:&quot;Producto Agregado!&quot;,&quot;available_multi_wishlist&quot;:false,&quot;disable_wishlist&quot;:false,&quot;show_count&quot;:false,&quot;ajax_loading&quot;:false,&quot;loop_position&quot;:&quot;after_add_to_cart&quot;,&quot;item&quot;:&quot;add_to_wishlist&quot;}\"\n>\n\t\t\t\n\t\t\t<!-- ADD TO WISHLIST -->\n\t\t\t\n<div class=\"yith-wcwl-add-button\">\n\t\t<a\n\t\thref=\"?add_to_wishlist=82461&#038;_wpnonce=98056c7fc2\"\n\t\tclass=\"add_to_wishlist single_add_to_wishlist\"\n\t\tdata-product-id=\"82461\"\n\t\tdata-product-type=\"simple\"\n\t\tdata-original-product-id=\"0\"\n\t\tdata-title=\"Lista Deseos\"\n\t\trel=\"nofollow\"\n\t>\n\t\t<svg id=\"yith-wcwl-icon-heart-outline\" class=\"yith-wcwl-icon-svg\" fill=\"none\" stroke-width=\"1.5\" stroke=\"currentColor\" viewbox=\"0 0 24 24\" xmlns=\"http:\/\/www.w3.org\/2000\/svg\">\n  <path stroke-linecap=\"round\" stroke-linejoin=\"round\" d=\"M21 8.25c0-2.485-2.099-4.5-4.688-4.5-1.935 0-3.597 1.126-4.312 2.733-.715-1.607-2.377-2.733-4.313-2.733C5.1 3.75 3 5.765 3 8.25c0 7.22 9 12 9 12s9-4.78 9-12Z\"><\/path>\n<\/svg>\t\t<span>Lista Deseos<\/span>\n\t<\/a>\n<\/div>\n\n\t\t\t<!-- COUNT TEXT -->\n\t\t\t\n\t\t\t<\/div>\n                                                                                                                                    <\/div>\n                                        <a class=\"product-title\" href=\"https:\/\/bodegaoutdoor.cl\/store\/product\/silla-plegable-de-camping-grande\/\">Silla Plegable De Camping Grande<\/a>\n                                        <span class=\"price\">\n                                            <del aria-hidden=\"true\"><span class=\"woocommerce-Price-amount amount\"><bdi><span class=\"woocommerce-Price-currencySymbol\" translate=\"no\">$<\/span>19,990<\/bdi><\/span><\/del> <span class=\"screen-reader-text\">El precio original era: $19,990.<\/span><ins aria-hidden=\"true\"><span class=\"woocommerce-Price-amount amount\"><bdi><span class=\"woocommerce-Price-currencySymbol\" translate=\"no\">$<\/span>14,990<\/bdi><\/span><\/ins><span class=\"screen-reader-text\">El precio actual es: $14,990.<\/span>                                        <\/span>\n                                    <\/div>\n                                <\/div>\n                                                                                                                                <div class=\"xs-product-widget media \">\n                                                                            <a class=\"xs_product_img_link\" href=\"https:\/\/bodegaoutdoor.cl\/store\/product\/cunas-de-camping-plegables-al-aire-libre-para-adultos-cama-ligera-y-duradera-para-dormir-portatil-y-resistente-con-bolsa-de-transporte\/\">\n                                        <img loading=\"lazy\" decoding=\"async\" width=\"125\" height=\"125\" src=\"https:\/\/bodegaoutdoor.cl\/store\/wp-content\/uploads\/2023\/12\/81073-fkh1or-150x150.jpg\" class=\"attachment-125x125 size-125x125\" alt=\"cama de Camping plegable ligera y duradera para dormir, port\u00e1til\" srcset=\"https:\/\/bodegaoutdoor.cl\/store\/wp-content\/uploads\/2023\/12\/81073-fkh1or-150x150.jpg 150w, https:\/\/bodegaoutdoor.cl\/store\/wp-content\/uploads\/2023\/12\/81073-fkh1or-300x300.jpg 300w, https:\/\/bodegaoutdoor.cl\/store\/wp-content\/uploads\/2023\/12\/81073-fkh1or-600x600.jpg 600w, https:\/\/bodegaoutdoor.cl\/store\/wp-content\/uploads\/2023\/12\/81073-fkh1or-100x100.jpg 100w, https:\/\/bodegaoutdoor.cl\/store\/wp-content\/uploads\/2023\/12\/81073-fkh1or-50x50.jpg 50w, https:\/\/bodegaoutdoor.cl\/store\/wp-content\/uploads\/2023\/12\/81073-fkh1or.jpg 750w\" sizes=\"(max-width: 125px) 100vw, 125px\" \/>                                        <\/a>\n                                                                        <div class=\"media-body align-self-center product-widget-content\">\n                                        <div class=\"xs-product-header media woocommerce xs-wishlist \">\n                                                                                                                                        \n                                                                                                                                                \n<div\n\tclass=\"yith-wcwl-add-to-wishlist add-to-wishlist-81073 yith-wcwl-add-to-wishlist--link-style wishlist-fragment on-first-load\"\n\tdata-fragment-ref=\"81073\"\n\tdata-fragment-options=\"{&quot;base_url&quot;:&quot;&quot;,&quot;product_id&quot;:81073,&quot;parent_product_id&quot;:0,&quot;product_type&quot;:&quot;simple&quot;,&quot;is_single&quot;:false,&quot;in_default_wishlist&quot;:false,&quot;show_view&quot;:false,&quot;browse_wishlist_text&quot;:&quot;Lista Deseos&quot;,&quot;already_in_wishslist_text&quot;:&quot;The producto esta Agregado!&quot;,&quot;product_added_text&quot;:&quot;Producto Agregado!&quot;,&quot;available_multi_wishlist&quot;:false,&quot;disable_wishlist&quot;:false,&quot;show_count&quot;:false,&quot;ajax_loading&quot;:false,&quot;loop_position&quot;:&quot;after_add_to_cart&quot;,&quot;item&quot;:&quot;add_to_wishlist&quot;}\"\n>\n\t\t\t\n\t\t\t<!-- ADD TO WISHLIST -->\n\t\t\t\n<div class=\"yith-wcwl-add-button\">\n\t\t<a\n\t\thref=\"?add_to_wishlist=81073&#038;_wpnonce=98056c7fc2\"\n\t\tclass=\"add_to_wishlist single_add_to_wishlist\"\n\t\tdata-product-id=\"81073\"\n\t\tdata-product-type=\"simple\"\n\t\tdata-original-product-id=\"0\"\n\t\tdata-title=\"Lista Deseos\"\n\t\trel=\"nofollow\"\n\t>\n\t\t<svg id=\"yith-wcwl-icon-heart-outline\" class=\"yith-wcwl-icon-svg\" fill=\"none\" stroke-width=\"1.5\" stroke=\"currentColor\" viewbox=\"0 0 24 24\" xmlns=\"http:\/\/www.w3.org\/2000\/svg\">\n  <path stroke-linecap=\"round\" stroke-linejoin=\"round\" d=\"M21 8.25c0-2.485-2.099-4.5-4.688-4.5-1.935 0-3.597 1.126-4.312 2.733-.715-1.607-2.377-2.733-4.313-2.733C5.1 3.75 3 5.765 3 8.25c0 7.22 9 12 9 12s9-4.78 9-12Z\"><\/path>\n<\/svg>\t\t<span>Lista Deseos<\/span>\n\t<\/a>\n<\/div>\n\n\t\t\t<!-- COUNT TEXT -->\n\t\t\t\n\t\t\t<\/div>\n                                                                                                                                    <\/div>\n                                        <a class=\"product-title\" href=\"https:\/\/bodegaoutdoor.cl\/store\/product\/cunas-de-camping-plegables-al-aire-libre-para-adultos-cama-ligera-y-duradera-para-dormir-portatil-y-resistente-con-bolsa-de-transporte\/\">cama de Camping plegable ligera y duradera para dormir, port\u00e1til<\/a>\n                                        <span class=\"price\">\n                                            <del aria-hidden=\"true\"><span class=\"woocommerce-Price-amount amount\"><bdi><span class=\"woocommerce-Price-currencySymbol\" translate=\"no\">$<\/span>99,990<\/bdi><\/span><\/del> <span class=\"screen-reader-text\">El precio original era: $99,990.<\/span><ins aria-hidden=\"true\"><span class=\"woocommerce-Price-amount amount\"><bdi><span class=\"woocommerce-Price-currencySymbol\" translate=\"no\">$<\/span>49,990<\/bdi><\/span><\/ins><span class=\"screen-reader-text\">El precio actual es: $49,990.<\/span>                                        <\/span>\n                                    <\/div>\n                                <\/div>\n                                                                <\/div>\n                                                                                <\/div>\n                    <div class=\"swiper-pagination\"><\/div>\n                <\/div>\n            <\/div>\n            <\/div>\t\t\t\t<\/div>\n\t\t\t\t<\/div>\n\t\t\t\t\t<\/div>\n\t\t<\/div>\n\t\t\t\t\t<\/div>\n\t\t<\/section>\n\t\t\t\t<section class=\"elementor-section elementor-top-section elementor-element elementor-element-44ad636b elementor-section-boxed elementor-section-height-default elementor-section-height-default\" data-id=\"44ad636b\" data-element_type=\"section\" data-e-type=\"section\" data-settings=\"{&quot;background_background&quot;:&quot;classic&quot;}\">\n\t\t\t\t\t\t<div class=\"elementor-container elementor-column-gap-default\">\n\t\t\t\t\t<div class=\"elementor-column elementor-col-100 elementor-top-column elementor-element elementor-element-e2f9885\" data-id=\"e2f9885\" data-element_type=\"column\" data-e-type=\"column\">\n\t\t\t<div class=\"elementor-widget-wrap elementor-element-populated\">\n\t\t\t\t\t\t<div class=\"elementor-element elementor-element-1c313cc5 elementor-widget elementor-widget-xs-woo-tab\" data-id=\"1c313cc5\" data-element_type=\"widget\" data-e-type=\"widget\" data-widget_type=\"xs-woo-tab.default\">\n\t\t\t\t<div class=\"elementor-widget-container\">\n\t\t\t\t\t<div class=\"xs-content-header\">\n    <h2 class=\"xs-content-title\">Recently Added<\/h2>\n                    <ul class=\"nav nav-tabs xs-nav-tab\">\n                                            <li class=\"nav-item\">\n                    <a class=\"nav-link active\"  data-toggle=\"tab\" href=\"#xs-tabs-29381-0\">On Sell<\/a>\n                <\/li>\n                                            <li class=\"nav-item\">\n                    <a class=\"nav-link \"  data-toggle=\"tab\" href=\"#xs-tabs-29381-1\">Hot Sell<\/a>\n                <\/li>\n                                            <li class=\"nav-item\">\n                    <a class=\"nav-link \"  data-toggle=\"tab\" href=\"#xs-tabs-29381-2\">Trend<\/a>\n                <\/li>\n                                            <li class=\"nav-item\">\n                    <a class=\"nav-link \"  data-toggle=\"tab\" href=\"#xs-tabs-29381-3\">Best Sell<\/a>\n                <\/li>\n                    <\/ul>\n        <div class=\"clearfix\"><\/div>\n<\/div>\n<div class=\"tab-content\">\n                                    <div class=\"tab-pane fade show active\" id=\"xs-tabs-29381-0\">\n                <div class=\"xs-tab-slider-6-col swiper tab-slider-center\">\n                    <div class=\"swiper-wrapper\">\n                                            <\/div>\n                    <div class=\"swiper-pagination\"><\/div>\n                <\/div>\n            <\/div>\n                                <div class=\"tab-pane fade \" id=\"xs-tabs-29381-1\">\n                <div class=\"xs-tab-slider-6-col swiper tab-slider-center\">\n                    <div class=\"swiper-wrapper\">\n                                                        <div class=\"xs-product-category swiper-slide\">\n                                                                        <a class=\"xs_product_img_link\" href=\"https:\/\/bodegaoutdoor.cl\/store\/product\/neumatico-para-enduro-120-100-18-medium-soft\/\">\n                                        <img loading=\"lazy\" decoding=\"async\" width=\"158\" height=\"158\" src=\"https:\/\/bodegaoutdoor.cl\/store\/wp-content\/uploads\/2026\/05\/WhatsApp-Image-2026-05-17-at-17.30.44-300x300.jpeg\" class=\"attachment-158x158 size-158x158\" alt=\"Neumatico para enduro 120\/100\/18 Medium soft\" srcset=\"https:\/\/bodegaoutdoor.cl\/store\/wp-content\/uploads\/2026\/05\/WhatsApp-Image-2026-05-17-at-17.30.44-300x300.jpeg 300w, https:\/\/bodegaoutdoor.cl\/store\/wp-content\/uploads\/2026\/05\/WhatsApp-Image-2026-05-17-at-17.30.44-150x150.jpeg 150w, https:\/\/bodegaoutdoor.cl\/store\/wp-content\/uploads\/2026\/05\/WhatsApp-Image-2026-05-17-at-17.30.44-100x100.jpeg 100w, https:\/\/bodegaoutdoor.cl\/store\/wp-content\/uploads\/2026\/05\/WhatsApp-Image-2026-05-17-at-17.30.44-50x50.jpeg 50w\" sizes=\"(max-width: 158px) 100vw, 158px\" \/>                                    <\/a>\n                                                                        <a class=\"product-title\" href=\"https:\/\/bodegaoutdoor.cl\/store\/product\/neumatico-para-enduro-120-100-18-medium-soft\/\">Neumatico para enduro 120\/100\/18 Medium soft<\/a>\n                                    <span class=\"price\">\n                                        <del aria-hidden=\"true\"><span class=\"woocommerce-Price-amount amount\"><bdi><span class=\"woocommerce-Price-currencySymbol\" translate=\"no\">$<\/span>99,900<\/bdi><\/span><\/del> <span class=\"screen-reader-text\">El precio original era: $99,900.<\/span><ins aria-hidden=\"true\"><span class=\"woocommerce-Price-amount amount\"><bdi><span class=\"woocommerce-Price-currencySymbol\" translate=\"no\">$<\/span>52,990<\/bdi><\/span><\/ins><span class=\"screen-reader-text\">El precio actual es: $52,990.<\/span>                                    <\/span>\n                                <\/div>\n                                                            <div class=\"xs-product-category swiper-slide\">\n                                                                        <a class=\"xs_product_img_link\" href=\"https:\/\/bodegaoutdoor.cl\/store\/product\/kit-de-accesorios-de-pesca-cana-regulable-hasta-2-10m\/\">\n                                        <img loading=\"lazy\" decoding=\"async\" width=\"158\" height=\"158\" src=\"https:\/\/bodegaoutdoor.cl\/store\/wp-content\/uploads\/2025\/01\/F-126__8_-300x300.jpg\" class=\"attachment-158x158 size-158x158\" alt=\"KIT DE ACCESORIOS DE PESCA CA\u00d1A regulable hasta 2.10m\" srcset=\"https:\/\/bodegaoutdoor.cl\/store\/wp-content\/uploads\/2025\/01\/F-126__8_-300x300.jpg 300w, https:\/\/bodegaoutdoor.cl\/store\/wp-content\/uploads\/2025\/01\/F-126__8_-1024x1024.jpg 1024w, https:\/\/bodegaoutdoor.cl\/store\/wp-content\/uploads\/2025\/01\/F-126__8_-150x150.jpg 150w, https:\/\/bodegaoutdoor.cl\/store\/wp-content\/uploads\/2025\/01\/F-126__8_-768x768.jpg 768w, https:\/\/bodegaoutdoor.cl\/store\/wp-content\/uploads\/2025\/01\/F-126__8_-1536x1536.jpg 1536w, https:\/\/bodegaoutdoor.cl\/store\/wp-content\/uploads\/2025\/01\/F-126__8_-2048x2048.jpg 2048w, https:\/\/bodegaoutdoor.cl\/store\/wp-content\/uploads\/2025\/01\/F-126__8_-600x600.jpg 600w, https:\/\/bodegaoutdoor.cl\/store\/wp-content\/uploads\/2025\/01\/F-126__8_-100x100.jpg 100w\" sizes=\"(max-width: 158px) 100vw, 158px\" \/>                                    <\/a>\n                                                                        <a class=\"product-title\" href=\"https:\/\/bodegaoutdoor.cl\/store\/product\/kit-de-accesorios-de-pesca-cana-regulable-hasta-2-10m\/\">KIT DE ACCESORIOS DE PESCA CA\u00d1A regulable hasta 2.10m<\/a>\n                                    <span class=\"price\">\n                                        <del aria-hidden=\"true\"><span class=\"woocommerce-Price-amount amount\"><bdi><span class=\"woocommerce-Price-currencySymbol\" translate=\"no\">$<\/span>35,000<\/bdi><\/span><\/del> <span class=\"screen-reader-text\">El precio original era: $35,000.<\/span><ins aria-hidden=\"true\"><span class=\"woocommerce-Price-amount amount\"><bdi><span class=\"woocommerce-Price-currencySymbol\" translate=\"no\">$<\/span>24,990<\/bdi><\/span><\/ins><span class=\"screen-reader-text\">El precio actual es: $24,990.<\/span>                                    <\/span>\n                                <\/div>\n                                                            <div class=\"xs-product-category swiper-slide\">\n                                                                        <a class=\"xs_product_img_link\" href=\"https:\/\/bodegaoutdoor.cl\/store\/product\/carpa-techo-camping-3x3-metros\/\">\n                                        <img loading=\"lazy\" decoding=\"async\" width=\"158\" height=\"158\" src=\"https:\/\/bodegaoutdoor.cl\/store\/wp-content\/uploads\/2024\/12\/TECHO-3X3-300x300.jpeg\" class=\"attachment-158x158 size-158x158\" alt=\"Carpa Techo Camping 3&#215;3 metros\" srcset=\"https:\/\/bodegaoutdoor.cl\/store\/wp-content\/uploads\/2024\/12\/TECHO-3X3-300x300.jpeg 300w, https:\/\/bodegaoutdoor.cl\/store\/wp-content\/uploads\/2024\/12\/TECHO-3X3-150x150.jpeg 150w, https:\/\/bodegaoutdoor.cl\/store\/wp-content\/uploads\/2024\/12\/TECHO-3X3-768x768.jpeg 768w, https:\/\/bodegaoutdoor.cl\/store\/wp-content\/uploads\/2024\/12\/TECHO-3X3-600x600.jpeg 600w, https:\/\/bodegaoutdoor.cl\/store\/wp-content\/uploads\/2024\/12\/TECHO-3X3-100x100.jpeg 100w, https:\/\/bodegaoutdoor.cl\/store\/wp-content\/uploads\/2024\/12\/TECHO-3X3.jpeg 800w\" sizes=\"(max-width: 158px) 100vw, 158px\" \/>                                    <\/a>\n                                                                        <a class=\"product-title\" href=\"https:\/\/bodegaoutdoor.cl\/store\/product\/carpa-techo-camping-3x3-metros\/\">Carpa Techo Camping 3&#215;3 metros<\/a>\n                                    <span class=\"price\">\n                                        <del aria-hidden=\"true\"><span class=\"woocommerce-Price-amount amount\"><bdi><span class=\"woocommerce-Price-currencySymbol\" translate=\"no\">$<\/span>100,000<\/bdi><\/span><\/del> <span class=\"screen-reader-text\">El precio original era: $100,000.<\/span><ins aria-hidden=\"true\"><span class=\"woocommerce-Price-amount amount\"><bdi><span class=\"woocommerce-Price-currencySymbol\" translate=\"no\">$<\/span>49,990<\/bdi><\/span><\/ins><span class=\"screen-reader-text\">El precio actual es: $49,990.<\/span>                                    <\/span>\n                                <\/div>\n                                                            <div class=\"xs-product-category swiper-slide\">\n                                                                        <a class=\"xs_product_img_link\" href=\"https:\/\/bodegaoutdoor.cl\/store\/product\/gorro-police\/\">\n                                        <img loading=\"lazy\" decoding=\"async\" width=\"158\" height=\"158\" src=\"https:\/\/bodegaoutdoor.cl\/store\/wp-content\/uploads\/2024\/12\/WhatsApp-Image-2024-05-16-at-9.44.56-AM-300x300.jpeg\" class=\"attachment-158x158 size-158x158\" alt=\"GORRO JOCKEY POLICE\" srcset=\"https:\/\/bodegaoutdoor.cl\/store\/wp-content\/uploads\/2024\/12\/WhatsApp-Image-2024-05-16-at-9.44.56-AM-300x300.jpeg 300w, https:\/\/bodegaoutdoor.cl\/store\/wp-content\/uploads\/2024\/12\/WhatsApp-Image-2024-05-16-at-9.44.56-AM-150x150.jpeg 150w, https:\/\/bodegaoutdoor.cl\/store\/wp-content\/uploads\/2024\/12\/WhatsApp-Image-2024-05-16-at-9.44.56-AM-100x100.jpeg 100w\" sizes=\"(max-width: 158px) 100vw, 158px\" \/>                                    <\/a>\n                                                                        <a class=\"product-title\" href=\"https:\/\/bodegaoutdoor.cl\/store\/product\/gorro-police\/\">GORRO JOCKEY POLICE<\/a>\n                                    <span class=\"price\">\n                                        <del aria-hidden=\"true\"><span class=\"woocommerce-Price-amount amount\"><bdi><span class=\"woocommerce-Price-currencySymbol\" translate=\"no\">$<\/span>15,000<\/bdi><\/span><\/del> <span class=\"screen-reader-text\">El precio original era: $15,000.<\/span><ins aria-hidden=\"true\"><span class=\"woocommerce-Price-amount amount\"><bdi><span class=\"woocommerce-Price-currencySymbol\" translate=\"no\">$<\/span>9,990<\/bdi><\/span><\/ins><span class=\"screen-reader-text\">El precio actual es: $9,990.<\/span>                                    <\/span>\n                                <\/div>\n                                                            <div class=\"xs-product-category swiper-slide\">\n                                                                        <a class=\"xs_product_img_link\" href=\"https:\/\/bodegaoutdoor.cl\/store\/product\/telescopio-comet-501-10-30x50\/\">\n                                        <img loading=\"lazy\" decoding=\"async\" width=\"158\" height=\"158\" src=\"https:\/\/bodegaoutdoor.cl\/store\/wp-content\/uploads\/2024\/12\/103050-600x600.jpeg-300x300.webp\" class=\"attachment-158x158 size-158x158\" alt=\"TELESCOPIO comet 501 10-30X50\" srcset=\"https:\/\/bodegaoutdoor.cl\/store\/wp-content\/uploads\/2024\/12\/103050-600x600.jpeg-300x300.webp 300w, https:\/\/bodegaoutdoor.cl\/store\/wp-content\/uploads\/2024\/12\/103050-600x600.jpeg-150x150.webp 150w, https:\/\/bodegaoutdoor.cl\/store\/wp-content\/uploads\/2024\/12\/103050-600x600.jpeg-100x100.webp 100w, https:\/\/bodegaoutdoor.cl\/store\/wp-content\/uploads\/2024\/12\/103050-600x600.jpeg.webp 600w\" sizes=\"(max-width: 158px) 100vw, 158px\" \/>                                    <\/a>\n                                                                        <a class=\"product-title\" href=\"https:\/\/bodegaoutdoor.cl\/store\/product\/telescopio-comet-501-10-30x50\/\">TELESCOPIO comet 501 10-30X50<\/a>\n                                    <span class=\"price\">\n                                        <del aria-hidden=\"true\"><span class=\"woocommerce-Price-amount amount\"><bdi><span class=\"woocommerce-Price-currencySymbol\" translate=\"no\">$<\/span>150,000<\/bdi><\/span><\/del> <span class=\"screen-reader-text\">El precio original era: $150,000.<\/span><ins aria-hidden=\"true\"><span class=\"woocommerce-Price-amount amount\"><bdi><span class=\"woocommerce-Price-currencySymbol\" translate=\"no\">$<\/span>99,990<\/bdi><\/span><\/ins><span class=\"screen-reader-text\">El precio actual es: $99,990.<\/span>                                    <\/span>\n                                <\/div>\n                                                            <div class=\"xs-product-category swiper-slide\">\n                                                                        <a class=\"xs_product_img_link\" href=\"https:\/\/bodegaoutdoor.cl\/store\/product\/hacha-de-supervivencia-multifuncion-tactica-martillo-outdoor-mango-de-plasticorescate\/\">\n                                        <img loading=\"lazy\" decoding=\"async\" width=\"158\" height=\"158\" src=\"https:\/\/bodegaoutdoor.cl\/store\/wp-content\/uploads\/2024\/12\/hacha-bodega-outdoor-survivor-1-300x300.jpeg\" class=\"attachment-158x158 size-158x158\" alt=\"Hacha de supervivencia, multifunci\u00f3n t\u00e1ctica, martillo, outdoor, mango de pl\u00e1stico,rescate\" srcset=\"https:\/\/bodegaoutdoor.cl\/store\/wp-content\/uploads\/2024\/12\/hacha-bodega-outdoor-survivor-1-300x300.jpeg 300w, https:\/\/bodegaoutdoor.cl\/store\/wp-content\/uploads\/2024\/12\/hacha-bodega-outdoor-survivor-1-150x150.jpeg 150w, https:\/\/bodegaoutdoor.cl\/store\/wp-content\/uploads\/2024\/12\/hacha-bodega-outdoor-survivor-1-768x768.jpeg 768w, https:\/\/bodegaoutdoor.cl\/store\/wp-content\/uploads\/2024\/12\/hacha-bodega-outdoor-survivor-1-600x600.jpeg 600w, https:\/\/bodegaoutdoor.cl\/store\/wp-content\/uploads\/2024\/12\/hacha-bodega-outdoor-survivor-1-100x100.jpeg 100w, https:\/\/bodegaoutdoor.cl\/store\/wp-content\/uploads\/2024\/12\/hacha-bodega-outdoor-survivor-1.jpeg 1024w\" sizes=\"(max-width: 158px) 100vw, 158px\" \/>                                    <\/a>\n                                                                        <a class=\"product-title\" href=\"https:\/\/bodegaoutdoor.cl\/store\/product\/hacha-de-supervivencia-multifuncion-tactica-martillo-outdoor-mango-de-plasticorescate\/\">Hacha de supervivencia, multifunci\u00f3n t\u00e1ctica, martillo, outdoor, mango de pl\u00e1stico,rescate<\/a>\n                                    <span class=\"price\">\n                                        <del aria-hidden=\"true\"><span class=\"woocommerce-Price-amount amount\"><bdi><span class=\"woocommerce-Price-currencySymbol\" translate=\"no\">$<\/span>60,000<\/bdi><\/span><\/del> <span class=\"screen-reader-text\">El precio original era: $60,000.<\/span><ins aria-hidden=\"true\"><span class=\"woocommerce-Price-amount amount\"><bdi><span class=\"woocommerce-Price-currencySymbol\" translate=\"no\">$<\/span>29,990<\/bdi><\/span><\/ins><span class=\"screen-reader-text\">El precio actual es: $29,990.<\/span>                                    <\/span>\n                                <\/div>\n                                                            <div class=\"xs-product-category swiper-slide\">\n                                                                        <a class=\"xs_product_img_link\" href=\"https:\/\/bodegaoutdoor.cl\/store\/product\/termo-1-litro-1000ml-de-doble-pared-al-vacio-liviano\/\">\n                                        <img loading=\"lazy\" decoding=\"async\" width=\"158\" height=\"158\" src=\"https:\/\/bodegaoutdoor.cl\/store\/wp-content\/uploads\/2024\/11\/Sin-titulo-300x300.png\" class=\"attachment-158x158 size-158x158\" alt=\"Termo 1 Litro \/ 1000ml, de doble pared al vac\u00edo Liviano\" srcset=\"https:\/\/bodegaoutdoor.cl\/store\/wp-content\/uploads\/2024\/11\/Sin-titulo-300x300.png 300w, https:\/\/bodegaoutdoor.cl\/store\/wp-content\/uploads\/2024\/11\/Sin-titulo-150x150.png 150w, https:\/\/bodegaoutdoor.cl\/store\/wp-content\/uploads\/2024\/11\/Sin-titulo-100x100.png 100w, https:\/\/bodegaoutdoor.cl\/store\/wp-content\/uploads\/2024\/11\/Sin-titulo-50x50.png 50w\" sizes=\"(max-width: 158px) 100vw, 158px\" \/>                                    <\/a>\n                                                                        <a class=\"product-title\" href=\"https:\/\/bodegaoutdoor.cl\/store\/product\/termo-1-litro-1000ml-de-doble-pared-al-vacio-liviano\/\">Termo 1 Litro \/ 1000ml, de doble pared al vac\u00edo Liviano<\/a>\n                                    <span class=\"price\">\n                                        <del aria-hidden=\"true\"><span class=\"woocommerce-Price-amount amount\"><bdi><span class=\"woocommerce-Price-currencySymbol\" translate=\"no\">$<\/span>19,990<\/bdi><\/span><\/del> <span class=\"screen-reader-text\">El precio original era: $19,990.<\/span><ins aria-hidden=\"true\"><span class=\"woocommerce-Price-amount amount\"><bdi><span class=\"woocommerce-Price-currencySymbol\" translate=\"no\">$<\/span>9,990<\/bdi><\/span><\/ins><span class=\"screen-reader-text\">El precio actual es: $9,990.<\/span>                                    <\/span>\n                                <\/div>\n                                                            <div class=\"xs-product-category swiper-slide\">\n                                                                        <a class=\"xs_product_img_link\" href=\"https:\/\/bodegaoutdoor.cl\/store\/product\/chaqueta-tactica-de-polar-con-capucha\/\">\n                                        <img loading=\"lazy\" decoding=\"async\" width=\"158\" height=\"158\" src=\"https:\/\/bodegaoutdoor.cl\/store\/wp-content\/uploads\/2024\/07\/polar-tactico-2-300x300.png\" class=\"attachment-158x158 size-158x158\" alt=\"Chaqueta Tactica De Polar Con Capucha\" srcset=\"https:\/\/bodegaoutdoor.cl\/store\/wp-content\/uploads\/2024\/07\/polar-tactico-2-300x300.png 300w, https:\/\/bodegaoutdoor.cl\/store\/wp-content\/uploads\/2024\/07\/polar-tactico-2-150x150.png 150w, https:\/\/bodegaoutdoor.cl\/store\/wp-content\/uploads\/2024\/07\/polar-tactico-2-100x100.png 100w, https:\/\/bodegaoutdoor.cl\/store\/wp-content\/uploads\/2024\/07\/polar-tactico-2-50x50.png 50w\" sizes=\"(max-width: 158px) 100vw, 158px\" \/>                                    <\/a>\n                                                                        <a class=\"product-title\" href=\"https:\/\/bodegaoutdoor.cl\/store\/product\/chaqueta-tactica-de-polar-con-capucha\/\">Chaqueta Tactica De Polar Con Capucha<\/a>\n                                    <span class=\"price\">\n                                        <del aria-hidden=\"true\"><span class=\"woocommerce-Price-amount amount\"><bdi><span class=\"woocommerce-Price-currencySymbol\" translate=\"no\">$<\/span>99,990<\/bdi><\/span><\/del> <span class=\"screen-reader-text\">El precio original era: $99,990.<\/span><ins aria-hidden=\"true\"><span class=\"woocommerce-Price-amount amount\"><bdi><span class=\"woocommerce-Price-currencySymbol\" translate=\"no\">$<\/span>59,990<\/bdi><\/span><\/ins><span class=\"screen-reader-text\">El precio actual es: $59,990.<\/span>                                    <\/span>\n                                <\/div>\n                                                            <div class=\"xs-product-category swiper-slide\">\n                                                                        <a class=\"xs_product_img_link\" href=\"https:\/\/bodegaoutdoor.cl\/store\/product\/poston-800-balines-metalicos-bbs-calibre-4-5mm-para-pistola\/\">\n                                        <img loading=\"lazy\" decoding=\"async\" width=\"158\" height=\"158\" src=\"https:\/\/bodegaoutdoor.cl\/store\/wp-content\/uploads\/2024\/03\/39ba0a91-2955-48c8-865f-e91e06e6403a-300x300.jpg\" class=\"attachment-158x158 size-158x158\" alt=\"Poston 800 Balines Metalicos Bbs Calibre 4.5mm Para Pistola\" srcset=\"https:\/\/bodegaoutdoor.cl\/store\/wp-content\/uploads\/2024\/03\/39ba0a91-2955-48c8-865f-e91e06e6403a-300x300.jpg 300w, https:\/\/bodegaoutdoor.cl\/store\/wp-content\/uploads\/2024\/03\/39ba0a91-2955-48c8-865f-e91e06e6403a-150x150.jpg 150w, https:\/\/bodegaoutdoor.cl\/store\/wp-content\/uploads\/2024\/03\/39ba0a91-2955-48c8-865f-e91e06e6403a-100x100.jpg 100w, https:\/\/bodegaoutdoor.cl\/store\/wp-content\/uploads\/2024\/03\/39ba0a91-2955-48c8-865f-e91e06e6403a-50x50.jpg 50w\" sizes=\"(max-width: 158px) 100vw, 158px\" \/>                                    <\/a>\n                                                                        <a class=\"product-title\" href=\"https:\/\/bodegaoutdoor.cl\/store\/product\/poston-800-balines-metalicos-bbs-calibre-4-5mm-para-pistola\/\">Poston 800 Balines Metalicos Bbs Calibre 4.5mm Para Pistola<\/a>\n                                    <span class=\"price\">\n                                        <del aria-hidden=\"true\"><span class=\"woocommerce-Price-amount amount\"><bdi><span class=\"woocommerce-Price-currencySymbol\" translate=\"no\">$<\/span>8,000<\/bdi><\/span><\/del> <span class=\"screen-reader-text\">El precio original era: $8,000.<\/span><ins aria-hidden=\"true\"><span class=\"woocommerce-Price-amount amount\"><bdi><span class=\"woocommerce-Price-currencySymbol\" translate=\"no\">$<\/span>6,000<\/bdi><\/span><\/ins><span class=\"screen-reader-text\">El precio actual es: $6,000.<\/span>                                    <\/span>\n                                <\/div>\n                                                            <div class=\"xs-product-category swiper-slide\">\n                                                                        <a class=\"xs_product_img_link\" href=\"https:\/\/bodegaoutdoor.cl\/store\/product\/bolsa-de-balines-trazadores-luminosos-para-airsoft-0-25g\/\">\n                                        <img loading=\"lazy\" decoding=\"async\" width=\"158\" height=\"158\" src=\"https:\/\/bodegaoutdoor.cl\/store\/wp-content\/uploads\/2024\/03\/5878c152-cb03-438b-812d-d1c70d5d8557-300x300.jpg\" class=\"attachment-158x158 size-158x158\" alt=\"Bolsa De Balines Trazadores Luminosos Para Airsoft 0.25g\" srcset=\"https:\/\/bodegaoutdoor.cl\/store\/wp-content\/uploads\/2024\/03\/5878c152-cb03-438b-812d-d1c70d5d8557-300x300.jpg 300w, https:\/\/bodegaoutdoor.cl\/store\/wp-content\/uploads\/2024\/03\/5878c152-cb03-438b-812d-d1c70d5d8557-150x150.jpg 150w, https:\/\/bodegaoutdoor.cl\/store\/wp-content\/uploads\/2024\/03\/5878c152-cb03-438b-812d-d1c70d5d8557-100x100.jpg 100w, https:\/\/bodegaoutdoor.cl\/store\/wp-content\/uploads\/2024\/03\/5878c152-cb03-438b-812d-d1c70d5d8557-50x50.jpg 50w\" sizes=\"(max-width: 158px) 100vw, 158px\" \/>                                    <\/a>\n                                                                        <a class=\"product-title\" href=\"https:\/\/bodegaoutdoor.cl\/store\/product\/bolsa-de-balines-trazadores-luminosos-para-airsoft-0-25g\/\">Bolsa De Balines Trazadores Luminosos Para Airsoft 0.25g<\/a>\n                                    <span class=\"price\">\n                                        <del aria-hidden=\"true\"><span class=\"woocommerce-Price-amount amount\"><bdi><span class=\"woocommerce-Price-currencySymbol\" translate=\"no\">$<\/span>15,000<\/bdi><\/span><\/del> <span class=\"screen-reader-text\">El precio original era: $15,000.<\/span><ins aria-hidden=\"true\"><span class=\"woocommerce-Price-amount amount\"><bdi><span class=\"woocommerce-Price-currencySymbol\" translate=\"no\">$<\/span>12,500<\/bdi><\/span><\/ins><span class=\"screen-reader-text\">El precio actual es: $12,500.<\/span>                                    <\/span>\n                                <\/div>\n                                                            <div class=\"xs-product-category swiper-slide\">\n                                                                        <a class=\"xs_product_img_link\" href=\"https:\/\/bodegaoutdoor.cl\/store\/product\/silla-plegable-de-camping-grande\/\">\n                                        <img loading=\"lazy\" decoding=\"async\" width=\"158\" height=\"158\" src=\"https:\/\/bodegaoutdoor.cl\/store\/wp-content\/uploads\/2024\/03\/30-87-b-600x525-1-300x300.png\" class=\"attachment-158x158 size-158x158\" alt=\"Silla Plegable De Camping Grande\" srcset=\"https:\/\/bodegaoutdoor.cl\/store\/wp-content\/uploads\/2024\/03\/30-87-b-600x525-1-300x300.png 300w, https:\/\/bodegaoutdoor.cl\/store\/wp-content\/uploads\/2024\/03\/30-87-b-600x525-1-150x150.png 150w, https:\/\/bodegaoutdoor.cl\/store\/wp-content\/uploads\/2024\/03\/30-87-b-600x525-1-100x100.png 100w, https:\/\/bodegaoutdoor.cl\/store\/wp-content\/uploads\/2024\/03\/30-87-b-600x525-1-50x50.png 50w\" sizes=\"(max-width: 158px) 100vw, 158px\" \/>                                    <\/a>\n                                                                        <a class=\"product-title\" href=\"https:\/\/bodegaoutdoor.cl\/store\/product\/silla-plegable-de-camping-grande\/\">Silla Plegable De Camping Grande<\/a>\n                                    <span class=\"price\">\n                                        <del aria-hidden=\"true\"><span class=\"woocommerce-Price-amount amount\"><bdi><span class=\"woocommerce-Price-currencySymbol\" translate=\"no\">$<\/span>19,990<\/bdi><\/span><\/del> <span class=\"screen-reader-text\">El precio original era: $19,990.<\/span><ins aria-hidden=\"true\"><span class=\"woocommerce-Price-amount amount\"><bdi><span class=\"woocommerce-Price-currencySymbol\" translate=\"no\">$<\/span>14,990<\/bdi><\/span><\/ins><span class=\"screen-reader-text\">El precio actual es: $14,990.<\/span>                                    <\/span>\n                                <\/div>\n                                                            <div class=\"xs-product-category swiper-slide\">\n                                                                        <a class=\"xs_product_img_link\" href=\"https:\/\/bodegaoutdoor.cl\/store\/product\/cunas-de-camping-plegables-al-aire-libre-para-adultos-cama-ligera-y-duradera-para-dormir-portatil-y-resistente-con-bolsa-de-transporte\/\">\n                                        <img loading=\"lazy\" decoding=\"async\" width=\"158\" height=\"158\" src=\"https:\/\/bodegaoutdoor.cl\/store\/wp-content\/uploads\/2023\/12\/81073-fkh1or-300x300.jpg\" class=\"attachment-158x158 size-158x158\" alt=\"cama de Camping plegable ligera y duradera para dormir, port\u00e1til\" srcset=\"https:\/\/bodegaoutdoor.cl\/store\/wp-content\/uploads\/2023\/12\/81073-fkh1or-300x300.jpg 300w, https:\/\/bodegaoutdoor.cl\/store\/wp-content\/uploads\/2023\/12\/81073-fkh1or-150x150.jpg 150w, https:\/\/bodegaoutdoor.cl\/store\/wp-content\/uploads\/2023\/12\/81073-fkh1or-600x600.jpg 600w, https:\/\/bodegaoutdoor.cl\/store\/wp-content\/uploads\/2023\/12\/81073-fkh1or-100x100.jpg 100w, https:\/\/bodegaoutdoor.cl\/store\/wp-content\/uploads\/2023\/12\/81073-fkh1or-50x50.jpg 50w, https:\/\/bodegaoutdoor.cl\/store\/wp-content\/uploads\/2023\/12\/81073-fkh1or.jpg 750w\" sizes=\"(max-width: 158px) 100vw, 158px\" \/>                                    <\/a>\n                                                                        <a class=\"product-title\" href=\"https:\/\/bodegaoutdoor.cl\/store\/product\/cunas-de-camping-plegables-al-aire-libre-para-adultos-cama-ligera-y-duradera-para-dormir-portatil-y-resistente-con-bolsa-de-transporte\/\">cama de Camping plegable ligera y duradera para dormir, port\u00e1til<\/a>\n                                    <span class=\"price\">\n                                        <del aria-hidden=\"true\"><span class=\"woocommerce-Price-amount amount\"><bdi><span class=\"woocommerce-Price-currencySymbol\" translate=\"no\">$<\/span>99,990<\/bdi><\/span><\/del> <span class=\"screen-reader-text\">El precio original era: $99,990.<\/span><ins aria-hidden=\"true\"><span class=\"woocommerce-Price-amount amount\"><bdi><span class=\"woocommerce-Price-currencySymbol\" translate=\"no\">$<\/span>49,990<\/bdi><\/span><\/ins><span class=\"screen-reader-text\">El precio actual es: $49,990.<\/span>                                    <\/span>\n                                <\/div>\n                                                <\/div>\n                    <div class=\"swiper-pagination\"><\/div>\n                <\/div>\n            <\/div>\n                                <div class=\"tab-pane fade \" id=\"xs-tabs-29381-2\">\n                <div class=\"xs-tab-slider-6-col swiper tab-slider-center\">\n                    <div class=\"swiper-wrapper\">\n                                            <\/div>\n                    <div class=\"swiper-pagination\"><\/div>\n                <\/div>\n            <\/div>\n                                <div class=\"tab-pane fade \" id=\"xs-tabs-29381-3\">\n                <div class=\"xs-tab-slider-6-col swiper tab-slider-center\">\n                    <div class=\"swiper-wrapper\">\n                                                        <div class=\"xs-product-category swiper-slide\">\n                                                                        <a class=\"xs_product_img_link\" href=\"https:\/\/bodegaoutdoor.cl\/store\/product\/neumatico-para-enduro-120-100-18-medium-soft\/\">\n                                        <img loading=\"lazy\" decoding=\"async\" width=\"158\" height=\"158\" src=\"https:\/\/bodegaoutdoor.cl\/store\/wp-content\/uploads\/2026\/05\/WhatsApp-Image-2026-05-17-at-17.30.44-300x300.jpeg\" class=\"attachment-158x158 size-158x158\" alt=\"Neumatico para enduro 120\/100\/18 Medium soft\" srcset=\"https:\/\/bodegaoutdoor.cl\/store\/wp-content\/uploads\/2026\/05\/WhatsApp-Image-2026-05-17-at-17.30.44-300x300.jpeg 300w, https:\/\/bodegaoutdoor.cl\/store\/wp-content\/uploads\/2026\/05\/WhatsApp-Image-2026-05-17-at-17.30.44-150x150.jpeg 150w, https:\/\/bodegaoutdoor.cl\/store\/wp-content\/uploads\/2026\/05\/WhatsApp-Image-2026-05-17-at-17.30.44-100x100.jpeg 100w, https:\/\/bodegaoutdoor.cl\/store\/wp-content\/uploads\/2026\/05\/WhatsApp-Image-2026-05-17-at-17.30.44-50x50.jpeg 50w\" sizes=\"(max-width: 158px) 100vw, 158px\" \/>                                    <\/a>\n                                                                        <a class=\"product-title\" href=\"https:\/\/bodegaoutdoor.cl\/store\/product\/neumatico-para-enduro-120-100-18-medium-soft\/\">Neumatico para enduro 120\/100\/18 Medium soft<\/a>\n                                    <span class=\"price\">\n                                        <del aria-hidden=\"true\"><span class=\"woocommerce-Price-amount amount\"><bdi><span class=\"woocommerce-Price-currencySymbol\" translate=\"no\">$<\/span>99,900<\/bdi><\/span><\/del> <span class=\"screen-reader-text\">El precio original era: $99,900.<\/span><ins aria-hidden=\"true\"><span class=\"woocommerce-Price-amount amount\"><bdi><span class=\"woocommerce-Price-currencySymbol\" translate=\"no\">$<\/span>52,990<\/bdi><\/span><\/ins><span class=\"screen-reader-text\">El precio actual es: $52,990.<\/span>                                    <\/span>\n                                <\/div>\n                                                            <div class=\"xs-product-category swiper-slide\">\n                                                                        <a class=\"xs_product_img_link\" href=\"https:\/\/bodegaoutdoor.cl\/store\/product\/kit-de-accesorios-de-pesca-cana-regulable-hasta-2-10m\/\">\n                                        <img loading=\"lazy\" decoding=\"async\" width=\"158\" height=\"158\" src=\"https:\/\/bodegaoutdoor.cl\/store\/wp-content\/uploads\/2025\/01\/F-126__8_-300x300.jpg\" class=\"attachment-158x158 size-158x158\" alt=\"KIT DE ACCESORIOS DE PESCA CA\u00d1A regulable hasta 2.10m\" srcset=\"https:\/\/bodegaoutdoor.cl\/store\/wp-content\/uploads\/2025\/01\/F-126__8_-300x300.jpg 300w, https:\/\/bodegaoutdoor.cl\/store\/wp-content\/uploads\/2025\/01\/F-126__8_-1024x1024.jpg 1024w, https:\/\/bodegaoutdoor.cl\/store\/wp-content\/uploads\/2025\/01\/F-126__8_-150x150.jpg 150w, https:\/\/bodegaoutdoor.cl\/store\/wp-content\/uploads\/2025\/01\/F-126__8_-768x768.jpg 768w, https:\/\/bodegaoutdoor.cl\/store\/wp-content\/uploads\/2025\/01\/F-126__8_-1536x1536.jpg 1536w, https:\/\/bodegaoutdoor.cl\/store\/wp-content\/uploads\/2025\/01\/F-126__8_-2048x2048.jpg 2048w, https:\/\/bodegaoutdoor.cl\/store\/wp-content\/uploads\/2025\/01\/F-126__8_-600x600.jpg 600w, https:\/\/bodegaoutdoor.cl\/store\/wp-content\/uploads\/2025\/01\/F-126__8_-100x100.jpg 100w\" sizes=\"(max-width: 158px) 100vw, 158px\" \/>                                    <\/a>\n                                                                        <a class=\"product-title\" href=\"https:\/\/bodegaoutdoor.cl\/store\/product\/kit-de-accesorios-de-pesca-cana-regulable-hasta-2-10m\/\">KIT DE ACCESORIOS DE PESCA CA\u00d1A regulable hasta 2.10m<\/a>\n                                    <span class=\"price\">\n                                        <del aria-hidden=\"true\"><span class=\"woocommerce-Price-amount amount\"><bdi><span class=\"woocommerce-Price-currencySymbol\" translate=\"no\">$<\/span>35,000<\/bdi><\/span><\/del> <span class=\"screen-reader-text\">El precio original era: $35,000.<\/span><ins aria-hidden=\"true\"><span class=\"woocommerce-Price-amount amount\"><bdi><span class=\"woocommerce-Price-currencySymbol\" translate=\"no\">$<\/span>24,990<\/bdi><\/span><\/ins><span class=\"screen-reader-text\">El precio actual es: $24,990.<\/span>                                    <\/span>\n                                <\/div>\n                                                            <div class=\"xs-product-category swiper-slide\">\n                                                                        <a class=\"xs_product_img_link\" href=\"https:\/\/bodegaoutdoor.cl\/store\/product\/carpa-techo-camping-3x3-metros\/\">\n                                        <img loading=\"lazy\" decoding=\"async\" width=\"158\" height=\"158\" src=\"https:\/\/bodegaoutdoor.cl\/store\/wp-content\/uploads\/2024\/12\/TECHO-3X3-300x300.jpeg\" class=\"attachment-158x158 size-158x158\" alt=\"Carpa Techo Camping 3&#215;3 metros\" srcset=\"https:\/\/bodegaoutdoor.cl\/store\/wp-content\/uploads\/2024\/12\/TECHO-3X3-300x300.jpeg 300w, https:\/\/bodegaoutdoor.cl\/store\/wp-content\/uploads\/2024\/12\/TECHO-3X3-150x150.jpeg 150w, https:\/\/bodegaoutdoor.cl\/store\/wp-content\/uploads\/2024\/12\/TECHO-3X3-768x768.jpeg 768w, https:\/\/bodegaoutdoor.cl\/store\/wp-content\/uploads\/2024\/12\/TECHO-3X3-600x600.jpeg 600w, https:\/\/bodegaoutdoor.cl\/store\/wp-content\/uploads\/2024\/12\/TECHO-3X3-100x100.jpeg 100w, https:\/\/bodegaoutdoor.cl\/store\/wp-content\/uploads\/2024\/12\/TECHO-3X3.jpeg 800w\" sizes=\"(max-width: 158px) 100vw, 158px\" \/>                                    <\/a>\n                                                                        <a class=\"product-title\" href=\"https:\/\/bodegaoutdoor.cl\/store\/product\/carpa-techo-camping-3x3-metros\/\">Carpa Techo Camping 3&#215;3 metros<\/a>\n                                    <span class=\"price\">\n                                        <del aria-hidden=\"true\"><span class=\"woocommerce-Price-amount amount\"><bdi><span class=\"woocommerce-Price-currencySymbol\" translate=\"no\">$<\/span>100,000<\/bdi><\/span><\/del> <span class=\"screen-reader-text\">El precio original era: $100,000.<\/span><ins aria-hidden=\"true\"><span class=\"woocommerce-Price-amount amount\"><bdi><span class=\"woocommerce-Price-currencySymbol\" translate=\"no\">$<\/span>49,990<\/bdi><\/span><\/ins><span class=\"screen-reader-text\">El precio actual es: $49,990.<\/span>                                    <\/span>\n                                <\/div>\n                                                            <div class=\"xs-product-category swiper-slide\">\n                                                                        <a class=\"xs_product_img_link\" href=\"https:\/\/bodegaoutdoor.cl\/store\/product\/gorro-police\/\">\n                                        <img loading=\"lazy\" decoding=\"async\" width=\"158\" height=\"158\" src=\"https:\/\/bodegaoutdoor.cl\/store\/wp-content\/uploads\/2024\/12\/WhatsApp-Image-2024-05-16-at-9.44.56-AM-300x300.jpeg\" class=\"attachment-158x158 size-158x158\" alt=\"GORRO JOCKEY POLICE\" srcset=\"https:\/\/bodegaoutdoor.cl\/store\/wp-content\/uploads\/2024\/12\/WhatsApp-Image-2024-05-16-at-9.44.56-AM-300x300.jpeg 300w, https:\/\/bodegaoutdoor.cl\/store\/wp-content\/uploads\/2024\/12\/WhatsApp-Image-2024-05-16-at-9.44.56-AM-150x150.jpeg 150w, https:\/\/bodegaoutdoor.cl\/store\/wp-content\/uploads\/2024\/12\/WhatsApp-Image-2024-05-16-at-9.44.56-AM-100x100.jpeg 100w\" sizes=\"(max-width: 158px) 100vw, 158px\" \/>                                    <\/a>\n                                                                        <a class=\"product-title\" href=\"https:\/\/bodegaoutdoor.cl\/store\/product\/gorro-police\/\">GORRO JOCKEY POLICE<\/a>\n                                    <span class=\"price\">\n                                        <del aria-hidden=\"true\"><span class=\"woocommerce-Price-amount amount\"><bdi><span class=\"woocommerce-Price-currencySymbol\" translate=\"no\">$<\/span>15,000<\/bdi><\/span><\/del> <span class=\"screen-reader-text\">El precio original era: $15,000.<\/span><ins aria-hidden=\"true\"><span class=\"woocommerce-Price-amount amount\"><bdi><span class=\"woocommerce-Price-currencySymbol\" translate=\"no\">$<\/span>9,990<\/bdi><\/span><\/ins><span class=\"screen-reader-text\">El precio actual es: $9,990.<\/span>                                    <\/span>\n                                <\/div>\n                                                            <div class=\"xs-product-category swiper-slide\">\n                                                                        <a class=\"xs_product_img_link\" href=\"https:\/\/bodegaoutdoor.cl\/store\/product\/telescopio-comet-501-10-30x50\/\">\n                                        <img loading=\"lazy\" decoding=\"async\" width=\"158\" height=\"158\" src=\"https:\/\/bodegaoutdoor.cl\/store\/wp-content\/uploads\/2024\/12\/103050-600x600.jpeg-300x300.webp\" class=\"attachment-158x158 size-158x158\" alt=\"TELESCOPIO comet 501 10-30X50\" srcset=\"https:\/\/bodegaoutdoor.cl\/store\/wp-content\/uploads\/2024\/12\/103050-600x600.jpeg-300x300.webp 300w, https:\/\/bodegaoutdoor.cl\/store\/wp-content\/uploads\/2024\/12\/103050-600x600.jpeg-150x150.webp 150w, https:\/\/bodegaoutdoor.cl\/store\/wp-content\/uploads\/2024\/12\/103050-600x600.jpeg-100x100.webp 100w, https:\/\/bodegaoutdoor.cl\/store\/wp-content\/uploads\/2024\/12\/103050-600x600.jpeg.webp 600w\" sizes=\"(max-width: 158px) 100vw, 158px\" \/>                                    <\/a>\n                                                                        <a class=\"product-title\" href=\"https:\/\/bodegaoutdoor.cl\/store\/product\/telescopio-comet-501-10-30x50\/\">TELESCOPIO comet 501 10-30X50<\/a>\n                                    <span class=\"price\">\n                                        <del aria-hidden=\"true\"><span class=\"woocommerce-Price-amount amount\"><bdi><span class=\"woocommerce-Price-currencySymbol\" translate=\"no\">$<\/span>150,000<\/bdi><\/span><\/del> <span class=\"screen-reader-text\">El precio original era: $150,000.<\/span><ins aria-hidden=\"true\"><span class=\"woocommerce-Price-amount amount\"><bdi><span class=\"woocommerce-Price-currencySymbol\" translate=\"no\">$<\/span>99,990<\/bdi><\/span><\/ins><span class=\"screen-reader-text\">El precio actual es: $99,990.<\/span>                                    <\/span>\n                                <\/div>\n                                                            <div class=\"xs-product-category swiper-slide\">\n                                                                        <a class=\"xs_product_img_link\" href=\"https:\/\/bodegaoutdoor.cl\/store\/product\/hacha-de-supervivencia-multifuncion-tactica-martillo-outdoor-mango-de-plasticorescate\/\">\n                                        <img loading=\"lazy\" decoding=\"async\" width=\"158\" height=\"158\" src=\"https:\/\/bodegaoutdoor.cl\/store\/wp-content\/uploads\/2024\/12\/hacha-bodega-outdoor-survivor-1-300x300.jpeg\" class=\"attachment-158x158 size-158x158\" alt=\"Hacha de supervivencia, multifunci\u00f3n t\u00e1ctica, martillo, outdoor, mango de pl\u00e1stico,rescate\" srcset=\"https:\/\/bodegaoutdoor.cl\/store\/wp-content\/uploads\/2024\/12\/hacha-bodega-outdoor-survivor-1-300x300.jpeg 300w, https:\/\/bodegaoutdoor.cl\/store\/wp-content\/uploads\/2024\/12\/hacha-bodega-outdoor-survivor-1-150x150.jpeg 150w, https:\/\/bodegaoutdoor.cl\/store\/wp-content\/uploads\/2024\/12\/hacha-bodega-outdoor-survivor-1-768x768.jpeg 768w, https:\/\/bodegaoutdoor.cl\/store\/wp-content\/uploads\/2024\/12\/hacha-bodega-outdoor-survivor-1-600x600.jpeg 600w, https:\/\/bodegaoutdoor.cl\/store\/wp-content\/uploads\/2024\/12\/hacha-bodega-outdoor-survivor-1-100x100.jpeg 100w, https:\/\/bodegaoutdoor.cl\/store\/wp-content\/uploads\/2024\/12\/hacha-bodega-outdoor-survivor-1.jpeg 1024w\" sizes=\"(max-width: 158px) 100vw, 158px\" \/>                                    <\/a>\n                                                                        <a class=\"product-title\" href=\"https:\/\/bodegaoutdoor.cl\/store\/product\/hacha-de-supervivencia-multifuncion-tactica-martillo-outdoor-mango-de-plasticorescate\/\">Hacha de supervivencia, multifunci\u00f3n t\u00e1ctica, martillo, outdoor, mango de pl\u00e1stico,rescate<\/a>\n                                    <span class=\"price\">\n                                        <del aria-hidden=\"true\"><span class=\"woocommerce-Price-amount amount\"><bdi><span class=\"woocommerce-Price-currencySymbol\" translate=\"no\">$<\/span>60,000<\/bdi><\/span><\/del> <span class=\"screen-reader-text\">El precio original era: $60,000.<\/span><ins aria-hidden=\"true\"><span class=\"woocommerce-Price-amount amount\"><bdi><span class=\"woocommerce-Price-currencySymbol\" translate=\"no\">$<\/span>29,990<\/bdi><\/span><\/ins><span class=\"screen-reader-text\">El precio actual es: $29,990.<\/span>                                    <\/span>\n                                <\/div>\n                                                            <div class=\"xs-product-category swiper-slide\">\n                                                                        <a class=\"xs_product_img_link\" href=\"https:\/\/bodegaoutdoor.cl\/store\/product\/termo-1-litro-1000ml-de-doble-pared-al-vacio-liviano\/\">\n                                        <img loading=\"lazy\" decoding=\"async\" width=\"158\" height=\"158\" src=\"https:\/\/bodegaoutdoor.cl\/store\/wp-content\/uploads\/2024\/11\/Sin-titulo-300x300.png\" class=\"attachment-158x158 size-158x158\" alt=\"Termo 1 Litro \/ 1000ml, de doble pared al vac\u00edo Liviano\" srcset=\"https:\/\/bodegaoutdoor.cl\/store\/wp-content\/uploads\/2024\/11\/Sin-titulo-300x300.png 300w, https:\/\/bodegaoutdoor.cl\/store\/wp-content\/uploads\/2024\/11\/Sin-titulo-150x150.png 150w, https:\/\/bodegaoutdoor.cl\/store\/wp-content\/uploads\/2024\/11\/Sin-titulo-100x100.png 100w, https:\/\/bodegaoutdoor.cl\/store\/wp-content\/uploads\/2024\/11\/Sin-titulo-50x50.png 50w\" sizes=\"(max-width: 158px) 100vw, 158px\" \/>                                    <\/a>\n                                                                        <a class=\"product-title\" href=\"https:\/\/bodegaoutdoor.cl\/store\/product\/termo-1-litro-1000ml-de-doble-pared-al-vacio-liviano\/\">Termo 1 Litro \/ 1000ml, de doble pared al vac\u00edo Liviano<\/a>\n                                    <span class=\"price\">\n                                        <del aria-hidden=\"true\"><span class=\"woocommerce-Price-amount amount\"><bdi><span class=\"woocommerce-Price-currencySymbol\" translate=\"no\">$<\/span>19,990<\/bdi><\/span><\/del> <span class=\"screen-reader-text\">El precio original era: $19,990.<\/span><ins aria-hidden=\"true\"><span class=\"woocommerce-Price-amount amount\"><bdi><span class=\"woocommerce-Price-currencySymbol\" translate=\"no\">$<\/span>9,990<\/bdi><\/span><\/ins><span class=\"screen-reader-text\">El precio actual es: $9,990.<\/span>                                    <\/span>\n                                <\/div>\n                                                            <div class=\"xs-product-category swiper-slide\">\n                                                                        <a class=\"xs_product_img_link\" href=\"https:\/\/bodegaoutdoor.cl\/store\/product\/chaqueta-tactica-de-polar-con-capucha\/\">\n                                        <img loading=\"lazy\" decoding=\"async\" width=\"158\" height=\"158\" src=\"https:\/\/bodegaoutdoor.cl\/store\/wp-content\/uploads\/2024\/07\/polar-tactico-2-300x300.png\" class=\"attachment-158x158 size-158x158\" alt=\"Chaqueta Tactica De Polar Con Capucha\" srcset=\"https:\/\/bodegaoutdoor.cl\/store\/wp-content\/uploads\/2024\/07\/polar-tactico-2-300x300.png 300w, https:\/\/bodegaoutdoor.cl\/store\/wp-content\/uploads\/2024\/07\/polar-tactico-2-150x150.png 150w, https:\/\/bodegaoutdoor.cl\/store\/wp-content\/uploads\/2024\/07\/polar-tactico-2-100x100.png 100w, https:\/\/bodegaoutdoor.cl\/store\/wp-content\/uploads\/2024\/07\/polar-tactico-2-50x50.png 50w\" sizes=\"(max-width: 158px) 100vw, 158px\" \/>                                    <\/a>\n                                                                        <a class=\"product-title\" href=\"https:\/\/bodegaoutdoor.cl\/store\/product\/chaqueta-tactica-de-polar-con-capucha\/\">Chaqueta Tactica De Polar Con Capucha<\/a>\n                                    <span class=\"price\">\n                                        <del aria-hidden=\"true\"><span class=\"woocommerce-Price-amount amount\"><bdi><span class=\"woocommerce-Price-currencySymbol\" translate=\"no\">$<\/span>99,990<\/bdi><\/span><\/del> <span class=\"screen-reader-text\">El precio original era: $99,990.<\/span><ins aria-hidden=\"true\"><span class=\"woocommerce-Price-amount amount\"><bdi><span class=\"woocommerce-Price-currencySymbol\" translate=\"no\">$<\/span>59,990<\/bdi><\/span><\/ins><span class=\"screen-reader-text\">El precio actual es: $59,990.<\/span>                                    <\/span>\n                                <\/div>\n                                                            <div class=\"xs-product-category swiper-slide\">\n                                                                        <a class=\"xs_product_img_link\" href=\"https:\/\/bodegaoutdoor.cl\/store\/product\/poston-800-balines-metalicos-bbs-calibre-4-5mm-para-pistola\/\">\n                                        <img loading=\"lazy\" decoding=\"async\" width=\"158\" height=\"158\" src=\"https:\/\/bodegaoutdoor.cl\/store\/wp-content\/uploads\/2024\/03\/39ba0a91-2955-48c8-865f-e91e06e6403a-300x300.jpg\" class=\"attachment-158x158 size-158x158\" alt=\"Poston 800 Balines Metalicos Bbs Calibre 4.5mm Para Pistola\" srcset=\"https:\/\/bodegaoutdoor.cl\/store\/wp-content\/uploads\/2024\/03\/39ba0a91-2955-48c8-865f-e91e06e6403a-300x300.jpg 300w, https:\/\/bodegaoutdoor.cl\/store\/wp-content\/uploads\/2024\/03\/39ba0a91-2955-48c8-865f-e91e06e6403a-150x150.jpg 150w, https:\/\/bodegaoutdoor.cl\/store\/wp-content\/uploads\/2024\/03\/39ba0a91-2955-48c8-865f-e91e06e6403a-100x100.jpg 100w, https:\/\/bodegaoutdoor.cl\/store\/wp-content\/uploads\/2024\/03\/39ba0a91-2955-48c8-865f-e91e06e6403a-50x50.jpg 50w\" sizes=\"(max-width: 158px) 100vw, 158px\" \/>                                    <\/a>\n                                                                        <a class=\"product-title\" href=\"https:\/\/bodegaoutdoor.cl\/store\/product\/poston-800-balines-metalicos-bbs-calibre-4-5mm-para-pistola\/\">Poston 800 Balines Metalicos Bbs Calibre 4.5mm Para Pistola<\/a>\n                                    <span class=\"price\">\n                                        <del aria-hidden=\"true\"><span class=\"woocommerce-Price-amount amount\"><bdi><span class=\"woocommerce-Price-currencySymbol\" translate=\"no\">$<\/span>8,000<\/bdi><\/span><\/del> <span class=\"screen-reader-text\">El precio original era: $8,000.<\/span><ins aria-hidden=\"true\"><span class=\"woocommerce-Price-amount amount\"><bdi><span class=\"woocommerce-Price-currencySymbol\" translate=\"no\">$<\/span>6,000<\/bdi><\/span><\/ins><span class=\"screen-reader-text\">El precio actual es: $6,000.<\/span>                                    <\/span>\n                                <\/div>\n                                                            <div class=\"xs-product-category swiper-slide\">\n                                                                        <a class=\"xs_product_img_link\" href=\"https:\/\/bodegaoutdoor.cl\/store\/product\/bolsa-de-balines-trazadores-luminosos-para-airsoft-0-25g\/\">\n                                        <img loading=\"lazy\" decoding=\"async\" width=\"158\" height=\"158\" src=\"https:\/\/bodegaoutdoor.cl\/store\/wp-content\/uploads\/2024\/03\/5878c152-cb03-438b-812d-d1c70d5d8557-300x300.jpg\" class=\"attachment-158x158 size-158x158\" alt=\"Bolsa De Balines Trazadores Luminosos Para Airsoft 0.25g\" srcset=\"https:\/\/bodegaoutdoor.cl\/store\/wp-content\/uploads\/2024\/03\/5878c152-cb03-438b-812d-d1c70d5d8557-300x300.jpg 300w, https:\/\/bodegaoutdoor.cl\/store\/wp-content\/uploads\/2024\/03\/5878c152-cb03-438b-812d-d1c70d5d8557-150x150.jpg 150w, https:\/\/bodegaoutdoor.cl\/store\/wp-content\/uploads\/2024\/03\/5878c152-cb03-438b-812d-d1c70d5d8557-100x100.jpg 100w, https:\/\/bodegaoutdoor.cl\/store\/wp-content\/uploads\/2024\/03\/5878c152-cb03-438b-812d-d1c70d5d8557-50x50.jpg 50w\" sizes=\"(max-width: 158px) 100vw, 158px\" \/>                                    <\/a>\n                                                                        <a class=\"product-title\" href=\"https:\/\/bodegaoutdoor.cl\/store\/product\/bolsa-de-balines-trazadores-luminosos-para-airsoft-0-25g\/\">Bolsa De Balines Trazadores Luminosos Para Airsoft 0.25g<\/a>\n                                    <span class=\"price\">\n                                        <del aria-hidden=\"true\"><span class=\"woocommerce-Price-amount amount\"><bdi><span class=\"woocommerce-Price-currencySymbol\" translate=\"no\">$<\/span>15,000<\/bdi><\/span><\/del> <span class=\"screen-reader-text\">El precio original era: $15,000.<\/span><ins aria-hidden=\"true\"><span class=\"woocommerce-Price-amount amount\"><bdi><span class=\"woocommerce-Price-currencySymbol\" translate=\"no\">$<\/span>12,500<\/bdi><\/span><\/ins><span class=\"screen-reader-text\">El precio actual es: $12,500.<\/span>                                    <\/span>\n                                <\/div>\n                                                            <div class=\"xs-product-category swiper-slide\">\n                                                                        <a class=\"xs_product_img_link\" href=\"https:\/\/bodegaoutdoor.cl\/store\/product\/silla-plegable-de-camping-grande\/\">\n                                        <img loading=\"lazy\" decoding=\"async\" width=\"158\" height=\"158\" src=\"https:\/\/bodegaoutdoor.cl\/store\/wp-content\/uploads\/2024\/03\/30-87-b-600x525-1-300x300.png\" class=\"attachment-158x158 size-158x158\" alt=\"Silla Plegable De Camping Grande\" srcset=\"https:\/\/bodegaoutdoor.cl\/store\/wp-content\/uploads\/2024\/03\/30-87-b-600x525-1-300x300.png 300w, https:\/\/bodegaoutdoor.cl\/store\/wp-content\/uploads\/2024\/03\/30-87-b-600x525-1-150x150.png 150w, https:\/\/bodegaoutdoor.cl\/store\/wp-content\/uploads\/2024\/03\/30-87-b-600x525-1-100x100.png 100w, https:\/\/bodegaoutdoor.cl\/store\/wp-content\/uploads\/2024\/03\/30-87-b-600x525-1-50x50.png 50w\" sizes=\"(max-width: 158px) 100vw, 158px\" \/>                                    <\/a>\n                                                                        <a class=\"product-title\" href=\"https:\/\/bodegaoutdoor.cl\/store\/product\/silla-plegable-de-camping-grande\/\">Silla Plegable De Camping Grande<\/a>\n                                    <span class=\"price\">\n                                        <del aria-hidden=\"true\"><span class=\"woocommerce-Price-amount amount\"><bdi><span class=\"woocommerce-Price-currencySymbol\" translate=\"no\">$<\/span>19,990<\/bdi><\/span><\/del> <span class=\"screen-reader-text\">El precio original era: $19,990.<\/span><ins aria-hidden=\"true\"><span class=\"woocommerce-Price-amount amount\"><bdi><span class=\"woocommerce-Price-currencySymbol\" translate=\"no\">$<\/span>14,990<\/bdi><\/span><\/ins><span class=\"screen-reader-text\">El precio actual es: $14,990.<\/span>                                    <\/span>\n                                <\/div>\n                                                            <div class=\"xs-product-category swiper-slide\">\n                                                                        <a class=\"xs_product_img_link\" href=\"https:\/\/bodegaoutdoor.cl\/store\/product\/cunas-de-camping-plegables-al-aire-libre-para-adultos-cama-ligera-y-duradera-para-dormir-portatil-y-resistente-con-bolsa-de-transporte\/\">\n                                        <img loading=\"lazy\" decoding=\"async\" width=\"158\" height=\"158\" src=\"https:\/\/bodegaoutdoor.cl\/store\/wp-content\/uploads\/2023\/12\/81073-fkh1or-300x300.jpg\" class=\"attachment-158x158 size-158x158\" alt=\"cama de Camping plegable ligera y duradera para dormir, port\u00e1til\" srcset=\"https:\/\/bodegaoutdoor.cl\/store\/wp-content\/uploads\/2023\/12\/81073-fkh1or-300x300.jpg 300w, https:\/\/bodegaoutdoor.cl\/store\/wp-content\/uploads\/2023\/12\/81073-fkh1or-150x150.jpg 150w, https:\/\/bodegaoutdoor.cl\/store\/wp-content\/uploads\/2023\/12\/81073-fkh1or-600x600.jpg 600w, https:\/\/bodegaoutdoor.cl\/store\/wp-content\/uploads\/2023\/12\/81073-fkh1or-100x100.jpg 100w, https:\/\/bodegaoutdoor.cl\/store\/wp-content\/uploads\/2023\/12\/81073-fkh1or-50x50.jpg 50w, https:\/\/bodegaoutdoor.cl\/store\/wp-content\/uploads\/2023\/12\/81073-fkh1or.jpg 750w\" sizes=\"(max-width: 158px) 100vw, 158px\" \/>                                    <\/a>\n                                                                        <a class=\"product-title\" href=\"https:\/\/bodegaoutdoor.cl\/store\/product\/cunas-de-camping-plegables-al-aire-libre-para-adultos-cama-ligera-y-duradera-para-dormir-portatil-y-resistente-con-bolsa-de-transporte\/\">cama de Camping plegable ligera y duradera para dormir, port\u00e1til<\/a>\n                                    <span class=\"price\">\n                                        <del aria-hidden=\"true\"><span class=\"woocommerce-Price-amount amount\"><bdi><span class=\"woocommerce-Price-currencySymbol\" translate=\"no\">$<\/span>99,990<\/bdi><\/span><\/del> <span class=\"screen-reader-text\">El precio original era: $99,990.<\/span><ins aria-hidden=\"true\"><span class=\"woocommerce-Price-amount amount\"><bdi><span class=\"woocommerce-Price-currencySymbol\" translate=\"no\">$<\/span>49,990<\/bdi><\/span><\/ins><span class=\"screen-reader-text\">El precio actual es: $49,990.<\/span>                                    <\/span>\n                                <\/div>\n                                                <\/div>\n                    <div class=\"swiper-pagination\"><\/div>\n                <\/div>\n            <\/div>\n            <\/div>\t\t\t\t<\/div>\n\t\t\t\t<\/div>\n\t\t\t\t\t<\/div>\n\t\t<\/div>\n\t\t\t\t\t<\/div>\n\t\t<\/section>\n\t\t\t\t<section class=\"elementor-section elementor-top-section elementor-element elementor-element-652de500 elementor-section-boxed elementor-section-height-default elementor-section-height-default\" data-id=\"652de500\" data-element_type=\"section\" data-e-type=\"section\" data-settings=\"{&quot;background_background&quot;:&quot;classic&quot;}\">\n\t\t\t\t\t\t<div class=\"elementor-container elementor-column-gap-default\">\n\t\t\t\t\t<div class=\"elementor-column elementor-col-100 elementor-top-column elementor-element elementor-element-3b2f900f\" data-id=\"3b2f900f\" data-element_type=\"column\" data-e-type=\"column\">\n\t\t\t<div class=\"elementor-widget-wrap elementor-element-populated\">\n\t\t\t\t\t\t<section class=\"elementor-section elementor-inner-section elementor-element elementor-element-12004c67 elementor-section-boxed elementor-section-height-default elementor-section-height-default\" data-id=\"12004c67\" data-element_type=\"section\" data-e-type=\"section\" data-settings=\"{&quot;background_background&quot;:&quot;classic&quot;}\">\n\t\t\t\t\t\t<div class=\"elementor-container elementor-column-gap-default\">\n\t\t\t\t\t<div class=\"elementor-column elementor-col-50 elementor-inner-column elementor-element elementor-element-6f476432\" data-id=\"6f476432\" data-element_type=\"column\" data-e-type=\"column\">\n\t\t\t<div class=\"elementor-widget-wrap elementor-element-populated\">\n\t\t\t\t\t\t<div class=\"elementor-element elementor-element-2d524dc elementor-widget elementor-widget-image\" data-id=\"2d524dc\" data-element_type=\"widget\" data-e-type=\"widget\" data-widget_type=\"image.default\">\n\t\t\t\t<div class=\"elementor-widget-container\">\n\t\t\t\t\t\t\t\t\t\t\t\t\t\t\t<img loading=\"lazy\" decoding=\"async\" width=\"423\" height=\"372\" src=\"https:\/\/bodegaoutdoor.cl\/store\/wp-content\/uploads\/2018\/05\/hd_tv_1.png\" class=\"attachment-large size-large wp-image-955\" alt=\"\" \/>\t\t\t\t\t\t\t\t\t\t\t\t\t\t\t<\/div>\n\t\t\t\t<\/div>\n\t\t\t\t\t<\/div>\n\t\t<\/div>\n\t\t\t\t<div class=\"elementor-column elementor-col-50 elementor-inner-column elementor-element elementor-element-43ef36ee\" data-id=\"43ef36ee\" data-element_type=\"column\" data-e-type=\"column\">\n\t\t\t<div class=\"elementor-widget-wrap elementor-element-populated\">\n\t\t\t\t\t\t<div class=\"elementor-element elementor-element-2c8a684b elementor-widget elementor-widget-xs-heading\" data-id=\"2c8a684b\" data-element_type=\"widget\" data-e-type=\"widget\" data-widget_type=\"xs-heading.default\">\n\t\t\t\t<div class=\"elementor-widget-container\">\n\t\t\t\t\t    <h2 class=\"xs-heading-sub\">Get 50% Off<\/h2>\n<h3 class=\"xs-heading-title\">Every UHD TV Item<\/h3>\n\t\t\t\t<\/div>\n\t\t\t\t<\/div>\n\t\t\t\t<div class=\"elementor-element elementor-element-3255be03 elementor-align-left elementor-widget elementor-widget-xs-button\" data-id=\"3255be03\" data-element_type=\"widget\" data-e-type=\"widget\" data-widget_type=\"xs-button.default\">\n\t\t\t\t<div class=\"elementor-widget-container\">\n\t\t\t\t\t                    <a href=\"#\" target=\"_self\" class=\"btn btn-primary\">\n                Go Shop            <\/a>\n                \t\t\t\t<\/div>\n\t\t\t\t<\/div>\n\t\t\t\t\t<\/div>\n\t\t<\/div>\n\t\t\t\t\t<\/div>\n\t\t<\/section>\n\t\t\t\t\t<\/div>\n\t\t<\/div>\n\t\t\t\t\t<\/div>\n\t\t<\/section>\n\t\t\t\t<section class=\"elementor-section elementor-top-section elementor-element elementor-element-346e95f3 elementor-section-boxed elementor-section-height-default elementor-section-height-default\" data-id=\"346e95f3\" data-element_type=\"section\" data-e-type=\"section\">\n\t\t\t\t\t\t<div class=\"elementor-container elementor-column-gap-default\">\n\t\t\t\t\t<div class=\"elementor-column elementor-col-33 elementor-top-column elementor-element elementor-element-29ef57a1\" data-id=\"29ef57a1\" data-element_type=\"column\" data-e-type=\"column\">\n\t\t\t<div class=\"elementor-widget-wrap elementor-element-populated\">\n\t\t\t\t\t\t<div class=\"elementor-element elementor-element-38f1419d elementor-widget elementor-widget-xs-woo-carousel\" data-id=\"38f1419d\" data-element_type=\"widget\" data-e-type=\"widget\" data-widget_type=\"xs-woo-carousel.default\">\n\t\t\t\t<div class=\"elementor-widget-container\">\n\t\t\t\t\t<div class=\"xs-content-header\">\n    <h2 class=\"xs-content-title version-2\">Featured Products<\/h2>\n\n    <div class=\"customNavigation xs-custom-nav\">    \n       <div class=\"tab-button-prev swiper-prev-38f1419d\">\n           <i class=\"xsicon xsicon-angle-left\"><\/i>\n       <\/div>\n       <div class=\"tab-button-next swiper-next-38f1419d\">\n           <i class=\"xsicon xsicon-angle-right\"><\/i>\n       <\/div>\n    <\/div>\n    <div class=\"clearfix\"><\/div>\n<\/div>\n<div data-controls=\"{&quot;widget_id&quot;:&quot;38f1419d&quot;}\" class=\"xs-product-slider-1 swiper\">\n    <div class=\"swiper-wrapper\">\n            <\/div>\n<\/div>    \t\t\t\t<\/div>\n\t\t\t\t<\/div>\n\t\t\t\t\t<\/div>\n\t\t<\/div>\n\t\t\t\t<div class=\"elementor-column elementor-col-33 elementor-top-column elementor-element elementor-element-7aa6b6e1\" data-id=\"7aa6b6e1\" data-element_type=\"column\" data-e-type=\"column\">\n\t\t\t<div class=\"elementor-widget-wrap elementor-element-populated\">\n\t\t\t\t\t\t<div class=\"elementor-element elementor-element-3f122387 elementor-widget elementor-widget-xs-woo-carousel\" data-id=\"3f122387\" data-element_type=\"widget\" data-e-type=\"widget\" data-widget_type=\"xs-woo-carousel.default\">\n\t\t\t\t<div class=\"elementor-widget-container\">\n\t\t\t\t\t<div class=\"xs-content-header\">\n    <h2 class=\"xs-content-title version-2\">Trending Products<\/h2>\n\n    <div class=\"customNavigation xs-custom-nav\">    \n       <div class=\"tab-button-prev swiper-prev-3f122387\">\n           <i class=\"xsicon xsicon-angle-left\"><\/i>\n       <\/div>\n       <div class=\"tab-button-next swiper-next-3f122387\">\n           <i class=\"xsicon xsicon-angle-right\"><\/i>\n       <\/div>\n    <\/div>\n    <div class=\"clearfix\"><\/div>\n<\/div>\n<div data-controls=\"{&quot;widget_id&quot;:&quot;3f122387&quot;}\" class=\"xs-product-slider-1 swiper\">\n    <div class=\"swiper-wrapper\">\n                                        <div class=\"xs-product-slider-item swiper-slide\">\n                            <div class=\"xs-product-widget media version-2\">\n                                        <a class=\"xs_product_img_link\" href=\"https:\/\/bodegaoutdoor.cl\/store\/product\/cinturon-corrector-postura-espalda-ajustable-clavicula-columna-vertebral-correccion-postura-lumbar\/\">\n                            <img loading=\"lazy\" decoding=\"async\" width=\"71\" height=\"70\" src=\"https:\/\/bodegaoutdoor.cl\/store\/wp-content\/uploads\/2020\/12\/22093-eq17cf-100x100.jpg\" class=\"attachment-71x70 size-71x70\" alt=\"Cintur\u00f3n Corrector postura espalda ajustable clav\u00edcula columna vertebral correcci\u00f3n postura Lumbar\" srcset=\"https:\/\/bodegaoutdoor.cl\/store\/wp-content\/uploads\/2020\/12\/22093-eq17cf-100x100.jpg 100w, https:\/\/bodegaoutdoor.cl\/store\/wp-content\/uploads\/2020\/12\/22093-eq17cf-300x300.jpg 300w, https:\/\/bodegaoutdoor.cl\/store\/wp-content\/uploads\/2020\/12\/22093-eq17cf-600x600.jpg 600w, https:\/\/bodegaoutdoor.cl\/store\/wp-content\/uploads\/2020\/12\/22093-eq17cf-150x150.jpg 150w, https:\/\/bodegaoutdoor.cl\/store\/wp-content\/uploads\/2020\/12\/22093-eq17cf-768x768.jpg 768w, https:\/\/bodegaoutdoor.cl\/store\/wp-content\/uploads\/2020\/12\/22093-eq17cf.jpg 800w\" sizes=\"(max-width: 71px) 100vw, 71px\" \/>                    <\/a>\n                                        <div class=\"media-body align-self-center product-widget-content\">\n                        <a class=\"product-title small\" href=\"https:\/\/bodegaoutdoor.cl\/store\/product\/cinturon-corrector-postura-espalda-ajustable-clavicula-columna-vertebral-correccion-postura-lumbar\/\">Cintur\u00f3n Corrector postura espalda ajustable clav\u00edcula columna vertebral correcci\u00f3n postura Lumbar<\/a>\n                        \n                        <span class=\"price small\"><del aria-hidden=\"true\"><span class=\"woocommerce-Price-amount amount\"><bdi><span class=\"woocommerce-Price-currencySymbol\" translate=\"no\">$<\/span>29,990<\/bdi><\/span><\/del> <span class=\"screen-reader-text\">El precio original era: $29,990.<\/span><ins aria-hidden=\"true\"><span class=\"woocommerce-Price-amount amount\"><bdi><span class=\"woocommerce-Price-currencySymbol\" translate=\"no\">$<\/span>17,990<\/bdi><\/span><\/ins><span class=\"screen-reader-text\">El precio actual es: $17,990.<\/span> <\/span>\n                    <\/div><!-- .product-widget-content .version-2 END -->\n                <\/div>\n                                                                <div class=\"xs-product-widget media version-2\">\n                                        <a class=\"xs_product_img_link\" href=\"https:\/\/bodegaoutdoor.cl\/store\/product\/lentes-polarizados-vintage-driving-travel-fishing-classic-outdoor\/\">\n                            <img loading=\"lazy\" decoding=\"async\" width=\"71\" height=\"70\" src=\"https:\/\/bodegaoutdoor.cl\/store\/wp-content\/uploads\/2021\/02\/29480-17w8xd-100x100.jpg\" class=\"attachment-71x70 size-71x70\" alt=\"Lentes Polarizados Vintage Driving Travel Fishing Classic Outdoor\" srcset=\"https:\/\/bodegaoutdoor.cl\/store\/wp-content\/uploads\/2021\/02\/29480-17w8xd-100x100.jpg 100w, https:\/\/bodegaoutdoor.cl\/store\/wp-content\/uploads\/2021\/02\/29480-17w8xd-300x300.jpg 300w, https:\/\/bodegaoutdoor.cl\/store\/wp-content\/uploads\/2021\/02\/29480-17w8xd-600x600.jpg 600w, https:\/\/bodegaoutdoor.cl\/store\/wp-content\/uploads\/2021\/02\/29480-17w8xd-150x150.jpg 150w, https:\/\/bodegaoutdoor.cl\/store\/wp-content\/uploads\/2021\/02\/29480-17w8xd-768x768.jpg 768w, https:\/\/bodegaoutdoor.cl\/store\/wp-content\/uploads\/2021\/02\/29480-17w8xd.jpg 800w\" sizes=\"(max-width: 71px) 100vw, 71px\" \/>                    <\/a>\n                                        <div class=\"media-body align-self-center product-widget-content\">\n                        <a class=\"product-title small\" href=\"https:\/\/bodegaoutdoor.cl\/store\/product\/lentes-polarizados-vintage-driving-travel-fishing-classic-outdoor\/\">Lentes Polarizados Vintage Driving Travel Fishing Classic Outdoor<\/a>\n                        \n                        <span class=\"price small\"><del aria-hidden=\"true\"><span class=\"woocommerce-Price-amount amount\"><bdi><span class=\"woocommerce-Price-currencySymbol\" translate=\"no\">$<\/span>14,990<\/bdi><\/span><\/del> <span class=\"screen-reader-text\">El precio original era: $14,990.<\/span><ins aria-hidden=\"true\"><span class=\"woocommerce-Price-amount amount\"><bdi><span class=\"woocommerce-Price-currencySymbol\" translate=\"no\">$<\/span>11,990<\/bdi><\/span><\/ins><span class=\"screen-reader-text\">El precio actual es: $11,990.<\/span> <\/span>\n                    <\/div><!-- .product-widget-content .version-2 END -->\n                <\/div>\n                                                                <div class=\"xs-product-widget media version-2\">\n                                        <a class=\"xs_product_img_link\" href=\"https:\/\/bodegaoutdoor.cl\/store\/product\/lemfo-reloj-inteligente-iwo-14-pro-hw67-reloj-inteligente-hombre-llamada-bluetooth-nfc-imagen-de-la-esfera-personalizada-presion-arterial-frecuencia-cardiaca-reloj-inteligente-mujer-smartwatch-soporte\/\">\n                            <img loading=\"lazy\" decoding=\"async\" width=\"71\" height=\"70\" src=\"https:\/\/bodegaoutdoor.cl\/store\/wp-content\/uploads\/2022\/06\/58305-5tjyqv-100x100.jpg\" class=\"attachment-71x70 size-71x70\" alt=\"Lemfo-reloj inteligente Iwo 14 Pro HW67 reloj inteligente hombre Llamada Bluetooth NFC Imagen de la esfera personalizada Presi\u00f3n arterial Frecuencia card\u00edaca reloj inteligente mujer smartwatch Soporte para  Android Ios\" srcset=\"https:\/\/bodegaoutdoor.cl\/store\/wp-content\/uploads\/2022\/06\/58305-5tjyqv-100x100.jpg 100w, https:\/\/bodegaoutdoor.cl\/store\/wp-content\/uploads\/2022\/06\/58305-5tjyqv-300x300.jpg 300w, https:\/\/bodegaoutdoor.cl\/store\/wp-content\/uploads\/2022\/06\/58305-5tjyqv-600x600.jpg 600w, https:\/\/bodegaoutdoor.cl\/store\/wp-content\/uploads\/2022\/06\/58305-5tjyqv-150x150.jpg 150w, https:\/\/bodegaoutdoor.cl\/store\/wp-content\/uploads\/2022\/06\/58305-5tjyqv-768x768.jpg 768w, https:\/\/bodegaoutdoor.cl\/store\/wp-content\/uploads\/2022\/06\/58305-5tjyqv.jpg 1200w\" sizes=\"(max-width: 71px) 100vw, 71px\" \/>                    <\/a>\n                                        <div class=\"media-body align-self-center product-widget-content\">\n                        <a class=\"product-title small\" href=\"https:\/\/bodegaoutdoor.cl\/store\/product\/lemfo-reloj-inteligente-iwo-14-pro-hw67-reloj-inteligente-hombre-llamada-bluetooth-nfc-imagen-de-la-esfera-personalizada-presion-arterial-frecuencia-cardiaca-reloj-inteligente-mujer-smartwatch-soporte\/\">Lemfo-reloj inteligente Iwo 14 Pro HW67 reloj inteligente hombre Llamada Bluetooth NFC Imagen de la esfera personalizada Presi\u00f3n arterial Frecuencia card\u00edaca reloj inteligente mujer smartwatch Soporte para  Android Ios<\/a>\n                        \n                        <span class=\"price small\"><span class=\"woocommerce-Price-amount amount\"><bdi><span class=\"woocommerce-Price-currencySymbol\" translate=\"no\">$<\/span>49,990<\/bdi><\/span> <\/span>\n                    <\/div><!-- .product-widget-content .version-2 END -->\n                <\/div>\n                                <\/div>\n                                                            <div class=\"xs-product-slider-item swiper-slide\">\n                            <div class=\"xs-product-widget media version-2\">\n                                        <a class=\"xs_product_img_link\" href=\"https:\/\/bodegaoutdoor.cl\/store\/product\/gafas-para-ciclismo-para-motocicletas-lentes-para-correr-deportes-de-pesca-ciclismo\/\">\n                            <img loading=\"lazy\" decoding=\"async\" width=\"71\" height=\"70\" src=\"https:\/\/bodegaoutdoor.cl\/store\/wp-content\/uploads\/2020\/11\/20963-o6ob61-100x100.jpg\" class=\"attachment-71x70 size-71x70\" alt=\"Gafas para ciclismo para motocicletas, Lentes para correr, deportes de pesca, ciclismo\" srcset=\"https:\/\/bodegaoutdoor.cl\/store\/wp-content\/uploads\/2020\/11\/20963-o6ob61-100x100.jpg 100w, https:\/\/bodegaoutdoor.cl\/store\/wp-content\/uploads\/2020\/11\/20963-o6ob61-300x300.jpg 300w, https:\/\/bodegaoutdoor.cl\/store\/wp-content\/uploads\/2020\/11\/20963-o6ob61-600x600.jpg 600w, https:\/\/bodegaoutdoor.cl\/store\/wp-content\/uploads\/2020\/11\/20963-o6ob61-150x150.jpg 150w, https:\/\/bodegaoutdoor.cl\/store\/wp-content\/uploads\/2020\/11\/20963-o6ob61-768x768.jpg 768w, https:\/\/bodegaoutdoor.cl\/store\/wp-content\/uploads\/2020\/11\/20963-o6ob61.jpg 800w\" sizes=\"(max-width: 71px) 100vw, 71px\" \/>                    <\/a>\n                                        <div class=\"media-body align-self-center product-widget-content\">\n                        <a class=\"product-title small\" href=\"https:\/\/bodegaoutdoor.cl\/store\/product\/gafas-para-ciclismo-para-motocicletas-lentes-para-correr-deportes-de-pesca-ciclismo\/\">Gafas para ciclismo para motocicletas, Lentes para correr, deportes de pesca, ciclismo<\/a>\n                        \n                        <span class=\"price small\"><span class=\"woocommerce-Price-amount amount\" aria-hidden=\"true\"><bdi><span class=\"woocommerce-Price-currencySymbol\" translate=\"no\">$<\/span>34,990<\/bdi><\/span> <span aria-hidden=\"true\">-<\/span> <span class=\"woocommerce-Price-amount amount\" aria-hidden=\"true\"><bdi><span class=\"woocommerce-Price-currencySymbol\" translate=\"no\">$<\/span>39,990<\/bdi><\/span><span class=\"screen-reader-text\">Rango de precios: desde $34,990 hasta $39,990<\/span> <\/span>\n                    <\/div><!-- .product-widget-content .version-2 END -->\n                <\/div>\n                                                                <div class=\"xs-product-widget media version-2\">\n                                        <a class=\"xs_product_img_link\" href=\"https:\/\/bodegaoutdoor.cl\/store\/product\/calcetines-deportivos-profesionales-para-hombre-y-mujer-medias-transpirables-para-escalada-senderismo-caminar-y-correr\/\">\n                            <img loading=\"lazy\" decoding=\"async\" width=\"71\" height=\"70\" src=\"https:\/\/bodegaoutdoor.cl\/store\/wp-content\/uploads\/2021\/09\/47822-rivyk2-100x100.jpg\" class=\"attachment-71x70 size-71x70\" alt=\"Calcetines deportivos profesionales para hombre y mujer, medias transpirables para escalada, senderismo deportes\" srcset=\"https:\/\/bodegaoutdoor.cl\/store\/wp-content\/uploads\/2021\/09\/47822-rivyk2-100x100.jpg 100w, https:\/\/bodegaoutdoor.cl\/store\/wp-content\/uploads\/2021\/09\/47822-rivyk2-300x300.jpg 300w, https:\/\/bodegaoutdoor.cl\/store\/wp-content\/uploads\/2021\/09\/47822-rivyk2-600x600.jpg 600w, https:\/\/bodegaoutdoor.cl\/store\/wp-content\/uploads\/2021\/09\/47822-rivyk2-150x150.jpg 150w, https:\/\/bodegaoutdoor.cl\/store\/wp-content\/uploads\/2021\/09\/47822-rivyk2-768x768.jpg 768w, https:\/\/bodegaoutdoor.cl\/store\/wp-content\/uploads\/2021\/09\/47822-rivyk2.jpg 800w\" sizes=\"(max-width: 71px) 100vw, 71px\" \/>                    <\/a>\n                                        <div class=\"media-body align-self-center product-widget-content\">\n                        <a class=\"product-title small\" href=\"https:\/\/bodegaoutdoor.cl\/store\/product\/calcetines-deportivos-profesionales-para-hombre-y-mujer-medias-transpirables-para-escalada-senderismo-caminar-y-correr\/\">Calcetines deportivos profesionales para hombre y mujer, medias transpirables para escalada, senderismo deportes<\/a>\n                        \n                        <span class=\"price small\"><del aria-hidden=\"true\"><span class=\"woocommerce-Price-amount amount\"><bdi><span class=\"woocommerce-Price-currencySymbol\" translate=\"no\">$<\/span>19,990<\/bdi><\/span><\/del> <span class=\"screen-reader-text\">El precio original era: $19,990.<\/span><ins aria-hidden=\"true\"><span class=\"woocommerce-Price-amount amount\"><bdi><span class=\"woocommerce-Price-currencySymbol\" translate=\"no\">$<\/span>9,990<\/bdi><\/span><\/ins><span class=\"screen-reader-text\">El precio actual es: $9,990.<\/span> <\/span>\n                    <\/div><!-- .product-widget-content .version-2 END -->\n                <\/div>\n                                                                <div class=\"xs-product-widget media version-2\">\n                                        <a class=\"xs_product_img_link\" href=\"https:\/\/bodegaoutdoor.cl\/store\/product\/gafas-de-sol-polarizadas-aoron-para-hombre-y-mujer-gafas-de-sol-clasicas-con-espejo-para-conducir-al-aire-libre-para-hombre-gafas-con-armazon-de-metal-uv400\/\">\n                            <img loading=\"lazy\" decoding=\"async\" width=\"71\" height=\"70\" src=\"https:\/\/bodegaoutdoor.cl\/store\/wp-content\/uploads\/2020\/08\/9844-hi20fd-100x100.jpg\" class=\"attachment-71x70 size-71x70\" alt=\"Gafas de sol polarizadas Aoron para unisex, outdoor con armaz\u00f3n de Metal UV400\" srcset=\"https:\/\/bodegaoutdoor.cl\/store\/wp-content\/uploads\/2020\/08\/9844-hi20fd-100x100.jpg 100w, https:\/\/bodegaoutdoor.cl\/store\/wp-content\/uploads\/2020\/08\/9844-hi20fd-300x300.jpg 300w, https:\/\/bodegaoutdoor.cl\/store\/wp-content\/uploads\/2020\/08\/9844-hi20fd-600x600.jpg 600w, https:\/\/bodegaoutdoor.cl\/store\/wp-content\/uploads\/2020\/08\/9844-hi20fd-150x150.jpg 150w, https:\/\/bodegaoutdoor.cl\/store\/wp-content\/uploads\/2020\/08\/9844-hi20fd-768x768.jpg 768w, https:\/\/bodegaoutdoor.cl\/store\/wp-content\/uploads\/2020\/08\/9844-hi20fd.jpg 800w\" sizes=\"(max-width: 71px) 100vw, 71px\" \/>                    <\/a>\n                                        <div class=\"media-body align-self-center product-widget-content\">\n                        <a class=\"product-title small\" href=\"https:\/\/bodegaoutdoor.cl\/store\/product\/gafas-de-sol-polarizadas-aoron-para-hombre-y-mujer-gafas-de-sol-clasicas-con-espejo-para-conducir-al-aire-libre-para-hombre-gafas-con-armazon-de-metal-uv400\/\">Gafas de sol polarizadas Aoron para unisex, outdoor con armaz\u00f3n de Metal UV400<\/a>\n                        \n                        <span class=\"price small\"><del aria-hidden=\"true\"><span class=\"woocommerce-Price-amount amount\"><bdi><span class=\"woocommerce-Price-currencySymbol\" translate=\"no\">$<\/span>24,990<\/bdi><\/span><\/del> <span class=\"screen-reader-text\">El precio original era: $24,990.<\/span><ins aria-hidden=\"true\"><span class=\"woocommerce-Price-amount amount\"><bdi><span class=\"woocommerce-Price-currencySymbol\" translate=\"no\">$<\/span>19,990<\/bdi><\/span><\/ins><span class=\"screen-reader-text\">El precio actual es: $19,990.<\/span> <\/span>\n                    <\/div><!-- .product-widget-content .version-2 END -->\n                <\/div>\n                                <\/div>\n                                                            <div class=\"xs-product-slider-item swiper-slide\">\n                            <div class=\"xs-product-widget media version-2\">\n                                        <a class=\"xs_product_img_link\" href=\"https:\/\/bodegaoutdoor.cl\/store\/product\/mrerdith-senuelo-iscas-de-senuelos-pesca-jerk-minnow-100f-14g-wobbler-flotante-24-colores-cebo-duro-calidad-profesional-depth0-8-10m-isca-artificial-frete-gratis-black-minnow\/\">\n                            <img loading=\"lazy\" decoding=\"async\" width=\"71\" height=\"70\" src=\"https:\/\/bodegaoutdoor.cl\/store\/wp-content\/uploads\/2022\/01\/52490-zcljgq-100x100.jpg\" class=\"attachment-71x70 size-71x70\" alt=\"MRERDITH-se\u00f1uelo iscas de se\u00f1uelos pesca JERK MINNOW 100F 14g, Wobbler flotante, 24 colores, cebo duro, calidad profesional Depth0.8-1,0m isca artificial frete gratis black minnow\" srcset=\"https:\/\/bodegaoutdoor.cl\/store\/wp-content\/uploads\/2022\/01\/52490-zcljgq-100x100.jpg 100w, https:\/\/bodegaoutdoor.cl\/store\/wp-content\/uploads\/2022\/01\/52490-zcljgq-300x300.jpg 300w, https:\/\/bodegaoutdoor.cl\/store\/wp-content\/uploads\/2022\/01\/52490-zcljgq-600x600.jpg 600w, https:\/\/bodegaoutdoor.cl\/store\/wp-content\/uploads\/2022\/01\/52490-zcljgq-150x150.jpg 150w, https:\/\/bodegaoutdoor.cl\/store\/wp-content\/uploads\/2022\/01\/52490-zcljgq-768x768.jpg 768w, https:\/\/bodegaoutdoor.cl\/store\/wp-content\/uploads\/2022\/01\/52490-zcljgq.jpg 800w\" sizes=\"(max-width: 71px) 100vw, 71px\" \/>                    <\/a>\n                                        <div class=\"media-body align-self-center product-widget-content\">\n                        <a class=\"product-title small\" href=\"https:\/\/bodegaoutdoor.cl\/store\/product\/mrerdith-senuelo-iscas-de-senuelos-pesca-jerk-minnow-100f-14g-wobbler-flotante-24-colores-cebo-duro-calidad-profesional-depth0-8-10m-isca-artificial-frete-gratis-black-minnow\/\">MRERDITH-se\u00f1uelo iscas de se\u00f1uelos pesca JERK MINNOW 100F 14g, Wobbler flotante, 24 colores, cebo duro, calidad profesional Depth0.8-1,0m isca artificial frete gratis black minnow<\/a>\n                        \n                        <span class=\"price small\"><span class=\"woocommerce-Price-amount amount\"><bdi><span class=\"woocommerce-Price-currencySymbol\" translate=\"no\">$<\/span>5,990<\/bdi><\/span> <\/span>\n                    <\/div><!-- .product-widget-content .version-2 END -->\n                <\/div>\n                                                                <div class=\"xs-product-widget media version-2\">\n                                        <a class=\"xs_product_img_link\" href=\"https:\/\/bodegaoutdoor.cl\/store\/product\/strava-conjuntos-de-camisetas-y-pantalones-cortos-de-ciclismo-color-rojo-verde-fluorescente-maillot-de-ciclismo\/\">\n                            <img loading=\"lazy\" decoding=\"async\" width=\"71\" height=\"70\" src=\"https:\/\/bodegaoutdoor.cl\/store\/wp-content\/uploads\/2021\/09\/48062-xcf2js-100x100.jpg\" class=\"attachment-71x70 size-71x70\" alt=\"STRAVA-Conjunto de camisetas y pantalones cortos de ciclismo, color rojo, verde fluorescente, maillot de ciclismo\" srcset=\"https:\/\/bodegaoutdoor.cl\/store\/wp-content\/uploads\/2021\/09\/48062-xcf2js-100x100.jpg 100w, https:\/\/bodegaoutdoor.cl\/store\/wp-content\/uploads\/2021\/09\/48062-xcf2js-300x300.jpg 300w, https:\/\/bodegaoutdoor.cl\/store\/wp-content\/uploads\/2021\/09\/48062-xcf2js-600x600.jpg 600w, https:\/\/bodegaoutdoor.cl\/store\/wp-content\/uploads\/2021\/09\/48062-xcf2js-150x150.jpg 150w, https:\/\/bodegaoutdoor.cl\/store\/wp-content\/uploads\/2021\/09\/48062-xcf2js-768x768.jpg 768w, https:\/\/bodegaoutdoor.cl\/store\/wp-content\/uploads\/2021\/09\/48062-xcf2js.jpg 900w\" sizes=\"(max-width: 71px) 100vw, 71px\" \/>                    <\/a>\n                                        <div class=\"media-body align-self-center product-widget-content\">\n                        <a class=\"product-title small\" href=\"https:\/\/bodegaoutdoor.cl\/store\/product\/strava-conjuntos-de-camisetas-y-pantalones-cortos-de-ciclismo-color-rojo-verde-fluorescente-maillot-de-ciclismo\/\">STRAVA-Conjunto de camisetas y pantalones cortos de ciclismo, color rojo, verde fluorescente, maillot de ciclismo<\/a>\n                        \n                        <span class=\"price small\"><span class=\"woocommerce-Price-amount amount\" aria-hidden=\"true\"><bdi><span class=\"woocommerce-Price-currencySymbol\" translate=\"no\">$<\/span>24,990<\/bdi><\/span> <span aria-hidden=\"true\">-<\/span> <span class=\"woocommerce-Price-amount amount\" aria-hidden=\"true\"><bdi><span class=\"woocommerce-Price-currencySymbol\" translate=\"no\">$<\/span>39,990<\/bdi><\/span><span class=\"screen-reader-text\">Rango de precios: desde $24,990 hasta $39,990<\/span> <\/span>\n                    <\/div><!-- .product-widget-content .version-2 END -->\n                <\/div>\n                                                                <div class=\"xs-product-widget media version-2\">\n                                        <a class=\"xs_product_img_link\" href=\"https:\/\/bodegaoutdoor.cl\/store\/product\/pasamontanas-de-camuflaje-completa-depores-ciclismo-bufanda\/\">\n                            <img loading=\"lazy\" decoding=\"async\" width=\"71\" height=\"70\" src=\"https:\/\/bodegaoutdoor.cl\/store\/wp-content\/uploads\/2020\/12\/22448-aaufkm-100x100.jpg\" class=\"attachment-71x70 size-71x70\" alt=\"Pasamonta\u00f1as de camuflaje completa, depores, ciclismo,  bufanda\" srcset=\"https:\/\/bodegaoutdoor.cl\/store\/wp-content\/uploads\/2020\/12\/22448-aaufkm-100x100.jpg 100w, https:\/\/bodegaoutdoor.cl\/store\/wp-content\/uploads\/2020\/12\/22448-aaufkm-300x300.jpg 300w, https:\/\/bodegaoutdoor.cl\/store\/wp-content\/uploads\/2020\/12\/22448-aaufkm-600x600.jpg 600w, https:\/\/bodegaoutdoor.cl\/store\/wp-content\/uploads\/2020\/12\/22448-aaufkm-150x150.jpg 150w, https:\/\/bodegaoutdoor.cl\/store\/wp-content\/uploads\/2020\/12\/22448-aaufkm-768x768.jpg 768w, https:\/\/bodegaoutdoor.cl\/store\/wp-content\/uploads\/2020\/12\/22448-aaufkm.jpg 1200w\" sizes=\"(max-width: 71px) 100vw, 71px\" \/>                    <\/a>\n                                        <div class=\"media-body align-self-center product-widget-content\">\n                        <a class=\"product-title small\" href=\"https:\/\/bodegaoutdoor.cl\/store\/product\/pasamontanas-de-camuflaje-completa-depores-ciclismo-bufanda\/\">Pasamonta\u00f1as de camuflaje completa, depores, ciclismo,  bufanda<\/a>\n                        \n                        <span class=\"price small\"><del aria-hidden=\"true\"><span class=\"woocommerce-Price-amount amount\"><bdi><span class=\"woocommerce-Price-currencySymbol\" translate=\"no\">$<\/span>11,990<\/bdi><\/span><\/del> <span class=\"screen-reader-text\">El precio original era: $11,990.<\/span><ins aria-hidden=\"true\"><span class=\"woocommerce-Price-amount amount\"><bdi><span class=\"woocommerce-Price-currencySymbol\" translate=\"no\">$<\/span>9,990<\/bdi><\/span><\/ins><span class=\"screen-reader-text\">El precio actual es: $9,990.<\/span> <\/span>\n                    <\/div><!-- .product-widget-content .version-2 END -->\n                <\/div>\n                                <\/div>\n                                <\/div>\n<\/div>    \t\t\t\t<\/div>\n\t\t\t\t<\/div>\n\t\t\t\t\t<\/div>\n\t\t<\/div>\n\t\t\t\t<div class=\"elementor-column elementor-col-33 elementor-top-column elementor-element elementor-element-1058c01\" data-id=\"1058c01\" data-element_type=\"column\" data-e-type=\"column\">\n\t\t\t<div class=\"elementor-widget-wrap elementor-element-populated\">\n\t\t\t\t\t\t<div class=\"elementor-element elementor-element-500b52d3 elementor-widget elementor-widget-xs-woo-carousel\" data-id=\"500b52d3\" data-element_type=\"widget\" data-e-type=\"widget\" data-widget_type=\"xs-woo-carousel.default\">\n\t\t\t\t<div class=\"elementor-widget-container\">\n\t\t\t\t\t<div class=\"xs-content-header\">\n    <h2 class=\"xs-content-title version-2\">Hot Sale <\/h2>\n\n    <div class=\"customNavigation xs-custom-nav\">    \n       <div class=\"tab-button-prev swiper-prev-500b52d3\">\n           <i class=\"xsicon xsicon-angle-left\"><\/i>\n       <\/div>\n       <div class=\"tab-button-next swiper-next-500b52d3\">\n           <i class=\"xsicon xsicon-angle-right\"><\/i>\n       <\/div>\n    <\/div>\n    <div class=\"clearfix\"><\/div>\n<\/div>\n<div data-controls=\"{&quot;widget_id&quot;:&quot;500b52d3&quot;}\" class=\"xs-product-slider-1 swiper\">\n    <div class=\"swiper-wrapper\">\n                                        <div class=\"xs-product-slider-item swiper-slide\">\n                            <div class=\"xs-product-widget media version-2\">\n                                        <a class=\"xs_product_img_link\" href=\"https:\/\/bodegaoutdoor.cl\/store\/product\/neumatico-para-enduro-120-100-18-medium-soft\/\">\n                            <img loading=\"lazy\" decoding=\"async\" width=\"71\" height=\"70\" src=\"https:\/\/bodegaoutdoor.cl\/store\/wp-content\/uploads\/2026\/05\/WhatsApp-Image-2026-05-17-at-17.30.44-100x100.jpeg\" class=\"attachment-71x70 size-71x70\" alt=\"Neumatico para enduro 120\/100\/18 Medium soft\" srcset=\"https:\/\/bodegaoutdoor.cl\/store\/wp-content\/uploads\/2026\/05\/WhatsApp-Image-2026-05-17-at-17.30.44-100x100.jpeg 100w, https:\/\/bodegaoutdoor.cl\/store\/wp-content\/uploads\/2026\/05\/WhatsApp-Image-2026-05-17-at-17.30.44-150x150.jpeg 150w, https:\/\/bodegaoutdoor.cl\/store\/wp-content\/uploads\/2026\/05\/WhatsApp-Image-2026-05-17-at-17.30.44-300x300.jpeg 300w, https:\/\/bodegaoutdoor.cl\/store\/wp-content\/uploads\/2026\/05\/WhatsApp-Image-2026-05-17-at-17.30.44-50x50.jpeg 50w\" sizes=\"(max-width: 71px) 100vw, 71px\" \/>                    <\/a>\n                                        <div class=\"media-body align-self-center product-widget-content\">\n                        <a class=\"product-title small\" href=\"https:\/\/bodegaoutdoor.cl\/store\/product\/neumatico-para-enduro-120-100-18-medium-soft\/\">Neumatico para enduro 120\/100\/18 Medium soft<\/a>\n                        \n                        <span class=\"price small\"><del aria-hidden=\"true\"><span class=\"woocommerce-Price-amount amount\"><bdi><span class=\"woocommerce-Price-currencySymbol\" translate=\"no\">$<\/span>99,900<\/bdi><\/span><\/del> <span class=\"screen-reader-text\">El precio original era: $99,900.<\/span><ins aria-hidden=\"true\"><span class=\"woocommerce-Price-amount amount\"><bdi><span class=\"woocommerce-Price-currencySymbol\" translate=\"no\">$<\/span>52,990<\/bdi><\/span><\/ins><span class=\"screen-reader-text\">El precio actual es: $52,990.<\/span> <\/span>\n                    <\/div><!-- .product-widget-content .version-2 END -->\n                <\/div>\n                                                                <div class=\"xs-product-widget media version-2\">\n                                        <a class=\"xs_product_img_link\" href=\"https:\/\/bodegaoutdoor.cl\/store\/product\/kit-de-accesorios-de-pesca-cana-regulable-hasta-2-10m\/\">\n                            <img loading=\"lazy\" decoding=\"async\" width=\"71\" height=\"70\" src=\"https:\/\/bodegaoutdoor.cl\/store\/wp-content\/uploads\/2025\/01\/F-126__8_-100x100.jpg\" class=\"attachment-71x70 size-71x70\" alt=\"KIT DE ACCESORIOS DE PESCA CA\u00d1A regulable hasta 2.10m\" srcset=\"https:\/\/bodegaoutdoor.cl\/store\/wp-content\/uploads\/2025\/01\/F-126__8_-100x100.jpg 100w, https:\/\/bodegaoutdoor.cl\/store\/wp-content\/uploads\/2025\/01\/F-126__8_-300x300.jpg 300w, https:\/\/bodegaoutdoor.cl\/store\/wp-content\/uploads\/2025\/01\/F-126__8_-1024x1024.jpg 1024w, https:\/\/bodegaoutdoor.cl\/store\/wp-content\/uploads\/2025\/01\/F-126__8_-150x150.jpg 150w, https:\/\/bodegaoutdoor.cl\/store\/wp-content\/uploads\/2025\/01\/F-126__8_-768x768.jpg 768w, https:\/\/bodegaoutdoor.cl\/store\/wp-content\/uploads\/2025\/01\/F-126__8_-1536x1536.jpg 1536w, https:\/\/bodegaoutdoor.cl\/store\/wp-content\/uploads\/2025\/01\/F-126__8_-2048x2048.jpg 2048w, https:\/\/bodegaoutdoor.cl\/store\/wp-content\/uploads\/2025\/01\/F-126__8_-600x600.jpg 600w\" sizes=\"(max-width: 71px) 100vw, 71px\" \/>                    <\/a>\n                                        <div class=\"media-body align-self-center product-widget-content\">\n                        <a class=\"product-title small\" href=\"https:\/\/bodegaoutdoor.cl\/store\/product\/kit-de-accesorios-de-pesca-cana-regulable-hasta-2-10m\/\">KIT DE ACCESORIOS DE PESCA CA\u00d1A regulable hasta 2.10m<\/a>\n                        \n                        <span class=\"price small\"><del aria-hidden=\"true\"><span class=\"woocommerce-Price-amount amount\"><bdi><span class=\"woocommerce-Price-currencySymbol\" translate=\"no\">$<\/span>35,000<\/bdi><\/span><\/del> <span class=\"screen-reader-text\">El precio original era: $35,000.<\/span><ins aria-hidden=\"true\"><span class=\"woocommerce-Price-amount amount\"><bdi><span class=\"woocommerce-Price-currencySymbol\" translate=\"no\">$<\/span>24,990<\/bdi><\/span><\/ins><span class=\"screen-reader-text\">El precio actual es: $24,990.<\/span> <\/span>\n                    <\/div><!-- .product-widget-content .version-2 END -->\n                <\/div>\n                                                                <div class=\"xs-product-widget media version-2\">\n                                        <a class=\"xs_product_img_link\" href=\"https:\/\/bodegaoutdoor.cl\/store\/product\/carpa-techo-camping-3x3-metros\/\">\n                            <img loading=\"lazy\" decoding=\"async\" width=\"71\" height=\"70\" src=\"https:\/\/bodegaoutdoor.cl\/store\/wp-content\/uploads\/2024\/12\/TECHO-3X3-100x100.jpeg\" class=\"attachment-71x70 size-71x70\" alt=\"Carpa Techo Camping 3&#215;3 metros\" srcset=\"https:\/\/bodegaoutdoor.cl\/store\/wp-content\/uploads\/2024\/12\/TECHO-3X3-100x100.jpeg 100w, https:\/\/bodegaoutdoor.cl\/store\/wp-content\/uploads\/2024\/12\/TECHO-3X3-300x300.jpeg 300w, https:\/\/bodegaoutdoor.cl\/store\/wp-content\/uploads\/2024\/12\/TECHO-3X3-150x150.jpeg 150w, https:\/\/bodegaoutdoor.cl\/store\/wp-content\/uploads\/2024\/12\/TECHO-3X3-768x768.jpeg 768w, https:\/\/bodegaoutdoor.cl\/store\/wp-content\/uploads\/2024\/12\/TECHO-3X3-600x600.jpeg 600w, https:\/\/bodegaoutdoor.cl\/store\/wp-content\/uploads\/2024\/12\/TECHO-3X3.jpeg 800w\" sizes=\"(max-width: 71px) 100vw, 71px\" \/>                    <\/a>\n                                        <div class=\"media-body align-self-center product-widget-content\">\n                        <a class=\"product-title small\" href=\"https:\/\/bodegaoutdoor.cl\/store\/product\/carpa-techo-camping-3x3-metros\/\">Carpa Techo Camping 3&#215;3 metros<\/a>\n                        \n                        <span class=\"price small\"><del aria-hidden=\"true\"><span class=\"woocommerce-Price-amount amount\"><bdi><span class=\"woocommerce-Price-currencySymbol\" translate=\"no\">$<\/span>100,000<\/bdi><\/span><\/del> <span class=\"screen-reader-text\">El precio original era: $100,000.<\/span><ins aria-hidden=\"true\"><span class=\"woocommerce-Price-amount amount\"><bdi><span class=\"woocommerce-Price-currencySymbol\" translate=\"no\">$<\/span>49,990<\/bdi><\/span><\/ins><span class=\"screen-reader-text\">El precio actual es: $49,990.<\/span> <\/span>\n                    <\/div><!-- .product-widget-content .version-2 END -->\n                <\/div>\n                                <\/div>\n                                                            <div class=\"xs-product-slider-item swiper-slide\">\n                            <div class=\"xs-product-widget media version-2\">\n                                        <a class=\"xs_product_img_link\" href=\"https:\/\/bodegaoutdoor.cl\/store\/product\/gorro-police\/\">\n                            <img loading=\"lazy\" decoding=\"async\" width=\"71\" height=\"70\" src=\"https:\/\/bodegaoutdoor.cl\/store\/wp-content\/uploads\/2024\/12\/WhatsApp-Image-2024-05-16-at-9.44.56-AM-100x100.jpeg\" class=\"attachment-71x70 size-71x70\" alt=\"GORRO JOCKEY POLICE\" srcset=\"https:\/\/bodegaoutdoor.cl\/store\/wp-content\/uploads\/2024\/12\/WhatsApp-Image-2024-05-16-at-9.44.56-AM-100x100.jpeg 100w, https:\/\/bodegaoutdoor.cl\/store\/wp-content\/uploads\/2024\/12\/WhatsApp-Image-2024-05-16-at-9.44.56-AM-300x300.jpeg 300w, https:\/\/bodegaoutdoor.cl\/store\/wp-content\/uploads\/2024\/12\/WhatsApp-Image-2024-05-16-at-9.44.56-AM-150x150.jpeg 150w, https:\/\/bodegaoutdoor.cl\/store\/wp-content\/uploads\/2024\/12\/WhatsApp-Image-2024-05-16-at-9.44.56-AM-768x758.jpeg 768w, https:\/\/bodegaoutdoor.cl\/store\/wp-content\/uploads\/2024\/12\/WhatsApp-Image-2024-05-16-at-9.44.56-AM-600x592.jpeg 600w, https:\/\/bodegaoutdoor.cl\/store\/wp-content\/uploads\/2024\/12\/WhatsApp-Image-2024-05-16-at-9.44.56-AM.jpeg 829w\" sizes=\"(max-width: 71px) 100vw, 71px\" \/>                    <\/a>\n                                        <div class=\"media-body align-self-center product-widget-content\">\n                        <a class=\"product-title small\" href=\"https:\/\/bodegaoutdoor.cl\/store\/product\/gorro-police\/\">GORRO JOCKEY POLICE<\/a>\n                        \n                        <span class=\"price small\"><del aria-hidden=\"true\"><span class=\"woocommerce-Price-amount amount\"><bdi><span class=\"woocommerce-Price-currencySymbol\" translate=\"no\">$<\/span>15,000<\/bdi><\/span><\/del> <span class=\"screen-reader-text\">El precio original era: $15,000.<\/span><ins aria-hidden=\"true\"><span class=\"woocommerce-Price-amount amount\"><bdi><span class=\"woocommerce-Price-currencySymbol\" translate=\"no\">$<\/span>9,990<\/bdi><\/span><\/ins><span class=\"screen-reader-text\">El precio actual es: $9,990.<\/span> <\/span>\n                    <\/div><!-- .product-widget-content .version-2 END -->\n                <\/div>\n                                                                <div class=\"xs-product-widget media version-2\">\n                                        <a class=\"xs_product_img_link\" href=\"https:\/\/bodegaoutdoor.cl\/store\/product\/telescopio-comet-501-10-30x50\/\">\n                            <img loading=\"lazy\" decoding=\"async\" width=\"71\" height=\"70\" src=\"https:\/\/bodegaoutdoor.cl\/store\/wp-content\/uploads\/2024\/12\/103050-600x600.jpeg-100x100.webp\" class=\"attachment-71x70 size-71x70\" alt=\"TELESCOPIO comet 501 10-30X50\" srcset=\"https:\/\/bodegaoutdoor.cl\/store\/wp-content\/uploads\/2024\/12\/103050-600x600.jpeg-100x100.webp 100w, https:\/\/bodegaoutdoor.cl\/store\/wp-content\/uploads\/2024\/12\/103050-600x600.jpeg-300x300.webp 300w, https:\/\/bodegaoutdoor.cl\/store\/wp-content\/uploads\/2024\/12\/103050-600x600.jpeg-150x150.webp 150w, https:\/\/bodegaoutdoor.cl\/store\/wp-content\/uploads\/2024\/12\/103050-600x600.jpeg.webp 600w\" sizes=\"(max-width: 71px) 100vw, 71px\" \/>                    <\/a>\n                                        <div class=\"media-body align-self-center product-widget-content\">\n                        <a class=\"product-title small\" href=\"https:\/\/bodegaoutdoor.cl\/store\/product\/telescopio-comet-501-10-30x50\/\">TELESCOPIO comet 501 10-30X50<\/a>\n                        \n                        <span class=\"price small\"><del aria-hidden=\"true\"><span class=\"woocommerce-Price-amount amount\"><bdi><span class=\"woocommerce-Price-currencySymbol\" translate=\"no\">$<\/span>150,000<\/bdi><\/span><\/del> <span class=\"screen-reader-text\">El precio original era: $150,000.<\/span><ins aria-hidden=\"true\"><span class=\"woocommerce-Price-amount amount\"><bdi><span class=\"woocommerce-Price-currencySymbol\" translate=\"no\">$<\/span>99,990<\/bdi><\/span><\/ins><span class=\"screen-reader-text\">El precio actual es: $99,990.<\/span> <\/span>\n                    <\/div><!-- .product-widget-content .version-2 END -->\n                <\/div>\n                                                                <div class=\"xs-product-widget media version-2\">\n                                        <a class=\"xs_product_img_link\" href=\"https:\/\/bodegaoutdoor.cl\/store\/product\/hacha-de-supervivencia-multifuncion-tactica-martillo-outdoor-mango-de-plasticorescate\/\">\n                            <img loading=\"lazy\" decoding=\"async\" width=\"71\" height=\"70\" src=\"https:\/\/bodegaoutdoor.cl\/store\/wp-content\/uploads\/2024\/12\/hacha-bodega-outdoor-survivor-1-100x100.jpeg\" class=\"attachment-71x70 size-71x70\" alt=\"Hacha de supervivencia, multifunci\u00f3n t\u00e1ctica, martillo, outdoor, mango de pl\u00e1stico,rescate\" srcset=\"https:\/\/bodegaoutdoor.cl\/store\/wp-content\/uploads\/2024\/12\/hacha-bodega-outdoor-survivor-1-100x100.jpeg 100w, https:\/\/bodegaoutdoor.cl\/store\/wp-content\/uploads\/2024\/12\/hacha-bodega-outdoor-survivor-1-300x300.jpeg 300w, https:\/\/bodegaoutdoor.cl\/store\/wp-content\/uploads\/2024\/12\/hacha-bodega-outdoor-survivor-1-150x150.jpeg 150w, https:\/\/bodegaoutdoor.cl\/store\/wp-content\/uploads\/2024\/12\/hacha-bodega-outdoor-survivor-1-768x768.jpeg 768w, https:\/\/bodegaoutdoor.cl\/store\/wp-content\/uploads\/2024\/12\/hacha-bodega-outdoor-survivor-1-600x600.jpeg 600w, https:\/\/bodegaoutdoor.cl\/store\/wp-content\/uploads\/2024\/12\/hacha-bodega-outdoor-survivor-1.jpeg 1024w\" sizes=\"(max-width: 71px) 100vw, 71px\" \/>                    <\/a>\n                                        <div class=\"media-body align-self-center product-widget-content\">\n                        <a class=\"product-title small\" href=\"https:\/\/bodegaoutdoor.cl\/store\/product\/hacha-de-supervivencia-multifuncion-tactica-martillo-outdoor-mango-de-plasticorescate\/\">Hacha de supervivencia, multifunci\u00f3n t\u00e1ctica, martillo, outdoor, mango de pl\u00e1stico,rescate<\/a>\n                        \n                        <span class=\"price small\"><del aria-hidden=\"true\"><span class=\"woocommerce-Price-amount amount\"><bdi><span class=\"woocommerce-Price-currencySymbol\" translate=\"no\">$<\/span>60,000<\/bdi><\/span><\/del> <span class=\"screen-reader-text\">El precio original era: $60,000.<\/span><ins aria-hidden=\"true\"><span class=\"woocommerce-Price-amount amount\"><bdi><span class=\"woocommerce-Price-currencySymbol\" translate=\"no\">$<\/span>29,990<\/bdi><\/span><\/ins><span class=\"screen-reader-text\">El precio actual es: $29,990.<\/span> <\/span>\n                    <\/div><!-- .product-widget-content .version-2 END -->\n                <\/div>\n                                <\/div>\n                                                            <div class=\"xs-product-slider-item swiper-slide\">\n                            <div class=\"xs-product-widget media version-2\">\n                                        <a class=\"xs_product_img_link\" href=\"https:\/\/bodegaoutdoor.cl\/store\/product\/termo-1-litro-1000ml-de-doble-pared-al-vacio-liviano\/\">\n                            <img loading=\"lazy\" decoding=\"async\" width=\"71\" height=\"70\" src=\"https:\/\/bodegaoutdoor.cl\/store\/wp-content\/uploads\/2024\/11\/Sin-titulo-100x100.png\" class=\"attachment-71x70 size-71x70\" alt=\"Termo 1 Litro \/ 1000ml, de doble pared al vac\u00edo Liviano\" srcset=\"https:\/\/bodegaoutdoor.cl\/store\/wp-content\/uploads\/2024\/11\/Sin-titulo-100x100.png 100w, https:\/\/bodegaoutdoor.cl\/store\/wp-content\/uploads\/2024\/11\/Sin-titulo-150x150.png 150w, https:\/\/bodegaoutdoor.cl\/store\/wp-content\/uploads\/2024\/11\/Sin-titulo-300x300.png 300w, https:\/\/bodegaoutdoor.cl\/store\/wp-content\/uploads\/2024\/11\/Sin-titulo-50x50.png 50w\" sizes=\"(max-width: 71px) 100vw, 71px\" \/>                    <\/a>\n                                        <div class=\"media-body align-self-center product-widget-content\">\n                        <a class=\"product-title small\" href=\"https:\/\/bodegaoutdoor.cl\/store\/product\/termo-1-litro-1000ml-de-doble-pared-al-vacio-liviano\/\">Termo 1 Litro \/ 1000ml, de doble pared al vac\u00edo Liviano<\/a>\n                        \n                        <span class=\"price small\"><del aria-hidden=\"true\"><span class=\"woocommerce-Price-amount amount\"><bdi><span class=\"woocommerce-Price-currencySymbol\" translate=\"no\">$<\/span>19,990<\/bdi><\/span><\/del> <span class=\"screen-reader-text\">El precio original era: $19,990.<\/span><ins aria-hidden=\"true\"><span class=\"woocommerce-Price-amount amount\"><bdi><span class=\"woocommerce-Price-currencySymbol\" translate=\"no\">$<\/span>9,990<\/bdi><\/span><\/ins><span class=\"screen-reader-text\">El precio actual es: $9,990.<\/span> <\/span>\n                    <\/div><!-- .product-widget-content .version-2 END -->\n                <\/div>\n                                                                <div class=\"xs-product-widget media version-2\">\n                                        <a class=\"xs_product_img_link\" href=\"https:\/\/bodegaoutdoor.cl\/store\/product\/chaqueta-tactica-de-polar-con-capucha\/\">\n                            <img loading=\"lazy\" decoding=\"async\" width=\"71\" height=\"70\" src=\"https:\/\/bodegaoutdoor.cl\/store\/wp-content\/uploads\/2024\/07\/polar-tactico-2-100x100.png\" class=\"attachment-71x70 size-71x70\" alt=\"Chaqueta Tactica De Polar Con Capucha\" srcset=\"https:\/\/bodegaoutdoor.cl\/store\/wp-content\/uploads\/2024\/07\/polar-tactico-2-100x100.png 100w, https:\/\/bodegaoutdoor.cl\/store\/wp-content\/uploads\/2024\/07\/polar-tactico-2-150x150.png 150w, https:\/\/bodegaoutdoor.cl\/store\/wp-content\/uploads\/2024\/07\/polar-tactico-2-300x300.png 300w, https:\/\/bodegaoutdoor.cl\/store\/wp-content\/uploads\/2024\/07\/polar-tactico-2-50x50.png 50w\" sizes=\"(max-width: 71px) 100vw, 71px\" \/>                    <\/a>\n                                        <div class=\"media-body align-self-center product-widget-content\">\n                        <a class=\"product-title small\" href=\"https:\/\/bodegaoutdoor.cl\/store\/product\/chaqueta-tactica-de-polar-con-capucha\/\">Chaqueta Tactica De Polar Con Capucha<\/a>\n                        \n                        <span class=\"price small\"><del aria-hidden=\"true\"><span class=\"woocommerce-Price-amount amount\"><bdi><span class=\"woocommerce-Price-currencySymbol\" translate=\"no\">$<\/span>99,990<\/bdi><\/span><\/del> <span class=\"screen-reader-text\">El precio original era: $99,990.<\/span><ins aria-hidden=\"true\"><span class=\"woocommerce-Price-amount amount\"><bdi><span class=\"woocommerce-Price-currencySymbol\" translate=\"no\">$<\/span>59,990<\/bdi><\/span><\/ins><span class=\"screen-reader-text\">El precio actual es: $59,990.<\/span> <\/span>\n                    <\/div><!-- .product-widget-content .version-2 END -->\n                <\/div>\n                                                                <div class=\"xs-product-widget media version-2\">\n                                        <a class=\"xs_product_img_link\" href=\"https:\/\/bodegaoutdoor.cl\/store\/product\/poston-800-balines-metalicos-bbs-calibre-4-5mm-para-pistola\/\">\n                            <img loading=\"lazy\" decoding=\"async\" width=\"71\" height=\"70\" src=\"https:\/\/bodegaoutdoor.cl\/store\/wp-content\/uploads\/2024\/03\/39ba0a91-2955-48c8-865f-e91e06e6403a-100x100.jpg\" class=\"attachment-71x70 size-71x70\" alt=\"Poston 800 Balines Metalicos Bbs Calibre 4.5mm Para Pistola\" srcset=\"https:\/\/bodegaoutdoor.cl\/store\/wp-content\/uploads\/2024\/03\/39ba0a91-2955-48c8-865f-e91e06e6403a-100x100.jpg 100w, https:\/\/bodegaoutdoor.cl\/store\/wp-content\/uploads\/2024\/03\/39ba0a91-2955-48c8-865f-e91e06e6403a-150x150.jpg 150w, https:\/\/bodegaoutdoor.cl\/store\/wp-content\/uploads\/2024\/03\/39ba0a91-2955-48c8-865f-e91e06e6403a-300x300.jpg 300w, https:\/\/bodegaoutdoor.cl\/store\/wp-content\/uploads\/2024\/03\/39ba0a91-2955-48c8-865f-e91e06e6403a-50x50.jpg 50w\" sizes=\"(max-width: 71px) 100vw, 71px\" \/>                    <\/a>\n                                        <div class=\"media-body align-self-center product-widget-content\">\n                        <a class=\"product-title small\" href=\"https:\/\/bodegaoutdoor.cl\/store\/product\/poston-800-balines-metalicos-bbs-calibre-4-5mm-para-pistola\/\">Poston 800 Balines Metalicos Bbs Calibre 4.5mm Para Pistola<\/a>\n                        \n                        <span class=\"price small\"><del aria-hidden=\"true\"><span class=\"woocommerce-Price-amount amount\"><bdi><span class=\"woocommerce-Price-currencySymbol\" translate=\"no\">$<\/span>8,000<\/bdi><\/span><\/del> <span class=\"screen-reader-text\">El precio original era: $8,000.<\/span><ins aria-hidden=\"true\"><span class=\"woocommerce-Price-amount amount\"><bdi><span class=\"woocommerce-Price-currencySymbol\" translate=\"no\">$<\/span>6,000<\/bdi><\/span><\/ins><span class=\"screen-reader-text\">El precio actual es: $6,000.<\/span> <\/span>\n                    <\/div><!-- .product-widget-content .version-2 END -->\n                <\/div>\n                                <\/div>\n                                <\/div>\n<\/div>    \t\t\t\t<\/div>\n\t\t\t\t<\/div>\n\t\t\t\t\t<\/div>\n\t\t<\/div>\n\t\t\t\t\t<\/div>\n\t\t<\/section>\n\t\t\t\t<section class=\"elementor-section elementor-top-section elementor-element elementor-element-2ab653d3 elementor-section-boxed elementor-section-height-default elementor-section-height-default\" data-id=\"2ab653d3\" data-element_type=\"section\" data-e-type=\"section\">\n\t\t\t\t\t\t<div class=\"elementor-container elementor-column-gap-default\">\n\t\t\t\t\t<div class=\"elementor-column elementor-col-100 elementor-top-column elementor-element elementor-element-227f9e60\" data-id=\"227f9e60\" data-element_type=\"column\" data-e-type=\"column\">\n\t\t\t<div class=\"elementor-widget-wrap elementor-element-populated\">\n\t\t\t\t\t\t<div class=\"elementor-element elementor-element-735ff3e3 elementor-widget elementor-widget-xs-partner\" data-id=\"735ff3e3\" data-element_type=\"widget\" data-e-type=\"widget\" data-widget_type=\"xs-partner.default\">\n\t\t\t\t<div class=\"elementor-widget-container\">\n\t\t\t\t\t        <div class=\"xs-brand-content clearfix\">\n                                                                                                                                        <a href=\"#\" target=\"_self\"> \n                          <img loading=\"lazy\" decoding=\"async\" width=\"130\" height=\"29\" src=\"https:\/\/bodegaoutdoor.cl\/store\/wp-content\/uploads\/2018\/05\/sponsors_121.png\" class=\"attachment-full size-full\" alt=\"sponsors_12\" \/>                        <\/a>\n                                                                                                                                                <a href=\"\" target=\"_self\"> \n                          <img loading=\"lazy\" decoding=\"async\" width=\"130\" height=\"50\" src=\"https:\/\/bodegaoutdoor.cl\/store\/wp-content\/uploads\/2018\/05\/sponsors_131.png\" class=\"attachment-full size-full\" alt=\"sponsors_13\" \/>                        <\/a>\n                                                                                                                                                <a href=\"\" target=\"_self\"> \n                          <img loading=\"lazy\" decoding=\"async\" width=\"131\" height=\"30\" src=\"https:\/\/bodegaoutdoor.cl\/store\/wp-content\/uploads\/2018\/05\/sponsors_141.png\" class=\"attachment-full size-full\" alt=\"sponsors_14\" \/>                        <\/a>\n                                                                                                                                                <a href=\"\" target=\"_self\"> \n                          <img loading=\"lazy\" decoding=\"async\" width=\"130\" height=\"48\" src=\"https:\/\/bodegaoutdoor.cl\/store\/wp-content\/uploads\/2018\/05\/sponsors_151.png\" class=\"attachment-full size-full\" alt=\"sponsors_15\" \/>                        <\/a>\n                                                                                                                                                <a href=\"\" target=\"_self\"> \n                          <img loading=\"lazy\" decoding=\"async\" width=\"130\" height=\"36\" src=\"https:\/\/bodegaoutdoor.cl\/store\/wp-content\/uploads\/2018\/05\/sponsors_161.png\" class=\"attachment-full size-full\" alt=\"sponsors_16\" \/>                        <\/a>\n                                                        <\/div>\n        \t\t\t\t<\/div>\n\t\t\t\t<\/div>\n\t\t\t\t\t<\/div>\n\t\t<\/div>\n\t\t\t\t\t<\/div>\n\t\t<\/section>\n\t\t\t\t<section class=\"elementor-section elementor-top-section elementor-element elementor-element-5af480ef elementor-section-boxed elementor-section-height-default elementor-section-height-default\" data-id=\"5af480ef\" data-element_type=\"section\" data-e-type=\"section\" data-settings=\"{&quot;background_background&quot;:&quot;classic&quot;}\">\n\t\t\t\t\t\t<div class=\"elementor-container elementor-column-gap-default\">\n\t\t\t\t\t<div class=\"elementor-column elementor-col-100 elementor-top-column elementor-element elementor-element-156412c1\" data-id=\"156412c1\" data-element_type=\"column\" data-e-type=\"column\">\n\t\t\t<div class=\"elementor-widget-wrap elementor-element-populated\">\n\t\t\t\t\t\t<section class=\"elementor-section elementor-inner-section elementor-element elementor-element-50bc1254 elementor-section-boxed elementor-section-height-default elementor-section-height-default\" data-id=\"50bc1254\" data-element_type=\"section\" data-e-type=\"section\">\n\t\t\t\t\t\t<div class=\"elementor-container elementor-column-gap-default\">\n\t\t\t\t\t<div class=\"elementor-column elementor-col-50 elementor-inner-column elementor-element elementor-element-182343e6\" data-id=\"182343e6\" data-element_type=\"column\" data-e-type=\"column\">\n\t\t\t<div class=\"elementor-widget-wrap elementor-element-populated\">\n\t\t\t\t\t\t<div class=\"elementor-element elementor-element-55a72429 elementor-position-inline-start elementor-view-default elementor-mobile-position-block-start elementor-widget elementor-widget-icon-box\" data-id=\"55a72429\" data-element_type=\"widget\" data-e-type=\"widget\" data-widget_type=\"icon-box.default\">\n\t\t\t\t<div class=\"elementor-widget-container\">\n\t\t\t\t\t\t\t<div class=\"elementor-icon-box-wrapper\">\n\n\t\t\t\t\t\t<div class=\"elementor-icon-box-icon\">\n\t\t\t\t<span  class=\"elementor-icon\">\n\t\t\t\t<i class=\"icon icon-email\" aria-hidden=\"true\"><\/i>\t\t\t\t<\/span>\n\t\t\t<\/div>\n\t\t\t\n\t\t\t\t\t\t<div class=\"elementor-icon-box-content\">\n\n\t\t\t\t\t\t\t\t\t<h3 class=\"elementor-icon-box-title\">\n\t\t\t\t\t\t<span  >\n\t\t\t\t\t\t\tNewsletter &amp; Get Updates\t\t\t\t\t\t<\/span>\n\t\t\t\t\t<\/h3>\n\t\t\t\t\n\t\t\t\t\t\t\t\t\t<p class=\"elementor-icon-box-description\">\n\t\t\t\t\t\tSign up for our newsletter to get up-to-date from us\t\t\t\t\t<\/p>\n\t\t\t\t\n\t\t\t<\/div>\n\t\t\t\n\t\t<\/div>\n\t\t\t\t\t\t<\/div>\n\t\t\t\t<\/div>\n\t\t\t\t\t<\/div>\n\t\t<\/div>\n\t\t\t\t<div class=\"elementor-column elementor-col-50 elementor-inner-column elementor-element elementor-element-593b6153\" data-id=\"593b6153\" data-element_type=\"column\" data-e-type=\"column\">\n\t\t\t<div class=\"elementor-widget-wrap elementor-element-populated\">\n\t\t\t\t\t\t<div class=\"elementor-element elementor-element-16af5238 elementor-widget elementor-widget-xs-subscribe\" data-id=\"16af5238\" data-element_type=\"widget\" data-e-type=\"widget\" data-widget_type=\"xs-subscribe.default\">\n\t\t\t\t<div class=\"elementor-widget-container\">\n\t\t\t\t\t<form action=\"#\" method=\"POST\" class=\"xs-newsletter newsLetter-v3\" data-link=\"test\">\n    <label for=\"xs-newsletter-email\"><\/label>\n    <input type=\"email\" name=\"email\" id=\"xs-newsletter-email\" placeholder=\"Enter Your Mail Here .....\">\n    <input type=\"submit\" class = \"xs-mailchimp-btn\" value=\"submit\">\n<\/form><!-- .xs-newsletter END-->\n\t\t\t\t<\/div>\n\t\t\t\t<\/div>\n\t\t\t\t\t<\/div>\n\t\t<\/div>\n\t\t\t\t\t<\/div>\n\t\t<\/section>\n\t\t\t\t\t<\/div>\n\t\t<\/div>\n\t\t\t\t\t<\/div>\n\t\t<\/section>\n\t\t\t\t<\/div>\n\t\t\n    <div class=\"xs_social_share_widget xs_share_url after_content \t\tmain_content  wslu-style-1 wslu-share-box-shaped wslu-fill-colored wslu-none wslu-share-horizontal wslu-theme-font-no wslu-main_content\">\n\n\t\t\n        <ul>\n\t\t\t        <\/ul>\n    <\/div> \n","protected":false},"excerpt":{"rendered":"<p>[rev_slider alias=&#8221;home-slider-7&#8243;] Free Delivery from $78 99% Customer feedbacks 10 Days for free return Payment secure system 24\/7 online supports Today Gadgets &amp; Mobile accessories On Sale Hot Sale Trend Best Sale Add to cart Product added! Browse Wishlist The product is already in the wishlist! Browse Wishlist 3d Glass Gamepad Google Glass Mini 3D [&hellip;]<\/p>\n","protected":false},"author":1,"featured_media":0,"parent":0,"menu_order":0,"comment_status":"closed","ping_status":"closed","template":"template\/template-multipage-homepage.php","meta":{"footnotes":""},"class_list":["post-923","page","type-page","status-publish","hentry"],"jetpack_sharing_enabled":true,"_links":{"self":[{"href":"https:\/\/bodegaoutdoor.cl\/store\/wp-json\/wp\/v2\/pages\/923","targetHints":{"allow":["GET"]}}],"collection":[{"href":"https:\/\/bodegaoutdoor.cl\/store\/wp-json\/wp\/v2\/pages"}],"about":[{"href":"https:\/\/bodegaoutdoor.cl\/store\/wp-json\/wp\/v2\/types\/page"}],"author":[{"embeddable":true,"href":"https:\/\/bodegaoutdoor.cl\/store\/wp-json\/wp\/v2\/users\/1"}],"replies":[{"embeddable":true,"href":"https:\/\/bodegaoutdoor.cl\/store\/wp-json\/wp\/v2\/comments?post=923"}],"version-history":[{"count":0,"href":"https:\/\/bodegaoutdoor.cl\/store\/wp-json\/wp\/v2\/pages\/923\/revisions"}],"wp:attachment":[{"href":"https:\/\/bodegaoutdoor.cl\/store\/wp-json\/wp\/v2\/media?parent=923"}],"curies":[{"name":"wp","href":"https:\/\/api.w.org\/{rel}","templated":true}]}}