{"id":15645,"date":"2020-09-06T04:27:38","date_gmt":"2020-09-06T04:27:38","guid":{"rendered":"https:\/\/bodegaoutdoor.cl\/store\/product\/gorros-de-senderismo-de-invierno-a-prueba-de-viento-veqking-gorros-termicos-y-polares-para-hombre-gorros-para-el-cuello-para-moto-y-esqui-gorro-para-el-casco\/"},"modified":"2023-05-04T19:19:25","modified_gmt":"2023-05-04T23:19:25","slug":"gorros-termicos-polar-cuello-para-moto-y-frio-moto","status":"publish","type":"product","link":"https:\/\/bodegaoutdoor.cl\/store\/product\/gorros-termicos-polar-cuello-para-moto-y-frio-moto\/","title":{"rendered":"Gorros t\u00e9rmicos, polar cuello para moto y frio Moto"},"content":{"rendered":"<p style=\"text-align: center;\"><video style=\"max-width: 100%;\" src=\"\/\/cloud.video.taobao.com\/play\/u\/1907412775\/p\/1\/e\/6\/t\/10301\/243811881074.mp4\" poster=\"https:\/\/ae01.alicdn.com\/kf\/HTB1nJcmSXXXXXb6XFXXq6xXFXXXI\/Gorros-de-senderismo-de-invierno-a-prueba-de-viento-VEQKING-gorros-t-rmicos-y-polares-para.jpg,https:\/\/ae01.alicdn.com\/kf\/HTB1LBdMe8mWBuNkSndVq6AsApXan\/Gorros-de-senderismo-de-invierno-a-prueba-de-viento-VEQKING-gorros-t-rmicos-y-polares-para.jpg,https:\/\/ae01.alicdn.com\/kf\/HTB1OXNeLXXXXXaTXVXXq6xXFXXXe\/Gorros-de-senderismo-de-invierno-a-prueba-de-viento-VEQKING-gorros-t-rmicos-y-polares-para.jpg,https:\/\/ae01.alicdn.com\/kf\/HTB14i1NRFXXXXaKapXXq6xXFXXX8\/Gorros-de-senderismo-de-invierno-a-prueba-de-viento-VEQKING-gorros-t-rmicos-y-polares-para.jpg,https:\/\/ae01.alicdn.com\/kf\/HTB1fEheLXXXXXaPXVXXq6xXFXXXn\/Gorros-de-senderismo-de-invierno-a-prueba-de-viento-VEQKING-gorros-t-rmicos-y-polares-para.jpg,https:\/\/ae01.alicdn.com\/kf\/HTB1.kXuLXXXXXXbXpXXq6xXFXXXY\/Gorros-de-senderismo-de-invierno-a-prueba-de-viento-VEQKING-gorros-t-rmicos-y-polares-para.jpg\" preload=\"auto\" controls=\"controls\" width=\"100%\" height=\"100%\"><\/video><\/p>\n<div><\/div>\n<div>\n<div>\n<p><img decoding=\"async\" title=\"Gorros de senderismo de invierno a prueba de viento VEQKING, gorros t\u00e9rmicos y polares para hombre, gorros para el cuello para moto y esqu\u00ed, gorro para el casco\" src=\"https:\/\/bodegaoutdoor.cl\/store\/wp-content\/uploads\/2020\/09\/15645-hbcpxw.jpg\" alt=\"Gorros de senderismo de invierno a prueba de viento VEQKING, gorros t\u00e9rmicos y polares para hombre, gorros para el cuello para moto y esqu\u00ed, gorro para el casco\" \/><\/p>\n<div><strong><span style=\"font-size: 14px;\"><span style=\"font-family: arial, helvetica, sans-serif;\">N\u00b0 de art\u00edculo: AA80009<\/span><\/span><\/strong><\/div>\n<div><\/div>\n<div><strong><span style=\"font-size: 14px;\"><span style=\"font-family: arial, helvetica, sans-serif;\">Condici\u00f3n del art\u00edculo 100% a estrenar<\/span><\/span><\/strong><\/div>\n<div><\/div>\n<div><strong><span style=\"font-size: 14px;\"><span style=\"font-family: arial, helvetica, sans-serif;\">Cantidad: 1 pieza<\/span><\/span><\/strong><\/div>\n<div><\/div>\n<div><strong><span style=\"font-size: 14px;\"><span style=\"font-family: arial, helvetica, sans-serif;\">Color: Negro\/Rojo\/gris\/azul<\/span><\/span><\/strong><\/div>\n<div><\/div>\n<div><strong><span style=\"font-size: 14px;\"><span style=\"font-family: arial, helvetica, sans-serif;\">Para la temporada: invierno<\/span><\/span><\/strong><\/div>\n<div><\/div>\n<div><strong><span style=\"font-size: 14px;\"><span style=\"font-family: arial, helvetica, sans-serif;\">Tama\u00f1o: talla \u00fanica, se adapta a la mayor\u00eda de las personas<\/span><\/span><\/strong><\/div>\n<p align=\"left\"><strong><em><span style=\"margin: 0.0px; padding: 0.0px; border: 0.0px; font-style: inherit; font-weight: inherit; line-height: inherit; vertical-align: baseline;\"><span style=\"margin: 0.0px; padding: 0.0px; border: 0.0px; font-style: inherit; font-weight: inherit; line-height: inherit; font-family: arial , helvetica , sans-serif; vertical-align: baseline;\"><img decoding=\"async\" title=\"Gorros de senderismo de invierno a prueba de viento VEQKING, gorros t\u00e9rmicos y polares para hombre, gorros para el cuello para moto y esqu\u00ed, gorro para el casco\" src=\"https:\/\/bodegaoutdoor.cl\/store\/wp-content\/uploads\/2020\/09\/15645-ftwzu8.jpg\" alt=\"Gorros de senderismo de invierno a prueba de viento VEQKING, gorros t\u00e9rmicos y polares para hombre, gorros para el cuello para moto y esqu\u00ed, gorro para el casco\" \/><\/span><\/span><\/em><\/strong><\/p>\n<p align=\"left\"><strong><em><span style=\"margin: 0.0px; padding: 0.0px; border: 0.0px; font-style: inherit; font-weight: inherit; line-height: inherit; vertical-align: baseline;\"><span style=\"margin: 0.0px; padding: 0.0px; border: 0.0px; font-style: inherit; font-weight: inherit; line-height: inherit; font-family: arial , helvetica , sans-serif; vertical-align: baseline;\"><img decoding=\"async\" title=\"Gorros de senderismo de invierno a prueba de viento VEQKING, gorros t\u00e9rmicos y polares para hombre, gorros para el cuello para moto y esqu\u00ed, gorro para el casco\" src=\"https:\/\/bodegaoutdoor.cl\/store\/wp-content\/uploads\/2020\/09\/15645-of4tqy.jpg\" alt=\"Gorros de senderismo de invierno a prueba de viento VEQKING, gorros t\u00e9rmicos y polares para hombre, gorros para el cuello para moto y esqu\u00ed, gorro para el casco\" \/><\/span><\/span><\/em><\/strong><\/p>\n<p align=\"left\"><span style=\"font-size: 20.0px;\"><span style=\"color: #000000;\"><strong><em><span style=\"margin: 0.0px; padding: 0.0px; border: 0.0px; font-style: inherit; font-weight: inherit; line-height: inherit; vertical-align: baseline;\"><span style=\"margin: 0.0px; padding: 0.0px; border: 0.0px; font-style: inherit; font-weight: inherit; line-height: inherit; font-family: arial , helvetica , sans-serif; vertical-align: baseline;\"><span style=\"background-color: #d8d8d8;\">Muestra de Color &gt;&gt;&gt;&gt;&gt;&gt;&gt;<\/span><\/span><\/span><\/em><\/strong><\/span><\/span><\/p>\n<p align=\"left\"><span style=\"font-size: 20.0px;\"><span style=\"color: #000000;\"><strong><em><span style=\"margin: 0.0px; padding: 0.0px; border: 0.0px; font-style: inherit; font-weight: inherit; line-height: inherit; vertical-align: baseline;\"><span style=\"margin: 0.0px; padding: 0.0px; border: 0.0px; font-style: inherit; font-weight: inherit; line-height: inherit; font-family: arial , helvetica , sans-serif; vertical-align: baseline;\"><span style=\"background-color: #d8d8d8;\"><img fetchpriority=\"high\" decoding=\"async\" title=\"Gorros de senderismo de invierno a prueba de viento VEQKING, gorros t\u00e9rmicos y polares para hombre, gorros para el cuello para moto y esqu\u00ed, gorro para el casco\" src=\"https:\/\/bodegaoutdoor.cl\/store\/wp-content\/uploads\/2020\/09\/15645-duervb.jpg\" alt=\"Gorros de senderismo de invierno a prueba de viento VEQKING, gorros t\u00e9rmicos y polares para hombre, gorros para el cuello para moto y esqu\u00ed, gorro para el casco\" width=\"400\" height=\"400\" \/><img decoding=\"async\" title=\"Gorros de senderismo de invierno a prueba de viento VEQKING, gorros t\u00e9rmicos y polares para hombre, gorros para el cuello para moto y esqu\u00ed, gorro para el casco\" src=\"https:\/\/bodegaoutdoor.cl\/store\/wp-content\/uploads\/2020\/09\/15645-gaq2dx.jpg\" alt=\"Gorros de senderismo de invierno a prueba de viento VEQKING, gorros t\u00e9rmicos y polares para hombre, gorros para el cuello para moto y esqu\u00ed, gorro para el casco\" width=\"400\" height=\"400\" \/><img decoding=\"async\" title=\"Gorros de senderismo de invierno a prueba de viento VEQKING, gorros t\u00e9rmicos y polares para hombre, gorros para el cuello para moto y esqu\u00ed, gorro para el casco\" src=\"https:\/\/bodegaoutdoor.cl\/store\/wp-content\/uploads\/2020\/09\/15645-lukkny.jpg\" alt=\"Gorros de senderismo de invierno a prueba de viento VEQKING, gorros t\u00e9rmicos y polares para hombre, gorros para el cuello para moto y esqu\u00ed, gorro para el casco\" width=\"400\" height=\"400\" \/><img loading=\"lazy\" decoding=\"async\" title=\"Gorros de senderismo de invierno a prueba de viento VEQKING, gorros t\u00e9rmicos y polares para hombre, gorros para el cuello para moto y esqu\u00ed, gorro para el casco\" src=\"https:\/\/bodegaoutdoor.cl\/store\/wp-content\/uploads\/2020\/09\/15645-hhoylv.jpg\" alt=\"Gorros de senderismo de invierno a prueba de viento VEQKING, gorros t\u00e9rmicos y polares para hombre, gorros para el cuello para moto y esqu\u00ed, gorro para el casco\" width=\"400\" height=\"400\" \/><\/span><\/span><\/span><\/em><\/strong><\/span><\/span><\/p>\n<p align=\"left\"><strong style=\"color: #000000; font-size: 20.0px;\"><em><span style=\"margin: 0.0px; padding: 0.0px; border: 0.0px; font-style: inherit; font-weight: inherit; line-height: inherit; vertical-align: baseline;\"><span style=\"margin: 0.0px; padding: 0.0px; border: 0.0px; font-style: inherit; font-weight: inherit; line-height: inherit; font-family: arial , helvetica , sans-serif; vertical-align: baseline;\"><span style=\"background-color: #d8d8d8;\">Los detalles muestran &gt;&gt;&gt;&gt;&gt;&gt;&gt;<\/span><\/span><\/span><\/em><\/strong><\/p>\n<p align=\"left\"><strong><em><span style=\"margin: 0.0px; padding: 0.0px; border: 0.0px; font-style: inherit; font-weight: inherit; line-height: inherit; vertical-align: baseline;\"><span style=\"margin: 0.0px; padding: 0.0px; border: 0.0px; font-style: inherit; font-weight: inherit; line-height: inherit; font-family: arial , helvetica , sans-serif; vertical-align: baseline;\"><img decoding=\"async\" title=\"Gorros de senderismo de invierno a prueba de viento VEQKING, gorros t\u00e9rmicos y polares para hombre, gorros para el cuello para moto y esqu\u00ed, gorro para el casco\" src=\"https:\/\/bodegaoutdoor.cl\/store\/wp-content\/uploads\/2020\/09\/15645-yapiu9.jpg\" alt=\"Gorros de senderismo de invierno a prueba de viento VEQKING, gorros t\u00e9rmicos y polares para hombre, gorros para el cuello para moto y esqu\u00ed, gorro para el casco\" \/><\/span><\/span><\/em><\/strong><\/p>\n<p align=\"left\"><strong><em><span style=\"margin: 0.0px; padding: 0.0px; border: 0.0px; font-style: inherit; font-weight: inherit; line-height: inherit; vertical-align: baseline;\"><span style=\"margin: 0.0px; padding: 0.0px; border: 0.0px; font-style: inherit; font-weight: inherit; line-height: inherit; font-family: arial , helvetica , sans-serif; vertical-align: baseline;\"><img decoding=\"async\" title=\"Gorros de senderismo de invierno a prueba de viento VEQKING, gorros t\u00e9rmicos y polares para hombre, gorros para el cuello para moto y esqu\u00ed, gorro para el casco\" src=\"https:\/\/bodegaoutdoor.cl\/store\/wp-content\/uploads\/2020\/09\/15645-tbbp7j.jpg\" alt=\"Gorros de senderismo de invierno a prueba de viento VEQKING, gorros t\u00e9rmicos y polares para hombre, gorros para el cuello para moto y esqu\u00ed, gorro para el casco\" \/><img decoding=\"async\" title=\"Gorros de senderismo de invierno a prueba de viento VEQKING, gorros t\u00e9rmicos y polares para hombre, gorros para el cuello para moto y esqu\u00ed, gorro para el casco\" src=\"https:\/\/bodegaoutdoor.cl\/store\/wp-content\/uploads\/2020\/09\/15645-2zbrue.jpg\" alt=\"Gorros de senderismo de invierno a prueba de viento VEQKING, gorros t\u00e9rmicos y polares para hombre, gorros para el cuello para moto y esqu\u00ed, gorro para el casco\" \/><img decoding=\"async\" title=\"Gorros de senderismo de invierno a prueba de viento VEQKING, gorros t\u00e9rmicos y polares para hombre, gorros para el cuello para moto y esqu\u00ed, gorro para el casco\" src=\"https:\/\/bodegaoutdoor.cl\/store\/wp-content\/uploads\/2020\/09\/15645-0bjcx7.jpg\" alt=\"Gorros de senderismo de invierno a prueba de viento VEQKING, gorros t\u00e9rmicos y polares para hombre, gorros para el cuello para moto y esqu\u00ed, gorro para el casco\" \/><\/span><\/span><\/em><\/strong><\/p>\n<p align=\"left\"><strong style=\"color: #000000; font-size: 20.0px;\"><em><span style=\"margin: 0.0px; padding: 0.0px; border: 0.0px; font-style: inherit; font-weight: inherit; line-height: inherit; vertical-align: baseline;\"><span style=\"margin: 0.0px; padding: 0.0px; border: 0.0px; font-style: inherit; font-weight: inherit; line-height: inherit; font-family: arial , helvetica , sans-serif; vertical-align: baseline;\"><span style=\"background-color: #d8d8d8;\">6 tipos de uso&gt;<\/span><\/span><\/span><\/em><\/strong><\/p>\n<p align=\"left\"><strong style=\"color: #000000; font-size: 20.0px;\"><em><span style=\"margin: 0.0px; padding: 0.0px; border: 0.0px; font-style: inherit; font-weight: inherit; line-height: inherit; vertical-align: baseline;\"><span style=\"margin: 0.0px; padding: 0.0px; border: 0.0px; font-style: inherit; font-weight: inherit; line-height: inherit; font-family: arial , helvetica , sans-serif; vertical-align: baseline;\"><span style=\"background-color: #d8d8d8;\"><img decoding=\"async\" title=\"Gorros de senderismo de invierno a prueba de viento VEQKING, gorros t\u00e9rmicos y polares para hombre, gorros para el cuello para moto y esqu\u00ed, gorro para el casco\" src=\"https:\/\/bodegaoutdoor.cl\/store\/wp-content\/uploads\/2020\/09\/15645-lmfoqo.jpg\" alt=\"Gorros de senderismo de invierno a prueba de viento VEQKING, gorros t\u00e9rmicos y polares para hombre, gorros para el cuello para moto y esqu\u00ed, gorro para el casco\" \/><\/span><\/span><\/span><\/em><\/strong><\/p>\n<p align=\"left\"><strong style=\"color: #000000;\"><span style=\"font-size: 14.0px;\"><span style=\"font-family: arial , helvetica , sans-serif;\"><img decoding=\"async\" title=\"Gorros de senderismo de invierno a prueba de viento VEQKING, gorros t\u00e9rmicos y polares para hombre, gorros para el cuello para moto y esqu\u00ed, gorro para el casco\" src=\"https:\/\/bodegaoutdoor.cl\/store\/wp-content\/uploads\/2020\/09\/15645-ug6smr.jpg\" alt=\"Gorros de senderismo de invierno a prueba de viento VEQKING, gorros t\u00e9rmicos y polares para hombre, gorros para el cuello para moto y esqu\u00ed, gorro para el casco\" \/><\/span><\/span><\/strong><\/p>\n<div><\/div>\n<\/div>\n<div><\/div>\n<div>\n<div><\/div>\n<div><\/div>\n<div><span style=\"color: #000000;\"><strong><span style=\"font-size: 14.0px;\"><span style=\"font-family: arial , helvetica , sans-serif;\"><img decoding=\"async\" title=\"Gorros de senderismo de invierno a prueba de viento VEQKING, gorros t\u00e9rmicos y polares para hombre, gorros para el cuello para moto y esqu\u00ed, gorro para el casco\" src=\"https:\/\/bodegaoutdoor.cl\/store\/wp-content\/uploads\/2020\/09\/15645-y69ls3.jpg\" alt=\"Gorros de senderismo de invierno a prueba de viento VEQKING, gorros t\u00e9rmicos y polares para hombre, gorros para el cuello para moto y esqu\u00ed, gorro para el casco\" \/><\/span><\/span><\/strong><\/span><\/div>\n<p><span style=\"font-family: arial , helvetica , sans-serif;\"><em><strong><span style=\"font-size: 18.0px;\"><span style=\"color: #c00000;\">El pago<\/span><\/span><\/strong><\/em><\/span><\/p>\n<p><span style=\"font-family: arial , helvetica , sans-serif;\">1. Aceptamos Escrow aqu\u00ed.<\/span><\/p>\n<p><span style=\"font-family: arial , helvetica , sans-serif;\">2. Todas las principales tarjetas de cr\u00e9dito se aceptan a trav\u00e9s del procesador de pago seguro ESCROW.<\/span><\/p>\n<p><span style=\"font-family: arial , helvetica , sans-serif;\">3. El pago completo se realizar\u00e1 en el plazo de 7 d\u00edas tras realizar el pedido.<\/span><\/p>\n<p><span style=\"font-family: arial , helvetica , sans-serif;\">4. El comprador es responsable de cualquier impuesto y\/o tasa cobrados por su pa\u00eds<\/span><\/p>\n<p><span style=\"font-size: 18.0px;\"><span style=\"font-family: arial , helvetica , sans-serif;\"><span style=\"color: #c00000;\"><em><strong>Devoluci\u00f3n y cambio<\/strong><\/em><\/span><\/span><\/span><\/p>\n<p><span style=\"font-family: arial , helvetica , sans-serif;\">1. Cont\u00e1ctanos antes de devolver el art\u00edculo defectuoso o incorrecto.<\/span><\/p>\n<p><span style=\"font-family: arial , helvetica , sans-serif;\">2. Conserva el art\u00edculo devuelto en condiciones no utilizadas y guarda el embalaje original, incluida la Caja y las etiquetas.<\/span><\/p>\n<p><span style=\"font-family: arial , helvetica , sans-serif;\">3. Devuelva el art\u00edculo defectuoso o incorrecto dentro de los 7 d\u00edas posteriores a la recepci\u00f3n.<\/span><\/p>\n<p><span style=\"font-family: arial , helvetica , sans-serif;\">4. No permitimos reembolsos o cambios debido a cambio de opini\u00f3n y la tarifa de env\u00edo no es reembolsable.<\/span><\/p>\n<p><span style=\"font-size: 18.0px;\"><span style=\"font-family: arial , helvetica , sans-serif;\"><em><strong><span style=\"color: #c00000;\">Comentarios<\/span><\/strong><\/em><\/span><\/span><\/p>\n<p><span style=\"font-family: arial , helvetica , sans-serif;\">1. Si est\u00e1s satisfecho con nuestros productos y servicios, d\u00e9janos una valoraci\u00f3n de 5 estrellas.<\/span><\/p>\n<p><span style=\"font-family: arial , helvetica , sans-serif;\">2. Si tienes alg\u00fan problema o pregunta con respecto a tu transacci\u00f3n, cont\u00e1ctanos antes de dejar cualquier tipo de comentario.<\/span><\/p>\n<p><span style=\"font-family: arial , helvetica , sans-serif;\">3. Todos los correos electr\u00f3nicos ser\u00e1n contestados dentro de 1 d\u00eda laboral. Si no recibes nuestra respuesta, vuelve a enviar tu correo electr\u00f3nico o una queja a nuestro gerente.<\/span><\/p>\n<p align=\"left\">\n<\/div>\n<\/div>\n\n    <div class=\"xs_social_share_widget xs_share_url after_content \t\tmain_content  wslu-style-1 wslu-share-box-shaped wslu-fill-colored wslu-none wslu-share-horizontal wslu-theme-font-no wslu-main_content\">\n\n\t\t\n        <ul>\n\t\t\t        <\/ul>\n    <\/div> \n","protected":false},"excerpt":{"rendered":"<p>N\u00b0 de art\u00edculo: AA80009 Condici\u00f3n del art\u00edculo 100% a estrenar Cantidad: 1 pieza Color: Negro\/Rojo\/gris\/azul Para la temporada: invierno Tama\u00f1o: talla \u00fanica, se adapta a la mayor\u00eda de las personas Muestra de Color &gt;&gt;&gt;&gt;&gt;&gt;&gt; Los detalles muestran &gt;&gt;&gt;&gt;&gt;&gt;&gt; 6 tipos de uso&gt; El pago 1. Aceptamos Escrow aqu\u00ed. 2. Todas las principales tarjetas de cr\u00e9dito [&hellip;]<\/p>\n","protected":false},"featured_media":15651,"comment_status":"open","ping_status":"closed","template":"","meta":{"jetpack_publicize_message":"","jetpack_publicize_feature_enabled":true,"jetpack_social_post_already_shared":true,"jetpack_social_options":{"image_generator_settings":{"template":"highway","enabled":false},"version":2}},"product_brand":[],"product_cat":[15,1316],"product_tag":[],"class_list":{"0":"post-15645","1":"product","2":"type-product","3":"status-publish","4":"has-post-thumbnail","6":"product_cat-otros","7":"product_cat-gorros","9":"first","10":"instock","11":"sale","12":"taxable","13":"shipping-taxable","14":"purchasable","15":"product-type-variable"},"jetpack_publicize_connections":[],"jetpack_sharing_enabled":true,"_links":{"self":[{"href":"https:\/\/bodegaoutdoor.cl\/store\/wp-json\/wp\/v2\/product\/15645","targetHints":{"allow":["GET"]}}],"collection":[{"href":"https:\/\/bodegaoutdoor.cl\/store\/wp-json\/wp\/v2\/product"}],"about":[{"href":"https:\/\/bodegaoutdoor.cl\/store\/wp-json\/wp\/v2\/types\/product"}],"replies":[{"embeddable":true,"href":"https:\/\/bodegaoutdoor.cl\/store\/wp-json\/wp\/v2\/comments?post=15645"}],"version-history":[{"count":1,"href":"https:\/\/bodegaoutdoor.cl\/store\/wp-json\/wp\/v2\/product\/15645\/revisions"}],"predecessor-version":[{"id":71246,"href":"https:\/\/bodegaoutdoor.cl\/store\/wp-json\/wp\/v2\/product\/15645\/revisions\/71246"}],"wp:featuredmedia":[{"embeddable":true,"href":"https:\/\/bodegaoutdoor.cl\/store\/wp-json\/wp\/v2\/media\/15651"}],"wp:attachment":[{"href":"https:\/\/bodegaoutdoor.cl\/store\/wp-json\/wp\/v2\/media?parent=15645"}],"wp:term":[{"taxonomy":"product_brand","embeddable":true,"href":"https:\/\/bodegaoutdoor.cl\/store\/wp-json\/wp\/v2\/product_brand?post=15645"},{"taxonomy":"product_cat","embeddable":true,"href":"https:\/\/bodegaoutdoor.cl\/store\/wp-json\/wp\/v2\/product_cat?post=15645"},{"taxonomy":"product_tag","embeddable":true,"href":"https:\/\/bodegaoutdoor.cl\/store\/wp-json\/wp\/v2\/product_tag?post=15645"}],"curies":[{"name":"wp","href":"https:\/\/api.w.org\/{rel}","templated":true}]}}