{"id":66954,"date":"2023-02-22T14:59:03","date_gmt":"2023-02-22T17:59:03","guid":{"rendered":"https:\/\/bodegaoutdoor.cl\/store\/product\/sombrero-de-cobertura-de-cara-completa-pasamontanas-tactico-del-ejercito-cs-sombrero-de-esqui-y-ciclismo-de-invierno-bufanda-de-proteccion-solar-mascaras-faciales-calidas\/"},"modified":"2023-05-04T19:18:33","modified_gmt":"2023-05-04T23:18:33","slug":"gorro-pasamontana-polar-airflow-ciclismo-invierno-proteccion-viento-mascaras-facial","status":"publish","type":"product","link":"https:\/\/bodegaoutdoor.cl\/store\/product\/gorro-pasamontana-polar-airflow-ciclismo-invierno-proteccion-viento-mascaras-facial\/","title":{"rendered":"Gorro Pasamonta\u00f1a Polar Airflow Ciclismo ,Invierno, protecci\u00f3n viento, M\u00e1scaras facial"},"content":{"rendered":"<div>\n<div>\n<div>\n<div>\n<h4><strong><span style=\"font-size: 20px;\">Caracter\u00edsticas:<\/span><\/strong><\/h4>\n<div>1. Preservaci\u00f3n del calor: se utiliza para proteger la cara y el cuello. El material es suave, c\u00f3modo de llevar, se siente bien y a prueba de polvo. La franela inferior puede sellar el escote para evitar que entre viento fr\u00edo y el efecto de calidez es muy bueno.<\/div>\n<div>2. C\u00f3modo: De acuerdo con el dise\u00f1o del rostro humano, la parte debajo del puente de la nariz est\u00e1 cubierta. El puente de la nariz tiene una boca convexa y expuesta, y la boca tiene un agujero transpirable.<\/div>\n<div>3. Pr\u00e1ctico: adecuado para entusiastas de los deportes al aire libre y extremos como motocicletas, ciclistas el\u00e9ctricos, esqu\u00ed, monta\u00f1ismo, etc.<\/div>\n<div><\/div>\n<h4><span style=\"font-size: 20px;\"><strong>Descripci\u00f3n:<\/strong><\/span><\/h4>\n<div>Es adecuado para entusiastas de los deportes al aire libre y extremos como motocicletas, ciclistas el\u00e9ctricos, esqu\u00ed, monta\u00f1ismo, etc.<\/div>\n<div><\/div>\n<h4><strong><span style=\"font-size: 20px;\">Especificaciones:<\/span><\/strong><\/h4>\n<div>Interior: Felpa<\/div>\n<div>Tela: tela impermeable<\/div>\n<div>G\u00e9nero aplicable: neutral<\/div>\n<div><\/div>\n<h4><span style=\"font-size: 20px;\"><strong>El paquete incluye:<\/strong><\/span><\/h4>\n<div>1 * m\u00e1scara de capucha<\/div>\n<div><\/div>\n<h4><strong><span style=\"font-size: 20px;\">Notas:<\/span><\/strong><\/h4>\n<div>1. Debido a la diferencia entre diferentes monitores, la imagen puede no reflejar el color real del art\u00edculo. Garantizamos que el estilo es el mismo que se muestra en las im\u00e1genes.<\/div>\n<div>2. Permite una ligera diferencia de dimensi\u00f3n debido a las diferentes medidas manuales.<\/p>\n<p><img decoding=\"async\" title=\"Sombrero de cobertura de cara completa, pasamonta\u00f1as t\u00e1ctico del ej\u00e9rcito CS, sombrero de esqu\u00ed y Ciclismo de Invierno, bufanda de protecci\u00f3n solar, M\u00e1scaras faciales c\u00e1lidas\" src=\"https:\/\/bodegaoutdoor.cl\/store\/wp-content\/uploads\/2023\/02\/66954-e078qw.jpg\" alt=\"Sombrero de cobertura de cara completa, pasamonta\u00f1as t\u00e1ctico del ej\u00e9rcito CS, sombrero de esqu\u00ed y Ciclismo de Invierno, bufanda de protecci\u00f3n solar, M\u00e1scaras faciales c\u00e1lidas\" \/><br \/>\n<img decoding=\"async\" title=\"Sombrero de cobertura de cara completa, pasamonta\u00f1as t\u00e1ctico del ej\u00e9rcito CS, sombrero de esqu\u00ed y Ciclismo de Invierno, bufanda de protecci\u00f3n solar, M\u00e1scaras faciales c\u00e1lidas\" src=\"https:\/\/bodegaoutdoor.cl\/store\/wp-content\/uploads\/2023\/02\/66954-o5mlfb.jpg\" alt=\"Sombrero de cobertura de cara completa, pasamonta\u00f1as t\u00e1ctico del ej\u00e9rcito CS, sombrero de esqu\u00ed y Ciclismo de Invierno, bufanda de protecci\u00f3n solar, M\u00e1scaras faciales c\u00e1lidas\" \/><br \/>\n<img decoding=\"async\" title=\"Sombrero de cobertura de cara completa, pasamonta\u00f1as t\u00e1ctico del ej\u00e9rcito CS, sombrero de esqu\u00ed y Ciclismo de Invierno, bufanda de protecci\u00f3n solar, M\u00e1scaras faciales c\u00e1lidas\" src=\"https:\/\/bodegaoutdoor.cl\/store\/wp-content\/uploads\/2023\/02\/66954-hyfqsy.jpg\" alt=\"Sombrero de cobertura de cara completa, pasamonta\u00f1as t\u00e1ctico del ej\u00e9rcito CS, sombrero de esqu\u00ed y Ciclismo de Invierno, bufanda de protecci\u00f3n solar, M\u00e1scaras faciales c\u00e1lidas\" \/><br \/>\n<img decoding=\"async\" title=\"Sombrero de cobertura de cara completa, pasamonta\u00f1as t\u00e1ctico del ej\u00e9rcito CS, sombrero de esqu\u00ed y Ciclismo de Invierno, bufanda de protecci\u00f3n solar, M\u00e1scaras faciales c\u00e1lidas\" src=\"https:\/\/bodegaoutdoor.cl\/store\/wp-content\/uploads\/2023\/02\/66954-r42xgq.jpg\" alt=\"Sombrero de cobertura de cara completa, pasamonta\u00f1as t\u00e1ctico del ej\u00e9rcito CS, sombrero de esqu\u00ed y Ciclismo de Invierno, bufanda de protecci\u00f3n solar, M\u00e1scaras faciales c\u00e1lidas\" \/><br \/>\n<img decoding=\"async\" title=\"Sombrero de cobertura de cara completa, pasamonta\u00f1as t\u00e1ctico del ej\u00e9rcito CS, sombrero de esqu\u00ed y Ciclismo de Invierno, bufanda de protecci\u00f3n solar, M\u00e1scaras faciales c\u00e1lidas\" src=\"https:\/\/bodegaoutdoor.cl\/store\/wp-content\/uploads\/2023\/02\/66954-fiqggg.jpg\" alt=\"Sombrero de cobertura de cara completa, pasamonta\u00f1as t\u00e1ctico del ej\u00e9rcito CS, sombrero de esqu\u00ed y Ciclismo de Invierno, bufanda de protecci\u00f3n solar, M\u00e1scaras faciales c\u00e1lidas\" \/><br \/>\n<img decoding=\"async\" title=\"Sombrero de cobertura de cara completa, pasamonta\u00f1as t\u00e1ctico del ej\u00e9rcito CS, sombrero de esqu\u00ed y Ciclismo de Invierno, bufanda de protecci\u00f3n solar, M\u00e1scaras faciales c\u00e1lidas\" src=\"https:\/\/bodegaoutdoor.cl\/store\/wp-content\/uploads\/2023\/02\/66954-xsvxin.jpg\" alt=\"Sombrero de cobertura de cara completa, pasamonta\u00f1as t\u00e1ctico del ej\u00e9rcito CS, sombrero de esqu\u00ed y Ciclismo de Invierno, bufanda de protecci\u00f3n solar, M\u00e1scaras faciales c\u00e1lidas\" \/><\/p>\n<p><img decoding=\"async\" title=\"Sombrero de cobertura de cara completa, pasamonta\u00f1as t\u00e1ctico del ej\u00e9rcito CS, sombrero de esqu\u00ed y Ciclismo de Invierno, bufanda de protecci\u00f3n solar, M\u00e1scaras faciales c\u00e1lidas\" src=\"https:\/\/bodegaoutdoor.cl\/store\/wp-content\/uploads\/2023\/02\/66954-ipfnc6.jpg\" alt=\"Sombrero de cobertura de cara completa, pasamonta\u00f1as t\u00e1ctico del ej\u00e9rcito CS, sombrero de esqu\u00ed y Ciclismo de Invierno, bufanda de protecci\u00f3n solar, M\u00e1scaras faciales c\u00e1lidas\" \/><\/p>\n<p><img decoding=\"async\" title=\"Sombrero de cobertura de cara completa, pasamonta\u00f1as t\u00e1ctico del ej\u00e9rcito CS, sombrero de esqu\u00ed y Ciclismo de Invierno, bufanda de protecci\u00f3n solar, M\u00e1scaras faciales c\u00e1lidas\" src=\"https:\/\/bodegaoutdoor.cl\/store\/wp-content\/uploads\/2023\/02\/66954-kejyvy.jpg\" alt=\"Sombrero de cobertura de cara completa, pasamonta\u00f1as t\u00e1ctico del ej\u00e9rcito CS, sombrero de esqu\u00ed y Ciclismo de Invierno, bufanda de protecci\u00f3n solar, M\u00e1scaras faciales c\u00e1lidas\" \/><br \/>\n<img decoding=\"async\" title=\"Sombrero de cobertura de cara completa, pasamonta\u00f1as t\u00e1ctico del ej\u00e9rcito CS, sombrero de esqu\u00ed y Ciclismo de Invierno, bufanda de protecci\u00f3n solar, M\u00e1scaras faciales c\u00e1lidas\" src=\"https:\/\/bodegaoutdoor.cl\/store\/wp-content\/uploads\/2023\/02\/66954-nqev2a.jpg\" alt=\"Sombrero de cobertura de cara completa, pasamonta\u00f1as t\u00e1ctico del ej\u00e9rcito CS, sombrero de esqu\u00ed y Ciclismo de Invierno, bufanda de protecci\u00f3n solar, M\u00e1scaras faciales c\u00e1lidas\" \/><\/div>\n<\/div>\n<\/div>\n<p>&nbsp;<\/p>\n<\/div>\n<\/div>\n\n    <div class=\"xs_social_share_widget xs_share_url after_content \t\tmain_content  wslu-style-1 wslu-share-box-shaped wslu-fill-colored wslu-none wslu-share-horizontal wslu-theme-font-no wslu-main_content\">\n\n\t\t\n        <ul>\n\t\t\t        <\/ul>\n    <\/div> \n","protected":false},"excerpt":{"rendered":"<p>Caracter\u00edsticas: 1. Preservaci\u00f3n del calor: se utiliza para proteger la cara y el cuello. El material es suave, c\u00f3modo de llevar, se siente bien y a prueba de polvo. La franela inferior puede sellar el escote para evitar que entre viento fr\u00edo y el efecto de calidez es muy bueno. 2. C\u00f3modo: De acuerdo con [&hellip;]<\/p>\n","protected":false},"featured_media":67105,"comment_status":"open","ping_status":"closed","template":"","meta":{"jetpack_publicize_message":"","jetpack_publicize_feature_enabled":true,"jetpack_social_post_already_shared":true,"jetpack_social_options":{"image_generator_settings":{"template":"highway","enabled":false},"version":2}},"product_brand":[],"product_cat":[15,1316],"product_tag":[],"class_list":{"0":"post-66954","1":"product","2":"type-product","3":"status-publish","4":"has-post-thumbnail","6":"product_cat-otros","7":"product_cat-gorros","9":"first","10":"instock","11":"sale","12":"taxable","13":"shipping-taxable","14":"purchasable","15":"product-type-variable"},"jetpack_publicize_connections":[],"jetpack_sharing_enabled":true,"_links":{"self":[{"href":"https:\/\/bodegaoutdoor.cl\/store\/wp-json\/wp\/v2\/product\/66954","targetHints":{"allow":["GET"]}}],"collection":[{"href":"https:\/\/bodegaoutdoor.cl\/store\/wp-json\/wp\/v2\/product"}],"about":[{"href":"https:\/\/bodegaoutdoor.cl\/store\/wp-json\/wp\/v2\/types\/product"}],"replies":[{"embeddable":true,"href":"https:\/\/bodegaoutdoor.cl\/store\/wp-json\/wp\/v2\/comments?post=66954"}],"version-history":[{"count":18,"href":"https:\/\/bodegaoutdoor.cl\/store\/wp-json\/wp\/v2\/product\/66954\/revisions"}],"predecessor-version":[{"id":70674,"href":"https:\/\/bodegaoutdoor.cl\/store\/wp-json\/wp\/v2\/product\/66954\/revisions\/70674"}],"wp:featuredmedia":[{"embeddable":true,"href":"https:\/\/bodegaoutdoor.cl\/store\/wp-json\/wp\/v2\/media\/67105"}],"wp:attachment":[{"href":"https:\/\/bodegaoutdoor.cl\/store\/wp-json\/wp\/v2\/media?parent=66954"}],"wp:term":[{"taxonomy":"product_brand","embeddable":true,"href":"https:\/\/bodegaoutdoor.cl\/store\/wp-json\/wp\/v2\/product_brand?post=66954"},{"taxonomy":"product_cat","embeddable":true,"href":"https:\/\/bodegaoutdoor.cl\/store\/wp-json\/wp\/v2\/product_cat?post=66954"},{"taxonomy":"product_tag","embeddable":true,"href":"https:\/\/bodegaoutdoor.cl\/store\/wp-json\/wp\/v2\/product_tag?post=66954"}],"curies":[{"name":"wp","href":"https:\/\/api.w.org\/{rel}","templated":true}]}}